{"id":972,"date":"2014-02-09T13:33:24","date_gmt":"2014-02-09T13:33:24","guid":{"rendered":"http:\/\/www.verdichtet.at\/?page_id=972"},"modified":"2015-08-29T08:02:58","modified_gmt":"2015-08-29T08:02:58","slug":"aergstens","status":"publish","type":"page","link":"https:\/\/www.verdichtet.at\/?page_id=972","title":{"rendered":"\u00e4rgstens"},"content":{"rendered":"<div class=\"pdfprnt-buttons pdfprnt-buttons-page pdfprnt-top-right\"><a href=\"https:\/\/www.verdichtet.at\/index.php?rest_route=wpv2pages972&print=pdf\" class=\"pdfprnt-button pdfprnt-button-pdf\" target=\"_blank\"><\/a><a href=\"https:\/\/www.verdichtet.at\/index.php?rest_route=wpv2pages972&print=print\" class=\"pdfprnt-button pdfprnt-button-print\" target=\"_blank\"><\/a><\/div>\n\n<div class=\"su-posts su-posts-default-loop \">\n\n\t\n\t\t\t\t\t\n\t\t\t\n\t\t\t<div id=\"su-post-22530\" class=\"su-post \">\n\n\t\t\t\t\n\t\t\t\t<h2 class=\"su-post-title\"><a href=\"https:\/\/www.verdichtet.at\/?p=22530\">Irritierte Zungen<\/a><\/h2>\n\n\t\t\t\t<div class=\"su-post-meta\">\n\t\t\t\t\tVer\u00f6ffentlicht: 19. April 2026\t\t\t\t<\/div>\n\n\t\t\t\t<div class=\"su-post-excerpt\">\n\t\t\t\t\t<p>Hat sich Gott zur\u00fcckgezogen und hat so f\u00fcr sich erwogen, f\u00fcr den Menschen Platz zu machen, um die Welt neu zu erschaffen? War er m\u00fcd vom vielen Sch\u00f6pfen? Lag es an verbohrten K\u00f6pfen? War da etwas schiefgegangen, damit, was er angefangen? Ein Geschenk, das war die Sprache, eine durchaus gute Sache. Wirklich sinnvoll und zuk\u00fcnftig, [&hellip;]<\/p>\n\t\t\t\t<\/div>\n\n\t\t\t\t\t\t\t\t\t<a href=\"https:\/\/www.verdichtet.at\/?p=22530#respond\" class=\"su-post-comments-link\">0 Kommentare<\/a>\n\t\t\t\t\n\t\t\t<\/div>\n\n\t\t\t\t\t\n\t\t\t\n\t\t\t<div id=\"su-post-22462\" class=\"su-post \">\n\n\t\t\t\t\n\t\t\t\t<h2 class=\"su-post-title\"><a href=\"https:\/\/www.verdichtet.at\/?p=22462\">Im Imperial War Museum, London<\/a><\/h2>\n\n\t\t\t\t<div class=\"su-post-meta\">\n\t\t\t\t\tVer\u00f6ffentlicht: 15. April 2026\t\t\t\t<\/div>\n\n\t\t\t\t<div class=\"su-post-excerpt\">\n\t\t\t\t\t<p>Auf der Galerie hoch \u00fcber den ber\u00fchmten Panzern, Raketen,der Nachbildung der ersten Atombombewendet sich der junge Kriegsveteran abvon den Glast\u00fcren zur Kunstgaleriemit ihren Gem\u00e4lden&#8230;&#8230;.von vergasten, verkr\u00fcppelten Soldaten,&#8230;&#8230;.von verwundeten, verhungerten Zivilisten,&#8230;&#8230;.von gew\u00f6hnlichen Menschen,&#8230;&#8230;.hingeschlachtet in sinnlosem Zorn&#8230;&#8230;.gew\u00f6hnlicher Menschenund steuert seinen Rollstuhlabrupt in Richtung \u201eBehindertentoilette\u201c. Wie hoch:&#8230;&#8230;.die Kosten f\u00fcr die Kriege des britischen Empires?&#8230;&#8230;.die Kosten, um die Schmerzen [&hellip;]<\/p>\n\t\t\t\t<\/div>\n\n\t\t\t\t\t\t\t\t\t<a href=\"https:\/\/www.verdichtet.at\/?p=22462#respond\" class=\"su-post-comments-link\">0 Kommentare<\/a>\n\t\t\t\t\n\t\t\t<\/div>\n\n\t\t\t\t\t\n\t\t\t\n\t\t\t<div id=\"su-post-21035\" class=\"su-post \">\n\n\t\t\t\t\n\t\t\t\t<h2 class=\"su-post-title\"><a href=\"https:\/\/www.verdichtet.at\/?p=21035\">Koma<\/a><\/h2>\n\n\t\t\t\t<div class=\"su-post-meta\">\n\t\t\t\t\tVer\u00f6ffentlicht: 13. Oktober 2025\t\t\t\t<\/div>\n\n\t\t\t\t<div class=\"su-post-excerpt\">\n\t\t\t\t\t<p>\u201eSie kehrt zur\u00fcck\u201c, sagte die Stimme. Regina schlug die Augen auf, die verklebt waren. \u201eSie sind von einer langen Reise wiedergekommen\u201c, sagte die Stimme der Krankenschwester. Regina sah ihren rechten Arm hinunter, der \u00fcber und \u00fcber blau war. In der Armbeuge war ein Butterfly befestigt. Sie bewegte die Zehen. Kaum eine Regung war sp\u00fcrbar. Sie [&hellip;]<\/p>\n\t\t\t\t<\/div>\n\n\t\t\t\t\t\t\t\t\t<a href=\"https:\/\/www.verdichtet.at\/?p=21035#respond\" class=\"su-post-comments-link\">0 Kommentare<\/a>\n\t\t\t\t\n\t\t\t<\/div>\n\n\t\t\t\t\t\n\t\t\t\n\t\t\t<div id=\"su-post-22457\" class=\"su-post \">\n\n\t\t\t\t\n\t\t\t\t<h2 class=\"su-post-title\"><a href=\"https:\/\/www.verdichtet.at\/?p=22457\">\u201cNapalm Girl\u201d mit Junge<\/a><\/h2>\n\n\t\t\t\t<div class=\"su-post-meta\">\n\t\t\t\t\tVer\u00f6ffentlicht: 15. April 2026\t\t\t\t<\/div>\n\n\t\t\t\t<div class=\"su-post-excerpt\">\n\t\t\t\t\t<p>f\u00fcr meinen Sohn Julian Dad, Daad! schreit er,seinen Kopf gegen meine Schulter gedr\u00fcckt,zittert er am ganzen K\u00f6rper, schl\u00e4gt er mit seiner rechten Handauf meinen R\u00fccken,ohne Kraft, aber voller Emp\u00f6rung.Wie konnten die Amerikaner das tun?Wir stellen uns vor, genau dort zu stehen,wo der Fotograf standund sein ber\u00fchmtes Foto \u201eNapalm Girl\u201cwirkt dreidimensional:Das abgemagerte, nackte, verst\u00fcmmelte Kindrennt auf [&hellip;]<\/p>\n\t\t\t\t<\/div>\n\n\t\t\t\t\t\t\t\t\t<a href=\"https:\/\/www.verdichtet.at\/?p=22457#respond\" class=\"su-post-comments-link\">0 Kommentare<\/a>\n\t\t\t\t\n\t\t\t<\/div>\n\n\t\t\t\t\t\n\t\t\t\n\t\t\t<div id=\"su-post-22298\" class=\"su-post \">\n\n\t\t\t\t\n\t\t\t\t<h2 class=\"su-post-title\"><a href=\"https:\/\/www.verdichtet.at\/?p=22298\">Die wahre H\u00f6lle<\/a><\/h2>\n\n\t\t\t\t<div class=\"su-post-meta\">\n\t\t\t\t\tVer\u00f6ffentlicht: 2. April 2026\t\t\t\t<\/div>\n\n\t\t\t\t<div class=\"su-post-excerpt\">\n\t\t\t\t\t<p>Ihr Herrschaften, so tretet ein, lasst all die Hoffnung fahren. Wir laden heut\u2019 zum Festspiel ein, zum Festival des Wahren. Verloren irr\u2019n, zwischen den Reihen, Zuseher hinauf zur Galerie. Da steh\u2019n der Billetteure dreien, in des Infernos Szenerie. Und eh die Leute sich\u2019s versehen, rufen die drei aus einem Munde: \u201eKehrt um, f\u00fcr dies Vergehen [&hellip;]<\/p>\n\t\t\t\t<\/div>\n\n\t\t\t\t\t\t\t\t\t<a href=\"https:\/\/www.verdichtet.at\/?p=22298#respond\" class=\"su-post-comments-link\">0 Kommentare<\/a>\n\t\t\t\t\n\t\t\t<\/div>\n\n\t\t\t\t\t\n\t\t\t\n\t\t\t<div id=\"su-post-22131\" class=\"su-post \">\n\n\t\t\t\t\n\t\t\t\t<h2 class=\"su-post-title\"><a href=\"https:\/\/www.verdichtet.at\/?p=22131\">Manch eine Hollywoodnacht<\/a><\/h2>\n\n\t\t\t\t<div class=\"su-post-meta\">\n\t\t\t\t\tVer\u00f6ffentlicht: 10. M\u00e4rz 2026\t\t\t\t<\/div>\n\n\t\t\t\t<div class=\"su-post-excerpt\">\n\t\t\t\t\t<p>Ein Mann in abgetragener Winterkleidungnavigiert seinen Mobilit\u00e4tsscooterdurch die Massen laut schwatzender Touristen.Er missachtet alles, wof\u00fcr sie hierhergekommen sind \u2013eine Million Flugmeilen reicher, eine Menge Dollars \u00e4rmer:die Sterne auf dem Walk of Fame,die bald gesegnet werdenvon George Clooneys tats\u00e4chlichen F\u00fc\u00dfenbei der Premiere seines neuesten Erfolgs. Doch f\u00fcr den Mann im Mobilit\u00e4tsscooterist der Walk of Fame kein [&hellip;]<\/p>\n\t\t\t\t<\/div>\n\n\t\t\t\t\t\t\t\t\t<a href=\"https:\/\/www.verdichtet.at\/?p=22131#comments\" class=\"su-post-comments-link\">2 comments<\/a>\n\t\t\t\t\n\t\t\t<\/div>\n\n\t\t\t\t\t\n\t\t\t\n\t\t\t<div id=\"su-post-22116\" class=\"su-post \">\n\n\t\t\t\t\n\t\t\t\t<h2 class=\"su-post-title\"><a href=\"https:\/\/www.verdichtet.at\/?p=22116\">Nichts Gutes<\/a><\/h2>\n\n\t\t\t\t<div class=\"su-post-meta\">\n\t\t\t\t\tVer\u00f6ffentlicht: 5. M\u00e4rz 2026\t\t\t\t<\/div>\n\n\t\t\t\t<div class=\"su-post-excerpt\">\n\t\t\t\t\t<p>Die USA und Israel haben den Iran angegriffen und einen Gro\u00dfteil der Staatsspitze ausgel\u00f6scht. Der Iran schickte daraufhin Raketen auf Israel und US-Basen in der weiteren Region. Leider nicht nur in der Vergangenheit, sondern auch gegenw\u00e4rtig. Niemand wei\u00df, was dabei herauskommt. Die meisten bef\u00fcrchten nichts Gutes. Ich lege die Zeitung beiseite, gehe hinunter und r\u00e4ume [&hellip;]<\/p>\n\t\t\t\t<\/div>\n\n\t\t\t\t\t\t\t\t\t<a href=\"https:\/\/www.verdichtet.at\/?p=22116#respond\" class=\"su-post-comments-link\">0 Kommentare<\/a>\n\t\t\t\t\n\t\t\t<\/div>\n\n\t\t\t\t\t\n\t\t\t\n\t\t\t<div id=\"su-post-22118\" class=\"su-post \">\n\n\t\t\t\t\n\t\t\t\t<h2 class=\"su-post-title\"><a href=\"https:\/\/www.verdichtet.at\/?p=22118\">Auf der Welt<\/a><\/h2>\n\n\t\t\t\t<div class=\"su-post-meta\">\n\t\t\t\t\tVer\u00f6ffentlicht: 5. M\u00e4rz 2026\t\t\t\t<\/div>\n\n\t\t\t\t<div class=\"su-post-excerpt\">\n\t\t\t\t\t<p>Solange ich eine Stimme habe, werde ich sprechen. Solange ich eine rechte Hand habe, werde ich schreiben. Dar\u00fcber, was mir nicht passt, und was, meiner Meinung nach, auf der Welt nicht zusammengeht. Das wird zurzeit immer mehr. Und ich werde dazu nicht schweigen. Johannes Tosin (Text und Foto) www.verdichtet.at |\u00a0Kategorie: \u00e4rgstens | Inventarnummer: 26073<\/p>\n\t\t\t\t<\/div>\n\n\t\t\t\t\t\t\t\t\t<a href=\"https:\/\/www.verdichtet.at\/?p=22118#comments\" class=\"su-post-comments-link\">Ein Kommentar<\/a>\n\t\t\t\t\n\t\t\t<\/div>\n\n\t\t\t\t\t\n\t\t\t\n\t\t\t<div id=\"su-post-21988\" class=\"su-post \">\n\n\t\t\t\t\n\t\t\t\t<h2 class=\"su-post-title\"><a href=\"https:\/\/www.verdichtet.at\/?p=21988\">Im Rucksack<\/a><\/h2>\n\n\t\t\t\t<div class=\"su-post-meta\">\n\t\t\t\t\tVer\u00f6ffentlicht: 12. Februar 2026\t\t\t\t<\/div>\n\n\t\t\t\t<div class=\"su-post-excerpt\">\n\t\t\t\t\t<p>Anfangs fanden wir ihn am\u00fcsant. Ehrlich gesagt lachten wir uns halbtot nach der ersten Begegnung mit ihm. \u201eIch bin der Willi\u201c, hatte er gesagt, ein zappeliger, \u00e4lterer Mann, den ein riesiger, grauer Rucksack nach hinten zog. D\u00fcnn war er und klein, kleiner als Marie, die zu mir an die T\u00fcr kam, um zu sehen, wer [&hellip;]<\/p>\n\t\t\t\t<\/div>\n\n\t\t\t\t\t\t\t\t\t<a href=\"https:\/\/www.verdichtet.at\/?p=21988#comments\" class=\"su-post-comments-link\">2 comments<\/a>\n\t\t\t\t\n\t\t\t<\/div>\n\n\t\t\t\t\t\n\t\t\t\n\t\t\t<div id=\"su-post-21939\" class=\"su-post \">\n\n\t\t\t\t\n\t\t\t\t<h2 class=\"su-post-title\"><a href=\"https:\/\/www.verdichtet.at\/?p=21939\">Paradox<\/a><\/h2>\n\n\t\t\t\t<div class=\"su-post-meta\">\n\t\t\t\t\tVer\u00f6ffentlicht: 24. Januar 2026\t\t\t\t<\/div>\n\n\t\t\t\t<div class=\"su-post-excerpt\">\n\t\t\t\t\t<p>Ich will, wie\u2019s ist, dass alles bleibt, hab keine Lust auf Neues, das Schabernack mit mir blo\u00df treibt. Ertrag mein Schicksal gern, mein treues. Auf der Suche nach dem Sinn ist mir ein Widersinn gekeimt, am Sinnlosen der Welt, und bin mir klar, \u2019s ist ungereimt. Ich kann dem Leid nichts abgewinnen, denn unerkl\u00e4rbar ist [&hellip;]<\/p>\n\t\t\t\t<\/div>\n\n\t\t\t\t\t\t\t\t\t<a href=\"https:\/\/www.verdichtet.at\/?p=21939#comments\" class=\"su-post-comments-link\">2 comments<\/a>\n\t\t\t\t\n\t\t\t<\/div>\n\n\t\t\t\t\t\n\t\t\t\n\t\t\t<div id=\"su-post-21864\" class=\"su-post \">\n\n\t\t\t\t\n\t\t\t\t<h2 class=\"su-post-title\"><a href=\"https:\/\/www.verdichtet.at\/?p=21864\">Frutti di mare<\/a><\/h2>\n\n\t\t\t\t<div class=\"su-post-meta\">\n\t\t\t\t\tVer\u00f6ffentlicht: 12. Januar 2026\t\t\t\t<\/div>\n\n\t\t\t\t<div class=\"su-post-excerpt\">\n\t\t\t\t\t<p>Ach, meine teure Auguste, mein Arzt sagt mir neulich, und das fand ich gr\u00e4ulich, ich kriegte wohl eine Languste. Doch Shrimps w\u00e4r\u2019n mir lieber, von mir aus auch Fieber, jetzt wei\u00df ich nicht, ob der das wusste? Norbert Johannes Prenner (Text und Grafik) www.verdichtet.at\u00a0|\u00a0Kategorie: \u00e4rgstens | Inventarnummer: 26041<\/p>\n\t\t\t\t<\/div>\n\n\t\t\t\t\t\t\t\t\t<a href=\"https:\/\/www.verdichtet.at\/?p=21864#respond\" class=\"su-post-comments-link\">0 Kommentare<\/a>\n\t\t\t\t\n\t\t\t<\/div>\n\n\t\t\t\t\t\n\t\t\t\n\t\t\t<div id=\"su-post-21499\" class=\"su-post \">\n\n\t\t\t\t\n\t\t\t\t<h2 class=\"su-post-title\"><a href=\"https:\/\/www.verdichtet.at\/?p=21499\">Die stillste Zeit im Jahr<\/a><\/h2>\n\n\t\t\t\t<div class=\"su-post-meta\">\n\t\t\t\t\tVer\u00f6ffentlicht: 7. Dezember 2025\t\t\t\t<\/div>\n\n\t\t\t\t<div class=\"su-post-excerpt\">\n\t\t\t\t\t<p>Das ist die stillste Zeit im Jahr,immer wenn es Weihnacht wird.Da fallen Bomben, gl\u00fchend hei\u00df,die Welt, die w\u00e4chst im Hass, nichts schmilzt das Eis,immer wenn es Weihnacht wird. Es dunkelt schnell am Angriffstag,immer wenn es Weihnacht wird.Der Feind nahm uns das K\u00e4mmerlein,wir r\u00fccken zusammen im Granatenschein,immer wenn es Weihnacht wird. H\u00f6rst du den heftigen Gegenschlag,immer [&hellip;]<\/p>\n\t\t\t\t<\/div>\n\n\t\t\t\t\t\t\t\t\t<a href=\"https:\/\/www.verdichtet.at\/?p=21499#respond\" class=\"su-post-comments-link\">0 Kommentare<\/a>\n\t\t\t\t\n\t\t\t<\/div>\n\n\t\t\t\t\t\n\t\t\t\n\t\t\t<div id=\"su-post-21462\" class=\"su-post \">\n\n\t\t\t\t\n\t\t\t\t<h2 class=\"su-post-title\"><a href=\"https:\/\/www.verdichtet.at\/?p=21462\">Der Fortschritt ins ewige Leben<\/a><\/h2>\n\n\t\t\t\t<div class=\"su-post-meta\">\n\t\t\t\t\tVer\u00f6ffentlicht: 29. November 2025\t\t\t\t<\/div>\n\n\t\t\t\t<div class=\"su-post-excerpt\">\n\t\t\t\t\t<p>Eine b\u00e4uerliche Trag\u00f6die in drei Akten \u00a0Da war ein Bauer im Wechselgebiet \u2013 wo, wei\u00df ich nicht mehr, ich habe die Geschichte in einem Wirtshaus am Nebentisch erz\u00e4hlen geh\u00f6rt. Dieser Bauer hatte auf einem steilen Feld Roggen gem\u00e4ht, die Garben den Hang hinunter geschleift und auf den von schweren Ochsen gezogenen Leiterwagen \u2013 es war [&hellip;]<\/p>\n\t\t\t\t<\/div>\n\n\t\t\t\t\t\t\t\t\t<a href=\"https:\/\/www.verdichtet.at\/?p=21462#comments\" class=\"su-post-comments-link\">3 comments<\/a>\n\t\t\t\t\n\t\t\t<\/div>\n\n\t\t\t\t\t\n\t\t\t\n\t\t\t<div id=\"su-post-21245\" class=\"su-post \">\n\n\t\t\t\t\n\t\t\t\t<h2 class=\"su-post-title\"><a href=\"https:\/\/www.verdichtet.at\/?p=21245\">Im Silberlicht der Angst<\/a><\/h2>\n\n\t\t\t\t<div class=\"su-post-meta\">\n\t\t\t\t\tVer\u00f6ffentlicht: 9. November 2025\t\t\t\t<\/div>\n\n\t\t\t\t<div class=\"su-post-excerpt\">\n\t\t\t\t\t<p>Dass es nichts Gutes in sich verbarg, ahnte ich schon, als ich es gestern zum ersten Mal in meinen H\u00e4nden hielt. Doch das wirkliche Ausma\u00df des Grauens, das der Inhalt in mir ausl\u00f6ste, \u00fcbertraf mit Abstand alle Ahnungen und Bef\u00fcrchtungen, die mein angstbesetztes Hirn des Nachts fantasievoll kreierte. G\u00e4nsehaut pur. Unter Dauerbeschuss stehen sie, die [&hellip;]<\/p>\n\t\t\t\t<\/div>\n\n\t\t\t\t\t\t\t\t\t<a href=\"https:\/\/www.verdichtet.at\/?p=21245#respond\" class=\"su-post-comments-link\">0 Kommentare<\/a>\n\t\t\t\t\n\t\t\t<\/div>\n\n\t\t\t\t\t\n\t\t\t\n\t\t\t<div id=\"su-post-21057\" class=\"su-post \">\n\n\t\t\t\t\n\t\t\t\t<h2 class=\"su-post-title\"><a href=\"https:\/\/www.verdichtet.at\/?p=21057\">Schneefall<\/a><\/h2>\n\n\t\t\t\t<div class=\"su-post-meta\">\n\t\t\t\t\tVer\u00f6ffentlicht: 17. Oktober 2025\t\t\t\t<\/div>\n\n\t\t\t\t<div class=\"su-post-excerpt\">\n\t\t\t\t\t<p>Um Punkt sechs Uhr morgens stehe ich auf. Auch diese Nacht habe ich allein auf der Couch im Wohnzimmer verbracht, und auch diese Nacht hat mich die Sorge um dich kaum schlafen lassen. Bedr\u00fcckt registriere ich das unter der geschlossenen Schlafzimmert\u00fcr durchschimmernde Licht, als ich leise daran vorbei Richtung K\u00fcche gehe. Dass du neuerlich nachts [&hellip;]<\/p>\n\t\t\t\t<\/div>\n\n\t\t\t\t\t\t\t\t\t<a href=\"https:\/\/www.verdichtet.at\/?p=21057#respond\" class=\"su-post-comments-link\">0 Kommentare<\/a>\n\t\t\t\t\n\t\t\t<\/div>\n\n\t\t\t\t\t\n\t\t\t\n\t\t\t<div id=\"su-post-20922\" class=\"su-post \">\n\n\t\t\t\t\n\t\t\t\t<h2 class=\"su-post-title\"><a href=\"https:\/\/www.verdichtet.at\/?p=20922\">Helden<\/a><\/h2>\n\n\t\t\t\t<div class=\"su-post-meta\">\n\t\t\t\t\tVer\u00f6ffentlicht: 21. September 2025\t\t\t\t<\/div>\n\n\t\t\t\t<div class=\"su-post-excerpt\">\n\t\t\t\t\t<p>Es hei\u00dft, die in den Bloodlands sterben,sie Gott gerufen h\u00e4tt\u2019.Und mit Barmherzigkeit w\u00fcrde der werben,um den, der sich dem Tod hingeb\u2019n t\u00e4t\u2019. Die Friedh\u00f6f\u2019 wachsen schnell, so wie die B\u00e4ume.Die Freiwilligen geh\u2019n scheint\u2019s nicht ausVerkr\u00fcppelt oder tot, und ohne Tr\u00e4ume,es kommen alle nach der Schlacht nach Haus. Den S\u00f6ldnern ist das Leben wenig wert.Der Tod, [&hellip;]<\/p>\n\t\t\t\t<\/div>\n\n\t\t\t\t\t\t\t\t\t<a href=\"https:\/\/www.verdichtet.at\/?p=20922#respond\" class=\"su-post-comments-link\">0 Kommentare<\/a>\n\t\t\t\t\n\t\t\t<\/div>\n\n\t\t\t\t\t\n\t\t\t\n\t\t\t<div id=\"su-post-20658\" class=\"su-post \">\n\n\t\t\t\t\n\t\t\t\t<h2 class=\"su-post-title\"><a href=\"https:\/\/www.verdichtet.at\/?p=20658\">Schnitter Tod<\/a><\/h2>\n\n\t\t\t\t<div class=\"su-post-meta\">\n\t\t\t\t\tVer\u00f6ffentlicht: 15. August 2025\t\t\t\t<\/div>\n\n\t\t\t\t<div class=\"su-post-excerpt\">\n\t\t\t\t\t<p>Ich bin der Schnitter, der hei\u00dft Tod! Und alle f\u00fcrchten meine Klinge.Zu jeder Tageszeit bereit, auf dass sie in die K\u00f6rper dringe.Mir ist der Abend grad so lieb als wie der Morgen.Und wer sich in den Weg mir stellt, der hat nie wieder Sorgen.Wer liegen bleibt, ist selber schuld, er h\u00e4tte fliehen k\u00f6nnen.Der meinen Motor [&hellip;]<\/p>\n\t\t\t\t<\/div>\n\n\t\t\t\t\t\t\t\t\t<a href=\"https:\/\/www.verdichtet.at\/?p=20658#respond\" class=\"su-post-comments-link\">0 Kommentare<\/a>\n\t\t\t\t\n\t\t\t<\/div>\n\n\t\t\t\t\t\n\t\t\t\n\t\t\t<div id=\"su-post-20527\" class=\"su-post \">\n\n\t\t\t\t\n\t\t\t\t<h2 class=\"su-post-title\"><a href=\"https:\/\/www.verdichtet.at\/?p=20527\">Heimat, fremde Heimat<\/a><\/h2>\n\n\t\t\t\t<div class=\"su-post-meta\">\n\t\t\t\t\tVer\u00f6ffentlicht: 27. Juli 2025\t\t\t\t<\/div>\n\n\t\t\t\t<div class=\"su-post-excerpt\">\n\t\t\t\t\t<p>Ich wusst\u2019 mir eine Heimat,da wo die Sonne w\u00e4rmt\u2019 das Herz.Da wo die Bl\u00e4tter des Parteibuchsrauschten, damals, an jenem Tag im M\u00e4rz. Da wo die Lehrer und die Pfaffensich laut ins F\u00e4ustchen lachten, hell!Da wo die Wunden offen klafften,streuten Salz sie drauf, und das ganz schnell. Die Leut\u2019 m\u00fcssten erzogen werden,sonst wird aus ihnen sicher [&hellip;]<\/p>\n\t\t\t\t<\/div>\n\n\t\t\t\t\t\t\t\t\t<a href=\"https:\/\/www.verdichtet.at\/?p=20527#respond\" class=\"su-post-comments-link\">0 Kommentare<\/a>\n\t\t\t\t\n\t\t\t<\/div>\n\n\t\t\t\t\t\n\t\t\t\n\t\t\t<div id=\"su-post-19947\" class=\"su-post \">\n\n\t\t\t\t\n\t\t\t\t<h2 class=\"su-post-title\"><a href=\"https:\/\/www.verdichtet.at\/?p=19947\">Die rote Wolke<\/a><\/h2>\n\n\t\t\t\t<div class=\"su-post-meta\">\n\t\t\t\t\tVer\u00f6ffentlicht: 1. Mai 2025\t\t\t\t<\/div>\n\n\t\t\t\t<div class=\"su-post-excerpt\">\n\t\t\t\t\t<p>Die Angst steigt aus dir als rote Wolke. Die Wolke formt einen K\u00f6rper aus, einen Mund mit Z\u00e4hnen, der dich frisst. Johannes Tosin (Text und Foto) www.verdichtet.at |\u00a0Kategorie: \u00e4rgstens | Inventarnummer: 25101<\/p>\n\t\t\t\t<\/div>\n\n\t\t\t\t\t\t\t\t\t<a href=\"https:\/\/www.verdichtet.at\/?p=19947#respond\" class=\"su-post-comments-link\">0 Kommentare<\/a>\n\t\t\t\t\n\t\t\t<\/div>\n\n\t\t\t\t\t\n\t\t\t\n\t\t\t<div id=\"su-post-20249\" class=\"su-post \">\n\n\t\t\t\t\n\t\t\t\t<h2 class=\"su-post-title\"><a href=\"https:\/\/www.verdichtet.at\/?p=20249\">Jugendgewalt<\/a><\/h2>\n\n\t\t\t\t<div class=\"su-post-meta\">\n\t\t\t\t\tVer\u00f6ffentlicht: 21. Juni 2025\t\t\t\t<\/div>\n\n\t\t\t\t<div class=\"su-post-excerpt\">\n\t\t\t\t\t<p>Du meinst, Jugendgewalt ist m\u00e4nnlich? Na klar, sieht ihnen wieder \u00e4hnlich. Am h\u00e4ufigsten sind es oft Knaben, die Probleme mit dem Ego haben. Sie sind am st\u00e4rksten, wie man meint, gruppendynamisch, wenn vereint. Es lernt ein Junge von der Pike den Unsinn rasch von seiner Clique. Doch Einzelg\u00e4nger, ich sag\u2019s ehrlich, scheinen mir nicht ungef\u00e4hrlich. [&hellip;]<\/p>\n\t\t\t\t<\/div>\n\n\t\t\t\t\t\t\t\t\t<a href=\"https:\/\/www.verdichtet.at\/?p=20249#respond\" class=\"su-post-comments-link\">0 Kommentare<\/a>\n\t\t\t\t\n\t\t\t<\/div>\n\n\t\t\t\t\t\n\t\t\t\n\t\t\t<div id=\"su-post-20200\" class=\"su-post \">\n\n\t\t\t\t\n\t\t\t\t<h2 class=\"su-post-title\"><a href=\"https:\/\/www.verdichtet.at\/?p=20200\">Zensur<\/a><\/h2>\n\n\t\t\t\t<div class=\"su-post-meta\">\n\t\t\t\t\tVer\u00f6ffentlicht: 8. Juni 2025\t\t\t\t<\/div>\n\n\t\t\t\t<div class=\"su-post-excerpt\">\n\t\t\t\t\t<p>Pass auf, sie woll\u2019n dich kontrollieren, dich behindern, ausquartieren aus deiner Gedanken Reich. Hier, und jetzt, wom\u00f6glich gleich. Versuchen dich zu unterdr\u00fccken, sehen ihren Plan missgl\u00fccken dich zu formen und zu kneten, am liebsten m\u00f6chten sie dich treten. Hassen deine \u00c4u\u00dferungen, war\u2019n sie allzu sehr gelungen, \u00fcber ihre Machenschaften, was sie ordentlich erschreckt, und sie [&hellip;]<\/p>\n\t\t\t\t<\/div>\n\n\t\t\t\t\t\t\t\t\t<a href=\"https:\/\/www.verdichtet.at\/?p=20200#comments\" class=\"su-post-comments-link\">Ein Kommentar<\/a>\n\t\t\t\t\n\t\t\t<\/div>\n\n\t\t\t\t\t\n\t\t\t\n\t\t\t<div id=\"su-post-20048\" class=\"su-post \">\n\n\t\t\t\t\n\t\t\t\t<h2 class=\"su-post-title\"><a href=\"https:\/\/www.verdichtet.at\/?p=20048\">Wacht auf, wacht auf!<\/a><\/h2>\n\n\t\t\t\t<div class=\"su-post-meta\">\n\t\t\t\t\tVer\u00f6ffentlicht: 15. Mai 2025\t\t\t\t<\/div>\n\n\t\t\t\t<div class=\"su-post-excerpt\">\n\t\t\t\t\t<p>Milliarden k\u00f6nnen es nicht schaffen, h\u00f6rt, und staunt, von einem Affen, sich von diesem zu befreien? Wenn\u2019s nicht wahr w\u00e4r, echt zum Schreien. Ein Ph\u00e4nomen nur, und das z\u00e4hlt: Gottverdammte M\u00e4nnerwelt! Lassen uns tyrannisieren, schlagen, treten, schikanieren, von ehemals Spitzeln und korrupten, wie sich sp\u00e4ter bald entpuppten, Geisteskranken und Agenten, spiel\u2019n mitunter Pr\u00e4sidenten. Ist er [&hellip;]<\/p>\n\t\t\t\t<\/div>\n\n\t\t\t\t\t\t\t\t\t<a href=\"https:\/\/www.verdichtet.at\/?p=20048#respond\" class=\"su-post-comments-link\">0 Kommentare<\/a>\n\t\t\t\t\n\t\t\t<\/div>\n\n\t\t\t\t\t\n\t\t\t\n\t\t\t<div id=\"su-post-19716\" class=\"su-post \">\n\n\t\t\t\t\n\t\t\t\t<h2 class=\"su-post-title\"><a href=\"https:\/\/www.verdichtet.at\/?p=19716\">M\u00e4nnerh\u00f6lle<\/a><\/h2>\n\n\t\t\t\t<div class=\"su-post-meta\">\n\t\t\t\t\tVer\u00f6ffentlicht: 8. M\u00e4rz 2025\t\t\t\t<\/div>\n\n\t\t\t\t<div class=\"su-post-excerpt\">\n\t\t\t\t\t<p>In den Unruhstand gerettet, gleich mal seh\u2019n, wohin man jettet, jedoch davor noch eine H\u00fcrde. Ob man dennoch nicht mal w\u00fcrde, zur Gesundenuntersuchung geh\u2019n?, meint das Weib, du musst versteh\u2019n, ich will einen fitten Alten, am Strand, und \u00fcberhaupt, nicht nur blo\u00df zum Handerlhalten. M\u00e4nner sind ja, wie man kennt, vor Beratung resistent. Sollt\u2019 ich [&hellip;]<\/p>\n\t\t\t\t<\/div>\n\n\t\t\t\t\t\t\t\t\t<a href=\"https:\/\/www.verdichtet.at\/?p=19716#respond\" class=\"su-post-comments-link\">0 Kommentare<\/a>\n\t\t\t\t\n\t\t\t<\/div>\n\n\t\t\t\t\t\n\t\t\t\n\t\t\t<div id=\"su-post-19616\" class=\"su-post \">\n\n\t\t\t\t\n\t\t\t\t<h2 class=\"su-post-title\"><a href=\"https:\/\/www.verdichtet.at\/?p=19616\">Sister<\/a><\/h2>\n\n\t\t\t\t<div class=\"su-post-meta\">\n\t\t\t\t\tVer\u00f6ffentlicht: 20. Februar 2025\t\t\t\t<\/div>\n\n\t\t\t\t<div class=\"su-post-excerpt\">\n\t\t\t\t\t<p>Lens Parka von oben bis unten zukn\u00f6pfen. Die Kapuze \u00fcber deinen Kopf und tief in die Stirn ziehen. Seinen langen Schal ein paar Mal \u00fcber den Hals und deine untere Gesichtsh\u00e4lfte schlingen. Dankbar sein, dass es eisig kalt drau\u00dfen ist, und du dich dementsprechend vermummen kannst. \u201eIch gehe jetzt, bis sp\u00e4ter\u201c, rufst du, durch den [&hellip;]<\/p>\n\t\t\t\t<\/div>\n\n\t\t\t\t\t\t\t\t\t<a href=\"https:\/\/www.verdichtet.at\/?p=19616#comments\" class=\"su-post-comments-link\">2 comments<\/a>\n\t\t\t\t\n\t\t\t<\/div>\n\n\t\t\t\t\t\n\t\t\t\n\t\t\t<div id=\"su-post-2916\" class=\"su-post \">\n\n\t\t\t\t\n\t\t\t\t<h2 class=\"su-post-title\"><a href=\"https:\/\/www.verdichtet.at\/?p=2916\">Nach mehr als drei\u00dfig Jahren<\/a><\/h2>\n\n\t\t\t\t<div class=\"su-post-meta\">\n\t\t\t\t\tVer\u00f6ffentlicht: 5. Juli 2015\t\t\t\t<\/div>\n\n\t\t\t\t<div class=\"su-post-excerpt\">\n\t\t\t\t\t<p>Der Vater ist vom Kirschbaum gefallen, erz\u00e4hlt mir R., der mit mir vor mehr als drei\u00dfig Jahren das Gymnasium besucht hat. Drei Tage war der Vater erst in der Rente gewesen. Zum Kirschenpfl\u00fccken ist er in den Baum gestiegen. Welch wunderbares Bild, das vor meinen Augen auftaucht. Was kann es Sch\u00f6neres geben als Kirschen zu [&hellip;]<\/p>\n\t\t\t\t<\/div>\n\n\t\t\t\t\t\t\t\t\t<a href=\"https:\/\/www.verdichtet.at\/?p=2916#comments\" class=\"su-post-comments-link\">Ein Kommentar<\/a>\n\t\t\t\t\n\t\t\t<\/div>\n\n\t\t\t\t\t\n\t\t\t\n\t\t\t<div id=\"su-post-3382\" class=\"su-post \">\n\n\t\t\t\t\n\t\t\t\t<h2 class=\"su-post-title\"><a href=\"https:\/\/www.verdichtet.at\/?p=3382\">Ohne Biss<\/a><\/h2>\n\n\t\t\t\t<div class=\"su-post-meta\">\n\t\t\t\t\tVer\u00f6ffentlicht: 11. Oktober 2015\t\t\t\t<\/div>\n\n\t\t\t\t<div class=\"su-post-excerpt\">\n\t\t\t\t\t<p>Man hat mir von einer noch jungen Frau erz\u00e4hlt, die vor etlichen Jahren an einem kalten Wintertag mit dem Zug in die Grenzstadt gefahren ist. Vom Bahnhof aus ging sie schnurstracks den kurzen Weg bis zur Zahnarztpraxis auf den erh\u00f6ht gelegenen Stadtplatz, gab bei dem Fr\u00e4ulein an der Rezeption ihren akkurat ausgef\u00fcllten Krankenschein ab, den [&hellip;]<\/p>\n\t\t\t\t<\/div>\n\n\t\t\t\t\t\t\t\t\t<a href=\"https:\/\/www.verdichtet.at\/?p=3382#respond\" class=\"su-post-comments-link\">0 Kommentare<\/a>\n\t\t\t\t\n\t\t\t<\/div>\n\n\t\t\t\t\t\n\t\t\t\n\t\t\t<div id=\"su-post-8980\" class=\"su-post \">\n\n\t\t\t\t\n\t\t\t\t<h2 class=\"su-post-title\"><a href=\"https:\/\/www.verdichtet.at\/?p=8980\">Synagoge &#8211; Beit Ha Midrasch &#8211; Haus des Gebets<\/a><\/h2>\n\n\t\t\t\t<div class=\"su-post-meta\">\n\t\t\t\t\tVer\u00f6ffentlicht: 24. November 2018\t\t\t\t<\/div>\n\n\t\t\t\t<div class=\"su-post-excerpt\">\n\t\t\t\t\t<p>In deiner Mitte hat das Wort gewohnt Doch lange schon ist es geflohen Von diesem in das andre Leben Wie h\u00e4tt\u2018 es sich in acht Jahrzehnten Verstecken k\u00f6nnen fern und fremd? Von Asyl hat es bis dato nicht geh\u00f6rt Geschunden und gesch\u00e4ndet Entfremdet Dem Vergessen anvertraut Gar totgeschwiegen, totgetrampelt In leeren kalten Winkeln Hattest du [&hellip;]<\/p>\n\t\t\t\t<\/div>\n\n\t\t\t\t\t\t\t\t\t<a href=\"https:\/\/www.verdichtet.at\/?p=8980#respond\" class=\"su-post-comments-link\">0 Kommentare<\/a>\n\t\t\t\t\n\t\t\t<\/div>\n\n\t\t\t\t\t\n\t\t\t\n\t\t\t<div id=\"su-post-17889\" class=\"su-post \">\n\n\t\t\t\t\n\t\t\t\t<h2 class=\"su-post-title\"><a href=\"https:\/\/www.verdichtet.at\/?p=17889\">Die Fahne<\/a><\/h2>\n\n\t\t\t\t<div class=\"su-post-meta\">\n\t\t\t\t\tVer\u00f6ffentlicht: 3. April 2024\t\t\t\t<\/div>\n\n\t\t\t\t<div class=\"su-post-excerpt\">\n\t\t\t\t\t<p>Die Farben der Fahne sind Mittelgrau und Hellgrau. G\u00e4be es Farben, w\u00e4ren sie Hellblau und Gelb. Aber es gibt keine Farben, denn es ist Krieg. Johannes Tosin (Text und Foto) www.verdichtet.at | Kategorie: \u00e4rgstens | Inventarnummer: 24089<\/p>\n\t\t\t\t<\/div>\n\n\t\t\t\t\t\t\t\t\t<a href=\"https:\/\/www.verdichtet.at\/?p=17889#respond\" class=\"su-post-comments-link\">0 Kommentare<\/a>\n\t\t\t\t\n\t\t\t<\/div>\n\n\t\t\t\t\t\n\t\t\t\n\t\t\t<div id=\"su-post-18154\" class=\"su-post \">\n\n\t\t\t\t\n\t\t\t\t<h2 class=\"su-post-title\"><a href=\"https:\/\/www.verdichtet.at\/?p=18154\">Manuela<\/a><\/h2>\n\n\t\t\t\t<div class=\"su-post-meta\">\n\t\t\t\t\tVer\u00f6ffentlicht: 22. Mai 2024\t\t\t\t<\/div>\n\n\t\t\t\t<div class=\"su-post-excerpt\">\n\t\t\t\t\t<p>\u201eHast du gestern \u201eTarzan in Gefahr\u201c gesehen?\u201c, fragt Manuela. Wir spazieren durch den lichten, kleinen Eichenwald am Rande unseres Dorfes. Manuela geht zwei Meter vor mir. Ihr langes Haar f\u00e4llt in hellen Str\u00e4hnen \u00fcber ihren R\u00fccken. Mit ihrer rechten Hand schwingt sie energisch einen Stock und schl\u00e4gt ihn hin und wieder gegen Str\u00e4ucher und Baumst\u00e4mme. [&hellip;]<\/p>\n\t\t\t\t<\/div>\n\n\t\t\t\t\t\t\t\t\t<a href=\"https:\/\/www.verdichtet.at\/?p=18154#respond\" class=\"su-post-comments-link\">0 Kommentare<\/a>\n\t\t\t\t\n\t\t\t<\/div>\n\n\t\t\t\t\t\n\t\t\t\n\t\t\t<div id=\"su-post-17338\" class=\"su-post \">\n\n\t\t\t\t\n\t\t\t\t<h2 class=\"su-post-title\"><a href=\"https:\/\/www.verdichtet.at\/?p=17338\">Der Treck<\/a><\/h2>\n\n\t\t\t\t<div class=\"su-post-meta\">\n\t\t\t\t\tVer\u00f6ffentlicht: 6. Januar 2024\t\t\t\t<\/div>\n\n\t\t\t\t<div class=\"su-post-excerpt\">\n\t\t\t\t\t<p>Ich kann nicht mehr, sagt er. Er setzt sich hin. Die anderen beratschlagen. Er ist zu schwach. Wenn wir auf ihn warten, sterben wir mit ihm. Er soll alleine sterben, beschlie\u00dfen sie. Sie gehen weiter. Johannes Tosin (Text und Bild) www.verdichtet.at | Kategorie: \u00e4rgstens | Inventarnummer: 24026<\/p>\n\t\t\t\t<\/div>\n\n\t\t\t\t\t\t\t\t\t<a href=\"https:\/\/www.verdichtet.at\/?p=17338#respond\" class=\"su-post-comments-link\">0 Kommentare<\/a>\n\t\t\t\t\n\t\t\t<\/div>\n\n\t\t\t\t\t\n\t\t\t\n\t\t\t<div id=\"su-post-17532\" class=\"su-post \">\n\n\t\t\t\t\n\t\t\t\t<h2 class=\"su-post-title\"><a href=\"https:\/\/www.verdichtet.at\/?p=17532\">Wenn\u2019s einmal aus wird sein. Selbstmord auf Wienerisch<\/a><\/h2>\n\n\t\t\t\t<div class=\"su-post-meta\">\n\t\t\t\t\tVer\u00f6ffentlicht: 1. Februar 2024\t\t\t\t<\/div>\n\n\t\t\t\t<div class=\"su-post-excerpt\">\n\t\t\t\t\t<p>Fr\u00fchling ist, wenn der Tichy aufsperrt! Egal, wie das Wetter ist, wenn die T\u00fcren des (zu Recht) bekanntesten\/beliebtesten\/gr\u00f6\u00dften Eissalons in Wien offen stehen, dann gibt\u2019s trotz Eis keinen Winter mehr. Und die gr\u00f6\u00dfte Affenhitze l\u00e4sst sich aushalten, wenn man, gen\u00fcsslich von einer T\u00fcte Erdbeer-Zitrone (o.\u00c4.) schleckend, auf einer schattigen Bank vor dem urbaneren Eissalon am [&hellip;]<\/p>\n\t\t\t\t<\/div>\n\n\t\t\t\t\t\t\t\t\t<a href=\"https:\/\/www.verdichtet.at\/?p=17532#comments\" class=\"su-post-comments-link\">Ein Kommentar<\/a>\n\t\t\t\t\n\t\t\t<\/div>\n\n\t\t\t\t\t\n\t\t\t\n\t\t\t<div id=\"su-post-16419\" class=\"su-post \">\n\n\t\t\t\t\n\t\t\t\t<h2 class=\"su-post-title\"><a href=\"https:\/\/www.verdichtet.at\/?p=16419\">365 Sekunden vor dem Untergang<\/a><\/h2>\n\n\t\t\t\t<div class=\"su-post-meta\">\n\t\t\t\t\tVer\u00f6ffentlicht: 5. August 2023\t\t\t\t<\/div>\n\n\t\t\t\t<div class=\"su-post-excerpt\">\n\t\t\t\t\t<p>365 Sekunden vor dem Untergang Die Tage sind gez\u00e4hlt. 1, 2, 3. In drei Tagen, am 23. Juni um 19:42 Uhr Ortszeit, wird ein Komet, der sich von der Oortschen Wolke, welche die Erde vor zwei Millionen Jahren passierte, gel\u00f6st hat, mit der Erde kollidieren. Dieser Komet wird in den Medien als Hades-13 bezeichnet, sein [&hellip;]<\/p>\n\t\t\t\t<\/div>\n\n\t\t\t\t\t\t\t\t\t<a href=\"https:\/\/www.verdichtet.at\/?p=16419#respond\" class=\"su-post-comments-link\">0 Kommentare<\/a>\n\t\t\t\t\n\t\t\t<\/div>\n\n\t\t\t\t\t\n\t\t\t\n\t\t\t<div id=\"su-post-15711\" class=\"su-post \">\n\n\t\t\t\t\n\t\t\t\t<h2 class=\"su-post-title\"><a href=\"https:\/\/www.verdichtet.at\/?p=15711\">Meine Freundin Gerti<\/a><\/h2>\n\n\t\t\t\t<div class=\"su-post-meta\">\n\t\t\t\t\tVer\u00f6ffentlicht: 26. M\u00e4rz 2023\t\t\t\t<\/div>\n\n\t\t\t\t<div class=\"su-post-excerpt\">\n\t\t\t\t\t<p>Nach langer Zeit besuche ich wieder meine alte Freundin Gerti. Sie ist mehrmals umgezogen, seit wir uns das letzte Mal sahen. \u201eSch\u00f6n, dass du hier bist, Christa\u201c, sagt sie zur Begr\u00fc\u00dfung. Sie wirkt kaum gealtert. W\u00e4hrend wir Kaffee trinken und Cremeschnitte essen, kommen wir auf das Thema Suizid. Ich wei\u00df nicht, wer von uns es [&hellip;]<\/p>\n\t\t\t\t<\/div>\n\n\t\t\t\t\t\t\t\t\t<a href=\"https:\/\/www.verdichtet.at\/?p=15711#respond\" class=\"su-post-comments-link\">0 Kommentare<\/a>\n\t\t\t\t\n\t\t\t<\/div>\n\n\t\t\t\t\t\n\t\t\t\n\t\t\t<div id=\"su-post-16447\" class=\"su-post \">\n\n\t\t\t\t\n\t\t\t\t<h2 class=\"su-post-title\"><a href=\"https:\/\/www.verdichtet.at\/?p=16447\">Horror-Modus<\/a><\/h2>\n\n\t\t\t\t<div class=\"su-post-meta\">\n\t\t\t\t\tVer\u00f6ffentlicht: 14. August 2023\t\t\t\t<\/div>\n\n\t\t\t\t<div class=\"su-post-excerpt\">\n\t\t\t\t\t<p>Ich spiele gerade ein Browser-Game, da erscheint die Meldung auf dem Bildschirm: \u201eWollen Sie den Horror-Modus aktivieren? Ja \/ Nein.\u201c Nat\u00fcrlich klicke ich auf Ja. Pl\u00f6tzlich gehen alle Lichter aus. Ich begebe mich zum Schaltkasten und bringe den Strom wieder zum Laufen. Den Computer lasse ich ausgeschaltet, da es schon sp\u00e4t ist und ich morgen [&hellip;]<\/p>\n\t\t\t\t<\/div>\n\n\t\t\t\t\t\t\t\t\t<a href=\"https:\/\/www.verdichtet.at\/?p=16447#respond\" class=\"su-post-comments-link\">0 Kommentare<\/a>\n\t\t\t\t\n\t\t\t<\/div>\n\n\t\t\t\t\t\n\t\t\t\n\t\t\t<div id=\"su-post-15963\" class=\"su-post \">\n\n\t\t\t\t\n\t\t\t\t<h2 class=\"su-post-title\"><a href=\"https:\/\/www.verdichtet.at\/?p=15963\">Kl\u00e4rend, heilend<\/a><\/h2>\n\n\t\t\t\t<div class=\"su-post-meta\">\n\t\t\t\t\tVer\u00f6ffentlicht: 18. Mai 2023\t\t\t\t<\/div>\n\n\t\t\t\t<div class=\"su-post-excerpt\">\n\t\t\t\t\t<p>Kurz vor halb sechs Uhr morgens, als ich gerade dabei bin, mir Tee zuzubereiten, klingelt das Handy. Sofort f\u00fcllen sich meine Augen mit Tr\u00e4nen. Als ob sie nur darauf gewartet h\u00e4tten, die Tr\u00e4nen, als ob das Handyl\u00e4uten das Startsignal f\u00fcr sie w\u00e4re. Nat\u00fcrlich ist dein Vater der Anrufer. Er wei\u00df genau, dass ich l\u00e4ngst auf [&hellip;]<\/p>\n\t\t\t\t<\/div>\n\n\t\t\t\t\t\t\t\t\t<a href=\"https:\/\/www.verdichtet.at\/?p=15963#respond\" class=\"su-post-comments-link\">0 Kommentare<\/a>\n\t\t\t\t\n\t\t\t<\/div>\n\n\t\t\t\t\t\n\t\t\t\n\t\t\t<div id=\"su-post-15541\" class=\"su-post \">\n\n\t\t\t\t\n\t\t\t\t<h2 class=\"su-post-title\"><a href=\"https:\/\/www.verdichtet.at\/?p=15541\">War<\/a><\/h2>\n\n\t\t\t\t<div class=\"su-post-meta\">\n\t\t\t\t\tVer\u00f6ffentlicht: 18. Februar 2023\t\t\t\t<\/div>\n\n\t\t\t\t<div class=\"su-post-excerpt\">\n\t\t\t\t\t<p>Im Krieg. Tr\u00e4nen rinnen \u00fcber sein Gesicht, nass ist es wie von Wasser. Und doch, schnell, fl\u00fcchten oder schie\u00dfen. \u00dcberleben f\u00fcr diese Sekunde. Die n\u00e4chste vielleicht nicht mehr. Johannes Tosin (Text und Bild) www.verdichtet.at | Kategorie: \u00e4rgstens | Inventarnummer: 23077<\/p>\n\t\t\t\t<\/div>\n\n\t\t\t\t\t\t\t\t\t<a href=\"https:\/\/www.verdichtet.at\/?p=15541#respond\" class=\"su-post-comments-link\">0 Kommentare<\/a>\n\t\t\t\t\n\t\t\t<\/div>\n\n\t\t\t\t\t\n\t\t\t\n\t\t\t<div id=\"su-post-15502\" class=\"su-post \">\n\n\t\t\t\t\n\t\t\t\t<h2 class=\"su-post-title\"><a href=\"https:\/\/www.verdichtet.at\/?p=15502\">Die Neue<\/a><\/h2>\n\n\t\t\t\t<div class=\"su-post-meta\">\n\t\t\t\t\tVer\u00f6ffentlicht: 18. Februar 2023\t\t\t\t<\/div>\n\n\t\t\t\t<div class=\"su-post-excerpt\">\n\t\t\t\t\t<p>Als der Chef ank\u00fcndigte, wir w\u00fcrden eine neue Kollegin bekommen, erwachte ich aus meinem D\u00e4mmerschlaf. Er brabbelte von ihrem ausgezeichneten Medien-Studium an der FH und ihrer bisherigen T\u00e4tigkeit im Marketing eines Skigebiets und ich wartete ungeduldig darauf, dass er aufh\u00f6rte zu sprechen, damit ich sie in aller Ruhe googeln konnte. Endlich bekamen wir jemand Neuen. [&hellip;]<\/p>\n\t\t\t\t<\/div>\n\n\t\t\t\t\t\t\t\t\t<a href=\"https:\/\/www.verdichtet.at\/?p=15502#comments\" class=\"su-post-comments-link\">Ein Kommentar<\/a>\n\t\t\t\t\n\t\t\t<\/div>\n\n\t\t\t\t\t\n\t\t\t\n\t\t\t<div id=\"su-post-14986\" class=\"su-post \">\n\n\t\t\t\t\n\t\t\t\t<h2 class=\"su-post-title\"><a href=\"https:\/\/www.verdichtet.at\/?p=14986\">Der schreiende Soldat<\/a><\/h2>\n\n\t\t\t\t<div class=\"su-post-meta\">\n\t\t\t\t\tVer\u00f6ffentlicht: 24. November 2022\t\t\t\t<\/div>\n\n\t\t\t\t<div class=\"su-post-excerpt\">\n\t\t\t\t\t<p>Ich bin Soldat. Meine Aufgabe ist es, das Elektrizit\u00e4tswerk zu bewachen. Es ist fast schon Winter. Die Stromversorgung muss funktionieren. Die Anlage wird gerade von Raketen des Grad- Mehrfachraketenwerfersystems beschossen. Ich darf meinen Posten unter keinen Umst\u00e4nden verlassen. Links, rechts und direkt hinter mir schlagen die Raketen ein. Eine Rakete hundert Meter vor mir. Ich [&hellip;]<\/p>\n\t\t\t\t<\/div>\n\n\t\t\t\t\t\t\t\t\t<a href=\"https:\/\/www.verdichtet.at\/?p=14986#comments\" class=\"su-post-comments-link\">Ein Kommentar<\/a>\n\t\t\t\t\n\t\t\t<\/div>\n\n\t\t\t\t\t\n\t\t\t\n\t\t\t<div id=\"su-post-14506\" class=\"su-post \">\n\n\t\t\t\t\n\t\t\t\t<h2 class=\"su-post-title\"><a href=\"https:\/\/www.verdichtet.at\/?p=14506\">Kleinb\u00fcrgers Nachtgesang<\/a><\/h2>\n\n\t\t\t\t<div class=\"su-post-meta\">\n\t\t\t\t\tVer\u00f6ffentlicht: 10. September 2022\t\t\t\t<\/div>\n\n\t\t\t\t<div class=\"su-post-excerpt\">\n\t\t\t\t\t<p>Es findet doch der Wettlauf dauernd statt! Und jeder schweigt und tut als ob nichts w\u00e4r Ich habe diesen Wettlauf langsam satt! Drum kauf ich mir jetzt bald ein Schie\u00dfgewehr! Dann knall ich meine Konkurrenten einfach nieder! Dann kehrt vielleicht der Frieden endlich wieder! Bernd Remsing http:\/\/fm4.orf.at\/stories\/1704846\/ www.verdichtet.at | Kategorie: \u00e4rgstens | Inventarnummer: 22094<\/p>\n\t\t\t\t<\/div>\n\n\t\t\t\t\t\t\t\t\t<a href=\"https:\/\/www.verdichtet.at\/?p=14506#respond\" class=\"su-post-comments-link\">0 Kommentare<\/a>\n\t\t\t\t\n\t\t\t<\/div>\n\n\t\t\t\t\t\n\t\t\t\n\t\t\t<div id=\"su-post-14249\" class=\"su-post \">\n\n\t\t\t\t\n\t\t\t\t<h2 class=\"su-post-title\"><a href=\"https:\/\/www.verdichtet.at\/?p=14249\">Der blinde Fleck<\/a><\/h2>\n\n\t\t\t\t<div class=\"su-post-meta\">\n\t\t\t\t\tVer\u00f6ffentlicht: 27. Juni 2022\t\t\t\t<\/div>\n\n\t\t\t\t<div class=\"su-post-excerpt\">\n\t\t\t\t\t<p>Es sterben Leute Morgen und heute Man stirbt immerzu Und einmal stirbst du Wenn du\u2019s nur w\u00fcsstest Du w\u00e4rst entr\u00fcstet! Bernd Remsing http:\/\/fm4.orf.at\/stories\/1704846\/ www.verdichtet.at | Kategorie: \u00e4rgstens | Inventarnummer: 22071<\/p>\n\t\t\t\t<\/div>\n\n\t\t\t\t\t\t\t\t\t<a href=\"https:\/\/www.verdichtet.at\/?p=14249#respond\" class=\"su-post-comments-link\">0 Kommentare<\/a>\n\t\t\t\t\n\t\t\t<\/div>\n\n\t\t\t\t\t\n\t\t\t\n\t\t\t<div id=\"su-post-14200\" class=\"su-post \">\n\n\t\t\t\t\n\t\t\t\t<h2 class=\"su-post-title\"><a href=\"https:\/\/www.verdichtet.at\/?p=14200\">Tag 101<\/a><\/h2>\n\n\t\t\t\t<div class=\"su-post-meta\">\n\t\t\t\t\tVer\u00f6ffentlicht: 11. Juni 2022\t\t\t\t<\/div>\n\n\t\t\t\t<div class=\"su-post-excerpt\">\n\t\t\t\t\t<p>Der Morgen ist sch\u00f6n, und der Tag wird noch sch\u00f6ner werden. Nichts st\u00f6rt, nichts tut weh, nichts ist schlecht. \u201e\u041e\u0431\u043b\u0430\u043a\u0430\u201c, gesprochen ablaka, wie die Russen sagen, bedeutet Himmel oder Wolken, \u201e\u043c\u0438\u0440\u201c, gesprochen mir, Friede. Johannes Tosin (Text und Bild) www.verdichtet.at | Kategorie: \u00e4rgstens | Inventarnummer: 22064<\/p>\n\t\t\t\t<\/div>\n\n\t\t\t\t\t\t\t\t\t<a href=\"https:\/\/www.verdichtet.at\/?p=14200#respond\" class=\"su-post-comments-link\">0 Kommentare<\/a>\n\t\t\t\t\n\t\t\t<\/div>\n\n\t\t\t\t\t\n\t\t\t\n\t\t\t<div id=\"su-post-14084\" class=\"su-post \">\n\n\t\t\t\t\n\t\t\t\t<h2 class=\"su-post-title\"><a href=\"https:\/\/www.verdichtet.at\/?p=14084\">Im Fernsehen<\/a><\/h2>\n\n\t\t\t\t<div class=\"su-post-meta\">\n\t\t\t\t\tVer\u00f6ffentlicht: 28. April 2022\t\t\t\t<\/div>\n\n\t\t\t\t<div class=\"su-post-excerpt\">\n\t\t\t\t\t<p>Es gibt keine N\u00e4he. Ihr seid nur Figuren in einem Fernsehfilm. \u201eEs wird immer schlimmer!\u201c, sagt jemand. Mich betrifft das nicht. Ich esse Tortilla-Chips und sehe euch beim Sterben zu. Ich bin 2300 Kilometer entfernt. Johannes Tosin (Text und Bild) www.verdichtet.at | Kategorie: \u00e4rgstens | Inventarnummer: 22056<\/p>\n\t\t\t\t<\/div>\n\n\t\t\t\t\t\t\t\t\t<a href=\"https:\/\/www.verdichtet.at\/?p=14084#respond\" class=\"su-post-comments-link\">0 Kommentare<\/a>\n\t\t\t\t\n\t\t\t<\/div>\n\n\t\t\t\t\t\n\t\t\t\n\t\t\t<div id=\"su-post-14066\" class=\"su-post \">\n\n\t\t\t\t\n\t\t\t\t<h2 class=\"su-post-title\"><a href=\"https:\/\/www.verdichtet.at\/?p=14066\">\u00dcber dem Meer<\/a><\/h2>\n\n\t\t\t\t<div class=\"su-post-meta\">\n\t\t\t\t\tVer\u00f6ffentlicht: 20. April 2022\t\t\t\t<\/div>\n\n\t\t\t\t<div class=\"su-post-excerpt\">\n\t\t\t\t\t<p>Und pl\u00f6tzlich finde ich mich wieder. Hier. Im Reich der Mitte. Angebunden. An einen Stuhl. In der Geschlossenen. Nihao, zhi zhi, nicht viel. Aber alles, was ich sagen kann. Ich h\u00f6re der Stille zu. Ein alter Mann (so genau wei\u00df ich das Alter nicht mehr) gibt mir Suppe, Bonbons, Kirschen \u201eWhere do you come from?\u201c [&hellip;]<\/p>\n\t\t\t\t<\/div>\n\n\t\t\t\t\t\t\t\t\t<a href=\"https:\/\/www.verdichtet.at\/?p=14066#respond\" class=\"su-post-comments-link\">0 Kommentare<\/a>\n\t\t\t\t\n\t\t\t<\/div>\n\n\t\t\t\t\t\n\t\t\t\n\t\t\t<div id=\"su-post-13997\" class=\"su-post \">\n\n\t\t\t\t\n\t\t\t\t<h2 class=\"su-post-title\"><a href=\"https:\/\/www.verdichtet.at\/?p=13997\">Die Vernichtung der Menschheit<\/a><\/h2>\n\n\t\t\t\t<div class=\"su-post-meta\">\n\t\t\t\t\tVer\u00f6ffentlicht: 24. M\u00e4rz 2022\t\t\t\t<\/div>\n\n\t\t\t\t<div class=\"su-post-excerpt\">\n\t\t\t\t\t<p>Vielleicht werde ich am 31. M\u00e4rz 2022, wenn die Atomraketen fliegen, denken: Ich h\u00e4tte etwas tun sollen. Dieser Zeitpunkt ist jetzt, am Morgen des 20. M\u00e4rz desselben Jahres. Doch was soll ich tun? Ich habe keine Ahnung. Ich finde nichts. M\u00f6glicherweise wird mir am 31. M\u00e4rz etwas einfallen, die L\u00f6sung des Problems, die Rettung der [&hellip;]<\/p>\n\t\t\t\t<\/div>\n\n\t\t\t\t\t\t\t\t\t<a href=\"https:\/\/www.verdichtet.at\/?p=13997#respond\" class=\"su-post-comments-link\">0 Kommentare<\/a>\n\t\t\t\t\n\t\t\t<\/div>\n\n\t\t\t\t\t\n\t\t\t\n\t\t\t<div id=\"su-post-13951\" class=\"su-post \">\n\n\t\t\t\t\n\t\t\t\t<h2 class=\"su-post-title\"><a href=\"https:\/\/www.verdichtet.at\/?p=13951\">Aus Putins philosophischem Antiquariat<\/a><\/h2>\n\n\t\t\t\t<div class=\"su-post-meta\">\n\t\t\t\t\tVer\u00f6ffentlicht: 9. M\u00e4rz 2022\t\t\t\t<\/div>\n\n\t\t\t\t<div class=\"su-post-excerpt\">\n\t\t\t\t\t<p>Putins historische Rumpelkammer \u201eDie Russen haben keine sch\u00f6nen Erinnerungen, keinerlei Tradition, keine Geschichte, die unser Volk erzogen h\u00e4tte. Wir sind ohne Vergangenheit und ohne Zukunft. Isoliert von der \u00fcbrigen Menschheit, fehlt uns jede eigene Entwicklung, jeder wirkliche Fortschritt. Von den Ideen der Pflicht, der Gerechtigkeit oder Ordnung, welche die Atmosph\u00e4re des Westens ausmachen, sind wir [&hellip;]<\/p>\n\t\t\t\t<\/div>\n\n\t\t\t\t\t\t\t\t\t<a href=\"https:\/\/www.verdichtet.at\/?p=13951#respond\" class=\"su-post-comments-link\">0 Kommentare<\/a>\n\t\t\t\t\n\t\t\t<\/div>\n\n\t\t\t\t\t\n\t\t\t\n\t\t\t<div id=\"su-post-13917\" class=\"su-post \">\n\n\t\t\t\t\n\t\t\t\t<h2 class=\"su-post-title\"><a href=\"https:\/\/www.verdichtet.at\/?p=13917\">Jede Sekunde<\/a><\/h2>\n\n\t\t\t\t<div class=\"su-post-meta\">\n\t\t\t\t\tVer\u00f6ffentlicht: 22. Februar 2022\t\t\t\t<\/div>\n\n\t\t\t\t<div class=\"su-post-excerpt\">\n\t\t\t\t\t<p>Die Welt, genauer gesagt die Erde, wird binnen einer Woche untergehen. Hast du Angst? Das w\u00e4re verst\u00e4ndlich. Vielleicht sollten wir eine Party veranstalten, feiern, bis wir sterben. Nur sollte sich niemand verlieben, denn eine Liebe ohne Zukunft ist grausam. Ich selbst habe keine Ahnung, was ich tun werde. Dabei ist jede Sekunde jetzt kostbar. Eigentlich [&hellip;]<\/p>\n\t\t\t\t<\/div>\n\n\t\t\t\t\t\t\t\t\t<a href=\"https:\/\/www.verdichtet.at\/?p=13917#respond\" class=\"su-post-comments-link\">0 Kommentare<\/a>\n\t\t\t\t\n\t\t\t<\/div>\n\n\t\t\t\t\t\n\t\t\t\n\t\t\t<div id=\"su-post-13844\" class=\"su-post \">\n\n\t\t\t\t\n\t\t\t\t<h2 class=\"su-post-title\"><a href=\"https:\/\/www.verdichtet.at\/?p=13844\">Besuch bei den anonymen Katzenhassern<\/a><\/h2>\n\n\t\t\t\t<div class=\"su-post-meta\">\n\t\t\t\t\tVer\u00f6ffentlicht: 15. Februar 2022\t\t\t\t<\/div>\n\n\t\t\t\t<div class=\"su-post-excerpt\">\n\t\t\t\t\t<p>Ich: Hallo, ich bin Klaus. Ich bin Katzenhasser. Alle: Hallo Klaus! Ich: Also, ich tu mir jetzt schon ein bisserl hart, hier zu stehen und mit euch zu reden \u00fcber etwas, das tief in mir drinnen ist, aber ich muss ja. Der Richter hat mich zu den Treffen der \u201eAnonymen Katzenhasser\u201c verdonnert und, na ja, [&hellip;]<\/p>\n\t\t\t\t<\/div>\n\n\t\t\t\t\t\t\t\t\t<a href=\"https:\/\/www.verdichtet.at\/?p=13844#respond\" class=\"su-post-comments-link\">0 Kommentare<\/a>\n\t\t\t\t\n\t\t\t<\/div>\n\n\t\t\t\t\t\n\t\t\t\n\t\t\t<div id=\"su-post-13671\" class=\"su-post \">\n\n\t\t\t\t\n\t\t\t\t<h2 class=\"su-post-title\"><a href=\"https:\/\/www.verdichtet.at\/?p=13671\">Das Ungl\u00fcck<\/a><\/h2>\n\n\t\t\t\t<div class=\"su-post-meta\">\n\t\t\t\t\tVer\u00f6ffentlicht: 18. Januar 2022\t\t\t\t<\/div>\n\n\t\t\t\t<div class=\"su-post-excerpt\">\n\t\t\t\t\t<p>Er hat viele Entschuldigungen, aber geschehen ist das Ungl\u00fcck trotzdem. Und es zerst\u00f6rte viele Leben, auch seins, obwohl er daran keine Schuld tr\u00e4gt, wie er stets sagt. Johannes Tosin (Text und Bild) www.verdichtet.at | Kategorie: \u00e4rgstens | Inventarnummer: 22019<\/p>\n\t\t\t\t<\/div>\n\n\t\t\t\t\t\t\t\t\t<a href=\"https:\/\/www.verdichtet.at\/?p=13671#respond\" class=\"su-post-comments-link\">0 Kommentare<\/a>\n\t\t\t\t\n\t\t\t<\/div>\n\n\t\t\t\t\t\n\t\t\t\n\t\t\t<div id=\"su-post-13363\" class=\"su-post \">\n\n\t\t\t\t\n\t\t\t\t<h2 class=\"su-post-title\"><a href=\"https:\/\/www.verdichtet.at\/?p=13363\">Die Schwertschluckerin vom Kapuziner-Boulevard &#8211; Teil I<\/a><\/h2>\n\n\t\t\t\t<div class=\"su-post-meta\">\n\t\t\t\t\tVer\u00f6ffentlicht: 1. November 2021\t\t\t\t<\/div>\n\n\t\t\t\t<div class=\"su-post-excerpt\">\n\t\t\t\t\t<p>Jeanne hielt vor dem farbenfrohen Plakat an, das sie schon auswendig kannte. Gedanklich ging sie noch einmal die K\u00fcnstlernamen durch: Marie, \u201eDas Puppengesicht\u201c \u201eGoliath\u201c, der st\u00e4rkste Mann des Jahrtausends Drillings-Akrobaten aus Mumbai Lorette, die schmalste Taille der Welt Esmeralda, die einbeinige Flamenco-T\u00e4nzerin aus dem sonnigen Spanien Abdulwahab Hassen Adem Al Khaled, der Schlangenbeschw\u00f6rer \u2013 und [&hellip;]<\/p>\n\t\t\t\t<\/div>\n\n\t\t\t\t\t\t\t\t\t<a href=\"https:\/\/www.verdichtet.at\/?p=13363#respond\" class=\"su-post-comments-link\">0 Kommentare<\/a>\n\t\t\t\t\n\t\t\t<\/div>\n\n\t\t\t\t\t\n\t\t\t\n\t\t\t<div id=\"su-post-13365\" class=\"su-post \">\n\n\t\t\t\t\n\t\t\t\t<h2 class=\"su-post-title\"><a href=\"https:\/\/www.verdichtet.at\/?p=13365\">Die Schwertschluckerin vom Kapuziner-Boulevard &#8211; Teil II<\/a><\/h2>\n\n\t\t\t\t<div class=\"su-post-meta\">\n\t\t\t\t\tVer\u00f6ffentlicht: 3. November 2021\t\t\t\t<\/div>\n\n\t\t\t\t<div class=\"su-post-excerpt\">\n\t\t\t\t\t<p>Halt! Kennen Sie schon\u00a0Teil 1\u00a0dieser Geschichte? Es geschah im Sp\u00e4twinter. Sie war erst vierzehn. Unausgeschlafen trottete sie durch die grauen Stra\u00dfen. Das Einzige, was sie wahrgenommen hatte, waren ihre tr\u00fcben Gedanken und \u00c4ngste vor der kommenden Nacht. Und vielen darauf folgenden. Pl\u00f6tzlich war ihre Abwesenheit durch eine schrille Stimme durchdrungen worden. Ihre erwachte Aufmerksamkeit lenkte [&hellip;]<\/p>\n\t\t\t\t<\/div>\n\n\t\t\t\t\t\t\t\t\t<a href=\"https:\/\/www.verdichtet.at\/?p=13365#respond\" class=\"su-post-comments-link\">0 Kommentare<\/a>\n\t\t\t\t\n\t\t\t<\/div>\n\n\t\t\t\t\t\n\t\t\t\n\t\t\t<div id=\"su-post-13371\" class=\"su-post \">\n\n\t\t\t\t\n\t\t\t\t<h2 class=\"su-post-title\"><a href=\"https:\/\/www.verdichtet.at\/?p=13371\">Die Schwertschluckerin vom Kapuziner-Boulevard &#8211; Teil III<\/a><\/h2>\n\n\t\t\t\t<div class=\"su-post-meta\">\n\t\t\t\t\tVer\u00f6ffentlicht: 5. November 2021\t\t\t\t<\/div>\n\n\t\t\t\t<div class=\"su-post-excerpt\">\n\t\t\t\t\t<p>Nicht so schnell! Haben Sie schon\u00a0Teil 1\u00a0und\u00a0Teil 2\u00a0gelesen? Dies ist der finale Teil der Geschichte. Hinweis der Redaktion: Dieser Text kann verst\u00f6rend wirken, er enth\u00e4lt Gewaltszenen. Sie setzte sich in ein Caf\u00e9 auf dem Kapuziner-Boulevard und bestellte ihr Lieblingsgeb\u00e4ck mit Erdbeermarmelade. Dazu trank sie eine Brause. Ein junger Mann warb lauthals f\u00fcr bewegte Bilder, die [&hellip;]<\/p>\n\t\t\t\t<\/div>\n\n\t\t\t\t\t\t\t\t\t<a href=\"https:\/\/www.verdichtet.at\/?p=13371#respond\" class=\"su-post-comments-link\">0 Kommentare<\/a>\n\t\t\t\t\n\t\t\t<\/div>\n\n\t\t\t\t\t\n\t\t\t\n\t\t\t<div id=\"su-post-13030\" class=\"su-post \">\n\n\t\t\t\t\n\t\t\t\t<h2 class=\"su-post-title\"><a href=\"https:\/\/www.verdichtet.at\/?p=13030\">In tiefster Ergriffenheit<\/a><\/h2>\n\n\t\t\t\t<div class=\"su-post-meta\">\n\t\t\t\t\tVer\u00f6ffentlicht: 5. August 2021\t\t\t\t<\/div>\n\n\t\t\t\t<div class=\"su-post-excerpt\">\n\t\t\t\t\t<p>Hinweis der Redaktion: Dieser Text kann verst\u00f6rend wirken, er thematisiert Krieg, Leid und Tod. &nbsp; Granaten, Martin, Deckung, runter \u2026 Ich bin Willi Schuster, Sch\u00fctze im 1. Westf\u00e4lischen Feldartillerie-Regiment Nr. 7. Ich bin Willi Schuster, Sch\u00fctze im 1. Westf\u00e4lischen Feldartillerie-Regiment Nr. 7. Ich bin \u2026 Ich kann nichts sehen. Martin, bist du da? Ich h\u00f6re [&hellip;]<\/p>\n\t\t\t\t<\/div>\n\n\t\t\t\t\t\t\t\t\t<a href=\"https:\/\/www.verdichtet.at\/?p=13030#comments\" class=\"su-post-comments-link\">Ein Kommentar<\/a>\n\t\t\t\t\n\t\t\t<\/div>\n\n\t\t\t\t\t\n\t\t\t\n\t\t\t<div id=\"su-post-12619\" class=\"su-post \">\n\n\t\t\t\t\n\t\t\t\t<h2 class=\"su-post-title\"><a href=\"https:\/\/www.verdichtet.at\/?p=12619\">Sie m\u00fcssen das verstehen oder: Wie viele Zinken hat ein Kamm<\/a><\/h2>\n\n\t\t\t\t<div class=\"su-post-meta\">\n\t\t\t\t\tVer\u00f6ffentlicht: 1. April 2021\t\t\t\t<\/div>\n\n\t\t\t\t<div class=\"su-post-excerpt\">\n\t\t\t\t\t<p>Ich meine, Sie m\u00fcssen das verstehen. Ich liebe meinen Giorgio. Mein Giorgio. Ein Bild von einem Mann. Ich wei\u00df, wie sehr andere Frauen mich um diesen Mann beneiden. Und er liebt nur mich. Wir sind jetzt seit drei Jahren verheiratet und wahnsinnig gl\u00fccklich. Er ist voller Glut und Leidenschaft, seine Augen verfolgen mich mit Sehnsucht [&hellip;]<\/p>\n\t\t\t\t<\/div>\n\n\t\t\t\t\t\t\t\t\t<a href=\"https:\/\/www.verdichtet.at\/?p=12619#respond\" class=\"su-post-comments-link\">0 Kommentare<\/a>\n\t\t\t\t\n\t\t\t<\/div>\n\n\t\t\t\t\t\n\t\t\t\n\t\t\t<div id=\"su-post-12190\" class=\"su-post \">\n\n\t\t\t\t\n\t\t\t\t<h2 class=\"su-post-title\"><a href=\"https:\/\/www.verdichtet.at\/?p=12190\">Brunnen<\/a><\/h2>\n\n\t\t\t\t<div class=\"su-post-meta\">\n\t\t\t\t\tVer\u00f6ffentlicht: 1. Januar 2021\t\t\t\t<\/div>\n\n\t\t\t\t<div class=\"su-post-excerpt\">\n\t\t\t\t\t<p>Du bist weg Amseln wurden vom Dach geschossen es singt keiner mehr Regentropfen unter meiner Haut ich quelle auf Im Brunnen sitzt der Frosch hat sich daran gew\u00f6hnt Hoch will ich wieder, raus aus der Dunkelheit nasser Verbitterung Florian Pfeffer www.verdichtet.at |\u00a0Kategorie:\u00a0\u00e4rgstens | Inventarnummer: 21017<\/p>\n\t\t\t\t<\/div>\n\n\t\t\t\t\t\t\t\t\t<a href=\"https:\/\/www.verdichtet.at\/?p=12190#respond\" class=\"su-post-comments-link\">0 Kommentare<\/a>\n\t\t\t\t\n\t\t\t<\/div>\n\n\t\t\t\t\t\n\t\t\t\n\t\t\t<div id=\"su-post-11997\" class=\"su-post \">\n\n\t\t\t\t\n\t\t\t\t<h2 class=\"su-post-title\"><a href=\"https:\/\/www.verdichtet.at\/?p=11997\">Das Ende der Welt<\/a><\/h2>\n\n\t\t\t\t<div class=\"su-post-meta\">\n\t\t\t\t\tVer\u00f6ffentlicht: 3. Dezember 2020\t\t\t\t<\/div>\n\n\t\t\t\t<div class=\"su-post-excerpt\">\n\t\t\t\t\t<p>Hier geht es nicht mehr weiter. Ich stehe vor einer fugenlosen dunkelgrauen Mauer, die anscheinend unendlich hoch ist. Das ist das Ende der Welt. Ich kann nur zur\u00fcckgehen oder hierbleiben und verhungern. Die Wahl f\u00e4llt mir leicht. Johannes Tosin (Text und Bild) www.verdichtet.at | Kategorie: \u00e4rgstens | Inventarnummer: 20130<\/p>\n\t\t\t\t<\/div>\n\n\t\t\t\t\t\t\t\t\t<a href=\"https:\/\/www.verdichtet.at\/?p=11997#respond\" class=\"su-post-comments-link\">0 Kommentare<\/a>\n\t\t\t\t\n\t\t\t<\/div>\n\n\t\t\t\t\t\n\t\t\t\n\t\t\t<div id=\"su-post-11170\" class=\"su-post \">\n\n\t\t\t\t\n\t\t\t\t<h2 class=\"su-post-title\"><a href=\"https:\/\/www.verdichtet.at\/?p=11170\">Schwarzwei\u00df<\/a><\/h2>\n\n\t\t\t\t<div class=\"su-post-meta\">\n\t\t\t\t\tVer\u00f6ffentlicht: 15. April 2020\t\t\t\t<\/div>\n\n\t\t\t\t<div class=\"su-post-excerpt\">\n\t\t\t\t\t<p>Er fuhr in der U-Bahn, kurz nach sieben, er hatte einen Sitzplatz. Er spielte auf seinem Handy herum, immer die gleiche Szenerie hinter den Waggonfenstern. Die meisten Leute fuhren zur Arbeit, so wie er, manche hatte das Nachtleben in den Morgen entlassen, kein Augenkontakt, das ist nicht \u00fcblich in der Gro\u00dfstadt. Er stand mit seinem [&hellip;]<\/p>\n\t\t\t\t<\/div>\n\n\t\t\t\t\t\t\t\t\t<a href=\"https:\/\/www.verdichtet.at\/?p=11170#respond\" class=\"su-post-comments-link\">0 Kommentare<\/a>\n\t\t\t\t\n\t\t\t<\/div>\n\n\t\t\t\t\t\n\t\t\t\n\t\t\t<div id=\"su-post-11440\" class=\"su-post \">\n\n\t\t\t\t\n\t\t\t\t<h2 class=\"su-post-title\"><a href=\"https:\/\/www.verdichtet.at\/?p=11440\">Eheliche Pflichten<\/a><\/h2>\n\n\t\t\t\t<div class=\"su-post-meta\">\n\t\t\t\t\tVer\u00f6ffentlicht: 19. Mai 2020\t\t\t\t<\/div>\n\n\t\t\t\t<div class=\"su-post-excerpt\">\n\t\t\t\t\t<p>Hinweis der Redaktion: Dieser Text kann verst\u00f6rend wirken, er thematisiert N\u00f6tigung beziehungsweise Gewalt. Mit halb geschlossenen Augen lie\u00df sich Susanna ins Bett fallen, rollte sich auf die Seite und deckte sich zu. Erleichtert sog sie den Duft des Kissens ein und freute sich auf den Schlaf. Endlich war alles erledigt. Die Kinder waren im Bett, [&hellip;]<\/p>\n\t\t\t\t<\/div>\n\n\t\t\t\t\t\t\t\t\t<a href=\"https:\/\/www.verdichtet.at\/?p=11440#respond\" class=\"su-post-comments-link\">0 Kommentare<\/a>\n\t\t\t\t\n\t\t\t<\/div>\n\n\t\t\t\t\t\n\t\t\t\n\t\t\t<div id=\"su-post-11004\" class=\"su-post \">\n\n\t\t\t\t\n\t\t\t\t<h2 class=\"su-post-title\"><a href=\"https:\/\/www.verdichtet.at\/?p=11004\">Rosaphob<\/a><\/h2>\n\n\t\t\t\t<div class=\"su-post-meta\">\n\t\t\t\t\tVer\u00f6ffentlicht: 23. M\u00e4rz 2020\t\t\t\t<\/div>\n\n\t\t\t\t<div class=\"su-post-excerpt\">\n\t\t\t\t\t<p>Hinweis der Redaktion: Dieser Text thematisiert Gewalt und enth\u00e4lt Verst\u00f6rendes, unabdingbar aus der Sicht des betroffenen Protagonisten. Ich war sieben, als es begann. \u201aHe, Alois!\u2018, sagte Mutter zu mir. Ich lag auf dem Boden in der Stube, mitten in den Staubfuseln, die schon an Altersschw\u00e4che zu sterben drohten. Ob die \u00e4lter waren als ich? \u201aKomm [&hellip;]<\/p>\n\t\t\t\t<\/div>\n\n\t\t\t\t\t\t\t\t\t<a href=\"https:\/\/www.verdichtet.at\/?p=11004#respond\" class=\"su-post-comments-link\">0 Kommentare<\/a>\n\t\t\t\t\n\t\t\t<\/div>\n\n\t\t\t\t\t\n\t\t\t\n\t\t\t<div id=\"su-post-11247\" class=\"su-post \">\n\n\t\t\t\t\n\t\t\t\t<h2 class=\"su-post-title\"><a href=\"https:\/\/www.verdichtet.at\/?p=11247\">Das bisschen Mensch<\/a><\/h2>\n\n\t\t\t\t<div class=\"su-post-meta\">\n\t\t\t\t\tVer\u00f6ffentlicht: 24. April 2020\t\t\t\t<\/div>\n\n\t\t\t\t<div class=\"su-post-excerpt\">\n\t\t\t\t\t<p>Etwas war in ihm verloren gegangen. Eine Art Antwort auf alles, was ihm das Leben entgegengeworfen hatte. Es war nichts Konkretes gewesen, kein festgelegtes Mantra oder durchdachte \u00dcberzeugung, mehr ein Gef\u00fchl f\u00fcr die Dinge. Er hatte es immer in sich getragen, manchmal hatte es st\u00e4rker, manchmal schw\u00e4cher in ihm gehallt. Nun war es verschwunden. Es [&hellip;]<\/p>\n\t\t\t\t<\/div>\n\n\t\t\t\t\t\t\t\t\t<a href=\"https:\/\/www.verdichtet.at\/?p=11247#respond\" class=\"su-post-comments-link\">0 Kommentare<\/a>\n\t\t\t\t\n\t\t\t<\/div>\n\n\t\t\t\t\t\n\t\t\t\n\t\t\t<div id=\"su-post-10924\" class=\"su-post \">\n\n\t\t\t\t\n\t\t\t\t<h2 class=\"su-post-title\"><a href=\"https:\/\/www.verdichtet.at\/?p=10924\">Kanonenfutter<\/a><\/h2>\n\n\t\t\t\t<div class=\"su-post-meta\">\n\t\t\t\t\tVer\u00f6ffentlicht: 8. M\u00e4rz 2020\t\t\t\t<\/div>\n\n\t\t\t\t<div class=\"su-post-excerpt\">\n\t\t\t\t\t<p>Bin auf der Durchreise. Kehre beim Deichwirt ein. Bestelle das \u201eAll-you-can-eat\u201c- Angebot: Gulaschsuppe bis zum Abwinken. L\u00f6ffele meine Suppe. Herzhaft, w\u00fcrzig. S\u00e4mig. Fleisch etwas z\u00e4h. Das Lokal d\u00e4mmrig, im Hintergrund dudelt ein Radio. Am Stammtisch in der Ecke ein Rentnertrio: einer dick wie Calmund, einer mit Glatze wie Kemmerich, einer Strickjackentr\u00e4ger. Alle drei mit Suppentellern [&hellip;]<\/p>\n\t\t\t\t<\/div>\n\n\t\t\t\t\t\t\t\t\t<a href=\"https:\/\/www.verdichtet.at\/?p=10924#comments\" class=\"su-post-comments-link\">Ein Kommentar<\/a>\n\t\t\t\t\n\t\t\t<\/div>\n\n\t\t\t\t\t\n\t\t\t\n\t\t\t<div id=\"su-post-9217\" class=\"su-post \">\n\n\t\t\t\t\n\t\t\t\t<h2 class=\"su-post-title\"><a href=\"https:\/\/www.verdichtet.at\/?p=9217\">Blumenmeer<\/a><\/h2>\n\n\t\t\t\t<div class=\"su-post-meta\">\n\t\t\t\t\tVer\u00f6ffentlicht: 4. Januar 2019\t\t\t\t<\/div>\n\n\t\t\t\t<div class=\"su-post-excerpt\">\n\t\t\t\t\t<p>Mindere den Schmerz, er geht durch Knochen, bis zum Blumenmeer meiner Seele Feinf\u00fchlig pfl\u00fcckt er sie im Feld, Schmerz von tausend W\u00f6rtern Wo bist du meine Liebe, es verwelken zu viele, Wei\u00dfe, zu einem Strau\u00df, suche ich weiter Florian Pfeffer www.verdichtet.at |\u00a0Kategorie:\u00a0\u00e4rgstens | Inventarnummer: 19019<\/p>\n\t\t\t\t<\/div>\n\n\t\t\t\t\t\t\t\t\t<a href=\"https:\/\/www.verdichtet.at\/?p=9217#respond\" class=\"su-post-comments-link\">0 Kommentare<\/a>\n\t\t\t\t\n\t\t\t<\/div>\n\n\t\t\t\t\t\n\t\t\t\n\t\t\t<div id=\"su-post-9397\" class=\"su-post \">\n\n\t\t\t\t\n\t\t\t\t<h2 class=\"su-post-title\"><a href=\"https:\/\/www.verdichtet.at\/?p=9397\">Tod einer Radfahrerin<\/a><\/h2>\n\n\t\t\t\t<div class=\"su-post-meta\">\n\t\t\t\t\tVer\u00f6ffentlicht: 9. Februar 2019\t\t\t\t<\/div>\n\n\t\t\t\t<div class=\"su-post-excerpt\">\n\t\t\t\t\t<p>1) Manuel stand in der K\u00fcche und kochte eine Tomatensuppe. Drau\u00dfen schien die Wintersonne herein und er h\u00f6rte an diesem Freitagnachmittag das \u00d61-Mittagsjournal und dachte, dass die Welt sich nie \u00e4ndern w\u00fcrde. Dass alles immer so bleiben w\u00fcrde, die Dramaturgie des Weltgeschehens wiederkehrend w\u00e4re, und die Menschen nicht schlauer w\u00fcrden. Er freute sich auf seine [&hellip;]<\/p>\n\t\t\t\t<\/div>\n\n\t\t\t\t\t\t\t\t\t<a href=\"https:\/\/www.verdichtet.at\/?p=9397#respond\" class=\"su-post-comments-link\">0 Kommentare<\/a>\n\t\t\t\t\n\t\t\t<\/div>\n\n\t\t\t\t\t\n\t\t\t\n\t\t\t<div id=\"su-post-9193\" class=\"su-post \">\n\n\t\t\t\t\n\t\t\t\t<h2 class=\"su-post-title\"><a href=\"https:\/\/www.verdichtet.at\/?p=9193\">Pussy Riot \u2013 junge Revolution\u00e4rinnen in alter Tradition gegen die Autokratie<\/a><\/h2>\n\n\t\t\t\t<div class=\"su-post-meta\">\n\t\t\t\t\tVer\u00f6ffentlicht: 2. Januar 2019\t\t\t\t<\/div>\n\n\t\t\t\t<div class=\"su-post-excerpt\">\n\t\t\t\t\t<p>Zu viel der Zuf\u00e4lle. Die erste Pressekonferenz zwei Tage nach ihrer Freilassung aus dem GULag gaben die Pussy-Riot-Frauen Marija Aljochina und Nadeschda Tolokonnikowa im kleinen, privaten Sender Doschd (Regen). Doschd ist in der ehemaligen Schokoladenfabrik \u201eRoter Oktober\u201c genau gegen\u00fcber der Christus-Erl\u00f6ser-Kathedrale an der Moskwa angesiedelt. Dort nahmen sie am 21. Februar 2012 ein Video auf, [&hellip;]<\/p>\n\t\t\t\t<\/div>\n\n\t\t\t\t\t\t\t\t\t<a href=\"https:\/\/www.verdichtet.at\/?p=9193#respond\" class=\"su-post-comments-link\">0 Kommentare<\/a>\n\t\t\t\t\n\t\t\t<\/div>\n\n\t\t\t\t\t\n\t\t\t\n\t\t\t<div id=\"su-post-9206\" class=\"su-post \">\n\n\t\t\t\t\n\t\t\t\t<h2 class=\"su-post-title\"><a href=\"https:\/\/www.verdichtet.at\/?p=9206\">Wahnsinn bei Nacht<\/a><\/h2>\n\n\t\t\t\t<div class=\"su-post-meta\">\n\t\t\t\t\tVer\u00f6ffentlicht: 4. Januar 2019\t\t\t\t<\/div>\n\n\t\t\t\t<div class=\"su-post-excerpt\">\n\t\t\t\t\t<p>Lampen zerbrechen, aus Farben wird Schwarz T\u00e4glich wandere ich \u00fcber Mittern\u00e4chte hinaus Rauschen, oranger Himmel, getaucht in dunkles Blau, Jemand dr\u00fcckt auf das Glas, Schall kommt durch, Selbstgespr\u00e4che, lautes verzerrtes Gemurmel Mein Kopf spricht zu viel, in den Raum, Gedanken an Herrn Fell, Schlafe ein Florian Pfeffer www.verdichtet.at |\u00a0Kategorie:\u00a0\u00e4rgstens | Inventarnummer: 19014<\/p>\n\t\t\t\t<\/div>\n\n\t\t\t\t\t\t\t\t\t<a href=\"https:\/\/www.verdichtet.at\/?p=9206#respond\" class=\"su-post-comments-link\">0 Kommentare<\/a>\n\t\t\t\t\n\t\t\t<\/div>\n\n\t\t\t\t\t\n\t\t\t\n\t\t\t<div id=\"su-post-8883\" class=\"su-post \">\n\n\t\t\t\t\n\t\t\t\t<h2 class=\"su-post-title\"><a href=\"https:\/\/www.verdichtet.at\/?p=8883\">Lobio und Chatschapuri<\/a><\/h2>\n\n\t\t\t\t<div class=\"su-post-meta\">\n\t\t\t\t\tVer\u00f6ffentlicht: 7. November 2018\t\t\t\t<\/div>\n\n\t\t\t\t<div class=\"su-post-excerpt\">\n\t\t\t\t\t<p>Kaukasus in Wien Auf meiner Stra\u00dfe machen in letzter Zeit immer mehr kleine Restaurants auf, die von Ausl\u00e4ndern gef\u00fchrt werden, exotische K\u00fcche oder sonst eine Spezialit\u00e4t haben. Die Welt zieht ein unter die Lindenallee von Wieden. Eine brasilianische Tapioca, ein Allergikercaf\u00e9, ein veganes Lokal, eine kroatische Mini-Eisdiele will es aufnehmen mit dem ber\u00fchmten Il Giardino, [&hellip;]<\/p>\n\t\t\t\t<\/div>\n\n\t\t\t\t\t\t\t\t\t<a href=\"https:\/\/www.verdichtet.at\/?p=8883#respond\" class=\"su-post-comments-link\">0 Kommentare<\/a>\n\t\t\t\t\n\t\t\t<\/div>\n\n\t\t\t\t\t\n\t\t\t\n\t\t\t<div id=\"su-post-8050\" class=\"su-post \">\n\n\t\t\t\t\n\t\t\t\t<h2 class=\"su-post-title\"><a href=\"https:\/\/www.verdichtet.at\/?p=8050\">Nimmst mir mein Leben<\/a><\/h2>\n\n\t\t\t\t<div class=\"su-post-meta\">\n\t\t\t\t\tVer\u00f6ffentlicht: 24. April 2018\t\t\t\t<\/div>\n\n\t\t\t\t<div class=\"su-post-excerpt\">\n\t\t\t\t\t<p>Die durchdringende Aggressivit\u00e4t deiner Natur, lauernd schon im ersten H\u00e4ndedruck. Da hilft weder Gift noch Kur. Manchmal glaube ich nur, sogar dein Atem an meiner Wange, kostet mich mein Leben. Ich fing mir den Virus ein, bin ihm so leicht erlegen. War so anf\u00e4llig, so schwach. fieberte dir entgegen. Ich habe mir schon viele wie [&hellip;]<\/p>\n\t\t\t\t<\/div>\n\n\t\t\t\t\t\t\t\t\t<a href=\"https:\/\/www.verdichtet.at\/?p=8050#respond\" class=\"su-post-comments-link\">0 Kommentare<\/a>\n\t\t\t\t\n\t\t\t<\/div>\n\n\t\t\t\t\t\n\t\t\t\n\t\t\t<div id=\"su-post-8635\" class=\"su-post \">\n\n\t\t\t\t\n\t\t\t\t<h2 class=\"su-post-title\"><a href=\"https:\/\/www.verdichtet.at\/?p=8635\">\u00dcber ein Verbrechen, das keines war, und die Willk\u00fcr, die best\u00e4ndig ist<\/a><\/h2>\n\n\t\t\t\t<div class=\"su-post-meta\">\n\t\t\t\t\tVer\u00f6ffentlicht: 2. September 2018\t\t\t\t<\/div>\n\n\t\t\t\t<div class=\"su-post-excerpt\">\n\t\t\t\t\t<p>Eines Morgens, eines Tages, eines Jahres wurde Frau A., als sie gerade auf dem Weg in die B\u00e4ckerei war, in der man sie besch\u00e4ftigte, von zwei Herren mit Hut links und rechts an den Armen gepackt und in ein nahestehendes Auto gef\u00fchrt. Ohne Angabe von Gr\u00fcnden wurde Frau A. von zwei Herren mit Hut aus [&hellip;]<\/p>\n\t\t\t\t<\/div>\n\n\t\t\t\t\t\t\t\t\t<a href=\"https:\/\/www.verdichtet.at\/?p=8635#comments\" class=\"su-post-comments-link\">Ein Kommentar<\/a>\n\t\t\t\t\n\t\t\t<\/div>\n\n\t\t\t\t\t\n\t\t\t\n\t\t\t<div id=\"su-post-7496\" class=\"su-post \">\n\n\t\t\t\t\n\t\t\t\t<h2 class=\"su-post-title\"><a href=\"https:\/\/www.verdichtet.at\/?p=7496\">Pauli, Petko<\/a><\/h2>\n\n\t\t\t\t<div class=\"su-post-meta\">\n\t\t\t\t\tVer\u00f6ffentlicht: 10. Januar 2018\t\t\t\t<\/div>\n\n\t\t\t\t<div class=\"su-post-excerpt\">\n\t\t\t\t\t<p>Die Bauarbeiter stiegen vom einger\u00fcsteten Glockenturm und setzten sich auf ein paar Holzkisten. Links \u00fcber ihnen hing ein riesiges Banner von der Hauswand herab. Is there Beauty after Alleppo? Wastl packte sein Pausenbrot aus und biss hinein. \u201eWoher bist du, aus Serbien, eh?\u201c Eine halbe Essiggurke fiel zu Boden. Jago\u0161 zog an seiner Zigarette. \u201eKroatien.\u201c [&hellip;]<\/p>\n\t\t\t\t<\/div>\n\n\t\t\t\t\t\t\t\t\t<a href=\"https:\/\/www.verdichtet.at\/?p=7496#respond\" class=\"su-post-comments-link\">0 Kommentare<\/a>\n\t\t\t\t\n\t\t\t<\/div>\n\n\t\t\t\t\t\n\t\t\t\n\t\t\t<div id=\"su-post-7433\" class=\"su-post \">\n\n\t\t\t\t\n\t\t\t\t<h2 class=\"su-post-title\"><a href=\"https:\/\/www.verdichtet.at\/?p=7433\">Die verkr\u00fcppelte rechte Hand des Gesetzes<\/a><\/h2>\n\n\t\t\t\t<div class=\"su-post-meta\">\n\t\t\t\t\tVer\u00f6ffentlicht: 27. Dezember 2017\t\t\t\t<\/div>\n\n\t\t\t\t<div class=\"su-post-excerpt\">\n\t\t\t\t\t<p>Sitzt sie da, tief \u00fcber ihre Unterlagen gebeugt, mit feister, dennoch konzentriert wirkender Miene. Tief in den Schminkkasten getaucht. Mit Tinkturen beschmiert, die nach und nach ihre Tiefenwirkung entfalten sollen. Kaum ahnen k\u00f6nnend, was sich hinter dieser noch vor dem Zerbr\u00f6ckeln gesch\u00fctzten Fassade abspielt, sitzen wir da und schauen. Nach oben gehievt gibt es nun [&hellip;]<\/p>\n\t\t\t\t<\/div>\n\n\t\t\t\t\t\t\t\t\t<a href=\"https:\/\/www.verdichtet.at\/?p=7433#respond\" class=\"su-post-comments-link\">0 Kommentare<\/a>\n\t\t\t\t\n\t\t\t<\/div>\n\n\t\t\t\t\t\n\t\t\t\n\t\t\t<div id=\"su-post-7229\" class=\"su-post \">\n\n\t\t\t\t\n\t\t\t\t<h2 class=\"su-post-title\"><a href=\"https:\/\/www.verdichtet.at\/?p=7229\">Wie im Film<\/a><\/h2>\n\n\t\t\t\t<div class=\"su-post-meta\">\n\t\t\t\t\tVer\u00f6ffentlicht: 25. Oktober 2017\t\t\t\t<\/div>\n\n\t\t\t\t<div class=\"su-post-excerpt\">\n\t\t\t\t\t<p>Ich f\u00fchle mich auf meinem Balkon gerade wie in einer Theaterloge. Ich habe direkte Sicht auf das Geschehen, das in meiner Stra\u00dfe gleich stattfinden wird. Die beiden Menschenmassen sind nur mehr hundert Meter voneinander entfernt. Zwei rauchende, br\u00fcllende Organismen, die sich die H\u00e4userschlucht entlangw\u00e4lzen, um wohl genau unter meinem Balkon aufeinanderzutreffen. Loyalisten auf Oppositionelle, Rechte [&hellip;]<\/p>\n\t\t\t\t<\/div>\n\n\t\t\t\t\t\t\t\t\t<a href=\"https:\/\/www.verdichtet.at\/?p=7229#respond\" class=\"su-post-comments-link\">0 Kommentare<\/a>\n\t\t\t\t\n\t\t\t<\/div>\n\n\t\t\t\t\t\n\t\t\t\n\t\t\t<div id=\"su-post-6915\" class=\"su-post \">\n\n\t\t\t\t\n\t\t\t\t<h2 class=\"su-post-title\"><a href=\"https:\/\/www.verdichtet.at\/?p=6915\">Paschkas Aktentasche<\/a><\/h2>\n\n\t\t\t\t<div class=\"su-post-meta\">\n\t\t\t\t\tVer\u00f6ffentlicht: 20. August 2017\t\t\t\t<\/div>\n\n\t\t\t\t<div class=\"su-post-excerpt\">\n\t\t\t\t\t<p>Was ging mit mir vor an diesem 24. Dezember 1971, als ich beschloss, den Weihnachtsgottesdienst in der amerikanischen Botschaft zu besuchen. Ich kenne kein Heimweh, bildete ich mir ein. Es war keine Idee, nicht im Bereich eines klar gefassten Gedankens oder Beschlusses, sondern eine vage Sehnsucht, ein Ziehen in der Herzgegend. Nebul\u00f6ses Erinnern an Nadelduft, [&hellip;]<\/p>\n\t\t\t\t<\/div>\n\n\t\t\t\t\t\t\t\t\t<a href=\"https:\/\/www.verdichtet.at\/?p=6915#respond\" class=\"su-post-comments-link\">0 Kommentare<\/a>\n\t\t\t\t\n\t\t\t<\/div>\n\n\t\t\t\t\t\n\t\t\t\n\t\t\t<div id=\"su-post-6859\" class=\"su-post \">\n\n\t\t\t\t\n\t\t\t\t<h2 class=\"su-post-title\"><a href=\"https:\/\/www.verdichtet.at\/?p=6859\">Alla Gerber war in Abramcewo<\/a><\/h2>\n\n\t\t\t\t<div class=\"su-post-meta\">\n\t\t\t\t\tVer\u00f6ffentlicht: 10. August 2017\t\t\t\t<\/div>\n\n\t\t\t\t<div class=\"su-post-excerpt\">\n\t\t\t\t\t<p>Alla S. Gerber lernte ich in ihrem dritten Leben kennen, wie sie ihre Zeit mit Jelzin nannte. Sie sa\u00df als Abgeordnete in der ersten Duma, und Ende der 90-er Jahre machte er sie zur ersten Direktorin des eben gegr\u00fcndeten Moskowskij Zentr Golokost (MZG). An dieser Institution arbeiteten auch die \u00f6sterreichischen Gedenkdiener, die von der Botschaft, [&hellip;]<\/p>\n\t\t\t\t<\/div>\n\n\t\t\t\t\t\t\t\t\t<a href=\"https:\/\/www.verdichtet.at\/?p=6859#respond\" class=\"su-post-comments-link\">0 Kommentare<\/a>\n\t\t\t\t\n\t\t\t<\/div>\n\n\t\t\t\t\t\n\t\t\t\n\t\t\t<div id=\"su-post-6977\" class=\"su-post \">\n\n\t\t\t\t\n\t\t\t\t<h2 class=\"su-post-title\"><a href=\"https:\/\/www.verdichtet.at\/?p=6977\">Ein Hundeleben in Luhansk<\/a><\/h2>\n\n\t\t\t\t<div class=\"su-post-meta\">\n\t\t\t\t\tVer\u00f6ffentlicht: 5. September 2017\t\t\t\t<\/div>\n\n\t\t\t\t<div class=\"su-post-excerpt\">\n\t\t\t\t\t<p>CHANEL Ich liebe den Duft meines Frauchens, &#8230; am st\u00e4rksten ist er im Schlafzimmer, in der verbotenen Zone. Sie nennen den Geruch CHANEL und halten ihn in kleinen Fl\u00e4schchen. Herrchen ist ganz meiner Meinung, auch er schnuppert h\u00e4ufig am Nacken von Frauchen. Schade, wenn Frauchen abends nachhause kommt, ist der Duft weg. Dann riecht sie [&hellip;]<\/p>\n\t\t\t\t<\/div>\n\n\t\t\t\t\t\t\t\t\t<a href=\"https:\/\/www.verdichtet.at\/?p=6977#respond\" class=\"su-post-comments-link\">0 Kommentare<\/a>\n\t\t\t\t\n\t\t\t<\/div>\n\n\t\t\t\t\t\n\t\t\t\n\t\t\t<div id=\"su-post-6793\" class=\"su-post \">\n\n\t\t\t\t\n\t\t\t\t<h2 class=\"su-post-title\"><a href=\"https:\/\/www.verdichtet.at\/?p=6793\">Der Tunnel<\/a><\/h2>\n\n\t\t\t\t<div class=\"su-post-meta\">\n\t\t\t\t\tVer\u00f6ffentlicht: 26. Juli 2017\t\t\t\t<\/div>\n\n\t\t\t\t<div class=\"su-post-excerpt\">\n\t\t\t\t\t<p>Die Wochen, erf\u00fcllt von D\u00fcsternis, n\u00e4herten sich ihrem Ende, das Licht, dunkel, aber doch nicht g\u00e4nzlich, einen leichten Anflug von Grau beinhaltend, sollte die Dunkelheit erhellen. Eine andere Farbe sollte das Licht haben, doch offenbar war Grau die einzig zugestandene. Inwiefern der Begriff Grauen mit dem Farbton Grau zusammenh\u00e4ngt, bleibt ungewiss, doch Grauen ist nicht [&hellip;]<\/p>\n\t\t\t\t<\/div>\n\n\t\t\t\t\t\t\t\t\t<a href=\"https:\/\/www.verdichtet.at\/?p=6793#respond\" class=\"su-post-comments-link\">0 Kommentare<\/a>\n\t\t\t\t\n\t\t\t<\/div>\n\n\t\t\t\t\t\n\t\t\t\n\t\t\t<div id=\"su-post-6788\" class=\"su-post \">\n\n\t\t\t\t\n\t\t\t\t<h2 class=\"su-post-title\"><a href=\"https:\/\/www.verdichtet.at\/?p=6788\">Die Angst vor dem Erfolg<\/a><\/h2>\n\n\t\t\t\t<div class=\"su-post-meta\">\n\t\t\t\t\tVer\u00f6ffentlicht: 26. Juli 2017\t\t\t\t<\/div>\n\n\t\t\t\t<div class=\"su-post-excerpt\">\n\t\t\t\t\t<p>Am zw\u00f6lften September im Jahr der Venlafaxinunvertr\u00e4glichkeit kommt Robert nach einem langen Tag, den er alleine, er arbeitet in einem kleinen B\u00fcro, in welchem er vor dem Bildschirm eines Computers zu sitzen hat, denn er ist kollegenlos bei seiner T\u00e4tigkeit, die das Beantworten und das Abwickeln von Anfragen beinhaltet, pr\u00e4zise gesagt ist die Beantwortung respektive [&hellip;]<\/p>\n\t\t\t\t<\/div>\n\n\t\t\t\t\t\t\t\t\t<a href=\"https:\/\/www.verdichtet.at\/?p=6788#respond\" class=\"su-post-comments-link\">0 Kommentare<\/a>\n\t\t\t\t\n\t\t\t<\/div>\n\n\t\t\t\t\t\n\t\t\t\n\t\t\t<div id=\"su-post-6767\" class=\"su-post \">\n\n\t\t\t\t\n\t\t\t\t<h2 class=\"su-post-title\"><a href=\"https:\/\/www.verdichtet.at\/?p=6767\">Reise nach Asbest<\/a><\/h2>\n\n\t\t\t\t<div class=\"su-post-meta\">\n\t\t\t\t\tVer\u00f6ffentlicht: 20. Juli 2017\t\t\t\t<\/div>\n\n\t\t\t\t<div class=\"su-post-excerpt\">\n\t\t\t\t\t<p>Wo der Teufel nicht selbst hinwill, schickt er einen Pfaffen oder ein altes Weib. Russische Volksweisheit Es war einer dieser unvergleichlichen Vorfr\u00fchlingstage, die nur in Russland so wunderbar sein k\u00f6nnen, weil Mensch und Natur sich nach acht Monaten des Eises und der Finsternis in das Ende des Winters hineinsehnen. Eine schwarze Regierungslimousine, ein dem Opel [&hellip;]<\/p>\n\t\t\t\t<\/div>\n\n\t\t\t\t\t\t\t\t\t<a href=\"https:\/\/www.verdichtet.at\/?p=6767#respond\" class=\"su-post-comments-link\">0 Kommentare<\/a>\n\t\t\t\t\n\t\t\t<\/div>\n\n\t\t\t\t\t\n\t\t\t\n\t\t\t<div id=\"su-post-6484\" class=\"su-post \">\n\n\t\t\t\t\n\t\t\t\t<h2 class=\"su-post-title\"><a href=\"https:\/\/www.verdichtet.at\/?p=6484\">Eingegraben<\/a><\/h2>\n\n\t\t\t\t<div class=\"su-post-meta\">\n\t\t\t\t\tVer\u00f6ffentlicht: 9. Mai 2017\t\t\t\t<\/div>\n\n\t\t\t\t<div class=\"su-post-excerpt\">\n\t\t\t\t\t<p>Die Sanduhr l\u00e4ngst abgelaufen, im Glas wachsen Spr\u00fcnge Weiche H\u00e4nde sind selten geworden, Salzwasser und Minustemperaturen Nachts schwimmen Tr\u00e4ume, Momente kurzer Bewusstlosigkeit Jemand hat den F\u00f6hn in das warme Wasser, fallen lassen, Schwarze Erde, Faulig und matschig gr\u00e4bt man, nach Samen, Welche im Fr\u00fchling bl\u00fchen Florian Pfeffer www.verdichtet.at | Kategorie:\u00a0\u00e4rgstens | Inventarnummer: 17108<\/p>\n\t\t\t\t<\/div>\n\n\t\t\t\t\t\t\t\t\t<a href=\"https:\/\/www.verdichtet.at\/?p=6484#respond\" class=\"su-post-comments-link\">0 Kommentare<\/a>\n\t\t\t\t\n\t\t\t<\/div>\n\n\t\t\t\t\t\n\t\t\t\n\t\t\t<div id=\"su-post-6519\" class=\"su-post \">\n\n\t\t\t\t\n\t\t\t\t<h2 class=\"su-post-title\"><a href=\"https:\/\/www.verdichtet.at\/?p=6519\">Provokation<\/a><\/h2>\n\n\t\t\t\t<div class=\"su-post-meta\">\n\t\t\t\t\tVer\u00f6ffentlicht: 18. Mai 2017\t\t\t\t<\/div>\n\n\t\t\t\t<div class=\"su-post-excerpt\">\n\t\t\t\t\t<p>1 Am Anfang war es ein Streit, nicht einmal ein Kampf, geschweige denn ein Krieg. Begonnen hatte die Sache, die sich zwischen Anna und Martin zu einem vernichtenden Krieg auswachsen sollte, als beide dreiundzwanzig Jahre alt waren. Sie hatten einander vier Jahre zuvor kennengelernt, auf einem Fest auf dem Campus der Universit\u00e4t, an der sie [&hellip;]<\/p>\n\t\t\t\t<\/div>\n\n\t\t\t\t\t\t\t\t\t<a href=\"https:\/\/www.verdichtet.at\/?p=6519#respond\" class=\"su-post-comments-link\">0 Kommentare<\/a>\n\t\t\t\t\n\t\t\t<\/div>\n\n\t\t\t\t\t\n\t\t\t\n\t\t\t<div id=\"su-post-6486\" class=\"su-post \">\n\n\t\t\t\t\n\t\t\t\t<h2 class=\"su-post-title\"><a href=\"https:\/\/www.verdichtet.at\/?p=6486\">Krieg I<\/a><\/h2>\n\n\t\t\t\t<div class=\"su-post-meta\">\n\t\t\t\t\tVer\u00f6ffentlicht: 9. Mai 2017\t\t\t\t<\/div>\n\n\t\t\t\t<div class=\"su-post-excerpt\">\n\t\t\t\t\t<p>Stimmen bringen ihn zur L\u00e4hmung, er macht nichts richtig, Versp\u00e4tungen, Nichts als Versp\u00e4tungen, Er hasst mich, wirf mir Fl\u00fcche in die Seele, kann dir nicht vergeben, Bomben platzen, so nahe der Abgrund, ein Bild von Aufschlag, Liegt der Kopf in Tr\u00fcmmern, wird es still, Er wird mir vergeben Florian Pfeffer www.verdichtet.at |\u00a0Kategorie:\u00a0\u00e4rgstens | Inventarnummer: 17109<\/p>\n\t\t\t\t<\/div>\n\n\t\t\t\t\t\t\t\t\t<a href=\"https:\/\/www.verdichtet.at\/?p=6486#respond\" class=\"su-post-comments-link\">0 Kommentare<\/a>\n\t\t\t\t\n\t\t\t<\/div>\n\n\t\t\t\t\t\n\t\t\t\n\t\t\t<div id=\"su-post-6251\" class=\"su-post \">\n\n\t\t\t\t\n\t\t\t\t<h2 class=\"su-post-title\"><a href=\"https:\/\/www.verdichtet.at\/?p=6251\">Ein einsames Gespr\u00e4ch<\/a><\/h2>\n\n\t\t\t\t<div class=\"su-post-meta\">\n\t\t\t\t\tVer\u00f6ffentlicht: 7. M\u00e4rz 2017\t\t\t\t<\/div>\n\n\t\t\t\t<div class=\"su-post-excerpt\">\n\t\t\t\t\t<p>Was starrst du mich so an? &#8211; Was ist? Was? &#8211; Antworte mir! &#8211; Sag etwas. Bitte! &#8211; Seit Wochen sprichst du nicht mit mir. &#8211; Ich bin deine Frau. Du sollst mit mir reden. Du musst! &#8211; Wei\u00dft du noch, welch gute Gespr\u00e4che wir fr\u00fcher gef\u00fchrt haben? &#8211; Wir haben n\u00e4chtelang geredet. &#8211; \u00dcber [&hellip;]<\/p>\n\t\t\t\t<\/div>\n\n\t\t\t\t\t\t\t\t\t<a href=\"https:\/\/www.verdichtet.at\/?p=6251#respond\" class=\"su-post-comments-link\">0 Kommentare<\/a>\n\t\t\t\t\n\t\t\t<\/div>\n\n\t\t\t\t\t\n\t\t\t\n\t\t\t<div id=\"su-post-6249\" class=\"su-post \">\n\n\t\t\t\t\n\t\t\t\t<h2 class=\"su-post-title\"><a href=\"https:\/\/www.verdichtet.at\/?p=6249\">Das Feuer oder die Kerze<\/a><\/h2>\n\n\t\t\t\t<div class=\"su-post-meta\">\n\t\t\t\t\tVer\u00f6ffentlicht: 30. April 2017\t\t\t\t<\/div>\n\n\t\t\t\t<div class=\"su-post-excerpt\">\n\t\t\t\t\t<p>Eine Kerze kannst du nat\u00fcrlich ausblasen. Ja, das kann ich. Und genau das habe ich auch vor zu tun. Aber du wirst, du kannst es nicht fertigbringen, ein Feuer auszublasen. Ist das nicht dasselbe? Nein, das ist nicht dasselbe. \u00dcberhaupt nicht! Ich sehe das anders. Dann erkl\u00e4re mir bitte, wie du die Sache siehst. Ich [&hellip;]<\/p>\n\t\t\t\t<\/div>\n\n\t\t\t\t\t\t\t\t\t<a href=\"https:\/\/www.verdichtet.at\/?p=6249#respond\" class=\"su-post-comments-link\">0 Kommentare<\/a>\n\t\t\t\t\n\t\t\t<\/div>\n\n\t\t\t\t\t\n\t\t\t\n\t\t\t<div id=\"su-post-6149\" class=\"su-post \">\n\n\t\t\t\t\n\t\t\t\t<h2 class=\"su-post-title\"><a href=\"https:\/\/www.verdichtet.at\/?p=6149\">Lebendige Waffen<\/a><\/h2>\n\n\t\t\t\t<div class=\"su-post-meta\">\n\t\t\t\t\tVer\u00f6ffentlicht: 30. April 2017\t\t\t\t<\/div>\n\n\t\t\t\t<div class=\"su-post-excerpt\">\n\t\t\t\t\t<p>Die Horde hat eine Meinung, Horden haben immer Recht, zerschmettern S\u00e4tze, drehen die Lautst\u00e4rke auf, dort rufen sie Der Betrachter wird verflucht, eine wirre Kette schlingt sich hinauf, der Baum soll fallen, er soll zerschellen, an den dicken Wurzeln Die Betrachtung besteht jetzt aus Stille, ein roter Saft saugt sich in das Moos, Rot wie [&hellip;]<\/p>\n\t\t\t\t<\/div>\n\n\t\t\t\t\t\t\t\t\t<a href=\"https:\/\/www.verdichtet.at\/?p=6149#respond\" class=\"su-post-comments-link\">0 Kommentare<\/a>\n\t\t\t\t\n\t\t\t<\/div>\n\n\t\t\t\t\t\n\t\t\t\n\t\t\t<div id=\"su-post-6247\" class=\"su-post \">\n\n\t\t\t\t\n\t\t\t\t<h2 class=\"su-post-title\"><a href=\"https:\/\/www.verdichtet.at\/?p=6247\">Verwirklichung<\/a><\/h2>\n\n\t\t\t\t<div class=\"su-post-meta\">\n\t\t\t\t\tVer\u00f6ffentlicht: 7. M\u00e4rz 2017\t\t\t\t<\/div>\n\n\t\t\t\t<div class=\"su-post-excerpt\">\n\t\t\t\t\t<p>Sonja begann zu schreiben. Sie hatte keine Erfahrung mit Schreiben oder mit Kindern. Dennoch begann sie, eine Erz\u00e4hlung f\u00fcr Kinder zu schreiben. \u00dcber Tage hatte sie sich die Handlung ihrer Erz\u00e4hlung zurechtgelegt. Sie sollte von Mark handeln, einem Menschen, der im Wald von einem aus dem Nichts auftauchenden schwarzen Wolf verfolgt wird. Mark kann sich [&hellip;]<\/p>\n\t\t\t\t<\/div>\n\n\t\t\t\t\t\t\t\t\t<a href=\"https:\/\/www.verdichtet.at\/?p=6247#respond\" class=\"su-post-comments-link\">0 Kommentare<\/a>\n\t\t\t\t\n\t\t\t<\/div>\n\n\t\t\t\t\t\n\t\t\t\n\t\t\t<div id=\"su-post-5809\" class=\"su-post \">\n\n\t\t\t\t\n\t\t\t\t<h2 class=\"su-post-title\"><a href=\"https:\/\/www.verdichtet.at\/?p=5809\">Hundert Jahre Unsterblichkeit<\/a><\/h2>\n\n\t\t\t\t<div class=\"su-post-meta\">\n\t\t\t\t\tVer\u00f6ffentlicht: 4. Januar 2017\t\t\t\t<\/div>\n\n\t\t\t\t<div class=\"su-post-excerpt\">\n\t\t\t\t\t<p>Als Alois Peter 122 Jahre z\u00e4hlte, war die Kraft, die ihn \u00fcber unmenschlich lange Zeit jugendlich gehalten hatte, am Schwinden und lie\u00df ihn des Morgens kaum aus dem Bett kommen. Von Tag zu Tag wurde er immer schw\u00e4cher und lag schlie\u00dflich da, hingerafft von Alter und Krankheit, weder f\u00e4hig zu sprechen noch zu essen, und [&hellip;]<\/p>\n\t\t\t\t<\/div>\n\n\t\t\t\t\t\t\t\t\t<a href=\"https:\/\/www.verdichtet.at\/?p=5809#respond\" class=\"su-post-comments-link\">0 Kommentare<\/a>\n\t\t\t\t\n\t\t\t<\/div>\n\n\t\t\t\t\t\n\t\t\t\n\t\t\t<div id=\"su-post-5992\" class=\"su-post \">\n\n\t\t\t\t\n\t\t\t\t<h2 class=\"su-post-title\"><a href=\"https:\/\/www.verdichtet.at\/?p=5992\">In der N\u00e4he das B\u00f6se<\/a><\/h2>\n\n\t\t\t\t<div class=\"su-post-meta\">\n\t\t\t\t\tVer\u00f6ffentlicht: 31. Januar 2017\t\t\t\t<\/div>\n\n\t\t\t\t<div class=\"su-post-excerpt\">\n\t\t\t\t\t<p>Zum ersten Kaffee am Morgen lese ich \u00fcblicherweise f\u00fcnf \u00fcberregionale Tageszeitungen, zwei Wochen-Magazine, Beitr\u00e4ge mehrerer Nachrichten-Agenturen und drei Lokalzeitungen, online kostenlos nat\u00fcrlich. Ich st\u00fcrze mich in die gro\u00dfen internationalen Ereignisse, ob Politik oder Naturkatastrophen, Kultur oder Wirtschaft, manchmal schaue ich noch in Science und People rein. Das Einzige, was ich wirklich nie lese, sind B\u00f6rsenkurse [&hellip;]<\/p>\n\t\t\t\t<\/div>\n\n\t\t\t\t\t\t\t\t\t<a href=\"https:\/\/www.verdichtet.at\/?p=5992#respond\" class=\"su-post-comments-link\">0 Kommentare<\/a>\n\t\t\t\t\n\t\t\t<\/div>\n\n\t\t\t\t\t\n\t\t\t\n\t\t\t<div id=\"su-post-5632\" class=\"su-post \">\n\n\t\t\t\t\n\t\t\t\t<h2 class=\"su-post-title\"><a href=\"https:\/\/www.verdichtet.at\/?p=5632\">Hubert, der Beobachter<\/a><\/h2>\n\n\t\t\t\t<div class=\"su-post-meta\">\n\t\t\t\t\tVer\u00f6ffentlicht: 9. Dezember 2016\t\t\t\t<\/div>\n\n\t\t\t\t<div class=\"su-post-excerpt\">\n\t\t\t\t\t<p>Vorgeschichte Hubert Laufschaft, ein Mann von achtunddrei\u00dfig Jahren, verwitwet und kinderlos, ist begeisterter Beobachter. Er ist Beobachter, wohlgemerkt. Kein Voyeur oder Spanner! Im zarten Alter von sieben Jahren hatte sich sein Talent f\u00fcr das Beobachten gezeigt, als seine Gro\u00dfeltern ihm zu Ostern einen Feldstecher geschenkt hatten. Es war ein einfaches, kostenextensives Exemplar, lackiert in billigem [&hellip;]<\/p>\n\t\t\t\t<\/div>\n\n\t\t\t\t\t\t\t\t\t<a href=\"https:\/\/www.verdichtet.at\/?p=5632#respond\" class=\"su-post-comments-link\">0 Kommentare<\/a>\n\t\t\t\t\n\t\t\t<\/div>\n\n\t\t\t\t\t\n\t\t\t\n\t\t\t<div id=\"su-post-5407\" class=\"su-post \">\n\n\t\t\t\t\n\t\t\t\t<h2 class=\"su-post-title\"><a href=\"https:\/\/www.verdichtet.at\/?p=5407\">Landmord<\/a><\/h2>\n\n\t\t\t\t<div class=\"su-post-meta\">\n\t\t\t\t\tVer\u00f6ffentlicht: 3. November 2016\t\t\t\t<\/div>\n\n\t\t\t\t<div class=\"su-post-excerpt\">\n\t\t\t\t\t<p>Schauplatz: Eine alte Bauernstube, gem\u00fctlich, trotzdem modern eingerichtet. Am Tisch sitzen drei Frauen und spielen Karten und trinken Schnaps. Lisa, die junge \u00c4rztin, die auf Urlaub hier ist. Greti, die alte B\u00e4uerin und deren \u00e4ltere Schwester, Inge. Zeitpunkt: Ende November, es d\u00e4mmert drau\u00dfen. \u201eMein Gott, Greti, das ist ja fast schon zwanzig Jahre her!\u201c, meint [&hellip;]<\/p>\n\t\t\t\t<\/div>\n\n\t\t\t\t\t\t\t\t\t<a href=\"https:\/\/www.verdichtet.at\/?p=5407#respond\" class=\"su-post-comments-link\">0 Kommentare<\/a>\n\t\t\t\t\n\t\t\t<\/div>\n\n\t\t\t\t\t\n\t\t\t\n\t\t\t<div id=\"su-post-5155\" class=\"su-post \">\n\n\t\t\t\t\n\t\t\t\t<h2 class=\"su-post-title\"><a href=\"https:\/\/www.verdichtet.at\/?p=5155\">Das absolute Nichts<\/a><\/h2>\n\n\t\t\t\t<div class=\"su-post-meta\">\n\t\t\t\t\tVer\u00f6ffentlicht: 1. Oktober 2016\t\t\t\t<\/div>\n\n\t\t\t\t<div class=\"su-post-excerpt\">\n\t\t\t\t\t<p>Das ist das absolute Nichts, das allumfassendste \u00dcberhauptgarnichts. \u2013 Ich bin wach, ich bin ganz sicher wach. Ich bin da. Ich sp\u00fcre aber nichts. Sp\u00fcre ich was? \u2013 N\u00f6. Sehe ich, h\u00f6re ich? Kann nicht die Rede davon sein, welche Rede? Ich kann ja auch nicht sprechen, auch wenn ich wirklich will: Hallo, alle miteinander! [&hellip;]<\/p>\n\t\t\t\t<\/div>\n\n\t\t\t\t\t\t\t\t\t<a href=\"https:\/\/www.verdichtet.at\/?p=5155#respond\" class=\"su-post-comments-link\">0 Kommentare<\/a>\n\t\t\t\t\n\t\t\t<\/div>\n\n\t\t\t\t\t\n\t\t\t\n\t\t\t<div id=\"su-post-5128\" class=\"su-post \">\n\n\t\t\t\t\n\t\t\t\t<h2 class=\"su-post-title\"><a href=\"https:\/\/www.verdichtet.at\/?p=5128\">Proband<\/a><\/h2>\n\n\t\t\t\t<div class=\"su-post-meta\">\n\t\t\t\t\tVer\u00f6ffentlicht: 27. September 2016\t\t\t\t<\/div>\n\n\t\t\t\t<div class=\"su-post-excerpt\">\n\t\t\t\t\t<p>Eigentlich kann man ja nicht viel \u00f6fter als drei Mal pro Jahr als Proband fungieren. Weil f\u00fcr die meisten klinischen Studien zwischendurch Wartezeiten gefordert werden, damit sich der K\u00f6rper regenerieren kann, nehme ich an. Ich aber bin in vielen Krankenh\u00e4usern und medizinischen Einrichtungen von Pharmafirmen t\u00e4tig. Es scheint keine zentrale Datenbank f\u00fcr Probanden zu geben, [&hellip;]<\/p>\n\t\t\t\t<\/div>\n\n\t\t\t\t\t\t\t\t\t<a href=\"https:\/\/www.verdichtet.at\/?p=5128#respond\" class=\"su-post-comments-link\">0 Kommentare<\/a>\n\t\t\t\t\n\t\t\t<\/div>\n\n\t\t\t\t\t\n\t\t\t\n\t\t\t<div id=\"su-post-5031\" class=\"su-post \">\n\n\t\t\t\t\n\t\t\t\t<h2 class=\"su-post-title\"><a href=\"https:\/\/www.verdichtet.at\/?p=5031\">hamlet mein freund<\/a><\/h2>\n\n\t\t\t\t<div class=\"su-post-meta\">\n\t\t\t\t\tVer\u00f6ffentlicht: 18. September 2016\t\t\t\t<\/div>\n\n\t\t\t\t<div class=\"su-post-excerpt\">\n\t\t\t\t\t<p>siebzehn jahre habe ich alt werden m\u00fcssen bis ich ein eigenes zimmer bekomme f\u00fcr andere vielleicht eine kleinigkeit f\u00fcr mich \u00a0 s i e b z e h n \u00a0 jahre mein ganzes leben jetzt wo mein zweiter bruder ausgezogen ist in eine kleine studentenwohnung ums eck bin ich in das kleine kabinett \u00fcbersiedelt das [&hellip;]<\/p>\n\t\t\t\t<\/div>\n\n\t\t\t\t\t\t\t\t\t<a href=\"https:\/\/www.verdichtet.at\/?p=5031#respond\" class=\"su-post-comments-link\">0 Kommentare<\/a>\n\t\t\t\t\n\t\t\t<\/div>\n\n\t\t\t\t\t\n\t\t\t\n\t\t\t<div id=\"su-post-4608\" class=\"su-post \">\n\n\t\t\t\t\n\t\t\t\t<h2 class=\"su-post-title\"><a href=\"https:\/\/www.verdichtet.at\/?p=4608\">Buschfleisch<\/a><\/h2>\n\n\t\t\t\t<div class=\"su-post-meta\">\n\t\t\t\t\tVer\u00f6ffentlicht: 13. Juni 2016\t\t\t\t<\/div>\n\n\t\t\t\t<div class=\"su-post-excerpt\">\n\t\t\t\t\t<p>Ich tue dasselbe wie mein Vater und wie schon mein Gro\u00dfvater: Ich lebe im Busch, ich jage, um zu essen, ich ziehe mit den Antilopen. Es gibt Gras, oder es gibt kein Gras, B\u00e4ume nicht viele, es gibt T\u00fcmpel, von denen die Tiere trinken, und auch wir Menschen. Mein Stamm nennt das Land \u201eSonnenland\u201c. Gro\u00df [&hellip;]<\/p>\n\t\t\t\t<\/div>\n\n\t\t\t\t\t\t\t\t\t<a href=\"https:\/\/www.verdichtet.at\/?p=4608#respond\" class=\"su-post-comments-link\">0 Kommentare<\/a>\n\t\t\t\t\n\t\t\t<\/div>\n\n\t\t\t\t\t\n\t\t\t\n\t\t\t<div id=\"su-post-4100\" class=\"su-post \">\n\n\t\t\t\t\n\t\t\t\t<h2 class=\"su-post-title\"><a href=\"https:\/\/www.verdichtet.at\/?p=4100\">Das Pack<\/a><\/h2>\n\n\t\t\t\t<div class=\"su-post-meta\">\n\t\t\t\t\tVer\u00f6ffentlicht: 14. Februar 2016\t\t\t\t<\/div>\n\n\t\t\t\t<div class=\"su-post-excerpt\">\n\t\t\t\t\t<p>Kurt konnte nur am Sonntag schreiben. Die anderen sechs Tage der Woche arbeitete er im Herrenmoden-Gesch\u00e4ft seines verstorbenen Onkels. Allzu ernst nahm er sein Schreiben nicht; es war im Grunde nicht mehr als eine Besch\u00e4ftigungstherapie, die ihm der Arzt wegen seiner angeschlagenen Nerven empfohlen hatte. Er litt an Schlafst\u00f6rungen, weigerte sich aber, Medikamente zu nehmen. [&hellip;]<\/p>\n\t\t\t\t<\/div>\n\n\t\t\t\t\t\t\t\t\t<a href=\"https:\/\/www.verdichtet.at\/?p=4100#respond\" class=\"su-post-comments-link\">0 Kommentare<\/a>\n\t\t\t\t\n\t\t\t<\/div>\n\n\t\t\t\t\t\n\t\t\t\n\t\t\t<div id=\"su-post-3439\" class=\"su-post \">\n\n\t\t\t\t\n\t\t\t\t<h2 class=\"su-post-title\"><a href=\"https:\/\/www.verdichtet.at\/?p=3439\">Fluten<\/a><\/h2>\n\n\t\t\t\t<div class=\"su-post-meta\">\n\t\t\t\t\tVer\u00f6ffentlicht: 20. Oktober 2015\t\t\t\t<\/div>\n\n\t\t\t\t<div class=\"su-post-excerpt\">\n\t\t\t\t\t<p>I) Auf den strudelbraunen Massen schaukeln D\u00e4cher, schaukeln gr\u00e4ber- f\u00fcllend S\u00e4rge und Gesichter werden sichtbar: L\u00e4ngsverzerrte, blindgespiegelt, steh\u2018n sie da im zielerstrebend, selbstbewegten R\u00e4ubernass. Doch der Abbilder Besitzer achten nicht der Wasserzeichnung, sondern richten ihre Blicke auf den sie verlassend Fluchtpunkt ihres einst\u00b4gen Hab und Guts. Eternitbewehrter Giebel, der einst treu gesch\u00fctzt ihr Haupt, kreiselt [&hellip;]<\/p>\n\t\t\t\t<\/div>\n\n\t\t\t\t\t\t\t\t\t<a href=\"https:\/\/www.verdichtet.at\/?p=3439#respond\" class=\"su-post-comments-link\">0 Kommentare<\/a>\n\t\t\t\t\n\t\t\t<\/div>\n\n\t\t\t\t\t\n\t\t\t\n\t\t\t<div id=\"su-post-3182\" class=\"su-post \">\n\n\t\t\t\t\n\t\t\t\t<h2 class=\"su-post-title\"><a href=\"https:\/\/www.verdichtet.at\/?p=3182\">Sonntag<\/a><\/h2>\n\n\t\t\t\t<div class=\"su-post-meta\">\n\t\t\t\t\tVer\u00f6ffentlicht: 12. September 2015\t\t\t\t<\/div>\n\n\t\t\t\t<div class=\"su-post-excerpt\">\n\t\t\t\t\t<p>Noch zwei Minuten. Dann stehe ich seit zehn Minuten in der Einfahrt meiner Eltern. Also starre ich seit acht Minuten auf das braune, bestimmt vierzig Jahre alte Tor, das mich, meine Person, mein Leben von der seelenlosen Tristesse, die man auch einfach als \u201edie Welt von Herrn und Frau Mitterer\u201c bezeichnen kann, trennt. Obwohl sich [&hellip;]<\/p>\n\t\t\t\t<\/div>\n\n\t\t\t\t\t\t\t\t\t<a href=\"https:\/\/www.verdichtet.at\/?p=3182#comments\" class=\"su-post-comments-link\">Ein Kommentar<\/a>\n\t\t\t\t\n\t\t\t<\/div>\n\n\t\t\t\t\t\n\t\t\t\n\t\t\t<div id=\"su-post-3050\" class=\"su-post \">\n\n\t\t\t\t\n\t\t\t\t<h2 class=\"su-post-title\"><a href=\"https:\/\/www.verdichtet.at\/?p=3050\">Vertrieben<\/a><\/h2>\n\n\t\t\t\t<div class=\"su-post-meta\">\n\t\t\t\t\tVer\u00f6ffentlicht: 26. August 2015\t\t\t\t<\/div>\n\n\t\t\t\t<div class=\"su-post-excerpt\">\n\t\t\t\t\t<p>Vor langer Zeit herrschte in einem von der \u00fcbrigen Welt bislang v\u00f6llig unbeachteten Land ein m\u00e4chtiger und reicher Herrscher. Er war ein Mann, der sehr darauf achtete, dass seine Befehle, die er gab, auch eingehalten wurden und drohte jedem mit der Todesstrafe, der sich seinen Anordnungen widersetzte, aber auch jenen, die \u00fcber ihn schlecht redeten [&hellip;]<\/p>\n\t\t\t\t<\/div>\n\n\t\t\t\t\t\t\t\t\t<a href=\"https:\/\/www.verdichtet.at\/?p=3050#respond\" class=\"su-post-comments-link\">0 Kommentare<\/a>\n\t\t\t\t\n\t\t\t<\/div>\n\n\t\t\t\t\t\n\t\t\t\n\t\t\t<div id=\"su-post-2664\" class=\"su-post \">\n\n\t\t\t\t\n\t\t\t\t<h2 class=\"su-post-title\"><a href=\"https:\/\/www.verdichtet.at\/?p=2664\">Axungia Canis<\/a><\/h2>\n\n\t\t\t\t<div class=\"su-post-meta\">\n\t\t\t\t\tVer\u00f6ffentlicht: 26. Mai 2015\t\t\t\t<\/div>\n\n\t\t\t\t<div class=\"su-post-excerpt\">\n\t\t\t\t\t<p>Mein Anzug zwickt und dr\u00fcckt, wo er nur kann, unter dem Hemd l\u00e4uft mir der Schwei\u00df aus s\u00e4mtlichen Poren. Es scheint die Zeit des Fegefeuers gekommen, zumindest glaube ich mich nicht weit davon entfernt. \u00dcberall klebt Beileid an feuchten H\u00e4nden, zwischendurch ein Wangenkuss, wenn man sich n\u00e4her steht. Viele der Gesichter kenne ich von irgendwo [&hellip;]<\/p>\n\t\t\t\t<\/div>\n\n\t\t\t\t\t\t\t\t\t<a href=\"https:\/\/www.verdichtet.at\/?p=2664#respond\" class=\"su-post-comments-link\">0 Kommentare<\/a>\n\t\t\t\t\n\t\t\t<\/div>\n\n\t\t\t\t\t\n\t\t\t\n\t\t\t<div id=\"su-post-1942\" class=\"su-post \">\n\n\t\t\t\t\n\t\t\t\t<h2 class=\"su-post-title\"><a href=\"https:\/\/www.verdichtet.at\/?p=1942\">&#8230; und auch die vielen daheim vor den Fernsehger\u00e4ten<\/a><\/h2>\n\n\t\t\t\t<div class=\"su-post-meta\">\n\t\t\t\t\tVer\u00f6ffentlicht: 28. Dezember 2014\t\t\t\t<\/div>\n\n\t\t\t\t<div class=\"su-post-excerpt\">\n\t\t\t\t\t<p>Frank Oldrting hat viele dumme Fehler gemacht und war dabei, sein Team zum Gesp\u00f6tt der internationalen Presse zu machen \u2013 um dann im letzten End diesen unglaublichen Wurf rauszulassen, der gecurvt ist, als g\u00e4be es keine Physik an diesem Tag hier in der olympischen Curlinghalle auf Bahn eins: Aus einer unm\u00f6glichen Situation heraus schie\u00dft er [&hellip;]<\/p>\n\t\t\t\t<\/div>\n\n\t\t\t\t\t\t\t\t\t<a href=\"https:\/\/www.verdichtet.at\/?p=1942#respond\" class=\"su-post-comments-link\">0 Kommentare<\/a>\n\t\t\t\t\n\t\t\t<\/div>\n\n\t\t\t\t\t\n\t\t\t\n\t\t\t<div id=\"su-post-1446\" class=\"su-post \">\n\n\t\t\t\t\n\t\t\t\t<h2 class=\"su-post-title\"><a href=\"https:\/\/www.verdichtet.at\/?p=1446\">Malta<\/a><\/h2>\n\n\t\t\t\t<div class=\"su-post-meta\">\n\t\t\t\t\tVer\u00f6ffentlicht: 25. Juni 2014\t\t\t\t<\/div>\n\n\t\t\t\t<div class=\"su-post-excerpt\">\n\t\t\t\t\t<p>W\u00e4hrend die letzten euphorischen Momente dieser Nacht von der k\u00fchlen Morgenluft weggeweht und schlie\u00dflich von Melancholie \u00fcberdeckt werden, schlendern wir die beinahe menschenleere Stra\u00dfe hinunter; gehen unseren Rausch aus. Und f\u00fcr ein paar Minuten schweigen wir, \u00fcberw\u00e4ltigt von M\u00fcdigkeit und Alkohol, und jeder h\u00e4ngt seinen Gedanken nach. Die Stille dr\u00f6hnt mir nach diesen heftigen B\u00e4ssen [&hellip;]<\/p>\n\t\t\t\t<\/div>\n\n\t\t\t\t\t\t\t\t\t<a href=\"https:\/\/www.verdichtet.at\/?p=1446#respond\" class=\"su-post-comments-link\">0 Kommentare<\/a>\n\t\t\t\t\n\t\t\t<\/div>\n\n\t\t\t\t\t\n\t\t\t\n\t\t\t<div id=\"su-post-1396\" class=\"su-post \">\n\n\t\t\t\t\n\t\t\t\t<h2 class=\"su-post-title\"><a href=\"https:\/\/www.verdichtet.at\/?p=1396\">Also bist Du einfach gegangen.<\/a><\/h2>\n\n\t\t\t\t<div class=\"su-post-meta\">\n\t\t\t\t\tVer\u00f6ffentlicht: 4. Juni 2014\t\t\t\t<\/div>\n\n\t\t\t\t<div class=\"su-post-excerpt\">\n\t\t\t\t\t<p>Also bist Du einfach gegangen. Bist dem Horizont entgegengeschritten ohne Dich auch nur einmal umzudrehen. Sehr romantische Vorstellung. Vor allem wenn man bedenkt, dass das alles nur f\u00fcr mich war. Sollte ich mich geehrt f\u00fchlen? Ja, ich denke, das w\u00e4re angebracht. Wahrscheinlich sollte ich Dir jetzt danken. Ich nehme an, das Protokoll sieht es so [&hellip;]<\/p>\n\t\t\t\t<\/div>\n\n\t\t\t\t\t\t\t\t\t<a href=\"https:\/\/www.verdichtet.at\/?p=1396#respond\" class=\"su-post-comments-link\">0 Kommentare<\/a>\n\t\t\t\t\n\t\t\t<\/div>\n\n\t\t\t\t\t\n\t\t\t\n\t\t\t<div id=\"su-post-975\" class=\"su-post \">\n\n\t\t\t\t\n\t\t\t\t<h2 class=\"su-post-title\"><a href=\"https:\/\/www.verdichtet.at\/?p=975\">Das Fleisch unsrer Kinder zart<\/a><\/h2>\n\n\t\t\t\t<div class=\"su-post-meta\">\n\t\t\t\t\tVer\u00f6ffentlicht: 9. Februar 2014\t\t\t\t<\/div>\n\n\t\t\t\t<div class=\"su-post-excerpt\">\n\t\t\t\t\t<p>Da ward ein Fremder am Tore verlangend nach Einlass, mit ihm sein Eslein, dem auf dem R\u00fccken nach vorne er beugte sich. Ein Weiter, es blieb ihm verwehrt. Des Fremden Faust, sie ward steif und gefror\u2019n dann geschickt gen Himmel, mit der Kraft der, die seine letzte war. Wie k\u00f6nne er, ein M\u00e4nnlein, ein schwaches [&hellip;]<\/p>\n\t\t\t\t<\/div>\n\n\t\t\t\t\t\t\t\t\t<a href=\"https:\/\/www.verdichtet.at\/?p=975#comments\" class=\"su-post-comments-link\">2 comments<\/a>\n\t\t\t\t\n\t\t\t<\/div>\n\n\t\t\n\t\n<\/div>\n\n","protected":false},"excerpt":{"rendered":"","protected":false},"author":4,"featured_media":0,"parent":405,"menu_order":-1,"comment_status":"closed","ping_status":"closed","template":"","meta":{"footnotes":""},"class_list":["post-972","page","type-page","status-publish","hentry"],"_links":{"self":[{"href":"https:\/\/www.verdichtet.at\/index.php?rest_route=\/wp\/v2\/pages\/972","targetHints":{"allow":["GET"]}}],"collection":[{"href":"https:\/\/www.verdichtet.at\/index.php?rest_route=\/wp\/v2\/pages"}],"about":[{"href":"https:\/\/www.verdichtet.at\/index.php?rest_route=\/wp\/v2\/types\/page"}],"author":[{"embeddable":true,"href":"https:\/\/www.verdichtet.at\/index.php?rest_route=\/wp\/v2\/users\/4"}],"replies":[{"embeddable":true,"href":"https:\/\/www.verdichtet.at\/index.php?rest_route=%2Fwp%2Fv2%2Fcomments&post=972"}],"version-history":[{"count":2,"href":"https:\/\/www.verdichtet.at\/index.php?rest_route=\/wp\/v2\/pages\/972\/revisions"}],"predecessor-version":[{"id":1628,"href":"https:\/\/www.verdichtet.at\/index.php?rest_route=\/wp\/v2\/pages\/972\/revisions\/1628"}],"up":[{"embeddable":true,"href":"https:\/\/www.verdichtet.at\/index.php?rest_route=\/wp\/v2\/pages\/405"}],"wp:attachment":[{"href":"https:\/\/www.verdichtet.at\/index.php?rest_route=%2Fwp%2Fv2%2Fmedia&parent=972"}],"curies":[{"name":"wp","href":"https:\/\/api.w.org\/{rel}","templated":true}]}}