{"id":910,"date":"2014-01-29T12:13:16","date_gmt":"2014-01-29T12:13:16","guid":{"rendered":"http:\/\/www.verdichtet.at\/?page_id=910"},"modified":"2015-08-29T08:07:30","modified_gmt":"2015-08-29T08:07:30","slug":"unerhoert","status":"publish","type":"page","link":"https:\/\/www.verdichtet.at\/?page_id=910","title":{"rendered":"unerH\u00d6RT!"},"content":{"rendered":"<div class=\"pdfprnt-buttons pdfprnt-buttons-page pdfprnt-top-right\"><a href=\"https:\/\/www.verdichtet.at\/index.php?rest_route=wpv2pages910&print=pdf\" class=\"pdfprnt-button pdfprnt-button-pdf\" target=\"_blank\"><\/a><a href=\"https:\/\/www.verdichtet.at\/index.php?rest_route=wpv2pages910&print=print\" class=\"pdfprnt-button pdfprnt-button-print\" target=\"_blank\"><\/a><\/div>\n\n<div class=\"su-posts su-posts-default-loop \">\n\n\t\n\t\t\t\t\t\n\t\t\t\n\t\t\t<div id=\"su-post-22472\" class=\"su-post \">\n\n\t\t\t\t\n\t\t\t\t<h2 class=\"su-post-title\"><a href=\"https:\/\/www.verdichtet.at\/?p=22472\">Woodplay<\/a><\/h2>\n\n\t\t\t\t<div class=\"su-post-meta\">\n\t\t\t\t\tVer\u00f6ffentlicht: 16. April 2026\t\t\t\t<\/div>\n\n\t\t\t\t<div class=\"su-post-excerpt\">\n\t\t\t\t\t<p>In diesem Fall stellt sich die Frage, dauert etwas gar drei Tage, ist es vom Hudson bis zur Elbe oftmals nicht immer dasselbe. Rockmusik ist manchen heilig, und die Fans, die haben\u2019s eilig, folgen ihrer Lieblingsband bis ans Ende dieser Welt. Warum man ein Musikevent der Dauer wegen blo\u00df so nennt? N\u00e4mlich so wie damals [&hellip;]<\/p>\n\t\t\t\t<\/div>\n\n\t\t\t\t\t\t\t\t\t<a href=\"https:\/\/www.verdichtet.at\/?p=22472#comments\" class=\"su-post-comments-link\">2 comments<\/a>\n\t\t\t\t\n\t\t\t<\/div>\n\n\t\t\t\t\t\n\t\t\t\n\t\t\t<div id=\"su-post-18780\" class=\"su-post \">\n\n\t\t\t\t\n\t\t\t\t<h2 class=\"su-post-title\"><a href=\"https:\/\/www.verdichtet.at\/?p=18780\">Tonfilm<\/a><\/h2>\n\n\t\t\t\t<div class=\"su-post-meta\">\n\t\t\t\t\tVer\u00f6ffentlicht: 4. Oktober 2024\t\t\t\t<\/div>\n\n\t\t\t\t<div class=\"su-post-excerpt\">\n\t\t\t\t\t<p>\u201eDu bist eine wundersch\u00f6ne Frau, my dear\u201c, sagt der Regisseur zu ihr, \u201eund die geborene Schauspielerin. Wie du mit den Augen rollst, die Arme bewegst, wie du dir an die Stirn greifst und dann ohnm\u00e4chtig wirst, da braucht man keinen Text einblenden, man wei\u00df auch so, was du sagst. Das ist wirklich Weltklasse. Aber deine [&hellip;]<\/p>\n\t\t\t\t<\/div>\n\n\t\t\t\t\t\t\t\t\t<a href=\"https:\/\/www.verdichtet.at\/?p=18780#respond\" class=\"su-post-comments-link\">0 Kommentare<\/a>\n\t\t\t\t\n\t\t\t<\/div>\n\n\t\t\t\t\t\n\t\t\t\n\t\t\t<div id=\"su-post-18815\" class=\"su-post \">\n\n\t\t\t\t\n\t\t\t\t<h2 class=\"su-post-title\"><a href=\"https:\/\/www.verdichtet.at\/?p=18815\">Ger\u00e4usche<\/a><\/h2>\n\n\t\t\t\t<div class=\"su-post-meta\">\n\t\t\t\t\tVer\u00f6ffentlicht: 5. Oktober 2024\t\t\t\t<\/div>\n\n\t\t\t\t<div class=\"su-post-excerpt\">\n\t\t\t\t\t<p>Die wenigen Ger\u00e4usche hinter dem Fenster, Vogelgezwitscher, selten Stimmen, manchmal ein Auto, Rehe im Unterholz. Im Haus Schritte, die Klosp\u00fclung, summend der Fernseher, die Dusche, der F\u00f6hn, Ger\u00e4usche fern von ihm. Im Raum die leisen Ger\u00e4usche, das Feuerzeug, das die Zigarette anz\u00fcndet, das Ausatmen, das Rascheln von Papier. Johannes Tosin (Text und Foto) www.verdichtet.at |\u00a0Kategorie: [&hellip;]<\/p>\n\t\t\t\t<\/div>\n\n\t\t\t\t\t\t\t\t\t<a href=\"https:\/\/www.verdichtet.at\/?p=18815#respond\" class=\"su-post-comments-link\">0 Kommentare<\/a>\n\t\t\t\t\n\t\t\t<\/div>\n\n\t\t\t\t\t\n\t\t\t\n\t\t\t<div id=\"su-post-19664\" class=\"su-post \">\n\n\t\t\t\t\n\t\t\t\t<h2 class=\"su-post-title\"><a href=\"https:\/\/www.verdichtet.at\/?p=19664\">Klavierstunde lyrisch<\/a><\/h2>\n\n\t\t\t\t<div class=\"su-post-meta\">\n\t\t\t\t\tVer\u00f6ffentlicht: 1. M\u00e4rz 2025\t\t\t\t<\/div>\n\n\t\t\t\t<div class=\"su-post-excerpt\">\n\t\t\t\t\t<p>Ungemach steckt schon im Namen, B\u00f6sendorfer, mit Stahlrahmen. Schwarz und m\u00e4chtig anzusehen, f\u00fcr mich gebaut zum Untergeh\u2019n. F\u00fcr die Erzeugung, als Garanten, sterben daf\u00fcr Elefanten. Darauf ist man auch noch stolz. Fallen Tiere wie auch W\u00e4lder, Elfenbein und Ebenholz! Weit ge\u00f6ffnet steht sein Maul. Hast ge\u00fcbt oder warst faul? Achtundachtzig Tasten gieren nach den Fingern, [&hellip;]<\/p>\n\t\t\t\t<\/div>\n\n\t\t\t\t\t\t\t\t\t<a href=\"https:\/\/www.verdichtet.at\/?p=19664#respond\" class=\"su-post-comments-link\">0 Kommentare<\/a>\n\t\t\t\t\n\t\t\t<\/div>\n\n\t\t\t\t\t\n\t\t\t\n\t\t\t<div id=\"su-post-18933\" class=\"su-post \">\n\n\t\t\t\t\n\t\t\t\t<h2 class=\"su-post-title\"><a href=\"https:\/\/www.verdichtet.at\/?p=18933\">Richard Milhous Nixons Frisur<\/a><\/h2>\n\n\t\t\t\t<div class=\"su-post-meta\">\n\t\t\t\t\tVer\u00f6ffentlicht: 24. Oktober 2024\t\t\t\t<\/div>\n\n\t\t\t\t<div class=\"su-post-excerpt\">\n\t\t\t\t\t<p>Nenas Sohn Sakias: Mama, ich m\u00f6chte zum Friseur gehen. Nena: Nein, Sakias, das geht nicht. Als Musiker musst du lange Haare haben. Sakias: Aber meine Haare sind viel l\u00e4nger als deine. Nena: Na und? Ist doch gut. Sakias (denkt:) Ich w\u00fcrde so gern ordentlich aussehen. Die Frisur von Richard Milhous Nixon w\u00fcrde mir doch super [&hellip;]<\/p>\n\t\t\t\t<\/div>\n\n\t\t\t\t\t\t\t\t\t<a href=\"https:\/\/www.verdichtet.at\/?p=18933#respond\" class=\"su-post-comments-link\">0 Kommentare<\/a>\n\t\t\t\t\n\t\t\t<\/div>\n\n\t\t\t\t\t\n\t\t\t\n\t\t\t<div id=\"su-post-18996\" class=\"su-post \">\n\n\t\t\t\t\n\t\t\t\t<h2 class=\"su-post-title\"><a href=\"https:\/\/www.verdichtet.at\/?p=18996\">Carlos der Goldfisch<\/a><\/h2>\n\n\t\t\t\t<div class=\"su-post-meta\">\n\t\t\t\t\tVer\u00f6ffentlicht: 2. November 2024\t\t\t\t<\/div>\n\n\t\t\t\t<div class=\"su-post-excerpt\">\n\t\t\t\t\t<p>\u00a0\u00a0\u00a0\u00a0\u00a0\u00a0\u00a0\u00a0\u00a0\u00a0\u00a0\u00a0\u00a0\u00a0\u00a0\u00a0 Ring \u2013 ring. Bernd:\u00a0\u00a0\u00a0\u00a0 Hallo Spatzi! Monika:\u00a0 Ich bin nicht mehr dein Spatzi. Was willst du? Bernd:\u00a0\u00a0\u00a0\u00a0 Ich bin hier, um Carlos zu besuchen. Monika:\u00a0 Carlos? Bernd:\u00a0\u00a0\u00a0\u00a0 Den Goldfisch. Monika:\u00a0 Du spinnst wohl! Umdrehen und zu dir nachhause gehen, aber pronto! Johannes Tosin (Text und Foto) www.verdichtet.at |\u00a0Kategorie: unerH\u00d6RT! | Inventarnummer: 25007<\/p>\n\t\t\t\t<\/div>\n\n\t\t\t\t\t\t\t\t\t<a href=\"https:\/\/www.verdichtet.at\/?p=18996#respond\" class=\"su-post-comments-link\">0 Kommentare<\/a>\n\t\t\t\t\n\t\t\t<\/div>\n\n\t\t\t\t\t\n\t\t\t\n\t\t\t<div id=\"su-post-13607\" class=\"su-post \">\n\n\t\t\t\t\n\t\t\t\t<h2 class=\"su-post-title\"><a href=\"https:\/\/www.verdichtet.at\/?p=13607\">Moskauer Musikgeschichten 1<\/a><\/h2>\n\n\t\t\t\t<div class=\"su-post-meta\">\n\t\t\t\t\tVer\u00f6ffentlicht: 5. Januar 2022\t\t\t\t<\/div>\n\n\t\t\t\t<div class=\"su-post-excerpt\">\n\t\t\t\t\t<p>Die Rache der Philharmoniker Mein Chef, Botschafter Dr. Franz Cede, pflegte mich als seine Stellvertreterin zu Veranstaltungen zu entsenden, bei denen er verhindert war oder die ihm aus irgendeinem Grund nicht zusagten. Seinem eigentlichen Stellvertreter, dem jungen, unbedarften Botschaftsrat K., traute er das offenbar nicht zu; er nannte ihn nach dem alten Diplomatenwitz einen \u201eGeschickten, [&hellip;]<\/p>\n\t\t\t\t<\/div>\n\n\t\t\t\t\t\t\t\t\t<a href=\"https:\/\/www.verdichtet.at\/?p=13607#respond\" class=\"su-post-comments-link\">0 Kommentare<\/a>\n\t\t\t\t\n\t\t\t<\/div>\n\n\t\t\t\t\t\n\t\t\t\n\t\t\t<div id=\"su-post-13421\" class=\"su-post \">\n\n\t\t\t\t\n\t\t\t\t<h2 class=\"su-post-title\"><a href=\"https:\/\/www.verdichtet.at\/?p=13421\">Das Anstrengendste auf der Welt ist Happiness<\/a><\/h2>\n\n\t\t\t\t<div class=\"su-post-meta\">\n\t\t\t\t\tVer\u00f6ffentlicht: 16. November 2021\t\t\t\t<\/div>\n\n\t\t\t\t<div class=\"su-post-excerpt\">\n\t\t\t\t\t<p>Der alten Frau im Park sind nur die Tauben geblieben und wenn die Krumen aus sind werden sie wegfliegen. Der Clown im Zirkus l\u00e4sst sich mit Popcorn beschmei\u00dfen, ungeschminkt fehlt ihm das Geld f\u00fcr etwas zum Bei\u00dfen. Das Anstrengendste auf der Welt ist Happiness. Das Anstrengendste auf der Welt ist Happiness. Die Lehrerin steht in [&hellip;]<\/p>\n\t\t\t\t<\/div>\n\n\t\t\t\t\t\t\t\t\t<a href=\"https:\/\/www.verdichtet.at\/?p=13421#respond\" class=\"su-post-comments-link\">0 Kommentare<\/a>\n\t\t\t\t\n\t\t\t<\/div>\n\n\t\t\t\t\t\n\t\t\t\n\t\t\t<div id=\"su-post-12163\" class=\"su-post \">\n\n\t\t\t\t\n\t\t\t\t<h2 class=\"su-post-title\"><a href=\"https:\/\/www.verdichtet.at\/?p=12163\">Der abwesende Gott<\/a><\/h2>\n\n\t\t\t\t<div class=\"su-post-meta\">\n\t\t\t\t\tVer\u00f6ffentlicht: 27. Dezember 2020\t\t\t\t<\/div>\n\n\t\t\t\t<div class=\"su-post-excerpt\">\n\t\t\t\t\t<p>Wo war er, als all das B\u00f6se, Schlechte und Gemeine auf die Erde niederkam? Er war nicht hier. Gott hat mich verlassen. War er denn \u00fcberhaupt jemals bei mir? Nie sp\u00fcrte ich doch seine Anwesenheit. Johannes Tosin (Text und Bild) www.verdichtet.at | Kategorie: unerH\u00d6RT! | Inventarnummer: 21010<\/p>\n\t\t\t\t<\/div>\n\n\t\t\t\t\t\t\t\t\t<a href=\"https:\/\/www.verdichtet.at\/?p=12163#respond\" class=\"su-post-comments-link\">0 Kommentare<\/a>\n\t\t\t\t\n\t\t\t<\/div>\n\n\t\t\t\t\t\n\t\t\t\n\t\t\t<div id=\"su-post-11809\" class=\"su-post \">\n\n\t\t\t\t\n\t\t\t\t<h2 class=\"su-post-title\"><a href=\"https:\/\/www.verdichtet.at\/?p=11809\">Die letzte Fahrt<\/a><\/h2>\n\n\t\t\t\t<div class=\"su-post-meta\">\n\t\t\t\t\tVer\u00f6ffentlicht: 25. September 2020\t\t\t\t<\/div>\n\n\t\t\t\t<div class=\"su-post-excerpt\">\n\t\t\t\t\t<p>Er stand am Bug des Schiffes und hielt sich mit einer Hand am Tau der Takelage fest. Der Wind peitschte ihm erbarmungslos die Gischt ins Gesicht, seine dunklen Locken klebten auf der Haut. Seinen Kopf gegen den Himmel gerichtet, flehte er die G\u00f6tter an, die Meeresbewohner zu beruhigen. Die Ruderer an Bord kamen schwer voran, [&hellip;]<\/p>\n\t\t\t\t<\/div>\n\n\t\t\t\t\t\t\t\t\t<a href=\"https:\/\/www.verdichtet.at\/?p=11809#respond\" class=\"su-post-comments-link\">0 Kommentare<\/a>\n\t\t\t\t\n\t\t\t<\/div>\n\n\t\t\t\t\t\n\t\t\t\n\t\t\t<div id=\"su-post-10951\" class=\"su-post \">\n\n\t\t\t\t\n\t\t\t\t<h2 class=\"su-post-title\"><a href=\"https:\/\/www.verdichtet.at\/?p=10951\">Das Mikro<\/a><\/h2>\n\n\t\t\t\t<div class=\"su-post-meta\">\n\t\t\t\t\tVer\u00f6ffentlicht: 16. M\u00e4rz 2020\t\t\t\t<\/div>\n\n\t\t\t\t<div class=\"su-post-excerpt\">\n\t\t\t\t\t<p>Was sagt der Tourmanager zur h\u00fcbschen Bassistin? \u201eWei\u00dft du was, Darling? Du kriegst ein Mikro.\u201c \u201eWozu denn? Ich kann ja nicht singen\u201c, sagt die Bassistin. \u201eDas nicht, M\u00e4dchen, aber die Leute wollen dich atmen h\u00f6ren.\u201c Johannes Tosin (Text und Bild) www.verdichtet.at | Kategorie: unerH\u00d6RT! | Inventarnummer: 20032<\/p>\n\t\t\t\t<\/div>\n\n\t\t\t\t\t\t\t\t\t<a href=\"https:\/\/www.verdichtet.at\/?p=10951#respond\" class=\"su-post-comments-link\">0 Kommentare<\/a>\n\t\t\t\t\n\t\t\t<\/div>\n\n\t\t\t\t\t\n\t\t\t\n\t\t\t<div id=\"su-post-4453\" class=\"su-post \">\n\n\t\t\t\t\n\t\t\t\t<h2 class=\"su-post-title\"><a href=\"https:\/\/www.verdichtet.at\/?p=4453\">Das Kanin<\/a><\/h2>\n\n\t\t\t\t<div class=\"su-post-meta\">\n\t\t\t\t\tVer\u00f6ffentlicht: 21. Mai 2016\t\t\t\t<\/div>\n\n\t\t\t\t<div class=\"su-post-excerpt\">\n\t\t\t\t\t<p>F\u00fcr Doris Es urteilt sehr von oben hin Die Fachwelt \u00fcber das Kanin Hat ihm das \u2013chen nur angef\u00fcgt Weil ihm sein Lebensstil gen\u00fcgt Nicht jagt es Reh noch Antilope Doch st\u00fcnd\u2019 ihm solches zu Gebote Und dass man seine Macht vergisst Geht zur\u00fcck auf Merlins List Gef\u00fcrchtet war im Mittelalter Der mutige Kaninenhalter Das [&hellip;]<\/p>\n\t\t\t\t<\/div>\n\n\t\t\t\t\t\t\t\t\t<a href=\"https:\/\/www.verdichtet.at\/?p=4453#respond\" class=\"su-post-comments-link\">0 Kommentare<\/a>\n\t\t\t\t\n\t\t\t<\/div>\n\n\t\t\t\t\t\n\t\t\t\n\t\t\t<div id=\"su-post-10177\" class=\"su-post \">\n\n\t\t\t\t\n\t\t\t\t<h2 class=\"su-post-title\"><a href=\"https:\/\/www.verdichtet.at\/?p=10177\">Aufgeb\u2019m tuat ma an Briaf<\/a><\/h2>\n\n\t\t\t\t<div class=\"su-post-meta\">\n\t\t\t\t\tVer\u00f6ffentlicht: 4. September 2019\t\t\t\t<\/div>\n\n\t\t\t\t<div class=\"su-post-excerpt\">\n\t\t\t\t\t<p>Es kummt wohl f\u00fcr jed\u2019n \u2013 einmal so a Zeit Wo einfach nix glatt geht \u2013 und di nix mehr g\u2019freut Z\u2018erst strampelst und denkst dir \u2013 des kann\u2019s ja net sei Machst halt einmal Pause \u2013 und steigst wieder ei Aber\u2019s geht net, aber\u2019s geht net \u2013 es hat ja kein\u2019 Sinn Da kannst [&hellip;]<\/p>\n\t\t\t\t<\/div>\n\n\t\t\t\t\t\t\t\t\t<a href=\"https:\/\/www.verdichtet.at\/?p=10177#respond\" class=\"su-post-comments-link\">0 Kommentare<\/a>\n\t\t\t\t\n\t\t\t<\/div>\n\n\t\t\t\t\t\n\t\t\t\n\t\t\t<div id=\"su-post-9356\" class=\"su-post \">\n\n\t\t\t\t\n\t\t\t\t<h2 class=\"su-post-title\"><a href=\"https:\/\/www.verdichtet.at\/?p=9356\">Hexenlied<\/a><\/h2>\n\n\t\t\t\t<div class=\"su-post-meta\">\n\t\t\t\t\tVer\u00f6ffentlicht: 21. Januar 2019\t\t\t\t<\/div>\n\n\t\t\t\t<div class=\"su-post-excerpt\">\n\t\t\t\t\t<p>Wir sch\u00fctteln uns beim M\u00f6hrenkochen Und setzen unsre R\u00f6hrenknochen Tief ins Gem\u00fcsebeet Wir streichen Farbe, bis sie deckt Dahinter ist der Sinn versteckt Der sagt was, was kein Mensch versteht Es liegt ihm doch sehr viel daran Dass Schimmel wei\u00df und Pferd sein kann Das hat dem Sinn den Sinn verdreht. (Schrilles Gel\u00e4chter) Bernd Remsing [&hellip;]<\/p>\n\t\t\t\t<\/div>\n\n\t\t\t\t\t\t\t\t\t<a href=\"https:\/\/www.verdichtet.at\/?p=9356#respond\" class=\"su-post-comments-link\">0 Kommentare<\/a>\n\t\t\t\t\n\t\t\t<\/div>\n\n\t\t\t\t\t\n\t\t\t\n\t\t\t<div id=\"su-post-9188\" class=\"su-post \">\n\n\t\t\t\t\n\t\t\t\t<h2 class=\"su-post-title\"><a href=\"https:\/\/www.verdichtet.at\/?p=9188\">Das Gehirn des Dmitrij Schostakowitsch<\/a><\/h2>\n\n\t\t\t\t<div class=\"su-post-meta\">\n\t\t\t\t\tVer\u00f6ffentlicht: 2. Januar 2019\t\t\t\t<\/div>\n\n\t\t\t\t<div class=\"su-post-excerpt\">\n\t\t\t\t\t<p>aus den \u201eRussischen Kuriosit\u00e4ten\u201c von Veronika Seyr In den Morgenstunden des 22. Juni 1941 \u00fcberschritt die deutsche Wehrmacht mit der \u201eOperation Barbarossa\u201c die sowjetische Grenze \u2013 f\u00fcr die Menschen der Sowjetunion der Beginn des Gro\u00dfen Vaterl\u00e4ndischen Krieges. Den damals schon weltber\u00fchmten Komponisten Dmitri Schostakowitsch erreichte diese Nachricht als Vorsitzenden der Pr\u00fcfungskommission in der Klavierklasse des [&hellip;]<\/p>\n\t\t\t\t<\/div>\n\n\t\t\t\t\t\t\t\t\t<a href=\"https:\/\/www.verdichtet.at\/?p=9188#respond\" class=\"su-post-comments-link\">0 Kommentare<\/a>\n\t\t\t\t\n\t\t\t<\/div>\n\n\t\t\t\t\t\n\t\t\t\n\t\t\t<div id=\"su-post-8944\" class=\"su-post \">\n\n\t\t\t\t\n\t\t\t\t<h2 class=\"su-post-title\"><a href=\"https:\/\/www.verdichtet.at\/?p=8944\">Comme il faut<\/a><\/h2>\n\n\t\t\t\t<div class=\"su-post-meta\">\n\t\t\t\t\tVer\u00f6ffentlicht: 24. November 2018\t\t\t\t<\/div>\n\n\t\t\t\t<div class=\"su-post-excerpt\">\n\t\t\t\t\t<p>(Haiku) Zwei Kr\u00e4hen im Sonnenschein Wollen sch\u00f6ner sein Hacken ihn klein Gemein Bernd Remsing http:\/\/fm4.orf.at\/stories\/1704846\/ Diesen Text k\u00f6nnen Sie auch h\u00f6ren, gelesen vom Autor. www.verdichtet.at |\u00a0Kategorie: Von M\u00fccke zu Elefant und unerH\u00d6RT!| Inventarnummer: 18155<\/p>\n\t\t\t\t<\/div>\n\n\t\t\t\t\t\t\t\t\t<a href=\"https:\/\/www.verdichtet.at\/?p=8944#respond\" class=\"su-post-comments-link\">0 Kommentare<\/a>\n\t\t\t\t\n\t\t\t<\/div>\n\n\t\t\t\t\t\n\t\t\t\n\t\t\t<div id=\"su-post-3677\" class=\"su-post \">\n\n\t\t\t\t\n\t\t\t\t<h2 class=\"su-post-title\"><a href=\"https:\/\/www.verdichtet.at\/?p=3677\">Wiesel und Weide<\/a><\/h2>\n\n\t\t\t\t<div class=\"su-post-meta\">\n\t\t\t\t\tVer\u00f6ffentlicht: 17. November 2015\t\t\t\t<\/div>\n\n\t\t\t\t<div class=\"su-post-excerpt\">\n\t\t\t\t\t<p>Zwischen Heide und Getreide Stand die alte Trauerweide Hielt sich im Stamm dramatisch krumm Seufzt\u00b4 dann und wann und war sonst stumm Ein Wiesel, dieses spielte gern Im Bach, dort sah\u2019s der Morgenstern Doch der Weide Tr\u00fcbsalblasen Stieg dem Wiesel in die Nasen Und so verlie\u00df das tapf\u2019re Wiesel Eines Morgens Bach und Kiesel Und [&hellip;]<\/p>\n\t\t\t\t<\/div>\n\n\t\t\t\t\t\t\t\t\t<a href=\"https:\/\/www.verdichtet.at\/?p=3677#respond\" class=\"su-post-comments-link\">0 Kommentare<\/a>\n\t\t\t\t\n\t\t\t<\/div>\n\n\t\t\t\t\t\n\t\t\t\n\t\t\t<div id=\"su-post-4359\" class=\"su-post \">\n\n\t\t\t\t\n\t\t\t\t<h2 class=\"su-post-title\"><a href=\"https:\/\/www.verdichtet.at\/?p=4359\">Vom Stadtgr\u00fcn<\/a><\/h2>\n\n\t\t\t\t<div class=\"su-post-meta\">\n\t\t\t\t\tVer\u00f6ffentlicht: 29. April 2016\t\t\t\t<\/div>\n\n\t\t\t\t<div class=\"su-post-excerpt\">\n\t\t\t\t\t<p>Palmstr\u00f6m kam zu etwas Geld Und wollt damit erwirken Dass seine Stra\u00dfe Gr\u00fcn erh\u00e4lt Er entschied sich bald f\u00fcr Birken Er investiert\u2019 in 18 B\u00e4ume Die er eigenh\u00e4ndig setzte Realisierte seine Tr\u00e4ume Auch wenn er das Gesetz verletzte Schon sah Palmstr\u00f6m sich lustwandeln Im selbstgeschaff\u2019nen Birkenhain Er wird noch mit der Stadt verhandeln Doch diese [&hellip;]<\/p>\n\t\t\t\t<\/div>\n\n\t\t\t\t\t\t\t\t\t<a href=\"https:\/\/www.verdichtet.at\/?p=4359#respond\" class=\"su-post-comments-link\">0 Kommentare<\/a>\n\t\t\t\t\n\t\t\t<\/div>\n\n\t\t\t\t\t\n\t\t\t\n\t\t\t<div id=\"su-post-4005\" class=\"su-post \">\n\n\t\t\t\t\n\t\t\t\t<h2 class=\"su-post-title\"><a href=\"https:\/\/www.verdichtet.at\/?p=4005\">Trauriges Beispiel<\/a><\/h2>\n\n\t\t\t\t<div class=\"su-post-meta\">\n\t\t\t\t\tVer\u00f6ffentlicht: 1. Februar 2016\t\t\t\t<\/div>\n\n\t\t\t\t<div class=\"su-post-excerpt\">\n\t\t\t\t\t<p>Einst, stolzgebl\u00e4ht, der St\u00fcrme Fahrgast H\u00e4ngst du nun da an einem Baumast Ein toter Ast ist\u2019s obendrein Er fing dich schon vor Jahren ein Oft auf meinen Arbeitswegen Sah ich dich vergeblich regen Freiheit! \u00c4chzt\u2019s aus deinen Falten Doch der Baum, er wird dich halten Sturmflug! Flatterst du im Wind Dieweil die Regentr\u00e4ne rinnt Oh, [&hellip;]<\/p>\n\t\t\t\t<\/div>\n\n\t\t\t\t\t\t\t\t\t<a href=\"https:\/\/www.verdichtet.at\/?p=4005#respond\" class=\"su-post-comments-link\">0 Kommentare<\/a>\n\t\t\t\t\n\t\t\t<\/div>\n\n\t\t\t\t\t\n\t\t\t\n\t\t\t<div id=\"su-post-3822\" class=\"su-post \">\n\n\t\t\t\t\n\t\t\t\t<h2 class=\"su-post-title\"><a href=\"https:\/\/www.verdichtet.at\/?p=3822\">Sp\u00e4te Erkenntnis<\/a><\/h2>\n\n\t\t\t\t<div class=\"su-post-meta\">\n\t\t\t\t\tVer\u00f6ffentlicht: 7. Dezember 2015\t\t\t\t<\/div>\n\n\t\t\t\t<div class=\"su-post-excerpt\">\n\t\t\t\t\t<p>Sp\u00e4t aber doch musste Palmstr\u00f6m begreifen Dass die Menschen nicht lernen, dass sie nicht reifen Diese Erkenntnis extrapolierend, Entwarf er die Zukunft, sie war schockierend. Wetter, ruft er, soll all mein Streben Das Menschengl\u00fcck zu mehr\u2019n und heben Eitler Wahn gewesen sein? Gekr\u00e4nkt schlie\u00dft sich Palmstr\u00f6m im Zimmer ein. Er beschlie\u00dft in dieser Zeit, Dass [&hellip;]<\/p>\n\t\t\t\t<\/div>\n\n\t\t\t\t\t\t\t\t\t<a href=\"https:\/\/www.verdichtet.at\/?p=3822#respond\" class=\"su-post-comments-link\">0 Kommentare<\/a>\n\t\t\t\t\n\t\t\t<\/div>\n\n\t\t\t\t\t\n\t\t\t\n\t\t\t<div id=\"su-post-5175\" class=\"su-post \">\n\n\t\t\t\t\n\t\t\t\t<h2 class=\"su-post-title\"><a href=\"https:\/\/www.verdichtet.at\/?p=5175\">Romantische Szene<\/a><\/h2>\n\n\t\t\t\t<div class=\"su-post-meta\">\n\t\t\t\t\tVer\u00f6ffentlicht: 3. Oktober 2016\t\t\t\t<\/div>\n\n\t\t\t\t<div class=\"su-post-excerpt\">\n\t\t\t\t\t<p>Ich wollte noch auf dich warten Da ward mir die Zeit gar lang An deine H\u00e4nde, die zarten An deiner Stimme Gesang Dacht ich, dacht meine Haut Dacht ich voll Sehnen und Hoffen Dann bist du eingetroffen Auch wenn ich mich jetzt gl\u00fccklich w\u00e4hne &#8211; Schad, um die romantische Szene Bernd Remsing http:\/\/fm4.orf.at\/stories\/1704846\/ Diesen Text [&hellip;]<\/p>\n\t\t\t\t<\/div>\n\n\t\t\t\t\t\t\t\t\t<a href=\"https:\/\/www.verdichtet.at\/?p=5175#respond\" class=\"su-post-comments-link\">0 Kommentare<\/a>\n\t\t\t\t\n\t\t\t<\/div>\n\n\t\t\t\t\t\n\t\t\t\n\t\t\t<div id=\"su-post-3743\" class=\"su-post \">\n\n\t\t\t\t\n\t\t\t\t<h2 class=\"su-post-title\"><a href=\"https:\/\/www.verdichtet.at\/?p=3743\">Palmstr\u00f6ms Erwachen<\/a><\/h2>\n\n\t\t\t\t<div class=\"su-post-meta\">\n\t\t\t\t\tVer\u00f6ffentlicht: 22. November 2015\t\t\t\t<\/div>\n\n\t\t\t\t<div class=\"su-post-excerpt\">\n\t\t\t\t\t<p>Als dann der erste Weltkrieg begann Geschah\u00b4s, dass Palmstr\u00f6m sich besann Und kurz entschlossen legt er sich nieder, Den Krieg zu verschlafen, war ihm doch lieber. Um sicherzugeh\u00b4n, schlief er gleich hundert Jahr, Und erwachte grad jetzt, weil er neugierig war\u2026 \u201eHalt\u201c, rufen gleich vern\u00fcnftige Leute, \u201eSie wagen zu sagen, er schlief bis heute? Schloss [&hellip;]<\/p>\n\t\t\t\t<\/div>\n\n\t\t\t\t\t\t\t\t\t<a href=\"https:\/\/www.verdichtet.at\/?p=3743#respond\" class=\"su-post-comments-link\">0 Kommentare<\/a>\n\t\t\t\t\n\t\t\t<\/div>\n\n\t\t\t\t\t\n\t\t\t\n\t\t\t<div id=\"su-post-6289\" class=\"su-post \">\n\n\t\t\t\t\n\t\t\t\t<h2 class=\"su-post-title\"><a href=\"https:\/\/www.verdichtet.at\/?p=6289\">Palmstr\u00f6m wagt\u2018s<\/a><\/h2>\n\n\t\t\t\t<div class=\"su-post-meta\">\n\t\t\t\t\tVer\u00f6ffentlicht: 15. M\u00e4rz 2017\t\t\t\t<\/div>\n\n\t\t\t\t<div class=\"su-post-excerpt\">\n\t\t\t\t\t<p>Neue Seite, neues Gl\u00fcck Denkt Palmstr\u00f6m und verfasst ein St\u00fcck Von K\u00f6nigen und ihren Huren Von Schurken, die in Kutschen fuhren Von presserischer F\u00fcrstenlast Vom Volk, das \u00e4ngstlich duckt und hasst Und er schildert lang und breit Die ganze Ungerechtigkeit Der feudal\u2019n Vergangenheit: Tyrannei dr\u00fcckt brave Bauern Die Haus und Hof und Wald und Feld [&hellip;]<\/p>\n\t\t\t\t<\/div>\n\n\t\t\t\t\t\t\t\t\t<a href=\"https:\/\/www.verdichtet.at\/?p=6289#respond\" class=\"su-post-comments-link\">0 Kommentare<\/a>\n\t\t\t\t\n\t\t\t<\/div>\n\n\t\t\t\t\t\n\t\t\t\n\t\t\t<div id=\"su-post-5879\" class=\"su-post \">\n\n\t\t\t\t\n\t\t\t\t<h2 class=\"su-post-title\"><a href=\"https:\/\/www.verdichtet.at\/?p=5879\">Lied von der Freiheit<\/a><\/h2>\n\n\t\t\t\t<div class=\"su-post-meta\">\n\t\t\t\t\tVer\u00f6ffentlicht: 7. Januar 2017\t\t\t\t<\/div>\n\n\t\t\t\t<div class=\"su-post-excerpt\">\n\t\t\t\t\t<p>(schweigend zu singen) Dass ich nichts mehr singen kann Liegt nicht an diesem Ort Sonst w\u00e4r ich fort und s\u00e4nge dort Liegt nicht an meinem Temperament Ein Komet am Firmament Der strahlend brennt, den ihr jetzt kennt Liegt nicht an euch, ihr Konsumenten Bin\u2018s ja gewohnt, mich zu verschwenden Liegt nicht an euch im Dunkeln, [&hellip;]<\/p>\n\t\t\t\t<\/div>\n\n\t\t\t\t\t\t\t\t\t<a href=\"https:\/\/www.verdichtet.at\/?p=5879#respond\" class=\"su-post-comments-link\">0 Kommentare<\/a>\n\t\t\t\t\n\t\t\t<\/div>\n\n\t\t\t\t\t\n\t\t\t\n\t\t\t<div id=\"su-post-4805\" class=\"su-post \">\n\n\t\t\t\t\n\t\t\t\t<h2 class=\"su-post-title\"><a href=\"https:\/\/www.verdichtet.at\/?p=4805\">Korfs Neid<\/a><\/h2>\n\n\t\t\t\t<div class=\"su-post-meta\">\n\t\t\t\t\tVer\u00f6ffentlicht: 22. Juli 2016\t\t\t\t<\/div>\n\n\t\t\t\t<div class=\"su-post-excerpt\">\n\t\t\t\t\t<p>Korf beneidet einen Narren Mit zwei Pokalen in der Hand Die der an einem Flohmarkt-Karren \u00c4u\u00dferst g\u00fcnstig sich erstand Der Narr verk\u00fcndet nun der Welt (Indem er seine Siegstroph\u00e4en \u00dcber seinem Kopfe h\u00e4lt Verk\u00fcndet er im Steh\u2019n und Geh\u2019n) Er sei der Fischer Georg Feister Wie\u2019s auf dem Pokale steht Und unbestritt\u2019ner Wettkampfmeister Im Jahre [&hellip;]<\/p>\n\t\t\t\t<\/div>\n\n\t\t\t\t\t\t\t\t\t<a href=\"https:\/\/www.verdichtet.at\/?p=4805#respond\" class=\"su-post-comments-link\">0 Kommentare<\/a>\n\t\t\t\t\n\t\t\t<\/div>\n\n\t\t\t\t\t\n\t\t\t\n\t\t\t<div id=\"su-post-3988\" class=\"su-post \">\n\n\t\t\t\t\n\t\t\t\t<h2 class=\"su-post-title\"><a href=\"https:\/\/www.verdichtet.at\/?p=3988\">Die Macht der Worte<\/a><\/h2>\n\n\t\t\t\t<div class=\"su-post-meta\">\n\t\t\t\t\tVer\u00f6ffentlicht: 30. Januar 2016\t\t\t\t<\/div>\n\n\t\t\t\t<div class=\"su-post-excerpt\">\n\t\t\t\t\t<p>Ob Sie wollen oder nicht Ich schreib jetzt ein Gedicht Und Sie steh\u2018n von Anfang an Mit Haut und Haar in meinem Bann Sie sind Wachs in meinen H\u00e4nden Warum sollt\u2018 ich das Gedicht schon enden Sie merken, wie Ihr Selbst zerbricht Wie aus ihm ein andrer spricht Ihr Wollen und Ihr Denken Beginne ich [&hellip;]<\/p>\n\t\t\t\t<\/div>\n\n\t\t\t\t\t\t\t\t\t<a href=\"https:\/\/www.verdichtet.at\/?p=3988#respond\" class=\"su-post-comments-link\">0 Kommentare<\/a>\n\t\t\t\t\n\t\t\t<\/div>\n\n\t\t\t\t\t\n\t\t\t\n\t\t\t<div id=\"su-post-7024\" class=\"su-post \">\n\n\t\t\t\t\n\t\t\t\t<h2 class=\"su-post-title\"><a href=\"https:\/\/www.verdichtet.at\/?p=7024\">Klagelied der Kettens\u00e4ge<\/a><\/h2>\n\n\t\t\t\t<div class=\"su-post-meta\">\n\t\t\t\t\tVer\u00f6ffentlicht: 16. September 2017\t\t\t\t<\/div>\n\n\t\t\t\t<div class=\"su-post-excerpt\">\n\t\t\t\t\t<p>Ich S\u00e4ge, s\u00e4ge, s\u00e4ge Und liege schwer in deiner Hand Als ob mir daran l\u00e4ge trenn ich jeden Holzverband Du sagst, so sei ich gewollt Ein Zeug zu einem Zwecke eben Nichts, dem man weiter Achtung zollt Ist das ein Leben? Oh Mensch, du t\u00f6richt\u2019 Allzerschneider Ich f\u00fchle in mir fein\u2019re Z\u00fcge Zum Beispiel n\u00e4hte [&hellip;]<\/p>\n\t\t\t\t<\/div>\n\n\t\t\t\t\t\t\t\t\t<a href=\"https:\/\/www.verdichtet.at\/?p=7024#respond\" class=\"su-post-comments-link\">0 Kommentare<\/a>\n\t\t\t\t\n\t\t\t<\/div>\n\n\t\t\t\t\t\n\t\t\t\n\t\t\t<div id=\"su-post-6291\" class=\"su-post \">\n\n\t\t\t\t\n\t\t\t\t<h2 class=\"su-post-title\"><a href=\"https:\/\/www.verdichtet.at\/?p=6291\">Der bessere Kandidat<\/a><\/h2>\n\n\t\t\t\t<div class=\"su-post-meta\">\n\t\t\t\t\tVer\u00f6ffentlicht: 15. M\u00e4rz 2017\t\t\t\t<\/div>\n\n\t\t\t\t<div class=\"su-post-excerpt\">\n\t\t\t\t\t<p>In Palmstr\u00f6m hebt sich manchmal vage Eine Frage, eine zage Denn blickt er grenzenlos verwundert Aufs junge 21. Jahrhundert Nein, so war das nicht gedacht Das war anders abgemacht Das Ziel, der Torlauf sollt\u2018 es sein Allen Menschen Brot und Wein Freude sch\u00f6ner G\u00f6tterfunken In welchem Mist bist du versunken? Statt deiner Krieg und Sklavenhandel [&hellip;]<\/p>\n\t\t\t\t<\/div>\n\n\t\t\t\t\t\t\t\t\t<a href=\"https:\/\/www.verdichtet.at\/?p=6291#respond\" class=\"su-post-comments-link\">0 Kommentare<\/a>\n\t\t\t\t\n\t\t\t<\/div>\n\n\t\t\t\t\t\n\t\t\t\n\t\t\t<div id=\"su-post-8658\" class=\"su-post \">\n\n\t\t\t\t\n\t\t\t\t<h2 class=\"su-post-title\"><a href=\"https:\/\/www.verdichtet.at\/?p=8658\">Lautsprecherdurchsagen &#8211; Impressionen aus dem G\u00e4nseh\u00e4ufel<\/a><\/h2>\n\n\t\t\t\t<div class=\"su-post-meta\">\n\t\t\t\t\tVer\u00f6ffentlicht: 14. September 2018\t\t\t\t<\/div>\n\n\t\t\t\t<div class=\"su-post-excerpt\">\n\t\t\t\t\t<p>Ein Badesonntag Ende Juli 18, die Marke von 35 Grad ist fast erreicht. Hitzepol wie immer in Hohenau an der March. Ich in den Wochenend-Zeitungen lesend, lagernd im l\u00f6chrigen Schatten von mageren Pappeln und Erlen. Wenn die Sonne durchs Laub kommt, muss ich mit meinem Tuch in einen anderen Schatten wandern. Herrliche Ruhe, die FKKler [&hellip;]<\/p>\n\t\t\t\t<\/div>\n\n\t\t\t\t\t\t\t\t\t<a href=\"https:\/\/www.verdichtet.at\/?p=8658#respond\" class=\"su-post-comments-link\">0 Kommentare<\/a>\n\t\t\t\t\n\t\t\t<\/div>\n\n\t\t\t\t\t\n\t\t\t\n\t\t\t<div id=\"su-post-8422\" class=\"su-post \">\n\n\t\t\t\t\n\t\t\t\t<h2 class=\"su-post-title\"><a href=\"https:\/\/www.verdichtet.at\/?p=8422\">Die Ohrfeige der Tante Fritzi<\/a><\/h2>\n\n\t\t\t\t<div class=\"su-post-meta\">\n\t\t\t\t\tVer\u00f6ffentlicht: 6. Juli 2018\t\t\t\t<\/div>\n\n\t\t\t\t<div class=\"su-post-excerpt\">\n\t\t\t\t\t<p>Sie war die \u00e4lteste Schwester meines Vaters und meine Taufpatin. Eine Auszeichnung f\u00fcr das ganze Leben. Ich war sehr stolz auf sie, weil sie eine von allen hochgeachtete Person war. Sogar mein Vater h\u00f6rte auf sie. Und ihr Mann, mein Onkel Franz Puchberger, war nicht nur ein Riese von Gestalt mit einem gro\u00dfen, immer roten [&hellip;]<\/p>\n\t\t\t\t<\/div>\n\n\t\t\t\t\t\t\t\t\t<a href=\"https:\/\/www.verdichtet.at\/?p=8422#respond\" class=\"su-post-comments-link\">0 Kommentare<\/a>\n\t\t\t\t\n\t\t\t<\/div>\n\n\t\t\t\t\t\n\t\t\t\n\t\t\t<div id=\"su-post-6463\" class=\"su-post \">\n\n\t\t\t\t\n\t\t\t\t<h2 class=\"su-post-title\"><a href=\"https:\/\/www.verdichtet.at\/?p=6463\">In den K\u00f6rper geh\u00f6rt<\/a><\/h2>\n\n\t\t\t\t<div class=\"su-post-meta\">\n\t\t\t\t\tVer\u00f6ffentlicht: 9. Mai 2017\t\t\t\t<\/div>\n\n\t\t\t\t<div class=\"su-post-excerpt\">\n\t\t\t\t\t<p>Ist es ein Tinnitus, oder ein Auto, das vorbeif\u00e4hrt Florian Pfeffer www.verdichtet.at | Kategorie:\u00a0unerH\u00d6RT! | Inventarnummer: 17101<\/p>\n\t\t\t\t<\/div>\n\n\t\t\t\t\t\t\t\t\t<a href=\"https:\/\/www.verdichtet.at\/?p=6463#respond\" class=\"su-post-comments-link\">0 Kommentare<\/a>\n\t\t\t\t\n\t\t\t<\/div>\n\n\t\t\t\t\t\n\t\t\t\n\t\t\t<div id=\"su-post-6339\" class=\"su-post \">\n\n\t\t\t\t\n\t\t\t\t<h2 class=\"su-post-title\"><a href=\"https:\/\/www.verdichtet.at\/?p=6339\">plugged<\/a><\/h2>\n\n\t\t\t\t<div class=\"su-post-meta\">\n\t\t\t\t\tVer\u00f6ffentlicht: 27. M\u00e4rz 2017\t\t\t\t<\/div>\n\n\t\t\t\t<div class=\"su-post-excerpt\">\n\t\t\t\t\t<p>Die funkferngesteuerte Hybrid-Spray-Fogger-Nebelmaschine qualmt wie wahnsinnig vor sich hin. Was es nicht heutzutage alles gibt! Man sieht die eigene Hand nicht vor den Augen. Nur so zur Probe. Es riecht stark nach \u00d6l. Die B\u00fchne, die zw\u00f6lf mal vier Meter misst und aus d\u00fcsteren, schwarz lackierten Spanplatten zusammengebaut ist, wird mit allerlei Ger\u00e4t best\u00fcckt. Die [&hellip;]<\/p>\n\t\t\t\t<\/div>\n\n\t\t\t\t\t\t\t\t\t<a href=\"https:\/\/www.verdichtet.at\/?p=6339#respond\" class=\"su-post-comments-link\">0 Kommentare<\/a>\n\t\t\t\t\n\t\t\t<\/div>\n\n\t\t\t\t\t\n\t\t\t\n\t\t\t<div id=\"su-post-5826\" class=\"su-post \">\n\n\t\t\t\t\n\t\t\t\t<h2 class=\"su-post-title\"><a href=\"https:\/\/www.verdichtet.at\/?p=5826\">Musikabend<\/a><\/h2>\n\n\t\t\t\t<div class=\"su-post-meta\">\n\t\t\t\t\tVer\u00f6ffentlicht: 8. Januar 2017\t\t\t\t<\/div>\n\n\t\t\t\t<div class=\"su-post-excerpt\">\n\t\t\t\t\t<p>Stimmen, die nichts gesagt haben, nur T\u00f6ne und Text, grauer Regen drau\u00dfen, buntes Licht zwischen Blech und Holz, Vergessen, gerne allein zu sein, und den Regen, welcher Steine in den R\u00fccken presst Florian Pfeffer www.verdichtet.at | Kategorie: unerH\u00d6RT!| Inventarnummer: 17024<\/p>\n\t\t\t\t<\/div>\n\n\t\t\t\t\t\t\t\t\t<a href=\"https:\/\/www.verdichtet.at\/?p=5826#respond\" class=\"su-post-comments-link\">0 Kommentare<\/a>\n\t\t\t\t\n\t\t\t<\/div>\n\n\t\t\t\t\t\n\t\t\t\n\t\t\t<div id=\"su-post-4183\" class=\"su-post \">\n\n\t\t\t\t\n\t\t\t\t<h2 class=\"su-post-title\"><a href=\"https:\/\/www.verdichtet.at\/?p=4183\">vom hocker<\/a><\/h2>\n\n\t\t\t\t<div class=\"su-post-meta\">\n\t\t\t\t\tVer\u00f6ffentlicht: 13. M\u00e4rz 2016\t\t\t\t<\/div>\n\n\t\t\t\t<div class=\"su-post-excerpt\">\n\t\t\t\t\t<p>mein liebes Kind, komm nur herein und lass die mami drau\u00dfen \u2019s ist besser so, wir sind allein schlie\u00dft sie die T\u00fcr von au\u00dfen du wei\u00dft, wenn sie herinnen bleibt dann f\u00e4ngst du an zu spinnen was mich zumeist zum wahnsinn treibt mit euch zu dritt hier drinnen es macht mir nichts, wenn du nicht [&hellip;]<\/p>\n\t\t\t\t<\/div>\n\n\t\t\t\t\t\t\t\t\t<a href=\"https:\/\/www.verdichtet.at\/?p=4183#respond\" class=\"su-post-comments-link\">0 Kommentare<\/a>\n\t\t\t\t\n\t\t\t<\/div>\n\n\t\t\t\t\t\n\t\t\t\n\t\t\t<div id=\"su-post-3072\" class=\"su-post \">\n\n\t\t\t\t\n\t\t\t\t<h2 class=\"su-post-title\"><a href=\"https:\/\/www.verdichtet.at\/?p=3072\">IdealEinraumwohnung<\/a><\/h2>\n\n\t\t\t\t<div class=\"su-post-meta\">\n\t\t\t\t\tVer\u00f6ffentlicht: 28. August 2015\t\t\t\t<\/div>\n\n\t\t\t\t<div class=\"su-post-excerpt\">\n\t\t\t\t\t<p>Ich schaue aus dem Fenster und ich bin allein daheim Eines ist klar, es kann nichts besser sein Denn der Stuhl, auf dem ich sitze, der geh\u00f6rt alleine mir Auch nicht wem andern und vor allem nicht dir Jetzt kommt die gute Nachricht: Nicht nur mit dem Sessel ist es so Mir geh\u00f6ren auch das [&hellip;]<\/p>\n\t\t\t\t<\/div>\n\n\t\t\t\t\t\t\t\t\t<a href=\"https:\/\/www.verdichtet.at\/?p=3072#respond\" class=\"su-post-comments-link\">0 Kommentare<\/a>\n\t\t\t\t\n\t\t\t<\/div>\n\n\t\t\t\t\t\n\t\t\t\n\t\t\t<div id=\"su-post-3058\" class=\"su-post \">\n\n\t\t\t\t\n\t\t\t\t<h2 class=\"su-post-title\"><a href=\"https:\/\/www.verdichtet.at\/?p=3058\">Bambis Mutter<\/a><\/h2>\n\n\t\t\t\t<div class=\"su-post-meta\">\n\t\t\t\t\tVer\u00f6ffentlicht: 26. August 2015\t\t\t\t<\/div>\n\n\t\t\t\t<div class=\"su-post-excerpt\">\n\t\t\t\t\t<p>Gewusst hatte sie es von Anfang an, aber der Wille z\u00e4hlte ja erfahrungsgem\u00e4\u00df mehr als das, was er eigentlich verheimlichen wollte. Sie standen zum ersten Mal im Vorzimmer seiner Wohnung und zum ersten Mal hatte sie keinen Mantel an, keine Tasche um und w\u00e4hrend sie sich ihre Martens aufschn\u00fcrte, teilte sie ihm lieb l\u00e4chelnd mit, [&hellip;]<\/p>\n\t\t\t\t<\/div>\n\n\t\t\t\t\t\t\t\t\t<a href=\"https:\/\/www.verdichtet.at\/?p=3058#comments\" class=\"su-post-comments-link\">Ein Kommentar<\/a>\n\t\t\t\t\n\t\t\t<\/div>\n\n\t\t\t\t\t\n\t\t\t\n\t\t\t<div id=\"su-post-1885\" class=\"su-post \">\n\n\t\t\t\t\n\t\t\t\t<h2 class=\"su-post-title\"><a href=\"https:\/\/www.verdichtet.at\/?p=1885\">D\u00fcsterwald<\/a><\/h2>\n\n\t\t\t\t<div class=\"su-post-meta\">\n\t\t\t\t\tVer\u00f6ffentlicht: 9. Dezember 2014\t\t\t\t<\/div>\n\n\t\t\t\t<div class=\"su-post-excerpt\">\n\t\t\t\t\t<p>\u2026\u00a0Sicher, im Advent hat man es gerne besinnlich. Da mag ein Lied \u00fcber eine Zombie-Horde etwas unpassend wirken. Doch \u2013 das wissen wir Freunde und -innen des gepflegten Zombie-Films \u2013 Zombie-Saison ist immer! Den wandelnden Untoten sind Jahreszeiten und anstehende Feiertage ganz egal. Ob der Osterhase kommt oder der Nikolaus, ob es st\u00fcrmt, schneit oder [&hellip;]<\/p>\n\t\t\t\t<\/div>\n\n\t\t\t\t\t\t\t\t\t<a href=\"https:\/\/www.verdichtet.at\/?p=1885#respond\" class=\"su-post-comments-link\">0 Kommentare<\/a>\n\t\t\t\t\n\t\t\t<\/div>\n\n\t\t\t\t\t\n\t\t\t\n\t\t\t<div id=\"su-post-1591\" class=\"su-post \">\n\n\t\t\t\t\n\t\t\t\t<h2 class=\"su-post-title\"><a href=\"https:\/\/www.verdichtet.at\/?p=1591\">Nachbarhund<\/a><\/h2>\n\n\t\t\t\t<div class=\"su-post-meta\">\n\t\t\t\t\tVer\u00f6ffentlicht: 8. August 2014\t\t\t\t<\/div>\n\n\t\t\t\t<div class=\"su-post-excerpt\">\n\t\t\t\t\t<p>Und still bleibt er der Nachbarhund, weil man ihn nicht mehr ruft. Der Nachbar selbst schreit mit der Frau aus voller Herzenslust. Aus dem Friseur wandeln die Damen wie frisch aus der Fabrik. Wie vom Flie\u00dfband alle gleich der Einheitsschnitt ist beliebt. Klaus spielt Trompete, Manfred zieht Posaune, Jutta klatscht mit den H\u00e4nden und mir [&hellip;]<\/p>\n\t\t\t\t<\/div>\n\n\t\t\t\t\t\t\t\t\t<a href=\"https:\/\/www.verdichtet.at\/?p=1591#respond\" class=\"su-post-comments-link\">0 Kommentare<\/a>\n\t\t\t\t\n\t\t\t<\/div>\n\n\t\t\t\t\t\n\t\t\t\n\t\t\t<div id=\"su-post-846\" class=\"su-post \">\n\n\t\t\t\t\n\t\t\t\t<h2 class=\"su-post-title\"><a href=\"https:\/\/www.verdichtet.at\/?p=846\">Zombie Cash<\/a><\/h2>\n\n\t\t\t\t<div class=\"su-post-meta\">\n\t\t\t\t\tVer\u00f6ffentlicht: 20. Januar 2014\t\t\t\t<\/div>\n\n\t\t\t\t<div class=\"su-post-excerpt\">\n\t\t\t\t\t<p>Johnny Cash ist tot, Johnny Cash ist tot, er kommt niemals mehr zur\u00fcck. Wir haben ihn verloren, wir haben ihn verloren an die Unendlichkeit der Zeit. Es ist zu schade um dich, es ist zu schade um dich, darum wollen wir deinen Geist beschw\u00f6ren. Doch ich wei\u00df aus eigener Zombiefilmerfahrung, dass Untote nicht gerade die [&hellip;]<\/p>\n\t\t\t\t<\/div>\n\n\t\t\t\t\t\t\t\t\t<a href=\"https:\/\/www.verdichtet.at\/?p=846#respond\" class=\"su-post-comments-link\">0 Kommentare<\/a>\n\t\t\t\t\n\t\t\t<\/div>\n\n\t\t\t\t\t\n\t\t\t\n\t\t\t<div id=\"su-post-842\" class=\"su-post \">\n\n\t\t\t\t\n\t\t\t\t<h2 class=\"su-post-title\"><a href=\"https:\/\/www.verdichtet.at\/?p=842\">Sheriff<\/a><\/h2>\n\n\t\t\t\t<div class=\"su-post-meta\">\n\t\t\t\t\tVer\u00f6ffentlicht: 20. Januar 2014\t\t\t\t<\/div>\n\n\t\t\t\t<div class=\"su-post-excerpt\">\n\t\t\t\t\t<p>Der Sheriff holt Verst\u00e4rkung, weil die Lage eskaliert, in Freetown City sind die Menschen so verwirrt. Sie tun pl\u00f6tzlich Dinge, die sie nie getan haben, tanzen durch die Stra\u00dfen und gr\u00fc\u00dfen sich fr\u00f6hlich. Du entschwebst, du entgleitest, nichts bleibt bestehen und du wei\u00dft es. Mutig tritt der Sheriff dem Treiben entgegen einen Finger stets am [&hellip;]<\/p>\n\t\t\t\t<\/div>\n\n\t\t\t\t\t\t\t\t\t<a href=\"https:\/\/www.verdichtet.at\/?p=842#respond\" class=\"su-post-comments-link\">0 Kommentare<\/a>\n\t\t\t\t\n\t\t\t<\/div>\n\n\t\t\t\t\t\n\t\t\t\n\t\t\t<div id=\"su-post-835\" class=\"su-post \">\n\n\t\t\t\t\n\t\t\t\t<h2 class=\"su-post-title\"><a href=\"https:\/\/www.verdichtet.at\/?p=835\">Frankenfisch<\/a><\/h2>\n\n\t\t\t\t<div class=\"su-post-meta\">\n\t\t\t\t\tVer\u00f6ffentlicht: 20. Januar 2014\t\t\t\t<\/div>\n\n\t\t\t\t<div class=\"su-post-excerpt\">\n\t\t\t\t\t<p>Unten beim Silverfluss taucht man f\u00fcr immer unter, der Tauchgang ist ungewollt, etwas zieht einen runter. Es ist Frankenfisch, er ist zur\u00fcck, schrecklich, schrecklich mies gelaunt und frisst dich in einem St\u00fcck. Nichts wird dir geschenkt, nichts ist dir geblieben, frisst manchmal ein Menschlein, ist das denn \u00fcbertrieben? Es ist Frankenfisch, er ist zur\u00fcck, schrecklich, [&hellip;]<\/p>\n\t\t\t\t<\/div>\n\n\t\t\t\t\t\t\t\t\t<a href=\"https:\/\/www.verdichtet.at\/?p=835#respond\" class=\"su-post-comments-link\">0 Kommentare<\/a>\n\t\t\t\t\n\t\t\t<\/div>\n\n\t\t\t\t\t\n\t\t\t\n\t\t\t<div id=\"su-post-838\" class=\"su-post \">\n\n\t\t\t\t\n\t\t\t\t<h2 class=\"su-post-title\"><a href=\"https:\/\/www.verdichtet.at\/?p=838\">Der Stra\u00dfenkehrermann<\/a><\/h2>\n\n\t\t\t\t<div class=\"su-post-meta\">\n\t\t\t\t\tVer\u00f6ffentlicht: 20. Januar 2014\t\t\t\t<\/div>\n\n\t\t\t\t<div class=\"su-post-excerpt\">\n\t\t\t\t\t<p>Unter der Bank liegen Eierschalen, ein Hinweis! Nussini-Verpackung brutal in zwei Teile zerrissen. Der Stra\u00dfenkehrer meint, die Schuldigen seien schnell gefunden, das m\u00fcssen die Haschler vom Park gewesen sein. Wer seinen M\u00fcll auf die Stra\u00dfe wirft l\u00f6st Bezirksalarm aus, letztendlich kommt man daf\u00fcr in die H\u00f6lle, Umweltverschmutzung ist dem Teufel ein Graus. Der Stra\u00dfenkehrermann hat [&hellip;]<\/p>\n\t\t\t\t<\/div>\n\n\t\t\t\t\t\t\t\t\t<a href=\"https:\/\/www.verdichtet.at\/?p=838#respond\" class=\"su-post-comments-link\">0 Kommentare<\/a>\n\t\t\t\t\n\t\t\t<\/div>\n\n\t\t\t\t\t\n\t\t\t\n\t\t\t<div id=\"su-post-840\" class=\"su-post \">\n\n\t\t\t\t\n\t\t\t\t<h2 class=\"su-post-title\"><a href=\"https:\/\/www.verdichtet.at\/?p=840\">Hoffnung<\/a><\/h2>\n\n\t\t\t\t<div class=\"su-post-meta\">\n\t\t\t\t\tVer\u00f6ffentlicht: 20. Januar 2014\t\t\t\t<\/div>\n\n\t\t\t\t<div class=\"su-post-excerpt\">\n\t\t\t\t\t<p>Nein, Madame, ich wollte Sie nicht kr\u00e4nken, meine Ber\u00fchrung sollte Sie vor der Stra\u00dfenbahn zur Seite lenken. Bevor die Bahn Sie ein wenig zerquetscht, denn dabei h\u00e4tten Sie sich wohl etwas verletzt. Eine Freundin ging letztens bei rot \u00fcber die Stra\u00dfe, ein Mann sah das Geschehen und ergriff sogleich das Wort. Er meinte, es sei [&hellip;]<\/p>\n\t\t\t\t<\/div>\n\n\t\t\t\t\t\t\t\t\t<a href=\"https:\/\/www.verdichtet.at\/?p=840#respond\" class=\"su-post-comments-link\">0 Kommentare<\/a>\n\t\t\t\t\n\t\t\t<\/div>\n\n\t\t\t\t\t\n\t\t\t\n\t\t\t<div id=\"su-post-844\" class=\"su-post \">\n\n\t\t\t\t\n\t\t\t\t<h2 class=\"su-post-title\"><a href=\"https:\/\/www.verdichtet.at\/?p=844\">Susi<\/a><\/h2>\n\n\t\t\t\t<div class=\"su-post-meta\">\n\t\t\t\t\tVer\u00f6ffentlicht: 20. Januar 2014\t\t\t\t<\/div>\n\n\t\t\t\t<div class=\"su-post-excerpt\">\n\t\t\t\t\t<p>Oh Susi, es gibt keine neuen\u00a0Kratzspuren an deiner T\u00fcr und auch mitten in der Nacht\u00a0bohrt niemand daran und lacht. Der Brieftr\u00e4ger er erf\u00fcllt nur, erf\u00fcllt nur seine Pflicht. Er bringt dir ein, zwei Brieflein und du hast Angst, dass er dich ersticht. Jeden Mittwoch schrubben die Putzdamen unser Stiegenhaus. Die Stufen werden zur Todesfalle, da [&hellip;]<\/p>\n\t\t\t\t<\/div>\n\n\t\t\t\t\t\t\t\t\t<a href=\"https:\/\/www.verdichtet.at\/?p=844#respond\" class=\"su-post-comments-link\">0 Kommentare<\/a>\n\t\t\t\t\n\t\t\t<\/div>\n\n\t\t\n\t\n<\/div>\n\n","protected":false},"excerpt":{"rendered":"","protected":false},"author":1,"featured_media":0,"parent":405,"menu_order":0,"comment_status":"closed","ping_status":"closed","template":"","meta":{"footnotes":""},"class_list":["post-910","page","type-page","status-publish","hentry"],"_links":{"self":[{"href":"https:\/\/www.verdichtet.at\/index.php?rest_route=\/wp\/v2\/pages\/910","targetHints":{"allow":["GET"]}}],"collection":[{"href":"https:\/\/www.verdichtet.at\/index.php?rest_route=\/wp\/v2\/pages"}],"about":[{"href":"https:\/\/www.verdichtet.at\/index.php?rest_route=\/wp\/v2\/types\/page"}],"author":[{"embeddable":true,"href":"https:\/\/www.verdichtet.at\/index.php?rest_route=\/wp\/v2\/users\/1"}],"replies":[{"embeddable":true,"href":"https:\/\/www.verdichtet.at\/index.php?rest_route=%2Fwp%2Fv2%2Fcomments&post=910"}],"version-history":[{"count":2,"href":"https:\/\/www.verdichtet.at\/index.php?rest_route=\/wp\/v2\/pages\/910\/revisions"}],"predecessor-version":[{"id":1641,"href":"https:\/\/www.verdichtet.at\/index.php?rest_route=\/wp\/v2\/pages\/910\/revisions\/1641"}],"up":[{"embeddable":true,"href":"https:\/\/www.verdichtet.at\/index.php?rest_route=\/wp\/v2\/pages\/405"}],"wp:attachment":[{"href":"https:\/\/www.verdichtet.at\/index.php?rest_route=%2Fwp%2Fv2%2Fmedia&parent=910"}],"curies":[{"name":"wp","href":"https:\/\/api.w.org\/{rel}","templated":true}]}}