{"id":7515,"date":"2018-01-21T16:58:18","date_gmt":"2018-01-21T16:58:18","guid":{"rendered":"http:\/\/www.verdichtet.at\/?page_id=7515"},"modified":"2018-01-21T17:00:19","modified_gmt":"2018-01-21T17:00:19","slug":"von-muecke-zu-elefant","status":"publish","type":"page","link":"https:\/\/www.verdichtet.at\/?page_id=7515","title":{"rendered":"Von M\u00fccke zu Elefant"},"content":{"rendered":"<div class=\"pdfprnt-buttons pdfprnt-buttons-page pdfprnt-top-right\"><a href=\"https:\/\/www.verdichtet.at\/index.php?rest_route=wpv2pages7515&print=pdf\" class=\"pdfprnt-button pdfprnt-button-pdf\" target=\"_blank\"><\/a><a href=\"https:\/\/www.verdichtet.at\/index.php?rest_route=wpv2pages7515&print=print\" class=\"pdfprnt-button pdfprnt-button-print\" target=\"_blank\"><\/a><\/div>\n\n<div class=\"su-posts su-posts-default-loop \">\n\n\t\n\t\t\t\t\t\n\t\t\t\n\t\t\t<div id=\"su-post-20633\" class=\"su-post \">\n\n\t\t\t\t\n\t\t\t\t<h2 class=\"su-post-title\"><a href=\"https:\/\/www.verdichtet.at\/?p=20633\">Osterhase<\/a><\/h2>\n\n\t\t\t\t<div class=\"su-post-meta\">\n\t\t\t\t\tVer\u00f6ffentlicht: 4. August 2025\t\t\t\t<\/div>\n\n\t\t\t\t<div class=\"su-post-excerpt\">\n\t\t\t\t\t<p>Warum muss ich die Eier schleppen?Bestellt doch eine Speditionoder findet andere Deppen,die schuften f\u00fcr einen Gotteslohn. Ich w\u00fcrd ja liefern altbew\u00e4hrt,wenn ihr Menschen das ganze Jahrgenauso freundlich zu uns w\u00e4rtwie zur Osterzeit, ehrlich wahr. Leider ist\u2019s Gegenteil der Fall:F\u00fcr Hasen gibt es Abschussquoten.Ab Oktober erklingt manch Knallvon waidm\u00e4nnlichen Idioten. Also k\u00fcmmert euch selbst, Herrgott,um eure [&hellip;]<\/p>\n\t\t\t\t<\/div>\n\n\t\t\t\t\t\t\t\t\t<a href=\"https:\/\/www.verdichtet.at\/?p=20633#respond\" class=\"su-post-comments-link\">0 Kommentare<\/a>\n\t\t\t\t\n\t\t\t<\/div>\n\n\t\t\t\t\t\n\t\t\t\n\t\t\t<div id=\"su-post-21349\" class=\"su-post \">\n\n\t\t\t\t\n\t\t\t\t<h2 class=\"su-post-title\"><a href=\"https:\/\/www.verdichtet.at\/?p=21349\">Die Katze Lady Strange im Gesch\u00e4ft \u201eFressnapf\u201c<\/a><\/h2>\n\n\t\t\t\t<div class=\"su-post-meta\">\n\t\t\t\t\tVer\u00f6ffentlicht: 17. November 2025\t\t\t\t<\/div>\n\n\t\t\t\t<div class=\"su-post-excerpt\">\n\t\t\t\t\t<p>Die Katze Lady Strange ist mit ihrem Frauerl im Gesch\u00e4ft \u201eFressnapf\u201c. \u201eDa schau her, das w\u00fcrde ich gerne essen, Kaninchen!\u201c, sagt die Katze Lady Strange. \u201eWas, du kannst lesen?\u201c, fragt ihr Frauerl. \u201eNein, nur Bilder ansehen\u201c, sagt die Katze Lady Strange. \u201eDas ist doch ein Kaninchen auf der Verpackung, nicht?\u201c Johannes Tosin (Text und Foto) [&hellip;]<\/p>\n\t\t\t\t<\/div>\n\n\t\t\t\t\t\t\t\t\t<a href=\"https:\/\/www.verdichtet.at\/?p=21349#respond\" class=\"su-post-comments-link\">0 Kommentare<\/a>\n\t\t\t\t\n\t\t\t<\/div>\n\n\t\t\t\t\t\n\t\t\t\n\t\t\t<div id=\"su-post-20631\" class=\"su-post \">\n\n\t\t\t\t\n\t\t\t\t<h2 class=\"su-post-title\"><a href=\"https:\/\/www.verdichtet.at\/?p=20631\">Die eierlegende Wollmilchsau<\/a><\/h2>\n\n\t\t\t\t<div class=\"su-post-meta\">\n\t\t\t\t\tVer\u00f6ffentlicht: 4. August 2025\t\t\t\t<\/div>\n\n\t\t\t\t<div class=\"su-post-excerpt\">\n\t\t\t\t\t<p>Der ganze Stall ruft lauthals: \u201eWow!\u201c,als die eierlegende Wollmilchsauauf ihrer Tournee durch die Weltbesagten Stall mit Ruhm erhellt. Die Schweine grunzen aufgeregtJedes Huhn vor Freud\u2019 drei Eier legt.Die Milchk\u00fche muhen ehrfurchtsvoll,die Schafe bl\u00f6ken: \u201eM\u00e4h \u2013 bist du toll!\u201c Da krabbelt was \u00fcber die Wiese \u2013und die Wollmilchsau kriegt die Krise.Eine Seidenraupe! \u2013 bislang unbekannt,ward gekommen [&hellip;]<\/p>\n\t\t\t\t<\/div>\n\n\t\t\t\t\t\t\t\t\t<a href=\"https:\/\/www.verdichtet.at\/?p=20631#respond\" class=\"su-post-comments-link\">0 Kommentare<\/a>\n\t\t\t\t\n\t\t\t<\/div>\n\n\t\t\t\t\t\n\t\t\t\n\t\t\t<div id=\"su-post-20629\" class=\"su-post \">\n\n\t\t\t\t\n\t\t\t\t<h2 class=\"su-post-title\"><a href=\"https:\/\/www.verdichtet.at\/?p=20629\">Das Gummib\u00e4rchen<\/a><\/h2>\n\n\t\t\t\t<div class=\"su-post-meta\">\n\t\t\t\t\tVer\u00f6ffentlicht: 4. August 2025\t\t\t\t<\/div>\n\n\t\t\t\t<div class=\"su-post-excerpt\">\n\t\t\t\t\t<p>Zwei armselige Zentimeter blo\u00dfist mein Gummik\u00f6rper \u201egro\u00df\u201c.Das ist, \u00a0bei meiner Ehr\u2019,ein Hundertstel vom echten B\u00e4r\u2019! Mich gibt\u2019s in f\u00fcnf Farben ohne Schei\u00df:Gelb, Gr\u00fcn, Orange, Rot und Wei\u00df.Zuerst bemalen sie mich buntam Ende droht der finst\u2019re Schlund. Doch ich werd euch das Mahl vermiesen,mein Zuckeranteil sei gepriesen.Eure Z\u00e4hne mach ich wundPlage sie mit Zahnfleischschwund. Eurem Herz-Kreislauf [&hellip;]<\/p>\n\t\t\t\t<\/div>\n\n\t\t\t\t\t\t\t\t\t<a href=\"https:\/\/www.verdichtet.at\/?p=20629#respond\" class=\"su-post-comments-link\">0 Kommentare<\/a>\n\t\t\t\t\n\t\t\t<\/div>\n\n\t\t\t\t\t\n\t\t\t\n\t\t\t<div id=\"su-post-20627\" class=\"su-post \">\n\n\t\t\t\t\n\t\t\t\t<h2 class=\"su-post-title\"><a href=\"https:\/\/www.verdichtet.at\/?p=20627\">Die W\u00fcrmer von der \u201eFarm der Tiere\u201c<\/a><\/h2>\n\n\t\t\t\t<div class=\"su-post-meta\">\n\t\t\t\t\tVer\u00f6ffentlicht: 4. August 2025\t\t\t\t<\/div>\n\n\t\t\t\t<div class=\"su-post-excerpt\">\n\t\t\t\t\t<p>Orwells Schweine sind an der Macht;was hat uns W\u00fcrmern das gebracht?Wir leben auch auf jener Farmund h\u00e4tten\u2019s gern im Winter warm. Also lasst uns rein ins H\u00e4uschenwir sind ein delikates Schm\u00e4uschen.Ich nehm euch nicht auf den Arm \u2013gerne landen wir in eurem Darm und dann, ihr nimmersatten Eber,schl\u00e4ngeln wir uns in eure Leber.Unsere Wege sind [&hellip;]<\/p>\n\t\t\t\t<\/div>\n\n\t\t\t\t\t\t\t\t\t<a href=\"https:\/\/www.verdichtet.at\/?p=20627#respond\" class=\"su-post-comments-link\">0 Kommentare<\/a>\n\t\t\t\t\n\t\t\t<\/div>\n\n\t\t\t\t\t\n\t\t\t\n\t\t\t<div id=\"su-post-20617\" class=\"su-post \">\n\n\t\t\t\t\n\t\t\t\t<h2 class=\"su-post-title\"><a href=\"https:\/\/www.verdichtet.at\/?p=20617\">Der Bundesadler<\/a><\/h2>\n\n\t\t\t\t<div class=\"su-post-meta\">\n\t\t\t\t\tVer\u00f6ffentlicht: 4. August 2025\t\t\t\t<\/div>\n\n\t\t\t\t<div class=\"su-post-excerpt\">\n\t\t\t\t\t<p>Ich bin \u00d6sterreichs Wappentier,Seeadler sagt man auch zu mir.Ich halte zu meinem Missfallen,Hammer und Sichel in den Krallen. Die Kette dazwischen ist gesprengt,ein Grafiker hat sie dort hingeh\u00e4ngt.Vorm Bauch ein Schild in Rotwei\u00dfrot \u2013ich seh damit aus wie ein Idiot. Am Kopf hab ich ein Mauerkr\u00f6nchen,kaum gr\u00f6\u00dfer als ein K\u00e4ferb\u00f6hnchen.Und weit gespreizt sind meine Schwingen;ich [&hellip;]<\/p>\n\t\t\t\t<\/div>\n\n\t\t\t\t\t\t\t\t\t<a href=\"https:\/\/www.verdichtet.at\/?p=20617#respond\" class=\"su-post-comments-link\">0 Kommentare<\/a>\n\t\t\t\t\n\t\t\t<\/div>\n\n\t\t\t\t\t\n\t\t\t\n\t\t\t<div id=\"su-post-15077\" class=\"su-post \">\n\n\t\t\t\t\n\t\t\t\t<h2 class=\"su-post-title\"><a href=\"https:\/\/www.verdichtet.at\/?p=15077\">Rudolph das Rentier<\/a><\/h2>\n\n\t\t\t\t<div class=\"su-post-meta\">\n\t\t\t\t\tVer\u00f6ffentlicht: 17. Dezember 2022\t\t\t\t<\/div>\n\n\t\t\t\t<div class=\"su-post-excerpt\">\n\t\t\t\t\t<p>Ich bin ein altes Rentier; Rudolph werd ich genannt, und meine S\u00e4ufernase ist im ganzen Land bekannt. Sie leuchtet nachts im Dunkeln, dennoch riss ich einen Stern; seitdem bin ich traurig, niemand hat mich seither gern. Es war ein bl\u00f6der Unfall im Nebel der Weihnachtsnacht. Bin damals sturzbesoffen in einen Schlitten gekracht. Am Kutschbock sa\u00df [&hellip;]<\/p>\n\t\t\t\t<\/div>\n\n\t\t\t\t\t\t\t\t\t<a href=\"https:\/\/www.verdichtet.at\/?p=15077#respond\" class=\"su-post-comments-link\">0 Kommentare<\/a>\n\t\t\t\t\n\t\t\t<\/div>\n\n\t\t\t\t\t\n\t\t\t\n\t\t\t<div id=\"su-post-15079\" class=\"su-post \">\n\n\t\t\t\t\n\t\t\t\t<h2 class=\"su-post-title\"><a href=\"https:\/\/www.verdichtet.at\/?p=15079\">Die Heiligen Drei K\u00fche<\/a><\/h2>\n\n\t\t\t\t<div class=\"su-post-meta\">\n\t\t\t\t\tVer\u00f6ffentlicht: 17. Dezember 2022\t\t\t\t<\/div>\n\n\t\t\t\t<div class=\"su-post-excerpt\">\n\t\t\t\t\t<p>Wir sind die Heiligen Drei K\u00fche, wir schleppten uns mit gro\u00dfer M\u00fche nach Bethlehem, suchten die Krippe mitsamt der dreifaltigen Sippe, zu kredenzen dem heiligen Knilch unsre wertvollste Gabe: frische Milch. Doch wir K\u00fche \u2013 es ist kaum zu fassen! \u2013 wurden beim Stall nicht vorgelassen. So erging\u2019s auch Schweinen und Hennen; wir mussten alle [&hellip;]<\/p>\n\t\t\t\t<\/div>\n\n\t\t\t\t\t\t\t\t\t<a href=\"https:\/\/www.verdichtet.at\/?p=15079#respond\" class=\"su-post-comments-link\">0 Kommentare<\/a>\n\t\t\t\t\n\t\t\t<\/div>\n\n\t\t\t\t\t\n\t\t\t\n\t\t\t<div id=\"su-post-15382\" class=\"su-post \">\n\n\t\t\t\t\n\t\t\t\t<h2 class=\"su-post-title\"><a href=\"https:\/\/www.verdichtet.at\/?p=15382\">Katze auf der Jagd<\/a><\/h2>\n\n\t\t\t\t<div class=\"su-post-meta\">\n\t\t\t\t\tVer\u00f6ffentlicht: 5. Februar 2023\t\t\t\t<\/div>\n\n\t\t\t\t<div class=\"su-post-excerpt\">\n\t\t\t\t\t<p>Die Maus Die Katz Die Katz Die Maus Die Katz. Bernd Watzka Informationen zu Live-Terminen, Buchbestellungen und Videos www.verdichtet.at |\u00a0Kategorie: Von M\u00fccke zu Elefant | Inventarnummer: 23045<\/p>\n\t\t\t\t<\/div>\n\n\t\t\t\t\t\t\t\t\t<a href=\"https:\/\/www.verdichtet.at\/?p=15382#respond\" class=\"su-post-comments-link\">0 Kommentare<\/a>\n\t\t\t\t\n\t\t\t<\/div>\n\n\t\t\t\t\t\n\t\t\t\n\t\t\t<div id=\"su-post-15384\" class=\"su-post \">\n\n\t\t\t\t\n\t\t\t\t<h2 class=\"su-post-title\"><a href=\"https:\/\/www.verdichtet.at\/?p=15384\">Die wundersame Verwandlung der Maus<\/a><\/h2>\n\n\t\t\t\t<div class=\"su-post-meta\">\n\t\t\t\t\tVer\u00f6ffentlicht: 5. Februar 2023\t\t\t\t<\/div>\n\n\t\t\t\t<div class=\"su-post-excerpt\">\n\t\t\t\t\t<p>Maus Mau Miau! Bernd Watzka Informationen zu Live-Terminen, Buchbestellungen und Videos www.verdichtet.at |\u00a0Kategorie: Von M\u00fccke zu Elefant | Inventarnummer: 23046<\/p>\n\t\t\t\t<\/div>\n\n\t\t\t\t\t\t\t\t\t<a href=\"https:\/\/www.verdichtet.at\/?p=15384#respond\" class=\"su-post-comments-link\">0 Kommentare<\/a>\n\t\t\t\t\n\t\t\t<\/div>\n\n\t\t\t\t\t\n\t\t\t\n\t\t\t<div id=\"su-post-15386\" class=\"su-post \">\n\n\t\t\t\t\n\t\t\t\t<h2 class=\"su-post-title\"><a href=\"https:\/\/www.verdichtet.at\/?p=15386\">Die rollige Katze<\/a><\/h2>\n\n\t\t\t\t<div class=\"su-post-meta\">\n\t\t\t\t\tVer\u00f6ffentlicht: 5. Februar 2023\t\t\t\t<\/div>\n\n\t\t\t\t<div class=\"su-post-excerpt\">\n\t\t\t\t\t<p>Hauskatze Kitty war rollig wie nie \u2013 doch kein Kater weit und breit! Da kam der Haushund gerade recht. Sie sprang auf ihn und wetzte am weichen Fell wild hin und her. Kittys Lust brannte lichterloh. So geschah, was geschehen musste: Die Katz ist auf dem Hund gekommen. Bernd Watzka Informationen zu Live-Terminen, Buchbestellungen und [&hellip;]<\/p>\n\t\t\t\t<\/div>\n\n\t\t\t\t\t\t\t\t\t<a href=\"https:\/\/www.verdichtet.at\/?p=15386#respond\" class=\"su-post-comments-link\">0 Kommentare<\/a>\n\t\t\t\t\n\t\t\t<\/div>\n\n\t\t\t\t\t\n\t\t\t\n\t\t\t<div id=\"su-post-15388\" class=\"su-post \">\n\n\t\t\t\t\n\t\t\t\t<h2 class=\"su-post-title\"><a href=\"https:\/\/www.verdichtet.at\/?p=15388\">Die Hausgrille<\/a><\/h2>\n\n\t\t\t\t<div class=\"su-post-meta\">\n\t\t\t\t\tVer\u00f6ffentlicht: 5. Februar 2023\t\t\t\t<\/div>\n\n\t\t\t\t<div class=\"su-post-excerpt\">\n\t\t\t\t\t<p>Was f\u00fcr eine gro\u00dfe Ehre, ich f\u00fchle mich wie Bonbonniere; dass wir niederen Gesch\u00f6pfe d\u00fcrfen hinein in eure T\u00f6pfe! Ich freu mich wie ein kleines Kind, dass wir euch nicht zu minder sind. Dass euch vor uns nun nicht mehr graust und wir dabei sind, wenn ihr schmaust. Ich kann\u2019s noch immer gar nicht fassen: [&hellip;]<\/p>\n\t\t\t\t<\/div>\n\n\t\t\t\t\t\t\t\t\t<a href=\"https:\/\/www.verdichtet.at\/?p=15388#respond\" class=\"su-post-comments-link\">0 Kommentare<\/a>\n\t\t\t\t\n\t\t\t<\/div>\n\n\t\t\t\t\t\n\t\t\t\n\t\t\t<div id=\"su-post-15390\" class=\"su-post \">\n\n\t\t\t\t\n\t\t\t\t<h2 class=\"su-post-title\"><a href=\"https:\/\/www.verdichtet.at\/?p=15390\">Des Pudels Kern<\/a><\/h2>\n\n\t\t\t\t<div class=\"su-post-meta\">\n\t\t\t\t\tVer\u00f6ffentlicht: 5. Februar 2023\t\t\t\t<\/div>\n\n\t\t\t\t<div class=\"su-post-excerpt\">\n\t\t\t\t\t<p>Gierig verschlingt der Pudel abends einen Marillenknudel. Dann springt er in sein K\u00f6rberl rein, w\u00fcrde schlafen auch sehr fein, wenn\u2019s im armen Baucherl nicht rumoren w\u00fcrd\u2019 von dem Gericht. So geht\u2019s dahin die ganze Nacht \u2013 in der Fr\u00fch ist\u2019s Wunder vollbracht: Was es ist? Das verrat ich gern: Im H\u00e4ufchen steckt des Pudels Kern. [&hellip;]<\/p>\n\t\t\t\t<\/div>\n\n\t\t\t\t\t\t\t\t\t<a href=\"https:\/\/www.verdichtet.at\/?p=15390#respond\" class=\"su-post-comments-link\">0 Kommentare<\/a>\n\t\t\t\t\n\t\t\t<\/div>\n\n\t\t\t\t\t\n\t\t\t\n\t\t\t<div id=\"su-post-15394\" class=\"su-post \">\n\n\t\t\t\t\n\t\t\t\t<h2 class=\"su-post-title\"><a href=\"https:\/\/www.verdichtet.at\/?p=15394\">Das Twitter-V\u00f6gelchen<\/a><\/h2>\n\n\t\t\t\t<div class=\"su-post-meta\">\n\t\t\t\t\tVer\u00f6ffentlicht: 5. Februar 2023\t\t\t\t<\/div>\n\n\t\t\t\t<div class=\"su-post-excerpt\">\n\t\t\t\t\t<p>Seit man mich auf die Welt gebracht muss ich twitschern Tag und Nacht. Ich schw\u00f6r, so geht\u2019s in einem fort; zum Gl\u00fcck versteh ich nicht ein Wort. Das ist mein Trost als Logo-Tier, dass ich den Wortm\u00fcll nicht kapier. Tweet, Tweet, Tweet Bernd Watzka Informationen zu Live-Terminen, Buchbestellungen und Videos www.verdichtet.at |\u00a0Kategorie: Von M\u00fccke zu [&hellip;]<\/p>\n\t\t\t\t<\/div>\n\n\t\t\t\t\t\t\t\t\t<a href=\"https:\/\/www.verdichtet.at\/?p=15394#respond\" class=\"su-post-comments-link\">0 Kommentare<\/a>\n\t\t\t\t\n\t\t\t<\/div>\n\n\t\t\t\t\t\n\t\t\t\n\t\t\t<div id=\"su-post-15396\" class=\"su-post \">\n\n\t\t\t\t\n\t\t\t\t<h2 class=\"su-post-title\"><a href=\"https:\/\/www.verdichtet.at\/?p=15396\">Die reimende Bulldogge<\/a><\/h2>\n\n\t\t\t\t<div class=\"su-post-meta\">\n\t\t\t\t\tVer\u00f6ffentlicht: 5. Februar 2023\t\t\t\t<\/div>\n\n\t\t\t\t<div class=\"su-post-excerpt\">\n\t\t\t\t\t<p>Tsssssssssssssss &#8230; Du nervst mich, l\u00e4stige Fliege; wart nur, wenn ich dich kriege! Ich lass mich von dir nicht tratzen, gleich klebst du an meinen Tatzen. Ich streu mir Zucker auf die Kralle \u2013 das wird deine Todesfalle! Was lernen wir aus der Geschicht\u2019? Wenn dich wer \u00e4rgert, schreib ein Gedicht! Denn jeder geht dir [&hellip;]<\/p>\n\t\t\t\t<\/div>\n\n\t\t\t\t\t\t\t\t\t<a href=\"https:\/\/www.verdichtet.at\/?p=15396#respond\" class=\"su-post-comments-link\">0 Kommentare<\/a>\n\t\t\t\t\n\t\t\t<\/div>\n\n\t\t\t\t\t\n\t\t\t\n\t\t\t<div id=\"su-post-15398\" class=\"su-post \">\n\n\t\t\t\t\n\t\t\t\t<h2 class=\"su-post-title\"><a href=\"https:\/\/www.verdichtet.at\/?p=15398\">Isegrim auf Instagram<\/a><\/h2>\n\n\t\t\t\t<div class=\"su-post-meta\">\n\t\t\t\t\tVer\u00f6ffentlicht: 5. Februar 2023\t\t\t\t<\/div>\n\n\t\t\t\t<div class=\"su-post-excerpt\">\n\t\t\t\t\t<p>Wolf Isegrim, der heult vor Gram, seit er sich sah auf Instagram. Er ist ersch\u00fcttert und entsetzt, sieht seine Rechte grob verletzt. Das Bild von ihm geht um die Welt, ein anderer macht damit Geld. In Isegrim erwacht der Zorn, schon hat er Rache sich geschwor\u2019n. Er l\u00e4uft zum Insta-Firmensitz, sagt: \u201eZuckerberg, das ist kein [&hellip;]<\/p>\n\t\t\t\t<\/div>\n\n\t\t\t\t\t\t\t\t\t<a href=\"https:\/\/www.verdichtet.at\/?p=15398#respond\" class=\"su-post-comments-link\">0 Kommentare<\/a>\n\t\t\t\t\n\t\t\t<\/div>\n\n\t\t\t\t\t\n\t\t\t\n\t\t\t<div id=\"su-post-15400\" class=\"su-post \">\n\n\t\t\t\t\n\t\t\t\t<h2 class=\"su-post-title\"><a href=\"https:\/\/www.verdichtet.at\/?p=15400\">Das Gelbe vom Ei<\/a><\/h2>\n\n\t\t\t\t<div class=\"su-post-meta\">\n\t\t\t\t\tVer\u00f6ffentlicht: 5. Februar 2023\t\t\t\t<\/div>\n\n\t\t\t\t<div class=\"su-post-excerpt\">\n\t\t\t\t\t<p>Ein K\u00fcken sucht nach dem Gelben vom Ei, seinen Geschwistern ist das einerlei; sie h\u00fcpfen herum von Sorgen ganz frei, machen nicht viel, bis der Tag ist vorbei. Das K\u00fcken forscht unterdessen f\u00fcr drei, gr\u00fcbelt bis zum ersten Hahnenschrei. Dann auf einmal die Erkenntnis \u2013 juchei: Das K\u00fcken selbst ist das Gelbe vom Ei! Bernd [&hellip;]<\/p>\n\t\t\t\t<\/div>\n\n\t\t\t\t\t\t\t\t\t<a href=\"https:\/\/www.verdichtet.at\/?p=15400#respond\" class=\"su-post-comments-link\">0 Kommentare<\/a>\n\t\t\t\t\n\t\t\t<\/div>\n\n\t\t\t\t\t\n\t\t\t\n\t\t\t<div id=\"su-post-15402\" class=\"su-post \">\n\n\t\t\t\t\n\t\t\t\t<h2 class=\"su-post-title\"><a href=\"https:\/\/www.verdichtet.at\/?p=15402\">King Kong<\/a><\/h2>\n\n\t\t\t\t<div class=\"su-post-meta\">\n\t\t\t\t\tVer\u00f6ffentlicht: 5. Februar 2023\t\t\t\t<\/div>\n\n\t\t\t\t<div class=\"su-post-excerpt\">\n\t\t\t\t\t<p>Verschleppt aus meinem Inselreich \u2013 wie\u2019s mir dabei ging, war euch gleich \u2013, nach New York als Attraktion; lernte in Ketten meine Lektion. Ich floh mit entschloss\u2019ner Miene hin zur kreischenden Blondine. Vor uns der h\u00f6chste Wolkenkratzer war des Drehbuchs gr\u00f6\u00dfter Patzer. Hundert Stockwerk ging\u2019s hinauf; oben nahm\u2019s Ungl\u00fcck seinen Lauf. Ich wollt allein sein [&hellip;]<\/p>\n\t\t\t\t<\/div>\n\n\t\t\t\t\t\t\t\t\t<a href=\"https:\/\/www.verdichtet.at\/?p=15402#respond\" class=\"su-post-comments-link\">0 Kommentare<\/a>\n\t\t\t\t\n\t\t\t<\/div>\n\n\t\t\t\t\t\n\t\t\t\n\t\t\t<div id=\"su-post-15404\" class=\"su-post \">\n\n\t\t\t\t\n\t\t\t\t<h2 class=\"su-post-title\"><a href=\"https:\/\/www.verdichtet.at\/?p=15404\">Die Ameisen<\/a><\/h2>\n\n\t\t\t\t<div class=\"su-post-meta\">\n\t\t\t\t\tVer\u00f6ffentlicht: 5. Februar 2023\t\t\t\t<\/div>\n\n\t\t\t\t<div class=\"su-post-excerpt\">\n\t\t\t\t\t<p>(nach Ringelnatz) In Hamburg lebten zwei Ameisen, die wollten nach Australien reisen. Bei Altona auf der Chaussee, da taten ihnen die Beine weh. Sie nahmen ein Taxi zum Aeroport und flogen mit dem Flugzeug fort. Ein Happy End blieb leider aus, im Cockpit sa\u00df die Dschungelmaus. Sie steuerte nicht nach Down Under, sondern direkt nach [&hellip;]<\/p>\n\t\t\t\t<\/div>\n\n\t\t\t\t\t\t\t\t\t<a href=\"https:\/\/www.verdichtet.at\/?p=15404#respond\" class=\"su-post-comments-link\">0 Kommentare<\/a>\n\t\t\t\t\n\t\t\t<\/div>\n\n\t\t\t\t\t\n\t\t\t\n\t\t\t<div id=\"su-post-15406\" class=\"su-post \">\n\n\t\t\t\t\n\t\t\t\t<h2 class=\"su-post-title\"><a href=\"https:\/\/www.verdichtet.at\/?p=15406\">Die Kellerassel<\/a><\/h2>\n\n\t\t\t\t<div class=\"su-post-meta\">\n\t\t\t\t\tVer\u00f6ffentlicht: 5. Februar 2023\t\t\t\t<\/div>\n\n\t\t\t\t<div class=\"su-post-excerpt\">\n\t\t\t\t\t<p>Niemand im Keller hat dich gern, also, Ungeziefer, bleib uns fern! Ein Sch\u00e4dling bist du, ekelhaft! Von mir aus g\u2019h\u00f6rst du abgeschafft. Nichts an dir ist sch\u00f6n oder nett, unf\u00f6rmig bist du \u2013 und viel zu fett. Mir scheint, du bist auch ziemlich bl\u00f6d; nutzlos ist dein Leben, furchtbar \u00f6d. Was hast du bei uns [&hellip;]<\/p>\n\t\t\t\t<\/div>\n\n\t\t\t\t\t\t\t\t\t<a href=\"https:\/\/www.verdichtet.at\/?p=15406#respond\" class=\"su-post-comments-link\">0 Kommentare<\/a>\n\t\t\t\t\n\t\t\t<\/div>\n\n\t\t\t\t\t\n\t\t\t\n\t\t\t<div id=\"su-post-15408\" class=\"su-post \">\n\n\t\t\t\t\n\t\t\t\t<h2 class=\"su-post-title\"><a href=\"https:\/\/www.verdichtet.at\/?p=15408\">Sieben kugelrunde S\u00e4u<\/a><\/h2>\n\n\t\t\t\t<div class=\"su-post-meta\">\n\t\t\t\t\tVer\u00f6ffentlicht: 5. Februar 2023\t\t\t\t<\/div>\n\n\t\t\t\t<div class=\"su-post-excerpt\">\n\t\t\t\t\t<p>\u00a0(nach einem Schweizer Kinderlied) Sieben kugelrunde S\u00e4u liegen nebeneinand im Heu. Alle grunzen, alle schmatzen, tun einand\u2019 am R\u00fccken kratzen. Da kommt herbei ein gelber Leu hin zum Stall der sieben S\u00e4u. Schweinchen fragt: \u201eWillst uns fressen oder hast schon z\u2019 Mittag g\u2019essen?\u201c Der gelbe Leu f\u00e4ngt an zu lachen: \u201eNiemals mach ich solche Sachen! [&hellip;]<\/p>\n\t\t\t\t<\/div>\n\n\t\t\t\t\t\t\t\t\t<a href=\"https:\/\/www.verdichtet.at\/?p=15408#respond\" class=\"su-post-comments-link\">0 Kommentare<\/a>\n\t\t\t\t\n\t\t\t<\/div>\n\n\t\t\t\t\t\n\t\t\t\n\t\t\t<div id=\"su-post-15411\" class=\"su-post \">\n\n\t\t\t\t\n\t\t\t\t<h2 class=\"su-post-title\"><a href=\"https:\/\/www.verdichtet.at\/?p=15411\">Der Schneeleopard<\/a><\/h2>\n\n\t\t\t\t<div class=\"su-post-meta\">\n\t\t\t\t\tVer\u00f6ffentlicht: 5. Februar 2023\t\t\t\t<\/div>\n\n\t\t\t\t<div class=\"su-post-excerpt\">\n\t\t\t\t\t<p>Ich bin der Schneeleopard, der letzte meiner Art. Schlepp mich \u00fcber Felsgestein, die Hitz\u2019 ist meine gr\u00f6\u00dfte Pein. Ein Sturm tobt dann und wann, f\u00fchlt sich nicht wie fr\u00fcher an. Tr\u00e4ume, die versiegen, haben verlernt zu fliegen. Ein Schmerz packt meine Brust, l\u00e4ngst vorbei ist jede Lust. Hab keine Kraft zu weinen, will mit den [&hellip;]<\/p>\n\t\t\t\t<\/div>\n\n\t\t\t\t\t\t\t\t\t<a href=\"https:\/\/www.verdichtet.at\/?p=15411#respond\" class=\"su-post-comments-link\">0 Kommentare<\/a>\n\t\t\t\t\n\t\t\t<\/div>\n\n\t\t\t\t\t\n\t\t\t\n\t\t\t<div id=\"su-post-15413\" class=\"su-post \">\n\n\t\t\t\t\n\t\t\t\t<h2 class=\"su-post-title\"><a href=\"https:\/\/www.verdichtet.at\/?p=15413\">Der schlagfertige Esel<\/a><\/h2>\n\n\t\t\t\t<div class=\"su-post-meta\">\n\t\t\t\t\tVer\u00f6ffentlicht: 5. Februar 2023\t\t\t\t<\/div>\n\n\t\t\t\t<div class=\"su-post-excerpt\">\n\t\t\t\t\t<p>\u201eDu bist so dumm, so furchtbar dumm\u201c, sagt das Rind zum st\u00f6rrischen Esel. \u201eAlles l\u00e4sst du mit dir machen!\u201c \u201eSo schlimm kann\u2019s nicht sein\u201c, sagt der Esel, \u201eoder hast du bl\u00f6des Rind jemals von einem Eselsbraten geh\u00f6rt?\u201c Bernd Watzka Informationen zu Live-Terminen, Buchbestellungen und Videos www.verdichtet.at |\u00a0Kategorie: Von M\u00fccke zu Elefant | Inventarnummer: 23059<\/p>\n\t\t\t\t<\/div>\n\n\t\t\t\t\t\t\t\t\t<a href=\"https:\/\/www.verdichtet.at\/?p=15413#respond\" class=\"su-post-comments-link\">0 Kommentare<\/a>\n\t\t\t\t\n\t\t\t<\/div>\n\n\t\t\t\t\t\n\t\t\t\n\t\t\t<div id=\"su-post-15415\" class=\"su-post \">\n\n\t\t\t\t\n\t\t\t\t<h2 class=\"su-post-title\"><a href=\"https:\/\/www.verdichtet.at\/?p=15415\">Kafkas K\u00e4fer<\/a><\/h2>\n\n\t\t\t\t<div class=\"su-post-meta\">\n\t\t\t\t\tVer\u00f6ffentlicht: 5. Februar 2023\t\t\t\t<\/div>\n\n\t\t\t\t<div class=\"su-post-excerpt\">\n\t\t\t\t\t<p>Howdy, hier spricht ein K\u00e4fer der \u201eVerwandlung\u201c. Nicht Gregor Samsa, sondern ein geb\u00fcrtiger K\u00e4fer, der unter Gregors Bettlein haust und\u00a0in der Erz\u00e4hlung keine Rolle spielt. Als ungeheures Ungeziefer wird mein K\u00e4ferbruder Gregor in der Geschicht beschrieben \u2013 und, nicht weniger schlimm, er denkt als K\u00e4fer weiter wie ein Mensch. Ich sage: Kafka! Du h\u00e4ttest deine [&hellip;]<\/p>\n\t\t\t\t<\/div>\n\n\t\t\t\t\t\t\t\t\t<a href=\"https:\/\/www.verdichtet.at\/?p=15415#respond\" class=\"su-post-comments-link\">0 Kommentare<\/a>\n\t\t\t\t\n\t\t\t<\/div>\n\n\t\t\t\t\t\n\t\t\t\n\t\t\t<div id=\"su-post-15417\" class=\"su-post \">\n\n\t\t\t\t\n\t\t\t\t<h2 class=\"su-post-title\"><a href=\"https:\/\/www.verdichtet.at\/?p=15417\">Die Heringe<\/a><\/h2>\n\n\t\t\t\t<div class=\"su-post-meta\">\n\t\t\t\t\tVer\u00f6ffentlicht: 5. Februar 2023\t\t\t\t<\/div>\n\n\t\t\t\t<div class=\"su-post-excerpt\">\n\t\t\t\t\t<p>O gro\u00dfes Leid, o Jammer: Ihr schl\u00e4gt uns mit dem Hammer am Campingplatz\u00a0in die Erd, oft noch mit Steinen beschwert. So stecken wir Heringe fest, W\u00fcrmer geben uns den Rest. Was k\u00f6nnen wir noch tun? Warten auf einen Taifun! Wenn\u2019s blitzt mit Donnerschl\u00e4gen, Hochwasser und Dauerregen, schwimmen wir Heringe voll Hohn mitsamt euren Zelten davon. [&hellip;]<\/p>\n\t\t\t\t<\/div>\n\n\t\t\t\t\t\t\t\t\t<a href=\"https:\/\/www.verdichtet.at\/?p=15417#respond\" class=\"su-post-comments-link\">0 Kommentare<\/a>\n\t\t\t\t\n\t\t\t<\/div>\n\n\t\t\t\t\t\n\t\t\t\n\t\t\t<div id=\"su-post-15420\" class=\"su-post \">\n\n\t\t\t\t\n\t\t\t\t<h2 class=\"su-post-title\"><a href=\"https:\/\/www.verdichtet.at\/?p=15420\">Die Gans Adelheid<\/a><\/h2>\n\n\t\t\t\t<div class=\"su-post-meta\">\n\t\t\t\t\tVer\u00f6ffentlicht: 5. Februar 2023\t\t\t\t<\/div>\n\n\t\t\t\t<div class=\"su-post-excerpt\">\n\t\t\t\t\t<p>Gans Adelheid hat Kummer heut. Denn G\u00e4nserich Erich ist nicht ehrlich. Er wolle zum Teich, doch kommt Gekeuch aus\u2019m Stadl ums Eck &#8211; sein dunkles Versteck. Dort treibt\u2019s der Erich mit Frau Gehrlich. Adelheid macht Licht; schreit: \u201eUntreuer Wicht!\u201c \u00ad\u2013 so endet das Gedicht. Bernd Watzka Informationen zu Live-Terminen, Buchbestellungen und Videos www.verdichtet.at |\u00a0Kategorie: Von [&hellip;]<\/p>\n\t\t\t\t<\/div>\n\n\t\t\t\t\t\t\t\t\t<a href=\"https:\/\/www.verdichtet.at\/?p=15420#respond\" class=\"su-post-comments-link\">0 Kommentare<\/a>\n\t\t\t\t\n\t\t\t<\/div>\n\n\t\t\t\t\t\n\t\t\t\n\t\t\t<div id=\"su-post-15422\" class=\"su-post \">\n\n\t\t\t\t\n\t\t\t\t<h2 class=\"su-post-title\"><a href=\"https:\/\/www.verdichtet.at\/?p=15422\">Die fatalistische Fruchtfliege<\/a><\/h2>\n\n\t\t\t\t<div class=\"su-post-meta\">\n\t\t\t\t\tVer\u00f6ffentlicht: 5. Februar 2023\t\t\t\t<\/div>\n\n\t\t\t\t<div class=\"su-post-excerpt\">\n\t\t\t\t\t<p>Ich bin bei Gott nicht zu beneiden, ihr k\u00f6nnt mich auf den Tod nicht leiden; streut \u00fcber mich b\u00f6se Ger\u00fcchte, wahr ist: Ich flieg auf eure Fr\u00fcchte. Vor allem im Herbst, wenn\u2019s Obst sch\u00f6n g\u00e4rt, hat es f\u00fcr mich kulinarischen Wert. Je zergatschter, desto besser \u2013 dazu am besten ein Norgerl G\u00f6sser. Auch vergor\u2019ne S\u00e4fte [&hellip;]<\/p>\n\t\t\t\t<\/div>\n\n\t\t\t\t\t\t\t\t\t<a href=\"https:\/\/www.verdichtet.at\/?p=15422#respond\" class=\"su-post-comments-link\">0 Kommentare<\/a>\n\t\t\t\t\n\t\t\t<\/div>\n\n\t\t\t\t\t\n\t\t\t\n\t\t\t<div id=\"su-post-16619\" class=\"su-post \">\n\n\t\t\t\t\n\t\t\t\t<h2 class=\"su-post-title\"><a href=\"https:\/\/www.verdichtet.at\/?p=16619\">Die Amsel und der Wiedehopf<\/a><\/h2>\n\n\t\t\t\t<div class=\"su-post-meta\">\n\t\t\t\t\tVer\u00f6ffentlicht: 5. September 2023\t\t\t\t<\/div>\n\n\t\t\t\t<div class=\"su-post-excerpt\">\n\t\t\t\t\t<p>Die Amsel hat den Wiedehopf verlassen. Da steigt der Wiedehopf in einen Panzer und m\u00e4ht 20 Pilze und Schwammerl nieder. Die Ameisen hatten wenig zu lachen. Dem Wiedehopf hingegen ging es rasch besser. Bernd Watzka Informationen zu Live-Terminen, Buchbestellungen und Videos www.verdichtet.at |\u00a0Kategorie: Von M\u00fccke zu Elefant | Inventarnummer: 23130<\/p>\n\t\t\t\t<\/div>\n\n\t\t\t\t\t\t\t\t\t<a href=\"https:\/\/www.verdichtet.at\/?p=16619#respond\" class=\"su-post-comments-link\">0 Kommentare<\/a>\n\t\t\t\t\n\t\t\t<\/div>\n\n\t\t\t\t\t\n\t\t\t\n\t\t\t<div id=\"su-post-16621\" class=\"su-post \">\n\n\t\t\t\t\n\t\t\t\t<h2 class=\"su-post-title\"><a href=\"https:\/\/www.verdichtet.at\/?p=16621\">Die Amsel<\/a><\/h2>\n\n\t\t\t\t<div class=\"su-post-meta\">\n\t\t\t\t\tVer\u00f6ffentlicht: 5. September 2023\t\t\t\t<\/div>\n\n\t\t\t\t<div class=\"su-post-excerpt\">\n\t\t\t\t\t<p>Am Rand des Waldes sa\u00df eine junge Amsel. Ihr gelber Schnabel ragte neugierig und voller Hoffnung aus einem Busch hervor. Die Luft zitterte vor Erregung. Doch nichts geschah. \u00dcberhaupt nichts. Bernd Watzka Informationen zu Live-Terminen, Buchbestellungen und Videos www.verdichtet.at |\u00a0Kategorie: Von M\u00fccke zu Elefant | Inventarnummer: 23131<\/p>\n\t\t\t\t<\/div>\n\n\t\t\t\t\t\t\t\t\t<a href=\"https:\/\/www.verdichtet.at\/?p=16621#respond\" class=\"su-post-comments-link\">0 Kommentare<\/a>\n\t\t\t\t\n\t\t\t<\/div>\n\n\t\t\t\t\t\n\t\t\t\n\t\t\t<div id=\"su-post-16623\" class=\"su-post \">\n\n\t\t\t\t\n\t\t\t\t<h2 class=\"su-post-title\"><a href=\"https:\/\/www.verdichtet.at\/?p=16623\">Der Drohnenflug<\/a><\/h2>\n\n\t\t\t\t<div class=\"su-post-meta\">\n\t\t\t\t\tVer\u00f6ffentlicht: 5. September 2023\t\t\t\t<\/div>\n\n\t\t\t\t<div class=\"su-post-excerpt\">\n\t\t\t\t\t<p>Dann kam die bittere Zeit des Drohnenflugs. Joe starb auf einer Butterblume. Henry w\u00e4hrend eines lupenreinen 1-A-Loopings. Tom und Frank an der K\u00fcste der Bretagne. Allein Allen konnte sich ins Bett retten und zog voller Angst die Decke \u00fcber den Kopf. Ganz ehrlich: Ich m\u00f6chte keine Drohne sein! Bernd Watzka Informationen zu Live-Terminen, Buchbestellungen und [&hellip;]<\/p>\n\t\t\t\t<\/div>\n\n\t\t\t\t\t\t\t\t\t<a href=\"https:\/\/www.verdichtet.at\/?p=16623#respond\" class=\"su-post-comments-link\">0 Kommentare<\/a>\n\t\t\t\t\n\t\t\t<\/div>\n\n\t\t\t\t\t\n\t\t\t\n\t\t\t<div id=\"su-post-16625\" class=\"su-post \">\n\n\t\t\t\t\n\t\t\t\t<h2 class=\"su-post-title\"><a href=\"https:\/\/www.verdichtet.at\/?p=16625\">Der Ameisengeneral<\/a><\/h2>\n\n\t\t\t\t<div class=\"su-post-meta\">\n\t\t\t\t\tVer\u00f6ffentlicht: 5. September 2023\t\t\t\t<\/div>\n\n\t\t\t\t<div class=\"su-post-excerpt\">\n\t\t\t\t\t<p>\u201eWohlan\u201c, sprach der franz\u00f6sische Ameisengeneral, \u201ewir m\u00fcssen die Tore Londons erreicht haben, bevor die Nacht hereinbricht!\u201c Und die Ameisenarmee zog los und nahm im K\u00fcchenabteil des Eurotrains Platz. Doch die Sonne ging bereits unter, als sich der Zug endlich in Bewegung setzte. Immer diese Unp\u00fcnktlichkeit bei Feldz\u00fcgen! Bernd Watzka Informationen zu Live-Terminen, Buchbestellungen und Videos [&hellip;]<\/p>\n\t\t\t\t<\/div>\n\n\t\t\t\t\t\t\t\t\t<a href=\"https:\/\/www.verdichtet.at\/?p=16625#respond\" class=\"su-post-comments-link\">0 Kommentare<\/a>\n\t\t\t\t\n\t\t\t<\/div>\n\n\t\t\t\t\t\n\t\t\t\n\t\t\t<div id=\"su-post-16627\" class=\"su-post \">\n\n\t\t\t\t\n\t\t\t\t<h2 class=\"su-post-title\"><a href=\"https:\/\/www.verdichtet.at\/?p=16627\">Muskatnuss und Siebenschl\u00e4fer<\/a><\/h2>\n\n\t\t\t\t<div class=\"su-post-meta\">\n\t\t\t\t\tVer\u00f6ffentlicht: 5. September 2023\t\t\t\t<\/div>\n\n\t\t\t\t<div class=\"su-post-excerpt\">\n\t\t\t\t\t<p>Eine reife Muskatnuss fiel auf sieben Siebenschl\u00e4fer, sodass alle erwachten und die Muskatnuss zornig zum Teufel schickten. Aus Versehen schickten sie einen der ihren mit der Muskatnuss auf die Reise. Die verbliebenen sechs Siebenschl\u00e4fer heirateten sofort. Bernd Watzka Informationen zu Live-Terminen, Buchbestellungen und Videos www.verdichtet.at |\u00a0Kategorie: Von M\u00fccke zu Elefant | Inventarnummer: 23128<\/p>\n\t\t\t\t<\/div>\n\n\t\t\t\t\t\t\t\t\t<a href=\"https:\/\/www.verdichtet.at\/?p=16627#respond\" class=\"su-post-comments-link\">0 Kommentare<\/a>\n\t\t\t\t\n\t\t\t<\/div>\n\n\t\t\t\t\t\n\t\t\t\n\t\t\t<div id=\"su-post-16629\" class=\"su-post \">\n\n\t\t\t\t\n\t\t\t\t<h2 class=\"su-post-title\"><a href=\"https:\/\/www.verdichtet.at\/?p=16629\">Der geh\u00f6rnte Stier<\/a><\/h2>\n\n\t\t\t\t<div class=\"su-post-meta\">\n\t\t\t\t\tVer\u00f6ffentlicht: 5. September 2023\t\t\t\t<\/div>\n\n\t\t\t\t<div class=\"su-post-excerpt\">\n\t\t\t\t\t<p>Als Mitgift erhielt ein stattlicher Stier aus Aussee von seinen Schwiegereltern das herrliche Geweih eines pr\u00e4historischen Auerochsen, der die Braut zuvor im Naturhistorischen verf\u00fchrt hatte. Doch das konnte der Stier nicht wissen. Bernd Watzka Informationen zu Live-Terminen, Buchbestellungen und Videos www.verdichtet.at |\u00a0Kategorie: Von M\u00fccke zu Elefant | Inventarnummer: 23178<\/p>\n\t\t\t\t<\/div>\n\n\t\t\t\t\t\t\t\t\t<a href=\"https:\/\/www.verdichtet.at\/?p=16629#respond\" class=\"su-post-comments-link\">0 Kommentare<\/a>\n\t\t\t\t\n\t\t\t<\/div>\n\n\t\t\t\t\t\n\t\t\t\n\t\t\t<div id=\"su-post-16631\" class=\"su-post \">\n\n\t\t\t\t\n\t\t\t\t<h2 class=\"su-post-title\"><a href=\"https:\/\/www.verdichtet.at\/?p=16631\">Eiskalter Wind am Polarkreis<\/a><\/h2>\n\n\t\t\t\t<div class=\"su-post-meta\">\n\t\t\t\t\tVer\u00f6ffentlicht: 5. September 2023\t\t\t\t<\/div>\n\n\t\t\t\t<div class=\"su-post-excerpt\">\n\t\t\t\t\t<p>Eiskalter Wind am Polarkreis. Die Pinguine ziehen schnurstracks ihre s\u00fcndhaft teuren Fischgr\u00e4t-M\u00e4ntel an und gehen allesamt in den Club, wo eine Robbenband Dixieland spielt. Wenn der Whisky dort nicht so teuer w\u00e4re! Bernd Watzka Informationen zu Live-Terminen, Buchbestellungen und Videos www.verdichtet.at |\u00a0Kategorie: Von M\u00fccke zu Elefant | Inventarnummer: 23177<\/p>\n\t\t\t\t<\/div>\n\n\t\t\t\t\t\t\t\t\t<a href=\"https:\/\/www.verdichtet.at\/?p=16631#respond\" class=\"su-post-comments-link\">0 Kommentare<\/a>\n\t\t\t\t\n\t\t\t<\/div>\n\n\t\t\t\t\t\n\t\t\t\n\t\t\t<div id=\"su-post-16633\" class=\"su-post \">\n\n\t\t\t\t\n\t\t\t\t<h2 class=\"su-post-title\"><a href=\"https:\/\/www.verdichtet.at\/?p=16633\">Das Lamm im Nerzpelz<\/a><\/h2>\n\n\t\t\t\t<div class=\"su-post-meta\">\n\t\t\t\t\tVer\u00f6ffentlicht: 5. September 2023\t\t\t\t<\/div>\n\n\t\t\t\t<div class=\"su-post-excerpt\">\n\t\t\t\t\t<p>Gratuliere, Gratuliere! Das Lamm im Schafspelz aus Oberaich hat beim Preisausschreiben einen Nerz gewonnen. Bernd Watzka Informationen zu Live-Terminen, Buchbestellungen und Videos www.verdichtet.at |\u00a0Kategorie: Von M\u00fccke zu Elefant | Inventarnummer: 23175<\/p>\n\t\t\t\t<\/div>\n\n\t\t\t\t\t\t\t\t\t<a href=\"https:\/\/www.verdichtet.at\/?p=16633#respond\" class=\"su-post-comments-link\">0 Kommentare<\/a>\n\t\t\t\t\n\t\t\t<\/div>\n\n\t\t\t\t\t\n\t\t\t\n\t\t\t<div id=\"su-post-16635\" class=\"su-post \">\n\n\t\t\t\t\n\t\t\t\t<h2 class=\"su-post-title\"><a href=\"https:\/\/www.verdichtet.at\/?p=16635\">Der Dachs<\/a><\/h2>\n\n\t\t\t\t<div class=\"su-post-meta\">\n\t\t\t\t\tVer\u00f6ffentlicht: 5. September 2023\t\t\t\t<\/div>\n\n\t\t\t\t<div class=\"su-post-excerpt\">\n\t\t\t\t\t<p>Alles, was ihm lieb und teuer war, hatte der Dachs verloren. Da packte der Dachs alles, was ihm b\u00f6s und billig war, in eine Reisetasche und schiffte sich nach New York ein. Viel Gl\u00fcck in den Staaten, alter Sportsfreund! Bernd Watzka Informationen zu Live-Terminen, Buchbestellungen und Videos www.verdichtet.at |\u00a0Kategorie: Von M\u00fccke zu Elefant | Inventarnummer: [&hellip;]<\/p>\n\t\t\t\t<\/div>\n\n\t\t\t\t\t\t\t\t\t<a href=\"https:\/\/www.verdichtet.at\/?p=16635#respond\" class=\"su-post-comments-link\">0 Kommentare<\/a>\n\t\t\t\t\n\t\t\t<\/div>\n\n\t\t\t\t\t\n\t\t\t\n\t\t\t<div id=\"su-post-16637\" class=\"su-post \">\n\n\t\t\t\t\n\t\t\t\t<h2 class=\"su-post-title\"><a href=\"https:\/\/www.verdichtet.at\/?p=16637\">Das Schweigen des Goldkehlchens<\/a><\/h2>\n\n\t\t\t\t<div class=\"su-post-meta\">\n\t\t\t\t\tVer\u00f6ffentlicht: 5. September 2023\t\t\t\t<\/div>\n\n\t\t\t\t<div class=\"su-post-excerpt\">\n\t\t\t\t\t<p>Das Goldkehlchen hatte aufgeh\u00f6rt zu singen und schloss sich in einer hohlen Tanne ein. Den gesangsverw\u00f6hnten Rehen im Wald missfiel die Aktion aufs \u00c4u\u00dferste. Nur die Rehb\u00f6cke waren froh: Die Rehe kamen zu ihnen zur\u00fcck und es gab endlich wieder Sex. Bernd Watzka Informationen zu Live-Terminen, Buchbestellungen und Videos www.verdichtet.at |\u00a0Kategorie: Von M\u00fccke zu Elefant [&hellip;]<\/p>\n\t\t\t\t<\/div>\n\n\t\t\t\t\t\t\t\t\t<a href=\"https:\/\/www.verdichtet.at\/?p=16637#respond\" class=\"su-post-comments-link\">0 Kommentare<\/a>\n\t\t\t\t\n\t\t\t<\/div>\n\n\t\t\t\t\t\n\t\t\t\n\t\t\t<div id=\"su-post-16639\" class=\"su-post \">\n\n\t\t\t\t\n\t\t\t\t<h2 class=\"su-post-title\"><a href=\"https:\/\/www.verdichtet.at\/?p=16639\">Bis repetita non placent\/Klonschaf Nr. 458<\/a><\/h2>\n\n\t\t\t\t<div class=\"su-post-meta\">\n\t\t\t\t\tVer\u00f6ffentlicht: 5. September 2023\t\t\t\t<\/div>\n\n\t\t\t\t<div class=\"su-post-excerpt\">\n\t\t\t\t\t<p>Das kleinste und schw\u00e4chste Klonschaf, Klonschaf Nr. 458, erz\u00e4hlte mir seinen aufregendsten Traum. Einziges Problem: Ich hab die Geschichte schon 457 Mal geh\u00f6rt. Bernd Watzka Informationen zu Live-Terminen, Buchbestellungen und Videos www.verdichtet.at |\u00a0Kategorie: Von M\u00fccke zu Elefant | Inventarnummer: 23153<\/p>\n\t\t\t\t<\/div>\n\n\t\t\t\t\t\t\t\t\t<a href=\"https:\/\/www.verdichtet.at\/?p=16639#respond\" class=\"su-post-comments-link\">0 Kommentare<\/a>\n\t\t\t\t\n\t\t\t<\/div>\n\n\t\t\t\t\t\n\t\t\t\n\t\t\t<div id=\"su-post-17196\" class=\"su-post \">\n\n\t\t\t\t\n\t\t\t\t<h2 class=\"su-post-title\"><a href=\"https:\/\/www.verdichtet.at\/?p=17196\">Ochs und Esel aus Bethlehems Stall<\/a><\/h2>\n\n\t\t\t\t<div class=\"su-post-meta\">\n\t\t\t\t\tVer\u00f6ffentlicht: 11. Dezember 2023\t\t\t\t<\/div>\n\n\t\t\t\t<div class=\"su-post-excerpt\">\n\t\t\t\t\t<p>Wir leuchten zwar nicht am Firmament, doch wir steh\u2019n im Neuen Testament. Wir waren einst die fade Staffage vom Jesuskind und seiner Bagage. Wir mussten im Hintergrund bleiben, als tierische Tapete (echt zum Speiben). w\u00e4hrend vor uns ein Wunder geschah: die Geburt des Heilands \u2013 das wisst ihr ja. Was kann man \u00fcber uns sonst [&hellip;]<\/p>\n\t\t\t\t<\/div>\n\n\t\t\t\t\t\t\t\t\t<a href=\"https:\/\/www.verdichtet.at\/?p=17196#respond\" class=\"su-post-comments-link\">0 Kommentare<\/a>\n\t\t\t\t\n\t\t\t<\/div>\n\n\t\t\t\t\t\n\t\t\t\n\t\t\t<div id=\"su-post-19129\" class=\"su-post \">\n\n\t\t\t\t\n\t\t\t\t<h2 class=\"su-post-title\"><a href=\"https:\/\/www.verdichtet.at\/?p=19129\">Berliner L\u00f6win vs. Berliner B\u00e4r<\/a><\/h2>\n\n\t\t\t\t<div class=\"su-post-meta\">\n\t\t\t\t\tVer\u00f6ffentlicht: 18. November 2024\t\t\t\t<\/div>\n\n\t\t\t\t<div class=\"su-post-excerpt\">\n\t\t\t\t\t<p>\u00a0gewidmet jenem im Juli 2023 in Berlin gesichteten, unbekannten Tier Zornig fragt mich der Berliner B\u00e4r: \u201eL\u00f6we, wo kommst du denn her? Hier ist nur Platz f\u00fcr einen Star \u2013 also bitte mach dich rar.\u201c \u201eGevatter B\u00e4r\u201c, erwidre ich \u201edemokratisch ist das nich\u2019. Au\u00dferdem sorg ich f\u00fcr Quoten von Mumbai bis zu den Lofoten. Die [&hellip;]<\/p>\n\t\t\t\t<\/div>\n\n\t\t\t\t\t\t\t\t\t<a href=\"https:\/\/www.verdichtet.at\/?p=19129#respond\" class=\"su-post-comments-link\">0 Kommentare<\/a>\n\t\t\t\t\n\t\t\t<\/div>\n\n\t\t\t\t\t\n\t\t\t\n\t\t\t<div id=\"su-post-19131\" class=\"su-post \">\n\n\t\t\t\t\n\t\t\t\t<h2 class=\"su-post-title\"><a href=\"https:\/\/www.verdichtet.at\/?p=19131\">Das Murmeltier<\/a><\/h2>\n\n\t\t\t\t<div class=\"su-post-meta\">\n\t\t\t\t\tVer\u00f6ffentlicht: 18. November 2024\t\t\t\t<\/div>\n\n\t\t\t\t<div class=\"su-post-excerpt\">\n\t\t\t\t\t<p>\u201eMummurmurrrmum mmrummmarrrum?\u201c \u201eJa, warum nicht\u201c sagte der Steinbock \u2013 obwohl er kein Wort des Murmeltiers verstanden hatte. Bernd Watzka Informationen zu Live-Terminen, Buchbestellungen und Videos www.verdichtet.at |\u00a0Kategorie: Von M\u00fccke zu Elefant | Inventarnummer: 24192<\/p>\n\t\t\t\t<\/div>\n\n\t\t\t\t\t\t\t\t\t<a href=\"https:\/\/www.verdichtet.at\/?p=19131#respond\" class=\"su-post-comments-link\">0 Kommentare<\/a>\n\t\t\t\t\n\t\t\t<\/div>\n\n\t\t\t\t\t\n\t\t\t\n\t\t\t<div id=\"su-post-19133\" class=\"su-post \">\n\n\t\t\t\t\n\t\t\t\t<h2 class=\"su-post-title\"><a href=\"https:\/\/www.verdichtet.at\/?p=19133\">Klagelied der Knoblauchkr\u00f6te<\/a><\/h2>\n\n\t\t\t\t<div class=\"su-post-meta\">\n\t\t\t\t\tVer\u00f6ffentlicht: 18. November 2024\t\t\t\t<\/div>\n\n\t\t\t\t<div class=\"su-post-excerpt\">\n\t\t\t\t\t<p>Elefant, Tiger, Eisb\u00e4r, Giraffe, Panda, Delfin und Gorilla-Affe: Sie alle sind heut in h\u00f6chster Not \u2013 will hei\u00dfen: vom Aussterben bedroht. Doch auch ich bin durchaus in Gefahr die Knoblauchkr\u00f6te ist schon sehr rar. Meine Lebensr\u00e4ume verschwinden wo soll ich noch Laichpl\u00e4tze finden? Ich erw\u00e4hne das nur nebenbei \u2013 mein Los geht euch am Arsch [&hellip;]<\/p>\n\t\t\t\t<\/div>\n\n\t\t\t\t\t\t\t\t\t<a href=\"https:\/\/www.verdichtet.at\/?p=19133#respond\" class=\"su-post-comments-link\">0 Kommentare<\/a>\n\t\t\t\t\n\t\t\t<\/div>\n\n\t\t\t\t\t\n\t\t\t\n\t\t\t<div id=\"su-post-19136\" class=\"su-post \">\n\n\t\t\t\t\n\t\t\t\t<h2 class=\"su-post-title\"><a href=\"https:\/\/www.verdichtet.at\/?p=19136\">Das Saola<\/a><\/h2>\n\n\t\t\t\t<div class=\"su-post-meta\">\n\t\t\t\t\tVer\u00f6ffentlicht: 18. November 2024\t\t\t\t<\/div>\n\n\t\t\t\t<div class=\"su-post-excerpt\">\n\t\t\t\t\t<p>Ich bin das seltenste Tier der Welt, f\u00fcr mich bek\u00e4mt ihr sehr viel Geld. Mein Stamm, das sind die Rinder \u2013 nur bin ich beim Laufen g\u2019schwinder. Ich leb im Dschungel, der ist dicht; B\u00e4ume verstellen euch die Sicht. Sonst wei\u00df man nichts \u00fcber mich doch das ist nicht bedauerlich. Vergesst mich bitte ganz, ganz [&hellip;]<\/p>\n\t\t\t\t<\/div>\n\n\t\t\t\t\t\t\t\t\t<a href=\"https:\/\/www.verdichtet.at\/?p=19136#respond\" class=\"su-post-comments-link\">0 Kommentare<\/a>\n\t\t\t\t\n\t\t\t<\/div>\n\n\t\t\t\t\t\n\t\t\t\n\t\t\t<div id=\"su-post-19138\" class=\"su-post \">\n\n\t\t\t\t\n\t\t\t\t<h2 class=\"su-post-title\"><a href=\"https:\/\/www.verdichtet.at\/?p=19138\">Die schrecklichen Drachen<\/a><\/h2>\n\n\t\t\t\t<div class=\"su-post-meta\">\n\t\t\t\t\tVer\u00f6ffentlicht: 18. November 2024\t\t\t\t<\/div>\n\n\t\t\t\t<div class=\"su-post-excerpt\">\n\t\t\t\t\t<p>Wir sind die schrecklichen Drachen \u2013 h\u00f6r ich hier jemanden lachen? Was ist so furchtbar lustig dran, wenn wir Feuer spei\u2019n dann und wann? Wenn man flattert mit breiten Schwingen, um in einsame H\u00fctten einzudringen und dann mit der Drachenz\u00e4hne Macht Menschen um einen Kopf k\u00fcrzer macht. Sagt mir, warum am\u00fcsiert ihr euch \u00fcber jeden [&hellip;]<\/p>\n\t\t\t\t<\/div>\n\n\t\t\t\t\t\t\t\t\t<a href=\"https:\/\/www.verdichtet.at\/?p=19138#respond\" class=\"su-post-comments-link\">0 Kommentare<\/a>\n\t\t\t\t\n\t\t\t<\/div>\n\n\t\t\t\t\t\n\t\t\t\n\t\t\t<div id=\"su-post-19140\" class=\"su-post \">\n\n\t\t\t\t\n\t\t\t\t<h2 class=\"su-post-title\"><a href=\"https:\/\/www.verdichtet.at\/?p=19140\">Das Angora-Kaninchen<\/a><\/h2>\n\n\t\t\t\t<div class=\"su-post-meta\">\n\t\t\t\t\tVer\u00f6ffentlicht: 18. November 2024\t\t\t\t<\/div>\n\n\t\t\t\t<div class=\"su-post-excerpt\">\n\t\t\t\t\t<p>Ich leb auf einer Kaninchen-Farm in Blut und Tr\u00e4nen \u2013 Gott erbarm. Im Drahtk\u00e4fig vegetier ich dahin, kein Sonnenstrahl kommt zu mir hin. Viermal im Jahr, das sollt ihr wissen, wird mir das Fell hier ausgerissen. Dann frier ich, furchtbar entstellt \u2013 mein Pelz geht derweil um die Welt. Der Geldmacherei gilt euer Streben, nur [&hellip;]<\/p>\n\t\t\t\t<\/div>\n\n\t\t\t\t\t\t\t\t\t<a href=\"https:\/\/www.verdichtet.at\/?p=19140#respond\" class=\"su-post-comments-link\">0 Kommentare<\/a>\n\t\t\t\t\n\t\t\t<\/div>\n\n\t\t\t\t\t\n\t\t\t\n\t\t\t<div id=\"su-post-19142\" class=\"su-post \">\n\n\t\t\t\t\n\t\t\t\t<h2 class=\"su-post-title\"><a href=\"https:\/\/www.verdichtet.at\/?p=19142\">Das heitere K\u00fcken<\/a><\/h2>\n\n\t\t\t\t<div class=\"su-post-meta\">\n\t\t\t\t\tVer\u00f6ffentlicht: 18. November 2024\t\t\t\t<\/div>\n\n\t\t\t\t<div class=\"su-post-excerpt\">\n\t\t\t\t\t<p>Der Vorteil von einem K\u00fcken: Beim Fressen muss es sich nicht b\u00fccken. Es pickt die K\u00f6rner aus dem Stroh und ist zeit seines Lebens froh. \u201eBesser vierzig gl\u00fcckliche Tage als zehn Jahre voller Plage\u201c, denkt es sich und frisst weiter. Dummheit macht stets heiter. Bernd Watzka Informationen zu Live-Terminen, Buchbestellungen und Videos www.verdichtet.at |\u00a0Kategorie: Von [&hellip;]<\/p>\n\t\t\t\t<\/div>\n\n\t\t\t\t\t\t\t\t\t<a href=\"https:\/\/www.verdichtet.at\/?p=19142#respond\" class=\"su-post-comments-link\">0 Kommentare<\/a>\n\t\t\t\t\n\t\t\t<\/div>\n\n\t\t\t\t\t\n\t\t\t\n\t\t\t<div id=\"su-post-19144\" class=\"su-post \">\n\n\t\t\t\t\n\t\t\t\t<h2 class=\"su-post-title\"><a href=\"https:\/\/www.verdichtet.at\/?p=19144\">Die tragische Gelsen-Trilogie<\/a><\/h2>\n\n\t\t\t\t<div class=\"su-post-meta\">\n\t\t\t\t\tVer\u00f6ffentlicht: 18. November 2024\t\t\t\t<\/div>\n\n\t\t\t\t<div class=\"su-post-excerpt\">\n\t\t\t\t\t<p>1. Teil: Die emotional wertlose Begegnung von Gelse und Hummel Sssssss Dzzzzz 2. Teil: Die vielversprechende Begegnung von Gelse und Hummel (Stunden nach der emotional wertlosen Begegnung) Sssssssssss Dzzzzzzzz Ssss. D-z-z-z. 3. Teil: Das \u00fcberraschende Ende der Ann\u00e4herung von Gelse und Hummel Sssssssssss Dzzzzzzzz Ssss \u2013 KLATSCH! Bernd Watzka Informationen zu Live-Terminen, Buchbestellungen und Videos [&hellip;]<\/p>\n\t\t\t\t<\/div>\n\n\t\t\t\t\t\t\t\t\t<a href=\"https:\/\/www.verdichtet.at\/?p=19144#respond\" class=\"su-post-comments-link\">0 Kommentare<\/a>\n\t\t\t\t\n\t\t\t<\/div>\n\n\t\t\t\t\t\n\t\t\t\n\t\t\t<div id=\"su-post-19146\" class=\"su-post \">\n\n\t\t\t\t\n\t\t\t\t<h2 class=\"su-post-title\"><a href=\"https:\/\/www.verdichtet.at\/?p=19146\">Ionescos Nash\u00f6rner<\/a><\/h2>\n\n\t\t\t\t<div class=\"su-post-meta\">\n\t\t\t\t\tVer\u00f6ffentlicht: 18. November 2024\t\t\t\t<\/div>\n\n\t\t\t\t<div class=\"su-post-excerpt\">\n\t\t\t\t\t<p>Die Nash\u00f6rner aus Ionescos St\u00fcck spielen aus gutem Grund verr\u00fcckt. \u201eWie werden wir denn dargestellt? Als Herdentiere komplett entstellt! Dabei sind wir Einzelg\u00e4nger und waren nie Befehlsempf\u00e4nger! Wir meiden auch das Randalieren, gehen lieber abends kurz spazieren. Als Knechtschaft-Symbol f\u00fcr Diktatur verwend eine andere Kreatur! Am besten eignet sich daf\u00fcr der Mensch, das d\u00fcmmste Massentier. [&hellip;]<\/p>\n\t\t\t\t<\/div>\n\n\t\t\t\t\t\t\t\t\t<a href=\"https:\/\/www.verdichtet.at\/?p=19146#respond\" class=\"su-post-comments-link\">0 Kommentare<\/a>\n\t\t\t\t\n\t\t\t<\/div>\n\n\t\t\t\t\t\n\t\t\t\n\t\t\t<div id=\"su-post-20565\" class=\"su-post \">\n\n\t\t\t\t\n\t\t\t\t<h2 class=\"su-post-title\"><a href=\"https:\/\/www.verdichtet.at\/?p=20565\">Ein Strau\u00df namens Johann (zum Strau\u00df-Jahr 2025)<\/a><\/h2>\n\n\t\t\t\t<div class=\"su-post-meta\">\n\t\t\t\t\tVer\u00f6ffentlicht: 1. August 2025\t\t\t\t<\/div>\n\n\t\t\t\t<div class=\"su-post-excerpt\">\n\t\t\t\t\t<p>\u00a0 Ich bin ein stinknormaler Strau\u00df,\u00a0\u00a0Gr\u00e4ser sind mein Lieblingsschmaus\u00a0Zur Not ess ich auch Notenbl\u00e4tter \u2013\u00a0\u00a0doch dann gibt\u2019s ein Donnerwetter\u00a0 Mein Bauch ist gro\u00df, \u2019s K\u00f6pfchen klein,\u00a0ich k\u00f6nnt ein \u00d6sterreicher sein\u00a0Keinen Arsch breit kann ich fliegen,\u00a0doch w\u00fcrd bei jedem Wettlauf siegen\u00a0 So weit, so gut \u2013 hier mein Problem\u00a0(weswegen ich mich auch sehr gr\u00e4m);\u00a0mein Sch\u00f6pfer gab [&hellip;]<\/p>\n\t\t\t\t<\/div>\n\n\t\t\t\t\t\t\t\t\t<a href=\"https:\/\/www.verdichtet.at\/?p=20565#respond\" class=\"su-post-comments-link\">0 Kommentare<\/a>\n\t\t\t\t\n\t\t\t<\/div>\n\n\t\t\t\t\t\n\t\t\t\n\t\t\t<div id=\"su-post-20581\" class=\"su-post \">\n\n\t\t\t\t\n\t\t\t\t<h2 class=\"su-post-title\"><a href=\"https:\/\/www.verdichtet.at\/?p=20581\">Uhu<\/a><\/h2>\n\n\t\t\t\t<div class=\"su-post-meta\">\n\t\t\t\t\tVer\u00f6ffentlicht: 4. August 2025\t\t\t\t<\/div>\n\n\t\t\t\t<div class=\"su-post-excerpt\">\n\t\t\t\t\t<p>Menschenvolk, h\u00f6rt mir zu, huhu \u2013ich bin der neunmalkluge Uhu! Ich wei\u00df vieles, nur eins wei\u00df ich nicht,bin also darauf sehr erpicht:Warum habt ihr euch so verrannt,einen Klebstoff nach mir benannt? Warum nahm der UHU-Betreiberals Namensgeber nicht den Kleiber?Oder die klebrige Schnecke(Ein tolles Tier f\u00fcr Logo-Zwecke!) Wie bitte? Es war damals Trendin B\u00fcrobedarfs-Segment,dass Firmen wie [&hellip;]<\/p>\n\t\t\t\t<\/div>\n\n\t\t\t\t\t\t\t\t\t<a href=\"https:\/\/www.verdichtet.at\/?p=20581#respond\" class=\"su-post-comments-link\">0 Kommentare<\/a>\n\t\t\t\t\n\t\t\t<\/div>\n\n\t\t\t\t\t\n\t\t\t\n\t\t\t<div id=\"su-post-20583\" class=\"su-post \">\n\n\t\t\t\t\n\t\t\t\t<h2 class=\"su-post-title\"><a href=\"https:\/\/www.verdichtet.at\/?p=20583\">Die Asiatische Tigerm\u00fccke<\/a><\/h2>\n\n\t\t\t\t<div class=\"su-post-meta\">\n\t\t\t\t\tVer\u00f6ffentlicht: 4. August 2025\t\t\t\t<\/div>\n\n\t\t\t\t<div class=\"su-post-excerpt\">\n\t\t\t\t\t<p>Ich bin die Asiatische Tigerm\u00fcckeIhr sp\u00fcrt, dass ich euch zu Leibe r\u00fcckeZwanzig Viren hab ich im Angebotfast alle bringen euch den Tod Es gellen der Gestochenen SchreieN\u00fctzt nichts, wir sind an der Reihe!Wir werden eure St\u00e4dte leerenDie Tiere k\u00f6nnen euch entbehren Ihr spr\u00fcht wie verr\u00fcckt Pyrethrineund t\u00f6tet damit Katz und BieneWir hingegen sind bald resistentund [&hellip;]<\/p>\n\t\t\t\t<\/div>\n\n\t\t\t\t\t\t\t\t\t<a href=\"https:\/\/www.verdichtet.at\/?p=20583#respond\" class=\"su-post-comments-link\">0 Kommentare<\/a>\n\t\t\t\t\n\t\t\t<\/div>\n\n\t\t\t\t\t\n\t\t\t\n\t\t\t<div id=\"su-post-20586\" class=\"su-post \">\n\n\t\t\t\t\n\t\t\t\t<h2 class=\"su-post-title\"><a href=\"https:\/\/www.verdichtet.at\/?p=20586\">Der gemeine Streuner<\/a><\/h2>\n\n\t\t\t\t<div class=\"su-post-meta\">\n\t\t\t\t\tVer\u00f6ffentlicht: 4. August 2025\t\t\t\t<\/div>\n\n\t\t\t\t<div class=\"su-post-excerpt\">\n\t\t\t\t\t<p>Ich bin auf der Flucht auf allen Vieren,Tiersch\u00fctzer wollen mich kastrieren.Sie wollen unser Leid beenden,indem sie schw\u00e4chen uns\u2019re Lenden. Dabei sind Streuner stark und robust,Stra\u00dfenhunde mit stolzer Brust.Wir sind klug und sehr geschwind \u2013trotzen dem st\u00e4rksten Gegenwind. Wir halten durch bei Wind und Wetterund sind zu Kindern auch viel netter.Also Kastrierer, ich sag euch was:Nehmt [&hellip;]<\/p>\n\t\t\t\t<\/div>\n\n\t\t\t\t\t\t\t\t\t<a href=\"https:\/\/www.verdichtet.at\/?p=20586#respond\" class=\"su-post-comments-link\">0 Kommentare<\/a>\n\t\t\t\t\n\t\t\t<\/div>\n\n\t\t\t\t\t\n\t\t\t\n\t\t\t<div id=\"su-post-20588\" class=\"su-post \">\n\n\t\t\t\t\n\t\t\t\t<h2 class=\"su-post-title\"><a href=\"https:\/\/www.verdichtet.at\/?p=20588\">Mutma\u00dfungen \u00fcber den Sex von Rehen<\/a><\/h2>\n\n\t\t\t\t<div class=\"su-post-meta\">\n\t\t\t\t\tVer\u00f6ffentlicht: 4. August 2025\t\t\t\t<\/div>\n\n\t\t\t\t<div class=\"su-post-excerpt\">\n\t\t\t\t\t<p>Wie ist das bei den Rehen?Machen sie\u2019s im Liegen oder Stehen \u2013oder treiben sie\u2019s gar beim Gehen? Machen sie\u2019s, wenn die St\u00fcrme wehenund die neugierigen Kr\u00e4hensie haarscharf von oben sehen? Hier kommt die Antwort \u2013 staune:Sie machen\u2019s je nach Lust und Laune. Bernd WatzkaInformationen zu Live-Terminen, Buchbestellungen und Videos www.verdichtet.at |\u00a0Kategorie: Von M\u00fccke zu Elefant [&hellip;]<\/p>\n\t\t\t\t<\/div>\n\n\t\t\t\t\t\t\t\t\t<a href=\"https:\/\/www.verdichtet.at\/?p=20588#respond\" class=\"su-post-comments-link\">0 Kommentare<\/a>\n\t\t\t\t\n\t\t\t<\/div>\n\n\t\t\t\t\t\n\t\t\t\n\t\t\t<div id=\"su-post-20590\" class=\"su-post \">\n\n\t\t\t\t\n\t\t\t\t<h2 class=\"su-post-title\"><a href=\"https:\/\/www.verdichtet.at\/?p=20590\">Der Guntramsdorfer Pudel<\/a><\/h2>\n\n\t\t\t\t<div class=\"su-post-meta\">\n\t\t\t\t\tVer\u00f6ffentlicht: 4. August 2025\t\t\t\t<\/div>\n\n\t\t\t\t<div class=\"su-post-excerpt\">\n\t\t\t\t\t<p>Der Guntramsdorfer Pudelr\u00fcdewar, man muss es sagen, pr\u00fcde.Daher gab\u2019s f\u00fcr diesen Pudelauch keine Ann\u00e4herung im Rudel. Der Lohn f\u00fcr diese Sittsamkeit?Er blieb zeitlebens unverdorben.Der Preis: Er ist heut ausgestorben. Bernd WatzkaInformationen zu Live-Terminen, Buchbestellungen und Videos www.verdichtet.at |\u00a0Kategorie: Von M\u00fccke zu Elefant | Inventarnummer: 25154<\/p>\n\t\t\t\t<\/div>\n\n\t\t\t\t\t\t\t\t\t<a href=\"https:\/\/www.verdichtet.at\/?p=20590#respond\" class=\"su-post-comments-link\">0 Kommentare<\/a>\n\t\t\t\t\n\t\t\t<\/div>\n\n\t\t\t\t\t\n\t\t\t\n\t\t\t<div id=\"su-post-20592\" class=\"su-post \">\n\n\t\t\t\t\n\t\t\t\t<h2 class=\"su-post-title\"><a href=\"https:\/\/www.verdichtet.at\/?p=20592\">Wellensittich und Virus<\/a><\/h2>\n\n\t\t\t\t<div class=\"su-post-meta\">\n\t\t\t\t\tVer\u00f6ffentlicht: 4. August 2025\t\t\t\t<\/div>\n\n\t\t\t\t<div class=\"su-post-excerpt\">\n\t\t\t\t\t<p>Ein Virus hat euch festgesetzt,alles steht still, ihr seid entsetzt.Ausgangssperre \u2013 was f\u00fcr ein Graus;keiner darf mehr aus dem Haus. Eure Freiheit \u2013 stark beschnitten.Entbehrungen habt ihr erlitten.Einsamkeit in euren Herzen,in der Seele tiefe Schmerzen. Ich &#8230; sitz in meinem K\u00e4fig drinund denk im Stillen vor mich hin:W\u00e4rt ihr wie ich \u2013 ihr w\u00fcrdet schau\u2019n:Bei [&hellip;]<\/p>\n\t\t\t\t<\/div>\n\n\t\t\t\t\t\t\t\t\t<a href=\"https:\/\/www.verdichtet.at\/?p=20592#comments\" class=\"su-post-comments-link\">Ein Kommentar<\/a>\n\t\t\t\t\n\t\t\t<\/div>\n\n\t\t\t\t\t\n\t\t\t\n\t\t\t<div id=\"su-post-20594\" class=\"su-post \">\n\n\t\t\t\t\n\t\t\t\t<h2 class=\"su-post-title\"><a href=\"https:\/\/www.verdichtet.at\/?p=20594\">Die unfreiwillige Begegnung des analogen Kuckucks mit Social Media<\/a><\/h2>\n\n\t\t\t\t<div class=\"su-post-meta\">\n\t\t\t\t\tVer\u00f6ffentlicht: 4. August 2025\t\t\t\t<\/div>\n\n\t\t\t\t<div class=\"su-post-excerpt\">\n\t\t\t\t\t<p>\u201eKuckuck\u201c, ruft\u2019s aus dem Wald.\u201eTikTok\u201c, ruft es zur\u00fcck. Bernd WatzkaInformationen zu Live-Terminen, Buchbestellungen und Videos www.verdichtet.at |\u00a0Kategorie: Von M\u00fccke zu Elefant | Inventarnummer: 25157<\/p>\n\t\t\t\t<\/div>\n\n\t\t\t\t\t\t\t\t\t<a href=\"https:\/\/www.verdichtet.at\/?p=20594#respond\" class=\"su-post-comments-link\">0 Kommentare<\/a>\n\t\t\t\t\n\t\t\t<\/div>\n\n\t\t\t\t\t\n\t\t\t\n\t\t\t<div id=\"su-post-20596\" class=\"su-post \">\n\n\t\t\t\t\n\t\t\t\t<h2 class=\"su-post-title\"><a href=\"https:\/\/www.verdichtet.at\/?p=20596\">Die Wanze<\/a><\/h2>\n\n\t\t\t\t<div class=\"su-post-meta\">\n\t\t\t\t\tVer\u00f6ffentlicht: 4. August 2025\t\t\t\t<\/div>\n\n\t\t\t\t<div class=\"su-post-excerpt\">\n\t\t\t\t\t<p>Also spricht die alte Wanze:Jeder Depp will, dass ich tanze.So weit geht noch des Reimes Zwang,dass man mich zwingt zum Chorgesang. Ich sage \u201eNein\u201c \u2013 zum letzten Male,sonst will man noch, dass ich was male.Oder \u2013 das w\u00e4r echt zum Speiben:Ich m\u00fcsste einen Aufsatz schreiben. Nein danke, ich pfeif auf jeden Reimund geh auf der [&hellip;]<\/p>\n\t\t\t\t<\/div>\n\n\t\t\t\t\t\t\t\t\t<a href=\"https:\/\/www.verdichtet.at\/?p=20596#respond\" class=\"su-post-comments-link\">0 Kommentare<\/a>\n\t\t\t\t\n\t\t\t<\/div>\n\n\t\t\t\t\t\n\t\t\t\n\t\t\t<div id=\"su-post-20598\" class=\"su-post \">\n\n\t\t\t\t\n\t\t\t\t<h2 class=\"su-post-title\"><a href=\"https:\/\/www.verdichtet.at\/?p=20598\">Der Ohrenschl\u00fcpfer<\/a><\/h2>\n\n\t\t\t\t<div class=\"su-post-meta\">\n\t\t\t\t\tVer\u00f6ffentlicht: 4. August 2025\t\t\t\t<\/div>\n\n\t\t\t\t<div class=\"su-post-excerpt\">\n\t\t\t\t\t<p>Ich bin der Ohrenschl\u00fcpfer Otto.Imagekorrektur \u2013 ist mein Motto.Ich krabble nicht in eure Ohren,was h\u00e4tte ich denn dort verloren? Au\u00dferdem glaubt meinem Worte:Es gibt auf Erden sch\u00f6nere Orte. Bernd WatzkaInformationen zu Live-Terminen, Buchbestellungen und Videos www.verdichtet.at |\u00a0Kategorie: Von M\u00fccke zu Elefant | Inventarnummer: 25159<\/p>\n\t\t\t\t<\/div>\n\n\t\t\t\t\t\t\t\t\t<a href=\"https:\/\/www.verdichtet.at\/?p=20598#respond\" class=\"su-post-comments-link\">0 Kommentare<\/a>\n\t\t\t\t\n\t\t\t<\/div>\n\n\t\t\t\t\t\n\t\t\t\n\t\t\t<div id=\"su-post-20600\" class=\"su-post \">\n\n\t\t\t\t\n\t\t\t\t<h2 class=\"su-post-title\"><a href=\"https:\/\/www.verdichtet.at\/?p=20600\">Kaulquappe und Barsch<\/a><\/h2>\n\n\t\t\t\t<div class=\"su-post-meta\">\n\t\t\t\t\tVer\u00f6ffentlicht: 4. August 2025\t\t\t\t<\/div>\n\n\t\t\t\t<div class=\"su-post-excerpt\">\n\t\t\t\t\t<p>Die hungrige Kaulquappe Paulrei\u00dft auf ihr winzig kleines Maul,als vor\u00fcberschwimmt ein fetter Barsch.\u201eGib uns was ab aus deinem Arsch!\u201c Drauf der Barsch: \u201eHalt die Papp\u2019n,du nichtsnutzige Kaulquapp\u2019n.Zu schade ist f\u00fcr dich mein Kot,schleich dich oder ich seh rot!\u201c So geht das lange hin und her(mit Geschimpfe mehr und mehr),bis ein Schatten n\u00e4her kommt;ein riesengro\u00dfer \u2013 [&hellip;]<\/p>\n\t\t\t\t<\/div>\n\n\t\t\t\t\t\t\t\t\t<a href=\"https:\/\/www.verdichtet.at\/?p=20600#respond\" class=\"su-post-comments-link\">0 Kommentare<\/a>\n\t\t\t\t\n\t\t\t<\/div>\n\n\t\t\t\t\t\n\t\t\t\n\t\t\t<div id=\"su-post-20602\" class=\"su-post \">\n\n\t\t\t\t\n\t\t\t\t<h2 class=\"su-post-title\"><a href=\"https:\/\/www.verdichtet.at\/?p=20602\">Die Hummel oder das Geheimnis des Lebens<\/a><\/h2>\n\n\t\t\t\t<div class=\"su-post-meta\">\n\t\t\t\t\tVer\u00f6ffentlicht: 4. August 2025\t\t\t\t<\/div>\n\n\t\t\t\t<div class=\"su-post-excerpt\">\n\t\t\t\t\t<p>Die Hummel sagt zum dummen Stier:\u201eMein gr\u00f6\u00dftes Geheimnis verrat ich dir. Komm ganz nahe, dreh dich nicht um \u2013das Geheimnis lautet: Brumm Brumm Brumm!\u201c Bernd WatzkaInformationen zu Live-Terminen, Buchbestellungen und Videos www.verdichtet.at |\u00a0Kategorie: Von M\u00fccke zu Elefant | Inventarnummer: 25161<\/p>\n\t\t\t\t<\/div>\n\n\t\t\t\t\t\t\t\t\t<a href=\"https:\/\/www.verdichtet.at\/?p=20602#respond\" class=\"su-post-comments-link\">0 Kommentare<\/a>\n\t\t\t\t\n\t\t\t<\/div>\n\n\t\t\t\t\t\n\t\t\t\n\t\t\t<div id=\"su-post-20604\" class=\"su-post \">\n\n\t\t\t\t\n\t\t\t\t<h2 class=\"su-post-title\"><a href=\"https:\/\/www.verdichtet.at\/?p=20604\">Das gro\u00dfe Mahl<\/a><\/h2>\n\n\t\t\t\t<div class=\"su-post-meta\">\n\t\t\t\t\tVer\u00f6ffentlicht: 4. August 2025\t\t\t\t<\/div>\n\n\t\t\t\t<div class=\"su-post-excerpt\">\n\t\t\t\t\t<p>Sagt die Seezunge zum Hummer:\u201eLass uns genie\u00dfen ohne Kummerunser letztes Zusammensein.Zum Gl\u00fcck sind wir hier nicht allein.\u201c Auch Thunfisch St\u00f6r und der Kalmarsind wie die Muscheln l\u00e4ngst schon da.Gefolgt von Wolfsbarsch, Lachs und Aal;auch der Heilbutt hat keine Wahl. Sogar Knurrhahn und Sardinemachen zum Fest gute Miene.Nicht fehlen darf der KabeljauDer sieht die Freunde und [&hellip;]<\/p>\n\t\t\t\t<\/div>\n\n\t\t\t\t\t\t\t\t\t<a href=\"https:\/\/www.verdichtet.at\/?p=20604#respond\" class=\"su-post-comments-link\">0 Kommentare<\/a>\n\t\t\t\t\n\t\t\t<\/div>\n\n\t\t\t\t\t\n\t\t\t\n\t\t\t<div id=\"su-post-20606\" class=\"su-post \">\n\n\t\t\t\t\n\t\t\t\t<h2 class=\"su-post-title\"><a href=\"https:\/\/www.verdichtet.at\/?p=20606\">Traum eines Cham\u00e4leons<\/a><\/h2>\n\n\t\t\t\t<div class=\"su-post-meta\">\n\t\t\t\t\tVer\u00f6ffentlicht: 4. August 2025\t\t\t\t<\/div>\n\n\t\t\t\t<div class=\"su-post-excerpt\">\n\t\t\t\t\t<p>Ich tr\u00e4ume ganz in Gelb,ich sei ein Weiberheld.Dann wird mein K\u00f6rper gr\u00fcn:Ich tr\u00e4um, ich sei sehr k\u00fchn. und k\u00fcss \u2013 tr\u00e4um ich in Blau \u2013die sch\u00f6nste Cham\u00e4leonfrau.Doch am Ende bin ich rot:Ein Nebenbuhler bei\u00dft mich tot. Ich erwache kreidebleich.Bin ich wirklich eine Leich?Das Farbenspiel ist mir zu hei\u00df!Ich tr\u00e4um nur noch in Schwarzwei\u00df. Bernd WatzkaInformationen [&hellip;]<\/p>\n\t\t\t\t<\/div>\n\n\t\t\t\t\t\t\t\t\t<a href=\"https:\/\/www.verdichtet.at\/?p=20606#respond\" class=\"su-post-comments-link\">0 Kommentare<\/a>\n\t\t\t\t\n\t\t\t<\/div>\n\n\t\t\t\t\t\n\t\t\t\n\t\t\t<div id=\"su-post-20608\" class=\"su-post \">\n\n\t\t\t\t\n\t\t\t\t<h2 class=\"su-post-title\"><a href=\"https:\/\/www.verdichtet.at\/?p=20608\">Die herzlose Qualle<\/a><\/h2>\n\n\t\t\t\t<div class=\"su-post-meta\">\n\t\t\t\t\tVer\u00f6ffentlicht: 4. August 2025\t\t\t\t<\/div>\n\n\t\t\t\t<div class=\"su-post-excerpt\">\n\t\t\t\t\t<p>\u201eZwei Herzen schlagen in meiner Brust\u201c,erkl\u00e4rt der Aal ganz selbstbewusst.\u201eNa und\u201c, sagt der Tintenfisch vor Ort\u201eIch hab drei Herzen \u2013 das ist Rekord!\u201c Dagegen l\u00e4uft ein Erdling Sturm:\u201eF\u00fcnf Herzen hab ich Regenwurm!Bricht mir einmal ein Herz entzwei,kommen vier weitere an die Reih.\u201c Da t\u00f6nt\u2019s aus dem Meer: \u201eWas f\u00fcr ein Scherz.Ich bin die Qualle, hab [&hellip;]<\/p>\n\t\t\t\t<\/div>\n\n\t\t\t\t\t\t\t\t\t<a href=\"https:\/\/www.verdichtet.at\/?p=20608#respond\" class=\"su-post-comments-link\">0 Kommentare<\/a>\n\t\t\t\t\n\t\t\t<\/div>\n\n\t\t\t\t\t\n\t\t\t\n\t\t\t<div id=\"su-post-20610\" class=\"su-post \">\n\n\t\t\t\t\n\t\t\t\t<h2 class=\"su-post-title\"><a href=\"https:\/\/www.verdichtet.at\/?p=20610\">Die einf\u00fchlsame Maus und die Schlange<\/a><\/h2>\n\n\t\t\t\t<div class=\"su-post-meta\">\n\t\t\t\t\tVer\u00f6ffentlicht: 4. August 2025\t\t\t\t<\/div>\n\n\t\t\t\t<div class=\"su-post-excerpt\">\n\t\t\t\t\t<p>\u201eAch du beklagenswerte Schlange,ich seh\u2019s dir an, sag\u2019s frei heraus:Deine Sorgenliste ist sehr lange\u201c,attestiert die einf\u00fchlsame Maus. \u201eIch kann mich hineinf\u00fchlen in dich,kann mir vorstellen, arme Schlange,wie\u2019s aussieht in dir drin; also sprich\u00fcbern Kummer, hab keine Bange.\u201c Der Schlange wird das nun zu viel.\u201eH\u00f6r auf zu quasseln \u2013 Schluss jetzt, aus!Ich hab genug vom Doktorspiel,lass [&hellip;]<\/p>\n\t\t\t\t<\/div>\n\n\t\t\t\t\t\t\t\t\t<a href=\"https:\/\/www.verdichtet.at\/?p=20610#respond\" class=\"su-post-comments-link\">0 Kommentare<\/a>\n\t\t\t\t\n\t\t\t<\/div>\n\n\t\t\t\t\t\n\t\t\t\n\t\t\t<div id=\"su-post-20612\" class=\"su-post \">\n\n\t\t\t\t\n\t\t\t\t<h2 class=\"su-post-title\"><a href=\"https:\/\/www.verdichtet.at\/?p=20612\">Der vegane Waran<\/a><\/h2>\n\n\t\t\t\t<div class=\"su-post-meta\">\n\t\t\t\t\tVer\u00f6ffentlicht: 4. August 2025\t\t\t\t<\/div>\n\n\t\t\t\t<div class=\"su-post-excerpt\">\n\t\t\t\t\t<p>\u201eH\u00f6r auf mit dem Verspeisenvon Affen, M\u00e4usen und Meisen.Fleisch ist politisch unkorrekt,man bringt kein Mit-Tier mehr ums Eck\u201c, sagt die Veggie-Ente zum Waran.\u201eFang am besten heut noch an!\u201cDer Waran denkt: \u201aHm, wenn ich t\u00e4t es,geht vielleicht z\u2019r\u00fcck mein Diabetes.\u2018 Gesagt getan \u2013 die Echse ist dabei:\u201eSchluss mit der Fleischfresserei!Ab sofort wei\u00df ich es besser,ich bin [&hellip;]<\/p>\n\t\t\t\t<\/div>\n\n\t\t\t\t\t\t\t\t\t<a href=\"https:\/\/www.verdichtet.at\/?p=20612#respond\" class=\"su-post-comments-link\">0 Kommentare<\/a>\n\t\t\t\t\n\t\t\t<\/div>\n\n\t\t\t\t\t\n\t\t\t\n\t\t\t<div id=\"su-post-20615\" class=\"su-post \">\n\n\t\t\t\t\n\t\t\t\t<h2 class=\"su-post-title\"><a href=\"https:\/\/www.verdichtet.at\/?p=20615\">Das Ungeheuer von Loch Ness<\/a><\/h2>\n\n\t\t\t\t<div class=\"su-post-meta\">\n\t\t\t\t\tVer\u00f6ffentlicht: 4. August 2025\t\t\t\t<\/div>\n\n\t\t\t\t<div class=\"su-post-excerpt\">\n\t\t\t\t\t<p>Ungeheuer sind die Geschichten,die Menschen \u00fcber mich erdichten.Ich sei ein Saurier oder eine Schlange;bei diesem Mist wird mir ganz bange. Gef\u00e4lschte Fotos gibt\u2019s sonder Zahl;abgebildet bin ich \u2013 nicht ein Mal.Wahr ist: Ich tauch auf in einem Loch;sein Name ist: das Sommerloch. Bernd WatzkaInformationen zu Live-Terminen, Buchbestellungen und Videos www.verdichtet.at |\u00a0Kategorie: Von M\u00fccke zu Elefant [&hellip;]<\/p>\n\t\t\t\t<\/div>\n\n\t\t\t\t\t\t\t\t\t<a href=\"https:\/\/www.verdichtet.at\/?p=20615#respond\" class=\"su-post-comments-link\">0 Kommentare<\/a>\n\t\t\t\t\n\t\t\t<\/div>\n\n\t\t\t\t\t\n\t\t\t\n\t\t\t<div id=\"su-post-20619\" class=\"su-post \">\n\n\t\t\t\t\n\t\t\t\t<h2 class=\"su-post-title\"><a href=\"https:\/\/www.verdichtet.at\/?p=20619\">Der b\u00f6se Wolf in der Ambulanz<\/a><\/h2>\n\n\t\t\t\t<div class=\"su-post-meta\">\n\t\t\t\t\tVer\u00f6ffentlicht: 4. August 2025\t\t\t\t<\/div>\n\n\t\t\t\t<div class=\"su-post-excerpt\">\n\t\t\t\t\t<p>Der b\u00f6se Wolf kommt in die Ambulanz,halb tot hofft er auf Resonanz:\u201eIch hab Rotk\u00e4ppchens Steine im Bauch \u2013Soforthilfe ist, was ich jetzt brauch!\u201c Ein Arzt untersucht den Bauch so drallund zertr\u00fcmmert die Steine mit Ultraschall. Der Wolf f\u00fchlt sich leicht wie ein Falterund t\u00e4nzelt frohlockend zum Schalter.\u201eHier die Rechnung. Die Kasse zahlt nicht!\u201cDer Wolf sieht [&hellip;]<\/p>\n\t\t\t\t<\/div>\n\n\t\t\t\t\t\t\t\t\t<a href=\"https:\/\/www.verdichtet.at\/?p=20619#respond\" class=\"su-post-comments-link\">0 Kommentare<\/a>\n\t\t\t\t\n\t\t\t<\/div>\n\n\t\t\t\t\t\n\t\t\t\n\t\t\t<div id=\"su-post-20621\" class=\"su-post \">\n\n\t\t\t\t\n\t\t\t\t<h2 class=\"su-post-title\"><a href=\"https:\/\/www.verdichtet.at\/?p=20621\">Hitchcocks V\u00f6gel<\/a><\/h2>\n\n\t\t\t\t<div class=\"su-post-meta\">\n\t\t\t\t\tVer\u00f6ffentlicht: 4. August 2025\t\t\t\t<\/div>\n\n\t\t\t\t<div class=\"su-post-excerpt\">\n\t\t\t\t\t<p>Wollt ihr wissen, warum wir im Filmso b\u00f6se sind, so unglaublich schlimm?Stromleitungen frech besetzen,Menschen t\u00f6ten oder schwer verletzen? Manche meinen, wir sind ein Symbolf\u00fcr verlorenes Menschenwohl.Andere meinen, es geht um \u00d6kologie:Rache der Natur an Technologie. Andere glauben, es geht f\u00fcrwahrum Kommunismus und Kriegsgefahr.Alles falsch, ihr irrt euch wie immer.Worum es geht \u2013 ist viel schlimmer. [&hellip;]<\/p>\n\t\t\t\t<\/div>\n\n\t\t\t\t\t\t\t\t\t<a href=\"https:\/\/www.verdichtet.at\/?p=20621#respond\" class=\"su-post-comments-link\">0 Kommentare<\/a>\n\t\t\t\t\n\t\t\t<\/div>\n\n\t\t\t\t\t\n\t\t\t\n\t\t\t<div id=\"su-post-20623\" class=\"su-post \">\n\n\t\t\t\t\n\t\t\t\t<h2 class=\"su-post-title\"><a href=\"https:\/\/www.verdichtet.at\/?p=20623\">Spider Man\u2019s Spinne<\/a><\/h2>\n\n\t\t\t\t<div class=\"su-post-meta\">\n\t\t\t\t\tVer\u00f6ffentlicht: 4. August 2025\t\t\t\t<\/div>\n\n\t\t\t\t<div class=\"su-post-excerpt\">\n\t\t\t\t\t<p>Niemand hat auf mich gewartet:ich bin ja, wie man sagt, entartet.Die Comic-Literatur befand:Ich sei nur eine Notiz am Rand. Doch ich, die radioaktive Spinne,sch\u00e4rfte Peter Parkers Sinne;hab ihn im Labor gebissenund der Normalit\u00e4t entrissen. Was ich will, ich kann\u2019s euch sagen:Ihr werdet mich auf H\u00e4nden tragen \u2013hier mein Angebot ohne Beschiss:F\u00fcnfzig Euro f\u00fcr einen Biss! [&hellip;]<\/p>\n\t\t\t\t<\/div>\n\n\t\t\t\t\t\t\t\t\t<a href=\"https:\/\/www.verdichtet.at\/?p=20623#respond\" class=\"su-post-comments-link\">0 Kommentare<\/a>\n\t\t\t\t\n\t\t\t<\/div>\n\n\t\t\t\t\t\n\t\t\t\n\t\t\t<div id=\"su-post-20625\" class=\"su-post \">\n\n\t\t\t\t\n\t\t\t\t<h2 class=\"su-post-title\"><a href=\"https:\/\/www.verdichtet.at\/?p=20625\">Das Gl\u00fccksschwein<\/a><\/h2>\n\n\t\t\t\t<div class=\"su-post-meta\">\n\t\t\t\t\tVer\u00f6ffentlicht: 4. August 2025\t\t\t\t<\/div>\n\n\t\t\t\t<div class=\"su-post-excerpt\">\n\t\t\t\t\t<p>Ich \u2013 bin ein Gl\u00fcckssymbol?Ein ordin\u00e4res Schwein.Ist das nicht ziemlich hohl? Ich muss dennoch sagen:Ich bring euch lieber Gl\u00fcckals einen vollen Magen. Bernd WatzkaInformationen zu Live-Terminen, Buchbestellungen und Videos www.verdichtet.at |\u00a0Kategorie: Von M\u00fccke zu Elefant | Inventarnummer: 25172 &nbsp; &nbsp; &nbsp;<\/p>\n\t\t\t\t<\/div>\n\n\t\t\t\t\t\t\t\t\t<a href=\"https:\/\/www.verdichtet.at\/?p=20625#respond\" class=\"su-post-comments-link\">0 Kommentare<\/a>\n\t\t\t\t\n\t\t\t<\/div>\n\n\t\t\t\t\t\n\t\t\t\n\t\t\t<div id=\"su-post-21489\" class=\"su-post \">\n\n\t\t\t\t\n\t\t\t\t<h2 class=\"su-post-title\"><a href=\"https:\/\/www.verdichtet.at\/?p=21489\">Ich war einmal\u00a0<\/a><\/h2>\n\n\t\t\t\t<div class=\"su-post-meta\">\n\t\t\t\t\tVer\u00f6ffentlicht: 7. Dezember 2025\t\t\t\t<\/div>\n\n\t\t\t\t<div class=\"su-post-excerpt\">\n\t\t\t\t\t<p>Ich erinnere mich gut: Vor sehr langer Zeit besa\u00df ich ein pr\u00e4chtiges Gefieder, ein stolzes Gem\u00fct und ein ebensolches Gehabe. Ich war ein Hahn. Ein sch\u00f6ner, stattlicher Hahn wohlgemerkt. Ich lebte auf einem gro\u00dfen Bauernhof, bekam reichlich Futter, reichlich Hennen, und kam auch recht gut mit den anderen Tieren des Hofes aus. Jeder Hahn an [&hellip;]<\/p>\n\t\t\t\t<\/div>\n\n\t\t\t\t\t\t\t\t\t<a href=\"https:\/\/www.verdichtet.at\/?p=21489#comments\" class=\"su-post-comments-link\">3 comments<\/a>\n\t\t\t\t\n\t\t\t<\/div>\n\n\t\t\t\t\t\n\t\t\t\n\t\t\t<div id=\"su-post-20926\" class=\"su-post \">\n\n\t\t\t\t\n\t\t\t\t<h2 class=\"su-post-title\"><a href=\"https:\/\/www.verdichtet.at\/?p=20926\">Marmot Dumpling Two<\/a><\/h2>\n\n\t\t\t\t<div class=\"su-post-meta\">\n\t\t\t\t\tVer\u00f6ffentlicht: 21. September 2025\t\t\t\t<\/div>\n\n\t\t\t\t<div class=\"su-post-excerpt\">\n\t\t\t\t\t<p>Meine Frau, unser Sohn und ich haben uns ein Murmeltier angeschafft. Wir planen, durch es zu Internetmillion\u00e4ren zu werden. Wir haben es nach dem legend\u00e4ren YouTube-Star Kn\u00f6del benannt, der alles mit sich machen lie\u00df. Es hei\u00dft Murmeltier Kn\u00f6del Zwo, auf Englisch Marmot Dumpling Two. Es ist ein sehr putziges Kerlchen, f\u00fcnfundf\u00fcnfzig Zentimeter hoch und f\u00fcnfeinhalb [&hellip;]<\/p>\n\t\t\t\t<\/div>\n\n\t\t\t\t\t\t\t\t\t<a href=\"https:\/\/www.verdichtet.at\/?p=20926#respond\" class=\"su-post-comments-link\">0 Kommentare<\/a>\n\t\t\t\t\n\t\t\t<\/div>\n\n\t\t\t\t\t\n\t\t\t\n\t\t\t<div id=\"su-post-19518\" class=\"su-post \">\n\n\t\t\t\t\n\t\t\t\t<h2 class=\"su-post-title\"><a href=\"https:\/\/www.verdichtet.at\/?p=19518\">Elefant<\/a><\/h2>\n\n\t\t\t\t<div class=\"su-post-meta\">\n\t\t\t\t\tVer\u00f6ffentlicht: 3. Februar 2025\t\t\t\t<\/div>\n\n\t\t\t\t<div class=\"su-post-excerpt\">\n\t\t\t\t\t<p>Ich bin ein Elefant. Ich lebe in der afrikanischen Steppe. Ich bin ganz zufrieden hier, es gibt sauberes Wasser, und die Elefantenk\u00fche sind nett. Ich stehe kurz davor, mich mit einer jungen anzufreunden. Aber jetzt hat irgendein Idiot den letzten Baum in dieser Gegend gef\u00e4llt. Wie soll ich mich jetzt kratzen? An so etwas denkt [&hellip;]<\/p>\n\t\t\t\t<\/div>\n\n\t\t\t\t\t\t\t\t\t<a href=\"https:\/\/www.verdichtet.at\/?p=19518#respond\" class=\"su-post-comments-link\">0 Kommentare<\/a>\n\t\t\t\t\n\t\t\t<\/div>\n\n\t\t\t\t\t\n\t\t\t\n\t\t\t<div id=\"su-post-19515\" class=\"su-post \">\n\n\t\t\t\t\n\t\t\t\t<h2 class=\"su-post-title\"><a href=\"https:\/\/www.verdichtet.at\/?p=19515\">Sand unter den Hufen<\/a><\/h2>\n\n\t\t\t\t<div class=\"su-post-meta\">\n\t\t\t\t\tVer\u00f6ffentlicht: 3. Februar 2025\t\t\t\t<\/div>\n\n\t\t\t\t<div class=\"su-post-excerpt\">\n\t\t\t\t\t<p>Sch\u00f6n ist\u2019s hier auf Sylt, denkt die Kuh Resi. Blau ist der Himmel, und blau ist das Meer. Saftig ist das Gras, schmeckt besser als das zuhause. Ich war ja noch nie auf Urlaub. Auch die D\u00fcne ist neu f\u00fcr mich. Ich reck meine Schnauze gegen den Wind, hab Sand unter den Hufen. Johannes Tosin [&hellip;]<\/p>\n\t\t\t\t<\/div>\n\n\t\t\t\t\t\t\t\t\t<a href=\"https:\/\/www.verdichtet.at\/?p=19515#respond\" class=\"su-post-comments-link\">0 Kommentare<\/a>\n\t\t\t\t\n\t\t\t<\/div>\n\n\t\t\t\t\t\n\t\t\t\n\t\t\t<div id=\"su-post-19374\" class=\"su-post \">\n\n\t\t\t\t\n\t\t\t\t<h2 class=\"su-post-title\"><a href=\"https:\/\/www.verdichtet.at\/?p=19374\">R\u00fcsselk\u00e4fer<\/a><\/h2>\n\n\t\t\t\t<div class=\"su-post-meta\">\n\t\t\t\t\tVer\u00f6ffentlicht: 4. Januar 2025\t\t\t\t<\/div>\n\n\t\t\t\t<div class=\"su-post-excerpt\">\n\t\t\t\t\t<p>Ich bin ein R\u00fcsselk\u00e4fer. Ich habe eine h\u00fcbsche Freundin und nette R\u00fcsselk\u00e4ferkinder, eine gem\u00fctliche Behausung und Zugang zu gutem Futter. Trotzdem bin ich st\u00e4ndig schlechter Laune, weil mir die Menschen so einen dummen Namen gegeben haben. R\u00fcsselk\u00e4fer, da steht man ja da wie ein Bl\u00f6dmann! Johannes Tosin (Text und Foto) www.verdichtet.at | Kategorie: Von M\u00fccke [&hellip;]<\/p>\n\t\t\t\t<\/div>\n\n\t\t\t\t\t\t\t\t\t<a href=\"https:\/\/www.verdichtet.at\/?p=19374#respond\" class=\"su-post-comments-link\">0 Kommentare<\/a>\n\t\t\t\t\n\t\t\t<\/div>\n\n\t\t\t\t\t\n\t\t\t\n\t\t\t<div id=\"su-post-19107\" class=\"su-post \">\n\n\t\t\t\t\n\t\t\t\t<h2 class=\"su-post-title\"><a href=\"https:\/\/www.verdichtet.at\/?p=19107\">Schmetterling<\/a><\/h2>\n\n\t\t\t\t<div class=\"su-post-meta\">\n\t\t\t\t\tVer\u00f6ffentlicht: 11. November 2024\t\t\t\t<\/div>\n\n\t\t\t\t<div class=\"su-post-excerpt\">\n\t\t\t\t\t<p>Ich jage das Gl\u00fcck schon mein ganzes Leben, manchmal war ich ihm nah, doch erreicht habe ich es nie. Und nach 37 Jahren und 229 Tagen sitze ich tatenlos da, ich denke an nichts, an \u00fcberhaupt nichts, und pl\u00f6tzlich setzt sich das Gl\u00fcck ganz sanft auf meinen linken Handr\u00fccken. Johannes Tosin (Text und Foto) www.verdichtet.at [&hellip;]<\/p>\n\t\t\t\t<\/div>\n\n\t\t\t\t\t\t\t\t\t<a href=\"https:\/\/www.verdichtet.at\/?p=19107#comments\" class=\"su-post-comments-link\">2 comments<\/a>\n\t\t\t\t\n\t\t\t<\/div>\n\n\t\t\t\t\t\n\t\t\t\n\t\t\t<div id=\"su-post-18785\" class=\"su-post \">\n\n\t\t\t\t\n\t\t\t\t<h2 class=\"su-post-title\"><a href=\"https:\/\/www.verdichtet.at\/?p=18785\">B\u00e4r<\/a><\/h2>\n\n\t\t\t\t<div class=\"su-post-meta\">\n\t\t\t\t\tVer\u00f6ffentlicht: 4. Oktober 2024\t\t\t\t<\/div>\n\n\t\t\t\t<div class=\"su-post-excerpt\">\n\t\t\t\t\t<p>Valentin geht im Wald spazieren. Er sieht ein Braunb\u00e4renjunges, das ein St\u00fcck Holz hochwirft und es f\u00e4ngt, oder es zu fangen versucht, da es ihm oft entgleitet. Er setzt sich vor den B\u00e4ren. Valentin: Hallo B\u00e4r, ich hei\u00dfe Valentin, und wie hei\u00dft du? B\u00e4r: Wie ich hei\u00dfe? Wei\u00df ich nicht. Valentin: Gut, dann nenne ich [&hellip;]<\/p>\n\t\t\t\t<\/div>\n\n\t\t\t\t\t\t\t\t\t<a href=\"https:\/\/www.verdichtet.at\/?p=18785#respond\" class=\"su-post-comments-link\">0 Kommentare<\/a>\n\t\t\t\t\n\t\t\t<\/div>\n\n\t\t\t\t\t\n\t\t\t\n\t\t\t<div id=\"su-post-19311\" class=\"su-post \">\n\n\t\t\t\t\n\t\t\t\t<h2 class=\"su-post-title\"><a href=\"https:\/\/www.verdichtet.at\/?p=19311\">Himalayamurmeltiere<\/a><\/h2>\n\n\t\t\t\t<div class=\"su-post-meta\">\n\t\t\t\t\tVer\u00f6ffentlicht: 22. Dezember 2024\t\t\t\t<\/div>\n\n\t\t\t\t<div class=\"su-post-excerpt\">\n\t\t\t\t\t<p>Die Alpenmurmeltiere sind nette Kerlchen. Gut bekannt. Die J\u00e4ger gehen gern auf sie los. Wo Murmeltiere besonders stark verbreitet sind, ist im Himalaya, also in Tibet, das geh\u00f6rt nun zu China. Die Himalayamurmeltiere essen mit St\u00e4bchen, wohlgemerkt. Johannes Tosin (Text und Foto) www.verdichtet.at | Kategorie: Von M\u00fccke zu Elefant | Inventarnummer: 25037<\/p>\n\t\t\t\t<\/div>\n\n\t\t\t\t\t\t\t\t\t<a href=\"https:\/\/www.verdichtet.at\/?p=19311#respond\" class=\"su-post-comments-link\">0 Kommentare<\/a>\n\t\t\t\t\n\t\t\t<\/div>\n\n\t\t\t\t\t\n\t\t\t\n\t\t\t<div id=\"su-post-18875\" class=\"su-post \">\n\n\t\t\t\t\n\t\t\t\t<h2 class=\"su-post-title\"><a href=\"https:\/\/www.verdichtet.at\/?p=18875\">Pinguine<\/a><\/h2>\n\n\t\t\t\t<div class=\"su-post-meta\">\n\t\t\t\t\tVer\u00f6ffentlicht: 13. Oktober 2024\t\t\t\t<\/div>\n\n\t\t\t\t<div class=\"su-post-excerpt\">\n\t\t\t\t\t<p>Pinguine sind ja putzige Tiere. Um sie besser zu erforschen, wurden in einer Kolonie von Kaiserpinguinen mit Kameras versehene Roboter-Pinguine eingeschmuggelt. Die echten Pinguine akzeptierten sie als Artgenossen. Die Roboter-Pinguine konnten weder schwimmen noch mit den echten Pinguinen kommunizieren. Die Pinguine dachten wohl, die Roboter-Pinguine seien beschr\u00e4nkt, aber Kollegen waren sie trotzdem. Johannes Tosin (Text [&hellip;]<\/p>\n\t\t\t\t<\/div>\n\n\t\t\t\t\t\t\t\t\t<a href=\"https:\/\/www.verdichtet.at\/?p=18875#respond\" class=\"su-post-comments-link\">0 Kommentare<\/a>\n\t\t\t\t\n\t\t\t<\/div>\n\n\t\t\t\t\t\n\t\t\t\n\t\t\t<div id=\"su-post-18737\" class=\"su-post \">\n\n\t\t\t\t\n\t\t\t\t<h2 class=\"su-post-title\"><a href=\"https:\/\/www.verdichtet.at\/?p=18737\">Hund Joschi<\/a><\/h2>\n\n\t\t\t\t<div class=\"su-post-meta\">\n\t\t\t\t\tVer\u00f6ffentlicht: 4. Oktober 2024\t\t\t\t<\/div>\n\n\t\t\t\t<div class=\"su-post-excerpt\">\n\t\t\t\t\t<p>Hund Joschi ist der Boss im Gasthaus. Joschi ist ein Dackel und schaut lustig aus seinen Knopfaugen. Er ist Passivraucher. Im Gasthaus wird der Trunksucht gefr\u00f6nt. Immer wenn jemand das Gasthaus betritt, geht Joschi durch die erste T\u00fcr. Durch die zweite schafft er es nicht. Die Leute hier sind nett zu ihm. Joschi will wahrscheinlich [&hellip;]<\/p>\n\t\t\t\t<\/div>\n\n\t\t\t\t\t\t\t\t\t<a href=\"https:\/\/www.verdichtet.at\/?p=18737#respond\" class=\"su-post-comments-link\">0 Kommentare<\/a>\n\t\t\t\t\n\t\t\t<\/div>\n\n\t\t\t\t\t\n\t\t\t\n\t\t\t<div id=\"su-post-19033\" class=\"su-post \">\n\n\t\t\t\t\n\t\t\t\t<h2 class=\"su-post-title\"><a href=\"https:\/\/www.verdichtet.at\/?p=19033\">Tiger<\/a><\/h2>\n\n\t\t\t\t<div class=\"su-post-meta\">\n\t\t\t\t\tVer\u00f6ffentlicht: 7. November 2024\t\t\t\t<\/div>\n\n\t\t\t\t<div class=\"su-post-excerpt\">\n\t\t\t\t\t<p>Erstaunlich, wie schnell manchmal alles geht. Erst vorgestern habe ich auf die Anzeige \u201eVillenhaushalt sucht Kinderm\u00e4dchen, Erfahrung erw\u00fcnscht, zwei bis drei Abende pro Woche, tierlieb, gute Bezahlung\u201c reagiert, und schon lausche ich den Anweisungen der Inserenten, Herrn und Frau Panthera, die im Begriff sind, auszugehen. Etwas \u00fcberheblich sind die beiden, zwar freundlich, aber reserviert. Die [&hellip;]<\/p>\n\t\t\t\t<\/div>\n\n\t\t\t\t\t\t\t\t\t<a href=\"https:\/\/www.verdichtet.at\/?p=19033#respond\" class=\"su-post-comments-link\">0 Kommentare<\/a>\n\t\t\t\t\n\t\t\t<\/div>\n\n\t\t\t\t\t\n\t\t\t\n\t\t\t<div id=\"su-post-18568\" class=\"su-post \">\n\n\t\t\t\t\n\t\t\t\t<h2 class=\"su-post-title\"><a href=\"https:\/\/www.verdichtet.at\/?p=18568\">V\u00f6gel<\/a><\/h2>\n\n\t\t\t\t<div class=\"su-post-meta\">\n\t\t\t\t\tVer\u00f6ffentlicht: 17. August 2024\t\t\t\t<\/div>\n\n\t\t\t\t<div class=\"su-post-excerpt\">\n\t\t\t\t\t<p>Aha, das ist also die Erde, \u00fcberlegt einer der beiden Au\u00dferirdischen nach der Landung. Schon so viel habe ich \u00fcber sie gelesen, und jetzt sind wir wirklich hier, denkt der andere. Sie verstecken ihr Raumschiff unter Zweigen. Dann verwandeln sie sich in Katzen und laufen herum. im Dorf begegnen sie Menschen, die gehen. Interessant, denkt [&hellip;]<\/p>\n\t\t\t\t<\/div>\n\n\t\t\t\t\t\t\t\t\t<a href=\"https:\/\/www.verdichtet.at\/?p=18568#respond\" class=\"su-post-comments-link\">0 Kommentare<\/a>\n\t\t\t\t\n\t\t\t<\/div>\n\n\t\t\t\t\t\n\t\t\t\n\t\t\t<div id=\"su-post-18494\" class=\"su-post \">\n\n\t\t\t\t\n\t\t\t\t<h2 class=\"su-post-title\"><a href=\"https:\/\/www.verdichtet.at\/?p=18494\">Problemb\u00e4r<\/a><\/h2>\n\n\t\t\t\t<div class=\"su-post-meta\">\n\t\t\t\t\tVer\u00f6ffentlicht: 4. August 2024\t\t\t\t<\/div>\n\n\t\t\t\t<div class=\"su-post-excerpt\">\n\t\t\t\t\t<p>Ich bin der Problemb\u00e4r. Nur weil ich manchmal Schafe fresse! Ich brauche ja auch etwas zum Leben. Ja, und gelegentlich mache ich auch Bienennester kaputt. Um an den Honig zu kommen zu kommen, der mir so gut schmeckt. Es gibt halt keinen Supermarkt, in dem ich einkaufen k\u00f6nnte. Ich habe ja auch kein Geld. Die [&hellip;]<\/p>\n\t\t\t\t<\/div>\n\n\t\t\t\t\t\t\t\t\t<a href=\"https:\/\/www.verdichtet.at\/?p=18494#respond\" class=\"su-post-comments-link\">0 Kommentare<\/a>\n\t\t\t\t\n\t\t\t<\/div>\n\n\t\t\t\t\t\n\t\t\t\n\t\t\t<div id=\"su-post-16678\" class=\"su-post \">\n\n\t\t\t\t\n\t\t\t\t<h2 class=\"su-post-title\"><a href=\"https:\/\/www.verdichtet.at\/?p=16678\">Der Vogelfreund<\/a><\/h2>\n\n\t\t\t\t<div class=\"su-post-meta\">\n\t\t\t\t\tVer\u00f6ffentlicht: 7. September 2023\t\t\t\t<\/div>\n\n\t\t\t\t<div class=\"su-post-excerpt\">\n\t\t\t\t\t<p>Die Aufgabe des einfachen Mannes ist es, die \u00f6ffentlichen WC-Anlagen in Klagenfurt zu reinigen. Ich sah ihn vor ein paar Tagen, als ich das WC im Europaparkt verlie\u00df. Ich gr\u00fc\u00dfte ihn, er gr\u00fc\u00dfte zur\u00fcck, immer freundlich. Kurz darauf h\u00f6rte ich ihn laut lachen. Er freute sich \u00fcber einen Vogel, und er ahmte Balzger\u00e4usche nach, viele [&hellip;]<\/p>\n\t\t\t\t<\/div>\n\n\t\t\t\t\t\t\t\t\t<a href=\"https:\/\/www.verdichtet.at\/?p=16678#respond\" class=\"su-post-comments-link\">0 Kommentare<\/a>\n\t\t\t\t\n\t\t\t<\/div>\n\n\t\t\t\t\t\n\t\t\t\n\t\t\t<div id=\"su-post-18179\" class=\"su-post \">\n\n\t\t\t\t\n\t\t\t\t<h2 class=\"su-post-title\"><a href=\"https:\/\/www.verdichtet.at\/?p=18179\">Amselm\u00e4nnchen Elmar<\/a><\/h2>\n\n\t\t\t\t<div class=\"su-post-meta\">\n\t\t\t\t\tVer\u00f6ffentlicht: 27. Mai 2024\t\t\t\t<\/div>\n\n\t\t\t\t<div class=\"su-post-excerpt\">\n\t\t\t\t\t<p>Ich bin ein stolzes Amselm\u00e4dchen. Es hat gerade aufgeh\u00f6rt zu regnen. Ich bin auf der Suche nach Insekten. Da sehe ich eine Kollegin in ihrem Nest sitzen. Wie eine K\u00f6nigin thront sie darin. Und nun, wer kommt dahergeflogen? Ist das nicht mein Elmar? Er hat Baumaterial mitgebracht. Dieser Kerl, zuhause wird er etwas erleben! Andererseits, [&hellip;]<\/p>\n\t\t\t\t<\/div>\n\n\t\t\t\t\t\t\t\t\t<a href=\"https:\/\/www.verdichtet.at\/?p=18179#respond\" class=\"su-post-comments-link\">0 Kommentare<\/a>\n\t\t\t\t\n\t\t\t<\/div>\n\n\t\t\t\t\t\n\t\t\t\n\t\t\t<div id=\"su-post-7505\" class=\"su-post \">\n\n\t\t\t\t\n\t\t\t\t<h2 class=\"su-post-title\"><a href=\"https:\/\/www.verdichtet.at\/?p=7505\">Kamele<\/a><\/h2>\n\n\t\t\t\t<div class=\"su-post-meta\">\n\t\t\t\t\tVer\u00f6ffentlicht: 10. Januar 2018\t\t\t\t<\/div>\n\n\t\t\t\t<div class=\"su-post-excerpt\">\n\t\t\t\t\t<p>Ich sa\u00df mit Jakob in der kleinen K\u00fcche. Es war Sonntagabend im fr\u00fchen Herbst. Wir hockten auf zu hohen St\u00fchlen am niedrigen runden Tischchen, in die Ecke gedr\u00e4ngt. \u00dcber das Tischchen war die wundersch\u00f6n handbestickte und etwas fleckige Decke gebreitet, die ich im Sommer mit Nadja in Berlin am Flohmarkt gekauft hatte. Ich sa\u00df mit [&hellip;]<\/p>\n\t\t\t\t<\/div>\n\n\t\t\t\t\t\t\t\t\t<a href=\"https:\/\/www.verdichtet.at\/?p=7505#respond\" class=\"su-post-comments-link\">0 Kommentare<\/a>\n\t\t\t\t\n\t\t\t<\/div>\n\n\t\t\t\t\t\n\t\t\t\n\t\t\t<div id=\"su-post-17877\" class=\"su-post \">\n\n\t\t\t\t\n\t\t\t\t<h2 class=\"su-post-title\"><a href=\"https:\/\/www.verdichtet.at\/?p=17877\">Nash\u00f6rner<\/a><\/h2>\n\n\t\t\t\t<div class=\"su-post-meta\">\n\t\t\t\t\tVer\u00f6ffentlicht: 3. April 2024\t\t\t\t<\/div>\n\n\t\t\t\t<div class=\"su-post-excerpt\">\n\t\t\t\t\t<p>Auf einem Foto in einer Zeitschrift, das f\u00fcr den Kaziranga Nationalpark in Assam, Indien, wirbt, sind ein ausgewachsenes Nashorn und ein sehr kleines zu sehen. Das kleine ist wirklich sehr klein. Wahrscheinlich ist es die Mutter mit ihrem Kind. Das Kind hat noch kein Horn. Ich male ihm eines auf seine Schnauze. Jetzt freut es [&hellip;]<\/p>\n\t\t\t\t<\/div>\n\n\t\t\t\t\t\t\t\t\t<a href=\"https:\/\/www.verdichtet.at\/?p=17877#respond\" class=\"su-post-comments-link\">0 Kommentare<\/a>\n\t\t\t\t\n\t\t\t<\/div>\n\n\t\t\t\t\t\n\t\t\t\n\t\t\t<div id=\"su-post-17660\" class=\"su-post \">\n\n\t\t\t\t\n\t\t\t\t<h2 class=\"su-post-title\"><a href=\"https:\/\/www.verdichtet.at\/?p=17660\">Der Rote<\/a><\/h2>\n\n\t\t\t\t<div class=\"su-post-meta\">\n\t\t\t\t\tVer\u00f6ffentlicht: 11. Februar 2024\t\t\t\t<\/div>\n\n\t\t\t\t<div class=\"su-post-excerpt\">\n\t\t\t\t\t<p>Wir sagen \u201eder Rote\u201c zu ihm. Er ist der rotgetigerte Nachbarkater, sehr alt, wir wissen nicht wie alt, aber es sind mehr als zwanzig Jahre. Fr\u00fcher ist er \u00f6fters hergekommen, und wir haben ihm zu fressen gegeben. Jetzt ist Winter, da bleibt er lieber zuhause, auch wenn es nur ein paar Meter von seinem Zuhause [&hellip;]<\/p>\n\t\t\t\t<\/div>\n\n\t\t\t\t\t\t\t\t\t<a href=\"https:\/\/www.verdichtet.at\/?p=17660#comments\" class=\"su-post-comments-link\">Ein Kommentar<\/a>\n\t\t\t\t\n\t\t\t<\/div>\n\n\t\t\t\t\t\n\t\t\t\n\t\t\t<div id=\"su-post-17647\" class=\"su-post \">\n\n\t\t\t\t\n\t\t\t\t<h2 class=\"su-post-title\"><a href=\"https:\/\/www.verdichtet.at\/?p=17647\">Hallo M\u00e4dels!<\/a><\/h2>\n\n\t\t\t\t<div class=\"su-post-meta\">\n\t\t\t\t\tVer\u00f6ffentlicht: 11. Februar 2024\t\t\t\t<\/div>\n\n\t\t\t\t<div class=\"su-post-excerpt\">\n\t\t\t\t\t<p>Der Gigantopithecus war ein bis zu drei Meter gro\u00dfer Affe. Leider ausgestorben, klar, wie kann es bei der Gr\u00f6\u00dfe anders sein? Oder m\u00f6glicherweise doch zum Gl\u00fcck f\u00fcr den Homo erectus. \u201eHallo M\u00e4dels!\u201c, sagt das Alpham\u00e4nnchen zu seinem Harem. \u201eHallo, mein Lieber!\u201c, \u201eHallo, unser Unterst\u00fctzer!\u201c, \u201eHallo Chef!\u201c oder so \u00e4hnlich gr\u00fc\u00dfen die Weibchen zur\u00fcck. Was der [&hellip;]<\/p>\n\t\t\t\t<\/div>\n\n\t\t\t\t\t\t\t\t\t<a href=\"https:\/\/www.verdichtet.at\/?p=17647#respond\" class=\"su-post-comments-link\">0 Kommentare<\/a>\n\t\t\t\t\n\t\t\t<\/div>\n\n\t\t\t\t\t\n\t\t\t\n\t\t\t<div id=\"su-post-16572\" class=\"su-post \">\n\n\t\t\t\t\n\t\t\t\t<h2 class=\"su-post-title\"><a href=\"https:\/\/www.verdichtet.at\/?p=16572\">Katze<\/a><\/h2>\n\n\t\t\t\t<div class=\"su-post-meta\">\n\t\t\t\t\tVer\u00f6ffentlicht: 27. August 2023\t\t\t\t<\/div>\n\n\t\t\t\t<div class=\"su-post-excerpt\">\n\t\t\t\t\t<p>Ich: Was willst du; Katze? Die Katze Lady Strange:\u00a0 Ich will etwas jagen. Ich: Das ist nicht Neues bei dir. Die Katze Lady Strange:\u00a0 Ja, jagen ist meine Lieblingsbesch\u00e4ftigung. Ich: Du beobachtest daf\u00fcr auch viel, nicht? Die Katze Lady Strange:\u00a0 Klar, wenn dieses Amselm\u00e4nnchen landet und nach zwei Sekunden f\u00fcnfzehn Zentimeter nach rechts h\u00fcpft, werde [&hellip;]<\/p>\n\t\t\t\t<\/div>\n\n\t\t\t\t\t\t\t\t\t<a href=\"https:\/\/www.verdichtet.at\/?p=16572#respond\" class=\"su-post-comments-link\">0 Kommentare<\/a>\n\t\t\t\t\n\t\t\t<\/div>\n\n\t\t\t\t\t\n\t\t\t\n\t\t\t<div id=\"su-post-16365\" class=\"su-post \">\n\n\t\t\t\t\n\t\t\t\t<h2 class=\"su-post-title\"><a href=\"https:\/\/www.verdichtet.at\/?p=16365\">Vogel<\/a><\/h2>\n\n\t\t\t\t<div class=\"su-post-meta\">\n\t\t\t\t\tVer\u00f6ffentlicht: 28. Juli 2023\t\t\t\t<\/div>\n\n\t\t\t\t<div class=\"su-post-excerpt\">\n\t\t\t\t\t<p>Ich bin in einen Vogel geschl\u00fcpft. Mittlerweile habe ich vergessen, wer ich war. Aber vielleicht irre ich mich auch, und ich war immer schon ein Vogel, der nur getr\u00e4umt hatte, ein Mensch gewesen zu sein. Johannes Tosin (Text und Foto) www.verdichtet.at | Kategorie: Von M\u00fccke zu Elefant | Inventarnummer: 24016<\/p>\n\t\t\t\t<\/div>\n\n\t\t\t\t\t\t\t\t\t<a href=\"https:\/\/www.verdichtet.at\/?p=16365#respond\" class=\"su-post-comments-link\">0 Kommentare<\/a>\n\t\t\t\t\n\t\t\t<\/div>\n\n\t\t\t\t\t\n\t\t\t\n\t\t\t<div id=\"su-post-8547\" class=\"su-post \">\n\n\t\t\t\t\n\t\t\t\t<h2 class=\"su-post-title\"><a href=\"https:\/\/www.verdichtet.at\/?p=8547\">Killer-K\u00fche (w\u00e4re der Titel in der Kronenzeitung)<\/a><\/h2>\n\n\t\t\t\t<div class=\"su-post-meta\">\n\t\t\t\t\tVer\u00f6ffentlicht: 2. September 2018\t\t\t\t<\/div>\n\n\t\t\t\t<div class=\"su-post-excerpt\">\n\t\t\t\t\t<p>Eine idyllische Mai-Wanderung mit Hindernissen Anfangs widerstrebend, folge ich schlie\u00dflich ihrem Vorschlag, nicht den Wasserfallweg zu nehmen, sondern \u00fcber die Schoberkapelle ins Tal zur\u00fcckzukehren. Isabella ist immer offen f\u00fcr alles, aber doch standfest und durchsetzungsstark. Zwei Argumente \u00fcberzeugen mich: Schau dir die dicke, schwarze Wolkenm\u00fctze \u00fcber dem Schneeberg an. Da steckt viel Regen drin. Am [&hellip;]<\/p>\n\t\t\t\t<\/div>\n\n\t\t\t\t\t\t\t\t\t<a href=\"https:\/\/www.verdichtet.at\/?p=8547#respond\" class=\"su-post-comments-link\">0 Kommentare<\/a>\n\t\t\t\t\n\t\t\t<\/div>\n\n\t\t\t\t\t\n\t\t\t\n\t\t\t<div id=\"su-post-16971\" class=\"su-post \">\n\n\t\t\t\t\n\t\t\t\t<h2 class=\"su-post-title\"><a href=\"https:\/\/www.verdichtet.at\/?p=16971\">Trockenfutter<\/a><\/h2>\n\n\t\t\t\t<div class=\"su-post-meta\">\n\t\t\t\t\tVer\u00f6ffentlicht: 1. November 2023\t\t\t\t<\/div>\n\n\t\t\t\t<div class=\"su-post-excerpt\">\n\t\t\t\t\t<p>Der schwarze Kater aus der Nachbarschaft l\u00e4uft unserer h\u00fcbschen Katze Lady Strange \u00fcber den Weg. \u201eHallo S\u00fc\u00dfe, was frisst du denn gern?\u201c, fragt er. \u201eTrockenfutter\u201c, sagt sie. \u201eDa hast du aber Gl\u00fcck\u201c, sagt er, \u201eGestern haben wir das beste Trockenfutter der Welt geliefert bekommen.\u201c Lady Strange sieht ihn an. \u201eUnd, magst du nicht vorbeikommen? Sagen [&hellip;]<\/p>\n\t\t\t\t<\/div>\n\n\t\t\t\t\t\t\t\t\t<a href=\"https:\/\/www.verdichtet.at\/?p=16971#respond\" class=\"su-post-comments-link\">0 Kommentare<\/a>\n\t\t\t\t\n\t\t\t<\/div>\n\n\t\t\t\t\t\n\t\t\t\n\t\t\t<div id=\"su-post-16599\" class=\"su-post \">\n\n\t\t\t\t\n\t\t\t\t<h2 class=\"su-post-title\"><a href=\"https:\/\/www.verdichtet.at\/?p=16599\">Die weinende Kr\u00e4he \u2013 Begegnung im November<\/a><\/h2>\n\n\t\t\t\t<div class=\"su-post-meta\">\n\t\t\t\t\tVer\u00f6ffentlicht: 4. September 2023\t\t\t\t<\/div>\n\n\t\t\t\t<div class=\"su-post-excerpt\">\n\t\t\t\t\t<p>Am Allerseelentag bog Sebastian \u2013 von der Heiligenst\u00e4dter Br\u00fccke kommend \u2013 in die Anton-Bosch-Stra\u00dfe ein und ging, entlang der G\u00e4rten zwischen Karl-Marx-Hof und dem erh\u00f6hten Gleisk\u00f6rper der U4, vorw\u00e4rts zur Station Heiligenstadt. Es war ziemlich kalt und windig, der Fr\u00fchnebel lichtete sich gerade. Da sa\u00df auf einem der B\u00e4ume eine Kr\u00e4he und kr\u00e4chzte ziemlich laut [&hellip;]<\/p>\n\t\t\t\t<\/div>\n\n\t\t\t\t\t\t\t\t\t<a href=\"https:\/\/www.verdichtet.at\/?p=16599#comments\" class=\"su-post-comments-link\">3 comments<\/a>\n\t\t\t\t\n\t\t\t<\/div>\n\n\t\t\t\t\t\n\t\t\t\n\t\t\t<div id=\"su-post-16603\" class=\"su-post \">\n\n\t\t\t\t\n\t\t\t\t<h2 class=\"su-post-title\"><a href=\"https:\/\/www.verdichtet.at\/?p=16603\">Das Amselm\u00e4nnchen<\/a><\/h2>\n\n\t\t\t\t<div class=\"su-post-meta\">\n\t\t\t\t\tVer\u00f6ffentlicht: 5. September 2023\t\t\t\t<\/div>\n\n\t\t\t\t<div class=\"su-post-excerpt\">\n\t\t\t\t\t<p>Ich bin ein Amselm\u00e4nnchen. Gerade eben flog ich zu unserem Nest. Dort sa\u00df meine liebe Anni, und neben ihr? Zuerst dachte ich, es w\u00e4re eine Freundin, aber dazu h\u00e4tte ihr Gefieder braun sein m\u00fcssen, was es nicht war. Da sa\u00df eine schwarze Amsel, ein M\u00e4nnchen. Was tat er dort? Das kann ich mir schon denken. [&hellip;]<\/p>\n\t\t\t\t<\/div>\n\n\t\t\t\t\t\t\t\t\t<a href=\"https:\/\/www.verdichtet.at\/?p=16603#respond\" class=\"su-post-comments-link\">0 Kommentare<\/a>\n\t\t\t\t\n\t\t\t<\/div>\n\n\t\t\t\t\t\n\t\t\t\n\t\t\t<div id=\"su-post-16800\" class=\"su-post \">\n\n\t\t\t\t\n\t\t\t\t<h2 class=\"su-post-title\"><a href=\"https:\/\/www.verdichtet.at\/?p=16800\">Orlando und ich<\/a><\/h2>\n\n\t\t\t\t<div class=\"su-post-meta\">\n\t\t\t\t\tVer\u00f6ffentlicht: 12. Oktober 2023\t\t\t\t<\/div>\n\n\t\t\t\t<div class=\"su-post-excerpt\">\n\t\t\t\t\t<p>Der Freitag beginnt anstrengend. Ich bin ja generell kein Freund von Smalltalk, aber Smalltalk fr\u00fchmorgens ist mir ein Gr\u00e4uel. Und als ich gegen sieben Uhr au\u00dfer Haus gehe, wer steht da direkt vor meinem Gartentor und winkt mir freudig zu? Eine wahre Smalltalk-Meisterin: meine Nachbarin Ilse. Sie ist knapp achtzig Jahre alt, lebt wie ich [&hellip;]<\/p>\n\t\t\t\t<\/div>\n\n\t\t\t\t\t\t\t\t\t<a href=\"https:\/\/www.verdichtet.at\/?p=16800#respond\" class=\"su-post-comments-link\">0 Kommentare<\/a>\n\t\t\t\t\n\t\t\t<\/div>\n\n\t\t\t\t\t\n\t\t\t\n\t\t\t<div id=\"su-post-15830\" class=\"su-post \">\n\n\t\t\t\t\n\t\t\t\t<h2 class=\"su-post-title\"><a href=\"https:\/\/www.verdichtet.at\/?p=15830\">Der Asteroid<\/a><\/h2>\n\n\t\t\t\t<div class=\"su-post-meta\">\n\t\t\t\t\tVer\u00f6ffentlicht: 29. April 2023\t\t\t\t<\/div>\n\n\t\t\t\t<div class=\"su-post-excerpt\">\n\t\t\t\t\t<p>\u201eMist!\u201c, sagte der Triceratops von 65 Millionen Jahren zu seiner Freundin, als er den Asteroiden sah. \u201eSchatz, in ein paar Minuten sind wir ausgestorben.\u201c Johannes Tosin (Text und Foto) www.verdichtet.at | Kategorie: Von M\u00fccke zu Elefant | Inventarnummer: 23100<\/p>\n\t\t\t\t<\/div>\n\n\t\t\t\t\t\t\t\t\t<a href=\"https:\/\/www.verdichtet.at\/?p=15830#respond\" class=\"su-post-comments-link\">0 Kommentare<\/a>\n\t\t\t\t\n\t\t\t<\/div>\n\n\t\t\t\t\t\n\t\t\t\n\t\t\t<div id=\"su-post-16094\" class=\"su-post \">\n\n\t\t\t\t\n\t\t\t\t<h2 class=\"su-post-title\"><a href=\"https:\/\/www.verdichtet.at\/?p=16094\">Fred, der Papagei<\/a><\/h2>\n\n\t\t\t\t<div class=\"su-post-meta\">\n\t\t\t\t\tVer\u00f6ffentlicht: 21. Juni 2023\t\t\t\t<\/div>\n\n\t\t\t\t<div class=\"su-post-excerpt\">\n\t\t\t\t\t<p>\u00a0\u00a0\u00a0\u00a0\u00a0\u00a0\u00a0\u00a0\u00a0\u00a0\u00a0\u00a0\u00a0\u00a0\u00a0\u00a0\u00a0\u00a0\u00a0\u00a0\u00a0\u00a0\u00a0\u00a0\u00a0\u00a0\u00a0\u00a0\u00a0\u00a0\u00a0\u00a0\u00a0\u00a0\u00a0\u00a0\u00a0\u00a0\u00a0\u00a0\u00a0\u00a0\u00a0\u00a0\u00a0\u00a0\u00a0\u00a0\u00a0\u00a0\u00a0\u00a0\u00a0\u00a0\u00a0\u00a0\u00a0\u00a0 \u00a0\u00a0\u00a0\u00a0\u00a0\u00a0\u00a0\u00a0\u00a0\u00a0\u00a0 Mit Dank f\u00fcr die Ideen meines Sohns Michael Die Trainerin legt drei Steine auf den Boden. \u201eWie viele Steine siehst du, Fred?\u201c, fragt sie. \u201eDrei!\u201c, kr\u00e4chzt Fred. Er ist ein Papagei. \u201eSehr gut, Fred\u201c, sagt die Trainerin. Sie gibt die drei Steine weg und legt zwei auf den Boden. \u201eWie viele Steine sind [&hellip;]<\/p>\n\t\t\t\t<\/div>\n\n\t\t\t\t\t\t\t\t\t<a href=\"https:\/\/www.verdichtet.at\/?p=16094#respond\" class=\"su-post-comments-link\">0 Kommentare<\/a>\n\t\t\t\t\n\t\t\t<\/div>\n\n\t\t\t\t\t\n\t\t\t\n\t\t\t<div id=\"su-post-15982\" class=\"su-post \">\n\n\t\t\t\t\n\t\t\t\t<h2 class=\"su-post-title\"><a href=\"https:\/\/www.verdichtet.at\/?p=15982\">Die K\u00e4tzin<\/a><\/h2>\n\n\t\t\t\t<div class=\"su-post-meta\">\n\t\t\t\t\tVer\u00f6ffentlicht: 27. Mai 2023\t\t\t\t<\/div>\n\n\t\t\t\t<div class=\"su-post-excerpt\">\n\t\t\t\t\t<p>Sie ist. Und sie ist immer noch. Sie lebt. Und sie lebt immer noch. Jene grau-schwarze Tigerk\u00e4tzin mit den smaragdgr\u00fcnen Augen, die keinen Namen hat. Keinen Namen und keine Identit\u00e4t. Und keinen Herrn. Niemand besch\u00fctzt sie. Niemand gibt ihr ein Zuhause. Sie ist allein. Allein. Eine Einzelg\u00e4ngerin. Junge hat die K\u00e4tzin nie gehabt. Niemals. Wozu [&hellip;]<\/p>\n\t\t\t\t<\/div>\n\n\t\t\t\t\t\t\t\t\t<a href=\"https:\/\/www.verdichtet.at\/?p=15982#comments\" class=\"su-post-comments-link\">Ein Kommentar<\/a>\n\t\t\t\t\n\t\t\t<\/div>\n\n\t\t\t\t\t\n\t\t\t\n\t\t\t<div id=\"su-post-15597\" class=\"su-post \">\n\n\t\t\t\t\n\t\t\t\t<h2 class=\"su-post-title\"><a href=\"https:\/\/www.verdichtet.at\/?p=15597\">Das Gespr\u00e4ch unter Monstern<\/a><\/h2>\n\n\t\t\t\t<div class=\"su-post-meta\">\n\t\t\t\t\tVer\u00f6ffentlicht: 6. M\u00e4rz 2023\t\t\t\t<\/div>\n\n\t\t\t\t<div class=\"su-post-excerpt\">\n\t\t\t\t\t<p>Monster 1:\u00a0\u00a0 Sag mal, mein Freund, was frisst du denn so? Fleisch? Monster 2:\u00a0\u00a0 Nein, ich bin Vegetarier. Monster 1:\u00a0\u00a0 Interessant. Also muss ich von dir keine Angst haben, ja? Monster 2:\u00a0\u00a0 Au\u00dfer wenn ich sehr schlecht aufgelegt bin. Monster 1:\u00a0\u00a0 Oho, das wird wohl nicht passieren. Bist du etwa auch Veganer? Monster 2:\u00a0\u00a0 Veganer? [&hellip;]<\/p>\n\t\t\t\t<\/div>\n\n\t\t\t\t\t\t\t\t\t<a href=\"https:\/\/www.verdichtet.at\/?p=15597#respond\" class=\"su-post-comments-link\">0 Kommentare<\/a>\n\t\t\t\t\n\t\t\t<\/div>\n\n\t\t\t\t\t\n\t\t\t\n\t\t\t<div id=\"su-post-15148\" class=\"su-post \">\n\n\t\t\t\t\n\t\t\t\t<h2 class=\"su-post-title\"><a href=\"https:\/\/www.verdichtet.at\/?p=15148\">Der Kind-T-Rex, der Mensch und das Schnitzel<\/a><\/h2>\n\n\t\t\t\t<div class=\"su-post-meta\">\n\t\t\t\t\tVer\u00f6ffentlicht: 22. Dezember 2022\t\t\t\t<\/div>\n\n\t\t\t\t<div class=\"su-post-excerpt\">\n\t\t\t\t\t<p>Der Mensch reicht dem Kind-T-Rex ein gro\u00dfes Schnitzel. Woraufhin der Kind-T-Rex \u00fcberlegt: Eigentlich m\u00fcsste ich ja auch den Menschen mit dem Schnitzel fressen. Allerdings kann er mir dann niemals mehr ein Schnitzel geben. Das ist wirklich eine schwere Entscheidung. Was soll ich blo\u00df tun? Johannes Tosin (Text und Foto) www.verdichtet.at | Kategorie: Von M\u00fccke zu [&hellip;]<\/p>\n\t\t\t\t<\/div>\n\n\t\t\t\t\t\t\t\t\t<a href=\"https:\/\/www.verdichtet.at\/?p=15148#respond\" class=\"su-post-comments-link\">0 Kommentare<\/a>\n\t\t\t\t\n\t\t\t<\/div>\n\n\t\t\t\t\t\n\t\t\t\n\t\t\t<div id=\"su-post-15053\" class=\"su-post \">\n\n\t\t\t\t\n\t\t\t\t<h2 class=\"su-post-title\"><a href=\"https:\/\/www.verdichtet.at\/?p=15053\">Die Leseratte<\/a><\/h2>\n\n\t\t\t\t<div class=\"su-post-meta\">\n\t\t\t\t\tVer\u00f6ffentlicht: 11. Dezember 2022\t\t\t\t<\/div>\n\n\t\t\t\t<div class=\"su-post-excerpt\">\n\t\t\t\t\t<p>Es war mal eine Leseratte, die leider nix zum Lesen hatte. Sie suchte dort, sie schnuppert\u2019 hier, auf einmal roch es nach Papier; nach B\u00fcchern, alt, mit Lederr\u00fccken. \u201eNa endlich\u201c, rief sie voll Entz\u00fccken: \u201eEin helles Zimmer, Gott sei Dank, mit einem vollen B\u00fccherschrank!\u201c Weil sie der Lesehunger plagt \u2013 hat ihr ein Kochbuch zugesagt: [&hellip;]<\/p>\n\t\t\t\t<\/div>\n\n\t\t\t\t\t\t\t\t\t<a href=\"https:\/\/www.verdichtet.at\/?p=15053#respond\" class=\"su-post-comments-link\">0 Kommentare<\/a>\n\t\t\t\t\n\t\t\t<\/div>\n\n\t\t\t\t\t\n\t\t\t\n\t\t\t<div id=\"su-post-14970\" class=\"su-post \">\n\n\t\t\t\t\n\t\t\t\t<h2 class=\"su-post-title\"><a href=\"https:\/\/www.verdichtet.at\/?p=14970\">Daniele schw\u00e4rmt<\/a><\/h2>\n\n\t\t\t\t<div class=\"su-post-meta\">\n\t\t\t\t\tVer\u00f6ffentlicht: 17. November 2022\t\t\t\t<\/div>\n\n\t\t\t\t<div class=\"su-post-excerpt\">\n\t\t\t\t\t<p>Da versuchte doch schon wieder Durch vehementes Auf und Nieder Mit selbstgef\u00e4lliger Miene Die pubertierende Sardine Obwohl des Platzes oft verwiesen Im Schwarme ebendiesen Nach ihrem Belieben zu lenken Ohne ma\u00dfgebliche Bedenken! Oh du ungezogener Daniele! Folgst uns nicht, missachtest Befehle. Meint die Schwester h\u00f6chst energisch: Du bist nicht unser aller Leitfisch! Allzu gerne wollte [&hellip;]<\/p>\n\t\t\t\t<\/div>\n\n\t\t\t\t\t\t\t\t\t<a href=\"https:\/\/www.verdichtet.at\/?p=14970#respond\" class=\"su-post-comments-link\">0 Kommentare<\/a>\n\t\t\t\t\n\t\t\t<\/div>\n\n\t\t\t\t\t\n\t\t\t\n\t\t\t<div id=\"su-post-14246\" class=\"su-post \">\n\n\t\t\t\t\n\t\t\t\t<h2 class=\"su-post-title\"><a href=\"https:\/\/www.verdichtet.at\/?p=14246\">Wutrede eines Schafes<\/a><\/h2>\n\n\t\t\t\t<div class=\"su-post-meta\">\n\t\t\t\t\tVer\u00f6ffentlicht: 27. Juni 2022\t\t\t\t<\/div>\n\n\t\t\t\t<div class=\"su-post-excerpt\">\n\t\t\t\t\t<p>Um uns die Wolle abzuscheren Gen\u00fcgt doch schon weitaus Unser \u00e4ngstliches Begehren Nach Sicherheit und Haus Es geht vermess\u2019nerem Verlangen Kein Schafskopf auf den Leim Doch um Schafe einzufangen Braucht\u2019s nur ein Bed\u00fcrfnis sein Wir halten still ein ganzes Leben So wurden wir erzogen Und stell\u2019n nach diesem Leben eben fest: Wir wurden d\u2019rum betrogen [&hellip;]<\/p>\n\t\t\t\t<\/div>\n\n\t\t\t\t\t\t\t\t\t<a href=\"https:\/\/www.verdichtet.at\/?p=14246#respond\" class=\"su-post-comments-link\">0 Kommentare<\/a>\n\t\t\t\t\n\t\t\t<\/div>\n\n\t\t\t\t\t\n\t\t\t\n\t\t\t<div id=\"su-post-14167\" class=\"su-post \">\n\n\t\t\t\t\n\t\t\t\t<h2 class=\"su-post-title\"><a href=\"https:\/\/www.verdichtet.at\/?p=14167\">Insekt<\/a><\/h2>\n\n\t\t\t\t<div class=\"su-post-meta\">\n\t\t\t\t\tVer\u00f6ffentlicht: 25. Mai 2022\t\t\t\t<\/div>\n\n\t\t\t\t<div class=\"su-post-excerpt\">\n\t\t\t\t\t<p>Die Frau mit den orangen Haaren stand neben mir in der Apotheke Ebenthal. Ihr Gesicht war ebenm\u00e4\u00dfig mit vollen Lippen, und sie war mit einer Eins-a-Figur gesegnet. Aber sie wusste, dass sie gut aussieht, und sie merkte, dass ich sie beobachtete. Ich war blo\u00df Luft f\u00fcr sie, und falls ich versucht h\u00e4tte, mit ihr ins [&hellip;]<\/p>\n\t\t\t\t<\/div>\n\n\t\t\t\t\t\t\t\t\t<a href=\"https:\/\/www.verdichtet.at\/?p=14167#respond\" class=\"su-post-comments-link\">0 Kommentare<\/a>\n\t\t\t\t\n\t\t\t<\/div>\n\n\t\t\t\t\t\n\t\t\t\n\t\t\t<div id=\"su-post-13415\" class=\"su-post \">\n\n\t\t\t\t\n\t\t\t\t<h2 class=\"su-post-title\"><a href=\"https:\/\/www.verdichtet.at\/?p=13415\">Schmetterlinge<\/a><\/h2>\n\n\t\t\t\t<div class=\"su-post-meta\">\n\t\t\t\t\tVer\u00f6ffentlicht: 15. November 2021\t\t\t\t<\/div>\n\n\t\t\t\t<div class=\"su-post-excerpt\">\n\t\t\t\t\t<p>Gestern, an einem warmen Tag Anfang August, ging ich an einer Wiese vorbei. Auf ihr sah ich zwei Schmetterlinge miteinander turteln. Der eine wirkte unauff\u00e4llig, wahrscheinlich das Weibchen, der andere, das mutma\u00dfliche M\u00e4nnchen, war auf der Fl\u00fcgeloberseite dunkelgr\u00fcn, gelb und schwarz, und was das Besondere war, auf der Fl\u00fcgelinnenseite hellrot und schwarz. Das ist selten [&hellip;]<\/p>\n\t\t\t\t<\/div>\n\n\t\t\t\t\t\t\t\t\t<a href=\"https:\/\/www.verdichtet.at\/?p=13415#respond\" class=\"su-post-comments-link\">0 Kommentare<\/a>\n\t\t\t\t\n\t\t\t<\/div>\n\n\t\t\t\t\t\n\t\t\t\n\t\t\t<div id=\"su-post-13464\" class=\"su-post \">\n\n\t\t\t\t\n\t\t\t\t<h2 class=\"su-post-title\"><a href=\"https:\/\/www.verdichtet.at\/?p=13464\">Leseratten f\u00fcr Leseratten<\/a><\/h2>\n\n\t\t\t\t<div class=\"su-post-meta\">\n\t\t\t\t\tVer\u00f6ffentlicht: 3. Dezember 2021\t\t\t\t<\/div>\n\n\t\t\t\t<div class=\"su-post-excerpt\">\n\t\t\t\t\t<p>Gebrauchsanweisung f\u00fcr \u201eLeseratten\u201c in der Volksschule: Der Autor als \u201eLesepate\u201c an einer Wiener und einer Volksschule in N\u00d6 zu seinen Schulkindern: Leseratten (siehe Foto) sind sehr neugierige Tiere \u2013 sie wollen nicht wochenlang zwischen denselben Seiten liegen, sondern immer etwas Neues kennenlernen \u2013 das solltet ihr auch!! Lasst euch nie eure Neugier nehmen oder schlechtmachen! [&hellip;]<\/p>\n\t\t\t\t<\/div>\n\n\t\t\t\t\t\t\t\t\t<a href=\"https:\/\/www.verdichtet.at\/?p=13464#respond\" class=\"su-post-comments-link\">0 Kommentare<\/a>\n\t\t\t\t\n\t\t\t<\/div>\n\n\t\t\t\t\t\n\t\t\t\n\t\t\t<div id=\"su-post-13446\" class=\"su-post \">\n\n\t\t\t\t\n\t\t\t\t<h2 class=\"su-post-title\"><a href=\"https:\/\/www.verdichtet.at\/?p=13446\">Cats at Work<\/a><\/h2>\n\n\t\t\t\t<div class=\"su-post-meta\">\n\t\t\t\t\tVer\u00f6ffentlicht: 26. November 2021\t\t\t\t<\/div>\n\n\t\t\t\t<div class=\"su-post-excerpt\">\n\t\t\t\t\t<p>\u201eGehen wir nachher auf eine Maus?\u201c, fragt der eine Katzenkollege den anderen. \u201eKlar\u201c, sagt der andere, \u201eund mit ein bisschen Katzenmilch dazu.\u201c Johannes Tosin (Text und Foto) www.verdichtet.at | Kategorie: Von M\u00fccke zu Elefant | Inventarnummer: 21133<\/p>\n\t\t\t\t<\/div>\n\n\t\t\t\t\t\t\t\t\t<a href=\"https:\/\/www.verdichtet.at\/?p=13446#respond\" class=\"su-post-comments-link\">0 Kommentare<\/a>\n\t\t\t\t\n\t\t\t<\/div>\n\n\t\t\t\t\t\n\t\t\t\n\t\t\t<div id=\"su-post-13232\" class=\"su-post \">\n\n\t\t\t\t\n\t\t\t\t<h2 class=\"su-post-title\"><a href=\"https:\/\/www.verdichtet.at\/?p=13232\">Haie<\/a><\/h2>\n\n\t\t\t\t<div class=\"su-post-meta\">\n\t\t\t\t\tVer\u00f6ffentlicht: 2. September 2021\t\t\t\t<\/div>\n\n\t\t\t\t<div class=\"su-post-excerpt\">\n\t\t\t\t\t<p>Haie sind alte und von der Evolution perfekt gestaltete Tiere. Sie haben praktisch nie Krebs. Menschen hingegen gibt es erst seit kurzer Zeit. Ihre Zellen mutieren relativ h\u00e4ufig. Es wird noch sehr lange dauern, bis die Menschen so weit entwickelt wie die Haie sind. Dann werden sie auf der sicheren Seite sein, gesetzt den Fall, [&hellip;]<\/p>\n\t\t\t\t<\/div>\n\n\t\t\t\t\t\t\t\t\t<a href=\"https:\/\/www.verdichtet.at\/?p=13232#respond\" class=\"su-post-comments-link\">0 Kommentare<\/a>\n\t\t\t\t\n\t\t\t<\/div>\n\n\t\t\t\t\t\n\t\t\t\n\t\t\t<div id=\"su-post-13141\" class=\"su-post \">\n\n\t\t\t\t\n\t\t\t\t<h2 class=\"su-post-title\"><a href=\"https:\/\/www.verdichtet.at\/?p=13141\">Das Gl\u00fccksschwein<\/a><\/h2>\n\n\t\t\t\t<div class=\"su-post-meta\">\n\t\t\t\t\tVer\u00f6ffentlicht: 9. September 2021\t\t\t\t<\/div>\n\n\t\t\t\t<div class=\"su-post-excerpt\">\n\t\t\t\t\t<p>Mit einem lebenden Gl\u00fccksschwein sp\u00e4tnachts nach Hause kommen, ist schon was Eigenartiges, fast schon Unangenehmes! Welche Frau will schon ein Schwein zu Hause haben? \u201eAls ob ich mit dir nicht schon genug h\u00e4tte\u201c, w\u00e4re wohl ihr zu erwartendes Statement um zwei Uhr fr\u00fch im Schlafzimmer. Wohin mit diesem Zappelphilipp? In die K\u00fcche w\u00e4re unhygienisch, eigentlich [&hellip;]<\/p>\n\t\t\t\t<\/div>\n\n\t\t\t\t\t\t\t\t\t<a href=\"https:\/\/www.verdichtet.at\/?p=13141#respond\" class=\"su-post-comments-link\">0 Kommentare<\/a>\n\t\t\t\t\n\t\t\t<\/div>\n\n\t\t\t\t\t\n\t\t\t\n\t\t\t<div id=\"su-post-13137\" class=\"su-post \">\n\n\t\t\t\t\n\t\t\t\t<h2 class=\"su-post-title\"><a href=\"https:\/\/www.verdichtet.at\/?p=13137\">\u00dcbers Einhorn<\/a><\/h2>\n\n\t\t\t\t<div class=\"su-post-meta\">\n\t\t\t\t\tVer\u00f6ffentlicht: 7. September 2021\t\t\t\t<\/div>\n\n\t\t\t\t<div class=\"su-post-excerpt\">\n\t\t\t\t\t<p>Liebes Einhorn, du siehst einem richtigen Pferd viel \u00e4hnlicher als einer Phantasie-Figur. Vielleicht hat dir ein \u00fcberm\u00fctiges M\u00e4dchen die M\u00e4hne gef\u00e4rbt und eine gedrehte Zuckerstange an die Stirn geklebt? Als Pferd bist du mir viel lieber! Was kann man schon mit einem Einhorn anfangen? Eigentlich nichts, au\u00dfer es zu bewundern. Wof\u00fcr eigentlich? Wenn du Fl\u00fcgel [&hellip;]<\/p>\n\t\t\t\t<\/div>\n\n\t\t\t\t\t\t\t\t\t<a href=\"https:\/\/www.verdichtet.at\/?p=13137#respond\" class=\"su-post-comments-link\">0 Kommentare<\/a>\n\t\t\t\t\n\t\t\t<\/div>\n\n\t\t\t\t\t\n\t\t\t\n\t\t\t<div id=\"su-post-12726\" class=\"su-post \">\n\n\t\t\t\t\n\t\t\t\t<h2 class=\"su-post-title\"><a href=\"https:\/\/www.verdichtet.at\/?p=12726\">Konstantin fliegt<\/a><\/h2>\n\n\t\t\t\t<div class=\"su-post-meta\">\n\t\t\t\t\tVer\u00f6ffentlicht: 1. Mai 2021\t\t\t\t<\/div>\n\n\t\t\t\t<div class=\"su-post-excerpt\">\n\t\t\t\t\t<p>Ihm waren Fl\u00fcgel gewachsen. Jetzt flog Konstantin durch den schwarzen Nachthimmel. Es kostete ihn keine Anstrengung. Er f\u00fchlte sich ganz leicht. Immer war es sein Traum gewesen, fliegen zu k\u00f6nnen. Nun hatte er sich erf\u00fcllt. Konstantin sp\u00fcrte keine K\u00e4lte, obwohl es November war. Es war ein wunderbarer Zustand. Jetzt senkte Konstantin sich, er flog nicht [&hellip;]<\/p>\n\t\t\t\t<\/div>\n\n\t\t\t\t\t\t\t\t\t<a href=\"https:\/\/www.verdichtet.at\/?p=12726#respond\" class=\"su-post-comments-link\">0 Kommentare<\/a>\n\t\t\t\t\n\t\t\t<\/div>\n\n\t\t\t\t\t\n\t\t\t\n\t\t\t<div id=\"su-post-12953\" class=\"su-post \">\n\n\t\t\t\t\n\t\t\t\t<h2 class=\"su-post-title\"><a href=\"https:\/\/www.verdichtet.at\/?p=12953\">Der Igel<\/a><\/h2>\n\n\t\t\t\t<div class=\"su-post-meta\">\n\t\t\t\t\tVer\u00f6ffentlicht: 12. Juli 2021\t\t\t\t<\/div>\n\n\t\t\t\t<div class=\"su-post-excerpt\">\n\t\t\t\t\t<p>Wir haben einen neuen Kostg\u00e4nger, einen Igel. Besonders gern frisst er Katzenfutter. Am gef\u00e4hrlichsten sch\u00e4tzt er wohl meinen Sohn ein, bei ihm faucht und knurrt er. Bei mir faucht er nur. Und wenn unser \u00e4lterer Nachbar dabei ist, bleibt er ruhig. Anscheinend ist er ein kluges Exemplar. Er ist auch ziemlich gro\u00df. Wir kennen sein [&hellip;]<\/p>\n\t\t\t\t<\/div>\n\n\t\t\t\t\t\t\t\t\t<a href=\"https:\/\/www.verdichtet.at\/?p=12953#respond\" class=\"su-post-comments-link\">0 Kommentare<\/a>\n\t\t\t\t\n\t\t\t<\/div>\n\n\t\t\t\t\t\n\t\t\t\n\t\t\t<div id=\"su-post-12874\" class=\"su-post \">\n\n\t\t\t\t\n\t\t\t\t<h2 class=\"su-post-title\"><a href=\"https:\/\/www.verdichtet.at\/?p=12874\">Das Rehwild<\/a><\/h2>\n\n\t\t\t\t<div class=\"su-post-meta\">\n\t\t\t\t\tVer\u00f6ffentlicht: 24. Juni 2021\t\t\t\t<\/div>\n\n\t\t\t\t<div class=\"su-post-excerpt\">\n\t\t\t\t\t<p>Nimm an ein schwarzer Kater Der im Gr\u00f6\u00dfenwahn Ja, im Wahn was tat er? Er ging ein Rehwild an! Er ging es an, ach w\u00e4r\u2019s nur das! Er musst\u2019 es auch gleich jagen Die Leidenschaft am Herze fra\u00df Am Katerherzen will ich sagen Er jagte und er legte es In einem Wiesenneste \u201eAch, dass ich [&hellip;]<\/p>\n\t\t\t\t<\/div>\n\n\t\t\t\t\t\t\t\t\t<a href=\"https:\/\/www.verdichtet.at\/?p=12874#respond\" class=\"su-post-comments-link\">0 Kommentare<\/a>\n\t\t\t\t\n\t\t\t<\/div>\n\n\t\t\t\t\t\n\t\t\t\n\t\t\t<div id=\"su-post-12521\" class=\"su-post \">\n\n\t\t\t\t\n\t\t\t\t<h2 class=\"su-post-title\"><a href=\"https:\/\/www.verdichtet.at\/?p=12521\">Der Kakadu macht Salto<\/a><\/h2>\n\n\t\t\t\t<div class=\"su-post-meta\">\n\t\t\t\t\tVer\u00f6ffentlicht: 10. M\u00e4rz 2021\t\t\t\t<\/div>\n\n\t\t\t\t<div class=\"su-post-excerpt\">\n\t\t\t\t\t<p>Ich habe mich mit Bertl angefreundet. Bertl lebt im Vogelpark in der N\u00e4he des Turnersees, sommers in einer gro\u00dfen Voliere im Freien. Den Namen hat Bertl von mir. Er ist ein Kakadu, sein K\u00f6rper ist wei\u00df, auf dem Kopf tr\u00e4gt er einen orangen, nach hinten gebogenen Kamm. Er frisst gerne Erdn\u00fcsse. Ich habe ihm welche [&hellip;]<\/p>\n\t\t\t\t<\/div>\n\n\t\t\t\t\t\t\t\t\t<a href=\"https:\/\/www.verdichtet.at\/?p=12521#respond\" class=\"su-post-comments-link\">0 Kommentare<\/a>\n\t\t\t\t\n\t\t\t<\/div>\n\n\t\t\t\t\t\n\t\t\t\n\t\t\t<div id=\"su-post-12681\" class=\"su-post \">\n\n\t\t\t\t\n\t\t\t\t<h2 class=\"su-post-title\"><a href=\"https:\/\/www.verdichtet.at\/?p=12681\">Das zornige Eichh\u00f6rnchen<\/a><\/h2>\n\n\t\t\t\t<div class=\"su-post-meta\">\n\t\t\t\t\tVer\u00f6ffentlicht: 22. April 2021\t\t\t\t<\/div>\n\n\t\t\t\t<div class=\"su-post-excerpt\">\n\t\t\t\t\t<p>Meistens sind die R\u00e4tsel, die uns die Natur aufgibt, leicht zu l\u00f6sen, wenn man vom Menschlichen absieht und nur in den Kategorien der Natur denkt. Neulich entdeckte ich mich, wieder in den primitivsten Anthropomorphismus zur\u00fcckgefallen zu sein, den ich schon so oft bei mir festgestellt habe. Am 1. April kam ich in meinen Schrebergarten am [&hellip;]<\/p>\n\t\t\t\t<\/div>\n\n\t\t\t\t\t\t\t\t\t<a href=\"https:\/\/www.verdichtet.at\/?p=12681#respond\" class=\"su-post-comments-link\">0 Kommentare<\/a>\n\t\t\t\t\n\t\t\t<\/div>\n\n\t\t\t\t\t\n\t\t\t\n\t\t\t<div id=\"su-post-12345\" class=\"su-post \">\n\n\t\t\t\t\n\t\t\t\t<h2 class=\"su-post-title\"><a href=\"https:\/\/www.verdichtet.at\/?p=12345\">Fliegenfischen in Ansfelden oder Widerstand<\/a><\/h2>\n\n\t\t\t\t<div class=\"su-post-meta\">\n\t\t\t\t\tVer\u00f6ffentlicht: 2. Februar 2021\t\t\t\t<\/div>\n\n\t\t\t\t<div class=\"su-post-excerpt\">\n\t\t\t\t\t<p>Zwei Steinw\u00fcrfe vom am dichtesten befahrenen Autobahnabschnitt in Ober\u00f6sterreich, einen Steinwurf von der buntesten Agglomeration von Baubedarfsselbsthilfetempeln entfernt, flie\u00dft die\u00a0 Krems Richtung Traunfluss. Ihr Wasser befindet sich zwei Meter tief eingegraben in die sie umgebenden Mais\u00e4cker. Ein d\u00fcnner Korridor aus B\u00fcschen und B\u00e4umen d\u00e4mpft die Ger\u00e4usche der menschlichen Rastlosigkeit zu einem Hintergrundrauschen. In dem tiefen, [&hellip;]<\/p>\n\t\t\t\t<\/div>\n\n\t\t\t\t\t\t\t\t\t<a href=\"https:\/\/www.verdichtet.at\/?p=12345#comments\" class=\"su-post-comments-link\">Ein Kommentar<\/a>\n\t\t\t\t\n\t\t\t<\/div>\n\n\t\t\t\t\t\n\t\t\t\n\t\t\t<div id=\"su-post-11994\" class=\"su-post \">\n\n\t\t\t\t\n\t\t\t\t<h2 class=\"su-post-title\"><a href=\"https:\/\/www.verdichtet.at\/?p=11994\">Von wegen Verschw\u00f6rungstheorie!<\/a><\/h2>\n\n\t\t\t\t<div class=\"su-post-meta\">\n\t\t\t\t\tVer\u00f6ffentlicht: 3. Dezember 2020\t\t\t\t<\/div>\n\n\t\t\t\t<div class=\"su-post-excerpt\">\n\t\t\t\t\t<p>Cui bono. Folge der Spur des Geldes. So sagen es diejenigen, die mehr zu wissen glauben als die anderen; die anderen, das sind f\u00fcr eingeweihte \u201eWissende\u201c die H\u00f6rigen, die dumme Systemherde. Also mir reicht das jetzt. Ich finde, damit sollte Schluss sein, h\u00f6chste Zeit, mit dem Unsinn aufzuh\u00f6ren. Ihr Besserwisser liegt falsch! FAKE! Es gibt [&hellip;]<\/p>\n\t\t\t\t<\/div>\n\n\t\t\t\t\t\t\t\t\t<a href=\"https:\/\/www.verdichtet.at\/?p=11994#comments\" class=\"su-post-comments-link\">Ein Kommentar<\/a>\n\t\t\t\t\n\t\t\t<\/div>\n\n\t\t\t\t\t\n\t\t\t\n\t\t\t<div id=\"su-post-11806\" class=\"su-post \">\n\n\t\t\t\t\n\t\t\t\t<h2 class=\"su-post-title\"><a href=\"https:\/\/www.verdichtet.at\/?p=11806\">Spinnenfrau<\/a><\/h2>\n\n\t\t\t\t<div class=\"su-post-meta\">\n\t\t\t\t\tVer\u00f6ffentlicht: 26. September 2020\t\t\t\t<\/div>\n\n\t\t\t\t<div class=\"su-post-excerpt\">\n\t\t\t\t\t<p>Ich bin die Biene, kreise um dein Netz. Es riecht so bet\u00f6rend sch\u00f6n nach dem Nektar der raffiniertesten Blume. Du siehst mich an und wartest. Du wei\u00dft, irgendwann werde ich in dein Netz fliegen und kleben bleiben. Dann wirst du kommen und mich aufl\u00f6sen, um mich trinken zu k\u00f6nnen. Johannes Tosin (Text und Foto) www.verdichtet.at [&hellip;]<\/p>\n\t\t\t\t<\/div>\n\n\t\t\t\t\t\t\t\t\t<a href=\"https:\/\/www.verdichtet.at\/?p=11806#respond\" class=\"su-post-comments-link\">0 Kommentare<\/a>\n\t\t\t\t\n\t\t\t<\/div>\n\n\t\t\t\t\t\n\t\t\t\n\t\t\t<div id=\"su-post-11305\" class=\"su-post \">\n\n\t\t\t\t\n\t\t\t\t<h2 class=\"su-post-title\"><a href=\"https:\/\/www.verdichtet.at\/?p=11305\">Termiten<\/a><\/h2>\n\n\t\t\t\t<div class=\"su-post-meta\">\n\t\t\t\t\tVer\u00f6ffentlicht: 27. April 2020\t\t\t\t<\/div>\n\n\t\t\t\t<div class=\"su-post-excerpt\">\n\t\t\t\t\t<p>Helomil:\u00a0\u00a0\u00a0 Wei\u00dft du, mein rechtschaffener Sebodin, wie wir die Burg unseres Konkurrenzritters Waworun plattmachen k\u00f6nnen? Sebodin:\u00a0\u00a0 Ich bef\u00fcrchte, das funktioniert nicht so leicht, mein lieber Helomil. Helomil:\u00a0\u00a0\u00a0 Doch, tut es. Ich sage nur: Termiten. Sedodin:\u00a0\u00a0 Termiten? Helomil:\u00a0\u00a0\u00a0 Genau, Termiten. Termiten fressen Holz. Und woraus besteht die Burg unseres verachteten Konkurrenzritters Waworun? Sebodin:\u00a0\u00a0 Aus Holz. Das [&hellip;]<\/p>\n\t\t\t\t<\/div>\n\n\t\t\t\t\t\t\t\t\t<a href=\"https:\/\/www.verdichtet.at\/?p=11305#respond\" class=\"su-post-comments-link\">0 Kommentare<\/a>\n\t\t\t\t\n\t\t\t<\/div>\n\n\t\t\t\t\t\n\t\t\t\n\t\t\t<div id=\"su-post-11185\" class=\"su-post \">\n\n\t\t\t\t\n\t\t\t\t<h2 class=\"su-post-title\"><a href=\"https:\/\/www.verdichtet.at\/?p=11185\">Schmetterling<\/a><\/h2>\n\n\t\t\t\t<div class=\"su-post-meta\">\n\t\t\t\t\tVer\u00f6ffentlicht: 15. April 2020\t\t\t\t<\/div>\n\n\t\t\t\t<div class=\"su-post-excerpt\">\n\t\t\t\t\t<p>Sie hat dich eingefangen. Du bist der Schmetterling. Jetzt st\u00f6\u00dft du an die W\u00e4nde, die T\u00fcr ist versperrt, das Fenster ist zu. Nimmermehr kommst du hinaus, dein ganzes Leben lang bleibst du hier. Johannes Tosin (Text und Foto) www.verdichtet.at | Kategorie: Von M\u00fccke zu Elefant | Inventarnummer: 20060<\/p>\n\t\t\t\t<\/div>\n\n\t\t\t\t\t\t\t\t\t<a href=\"https:\/\/www.verdichtet.at\/?p=11185#respond\" class=\"su-post-comments-link\">0 Kommentare<\/a>\n\t\t\t\t\n\t\t\t<\/div>\n\n\t\t\t\t\t\n\t\t\t\n\t\t\t<div id=\"su-post-11557\" class=\"su-post \">\n\n\t\t\t\t\n\t\t\t\t<h2 class=\"su-post-title\"><a href=\"https:\/\/www.verdichtet.at\/?p=11557\">M\u00e4userich Franz<\/a><\/h2>\n\n\t\t\t\t<div class=\"su-post-meta\">\n\t\t\t\t\tVer\u00f6ffentlicht: 14. Juni 2020\t\t\t\t<\/div>\n\n\t\t\t\t<div class=\"su-post-excerpt\">\n\t\t\t\t\t<p>Katze, Tatze, leerer Bauch, Hunger auch M\u00e4useloch, h\u00f6rt ihn doch, riecht ihn auch M\u00e4userich, merkt er\u2019s nicht? Merkt er doch, bleibt im Loch Katze fegt mit dem Schwanz Katze schl\u00e4gt nach dem Franz Franz hat Gl\u00fcck, weicht zur\u00fcck Katz gekr\u00e4nkt und sie f\u00e4ngt Wieder an, wo\u2019s begann Katze, Tatze, leerer Bauch, Hunger auch \u2026 Bernd [&hellip;]<\/p>\n\t\t\t\t<\/div>\n\n\t\t\t\t\t\t\t\t\t<a href=\"https:\/\/www.verdichtet.at\/?p=11557#respond\" class=\"su-post-comments-link\">0 Kommentare<\/a>\n\t\t\t\t\n\t\t\t<\/div>\n\n\t\t\t\t\t\n\t\t\t\n\t\t\t<div id=\"su-post-11148\" class=\"su-post \">\n\n\t\t\t\t\n\t\t\t\t<h2 class=\"su-post-title\"><a href=\"https:\/\/www.verdichtet.at\/?p=11148\">Die Himmelslaterne<\/a><\/h2>\n\n\t\t\t\t<div class=\"su-post-meta\">\n\t\t\t\t\tVer\u00f6ffentlicht: 13. April 2020\t\t\t\t<\/div>\n\n\t\t\t\t<div class=\"su-post-excerpt\">\n\t\t\t\t\t<p>Mehl, Hefe, Wasser, Salz, Oliven\u00f6l auf einem Tisch am Fenster. Ein hei\u00dfer Sommertag mit leichter Brise, die Mehl und Salz streichelt. Das Mehl ist weich, ich w\u00fcrde mich gerne darauf hinlegen und tr\u00e4umen, wie auf einer Wolke. Salz ist roher, kratzt, reizt die Haut, aber gleichzeitig heilt es. Es glitzert wie eine Handvoll Kristalle, ein [&hellip;]<\/p>\n\t\t\t\t<\/div>\n\n\t\t\t\t\t\t\t\t\t<a href=\"https:\/\/www.verdichtet.at\/?p=11148#respond\" class=\"su-post-comments-link\">0 Kommentare<\/a>\n\t\t\t\t\n\t\t\t<\/div>\n\n\t\t\t\t\t\n\t\t\t\n\t\t\t<div id=\"su-post-10873\" class=\"su-post \">\n\n\t\t\t\t\n\t\t\t\t<h2 class=\"su-post-title\"><a href=\"https:\/\/www.verdichtet.at\/?p=10873\">Lady Strange<\/a><\/h2>\n\n\t\t\t\t<div class=\"su-post-meta\">\n\t\t\t\t\tVer\u00f6ffentlicht: 23. Februar 2020\t\t\t\t<\/div>\n\n\t\t\t\t<div class=\"su-post-excerpt\">\n\t\t\t\t\t<p>Ich bin eine Katze. Mein Name ist Lady Strange. Ich wiege zweieinhalb Kilo, ich bin noch nicht ganz ausgewachsen. Heute sitze ich gerade in meinem Katzenklo und verrichte mein Gesch\u00e4ft, da kommt mein Herrl \u2013 eigentlich ist er ja gar nicht mein Herrl, er ist blo\u00df derjenige, der mich mit Futter versorgt \u2013 ins Zimmer [&hellip;]<\/p>\n\t\t\t\t<\/div>\n\n\t\t\t\t\t\t\t\t\t<a href=\"https:\/\/www.verdichtet.at\/?p=10873#respond\" class=\"su-post-comments-link\">0 Kommentare<\/a>\n\t\t\t\t\n\t\t\t<\/div>\n\n\t\t\t\t\t\n\t\t\t\n\t\t\t<div id=\"su-post-11322\" class=\"su-post \">\n\n\t\t\t\t\n\t\t\t\t<h2 class=\"su-post-title\"><a href=\"https:\/\/www.verdichtet.at\/?p=11322\">Linda und der Obdachlose im Einkaufszentrum<\/a><\/h2>\n\n\t\t\t\t<div class=\"su-post-meta\">\n\t\t\t\t\tVer\u00f6ffentlicht: 1. Mai 2020\t\t\t\t<\/div>\n\n\t\t\t\t<div class=\"su-post-excerpt\">\n\t\t\t\t\t<p>In einem kleinen Einkaufszentrum war Linda gerade auf dem Weg in eine Tierhandlung, als ihr vor dem Gesch\u00e4ft ein junger Mann auffiel, der mit einem Hund auf dem Boden sa\u00df, ihn streichelte und liebevoll auf ihn einredete. Oje, ein Sandler, dachte sie. Normalerweise waren Obdachlose in Einkaufszentren gar nicht gerne gesehen, und wahrscheinlich w\u00fcrden sie [&hellip;]<\/p>\n\t\t\t\t<\/div>\n\n\t\t\t\t\t\t\t\t\t<a href=\"https:\/\/www.verdichtet.at\/?p=11322#respond\" class=\"su-post-comments-link\">0 Kommentare<\/a>\n\t\t\t\t\n\t\t\t<\/div>\n\n\t\t\t\t\t\n\t\t\t\n\t\t\t<div id=\"su-post-10827\" class=\"su-post \">\n\n\t\t\t\t\n\t\t\t\t<h2 class=\"su-post-title\"><a href=\"https:\/\/www.verdichtet.at\/?p=10827\">Der Fisch und ich<\/a><\/h2>\n\n\t\t\t\t<div class=\"su-post-meta\">\n\t\t\t\t\tVer\u00f6ffentlicht: 16. Februar 2020\t\t\t\t<\/div>\n\n\t\t\t\t<div class=\"su-post-excerpt\">\n\t\t\t\t\t<p>Ich halte mich an einem Fisch fest und reise mit ihm durch die Meere. Die Erde kannte ich bislang, aber nicht das Wasser. Ziemlich still ist es in dieser blauen Welt. Der Fisch wei\u00df um mich. Bisweilen taucht er auf, damit ich Luft holen kann. Seltener in letzter Zeit, und schlie\u00dflich gar nicht mehr. Im [&hellip;]<\/p>\n\t\t\t\t<\/div>\n\n\t\t\t\t\t\t\t\t\t<a href=\"https:\/\/www.verdichtet.at\/?p=10827#respond\" class=\"su-post-comments-link\">0 Kommentare<\/a>\n\t\t\t\t\n\t\t\t<\/div>\n\n\t\t\t\t\t\n\t\t\t\n\t\t\t<div id=\"su-post-10907\" class=\"su-post \">\n\n\t\t\t\t\n\t\t\t\t<h2 class=\"su-post-title\"><a href=\"https:\/\/www.verdichtet.at\/?p=10907\">SARS in der Aeroflot \u2013 oder: Die Welt ist eine Kugel<\/a><\/h2>\n\n\t\t\t\t<div class=\"su-post-meta\">\n\t\t\t\t\tVer\u00f6ffentlicht: 27. Februar 2020\t\t\t\t<\/div>\n\n\t\t\t\t<div class=\"su-post-excerpt\">\n\t\t\t\t\t<p>In den Tagen des Coronavirus habe ich mich selbst beobachtet: Wie ich in den \u00d6ffis immer h\u00e4ufiger den Impuls sp\u00fcrte, mich von Asiaten wegzusetzen, oder, den Schal bis zu den Augen hochgezogen, auf der Stra\u00dfe einen Bogen um sie zu machen. Auf dem Nachhauseweg ertappte ich mich einmal dabei, dass ich in meinem Gr\u00e4tzl in [&hellip;]<\/p>\n\t\t\t\t<\/div>\n\n\t\t\t\t\t\t\t\t\t<a href=\"https:\/\/www.verdichtet.at\/?p=10907#respond\" class=\"su-post-comments-link\">0 Kommentare<\/a>\n\t\t\t\t\n\t\t\t<\/div>\n\n\t\t\t\t\t\n\t\t\t\n\t\t\t<div id=\"su-post-10700\" class=\"su-post \">\n\n\t\t\t\t\n\t\t\t\t<h2 class=\"su-post-title\"><a href=\"https:\/\/www.verdichtet.at\/?p=10700\">Mensch und Katze<\/a><\/h2>\n\n\t\t\t\t<div class=\"su-post-meta\">\n\t\t\t\t\tVer\u00f6ffentlicht: 4. Januar 2020\t\t\t\t<\/div>\n\n\t\t\t\t<div class=\"su-post-excerpt\">\n\t\t\t\t\t<p>Mensch:\u00a0\u00a0\u00a0\u00a0\u00a0\u00a0\u00a0\u00a0\u00a0\u00a0\u00a0\u00a0\u00a0\u00a0 Hallo Katze, wollen wir ein bisschen spielen? Katze (denkt):\u00a0\u00a0\u00a0\u00a0\u00a0 Nein! Der Mensch soll mich in Frieden lassen. Ich fresse noch ein wenig Trockenfutter, dann halte ich ein Schl\u00e4fchen auf meinem Ausrastesack neben dem Heizstrahler, wir haben schlie\u00dflich Winter. Mensch (denkt):\u00a0 Katzen spielen doch immer so gern. Katze (denkt):\u00a0\u00a0\u00a0\u00a0\u00a0 Vielleicht in der Nacht, aber nicht [&hellip;]<\/p>\n\t\t\t\t<\/div>\n\n\t\t\t\t\t\t\t\t\t<a href=\"https:\/\/www.verdichtet.at\/?p=10700#respond\" class=\"su-post-comments-link\">0 Kommentare<\/a>\n\t\t\t\t\n\t\t\t<\/div>\n\n\t\t\t\t\t\n\t\t\t\n\t\t\t<div id=\"su-post-10592\" class=\"su-post \">\n\n\t\t\t\t\n\t\t\t\t<h2 class=\"su-post-title\"><a href=\"https:\/\/www.verdichtet.at\/?p=10592\">Umweltproblem<\/a><\/h2>\n\n\t\t\t\t<div class=\"su-post-meta\">\n\t\t\t\t\tVer\u00f6ffentlicht: 14. Dezember 2019\t\t\t\t<\/div>\n\n\t\t\t\t<div class=\"su-post-excerpt\">\n\t\t\t\t\t<p>Wir haben auf unserer Erde keine Automobile. Dieser Bl\u00f6dsinn hat sich bei uns nicht durchgesetzt. Wir haben Kutschen, die von Pferden gezogen werden, und damit ein echtes Umweltproblem \u2013 n\u00e4mlich die Pferde\u00e4pfel zum Ersten, und zum Zweiten etwas, was die Pferde mit unseren abartig vielen K\u00fchen teilen \u2013 sie furzen. Dadurch steigt wirklich viel Methan [&hellip;]<\/p>\n\t\t\t\t<\/div>\n\n\t\t\t\t\t\t\t\t\t<a href=\"https:\/\/www.verdichtet.at\/?p=10592#respond\" class=\"su-post-comments-link\">0 Kommentare<\/a>\n\t\t\t\t\n\t\t\t<\/div>\n\n\t\t\t\t\t\n\t\t\t\n\t\t\t<div id=\"su-post-10350\" class=\"su-post \">\n\n\t\t\t\t\n\t\t\t\t<h2 class=\"su-post-title\"><a href=\"https:\/\/www.verdichtet.at\/?p=10350\">Kr\u00e4hen<\/a><\/h2>\n\n\t\t\t\t<div class=\"su-post-meta\">\n\t\t\t\t\tVer\u00f6ffentlicht: 11. Oktober 2019\t\t\t\t<\/div>\n\n\t\t\t\t<div class=\"su-post-excerpt\">\n\t\t\t\t\t<p>Drau\u00dfen kr\u00e4chzen die Kr\u00e4hen. Ich sitze im beleuchteten Zimmer im ersten Stock. Sie sollten mich mitnehmen. Was will ich denn noch hier? Und da, auf einmal, w\u00e4chst mir ein Schnabel. Die Frau fragt mich etwas, aber ich kr\u00e4chze als Antwort nur. Ich \u00f6ffne das Fenster auch ohne H\u00e4nde und fliege hinaus. Mir ist nicht kalt, [&hellip;]<\/p>\n\t\t\t\t<\/div>\n\n\t\t\t\t\t\t\t\t\t<a href=\"https:\/\/www.verdichtet.at\/?p=10350#respond\" class=\"su-post-comments-link\">0 Kommentare<\/a>\n\t\t\t\t\n\t\t\t<\/div>\n\n\t\t\t\t\t\n\t\t\t\n\t\t\t<div id=\"su-post-10458\" class=\"su-post \">\n\n\t\t\t\t\n\t\t\t\t<h2 class=\"su-post-title\"><a href=\"https:\/\/www.verdichtet.at\/?p=10458\">Die narzisstische Fledermaus<\/a><\/h2>\n\n\t\t\t\t<div class=\"su-post-meta\">\n\t\t\t\t\tVer\u00f6ffentlicht: 7. November 2019\t\t\t\t<\/div>\n\n\t\t\t\t<div class=\"su-post-excerpt\">\n\t\t\t\t\t<p>Die Grenze zwischen Tag und Nacht Hab ich zu meinem Raum gemacht Kaum fleder ich aus meiner Gruft Schlag ich Haken in der Luft Fleder hin und fleder her Gelsen fressen mag ich sehr M\u00fccken, Motten, Maienk\u00e4fer Bin hungrig, denn bin Winterschl\u00e4fer Mensch, du interessierst mich nicht Weil\u2019s dir an meinem Sinn gebricht Was dunkel [&hellip;]<\/p>\n\t\t\t\t<\/div>\n\n\t\t\t\t\t\t\t\t\t<a href=\"https:\/\/www.verdichtet.at\/?p=10458#respond\" class=\"su-post-comments-link\">0 Kommentare<\/a>\n\t\t\t\t\n\t\t\t<\/div>\n\n\t\t\t\t\t\n\t\t\t\n\t\t\t<div id=\"su-post-10346\" class=\"su-post \">\n\n\t\t\t\t\n\t\t\t\t<h2 class=\"su-post-title\"><a href=\"https:\/\/www.verdichtet.at\/?p=10346\">Tausendf\u00fc\u00dfler<\/a><\/h2>\n\n\t\t\t\t<div class=\"su-post-meta\">\n\t\t\t\t\tVer\u00f6ffentlicht: 11. Oktober 2019\t\t\t\t<\/div>\n\n\t\t\t\t<div class=\"su-post-excerpt\">\n\t\t\t\t\t<p>Ein Tausendf\u00fc\u00dfler! Jo mei, ich bin Schuster, das ist meine Rettung. F\u00fcnfhundert modische Sch\u00fchchen links, f\u00fcnfhundert davon rechts. Von so einem Auftrag tr\u00e4umt man in jedem Gewerbe. \u201eBittesch\u00f6n lieber Herr Myriapoda, bitte halten Sie die F\u00fc\u00dfchen ein Momentchen still. Ich werde jetzt Ihren Leisten nehmen.\u201c Johannes Tosin (Text und Foto) www.verdichtet.at | Kategorie: Von M\u00fccke [&hellip;]<\/p>\n\t\t\t\t<\/div>\n\n\t\t\t\t\t\t\t\t\t<a href=\"https:\/\/www.verdichtet.at\/?p=10346#respond\" class=\"su-post-comments-link\">0 Kommentare<\/a>\n\t\t\t\t\n\t\t\t<\/div>\n\n\t\t\t\t\t\n\t\t\t\n\t\t\t<div id=\"su-post-10223\" class=\"su-post \">\n\n\t\t\t\t\n\t\t\t\t<h2 class=\"su-post-title\"><a href=\"https:\/\/www.verdichtet.at\/?p=10223\">Der letzte Buckaroo<\/a><\/h2>\n\n\t\t\t\t<div class=\"su-post-meta\">\n\t\t\t\t\tVer\u00f6ffentlicht: 26. September 2019\t\t\t\t<\/div>\n\n\t\t\t\t<div class=\"su-post-excerpt\">\n\t\t\t\t\t<p>Hinkend lief Mark mit staubigen Reitstiefeln den Weg entlang. Mit einer Hand hielt er sich die H\u00fcfte und er betrachtete das kaputte Smartphone in der anderen Hand. \u201eVerdammter Mistkerl!\u201c, dachte er. \u201eNugget! Komm zur\u00fcck!\u201c, rief er energisch. Er nahm den Cowboyhut vom Kopf und wischte sich den Schwei\u00df von der Stirn. St\u00f6hnend hielt er inne [&hellip;]<\/p>\n\t\t\t\t<\/div>\n\n\t\t\t\t\t\t\t\t\t<a href=\"https:\/\/www.verdichtet.at\/?p=10223#respond\" class=\"su-post-comments-link\">0 Kommentare<\/a>\n\t\t\t\t\n\t\t\t<\/div>\n\n\t\t\t\t\t\n\t\t\t\n\t\t\t<div id=\"su-post-9959\" class=\"su-post \">\n\n\t\t\t\t\n\t\t\t\t<h2 class=\"su-post-title\"><a href=\"https:\/\/www.verdichtet.at\/?p=9959\">Totes Meerschweinchen<\/a><\/h2>\n\n\t\t\t\t<div class=\"su-post-meta\">\n\t\t\t\t\tVer\u00f6ffentlicht: 25. Juli 2019\t\t\t\t<\/div>\n\n\t\t\t\t<div class=\"su-post-excerpt\">\n\t\t\t\t\t<p>Mein Meerschweinchen ist tot \u2013 ich kann es gar nicht fassen Hier liegt es steif und kalt \u2013 ich f\u00fchl mich so verlassen Nichts Pelzig-Warmes mehr \u2013 um es ans Herz zu dr\u00fccken Bracht\u2018 ich dir L\u00f6wenzahn \u2013 du quiektest vor Entz\u00fccken Ich werd\u2018 dein Gartengrab \u2013 mit Wiesenblumen schm\u00fccken Warst immer f\u00fcr mich da [&hellip;]<\/p>\n\t\t\t\t<\/div>\n\n\t\t\t\t\t\t\t\t\t<a href=\"https:\/\/www.verdichtet.at\/?p=9959#respond\" class=\"su-post-comments-link\">0 Kommentare<\/a>\n\t\t\t\t\n\t\t\t<\/div>\n\n\t\t\t\t\t\n\t\t\t\n\t\t\t<div id=\"su-post-9243\" class=\"su-post \">\n\n\t\t\t\t\n\t\t\t\t<h2 class=\"su-post-title\"><a href=\"https:\/\/www.verdichtet.at\/?p=9243\">Pelziger Prinz<\/a><\/h2>\n\n\t\t\t\t<div class=\"su-post-meta\">\n\t\t\t\t\tVer\u00f6ffentlicht: 4. Januar 2019\t\t\t\t<\/div>\n\n\t\t\t\t<div class=\"su-post-excerpt\">\n\t\t\t\t\t<p>Ruhe kommt auf, bei diesem Anblick Pelziger Prinz, gr\u00fcne Augen, h\u00f6ren zu Zwischendurch antworten sie Strahlende Freude erhellt mein schweres Gem\u00fct, beim Schnurren, beim Miauen Kleine braune H\u00e4ufchen brauchen nicht vergraben werden, es hat Diener Man kann den Wecker im M\u00fcll entsorgen, denn die Spr\u00fcnge auf alle K\u00f6rperteile, mit singender Klage nach Hunger sind effektiver [&hellip;]<\/p>\n\t\t\t\t<\/div>\n\n\t\t\t\t\t\t\t\t\t<a href=\"https:\/\/www.verdichtet.at\/?p=9243#respond\" class=\"su-post-comments-link\">0 Kommentare<\/a>\n\t\t\t\t\n\t\t\t<\/div>\n\n\t\t\t\t\t\n\t\t\t\n\t\t\t<div id=\"su-post-9785\" class=\"su-post \">\n\n\t\t\t\t\n\t\t\t\t<h2 class=\"su-post-title\"><a href=\"https:\/\/www.verdichtet.at\/?p=9785\">Die Kr\u00e4he<\/a><\/h2>\n\n\t\t\t\t<div class=\"su-post-meta\">\n\t\t\t\t\tVer\u00f6ffentlicht: 17. Mai 2019\t\t\t\t<\/div>\n\n\t\t\t\t<div class=\"su-post-excerpt\">\n\t\t\t\t\t<p>Mein kluger Kopf ist hart wie Holz Mein Schnabel ist mein ganzer Stolz Mit ihm muss ich zerhack-,\u00a0 zerklopfen Wurzel, K\u00e4fer und auch Knochen Ansonsten bin ich Fl\u00fcgelschwingen Der Abflug will nicht recht gelingen Dann flieg ich \u00fcber Land und Meer Die Landung holpert wieder sehr Als Schlachtfeldvogel einst verhasst Hab ich mir schwarzen Frack [&hellip;]<\/p>\n\t\t\t\t<\/div>\n\n\t\t\t\t\t\t\t\t\t<a href=\"https:\/\/www.verdichtet.at\/?p=9785#respond\" class=\"su-post-comments-link\">0 Kommentare<\/a>\n\t\t\t\t\n\t\t\t<\/div>\n\n\t\t\t\t\t\n\t\t\t\n\t\t\t<div id=\"su-post-9518\" class=\"su-post \">\n\n\t\t\t\t\n\t\t\t\t<h2 class=\"su-post-title\"><a href=\"https:\/\/www.verdichtet.at\/?p=9518\">Vogelfrau<\/a><\/h2>\n\n\t\t\t\t<div class=\"su-post-meta\">\n\t\t\t\t\tVer\u00f6ffentlicht: 25. Februar 2019\t\t\t\t<\/div>\n\n\t\t\t\t<div class=\"su-post-excerpt\">\n\t\t\t\t\t<p>Geh\u00f6rst in keinen K\u00e4fig, Vogelfrau, dein Platz ist zwischen den B\u00e4umen und den Wolken, die Sonne hell in deinem Blick. Der Himmel f\u00e4llt ins weite Wasser. Der Ozean umspannt den gebogenen Boden. Wo ist oben, wo ist unten? Der Traum das Leben, ohne ein Ende. Du singst des Morgens, pickst ein Korn vom Rasen der [&hellip;]<\/p>\n\t\t\t\t<\/div>\n\n\t\t\t\t\t\t\t\t\t<a href=\"https:\/\/www.verdichtet.at\/?p=9518#respond\" class=\"su-post-comments-link\">0 Kommentare<\/a>\n\t\t\t\t\n\t\t\t<\/div>\n\n\t\t\t\t\t\n\t\t\t\n\t\t\t<div id=\"su-post-9429\" class=\"su-post \">\n\n\t\t\t\t\n\t\t\t\t<h2 class=\"su-post-title\"><a href=\"https:\/\/www.verdichtet.at\/?p=9429\">Ein Ohr taucht auf<\/a><\/h2>\n\n\t\t\t\t<div class=\"su-post-meta\">\n\t\t\t\t\tVer\u00f6ffentlicht: 10. Februar 2019\t\t\t\t<\/div>\n\n\t\t\t\t<div class=\"su-post-excerpt\">\n\t\t\t\t\t<p>Ein Ohr taucht auf \u2013 au\u00dfen wei\u00df mit drei kleinen schwarzen Punkten, innen wei\u00dfer Flaum auf rosa Grund, ein zweites schiebt sich in mein Blickfeld. Und schon schnellt eine wei\u00dfe Pfote vor, tastet das Leintuch des Bettes mit hektischen Bewegungen ab, pr\u00fcft sozusagen, ob die Luft rein und das Bett frei von Feinden ist. Dann [&hellip;]<\/p>\n\t\t\t\t<\/div>\n\n\t\t\t\t\t\t\t\t\t<a href=\"https:\/\/www.verdichtet.at\/?p=9429#respond\" class=\"su-post-comments-link\">0 Kommentare<\/a>\n\t\t\t\t\n\t\t\t<\/div>\n\n\t\t\t\t\t\n\t\t\t\n\t\t\t<div id=\"su-post-9310\" class=\"su-post \">\n\n\t\t\t\t\n\t\t\t\t<h2 class=\"su-post-title\"><a href=\"https:\/\/www.verdichtet.at\/?p=9310\">Kaviar im Pelz &#8211; Die Abenteuer einer Kakerlake im Kreml<\/a><\/h2>\n\n\t\t\t\t<div class=\"su-post-meta\">\n\t\t\t\t\tVer\u00f6ffentlicht: 14. Januar 2019\t\t\t\t<\/div>\n\n\t\t\t\t<div class=\"su-post-excerpt\">\n\t\t\t\t\t<p>Ob es das Etui war oder die Brille, wei\u00df ich nicht mehr so genau. Beide lagen auf dem Nachttischchen der Juri-Andropov-Suite des Hotels \u201ePr\u00e4sident\u201c und geh\u00f6rten Hofrat Professor Doktor B.S., einem der Preistr\u00e4ger des \u201eOrdens f\u00fcr verdiente Kulturarbeit\u201c. Ich erinnere mich nur noch daran, dass mich die verschmierten, kunstledernen Wischt\u00fccher ebenso anzogen wie die verf\u00fchrerisch [&hellip;]<\/p>\n\t\t\t\t<\/div>\n\n\t\t\t\t\t\t\t\t\t<a href=\"https:\/\/www.verdichtet.at\/?p=9310#respond\" class=\"su-post-comments-link\">0 Kommentare<\/a>\n\t\t\t\t\n\t\t\t<\/div>\n\n\t\t\t\t\t\n\t\t\t\n\t\t\t<div id=\"su-post-9372\" class=\"su-post \">\n\n\t\t\t\t\n\t\t\t\t<h2 class=\"su-post-title\"><a href=\"https:\/\/www.verdichtet.at\/?p=9372\">Zwei fabelhafte Philosophen<\/a><\/h2>\n\n\t\t\t\t<div class=\"su-post-meta\">\n\t\t\t\t\tVer\u00f6ffentlicht: 25. Januar 2019\t\t\t\t<\/div>\n\n\t\t\t\t<div class=\"su-post-excerpt\">\n\t\t\t\t\t<p>Die Sonne strahlte an diesem Vormittag vom blauen Himmel, fr\u00f6hliches Vogelgezwitscher war in den B\u00e4umen neben dem Pferdestall zu h\u00f6ren. An der Raufe standen einige Pferde und m\u00fcmmelten Heu, ein paar davon vertrieben mit ihren Schweifhaaren die l\u00e4stigen Fliegen. Die Ruhe auf dem Hof war an diesem Samstag ungew\u00f6hnlich, denn \u00fcblicherweise waren um diese Zeit [&hellip;]<\/p>\n\t\t\t\t<\/div>\n\n\t\t\t\t\t\t\t\t\t<a href=\"https:\/\/www.verdichtet.at\/?p=9372#respond\" class=\"su-post-comments-link\">0 Kommentare<\/a>\n\t\t\t\t\n\t\t\t<\/div>\n\n\t\t\t\t\t\n\t\t\t\n\t\t\t<div id=\"su-post-8944\" class=\"su-post \">\n\n\t\t\t\t\n\t\t\t\t<h2 class=\"su-post-title\"><a href=\"https:\/\/www.verdichtet.at\/?p=8944\">Comme il faut<\/a><\/h2>\n\n\t\t\t\t<div class=\"su-post-meta\">\n\t\t\t\t\tVer\u00f6ffentlicht: 24. November 2018\t\t\t\t<\/div>\n\n\t\t\t\t<div class=\"su-post-excerpt\">\n\t\t\t\t\t<p>(Haiku) Zwei Kr\u00e4hen im Sonnenschein Wollen sch\u00f6ner sein Hacken ihn klein Gemein Bernd Remsing http:\/\/fm4.orf.at\/stories\/1704846\/ Diesen Text k\u00f6nnen Sie auch h\u00f6ren, gelesen vom Autor. www.verdichtet.at |\u00a0Kategorie: Von M\u00fccke zu Elefant und unerH\u00d6RT!| Inventarnummer: 18155<\/p>\n\t\t\t\t<\/div>\n\n\t\t\t\t\t\t\t\t\t<a href=\"https:\/\/www.verdichtet.at\/?p=8944#respond\" class=\"su-post-comments-link\">0 Kommentare<\/a>\n\t\t\t\t\n\t\t\t<\/div>\n\n\t\t\t\t\t\n\t\t\t\n\t\t\t<div id=\"su-post-7805\" class=\"su-post \">\n\n\t\t\t\t\n\t\t\t\t<h2 class=\"su-post-title\"><a href=\"https:\/\/www.verdichtet.at\/?p=7805\">Verjagt<\/a><\/h2>\n\n\t\t\t\t<div class=\"su-post-meta\">\n\t\t\t\t\tVer\u00f6ffentlicht: 8. April 2018\t\t\t\t<\/div>\n\n\t\t\t\t<div class=\"su-post-excerpt\">\n\t\t\t\t\t<p>Liege bei den Ameisen, Kleiner H\u00fcgel, Kleine Bisse, verraten mir, wer der St\u00f6renfried ist Florian Pfeffer www.verdichtet.at |\u00a0Kategorie: Von M\u00fccke zu Elefant | Inventarnummer: 18042<\/p>\n\t\t\t\t<\/div>\n\n\t\t\t\t\t\t\t\t\t<a href=\"https:\/\/www.verdichtet.at\/?p=7805#respond\" class=\"su-post-comments-link\">0 Kommentare<\/a>\n\t\t\t\t\n\t\t\t<\/div>\n\n\t\t\t\t\t\n\t\t\t\n\t\t\t<div id=\"su-post-8084\" class=\"su-post \">\n\n\t\t\t\t\n\t\t\t\t<h2 class=\"su-post-title\"><a href=\"https:\/\/www.verdichtet.at\/?p=8084\">Lady Sharona<\/a><\/h2>\n\n\t\t\t\t<div class=\"su-post-meta\">\n\t\t\t\t\tVer\u00f6ffentlicht: 30. April 2018\t\t\t\t<\/div>\n\n\t\t\t\t<div class=\"su-post-excerpt\">\n\t\t\t\t\t<p>Da geht eine Edle spazieren Beachte ihren Gang Den Rhythmus in ihren Vieren St\u00f6rt nur Vogelgesang Sharona tr\u00e4gt sie als Namen Und stolzer nur ihren Schweif Nur allernobelste Damen Tragen so jung sich so reif Sie hat eine Kiste gesichtet Schon wird sie heftig studiert Bis sie g\u00e4nzlich zernichtet Daliegt \u2013 ganz analysiert Sie w\u00e4hlte [&hellip;]<\/p>\n\t\t\t\t<\/div>\n\n\t\t\t\t\t\t\t\t\t<a href=\"https:\/\/www.verdichtet.at\/?p=8084#respond\" class=\"su-post-comments-link\">0 Kommentare<\/a>\n\t\t\t\t\n\t\t\t<\/div>\n\n\t\t\t\t\t\n\t\t\t\n\t\t\t<div id=\"su-post-7498\" class=\"su-post \">\n\n\t\t\t\t\n\t\t\t\t<h2 class=\"su-post-title\"><a href=\"https:\/\/www.verdichtet.at\/?p=7498\">Der Mann mit dem Spatzenk\u00e4fig<\/a><\/h2>\n\n\t\t\t\t<div class=\"su-post-meta\">\n\t\t\t\t\tVer\u00f6ffentlicht: 10. Januar 2018\t\t\t\t<\/div>\n\n\t\t\t\t<div class=\"su-post-excerpt\">\n\t\t\t\t\t<p>K\u00f6hler passierte das gusseiserne Tor in der alten Stadtmauer und trat in den Rosengarten; in der Hand trug er einen Vogelbauer. Die Luft war frisch, und er sp\u00fcrte die Sonnenstrahlen auf seinem Gesicht. Er setzte sich auf die Bank neben dem Steinbrunnen, wo er jeden Morgen sa\u00df, und \u00f6ffnete das T\u00fcrchen. Nicco tschilpte und blickte [&hellip;]<\/p>\n\t\t\t\t<\/div>\n\n\t\t\t\t\t\t\t\t\t<a href=\"https:\/\/www.verdichtet.at\/?p=7498#respond\" class=\"su-post-comments-link\">0 Kommentare<\/a>\n\t\t\t\t\n\t\t\t<\/div>\n\n\t\t\n\t\n<\/div>\n\n","protected":false},"excerpt":{"rendered":"","protected":false},"author":4,"featured_media":0,"parent":405,"menu_order":0,"comment_status":"closed","ping_status":"closed","template":"","meta":{"footnotes":""},"class_list":["post-7515","page","type-page","status-publish","hentry"],"_links":{"self":[{"href":"https:\/\/www.verdichtet.at\/index.php?rest_route=\/wp\/v2\/pages\/7515","targetHints":{"allow":["GET"]}}],"collection":[{"href":"https:\/\/www.verdichtet.at\/index.php?rest_route=\/wp\/v2\/pages"}],"about":[{"href":"https:\/\/www.verdichtet.at\/index.php?rest_route=\/wp\/v2\/types\/page"}],"author":[{"embeddable":true,"href":"https:\/\/www.verdichtet.at\/index.php?rest_route=\/wp\/v2\/users\/4"}],"replies":[{"embeddable":true,"href":"https:\/\/www.verdichtet.at\/index.php?rest_route=%2Fwp%2Fv2%2Fcomments&post=7515"}],"version-history":[{"count":3,"href":"https:\/\/www.verdichtet.at\/index.php?rest_route=\/wp\/v2\/pages\/7515\/revisions"}],"predecessor-version":[{"id":7518,"href":"https:\/\/www.verdichtet.at\/index.php?rest_route=\/wp\/v2\/pages\/7515\/revisions\/7518"}],"up":[{"embeddable":true,"href":"https:\/\/www.verdichtet.at\/index.php?rest_route=\/wp\/v2\/pages\/405"}],"wp:attachment":[{"href":"https:\/\/www.verdichtet.at\/index.php?rest_route=%2Fwp%2Fv2%2Fmedia&parent=7515"}],"curies":[{"name":"wp","href":"https:\/\/api.w.org\/{rel}","templated":true}]}}