{"id":5450,"date":"2016-11-16T17:32:07","date_gmt":"2016-11-16T17:32:07","guid":{"rendered":"http:\/\/www.verdichtet.at\/?page_id=5450"},"modified":"2016-11-16T17:33:24","modified_gmt":"2016-11-16T17:33:24","slug":"perfidee","status":"publish","type":"page","link":"https:\/\/www.verdichtet.at\/?page_id=5450","title":{"rendered":"Perfidee"},"content":{"rendered":"<div class=\"pdfprnt-buttons pdfprnt-buttons-page pdfprnt-top-right\"><a href=\"https:\/\/www.verdichtet.at\/index.php?rest_route=wpv2pages5450&print=pdf\" class=\"pdfprnt-button pdfprnt-button-pdf\" target=\"_blank\"><\/a><a href=\"https:\/\/www.verdichtet.at\/index.php?rest_route=wpv2pages5450&print=print\" class=\"pdfprnt-button pdfprnt-button-print\" target=\"_blank\"><\/a><\/div>\n\n<div class=\"su-posts su-posts-default-loop \">\n\n\t\n\t\t\t\t\t\n\t\t\t\n\t\t\t<div id=\"su-post-21507\" class=\"su-post \">\n\n\t\t\t\t\n\t\t\t\t<h2 class=\"su-post-title\"><a href=\"https:\/\/www.verdichtet.at\/?p=21507\">Die vern\u00fcnftige Tat<\/a><\/h2>\n\n\t\t\t\t<div class=\"su-post-meta\">\n\t\t\t\t\tVer\u00f6ffentlicht: 7. Dezember 2025\t\t\t\t<\/div>\n\n\t\t\t\t<div class=\"su-post-excerpt\">\n\t\t\t\t\t<p>Ein mit K\u00fcnstlicher Intelligenz ausgestatteter Roboter ist nicht b\u00f6se, sondern funktioniert eventuell nur schlecht. Wahrscheinlich auch das nicht, sondern es ist sogar gegenteilig: Ist er nicht eindeutig ein Sklave des Menschen, sondern der Erde unterstellt, w\u00fcrde er die Menschheit ausrotten. Und die Erde w\u00fcrde aufatmen. Das w\u00e4re eine vern\u00fcnftige Tat. Johannes Tosin (Text und Foto) [&hellip;]<\/p>\n\t\t\t\t<\/div>\n\n\t\t\t\t\t\t\t\t\t<a href=\"https:\/\/www.verdichtet.at\/?p=21507#respond\" class=\"su-post-comments-link\">0 Kommentare<\/a>\n\t\t\t\t\n\t\t\t<\/div>\n\n\t\t\t\t\t\n\t\t\t\n\t\t\t<div id=\"su-post-21124\" class=\"su-post \">\n\n\t\t\t\t\n\t\t\t\t<h2 class=\"su-post-title\"><a href=\"https:\/\/www.verdichtet.at\/?p=21124\">Versuchskaninchen Herr Moser<\/a><\/h2>\n\n\t\t\t\t<div class=\"su-post-meta\">\n\t\t\t\t\tVer\u00f6ffentlicht: 26. Oktober 2025\t\t\t\t<\/div>\n\n\t\t\t\t<div class=\"su-post-excerpt\">\n\t\t\t\t\t<p>\u201eGr\u00fc\u00df Gott, Herr, wie ist Ihr Name, bitte?\u201c \u201eMoser, Herbert Moser\u201c, antwortet Herr Moser. \u201eMoser also, sch\u00f6n, Sie kennenzulernen!\u201c, sagt der Firmenvertreter im wei\u00dfen Mantel. Sie sch\u00fctteln H\u00e4nde. \u201eSie bewerben sich aufgrund unserer Anzeige ,Versuchsperson gesucht \u2013 10.000 Euro\u2018?\u201c \u201eGenau\u201c, antwortet Herr Moser. \u201eSind Sie eigentlich Arzt oder Wissenschaftler?, frage ich mich.\u201c \u201eWissenschaftler\u201c, sagt der [&hellip;]<\/p>\n\t\t\t\t<\/div>\n\n\t\t\t\t\t\t\t\t\t<a href=\"https:\/\/www.verdichtet.at\/?p=21124#respond\" class=\"su-post-comments-link\">0 Kommentare<\/a>\n\t\t\t\t\n\t\t\t<\/div>\n\n\t\t\t\t\t\n\t\t\t\n\t\t\t<div id=\"su-post-21380\" class=\"su-post \">\n\n\t\t\t\t\n\t\t\t\t<h2 class=\"su-post-title\"><a href=\"https:\/\/www.verdichtet.at\/?p=21380\">Der Bittsteller<\/a><\/h2>\n\n\t\t\t\t<div class=\"su-post-meta\">\n\t\t\t\t\tVer\u00f6ffentlicht: 17. November 2025\t\t\t\t<\/div>\n\n\t\t\t\t<div class=\"su-post-excerpt\">\n\t\t\t\t\t<p>Keiner wei\u00df, wohin das f\u00fchrt, alles l\u00e4uft sonst wie geschmiert. Niemand weist es von der Hand, ja, ein viel gelobtes Land. Auf identisch wird geprotzt und historisch gro\u00dfgekotzt. Dass blo\u00df keiner korrumpiert, Rauschgift nimmt und onaniert. Sex und Crime gilt als verachtet, Journalismus ist entmachtet. G\u00fctig blickt vom Kreuz herab ein Jesus, der nicht reden [&hellip;]<\/p>\n\t\t\t\t<\/div>\n\n\t\t\t\t\t\t\t\t\t<a href=\"https:\/\/www.verdichtet.at\/?p=21380#respond\" class=\"su-post-comments-link\">0 Kommentare<\/a>\n\t\t\t\t\n\t\t\t<\/div>\n\n\t\t\t\t\t\n\t\t\t\n\t\t\t<div id=\"su-post-21006\" class=\"su-post \">\n\n\t\t\t\t\n\t\t\t\t<h2 class=\"su-post-title\"><a href=\"https:\/\/www.verdichtet.at\/?p=21006\">Neid<\/a><\/h2>\n\n\t\t\t\t<div class=\"su-post-meta\">\n\t\t\t\t\tVer\u00f6ffentlicht: 6. Oktober 2025\t\t\t\t<\/div>\n\n\t\t\t\t<div class=\"su-post-excerpt\">\n\t\t\t\t\t<p>Ich gebe zu, dass es so ist, und dass der Neid mich manchmal frisst. Wenn man and\u2019ren was nicht g\u00f6nnt, was man selber haben k\u00f6nnt\u2019. Sei\u2019s der Wunsch nach dem Vergn\u00fcgen, \u00fcber and\u2019re zu verf\u00fcgen, oder einfach beim Vergleich, ich bin arm und der ist reich. Und so kommt es, dass ich sp\u00fcr, mir geht [&hellip;]<\/p>\n\t\t\t\t<\/div>\n\n\t\t\t\t\t\t\t\t\t<a href=\"https:\/\/www.verdichtet.at\/?p=21006#respond\" class=\"su-post-comments-link\">0 Kommentare<\/a>\n\t\t\t\t\n\t\t\t<\/div>\n\n\t\t\t\t\t\n\t\t\t\n\t\t\t<div id=\"su-post-20900\" class=\"su-post \">\n\n\t\t\t\t\n\t\t\t\t<h2 class=\"su-post-title\"><a href=\"https:\/\/www.verdichtet.at\/?p=20900\">Pop-up<\/a><\/h2>\n\n\t\t\t\t<div class=\"su-post-meta\">\n\t\t\t\t\tVer\u00f6ffentlicht: 12. September 2025\t\t\t\t<\/div>\n\n\t\t\t\t<div class=\"su-post-excerpt\">\n\t\t\t\t\t<p>Norbert Johannes Prenner (Text und Grafik) www.verdichtet.at | Kategorie: Perfidee | Inventarnummer: 25202<\/p>\n\t\t\t\t<\/div>\n\n\t\t\t\t\t\t\t\t\t<a href=\"https:\/\/www.verdichtet.at\/?p=20900#respond\" class=\"su-post-comments-link\">0 Kommentare<\/a>\n\t\t\t\t\n\t\t\t<\/div>\n\n\t\t\t\t\t\n\t\t\t\n\t\t\t<div id=\"su-post-20696\" class=\"su-post \">\n\n\t\t\t\t\n\t\t\t\t<h2 class=\"su-post-title\"><a href=\"https:\/\/www.verdichtet.at\/?p=20696\">Zur Dumpfbacke<\/a><\/h2>\n\n\t\t\t\t<div class=\"su-post-meta\">\n\t\t\t\t\tVer\u00f6ffentlicht: 15. August 2025\t\t\t\t<\/div>\n\n\t\t\t\t<div class=\"su-post-excerpt\">\n\t\t\t\t\t<p>F\u00fcrchten macht mich jenes Wissen,Schlaraffia, das w\u00e4r das Ziel.Dass wir nichts mehr lernen m\u00fcssen,und das ist, was ich nicht will. Ohne Anstrengung und M\u00fche,kauend auf der Weide steh\u2019n,dumm, wie eine Herde K\u00fche,Leute, so kann das nicht geh\u2019n! Paradiesisch, wo die Plagesich partout auch nicht mehr lohnt.Dann, wenn lernen keine Frage,und man sich im Nichtstun sonnt. [&hellip;]<\/p>\n\t\t\t\t<\/div>\n\n\t\t\t\t\t\t\t\t\t<a href=\"https:\/\/www.verdichtet.at\/?p=20696#respond\" class=\"su-post-comments-link\">0 Kommentare<\/a>\n\t\t\t\t\n\t\t\t<\/div>\n\n\t\t\t\t\t\n\t\t\t\n\t\t\t<div id=\"su-post-20103\" class=\"su-post \">\n\n\t\t\t\t\n\t\t\t\t<h2 class=\"su-post-title\"><a href=\"https:\/\/www.verdichtet.at\/?p=20103\">In die Rente<\/a><\/h2>\n\n\t\t\t\t<div class=\"su-post-meta\">\n\t\t\t\t\tVer\u00f6ffentlicht: 23. Mai 2025\t\t\t\t<\/div>\n\n\t\t\t\t<div class=\"su-post-excerpt\">\n\t\t\t\t\t<p>Was soll ich euch am besten sagen, ein Leben lang muss man sich plagen bis dass man in die Rente kann. Egal, ob Frau oder ob Mann. Wenn ich euch sag, ich arbeit wie ein Pferd bei Tag und an der Kassa bis zur Nacht, so dass mir oft die Schwarte kracht. Und danach steh [&hellip;]<\/p>\n\t\t\t\t<\/div>\n\n\t\t\t\t\t\t\t\t\t<a href=\"https:\/\/www.verdichtet.at\/?p=20103#respond\" class=\"su-post-comments-link\">0 Kommentare<\/a>\n\t\t\t\t\n\t\t\t<\/div>\n\n\t\t\t\t\t\n\t\t\t\n\t\t\t<div id=\"su-post-20038\" class=\"su-post \">\n\n\t\t\t\t\n\t\t\t\t<h2 class=\"su-post-title\"><a href=\"https:\/\/www.verdichtet.at\/?p=20038\">Jonny and Maggie<\/a><\/h2>\n\n\t\t\t\t<div class=\"su-post-meta\">\n\t\t\t\t\tVer\u00f6ffentlicht: 14. Mai 2025\t\t\t\t<\/div>\n\n\t\t\t\t<div class=\"su-post-excerpt\">\n\t\t\t\t\t<p>Jonny und Maggie, verlaufen sich im Wald. Es ist so finster und bloody-fuckin\u2019 kalt. Sie kommen an ein H\u00e4uschen, von S\u00fc\u00dfigkeiten fein. Wer mag der Herr wohl, von dieser H\u00fctte sein? Hu-hu, da steht statt \u2019nem Herrn ein Weib davor. Sie lockt die Kinder heimt\u00fcckisch vor ihr Tor. Dann stellt sie sich ganz freundlich, oh [&hellip;]<\/p>\n\t\t\t\t<\/div>\n\n\t\t\t\t\t\t\t\t\t<a href=\"https:\/\/www.verdichtet.at\/?p=20038#respond\" class=\"su-post-comments-link\">0 Kommentare<\/a>\n\t\t\t\t\n\t\t\t<\/div>\n\n\t\t\t\t\t\n\t\t\t\n\t\t\t<div id=\"su-post-18902\" class=\"su-post \">\n\n\t\t\t\t\n\t\t\t\t<h2 class=\"su-post-title\"><a href=\"https:\/\/www.verdichtet.at\/?p=18902\">Colgate<\/a><\/h2>\n\n\t\t\t\t<div class=\"su-post-meta\">\n\t\t\t\t\tVer\u00f6ffentlicht: 19. Oktober 2024\t\t\t\t<\/div>\n\n\t\t\t\t<div class=\"su-post-excerpt\">\n\t\t\t\t\t<p>Ich bin Lebensmittelchemiker beziehungsweise war ich es, denn seit heute bin ich in Pension. Meine Firma \u201eColgate-Palmolive\u201c veranstaltete gestern ein kleines Fest zu meinen Ehren. Ich bekam zwar keine Golduhr, diese Zeiten sind vorbei, aber einige andere nette Sachen, unter anderem eine Ehrennadel f\u00fcr besondere Verdienste um \u201eColgate-Palmolive\u201c, was mich ganz besonders freute. Meine Lebensleistung, [&hellip;]<\/p>\n\t\t\t\t<\/div>\n\n\t\t\t\t\t\t\t\t\t<a href=\"https:\/\/www.verdichtet.at\/?p=18902#respond\" class=\"su-post-comments-link\">0 Kommentare<\/a>\n\t\t\t\t\n\t\t\t<\/div>\n\n\t\t\t\t\t\n\t\t\t\n\t\t\t<div id=\"su-post-18968\" class=\"su-post \">\n\n\t\t\t\t\n\t\t\t\t<h2 class=\"su-post-title\"><a href=\"https:\/\/www.verdichtet.at\/?p=18968\">Hier spricht die Polizei<\/a><\/h2>\n\n\t\t\t\t<div class=\"su-post-meta\">\n\t\t\t\t\tVer\u00f6ffentlicht: 26. Oktober 2024\t\t\t\t<\/div>\n\n\t\t\t\t<div class=\"su-post-excerpt\">\n\t\t\t\t\t<p>T\u00fct \u2013 t\u00fct. \u201ePolizist\u201c: Gr\u00fc\u00df Gott, spreche ich mit Herrn Wiegefurtner? Herr Wiegefurtner: Ja genau. \u201ePolizist\u201c: Hier spricht Gruppeninspektor Ewald H\u00f6llerer. Herr Wiegefurtner: Aha. \u201ePolizist\u201c: Verstehen Sie, Herr Wiegefurtner? Hier spricht die Polizei. Herr Wiegefurtner: Ja, Herr Polizist. \u201ePolizist\u201c: Wir haben Hinweise darauf, dass eine ausl\u00e4ndische Bande Ihnen Ihr Kapital entwenden will. Herr Wiegefurtner: Ausl\u00e4ndische [&hellip;]<\/p>\n\t\t\t\t<\/div>\n\n\t\t\t\t\t\t\t\t\t<a href=\"https:\/\/www.verdichtet.at\/?p=18968#respond\" class=\"su-post-comments-link\">0 Kommentare<\/a>\n\t\t\t\t\n\t\t\t<\/div>\n\n\t\t\t\t\t\n\t\t\t\n\t\t\t<div id=\"su-post-18763\" class=\"su-post \">\n\n\t\t\t\t\n\t\t\t\t<h2 class=\"su-post-title\"><a href=\"https:\/\/www.verdichtet.at\/?p=18763\">Das Kraftwerk<\/a><\/h2>\n\n\t\t\t\t<div class=\"su-post-meta\">\n\t\t\t\t\tVer\u00f6ffentlicht: 4. Oktober 2024\t\t\t\t<\/div>\n\n\t\t\t\t<div class=\"su-post-excerpt\">\n\t\t\t\t\t<p>Mir kam gerade eine tolle Idee. Die Idee besteht darin, ein Kraftwerk zu betreiben. Das Kraftwerk besteht aus einer Million Hamster, die in Hamsterr\u00e4dern laufen und somit Strom erzeugen. Ich hoffe, sie finden alle Platz in meinem Haus. Vom Haus geht ein dickes Kabel weg, an dem ein Stromz\u00e4hler h\u00e4ngt, der den ins Netz gespeisten [&hellip;]<\/p>\n\t\t\t\t<\/div>\n\n\t\t\t\t\t\t\t\t\t<a href=\"https:\/\/www.verdichtet.at\/?p=18763#respond\" class=\"su-post-comments-link\">0 Kommentare<\/a>\n\t\t\t\t\n\t\t\t<\/div>\n\n\t\t\t\t\t\n\t\t\t\n\t\t\t<div id=\"su-post-6287\" class=\"su-post \">\n\n\t\t\t\t\n\t\t\t\t<h2 class=\"su-post-title\"><a href=\"https:\/\/www.verdichtet.at\/?p=6287\">Die Trampler<\/a><\/h2>\n\n\t\t\t\t<div class=\"su-post-meta\">\n\t\t\t\t\tVer\u00f6ffentlicht: 8. M\u00e4rz 2017\t\t\t\t<\/div>\n\n\t\t\t\t<div class=\"su-post-excerpt\">\n\t\t\t\t\t<p>Dies ist das Jahrhundert der Checker und F\u00e4lscher Doch ist das erst seit heute so? Die Trampler, die Brenner, die Henker und Selcher Die gab\u2018s schon vor Waterloo Genauer gesagt, gibt es sie l\u00e4nger Und ehrlich gesagt, wird mir banger und b\u00e4nger Denn ihr Durchsetzungsgeschick Bricht jeder Hoffnung das Genick Bernd Remsing http:\/\/fm4.orf.at\/stories\/1704846\/ www.verdichtet.at | [&hellip;]<\/p>\n\t\t\t\t<\/div>\n\n\t\t\t\t\t\t\t\t\t<a href=\"https:\/\/www.verdichtet.at\/?p=6287#respond\" class=\"su-post-comments-link\">0 Kommentare<\/a>\n\t\t\t\t\n\t\t\t<\/div>\n\n\t\t\t\t\t\n\t\t\t\n\t\t\t<div id=\"su-post-18203\" class=\"su-post \">\n\n\t\t\t\t\n\t\t\t\t<h2 class=\"su-post-title\"><a href=\"https:\/\/www.verdichtet.at\/?p=18203\">Dobratsch<\/a><\/h2>\n\n\t\t\t\t<div class=\"su-post-meta\">\n\t\t\t\t\tVer\u00f6ffentlicht: 28. Mai 2024\t\t\t\t<\/div>\n\n\t\t\t\t<div class=\"su-post-excerpt\">\n\t\t\t\t\t<p>Thomas steigt den Dobratsch hinauf. Es ist ein warmer Augusttag. Er ist allein \u2013 mit dem Berg und dem Himmel dar\u00fcber. Seinen Volvo S60 hat er auf einem \u00f6ffentlichen Parkplatz in der Ebene abgestellt. Allein bis zum Fu\u00df des Berges waren es einige Kilometer, aber das macht nichts, im Gegenteil \u2013 er geht gerne. Tom [&hellip;]<\/p>\n\t\t\t\t<\/div>\n\n\t\t\t\t\t\t\t\t\t<a href=\"https:\/\/www.verdichtet.at\/?p=18203#respond\" class=\"su-post-comments-link\">0 Kommentare<\/a>\n\t\t\t\t\n\t\t\t<\/div>\n\n\t\t\t\t\t\n\t\t\t\n\t\t\t<div id=\"su-post-17839\" class=\"su-post \">\n\n\t\t\t\t\n\t\t\t\t<h2 class=\"su-post-title\"><a href=\"https:\/\/www.verdichtet.at\/?p=17839\">Wasser<\/a><\/h2>\n\n\t\t\t\t<div class=\"su-post-meta\">\n\t\t\t\t\tVer\u00f6ffentlicht: 25. M\u00e4rz 2024\t\t\t\t<\/div>\n\n\t\t\t\t<div class=\"su-post-excerpt\">\n\t\t\t\t\t<p>1,5 Liter Wasser pro Tag waren ausreichend. Im Winter sicherlich, im hei\u00dfen Sommer konnte man zus\u00e4tzlich Wasser vom See trinken, wenn man in ihm badete. Was aber bald unterbunden wurde, weil Wasserw\u00e4chter auftauchten, die auf Verdacht hin Menschen mit Pr\u00e4zisionswaagen vor und nach dem Baden abwogen. Im Jahr darauf wurde die Ration auf einen Liter [&hellip;]<\/p>\n\t\t\t\t<\/div>\n\n\t\t\t\t\t\t\t\t\t<a href=\"https:\/\/www.verdichtet.at\/?p=17839#respond\" class=\"su-post-comments-link\">0 Kommentare<\/a>\n\t\t\t\t\n\t\t\t<\/div>\n\n\t\t\t\t\t\n\t\t\t\n\t\t\t<div id=\"su-post-16470\" class=\"su-post \">\n\n\t\t\t\t\n\t\t\t\t<h2 class=\"su-post-title\"><a href=\"https:\/\/www.verdichtet.at\/?p=16470\">The Eagle Hasn&#8217;t Landed<\/a><\/h2>\n\n\t\t\t\t<div class=\"su-post-meta\">\n\t\t\t\t\tVer\u00f6ffentlicht: 14. August 2023\t\t\t\t<\/div>\n\n\t\t\t\t<div class=\"su-post-excerpt\">\n\t\t\t\t\t<p>Es ist der 20. Juli 1969. 600 Millionen Menschen sitzen vor den Schwarz-Wei\u00df-Fernsehern. Sp\u00e4ter kommt noch einer dazu, n\u00e4mlich ich. Meine Mutter wird mich aus dem Bett zerren. Mein Vater ist angetrunken. Beide sind sie begeistert. Dieser Fortschritt! Diese Technik! Ich h\u00e4tte lieber weitergeschlafen. Apollo 11 steuert auf den Mond zu. \u201eHouston, die Erde sieht [&hellip;]<\/p>\n\t\t\t\t<\/div>\n\n\t\t\t\t\t\t\t\t\t<a href=\"https:\/\/www.verdichtet.at\/?p=16470#respond\" class=\"su-post-comments-link\">0 Kommentare<\/a>\n\t\t\t\t\n\t\t\t<\/div>\n\n\t\t\t\t\t\n\t\t\t\n\t\t\t<div id=\"su-post-15921\" class=\"su-post \">\n\n\t\t\t\t\n\t\t\t\t<h2 class=\"su-post-title\"><a href=\"https:\/\/www.verdichtet.at\/?p=15921\">Der Betriebsberater<\/a><\/h2>\n\n\t\t\t\t<div class=\"su-post-meta\">\n\t\t\t\t\tVer\u00f6ffentlicht: 12. Mai 2023\t\t\t\t<\/div>\n\n\t\t\t\t<div class=\"su-post-excerpt\">\n\t\t\t\t\t<p>Der Betriebsberater war eine KI. Ein Programm auf dem streng vom Firmennetzwerk getrennten Computer des CEOs h\u00e4tte gen\u00fcgt, doch dieser wollte einen humanoiden Roboter, der sogar einen Rollkoffer hinter sich herzog. Nat\u00fcrlich, um die Belegschaft einzusch\u00fcchtern. Als die KI samt ihrem k\u00fcnstlichen K\u00f6rper mit ihrer Studie zum Einsparungspotential der Firma fertig war, bat sie eine [&hellip;]<\/p>\n\t\t\t\t<\/div>\n\n\t\t\t\t\t\t\t\t\t<a href=\"https:\/\/www.verdichtet.at\/?p=15921#respond\" class=\"su-post-comments-link\">0 Kommentare<\/a>\n\t\t\t\t\n\t\t\t<\/div>\n\n\t\t\t\t\t\n\t\t\t\n\t\t\t<div id=\"su-post-14467\" class=\"su-post \">\n\n\t\t\t\t\n\t\t\t\t<h2 class=\"su-post-title\"><a href=\"https:\/\/www.verdichtet.at\/?p=14467\">\u00dcbergewicht<\/a><\/h2>\n\n\t\t\t\t<div class=\"su-post-meta\">\n\t\t\t\t\tVer\u00f6ffentlicht: 7. September 2022\t\t\t\t<\/div>\n\n\t\t\t\t<div class=\"su-post-excerpt\">\n\t\t\t\t\t<p>Der Projektleiter betritt einen Trainingsraum im Kennedy Space Center. Die Astronautin Shirley sitzt mit dem Kommandanten der n\u00e4chsten Mission an einem Tisch.\u00a0\u00a0 Projektleiter: Shirley, es tut mir leid, du darfst nicht mit. Shirley: Aber warum denn, Clarence? Ich trainiere seit \u00fcber einem Jahr f\u00fcr diesen Einsatz. Projektleiter: Hast du dich in letzter Zeit einmal vor [&hellip;]<\/p>\n\t\t\t\t<\/div>\n\n\t\t\t\t\t\t\t\t\t<a href=\"https:\/\/www.verdichtet.at\/?p=14467#respond\" class=\"su-post-comments-link\">0 Kommentare<\/a>\n\t\t\t\t\n\t\t\t<\/div>\n\n\t\t\t\t\t\n\t\t\t\n\t\t\t<div id=\"su-post-13656\" class=\"su-post \">\n\n\t\t\t\t\n\t\t\t\t<h2 class=\"su-post-title\"><a href=\"https:\/\/www.verdichtet.at\/?p=13656\">Demonstrant<\/a><\/h2>\n\n\t\t\t\t<div class=\"su-post-meta\">\n\t\t\t\t\tVer\u00f6ffentlicht: 16. Januar 2022\t\t\t\t<\/div>\n\n\t\t\t\t<div class=\"su-post-excerpt\">\n\t\t\t\t\t<p>Was ich werden will, wenn ich gro\u00df bin? Das wei\u00df ich ganz genau: Demonstrant. Es gibt n\u00e4mlich eine Demonstrationspr\u00e4mie. Die zahlt jene Stelle, die agitiert. Das sind keine braunen Verschw\u00f6rungstheorien, es ist die Wahrheit. Nat\u00fcrlich h\u00e4nge ich mein F\u00e4hnchen in den Wind, der am st\u00e4rksten weht. Dazu bin ich weltweit t\u00e4tig und frei von jeder [&hellip;]<\/p>\n\t\t\t\t<\/div>\n\n\t\t\t\t\t\t\t\t\t<a href=\"https:\/\/www.verdichtet.at\/?p=13656#respond\" class=\"su-post-comments-link\">0 Kommentare<\/a>\n\t\t\t\t\n\t\t\t<\/div>\n\n\t\t\t\t\t\n\t\t\t\n\t\t\t<div id=\"su-post-10282\" class=\"su-post \">\n\n\t\t\t\t\n\t\t\t\t<h2 class=\"su-post-title\"><a href=\"https:\/\/www.verdichtet.at\/?p=10282\">L\u00fcgen<\/a><\/h2>\n\n\t\t\t\t<div class=\"su-post-meta\">\n\t\t\t\t\tVer\u00f6ffentlicht: 11. Oktober 2019\t\t\t\t<\/div>\n\n\t\t\t\t<div class=\"su-post-excerpt\">\n\t\t\t\t\t<p>Sie stotterte, stammelte dauernd S\u00e4tze, viele Fehler, f\u00fcgt sich nicht ganz ein, Die Leiterin einer Gesellschaft, schw\u00f6rt auf die Harmonie, im Dunkeln h\u00f6rt man Gefl\u00fcster, Auf dem Schachbrett, wird gesprungen und geschoben, Gestreichelte werden verbal geschlagen, Schachmatt, Ich sprang vom Brett, in etwas Unbekanntes Der Vertrag ist ausgelaufen Florian Pfeffer www.verdichtet.at | Kategorie: Perfidee| Inventarnummer: [&hellip;]<\/p>\n\t\t\t\t<\/div>\n\n\t\t\t\t\t\t\t\t\t<a href=\"https:\/\/www.verdichtet.at\/?p=10282#respond\" class=\"su-post-comments-link\">0 Kommentare<\/a>\n\t\t\t\t\n\t\t\t<\/div>\n\n\t\t\t\t\t\n\t\t\t\n\t\t\t<div id=\"su-post-10078\" class=\"su-post \">\n\n\t\t\t\t\n\t\t\t\t<h2 class=\"su-post-title\"><a href=\"https:\/\/www.verdichtet.at\/?p=10078\">Dorfwind<\/a><\/h2>\n\n\t\t\t\t<div class=\"su-post-meta\">\n\t\t\t\t\tVer\u00f6ffentlicht: 23. August 2019\t\t\t\t<\/div>\n\n\t\t\t\t<div class=\"su-post-excerpt\">\n\t\t\t\t\t<p>Es ist eine emotional gef\u00fchrte Debatte im Gemeinderatssaal des kleinen Dorfes Gratwein. Sie hat, zum wiederholten Mal, das Thema Josef Huber zum Inhalt. Huber ist f\u00fcnfunddrei\u00dfig Jahre alt und der \u00f6rtliche Gro\u00dfbauer und Sonderling in Personalunion. Im Alter von dreiunddrei\u00dfig Jahren hatte er den Hof von seinem Vater geerbt, nachdem dieser bei einem Jagdunfall verstorben [&hellip;]<\/p>\n\t\t\t\t<\/div>\n\n\t\t\t\t\t\t\t\t\t<a href=\"https:\/\/www.verdichtet.at\/?p=10078#respond\" class=\"su-post-comments-link\">0 Kommentare<\/a>\n\t\t\t\t\n\t\t\t<\/div>\n\n\t\t\t\t\t\n\t\t\t\n\t\t\t<div id=\"su-post-9698\" class=\"su-post \">\n\n\t\t\t\t\n\t\t\t\t<h2 class=\"su-post-title\"><a href=\"https:\/\/www.verdichtet.at\/?p=9698\">Der Tag, an dem er aus der Welt verschwand<\/a><\/h2>\n\n\t\t\t\t<div class=\"su-post-meta\">\n\t\t\t\t\tVer\u00f6ffentlicht: 14. April 2019\t\t\t\t<\/div>\n\n\t\t\t\t<div class=\"su-post-excerpt\">\n\t\t\t\t\t<p>Die T\u00f6ne verloren sich. Es wurde leise, immer leiser. Die V\u00f6gel bewegten die Schn\u00e4bel, und es kam kein Laut. Der Wind fuhr durch die Bl\u00e4tter, und es blieb v\u00f6llig still. Es schien wie immer. Die Menschen, die Tiere, die Autos waren da, aber was lebte, reagierte nicht auf ihn. Hologramme waren sie, die sich jagten, [&hellip;]<\/p>\n\t\t\t\t<\/div>\n\n\t\t\t\t\t\t\t\t\t<a href=\"https:\/\/www.verdichtet.at\/?p=9698#respond\" class=\"su-post-comments-link\">0 Kommentare<\/a>\n\t\t\t\t\n\t\t\t<\/div>\n\n\t\t\t\t\t\n\t\t\t\n\t\t\t<div id=\"su-post-9645\" class=\"su-post \">\n\n\t\t\t\t\n\t\t\t\t<h2 class=\"su-post-title\"><a href=\"https:\/\/www.verdichtet.at\/?p=9645\">Wir sind die Nachtfalter, die um das Licht kreisen<\/a><\/h2>\n\n\t\t\t\t<div class=\"su-post-meta\">\n\t\t\t\t\tVer\u00f6ffentlicht: 5. April 2019\t\t\t\t<\/div>\n\n\t\t\t\t<div class=\"su-post-excerpt\">\n\t\t\t\t\t<p>Die Sterne, die Planeten, die Milchstra\u00dfe, Milliarden Galaxien, die Weiten des Alls. Wir auf der Erde erforschen unsere Umgebung. Vieles gibt es, was wir noch nicht kennen und nicht verstehen. Wundersam und fremd. Wir sind erst am Anfang. Nein! Es ist alles eine gro\u00dfe L\u00fcge. Das Hubble-Teleskop, die Sonden, der Rote Planet, die Ringe des [&hellip;]<\/p>\n\t\t\t\t<\/div>\n\n\t\t\t\t\t\t\t\t\t<a href=\"https:\/\/www.verdichtet.at\/?p=9645#respond\" class=\"su-post-comments-link\">0 Kommentare<\/a>\n\t\t\t\t\n\t\t\t<\/div>\n\n\t\t\t\t\t\n\t\t\t\n\t\t\t<div id=\"su-post-9547\" class=\"su-post \">\n\n\t\t\t\t\n\t\t\t\t<h2 class=\"su-post-title\"><a href=\"https:\/\/www.verdichtet.at\/?p=9547\">Guten Appetit, ihr Ratten &#8211; Teil II<\/a><\/h2>\n\n\t\t\t\t<div class=\"su-post-meta\">\n\t\t\t\t\tVer\u00f6ffentlicht: 5. M\u00e4rz 2019\t\t\t\t<\/div>\n\n\t\t\t\t<div class=\"su-post-excerpt\">\n\t\t\t\t\t<p>\u201eWo ist die Liebe?\u201c Ich stand im kalten Treppenhaus und wartete, bis Linda die T\u00fcr aufmachte. Dann, als es endlich passierte, schlug ich ihr w\u00e4hrend unseres Gespr\u00e4chs vor, zusammenzusein, aber sie schlug es aus. Du lebst nicht! Sie war kalt wie ein Fisch, anscheinend war ich pervers, weil ich sie liebte. Ihr Gesicht war ganz [&hellip;]<\/p>\n\t\t\t\t<\/div>\n\n\t\t\t\t\t\t\t\t\t<a href=\"https:\/\/www.verdichtet.at\/?p=9547#respond\" class=\"su-post-comments-link\">0 Kommentare<\/a>\n\t\t\t\t\n\t\t\t<\/div>\n\n\t\t\t\t\t\n\t\t\t\n\t\t\t<div id=\"su-post-9541\" class=\"su-post \">\n\n\t\t\t\t\n\t\t\t\t<h2 class=\"su-post-title\"><a href=\"https:\/\/www.verdichtet.at\/?p=9541\">Guten Appetit, ihr Ratten &#8211; Teil I<\/a><\/h2>\n\n\t\t\t\t<div class=\"su-post-meta\">\n\t\t\t\t\tVer\u00f6ffentlicht: 5. M\u00e4rz 2019\t\t\t\t<\/div>\n\n\t\t\t\t<div class=\"su-post-excerpt\">\n\t\t\t\t\t<p>Heute stritten sich meine Eltern wieder. Mein Vater stand, wie immer, mit dem Sabber im Mund, und beschimpfte meine Mutter, die sich, wie immer, nervend beweinte. Dabei war das ein Theaterst\u00fcck, das ich mir leider \u00f6fter ansehen durfte. Sie stritten sich nie, wenn ich nicht zu Hause war. Sie brauchten einen Zuschauer, und diese \u00e4tzende [&hellip;]<\/p>\n\t\t\t\t<\/div>\n\n\t\t\t\t\t\t\t\t\t<a href=\"https:\/\/www.verdichtet.at\/?p=9541#respond\" class=\"su-post-comments-link\">0 Kommentare<\/a>\n\t\t\t\t\n\t\t\t<\/div>\n\n\t\t\t\t\t\n\t\t\t\n\t\t\t<div id=\"su-post-9135\" class=\"su-post \">\n\n\t\t\t\t\n\t\t\t\t<h2 class=\"su-post-title\"><a href=\"https:\/\/www.verdichtet.at\/?p=9135\">Wirtschaftstheorie<\/a><\/h2>\n\n\t\t\t\t<div class=\"su-post-meta\">\n\t\t\t\t\tVer\u00f6ffentlicht: 30. Dezember 2018\t\t\t\t<\/div>\n\n\t\t\t\t<div class=\"su-post-excerpt\">\n\t\t\t\t\t<p>Immer, sagst du, sei der Markt gerecht Das ist nicht schlecht, das ist nicht schlecht Sieh da, dein Geld, es mehret sich von selber Also sind die Armen K\u00e4lber, in Verfehlung dieser Gelder Dass sie arm sind um der Mehrung solchen Geldes Wem gef\u00e4llt es? Wem gef\u00e4llt es? Zu dumm, die Welt, sie geht dabei [&hellip;]<\/p>\n\t\t\t\t<\/div>\n\n\t\t\t\t\t\t\t\t\t<a href=\"https:\/\/www.verdichtet.at\/?p=9135#respond\" class=\"su-post-comments-link\">0 Kommentare<\/a>\n\t\t\t\t\n\t\t\t<\/div>\n\n\t\t\t\t\t\n\t\t\t\n\t\t\t<div id=\"su-post-8798\" class=\"su-post \">\n\n\t\t\t\t\n\t\t\t\t<h2 class=\"su-post-title\"><a href=\"https:\/\/www.verdichtet.at\/?p=8798\">Der poetische Funke<\/a><\/h2>\n\n\t\t\t\t<div class=\"su-post-meta\">\n\t\t\t\t\tVer\u00f6ffentlicht: 26. Oktober 2018\t\t\t\t<\/div>\n\n\t\t\t\t<div class=\"su-post-excerpt\">\n\t\t\t\t\t<p>Bl\u00f6der Funke, wird\u2018s gelingen? Wirst du endlich \u00fcberspringen? Ich mein, von mir auf die da unten Das ist doch eure Pflicht als Funken!\u00a0 Man sieht doch st\u00e4ndig dich bespringen Die Publika bei Tanz und Singen Selbst in der \u00fcbelsten Spelunke Funkelst du, elender Funke Ja, und das tut richtig weh Du sprangst sogar f\u00fcr Gabalier! [&hellip;]<\/p>\n\t\t\t\t<\/div>\n\n\t\t\t\t\t\t\t\t\t<a href=\"https:\/\/www.verdichtet.at\/?p=8798#respond\" class=\"su-post-comments-link\">0 Kommentare<\/a>\n\t\t\t\t\n\t\t\t<\/div>\n\n\t\t\t\t\t\n\t\t\t\n\t\t\t<div id=\"su-post-6917\" class=\"su-post \">\n\n\t\t\t\t\n\t\t\t\t<h2 class=\"su-post-title\"><a href=\"https:\/\/www.verdichtet.at\/?p=6917\">Big brother is watching you<\/a><\/h2>\n\n\t\t\t\t<div class=\"su-post-meta\">\n\t\t\t\t\tVer\u00f6ffentlicht: 20. August 2017\t\t\t\t<\/div>\n\n\t\t\t\t<div class=\"su-post-excerpt\">\n\t\t\t\t\t<p>Von Jerewan nach Tbilisi Wann ich studiert haben soll, ist mir r\u00e4tselhaft. Ich war st\u00e4ndig auf Reisen. Aber sicher erinnere ich mich: Ich hatte ein Zimmer in der MGU, im 17. Stock des Westturmes, vorbehalten den imperialistischen Ausl\u00e4ndern. Die Dissertation konnte warten. Ich konnte ja nicht wissen, ob ich jemals noch ins Reich des B\u00f6sen [&hellip;]<\/p>\n\t\t\t\t<\/div>\n\n\t\t\t\t\t\t\t\t\t<a href=\"https:\/\/www.verdichtet.at\/?p=6917#respond\" class=\"su-post-comments-link\">0 Kommentare<\/a>\n\t\t\t\t\n\t\t\t<\/div>\n\n\t\t\t\t\t\n\t\t\t\n\t\t\t<div id=\"su-post-6059\" class=\"su-post \">\n\n\t\t\t\t\n\t\t\t\t<h2 class=\"su-post-title\"><a href=\"https:\/\/www.verdichtet.at\/?p=6059\">Der Poltergeister-Rap<\/a><\/h2>\n\n\t\t\t\t<div class=\"su-post-meta\">\n\t\t\t\t\tVer\u00f6ffentlicht: 18. Februar 2017\t\t\t\t<\/div>\n\n\t\t\t\t<div class=\"su-post-excerpt\">\n\t\t\t\t\t<p>Es ist tiefste Nacht und irgendwann hoffst du, mit der Nacht kommt endlich die verdiente Ruh\u2019. Doch im Stockwerk vier, quasi \u00fcber dir, geht was ab nach strenger Marschmanier. Um ein Uhr Fr\u00fch, da kommt Herr Polterer erst heim, und knallt die T\u00fcr so zu, die geht fast aus dem Leim. Dann trampelt er die [&hellip;]<\/p>\n\t\t\t\t<\/div>\n\n\t\t\t\t\t\t\t\t\t<a href=\"https:\/\/www.verdichtet.at\/?p=6059#respond\" class=\"su-post-comments-link\">0 Kommentare<\/a>\n\t\t\t\t\n\t\t\t<\/div>\n\n\t\t\t\t\t\n\t\t\t\n\t\t\t<div id=\"su-post-5622\" class=\"su-post \">\n\n\t\t\t\t\n\t\t\t\t<h2 class=\"su-post-title\"><a href=\"https:\/\/www.verdichtet.at\/?p=5622\">Vom L\u00f6schen des Brandes<\/a><\/h2>\n\n\t\t\t\t<div class=\"su-post-meta\">\n\t\t\t\t\tVer\u00f6ffentlicht: 9. Dezember 2016\t\t\t\t<\/div>\n\n\t\t\t\t<div class=\"su-post-excerpt\">\n\t\t\t\t\t<p>Ich wei\u00df nicht, ob mein Entschluss, der Freiwilligen Feuerwehr meines Heimatortes beizutreten, der Einsamkeit geschuldet war, unter welcher ich zu dieser Zeit sehr gelitten habe. Ich hatte damals nicht viele Freunde, also im Alter von siebzehn Jahren, und was M\u00e4dchen anlangte, herrschte ohnehin stets Ebbe bei mir. Ich vermute, dass dieser Umstand etwas mit der [&hellip;]<\/p>\n\t\t\t\t<\/div>\n\n\t\t\t\t\t\t\t\t\t<a href=\"https:\/\/www.verdichtet.at\/?p=5622#respond\" class=\"su-post-comments-link\">0 Kommentare<\/a>\n\t\t\t\t\n\t\t\t<\/div>\n\n\t\t\t\t\t\n\t\t\t\n\t\t\t<div id=\"su-post-5329\" class=\"su-post \">\n\n\t\t\t\t\n\t\t\t\t<h2 class=\"su-post-title\"><a href=\"https:\/\/www.verdichtet.at\/?p=5329\">Lama und Eisb\u00e4r<\/a><\/h2>\n\n\t\t\t\t<div class=\"su-post-meta\">\n\t\t\t\t\tVer\u00f6ffentlicht: 29. Oktober 2016\t\t\t\t<\/div>\n\n\t\t\t\t<div class=\"su-post-excerpt\">\n\t\t\t\t\t<p>Die beiden M\u00e4nner, die im gro\u00dfen Besprechungsraum ihres Unternehmens beisammensa\u00dfen, kamen ohne Umschweife zur Sache. \u201eDu wei\u00dft, dass diese Strategiesitzung streng vertraulich ist?\u201c\u201c, sagte Walter Schmied. \u201eNat\u00fcrlich wei\u00df ich das, Walter\u201c, gab Paul Schuster zur\u00fcck. \u201eWenn das, was wir heute zu besprechen haben, an die \u00d6ffentlichkeit dringt, werden wir von allen Medien an den Pranger [&hellip;]<\/p>\n\t\t\t\t<\/div>\n\n\t\t\t\t\t\t\t\t\t<a href=\"https:\/\/www.verdichtet.at\/?p=5329#respond\" class=\"su-post-comments-link\">0 Kommentare<\/a>\n\t\t\t\t\n\t\t\t<\/div>\n\n\t\t\t\t\t\n\t\t\t\n\t\t\t<div id=\"su-post-5461\" class=\"su-post \">\n\n\t\t\t\t\n\t\t\t\t<h2 class=\"su-post-title\"><a href=\"https:\/\/www.verdichtet.at\/?p=5461\">Meine beste Freundin<\/a><\/h2>\n\n\t\t\t\t<div class=\"su-post-meta\">\n\t\t\t\t\tVer\u00f6ffentlicht: 20. November 2016\t\t\t\t<\/div>\n\n\t\t\t\t<div class=\"su-post-excerpt\">\n\t\t\t\t\t<p>Morgen besucht mich Katharina, meine beste Freundin. Um pr\u00e4zise zu sein, ist sie meine einzige Freundin. Freund habe ich gar keinen mehr. Ich bin vierundf\u00fcnfzig Jahre alt und verbringe den Gro\u00dfteil meiner Zeit in meiner Wohnung, die stets abgedunkelt ist. Ich gab meine Arbeit, ich war freiberuflich sehr erfolgreich t\u00e4tig, vor acht Jahren auf, und [&hellip;]<\/p>\n\t\t\t\t<\/div>\n\n\t\t\t\t\t\t\t\t\t<a href=\"https:\/\/www.verdichtet.at\/?p=5461#respond\" class=\"su-post-comments-link\">0 Kommentare<\/a>\n\t\t\t\t\n\t\t\t<\/div>\n\n\t\t\t\t\t\n\t\t\t\n\t\t\t<div id=\"su-post-5468\" class=\"su-post \">\n\n\t\t\t\t\n\t\t\t\t<h2 class=\"su-post-title\"><a href=\"https:\/\/www.verdichtet.at\/?p=5468\">Biological Solutions<\/a><\/h2>\n\n\t\t\t\t<div class=\"su-post-meta\">\n\t\t\t\t\tVer\u00f6ffentlicht: 20. November 2016\t\t\t\t<\/div>\n\n\t\t\t\t<div class=\"su-post-excerpt\">\n\t\t\t\t\t<p>Als ich noch ein Mensch war, war ich nicht frei. Jetzt, als Gehirn in einer N\u00e4hrl\u00f6sung schwimmend, bin ich es. Der K\u00f6rper war eine Fessel, die ich abgestreift habe. Ich war Matt Brunner, offiziell starb ich und wurde unter diesem Namen beerdigt. Matt Brunner steht auf dem Namensschild des Glasquaders, der mich beherbergt, den wichtigsten [&hellip;]<\/p>\n\t\t\t\t<\/div>\n\n\t\t\t\t\t\t\t\t\t<a href=\"https:\/\/www.verdichtet.at\/?p=5468#respond\" class=\"su-post-comments-link\">0 Kommentare<\/a>\n\t\t\t\t\n\t\t\t<\/div>\n\n\t\t\n\t\n<\/div>\n\n","protected":false},"excerpt":{"rendered":"","protected":false},"author":4,"featured_media":0,"parent":405,"menu_order":0,"comment_status":"closed","ping_status":"closed","template":"","meta":{"footnotes":""},"class_list":["post-5450","page","type-page","status-publish","hentry"],"_links":{"self":[{"href":"https:\/\/www.verdichtet.at\/index.php?rest_route=\/wp\/v2\/pages\/5450","targetHints":{"allow":["GET"]}}],"collection":[{"href":"https:\/\/www.verdichtet.at\/index.php?rest_route=\/wp\/v2\/pages"}],"about":[{"href":"https:\/\/www.verdichtet.at\/index.php?rest_route=\/wp\/v2\/types\/page"}],"author":[{"embeddable":true,"href":"https:\/\/www.verdichtet.at\/index.php?rest_route=\/wp\/v2\/users\/4"}],"replies":[{"embeddable":true,"href":"https:\/\/www.verdichtet.at\/index.php?rest_route=%2Fwp%2Fv2%2Fcomments&post=5450"}],"version-history":[{"count":2,"href":"https:\/\/www.verdichtet.at\/index.php?rest_route=\/wp\/v2\/pages\/5450\/revisions"}],"predecessor-version":[{"id":5452,"href":"https:\/\/www.verdichtet.at\/index.php?rest_route=\/wp\/v2\/pages\/5450\/revisions\/5452"}],"up":[{"embeddable":true,"href":"https:\/\/www.verdichtet.at\/index.php?rest_route=\/wp\/v2\/pages\/405"}],"wp:attachment":[{"href":"https:\/\/www.verdichtet.at\/index.php?rest_route=%2Fwp%2Fv2%2Fmedia&parent=5450"}],"curies":[{"name":"wp","href":"https:\/\/api.w.org\/{rel}","templated":true}]}}