{"id":4535,"date":"2016-05-31T15:19:35","date_gmt":"2016-05-31T15:19:35","guid":{"rendered":"http:\/\/www.verdichtet.at\/?page_id=4535"},"modified":"2016-05-31T15:35:44","modified_gmt":"2016-05-31T15:35:44","slug":"wortglauberei","status":"publish","type":"page","link":"https:\/\/www.verdichtet.at\/?page_id=4535","title":{"rendered":"Wortglauberei"},"content":{"rendered":"<div class=\"pdfprnt-buttons pdfprnt-buttons-page pdfprnt-top-right\"><a href=\"https:\/\/www.verdichtet.at\/index.php?rest_route=wpv2pages4535&print=pdf\" class=\"pdfprnt-button pdfprnt-button-pdf\" target=\"_blank\"><\/a><a href=\"https:\/\/www.verdichtet.at\/index.php?rest_route=wpv2pages4535&print=print\" class=\"pdfprnt-button pdfprnt-button-print\" target=\"_blank\"><\/a><\/div>\n\n<div class=\"su-posts su-posts-default-loop \">\n\n\t\n\t\t\t\t\t\n\t\t\t\n\t\t\t<div id=\"su-post-18043\" class=\"su-post \">\n\n\t\t\t\t\n\t\t\t\t<h2 class=\"su-post-title\"><a href=\"https:\/\/www.verdichtet.at\/?p=18043\">Vorprogrammiertes Leid<\/a><\/h2>\n\n\t\t\t\t<div class=\"su-post-meta\">\n\t\t\t\t\tVer\u00f6ffentlicht: 25. April 2024\t\t\t\t<\/div>\n\n\t\t\t\t<div class=\"su-post-excerpt\">\n\t\t\t\t\t<p>Einer sagt, was er denkt, und der andere denkt und sagt dann was. Claudia L\u00fcer Informationen zu Ver\u00f6ffentlichungen und Buchbestellungen www.verdichtet.at |\u00a0Kategorie: Wortglauberei | Inventarnummer: 24109<\/p>\n\t\t\t\t<\/div>\n\n\t\t\t\t\t\t\t\t\t<a href=\"https:\/\/www.verdichtet.at\/?p=18043#respond\" class=\"su-post-comments-link\">0 Kommentare<\/a>\n\t\t\t\t\n\t\t\t<\/div>\n\n\t\t\t\t\t\n\t\t\t\n\t\t\t<div id=\"su-post-22290\" class=\"su-post \">\n\n\t\t\t\t\n\t\t\t\t<h2 class=\"su-post-title\"><a href=\"https:\/\/www.verdichtet.at\/?p=22290\">Jesu Gedanken<\/a><\/h2>\n\n\t\t\t\t<div class=\"su-post-meta\">\n\t\t\t\t\tVer\u00f6ffentlicht: 2. April 2026\t\t\t\t<\/div>\n\n\t\t\t\t<div class=\"su-post-excerpt\">\n\t\t\t\t\t<p>Ich bin nicht mehr das Wasser, das ewig flie\u00dft, auch nicht das Licht, das niemals erlischt. Ich bin mit N\u00e4geln am Kreuz befestigt. Das ist nicht gerecht, aber so ist die Welt. Johannes Tosin (Text und Foto) www.verdichtet.at |\u00a0Kategorie: Wortglauberei | Inventarnummer: 26091<\/p>\n\t\t\t\t<\/div>\n\n\t\t\t\t\t\t\t\t\t<a href=\"https:\/\/www.verdichtet.at\/?p=22290#respond\" class=\"su-post-comments-link\">0 Kommentare<\/a>\n\t\t\t\t\n\t\t\t<\/div>\n\n\t\t\t\t\t\n\t\t\t\n\t\t\t<div id=\"su-post-22012\" class=\"su-post \">\n\n\t\t\t\t\n\t\t\t\t<h2 class=\"su-post-title\"><a href=\"https:\/\/www.verdichtet.at\/?p=22012\">\u00dcbers Metrum<\/a><\/h2>\n\n\t\t\t\t<div class=\"su-post-meta\">\n\t\t\t\t\tVer\u00f6ffentlicht: 20. Februar 2026\t\t\t\t<\/div>\n\n\t\t\t\t<div class=\"su-post-excerpt\">\n\t\t\t\t\t<p>Wenn von Poetik wer was wei\u00df,auf so was bin ich gar nicht hei\u00df,will sich mit vagem Wissen r\u00fcstenund sich vor andr\u2019en damit br\u00fcsten. Erst in fremde T\u00f6pfe gucken,hernach in deren Suppe spucken,allen zeigen, was man kann,das zieht mich echt nicht in den Bann. Ob nun bei Schiller oder Goethe,sei\u2019s mit Triller oder Fl\u00f6te,der Jambus zeigt [&hellip;]<\/p>\n\t\t\t\t<\/div>\n\n\t\t\t\t\t\t\t\t\t<a href=\"https:\/\/www.verdichtet.at\/?p=22012#respond\" class=\"su-post-comments-link\">0 Kommentare<\/a>\n\t\t\t\t\n\t\t\t<\/div>\n\n\t\t\t\t\t\n\t\t\t\n\t\t\t<div id=\"su-post-19510\" class=\"su-post \">\n\n\t\t\t\t\n\t\t\t\t<h2 class=\"su-post-title\"><a href=\"https:\/\/www.verdichtet.at\/?p=19510\">Zettel<\/a><\/h2>\n\n\t\t\t\t<div class=\"su-post-meta\">\n\t\t\t\t\tVer\u00f6ffentlicht: 3. Februar 2025\t\t\t\t<\/div>\n\n\t\t\t\t<div class=\"su-post-excerpt\">\n\t\t\t\t\t<p>Er kam heim, sp\u00e4ter als zu Mitternacht. Nach Arbeit und Vergn\u00fcgen wollte er nichts als schlafen. Nur noch die Z\u00e4hne putzte er sich, ging auf Klo, zog sich aus. Legte sich ins Doppelbett. Das war kalt und gemacht, denn sie war nicht drin. Weil sie gegangen war. Weil es ihr gereicht hatte, weil sie gar [&hellip;]<\/p>\n\t\t\t\t<\/div>\n\n\t\t\t\t\t\t\t\t\t<a href=\"https:\/\/www.verdichtet.at\/?p=19510#respond\" class=\"su-post-comments-link\">0 Kommentare<\/a>\n\t\t\t\t\n\t\t\t<\/div>\n\n\t\t\t\t\t\n\t\t\t\n\t\t\t<div id=\"su-post-18640\" class=\"su-post \">\n\n\t\t\t\t\n\t\t\t\t<h2 class=\"su-post-title\"><a href=\"https:\/\/www.verdichtet.at\/?p=18640\">Das falsche Sonett<\/a><\/h2>\n\n\t\t\t\t<div class=\"su-post-meta\">\n\t\t\t\t\tVer\u00f6ffentlicht: 1. September 2024\t\t\t\t<\/div>\n\n\t\t\t\t<div class=\"su-post-excerpt\">\n\t\t\t\t\t<p>So nett ist dies kleine Sonett, so s\u00fc\u00df gereimt und so adrett. Die Worte tanzten im Ballett auf dem lyrischen Parkett. Jeder ruft nur: \u201eIst das nett!\u201c und lobt hudelnd im Falsett; es klingt und schwingt wie ein Florett und serviert Reime am Tablett. Doch niemand merkt: Dies Sonett ist gar kein richtiges Sonett. Versma\u00df, [&hellip;]<\/p>\n\t\t\t\t<\/div>\n\n\t\t\t\t\t\t\t\t\t<a href=\"https:\/\/www.verdichtet.at\/?p=18640#respond\" class=\"su-post-comments-link\">0 Kommentare<\/a>\n\t\t\t\t\n\t\t\t<\/div>\n\n\t\t\t\t\t\n\t\t\t\n\t\t\t<div id=\"su-post-20995\" class=\"su-post \">\n\n\t\t\t\t\n\t\t\t\t<h2 class=\"su-post-title\"><a href=\"https:\/\/www.verdichtet.at\/?p=20995\">Der Code der Farben<\/a><\/h2>\n\n\t\t\t\t<div class=\"su-post-meta\">\n\t\t\t\t\tVer\u00f6ffentlicht: 5. Oktober 2025\t\t\t\t<\/div>\n\n\t\t\t\t<div class=\"su-post-excerpt\">\n\t\t\t\t\t<p>Der Code der Farben. Rot ist die Liebe, aber auch der Hass, und auch der Fehler ist rot. Schwarz ist die Trauer. Wei\u00df ist die Unschuld und der Tod. Violett ist die Trauer der Kirche. Rosarot ist der Jungm\u00e4dchencharme, gelb ist die Sonne, und blau ist die K\u00e4lte. Johannes Tosin (Text und Foto) www.verdichtet.at |\u00a0Kategorie: [&hellip;]<\/p>\n\t\t\t\t<\/div>\n\n\t\t\t\t\t\t\t\t\t<a href=\"https:\/\/www.verdichtet.at\/?p=20995#respond\" class=\"su-post-comments-link\">0 Kommentare<\/a>\n\t\t\t\t\n\t\t\t<\/div>\n\n\t\t\t\t\t\n\t\t\t\n\t\t\t<div id=\"su-post-20950\" class=\"su-post \">\n\n\t\t\t\t\n\t\t\t\t<h2 class=\"su-post-title\"><a href=\"https:\/\/www.verdichtet.at\/?p=20950\">Vocal-Bashing<\/a><\/h2>\n\n\t\t\t\t<div class=\"su-post-meta\">\n\t\t\t\t\tVer\u00f6ffentlicht: 29. September 2025\t\t\t\t<\/div>\n\n\t\t\t\t<div class=\"su-post-excerpt\">\n\t\t\t\t\t<p>Norbert Johannes Prenner (Text und Grafik) www.verdichtet.at | Kategorie: Wortglauberei | Inventarnummer: 25204<\/p>\n\t\t\t\t<\/div>\n\n\t\t\t\t\t\t\t\t\t<a href=\"https:\/\/www.verdichtet.at\/?p=20950#respond\" class=\"su-post-comments-link\">0 Kommentare<\/a>\n\t\t\t\t\n\t\t\t<\/div>\n\n\t\t\t\t\t\n\t\t\t\n\t\t\t<div id=\"su-post-20662\" class=\"su-post \">\n\n\t\t\t\t\n\t\t\t\t<h2 class=\"su-post-title\"><a href=\"https:\/\/www.verdichtet.at\/?p=20662\">Die Krise<\/a><\/h2>\n\n\t\t\t\t<div class=\"su-post-meta\">\n\t\t\t\t\tVer\u00f6ffentlicht: 15. August 2025\t\t\t\t<\/div>\n\n\t\t\t\t<div class=\"su-post-excerpt\">\n\t\t\t\t\t<p>Immer schon bin ich, ohne tierischen Instinkt, mit dieser Welt zurechtgekommen.Um nicht in der Empfindung Ozean zu ertrinken, an der Sprache emporgeklommen.Jeder Welle, die heranrollt, hab ich ein Gef\u00fchl mit ihr benannt,und so die M\u00f6glichkeit, mich auszudr\u00fccken, in ihr erkannt. Heute denk ich, vielleicht dran zweifeln?Und Sprache, etwa als Heer von Bildern nur verteufeln?Sind deren [&hellip;]<\/p>\n\t\t\t\t<\/div>\n\n\t\t\t\t\t\t\t\t\t<a href=\"https:\/\/www.verdichtet.at\/?p=20662#respond\" class=\"su-post-comments-link\">0 Kommentare<\/a>\n\t\t\t\t\n\t\t\t<\/div>\n\n\t\t\t\t\t\n\t\t\t\n\t\t\t<div id=\"su-post-20575\" class=\"su-post \">\n\n\t\t\t\t\n\t\t\t\t<h2 class=\"su-post-title\"><a href=\"https:\/\/www.verdichtet.at\/?p=20575\">Und das w\u00e4re?<\/a><\/h2>\n\n\t\t\t\t<div class=\"su-post-meta\">\n\t\t\t\t\tVer\u00f6ffentlicht: 3. August 2025\t\t\t\t<\/div>\n\n\t\t\t\t<div class=\"su-post-excerpt\">\n\t\t\t\t\t<p>F\u00e4llt einem gar nichts and\u2019res ein?M\u00fcd\u2019 vom dauernden Gerede?Kann das wirklich alles sein?Ich find\u2019s manchmal arm und bl\u00f6de. Jeder sagt, dass er\u2019s drauf ist,meist von purer Lust getrieben.Dominant, dass keiner es vergisst.Ein and\u2019res Wort macht unzufrieden. Denn schlie\u00dflich kann es alles sein,ein Ding, ein Auto, auch \u2019ne Tussi.Hinterh\u00e4ltig und gemein,die Bezeichnung, doch das muss sie. [&hellip;]<\/p>\n\t\t\t\t<\/div>\n\n\t\t\t\t\t\t\t\t\t<a href=\"https:\/\/www.verdichtet.at\/?p=20575#respond\" class=\"su-post-comments-link\">0 Kommentare<\/a>\n\t\t\t\t\n\t\t\t<\/div>\n\n\t\t\t\t\t\n\t\t\t\n\t\t\t<div id=\"su-post-20412\" class=\"su-post \">\n\n\t\t\t\t\n\t\t\t\t<h2 class=\"su-post-title\"><a href=\"https:\/\/www.verdichtet.at\/?p=20412\">Cool<\/a><\/h2>\n\n\t\t\t\t<div class=\"su-post-meta\">\n\t\t\t\t\tVer\u00f6ffentlicht: 10. Juli 2025\t\t\t\t<\/div>\n\n\t\t\t\t<div class=\"su-post-excerpt\">\n\t\t\t\t\t<p>Was, zum Henker, ist blo\u00df cool?Verdammt, woll\u2019n alle jetzt so sein?In Kindergarten oder school?Ist nicht geil oder gemein.Locker, souver\u00e4n und l\u00e4ssig,ganz leger und \u00fcberm\u00e4\u00dfig,autonom und trotzdem hip.Weltweit ein Verhaltenstyp. Gut und nett? Das kommt nicht hin.Ein Geschmack? Das trifft es nicht.Nicht genug, so wie ich bin,Coolness nimmt mich in die Pflicht. Hei\u00dft, hat Lust auf [&hellip;]<\/p>\n\t\t\t\t<\/div>\n\n\t\t\t\t\t\t\t\t\t<a href=\"https:\/\/www.verdichtet.at\/?p=20412#respond\" class=\"su-post-comments-link\">0 Kommentare<\/a>\n\t\t\t\t\n\t\t\t<\/div>\n\n\t\t\t\t\t\n\t\t\t\n\t\t\t<div id=\"su-post-20394\" class=\"su-post \">\n\n\t\t\t\t\n\t\t\t\t<h2 class=\"su-post-title\"><a href=\"https:\/\/www.verdichtet.at\/?p=20394\">Schreibenkleister<\/a><\/h2>\n\n\t\t\t\t<div class=\"su-post-meta\">\n\t\t\t\t\tVer\u00f6ffentlicht: 4. Juli 2025\t\t\t\t<\/div>\n\n\t\t\t\t<div class=\"su-post-excerpt\">\n\t\t\t\t\t<p>Und ewig kreisen die Gedankenwelten \u2026 wollen sich einfach nicht niederlassen.Ihre Landefl\u00e4che ist zu klein: A vier, Papier. Erst sp\u00e4ter rinnt es wieder. Meine verstopfte Fantasie staute Ideen f\u00fcr Geschichten zur\u00fcck.Am Morgen pl\u00e4tscherte sie noch, am Abend werde ich sie aus meinem Staubecken ablassen und in Geschriebenes gie\u00dfen k\u00f6nnen, damit sie in anderen K\u00f6pfen neue [&hellip;]<\/p>\n\t\t\t\t<\/div>\n\n\t\t\t\t\t\t\t\t\t<a href=\"https:\/\/www.verdichtet.at\/?p=20394#comments\" class=\"su-post-comments-link\">2 comments<\/a>\n\t\t\t\t\n\t\t\t<\/div>\n\n\t\t\t\t\t\n\t\t\t\n\t\t\t<div id=\"su-post-20098\" class=\"su-post \">\n\n\t\t\t\t\n\t\t\t\t<h2 class=\"su-post-title\"><a href=\"https:\/\/www.verdichtet.at\/?p=20098\">Der Deutschtrainer<\/a><\/h2>\n\n\t\t\t\t<div class=\"su-post-meta\">\n\t\t\t\t\tVer\u00f6ffentlicht: 23. Mai 2025\t\t\t\t<\/div>\n\n\t\t\t\t<div class=\"su-post-excerpt\">\n\t\t\t\t\t<p>Ihr Leut\u2019, ich habe einen schweren Stand! Kommen Fremde in unser Land, lern\u2019 ich ihnen erst Manieren und danach das Diskutieren. Am Anfang steht zun\u00e4chst das Gr\u00fc\u00dfen, weil das alle k\u00f6nnen m\u00fcssen. In der Nacht oder bei Tage, gegr\u00fc\u00dft muss werden, keine Frage. Ich h\u00f6re, wie ihr bei euch gr\u00fc\u00dft, Salam Alaikum, weil ihr m\u00fcsst. [&hellip;]<\/p>\n\t\t\t\t<\/div>\n\n\t\t\t\t\t\t\t\t\t<a href=\"https:\/\/www.verdichtet.at\/?p=20098#respond\" class=\"su-post-comments-link\">0 Kommentare<\/a>\n\t\t\t\t\n\t\t\t<\/div>\n\n\t\t\t\t\t\n\t\t\t\n\t\t\t<div id=\"su-post-16261\" class=\"su-post \">\n\n\t\t\t\t\n\t\t\t\t<h2 class=\"su-post-title\"><a href=\"https:\/\/www.verdichtet.at\/?p=16261\">S\u00e4tze aus Ziegel und M\u00f6rtel<\/a><\/h2>\n\n\t\t\t\t<div class=\"su-post-meta\">\n\t\t\t\t\tVer\u00f6ffentlicht: 6. Juli 2023\t\t\t\t<\/div>\n\n\t\t\t\t<div class=\"su-post-excerpt\">\n\t\t\t\t\t<p>Besonnen und durchdacht. Lichtklare Augen. Lippen, die flechten S\u00e4tze, wohlgesetzt und temperiert, die eher aus der Eisw\u00fcste kommen zu scheinen als von einem suchend Herz. Johannes Tosin (Text und Bild) www.verdichtet.at |\u00a0Kategorie: Wortglauberei | Inventarnummer: 23147<\/p>\n\t\t\t\t<\/div>\n\n\t\t\t\t\t\t\t\t\t<a href=\"https:\/\/www.verdichtet.at\/?p=16261#respond\" class=\"su-post-comments-link\">0 Kommentare<\/a>\n\t\t\t\t\n\t\t\t<\/div>\n\n\t\t\t\t\t\n\t\t\t\n\t\t\t<div id=\"su-post-19784\" class=\"su-post \">\n\n\t\t\t\t\n\t\t\t\t<h2 class=\"su-post-title\"><a href=\"https:\/\/www.verdichtet.at\/?p=19784\">Das lyrische Ich<\/a><\/h2>\n\n\t\t\t\t<div class=\"su-post-meta\">\n\t\t\t\t\tVer\u00f6ffentlicht: 27. M\u00e4rz 2025\t\t\t\t<\/div>\n\n\t\t\t\t<div class=\"su-post-excerpt\">\n\t\t\t\t\t<p>In seinem Inneren, ganz tief, in anderen Sph\u00e4ren verborgen, lag sein lyrisches Ich geborgen, es zog sich zur\u00fcck und schlief. Eine der Musen, G\u00f6ttin der Poesie, erschien dem Schlafenden im Traum, sie sang ihm ein Lied, er glaubte es kaum, von neuen Ideen und Fantasie. Der Tr\u00e4umer begann zu schreiben und lachte, denn an jenem [&hellip;]<\/p>\n\t\t\t\t<\/div>\n\n\t\t\t\t\t\t\t\t\t<a href=\"https:\/\/www.verdichtet.at\/?p=19784#respond\" class=\"su-post-comments-link\">0 Kommentare<\/a>\n\t\t\t\t\n\t\t\t<\/div>\n\n\t\t\t\t\t\n\t\t\t\n\t\t\t<div id=\"su-post-19406\" class=\"su-post \">\n\n\t\t\t\t\n\t\t\t\t<h2 class=\"su-post-title\"><a href=\"https:\/\/www.verdichtet.at\/?p=19406\">Alles gut!<\/a><\/h2>\n\n\t\t\t\t<div class=\"su-post-meta\">\n\t\t\t\t\tVer\u00f6ffentlicht: 15. Januar 2025\t\t\t\t<\/div>\n\n\t\t\t\t<div class=\"su-post-excerpt\">\n\t\t\t\t\t<p>Die erste bewusste Begegnung, wenn ich es mir so recht \u00fcberlege, hatten wir an einem hei\u00dfen Sommerabend im Vorjahr. Ausgangspunkt des Geschehens war eine Einladung zum Grillen bei den Nachbarn, eine spontane Angelegenheit, zu der sich auch andere G\u00e4ste eingefunden hatten, unter anderen ein geschiedenes Paar, das weiterhin Umgang miteinander pflegte, beide in eigenen Welten, [&hellip;]<\/p>\n\t\t\t\t<\/div>\n\n\t\t\t\t\t\t\t\t\t<a href=\"https:\/\/www.verdichtet.at\/?p=19406#comments\" class=\"su-post-comments-link\">4 comments<\/a>\n\t\t\t\t\n\t\t\t<\/div>\n\n\t\t\t\t\t\n\t\t\t\n\t\t\t<div id=\"su-post-19011\" class=\"su-post \">\n\n\t\t\t\t\n\t\t\t\t<h2 class=\"su-post-title\"><a href=\"https:\/\/www.verdichtet.at\/?p=19011\">Beautiful Mind<\/a><\/h2>\n\n\t\t\t\t<div class=\"su-post-meta\">\n\t\t\t\t\tVer\u00f6ffentlicht: 3. November 2024\t\t\t\t<\/div>\n\n\t\t\t\t<div class=\"su-post-excerpt\">\n\t\t\t\t\t<p>Er stand auf plumpen F\u00fc\u00dfen. Dabei hatte er immer gew\u00fcnscht, fein zu sein und elegant. Das war er aber auch, das war er sogar sehr. Er hatte wahrlich ein beautiful mind. Doch niemand konnte es sehen, jeder daf\u00fcr bemerkte seine ungelenke Erscheinung. Aber wenn er sprach, legten sich seine Zuh\u00f6rer in die Blumenwiese, die er [&hellip;]<\/p>\n\t\t\t\t<\/div>\n\n\t\t\t\t\t\t\t\t\t<a href=\"https:\/\/www.verdichtet.at\/?p=19011#respond\" class=\"su-post-comments-link\">0 Kommentare<\/a>\n\t\t\t\t\n\t\t\t<\/div>\n\n\t\t\t\t\t\n\t\t\t\n\t\t\t<div id=\"su-post-18523\" class=\"su-post \">\n\n\t\t\t\t\n\t\t\t\t<h2 class=\"su-post-title\"><a href=\"https:\/\/www.verdichtet.at\/?p=18523\">Quarkscomputer<\/a><\/h2>\n\n\t\t\t\t<div class=\"su-post-meta\">\n\t\t\t\t\tVer\u00f6ffentlicht: 12. August 2024\t\t\t\t<\/div>\n\n\t\t\t\t<div class=\"su-post-excerpt\">\n\t\t\t\t\t<p>Heute sa\u00df ich mit meinem Sohn und seinem Freund Klaus im Park Caf\u00e9 zusammen. Klaus studiert in Graz Mathematik. Leider fragte ich ihn, was er sp\u00e4ter gern arbeiten w\u00fcrde. Als Kryptologe, erkl\u00e4rte er mir, dann f\u00fchrte er etwas angeberisch verschiedene Verschl\u00fcsselungsmethoden aus. Er merkte, dass ich ihm nicht folgen konnte. Das freute ihn. Am besten [&hellip;]<\/p>\n\t\t\t\t<\/div>\n\n\t\t\t\t\t\t\t\t\t<a href=\"https:\/\/www.verdichtet.at\/?p=18523#respond\" class=\"su-post-comments-link\">0 Kommentare<\/a>\n\t\t\t\t\n\t\t\t<\/div>\n\n\t\t\t\t\t\n\t\t\t\n\t\t\t<div id=\"su-post-18383\" class=\"su-post \">\n\n\t\t\t\t\n\t\t\t\t<h2 class=\"su-post-title\"><a href=\"https:\/\/www.verdichtet.at\/?p=18383\">Gott sei Dank<\/a><\/h2>\n\n\t\t\t\t<div class=\"su-post-meta\">\n\t\t\t\t\tVer\u00f6ffentlicht: 8. Juli 2024\t\t\t\t<\/div>\n\n\t\t\t\t<div class=\"su-post-excerpt\">\n\t\t\t\t\t<p>\u201eJedes Kind ist auch mein Kind\u201c, sagt Papst Franziskus. \u201eLacht es, lache auch ich. Stirbt es, sterbe auch ich. So viele Tode, aber noch viel mehr Gel\u00e4chter, Gott sei Dank.\u201c Johannes Tosin (Text und Foto) www.verdichtet.at |\u00a0Kategorie: Wortglauberei | Inventarnummer: 24131<\/p>\n\t\t\t\t<\/div>\n\n\t\t\t\t\t\t\t\t\t<a href=\"https:\/\/www.verdichtet.at\/?p=18383#respond\" class=\"su-post-comments-link\">0 Kommentare<\/a>\n\t\t\t\t\n\t\t\t<\/div>\n\n\t\t\t\t\t\n\t\t\t\n\t\t\t<div id=\"su-post-18391\" class=\"su-post \">\n\n\t\t\t\t\n\t\t\t\t<h2 class=\"su-post-title\"><a href=\"https:\/\/www.verdichtet.at\/?p=18391\">So ist er einfach<\/a><\/h2>\n\n\t\t\t\t<div class=\"su-post-meta\">\n\t\t\t\t\tVer\u00f6ffentlicht: 13. Juli 2024\t\t\t\t<\/div>\n\n\t\t\t\t<div class=\"su-post-excerpt\">\n\t\t\t\t\t<p>Habe von einem Bekannten die Nachricht bekommen, dass er mich am 35. Juli um 17 Uhr 90 im Cafe \u201eGeht\u2019s eh\u201c treffen will. Als cleverer Mensch habe ich gleich f\u00fcr den 4. August um 18 Uhr 30 einen Tisch im \u201eGeht\u2019s eh\u201c f\u00fcr vier Personen bestellt. F\u00fcr mich, meinen Bekannten und unsere \u201e\u00dcber-Ichs\u201c. &nbsp; Wilfried [&hellip;]<\/p>\n\t\t\t\t<\/div>\n\n\t\t\t\t\t\t\t\t\t<a href=\"https:\/\/www.verdichtet.at\/?p=18391#comments\" class=\"su-post-comments-link\">Ein Kommentar<\/a>\n\t\t\t\t\n\t\t\t<\/div>\n\n\t\t\t\t\t\n\t\t\t\n\t\t\t<div id=\"su-post-18401\" class=\"su-post \">\n\n\t\t\t\t\n\t\t\t\t<h2 class=\"su-post-title\"><a href=\"https:\/\/www.verdichtet.at\/?p=18401\">Komplizierte Begriffe einfach erkl\u00e4rt<\/a><\/h2>\n\n\t\t\t\t<div class=\"su-post-meta\">\n\t\t\t\t\tVer\u00f6ffentlicht: 14. Juli 2024\t\t\t\t<\/div>\n\n\t\t\t\t<div class=\"su-post-excerpt\">\n\t\t\t\t\t<p>Ausd\u00fcnstung: eine D\u00fcnstung, die quasi vor dem Aus steht Begriffsst\u00fctzigkeit: ein Keit (Zustand), in dem eine Person bei einem Begriff eine St\u00fctze, quasi einen Support braucht In die Fu\u00dfstapfen treten: einem quasi dahingestapften Fu\u00dfabdruck folgen Nach eigenem Gutd\u00fcnken: Wenn jemandem d\u00fcnkt, dass quasi etwas gut ist f\u00fcr einen selbst! Rumpelkammer: ist quasi eine Kammer, in [&hellip;]<\/p>\n\t\t\t\t<\/div>\n\n\t\t\t\t\t\t\t\t\t<a href=\"https:\/\/www.verdichtet.at\/?p=18401#respond\" class=\"su-post-comments-link\">0 Kommentare<\/a>\n\t\t\t\t\n\t\t\t<\/div>\n\n\t\t\t\t\t\n\t\t\t\n\t\t\t<div id=\"su-post-3223\" class=\"su-post \">\n\n\t\t\t\t\n\t\t\t\t<h2 class=\"su-post-title\"><a href=\"https:\/\/www.verdichtet.at\/?p=3223\">Worte fallen mir in die Hand<\/a><\/h2>\n\n\t\t\t\t<div class=\"su-post-meta\">\n\t\t\t\t\tVer\u00f6ffentlicht: 19. September 2015\t\t\t\t<\/div>\n\n\t\t\t\t<div class=\"su-post-excerpt\">\n\t\t\t\t\t<p>Wieder einmal habe ich darauf vergessen, die Frucht rechtzeitig vom Baum zu pfl\u00fccken. Nun f\u00e4llt sie mir in die Hand, und w\u00e4hrend ich sie so betrachte, fleht sie mich an, ich m\u00f6ge sie zu Papier bringen. Um ein Haar w\u00e4re sie auf den Boden gefallen und verwest, allerlei Tierchen h\u00e4tten sich daran g\u00fctlich getan und [&hellip;]<\/p>\n\t\t\t\t<\/div>\n\n\t\t\t\t\t\t\t\t\t<a href=\"https:\/\/www.verdichtet.at\/?p=3223#respond\" class=\"su-post-comments-link\">0 Kommentare<\/a>\n\t\t\t\t\n\t\t\t<\/div>\n\n\t\t\t\t\t\n\t\t\t\n\t\t\t<div id=\"su-post-7776\" class=\"su-post \">\n\n\t\t\t\t\n\t\t\t\t<h2 class=\"su-post-title\"><a href=\"https:\/\/www.verdichtet.at\/?p=7776\">Wenn das Gl\u00fcck kommt, musst du ihm einen Stuhl hinstellen<\/a><\/h2>\n\n\t\t\t\t<div class=\"su-post-meta\">\n\t\t\t\t\tVer\u00f6ffentlicht: 3. April 2018\t\t\t\t<\/div>\n\n\t\t\t\t<div class=\"su-post-excerpt\">\n\t\t\t\t\t<p>Ich habe viele St\u00fchle in meinem Haus, viel mehr, als meine Familie braucht. Immer schon habe ich herrenlose St\u00fchle aufgelesen, die auf Dachb\u00f6den, in Kellern oder Garagen ihr vorl\u00e4ufiges Ende gefunden hatten. In mir regt sich bis heute das Mitleid, wenn ich einen ausrangierten Stuhl sehe. Er tut mir unendlich leid und ich nehme ihn [&hellip;]<\/p>\n\t\t\t\t<\/div>\n\n\t\t\t\t\t\t\t\t\t<a href=\"https:\/\/www.verdichtet.at\/?p=7776#respond\" class=\"su-post-comments-link\">0 Kommentare<\/a>\n\t\t\t\t\n\t\t\t<\/div>\n\n\t\t\t\t\t\n\t\t\t\n\t\t\t<div id=\"su-post-11219\" class=\"su-post \">\n\n\t\t\t\t\n\t\t\t\t<h2 class=\"su-post-title\"><a href=\"https:\/\/www.verdichtet.at\/?p=11219\">Mikro<\/a><\/h2>\n\n\t\t\t\t<div class=\"su-post-meta\">\n\t\t\t\t\tVer\u00f6ffentlicht: 20. April 2020\t\t\t\t<\/div>\n\n\t\t\t\t<div class=\"su-post-excerpt\">\n\t\t\t\t\t<p>Ich kenne eine, bei der ist alles Mikro. Es ist wichtig zu wissen, dass es sich um eine Frau handelt, die sich so ausdr\u00fcckt. Sie spricht vom Mikrowadlbei\u00dfer und von den Mikroerdbeeren, vom Mikroofen, den man nicht mit der Mikrowelle verwechseln sollte, und von der Mikroschere, vom Mikroauto und vom Mikroflaschl, vom Mikroholzl\u00f6ffel, den sie [&hellip;]<\/p>\n\t\t\t\t<\/div>\n\n\t\t\t\t\t\t\t\t\t<a href=\"https:\/\/www.verdichtet.at\/?p=11219#respond\" class=\"su-post-comments-link\">0 Kommentare<\/a>\n\t\t\t\t\n\t\t\t<\/div>\n\n\t\t\t\t\t\n\t\t\t\n\t\t\t<div id=\"su-post-11349\" class=\"su-post \">\n\n\t\t\t\t\n\t\t\t\t<h2 class=\"su-post-title\"><a href=\"https:\/\/www.verdichtet.at\/?p=11349\">Lass die Luft raus<\/a><\/h2>\n\n\t\t\t\t<div class=\"su-post-meta\">\n\t\t\t\t\tVer\u00f6ffentlicht: 1. Mai 2020\t\t\t\t<\/div>\n\n\t\t\t\t<div class=\"su-post-excerpt\">\n\t\t\t\t\t<p>Lange Zeit habe ich mir \u00fcberhaupt keine Gedanken dar\u00fcber gemacht, dass man die Luft irgendwo rauslassen muss. Die Luft sieht man ja nicht und wenn sie weg ist, f\u00e4llt es gar nicht auf. So dachte ich. Ich glaube, zum ersten Mal bemerkte ich das Fehlen von Luft im Radlschlauch. Es ist ganz \u00fcbel, weil man [&hellip;]<\/p>\n\t\t\t\t<\/div>\n\n\t\t\t\t\t\t\t\t\t<a href=\"https:\/\/www.verdichtet.at\/?p=11349#comments\" class=\"su-post-comments-link\">Ein Kommentar<\/a>\n\t\t\t\t\n\t\t\t<\/div>\n\n\t\t\t\t\t\n\t\t\t\n\t\t\t<div id=\"su-post-17350\" class=\"su-post \">\n\n\t\t\t\t\n\t\t\t\t<h2 class=\"su-post-title\"><a href=\"https:\/\/www.verdichtet.at\/?p=17350\">Drei\u00dfig Engel halten uns<\/a><\/h2>\n\n\t\t\t\t<div class=\"su-post-meta\">\n\t\t\t\t\tVer\u00f6ffentlicht: 6. Januar 2024\t\t\t\t<\/div>\n\n\t\t\t\t<div class=\"su-post-excerpt\">\n\t\t\t\t\t<p>Drei\u00dfig Engel halten dich, meine Liebe, und mich in der Luft, sicher und warm. \u201eWann hast du das letzte Mal gebetet?\u201c, frage ich dich. \u201eAls mein Onkel Klaus starb\u201c, sagst du. Das war im Fr\u00fchling, jetzt ist Herbst. Zehn Engel verlassen uns nun. \u201eUnd du?\u201c, fragst du. \u201eIch bete nie\u201c, sage ich, \u201eich kann mich [&hellip;]<\/p>\n\t\t\t\t<\/div>\n\n\t\t\t\t\t\t\t\t\t<a href=\"https:\/\/www.verdichtet.at\/?p=17350#respond\" class=\"su-post-comments-link\">0 Kommentare<\/a>\n\t\t\t\t\n\t\t\t<\/div>\n\n\t\t\t\t\t\n\t\t\t\n\t\t\t<div id=\"su-post-17174\" class=\"su-post \">\n\n\t\t\t\t\n\t\t\t\t<h2 class=\"su-post-title\"><a href=\"https:\/\/www.verdichtet.at\/?p=17174\">Die heutige Kleine Zeitung<\/a><\/h2>\n\n\t\t\t\t<div class=\"su-post-meta\">\n\t\t\t\t\tVer\u00f6ffentlicht: 8. Dezember 2023\t\t\t\t<\/div>\n\n\t\t\t\t<div class=\"su-post-excerpt\">\n\t\t\t\t\t<p>Ich habe die Kleine Zeitung abonniert. Es ist 5:30 Uhr. Ich will sie holen, aber im Postkasten ist keine Zeitung. In genau diesem Moment wei\u00df ich nicht mehr, was sich gestern ereignete. Mir fehlt der ganze Tag. Ich kann mich aber an vorgestern und heute fr\u00fch erinnern. Ich frage mich, wie das sein kann. Aber [&hellip;]<\/p>\n\t\t\t\t<\/div>\n\n\t\t\t\t\t\t\t\t\t<a href=\"https:\/\/www.verdichtet.at\/?p=17174#respond\" class=\"su-post-comments-link\">0 Kommentare<\/a>\n\t\t\t\t\n\t\t\t<\/div>\n\n\t\t\t\t\t\n\t\t\t\n\t\t\t<div id=\"su-post-17668\" class=\"su-post \">\n\n\t\t\t\t\n\t\t\t\t<h2 class=\"su-post-title\"><a href=\"https:\/\/www.verdichtet.at\/?p=17668\">LIES MICH!<\/a><\/h2>\n\n\t\t\t\t<div class=\"su-post-meta\">\n\t\t\t\t\tVer\u00f6ffentlicht: 15. Februar 2024\t\t\t\t<\/div>\n\n\t\t\t\t<div class=\"su-post-excerpt\">\n\t\t\t\t\t<p>Roman schlendert durch die Innenstadt, als ein Buch direkt vor ihm auf den Gehsteig knallt. \u201eRaus damit!\u201c, h\u00f6rt er zugleich eine Frauenstimme aus einem weit ge\u00f6ffneten Fenster im dritten Stock kreischen. \u201eRaus!\u201c \u2013 \u201eRaus!\u201c \u2013 und mit jedem weiteren \u201eRaus!\u201c wird temperamentvoll ein Buch aus dem Fenster geschleudert. Ein junger Mann st\u00fcrzt aus dem Haustor [&hellip;]<\/p>\n\t\t\t\t<\/div>\n\n\t\t\t\t\t\t\t\t\t<a href=\"https:\/\/www.verdichtet.at\/?p=17668#comments\" class=\"su-post-comments-link\">4 comments<\/a>\n\t\t\t\t\n\t\t\t<\/div>\n\n\t\t\t\t\t\n\t\t\t\n\t\t\t<div id=\"su-post-16362\" class=\"su-post \">\n\n\t\t\t\t\n\t\t\t\t<h2 class=\"su-post-title\"><a href=\"https:\/\/www.verdichtet.at\/?p=16362\">Die Wahrheit<\/a><\/h2>\n\n\t\t\t\t<div class=\"su-post-meta\">\n\t\t\t\t\tVer\u00f6ffentlicht: 28. Juli 2023\t\t\t\t<\/div>\n\n\t\t\t\t<div class=\"su-post-excerpt\">\n\t\t\t\t\t<p>Das bin nicht ich, der hier sitzt. Er ist nur meine Erscheinung. Mein Herz, meine Leber und mein Gehirn sind woanders. F\u00fcrchtet euch nicht und lobet den Herrn! Denn nur Er kennt die Wahrheit. Johannes Tosin (Text und Foto) www.verdichtet.at |\u00a0Kategorie: Wortglauberei | Inventarnummer: 24005<\/p>\n\t\t\t\t<\/div>\n\n\t\t\t\t\t\t\t\t\t<a href=\"https:\/\/www.verdichtet.at\/?p=16362#respond\" class=\"su-post-comments-link\">0 Kommentare<\/a>\n\t\t\t\t\n\t\t\t<\/div>\n\n\t\t\t\t\t\n\t\t\t\n\t\t\t<div id=\"su-post-17289\" class=\"su-post \">\n\n\t\t\t\t\n\t\t\t\t<h2 class=\"su-post-title\"><a href=\"https:\/\/www.verdichtet.at\/?p=17289\">Ohne germanistisches Gesp\u00fcr<\/a><\/h2>\n\n\t\t\t\t<div class=\"su-post-meta\">\n\t\t\t\t\tVer\u00f6ffentlicht: 22. Dezember 2023\t\t\t\t<\/div>\n\n\t\t\t\t<div class=\"su-post-excerpt\">\n\t\t\t\t\t<p>\u201eWarum haben Sie nicht Theologie studiert?\u201c, fragte der Therapeut, selbst studierter Theologe, den Germanisten. Dem Germanisten war die Herablassung des Therapeuten zuwider. Wie konnte er dessen Studienwahl nicht nur nicht w\u00fcrdigen, sondern als Fehler verstehen? Aber lassen wir es, uns \u00fcber einen Menschen zu \u00e4rgern, der alles andere au\u00dferhalb des eigenen Horizonts geringsch\u00e4tzt, und g\u00f6nnen [&hellip;]<\/p>\n\t\t\t\t<\/div>\n\n\t\t\t\t\t\t\t\t\t<a href=\"https:\/\/www.verdichtet.at\/?p=17289#respond\" class=\"su-post-comments-link\">0 Kommentare<\/a>\n\t\t\t\t\n\t\t\t<\/div>\n\n\t\t\t\t\t\n\t\t\t\n\t\t\t<div id=\"su-post-15916\" class=\"su-post \">\n\n\t\t\t\t\n\t\t\t\t<h2 class=\"su-post-title\"><a href=\"https:\/\/www.verdichtet.at\/?p=15916\">Die Ohne-Limits<\/a><\/h2>\n\n\t\t\t\t<div class=\"su-post-meta\">\n\t\t\t\t\tVer\u00f6ffentlicht: 12. Mai 2023\t\t\t\t<\/div>\n\n\t\t\t\t<div class=\"su-post-excerpt\">\n\t\t\t\t\t<p>Da die B\u00fcrger dieses Staats so \u00fcbers\u00e4ttigt von Informationen in erster Linie digitaler Art sind, nach Meinung der Regierung, wurde eine Sprachregelung in Kraft gesetzt, nach der die Anzahl der W\u00f6rter, die jeder B\u00fcrger im Lauf eines Tages von sich geben durfte, beschr\u00e4nkt wurde. Zuvor lag die durchschnittliche Anzahl der W\u00f6rter pro Tag bei zirka [&hellip;]<\/p>\n\t\t\t\t<\/div>\n\n\t\t\t\t\t\t\t\t\t<a href=\"https:\/\/www.verdichtet.at\/?p=15916#respond\" class=\"su-post-comments-link\">0 Kommentare<\/a>\n\t\t\t\t\n\t\t\t<\/div>\n\n\t\t\t\t\t\n\t\t\t\n\t\t\t<div id=\"su-post-16056\" class=\"su-post \">\n\n\t\t\t\t\n\t\t\t\t<h2 class=\"su-post-title\"><a href=\"https:\/\/www.verdichtet.at\/?p=16056\">Tanz<\/a><\/h2>\n\n\t\t\t\t<div class=\"su-post-meta\">\n\t\t\t\t\tVer\u00f6ffentlicht: 5. Juni 2023\t\t\t\t<\/div>\n\n\t\t\t\t<div class=\"su-post-excerpt\">\n\t\t\t\t\t<p>Tanzt ein Buchstabe auf wei\u00dfem Papier, tanzt auf der Nase herum, tanzt den Tanz des Gerechten und den Tanz der Ger\u00e4chten und den Tanz der zu R\u00e4chenden. Winselt nie um Gnade und tanzt weiter auf dem Tisch. Tanzt der Buchstabe in einem wild gewordenen Wort, tanzt das Wort einfach tot und fordert: Tanz aus Melancholie [&hellip;]<\/p>\n\t\t\t\t<\/div>\n\n\t\t\t\t\t\t\t\t\t<a href=\"https:\/\/www.verdichtet.at\/?p=16056#respond\" class=\"su-post-comments-link\">0 Kommentare<\/a>\n\t\t\t\t\n\t\t\t<\/div>\n\n\t\t\t\t\t\n\t\t\t\n\t\t\t<div id=\"su-post-15667\" class=\"su-post \">\n\n\t\t\t\t\n\t\t\t\t<h2 class=\"su-post-title\"><a href=\"https:\/\/www.verdichtet.at\/?p=15667\">Nearly True Love<\/a><\/h2>\n\n\t\t\t\t<div class=\"su-post-meta\">\n\t\t\t\t\tVer\u00f6ffentlicht: 24. M\u00e4rz 2023\t\t\t\t<\/div>\n\n\t\t\t\t<div class=\"su-post-excerpt\">\n\t\t\t\t\t<p>\u201eIch liebe dich wie mein rotes Herz.\u201c Falsch, nein, nicht gut, Chat GPT. \u201eTrue love is always and for everybody.\u201d Das ist doch Bl\u00f6dsinn, nicht? Man sollte diese Maschine vom Netz nehmen. \u201eShow me your most naked things, my lady fine.\u201d Das ist ja fortschrittlich, fast schon gut! Die Maschine lernt. Man darf ihr nicht [&hellip;]<\/p>\n\t\t\t\t<\/div>\n\n\t\t\t\t\t\t\t\t\t<a href=\"https:\/\/www.verdichtet.at\/?p=15667#respond\" class=\"su-post-comments-link\">0 Kommentare<\/a>\n\t\t\t\t\n\t\t\t<\/div>\n\n\t\t\t\t\t\n\t\t\t\n\t\t\t<div id=\"su-post-15863\" class=\"su-post \">\n\n\t\t\t\t\n\t\t\t\t<h2 class=\"su-post-title\"><a href=\"https:\/\/www.verdichtet.at\/?p=15863\">Angewandte Redewendungen<\/a><\/h2>\n\n\t\t\t\t<div class=\"su-post-meta\">\n\t\t\t\t\tVer\u00f6ffentlicht: 3. Mai 2023\t\t\t\t<\/div>\n\n\t\t\t\t<div class=\"su-post-excerpt\">\n\t\t\t\t\t<p>Ist es nicht genugtuend, jemandem, der Haare auf den Z\u00e4hnen, Dreck am Stecken und ein Brett vorm Kopf hat, den Schneid abzukaufen? Ohne den Faden zu verlieren, aus dem Schneider zu sein, das ausbaden zu m\u00fcssen, was jener S\u00fc\u00dfholzraspler verschuldet hat? Tacheles reden und nicht klein beigeben ist angesagt! Wilfried Ledolter www.verdichtet.at |\u00a0Kategorie: Wortglauberei | [&hellip;]<\/p>\n\t\t\t\t<\/div>\n\n\t\t\t\t\t\t\t\t\t<a href=\"https:\/\/www.verdichtet.at\/?p=15863#respond\" class=\"su-post-comments-link\">0 Kommentare<\/a>\n\t\t\t\t\n\t\t\t<\/div>\n\n\t\t\t\t\t\n\t\t\t\n\t\t\t<div id=\"su-post-14351\" class=\"su-post \">\n\n\t\t\t\t\n\t\t\t\t<h2 class=\"su-post-title\"><a href=\"https:\/\/www.verdichtet.at\/?p=14351\">Halleluja<\/a><\/h2>\n\n\t\t\t\t<div class=\"su-post-meta\">\n\t\t\t\t\tVer\u00f6ffentlicht: 23. Juli 2022\t\t\t\t<\/div>\n\n\t\t\t\t<div class=\"su-post-excerpt\">\n\t\t\t\t\t<p>Der Prediger spricht zur Menge in seiner Kirche, die aus einem wei\u00dfen Zelt besteht: \u201eIhr alle, keiner ist ausgenommen, habt euch von Gott abgewendet. Glaubt ihr etwa, ihr seid seine Diener bei euren allt\u00e4glichen S\u00fcnden, gro\u00dfen S\u00fcnden, kleinen S\u00fcnden? Ihr habt \u00fcberhaupt keine Chance, nach eurem irdischen Dasein in den Himmel aufzufahren. Der H\u00f6llenf\u00fcrst wird [&hellip;]<\/p>\n\t\t\t\t<\/div>\n\n\t\t\t\t\t\t\t\t\t<a href=\"https:\/\/www.verdichtet.at\/?p=14351#respond\" class=\"su-post-comments-link\">0 Kommentare<\/a>\n\t\t\t\t\n\t\t\t<\/div>\n\n\t\t\t\t\t\n\t\t\t\n\t\t\t<div id=\"su-post-14241\" class=\"su-post \">\n\n\t\t\t\t\n\t\t\t\t<h2 class=\"su-post-title\"><a href=\"https:\/\/www.verdichtet.at\/?p=14241\">An die Brandung<\/a><\/h2>\n\n\t\t\t\t<div class=\"su-post-meta\">\n\t\t\t\t\tVer\u00f6ffentlicht: 27. Juni 2022\t\t\t\t<\/div>\n\n\t\t\t\t<div class=\"su-post-excerpt\">\n\t\t\t\t\t<p>Du gischtverhangene Wolke Du kennest nicht Rilke, noch Nolte Du wolkenverhangene Gischt Auch du brauchst der Feder nicht Ihr hebet von selbst und ihr senkt euch Wie mach ich\u2019s nur, dass auch ich euch gleich Dann w\u00fcrd\u2019 es mir wieder lichtel So bleib ich Verseschmiedwichtel Ach, h\u00e4tt\u2019 meine Seel\u2019 endlich Fried! Nicht den! Der war [&hellip;]<\/p>\n\t\t\t\t<\/div>\n\n\t\t\t\t\t\t\t\t\t<a href=\"https:\/\/www.verdichtet.at\/?p=14241#respond\" class=\"su-post-comments-link\">0 Kommentare<\/a>\n\t\t\t\t\n\t\t\t<\/div>\n\n\t\t\t\t\t\n\t\t\t\n\t\t\t<div id=\"su-post-14161\" class=\"su-post \">\n\n\t\t\t\t\n\t\t\t\t<h2 class=\"su-post-title\"><a href=\"https:\/\/www.verdichtet.at\/?p=14161\">BTS<\/a><\/h2>\n\n\t\t\t\t<div class=\"su-post-meta\">\n\t\t\t\t\tVer\u00f6ffentlicht: 25. Mai 2022\t\t\t\t<\/div>\n\n\t\t\t\t<div class=\"su-post-excerpt\">\n\t\t\t\t\t<p>\u201eSuga, ich will ein Kind von dir!\u201c, ruft mir eine sehr junge Frau zu. Eine besonders h\u00fcbsche, wie ich bemerke. \u201eEin Kind von mir?\u201c, frage ich mich. \u201eDas ist nicht m\u00f6glich. Ich bin doch ein Loser, ein Niemand, und noch dazu st\u00e4ndig pleite. Au\u00dferdem hei\u00dfe ich anders.\u201c \u201eTschuldigung\u201c, ruft mir nun die sehr junge Frau [&hellip;]<\/p>\n\t\t\t\t<\/div>\n\n\t\t\t\t\t\t\t\t\t<a href=\"https:\/\/www.verdichtet.at\/?p=14161#respond\" class=\"su-post-comments-link\">0 Kommentare<\/a>\n\t\t\t\t\n\t\t\t<\/div>\n\n\t\t\t\t\t\n\t\t\t\n\t\t\t<div id=\"su-post-14202\" class=\"su-post \">\n\n\t\t\t\t\n\t\t\t\t<h2 class=\"su-post-title\"><a href=\"https:\/\/www.verdichtet.at\/?p=14202\">Vielleicht klingt es wie Thomas Bernhard<\/a><\/h2>\n\n\t\t\t\t<div class=\"su-post-meta\">\n\t\t\t\t\tVer\u00f6ffentlicht: 2. Juni 2022\t\t\t\t<\/div>\n\n\t\t\t\t<div class=\"su-post-excerpt\">\n\t\t\t\t\t<p>Also sagte sie, nachdem sie den Lehrling, der ahnungslos war, n\u00e4mlich von so einer gro\u00dfen Ahnungslosigkeit, wie sie nur den Lehrlingen eigen sei, und diese Lehrlingsahnungslosigkeit, das sei doch eigentlich das Schlimme, nicht wahr, es gebe nur Weniges, was von ebendieser Ahnungslosigkeit \u00fcbertroffen werde, dieser Dumpfheit und Gleichg\u00fcltigkeit. Ebenjener Lehrling, dieser D\u00fcmmling, der es doch [&hellip;]<\/p>\n\t\t\t\t<\/div>\n\n\t\t\t\t\t\t\t\t\t<a href=\"https:\/\/www.verdichtet.at\/?p=14202#respond\" class=\"su-post-comments-link\">0 Kommentare<\/a>\n\t\t\t\t\n\t\t\t<\/div>\n\n\t\t\t\t\t\n\t\t\t\n\t\t\t<div id=\"su-post-14110\" class=\"su-post \">\n\n\t\t\t\t\n\t\t\t\t<h2 class=\"su-post-title\"><a href=\"https:\/\/www.verdichtet.at\/?p=14110\">Understanding M\u00f6lzer. Ein Essay<\/a><\/h2>\n\n\t\t\t\t<div class=\"su-post-meta\">\n\t\t\t\t\tVer\u00f6ffentlicht: 2. Mai 2022\t\t\t\t<\/div>\n\n\t\t\t\t<div class=\"su-post-excerpt\">\n\t\t\t\t\t<p>In den letzten Wochen ist es immer wieder zu Diskussionen \u00fcber die \u00c4u\u00dferungen von Andreas M\u00f6lzer gekommen. Wie ist damit umzugehen? Es gibt die eine Fraktion, die zu Recht emp\u00f6rt ist und die \u00c4u\u00dferungen M\u00f6lzers als neuesten verbalen Tiefpunkt in der \u00f6sterreichischen Politik ansieht. Beschweren sich nun Erstere \u00fcber die unhaltbaren und unertr\u00e4glichen S\u00e4tze, werden [&hellip;]<\/p>\n\t\t\t\t<\/div>\n\n\t\t\t\t\t\t\t\t\t<a href=\"https:\/\/www.verdichtet.at\/?p=14110#respond\" class=\"su-post-comments-link\">0 Kommentare<\/a>\n\t\t\t\t\n\t\t\t<\/div>\n\n\t\t\t\t\t\n\t\t\t\n\t\t\t<div id=\"su-post-13462\" class=\"su-post \">\n\n\t\t\t\t\n\t\t\t\t<h2 class=\"su-post-title\"><a href=\"https:\/\/www.verdichtet.at\/?p=13462\">Lesen, ein Fenster in die Welt hinaus<\/a><\/h2>\n\n\t\t\t\t<div class=\"su-post-meta\">\n\t\t\t\t\tVer\u00f6ffentlicht: 1. Dezember 2021\t\t\t\t<\/div>\n\n\t\t\t\t<div class=\"su-post-excerpt\">\n\t\t\t\t\t<p>\u201eDie Sprache macht den Menschen \u2013 die Herkunft macht es nicht\u201c, meinte im Film \u201eMy Fair Lady\u201c der erfolgreiche Sprachforscher Professor Higgins. Ja, die Sprache formt den Menschen, und erst mit der Sprache kann er Bildung erwerben. Wobei die Sprache bereits Teil der Bildung ist. Und wie ein Mensch ist, wei\u00df man erst, wenn man [&hellip;]<\/p>\n\t\t\t\t<\/div>\n\n\t\t\t\t\t\t\t\t\t<a href=\"https:\/\/www.verdichtet.at\/?p=13462#respond\" class=\"su-post-comments-link\">0 Kommentare<\/a>\n\t\t\t\t\n\t\t\t<\/div>\n\n\t\t\t\t\t\n\t\t\t\n\t\t\t<div id=\"su-post-12857\" class=\"su-post \">\n\n\t\t\t\t\n\t\t\t\t<h2 class=\"su-post-title\"><a href=\"https:\/\/www.verdichtet.at\/?p=12857\">Nachrufe<\/a><\/h2>\n\n\t\t\t\t<div class=\"su-post-meta\">\n\t\t\t\t\tVer\u00f6ffentlicht: 7. Juni 2021\t\t\t\t<\/div>\n\n\t\t\t\t<div class=\"su-post-excerpt\">\n\t\t\t\t\t<p>Anl\u00e4sslich des Todes des \/ der Schriftstellers \/ Schriftstellerin x. Textbaustein eins: Er \/ sie war ein \/ eine unerm\u00fcdlicher \/ unerm\u00fcdliche Mahner \/ Mahnerin gegen die autokratische Abnutzung der Gesellschaft. Textbaustein zwei: Er \/ sie scheute sich niemals, seine \/ ihre Meinung kundzutun, obgleich er \/ sie damit st\u00e4ndig wirtschaftliche Nachteile in Kauf nahm. [&hellip;]<\/p>\n\t\t\t\t<\/div>\n\n\t\t\t\t\t\t\t\t\t<a href=\"https:\/\/www.verdichtet.at\/?p=12857#comments\" class=\"su-post-comments-link\">Ein Kommentar<\/a>\n\t\t\t\t\n\t\t\t<\/div>\n\n\t\t\t\t\t\n\t\t\t\n\t\t\t<div id=\"su-post-12543\" class=\"su-post \">\n\n\t\t\t\t\n\t\t\t\t<h2 class=\"su-post-title\"><a href=\"https:\/\/www.verdichtet.at\/?p=12543\">Alphabet<\/a><\/h2>\n\n\t\t\t\t<div class=\"su-post-meta\">\n\t\t\t\t\tVer\u00f6ffentlicht: 18. M\u00e4rz 2021\t\t\t\t<\/div>\n\n\t\t\t\t<div class=\"su-post-excerpt\">\n\t\t\t\t\t<p>Unterschreiben ging immer. Ging noch. Mit einem Schreibger\u00e4t auf Papier. Kein Problem. Aber das war nur eine schwungvolle Kritzelei, angedeutete Buchstaben, man konnte aus ihnen den Namen nicht erkennen: Heinrich Mirnig. Wenn Heinrich versuchte, aus den passenden Buchstaben seinen Namen zusammenzuf\u00fcgen, es funktionierte nicht. Gleich ob Schreibschrift, Druckschrift, Blockschrift, unm\u00f6glich. Ein aussichtsloses Unterfangen. Auch am [&hellip;]<\/p>\n\t\t\t\t<\/div>\n\n\t\t\t\t\t\t\t\t\t<a href=\"https:\/\/www.verdichtet.at\/?p=12543#respond\" class=\"su-post-comments-link\">0 Kommentare<\/a>\n\t\t\t\t\n\t\t\t<\/div>\n\n\t\t\t\t\t\n\t\t\t\n\t\t\t<div id=\"su-post-11962\" class=\"su-post \">\n\n\t\t\t\t\n\t\t\t\t<h2 class=\"su-post-title\"><a href=\"https:\/\/www.verdichtet.at\/?p=11962\">Der Forstweg<\/a><\/h2>\n\n\t\t\t\t<div class=\"su-post-meta\">\n\t\t\t\t\tVer\u00f6ffentlicht: 23. November 2020\t\t\t\t<\/div>\n\n\t\t\t\t<div class=\"su-post-excerpt\">\n\t\t\t\t\t<p>Ich bin im Wald. Der Forstweg wird immer schm\u00e4ler. Ist das noch ein Forstweg? \u00a0Nein, das ist kein Forstweg mehr! Johannes Tosin (Text und Foto) www.verdichtet.at |\u00a0Kategorie: Wortglauberei | Inventarnummer: 21002<\/p>\n\t\t\t\t<\/div>\n\n\t\t\t\t\t\t\t\t\t<a href=\"https:\/\/www.verdichtet.at\/?p=11962#respond\" class=\"su-post-comments-link\">0 Kommentare<\/a>\n\t\t\t\t\n\t\t\t<\/div>\n\n\t\t\t\t\t\n\t\t\t\n\t\t\t<div id=\"su-post-11179\" class=\"su-post \">\n\n\t\t\t\t\n\t\t\t\t<h2 class=\"su-post-title\"><a href=\"https:\/\/www.verdichtet.at\/?p=11179\">Die Heilung<\/a><\/h2>\n\n\t\t\t\t<div class=\"su-post-meta\">\n\t\t\t\t\tVer\u00f6ffentlicht: 15. April 2020\t\t\t\t<\/div>\n\n\t\t\t\t<div class=\"su-post-excerpt\">\n\t\t\t\t\t<p>Nachdem er den Papst getroffen und sie sich umarmt hatten, war er geheilt von Raffgier und Missgunst und Zorn. Er h\u00e4tte in jenem Moment sterben k\u00f6nnen, und sein Leben w\u00e4re ein erf\u00fclltes gewesen. Johannes Tosin (Text und Foto) www.verdichtet.at | Kategorie: Wortglauberei | Inventarnummer: 20059<\/p>\n\t\t\t\t<\/div>\n\n\t\t\t\t\t\t\t\t\t<a href=\"https:\/\/www.verdichtet.at\/?p=11179#respond\" class=\"su-post-comments-link\">0 Kommentare<\/a>\n\t\t\t\t\n\t\t\t<\/div>\n\n\t\t\t\t\t\n\t\t\t\n\t\t\t<div id=\"su-post-11713\" class=\"su-post \">\n\n\t\t\t\t\n\t\t\t\t<h2 class=\"su-post-title\"><a href=\"https:\/\/www.verdichtet.at\/?p=11713\">Der Eierschlauch auf der Autobahn<\/a><\/h2>\n\n\t\t\t\t<div class=\"su-post-meta\">\n\t\t\t\t\tVer\u00f6ffentlicht: 28. Juli 2020\t\t\t\t<\/div>\n\n\t\t\t\t<div class=\"su-post-excerpt\">\n\t\t\t\t\t<p>Es begab sich auf der Heimfahrt von einer einw\u00f6chigen Sommerfrische, die zu diesem Zeitpunkt bereits, anstatt der vom Navigationsger\u00e4t veranschlagten vier, sechseinhalb Stunden gedauert hatte. Dieser Zeitverlust hatte sich ergeben durch kurze Rauch- und WC-Pausen, einige Baustellen und nicht zuletzt einen fast zweist\u00fcndigen Stau. \u201eIn einer Stunde sind wir zu Hause\u201c,\u00a0 konnte ich den Kindern [&hellip;]<\/p>\n\t\t\t\t<\/div>\n\n\t\t\t\t\t\t\t\t\t<a href=\"https:\/\/www.verdichtet.at\/?p=11713#respond\" class=\"su-post-comments-link\">0 Kommentare<\/a>\n\t\t\t\t\n\t\t\t<\/div>\n\n\t\t\t\t\t\n\t\t\t\n\t\t\t<div id=\"su-post-11457\" class=\"su-post \">\n\n\t\t\t\t\n\t\t\t\t<h2 class=\"su-post-title\"><a href=\"https:\/\/www.verdichtet.at\/?p=11457\">Verfluchte Tage oder It\u2019s war, baby!<\/a><\/h2>\n\n\t\t\t\t<div class=\"su-post-meta\">\n\t\t\t\t\tVer\u00f6ffentlicht: 20. Mai 2020\t\t\t\t<\/div>\n\n\t\t\t\t<div class=\"su-post-excerpt\">\n\t\t\t\t\t<p>\u201eDieses verw\u00fcnschte Jahr ist zu Ende. Doch was weiter? Vielleicht kommt etwas noch Schrecklicheres. Wahrscheinlich sogar.\u201c Diese S\u00e4tze schrieb Ivan Bunin am 1. J\u00e4nner 1918 in sein Tagebuch, noch in Moskau, aber bald danach floh er vor der bolschewistischen Revolution \u00fcber Odessa nach Paris und kehrte nie wieder zur\u00fcck. \u201eVerfluchte Tage\u201c nannte der Nobelpreistr\u00e4ger von [&hellip;]<\/p>\n\t\t\t\t<\/div>\n\n\t\t\t\t\t\t\t\t\t<a href=\"https:\/\/www.verdichtet.at\/?p=11457#respond\" class=\"su-post-comments-link\">0 Kommentare<\/a>\n\t\t\t\t\n\t\t\t<\/div>\n\n\t\t\t\t\t\n\t\t\t\n\t\t\t<div id=\"su-post-10880\" class=\"su-post \">\n\n\t\t\t\t\n\t\t\t\t<h2 class=\"su-post-title\"><a href=\"https:\/\/www.verdichtet.at\/?p=10880\">Aufgeschnappt oder: Wie Werbung wirkt<\/a><\/h2>\n\n\t\t\t\t<div class=\"su-post-meta\">\n\t\t\t\t\tVer\u00f6ffentlicht: 21. Februar 2020\t\t\t\t<\/div>\n\n\t\t\t\t<div class=\"su-post-excerpt\">\n\t\t\t\t\t<p>Drei Frauen im Gasthaus, am Nebentisch ins Gespr\u00e4ch vertieft. Eine der drei m\u00f6chte schlie\u00dflich die Kontaktdaten ihrer Freundin korrekt ins Handy eintippen. Mittendrunter stutzt sie und fragt: &#8222;Wie schreibt man denn Schacklien?&#8220; Jacqueline antwortet: &#8222;Mit J\u00f6.&#8220; Carmen Rosina www.verdichtet.at | Kategorie: Wortglauberei | Inventarnummer: 20028 &nbsp;<\/p>\n\t\t\t\t<\/div>\n\n\t\t\t\t\t\t\t\t\t<a href=\"https:\/\/www.verdichtet.at\/?p=10880#respond\" class=\"su-post-comments-link\">0 Kommentare<\/a>\n\t\t\t\t\n\t\t\t<\/div>\n\n\t\t\t\t\t\n\t\t\t\n\t\t\t<div id=\"su-post-10852\" class=\"su-post \">\n\n\t\t\t\t\n\t\t\t\t<h2 class=\"su-post-title\"><a href=\"https:\/\/www.verdichtet.at\/?p=10852\">Mimi<\/a><\/h2>\n\n\t\t\t\t<div class=\"su-post-meta\">\n\t\t\t\t\tVer\u00f6ffentlicht: 21. Februar 2020\t\t\t\t<\/div>\n\n\t\t\t\t<div class=\"su-post-excerpt\">\n\t\t\t\t\t<p>Mimi geht in den Garten. Mimi ist vor dem Haus. Mimi geht in das Haus. Johannes Tosin (Text und Foto) www.verdichtet.at | Kategorie: Wortglauberei | Inventarnummer: 20025<\/p>\n\t\t\t\t<\/div>\n\n\t\t\t\t\t\t\t\t\t<a href=\"https:\/\/www.verdichtet.at\/?p=10852#respond\" class=\"su-post-comments-link\">0 Kommentare<\/a>\n\t\t\t\t\n\t\t\t<\/div>\n\n\t\t\t\t\t\n\t\t\t\n\t\t\t<div id=\"su-post-10286\" class=\"su-post \">\n\n\t\t\t\t\n\t\t\t\t<h2 class=\"su-post-title\"><a href=\"https:\/\/www.verdichtet.at\/?p=10286\">Generalisierung<\/a><\/h2>\n\n\t\t\t\t<div class=\"su-post-meta\">\n\t\t\t\t\tVer\u00f6ffentlicht: 11. Oktober 2019\t\t\t\t<\/div>\n\n\t\t\t\t<div class=\"su-post-excerpt\">\n\t\t\t\t\t<p>Vergangenheit, eines Tages, Mein Mund war verschlossen W\u00f6rter versteckten sich h\u00e4ngen geblieben im Nichts Sekunden, Fragen werden nicht beantwortet Salven abgefeuert von Schw\u00e4rze geblendet Muskeln gehorchen nicht Kontrolle wurde verschenkt H\u00e4nde schlagen ins Leere durchgesch\u00fcttelt liege ich da m\u00fcde Nach den Spike-Wave-Komplexen, aus dem Delta meiner Theta-Tr\u00e4ume bin ich ganz bei dir Florian Pfeffer www.verdichtet.at [&hellip;]<\/p>\n\t\t\t\t<\/div>\n\n\t\t\t\t\t\t\t\t\t<a href=\"https:\/\/www.verdichtet.at\/?p=10286#respond\" class=\"su-post-comments-link\">0 Kommentare<\/a>\n\t\t\t\t\n\t\t\t<\/div>\n\n\t\t\t\t\t\n\t\t\t\n\t\t\t<div id=\"su-post-10277\" class=\"su-post \">\n\n\t\t\t\t\n\t\t\t\t<h2 class=\"su-post-title\"><a href=\"https:\/\/www.verdichtet.at\/?p=10277\">Abgerissene Worte<\/a><\/h2>\n\n\t\t\t\t<div class=\"su-post-meta\">\n\t\t\t\t\tVer\u00f6ffentlicht: 11. Oktober 2019\t\t\t\t<\/div>\n\n\t\t\t\t<div class=\"su-post-excerpt\">\n\t\t\t\t\t<p>Komische Sprache, meine Blicke, Deine Augen sahen es in meinen, Nacht umgab mich, Gedanken verlor der K\u00f6rper, Verwirrt spreche ich zu viel, Zwischen, mein Lieblingswort, kein klares Wasser gefunden Du meine Liebe, eingeschlossen in Gedanken, ein eigenes Leben, blind verlieren, doch deine ausstrahlende W\u00e4rme, umh\u00fcllt mich, Ich habe vergessen dich zu fragen, wer du eigentlich [&hellip;]<\/p>\n\t\t\t\t<\/div>\n\n\t\t\t\t\t\t\t\t\t<a href=\"https:\/\/www.verdichtet.at\/?p=10277#respond\" class=\"su-post-comments-link\">0 Kommentare<\/a>\n\t\t\t\t\n\t\t\t<\/div>\n\n\t\t\t\t\t\n\t\t\t\n\t\t\t<div id=\"su-post-10052\" class=\"su-post \">\n\n\t\t\t\t\n\t\t\t\t<h2 class=\"su-post-title\"><a href=\"https:\/\/www.verdichtet.at\/?p=10052\">Hin und Her<\/a><\/h2>\n\n\t\t\t\t<div class=\"su-post-meta\">\n\t\t\t\t\tVer\u00f6ffentlicht: 18. August 2019\t\t\t\t<\/div>\n\n\t\t\t\t<div class=\"su-post-excerpt\">\n\t\t\t\t\t<p>Ich w\u00fcnsche mir eine Schaukel in meinem Garten, ein schlichtes Holzbrett an Seilen. Eine Schaukel ist ein H\u00e4ngesitz, mit dem man hin- und herschaukeln kann. Das Schwungholen erfolgt durch Streck- und Beugebewegungen mit den Armen und Beinen oder durch Absto\u00dfen von einem festen Punkt. Man lacht \u00fcber meinen Wunsch und missbilligt das Schaukeln als Kinderkram. [&hellip;]<\/p>\n\t\t\t\t<\/div>\n\n\t\t\t\t\t\t\t\t\t<a href=\"https:\/\/www.verdichtet.at\/?p=10052#respond\" class=\"su-post-comments-link\">0 Kommentare<\/a>\n\t\t\t\t\n\t\t\t<\/div>\n\n\t\t\t\t\t\n\t\t\t\n\t\t\t<div id=\"su-post-10022\" class=\"su-post \">\n\n\t\t\t\t\n\t\t\t\t<h2 class=\"su-post-title\"><a href=\"https:\/\/www.verdichtet.at\/?p=10022\">Sohn Marius<\/a><\/h2>\n\n\t\t\t\t<div class=\"su-post-meta\">\n\t\t\t\t\tVer\u00f6ffentlicht: 5. August 2019\t\t\t\t<\/div>\n\n\t\t\t\t<div class=\"su-post-excerpt\">\n\t\t\t\t\t<p>\u201eMama, da ist ein Brief vom Finanzamt\u201c, sagt Sohn Marius. Er hat gerade die Post geholt. \u201eMach ihn auf\u201c, sagt die Mutter, \u201eund lies vor.\u201c Sohn Marius rei\u00dft das Kuvert auf. Er liest das Schreiben vorerst leise. \u201eMama, das ist ganz seltsam\u201c, sagt er, \u201eda steht: Sie haben zu Unrecht f\u00fcr zweiundzwanzig Jahre und zwei [&hellip;]<\/p>\n\t\t\t\t<\/div>\n\n\t\t\t\t\t\t\t\t\t<a href=\"https:\/\/www.verdichtet.at\/?p=10022#respond\" class=\"su-post-comments-link\">0 Kommentare<\/a>\n\t\t\t\t\n\t\t\t<\/div>\n\n\t\t\t\t\t\n\t\t\t\n\t\t\t<div id=\"su-post-9245\" class=\"su-post \">\n\n\t\t\t\t\n\t\t\t\t<h2 class=\"su-post-title\"><a href=\"https:\/\/www.verdichtet.at\/?p=9245\">Staub<\/a><\/h2>\n\n\t\t\t\t<div class=\"su-post-meta\">\n\t\t\t\t\tVer\u00f6ffentlicht: 4. Januar 2019\t\t\t\t<\/div>\n\n\t\t\t\t<div class=\"su-post-excerpt\">\n\t\t\t\t\t<p>Ich lese, jeden Tag, ein Buch, jedoch sammelt sich Staub Mein Herz sucht nach dem Swiffer Florian Pfeffer www.verdichtet.at | Kategorie: Wortglauberei | Inventarnummer: 19033<\/p>\n\t\t\t\t<\/div>\n\n\t\t\t\t\t\t\t\t\t<a href=\"https:\/\/www.verdichtet.at\/?p=9245#respond\" class=\"su-post-comments-link\">0 Kommentare<\/a>\n\t\t\t\t\n\t\t\t<\/div>\n\n\t\t\t\t\t\n\t\t\t\n\t\t\t<div id=\"su-post-9235\" class=\"su-post \">\n\n\t\t\t\t\n\t\t\t\t<h2 class=\"su-post-title\"><a href=\"https:\/\/www.verdichtet.at\/?p=9235\">Bibliothek<\/a><\/h2>\n\n\t\t\t\t<div class=\"su-post-meta\">\n\t\t\t\t\tVer\u00f6ffentlicht: 4. Januar 2019\t\t\t\t<\/div>\n\n\t\t\t\t<div class=\"su-post-excerpt\">\n\t\t\t\t\t<p>K\u00f6pfe sind starr, Gespr\u00e4che verlaufen im Fl\u00fcsterton Eine starke Konzentration schwebt in der Luft, erstarrte Menschen, Bl\u00e4tter sind die Meduse Dort drau\u00dfen rasen F\u00fc\u00dfe und Autos Eine unsichtbare Macht, in dieser Oase, verlangsamt die Zeit, dreht die Lautst\u00e4rke zur\u00fcck Es sind starke H\u00e4nde, greifen aus den B\u00e4nden Gewaltige M\u00e4chte sind hier am Werke Florian Pfeffer [&hellip;]<\/p>\n\t\t\t\t<\/div>\n\n\t\t\t\t\t\t\t\t\t<a href=\"https:\/\/www.verdichtet.at\/?p=9235#respond\" class=\"su-post-comments-link\">0 Kommentare<\/a>\n\t\t\t\t\n\t\t\t<\/div>\n\n\t\t\t\t\t\n\t\t\t\n\t\t\t<div id=\"su-post-9213\" class=\"su-post \">\n\n\t\t\t\t\n\t\t\t\t<h2 class=\"su-post-title\"><a href=\"https:\/\/www.verdichtet.at\/?p=9213\">Kaltes Papier<\/a><\/h2>\n\n\t\t\t\t<div class=\"su-post-meta\">\n\t\t\t\t\tVer\u00f6ffentlicht: 4. Januar 2019\t\t\t\t<\/div>\n\n\t\t\t\t<div class=\"su-post-excerpt\">\n\t\t\t\t\t<p>Ein Stempel, zwei Stempel, viele Stempel, schleiche mich auf das Papier, es wechselt H\u00e4nde, Sie brauchen einheitliche Farbe, dazu kommen K\u00fcrzel, Finger tippen Massenhaft verwandeln sie sich, wie Raupen in Kokons, elektronisch flimmern sie Kopien sammeln sich, zwischen Plastik, ein Gew\u00e4chshaus voller B\u00e4ume, es \u00fcberschwemmt finstere Regale Florian Pfeffer www.verdichtet.at | Kategorie: Wortglauberei | Inventarnummer: [&hellip;]<\/p>\n\t\t\t\t<\/div>\n\n\t\t\t\t\t\t\t\t\t<a href=\"https:\/\/www.verdichtet.at\/?p=9213#respond\" class=\"su-post-comments-link\">0 Kommentare<\/a>\n\t\t\t\t\n\t\t\t<\/div>\n\n\t\t\t\t\t\n\t\t\t\n\t\t\t<div id=\"su-post-3988\" class=\"su-post \">\n\n\t\t\t\t\n\t\t\t\t<h2 class=\"su-post-title\"><a href=\"https:\/\/www.verdichtet.at\/?p=3988\">Die Macht der Worte<\/a><\/h2>\n\n\t\t\t\t<div class=\"su-post-meta\">\n\t\t\t\t\tVer\u00f6ffentlicht: 30. Januar 2016\t\t\t\t<\/div>\n\n\t\t\t\t<div class=\"su-post-excerpt\">\n\t\t\t\t\t<p>Ob Sie wollen oder nicht Ich schreib jetzt ein Gedicht Und Sie steh\u2018n von Anfang an Mit Haut und Haar in meinem Bann Sie sind Wachs in meinen H\u00e4nden Warum sollt\u2018 ich das Gedicht schon enden Sie merken, wie Ihr Selbst zerbricht Wie aus ihm ein andrer spricht Ihr Wollen und Ihr Denken Beginne ich [&hellip;]<\/p>\n\t\t\t\t<\/div>\n\n\t\t\t\t\t\t\t\t\t<a href=\"https:\/\/www.verdichtet.at\/?p=3988#respond\" class=\"su-post-comments-link\">0 Kommentare<\/a>\n\t\t\t\t\n\t\t\t<\/div>\n\n\t\t\t\t\t\n\t\t\t\n\t\t\t<div id=\"su-post-8543\" class=\"su-post \">\n\n\t\t\t\t\n\t\t\t\t<h2 class=\"su-post-title\"><a href=\"https:\/\/www.verdichtet.at\/?p=8543\">Pr\u00e4dikat mit Auszeichnung<\/a><\/h2>\n\n\t\t\t\t<div class=\"su-post-meta\">\n\t\t\t\t\tVer\u00f6ffentlicht: 19. August 2018\t\t\t\t<\/div>\n\n\t\t\t\t<div class=\"su-post-excerpt\">\n\t\t\t\t\t<p>Im europ\u00e4ischen Osten, Ende der 1960er. Eine streng frisierte Frau sitzt an ihrem Schreibtisch, auf dem ein hoher Stapel mit Schriftst\u00fccken wartet. Sie tr\u00e4gt ein schlichtes, dennoch nicht elegantes Kost\u00fcm in einem grauen Beige oder einem beigen Grau und beugt sich ein wenig nach vor, um den klobigen Telefonh\u00f6rer in die linke Hand zu nehmen, [&hellip;]<\/p>\n\t\t\t\t<\/div>\n\n\t\t\t\t\t\t\t\t\t<a href=\"https:\/\/www.verdichtet.at\/?p=8543#respond\" class=\"su-post-comments-link\">0 Kommentare<\/a>\n\t\t\t\t\n\t\t\t<\/div>\n\n\t\t\t\t\t\n\t\t\t\n\t\t\t<div id=\"su-post-8299\" class=\"su-post \">\n\n\t\t\t\t\n\t\t\t\t<h2 class=\"su-post-title\"><a href=\"https:\/\/www.verdichtet.at\/?p=8299\">Schreibend<\/a><\/h2>\n\n\t\t\t\t<div class=\"su-post-meta\">\n\t\t\t\t\tVer\u00f6ffentlicht: 10. Juni 2018\t\t\t\t<\/div>\n\n\t\t\t\t<div class=\"su-post-excerpt\">\n\t\t\t\t\t<p>Um zu schreiben, so dachte er, muss man sich einfach hinsetzen und seinen Gedanken freien Lauf lassen. Dass dies Arbeit erfordern k\u00f6nnte, war ihm nie in den Sinn gekommen. Henrik hatte mit seinen 59 Jahren von Camus bis Kehlmann alles gelesen und hatte die letzten Jahrzehnte damit verbracht, eine beachtliche Sammlung von Erstausgaben der klassischen [&hellip;]<\/p>\n\t\t\t\t<\/div>\n\n\t\t\t\t\t\t\t\t\t<a href=\"https:\/\/www.verdichtet.at\/?p=8299#comments\" class=\"su-post-comments-link\">Ein Kommentar<\/a>\n\t\t\t\t\n\t\t\t<\/div>\n\n\t\t\t\t\t\n\t\t\t\n\t\t\t<div id=\"su-post-8226\" class=\"su-post \">\n\n\t\t\t\t\n\t\t\t\t<h2 class=\"su-post-title\"><a href=\"https:\/\/www.verdichtet.at\/?p=8226\">Lektion<\/a><\/h2>\n\n\t\t\t\t<div class=\"su-post-meta\">\n\t\t\t\t\tVer\u00f6ffentlicht: 24. Mai 2018\t\t\t\t<\/div>\n\n\t\t\t\t<div class=\"su-post-excerpt\">\n\t\t\t\t\t<p>Ich wei\u00df, Ihr lieben Dichter Ihr habt mich l\u00e4ngst so weit gebracht \u201eAlles andre Irrgelichter! Auf deine F\u00fc\u00dfe habe Acht!\u201c Nun steh ich auf meinen F\u00fc\u00dfen Und muss f\u00fcr alles andere b\u00fc\u00dfen. Bernd Remsing http:\/\/fm4.orf.at\/stories\/1704846\/ www.verdichtet.at | Kategorie: Wortglauberei | Inventarnummer: 18117<\/p>\n\t\t\t\t<\/div>\n\n\t\t\t\t\t\t\t\t\t<a href=\"https:\/\/www.verdichtet.at\/?p=8226#respond\" class=\"su-post-comments-link\">0 Kommentare<\/a>\n\t\t\t\t\n\t\t\t<\/div>\n\n\t\t\t\t\t\n\t\t\t\n\t\t\t<div id=\"su-post-7577\" class=\"su-post \">\n\n\t\t\t\t\n\t\t\t\t<h2 class=\"su-post-title\"><a href=\"https:\/\/www.verdichtet.at\/?p=7577\">Der Morgen<\/a><\/h2>\n\n\t\t\t\t<div class=\"su-post-meta\">\n\t\t\t\t\tVer\u00f6ffentlicht: 4. Februar 2018\t\t\t\t<\/div>\n\n\t\t\t\t<div class=\"su-post-excerpt\">\n\t\t\t\t\t<p>Ein junger frischer Morgen wollt es der Nacht besorgen. Die schloss jedoch die T\u00fcr und rief: \u201cMir graut vor dir!\u201c Der Morgen einsam floh und graute anderswo. Aus: \u201e55 x Bl\u00f6dsinn\u201c,\u00a0 illustrierte Gedichte aus allen Lagen des nicht allt\u00e4glichen Lebens Zeichnung und Text von Yvonne Richter www.yvonne-richter.de www.fabulus-verlag.de\/autoren\/yvonne-richter www.facebook.com\/yvonnerichterbuecher\/ www.verdichtet.at |\u00a0Kategorie:\u00a0Wortglauberei| Inventarnummer: 18022 &nbsp;<\/p>\n\t\t\t\t<\/div>\n\n\t\t\t\t\t\t\t\t\t<a href=\"https:\/\/www.verdichtet.at\/?p=7577#respond\" class=\"su-post-comments-link\">0 Kommentare<\/a>\n\t\t\t\t\n\t\t\t<\/div>\n\n\t\t\t\t\t\n\t\t\t\n\t\t\t<div id=\"su-post-7588\" class=\"su-post \">\n\n\t\t\t\t\n\t\t\t\t<h2 class=\"su-post-title\"><a href=\"https:\/\/www.verdichtet.at\/?p=7588\">Der Dichter<\/a><\/h2>\n\n\t\t\t\t<div class=\"su-post-meta\">\n\t\t\t\t\tVer\u00f6ffentlicht: 4. Februar 2018\t\t\t\t<\/div>\n\n\t\t\t\t<div class=\"su-post-excerpt\">\n\t\t\t\t\t<p>\u201eZu viel Nebel\u201c, sprach der Hebel. \u201eViel zu dicht f\u00fcr Wortgeschlicht. Denn beim Nebel\u201c, sagt der Hebel, \u201efinde ich die Reime nicht.\u201c Aus: \u201e55 x Bl\u00f6dsinn\u201c,\u00a0 illustrierte Gedichte aus allen Lagen des nicht allt\u00e4glichen Lebens Zeichnung und Text von Yvonne Richter www.yvonne-richter.de www.fabulus-verlag.de\/autoren\/yvonne-richter www.facebook.com\/yvonnerichterbuecher\/ www.verdichtet.at |\u00a0Kategorie: Wortglauberei | Inventarnummer: 18017<\/p>\n\t\t\t\t<\/div>\n\n\t\t\t\t\t\t\t\t\t<a href=\"https:\/\/www.verdichtet.at\/?p=7588#respond\" class=\"su-post-comments-link\">0 Kommentare<\/a>\n\t\t\t\t\n\t\t\t<\/div>\n\n\t\t\t\t\t\n\t\t\t\n\t\t\t<div id=\"su-post-7075\" class=\"su-post \">\n\n\t\t\t\t\n\t\t\t\t<h2 class=\"su-post-title\"><a href=\"https:\/\/www.verdichtet.at\/?p=7075\">Schatten<\/a><\/h2>\n\n\t\t\t\t<div class=\"su-post-meta\">\n\t\t\t\t\tVer\u00f6ffentlicht: 6. Oktober 2017\t\t\t\t<\/div>\n\n\t\t\t\t<div class=\"su-post-excerpt\">\n\t\t\t\t\t<p>Viele sagen etwas, sprechen von der Dystopie, viele S\u00e4tze bauen Spannungen, Ich nehme sie, blicke aus dem Fenster, Die Nachmittagssonne l\u00e4dt Solarzellen auf, drei blaue Lichter, Hundert Prozent, ich warte noch im Schatten Florian Pfeffer www.verdichtet.at | Kategorie: Wortglauberei | Inventarnummer: 17177<\/p>\n\t\t\t\t<\/div>\n\n\t\t\t\t\t\t\t\t\t<a href=\"https:\/\/www.verdichtet.at\/?p=7075#respond\" class=\"su-post-comments-link\">0 Kommentare<\/a>\n\t\t\t\t\n\t\t\t<\/div>\n\n\t\t\t\t\t\n\t\t\t\n\t\t\t<div id=\"su-post-6945\" class=\"su-post \">\n\n\t\t\t\t\n\t\t\t\t<h2 class=\"su-post-title\"><a href=\"https:\/\/www.verdichtet.at\/?p=6945\">Ins Stocken kommen 2 (Minih\u00f6rspiel)<\/a><\/h2>\n\n\t\t\t\t<div class=\"su-post-meta\">\n\t\t\t\t\tVer\u00f6ffentlicht: 27. August 2017\t\t\t\t<\/div>\n\n\t\t\t\t<div class=\"su-post-excerpt\">\n\t\t\t\t\t<p>Zwei Stimmen, die erste weiblich, die zweite m\u00e4nnlich \u201eSchl\u00e4fst du?\u201c \u201eNein.\u201c \u201eDenkst du?\u201c \u201eNein.\u201c \u201eTr\u00e4umst du?\u201c \u201eMmm.\u201c \u201eWas tr\u00e4umst du?\u201c \u201eIch schlafe doch noch nicht.\u201c \u201eWarum sagst du dann Mmm? Das klingt nach ja.\u201c \u201eMmm.\u201c \u201eTr\u00e4umst du wenigstens von mir?\u201c \u201eWie soll ich das, meine Liebe, wenn mich deine Knie st\u00f6ren.\u201c \u201eMagst lieber meinen Busen, [&hellip;]<\/p>\n\t\t\t\t<\/div>\n\n\t\t\t\t\t\t\t\t\t<a href=\"https:\/\/www.verdichtet.at\/?p=6945#respond\" class=\"su-post-comments-link\">0 Kommentare<\/a>\n\t\t\t\t\n\t\t\t<\/div>\n\n\t\t\t\t\t\n\t\t\t\n\t\t\t<div id=\"su-post-6943\" class=\"su-post \">\n\n\t\t\t\t\n\t\t\t\t<h2 class=\"su-post-title\"><a href=\"https:\/\/www.verdichtet.at\/?p=6943\">Ins Stocken kommen 1 (Minih\u00f6rspiel)<\/a><\/h2>\n\n\t\t\t\t<div class=\"su-post-meta\">\n\t\t\t\t\tVer\u00f6ffentlicht: 27. August 2017\t\t\t\t<\/div>\n\n\t\t\t\t<div class=\"su-post-excerpt\">\n\t\t\t\t\t<p>Zwei Stimmen, die erste weiblich, die zweite m\u00e4nnlich \u201eIch liebe dich!\u201c \u201eWie sch\u00f6n.\u201c \u201eWirklich!\u201c \u201eWie sch\u00f6ner.\u201c \u201eDas ist doch kein richtiges Deutsch.\u201c \u201eAber es stimmt.\u201c \u201eStimmte das, w\u00e4r\u2019s ja noch sch\u00f6ner \u2013 so viel verstehe ich schon von unserer Sprache. Ach, man sollte Italienisch k\u00f6nnen, klingt gleich viel romantischer: Ti amo!\u201c \u201eVerstehe ich nicht.\u201c \u201eDu [&hellip;]<\/p>\n\t\t\t\t<\/div>\n\n\t\t\t\t\t\t\t\t\t<a href=\"https:\/\/www.verdichtet.at\/?p=6943#respond\" class=\"su-post-comments-link\">0 Kommentare<\/a>\n\t\t\t\t\n\t\t\t<\/div>\n\n\t\t\t\t\t\n\t\t\t\n\t\t\t<div id=\"su-post-6365\" class=\"su-post \">\n\n\t\t\t\t\n\t\t\t\t<h2 class=\"su-post-title\"><a href=\"https:\/\/www.verdichtet.at\/?p=6365\">Sieben an der Zahl<\/a><\/h2>\n\n\t\t\t\t<div class=\"su-post-meta\">\n\t\t\t\t\tVer\u00f6ffentlicht: 29. M\u00e4rz 2017\t\t\t\t<\/div>\n\n\t\t\t\t<div class=\"su-post-excerpt\">\n\t\t\t\t\t<p>Vorgeschmack Das Zitat zum Morgenkaffee \u2013 unbeirrbar prangt es uns entgegen, in der Zeitung, im sozialen Medium unserer Wahl oder auf dem Kalenderblatt; und plump meist sein Versuch, uns gute Laune abzuringen f\u00fcr einen Tag, den das Schicksal f\u00fcr uns bereits mit dem Erwachen als gescheitert abgekanzelt hat; oder uns moralisch zu besseren Menschen belehren [&hellip;]<\/p>\n\t\t\t\t<\/div>\n\n\t\t\t\t\t\t\t\t\t<a href=\"https:\/\/www.verdichtet.at\/?p=6365#respond\" class=\"su-post-comments-link\">0 Kommentare<\/a>\n\t\t\t\t\n\t\t\t<\/div>\n\n\t\t\t\t\t\n\t\t\t\n\t\t\t<div id=\"su-post-6015\" class=\"su-post \">\n\n\t\t\t\t\n\t\t\t\t<h2 class=\"su-post-title\"><a href=\"https:\/\/www.verdichtet.at\/?p=6015\">Konfrontation im Salzamt<\/a><\/h2>\n\n\t\t\t\t<div class=\"su-post-meta\">\n\t\t\t\t\tVer\u00f6ffentlicht: 1. Februar 2017\t\t\t\t<\/div>\n\n\t\t\t\t<div class=\"su-post-excerpt\">\n\t\t\t\t\t<p>1 Der Mann war unbemerkt in den Raum gekommen. Er hatte die Eingangst\u00fcre ger\u00e4uschlos ge\u00f6ffnet und wieder geschlossen. Er stand eine Minute regungslos im Raum, dann wandte er sich um, kam an meinen Tisch und sagte: \u201eIst niemand hier?\u201c Damit meinte er, dass keine Kellnerin hinter der Bar stand und Dienst versah, und ihm dies [&hellip;]<\/p>\n\t\t\t\t<\/div>\n\n\t\t\t\t\t\t\t\t\t<a href=\"https:\/\/www.verdichtet.at\/?p=6015#respond\" class=\"su-post-comments-link\">0 Kommentare<\/a>\n\t\t\t\t\n\t\t\t<\/div>\n\n\t\t\t\t\t\n\t\t\t\n\t\t\t<div id=\"su-post-5950\" class=\"su-post \">\n\n\t\t\t\t\n\t\t\t\t<h2 class=\"su-post-title\"><a href=\"https:\/\/www.verdichtet.at\/?p=5950\">Geschwurbelt<\/a><\/h2>\n\n\t\t\t\t<div class=\"su-post-meta\">\n\t\t\t\t\tVer\u00f6ffentlicht: 25. Januar 2017\t\t\t\t<\/div>\n\n\t\t\t\t<div class=\"su-post-excerpt\">\n\t\t\t\t\t<p>Die Sonne geht schon fr\u00fch unter in diesen Tagen, ihr Licht hat auch nur wenig Kraft, gerade einmal genug, um den luftigen, in zartem Orange und Magenta gehaltenen Vorhang leuchten zu lassen. Ein Leuchten, das die beiden alten Herren wieder anzieht, sie hier ihren Tee hier trinken l\u00e4sst. Es sind die Farben des Fr\u00fchlings und [&hellip;]<\/p>\n\t\t\t\t<\/div>\n\n\t\t\t\t\t\t\t\t\t<a href=\"https:\/\/www.verdichtet.at\/?p=5950#respond\" class=\"su-post-comments-link\">0 Kommentare<\/a>\n\t\t\t\t\n\t\t\t<\/div>\n\n\t\t\t\t\t\n\t\t\t\n\t\t\t<div id=\"su-post-5258\" class=\"su-post \">\n\n\t\t\t\t\n\t\t\t\t<h2 class=\"su-post-title\"><a href=\"https:\/\/www.verdichtet.at\/?p=5258\">Mein Weg zum Schreiben<\/a><\/h2>\n\n\t\t\t\t<div class=\"su-post-meta\">\n\t\t\t\t\tVer\u00f6ffentlicht: 17. Oktober 2016\t\t\t\t<\/div>\n\n\t\t\t\t<div class=\"su-post-excerpt\">\n\t\t\t\t\t<p>Ich bin Schriftsteller, nicht K\u00fcnstler, denn ich erachte die Schriftstellerei nicht als Kunst, vielmehr stehe ich auf dem Standpunkt, dass sie eine Notwendigkeit f\u00fcr den schreibenden Menschen darstellt, beispielsweise um seinen Standort kundzutun, um mitzuteilen, wo er innerlich zu verorten ist, oder um sich, wie man sagt, Dinge von der Seele zu schreiben. Ich bin [&hellip;]<\/p>\n\t\t\t\t<\/div>\n\n\t\t\t\t\t\t\t\t\t<a href=\"https:\/\/www.verdichtet.at\/?p=5258#respond\" class=\"su-post-comments-link\">0 Kommentare<\/a>\n\t\t\t\t\n\t\t\t<\/div>\n\n\t\t\t\t\t\n\t\t\t\n\t\t\t<div id=\"su-post-5311\" class=\"su-post \">\n\n\t\t\t\t\n\t\t\t\t<h2 class=\"su-post-title\"><a href=\"https:\/\/www.verdichtet.at\/?p=5311\">Katzenn\u00e4rrin<\/a><\/h2>\n\n\t\t\t\t<div class=\"su-post-meta\">\n\t\t\t\t\tVer\u00f6ffentlicht: 27. Oktober 2016\t\t\t\t<\/div>\n\n\t\t\t\t<div class=\"su-post-excerpt\">\n\t\t\t\t\t<p>Heute hat meine Katze \u201edanke\u201c gesagt. Laut und deutlich. Sie hatte geniest, so einen h\u00fcbschen, niedlichen Katzennieser von sich gegeben, bei dem einem immer ganz warm ums tierliebe Herz wird. Daraufhin ich nat\u00fcrlich: Gesundheit! Und da sind wir nun. Da haben wir wohl beide nicht aufgepasst, sie noch weniger als ich. Wie weitertun? Sollen wir [&hellip;]<\/p>\n\t\t\t\t<\/div>\n\n\t\t\t\t\t\t\t\t\t<a href=\"https:\/\/www.verdichtet.at\/?p=5311#comments\" class=\"su-post-comments-link\">Ein Kommentar<\/a>\n\t\t\t\t\n\t\t\t<\/div>\n\n\t\t\t\t\t\n\t\t\t\n\t\t\t<div id=\"su-post-4517\" class=\"su-post \">\n\n\t\t\t\t\n\t\t\t\t<h2 class=\"su-post-title\"><a href=\"https:\/\/www.verdichtet.at\/?p=4517\">Ich muss es auch erst lernen<\/a><\/h2>\n\n\t\t\t\t<div class=\"su-post-meta\">\n\t\t\t\t\tVer\u00f6ffentlicht: 31. Mai 2016\t\t\t\t<\/div>\n\n\t\t\t\t<div class=\"su-post-excerpt\">\n\t\t\t\t\t<p>Wie es sich f\u00fcr jedes Lehrbuch geh\u00f6rt, das einen gewissen akademischen Anspruch hat, beginne ich mit einer Einleitung. Zuerst m\u00f6chte ich die ungestellte Frage beantworten, die ein solches Unternehmen aufwirft: Brauchen wir in der Flut der Lehrb\u00fccher des Deutschen ausgerechnet noch ein Pseudo-Lehrbuch, das das Genre des Lehrbuchs auf die Schippe nimmt? Was ist das [&hellip;]<\/p>\n\t\t\t\t<\/div>\n\n\t\t\t\t\t\t\t\t\t<a href=\"https:\/\/www.verdichtet.at\/?p=4517#respond\" class=\"su-post-comments-link\">0 Kommentare<\/a>\n\t\t\t\t\n\t\t\t<\/div>\n\n\t\t\t\t\t\n\t\t\t\n\t\t\t<div id=\"su-post-3645\" class=\"su-post \">\n\n\t\t\t\t\n\t\t\t\t<h2 class=\"su-post-title\"><a href=\"https:\/\/www.verdichtet.at\/?p=3645\">Das r\u00fcckbez\u00fcgliche F\u00fcrwort<\/a><\/h2>\n\n\t\t\t\t<div class=\"su-post-meta\">\n\t\t\t\t\tVer\u00f6ffentlicht: 15. November 2015\t\t\t\t<\/div>\n\n\t\t\t\t<div class=\"su-post-excerpt\">\n\t\t\t\t\t<p>Es war einst ein r\u00fcckbez\u00fcgliches F\u00fcrwort, das lebte gl\u00fccklich mit allen anderen W\u00f6rtern in einem dicken, gro\u00dfen, bunten Buch namens Leben. Es herrschte v\u00f6llige Harmonie, jedes Wort kannte seinen Platz. Auch das r\u00fcckbez\u00fcgliche F\u00fcrwort war ziemlich zufrieden. Dennoch nagte stets das Bewusstsein an ihm, in st\u00e4ndiger Abh\u00e4ngigkeit anderer W\u00f6rter zu leben, ohne selbst eine eigenst\u00e4ndige [&hellip;]<\/p>\n\t\t\t\t<\/div>\n\n\t\t\t\t\t\t\t\t\t<a href=\"https:\/\/www.verdichtet.at\/?p=3645#respond\" class=\"su-post-comments-link\">0 Kommentare<\/a>\n\t\t\t\t\n\t\t\t<\/div>\n\n\t\t\t\t\t\n\t\t\t\n\t\t\t<div id=\"su-post-2145\" class=\"su-post \">\n\n\t\t\t\t\n\t\t\t\t<h2 class=\"su-post-title\"><a href=\"https:\/\/www.verdichtet.at\/?p=2145\">Wortfluss<\/a><\/h2>\n\n\t\t\t\t<div class=\"su-post-meta\">\n\t\t\t\t\tVer\u00f6ffentlicht: 26. Januar 2015\t\t\t\t<\/div>\n\n\t\t\t\t<div class=\"su-post-excerpt\">\n\t\t\t\t\t<p>Es flie\u00dft, Wort f\u00fcr Wort, wie ein Bach, im Gleichklang, unaufhaltsam, aneinandergekettet wie eine lange Kette von Lauten, die einander erg\u00e4nzen, die sich wiegen, wie die Wellen und manchmal \u00fcber Steine springen, aber nur ein kleiner Sprung in eine andere Furche, um dort weiterzuflie\u00dfen in einem anderen Licht in einem anderen Tonfall, um beim n\u00e4chsten [&hellip;]<\/p>\n\t\t\t\t<\/div>\n\n\t\t\t\t\t\t\t\t\t<a href=\"https:\/\/www.verdichtet.at\/?p=2145#respond\" class=\"su-post-comments-link\">0 Kommentare<\/a>\n\t\t\t\t\n\t\t\t<\/div>\n\n\t\t\t\t\t\n\t\t\t\n\t\t\t<div id=\"su-post-1351\" class=\"su-post \">\n\n\t\t\t\t\n\t\t\t\t<h2 class=\"su-post-title\"><a href=\"https:\/\/www.verdichtet.at\/?p=1351\">Unw\u00f6rter f\u00fcr Hoffende<\/a><\/h2>\n\n\t\t\t\t<div class=\"su-post-meta\">\n\t\t\t\t\tVer\u00f6ffentlicht: 2. Mai 2014\t\t\t\t<\/div>\n\n\t\t\t\t<div class=\"su-post-excerpt\">\n\t\t\t\t\t<p>&#8222;Leider&#8220; ist ein b\u00f6ses Wort, kaum h\u00f6rst du&#8217;s, ist die Hoffnung fort. &#8211; Leider! Beinah genauso schlimm ist &#8222;fast&#8220;. Es hei\u00dft, es h\u00e4tt&#8216; beinah gepasst. &#8211; Fast. &#8211; Leider! Und auch &#8222;bestimmt&#8220; klingt etwas schal im Hinweis auf ein n\u00e4chstes Mal, wo&#8217;s passt. &#8211; Bestimmt! &#8211; Fast. &#8211; Leider! Michaela Harrer-Sch\u00fctt www.verdichtet.at | Kategorie: Wortglauberei [&hellip;]<\/p>\n\t\t\t\t<\/div>\n\n\t\t\t\t\t\t\t\t\t<a href=\"https:\/\/www.verdichtet.at\/?p=1351#respond\" class=\"su-post-comments-link\">0 Kommentare<\/a>\n\t\t\t\t\n\t\t\t<\/div>\n\n\t\t\n\t\n<\/div>\n\n","protected":false},"excerpt":{"rendered":"","protected":false},"author":4,"featured_media":0,"parent":405,"menu_order":0,"comment_status":"closed","ping_status":"closed","template":"","meta":{"footnotes":""},"class_list":["post-4535","page","type-page","status-publish","hentry"],"_links":{"self":[{"href":"https:\/\/www.verdichtet.at\/index.php?rest_route=\/wp\/v2\/pages\/4535","targetHints":{"allow":["GET"]}}],"collection":[{"href":"https:\/\/www.verdichtet.at\/index.php?rest_route=\/wp\/v2\/pages"}],"about":[{"href":"https:\/\/www.verdichtet.at\/index.php?rest_route=\/wp\/v2\/types\/page"}],"author":[{"embeddable":true,"href":"https:\/\/www.verdichtet.at\/index.php?rest_route=\/wp\/v2\/users\/4"}],"replies":[{"embeddable":true,"href":"https:\/\/www.verdichtet.at\/index.php?rest_route=%2Fwp%2Fv2%2Fcomments&post=4535"}],"version-history":[{"count":4,"href":"https:\/\/www.verdichtet.at\/index.php?rest_route=\/wp\/v2\/pages\/4535\/revisions"}],"predecessor-version":[{"id":4539,"href":"https:\/\/www.verdichtet.at\/index.php?rest_route=\/wp\/v2\/pages\/4535\/revisions\/4539"}],"up":[{"embeddable":true,"href":"https:\/\/www.verdichtet.at\/index.php?rest_route=\/wp\/v2\/pages\/405"}],"wp:attachment":[{"href":"https:\/\/www.verdichtet.at\/index.php?rest_route=%2Fwp%2Fv2%2Fmedia&parent=4535"}],"curies":[{"name":"wp","href":"https:\/\/api.w.org\/{rel}","templated":true}]}}