{"id":428,"date":"2013-11-28T18:50:18","date_gmt":"2013-11-28T18:50:18","guid":{"rendered":"http:\/\/www.verdichtet.at\/?page_id=428"},"modified":"2015-08-29T08:07:18","modified_gmt":"2015-08-29T08:07:18","slug":"think-it-over","status":"publish","type":"page","link":"https:\/\/www.verdichtet.at\/?page_id=428","title":{"rendered":"think it over"},"content":{"rendered":"<div class=\"pdfprnt-buttons pdfprnt-buttons-page pdfprnt-top-right\"><a href=\"https:\/\/www.verdichtet.at\/index.php?rest_route=wpv2pages428&print=pdf\" class=\"pdfprnt-button pdfprnt-button-pdf\" target=\"_blank\"><\/a><a href=\"https:\/\/www.verdichtet.at\/index.php?rest_route=wpv2pages428&print=print\" class=\"pdfprnt-button pdfprnt-button-print\" target=\"_blank\"><\/a><\/div>\n\n<div class=\"su-posts su-posts-default-loop \">\n\n\t\n\t\t\t\t\t\n\t\t\t\n\t\t\t<div id=\"su-post-14583\" class=\"su-post \">\n\n\t\t\t\t\n\t\t\t\t<h2 class=\"su-post-title\"><a href=\"https:\/\/www.verdichtet.at\/?p=14583\">Abschied<\/a><\/h2>\n\n\t\t\t\t<div class=\"su-post-meta\">\n\t\t\t\t\tVer\u00f6ffentlicht: 25. September 2022\t\t\t\t<\/div>\n\n\t\t\t\t<div class=\"su-post-excerpt\">\n\t\t\t\t\t<p>Wieder einmal geht was Sch\u00f6nes vorbei, und obwohl ich genau wusste, dass es so kommen musste, bin ich nicht frei, h\u00e4nge in einer Zeitschleife, noch eh ich begreife, dass ich mit meiner Seele um die Wette schrei, sp\u00fcre, wie ich im Nacken versteife, weil sich alle Muskeln und Sehnen dagegen wehren im Hier und Jetzt [&hellip;]<\/p>\n\t\t\t\t<\/div>\n\n\t\t\t\t\t\t\t\t\t<a href=\"https:\/\/www.verdichtet.at\/?p=14583#respond\" class=\"su-post-comments-link\">0 Kommentare<\/a>\n\t\t\t\t\n\t\t\t<\/div>\n\n\t\t\t\t\t\n\t\t\t\n\t\t\t<div id=\"su-post-22389\" class=\"su-post \">\n\n\t\t\t\t\n\t\t\t\t<h2 class=\"su-post-title\"><a href=\"https:\/\/www.verdichtet.at\/?p=22389\">Wenn es im Kopf rumpelt<\/a><\/h2>\n\n\t\t\t\t<div class=\"su-post-meta\">\n\t\t\t\t\tVer\u00f6ffentlicht: 9. April 2026\t\t\t\t<\/div>\n\n\t\t\t\t<div class=\"su-post-excerpt\">\n\t\t\t\t\t<p>Drau\u00dfen rumpeln gummiharte R\u00e4der \u00fcber einen Gehsteig. Das Echo pocht an die Wirbelforts\u00e4tze meines R\u00fcckgrats. Meine Ohren langweilen sich, weil sie schon zu oft dieses Ger\u00e4usch geh\u00f6rt haben: Ein Skater f\u00e4hrt \u00fcber die karierte Topographie des Pflasters heim. Ach \u00fcbrigens: Kann man einen hilfreichen Satz wie ein Pflaster \u00fcber zerrissene Gedanken kleben? Antonia H. (Foto [&hellip;]<\/p>\n\t\t\t\t<\/div>\n\n\t\t\t\t\t\t\t\t\t<a href=\"https:\/\/www.verdichtet.at\/?p=22389#respond\" class=\"su-post-comments-link\">0 Kommentare<\/a>\n\t\t\t\t\n\t\t\t<\/div>\n\n\t\t\t\t\t\n\t\t\t\n\t\t\t<div id=\"su-post-22328\" class=\"su-post \">\n\n\t\t\t\t\n\t\t\t\t<h2 class=\"su-post-title\"><a href=\"https:\/\/www.verdichtet.at\/?p=22328\">Alltagshelden<\/a><\/h2>\n\n\t\t\t\t<div class=\"su-post-meta\">\n\t\t\t\t\tVer\u00f6ffentlicht: 8. April 2026\t\t\t\t<\/div>\n\n\t\t\t\t<div class=\"su-post-excerpt\">\n\t\t\t\t\t<p>Die sind Helden, die durch Mut bewiesen haben, sie war\u2019n gut. Wer aus der Masse sich erhoben, den wollen wir besonders loben. Ein Risiko ging mancher ein, zu helfen, um ein Mensch zu sein. Selbstlos steht des and\u2019ren Wohl \u00fcber dem eig\u2019nen, wenn es soll. Die Tat, die nennt sich vorbildhaft, die\u2019s \u00fcber das Normale [&hellip;]<\/p>\n\t\t\t\t<\/div>\n\n\t\t\t\t\t\t\t\t\t<a href=\"https:\/\/www.verdichtet.at\/?p=22328#respond\" class=\"su-post-comments-link\">0 Kommentare<\/a>\n\t\t\t\t\n\t\t\t<\/div>\n\n\t\t\t\t\t\n\t\t\t\n\t\t\t<div id=\"su-post-21334\" class=\"su-post \">\n\n\t\t\t\t\n\t\t\t\t<h2 class=\"su-post-title\"><a href=\"https:\/\/www.verdichtet.at\/?p=21334\">Die Nacht deckt zu<\/a><\/h2>\n\n\t\t\t\t<div class=\"su-post-meta\">\n\t\t\t\t\tVer\u00f6ffentlicht: 17. November 2025\t\t\t\t<\/div>\n\n\t\t\t\t<div class=\"su-post-excerpt\">\n\t\t\t\t\t<p>Die Nacht deckt zu. Du hast gelernt, in ihr klar zu sehen. Jedes Ger\u00e4usch steht alleine. Im Winter ist es kalt in ihr, doch das geh\u00f6rt dazu. Deine Gedanken sind deutlich. Du hast viel Zeit zu denken. Die Nacht deckt zu. Johannes Tosin (Text und Foto) www.verdichtet.at | Kategorie: think it over | Inventarnummer: 26017<\/p>\n\t\t\t\t<\/div>\n\n\t\t\t\t\t\t\t\t\t<a href=\"https:\/\/www.verdichtet.at\/?p=21334#respond\" class=\"su-post-comments-link\">0 Kommentare<\/a>\n\t\t\t\t\n\t\t\t<\/div>\n\n\t\t\t\t\t\n\t\t\t\n\t\t\t<div id=\"su-post-21592\" class=\"su-post \">\n\n\t\t\t\t\n\t\t\t\t<h2 class=\"su-post-title\"><a href=\"https:\/\/www.verdichtet.at\/?p=21592\">Da w\u00e4re noch<\/a><\/h2>\n\n\t\t\t\t<div class=\"su-post-meta\">\n\t\t\t\t\tVer\u00f6ffentlicht: 20. Dezember 2025\t\t\t\t<\/div>\n\n\t\t\t\t<div class=\"su-post-excerpt\">\n\t\t\t\t\t<p>Wei\u00dft du, was dein Schicksal ist? Nicht, dass du zu weise bist, nein, es ist vertrackter, es ist ganz einfach dein Charakter! Ich kann dich leider nichts mehr lehren und dein Wissen nicht vermehren, dich nicht f\u00fchren oder lenken, trotzdem, versuch\u2019s einmal mit Denken! Du w\u00fcnschst, du w\u00e4rest klug und wichtig. Trotzdem scheint mir dieses [&hellip;]<\/p>\n\t\t\t\t<\/div>\n\n\t\t\t\t\t\t\t\t\t<a href=\"https:\/\/www.verdichtet.at\/?p=21592#respond\" class=\"su-post-comments-link\">0 Kommentare<\/a>\n\t\t\t\t\n\t\t\t<\/div>\n\n\t\t\t\t\t\n\t\t\t\n\t\t\t<div id=\"su-post-21922\" class=\"su-post \">\n\n\t\t\t\t\n\t\t\t\t<h2 class=\"su-post-title\"><a href=\"https:\/\/www.verdichtet.at\/?p=21922\">Die Freiheit, die wer meint?<\/a><\/h2>\n\n\t\t\t\t<div class=\"su-post-meta\">\n\t\t\t\t\tVer\u00f6ffentlicht: 22. Januar 2026\t\t\t\t<\/div>\n\n\t\t\t\t<div class=\"su-post-excerpt\">\n\t\t\t\t\t<p>Wer klopfet an, so unvermut\u2019? Es ist die Freiheit, h\u00f6chstes Gut! Dann lasst sie herein, sie soll uns Leitsatz uns\u2019rer Zukunft sein. Verpflichtet uns zum Schutz der Heimat, zu unserer Identit\u00e4t. Befolgen wir der Zeiten Rat, frei sein, ehe die Welt noch untergeht. Der Rechtsstaat b\u00fcrgt f\u00fcr Sicherheit, wir teilen Ziel und Wert gemeinsam, bis [&hellip;]<\/p>\n\t\t\t\t<\/div>\n\n\t\t\t\t\t\t\t\t\t<a href=\"https:\/\/www.verdichtet.at\/?p=21922#respond\" class=\"su-post-comments-link\">0 Kommentare<\/a>\n\t\t\t\t\n\t\t\t<\/div>\n\n\t\t\t\t\t\n\t\t\t\n\t\t\t<div id=\"su-post-21664\" class=\"su-post \">\n\n\t\t\t\t\n\t\t\t\t<h2 class=\"su-post-title\"><a href=\"https:\/\/www.verdichtet.at\/?p=21664\">Gegenwehr<\/a><\/h2>\n\n\t\t\t\t<div class=\"su-post-meta\">\n\t\t\t\t\tVer\u00f6ffentlicht: 1. Januar 2026\t\t\t\t<\/div>\n\n\t\t\t\t<div class=\"su-post-excerpt\">\n\t\t\t\t\t<p>Weihnachtliche Zielgerade macht so m\u00fcde, ist echt schade, auf der Flucht in einen Traum unterm Weihnachtstannenbaum. Andere sind ganz ersch\u00f6pft, in ihren Energien geschr\u00f6pft. Vornehmlich durch miese Nachricht, die niederprasselt, ohne Nachsicht. R\u00fcckzug in den Familienkreis, lockt die Jugend und den Greis. Kokon h\u00e4uslicher Behaglichkeit. Wir haben uns. Sonst Einsamkeit. Wenn\u2019s noch so schlimm geht [&hellip;]<\/p>\n\t\t\t\t<\/div>\n\n\t\t\t\t\t\t\t\t\t<a href=\"https:\/\/www.verdichtet.at\/?p=21664#comments\" class=\"su-post-comments-link\">2 comments<\/a>\n\t\t\t\t\n\t\t\t<\/div>\n\n\t\t\t\t\t\n\t\t\t\n\t\t\t<div id=\"su-post-21045\" class=\"su-post \">\n\n\t\t\t\t\n\t\t\t\t<h2 class=\"su-post-title\"><a href=\"https:\/\/www.verdichtet.at\/?p=21045\">Durch meinen Kopf<\/a><\/h2>\n\n\t\t\t\t<div class=\"su-post-meta\">\n\t\t\t\t\tVer\u00f6ffentlicht: 13. Oktober 2025\t\t\t\t<\/div>\n\n\t\t\t\t<div class=\"su-post-excerpt\">\n\t\t\t\t\t<p>Ich streife durch meinen Kopf, und was sehe ich da? B\u00e4ume, von denen ich nichts wusste, Blumen, von denen ich nicht wusste, violettes Gras, von dem ich nichts wusste, rosaroter Weizen, von dem ich nichts wusste. Ich bin der Wald, die Wiese und das Feld. All das bin ich, ohne zuvor davon eine Ahnung gehabt [&hellip;]<\/p>\n\t\t\t\t<\/div>\n\n\t\t\t\t\t\t\t\t\t<a href=\"https:\/\/www.verdichtet.at\/?p=21045#respond\" class=\"su-post-comments-link\">0 Kommentare<\/a>\n\t\t\t\t\n\t\t\t<\/div>\n\n\t\t\t\t\t\n\t\t\t\n\t\t\t<div id=\"su-post-20891\" class=\"su-post \">\n\n\t\t\t\t\n\t\t\t\t<h2 class=\"su-post-title\"><a href=\"https:\/\/www.verdichtet.at\/?p=20891\">Prolog<\/a><\/h2>\n\n\t\t\t\t<div class=\"su-post-meta\">\n\t\t\t\t\tVer\u00f6ffentlicht: 12. September 2025\t\t\t\t<\/div>\n\n\t\t\t\t<div class=\"su-post-excerpt\">\n\t\t\t\t\t<p>Norbert Johannes Prenner (Text und Grafik) www.verdichtet.at | Kategorie: think it over | Inventarnummer: 25199<\/p>\n\t\t\t\t<\/div>\n\n\t\t\t\t\t\t\t\t\t<a href=\"https:\/\/www.verdichtet.at\/?p=20891#respond\" class=\"su-post-comments-link\">0 Kommentare<\/a>\n\t\t\t\t\n\t\t\t<\/div>\n\n\t\t\t\t\t\n\t\t\t\n\t\t\t<div id=\"su-post-20815\" class=\"su-post \">\n\n\t\t\t\t\n\t\t\t\t<h2 class=\"su-post-title\"><a href=\"https:\/\/www.verdichtet.at\/?p=20815\">Kinder aus Sternenstaub<\/a><\/h2>\n\n\t\t\t\t<div class=\"su-post-meta\">\n\t\t\t\t\tVer\u00f6ffentlicht: 30. August 2025\t\t\t\t<\/div>\n\n\t\t\t\t<div class=\"su-post-excerpt\">\n\t\t\t\t\t<p>hinabschauend auf die Lichternesterdie unsere St\u00e4dte sindenth\u00fcllt der Satellitenblickwir sind eine Rasse von vielenaber es gibt auch viel Dunkelheit im \u201eOutback\u201c stehendzwischen einem Meteoritenkraterund dem Kings Canyonlehren uns das Kreuz des S\u00fcdensund all seine funkelnden Freundewie unbedeutend wirKinder aus Sternenstaub sind Frank Joussen www.verdichtet.at |&nbsp;Kategorie: think it over | Inventarnummer: 25193<\/p>\n\t\t\t\t<\/div>\n\n\t\t\t\t\t\t\t\t\t<a href=\"https:\/\/www.verdichtet.at\/?p=20815#respond\" class=\"su-post-comments-link\">0 Kommentare<\/a>\n\t\t\t\t\n\t\t\t<\/div>\n\n\t\t\t\t\t\n\t\t\t\n\t\t\t<div id=\"su-post-20671\" class=\"su-post \">\n\n\t\t\t\t\n\t\t\t\t<h2 class=\"su-post-title\"><a href=\"https:\/\/www.verdichtet.at\/?p=20671\">Eine andere Perspektive<\/a><\/h2>\n\n\t\t\t\t<div class=\"su-post-meta\">\n\t\t\t\t\tVer\u00f6ffentlicht: 15. August 2025\t\t\t\t<\/div>\n\n\t\t\t\t<div class=\"su-post-excerpt\">\n\t\t\t\t\t<p>Frank Joussen www.verdichtet.at |&nbsp;Kategorie: think it over | Inventarnummer: 25183<\/p>\n\t\t\t\t<\/div>\n\n\t\t\t\t\t\t\t\t\t<a href=\"https:\/\/www.verdichtet.at\/?p=20671#comments\" class=\"su-post-comments-link\">3 comments<\/a>\n\t\t\t\t\n\t\t\t<\/div>\n\n\t\t\t\t\t\n\t\t\t\n\t\t\t<div id=\"su-post-20371\" class=\"su-post \">\n\n\t\t\t\t\n\t\t\t\t<h2 class=\"su-post-title\"><a href=\"https:\/\/www.verdichtet.at\/?p=20371\">A Real Angel<\/a><\/h2>\n\n\t\t\t\t<div class=\"su-post-meta\">\n\t\t\t\t\tVer\u00f6ffentlicht: 4. Juli 2025\t\t\t\t<\/div>\n\n\t\t\t\t<div class=\"su-post-excerpt\">\n\t\t\t\t\t<p>Etwas Obst, vielleicht? Ein Tortenst\u00fcck, die Imperiale?Ach nein, ich denk, es reicht. Die Dinge, geniale,ich warte, wie sie sich entscheiden,und m\u00f6cht Gedanken \u00fcber alle Regeln meiden. Heute, am Samstag, muss jede Arbeit ruh\u2019n.Ich hab beschlossen, ich will heut \u00fcberhaupt nichts tun.Doch keinen Schabbat kennt der Jammer,er qu\u00e4lt und verfolgt dich bis in deine Kammer. Wenn [&hellip;]<\/p>\n\t\t\t\t<\/div>\n\n\t\t\t\t\t\t\t\t\t<a href=\"https:\/\/www.verdichtet.at\/?p=20371#respond\" class=\"su-post-comments-link\">0 Kommentare<\/a>\n\t\t\t\t\n\t\t\t<\/div>\n\n\t\t\t\t\t\n\t\t\t\n\t\t\t<div id=\"su-post-20174\" class=\"su-post \">\n\n\t\t\t\t\n\t\t\t\t<h2 class=\"su-post-title\"><a href=\"https:\/\/www.verdichtet.at\/?p=20174\">Br\u00fccken<\/a><\/h2>\n\n\t\t\t\t<div class=\"su-post-meta\">\n\t\t\t\t\tVer\u00f6ffentlicht: 1. Juni 2025\t\t\t\t<\/div>\n\n\t\t\t\t<div class=\"su-post-excerpt\">\n\t\t\t\t\t<p>Ein Medley Nicht jede Br\u00fccke dient der Verst\u00e4ndigung. Der Verbindung nat\u00fcrlich schon, das ist ihr geografischer Zweck. Die Br\u00fccke \u00fcber den Fluss Ibar in der geteilten Stadt Mitrovica ist solch ein Fall. Mitrovica liegt zwischen Serbien und dem Kosovo. Sie ist nur f\u00fcr Fu\u00dfg\u00e4nger ge\u00f6ffnet. Die kosovarische Regierung will sie auch f\u00fcr Autos \u00f6ffnen, doch [&hellip;]<\/p>\n\t\t\t\t<\/div>\n\n\t\t\t\t\t\t\t\t\t<a href=\"https:\/\/www.verdichtet.at\/?p=20174#comments\" class=\"su-post-comments-link\">Ein Kommentar<\/a>\n\t\t\t\t\n\t\t\t<\/div>\n\n\t\t\t\t\t\n\t\t\t\n\t\t\t<div id=\"su-post-18925\" class=\"su-post \">\n\n\t\t\t\t\n\t\t\t\t<h2 class=\"su-post-title\"><a href=\"https:\/\/www.verdichtet.at\/?p=18925\">aus der schwarzwei\u00dfwelt<\/a><\/h2>\n\n\t\t\t\t<div class=\"su-post-meta\">\n\t\t\t\t\tVer\u00f6ffentlicht: 19. Oktober 2024\t\t\t\t<\/div>\n\n\t\t\t\t<div class=\"su-post-excerpt\">\n\t\t\t\t\t<p>das leben nimmt an k\u00fcrze zu. geschichten\/legenden werden gezeugt. mit tiktak im munde tropft die zeit aus der taschenuhr [mit silberk\u00f6rper eingekleidet]. zeigerstimme spricht. so h\u00e4ngt das leben auf dem schachbrett. schritt um schritt [mehr ein zug] ist das holz voll charakter und spielt einen schwarz-wei\u00df-wechseltaucher. Tim Tensfeld https:\/\/www.autorenwelt.de\/person\/tim-tensfeld https:\/\/www.literaturport.de\/lexikon\/tim-tensfeld www.verdichtet.at |\u00a0Kategorie: think it over [&hellip;]<\/p>\n\t\t\t\t<\/div>\n\n\t\t\t\t\t\t\t\t\t<a href=\"https:\/\/www.verdichtet.at\/?p=18925#respond\" class=\"su-post-comments-link\">0 Kommentare<\/a>\n\t\t\t\t\n\t\t\t<\/div>\n\n\t\t\t\t\t\n\t\t\t\n\t\t\t<div id=\"su-post-20241\" class=\"su-post \">\n\n\t\t\t\t\n\t\t\t\t<h2 class=\"su-post-title\"><a href=\"https:\/\/www.verdichtet.at\/?p=20241\">Wirklichkeiten<\/a><\/h2>\n\n\t\t\t\t<div class=\"su-post-meta\">\n\t\t\t\t\tVer\u00f6ffentlicht: 19. Juni 2025\t\t\t\t<\/div>\n\n\t\t\t\t<div class=\"su-post-excerpt\">\n\t\t\t\t\t<p>Man sagt, dass man nichts wisse, die Kunst w\u00e4r\u2019, blo\u00df zu glauben. Wie\u2019s nach dem Tode weitergeht, mag uns manchmal die Hoffnung rauben. In Dunkelheit soll alles enden? Und in unsern Gliedern stecken, unaussprechlich, was wir f\u00e4nden, in der Apokalypsis Schrecken? Wie eine and\u2019re Wirklichkeit scheint uns das Universum fremd. Unfassbare Erhabenheit, die Grenzen uns\u2019res [&hellip;]<\/p>\n\t\t\t\t<\/div>\n\n\t\t\t\t\t\t\t\t\t<a href=\"https:\/\/www.verdichtet.at\/?p=20241#respond\" class=\"su-post-comments-link\">0 Kommentare<\/a>\n\t\t\t\t\n\t\t\t<\/div>\n\n\t\t\t\t\t\n\t\t\t\n\t\t\t<div id=\"su-post-20084\" class=\"su-post \">\n\n\t\t\t\t\n\t\t\t\t<h2 class=\"su-post-title\"><a href=\"https:\/\/www.verdichtet.at\/?p=20084\">Der blinde Fleck, Metaphern und Gl\u00fchw\u00fcrmchen<\/a><\/h2>\n\n\t\t\t\t<div class=\"su-post-meta\">\n\t\t\t\t\tVer\u00f6ffentlicht: 23. Mai 2025\t\t\t\t<\/div>\n\n\t\t\t\t<div class=\"su-post-excerpt\">\n\t\t\t\t\t<p>\u00dcber das Unsichtbare und die Macht des Lichts Tief vergraben in den unbewussten Sph\u00e4ren unserer Wahrnehmung liegt er \u2013 jener Fleck, den keiner sehen kann. Ein unsichtbarer Akteur, der im Verborgenen wirkt, wie ein Gangsterboss, der seine Identit\u00e4t zu sch\u00fctzen wei\u00df. Jeder tr\u00e4gt ihn in sich: diesen inneren Widersacher, der still unsere Sicht verzerrt \u2013 [&hellip;]<\/p>\n\t\t\t\t<\/div>\n\n\t\t\t\t\t\t\t\t\t<a href=\"https:\/\/www.verdichtet.at\/?p=20084#respond\" class=\"su-post-comments-link\">0 Kommentare<\/a>\n\t\t\t\t\n\t\t\t<\/div>\n\n\t\t\t\t\t\n\t\t\t\n\t\t\t<div id=\"su-post-19908\" class=\"su-post \">\n\n\t\t\t\t\n\t\t\t\t<h2 class=\"su-post-title\"><a href=\"https:\/\/www.verdichtet.at\/?p=19908\">Durchhalten<\/a><\/h2>\n\n\t\t\t\t<div class=\"su-post-meta\">\n\t\t\t\t\tVer\u00f6ffentlicht: 23. April 2025\t\t\t\t<\/div>\n\n\t\t\t\t<div class=\"su-post-excerpt\">\n\t\t\t\t\t<p>Wenn man die Morgennachricht h\u00f6rt, ist man fr\u00fchzeitig verst\u00f6rt. Am liebsten m\u00f6chte man die Decken sich \u00fcber\u2019n Kopf zieh\u2019n und verstecken. Da wird mit Z\u00f6llen rumgemacht, die B\u00f6rsen krachen, gute Nacht! Demokratien k\u00e4mpfen ums \u00dcberleben, Gen Z bleibt auf den Stra\u00dfen kleben. Nichts als nur Probleme w\u00e4lzen, die Welt wird hin, die Gletscher schmelzen. Es [&hellip;]<\/p>\n\t\t\t\t<\/div>\n\n\t\t\t\t\t\t\t\t\t<a href=\"https:\/\/www.verdichtet.at\/?p=19908#respond\" class=\"su-post-comments-link\">0 Kommentare<\/a>\n\t\t\t\t\n\t\t\t<\/div>\n\n\t\t\t\t\t\n\t\t\t\n\t\t\t<div id=\"su-post-19320\" class=\"su-post \">\n\n\t\t\t\t\n\t\t\t\t<h2 class=\"su-post-title\"><a href=\"https:\/\/www.verdichtet.at\/?p=19320\">Stein und Kohle<\/a><\/h2>\n\n\t\t\t\t<div class=\"su-post-meta\">\n\t\t\t\t\tVer\u00f6ffentlicht: 22. Dezember 2024\t\t\t\t<\/div>\n\n\t\t\t\t<div class=\"su-post-excerpt\">\n\t\t\t\t\t<p>Laut ist gef\u00e4hrlich, aber leise kann noch gef\u00e4hrlicher sein. Warum verbirgt jemand sein Ger\u00e4usch? Weil er b\u00f6se Absichten hat. Sie hat geh\u00f6rt, wie es war. Hat geh\u00f6rt, aber sie wei\u00df es nicht. Es k\u00f6nnte sein, vielleicht, vielleicht auch nicht. Dreizehn Wahrheiten gibt es. Dreizehn Wahrheiten, wisst ihr das?, dreizehn Wahrheiten, und eine jede ist wahr. [&hellip;]<\/p>\n\t\t\t\t<\/div>\n\n\t\t\t\t\t\t\t\t\t<a href=\"https:\/\/www.verdichtet.at\/?p=19320#respond\" class=\"su-post-comments-link\">0 Kommentare<\/a>\n\t\t\t\t\n\t\t\t<\/div>\n\n\t\t\t\t\t\n\t\t\t\n\t\t\t<div id=\"su-post-19871\" class=\"su-post \">\n\n\t\t\t\t\n\t\t\t\t<h2 class=\"su-post-title\"><a href=\"https:\/\/www.verdichtet.at\/?p=19871\">Wenn \u2026<\/a><\/h2>\n\n\t\t\t\t<div class=\"su-post-meta\">\n\t\t\t\t\tVer\u00f6ffentlicht: 13. April 2025\t\t\t\t<\/div>\n\n\t\t\t\t<div class=\"su-post-excerpt\">\n\t\t\t\t\t<p>Wenn du cool bleibst, wo andere schon kollabieren und ihren Kopf dabei schon fast verlieren und dann noch meinen, das ist ganz allein dein Schei\u00df, und niemand mehr dir glaubt und jeder alles besser wei\u00df, dann glaub an dich, vertraue dir, und hab Geduld, du wei\u00dft genau, es ist nicht deine Schuld. Wenn du warten [&hellip;]<\/p>\n\t\t\t\t<\/div>\n\n\t\t\t\t\t\t\t\t\t<a href=\"https:\/\/www.verdichtet.at\/?p=19871#respond\" class=\"su-post-comments-link\">0 Kommentare<\/a>\n\t\t\t\t\n\t\t\t<\/div>\n\n\t\t\t\t\t\n\t\t\t\n\t\t\t<div id=\"su-post-18822\" class=\"su-post \">\n\n\t\t\t\t\n\t\t\t\t<h2 class=\"su-post-title\"><a href=\"https:\/\/www.verdichtet.at\/?p=18822\">Fort von hier<\/a><\/h2>\n\n\t\t\t\t<div class=\"su-post-meta\">\n\t\t\t\t\tVer\u00f6ffentlicht: 5. Oktober 2024\t\t\t\t<\/div>\n\n\t\t\t\t<div class=\"su-post-excerpt\">\n\t\t\t\t\t<p>Zehn Millionen Lichtjahre weit schick ich meinen besten Gedanken. Dass ihn jemand sieht, dass ihn jemand h\u00f6rt, dass ihn jemand f\u00fcr mich weiterdenkt. Johannes Tosin (Text und Foto) www.verdichtet.at | Kategorie: think it over | Inventarnummer: 25026<\/p>\n\t\t\t\t<\/div>\n\n\t\t\t\t\t\t\t\t\t<a href=\"https:\/\/www.verdichtet.at\/?p=18822#respond\" class=\"su-post-comments-link\">0 Kommentare<\/a>\n\t\t\t\t\n\t\t\t<\/div>\n\n\t\t\t\t\t\n\t\t\t\n\t\t\t<div id=\"su-post-19777\" class=\"su-post \">\n\n\t\t\t\t\n\t\t\t\t<h2 class=\"su-post-title\"><a href=\"https:\/\/www.verdichtet.at\/?p=19777\">fallen lassen<\/a><\/h2>\n\n\t\t\t\t<div class=\"su-post-meta\">\n\t\t\t\t\tVer\u00f6ffentlicht: 27. M\u00e4rz 2025\t\t\t\t<\/div>\n\n\t\t\t\t<div class=\"su-post-excerpt\">\n\t\t\t\t\t<p>I. wir lassen sie fallen unsere verbrauchten Namen unsere abgenutzten Gesichter wir lassen sie fallen in fremde rote Erde vergraben sie tief und lassen Gras dar\u00fcber wachsen II. wir lassen uns fallen so leer wie wir sind so nackt wie wir sind wir lassen uns fallen in sattes gr\u00fcnes Gras und graben rote Namen tief [&hellip;]<\/p>\n\t\t\t\t<\/div>\n\n\t\t\t\t\t\t\t\t\t<a href=\"https:\/\/www.verdichtet.at\/?p=19777#respond\" class=\"su-post-comments-link\">0 Kommentare<\/a>\n\t\t\t\t\n\t\t\t<\/div>\n\n\t\t\t\t\t\n\t\t\t\n\t\t\t<div id=\"su-post-18753\" class=\"su-post \">\n\n\t\t\t\t\n\t\t\t\t<h2 class=\"su-post-title\"><a href=\"https:\/\/www.verdichtet.at\/?p=18753\">Minute<\/a><\/h2>\n\n\t\t\t\t<div class=\"su-post-meta\">\n\t\t\t\t\tVer\u00f6ffentlicht: 4. Oktober 2024\t\t\t\t<\/div>\n\n\t\t\t\t<div class=\"su-post-excerpt\">\n\t\t\t\t\t<p>Den Kalender niemals aufgeh\u00e4ngt, und trotzdem ist das Jahr vergangen. Die Zeit l\u00e4sst sich nicht stoppen. Dein Puls mag schnell, mag langsam sein, die Zeit ist immer gleich. Sie ist der Ma\u00dfstab, ohne sie kein Zyklus, durch sie erst die Verg\u00e4nglichkeit. Und doch schrumpft sie f\u00fcr dich zum Augenblick, der erste Kuss, die Geburt des [&hellip;]<\/p>\n\t\t\t\t<\/div>\n\n\t\t\t\t\t\t\t\t\t<a href=\"https:\/\/www.verdichtet.at\/?p=18753#respond\" class=\"su-post-comments-link\">0 Kommentare<\/a>\n\t\t\t\t\n\t\t\t<\/div>\n\n\t\t\t\t\t\n\t\t\t\n\t\t\t<div id=\"su-post-19193\" class=\"su-post \">\n\n\t\t\t\t\n\t\t\t\t<h2 class=\"su-post-title\"><a href=\"https:\/\/www.verdichtet.at\/?p=19193\">Eines zur Weltlage<\/a><\/h2>\n\n\t\t\t\t<div class=\"su-post-meta\">\n\t\t\t\t\tVer\u00f6ffentlicht: 4. Dezember 2024\t\t\t\t<\/div>\n\n\t\t\t\t<div class=\"su-post-excerpt\">\n\t\t\t\t\t<p>Muss es denn wirklich so sein? fragt die Mutter Kann das denn Wirklichkeit sein? fragt die Mutter Nach all dem Leid von allen M\u00fcttern k\u00f6nnt ihr uns noch so ersch\u00fcttern? Das Ende aller Menschlichkeit: Die Menschheit wieder kriegsbereit? Geschaffen von unendlich H\u00e4nden &#8211; Wollt ihr dieses Opfer enden? Alles hab ich euch gegeben. Nur nicht [&hellip;]<\/p>\n\t\t\t\t<\/div>\n\n\t\t\t\t\t\t\t\t\t<a href=\"https:\/\/www.verdichtet.at\/?p=19193#respond\" class=\"su-post-comments-link\">0 Kommentare<\/a>\n\t\t\t\t\n\t\t\t<\/div>\n\n\t\t\t\t\t\n\t\t\t\n\t\t\t<div id=\"su-post-2236\" class=\"su-post \">\n\n\t\t\t\t\n\t\t\t\t<h2 class=\"su-post-title\"><a href=\"https:\/\/www.verdichtet.at\/?p=2236\">Was bleibt. Besuch in der Regensburger Synagoge<\/a><\/h2>\n\n\t\t\t\t<div class=\"su-post-meta\">\n\t\t\t\t\tVer\u00f6ffentlicht: 15. Februar 2015\t\t\t\t<\/div>\n\n\t\t\t\t<div class=\"su-post-excerpt\">\n\t\t\t\t\t<p>Sp\u00e4ter sollte sich herausstellen, dass es die letzte Begegnung mit Dr. Andreas Angerstorfer war. Im darauffolgenden Juli wurde er tot in der Toilette der theologischen Fakult\u00e4t aufgefunden. Es ist ein Apriltag im Jahr 1942. Es ist nicht der 1. April und das, was geschieht, ist wahrlich kein Scherz. Ein Zug von M\u00e4nnern bewegt sich durch [&hellip;]<\/p>\n\t\t\t\t<\/div>\n\n\t\t\t\t\t\t\t\t\t<a href=\"https:\/\/www.verdichtet.at\/?p=2236#respond\" class=\"su-post-comments-link\">0 Kommentare<\/a>\n\t\t\t\t\n\t\t\t<\/div>\n\n\t\t\t\t\t\n\t\t\t\n\t\t\t<div id=\"su-post-2370\" class=\"su-post \">\n\n\t\t\t\t\n\t\t\t\t<h2 class=\"su-post-title\"><a href=\"https:\/\/www.verdichtet.at\/?p=2370\">Ein Fenster zur Schrift<\/a><\/h2>\n\n\t\t\t\t<div class=\"su-post-meta\">\n\t\t\t\t\tVer\u00f6ffentlicht: 29. M\u00e4rz 2015\t\t\t\t<\/div>\n\n\t\t\t\t<div class=\"su-post-excerpt\">\n\t\t\t\t\t<p>Ijob 39,16-21 \u201eDie Strau\u00dfenhenne behandelt ihre Jungen hart wie Fremde; war umsonst ihre M\u00fche, es erschreckt sie nicht. Denn Gott lie\u00df sie Weisheit vergessen, gab ihr an Verstand keinen Teil. Im Augenblick aber, wenn sie hochschnellt, verlacht sie das Ross und seinen Reiter. Gabst du dem Ross die Heldenst\u00e4rke, kleidest du mit einer M\u00e4hne seinen [&hellip;]<\/p>\n\t\t\t\t<\/div>\n\n\t\t\t\t\t\t\t\t\t<a href=\"https:\/\/www.verdichtet.at\/?p=2370#comments\" class=\"su-post-comments-link\">Ein Kommentar<\/a>\n\t\t\t\t\n\t\t\t<\/div>\n\n\t\t\t\t\t\n\t\t\t\n\t\t\t<div id=\"su-post-7780\" class=\"su-post \">\n\n\t\t\t\t\n\t\t\t\t<h2 class=\"su-post-title\"><a href=\"https:\/\/www.verdichtet.at\/?p=7780\">Finden<\/a><\/h2>\n\n\t\t\t\t<div class=\"su-post-meta\">\n\t\t\t\t\tVer\u00f6ffentlicht: 3. April 2018\t\t\t\t<\/div>\n\n\t\t\t\t<div class=\"su-post-excerpt\">\n\t\t\t\t\t<p>In einen Garten hat er dich gesetzt dein Herr voll Gr\u00fcn und Farben Sonnenstrahlen w\u00e4rmen deine Glieder und r\u00e4keln kannst du dich im wohlig warmen Licht Warum nur sp\u00fcrst du\u2019s nicht Kummer hat ein Nest in deinem Herzen sich gebaut l\u00e4hmt dir die Glieder und die Sinne Wie soll das Raunen an dein Ohr gelangen [&hellip;]<\/p>\n\t\t\t\t<\/div>\n\n\t\t\t\t\t\t\t\t\t<a href=\"https:\/\/www.verdichtet.at\/?p=7780#respond\" class=\"su-post-comments-link\">0 Kommentare<\/a>\n\t\t\t\t\n\t\t\t<\/div>\n\n\t\t\t\t\t\n\t\t\t\n\t\t\t<div id=\"su-post-17869\" class=\"su-post \">\n\n\t\t\t\t\n\t\t\t\t<h2 class=\"su-post-title\"><a href=\"https:\/\/www.verdichtet.at\/?p=17869\">Im K\u00e4fig<\/a><\/h2>\n\n\t\t\t\t<div class=\"su-post-meta\">\n\t\t\t\t\tVer\u00f6ffentlicht: 3. April 2024\t\t\t\t<\/div>\n\n\t\t\t\t<div class=\"su-post-excerpt\">\n\t\t\t\t\t<p>Ich bin das Tier im K\u00e4fig. Die Menschen betrachten mich. Gern h\u00e4tte ich einen Bau, in dem ich mich verstecken kann, doch habe ich ihn nicht. Hier im K\u00e4fig ist meine nat\u00fcrliche Umgebung imitiert, doch sie ist es nicht. Auch ihr, die ihr mich anstarrt, steckt in einem K\u00e4fig, nur da er keine St\u00e4be hat, [&hellip;]<\/p>\n\t\t\t\t<\/div>\n\n\t\t\t\t\t\t\t\t\t<a href=\"https:\/\/www.verdichtet.at\/?p=17869#respond\" class=\"su-post-comments-link\">0 Kommentare<\/a>\n\t\t\t\t\n\t\t\t<\/div>\n\n\t\t\t\t\t\n\t\t\t\n\t\t\t<div id=\"su-post-17429\" class=\"su-post \">\n\n\t\t\t\t\n\t\t\t\t<h2 class=\"su-post-title\"><a href=\"https:\/\/www.verdichtet.at\/?p=17429\">Das Geh\u00e4use der Welt<\/a><\/h2>\n\n\t\t\t\t<div class=\"su-post-meta\">\n\t\t\t\t\tVer\u00f6ffentlicht: 20. Januar 2024\t\t\t\t<\/div>\n\n\t\t\t\t<div class=\"su-post-excerpt\">\n\t\t\t\t\t<p>Die Zahlen sind nur das Mittel zum Zweck, um die Linien zu berechnen und den Winkel, in dem sie aneinandergesetzt werden, die das Geh\u00e4use der Welt formen. Johannes Tosin (Text und Foto) www.verdichtet.at | Kategorie: think it over | Inventarnummer: 24032<\/p>\n\t\t\t\t<\/div>\n\n\t\t\t\t\t\t\t\t\t<a href=\"https:\/\/www.verdichtet.at\/?p=17429#respond\" class=\"su-post-comments-link\">0 Kommentare<\/a>\n\t\t\t\t\n\t\t\t<\/div>\n\n\t\t\t\t\t\n\t\t\t\n\t\t\t<div id=\"su-post-17686\" class=\"su-post \">\n\n\t\t\t\t\n\t\t\t\t<h2 class=\"su-post-title\"><a href=\"https:\/\/www.verdichtet.at\/?p=17686\">So Wahrheit<\/a><\/h2>\n\n\t\t\t\t<div class=\"su-post-meta\">\n\t\t\t\t\tVer\u00f6ffentlicht: 20. Februar 2024\t\t\t\t<\/div>\n\n\t\t\t\t<div class=\"su-post-excerpt\">\n\t\t\t\t\t<p>Die Wahrheit wollen wir sie sehen? Existiert eine Wahrheit? Die Wahrheit sch\u00fcttelt uns beunruhigt uns zertr\u00fcmmert unsere Gewissheiten und macht sie br\u00f6ckelig Man kann nicht neutral bleiben der Wahrheit gegen\u00fcber Man nimmt sie an oder lehnt sie ab man k\u00e4mpft f\u00fcr die Wahrheit oder gegen die Wahrheit Die Wahrheit ist ein Akt der Rebellion notwendig [&hellip;]<\/p>\n\t\t\t\t<\/div>\n\n\t\t\t\t\t\t\t\t\t<a href=\"https:\/\/www.verdichtet.at\/?p=17686#comments\" class=\"su-post-comments-link\">2 comments<\/a>\n\t\t\t\t\n\t\t\t<\/div>\n\n\t\t\t\t\t\n\t\t\t\n\t\t\t<div id=\"su-post-17537\" class=\"su-post \">\n\n\t\t\t\t\n\t\t\t\t<h2 class=\"su-post-title\"><a href=\"https:\/\/www.verdichtet.at\/?p=17537\">Ein einziger hundert Jahre andauernder Sonntag<\/a><\/h2>\n\n\t\t\t\t<div class=\"su-post-meta\">\n\t\t\t\t\tVer\u00f6ffentlicht: 1. Februar 2024\t\t\t\t<\/div>\n\n\t\t\t\t<div class=\"su-post-excerpt\">\n\t\t\t\t\t<p>Begr\u00fc\u00dfenswerterweise hat er heute die Verwaltung der Bibliothek \u00fcbernommen. Nicht so, dass er es ungern getan h\u00e4tte, aber es war damals im Oktober noch sehr warm drau\u00dfen und die Sonne schien und er h\u00e4tte sich auch in anderen Teilen der Stadt aufhalten k\u00f6nnen. Es war der Sommer im Jahre 2008. Es waren Olympische Spiele in [&hellip;]<\/p>\n\t\t\t\t<\/div>\n\n\t\t\t\t\t\t\t\t\t<a href=\"https:\/\/www.verdichtet.at\/?p=17537#respond\" class=\"su-post-comments-link\">0 Kommentare<\/a>\n\t\t\t\t\n\t\t\t<\/div>\n\n\t\t\t\t\t\n\t\t\t\n\t\t\t<div id=\"su-post-16265\" class=\"su-post \">\n\n\t\t\t\t\n\t\t\t\t<h2 class=\"su-post-title\"><a href=\"https:\/\/www.verdichtet.at\/?p=16265\">Der Vergleich<\/a><\/h2>\n\n\t\t\t\t<div class=\"su-post-meta\">\n\t\t\t\t\tVer\u00f6ffentlicht: 6. Juli 2023\t\t\t\t<\/div>\n\n\t\t\t\t<div class=\"su-post-excerpt\">\n\t\t\t\t\t<p>Eine Sinusschwingung ist zur H\u00e4lfte im positiven und zur H\u00e4lfte im negativen Bereich. Beginnt sie bei 0 auf der x-Achse, endet sie auch wieder bei 0. Es ist das Gleiche, wie wenn man sich um 360\u00b0 dreht. Man steht auf demselben Punkt. Johannes Tosin (Text und Bild) www.verdichtet.at |\u00a0Kategorie: think it over | Inventarnummer: 23149<\/p>\n\t\t\t\t<\/div>\n\n\t\t\t\t\t\t\t\t\t<a href=\"https:\/\/www.verdichtet.at\/?p=16265#respond\" class=\"su-post-comments-link\">0 Kommentare<\/a>\n\t\t\t\t\n\t\t\t<\/div>\n\n\t\t\t\t\t\n\t\t\t\n\t\t\t<div id=\"su-post-1099\" class=\"su-post \">\n\n\t\t\t\t\n\t\t\t\t<h2 class=\"su-post-title\"><a href=\"https:\/\/www.verdichtet.at\/?p=1099\">Schattenbank<\/a><\/h2>\n\n\t\t\t\t<div class=\"su-post-meta\">\n\t\t\t\t\tVer\u00f6ffentlicht: 19. M\u00e4rz 2014\t\t\t\t<\/div>\n\n\t\t\t\t<div class=\"su-post-excerpt\">\n\t\t\t\t\t<p>Du wei\u00dft nicht, wie lange es her ist, dass du so aufgel\u00f6st warst. In der Luft sp\u00fcrst du das Fr\u00fchlingssonnenlicht, das auf diese Bank, auf diesen Platz nie direkt f\u00e4llt und das dennoch alles einnimmt, \u00fcberallhin dringt und das alles zersetzen will, was du f\u00fcr sicher gehalten hast. Vor einem Jahr muss es gewesen sein, [&hellip;]<\/p>\n\t\t\t\t<\/div>\n\n\t\t\t\t\t\t\t\t\t<a href=\"https:\/\/www.verdichtet.at\/?p=1099#respond\" class=\"su-post-comments-link\">0 Kommentare<\/a>\n\t\t\t\t\n\t\t\t<\/div>\n\n\t\t\t\t\t\n\t\t\t\n\t\t\t<div id=\"su-post-14378\" class=\"su-post \">\n\n\t\t\t\t\n\t\t\t\t<h2 class=\"su-post-title\"><a href=\"https:\/\/www.verdichtet.at\/?p=14378\">Von Koinzidenzen und anderen Irrt\u00fcmern, \u2026<\/a><\/h2>\n\n\t\t\t\t<div class=\"su-post-meta\">\n\t\t\t\t\tVer\u00f6ffentlicht: 27. Juli 2022\t\t\t\t<\/div>\n\n\t\t\t\t<div class=\"su-post-excerpt\">\n\t\t\t\t\t<p>\u2026 die wir vielleicht zu wenig bedenken Woran es wohl liegt, dass die Gro\u00dfhirnrinde 52 Rindenfelder hat? 52! So viele Wochen hat das Jahr. Erstaunlich, nicht? Ein Feld pro Woche (geistig) zu beackern, das m\u00fcsste doch \u00fcbers Jahr gesehen zu schaffen sein \u2026 Und warum hei\u00dft die Amygdala auch Mandelkern, wo doch das Gehirn aussieht [&hellip;]<\/p>\n\t\t\t\t<\/div>\n\n\t\t\t\t\t\t\t\t\t<a href=\"https:\/\/www.verdichtet.at\/?p=14378#respond\" class=\"su-post-comments-link\">0 Kommentare<\/a>\n\t\t\t\t\n\t\t\t<\/div>\n\n\t\t\t\t\t\n\t\t\t\n\t\t\t<div id=\"su-post-14290\" class=\"su-post \">\n\n\t\t\t\t\n\t\t\t\t<h2 class=\"su-post-title\"><a href=\"https:\/\/www.verdichtet.at\/?p=14290\">Kleiner Rat<\/a><\/h2>\n\n\t\t\t\t<div class=\"su-post-meta\">\n\t\t\t\t\tVer\u00f6ffentlicht: 30. Juni 2022\t\t\t\t<\/div>\n\n\t\t\t\t<div class=\"su-post-excerpt\">\n\t\t\t\t\t<p>Neid und Hass, Hass und Neid Dazu sind wir stets bereit Wir woll\u2019n uns so zwar nicht begreifen Doch wenn wir doch ein wenig reifen Wird er d\u00fcnn, der sch\u00f6ne Schein Ob er dein ist, oder mein Was ist hier zu tun demnach? (Ich mein davor und nicht danach) Neid und Hass lern zu erkennen [&hellip;]<\/p>\n\t\t\t\t<\/div>\n\n\t\t\t\t\t\t\t\t\t<a href=\"https:\/\/www.verdichtet.at\/?p=14290#respond\" class=\"su-post-comments-link\">0 Kommentare<\/a>\n\t\t\t\t\n\t\t\t<\/div>\n\n\t\t\t\t\t\n\t\t\t\n\t\t\t<div id=\"su-post-14031\" class=\"su-post \">\n\n\t\t\t\t\n\t\t\t\t<h2 class=\"su-post-title\"><a href=\"https:\/\/www.verdichtet.at\/?p=14031\">Den freundlichen Arrivierten<\/a><\/h2>\n\n\t\t\t\t<div class=\"su-post-meta\">\n\t\t\t\t\tVer\u00f6ffentlicht: 28. M\u00e4rz 2022\t\t\t\t<\/div>\n\n\t\t\t\t<div class=\"su-post-excerpt\">\n\t\t\t\t\t<p>Den freundlichen Arrivierten, die ganz deiner Meinung sind, die alles schon kritisierten, glaub ihnen nicht, mein Kind. Sie \u00f6ffnen dir zwar ihre T\u00fcren, doch immer nur einen Spalt, durch den sie mit dir diskutieren \u2013 drinnen ist\u2019s warm, doch dir wird es kalt. Sie klagen dir ihre Sorgen, als w\u00e4rst du von ihnen einer. Ach, [&hellip;]<\/p>\n\t\t\t\t<\/div>\n\n\t\t\t\t\t\t\t\t\t<a href=\"https:\/\/www.verdichtet.at\/?p=14031#comments\" class=\"su-post-comments-link\">Ein Kommentar<\/a>\n\t\t\t\t\n\t\t\t<\/div>\n\n\t\t\t\t\t\n\t\t\t\n\t\t\t<div id=\"su-post-13674\" class=\"su-post \">\n\n\t\t\t\t\n\t\t\t\t<h2 class=\"su-post-title\"><a href=\"https:\/\/www.verdichtet.at\/?p=13674\">Wir kippen den Effekt<\/a><\/h2>\n\n\t\t\t\t<div class=\"su-post-meta\">\n\t\t\t\t\tVer\u00f6ffentlicht: 18. Januar 2022\t\t\t\t<\/div>\n\n\t\t\t\t<div class=\"su-post-excerpt\">\n\t\t\t\t\t<p>Die Gr\u00e4ben sind un\u00fcberwindbar Verzweiflung, ihre Br\u00fccken Weit voneinander entfernt Universelle N\u00e4he Sowohl als auch Diener am Ende der Versuche. Der Wille sucht seinen Plural Erinnerung ihre Gerechtigkeit Doch Richtung ist die alte Die jugendlich verkleidet Ab und zu vorbeischaut. Du stehst mir gegen\u00fcber Wir sehnen den Schwindel Aller flachgelegten Horizonte Steil, ob auf, ob [&hellip;]<\/p>\n\t\t\t\t<\/div>\n\n\t\t\t\t\t\t\t\t\t<a href=\"https:\/\/www.verdichtet.at\/?p=13674#respond\" class=\"su-post-comments-link\">0 Kommentare<\/a>\n\t\t\t\t\n\t\t\t<\/div>\n\n\t\t\t\t\t\n\t\t\t\n\t\t\t<div id=\"su-post-13155\" class=\"su-post \">\n\n\t\t\t\t\n\t\t\t\t<h2 class=\"su-post-title\"><a href=\"https:\/\/www.verdichtet.at\/?p=13155\">Die Karriereleiter hoffentlich hinauf<\/a><\/h2>\n\n\t\t\t\t<div class=\"su-post-meta\">\n\t\t\t\t\tVer\u00f6ffentlicht: 9. September 2021\t\t\t\t<\/div>\n\n\t\t\t\t<div class=\"su-post-excerpt\">\n\t\t\t\t\t<p>\u201eIch komme morgen, Schatz. Heute geht es sich leider nicht mehr aus. Viel zu tun, wei\u00dft du, sehr viel zu tun, genau, die Firma, mein Vorgesetzter, meine Karriere. Damit ich endlich aufsteige vom mittleren ins obere Management. So ist es, mein Liebes, mehr Kohle, daf\u00fcr aber auch viel mehr zu tun. Und irgendwann, wenn ich [&hellip;]<\/p>\n\t\t\t\t<\/div>\n\n\t\t\t\t\t\t\t\t\t<a href=\"https:\/\/www.verdichtet.at\/?p=13155#respond\" class=\"su-post-comments-link\">0 Kommentare<\/a>\n\t\t\t\t\n\t\t\t<\/div>\n\n\t\t\t\t\t\n\t\t\t\n\t\t\t<div id=\"su-post-12007\" class=\"su-post \">\n\n\t\t\t\t\n\t\t\t\t<h2 class=\"su-post-title\"><a href=\"https:\/\/www.verdichtet.at\/?p=12007\">Ideenfee<\/a><\/h2>\n\n\t\t\t\t<div class=\"su-post-meta\">\n\t\t\t\t\tVer\u00f6ffentlicht: 3. Dezember 2020\t\t\t\t<\/div>\n\n\t\t\t\t<div class=\"su-post-excerpt\">\n\t\t\t\t\t<p>Es plagt Palmstr\u00f6m eine Idee Nein, vielmehr blo\u00df ihr Schatten Als w\u00e4r\u2019s der Schatten einer Fee Auf des Verstandes Matten Wenn Palmstr\u00f6m nur den Schatten h\u00e4tt\u2019 W\u00fcrd die Idee nicht bocken Mit List geht er deshalb zu Bett Ideenfee zu locken Ein neuer Antrieb ist\u2019s vielleicht Es w\u00e4lzt sich Palmstr\u00f6m t\u00fcchtig Mit einer Drehzahl unerreicht [&hellip;]<\/p>\n\t\t\t\t<\/div>\n\n\t\t\t\t\t\t\t\t\t<a href=\"https:\/\/www.verdichtet.at\/?p=12007#respond\" class=\"su-post-comments-link\">0 Kommentare<\/a>\n\t\t\t\t\n\t\t\t<\/div>\n\n\t\t\t\t\t\n\t\t\t\n\t\t\t<div id=\"su-post-11903\" class=\"su-post \">\n\n\t\t\t\t\n\t\t\t\t<h2 class=\"su-post-title\"><a href=\"https:\/\/www.verdichtet.at\/?p=11903\">S\u00fcdbahnweg<\/a><\/h2>\n\n\t\t\t\t<div class=\"su-post-meta\">\n\t\t\t\t\tVer\u00f6ffentlicht: 1. November 2020\t\t\t\t<\/div>\n\n\t\t\t\t<div class=\"su-post-excerpt\">\n\t\t\t\t\t<p>\u201eGeht\u2019s da zum Hotel K\u00e4rnten?\u201c, fragte mich diese seltsame Frau am S\u00fcdbahnweg in Krumpendorf am W\u00f6rthersee. Wieso seltsam? Der Tonfall, die K\u00f6rperhaltung, eine eigenartige Person. \u201eMal nachdenken\u201c, sagte ich. \u201eGenau, hundertf\u00fcnfzig Meter geradeaus, dann kommt links das Hotel K\u00e4rnten.\u201c \u201eBin ich noch richtig?\u201c fragte sie. \u201eJa, goldrichtig\u201c, sagte ich. Ein paar Tage sp\u00e4ter bemerkte ich, [&hellip;]<\/p>\n\t\t\t\t<\/div>\n\n\t\t\t\t\t\t\t\t\t<a href=\"https:\/\/www.verdichtet.at\/?p=11903#respond\" class=\"su-post-comments-link\">0 Kommentare<\/a>\n\t\t\t\t\n\t\t\t<\/div>\n\n\t\t\t\t\t\n\t\t\t\n\t\t\t<div id=\"su-post-11448\" class=\"su-post \">\n\n\t\t\t\t\n\t\t\t\t<h2 class=\"su-post-title\"><a href=\"https:\/\/www.verdichtet.at\/?p=11448\">Steine<\/a><\/h2>\n\n\t\t\t\t<div class=\"su-post-meta\">\n\t\t\t\t\tVer\u00f6ffentlicht: 19. Mai 2020\t\t\t\t<\/div>\n\n\t\t\t\t<div class=\"su-post-excerpt\">\n\t\t\t\t\t<p>Hunderte Male hast du das Feld bestellt, und nie ist auch nur eine Frucht gewachsen. Aber daf\u00fcr Steine. Die Kiesel sind ihre Samen, die gro\u00df werden und gr\u00f6\u00dfer. Im Herbst erntest du sie. Du musst, denn das Feld ist voll von ihnen. Und weil es sonst nichts gibt, hast du gelernt, sie zu essen. Johannes [&hellip;]<\/p>\n\t\t\t\t<\/div>\n\n\t\t\t\t\t\t\t\t\t<a href=\"https:\/\/www.verdichtet.at\/?p=11448#respond\" class=\"su-post-comments-link\">0 Kommentare<\/a>\n\t\t\t\t\n\t\t\t<\/div>\n\n\t\t\t\t\t\n\t\t\t\n\t\t\t<div id=\"su-post-10978\" class=\"su-post \">\n\n\t\t\t\t\n\t\t\t\t<h2 class=\"su-post-title\"><a href=\"https:\/\/www.verdichtet.at\/?p=10978\">Gestirn<\/a><\/h2>\n\n\t\t\t\t<div class=\"su-post-meta\">\n\t\t\t\t\tVer\u00f6ffentlicht: 19. M\u00e4rz 2020\t\t\t\t<\/div>\n\n\t\t\t\t<div class=\"su-post-excerpt\">\n\t\t\t\t\t<p>Ein Staubkorn auf einer Million Kilometern d\u00fcnner als das All ist der Ort an dem er lebt Er geht durch die Tage und durch die Jahre und trifft niemanden und nichts Niemals ist da ein K\u00f6rper der ihn anzieht und seine Bahn \u00e4ndert Johannes Tosin (Text und Bild) www.verdichtet.at | Kategorie: think it over | [&hellip;]<\/p>\n\t\t\t\t<\/div>\n\n\t\t\t\t\t\t\t\t\t<a href=\"https:\/\/www.verdichtet.at\/?p=10978#respond\" class=\"su-post-comments-link\">0 Kommentare<\/a>\n\t\t\t\t\n\t\t\t<\/div>\n\n\t\t\t\t\t\n\t\t\t\n\t\t\t<div id=\"su-post-11260\" class=\"su-post \">\n\n\t\t\t\t\n\t\t\t\t<h2 class=\"su-post-title\"><a href=\"https:\/\/www.verdichtet.at\/?p=11260\">Kopf ins Wasser<\/a><\/h2>\n\n\t\t\t\t<div class=\"su-post-meta\">\n\t\t\t\t\tVer\u00f6ffentlicht: 25. April 2020\t\t\t\t<\/div>\n\n\t\t\t\t<div class=\"su-post-excerpt\">\n\t\t\t\t\t<p>Ich stecke den Kopf nicht in den Sand, bin ein Schwan stecke den Kopf ins Wasser, ertr\u00e4nke mich selbst Florian Pfeffer www.verdichtet.at |\u00a0Kategorie:\u00a0think it over | Inventarnummer: 20072<\/p>\n\t\t\t\t<\/div>\n\n\t\t\t\t\t\t\t\t\t<a href=\"https:\/\/www.verdichtet.at\/?p=11260#respond\" class=\"su-post-comments-link\">0 Kommentare<\/a>\n\t\t\t\t\n\t\t\t<\/div>\n\n\t\t\t\t\t\n\t\t\t\n\t\t\t<div id=\"su-post-10976\" class=\"su-post \">\n\n\t\t\t\t\n\t\t\t\t<h2 class=\"su-post-title\"><a href=\"https:\/\/www.verdichtet.at\/?p=10976\">Fr\u00fchling<\/a><\/h2>\n\n\t\t\t\t<div class=\"su-post-meta\">\n\t\t\t\t\tVer\u00f6ffentlicht: 19. M\u00e4rz 2020\t\t\t\t<\/div>\n\n\t\t\t\t<div class=\"su-post-excerpt\">\n\t\t\t\t\t<p>Morgen ist Fr\u00fchlingsbeginn, aber das ist jetzt egal. Es gibt keine Jahreszeiten mehr, keinen hei\u00dfen Sommer, keinen nebelverhangenen Herbst, keinen wei\u00dfen Winter und erst recht keinen aufbl\u00fchenden Fr\u00fchling. Es gibt nur noch das Virus, das die Seuche macht, die Ausgangssperre, der zuk\u00fcnftige Mangel. Was, bitte, soll man da mit Fr\u00fchling? Johannes Tosin (Text und Bild) [&hellip;]<\/p>\n\t\t\t\t<\/div>\n\n\t\t\t\t\t\t\t\t\t<a href=\"https:\/\/www.verdichtet.at\/?p=10976#respond\" class=\"su-post-comments-link\">0 Kommentare<\/a>\n\t\t\t\t\n\t\t\t<\/div>\n\n\t\t\t\t\t\n\t\t\t\n\t\t\t<div id=\"su-post-10514\" class=\"su-post \">\n\n\t\t\t\t\n\t\t\t\t<h2 class=\"su-post-title\"><a href=\"https:\/\/www.verdichtet.at\/?p=10514\">Unordnung<\/a><\/h2>\n\n\t\t\t\t<div class=\"su-post-meta\">\n\t\t\t\t\tVer\u00f6ffentlicht: 28. November 2019\t\t\t\t<\/div>\n\n\t\t\t\t<div class=\"su-post-excerpt\">\n\t\t\t\t\t<p>In meinem Kopf herrscht Unordnung. Die Gedanken entwickeln sich und schie\u00dfen in verschiedene Richtungen. Manche brechen ab, dann ist es, als ob eine Feuerwerksrakete zu Boden plumpst \u2013 pubb. Andere entwickeln sich weiter, verzweigen sich oft, diese teilen sich wieder auf, wie ein Baum mit \u00c4sten und Zweigen, viele B\u00e4ume mit noch mehr \u00c4sten und [&hellip;]<\/p>\n\t\t\t\t<\/div>\n\n\t\t\t\t\t\t\t\t\t<a href=\"https:\/\/www.verdichtet.at\/?p=10514#respond\" class=\"su-post-comments-link\">0 Kommentare<\/a>\n\t\t\t\t\n\t\t\t<\/div>\n\n\t\t\t\t\t\n\t\t\t\n\t\t\t<div id=\"su-post-10430\" class=\"su-post \">\n\n\t\t\t\t\n\t\t\t\t<h2 class=\"su-post-title\"><a href=\"https:\/\/www.verdichtet.at\/?p=10430\">Herbstkind<\/a><\/h2>\n\n\t\t\t\t<div class=\"su-post-meta\">\n\t\t\t\t\tVer\u00f6ffentlicht: 31. Oktober 2019\t\t\t\t<\/div>\n\n\t\t\t\t<div class=\"su-post-excerpt\">\n\t\t\t\t\t<p>Im wundersch\u00f6nen Herbst bin ich geboren f\u00fchlte mich in dieser Zeit niemals verloren Diese Farben Nuancen von Gelb und Rot, satt Den Waldweg s\u00e4umt jetzt Blatt um Blatt Es raschelt, riecht erdig um mich herum sp\u00fcre Melancholie, ganz zart macht mich stumm Windstille nur M\u00fcckenschw\u00e4rme sind zu h\u00f6ren Spinnwebenf\u00e4den verfangen sich im Haar, sie st\u00f6ren [&hellip;]<\/p>\n\t\t\t\t<\/div>\n\n\t\t\t\t\t\t\t\t\t<a href=\"https:\/\/www.verdichtet.at\/?p=10430#respond\" class=\"su-post-comments-link\">0 Kommentare<\/a>\n\t\t\t\t\n\t\t\t<\/div>\n\n\t\t\t\t\t\n\t\t\t\n\t\t\t<div id=\"su-post-10105\" class=\"su-post \">\n\n\t\t\t\t\n\t\t\t\t<h2 class=\"su-post-title\"><a href=\"https:\/\/www.verdichtet.at\/?p=10105\">Ihr wundersamen Wunder<\/a><\/h2>\n\n\t\t\t\t<div class=\"su-post-meta\">\n\t\t\t\t\tVer\u00f6ffentlicht: 28. August 2019\t\t\t\t<\/div>\n\n\t\t\t\t<div class=\"su-post-excerpt\">\n\t\t\t\t\t<p>Ihr wundersamen Wunder, seid euch dessen gewiss, dass nicht oft etwas Scheinendes wahr ist. Blaue Sonne, rote Stunde. Habt denn nicht geh\u00f6rt ihr, was in aller Munde? Dass im M\u00e4rchenland es gebrannt, lichterloh, die ganze Nacht. Bis alles gelegen in Schutt und Asche. Wo wart ihr da? Habt ihr euch versteckt? Oder ging eure Reise [&hellip;]<\/p>\n\t\t\t\t<\/div>\n\n\t\t\t\t\t\t\t\t\t<a href=\"https:\/\/www.verdichtet.at\/?p=10105#respond\" class=\"su-post-comments-link\">0 Kommentare<\/a>\n\t\t\t\t\n\t\t\t<\/div>\n\n\t\t\t\t\t\n\t\t\t\n\t\t\t<div id=\"su-post-9750\" class=\"su-post \">\n\n\t\t\t\t\n\t\t\t\t<h2 class=\"su-post-title\"><a href=\"https:\/\/www.verdichtet.at\/?p=9750\">Freeze<\/a><\/h2>\n\n\t\t\t\t<div class=\"su-post-meta\">\n\t\t\t\t\tVer\u00f6ffentlicht: 30. April 2019\t\t\t\t<\/div>\n\n\t\t\t\t<div class=\"su-post-excerpt\">\n\t\t\t\t\t<p>Pl\u00f6tzlich machte die Sonne schlapp. Sie st\u00fcrzte auf die Erde und schlug in ihr ein. Ihre Aktivit\u00e4t lie\u00df sehr stark nach. Nach einer Woche war sie ausgebrannt. Sie lag wie in Ball in einem Krater von sechs Metern Durchmesser, ihrer urspr\u00fcnglichen Gr\u00f6\u00dfe \u2013 am Himmel hatte sie ja kleiner ausgesehen. Die Menschen behalfen sich mit [&hellip;]<\/p>\n\t\t\t\t<\/div>\n\n\t\t\t\t\t\t\t\t\t<a href=\"https:\/\/www.verdichtet.at\/?p=9750#respond\" class=\"su-post-comments-link\">0 Kommentare<\/a>\n\t\t\t\t\n\t\t\t<\/div>\n\n\t\t\t\t\t\n\t\t\t\n\t\t\t<div id=\"su-post-9708\" class=\"su-post \">\n\n\t\t\t\t\n\t\t\t\t<h2 class=\"su-post-title\"><a href=\"https:\/\/www.verdichtet.at\/?p=9708\">W\u00fcrfel<\/a><\/h2>\n\n\t\t\t\t<div class=\"su-post-meta\">\n\t\t\t\t\tVer\u00f6ffentlicht: 14. April 2019\t\t\t\t<\/div>\n\n\t\t\t\t<div class=\"su-post-excerpt\">\n\t\t\t\t\t<p>Er suchte sich, wie er war, was er war, in einem W\u00fcrfel, der in der Luft nicht hing, nicht schwebte, aber sich befand, dessen W\u00e4nde durchsichtig waren, von au\u00dfen betrachtet, und schwarz, von innen gesehen. Nicht den Regen sp\u00fcrte er und nicht die warme Sonne, nicht den Wind. Maschinengefertigter Boden war unter seinen F\u00fc\u00dfen und [&hellip;]<\/p>\n\t\t\t\t<\/div>\n\n\t\t\t\t\t\t\t\t\t<a href=\"https:\/\/www.verdichtet.at\/?p=9708#respond\" class=\"su-post-comments-link\">0 Kommentare<\/a>\n\t\t\t\t\n\t\t\t<\/div>\n\n\t\t\t\t\t\n\t\t\t\n\t\t\t<div id=\"su-post-9239\" class=\"su-post \">\n\n\t\t\t\t\n\t\t\t\t<h2 class=\"su-post-title\"><a href=\"https:\/\/www.verdichtet.at\/?p=9239\">Nachts I<\/a><\/h2>\n\n\t\t\t\t<div class=\"su-post-meta\">\n\t\t\t\t\tVer\u00f6ffentlicht: 4. Januar 2019\t\t\t\t<\/div>\n\n\t\t\t\t<div class=\"su-post-excerpt\">\n\t\t\t\t\t<p>Die Nacht, wir beide denken, bis in den Morgen, \u00fcber den Morgen nach Florian Pfeffer www.verdichtet.at |\u00a0Kategorie:\u00a0think it over | Inventarnummer: 19030<\/p>\n\t\t\t\t<\/div>\n\n\t\t\t\t\t\t\t\t\t<a href=\"https:\/\/www.verdichtet.at\/?p=9239#respond\" class=\"su-post-comments-link\">0 Kommentare<\/a>\n\t\t\t\t\n\t\t\t<\/div>\n\n\t\t\t\t\t\n\t\t\t\n\t\t\t<div id=\"su-post-9322\" class=\"su-post \">\n\n\t\t\t\t\n\t\t\t\t<h2 class=\"su-post-title\"><a href=\"https:\/\/www.verdichtet.at\/?p=9322\">Was Marx wirklich sagte<\/a><\/h2>\n\n\t\t\t\t<div class=\"su-post-meta\">\n\t\t\t\t\tVer\u00f6ffentlicht: 14. Januar 2019\t\t\t\t<\/div>\n\n\t\t\t\t<div class=\"su-post-excerpt\">\n\t\t\t\t\t<p>Gl\u00fccklich nahm ich das Paket in der Portiersloge der \u00f6sterreichischen Botschaft in Empfang und schleppte es in mein Studentenheim an der MGU (Moskovski Gosudarstvenni Universit\u00e4t imeni Lomonossowa), der Staatlichen Universit\u00e4t. Die \u00f6sterreichischen Stipendiaten hatten das Privileg, sich einmal im Monat ein Paket aus der Heimat schicken lassen zu d\u00fcrfen, maximal 20 Kilogramm, streng \u00fcberpr\u00fcft von [&hellip;]<\/p>\n\t\t\t\t<\/div>\n\n\t\t\t\t\t\t\t\t\t<a href=\"https:\/\/www.verdichtet.at\/?p=9322#respond\" class=\"su-post-comments-link\">0 Kommentare<\/a>\n\t\t\t\t\n\t\t\t<\/div>\n\n\t\t\t\t\t\n\t\t\t\n\t\t\t<div id=\"su-post-9158\" class=\"su-post \">\n\n\t\t\t\t\n\t\t\t\t<h2 class=\"su-post-title\"><a href=\"https:\/\/www.verdichtet.at\/?p=9158\">Die schwarzen Schafe<\/a><\/h2>\n\n\t\t\t\t<div class=\"su-post-meta\">\n\t\t\t\t\tVer\u00f6ffentlicht: 31. Dezember 2018\t\t\t\t<\/div>\n\n\t\t\t\t<div class=\"su-post-excerpt\">\n\t\t\t\t\t<p>Raimund stapft durch den Schnee. Fast bis zu den Knien sinkt er ein. Er denkt gar nicht, dass es m\u00fchsam ist voranzukommen, denn das ist es doch so oft in diesen Wintern, auf 1400 Metern Seeh\u00f6he, bei jetzt bis zu anderthalb Metern hohen Schneedecken und n\u00e4chtens minus zwanzig Grad Celsius. Nun muss keine Feldarbeit verrichtet, [&hellip;]<\/p>\n\t\t\t\t<\/div>\n\n\t\t\t\t\t\t\t\t\t<a href=\"https:\/\/www.verdichtet.at\/?p=9158#comments\" class=\"su-post-comments-link\">Ein Kommentar<\/a>\n\t\t\t\t\n\t\t\t<\/div>\n\n\t\t\t\t\t\n\t\t\t\n\t\t\t<div id=\"su-post-6531\" class=\"su-post \">\n\n\t\t\t\t\n\t\t\t\t<h2 class=\"su-post-title\"><a href=\"https:\/\/www.verdichtet.at\/?p=6531\">Theorien<\/a><\/h2>\n\n\t\t\t\t<div class=\"su-post-meta\">\n\t\t\t\t\tVer\u00f6ffentlicht: 18. Mai 2017\t\t\t\t<\/div>\n\n\t\t\t\t<div class=\"su-post-excerpt\">\n\t\t\t\t\t<p>Als Albert Einstein vor \u00fcber hundert Jahren seine spezielle und die allgemeine Relativit\u00e4tstheorie begr\u00fcndet hatte, blieb alles, wie es war, denn diese beiden Theorien zeichneten das Bild der Wirklichkeit. Anfang der 1979er Jahre entwickelte man die Stringtheorie, in der man annahm, dass das Universum nicht aus Teilchen, sondern aus Strings besteht. Die Strings sind F\u00e4den [&hellip;]<\/p>\n\t\t\t\t<\/div>\n\n\t\t\t\t\t\t\t\t\t<a href=\"https:\/\/www.verdichtet.at\/?p=6531#respond\" class=\"su-post-comments-link\">0 Kommentare<\/a>\n\t\t\t\t\n\t\t\t<\/div>\n\n\t\t\t\t\t\n\t\t\t\n\t\t\t<div id=\"su-post-8022\" class=\"su-post \">\n\n\t\t\t\t\n\t\t\t\t<h2 class=\"su-post-title\"><a href=\"https:\/\/www.verdichtet.at\/?p=8022\">Eines Tages<\/a><\/h2>\n\n\t\t\t\t<div class=\"su-post-meta\">\n\t\t\t\t\tVer\u00f6ffentlicht: 24. April 2018\t\t\t\t<\/div>\n\n\t\t\t\t<div class=\"su-post-excerpt\">\n\t\t\t\t\t<p>Viele liebten ihr sch\u00f6nes Gesicht, bewunderten die sanfte Grazie. Noch keiner sch\u00e4tzte die \u00e4ngstliche Abenteurerin, die sich trotzend, wilden Geschreis, mit knirschenden Z\u00e4hnen ins Get\u00fcmmel des Alterns warf. Und mit rauer Klaue, ihn an der Hand nahm und in den Kreis des Unabdingbaren zog. Nives Farrier aus: Nach Dir. (TwentySix Verlag, 2018) www.verdichtet.at | Kategorie: [&hellip;]<\/p>\n\t\t\t\t<\/div>\n\n\t\t\t\t\t\t\t\t\t<a href=\"https:\/\/www.verdichtet.at\/?p=8022#respond\" class=\"su-post-comments-link\">0 Kommentare<\/a>\n\t\t\t\t\n\t\t\t<\/div>\n\n\t\t\t\t\t\n\t\t\t\n\t\t\t<div id=\"su-post-7907\" class=\"su-post \">\n\n\t\t\t\t\n\t\t\t\t<h2 class=\"su-post-title\"><a href=\"https:\/\/www.verdichtet.at\/?p=7907\">Stillstand<\/a><\/h2>\n\n\t\t\t\t<div class=\"su-post-meta\">\n\t\t\t\t\tVer\u00f6ffentlicht: 24. April 2018\t\t\t\t<\/div>\n\n\t\t\t\t<div class=\"su-post-excerpt\">\n\t\t\t\t\t<p>Lippen sanft wie Sand auf samtweicher Haut f\u00fchlt sich \u00fcberschw\u00e4nglich und betr\u00fcbt zugleich an Ist irgendwie wie: Mit nassen Haaren in die K\u00e4lte gehen und N\u00e4gel aus Holzbalken ziehen doch die L\u00f6cher sind f\u00fcr immer zu sehen dann auf eigenen Beinen stehen Und die eigenen Wege gehen und \u00fcber die eigenen F\u00fc\u00dfe fallen f\u00fchlt sich [&hellip;]<\/p>\n\t\t\t\t<\/div>\n\n\t\t\t\t\t\t\t\t\t<a href=\"https:\/\/www.verdichtet.at\/?p=7907#respond\" class=\"su-post-comments-link\">0 Kommentare<\/a>\n\t\t\t\t\n\t\t\t<\/div>\n\n\t\t\t\t\t\n\t\t\t\n\t\t\t<div id=\"su-post-7917\" class=\"su-post \">\n\n\t\t\t\t\n\t\t\t\t<h2 class=\"su-post-title\"><a href=\"https:\/\/www.verdichtet.at\/?p=7917\">Falsche Diamanten<\/a><\/h2>\n\n\t\t\t\t<div class=\"su-post-meta\">\n\t\t\t\t\tVer\u00f6ffentlicht: 24. April 2018\t\t\t\t<\/div>\n\n\t\t\t\t<div class=\"su-post-excerpt\">\n\t\t\t\t\t<p>Wir pressten uns aneinander wie Kohle, immer hoffend, dass uns der Druck in Diamanten verwandelt. Doch am Ende wurden wir ein br\u00f6ckeliger Klumpen, der seine eigene Form nicht mehr kennt. Nives Farrier aus: Nach Dir. (TwentySix Verlag, 2018) www.verdichtet.at | Kategorie: think it over | Inventarnummer: 18061 &nbsp;<\/p>\n\t\t\t\t<\/div>\n\n\t\t\t\t\t\t\t\t\t<a href=\"https:\/\/www.verdichtet.at\/?p=7917#respond\" class=\"su-post-comments-link\">0 Kommentare<\/a>\n\t\t\t\t\n\t\t\t<\/div>\n\n\t\t\t\t\t\n\t\t\t\n\t\t\t<div id=\"su-post-7933\" class=\"su-post \">\n\n\t\t\t\t\n\t\t\t\t<h2 class=\"su-post-title\"><a href=\"https:\/\/www.verdichtet.at\/?p=7933\">Wunde<\/a><\/h2>\n\n\t\t\t\t<div class=\"su-post-meta\">\n\t\t\t\t\tVer\u00f6ffentlicht: 24. April 2018\t\t\t\t<\/div>\n\n\t\t\t\t<div class=\"su-post-excerpt\">\n\t\t\t\t\t<p>Wenn Liebe verloren ist blutet das Leben und aus der Wunde flie\u00dft die ganze Bedeutung. Nives Farrier aus: Nach Dir. (TwentySix Verlag, 2018) www.verdichtet.at | Kategorie: think it over | Inventarnummer: 18067 &nbsp;<\/p>\n\t\t\t\t<\/div>\n\n\t\t\t\t\t\t\t\t\t<a href=\"https:\/\/www.verdichtet.at\/?p=7933#respond\" class=\"su-post-comments-link\">0 Kommentare<\/a>\n\t\t\t\t\n\t\t\t<\/div>\n\n\t\t\t\t\t\n\t\t\t\n\t\t\t<div id=\"su-post-7966\" class=\"su-post \">\n\n\t\t\t\t\n\t\t\t\t<h2 class=\"su-post-title\"><a href=\"https:\/\/www.verdichtet.at\/?p=7966\">Mietrecht<\/a><\/h2>\n\n\t\t\t\t<div class=\"su-post-meta\">\n\t\t\t\t\tVer\u00f6ffentlicht: 24. April 2018\t\t\t\t<\/div>\n\n\t\t\t\t<div class=\"su-post-excerpt\">\n\t\t\t\t\t<p>Ich nahm zu viel Platz in deinem Leben ein. Jetzt siehst du, wie viel Leere eigentlich zu f\u00fcllen ist. Nives Farrier aus: Nach Dir. (TwentySix Verlag, 2018) www.verdichtet.at | Kategorie: think it over | Inventarnummer: 18078 &nbsp;<\/p>\n\t\t\t\t<\/div>\n\n\t\t\t\t\t\t\t\t\t<a href=\"https:\/\/www.verdichtet.at\/?p=7966#respond\" class=\"su-post-comments-link\">0 Kommentare<\/a>\n\t\t\t\t\n\t\t\t<\/div>\n\n\t\t\t\t\t\n\t\t\t\n\t\t\t<div id=\"su-post-7982\" class=\"su-post \">\n\n\t\t\t\t\n\t\t\t\t<h2 class=\"su-post-title\"><a href=\"https:\/\/www.verdichtet.at\/?p=7982\">Differenzen<\/a><\/h2>\n\n\t\t\t\t<div class=\"su-post-meta\">\n\t\t\t\t\tVer\u00f6ffentlicht: 24. April 2018\t\t\t\t<\/div>\n\n\t\t\t\t<div class=\"su-post-excerpt\">\n\t\t\t\t\t<p>Er zeigte mir mein wahres Ich, doch als ich es erkannte, kam ich mit seinem nicht mehr zurecht. Nives Farrier aus: Nach Dir. (TwentySix Verlag, 2018) www.verdichtet.at | Kategorie: think it over | Inventarnummer: 18083 &nbsp;<\/p>\n\t\t\t\t<\/div>\n\n\t\t\t\t\t\t\t\t\t<a href=\"https:\/\/www.verdichtet.at\/?p=7982#respond\" class=\"su-post-comments-link\">0 Kommentare<\/a>\n\t\t\t\t\n\t\t\t<\/div>\n\n\t\t\t\t\t\n\t\t\t\n\t\t\t<div id=\"su-post-7809\" class=\"su-post \">\n\n\t\t\t\t\n\t\t\t\t<h2 class=\"su-post-title\"><a href=\"https:\/\/www.verdichtet.at\/?p=7809\">Laufen<\/a><\/h2>\n\n\t\t\t\t<div class=\"su-post-meta\">\n\t\t\t\t\tVer\u00f6ffentlicht: 8. April 2018\t\t\t\t<\/div>\n\n\t\t\t\t<div class=\"su-post-excerpt\">\n\t\t\t\t\t<p>Sie laufen alle, \u00fcberall Stockwerke, Treppen, die ich nicht gehen kann, zu langsam, Das Hochhaus fabriziert, dunkle Wolken, Menschen laufen hinein, Ein brennendes Haus, Am Dach jubeln sie im Anzug, Pupillen, die zu Seifenblasen heranwachsen, Ein gro\u00dfes Gef\u00e4ngnis wurde gebaut, Alter Glaube, Freiheit ist die einzige W\u00e4hrung, Die Wert hat Florian Pfeffer www.verdichtet.at |\u00a0Kategorie:\u00a0think it [&hellip;]<\/p>\n\t\t\t\t<\/div>\n\n\t\t\t\t\t\t\t\t\t<a href=\"https:\/\/www.verdichtet.at\/?p=7809#respond\" class=\"su-post-comments-link\">0 Kommentare<\/a>\n\t\t\t\t\n\t\t\t<\/div>\n\n\t\t\t\t\t\n\t\t\t\n\t\t\t<div id=\"su-post-8129\" class=\"su-post \">\n\n\t\t\t\t\n\t\t\t\t<h2 class=\"su-post-title\"><a href=\"https:\/\/www.verdichtet.at\/?p=8129\">Erinnerung<\/a><\/h2>\n\n\t\t\t\t<div class=\"su-post-meta\">\n\t\t\t\t\tVer\u00f6ffentlicht: 19. Mai 2018\t\t\t\t<\/div>\n\n\t\t\t\t<div class=\"su-post-excerpt\">\n\t\t\t\t\t<p>Du hast mir damals doch erkl\u00e4rt Wie dein Leben werden soll: Vor nichts und niemand dich verbiegen Dir selbst geh\u00f6ren Zoll um Zoll &#8211; das war toll Beruflich lieben? Du doch nie! Doch dann kam sie Mich betr\u00fcgen? Du doch nie! Schuss ins Knie. Du hast mir damals doch erkl\u00e4rt, dass man niemand schaden soll [&hellip;]<\/p>\n\t\t\t\t<\/div>\n\n\t\t\t\t\t\t\t\t\t<a href=\"https:\/\/www.verdichtet.at\/?p=8129#respond\" class=\"su-post-comments-link\">0 Kommentare<\/a>\n\t\t\t\t\n\t\t\t<\/div>\n\n\t\t\t\t\t\n\t\t\t\n\t\t\t<div id=\"su-post-7091\" class=\"su-post \">\n\n\t\t\t\t\n\t\t\t\t<h2 class=\"su-post-title\"><a href=\"https:\/\/www.verdichtet.at\/?p=7091\">Fremde<\/a><\/h2>\n\n\t\t\t\t<div class=\"su-post-meta\">\n\t\t\t\t\tVer\u00f6ffentlicht: 6. Oktober 2017\t\t\t\t<\/div>\n\n\t\t\t\t<div class=\"su-post-excerpt\">\n\t\t\t\t\t<p>Tausend Probleme, sind keine, wie du, Wenn ich dich zerlege, Fremde mit blondem Haar, sonst sind sie immer schwarz, Nur der Vollmond leuchtet, h\u00e4misch wie es in diesem Buch steht, Im Netz finde ich keine Antwort, Auf Stra\u00dfen, ist es verschwommen, Autofokus h\u00e4ngt Florian Pfeffer www.verdichtet.at |\u00a0Kategorie: think it over | Inventarnummer: 17191<\/p>\n\t\t\t\t<\/div>\n\n\t\t\t\t\t\t\t\t\t<a href=\"https:\/\/www.verdichtet.at\/?p=7091#respond\" class=\"su-post-comments-link\">0 Kommentare<\/a>\n\t\t\t\t\n\t\t\t<\/div>\n\n\t\t\t\t\t\n\t\t\t\n\t\t\t<div id=\"su-post-7081\" class=\"su-post \">\n\n\t\t\t\t\n\t\t\t\t<h2 class=\"su-post-title\"><a href=\"https:\/\/www.verdichtet.at\/?p=7081\">Verstopfte Gef\u00e4\u00dfe<\/a><\/h2>\n\n\t\t\t\t<div class=\"su-post-meta\">\n\t\t\t\t\tVer\u00f6ffentlicht: 6. Oktober 2017\t\t\t\t<\/div>\n\n\t\t\t\t<div class=\"su-post-excerpt\">\n\t\t\t\t\t<p>N\u00e4chte in Gef\u00e4\u00dfen, aus Gedanken, Sag, dass ich noch hier bin, Ich bin nicht dort, wo das Nest war Gef\u00e4llt dir das Fenster, Rufe in die Nacht, nach Verstand Florian Pfeffer www.verdichtet.at | Kategorie: think it over | Inventarnummer: 17180<\/p>\n\t\t\t\t<\/div>\n\n\t\t\t\t\t\t\t\t\t<a href=\"https:\/\/www.verdichtet.at\/?p=7081#respond\" class=\"su-post-comments-link\">0 Kommentare<\/a>\n\t\t\t\t\n\t\t\t<\/div>\n\n\t\t\t\t\t\n\t\t\t\n\t\t\t<div id=\"su-post-6941\" class=\"su-post \">\n\n\t\t\t\t\n\t\t\t\t<h2 class=\"su-post-title\"><a href=\"https:\/\/www.verdichtet.at\/?p=6941\">Anders<\/a><\/h2>\n\n\t\t\t\t<div class=\"su-post-meta\">\n\t\t\t\t\tVer\u00f6ffentlicht: 21. Oktober 2017\t\t\t\t<\/div>\n\n\t\t\t\t<div class=\"su-post-excerpt\">\n\t\t\t\t\t<p>Eigentlich bin ich gar nicht anders. Ich spreche die gleiche Sprache, ich schreibe dasselbe Idiom. (Ein deutscher Lektor etwa wollte mir Stiege in \u201eTreppe\u201c, Matura in \u201eAbitur\u201c, und \u201eDa schau her\u201c in \u201eSieh einer an\u201c verbessern.) Ich esse sogar leidenschaftlich gern die drei landesspezifischen Kn\u00f6delsorten. Ich blinzele nicht einmal oder ziehe eine Augenbraue hoch, wenn [&hellip;]<\/p>\n\t\t\t\t<\/div>\n\n\t\t\t\t\t\t\t\t\t<a href=\"https:\/\/www.verdichtet.at\/?p=6941#respond\" class=\"su-post-comments-link\">0 Kommentare<\/a>\n\t\t\t\t\n\t\t\t<\/div>\n\n\t\t\t\t\t\n\t\t\t\n\t\t\t<div id=\"su-post-6467\" class=\"su-post \">\n\n\t\t\t\t\n\t\t\t\t<h2 class=\"su-post-title\"><a href=\"https:\/\/www.verdichtet.at\/?p=6467\">Dschungel<\/a><\/h2>\n\n\t\t\t\t<div class=\"su-post-meta\">\n\t\t\t\t\tVer\u00f6ffentlicht: 9. Mai 2017\t\t\t\t<\/div>\n\n\t\t\t\t<div class=\"su-post-excerpt\">\n\t\t\t\t\t<p>Unsere W\u00f6rter treffen uns nicht, suchen nach Erkl\u00e4rungen, lange Ges\u00e4nge Dort bricht ein Vulkan aus, Ein Bach flie\u00dft dazwischen, Wir liegen wieder auf der Erde Florian Pfeffer www.verdichtet.at |\u00a0Kategorie:\u00a0think it over | Inventarnummer: 17115<\/p>\n\t\t\t\t<\/div>\n\n\t\t\t\t\t\t\t\t\t<a href=\"https:\/\/www.verdichtet.at\/?p=6467#respond\" class=\"su-post-comments-link\">0 Kommentare<\/a>\n\t\t\t\t\n\t\t\t<\/div>\n\n\t\t\t\t\t\n\t\t\t\n\t\t\t<div id=\"su-post-6465\" class=\"su-post \">\n\n\t\t\t\t\n\t\t\t\t<h2 class=\"su-post-title\"><a href=\"https:\/\/www.verdichtet.at\/?p=6465\">Gesellschaften, die \u00f6ffentlich zwischen Mauern sitzen<\/a><\/h2>\n\n\t\t\t\t<div class=\"su-post-meta\">\n\t\t\t\t\tVer\u00f6ffentlicht: 9. Mai 2017\t\t\t\t<\/div>\n\n\t\t\t\t<div class=\"su-post-excerpt\">\n\t\t\t\t\t<p>In der Ecke sitzen Analysten, daneben sitzt das Recht, und Ordnung gesellt sich gerne dazu Dahinter h\u00f6rt man schamanische Trommeln, Dieser Tisch besetzt mit unscheinbaren Egos, lautes Gerede \u00fcber den Nachbarn, der jetzt sein Portmonnaie f\u00fcllt Durch die T\u00fcr kommen Frischlinge, sie m\u00fcssen noch in Formen gegossen werden, Rebellisch Ein Gangster betritt stolz den Boden, [&hellip;]<\/p>\n\t\t\t\t<\/div>\n\n\t\t\t\t\t\t\t\t\t<a href=\"https:\/\/www.verdichtet.at\/?p=6465#respond\" class=\"su-post-comments-link\">0 Kommentare<\/a>\n\t\t\t\t\n\t\t\t<\/div>\n\n\t\t\t\t\t\n\t\t\t\n\t\t\t<div id=\"su-post-6145\" class=\"su-post \">\n\n\t\t\t\t\n\t\t\t\t<h2 class=\"su-post-title\"><a href=\"https:\/\/www.verdichtet.at\/?p=6145\">Ruhe<\/a><\/h2>\n\n\t\t\t\t<div class=\"su-post-meta\">\n\t\t\t\t\tVer\u00f6ffentlicht: 22. Februar 2017\t\t\t\t<\/div>\n\n\t\t\t\t<div class=\"su-post-excerpt\">\n\t\t\t\t\t<p>Leere Augen, Bruchst\u00fccke im Kopf schwimmen zwischen Realit\u00e4t und Erinnerung alter K\u00f6rper, wenig Bewegungen und ein Stammeln, der Kopf ein zusammengew\u00fcrfeltes Labyrinth. In der Ordnung nehme ich Abschied von dir, Das Herz war immer warm, deine H\u00e4nde blau und fast kalt, meine Erinnerungen wohlig und warm, Hoffnung, dass dich kein Schmerz trifft, bin mir sicher, [&hellip;]<\/p>\n\t\t\t\t<\/div>\n\n\t\t\t\t\t\t\t\t\t<a href=\"https:\/\/www.verdichtet.at\/?p=6145#respond\" class=\"su-post-comments-link\">0 Kommentare<\/a>\n\t\t\t\t\n\t\t\t<\/div>\n\n\t\t\t\t\t\n\t\t\t\n\t\t\t<div id=\"su-post-6091\" class=\"su-post \">\n\n\t\t\t\t\n\t\t\t\t<h2 class=\"su-post-title\"><a href=\"https:\/\/www.verdichtet.at\/?p=6091\">Zwei Trug- und Wutgedichte<\/a><\/h2>\n\n\t\t\t\t<div class=\"su-post-meta\">\n\t\t\t\t\tVer\u00f6ffentlicht: 21. Februar 2017\t\t\t\t<\/div>\n\n\t\t\t\t<div class=\"su-post-excerpt\">\n\t\t\t\t\t<p>armdr\u00fccken das gef\u00fchl dr\u00fcckt mich nieder, ich dr\u00fcck zur\u00fcck, immer und immer wieder. armdr\u00fccken auf zeit, bis einer von uns auf der strecke bleibt. &#8211; &#8211; &#8211; bruchst\u00fccke das ging zu weit, zu tief, zu bruch. was such ich eigentlich noch hier, bis auf antworten auf die ewigkeit? \u2026 Anna Maltschnig www.verdichtet.at |\u00a0Kategorie: think it [&hellip;]<\/p>\n\t\t\t\t<\/div>\n\n\t\t\t\t\t\t\t\t\t<a href=\"https:\/\/www.verdichtet.at\/?p=6091#respond\" class=\"su-post-comments-link\">0 Kommentare<\/a>\n\t\t\t\t\n\t\t\t<\/div>\n\n\t\t\t\t\t\n\t\t\t\n\t\t\t<div id=\"su-post-5930\" class=\"su-post \">\n\n\t\t\t\t\n\t\t\t\t<h2 class=\"su-post-title\"><a href=\"https:\/\/www.verdichtet.at\/?p=5930\">Drei G\u00e4ste, zwei noch da<\/a><\/h2>\n\n\t\t\t\t<div class=\"su-post-meta\">\n\t\t\t\t\tVer\u00f6ffentlicht: 22. Januar 2017\t\t\t\t<\/div>\n\n\t\t\t\t<div class=\"su-post-excerpt\">\n\t\t\t\t\t<p>Der Gast stand an der Bar, er stand seitlich, hatte seinen linken Ellenbogen auf die steinerne Oberfl\u00e4che der Bar gelegt und seinen linken Fu\u00df l\u00e4ssig auf den Umlauf aus Messing, welcher die Bar in geringer H\u00f6he umfasste. Die Form der Bar nahm die der Kolonnaden des Petersplatzes auf, die in der Ewigen Stadt den Blick [&hellip;]<\/p>\n\t\t\t\t<\/div>\n\n\t\t\t\t\t\t\t\t\t<a href=\"https:\/\/www.verdichtet.at\/?p=5930#respond\" class=\"su-post-comments-link\">0 Kommentare<\/a>\n\t\t\t\t\n\t\t\t<\/div>\n\n\t\t\t\t\t\n\t\t\t\n\t\t\t<div id=\"su-post-5828\" class=\"su-post \">\n\n\t\t\t\t\n\t\t\t\t<h2 class=\"su-post-title\"><a href=\"https:\/\/www.verdichtet.at\/?p=5828\">Tr\u00e4nen<\/a><\/h2>\n\n\t\t\t\t<div class=\"su-post-meta\">\n\t\t\t\t\tVer\u00f6ffentlicht: 7. Januar 2017\t\t\t\t<\/div>\n\n\t\t\t\t<div class=\"su-post-excerpt\">\n\t\t\t\t\t<p>Ein Fass ist voll, und aus den Augen rinnt es, dort am abgenagten Stamm bluten die Wunden, doch bevor er schwarz wird und verdorrt, rette ich ihn, deshalb rinnen sie wie B\u00e4che Florian Pfeffer www.verdichtet.at | Kategorie: think it over| Inventarnummer: 17025<\/p>\n\t\t\t\t<\/div>\n\n\t\t\t\t\t\t\t\t\t<a href=\"https:\/\/www.verdichtet.at\/?p=5828#respond\" class=\"su-post-comments-link\">0 Kommentare<\/a>\n\t\t\t\t\n\t\t\t<\/div>\n\n\t\t\t\t\t\n\t\t\t\n\t\t\t<div id=\"su-post-4946\" class=\"su-post \">\n\n\t\t\t\t\n\t\t\t\t<h2 class=\"su-post-title\"><a href=\"https:\/\/www.verdichtet.at\/?p=4946\">Mittelstand und Mittelstrand<\/a><\/h2>\n\n\t\t\t\t<div class=\"su-post-meta\">\n\t\t\t\t\tVer\u00f6ffentlicht: 29. August 2016\t\t\t\t<\/div>\n\n\t\t\t\t<div class=\"su-post-excerpt\">\n\t\t\t\t\t<p>Die \u00d6sterreicher haben, mit wenigen Ausnahmen, gelernt, ihren Unmut \u00fcber die Politiker des eigenen Landes durch eine Ver\u00e4nderung ihres Wahlverhaltens zu \u00e4u\u00dfern. Dass sie hierbei eine starke Tendenz nach weit rechts erkennen lassen, ist legitim, schlie\u00dflich machen sie ihre Kreuzchen beim Spitzenkandidaten einer im Parlament vertretenen Partei, jedoch zeugt es ebenso wenig von Selbsterkenntnis wie [&hellip;]<\/p>\n\t\t\t\t<\/div>\n\n\t\t\t\t\t\t\t\t\t<a href=\"https:\/\/www.verdichtet.at\/?p=4946#respond\" class=\"su-post-comments-link\">0 Kommentare<\/a>\n\t\t\t\t\n\t\t\t<\/div>\n\n\t\t\t\t\t\n\t\t\t\n\t\t\t<div id=\"su-post-5208\" class=\"su-post \">\n\n\t\t\t\t\n\t\t\t\t<h2 class=\"su-post-title\"><a href=\"https:\/\/www.verdichtet.at\/?p=5208\">Drei Episoden und die Wahrheit<\/a><\/h2>\n\n\t\t\t\t<div class=\"su-post-meta\">\n\t\t\t\t\tVer\u00f6ffentlicht: 6. Oktober 2016\t\t\t\t<\/div>\n\n\t\t\t\t<div class=\"su-post-excerpt\">\n\t\t\t\t\t<p>Da geht ein sportlich gekleideter Mann vor mir. Pl\u00f6tzlich beginnt er zu laufen, hastet Richtung Fu\u00dfg\u00e4nger\u00fcbergang, die Ampel steht auf Rot. Er ignoriert die Warnfarbe, blickt einmal kurz nach rechts, dann nach links, wieder nach rechts und l\u00e4uft einfach weiter, \u00fcber die Fahrbahn. Dr\u00fcben angekommen, bleibt er stehen. Atmet schwer, sieht \u00fcber die Stra\u00dfe zu [&hellip;]<\/p>\n\t\t\t\t<\/div>\n\n\t\t\t\t\t\t\t\t\t<a href=\"https:\/\/www.verdichtet.at\/?p=5208#respond\" class=\"su-post-comments-link\">0 Kommentare<\/a>\n\t\t\t\t\n\t\t\t<\/div>\n\n\t\t\t\t\t\n\t\t\t\n\t\t\t<div id=\"su-post-5041\" class=\"su-post \">\n\n\t\t\t\t\n\t\t\t\t<h2 class=\"su-post-title\"><a href=\"https:\/\/www.verdichtet.at\/?p=5041\">Heimat<\/a><\/h2>\n\n\t\t\t\t<div class=\"su-post-meta\">\n\t\t\t\t\tVer\u00f6ffentlicht: 18. September 2016\t\t\t\t<\/div>\n\n\t\t\t\t<div class=\"su-post-excerpt\">\n\t\t\t\t\t<p>Wer \u00fcber diese Erde geht, Dem klebt sie an den F\u00fc\u00dfen. Jeder Schritt, eine uneingel\u00f6ste Schuld, Nimmt seine eigene Spur mit. Der Blick erreicht seine Grenze in Lichtgeschwindigkeit Und\u00a0 findet an ihr keinen Halt. Jeder Blick, ein Ausgleiten an sich selbst, F\u00e4llt in sich selbst zur\u00fcck. Lebt es sich hier: Fortschreitende Wiederkehr. Bernd Remsing http:\/\/fm4.orf.at\/stories\/1704846\/ [&hellip;]<\/p>\n\t\t\t\t<\/div>\n\n\t\t\t\t\t\t\t\t\t<a href=\"https:\/\/www.verdichtet.at\/?p=5041#respond\" class=\"su-post-comments-link\">0 Kommentare<\/a>\n\t\t\t\t\n\t\t\t<\/div>\n\n\t\t\t\t\t\n\t\t\t\n\t\t\t<div id=\"su-post-5037\" class=\"su-post \">\n\n\t\t\t\t\n\t\t\t\t<h2 class=\"su-post-title\"><a href=\"https:\/\/www.verdichtet.at\/?p=5037\">An die Botschafterin<\/a><\/h2>\n\n\t\t\t\t<div class=\"su-post-meta\">\n\t\t\t\t\tVer\u00f6ffentlicht: 18. September 2016\t\t\t\t<\/div>\n\n\t\t\t\t<div class=\"su-post-excerpt\">\n\t\t\t\t\t<p>Wie nur, hast du den Schnee nicht auf den D\u00e4chern gesehen? Lang noch dauert es \u2013 und da kommst du in leichten Kleidern? Es tr\u00e4gt der Mensch noch immer feste Str\u00fcmpfe Und zieht sich Polyesterm\u00fctzen fest Aufs Hirn. Die Augen m\u00fcde von der Millionenshow, schleppt er seinen K\u00f6rper ins Auto, seinen bergenden Konsumsch\u00fctzenpanzer. Was willst [&hellip;]<\/p>\n\t\t\t\t<\/div>\n\n\t\t\t\t\t\t\t\t\t<a href=\"https:\/\/www.verdichtet.at\/?p=5037#respond\" class=\"su-post-comments-link\">0 Kommentare<\/a>\n\t\t\t\t\n\t\t\t<\/div>\n\n\t\t\t\t\t\n\t\t\t\n\t\t\t<div id=\"su-post-4863\" class=\"su-post \">\n\n\t\t\t\t\n\t\t\t\t<h2 class=\"su-post-title\"><a href=\"https:\/\/www.verdichtet.at\/?p=4863\">Balkongedanken<\/a><\/h2>\n\n\t\t\t\t<div class=\"su-post-meta\">\n\t\t\t\t\tVer\u00f6ffentlicht: 20. August 2016\t\t\t\t<\/div>\n\n\t\t\t\t<div class=\"su-post-excerpt\">\n\t\t\t\t\t<p>Die Sonne sprenkelt gegen mein Fenster. Es ist Sommer und einer der wenigen nicht regnerischen Tage. Gewitter haben ihre Spur im Garten hinterlassen. Schnecken tauchen, hasten, rennen durchs Geh\u00f6lz. Der Blick aus dem Fenster &#8211; selbst der Sonnenuntergang zieht melancholisch alle Aufmerksamkeit auf sich, als letzter Blick auf diese Welt. Hier auf dem Boden meines [&hellip;]<\/p>\n\t\t\t\t<\/div>\n\n\t\t\t\t\t\t\t\t\t<a href=\"https:\/\/www.verdichtet.at\/?p=4863#respond\" class=\"su-post-comments-link\">0 Kommentare<\/a>\n\t\t\t\t\n\t\t\t<\/div>\n\n\t\t\t\t\t\n\t\t\t\n\t\t\t<div id=\"su-post-4594\" class=\"su-post \">\n\n\t\t\t\t\n\t\t\t\t<h2 class=\"su-post-title\"><a href=\"https:\/\/www.verdichtet.at\/?p=4594\">L\u00fcgen<\/a><\/h2>\n\n\t\t\t\t<div class=\"su-post-meta\">\n\t\t\t\t\tVer\u00f6ffentlicht: 13. Juni 2016\t\t\t\t<\/div>\n\n\t\t\t\t<div class=\"su-post-excerpt\">\n\t\t\t\t\t<p>\u201eSchade, jetzt ist es weg\u201c, sage ich zu meiner kleinen Tochter, als sie freudestrahlend ins Zimmer l\u00e4uft, um das Christkind zu sehen. Solche und mehr L\u00fcgen \u00fcber Osterhase, Nikolaus, Krampus und Co. hab ich ihr seit fr\u00fchester Kindheit aufgetischt, und ich hoffe inst\u00e4ndig, dass mir das nicht irgendwann zum Verh\u00e4ngnis wird. Aber ehrlich gesagt bin [&hellip;]<\/p>\n\t\t\t\t<\/div>\n\n\t\t\t\t\t\t\t\t\t<a href=\"https:\/\/www.verdichtet.at\/?p=4594#respond\" class=\"su-post-comments-link\">0 Kommentare<\/a>\n\t\t\t\t\n\t\t\t<\/div>\n\n\t\t\t\t\t\n\t\t\t\n\t\t\t<div id=\"su-post-4388\" class=\"su-post \">\n\n\t\t\t\t\n\t\t\t\t<h2 class=\"su-post-title\"><a href=\"https:\/\/www.verdichtet.at\/?p=4388\">Lasst die Kinder Kinder sein<\/a><\/h2>\n\n\t\t\t\t<div class=\"su-post-meta\">\n\t\t\t\t\tVer\u00f6ffentlicht: 12. Mai 2016\t\t\t\t<\/div>\n\n\t\t\t\t<div class=\"su-post-excerpt\">\n\t\t\t\t\t<p>Tagein tagaus sehe ich selbst\u00e4ndige Kinder, die Hilfe ben\u00f6tigen, disziplinierte Kinder, die sich nicht im Griff haben, leise Kinder, die laut weinen, geduldige Kinder, deren F\u00fc\u00dfe zappeln, verst\u00e4ndnisvolle Kinder, die tausend Fragen haben, starke Kinder, die ihre Tr\u00e4nen unterdr\u00fccken, mutige Kinder, deren Lippen vor Angst beben, Kinder, die R\u00fccksicht nehmen auf uns Erwachsene. Maria Buchegger [&hellip;]<\/p>\n\t\t\t\t<\/div>\n\n\t\t\t\t\t\t\t\t\t<a href=\"https:\/\/www.verdichtet.at\/?p=4388#comments\" class=\"su-post-comments-link\">Ein Kommentar<\/a>\n\t\t\t\t\n\t\t\t<\/div>\n\n\t\t\t\t\t\n\t\t\t\n\t\t\t<div id=\"su-post-3555\" class=\"su-post \">\n\n\t\t\t\t\n\t\t\t\t<h2 class=\"su-post-title\"><a href=\"https:\/\/www.verdichtet.at\/?p=3555\">Politpersonal<\/a><\/h2>\n\n\t\t\t\t<div class=\"su-post-meta\">\n\t\t\t\t\tVer\u00f6ffentlicht: 6. November 2015\t\t\t\t<\/div>\n\n\t\t\t\t<div class=\"su-post-excerpt\">\n\t\t\t\t\t<p>Der Pr\u00e4sident Da hat man ihn behangen Mit Titeln, Ehren und mit Orden Und ist dann doch aus ihm Nur ein verzog\u2018nes Kind geworden Der Bundeskanzler Es hat sich in die Nische Die ihr der Markt noch l\u00e4sst Die Faust der Sozialisten Fest hineingepresst Der Wirtschaftsminister Ein Putzerfisch im gro\u00dfen Teich Putzt den kapitalen Wal [&hellip;]<\/p>\n\t\t\t\t<\/div>\n\n\t\t\t\t\t\t\t\t\t<a href=\"https:\/\/www.verdichtet.at\/?p=3555#respond\" class=\"su-post-comments-link\">0 Kommentare<\/a>\n\t\t\t\t\n\t\t\t<\/div>\n\n\t\t\t\t\t\n\t\t\t\n\t\t\t<div id=\"su-post-3091\" class=\"su-post \">\n\n\t\t\t\t\n\t\t\t\t<h2 class=\"su-post-title\"><a href=\"https:\/\/www.verdichtet.at\/?p=3091\">Titellos<\/a><\/h2>\n\n\t\t\t\t<div class=\"su-post-meta\">\n\t\t\t\t\tVer\u00f6ffentlicht: 30. August 2015\t\t\t\t<\/div>\n\n\t\t\t\t<div class=\"su-post-excerpt\">\n\t\t\t\t\t<p>Das Dorf, von dem ich erz\u00e4hlen m\u00f6chte, ist kein besonderes. Man k\u00f6nnte es sogar als \u201eein wenig verschlafen\u201c bezeichnen, eingeschneit im Wandel der Zeit. Aber ich m\u00f6chte weniger \u00fcber das Dorf an sich berichten, sondern vielmehr \u00fcber die Kinder, die darin lebten. Es handelt sich dabei um ganz gew\u00f6hnliche Kinder, die vormittags in die Schule [&hellip;]<\/p>\n\t\t\t\t<\/div>\n\n\t\t\t\t\t\t\t\t\t<a href=\"https:\/\/www.verdichtet.at\/?p=3091#respond\" class=\"su-post-comments-link\">0 Kommentare<\/a>\n\t\t\t\t\n\t\t\t<\/div>\n\n\t\t\t\t\t\n\t\t\t\n\t\t\t<div id=\"su-post-184\" class=\"su-post \">\n\n\t\t\t\t\n\t\t\t\t<h2 class=\"su-post-title\"><a href=\"https:\/\/www.verdichtet.at\/?p=184\">Wenn uns das Universum etwas sagen will, warum ruft es dann nicht einfach an?<\/a><\/h2>\n\n\t\t\t\t<div class=\"su-post-meta\">\n\t\t\t\t\tVer\u00f6ffentlicht: 26. November 2013\t\t\t\t<\/div>\n\n\t\t\t\t<div class=\"su-post-excerpt\">\n\t\t\t\t\t<p>Wir alle haben ein Smartphone. Oder auch keines, aber daf\u00fcr ein anderes Handy. Dann sind wir zwar nicht so cool, aber jedenfalls trotzdem erreichbar. Immer und \u00fcberall, au\u00dfer f\u00fcr das Universum. Das vermittelt seine Botschaften n\u00e4mlich ohne klingelnde Vorank\u00fcndigung, daf\u00fcr aber ganz gern mit extra Ironie. So wie ein Caff\u00e8 Latte mit zehn extra Schuss [&hellip;]<\/p>\n\t\t\t\t<\/div>\n\n\t\t\t\t\t\t\t\t\t<a href=\"https:\/\/www.verdichtet.at\/?p=184#respond\" class=\"su-post-comments-link\">0 Kommentare<\/a>\n\t\t\t\t\n\t\t\t<\/div>\n\n\t\t\t\t\t\n\t\t\t\n\t\t\t<div id=\"su-post-307\" class=\"su-post \">\n\n\t\t\t\t\n\t\t\t\t<h2 class=\"su-post-title\"><a href=\"https:\/\/www.verdichtet.at\/?p=307\">Tr\u00e4gt der Stoff, aus dem unsere Tr\u00e4ume gemacht sind, eigentlich ein Muster?<\/a><\/h2>\n\n\t\t\t\t<div class=\"su-post-meta\">\n\t\t\t\t\tVer\u00f6ffentlicht: 28. November 2013\t\t\t\t<\/div>\n\n\t\t\t\t<div class=\"su-post-excerpt\">\n\t\t\t\t\t<p>Etwas sp\u00e4ter in der letzten Woche war ich in der Stadt, um mir eine Hose zu kaufen. Eine die passt, gut aussieht, mindestens drei Kilo schlanker macht und nach dem zweiten Mal tragen nicht aussieht wie eine Baggy Pant. Ein kl\u00e4glicher Versuch also. Aber ich wusste, irgendwo da drau\u00dfen gibt es sie, ich m\u00fcsste sie [&hellip;]<\/p>\n\t\t\t\t<\/div>\n\n\t\t\t\t\t\t\t\t\t<a href=\"https:\/\/www.verdichtet.at\/?p=307#respond\" class=\"su-post-comments-link\">0 Kommentare<\/a>\n\t\t\t\t\n\t\t\t<\/div>\n\n\t\t\t\t\t\n\t\t\t\n\t\t\t<div id=\"su-post-2838\" class=\"su-post \">\n\n\t\t\t\t\n\t\t\t\t<h2 class=\"su-post-title\"><a href=\"https:\/\/www.verdichtet.at\/?p=2838\">Duett<\/a><\/h2>\n\n\t\t\t\t<div class=\"su-post-meta\">\n\t\t\t\t\tVer\u00f6ffentlicht: 16. Juni 2015\t\t\t\t<\/div>\n\n\t\t\t\t<div class=\"su-post-excerpt\">\n\t\t\t\t\t<p>Gestern war Antoinette noch ganz auf sich allein gestellt gewesen. Heute sieht man sie auf einer Bank gegen\u00fcber vom gr\u00f6\u00dften Tanzsalon Paris\u2019 sitzen und warten. \u201eIch bin adoptiert worden\u201c, sagt sie grinsend. Der Stolz l\u00e4sst sich kaum in ihrer Stimme verkennen. \u201eHmpf\u201c, grunzt ein Mann, der neben ihr sitzt. Sein Interesse k\u00f6nnte nicht weniger geweckt [&hellip;]<\/p>\n\t\t\t\t<\/div>\n\n\t\t\t\t\t\t\t\t\t<a href=\"https:\/\/www.verdichtet.at\/?p=2838#respond\" class=\"su-post-comments-link\">0 Kommentare<\/a>\n\t\t\t\t\n\t\t\t<\/div>\n\n\t\t\t\t\t\n\t\t\t\n\t\t\t<div id=\"su-post-2632\" class=\"su-post \">\n\n\t\t\t\t\n\t\t\t\t<h2 class=\"su-post-title\"><a href=\"https:\/\/www.verdichtet.at\/?p=2632\">Der Zivildiener<\/a><\/h2>\n\n\t\t\t\t<div class=\"su-post-meta\">\n\t\t\t\t\tVer\u00f6ffentlicht: 20. Mai 2015\t\t\t\t<\/div>\n\n\t\t\t\t<div class=\"su-post-excerpt\">\n\t\t\t\t\t<p>Du stehst. Der Schnee f\u00e4llt. Und der Atem dreihundert moorgr\u00fcner Soldaten verfl\u00fcchtigt sich in sch\u00fcchternen Wolken. Du bist nun einer von ihnen \u2013 \u201eRekrut\u201c. Stehst stramm in einem der f\u00fcnfzehn Glieder und zwanzig Rotten, dein Blick ist im Nacken des Vordermanns, und du zitterst. Jemand unter Niemanden. \u201eWenn Sie ein weiteres Mal irgendwohin anders hinblicken [&hellip;]<\/p>\n\t\t\t\t<\/div>\n\n\t\t\t\t\t\t\t\t\t<a href=\"https:\/\/www.verdichtet.at\/?p=2632#respond\" class=\"su-post-comments-link\">0 Kommentare<\/a>\n\t\t\t\t\n\t\t\t<\/div>\n\n\t\t\t\t\t\n\t\t\t\n\t\t\t<div id=\"su-post-2492\" class=\"su-post \">\n\n\t\t\t\t\n\t\t\t\t<h2 class=\"su-post-title\"><a href=\"https:\/\/www.verdichtet.at\/?p=2492\">Alleshaber und Vielkrieger<\/a><\/h2>\n\n\t\t\t\t<div class=\"su-post-meta\">\n\t\t\t\t\tVer\u00f6ffentlicht: 2. Mai 2015\t\t\t\t<\/div>\n\n\t\t\t\t<div class=\"su-post-excerpt\">\n\t\t\t\t\t<p>Was ist? Was ist? Wei\u00df nicht wozu, will aber haben. Muss mir geh\u00f6ren. Muss besitzen. Ding, Mensch, Tier, erstrebenswerten Zustand. Will, will, will! Begehren! Mehr, mehr, mehr von allem. Mehr von dem, was gl\u00e4nzt, was Lust spendet, was Freude macht. So viel davon haben, wie nur kann. Raffen. Alles zusammenraffen, was herumliegt. Sucht nach mehr, [&hellip;]<\/p>\n\t\t\t\t<\/div>\n\n\t\t\t\t\t\t\t\t\t<a href=\"https:\/\/www.verdichtet.at\/?p=2492#respond\" class=\"su-post-comments-link\">0 Kommentare<\/a>\n\t\t\t\t\n\t\t\t<\/div>\n\n\t\t\t\t\t\n\t\t\t\n\t\t\t<div id=\"su-post-2521\" class=\"su-post \">\n\n\t\t\t\t\n\t\t\t\t<h2 class=\"su-post-title\"><a href=\"https:\/\/www.verdichtet.at\/?p=2521\">Der Soldat<\/a><\/h2>\n\n\t\t\t\t<div class=\"su-post-meta\">\n\t\t\t\t\tVer\u00f6ffentlicht: 2. Mai 2015\t\t\t\t<\/div>\n\n\t\t\t\t<div class=\"su-post-excerpt\">\n\t\t\t\t\t<p>Waffenruh. Keiner mehr da, der auf den zielen k\u00f6nnte, den er unter anderen Umst\u00e4nden vielleicht seinen Bruder genannt h\u00e4tte. Tiefe, laue Nacht. Und ein Sternenhimmel wie zur Friedenszeit. Mondlicht. Er sa\u00df am Rande des Schlachtfeldes. Mutterseelenallein. Wo mochte sie jetzt wohl sein, die Mutter? Welchen Rat w\u00fcrde sie ihrem Fleisch und Blut wohl erteilen? Wie [&hellip;]<\/p>\n\t\t\t\t<\/div>\n\n\t\t\t\t\t\t\t\t\t<a href=\"https:\/\/www.verdichtet.at\/?p=2521#comments\" class=\"su-post-comments-link\">2 comments<\/a>\n\t\t\t\t\n\t\t\t<\/div>\n\n\t\t\t\t\t\n\t\t\t\n\t\t\t<div id=\"su-post-2497\" class=\"su-post \">\n\n\t\t\t\t\n\t\t\t\t<h2 class=\"su-post-title\"><a href=\"https:\/\/www.verdichtet.at\/?p=2497\">Hymne auf einen bemerkenswerten Vogel<\/a><\/h2>\n\n\t\t\t\t<div class=\"su-post-meta\">\n\t\t\t\t\tVer\u00f6ffentlicht: 1. Mai 2015\t\t\t\t<\/div>\n\n\t\t\t\t<div class=\"su-post-excerpt\">\n\t\t\t\t\t<p>Bist nicht Gans und auch nicht Ente, an Eleganz und Anmut kaum zu \u00fcberbieten. Und neidlos zugegeben, im Wasser ein Talent, ge\u00fcbt in Sachen Schwimmen. Auf sanften Wellen treibend, majest\u00e4tisch, hoheitsvoll und grazi\u00f6s, wiegst, still bewundert, du gerne dich auf dunklen Wassern. Rauschst fl\u00fcgelquietschend \u00fcber Seen und Teich. In deinen weichen Daunen trotzt du jedem [&hellip;]<\/p>\n\t\t\t\t<\/div>\n\n\t\t\t\t\t\t\t\t\t<a href=\"https:\/\/www.verdichtet.at\/?p=2497#respond\" class=\"su-post-comments-link\">0 Kommentare<\/a>\n\t\t\t\t\n\t\t\t<\/div>\n\n\t\t\t\t\t\n\t\t\t\n\t\t\t<div id=\"su-post-2103\" class=\"su-post \">\n\n\t\t\t\t\n\t\t\t\t<h2 class=\"su-post-title\"><a href=\"https:\/\/www.verdichtet.at\/?p=2103\">Wider den Stachel l\u00f6cken<\/a><\/h2>\n\n\t\t\t\t<div class=\"su-post-meta\">\n\t\t\t\t\tVer\u00f6ffentlicht: 17. Januar 2015\t\t\t\t<\/div>\n\n\t\t\t\t<div class=\"su-post-excerpt\">\n\t\t\t\t\t<p>&#8222;Wider den Stachel l\u00f6cken&#8220; &#8230; eine kaum mehr verwendete Phrase Der Stachel, wider gel\u00f6ckt Hat dem L\u00f6cker kaum jemals geschmeckt. Doch er musste es wagen \u2013 die \u201eWahrheit\u201c zu sagen Damit man ihn endlich entdeckt Wer oder was ist der Stachel? Warum ist er spitz? Wer ist der L\u00f6cker? Und warum l\u00f6ckt er (was weh [&hellip;]<\/p>\n\t\t\t\t<\/div>\n\n\t\t\t\t\t\t\t\t\t<a href=\"https:\/\/www.verdichtet.at\/?p=2103#respond\" class=\"su-post-comments-link\">0 Kommentare<\/a>\n\t\t\t\t\n\t\t\t<\/div>\n\n\t\t\t\t\t\n\t\t\t\n\t\t\t<div id=\"su-post-1699\" class=\"su-post \">\n\n\t\t\t\t\n\t\t\t\t<h2 class=\"su-post-title\"><a href=\"https:\/\/www.verdichtet.at\/?p=1699\">Fallstricke 1 &#8211; Wider die Emanzen<\/a><\/h2>\n\n\t\t\t\t<div class=\"su-post-meta\">\n\t\t\t\t\tVer\u00f6ffentlicht: 17. September 2014\t\t\t\t<\/div>\n\n\t\t\t\t<div class=\"su-post-excerpt\">\n\t\t\t\t\t<p>Diese verkrampften Kampf-Emanzen, \/ nach deren Pfeife alle tanzen! Es ist genug, es ist zu viel, \/ wir spiel&#8217;n jetzt unser eig&#8217;nes Spiel! Wir wollen M\u00e4nner, tough und stark, \/ und dominant und ganz autark! Wir lassen uns recht gern besch\u00fctzen \/ \u2013 zur\u00fcckgelehnt, statt selber schwitzen. DIE soll&#8217;n das Geld nach Hause tragen, \/ [&hellip;]<\/p>\n\t\t\t\t<\/div>\n\n\t\t\t\t\t\t\t\t\t<a href=\"https:\/\/www.verdichtet.at\/?p=1699#respond\" class=\"su-post-comments-link\">0 Kommentare<\/a>\n\t\t\t\t\n\t\t\t<\/div>\n\n\t\t\t\t\t\n\t\t\t\n\t\t\t<div id=\"su-post-1760\" class=\"su-post \">\n\n\t\t\t\t\n\t\t\t\t<h2 class=\"su-post-title\"><a href=\"https:\/\/www.verdichtet.at\/?p=1760\">Fallstricke 2 &#8211; Dumm gelaufen<\/a><\/h2>\n\n\t\t\t\t<div class=\"su-post-meta\">\n\t\t\t\t\tVer\u00f6ffentlicht: 14. Oktober 2014\t\t\t\t<\/div>\n\n\t\t\t\t<div class=\"su-post-excerpt\">\n\t\t\t\t\t<p>Wie war das Leben angenehm, \/ solang wir waren ganz bequem enthoben jeder Haushaltspflicht, \/ weil Mama drauf war so erpicht! Dass diesen Umstand brachte schon \/ unser Familienstatus \u201eSohn\u201c, lie\u00df bei uns Gedanken reifen, \/ dass \u2013 um als Mann uns zu begreifen \u2013 es eine Frau braucht an der Seite, \/ die die [&hellip;]<\/p>\n\t\t\t\t<\/div>\n\n\t\t\t\t\t\t\t\t\t<a href=\"https:\/\/www.verdichtet.at\/?p=1760#respond\" class=\"su-post-comments-link\">0 Kommentare<\/a>\n\t\t\t\t\n\t\t\t<\/div>\n\n\t\t\t\t\t\n\t\t\t\n\t\t\t<div id=\"su-post-1860\" class=\"su-post \">\n\n\t\t\t\t\n\t\t\t\t<h2 class=\"su-post-title\"><a href=\"https:\/\/www.verdichtet.at\/?p=1860\">Fallstricke 3 &#8211; Karrieristinnenschicksal<\/a><\/h2>\n\n\t\t\t\t<div class=\"su-post-meta\">\n\t\t\t\t\tVer\u00f6ffentlicht: 4. Dezember 2014\t\t\t\t<\/div>\n\n\t\t\t\t<div class=\"su-post-excerpt\">\n\t\t\t\t\t<p>Wir hab&#8217;n studiert, uns angestrengt, \/ in M\u00e4nnerwelten uns gedr\u00e4ngt. Wir hab&#8217;n gelernt, uns durchzusetzen, \/ wenn Neider ihre Messer wetzen. Wir leisten viel, wir kommen weiter. \/ Flei\u00dfiger sind wir und gescheiter, als so manche der Kollegen, \/ doch irgendwann steh&#8217;n wir im Regen. \u201eDie toughe Frau, wer mag das schon? \/ Der rennt [&hellip;]<\/p>\n\t\t\t\t<\/div>\n\n\t\t\t\t\t\t\t\t\t<a href=\"https:\/\/www.verdichtet.at\/?p=1860#respond\" class=\"su-post-comments-link\">0 Kommentare<\/a>\n\t\t\t\t\n\t\t\t<\/div>\n\n\t\t\t\t\t\n\t\t\t\n\t\t\t<div id=\"su-post-672\" class=\"su-post \">\n\n\t\t\t\t\n\t\t\t\t<h2 class=\"su-post-title\"><a href=\"https:\/\/www.verdichtet.at\/?p=672\">ambiValenz<\/a><\/h2>\n\n\t\t\t\t<div class=\"su-post-meta\">\n\t\t\t\t\tVer\u00f6ffentlicht: 3. Januar 2014\t\t\t\t<\/div>\n\n\t\t\t\t<div class=\"su-post-excerpt\">\n\t\t\t\t\t<p>F\u00fcr die Vereinigten Evaluierer aller L\u00e4nder ( \u201aVergeigt euch !\u2019 ) Wir erz\u00e4hln uns L\u00fcgen \u2013 aber &nbsp; &nbsp; &nbsp; &nbsp; &nbsp; die L\u00fcgen l\u00fcgen nur leise. Im Grund\u2019 sind wir dumm \u2013 aber &nbsp; &nbsp; &nbsp; &nbsp; &nbsp; &nbsp; &nbsp; &nbsp; unsre Dummheit ist weise. Unser Gehn und Tun ist: nur gradaus \u2013 aber [&hellip;]<\/p>\n\t\t\t\t<\/div>\n\n\t\t\t\t\t\t\t\t\t<a href=\"https:\/\/www.verdichtet.at\/?p=672#respond\" class=\"su-post-comments-link\">0 Kommentare<\/a>\n\t\t\t\t\n\t\t\t<\/div>\n\n\t\t\t\t\t\n\t\t\t\n\t\t\t<div id=\"su-post-1115\" class=\"su-post \">\n\n\t\t\t\t\n\t\t\t\t<h2 class=\"su-post-title\"><a href=\"https:\/\/www.verdichtet.at\/?p=1115\">Welt am Draht<\/a><\/h2>\n\n\t\t\t\t<div class=\"su-post-meta\">\n\t\t\t\t\tVer\u00f6ffentlicht: 24. M\u00e4rz 2014\t\t\t\t<\/div>\n\n\t\t\t\t<div class=\"su-post-excerpt\">\n\t\t\t\t\t<p>In die Stra\u00dfenbahn t\u00f6lpelt ein Sch\u00fcler mit geschultertem Ranzen, fl\u00e4zt sich auf einen gerade frei gewordenen Sitzplatz und fuchtelt das elektronische Brett aus seiner Hosentasche. Eine Sch\u00fclerin tapst klumpf\u00fc\u00dfig mit ihrem Brett als tr\u00fcge sie Lehm an den Schuhen. Ein Kind spielt auf dem Brett ein Spiel, das Figuren an Hindernissen vorbeihampeln l\u00e4sst, was wiederkehrende [&hellip;]<\/p>\n\t\t\t\t<\/div>\n\n\t\t\t\t\t\t\t\t\t<a href=\"https:\/\/www.verdichtet.at\/?p=1115#respond\" class=\"su-post-comments-link\">0 Kommentare<\/a>\n\t\t\t\t\n\t\t\t<\/div>\n\n\t\t\t\t\t\n\t\t\t\n\t\t\t<div id=\"su-post-1021\" class=\"su-post \">\n\n\t\t\t\t\n\t\t\t\t<h2 class=\"su-post-title\"><a href=\"https:\/\/www.verdichtet.at\/?p=1021\">Nicht witzig!<\/a><\/h2>\n\n\t\t\t\t<div class=\"su-post-meta\">\n\t\t\t\t\tVer\u00f6ffentlicht: 3. M\u00e4rz 2014\t\t\t\t<\/div>\n\n\t\t\t\t<div class=\"su-post-excerpt\">\n\t\t\t\t\t<p>Das Wort \u201elustig\u201c kommt von \u201eLust\u201c, und deshalb ist es hier bewusst und ganz entschieden zu vermeiden. Den Spa\u00df in \u201espa\u00dfig\u201c kann verleiden, dass nicht sehr zum Lachen reizt, wenn sich die Ratio verspreizt. Und auch die \u201eKomik\u201c reicht nicht weit, denn komisch wirkt bei uns zur Zeit nicht einmal, wer nicht erkennt, dass er [&hellip;]<\/p>\n\t\t\t\t<\/div>\n\n\t\t\t\t\t\t\t\t\t<a href=\"https:\/\/www.verdichtet.at\/?p=1021#respond\" class=\"su-post-comments-link\">0 Kommentare<\/a>\n\t\t\t\t\n\t\t\t<\/div>\n\n\t\t\t\t\t\n\t\t\t\n\t\t\t<div id=\"su-post-668\" class=\"su-post \">\n\n\t\t\t\t\n\t\t\t\t<h2 class=\"su-post-title\"><a href=\"https:\/\/www.verdichtet.at\/?p=668\">Bernhards Suhrkamp(f)<\/a><\/h2>\n\n\t\t\t\t<div class=\"su-post-meta\">\n\t\t\t\t\tVer\u00f6ffentlicht: 5. Januar 2014\t\t\t\t<\/div>\n\n\t\t\t\t<div class=\"su-post-excerpt\">\n\t\t\t\t\t<p>Dass Thomas Bernhards erste (schriftliche) Kontaktaufnahme mit dem renommierten, deutschen Verlagshaus Suhrkamp neunzehnhunderteinundsechzig, ein Alleingang, wie er schrieb, scheiterte, habe er sich wohl selbst zuzuschreiben, dachte ich mir bei Betrachtung des photokopierten und im Briefwechsel abgedruckten ersten Briefs, an Herrn Dr. Unseld adressiert.\u00a0 Zwar, so der Vermerk des Lektors, drei Monate nach Einsendung des Manuskripts, [&hellip;]<\/p>\n\t\t\t\t<\/div>\n\n\t\t\t\t\t\t\t\t\t<a href=\"https:\/\/www.verdichtet.at\/?p=668#respond\" class=\"su-post-comments-link\">0 Kommentare<\/a>\n\t\t\t\t\n\t\t\t<\/div>\n\n\t\t\t\t\t\n\t\t\t\n\t\t\t<div id=\"su-post-521\" class=\"su-post \">\n\n\t\t\t\t\n\t\t\t\t<h2 class=\"su-post-title\"><a href=\"https:\/\/www.verdichtet.at\/?p=521\">Summ, summ, summ herum<\/a><\/h2>\n\n\t\t\t\t<div class=\"su-post-meta\">\n\t\t\t\t\tVer\u00f6ffentlicht: 3. Dezember 2013\t\t\t\t<\/div>\n\n\t\t\t\t<div class=\"su-post-excerpt\">\n\t\t\t\t\t<p>\u201eCo-gito ergo sum.\u201c\u00a0 \u00a0\u00a0 (Descartes) \u201eCo-ito ergo sum.\u201d\u00a0\u00a0\u00a0\u00a0 (Casanova, Don Juan,\u00a0 &#8230;\u00a0 sonstwer?) \u201eIch esse, also bin ich.\u201d\u00a0\u00a0\u00a0\u00a0\u00a0 (Lucullus) \u201eIch schreibe, also bin ich (hoffentlich)[1].\u201c \u00a0\u00a0 (Ingeborg Bachmann u.v.a.) \u201eIch arbeite, also bin ich.\u201c\u00a0\u00a0\u00a0\u00a0\u00a0 (Internationale Arbeiterbewegung) \u201eWeil ich (arischer!) Deutscher bin, bin ich.\u201c\u00a0\u00a0\u00a0\u00a0 ( A. Hitler u.a.) \u201eWeil ich l\u00fcge, scheine ich zu sein.\u201c\u00a0\u00a0\u00a0\u00a0 (Wittgensteins [&hellip;]<\/p>\n\t\t\t\t<\/div>\n\n\t\t\t\t\t\t\t\t\t<a href=\"https:\/\/www.verdichtet.at\/?p=521#respond\" class=\"su-post-comments-link\">0 Kommentare<\/a>\n\t\t\t\t\n\t\t\t<\/div>\n\n\t\t\t\t\t\n\t\t\t\n\t\t\t<div id=\"su-post-50\" class=\"su-post \">\n\n\t\t\t\t\n\t\t\t\t<h2 class=\"su-post-title\"><a href=\"https:\/\/www.verdichtet.at\/?p=50\">Willensst\u00e4rke. \u00dcbermut. Fall?<\/a><\/h2>\n\n\t\t\t\t<div class=\"su-post-meta\">\n\t\t\t\t\tVer\u00f6ffentlicht: 23. November 2013\t\t\t\t<\/div>\n\n\t\t\t\t<div class=\"su-post-excerpt\">\n\t\t\t\t\t<p>Von einem vorteilhaften Lauf der Dinge konnte nun wirklich nicht die Rede sein \u2013 Lisa sp\u00fcrte aber, dass sich manche der Verlegenheitsentscheidungen, in die sie vor nicht allzu langer Zeit gezwungen wurde, durchaus als n\u00fctzliche Ankn\u00fcpfungspunkte erweisen k\u00f6nnten. Die verhei\u00dfungsvolle Qualit\u00e4t dieser Gewissheit setzte sie aber auch unter Druck. Denn sie wusste: Es war nun [&hellip;]<\/p>\n\t\t\t\t<\/div>\n\n\t\t\t\t\t\t\t\t\t<a href=\"https:\/\/www.verdichtet.at\/?p=50#respond\" class=\"su-post-comments-link\">0 Kommentare<\/a>\n\t\t\t\t\n\t\t\t<\/div>\n\n\t\t\n\t\n<\/div>\n\n","protected":false},"excerpt":{"rendered":"","protected":false},"author":4,"featured_media":0,"parent":405,"menu_order":0,"comment_status":"closed","ping_status":"closed","template":"","meta":{"footnotes":""},"class_list":["post-428","page","type-page","status-publish","hentry"],"_links":{"self":[{"href":"https:\/\/www.verdichtet.at\/index.php?rest_route=\/wp\/v2\/pages\/428","targetHints":{"allow":["GET"]}}],"collection":[{"href":"https:\/\/www.verdichtet.at\/index.php?rest_route=\/wp\/v2\/pages"}],"about":[{"href":"https:\/\/www.verdichtet.at\/index.php?rest_route=\/wp\/v2\/types\/page"}],"author":[{"embeddable":true,"href":"https:\/\/www.verdichtet.at\/index.php?rest_route=\/wp\/v2\/users\/4"}],"replies":[{"embeddable":true,"href":"https:\/\/www.verdichtet.at\/index.php?rest_route=%2Fwp%2Fv2%2Fcomments&post=428"}],"version-history":[{"count":3,"href":"https:\/\/www.verdichtet.at\/index.php?rest_route=\/wp\/v2\/pages\/428\/revisions"}],"predecessor-version":[{"id":1639,"href":"https:\/\/www.verdichtet.at\/index.php?rest_route=\/wp\/v2\/pages\/428\/revisions\/1639"}],"up":[{"embeddable":true,"href":"https:\/\/www.verdichtet.at\/index.php?rest_route=\/wp\/v2\/pages\/405"}],"wp:attachment":[{"href":"https:\/\/www.verdichtet.at\/index.php?rest_route=%2Fwp%2Fv2%2Fmedia&parent=428"}],"curies":[{"name":"wp","href":"https:\/\/api.w.org\/{rel}","templated":true}]}}