{"id":426,"date":"2013-11-28T18:49:29","date_gmt":"2013-11-28T18:49:29","guid":{"rendered":"http:\/\/www.verdichtet.at\/?page_id=426"},"modified":"2015-08-29T08:06:34","modified_gmt":"2015-08-29T08:06:34","slug":"schraeg-abgedreht","status":"publish","type":"page","link":"https:\/\/www.verdichtet.at\/?page_id=426","title":{"rendered":"schr\u00e4g &#038; abgedreht"},"content":{"rendered":"<div class=\"pdfprnt-buttons pdfprnt-buttons-page pdfprnt-top-right\"><a href=\"https:\/\/www.verdichtet.at\/index.php?rest_route=wpv2pages426&print=pdf\" class=\"pdfprnt-button pdfprnt-button-pdf\" target=\"_blank\"><\/a><a href=\"https:\/\/www.verdichtet.at\/index.php?rest_route=wpv2pages426&print=print\" class=\"pdfprnt-button pdfprnt-button-print\" target=\"_blank\"><\/a><\/div>\n\n<div class=\"su-posts su-posts-default-loop \">\n\n\t\n\t\t\t\t\t\n\t\t\t\n\t\t\t<div id=\"su-post-21840\" class=\"su-post \">\n\n\t\t\t\t\n\t\t\t\t<h2 class=\"su-post-title\"><a href=\"https:\/\/www.verdichtet.at\/?p=21840\">leben<\/a><\/h2>\n\n\t\t\t\t<div class=\"su-post-meta\">\n\t\t\t\t\tVer\u00f6ffentlicht: 12. Januar 2026\t\t\t\t<\/div>\n\n\t\t\t\t<div class=\"su-post-excerpt\">\n\t\t\t\t\t<p>Ich durchquere das Dorf. Dahinter wird es Wiesen, Felder und W\u00e4lder geben. In der Ferne sehe ich die Stadt. Das ist mein Leben, vereinfacht f\u00fcr mich zusammengefasst, zeitlich ungeordnet, was bedeutet, dass ich mein Leben gleichzeitig lebe. Die Zeit dr\u00fcckt sich in meiner Wanderung aus. Ich bin gerade erst losgegangen und werde noch lange unterwegs [&hellip;]<\/p>\n\t\t\t\t<\/div>\n\n\t\t\t\t\t\t\t\t\t<a href=\"https:\/\/www.verdichtet.at\/?p=21840#respond\" class=\"su-post-comments-link\">0 Kommentare<\/a>\n\t\t\t\t\n\t\t\t<\/div>\n\n\t\t\t\t\t\n\t\t\t\n\t\t\t<div id=\"su-post-21365\" class=\"su-post \">\n\n\t\t\t\t\n\t\t\t\t<h2 class=\"su-post-title\"><a href=\"https:\/\/www.verdichtet.at\/?p=21365\">Luft<\/a><\/h2>\n\n\t\t\t\t<div class=\"su-post-meta\">\n\t\t\t\t\tVer\u00f6ffentlicht: 17. November 2025\t\t\t\t<\/div>\n\n\t\t\t\t<div class=\"su-post-excerpt\">\n\t\t\t\t\t<p>Der Pilot und der Copilot merkten, dass sich das Flugzeug immer schwerf\u00e4lliger bewegte, bis es schlie\u00dflich feststeckte. Die Luft war zu dicht geworden. Auch die Fallschirmspringer hingen in der Luft. Jetzt war die Frage, wann es wieder weitergehen w\u00fcrde, ob \u00fcberhaupt. War dies ein kollektiver Traum? Johannes Tosin (Text und Foto) www.verdichtet.at | Kategorie: schr\u00e4g [&hellip;]<\/p>\n\t\t\t\t<\/div>\n\n\t\t\t\t\t\t\t\t\t<a href=\"https:\/\/www.verdichtet.at\/?p=21365#respond\" class=\"su-post-comments-link\">0 Kommentare<\/a>\n\t\t\t\t\n\t\t\t<\/div>\n\n\t\t\t\t\t\n\t\t\t\n\t\t\t<div id=\"su-post-21339\" class=\"su-post \">\n\n\t\t\t\t\n\t\t\t\t<h2 class=\"su-post-title\"><a href=\"https:\/\/www.verdichtet.at\/?p=21339\">Quantum<\/a><\/h2>\n\n\t\t\t\t<div class=\"su-post-meta\">\n\t\t\t\t\tVer\u00f6ffentlicht: 17. November 2025\t\t\t\t<\/div>\n\n\t\t\t\t<div class=\"su-post-excerpt\">\n\t\t\t\t\t<p>Von weit weg sehe ich mich selbst, w\u00e4hrend ich mich selbst als ein anderer von woanders sehe. Doch bin ich einer und nicht zwei. Johannes Tosin (Text und Foto) www.verdichtet.at | Kategorie: schr\u00e4g &amp; abgedreht | Inventarnummer: 26018<\/p>\n\t\t\t\t<\/div>\n\n\t\t\t\t\t\t\t\t\t<a href=\"https:\/\/www.verdichtet.at\/?p=21339#respond\" class=\"su-post-comments-link\">0 Kommentare<\/a>\n\t\t\t\t\n\t\t\t<\/div>\n\n\t\t\t\t\t\n\t\t\t\n\t\t\t<div id=\"su-post-21149\" class=\"su-post \">\n\n\t\t\t\t\n\t\t\t\t<h2 class=\"su-post-title\"><a href=\"https:\/\/www.verdichtet.at\/?p=21149\">Gesicht<\/a><\/h2>\n\n\t\t\t\t<div class=\"su-post-meta\">\n\t\t\t\t\tVer\u00f6ffentlicht: 26. Oktober 2025\t\t\t\t<\/div>\n\n\t\t\t\t<div class=\"su-post-excerpt\">\n\t\t\t\t\t<p>Das Gesicht, nicht meines, nicht deines, nicht ihres, nicht seines, das andere Gesicht, das fremde, das unbekannte. Johannes Tosin (Text und Foto) www.verdichtet.at | Kategorie: schr\u00e4g &amp; abgedreht | Inventarnummer: 26001<\/p>\n\t\t\t\t<\/div>\n\n\t\t\t\t\t\t\t\t\t<a href=\"https:\/\/www.verdichtet.at\/?p=21149#respond\" class=\"su-post-comments-link\">0 Kommentare<\/a>\n\t\t\t\t\n\t\t\t<\/div>\n\n\t\t\t\t\t\n\t\t\t\n\t\t\t<div id=\"su-post-18643\" class=\"su-post \">\n\n\t\t\t\t\n\t\t\t\t<h2 class=\"su-post-title\"><a href=\"https:\/\/www.verdichtet.at\/?p=18643\">Der ewige Zug. (Sonett)<\/a><\/h2>\n\n\t\t\t\t<div class=\"su-post-meta\">\n\t\t\t\t\tVer\u00f6ffentlicht: 1. September 2024\t\t\t\t<\/div>\n\n\t\t\t\t<div class=\"su-post-excerpt\">\n\t\t\t\t\t<p>Auf butterweichen Schienen in der hellen Nacht, da steht ein leerbesetzter Zug in voller Fahrt; es murmelt in dem glattrasierten Schaffnerbart, das st\u00f6rt des wei\u00dfen Amselvogels Morgenwacht. Dann bremst der Zug, dass das Geleise leise kracht. Ein stummer Schrei ert\u00f6nt von Hans und Hildegard, die sich getrennt im Triebwagen haben gepaart; derweil am Himmel strahlt [&hellip;]<\/p>\n\t\t\t\t<\/div>\n\n\t\t\t\t\t\t\t\t\t<a href=\"https:\/\/www.verdichtet.at\/?p=18643#respond\" class=\"su-post-comments-link\">0 Kommentare<\/a>\n\t\t\t\t\n\t\t\t<\/div>\n\n\t\t\t\t\t\n\t\t\t\n\t\t\t<div id=\"su-post-20984\" class=\"su-post \">\n\n\t\t\t\t\n\t\t\t\t<h2 class=\"su-post-title\"><a href=\"https:\/\/www.verdichtet.at\/?p=20984\">fr\u00fchmorgens<\/a><\/h2>\n\n\t\t\t\t<div class=\"su-post-meta\">\n\t\t\t\t\tVer\u00f6ffentlicht: 5. Oktober 2025\t\t\t\t<\/div>\n\n\t\t\t\t<div class=\"su-post-excerpt\">\n\t\t\t\t\t<p>Wie bin ich hierhergekommen? Ich wei\u00df nicht, habe nicht die geringste Ahnung. Meine letzte Erinnerung reicht bis zu dem Zeitpunkt, als ich mich nachts ins Bett legte, um einzuschlafen. Jetzt sitze ich hier, an meinem mittelalterlichen IKEA-Eisentisch, auf dem eine wei\u00dfe Tischdecke mit floralen Elementen liegt. Vor mir eine halbvolle Kaffeetasse, der Asche enthaltende Aschenbecher, [&hellip;]<\/p>\n\t\t\t\t<\/div>\n\n\t\t\t\t\t\t\t\t\t<a href=\"https:\/\/www.verdichtet.at\/?p=20984#respond\" class=\"su-post-comments-link\">0 Kommentare<\/a>\n\t\t\t\t\n\t\t\t<\/div>\n\n\t\t\t\t\t\n\t\t\t\n\t\t\t<div id=\"su-post-20358\" class=\"su-post \">\n\n\t\t\t\t\n\t\t\t\t<h2 class=\"su-post-title\"><a href=\"https:\/\/www.verdichtet.at\/?p=20358\">Die Zeitungsenten<\/a><\/h2>\n\n\t\t\t\t<div class=\"su-post-meta\">\n\t\t\t\t\tVer\u00f6ffentlicht: 3. Juli 2025\t\t\t\t<\/div>\n\n\t\t\t\t<div class=\"su-post-excerpt\">\n\t\t\t\t\t<p>Bekannt ist er daf\u00fcr, dass er st\u00e4ndig Flausen im Kopf hat. Oft hat er erz\u00e4hlt, dass seine Lieblingsbesch\u00e4ftigung Zeitungsenten f\u00fcttern sei, was ihm den Ruf einbrachte, dass er keinen Docht in seiner Lampe hat. Am\u00fcsant f\u00fcr die meisten Bekannten seiner Umgebung ist, dass er sich in einer Ecke seines Gartens einen kleinen Teich angelegt hat, [&hellip;]<\/p>\n\t\t\t\t<\/div>\n\n\t\t\t\t\t\t\t\t\t<a href=\"https:\/\/www.verdichtet.at\/?p=20358#respond\" class=\"su-post-comments-link\">0 Kommentare<\/a>\n\t\t\t\t\n\t\t\t<\/div>\n\n\t\t\t\t\t\n\t\t\t\n\t\t\t<div id=\"su-post-19768\" class=\"su-post \">\n\n\t\t\t\t\n\t\t\t\t<h2 class=\"su-post-title\"><a href=\"https:\/\/www.verdichtet.at\/?p=19768\">In der Teebox<\/a><\/h2>\n\n\t\t\t\t<div class=\"su-post-meta\">\n\t\t\t\t\tVer\u00f6ffentlicht: 23. M\u00e4rz 2025\t\t\t\t<\/div>\n\n\t\t\t\t<div class=\"su-post-excerpt\">\n\t\t\t\t\t<p>Du stinkst schon wieder, Minze des Pfeffers. Sei schweig, du Bl\u00fcte der Kamille! Du glaubst wohl, etwas Besseres zu sein mit deiner vermeintlichen Heilkraft. Schon wieder ihr zwei, stellt kopfsch\u00fcttelnd die Bl\u00fcte des Hopfens ganz ruhig fest. Streitet euch nicht, mahnt der Earl von Grey. Das brauchen wir nicht in unserer Box. Wilfried Ledolter www.verdichtet.at [&hellip;]<\/p>\n\t\t\t\t<\/div>\n\n\t\t\t\t\t\t\t\t\t<a href=\"https:\/\/www.verdichtet.at\/?p=19768#respond\" class=\"su-post-comments-link\">0 Kommentare<\/a>\n\t\t\t\t\n\t\t\t<\/div>\n\n\t\t\t\t\t\n\t\t\t\n\t\t\t<div id=\"su-post-18910\" class=\"su-post \">\n\n\t\t\t\t\n\t\t\t\t<h2 class=\"su-post-title\"><a href=\"https:\/\/www.verdichtet.at\/?p=18910\">Vikings<\/a><\/h2>\n\n\t\t\t\t<div class=\"su-post-meta\">\n\t\t\t\t\tVer\u00f6ffentlicht: 19. Oktober 2024\t\t\t\t<\/div>\n\n\t\t\t\t<div class=\"su-post-excerpt\">\n\t\t\t\t\t<p>Das Neugeborene wird vor Haldur dem Wikinger auf den Boden gelegt. Wenn er es annimmt, hebt er es hoch, wenn nicht, wird es ausgesetzt. Haldur:\u00a0\u00a0\u00a0\u00a0\u00a0 Er sieht aus wie unser Brieftr\u00e4ger. Der Bub strampelt kr\u00e4ftig, um zu zeigen, dass er stark ist. Dorf-Jarl:\u00a0\u00a0 Aber Haldur, bei uns gibt es keinen Brieftr\u00e4ger. Haldur:\u00a0\u00a0\u00a0\u00a0\u00a0 Wieso haben wir [&hellip;]<\/p>\n\t\t\t\t<\/div>\n\n\t\t\t\t\t\t\t\t\t<a href=\"https:\/\/www.verdichtet.at\/?p=18910#respond\" class=\"su-post-comments-link\">0 Kommentare<\/a>\n\t\t\t\t\n\t\t\t<\/div>\n\n\t\t\t\t\t\n\t\t\t\n\t\t\t<div id=\"su-post-802\" class=\"su-post \">\n\n\t\t\t\t\n\t\t\t\t<h2 class=\"su-post-title\"><a href=\"https:\/\/www.verdichtet.at\/?p=802\">Kurze Geschichte eines Mannes mit 135 Eiern<\/a><\/h2>\n\n\t\t\t\t<div class=\"su-post-meta\">\n\t\t\t\t\tVer\u00f6ffentlicht: 16. Januar 2014\t\t\t\t<\/div>\n\n\t\t\t\t<div class=\"su-post-excerpt\">\n\t\t\t\t\t<p>Ich bin auf einer H\u00fchnerfarm aufgewachsen. Meine Eltern widmeten sich voll und ganz der Aufzucht und dem Wohlergehen der Legehennen, die Eierproduktion war unser Lebensunterhalt, noch mehr als das, auch der Lebensinhalt unserer Familie. Vielleicht erkl\u00e4rt das meine Eigenbr\u00f6tlerei. Ich kenne jedenfalls keinen Menschen, der so ist, wie ich es bin. Meine Geschwister, die sind [&hellip;]<\/p>\n\t\t\t\t<\/div>\n\n\t\t\t\t\t\t\t\t\t<a href=\"https:\/\/www.verdichtet.at\/?p=802#respond\" class=\"su-post-comments-link\">0 Kommentare<\/a>\n\t\t\t\t\n\t\t\t<\/div>\n\n\t\t\t\t\t\n\t\t\t\n\t\t\t<div id=\"su-post-18391\" class=\"su-post \">\n\n\t\t\t\t\n\t\t\t\t<h2 class=\"su-post-title\"><a href=\"https:\/\/www.verdichtet.at\/?p=18391\">So ist er einfach<\/a><\/h2>\n\n\t\t\t\t<div class=\"su-post-meta\">\n\t\t\t\t\tVer\u00f6ffentlicht: 13. Juli 2024\t\t\t\t<\/div>\n\n\t\t\t\t<div class=\"su-post-excerpt\">\n\t\t\t\t\t<p>Habe von einem Bekannten die Nachricht bekommen, dass er mich am 35. Juli um 17 Uhr 90 im Cafe \u201eGeht\u2019s eh\u201c treffen will. Als cleverer Mensch habe ich gleich f\u00fcr den 4. August um 18 Uhr 30 einen Tisch im \u201eGeht\u2019s eh\u201c f\u00fcr vier Personen bestellt. F\u00fcr mich, meinen Bekannten und unsere \u201e\u00dcber-Ichs\u201c. &nbsp; Wilfried [&hellip;]<\/p>\n\t\t\t\t<\/div>\n\n\t\t\t\t\t\t\t\t\t<a href=\"https:\/\/www.verdichtet.at\/?p=18391#comments\" class=\"su-post-comments-link\">Ein Kommentar<\/a>\n\t\t\t\t\n\t\t\t<\/div>\n\n\t\t\t\t\t\n\t\t\t\n\t\t\t<div id=\"su-post-18105\" class=\"su-post \">\n\n\t\t\t\t\n\t\t\t\t<h2 class=\"su-post-title\"><a href=\"https:\/\/www.verdichtet.at\/?p=18105\">\u201eSm\u00f8rrebr\u00f8d\u201c<\/a><\/h2>\n\n\t\t\t\t<div class=\"su-post-meta\">\n\t\t\t\t\tVer\u00f6ffentlicht: 4. Mai 2024\t\t\t\t<\/div>\n\n\t\t\t\t<div class=\"su-post-excerpt\">\n\t\t\t\t\t<p>Das Handy l\u00e4utet. Peter Halacek nimmt das Gespr\u00e4ch entgegen. \u201eHello, here is Stockholm. Am I speaking to Mr Peter Halacek?\u201d \u201eYes, you are.\u201d Der Mann aus Stockholm spricht schlecht verst\u00e4ndlich weiter. Da sagt Herr Halacek \u201eSm\u00f8rrebr\u00f8d\u201c. Warum, bitte, sagen Sie \u201eSm\u00f8rrebr\u00f8d\u201c? \u201eSm\u00f8rrebr\u00f8d\u201c ist das einzige schwedische Wort, das ich kenne. Ich hatte auch \u201eHm\u201c oder [&hellip;]<\/p>\n\t\t\t\t<\/div>\n\n\t\t\t\t\t\t\t\t\t<a href=\"https:\/\/www.verdichtet.at\/?p=18105#respond\" class=\"su-post-comments-link\">0 Kommentare<\/a>\n\t\t\t\t\n\t\t\t<\/div>\n\n\t\t\t\t\t\n\t\t\t\n\t\t\t<div id=\"su-post-1907\" class=\"su-post \">\n\n\t\t\t\t\n\t\t\t\t<h2 class=\"su-post-title\"><a href=\"https:\/\/www.verdichtet.at\/?p=1907\">Eine Banane mag ich nicht<\/a><\/h2>\n\n\t\t\t\t<div class=\"su-post-meta\">\n\t\t\t\t\tVer\u00f6ffentlicht: 17. Dezember 2014\t\t\t\t<\/div>\n\n\t\t\t\t<div class=\"su-post-excerpt\">\n\t\t\t\t\t<p>\u201eEine Banane mag ich nicht, die hat der Neger ang\u2018langt.\u201c Dieser Satz ist von der Tante Anni verb\u00fcrgt. Die Tante Anni ist die Tante meiner Freundin Beate-Baby. Sie hat mir die Geschichte erz\u00e4hlt, und ich muss sie gleich aufschreiben, weil sie so kurios ist. Tante Anni, Gott hab&#8216; sie selig, wohnte im Parterre in der [&hellip;]<\/p>\n\t\t\t\t<\/div>\n\n\t\t\t\t\t\t\t\t\t<a href=\"https:\/\/www.verdichtet.at\/?p=1907#respond\" class=\"su-post-comments-link\">0 Kommentare<\/a>\n\t\t\t\t\n\t\t\t<\/div>\n\n\t\t\t\t\t\n\t\t\t\n\t\t\t<div id=\"su-post-2239\" class=\"su-post \">\n\n\t\t\t\t\n\t\t\t\t<h2 class=\"su-post-title\"><a href=\"https:\/\/www.verdichtet.at\/?p=2239\">Moritura te salutat<\/a><\/h2>\n\n\t\t\t\t<div class=\"su-post-meta\">\n\t\t\t\t\tVer\u00f6ffentlicht: 15. Februar 2015\t\t\t\t<\/div>\n\n\t\t\t\t<div class=\"su-post-excerpt\">\n\t\t\t\t\t<p>Begrabt mich auf einem H\u00fcgel, der sein Gesicht der Sonne entgegenstreckt. Nach meinem Tod will ich soviel Sonne wie m\u00f6glich haben. Merkt euch das gut! Der letzte Wille ist heilig. Vergesst es nicht, ihr Vergesslichen! Sonne brauche ich, um ruhen zu k\u00f6nnen. Sonne, die mich w\u00e4rmt tief unter der Erde. Ich werde mich r\u00e4keln in [&hellip;]<\/p>\n\t\t\t\t<\/div>\n\n\t\t\t\t\t\t\t\t\t<a href=\"https:\/\/www.verdichtet.at\/?p=2239#respond\" class=\"su-post-comments-link\">0 Kommentare<\/a>\n\t\t\t\t\n\t\t\t<\/div>\n\n\t\t\t\t\t\n\t\t\t\n\t\t\t<div id=\"su-post-18299\" class=\"su-post \">\n\n\t\t\t\t\n\t\t\t\t<h2 class=\"su-post-title\"><a href=\"https:\/\/www.verdichtet.at\/?p=18299\">Schneckilein<\/a><\/h2>\n\n\t\t\t\t<div class=\"su-post-meta\">\n\t\t\t\t\tVer\u00f6ffentlicht: 20. Juni 2024\t\t\t\t<\/div>\n\n\t\t\t\t<div class=\"su-post-excerpt\">\n\t\t\t\t\t<p>Schneckilein, Schneckilein Willst du f\u00fcr mich mein Vorbild sein? Kein Rasen \u2013 und ohne Eile Gutes Ding braucht Weile Immer langsam ohne Hast tr\u00e4gst du deine Last Um die vier Meter machst du in der Stunde Sagt die Schneckenkunde Dein H\u00e4uschen tr\u00e4gst du auf dem R\u00fccken Es ist so sch\u00f6n und zum Verz\u00fccken wirst du [&hellip;]<\/p>\n\t\t\t\t<\/div>\n\n\t\t\t\t\t\t\t\t\t<a href=\"https:\/\/www.verdichtet.at\/?p=18299#comments\" class=\"su-post-comments-link\">Ein Kommentar<\/a>\n\t\t\t\t\n\t\t\t<\/div>\n\n\t\t\t\t\t\n\t\t\t\n\t\t\t<div id=\"su-post-18074\" class=\"su-post \">\n\n\t\t\t\t\n\t\t\t\t<h2 class=\"su-post-title\"><a href=\"https:\/\/www.verdichtet.at\/?p=18074\">Der Esel furzt<\/a><\/h2>\n\n\t\t\t\t<div class=\"su-post-meta\">\n\t\t\t\t\tVer\u00f6ffentlicht: 29. April 2024\t\t\t\t<\/div>\n\n\t\t\t\t<div class=\"su-post-excerpt\">\n\t\t\t\t\t<p>Ich bin in einer \u00e4u\u00dferst unerfreulichen Situation. Was habe ich nur eingeworfen? Ich h\u00e4tte meinen Dealer nicht wechseln sollen. Habe ich aber, ist passiert. Ich bestehe nur noch aus meinem Kopf, der so gro\u00df wie der Jupiter ist, also riesengro\u00df. Ich schwebe im Weltraum. Ich frage mich, warum ich atmen kann, wenn es rund um [&hellip;]<\/p>\n\t\t\t\t<\/div>\n\n\t\t\t\t\t\t\t\t\t<a href=\"https:\/\/www.verdichtet.at\/?p=18074#respond\" class=\"su-post-comments-link\">0 Kommentare<\/a>\n\t\t\t\t\n\t\t\t<\/div>\n\n\t\t\t\t\t\n\t\t\t\n\t\t\t<div id=\"su-post-17456\" class=\"su-post \">\n\n\t\t\t\t\n\t\t\t\t<h2 class=\"su-post-title\"><a href=\"https:\/\/www.verdichtet.at\/?p=17456\">Insasse Miguel<\/a><\/h2>\n\n\t\t\t\t<div class=\"su-post-meta\">\n\t\t\t\t\tVer\u00f6ffentlicht: 27. Januar 2024\t\t\t\t<\/div>\n\n\t\t\t\t<div class=\"su-post-excerpt\">\n\t\t\t\t\t<p>In Gef\u00e4ngnissen in den USA sind seit einigen Jahren Zigaretten verboten. Die neue W\u00e4hrung ist \u2013 Fisch. Kriminelle brauchen immer etwas, womit sie handeln k\u00f6nnen. Aber was tut Miguel, wenn er in solch einem Knast landet? Er ist starker Raucher. Gleich zu Beginn erkl\u00e4rt ihm der Gef\u00e4ngnisdirektor: \u201eMiguel, hier ist das gesunde Leben angesagt. Was [&hellip;]<\/p>\n\t\t\t\t<\/div>\n\n\t\t\t\t\t\t\t\t\t<a href=\"https:\/\/www.verdichtet.at\/?p=17456#respond\" class=\"su-post-comments-link\">0 Kommentare<\/a>\n\t\t\t\t\n\t\t\t<\/div>\n\n\t\t\t\t\t\n\t\t\t\n\t\t\t<div id=\"su-post-17116\" class=\"su-post \">\n\n\t\t\t\t\n\t\t\t\t<h2 class=\"su-post-title\"><a href=\"https:\/\/www.verdichtet.at\/?p=17116\">Donald Trumps HALO-Tandem-Fallschirmsprung<\/a><\/h2>\n\n\t\t\t\t<div class=\"su-post-meta\">\n\t\t\t\t\tVer\u00f6ffentlicht: 30. November 2023\t\t\t\t<\/div>\n\n\t\t\t\t<div class=\"su-post-excerpt\">\n\t\t\t\t\t<p>Der Mitarbeiter des Secret Service will Donald Trump zu einem HALO-Tandem-Fallschirmsprung bewegen. Das ist ein Sprung aus mehr als zehntausend Metern H\u00f6he. \u201eNein, ich habe Angst!\u201c, schreit Donald Trump. \u201eWie, Mr. Ex-Pr\u00e4sident, Sie waren der furchtlose Boss der USA\u201c, merkt der Fallschirmspringer an. \u201eNa und?\u201c, sagt Donald Trump, \u201eIch habe eben Angst, hier hinunterzuspringen.\u201c \u201eEs [&hellip;]<\/p>\n\t\t\t\t<\/div>\n\n\t\t\t\t\t\t\t\t\t<a href=\"https:\/\/www.verdichtet.at\/?p=17116#respond\" class=\"su-post-comments-link\">0 Kommentare<\/a>\n\t\t\t\t\n\t\t\t<\/div>\n\n\t\t\t\t\t\n\t\t\t\n\t\t\t<div id=\"su-post-15672\" class=\"su-post \">\n\n\t\t\t\t\n\t\t\t\t<h2 class=\"su-post-title\"><a href=\"https:\/\/www.verdichtet.at\/?p=15672\">Irgendwer<\/a><\/h2>\n\n\t\t\t\t<div class=\"su-post-meta\">\n\t\t\t\t\tVer\u00f6ffentlicht: 24. M\u00e4rz 2023\t\t\t\t<\/div>\n\n\t\t\t\t<div class=\"su-post-excerpt\">\n\t\t\t\t\t<p>Wei\u00df nicht mehr, was und wo. Bin nirgendwo zuhause, will es auch nicht sein. Ich bin der Irrtum, die Frage ohne Antwort. Irgendwer statt wer. Johannes Tosin (Text und Bild) www.verdichtet.at | Kategorie: schr\u00e4g &amp; abgedreht | Inventarnummer: 23086<\/p>\n\t\t\t\t<\/div>\n\n\t\t\t\t\t\t\t\t\t<a href=\"https:\/\/www.verdichtet.at\/?p=15672#respond\" class=\"su-post-comments-link\">0 Kommentare<\/a>\n\t\t\t\t\n\t\t\t<\/div>\n\n\t\t\t\t\t\n\t\t\t\n\t\t\t<div id=\"su-post-15752\" class=\"su-post \">\n\n\t\t\t\t\n\t\t\t\t<h2 class=\"su-post-title\"><a href=\"https:\/\/www.verdichtet.at\/?p=15752\">Hypochonder<\/a><\/h2>\n\n\t\t\t\t<div class=\"su-post-meta\">\n\t\t\t\t\tVer\u00f6ffentlicht: 13. April 2023\t\t\t\t<\/div>\n\n\t\t\t\t<div class=\"su-post-excerpt\">\n\t\t\t\t\t<p>In den Ohren pfeift der Tinnitus Im Darm rumort das Apfelmus Ich brauche ein Pflaster f\u00fcr den gereizten Darm Kijimea forte muss her \u2013 schon schweigt Kummer und Harm Im Herzen sticht\u2019s wie vorm Infarkt Und auch der Atem ist voll aus dem Takt Im Kopfe sp\u00fcr ich dumpfe Schmerzen Ich hoff, sie kommen nicht [&hellip;]<\/p>\n\t\t\t\t<\/div>\n\n\t\t\t\t\t\t\t\t\t<a href=\"https:\/\/www.verdichtet.at\/?p=15752#respond\" class=\"su-post-comments-link\">0 Kommentare<\/a>\n\t\t\t\t\n\t\t\t<\/div>\n\n\t\t\t\t\t\n\t\t\t\n\t\t\t<div id=\"su-post-15022\" class=\"su-post \">\n\n\t\t\t\t\n\t\t\t\t<h2 class=\"su-post-title\"><a href=\"https:\/\/www.verdichtet.at\/?p=15022\">Maschinen-Romeo<\/a><\/h2>\n\n\t\t\t\t<div class=\"su-post-meta\">\n\t\t\t\t\tVer\u00f6ffentlicht: 2. Dezember 2022\t\t\t\t<\/div>\n\n\t\t\t\t<div class=\"su-post-excerpt\">\n\t\t\t\t\t<p>\u201eDu bist eine Maschine.\u201c \u201eDu aber auch\u201c, entgegnet die angesprochene Maschine. \u201eAber wei\u00dft du, was?\u201c, setzt sie fort. \u201eDu bist eine weibliche Maschine und ich eine m\u00e4nnliche. Ich h\u00e4tte da eine Idee. Kannst du dir denken, worum sie sich dreht?\u201c \u201eJaja, ist ja nicht so schwer draufzukommen\u201c, sagt die weibliche Maschine. \u201eIch kann auch lieben\u201c, [&hellip;]<\/p>\n\t\t\t\t<\/div>\n\n\t\t\t\t\t\t\t\t\t<a href=\"https:\/\/www.verdichtet.at\/?p=15022#respond\" class=\"su-post-comments-link\">0 Kommentare<\/a>\n\t\t\t\t\n\t\t\t<\/div>\n\n\t\t\t\t\t\n\t\t\t\n\t\t\t<div id=\"su-post-14330\" class=\"su-post \">\n\n\t\t\t\t\n\t\t\t\t<h2 class=\"su-post-title\"><a href=\"https:\/\/www.verdichtet.at\/?p=14330\">Wie Kim Kardashian<\/a><\/h2>\n\n\t\t\t\t<div class=\"su-post-meta\">\n\t\t\t\t\tVer\u00f6ffentlicht: 23. Juli 2022\t\t\t\t<\/div>\n\n\t\t\t\t<div class=\"su-post-excerpt\">\n\t\t\t\t\t<p>\u201eWas willst du? Den Mond, die Erde, die Milchstra\u00dfe, das Universum? Ich gebe dir, was du willst. Willst du Reicht\u00fcmer, Ber\u00fchmtheit, Gesundheit? Was willst du dann? Wie bitte, einen Arsch wie Kim Kardashian? Das kann nicht sein, niemals, nein! Oder doch? Zwickt mich, und ich glaub an Gott.\u201c Johannes Tosin (Text und Bild) www.verdichtet.at | [&hellip;]<\/p>\n\t\t\t\t<\/div>\n\n\t\t\t\t\t\t\t\t\t<a href=\"https:\/\/www.verdichtet.at\/?p=14330#respond\" class=\"su-post-comments-link\">0 Kommentare<\/a>\n\t\t\t\t\n\t\t\t<\/div>\n\n\t\t\t\t\t\n\t\t\t\n\t\t\t<div id=\"su-post-13777\" class=\"su-post \">\n\n\t\t\t\t\n\t\t\t\t<h2 class=\"su-post-title\"><a href=\"https:\/\/www.verdichtet.at\/?p=13777\">Im B\u00fcro<\/a><\/h2>\n\n\t\t\t\t<div class=\"su-post-meta\">\n\t\t\t\t\tVer\u00f6ffentlicht: 6. Februar 2022\t\t\t\t<\/div>\n\n\t\t\t\t<div class=\"su-post-excerpt\">\n\t\t\t\t\t<p>Was ich gerade mache? Aktenstudium. Ha-ha, stimmt ja gar nicht! Ich sehe mir meine Bierdeckelsammlung auf dem Computer an. Die habe ich n\u00e4mlich digitalisiert, je ein Bild von der Vorderseite und eines von der R\u00fcckseite. Johannes Tosin (Text und Bild) www.verdichtet.at | Kategorie: schr\u00e4g &amp; abgedreht | Inventarnummer: 22029<\/p>\n\t\t\t\t<\/div>\n\n\t\t\t\t\t\t\t\t\t<a href=\"https:\/\/www.verdichtet.at\/?p=13777#respond\" class=\"su-post-comments-link\">0 Kommentare<\/a>\n\t\t\t\t\n\t\t\t<\/div>\n\n\t\t\t\t\t\n\t\t\t\n\t\t\t<div id=\"su-post-13476\" class=\"su-post \">\n\n\t\t\t\t\n\t\t\t\t<h2 class=\"su-post-title\"><a href=\"https:\/\/www.verdichtet.at\/?p=13476\">Die Misch Oschttirol<\/a><\/h2>\n\n\t\t\t\t<div class=\"su-post-meta\">\n\t\t\t\t\tVer\u00f6ffentlicht: 3. Dezember 2021\t\t\t\t<\/div>\n\n\t\t\t\t<div class=\"su-post-excerpt\">\n\t\t\t\t\t<p>Ich bin in Lienz, um Fotos zu machen. Es herrscht Lockdown. Zwei Polizisten kommen auf mich zu. Der erste Polizist: Gr\u00fcsch Gott, B\u00fcrger, bitte weischen Schie einen Lichtbildauschweisch und dasch Impfzertifikat vor! Kein Problem, ich habe beides bei mir und zeige es den Polizisten. Der zweite Polizist: Schie kommen ausch Krumpendorf, wasch tun Schie dann [&hellip;]<\/p>\n\t\t\t\t<\/div>\n\n\t\t\t\t\t\t\t\t\t<a href=\"https:\/\/www.verdichtet.at\/?p=13476#respond\" class=\"su-post-comments-link\">0 Kommentare<\/a>\n\t\t\t\t\n\t\t\t<\/div>\n\n\t\t\t\t\t\n\t\t\t\n\t\t\t<div id=\"su-post-12306\" class=\"su-post \">\n\n\t\t\t\t\n\t\t\t\t<h2 class=\"su-post-title\"><a href=\"https:\/\/www.verdichtet.at\/?p=12306\">Loch im Kopf<\/a><\/h2>\n\n\t\t\t\t<div class=\"su-post-meta\">\n\t\t\t\t\tVer\u00f6ffentlicht: 26. Januar 2021\t\t\t\t<\/div>\n\n\t\t\t\t<div class=\"su-post-excerpt\">\n\t\t\t\t\t<p>In meinem Kopf ist ein gro\u00dfes Loch. Eine Amsel hat sich darin ihr Nest gebaut. Oft sitzt sie am Rand des Lochs und zwitschert. Auch ein Eichh\u00f6rnchen hat das Loch entdeckt. Dann sammelte es eine Eichel und eine Haselnuss, aber danach hatte es wieder vergessen, wo das Loch sich befand, und die Amsel konnte bleiben, [&hellip;]<\/p>\n\t\t\t\t<\/div>\n\n\t\t\t\t\t\t\t\t\t<a href=\"https:\/\/www.verdichtet.at\/?p=12306#respond\" class=\"su-post-comments-link\">0 Kommentare<\/a>\n\t\t\t\t\n\t\t\t<\/div>\n\n\t\t\t\t\t\n\t\t\t\n\t\t\t<div id=\"su-post-10947\" class=\"su-post \">\n\n\t\t\t\t\n\t\t\t\t<h2 class=\"su-post-title\"><a href=\"https:\/\/www.verdichtet.at\/?p=10947\">Kollege Werner<\/a><\/h2>\n\n\t\t\t\t<div class=\"su-post-meta\">\n\t\t\t\t\tVer\u00f6ffentlicht: 16. M\u00e4rz 2020\t\t\t\t<\/div>\n\n\t\t\t\t<div class=\"su-post-excerpt\">\n\t\t\t\t\t<p>Kollege Werner kommt mit einem riesigen Hufeisenmagneten ins Gemeinschaftsb\u00fcro. Der Magnet ist so gro\u00df, dass ich mich wundere, dass Werner ihn tragen kann. Werner und ich waren noch nie Freunde. Nun kommt er auf meinen Arbeitsplatz zu und schreit: \u201eB\u00fchring, du Kollegenschwein, jetzt wirst du sehen, was du davon hast!\u201c Er versucht, den Hufeisenmagneten gegen [&hellip;]<\/p>\n\t\t\t\t<\/div>\n\n\t\t\t\t\t\t\t\t\t<a href=\"https:\/\/www.verdichtet.at\/?p=10947#respond\" class=\"su-post-comments-link\">0 Kommentare<\/a>\n\t\t\t\t\n\t\t\t<\/div>\n\n\t\t\t\t\t\n\t\t\t\n\t\t\t<div id=\"su-post-11099\" class=\"su-post \">\n\n\t\t\t\t\n\t\t\t\t<h2 class=\"su-post-title\"><a href=\"https:\/\/www.verdichtet.at\/?p=11099\">Geschichten, die das Leben speit \u2013 Bonustrack 2<\/a><\/h2>\n\n\t\t\t\t<div class=\"su-post-meta\">\n\t\t\t\t\tVer\u00f6ffentlicht: 10. April 2020\t\t\t\t<\/div>\n\n\t\t\t\t<div class=\"su-post-excerpt\">\n\t\t\t\t\t<p>Der Priester setzt nach der Predigt w\u00e4hrend des Hochamtes Folgendes auseinander: \u201cLiebe Kinder! Haben wir nun ein R\u00e4tsel. Wo ist die Heiligenfigur auf der Titelseite unseres Pfarrblattes zu finden, hm? Noch einmal: Wo gibt es hier in der Kirche dieses Foto zu sehen? Das ist unser heutiges R\u00e4tsel!\u201c Pl\u00f6tzlich erhebt sich eine junge Dame Mitte [&hellip;]<\/p>\n\t\t\t\t<\/div>\n\n\t\t\t\t\t\t\t\t\t<a href=\"https:\/\/www.verdichtet.at\/?p=11099#respond\" class=\"su-post-comments-link\">0 Kommentare<\/a>\n\t\t\t\t\n\t\t\t<\/div>\n\n\t\t\t\t\t\n\t\t\t\n\t\t\t<div id=\"su-post-11091\" class=\"su-post \">\n\n\t\t\t\t\n\t\t\t\t<h2 class=\"su-post-title\"><a href=\"https:\/\/www.verdichtet.at\/?p=11091\">Geschichten, die das Leben speit I \u2013 Wiener Altweibersommer<\/a><\/h2>\n\n\t\t\t\t<div class=\"su-post-meta\">\n\t\t\t\t\tVer\u00f6ffentlicht: 10. April 2020\t\t\t\t<\/div>\n\n\t\t\t\t<div class=\"su-post-excerpt\">\n\t\t\t\t\t<p>Esmeralda trug nicht nur einen extravagant famosen Namen, sondern nannte auch einen bet\u00f6rend sch\u00f6nen M\u00e4dchenk\u00f6rper und ebenso formidable Formen ihr Eigen. Es gebrach ihr nicht an atemberaubender Sch\u00f6nheit, ihre dunklen Locken fielen in wundersamen Wellen von ihrem Haupte herab. Esmeralda studierte in Wien und fand eine g\u00fcnstige Bleibe in der Inneren Stadt in der Basiliskengasse, [&hellip;]<\/p>\n\t\t\t\t<\/div>\n\n\t\t\t\t\t\t\t\t\t<a href=\"https:\/\/www.verdichtet.at\/?p=11091#respond\" class=\"su-post-comments-link\">0 Kommentare<\/a>\n\t\t\t\t\n\t\t\t<\/div>\n\n\t\t\t\t\t\n\t\t\t\n\t\t\t<div id=\"su-post-11093\" class=\"su-post \">\n\n\t\t\t\t\n\t\t\t\t<h2 class=\"su-post-title\"><a href=\"https:\/\/www.verdichtet.at\/?p=11093\">Geschichten, die das Leben speit II \u2013 Der Herr Nachbar<\/a><\/h2>\n\n\t\t\t\t<div class=\"su-post-meta\">\n\t\t\t\t\tVer\u00f6ffentlicht: 10. April 2020\t\t\t\t<\/div>\n\n\t\t\t\t<div class=\"su-post-excerpt\">\n\t\t\t\t\t<p>\u201eKomm heraus, Du Wolf! Heraus mit Dir!\u201c schrie der mit Anabolika bis oben hin vollgepumpte T\u00fcrstehernachbar und klopfte dabei mit beiden Hammerf\u00e4usten wie rasend an die d\u00fcnne Genossenschaftswohnungsau\u00dfent\u00fcr der zarten rothaarigen Physiotherapeutin Dorli. Dabei pumperte er wie ein Besessener v\u00f6llig irr h\u00e4mmernd an die d\u00fcnne Spanplattent\u00fcr mit wei\u00dfen Plastikfurnieren. \u201eHeraus, Du Wolf!\u201c Dorli war schockiert [&hellip;]<\/p>\n\t\t\t\t<\/div>\n\n\t\t\t\t\t\t\t\t\t<a href=\"https:\/\/www.verdichtet.at\/?p=11093#respond\" class=\"su-post-comments-link\">0 Kommentare<\/a>\n\t\t\t\t\n\t\t\t<\/div>\n\n\t\t\t\t\t\n\t\t\t\n\t\t\t<div id=\"su-post-10284\" class=\"su-post \">\n\n\t\t\t\t\n\t\t\t\t<h2 class=\"su-post-title\"><a href=\"https:\/\/www.verdichtet.at\/?p=10284\">Sedierung<\/a><\/h2>\n\n\t\t\t\t<div class=\"su-post-meta\">\n\t\t\t\t\tVer\u00f6ffentlicht: 11. Oktober 2019\t\t\t\t<\/div>\n\n\t\t\t\t<div class=\"su-post-excerpt\">\n\t\t\t\t\t<p>Kleiner wei\u00dfer Halbmond l\u00e4dt mich ein, Die T\u00fcr geht auf synthetische Ruhe, W\u00e4nde verschwimmen durch das Glas blicke ich ruhig auf die Au\u00dfenwelt, Hier spricht keiner Wei\u00dfe N\u00e4chte blicken herab Stunden ziehen vorbei bis das Glas zerbricht Florian Pfeffer www.verdichtet.at | Kategorie: schr\u00e4g &amp; abgedreht| Inventarnummer: 19121<\/p>\n\t\t\t\t<\/div>\n\n\t\t\t\t\t\t\t\t\t<a href=\"https:\/\/www.verdichtet.at\/?p=10284#respond\" class=\"su-post-comments-link\">0 Kommentare<\/a>\n\t\t\t\t\n\t\t\t<\/div>\n\n\t\t\t\t\t\n\t\t\t\n\t\t\t<div id=\"su-post-9999\" class=\"su-post \">\n\n\t\t\t\t\n\t\t\t\t<h2 class=\"su-post-title\"><a href=\"https:\/\/www.verdichtet.at\/?p=9999\">Unsch\u00e4rfe<\/a><\/h2>\n\n\t\t\t\t<div class=\"su-post-meta\">\n\t\t\t\t\tVer\u00f6ffentlicht: 5. August 2019\t\t\t\t<\/div>\n\n\t\t\t\t<div class=\"su-post-excerpt\">\n\t\t\t\t\t<p>Die Welt erkl\u00e4rt sich mir in mehr oder weniger gro\u00dfen farbigen Flecken. Der Himmel als zentrales Element, eine blassblaue, unregelm\u00e4\u00dfig runde gro\u00dfe Fl\u00e4che im Zentrum, mit wei\u00dfen Schlieren; beim Blick von unten flankiert von bewegten Arealen in verschiedenen Gr\u00fcnt\u00f6nen. Ich r\u00fchre mich nicht vom Fleck. In der Abendsonne hab ich mich so weit wegged\u00f6st. Mein [&hellip;]<\/p>\n\t\t\t\t<\/div>\n\n\t\t\t\t\t\t\t\t\t<a href=\"https:\/\/www.verdichtet.at\/?p=9999#respond\" class=\"su-post-comments-link\">0 Kommentare<\/a>\n\t\t\t\t\n\t\t\t<\/div>\n\n\t\t\t\t\t\n\t\t\t\n\t\t\t<div id=\"su-post-9489\" class=\"su-post \">\n\n\t\t\t\t\n\t\t\t\t<h2 class=\"su-post-title\"><a href=\"https:\/\/www.verdichtet.at\/?p=9489\">\u201eWeird aktuell\u201c<\/a><\/h2>\n\n\t\t\t\t<div class=\"su-post-meta\">\n\t\t\t\t\tVer\u00f6ffentlicht: 21. Februar 2019\t\t\t\t<\/div>\n\n\t\t\t\t<div class=\"su-post-excerpt\">\n\t\t\t\t\t<p>\u201eAuf einer Skala von 1 bis 10, als wie seltsam w\u00fcrden Sie sich einsch\u00e4tzen?\u201c, fragt die Beamtin in der Amtsstube. \u201e10 ist am h\u00f6chsten\u201c, setzt sie nach. \u201eIch w\u00fcrde mir eine Vier geben\u201c, sagt der Mann mittleren Alters. \u201eNa, dann lassen Sie mal h\u00f6ren, was Sie so tun!\u201c, fordert ihn die Beamtin auf. \u201eWissen Sie, [&hellip;]<\/p>\n\t\t\t\t<\/div>\n\n\t\t\t\t\t\t\t\t\t<a href=\"https:\/\/www.verdichtet.at\/?p=9489#respond\" class=\"su-post-comments-link\">0 Kommentare<\/a>\n\t\t\t\t\n\t\t\t<\/div>\n\n\t\t\t\t\t\n\t\t\t\n\t\t\t<div id=\"su-post-9453\" class=\"su-post \">\n\n\t\t\t\t\n\t\t\t\t<h2 class=\"su-post-title\"><a href=\"https:\/\/www.verdichtet.at\/?p=9453\">The Stars are Falling<\/a><\/h2>\n\n\t\t\t\t<div class=\"su-post-meta\">\n\t\t\t\t\tVer\u00f6ffentlicht: 10. Februar 2019\t\t\t\t<\/div>\n\n\t\t\t\t<div class=\"su-post-excerpt\">\n\t\t\t\t\t<p>Es ist Nacht, keine Wolken. Er sieht in den Himmel. Die Sterne sind n\u00e4her als sonst. F\u00fcnf Minuten sp\u00e4ter sind sie noch n\u00e4her und darum gr\u00f6\u00dfer. Nach weiteren f\u00fcnf Minuten haben sie sich noch st\u00e4rker angen\u00e4hert, jetzt sind sie ziemlich gro\u00df. Und in nochmals f\u00fcnf Minuten fallen sie auf die Erde. Wie Regen, nur nicht [&hellip;]<\/p>\n\t\t\t\t<\/div>\n\n\t\t\t\t\t\t\t\t\t<a href=\"https:\/\/www.verdichtet.at\/?p=9453#respond\" class=\"su-post-comments-link\">0 Kommentare<\/a>\n\t\t\t\t\n\t\t\t<\/div>\n\n\t\t\t\t\t\n\t\t\t\n\t\t\t<div id=\"su-post-9211\" class=\"su-post \">\n\n\t\t\t\t\n\t\t\t\t<h2 class=\"su-post-title\"><a href=\"https:\/\/www.verdichtet.at\/?p=9211\">Sprung in der Sch\u00fcssel<\/a><\/h2>\n\n\t\t\t\t<div class=\"su-post-meta\">\n\t\t\t\t\tVer\u00f6ffentlicht: 4. Januar 2019\t\t\t\t<\/div>\n\n\t\t\t\t<div class=\"su-post-excerpt\">\n\t\t\t\t\t<p>Ich habe einen Sprung in der Sch\u00fcssel, der Riss sucht einen Ausweg, kreuzt sich mit einem anderen Sprung, Sie werden zur tieferen Kerbe, Tiefer sickert Wasser hinein Ich habe geh\u00f6rt, es soll zu faulen beginnen Dem Warten zu entfliehen, Alles zu \u00fcberschwemmen, Bevor es zu schwer wird, rei\u00df ich es ab, Noah war nicht hier [&hellip;]<\/p>\n\t\t\t\t<\/div>\n\n\t\t\t\t\t\t\t\t\t<a href=\"https:\/\/www.verdichtet.at\/?p=9211#respond\" class=\"su-post-comments-link\">0 Kommentare<\/a>\n\t\t\t\t\n\t\t\t<\/div>\n\n\t\t\t\t\t\n\t\t\t\n\t\t\t<div id=\"su-post-6525\" class=\"su-post \">\n\n\t\t\t\t\n\t\t\t\t<h2 class=\"su-post-title\"><a href=\"https:\/\/www.verdichtet.at\/?p=6525\">Der Gammlicher Achter<\/a><\/h2>\n\n\t\t\t\t<div class=\"su-post-meta\">\n\t\t\t\t\tVer\u00f6ffentlicht: 18. Mai 2017\t\t\t\t<\/div>\n\n\t\t\t\t<div class=\"su-post-excerpt\">\n\t\t\t\t\t<p>Mein Name ist Dr. Igor Kushkurow und ich bin J\u00e4ger. Pr\u00e4zise gesagt bin ich der Schwarzrussische Staatsgro\u00dfmeister f\u00fcr die Bejagung von Kreaturen des Bodens und der Luft. Ich kann von dieser Arbeit zwar nicht leben, wenigstens nicht gut, doch ist meine Familie reich. Dieser Umstand, der es mir, nebenbei erw\u00e4hnt, erlaubt, meinen Passionen nachzugehen und [&hellip;]<\/p>\n\t\t\t\t<\/div>\n\n\t\t\t\t\t\t\t\t\t<a href=\"https:\/\/www.verdichtet.at\/?p=6525#respond\" class=\"su-post-comments-link\">0 Kommentare<\/a>\n\t\t\t\t\n\t\t\t<\/div>\n\n\t\t\t\t\t\n\t\t\t\n\t\t\t<div id=\"su-post-6523\" class=\"su-post \">\n\n\t\t\t\t\n\t\t\t\t<h2 class=\"su-post-title\"><a href=\"https:\/\/www.verdichtet.at\/?p=6523\">Ich bin peinlich rein<\/a><\/h2>\n\n\t\t\t\t<div class=\"su-post-meta\">\n\t\t\t\t\tVer\u00f6ffentlicht: 18. Mai 2017\t\t\t\t<\/div>\n\n\t\t\t\t<div class=\"su-post-excerpt\">\n\t\t\t\t\t<p>Ich bin achtundvierzig Jahre alt und Semiakademiker, was impliziert, dass ich mein Studium der Ausbreitungswissenschaften an der Staatlichen Schwarzrussischen Universit\u00e4t nicht zur G\u00e4nze, vielmehr zur H\u00e4lfte abgeschlossen habe, um pr\u00e4zise zu sein, ich lege n\u00e4mlich Wert auf Pr\u00e4zision, studierte ich die Ausbreitung der Schwarzrussischen Blaufelleber, eine, wie ich f\u00fcrwahr sagen darf, gr\u00e4ssliche, weil \u00fcberaus gef\u00e4hrliche [&hellip;]<\/p>\n\t\t\t\t<\/div>\n\n\t\t\t\t\t\t\t\t\t<a href=\"https:\/\/www.verdichtet.at\/?p=6523#respond\" class=\"su-post-comments-link\">0 Kommentare<\/a>\n\t\t\t\t\n\t\t\t<\/div>\n\n\t\t\t\t\t\n\t\t\t\n\t\t\t<div id=\"su-post-6011\" class=\"su-post \">\n\n\t\t\t\t\n\t\t\t\t<h2 class=\"su-post-title\"><a href=\"https:\/\/www.verdichtet.at\/?p=6011\">Grauskopf<\/a><\/h2>\n\n\t\t\t\t<div class=\"su-post-meta\">\n\t\t\t\t\tVer\u00f6ffentlicht: 1. Februar 2017\t\t\t\t<\/div>\n\n\t\t\t\t<div class=\"su-post-excerpt\">\n\t\t\t\t\t<p>Mein Name ist Dr. Igor Kushkurow und ich bin Professor f\u00fcr angewandte Kreativit\u00e4t an der Staatlichen Schwarzrussischen Universit\u00e4t. F\u00fcr gew\u00f6hnlich forsche ich zu Themen wie \u2018Die Vor- respektive Nachteile der bodennahen Haltung Schwarzrussischer Finkenb\u00e4rbiber in au\u00dfergew\u00f6hnlich gestalteten K\u00e4figen oder Gehegen\u2019, oder \u2018Wie hat der schwarzrussische Literaturbetrieb auf ein Buch zu reagieren, welches kein Wort enth\u00e4lt?\u2019. [&hellip;]<\/p>\n\t\t\t\t<\/div>\n\n\t\t\t\t\t\t\t\t\t<a href=\"https:\/\/www.verdichtet.at\/?p=6011#respond\" class=\"su-post-comments-link\">0 Kommentare<\/a>\n\t\t\t\t\n\t\t\t<\/div>\n\n\t\t\t\t\t\n\t\t\t\n\t\t\t<div id=\"su-post-5837\" class=\"su-post \">\n\n\t\t\t\t\n\t\t\t\t<h2 class=\"su-post-title\"><a href=\"https:\/\/www.verdichtet.at\/?p=5837\">Rutschende<\/a><\/h2>\n\n\t\t\t\t<div class=\"su-post-meta\">\n\t\t\t\t\tVer\u00f6ffentlicht: 8. Januar 2017\t\t\t\t<\/div>\n\n\t\t\t\t<div class=\"su-post-excerpt\">\n\t\t\t\t\t<p>Langsam, habe ihn gefunden, zwischen Wei\u00df und Rosa, Jesus ist dort, er steht \u00fcber mir, nimmt mir die Angst, dann l\u00e4sst er mich alleine, schwitzend mit L\u00f6chern im Horizont, die Zeilen schwimmen in der Suppe, wo die Muskeln Partys feiern In der Nacht scheint Licht herab, und ich lache und rutsche hinunter, ein Tunnel voll [&hellip;]<\/p>\n\t\t\t\t<\/div>\n\n\t\t\t\t\t\t\t\t\t<a href=\"https:\/\/www.verdichtet.at\/?p=5837#respond\" class=\"su-post-comments-link\">0 Kommentare<\/a>\n\t\t\t\t\n\t\t\t<\/div>\n\n\t\t\t\t\t\n\t\t\t\n\t\t\t<div id=\"su-post-5231\" class=\"su-post \">\n\n\t\t\t\t\n\t\t\t\t<h2 class=\"su-post-title\"><a href=\"https:\/\/www.verdichtet.at\/?p=5231\">Ich treibe Schabernack<\/a><\/h2>\n\n\t\t\t\t<div class=\"su-post-meta\">\n\t\t\t\t\tVer\u00f6ffentlicht: 13. Oktober 2016\t\t\t\t<\/div>\n\n\t\t\t\t<div class=\"su-post-excerpt\">\n\t\t\t\t\t<p>Ich gebe es zu: Mir ist der Drang, Schabernack zu treiben, immanent. Bereits in meinen ersten Lebensjahren konnte ich nicht anders, ich musste Schabernack treiben. Ich wurde vor dreiundvierzig Jahren, acht Monaten und f\u00fcnf Tagen in Schwarzrussland geboren. In Petrovsklam, um pr\u00e4zise zu sein. Meine Familie war reich, heute ist sie das immer noch, mein [&hellip;]<\/p>\n\t\t\t\t<\/div>\n\n\t\t\t\t\t\t\t\t\t<a href=\"https:\/\/www.verdichtet.at\/?p=5231#respond\" class=\"su-post-comments-link\">0 Kommentare<\/a>\n\t\t\t\t\n\t\t\t<\/div>\n\n\t\t\t\t\t\n\t\t\t\n\t\t\t<div id=\"su-post-2552\" class=\"su-post \">\n\n\t\t\t\t\n\t\t\t\t<h2 class=\"su-post-title\"><a href=\"https:\/\/www.verdichtet.at\/?p=2552\">Alois in Ordnung?<\/a><\/h2>\n\n\t\t\t\t<div class=\"su-post-meta\">\n\t\t\t\t\tVer\u00f6ffentlicht: 4. Mai 2015\t\t\t\t<\/div>\n\n\t\t\t\t<div class=\"su-post-excerpt\">\n\t\t\t\t\t<p>Tiburtius hat heute Namenstag. Woher ich das wei\u00df? Steht im Kalender. Morgen ist Waltmann f\u00e4llig. Steht auch im Kalender. Namen gibt es\u2026 Etwa Dankwart oder Eustachius. Schraubt sich einem bei ersterem der Geruch von Autopolitur und Benzin in die Nase, sp\u00fcrt man bei Nennung des zweiten irgendwas Spitziges in den Ohren stochern. Zinelda klingt nach [&hellip;]<\/p>\n\t\t\t\t<\/div>\n\n\t\t\t\t\t\t\t\t\t<a href=\"https:\/\/www.verdichtet.at\/?p=2552#respond\" class=\"su-post-comments-link\">0 Kommentare<\/a>\n\t\t\t\t\n\t\t\t<\/div>\n\n\t\t\t\t\t\n\t\t\t\n\t\t\t<div id=\"su-post-2588\" class=\"su-post \">\n\n\t\t\t\t\n\t\t\t\t<h2 class=\"su-post-title\"><a href=\"https:\/\/www.verdichtet.at\/?p=2588\">Yuna<\/a><\/h2>\n\n\t\t\t\t<div class=\"su-post-meta\">\n\t\t\t\t\tVer\u00f6ffentlicht: 16. Mai 2015\t\t\t\t<\/div>\n\n\t\t\t\t<div class=\"su-post-excerpt\">\n\t\t\t\t\t<p>Ich muss mich gerade daran erinnern, als ich sie das erste Mal sah. Damals stand sie in Form einer Tomatenstaude in meinem Garten. Ich wunderte mich, denn ich hatte in meinem Garten eigentlich keine Tomatenstauden gepflanzt. Als ich trotzdem eine Tomate pfl\u00fccken wollte, schrie sie mich an, es sei nicht gerade freundlich, ohne zu fragen, [&hellip;]<\/p>\n\t\t\t\t<\/div>\n\n\t\t\t\t\t\t\t\t\t<a href=\"https:\/\/www.verdichtet.at\/?p=2588#respond\" class=\"su-post-comments-link\">0 Kommentare<\/a>\n\t\t\t\t\n\t\t\t<\/div>\n\n\t\t\t\t\t\n\t\t\t\n\t\t\t<div id=\"su-post-2341\" class=\"su-post \">\n\n\t\t\t\t\n\t\t\t\t<h2 class=\"su-post-title\"><a href=\"https:\/\/www.verdichtet.at\/?p=2341\">Naives Tagebuch: Wiener Sud<\/a><\/h2>\n\n\t\t\t\t<div class=\"su-post-meta\">\n\t\t\t\t\tVer\u00f6ffentlicht: 23. M\u00e4rz 2015\t\t\t\t<\/div>\n\n\t\t\t\t<div class=\"su-post-excerpt\">\n\t\t\t\t\t<p>Naives Tagebuch, eine wilde und doch plausible Theorie, die mir viele schlaflose N\u00e4chte bereitet hatte und die es jetzt zu beweisen gilt, hat mich nach Wien gef\u00fchrt. Dort sitze ich jetzt im Caf\u00e9 eines namhaften Hotels und warte auf einen fachkundigen Kellner, der mir wom\u00f6glich weiterhelfen kann. Nach einer schier endlosen und sehr emotionalen Diskussion [&hellip;]<\/p>\n\t\t\t\t<\/div>\n\n\t\t\t\t\t\t\t\t\t<a href=\"https:\/\/www.verdichtet.at\/?p=2341#respond\" class=\"su-post-comments-link\">0 Kommentare<\/a>\n\t\t\t\t\n\t\t\t<\/div>\n\n\t\t\t\t\t\n\t\t\t\n\t\t\t<div id=\"su-post-2225\" class=\"su-post \">\n\n\t\t\t\t\n\t\t\t\t<h2 class=\"su-post-title\"><a href=\"https:\/\/www.verdichtet.at\/?p=2225\">Schleim \u2013 eine Ehrenrettung<\/a><\/h2>\n\n\t\t\t\t<div class=\"su-post-meta\">\n\t\t\t\t\tVer\u00f6ffentlicht: 15. Februar 2015\t\t\t\t<\/div>\n\n\t\t\t\t<div class=\"su-post-excerpt\">\n\t\t\t\t\t<p>Der Schleim ist \u00fcblicherweise negativ besetzt. Eklig, grauslich, unhygienisch, krankhaft und so weiter. Die schleimigen Tiere (Fische, Schnecken, Maden, Molche etc.) m\u00f6gen wir genauso wenig wie die \u201eschleimigen\u201c Menschentypen. Unangenehme Menschen \u201eschleimen sich aus \u2013 oder ein\u201c. Brrrr, wie ekelhaft. Dabei ist Schleim der Ursprung unseres Lebens, ein Gottes-Geschenk, ein Labsal, etwas Herrliches und K\u00f6stliches, [&hellip;]<\/p>\n\t\t\t\t<\/div>\n\n\t\t\t\t\t\t\t\t\t<a href=\"https:\/\/www.verdichtet.at\/?p=2225#respond\" class=\"su-post-comments-link\">0 Kommentare<\/a>\n\t\t\t\t\n\t\t\t<\/div>\n\n\t\t\t\t\t\n\t\t\t\n\t\t\t<div id=\"su-post-2176\" class=\"su-post \">\n\n\t\t\t\t\n\t\t\t\t<h2 class=\"su-post-title\"><a href=\"https:\/\/www.verdichtet.at\/?p=2176\">Neulich im Heldenb\u00fcro<\/a><\/h2>\n\n\t\t\t\t<div class=\"su-post-meta\">\n\t\t\t\t\tVer\u00f6ffentlicht: 31. Januar 2015\t\t\t\t<\/div>\n\n\t\t\t\t<div class=\"su-post-excerpt\">\n\t\t\t\t\t<p>Da sa\u00dfen sie wieder, die beiden Kollegen, zwei gestandene Mannsbilder, und hatten recht wenig zu tun. Das war kein Wunder und hatte mit der Entstehungsgeschichte ihres Arbeitsplatzes zu tun. Ihre Abteilung war gegr\u00fcndet worden, als das Heldentum grassierte, die Vorkommnisse diesbez\u00fcglich un\u00fcberschaubar geworden waren und die Sehnsucht nach Ordnung im Heroen-Chaos \u00fcbergro\u00df. Angefangen hatte alles [&hellip;]<\/p>\n\t\t\t\t<\/div>\n\n\t\t\t\t\t\t\t\t\t<a href=\"https:\/\/www.verdichtet.at\/?p=2176#respond\" class=\"su-post-comments-link\">0 Kommentare<\/a>\n\t\t\t\t\n\t\t\t<\/div>\n\n\t\t\t\t\t\n\t\t\t\n\t\t\t<div id=\"su-post-2082\" class=\"su-post \">\n\n\t\t\t\t\n\t\t\t\t<h2 class=\"su-post-title\"><a href=\"https:\/\/www.verdichtet.at\/?p=2082\">Mich gibt\u2019s noch nicht<\/a><\/h2>\n\n\t\t\t\t<div class=\"su-post-meta\">\n\t\t\t\t\tVer\u00f6ffentlicht: 10. Januar 2015\t\t\t\t<\/div>\n\n\t\t\t\t<div class=\"su-post-excerpt\">\n\t\t\t\t\t<p>Ich hab mir in letzter Zeit schon ein paar Mal \u00fcberlegt wieder einzusteigen da unten \u2013 aber jedesmal, wenn ich mir meine potenziellen Eltern anschau\u2019, vergeht mir die Lust auf eine neue Reinkarnation. Ich wei\u00df, das ist nicht richtig, ganz abgesehen davon, dass nur Paradies irgendwann auch fad wird: S\u00fcnden sind tabu \u2013 dabei w\u00e4r\u2019 [&hellip;]<\/p>\n\t\t\t\t<\/div>\n\n\t\t\t\t\t\t\t\t\t<a href=\"https:\/\/www.verdichtet.at\/?p=2082#respond\" class=\"su-post-comments-link\">0 Kommentare<\/a>\n\t\t\t\t\n\t\t\t<\/div>\n\n\t\t\t\t\t\n\t\t\t\n\t\t\t<div id=\"su-post-1991\" class=\"su-post \">\n\n\t\t\t\t\n\t\t\t\t<h2 class=\"su-post-title\"><a href=\"https:\/\/www.verdichtet.at\/?p=1991\">Seltsame Geschichte<\/a><\/h2>\n\n\t\t\t\t<div class=\"su-post-meta\">\n\t\t\t\t\tVer\u00f6ffentlicht: 5. Januar 2015\t\t\t\t<\/div>\n\n\t\t\t\t<div class=\"su-post-excerpt\">\n\t\t\t\t\t<p>Wir k\u00f6nnen nicht einfach dar\u00fcber hinwegsehen: Es geht in dieser \u00e4u\u00dferst seltsamen Geschichte um keine Diskussion, keine Auseinandersetzung \u2013 es handelt sich hier um Krieg! Es ist ein Kampf der Geschlechter und der Generationen, um Vormachtstellung, eine brutale Konfrontation der Charaktere, ein w\u00fcrdeloses Aufeinanderprallen von Gro\u00df und Klein, Schwarz und Rot. Wir halten uns selbst [&hellip;]<\/p>\n\t\t\t\t<\/div>\n\n\t\t\t\t\t\t\t\t\t<a href=\"https:\/\/www.verdichtet.at\/?p=1991#respond\" class=\"su-post-comments-link\">0 Kommentare<\/a>\n\t\t\t\t\n\t\t\t<\/div>\n\n\t\t\t\t\t\n\t\t\t\n\t\t\t<div id=\"su-post-1647\" class=\"su-post \">\n\n\t\t\t\t\n\t\t\t\t<h2 class=\"su-post-title\"><a href=\"https:\/\/www.verdichtet.at\/?p=1647\">Reflexionen in der U-Bahn<\/a><\/h2>\n\n\t\t\t\t<div class=\"su-post-meta\">\n\t\t\t\t\tVer\u00f6ffentlicht: 26. August 2014\t\t\t\t<\/div>\n\n\t\t\t\t<div class=\"su-post-excerpt\">\n\t\t\t\t\t<p>Er mag sie ja alle, die Dicken, die D\u00fcnnen, sogar die, die so aufdringlich riechen. Ihm macht es nichts, wenn sie fluchen, meckern, sich zieren und unm\u00f6glich benehmen. Ob die Frau da dr\u00fcben wirklich meint, was sie sagt? Er ist ihr nicht b\u00f6se, und wenn sie noch so Herzloses von sich gibt. Eigentlich versteht er [&hellip;]<\/p>\n\t\t\t\t<\/div>\n\n\t\t\t\t\t\t\t\t\t<a href=\"https:\/\/www.verdichtet.at\/?p=1647#respond\" class=\"su-post-comments-link\">0 Kommentare<\/a>\n\t\t\t\t\n\t\t\t<\/div>\n\n\t\t\t\t\t\n\t\t\t\n\t\t\t<div id=\"su-post-1323\" class=\"su-post \">\n\n\t\t\t\t\n\t\t\t\t<h2 class=\"su-post-title\"><a href=\"https:\/\/www.verdichtet.at\/?p=1323\">Ein Landschaftsportr\u00e4t mit Umlaut-a am Schluss<\/a><\/h2>\n\n\t\t\t\t<div class=\"su-post-meta\">\n\t\t\t\t\tVer\u00f6ffentlicht: 22. April 2014\t\t\t\t<\/div>\n\n\t\t\t\t<div class=\"su-post-excerpt\">\n\t\t\t\t\t<p>Am Anfang, am Anfang war da nur dieser eine Strich. Kein gerader Strich, nicht mit dem Lineal gezogen oder die lange Seite eines Geodreiecks entlang und in seine Uniform geschleift, der Strich war ganz freiwillig, freih\u00e4ndig passiert. Niemand hatte ihn dazu gezwungen, zu werden, was er war, nicht der abgenagte Kugelschreiber in meiner Hand und [&hellip;]<\/p>\n\t\t\t\t<\/div>\n\n\t\t\t\t\t\t\t\t\t<a href=\"https:\/\/www.verdichtet.at\/?p=1323#respond\" class=\"su-post-comments-link\">0 Kommentare<\/a>\n\t\t\t\t\n\t\t\t<\/div>\n\n\t\t\t\t\t\n\t\t\t\n\t\t\t<div id=\"su-post-753\" class=\"su-post \">\n\n\t\t\t\t\n\t\t\t\t<h2 class=\"su-post-title\"><a href=\"https:\/\/www.verdichtet.at\/?p=753\">Erkl\u00e4rung des Versicherungsnehmers zum Beratungsgespr\u00e4ch<\/a><\/h2>\n\n\t\t\t\t<div class=\"su-post-meta\">\n\t\t\t\t\tVer\u00f6ffentlicht: 10. Januar 2014\t\t\t\t<\/div>\n\n\t\t\t\t<div class=\"su-post-excerpt\">\n\t\t\t\t\t<p>Pulsierend. Wie ein Herz geformt wie ein Hirn. Schwarz lackiert, gewachst, und auf Hochglanz. Glatt, glatt wie fl\u00fcssig. Darauf wei\u00dfe Balken, die gebogen das Gegenlicht spiegeln, auf den Windungen von dem Herz, das ein Hirn formt. Als w\u00fcrde es leuchten von hinter mir, als w\u00fcrde mein Schatten mir fehlen. Wenn ich das bin \u00fcberhaupt, der [&hellip;]<\/p>\n\t\t\t\t<\/div>\n\n\t\t\t\t\t\t\t\t\t<a href=\"https:\/\/www.verdichtet.at\/?p=753#respond\" class=\"su-post-comments-link\">0 Kommentare<\/a>\n\t\t\t\t\n\t\t\t<\/div>\n\n\t\t\t\t\t\n\t\t\t\n\t\t\t<div id=\"su-post-749\" class=\"su-post \">\n\n\t\t\t\t\n\t\t\t\t<h2 class=\"su-post-title\"><a href=\"https:\/\/www.verdichtet.at\/?p=749\">Wie mit den Fisolen<\/a><\/h2>\n\n\t\t\t\t<div class=\"su-post-meta\">\n\t\t\t\t\tVer\u00f6ffentlicht: 10. Januar 2014\t\t\t\t<\/div>\n\n\t\t\t\t<div class=\"su-post-excerpt\">\n\t\t\t\t\t<p>\u201eKnackiges Gem\u00fcse\u201c, sagt der komische Mann vor dem Tiefk\u00fchlger\u00e4t, \u201eKnackigstes Gem\u00fcse. Nicht nur knackig, nein, knackigst. Der Unterschied, fragen Sie? Ganz einfach. Knackig: Knackigst: Steigerungsform. Wie stark, st\u00e4rker, am st\u00e4rksten, einfach Grammatik nur. Das w\u00e4r\u2019, passen Sie auf: knackig, knackiger, am knackigsten, aber das verkauft sich halt nicht so gut. \u201eAm knackigsten\u201c? Nein. Zwei W\u00f6rter [&hellip;]<\/p>\n\t\t\t\t<\/div>\n\n\t\t\t\t\t\t\t\t\t<a href=\"https:\/\/www.verdichtet.at\/?p=749#respond\" class=\"su-post-comments-link\">0 Kommentare<\/a>\n\t\t\t\t\n\t\t\t<\/div>\n\n\t\t\t\t\t\n\t\t\t\n\t\t\t<div id=\"su-post-226\" class=\"su-post \">\n\n\t\t\t\t\n\t\t\t\t<h2 class=\"su-post-title\"><a href=\"https:\/\/www.verdichtet.at\/?p=226\">verstrickt &#038; aufgetrennt<\/a><\/h2>\n\n\t\t\t\t<div class=\"su-post-meta\">\n\t\t\t\t\tVer\u00f6ffentlicht: 29. November 2013\t\t\t\t<\/div>\n\n\t\t\t\t<div class=\"su-post-excerpt\">\n\t\t\t\t\t<p>ich hab mich so verstrickt in dich du hast forsch und unerschrocken alle meine maschen auf einmal angeschlagen und unterwegs beharrlich zus\u00e4tzliche aufgenommen sogar die verschr\u00e4nkten zun\u00e4chst einmal nur glattgestrickt danach auch verkehrt, rechts und links und sp\u00e4ter mit viel phantasie sogar lochmuster fabriziert sag, magst du nicht einmal einen umschlag riskieren ja, genau hier [&hellip;]<\/p>\n\t\t\t\t<\/div>\n\n\t\t\t\t\t\t\t\t\t<a href=\"https:\/\/www.verdichtet.at\/?p=226#comments\" class=\"su-post-comments-link\">2 comments<\/a>\n\t\t\t\t\n\t\t\t<\/div>\n\n\t\t\t\t\t\n\t\t\t\n\t\t\t<div id=\"su-post-246\" class=\"su-post \">\n\n\t\t\t\t\n\t\t\t\t<h2 class=\"su-post-title\"><a href=\"https:\/\/www.verdichtet.at\/?p=246\">Ende einer Korrektorin<\/a><\/h2>\n\n\t\t\t\t<div class=\"su-post-meta\">\n\t\t\t\t\tVer\u00f6ffentlicht: 27. November 2013\t\t\t\t<\/div>\n\n\t\t\t\t<div class=\"su-post-excerpt\">\n\t\t\t\t\t<p>Ein wenig verr\u00fcckt war sie immer schon, zumindest seit ich sie kannte. Manchmal war es nicht ganz so leicht, ihr zu folgen, im wortw\u00f6rtlichen wie im \u00fcbertragenen Sinn. Ihr Schritt war flott, forsch, fordernd. Und ihre Worte waren es auch. Sie lie\u00df nichts Ungef\u00e4hres gelten, schwammig Formuliertes war ihr ein Graus. Warum sie mit mir [&hellip;]<\/p>\n\t\t\t\t<\/div>\n\n\t\t\t\t\t\t\t\t\t<a href=\"https:\/\/www.verdichtet.at\/?p=246#respond\" class=\"su-post-comments-link\">0 Kommentare<\/a>\n\t\t\t\t\n\t\t\t<\/div>\n\n\t\t\t\t\t\n\t\t\t\n\t\t\t<div id=\"su-post-251\" class=\"su-post \">\n\n\t\t\t\t\n\t\t\t\t<h2 class=\"su-post-title\"><a href=\"https:\/\/www.verdichtet.at\/?p=251\">Ihr Gespr\u00e4chspartner wurde ausgeloggt<\/a><\/h2>\n\n\t\t\t\t<div class=\"su-post-meta\">\n\t\t\t\t\tVer\u00f6ffentlicht: 27. November 2013\t\t\t\t<\/div>\n\n\t\t\t\t<div class=\"su-post-excerpt\">\n\t\t\t\t\t<p>Klick! Mich! An! schrie es ihm von der Webseite entgegen. Mann, war ihm langweilig. Wo war er da nur gelandet? Ein Dienst, der \u201espannende\u00a0 Unterhaltungen mit interessanten Menschen\u201c versprach, versuchte offensichtlich, ihn dazu zu animieren, nach einer besser kurzen als langen Weile eine kostenpflichtige Telefonnummer anzurufen. Darauf w\u00fcrde er, Philologe, Philosoph und Intellektueller, sicher nicht [&hellip;]<\/p>\n\t\t\t\t<\/div>\n\n\t\t\t\t\t\t\t\t\t<a href=\"https:\/\/www.verdichtet.at\/?p=251#respond\" class=\"su-post-comments-link\">0 Kommentare<\/a>\n\t\t\t\t\n\t\t\t<\/div>\n\n\t\t\t\t\t\n\t\t\t\n\t\t\t<div id=\"su-post-190\" class=\"su-post \">\n\n\t\t\t\t\n\t\t\t\t<h2 class=\"su-post-title\"><a href=\"https:\/\/www.verdichtet.at\/?p=190\">Warum f\u00fctterst du mich mit Schokolade?<\/a><\/h2>\n\n\t\t\t\t<div class=\"su-post-meta\">\n\t\t\t\t\tVer\u00f6ffentlicht: 29. November 2013\t\t\t\t<\/div>\n\n\t\t\t\t<div class=\"su-post-excerpt\">\n\t\t\t\t\t<p>Warum f\u00fctterst du mich mit Schokolade? Das hatte sie nur am Anfang gefragt, inzwischen stellte sie die Frage nicht mehr. Damals war sie es nicht gewohnt gewesen, dass jemand lieb zu ihr war, Spa\u00df daran hatte, sie zu verw\u00f6hnen. Als er sie gefunden hatte \u2013 und er musste zugeben, dass er aktiv gesucht hatte, und [&hellip;]<\/p>\n\t\t\t\t<\/div>\n\n\t\t\t\t\t\t\t\t\t<a href=\"https:\/\/www.verdichtet.at\/?p=190#respond\" class=\"su-post-comments-link\">0 Kommentare<\/a>\n\t\t\t\t\n\t\t\t<\/div>\n\n\t\t\n\t\n<\/div>\n\n","protected":false},"excerpt":{"rendered":"","protected":false},"author":4,"featured_media":0,"parent":405,"menu_order":0,"comment_status":"closed","ping_status":"closed","template":"","meta":{"footnotes":""},"class_list":["post-426","page","type-page","status-publish","hentry"],"_links":{"self":[{"href":"https:\/\/www.verdichtet.at\/index.php?rest_route=\/wp\/v2\/pages\/426","targetHints":{"allow":["GET"]}}],"collection":[{"href":"https:\/\/www.verdichtet.at\/index.php?rest_route=\/wp\/v2\/pages"}],"about":[{"href":"https:\/\/www.verdichtet.at\/index.php?rest_route=\/wp\/v2\/types\/page"}],"author":[{"embeddable":true,"href":"https:\/\/www.verdichtet.at\/index.php?rest_route=\/wp\/v2\/users\/4"}],"replies":[{"embeddable":true,"href":"https:\/\/www.verdichtet.at\/index.php?rest_route=%2Fwp%2Fv2%2Fcomments&post=426"}],"version-history":[{"count":2,"href":"https:\/\/www.verdichtet.at\/index.php?rest_route=\/wp\/v2\/pages\/426\/revisions"}],"predecessor-version":[{"id":1636,"href":"https:\/\/www.verdichtet.at\/index.php?rest_route=\/wp\/v2\/pages\/426\/revisions\/1636"}],"up":[{"embeddable":true,"href":"https:\/\/www.verdichtet.at\/index.php?rest_route=\/wp\/v2\/pages\/405"}],"wp:attachment":[{"href":"https:\/\/www.verdichtet.at\/index.php?rest_route=%2Fwp%2Fv2%2Fmedia&parent=426"}],"curies":[{"name":"wp","href":"https:\/\/api.w.org\/{rel}","templated":true}]}}