{"id":422,"date":"2013-11-28T18:47:23","date_gmt":"2013-11-28T18:47:23","guid":{"rendered":"http:\/\/www.verdichtet.at\/?page_id=422"},"modified":"2015-08-29T08:05:14","modified_gmt":"2015-08-29T08:05:14","slug":"kleinode-nicht-nur-an-die-freude","status":"publish","type":"page","link":"https:\/\/www.verdichtet.at\/?page_id=422","title":{"rendered":"Kleinode &#8211; nicht nur an die Freude"},"content":{"rendered":"<div class=\"pdfprnt-buttons pdfprnt-buttons-page pdfprnt-top-right\"><a href=\"https:\/\/www.verdichtet.at\/index.php?rest_route=wpv2pages422&print=pdf\" class=\"pdfprnt-button pdfprnt-button-pdf\" target=\"_blank\"><\/a><a href=\"https:\/\/www.verdichtet.at\/index.php?rest_route=wpv2pages422&print=print\" class=\"pdfprnt-button pdfprnt-button-print\" target=\"_blank\"><\/a><\/div>\n\n<div class=\"su-posts su-posts-default-loop \">\n\n\t\n\t\t\t\t\t\n\t\t\t\n\t\t\t<div id=\"su-post-19463\" class=\"su-post \">\n\n\t\t\t\t\n\t\t\t\t<h2 class=\"su-post-title\"><a href=\"https:\/\/www.verdichtet.at\/?p=19463\">Sehnsuchtsvoll<\/a><\/h2>\n\n\t\t\t\t<div class=\"su-post-meta\">\n\t\t\t\t\tVer\u00f6ffentlicht: 30. Januar 2025\t\t\t\t<\/div>\n\n\t\t\t\t<div class=\"su-post-excerpt\">\n\t\t\t\t\t<p>So oft hab ich dein Haar gek\u00fcsst die raue Wange zart gestrichen Und d\u00e4cht, wenn ich\u2019s nicht besser w\u00fcsst du w\u00e4rst grad durchs Haus geschlichen Leis folg ich deiner Bl\u00fctenspur betrink mich an vertrautem Duft Lausch deinem Klang in Raum und Flur und wieg mich sanft im Tanz der Luft bis meine Angst gewichen Claudia [&hellip;]<\/p>\n\t\t\t\t<\/div>\n\n\t\t\t\t\t\t\t\t\t<a href=\"https:\/\/www.verdichtet.at\/?p=19463#respond\" class=\"su-post-comments-link\">0 Kommentare<\/a>\n\t\t\t\t\n\t\t\t<\/div>\n\n\t\t\t\t\t\n\t\t\t\n\t\t\t<div id=\"su-post-19904\" class=\"su-post \">\n\n\t\t\t\t\n\t\t\t\t<h2 class=\"su-post-title\"><a href=\"https:\/\/www.verdichtet.at\/?p=19904\">Neues Licht<\/a><\/h2>\n\n\t\t\t\t<div class=\"su-post-meta\">\n\t\t\t\t\tVer\u00f6ffentlicht: 23. April 2025\t\t\t\t<\/div>\n\n\t\t\t\t<div class=\"su-post-excerpt\">\n\t\t\t\t\t<p>Im Ertr\u00e4umen von neuen R\u00e4umen hast du die Liebe neu erdacht, die in den Spuren deiner Worte in meinem Herzen sich entfacht. Und das Erlebte, dicht an dicht, reinkarniert im neuen Licht. Dehnt sich aus \u00fcber Zukunftsgel\u00e4nde und macht es vertraut, bis zum Ende. Claudia L\u00fcer Informationen zu Ver\u00f6ffentlichungen und Buchbestellungen www.verdichtet.at |\u00a0Kategorie: Kleinode &#8211; [&hellip;]<\/p>\n\t\t\t\t<\/div>\n\n\t\t\t\t\t\t\t\t\t<a href=\"https:\/\/www.verdichtet.at\/?p=19904#respond\" class=\"su-post-comments-link\">0 Kommentare<\/a>\n\t\t\t\t\n\t\t\t<\/div>\n\n\t\t\t\t\t\n\t\t\t\n\t\t\t<div id=\"su-post-21322\" class=\"su-post \">\n\n\t\t\t\t\n\t\t\t\t<h2 class=\"su-post-title\"><a href=\"https:\/\/www.verdichtet.at\/?p=21322\">Dreaming<\/a><\/h2>\n\n\t\t\t\t<div class=\"su-post-meta\">\n\t\t\t\t\tVer\u00f6ffentlicht: 16. November 2025\t\t\t\t<\/div>\n\n\t\t\t\t<div class=\"su-post-excerpt\">\n\t\t\t\t\t<p>Ich tr\u00e4umte, ich ging durch einen dunklen Gang und kam nie an. Dann wachte ich auf, und vor mir lag der dunkle Gang. Johannes Tosin (Text und Foto) www.verdichtet.at | Kategorie: Kleinode &#8211; nicht nur an die Freude | Inventarnummer: 26015<\/p>\n\t\t\t\t<\/div>\n\n\t\t\t\t\t\t\t\t\t<a href=\"https:\/\/www.verdichtet.at\/?p=21322#respond\" class=\"su-post-comments-link\">0 Kommentare<\/a>\n\t\t\t\t\n\t\t\t<\/div>\n\n\t\t\t\t\t\n\t\t\t\n\t\t\t<div id=\"su-post-21283\" class=\"su-post \">\n\n\t\t\t\t\n\t\t\t\t<h2 class=\"su-post-title\"><a href=\"https:\/\/www.verdichtet.at\/?p=21283\">Augenblick<\/a><\/h2>\n\n\t\t\t\t<div class=\"su-post-meta\">\n\t\t\t\t\tVer\u00f6ffentlicht: 10. November 2025\t\t\t\t<\/div>\n\n\t\t\t\t<div class=\"su-post-excerpt\">\n\t\t\t\t\t<p>Du liegst im taunassen Gras und schlie\u00dft die Augen. Es ist der perfekte Ort, um zu sterben. Es ist die perfekte Zeit, um zu sterben. Du willst die Augen wieder \u00f6ffnen, aber es geht nicht mehr. Johannes Tosin (Text und Foto) www.verdichtet.at | Kategorie: Kleinode &#8211; nicht nur an die Freude | Inventarnummer: 26013<\/p>\n\t\t\t\t<\/div>\n\n\t\t\t\t\t\t\t\t\t<a href=\"https:\/\/www.verdichtet.at\/?p=21283#respond\" class=\"su-post-comments-link\">0 Kommentare<\/a>\n\t\t\t\t\n\t\t\t<\/div>\n\n\t\t\t\t\t\n\t\t\t\n\t\t\t<div id=\"su-post-21328\" class=\"su-post \">\n\n\t\t\t\t\n\t\t\t\t<h2 class=\"su-post-title\"><a href=\"https:\/\/www.verdichtet.at\/?p=21328\">Die kalte Sonne<\/a><\/h2>\n\n\t\t\t\t<div class=\"su-post-meta\">\n\t\t\t\t\tVer\u00f6ffentlicht: 16. November 2025\t\t\t\t<\/div>\n\n\t\t\t\t<div class=\"su-post-excerpt\">\n\t\t\t\t\t<p>Die Sonne scheint, aber es ist kalt zu Beginn des Februars. Sie ist die kalte Sonne. Als ob sie das Eis wachsen lie\u00dfe und den Schnee konservierte. Johannes Tosin (Text und Foto) www.verdichtet.at | Kategorie: Kleinode &#8211; nicht nur an die Freude | Inventarnummer: 26016<\/p>\n\t\t\t\t<\/div>\n\n\t\t\t\t\t\t\t\t\t<a href=\"https:\/\/www.verdichtet.at\/?p=21328#respond\" class=\"su-post-comments-link\">0 Kommentare<\/a>\n\t\t\t\t\n\t\t\t<\/div>\n\n\t\t\t\t\t\n\t\t\t\n\t\t\t<div id=\"su-post-21604\" class=\"su-post \">\n\n\t\t\t\t\n\t\t\t\t<h2 class=\"su-post-title\"><a href=\"https:\/\/www.verdichtet.at\/?p=21604\">Fisch-Haiku<\/a><\/h2>\n\n\t\t\t\t<div class=\"su-post-meta\">\n\t\t\t\t\tVer\u00f6ffentlicht: 22. Dezember 2025\t\t\t\t<\/div>\n\n\t\t\t\t<div class=\"su-post-excerpt\">\n\t\t\t\t\t<p>Magere Fische ein aufeinander Hocken Knochen an Knochen &nbsp; Tim Tensfeld https:\/\/www.autorenwelt.de\/person\/tim-tensfeld https:\/\/www.literaturport.de\/lexikon\/tim-tensfeld www.verdichtet.at |\u00a0Kategorie: Kleinode &#8211; nicht nur an die Freude | Inventarnummer: 26035<\/p>\n\t\t\t\t<\/div>\n\n\t\t\t\t\t\t\t\t\t<a href=\"https:\/\/www.verdichtet.at\/?p=21604#respond\" class=\"su-post-comments-link\">0 Kommentare<\/a>\n\t\t\t\t\n\t\t\t<\/div>\n\n\t\t\t\t\t\n\t\t\t\n\t\t\t<div id=\"su-post-21602\" class=\"su-post \">\n\n\t\t\t\t\n\t\t\t\t<h2 class=\"su-post-title\"><a href=\"https:\/\/www.verdichtet.at\/?p=21602\">Wal-Haiku<\/a><\/h2>\n\n\t\t\t\t<div class=\"su-post-meta\">\n\t\t\t\t\tVer\u00f6ffentlicht: 22. Dezember 2025\t\t\t\t<\/div>\n\n\t\t\t\t<div class=\"su-post-excerpt\">\n\t\t\t\t\t<p>Nordmeer mit dem Wal zuf\u00e4lliges Begegnen mit dem Reisenden &nbsp; Tim Tensfeld https:\/\/www.autorenwelt.de\/person\/tim-tensfeld https:\/\/www.literaturport.de\/lexikon\/tim-tensfeld www.verdichtet.at |\u00a0Kategorie: Kleinode &#8211; nicht nur an die Freude | Inventarnummer: 26034<\/p>\n\t\t\t\t<\/div>\n\n\t\t\t\t\t\t\t\t\t<a href=\"https:\/\/www.verdichtet.at\/?p=21602#respond\" class=\"su-post-comments-link\">0 Kommentare<\/a>\n\t\t\t\t\n\t\t\t<\/div>\n\n\t\t\t\t\t\n\t\t\t\n\t\t\t<div id=\"su-post-21599\" class=\"su-post \">\n\n\t\t\t\t\n\t\t\t\t<h2 class=\"su-post-title\"><a href=\"https:\/\/www.verdichtet.at\/?p=21599\">Bl\u00fcten-Haiku<\/a><\/h2>\n\n\t\t\t\t<div class=\"su-post-meta\">\n\t\t\t\t\tVer\u00f6ffentlicht: 22. Dezember 2025\t\t\t\t<\/div>\n\n\t\t\t\t<div class=\"su-post-excerpt\">\n\t\t\t\t\t<p>Mager\u00f8ya bl\u00fcht auf Fels w\u00e4chst die blaue Pracht bei n\u00f6rdlicher See &nbsp; Tim Tensfeld https:\/\/www.autorenwelt.de\/person\/tim-tensfeld https:\/\/www.literaturport.de\/lexikon\/tim-tensfeld www.verdichtet.at |\u00a0Kategorie: Kleinode &#8211; nicht nur an die Freude | Inventarnummer:\u00a026033<\/p>\n\t\t\t\t<\/div>\n\n\t\t\t\t\t\t\t\t\t<a href=\"https:\/\/www.verdichtet.at\/?p=21599#respond\" class=\"su-post-comments-link\">0 Kommentare<\/a>\n\t\t\t\t\n\t\t\t<\/div>\n\n\t\t\t\t\t\n\t\t\t\n\t\t\t<div id=\"su-post-21597\" class=\"su-post \">\n\n\t\t\t\t\n\t\t\t\t<h2 class=\"su-post-title\"><a href=\"https:\/\/www.verdichtet.at\/?p=21597\">Meeres-Haiku<\/a><\/h2>\n\n\t\t\t\t<div class=\"su-post-meta\">\n\t\t\t\t\tVer\u00f6ffentlicht: 22. Dezember 2025\t\t\t\t<\/div>\n\n\t\t\t\t<div class=\"su-post-excerpt\">\n\t\t\t\t\t<p>M\u00f6wenkreisfl\u00fcge Meer schluckt und spuckt Muscheln fort D\u00fcnengesichter &nbsp; Tim Tensfeld https:\/\/www.autorenwelt.de\/person\/tim-tensfeld https:\/\/www.literaturport.de\/lexikon\/tim-tensfeld www.verdichtet.at |\u00a0Kategorie: Kleinode &#8211; nicht nur an die Freude | Inventarnummer:\u00a025242<\/p>\n\t\t\t\t<\/div>\n\n\t\t\t\t\t\t\t\t\t<a href=\"https:\/\/www.verdichtet.at\/?p=21597#respond\" class=\"su-post-comments-link\">0 Kommentare<\/a>\n\t\t\t\t\n\t\t\t<\/div>\n\n\t\t\t\t\t\n\t\t\t\n\t\t\t<div id=\"su-post-21233\" class=\"su-post \">\n\n\t\t\t\t\n\t\t\t\t<h2 class=\"su-post-title\"><a href=\"https:\/\/www.verdichtet.at\/?p=21233\">Post Punk<\/a><\/h2>\n\n\t\t\t\t<div class=\"su-post-meta\">\n\t\t\t\t\tVer\u00f6ffentlicht: 7. November 2025\t\t\t\t<\/div>\n\n\t\t\t\t<div class=\"su-post-excerpt\">\n\t\t\t\t\t<p>Wer hat noch nicht sein Hemd am Notenst\u00e4nder, weil\u2019s keinen Sinn macht, einfach draufgeh\u00e4ngt? Dann steht der da als zweckloser Zw\u00f6lfender \u2013 weder Musik noch festliches Event. Kann sein, dass einst viel bess\u2019re H\u00e4nde zum Hemde und zum Notenst\u00e4nder greifen \u2013 doch in dem unbequemen Zeitenlauftgel\u00e4nde f\u00fcrcht ich, muss die Zeit dazu noch reifen. Bernd [&hellip;]<\/p>\n\t\t\t\t<\/div>\n\n\t\t\t\t\t\t\t\t\t<a href=\"https:\/\/www.verdichtet.at\/?p=21233#respond\" class=\"su-post-comments-link\">0 Kommentare<\/a>\n\t\t\t\t\n\t\t\t<\/div>\n\n\t\t\t\t\t\n\t\t\t\n\t\t\t<div id=\"su-post-21080\" class=\"su-post \">\n\n\t\t\t\t\n\t\t\t\t<h2 class=\"su-post-title\"><a href=\"https:\/\/www.verdichtet.at\/?p=21080\">November<\/a><\/h2>\n\n\t\t\t\t<div class=\"su-post-meta\">\n\t\t\t\t\tVer\u00f6ffentlicht: 25. Oktober 2025\t\t\t\t<\/div>\n\n\t\t\t\t<div class=\"su-post-excerpt\">\n\t\t\t\t\t<p>Der November ist kalt und grauSeine Tage sind kurz, seine N\u00e4chte sind rauDie bunten Bl\u00e4tter fallen von den B\u00e4umenEs ist eine Zeit zum Tr\u00e4umenStarke Winde wehen, der Himmel weintDie Sonne nur mehr selten scheint Doch in seiner Stille breitet sich Ruhe ausWir finden Trost in unserem eigenen HausIn seiner Dunkelheit finden wir LichtIn seinem Ende [&hellip;]<\/p>\n\t\t\t\t<\/div>\n\n\t\t\t\t\t\t\t\t\t<a href=\"https:\/\/www.verdichtet.at\/?p=21080#respond\" class=\"su-post-comments-link\">0 Kommentare<\/a>\n\t\t\t\t\n\t\t\t<\/div>\n\n\t\t\t\t\t\n\t\t\t\n\t\t\t<div id=\"su-post-20977\" class=\"su-post \">\n\n\t\t\t\t\n\t\t\t\t<h2 class=\"su-post-title\"><a href=\"https:\/\/www.verdichtet.at\/?p=20977\">Das Blatt des Ahorns<\/a><\/h2>\n\n\t\t\t\t<div class=\"su-post-meta\">\n\t\t\t\t\tVer\u00f6ffentlicht: 5. Oktober 2025\t\t\t\t<\/div>\n\n\t\t\t\t<div class=\"su-post-excerpt\">\n\t\t\t\t\t<p>Ich sp\u00fcre den Hauch eines Hauches. Der Wind, dessen Geschwindigkeit mit 0 km\/h angegeben ist, kann ein Sturm f\u00fcr mich sein. Ich bin das Blatt des Ahorns, das f\u00e4llt. Ich schaukle mich zu Boden. Johannes Tosin (Text und Foto) www.verdichtet.at | Kategorie: Kleinode &#8211; nicht nur an die Freude | Inventarnummer: 25208<\/p>\n\t\t\t\t<\/div>\n\n\t\t\t\t\t\t\t\t\t<a href=\"https:\/\/www.verdichtet.at\/?p=20977#respond\" class=\"su-post-comments-link\">0 Kommentare<\/a>\n\t\t\t\t\n\t\t\t<\/div>\n\n\t\t\t\t\t\n\t\t\t\n\t\t\t<div id=\"su-post-19949\" class=\"su-post \">\n\n\t\t\t\t\n\t\t\t\t<h2 class=\"su-post-title\"><a href=\"https:\/\/www.verdichtet.at\/?p=19949\">Die schwarzen Sterne<\/a><\/h2>\n\n\t\t\t\t<div class=\"su-post-meta\">\n\t\t\t\t\tVer\u00f6ffentlicht: 1. Mai 2025\t\t\t\t<\/div>\n\n\t\t\t\t<div class=\"su-post-excerpt\">\n\t\t\t\t\t<p>Die Dunkelheit kommt fr\u00fcher, und sie bleibt l\u00e4nger. Bis nur noch sie am Himmel sein wird. Die schwarze Sonne steigt und sinkt. Ebenso wie der schwarze Mond \u00fcber den Himmel wandert, der sich in jeder Nacht ver\u00e4ndert. Und die schwarzen Sterne geben K\u00e4lte statt W\u00e4rme. Johannes Tosin (Text und Foto) www.verdichtet.at | Kategorie: Kleinode &#8211; [&hellip;]<\/p>\n\t\t\t\t<\/div>\n\n\t\t\t\t\t\t\t\t\t<a href=\"https:\/\/www.verdichtet.at\/?p=19949#respond\" class=\"su-post-comments-link\">0 Kommentare<\/a>\n\t\t\t\t\n\t\t\t<\/div>\n\n\t\t\t\t\t\n\t\t\t\n\t\t\t<div id=\"su-post-20136\" class=\"su-post \">\n\n\t\t\t\t\n\t\t\t\t<h2 class=\"su-post-title\"><a href=\"https:\/\/www.verdichtet.at\/?p=20136\">\u00dcbers Geld<\/a><\/h2>\n\n\t\t\t\t<div class=\"su-post-meta\">\n\t\t\t\t\tVer\u00f6ffentlicht: 27. Mai 2025\t\t\t\t<\/div>\n\n\t\t\t\t<div class=\"su-post-excerpt\">\n\t\t\t\t\t<p>Wie wir wissen, ist das Geld echt nicht alles auf der Welt. Aber dessen angesichts, ohne Geld ist alles nichts. Norbert Johannes Prenner (Text und Grafik) www.verdichtet.at |\u00a0Kategorie: Kleinode &#8211; nicht nur an die Freude | Inventarnummer: 25119<\/p>\n\t\t\t\t<\/div>\n\n\t\t\t\t\t\t\t\t\t<a href=\"https:\/\/www.verdichtet.at\/?p=20136#respond\" class=\"su-post-comments-link\">0 Kommentare<\/a>\n\t\t\t\t\n\t\t\t<\/div>\n\n\t\t\t\t\t\n\t\t\t\n\t\t\t<div id=\"su-post-18858\" class=\"su-post \">\n\n\t\t\t\t\n\t\t\t\t<h2 class=\"su-post-title\"><a href=\"https:\/\/www.verdichtet.at\/?p=18858\">Kleinkind Rosa wird geimpft<\/a><\/h2>\n\n\t\t\t\t<div class=\"su-post-meta\">\n\t\t\t\t\tVer\u00f6ffentlicht: 13. Oktober 2024\t\t\t\t<\/div>\n\n\t\t\t\t<div class=\"su-post-excerpt\">\n\t\t\t\t\t<p>Kleinkind Rosa sitzt auf dem Scho\u00df seiner Mama. Sie sind beim Arzt. Rosa soll geimpft werden. Der Arzt h\u00e4lt einen Teddyb\u00e4ren in der linken Hand und dr\u00fcckt mit der rechten die Injektionsnadel mit der Spritze hinein. Arzt: Schau, der Teddyb\u00e4r hat gar nicht geschrien. Kleinkind Rosa (denkt): Er kann ja auch gar nicht schreien, weil [&hellip;]<\/p>\n\t\t\t\t<\/div>\n\n\t\t\t\t\t\t\t\t\t<a href=\"https:\/\/www.verdichtet.at\/?p=18858#respond\" class=\"su-post-comments-link\">0 Kommentare<\/a>\n\t\t\t\t\n\t\t\t<\/div>\n\n\t\t\t\t\t\n\t\t\t\n\t\t\t<div id=\"su-post-18802\" class=\"su-post \">\n\n\t\t\t\t\n\t\t\t\t<h2 class=\"su-post-title\"><a href=\"https:\/\/www.verdichtet.at\/?p=18802\">Vollmondnacht<\/a><\/h2>\n\n\t\t\t\t<div class=\"su-post-meta\">\n\t\t\t\t\tVer\u00f6ffentlicht: 5. Oktober 2024\t\t\t\t<\/div>\n\n\t\t\t\t<div class=\"su-post-excerpt\">\n\t\t\t\t\t<p>Es ist hell, aber es ist nicht Tag. Es ist die Vollmondnacht, die mich nicht tr\u00e4umen macht. Johannes Tosin (Text und Foto) www.verdichtet.at | Kategorie: Kleinode &#8211; nicht nur an die Freude | Inventarnummer: 25021<\/p>\n\t\t\t\t<\/div>\n\n\t\t\t\t\t\t\t\t\t<a href=\"https:\/\/www.verdichtet.at\/?p=18802#respond\" class=\"su-post-comments-link\">0 Kommentare<\/a>\n\t\t\t\t\n\t\t\t<\/div>\n\n\t\t\t\t\t\n\t\t\t\n\t\t\t<div id=\"su-post-19004\" class=\"su-post \">\n\n\t\t\t\t\n\t\t\t\t<h2 class=\"su-post-title\"><a href=\"https:\/\/www.verdichtet.at\/?p=19004\">Der Knopfmacher<\/a><\/h2>\n\n\t\t\t\t<div class=\"su-post-meta\">\n\t\t\t\t\tVer\u00f6ffentlicht: 3. November 2024\t\t\t\t<\/div>\n\n\t\t\t\t<div class=\"su-post-excerpt\">\n\t\t\t\t\t<p>\u201eMeinen Beruf wird es immer geben\u201c, sagte der Knopfmacher, bis der Rei\u00dfverschluss kam. Johannes Tosin (Text und Foto) www.verdichtet.at | Kategorie: Kleinode &#8211; nicht nur an die Freude | Inventarnummer: 25001<\/p>\n\t\t\t\t<\/div>\n\n\t\t\t\t\t\t\t\t\t<a href=\"https:\/\/www.verdichtet.at\/?p=19004#respond\" class=\"su-post-comments-link\">0 Kommentare<\/a>\n\t\t\t\t\n\t\t\t<\/div>\n\n\t\t\t\t\t\n\t\t\t\n\t\t\t<div id=\"su-post-19190\" class=\"su-post \">\n\n\t\t\t\t\n\t\t\t\t<h2 class=\"su-post-title\"><a href=\"https:\/\/www.verdichtet.at\/?p=19190\">So leicht<\/a><\/h2>\n\n\t\t\t\t<div class=\"su-post-meta\">\n\t\t\t\t\tVer\u00f6ffentlicht: 4. Dezember 2024\t\t\t\t<\/div>\n\n\t\t\t\t<div class=\"su-post-excerpt\">\n\t\t\t\t\t<p>Wir gehen bergauf und ich f\u00fchl mich fern von dir. Geh voran, sagst du zu mir, so schnell, so langsam, wie du\u2019s brauchst. Wir h\u00f6ren den Wind, als w\u00e4r ein Flugplatz auf dem Grat, sag ich, so laut. Es kracht, es f\u00e4llt ein Baum, und ich f\u00fchl mich fern von dir. Wir gehen bergauf, nah [&hellip;]<\/p>\n\t\t\t\t<\/div>\n\n\t\t\t\t\t\t\t\t\t<a href=\"https:\/\/www.verdichtet.at\/?p=19190#respond\" class=\"su-post-comments-link\">0 Kommentare<\/a>\n\t\t\t\t\n\t\t\t<\/div>\n\n\t\t\t\t\t\n\t\t\t\n\t\t\t<div id=\"su-post-18537\" class=\"su-post \">\n\n\t\t\t\t\n\t\t\t\t<h2 class=\"su-post-title\"><a href=\"https:\/\/www.verdichtet.at\/?p=18537\">Lichtspiele<\/a><\/h2>\n\n\t\t\t\t<div class=\"su-post-meta\">\n\t\t\t\t\tVer\u00f6ffentlicht: 14. August 2024\t\t\t\t<\/div>\n\n\t\t\t\t<div class=\"su-post-excerpt\">\n\t\t\t\t\t<p>Gel\u00f6scht die Sonne f\u00fcr heute. Der Tag sucht sein Ende, die Nacht findet ihren Anfang. Eine Kerze entz\u00fcndet. Warmer Schein zeichnet weich das Gesicht deiner Frau. Sch\u00f6n ist sie wie fl\u00fcchtiger Tau. Johannes Tosin (Text und Foto) www.verdichtet.at | Kategorie: Kleinode &#8211; nicht nur an die Freude | Inventarnummer: 24147<\/p>\n\t\t\t\t<\/div>\n\n\t\t\t\t\t\t\t\t\t<a href=\"https:\/\/www.verdichtet.at\/?p=18537#respond\" class=\"su-post-comments-link\">0 Kommentare<\/a>\n\t\t\t\t\n\t\t\t<\/div>\n\n\t\t\t\t\t\n\t\t\t\n\t\t\t<div id=\"su-post-2884\" class=\"su-post \">\n\n\t\t\t\t\n\t\t\t\t<h2 class=\"su-post-title\"><a href=\"https:\/\/www.verdichtet.at\/?p=2884\">Ein einsamer Zitronenfalter<\/a><\/h2>\n\n\t\t\t\t<div class=\"su-post-meta\">\n\t\t\t\t\tVer\u00f6ffentlicht: 27. Juni 2015\t\t\t\t<\/div>\n\n\t\t\t\t<div class=\"su-post-excerpt\">\n\t\t\t\t\t<p>Die Sonne brennt durch das unsichtbare Glas auf den grellgelben Falter im glei\u00dfenden Licht. Sein Geflattere erf\u00fcllt den Raum mit Ausweglosigkeit. Bald schon wird er seine Fl\u00fcgel f\u00fcr ewig falten. Claudia Kellnhofer www.verdichtet.at |\u00a0Kategorie: Kleinode \u2013 nicht nur an die Freude | Inventarnummer: 15079<\/p>\n\t\t\t\t<\/div>\n\n\t\t\t\t\t\t\t\t\t<a href=\"https:\/\/www.verdichtet.at\/?p=2884#respond\" class=\"su-post-comments-link\">0 Kommentare<\/a>\n\t\t\t\t\n\t\t\t<\/div>\n\n\t\t\t\t\t\n\t\t\t\n\t\t\t<div id=\"su-post-2919\" class=\"su-post \">\n\n\t\t\t\t\n\t\t\t\t<h2 class=\"su-post-title\"><a href=\"https:\/\/www.verdichtet.at\/?p=2919\">Rose<\/a><\/h2>\n\n\t\t\t\t<div class=\"su-post-meta\">\n\t\t\t\t\tVer\u00f6ffentlicht: 5. Juli 2015\t\t\t\t<\/div>\n\n\t\t\t\t<div class=\"su-post-excerpt\">\n\t\t\t\t\t<p>Die Rose erbl\u00fcht aus dem Schwei\u00df der Seele Sie bl\u00fcht im Gesicht und im Scho\u00df und in der Bewegung der Hand Wenn sie nicht erbl\u00fcht glaub ich knospt sie trotzdem und reift im Verborgenen Claudia Kellnhofer www.verdichtet.at |\u00a0Kategorie: Kleinode \u2013 nicht nur an die Freude | Inventarnummer: 15081<\/p>\n\t\t\t\t<\/div>\n\n\t\t\t\t\t\t\t\t\t<a href=\"https:\/\/www.verdichtet.at\/?p=2919#respond\" class=\"su-post-comments-link\">0 Kommentare<\/a>\n\t\t\t\t\n\t\t\t<\/div>\n\n\t\t\t\t\t\n\t\t\t\n\t\t\t<div id=\"su-post-2922\" class=\"su-post \">\n\n\t\t\t\t\n\t\t\t\t<h2 class=\"su-post-title\"><a href=\"https:\/\/www.verdichtet.at\/?p=2922\">F\u00fcr die Dauer eines Lidschlags<\/a><\/h2>\n\n\t\t\t\t<div class=\"su-post-meta\">\n\t\t\t\t\tVer\u00f6ffentlicht: 5. Juli 2015\t\t\t\t<\/div>\n\n\t\t\t\t<div class=\"su-post-excerpt\">\n\t\t\t\t\t<p>Deine Augen lassen den Blick in die Tiefe zu in die wohlige, samtige die auff\u00e4ngt und wiegt In deinen Worten kann ich die Stimme h\u00f6ren die mich beim Namen und ins Leben ruft In deiner N\u00e4he atme ich den Hauch der das Innerste aufbricht und ganz macht Claudia Kellnhofer www.verdichtet.at |\u00a0Kategorie: Kleinode \u2013 nicht nur [&hellip;]<\/p>\n\t\t\t\t<\/div>\n\n\t\t\t\t\t\t\t\t\t<a href=\"https:\/\/www.verdichtet.at\/?p=2922#respond\" class=\"su-post-comments-link\">0 Kommentare<\/a>\n\t\t\t\t\n\t\t\t<\/div>\n\n\t\t\t\t\t\n\t\t\t\n\t\t\t<div id=\"su-post-7773\" class=\"su-post \">\n\n\t\t\t\t\n\t\t\t\t<h2 class=\"su-post-title\"><a href=\"https:\/\/www.verdichtet.at\/?p=7773\">Gl\u00fcck<\/a><\/h2>\n\n\t\t\t\t<div class=\"su-post-meta\">\n\t\t\t\t\tVer\u00f6ffentlicht: 3. April 2018\t\t\t\t<\/div>\n\n\t\t\t\t<div class=\"su-post-excerpt\">\n\t\t\t\t\t<p>Ein flatternder Vogel ist das Gl\u00fcck, getragen von unsichtbarer Hand. Im Schwarm zieht er vorbei, die Sonne verdunkelnd. Hoch oben l\u00e4sst er sich nieder. Sonnenstrahlen schl\u00fcpfen in sein Gefieder und machen ihn tr\u00e4llern und tirilieren. Schreckhaft ist das V\u00f6gelchen, immer auf dem Sprung, zirpend und auf der Hut. Kaum habe ich deine Stimme vernommen, kaum [&hellip;]<\/p>\n\t\t\t\t<\/div>\n\n\t\t\t\t\t\t\t\t\t<a href=\"https:\/\/www.verdichtet.at\/?p=7773#respond\" class=\"su-post-comments-link\">0 Kommentare<\/a>\n\t\t\t\t\n\t\t\t<\/div>\n\n\t\t\t\t\t\n\t\t\t\n\t\t\t<div id=\"su-post-17873\" class=\"su-post \">\n\n\t\t\t\t\n\t\t\t\t<h2 class=\"su-post-title\"><a href=\"https:\/\/www.verdichtet.at\/?p=17873\">\u201eMeine Zeit ist zu Ende\u201c<\/a><\/h2>\n\n\t\t\t\t<div class=\"su-post-meta\">\n\t\t\t\t\tVer\u00f6ffentlicht: 3. April 2024\t\t\t\t<\/div>\n\n\t\t\t\t<div class=\"su-post-excerpt\">\n\t\t\t\t\t<p>\u201eMeine Zeit ist zu Ende\u201c, sagte sie. Legte sich auf die Seite im bl\u00fctenwei\u00dfen Bett, wandte ihren Blick zum Fenster. Die Sonne verschwand, und der Regen fiel. Johannes Tosin (Text und Foto) www.verdichtet.at | Kategorie: Kleinode &#8211; nicht nur an die Freude | Inventarnummer: 24085<\/p>\n\t\t\t\t<\/div>\n\n\t\t\t\t\t\t\t\t\t<a href=\"https:\/\/www.verdichtet.at\/?p=17873#respond\" class=\"su-post-comments-link\">0 Kommentare<\/a>\n\t\t\t\t\n\t\t\t<\/div>\n\n\t\t\t\t\t\n\t\t\t\n\t\t\t<div id=\"su-post-18222\" class=\"su-post \">\n\n\t\t\t\t\n\t\t\t\t<h2 class=\"su-post-title\"><a href=\"https:\/\/www.verdichtet.at\/?p=18222\">Etwas besorgter Verlobter der m\u00fcden B\u00e4uerin<\/a><\/h2>\n\n\t\t\t\t<div class=\"su-post-meta\">\n\t\t\t\t\tVer\u00f6ffentlicht: 29. Mai 2024\t\t\t\t<\/div>\n\n\t\t\t\t<div class=\"su-post-excerpt\">\n\t\t\t\t\t<p>(Selbstgespr\u00e4ch in Sch\u00fcttelreimform) Die Fr\u00fcchte heuer schlecht reifen, sie l\u00e4sst die Arbeit recht schleifen und relaxt lieber am Feld, was ich mit Bedauern vameld. Kein Wunder, dass sie ruhen mecht, doch die K\u00fche muhen recht. Wieso grunzen die H\u00fchner wie Ferkel? Wenn ich den ganzen Tag mit Vieh werkel \u2026 Und warum ist der Hahn [&hellip;]<\/p>\n\t\t\t\t<\/div>\n\n\t\t\t\t\t\t\t\t\t<a href=\"https:\/\/www.verdichtet.at\/?p=18222#respond\" class=\"su-post-comments-link\">0 Kommentare<\/a>\n\t\t\t\t\n\t\t\t<\/div>\n\n\t\t\t\t\t\n\t\t\t\n\t\t\t<div id=\"su-post-17105\" class=\"su-post \">\n\n\t\t\t\t\n\t\t\t\t<h2 class=\"su-post-title\"><a href=\"https:\/\/www.verdichtet.at\/?p=17105\">Das Meer deiner Tr\u00e4nen<\/a><\/h2>\n\n\t\t\t\t<div class=\"su-post-meta\">\n\t\t\t\t\tVer\u00f6ffentlicht: 30. November 2023\t\t\t\t<\/div>\n\n\t\t\t\t<div class=\"su-post-excerpt\">\n\t\t\t\t\t<p>Ich w\u00fcrde ertrinken. In deinen Tr\u00e4nen w\u00fcrde ich ertrinken. So viele sind es, es ist ein Meer von Tr\u00e4nen. Wenn ich k\u00f6nnte, doch ich kann es nicht, weil ich schon tot bin. Johannes Tosin (Text und Foto) www.verdichtet.at | Kategorie: Kleinode &#8211; nicht nur an die Freude | Inventarnummer: 24013<\/p>\n\t\t\t\t<\/div>\n\n\t\t\t\t\t\t\t\t\t<a href=\"https:\/\/www.verdichtet.at\/?p=17105#respond\" class=\"su-post-comments-link\">0 Kommentare<\/a>\n\t\t\t\t\n\t\t\t<\/div>\n\n\t\t\t\t\t\n\t\t\t\n\t\t\t<div id=\"su-post-17072\" class=\"su-post \">\n\n\t\t\t\t\n\t\t\t\t<h2 class=\"su-post-title\"><a href=\"https:\/\/www.verdichtet.at\/?p=17072\">War Talk<\/a><\/h2>\n\n\t\t\t\t<div class=\"su-post-meta\">\n\t\t\t\t\tVer\u00f6ffentlicht: 19. November 2023\t\t\t\t<\/div>\n\n\t\t\t\t<div class=\"su-post-excerpt\">\n\t\t\t\t\t<p>Was sagt der Offizier im Krieg? Sagt er: \u201eIch habe Angst.\u201c Das w\u00e4re wahr, aber es w\u00fcrde dem Feind in die H\u00e4nde spielen. Sagt er vielleicht: \u201eWir sind stark? Ich habe keine Angst.\u201c Damit w\u00fcrde er die Moral des Feindes schw\u00e4chen. Dass er sagt, er habe keine Angst, ist nat\u00fcrlich eine L\u00fcge. Doch das Einzige, [&hellip;]<\/p>\n\t\t\t\t<\/div>\n\n\t\t\t\t\t\t\t\t\t<a href=\"https:\/\/www.verdichtet.at\/?p=17072#respond\" class=\"su-post-comments-link\">0 Kommentare<\/a>\n\t\t\t\t\n\t\t\t<\/div>\n\n\t\t\t\t\t\n\t\t\t\n\t\t\t<div id=\"su-post-16888\" class=\"su-post \">\n\n\t\t\t\t\n\t\t\t\t<h2 class=\"su-post-title\"><a href=\"https:\/\/www.verdichtet.at\/?p=16888\">Morgenrot<\/a><\/h2>\n\n\t\t\t\t<div class=\"su-post-meta\">\n\t\t\t\t\tVer\u00f6ffentlicht: 21. Oktober 2023\t\t\t\t<\/div>\n\n\t\t\t\t<div class=\"su-post-excerpt\">\n\t\t\t\t\t<p>Nichts ist vom Tag geblieben au\u00dfer schmutziger W\u00e4sche. Aber morgen wird es besser werden. Morgen wird es immer besser werden. Johannes Tosin (Text und Foto) www.verdichtet.at | Kategorie: Kleinode &#8211; nicht nur an die Freude | Inventarnummer: 24001<\/p>\n\t\t\t\t<\/div>\n\n\t\t\t\t\t\t\t\t\t<a href=\"https:\/\/www.verdichtet.at\/?p=16888#respond\" class=\"su-post-comments-link\">0 Kommentare<\/a>\n\t\t\t\t\n\t\t\t<\/div>\n\n\t\t\t\t\t\n\t\t\t\n\t\t\t<div id=\"su-post-16490\" class=\"su-post \">\n\n\t\t\t\t\n\t\t\t\t<h2 class=\"su-post-title\"><a href=\"https:\/\/www.verdichtet.at\/?p=16490\">In Zeiten wie diesen<\/a><\/h2>\n\n\t\t\t\t<div class=\"su-post-meta\">\n\t\t\t\t\tVer\u00f6ffentlicht: 24. August 2023\t\t\t\t<\/div>\n\n\t\t\t\t<div class=\"su-post-excerpt\">\n\t\t\t\t\t<p>In argen und fiesen Ist&#8217;s wichtig zu ruhen In Betten und Truhen Drum l\u00f6scht er die Lichter Euer Dichter Bernd Remsing http:\/\/fm4.orf.at\/stories\/1704846\/ www.verdichtet.at | Kategorie:\u00a0Kleinode \u2013 nicht nur an die Freude | Inventarnummer: 23141<\/p>\n\t\t\t\t<\/div>\n\n\t\t\t\t\t\t\t\t\t<a href=\"https:\/\/www.verdichtet.at\/?p=16490#respond\" class=\"su-post-comments-link\">0 Kommentare<\/a>\n\t\t\t\t\n\t\t\t<\/div>\n\n\t\t\t\t\t\n\t\t\t\n\t\t\t<div id=\"su-post-16058\" class=\"su-post \">\n\n\t\t\t\t\n\t\t\t\t<h2 class=\"su-post-title\"><a href=\"https:\/\/www.verdichtet.at\/?p=16058\">Regengedicht<\/a><\/h2>\n\n\t\t\t\t<div class=\"su-post-meta\">\n\t\t\t\t\tVer\u00f6ffentlicht: 5. Juni 2023\t\t\t\t<\/div>\n\n\t\t\t\t<div class=\"su-post-excerpt\">\n\t\t\t\t\t<p>Ein Regengedicht steht vor der T\u00fcr, ich mach nicht auf, wohl wissend, dass ich dann nass w\u00fcrde, nass wie eine nasse Ratte oder wie Du, als ich Dich im Regen stehen lie\u00df. Tanz den Regenwalzer, immer schneller, immer im Dreivierteltakt, tanz den Regen platt, bis das Rinnsal unter meinen F\u00fc\u00dfen landet, eine d\u00fcnne, dunkle Spur [&hellip;]<\/p>\n\t\t\t\t<\/div>\n\n\t\t\t\t\t\t\t\t\t<a href=\"https:\/\/www.verdichtet.at\/?p=16058#respond\" class=\"su-post-comments-link\">0 Kommentare<\/a>\n\t\t\t\t\n\t\t\t<\/div>\n\n\t\t\t\t\t\n\t\t\t\n\t\t\t<div id=\"su-post-15662\" class=\"su-post \">\n\n\t\t\t\t\n\t\t\t\t<h2 class=\"su-post-title\"><a href=\"https:\/\/www.verdichtet.at\/?p=15662\">Aus dir<\/a><\/h2>\n\n\t\t\t\t<div class=\"su-post-meta\">\n\t\t\t\t\tVer\u00f6ffentlicht: 24. M\u00e4rz 2023\t\t\t\t<\/div>\n\n\t\t\t\t<div class=\"su-post-excerpt\">\n\t\t\t\t\t<p>Ich lese \u00fcber dich. Ich lese dich. Ich klettere in dich hinein und schaue aus dir hinaus. Johannes Tosin (Text und Foto) www.verdichtet.at | Kategorie: Kleinode &#8211; nicht nur an die Freude | Inventarnummer: 23084<\/p>\n\t\t\t\t<\/div>\n\n\t\t\t\t\t\t\t\t\t<a href=\"https:\/\/www.verdichtet.at\/?p=15662#respond\" class=\"su-post-comments-link\">0 Kommentare<\/a>\n\t\t\t\t\n\t\t\t<\/div>\n\n\t\t\t\t\t\n\t\t\t\n\t\t\t<div id=\"su-post-10964\" class=\"su-post \">\n\n\t\t\t\t\n\t\t\t\t<h2 class=\"su-post-title\"><a href=\"https:\/\/www.verdichtet.at\/?p=10964\">Tag der  Poesie<\/a><\/h2>\n\n\t\t\t\t<div class=\"su-post-meta\">\n\t\t\t\t\tVer\u00f6ffentlicht: 21. M\u00e4rz 2020\t\t\t\t<\/div>\n\n\t\t\t\t<div class=\"su-post-excerpt\">\n\t\t\t\t\t<p>Der Goldregen f\u00e4ngt an zu bl\u00fchen Ich sehe kleine Wolken ziehen. Kein Flieger hoch am Firmament Die Stra\u00dfen leer, was keiner kennt. Der Fr\u00fchling zieht trotzdem ins Land, Bringt Bl\u00fcten, zeigt sein buntes Gewand. Bleibt hoffnungsvoll, es ist gewiss, Dass bald alles wieder wunderbar ist! Gabriele Grausgruber www.grausgruber-gaby.com\/ www.verdichtet.at | Kategorie: Kleinode &#8211; nicht nur [&hellip;]<\/p>\n\t\t\t\t<\/div>\n\n\t\t\t\t\t\t\t\t\t<a href=\"https:\/\/www.verdichtet.at\/?p=10964#respond\" class=\"su-post-comments-link\">0 Kommentare<\/a>\n\t\t\t\t\n\t\t\t<\/div>\n\n\t\t\t\t\t\n\t\t\t\n\t\t\t<div id=\"su-post-15222\" class=\"su-post \">\n\n\t\t\t\t\n\t\t\t\t<h2 class=\"su-post-title\"><a href=\"https:\/\/www.verdichtet.at\/?p=15222\">Minus vierundzwanzig Stunden<\/a><\/h2>\n\n\t\t\t\t<div class=\"su-post-meta\">\n\t\t\t\t\tVer\u00f6ffentlicht: 7. Januar 2023\t\t\t\t<\/div>\n\n\t\t\t\t<div class=\"su-post-excerpt\">\n\t\t\t\t\t<p>Mein Tag w\u00e4hrt minus vierundzwanzig Stunden. Das hei\u00dft, was f\u00fcr die anderen morgen ist, ist f\u00fcr mich immer gestern. Johannes Tosin (Text und Foto) www.verdichtet.at | Kategorie: Kleinode &#8211; nicht nur an die Freude | Inventarnummer: 23029<\/p>\n\t\t\t\t<\/div>\n\n\t\t\t\t\t\t\t\t\t<a href=\"https:\/\/www.verdichtet.at\/?p=15222#respond\" class=\"su-post-comments-link\">0 Kommentare<\/a>\n\t\t\t\t\n\t\t\t<\/div>\n\n\t\t\t\t\t\n\t\t\t\n\t\t\t<div id=\"su-post-15154\" class=\"su-post \">\n\n\t\t\t\t\n\t\t\t\t<h2 class=\"su-post-title\"><a href=\"https:\/\/www.verdichtet.at\/?p=15154\">Flammenmund<\/a><\/h2>\n\n\t\t\t\t<div class=\"su-post-meta\">\n\t\t\t\t\tVer\u00f6ffentlicht: 22. Dezember 2022\t\t\t\t<\/div>\n\n\t\t\t\t<div class=\"su-post-excerpt\">\n\t\t\t\t\t<p>Lippen rot gespitzt. Augen blau, die sagen: \u201eJa, ich will. K\u00fcss mich, jetzt! F\u00fcr eine Minute nur bin ich dein, und dann wieder allein.\u201c Johannes Tosin (Text und Foto) www.verdichtet.at | Kategorie: Kleinode &#8211; nicht nur an die Freude | Inventarnummer: 23025<\/p>\n\t\t\t\t<\/div>\n\n\t\t\t\t\t\t\t\t\t<a href=\"https:\/\/www.verdichtet.at\/?p=15154#respond\" class=\"su-post-comments-link\">0 Kommentare<\/a>\n\t\t\t\t\n\t\t\t<\/div>\n\n\t\t\t\t\t\n\t\t\t\n\t\t\t<div id=\"su-post-14887\" class=\"su-post \">\n\n\t\t\t\t\n\t\t\t\t<h2 class=\"su-post-title\"><a href=\"https:\/\/www.verdichtet.at\/?p=14887\">Medizin<\/a><\/h2>\n\n\t\t\t\t<div class=\"su-post-meta\">\n\t\t\t\t\tVer\u00f6ffentlicht: 5. November 2022\t\t\t\t<\/div>\n\n\t\t\t\t<div class=\"su-post-excerpt\">\n\t\t\t\t\t<p>Du bist Gift. Aber willst du denn nicht Medizin sein? Willst du doch nicht, nein? Johannes Tosin (Text und Foto) www.verdichtet.at | Kategorie: Kleinode &#8211; nicht nur an die Freude | Inventarnummer: 22135<\/p>\n\t\t\t\t<\/div>\n\n\t\t\t\t\t\t\t\t\t<a href=\"https:\/\/www.verdichtet.at\/?p=14887#respond\" class=\"su-post-comments-link\">0 Kommentare<\/a>\n\t\t\t\t\n\t\t\t<\/div>\n\n\t\t\t\t\t\n\t\t\t\n\t\t\t<div id=\"su-post-14612\" class=\"su-post \">\n\n\t\t\t\t\n\t\t\t\t<h2 class=\"su-post-title\"><a href=\"https:\/\/www.verdichtet.at\/?p=14612\">Das Tiny House<\/a><\/h2>\n\n\t\t\t\t<div class=\"su-post-meta\">\n\t\t\t\t\tVer\u00f6ffentlicht: 1. Oktober 2022\t\t\t\t<\/div>\n\n\t\t\t\t<div class=\"su-post-excerpt\">\n\t\t\t\t\t<p>Du willst in einem Tiny House in Schleswig-Holstein wohnen? In einem Tiny House? In Schleswig-Holstein? Na, dann w\u00fcnsche ich dir viel Spa\u00df dabei und alles Gute auf deinem zuk\u00fcnftigen Lebensweg. Johannes Tosin (Text und Foto) www.verdichtet.at | Kategorie: Kleinode &#8211; nicht nur an die Freude | Inventarnummer: 22100<\/p>\n\t\t\t\t<\/div>\n\n\t\t\t\t\t\t\t\t\t<a href=\"https:\/\/www.verdichtet.at\/?p=14612#respond\" class=\"su-post-comments-link\">0 Kommentare<\/a>\n\t\t\t\t\n\t\t\t<\/div>\n\n\t\t\t\t\t\n\t\t\t\n\t\t\t<div id=\"su-post-14566\" class=\"su-post \">\n\n\t\t\t\t\n\t\t\t\t<h2 class=\"su-post-title\"><a href=\"https:\/\/www.verdichtet.at\/?p=14566\">You\u2019re not Alone<\/a><\/h2>\n\n\t\t\t\t<div class=\"su-post-meta\">\n\t\t\t\t\tVer\u00f6ffentlicht: 24. September 2022\t\t\t\t<\/div>\n\n\t\t\t\t<div class=\"su-post-excerpt\">\n\t\t\t\t\t<p>Der Himmel ist nicht leer. Er ist voll von Sternen, dem Mond, der Raumstation ISS und Satelliten. Du bist nicht allein. Johannes Tosin (Text und Foto) www.verdichtet.at | Kategorie: Kleinode &#8211; nicht nur an die Freude | Inventarnummer: 22097<\/p>\n\t\t\t\t<\/div>\n\n\t\t\t\t\t\t\t\t\t<a href=\"https:\/\/www.verdichtet.at\/?p=14566#respond\" class=\"su-post-comments-link\">0 Kommentare<\/a>\n\t\t\t\t\n\t\t\t<\/div>\n\n\t\t\t\t\t\n\t\t\t\n\t\t\t<div id=\"su-post-14623\" class=\"su-post \">\n\n\t\t\t\t\n\t\t\t\t<h2 class=\"su-post-title\"><a href=\"https:\/\/www.verdichtet.at\/?p=14623\">Pygmalion<\/a><\/h2>\n\n\t\t\t\t<div class=\"su-post-meta\">\n\t\t\t\t\tVer\u00f6ffentlicht: 2. Oktober 2022\t\t\t\t<\/div>\n\n\t\t\t\t<div class=\"su-post-excerpt\">\n\t\t\t\t\t<p>Frau Stoye schnitzt mit Stoyenstolz den Stoyenmann aus Stoyenholz. Michael Bauer www.verdichtet.at |\u00a0Kategorie: Kleinode &#8211; nicht nur an die Freude | Inventarnummer: 22102<\/p>\n\t\t\t\t<\/div>\n\n\t\t\t\t\t\t\t\t\t<a href=\"https:\/\/www.verdichtet.at\/?p=14623#respond\" class=\"su-post-comments-link\">0 Kommentare<\/a>\n\t\t\t\t\n\t\t\t<\/div>\n\n\t\t\t\t\t\n\t\t\t\n\t\t\t<div id=\"su-post-14625\" class=\"su-post \">\n\n\t\t\t\t\n\t\t\t\t<h2 class=\"su-post-title\"><a href=\"https:\/\/www.verdichtet.at\/?p=14625\">Kirchenchor<\/a><\/h2>\n\n\t\t\t\t<div class=\"su-post-meta\">\n\t\t\t\t\tVer\u00f6ffentlicht: 2. Oktober 2022\t\t\t\t<\/div>\n\n\t\t\t\t<div class=\"su-post-excerpt\">\n\t\t\t\t\t<p>Frau Kaiser kommt und singt uns vor: Lieder aus dem Kirchenchor. Da singt sie immer wieder ihre sch\u00f6nen Lieder. Michael Bauer www.verdichtet.at |\u00a0Kategorie: Kleinode &#8211; nicht nur an die Freude | Inventarnummer: 22103<\/p>\n\t\t\t\t<\/div>\n\n\t\t\t\t\t\t\t\t\t<a href=\"https:\/\/www.verdichtet.at\/?p=14625#respond\" class=\"su-post-comments-link\">0 Kommentare<\/a>\n\t\t\t\t\n\t\t\t<\/div>\n\n\t\t\t\t\t\n\t\t\t\n\t\t\t<div id=\"su-post-14231\" class=\"su-post \">\n\n\t\t\t\t\n\t\t\t\t<h2 class=\"su-post-title\"><a href=\"https:\/\/www.verdichtet.at\/?p=14231\">Der falsch gezog\u2019ne Schluss<\/a><\/h2>\n\n\t\t\t\t<div class=\"su-post-meta\">\n\t\t\t\t\tVer\u00f6ffentlicht: 22. Juni 2022\t\t\t\t<\/div>\n\n\t\t\t\t<div class=\"su-post-excerpt\">\n\t\t\t\t\t<p>Dass der Mensch vom Himmel sei Das ist ja deutlich auch vorbei Dass er deshalb national Sein muss Oder wirtschaftsradikal Das ist der falsch gezog\u2019ne Schluss! Bernd Remsing http:\/\/fm4.orf.at\/stories\/1704846\/ www.verdichtet.at | Kategorie:\u00a0Kleinode \u2013 nicht nur an die Freude | Inventarnummer: 22067<\/p>\n\t\t\t\t<\/div>\n\n\t\t\t\t\t\t\t\t\t<a href=\"https:\/\/www.verdichtet.at\/?p=14231#respond\" class=\"su-post-comments-link\">0 Kommentare<\/a>\n\t\t\t\t\n\t\t\t<\/div>\n\n\t\t\t\t\t\n\t\t\t\n\t\t\t<div id=\"su-post-13979\" class=\"su-post \">\n\n\t\t\t\t\n\t\t\t\t<h2 class=\"su-post-title\"><a href=\"https:\/\/www.verdichtet.at\/?p=13979\">Der Tag legt sich nieder<\/a><\/h2>\n\n\t\t\t\t<div class=\"su-post-meta\">\n\t\t\t\t\tVer\u00f6ffentlicht: 19. M\u00e4rz 2022\t\t\t\t<\/div>\n\n\t\t\t\t<div class=\"su-post-excerpt\">\n\t\t\t\t\t<p>Der Tag legt sich nieder. Er schl\u00e4ft ein und wird zur Nacht. Dunkles Gesicht statt heller Pracht. Leise ist er, wenn er rastet. Bis er morgen Fr\u00fch mit Vogelstimmen wieder spricht. Johannes Tosin (Text und Foto) www.verdichtet.at | Kategorie: Kleinode &#8211; nicht nur an die Freude | Inventarnummer: 22045<\/p>\n\t\t\t\t<\/div>\n\n\t\t\t\t\t\t\t\t\t<a href=\"https:\/\/www.verdichtet.at\/?p=13979#respond\" class=\"su-post-comments-link\">0 Kommentare<\/a>\n\t\t\t\t\n\t\t\t<\/div>\n\n\t\t\t\t\t\n\t\t\t\n\t\t\t<div id=\"su-post-14047\" class=\"su-post \">\n\n\t\t\t\t\n\t\t\t\t<h2 class=\"su-post-title\"><a href=\"https:\/\/www.verdichtet.at\/?p=14047\">Gezeitenmann<\/a><\/h2>\n\n\t\t\t\t<div class=\"su-post-meta\">\n\t\t\t\t\tVer\u00f6ffentlicht: 4. April 2022\t\t\t\t<\/div>\n\n\t\t\t\t<div class=\"su-post-excerpt\">\n\t\t\t\t\t<p>Der Tag vergeht, und es ist gestern. Und wenn gestern vergangen ist, ist es vorgestern. Jeder sagt, die Zeit kann nicht r\u00fcckw\u00e4rts flie\u00dfen, aber ich sehe es doch, und ich sp\u00fcre es. Nach einem Jahr bin ich ein Jahr j\u00fcnger. Vielleicht bin ich der Einzige, dem dies passiert. Mag sein. Verr\u00fcckt bin ich jedenfalls nicht, [&hellip;]<\/p>\n\t\t\t\t<\/div>\n\n\t\t\t\t\t\t\t\t\t<a href=\"https:\/\/www.verdichtet.at\/?p=14047#respond\" class=\"su-post-comments-link\">0 Kommentare<\/a>\n\t\t\t\t\n\t\t\t<\/div>\n\n\t\t\t\t\t\n\t\t\t\n\t\t\t<div id=\"su-post-13359\" class=\"su-post \">\n\n\t\t\t\t\n\t\t\t\t<h2 class=\"su-post-title\"><a href=\"https:\/\/www.verdichtet.at\/?p=13359\">Pusteblume<\/a><\/h2>\n\n\t\t\t\t<div class=\"su-post-meta\">\n\t\t\t\t\tVer\u00f6ffentlicht: 5. November 2021\t\t\t\t<\/div>\n\n\t\t\t\t<div class=\"su-post-excerpt\">\n\t\t\t\t\t<p>Ich sitze am Fenster und sehe hinaus. Du liegst nackt im Garten und bl\u00e4st gegen eine Pusteblume. Ihre Schirmchen fliegen. Johannes Tosin (Text und Foto) www.verdichtet.at | Kategorie: Kleinode &#8211; nicht nur an die Freude | Inventarnummer: 22004<\/p>\n\t\t\t\t<\/div>\n\n\t\t\t\t\t\t\t\t\t<a href=\"https:\/\/www.verdichtet.at\/?p=13359#respond\" class=\"su-post-comments-link\">0 Kommentare<\/a>\n\t\t\t\t\n\t\t\t<\/div>\n\n\t\t\t\t\t\n\t\t\t\n\t\t\t<div id=\"su-post-13781\" class=\"su-post \">\n\n\t\t\t\t\n\t\t\t\t<h2 class=\"su-post-title\"><a href=\"https:\/\/www.verdichtet.at\/?p=13781\">Momente<\/a><\/h2>\n\n\t\t\t\t<div class=\"su-post-meta\">\n\t\t\t\t\tVer\u00f6ffentlicht: 6. Februar 2022\t\t\t\t<\/div>\n\n\t\t\t\t<div class=\"su-post-excerpt\">\n\t\t\t\t\t<p>Er jongliert mit Momenten. Er ist noch ein Anf\u00e4nger. Als ihm ein Moment entgleitet, hat er klarerweise einen weniger. Zwei weitere Momente entgleiten ihm, drei. Jetzt hat er nur noch einen, den darf er nicht fallen lassen. Doch das passiert. Als der letzte Moment auf dem Boden aufgeschlagen ist, h\u00f6rt die Zeit f\u00fcr ihn auf [&hellip;]<\/p>\n\t\t\t\t<\/div>\n\n\t\t\t\t\t\t\t\t\t<a href=\"https:\/\/www.verdichtet.at\/?p=13781#respond\" class=\"su-post-comments-link\">0 Kommentare<\/a>\n\t\t\t\t\n\t\t\t<\/div>\n\n\t\t\t\t\t\n\t\t\t\n\t\t\t<div id=\"su-post-13322\" class=\"su-post \">\n\n\t\t\t\t\n\t\t\t\t<h2 class=\"su-post-title\"><a href=\"https:\/\/www.verdichtet.at\/?p=13322\">Der eigene Kosmos<\/a><\/h2>\n\n\t\t\t\t<div class=\"su-post-meta\">\n\t\t\t\t\tVer\u00f6ffentlicht: 31. Oktober 2021\t\t\t\t<\/div>\n\n\t\t\t\t<div class=\"su-post-excerpt\">\n\t\t\t\t\t<p>Jeder hat seine eigene Sichtweise, sein eigenes Empfinden, seinen eigenen Kosmos. Darin stehen die Leute, die er mag, die er liebt. Und jemand anderer stellt die Leute hinein, die er hasst. Er arbeitet oder er arbeitet nicht, er hat Familie oder ist allein, er geht bestimmten Hobbys nach, liest gern, ist L\u00e4ufer oder etwas anderes. [&hellip;]<\/p>\n\t\t\t\t<\/div>\n\n\t\t\t\t\t\t\t\t\t<a href=\"https:\/\/www.verdichtet.at\/?p=13322#respond\" class=\"su-post-comments-link\">0 Kommentare<\/a>\n\t\t\t\t\n\t\t\t<\/div>\n\n\t\t\t\t\t\n\t\t\t\n\t\t\t<div id=\"su-post-13159\" class=\"su-post \">\n\n\t\t\t\t\n\t\t\t\t<h2 class=\"su-post-title\"><a href=\"https:\/\/www.verdichtet.at\/?p=13159\">Atlantik<\/a><\/h2>\n\n\t\t\t\t<div class=\"su-post-meta\">\n\t\t\t\t\tVer\u00f6ffentlicht: 9. September 2021\t\t\t\t<\/div>\n\n\t\t\t\t<div class=\"su-post-excerpt\">\n\t\t\t\t\t<p>Komm n\u00e4her, mein Schatz! Heute musst du nicht gehen. Tauchen wir durch die Nacht wie durch den Atlantik und schwimmen mit Delfinen. Johannes Tosin (Text und Foto) www.verdichtet.at | Kategorie: Kleinode &#8211; nicht nur an die Freude | Inventarnummer: 21110<\/p>\n\t\t\t\t<\/div>\n\n\t\t\t\t\t\t\t\t\t<a href=\"https:\/\/www.verdichtet.at\/?p=13159#respond\" class=\"su-post-comments-link\">0 Kommentare<\/a>\n\t\t\t\t\n\t\t\t<\/div>\n\n\t\t\t\t\t\n\t\t\t\n\t\t\t<div id=\"su-post-12442\" class=\"su-post \">\n\n\t\t\t\t\n\t\t\t\t<h2 class=\"su-post-title\"><a href=\"https:\/\/www.verdichtet.at\/?p=12442\">In deinem Gesicht<\/a><\/h2>\n\n\t\t\t\t<div class=\"su-post-meta\">\n\t\t\t\t\tVer\u00f6ffentlicht: 27. Februar 2021\t\t\t\t<\/div>\n\n\t\t\t\t<div class=\"su-post-excerpt\">\n\t\t\t\t\t<p>So viel Leid sehe ich in deinem Gesicht. Willst du wissen, wo? Es sind nicht nur dein Mund mit den nach unten weisenden Mundwinkeln und deine immer matten Augen. Es ist dein ganzes Gesicht, nichts ist ausgespart. Wie gern w\u00fcrd ich dich einmal lachen sehen! Kannst du das \u00fcberhaupt? Johannes Tosin (Text und Foto) www.verdichtet.at [&hellip;]<\/p>\n\t\t\t\t<\/div>\n\n\t\t\t\t\t\t\t\t\t<a href=\"https:\/\/www.verdichtet.at\/?p=12442#respond\" class=\"su-post-comments-link\">0 Kommentare<\/a>\n\t\t\t\t\n\t\t\t<\/div>\n\n\t\t\t\t\t\n\t\t\t\n\t\t\t<div id=\"su-post-12253\" class=\"su-post \">\n\n\t\t\t\t\n\t\t\t\t<h2 class=\"su-post-title\"><a href=\"https:\/\/www.verdichtet.at\/?p=12253\">Erde von der Erde<\/a><\/h2>\n\n\t\t\t\t<div class=\"su-post-meta\">\n\t\t\t\t\tVer\u00f6ffentlicht: 9. Januar 2021\t\t\t\t<\/div>\n\n\t\t\t\t<div class=\"su-post-excerpt\">\n\t\t\t\t\t<p>\u201eIch bezahle dich mit Erde von der Erde\u201c, sagt der Soldat der Kommandobr\u00fccke des Sternenkreuzers zum H\u00e4ndler. Die Erde ist unbewohnbar geworden und wurde f\u00fcr die n\u00e4chsten hundert Jahre aufgegeben. \u201eZehn Gramm, ist das genug?\u201c, fragt der Soldat. \u201eZwanzig Gramm w\u00e4ren besser\u201c, sagt der H\u00e4ndler. Klar, mehr ist immer besser. Sie einigen sich auf f\u00fcnfzehn [&hellip;]<\/p>\n\t\t\t\t<\/div>\n\n\t\t\t\t\t\t\t\t\t<a href=\"https:\/\/www.verdichtet.at\/?p=12253#respond\" class=\"su-post-comments-link\">0 Kommentare<\/a>\n\t\t\t\t\n\t\t\t<\/div>\n\n\t\t\t\t\t\n\t\t\t\n\t\t\t<div id=\"su-post-12702\" class=\"su-post \">\n\n\t\t\t\t\n\t\t\t\t<h2 class=\"su-post-title\"><a href=\"https:\/\/www.verdichtet.at\/?p=12702\">Denkt Henriette F\u00e4ssler<\/a><\/h2>\n\n\t\t\t\t<div class=\"su-post-meta\">\n\t\t\t\t\tVer\u00f6ffentlicht: 29. April 2021\t\t\t\t<\/div>\n\n\t\t\t\t<div class=\"su-post-excerpt\">\n\t\t\t\t\t<p>Ich soll w\u00e4hlen d\u00fcrfen? Ich bin eine Frau. Das ist doch absurd, denkt Henriette F\u00e4ssler aus Appenzell Innerrhoden im Jahr 1989. Johannes Tosin (Text und Foto) www.verdichtet.at | Kategorie: Kleinode &#8211; nicht nur an die Freude | Inventarnummer: 21065<\/p>\n\t\t\t\t<\/div>\n\n\t\t\t\t\t\t\t\t\t<a href=\"https:\/\/www.verdichtet.at\/?p=12702#respond\" class=\"su-post-comments-link\">0 Kommentare<\/a>\n\t\t\t\t\n\t\t\t<\/div>\n\n\t\t\t\t\t\n\t\t\t\n\t\t\t<div id=\"su-post-12660\" class=\"su-post \">\n\n\t\t\t\t\n\t\t\t\t<h2 class=\"su-post-title\"><a href=\"https:\/\/www.verdichtet.at\/?p=12660\">Der Pfad<\/a><\/h2>\n\n\t\t\t\t<div class=\"su-post-meta\">\n\t\t\t\t\tVer\u00f6ffentlicht: 15. April 2021\t\t\t\t<\/div>\n\n\t\t\t\t<div class=\"su-post-excerpt\">\n\t\t\t\t\t<p>Dein Pfad war so dunkel, keine Sterne in Sicht; die tr\u00f6stend, voll Hoffnung, leuchten sollten f\u00fcr dich. Dich im Herzen und Schritt f\u00fcr Schritt, geh ich den Pfad und nehm dich mit. Viel heller, ohne Schatten, erscheint er nun f\u00fcr mich. Der Stern, der ganz besonders leuchtet, erinnert mich an dich. F\u00fcr E. Verfasst im [&hellip;]<\/p>\n\t\t\t\t<\/div>\n\n\t\t\t\t\t\t\t\t\t<a href=\"https:\/\/www.verdichtet.at\/?p=12660#respond\" class=\"su-post-comments-link\">0 Kommentare<\/a>\n\t\t\t\t\n\t\t\t<\/div>\n\n\t\t\t\t\t\n\t\t\t\n\t\t\t<div id=\"su-post-12202\" class=\"su-post \">\n\n\t\t\t\t\n\t\t\t\t<h2 class=\"su-post-title\"><a href=\"https:\/\/www.verdichtet.at\/?p=12202\">Eins bleibt eins<\/a><\/h2>\n\n\t\t\t\t<div class=\"su-post-meta\">\n\t\t\t\t\tVer\u00f6ffentlicht: 1. Januar 2021\t\t\t\t<\/div>\n\n\t\t\t\t<div class=\"su-post-excerpt\">\n\t\t\t\t\t<p>Ich sag kein Wort welches Gl\u00fcck du mir bescherst meine liebe Freundin mag nichts zerst\u00f6ren, Schweige lange, Spreche ich, bricht das Glas Mathematik ist nichts f\u00fcr mich eins und eins ergibt eins, verz\u00e4hle mich jedes Mal Florian Pfeffer www.verdichtet.at |\u00a0Kategorie:\u00a0Kleinode \u2013 nicht nur an die Freude | Inventarnummer: 21021<\/p>\n\t\t\t\t<\/div>\n\n\t\t\t\t\t\t\t\t\t<a href=\"https:\/\/www.verdichtet.at\/?p=12202#respond\" class=\"su-post-comments-link\">0 Kommentare<\/a>\n\t\t\t\t\n\t\t\t<\/div>\n\n\t\t\t\t\t\n\t\t\t\n\t\t\t<div id=\"su-post-12457\" class=\"su-post \">\n\n\t\t\t\t\n\t\t\t\t<h2 class=\"su-post-title\"><a href=\"https:\/\/www.verdichtet.at\/?p=12457\">Fr\u00fchling<\/a><\/h2>\n\n\t\t\t\t<div class=\"su-post-meta\">\n\t\t\t\t\tVer\u00f6ffentlicht: 27. Februar 2021\t\t\t\t<\/div>\n\n\t\t\t\t<div class=\"su-post-excerpt\">\n\t\t\t\t\t<p>Er sa\u00df an seinem Tisch und schaute aus dem Fenster. Der Fr\u00fchling war gekommen. Er war weder niedergeschlagen, noch hatte er gute Laune. Er war aber auch nicht ausgeglichen. Er war gar nichts. Er lebte nicht im Tag, sondern der Tag stand ihm gegen\u00fcber. Johannes Tosin (Text und Foto) www.verdichtet.at | Kategorie: Kleinode &#8211; nicht [&hellip;]<\/p>\n\t\t\t\t<\/div>\n\n\t\t\t\t\t\t\t\t\t<a href=\"https:\/\/www.verdichtet.at\/?p=12457#respond\" class=\"su-post-comments-link\">0 Kommentare<\/a>\n\t\t\t\t\n\t\t\t<\/div>\n\n\t\t\t\t\t\n\t\t\t\n\t\t\t<div id=\"su-post-12403\" class=\"su-post \">\n\n\t\t\t\t\n\t\t\t\t<h2 class=\"su-post-title\"><a href=\"https:\/\/www.verdichtet.at\/?p=12403\">H\u00e4tte ich doch \u2026<\/a><\/h2>\n\n\t\t\t\t<div class=\"su-post-meta\">\n\t\t\t\t\tVer\u00f6ffentlicht: 10. Februar 2021\t\t\t\t<\/div>\n\n\t\t\t\t<div class=\"su-post-excerpt\">\n\t\t\t\t\t<p>\u2026 das Gef\u00fchl, am kroatischen Meer zu sitzen, in Flaschen abgef\u00fcllt, ich k\u00f6nnte sie zu Hause \u00f6ffnen, wenn es mir nicht gut geht. H\u00e4tte ich doch den Duft der Olivenhaine Andalusiens in eine Holzschachtel gepackt, meine Nase k\u00f6nnte sich in Zeiten von Lockdowns daran erfreuen. H\u00e4tte ich doch das Kaffeehaustreiben Roms in meine Handtasche verfrachtet, [&hellip;]<\/p>\n\t\t\t\t<\/div>\n\n\t\t\t\t\t\t\t\t\t<a href=\"https:\/\/www.verdichtet.at\/?p=12403#respond\" class=\"su-post-comments-link\">0 Kommentare<\/a>\n\t\t\t\t\n\t\t\t<\/div>\n\n\t\t\t\t\t\n\t\t\t\n\t\t\t<div id=\"su-post-11919\" class=\"su-post \">\n\n\t\t\t\t\n\t\t\t\t<h2 class=\"su-post-title\"><a href=\"https:\/\/www.verdichtet.at\/?p=11919\">Der Traum<\/a><\/h2>\n\n\t\t\t\t<div class=\"su-post-meta\">\n\t\t\t\t\tVer\u00f6ffentlicht: 5. November 2020\t\t\t\t<\/div>\n\n\t\t\t\t<div class=\"su-post-excerpt\">\n\t\t\t\t\t<p>Ich tr\u00e4umte, ich tr\u00e4umte. Und als ich nicht aufwachte, wusste ich, es war wahr. Der Traum mein Leben. Johannes Tosin (Text und Foto) www.verdichtet.at | Kategorie: Kleinode &#8211; nicht nur an die Freude | Inventarnummer: 21001<\/p>\n\t\t\t\t<\/div>\n\n\t\t\t\t\t\t\t\t\t<a href=\"https:\/\/www.verdichtet.at\/?p=11919#respond\" class=\"su-post-comments-link\">0 Kommentare<\/a>\n\t\t\t\t\n\t\t\t<\/div>\n\n\t\t\t\t\t\n\t\t\t\n\t\t\t<div id=\"su-post-11843\" class=\"su-post \">\n\n\t\t\t\t\n\t\t\t\t<h2 class=\"su-post-title\"><a href=\"https:\/\/www.verdichtet.at\/?p=11843\">Klette<\/a><\/h2>\n\n\t\t\t\t<div class=\"su-post-meta\">\n\t\t\t\t\tVer\u00f6ffentlicht: 7. Oktober 2020\t\t\t\t<\/div>\n\n\t\t\t\t<div class=\"su-post-excerpt\">\n\t\t\t\t\t<p>Ich h\u00e4nge nicht an dir. H\u00e4ngst du an mir? Das solltest du nicht. Wenn ich st\u00fcrze, nehme ich dich mit. Und ich werde st\u00fcrzen. Ich werde in der Verdammnis verschwinden. Du bist eine nette Person. Bleib oben auf der Erdoberfl\u00e4che. Such dir einen anderen. Johannes Tosin (Text und Foto) www.verdichtet.at | Kategorie: Kleinode &#8211; nicht [&hellip;]<\/p>\n\t\t\t\t<\/div>\n\n\t\t\t\t\t\t\t\t\t<a href=\"https:\/\/www.verdichtet.at\/?p=11843#respond\" class=\"su-post-comments-link\">0 Kommentare<\/a>\n\t\t\t\t\n\t\t\t<\/div>\n\n\t\t\t\t\t\n\t\t\t\n\t\t\t<div id=\"su-post-11270\" class=\"su-post \">\n\n\t\t\t\t\n\t\t\t\t<h2 class=\"su-post-title\"><a href=\"https:\/\/www.verdichtet.at\/?p=11270\">Wie der Herbst<\/a><\/h2>\n\n\t\t\t\t<div class=\"su-post-meta\">\n\t\t\t\t\tVer\u00f6ffentlicht: 25. April 2020\t\t\t\t<\/div>\n\n\t\t\t\t<div class=\"su-post-excerpt\">\n\t\t\t\t\t<p>B\u00e4ume verlieren Bl\u00e4tter Tr\u00e4nen fallen auf den feuchten Boden, seit Tagen Nichtstun, es kommt schon wieder alles in Ordnung Ja Will ich Wei\u00df ich An einem Baum h\u00e4ngt eine Frucht, meine Liebe du bist so s\u00fc\u00df dein Kern hinterl\u00e4sst nur blaue Flecken Florian Pfeffer www.verdichtet.at |\u00a0Kategorie:\u00a0Kleinode \u2013 nicht nur an die Freude | Inventarnummer: 20077<\/p>\n\t\t\t\t<\/div>\n\n\t\t\t\t\t\t\t\t\t<a href=\"https:\/\/www.verdichtet.at\/?p=11270#respond\" class=\"su-post-comments-link\">0 Kommentare<\/a>\n\t\t\t\t\n\t\t\t<\/div>\n\n\t\t\t\t\t\n\t\t\t\n\t\t\t<div id=\"su-post-11144\" class=\"su-post \">\n\n\t\t\t\t\n\t\t\t\t<h2 class=\"su-post-title\"><a href=\"https:\/\/www.verdichtet.at\/?p=11144\">Nebel<\/a><\/h2>\n\n\t\t\t\t<div class=\"su-post-meta\">\n\t\t\t\t\tVer\u00f6ffentlicht: 13. April 2020\t\t\t\t<\/div>\n\n\t\t\t\t<div class=\"su-post-excerpt\">\n\t\t\t\t\t<p>Weihrauchtropfen schweben \u00fcber die Erde Gleise f\u00fchren ins Unbekannte Blind wird die Vernunft, wach der Sinn Annamaria Bortoletto https:\/\/laltraidea.wordpress.com www.verdichtet.at | Kategorie:\u00a0Kleinode &#8211; nicht nur an die Freude | Inventarnummer: 20054<\/p>\n\t\t\t\t<\/div>\n\n\t\t\t\t\t\t\t\t\t<a href=\"https:\/\/www.verdichtet.at\/?p=11144#comments\" class=\"su-post-comments-link\">Ein Kommentar<\/a>\n\t\t\t\t\n\t\t\t<\/div>\n\n\t\t\t\t\t\n\t\t\t\n\t\t\t<div id=\"su-post-11135\" class=\"su-post \">\n\n\t\t\t\t\n\t\t\t\t<h2 class=\"su-post-title\"><a href=\"https:\/\/www.verdichtet.at\/?p=11135\">Frost<\/a><\/h2>\n\n\t\t\t\t<div class=\"su-post-meta\">\n\t\t\t\t\tVer\u00f6ffentlicht: 13. April 2020\t\t\t\t<\/div>\n\n\t\t\t\t<div class=\"su-post-excerpt\">\n\t\t\t\t\t<p>Vollmond und K\u00e4lte begleiten mich in mein Innerstes Die stille Natur begr\u00fc\u00dft mein Herz Mein Gem\u00fct wird besinnlich Annamaria Bortoletto https:\/\/laltraidea.wordpress.com www.verdichtet.at | Kategorie:\u00a0Kleinode &#8211; nicht nur an die Freude | Inventarnummer: 20052 &nbsp;<\/p>\n\t\t\t\t<\/div>\n\n\t\t\t\t\t\t\t\t\t<a href=\"https:\/\/www.verdichtet.at\/?p=11135#respond\" class=\"su-post-comments-link\">0 Kommentare<\/a>\n\t\t\t\t\n\t\t\t<\/div>\n\n\t\t\t\t\t\n\t\t\t\n\t\t\t<div id=\"su-post-10499\" class=\"su-post \">\n\n\t\t\t\t\n\t\t\t\t<h2 class=\"su-post-title\"><a href=\"https:\/\/www.verdichtet.at\/?p=10499\">Aus Glas<\/a><\/h2>\n\n\t\t\t\t<div class=\"su-post-meta\">\n\t\t\t\t\tVer\u00f6ffentlicht: 24. November 2019\t\t\t\t<\/div>\n\n\t\t\t\t<div class=\"su-post-excerpt\">\n\t\t\t\t\t<p>Aus Glas ist mein K\u00f6rper. Ich breche, wenn ich falle, aber ich falle nicht. An seiner Oberfl\u00e4che ist mein K\u00f6rper beschrieben, von mir, wie T\u00e4towierungen in der Haut. Johannes Tosin (Text und Foto) www.verdichtet.at | Kategorie: Kleinode &#8211; nicht nur an die Freude | Inventarnummer: 19125<\/p>\n\t\t\t\t<\/div>\n\n\t\t\t\t\t\t\t\t\t<a href=\"https:\/\/www.verdichtet.at\/?p=10499#respond\" class=\"su-post-comments-link\">0 Kommentare<\/a>\n\t\t\t\t\n\t\t\t<\/div>\n\n\t\t\t\t\t\n\t\t\t\n\t\t\t<div id=\"su-post-10308\" class=\"su-post \">\n\n\t\t\t\t\n\t\t\t\t<h2 class=\"su-post-title\"><a href=\"https:\/\/www.verdichtet.at\/?p=10308\">Windsto\u00df<\/a><\/h2>\n\n\t\t\t\t<div class=\"su-post-meta\">\n\t\t\t\t\tVer\u00f6ffentlicht: 11. Oktober 2019\t\t\t\t<\/div>\n\n\t\t\t\t<div class=\"su-post-excerpt\">\n\t\t\t\t\t<p>Ich bin der Wind gefangen heult er durch R\u00e4ume Florian Pfeffer www.verdichtet.at |\u00a0Kategorie:\u00a0Kleinode \u2013 nicht nur an die Freude | Inventarnummer: 19127<\/p>\n\t\t\t\t<\/div>\n\n\t\t\t\t\t\t\t\t\t<a href=\"https:\/\/www.verdichtet.at\/?p=10308#respond\" class=\"su-post-comments-link\">0 Kommentare<\/a>\n\t\t\t\t\n\t\t\t<\/div>\n\n\t\t\t\t\t\n\t\t\t\n\t\t\t<div id=\"su-post-9967\" class=\"su-post \">\n\n\t\t\t\t\n\t\t\t\t<h2 class=\"su-post-title\"><a href=\"https:\/\/www.verdichtet.at\/?p=9967\">Spielmann<\/a><\/h2>\n\n\t\t\t\t<div class=\"su-post-meta\">\n\t\t\t\t\tVer\u00f6ffentlicht: 25. Juli 2019\t\t\t\t<\/div>\n\n\t\t\t\t<div class=\"su-post-excerpt\">\n\t\t\t\t\t<p>\u201eDu kannst lesen und schreiben?\u201c, sagt der Ritter und Edelmann im Jahr 937 im K\u00f6nigreich Burgund zu einem Kollegen. \u201eHahaha, das ist doch weibisch! Und vom Schachspiel verstehst du nichts? Mein Freund\u201c, f\u00e4hrt er fort, \u201edu scheinst von weit her zu kommen, wo ganz andere Sitten und Gebr\u00e4uche gelten als bei uns. Du musizierst und [&hellip;]<\/p>\n\t\t\t\t<\/div>\n\n\t\t\t\t\t\t\t\t\t<a href=\"https:\/\/www.verdichtet.at\/?p=9967#respond\" class=\"su-post-comments-link\">0 Kommentare<\/a>\n\t\t\t\t\n\t\t\t<\/div>\n\n\t\t\t\t\t\n\t\t\t\n\t\t\t<div id=\"su-post-9906\" class=\"su-post \">\n\n\t\t\t\t\n\t\t\t\t<h2 class=\"su-post-title\"><a href=\"https:\/\/www.verdichtet.at\/?p=9906\">Jederzeit<\/a><\/h2>\n\n\t\t\t\t<div class=\"su-post-meta\">\n\t\t\t\t\tVer\u00f6ffentlicht: 1. Juli 2019\t\t\t\t<\/div>\n\n\t\t\t\t<div class=\"su-post-excerpt\">\n\t\t\t\t\t<p>Come and go. Was bleibt, ist der Wandel. Hand gibt und Hand verliert. Kieselsteine knirschen. Der Nebel ber\u00fchrt das Gras. Johannes Tosin (Text und Foto) www.verdichtet.at | Kategorie: Kleinode &#8211; nicht nur an die Freude | Inventarnummer: 19086<\/p>\n\t\t\t\t<\/div>\n\n\t\t\t\t\t\t\t\t\t<a href=\"https:\/\/www.verdichtet.at\/?p=9906#respond\" class=\"su-post-comments-link\">0 Kommentare<\/a>\n\t\t\t\t\n\t\t\t<\/div>\n\n\t\t\t\t\t\n\t\t\t\n\t\t\t<div id=\"su-post-9754\" class=\"su-post \">\n\n\t\t\t\t\n\t\t\t\t<h2 class=\"su-post-title\"><a href=\"https:\/\/www.verdichtet.at\/?p=9754\">Vor dem Schneefall<\/a><\/h2>\n\n\t\t\t\t<div class=\"su-post-meta\">\n\t\t\t\t\tVer\u00f6ffentlicht: 30. April 2019\t\t\t\t<\/div>\n\n\t\t\t\t<div class=\"su-post-excerpt\">\n\t\t\t\t\t<p>Vertrauen kn\u00fcpft das Band. Glauben, ohne zu wissen. \u00d6ffnen sein Herz. Die unerbittliche Maschine des Verstandes arbeitet in monotoner Verharrung. Zum Gl\u00fcck. Noch. Sp\u00fcre den Wind. Die Sonne hell in deinen Augen. Der Schnee wird kommen. Bald. Johannes Tosin (Text und Foto) www.verdichtet.at | Kategorie: Kleinode &#8211; nicht nur an die Freude | Inventarnummer: 19076 [&hellip;]<\/p>\n\t\t\t\t<\/div>\n\n\t\t\t\t\t\t\t\t\t<a href=\"https:\/\/www.verdichtet.at\/?p=9754#respond\" class=\"su-post-comments-link\">0 Kommentare<\/a>\n\t\t\t\t\n\t\t\t<\/div>\n\n\t\t\t\t\t\n\t\t\t\n\t\t\t<div id=\"su-post-9221\" class=\"su-post \">\n\n\t\t\t\t\n\t\t\t\t<h2 class=\"su-post-title\"><a href=\"https:\/\/www.verdichtet.at\/?p=9221\">Gew\u00e4chshaus<\/a><\/h2>\n\n\t\t\t\t<div class=\"su-post-meta\">\n\t\t\t\t\tVer\u00f6ffentlicht: 4. Januar 2019\t\t\t\t<\/div>\n\n\t\t\t\t<div class=\"su-post-excerpt\">\n\t\t\t\t\t<p>Im Himmel wachsen ganze B\u00e4ume, in mir w\u00e4chst Unkraut Weiter Weiter Florian Pfeffer www.verdichtet.at |\u00a0Kategorie:\u00a0Kleinode \u2013 nicht nur an die Freude | Inventarnummer: 19021<\/p>\n\t\t\t\t<\/div>\n\n\t\t\t\t\t\t\t\t\t<a href=\"https:\/\/www.verdichtet.at\/?p=9221#respond\" class=\"su-post-comments-link\">0 Kommentare<\/a>\n\t\t\t\t\n\t\t\t<\/div>\n\n\t\t\t\t\t\n\t\t\t\n\t\t\t<div id=\"su-post-9423\" class=\"su-post \">\n\n\t\t\t\t\n\t\t\t\t<h2 class=\"su-post-title\"><a href=\"https:\/\/www.verdichtet.at\/?p=9423\">Holzsplitter<\/a><\/h2>\n\n\t\t\t\t<div class=\"su-post-meta\">\n\t\t\t\t\tVer\u00f6ffentlicht: 10. Februar 2019\t\t\t\t<\/div>\n\n\t\t\t\t<div class=\"su-post-excerpt\">\n\t\t\t\t\t<p>Ich habe mir schon lange keinen Schiefer mehr eingezogen. Mein Vater hat immer Bretter auf dem Holzbock zers\u00e4gt \u2013 Brennholz war vonn\u00f6ten. Holz gehackt hat er nie. Holz riecht gut. S\u00e4gesp\u00e4ne sind gelb. Bei Regen werden sie zu einem orangen Brei. Manchmal habe ich mit meinem Vater Bretter zu Brennholz zers\u00e4gt. Fr\u00fcher haben Holzweiblein im [&hellip;]<\/p>\n\t\t\t\t<\/div>\n\n\t\t\t\t\t\t\t\t\t<a href=\"https:\/\/www.verdichtet.at\/?p=9423#respond\" class=\"su-post-comments-link\">0 Kommentare<\/a>\n\t\t\t\t\n\t\t\t<\/div>\n\n\t\t\t\t\t\n\t\t\t\n\t\t\t<div id=\"su-post-9204\" class=\"su-post \">\n\n\t\t\t\t\n\t\t\t\t<h2 class=\"su-post-title\"><a href=\"https:\/\/www.verdichtet.at\/?p=9204\">E-Mails<\/a><\/h2>\n\n\t\t\t\t<div class=\"su-post-meta\">\n\t\t\t\t\tVer\u00f6ffentlicht: 4. Januar 2019\t\t\t\t<\/div>\n\n\t\t\t\t<div class=\"su-post-excerpt\">\n\t\t\t\t\t<p>Blind taste ich mich an das Licht heran, frohe Botschaften kommen an Florian Pfeffer www.verdichtet.at |\u00a0Kategorie:\u00a0Kleinode \u2013 nicht nur an die Freude | Inventarnummer: 19013<\/p>\n\t\t\t\t<\/div>\n\n\t\t\t\t\t\t\t\t\t<a href=\"https:\/\/www.verdichtet.at\/?p=9204#respond\" class=\"su-post-comments-link\">0 Kommentare<\/a>\n\t\t\t\t\n\t\t\t<\/div>\n\n\t\t\t\t\t\n\t\t\t\n\t\t\t<div id=\"su-post-9117\" class=\"su-post \">\n\n\t\t\t\t\n\t\t\t\t<h2 class=\"su-post-title\"><a href=\"https:\/\/www.verdichtet.at\/?p=9117\">Eisblumen<\/a><\/h2>\n\n\t\t\t\t<div class=\"su-post-meta\">\n\t\t\t\t\tVer\u00f6ffentlicht: 30. Dezember 2018\t\t\t\t<\/div>\n\n\t\t\t\t<div class=\"su-post-excerpt\">\n\t\t\t\t\t<p>Eisblumen wachsen \u00fcber das Fenster. Sie verzweigen sich und zeichnen Bilder. Was immer du in ihnen siehst, ist f\u00fcr dich wahr. Es sind deine schlaflosen Tr\u00e4ume, auf Glas gesetzt. Verworren und verschwommen, doch ganz aus deiner selbst. Erstarkt wieder die Sonne, wird sie sie verschwinden machen. Die Tage des Frostes sind schon gez\u00e4hlt. Bald wird [&hellip;]<\/p>\n\t\t\t\t<\/div>\n\n\t\t\t\t\t\t\t\t\t<a href=\"https:\/\/www.verdichtet.at\/?p=9117#respond\" class=\"su-post-comments-link\">0 Kommentare<\/a>\n\t\t\t\t\n\t\t\t<\/div>\n\n\t\t\t\t\t\n\t\t\t\n\t\t\t<div id=\"su-post-3677\" class=\"su-post \">\n\n\t\t\t\t\n\t\t\t\t<h2 class=\"su-post-title\"><a href=\"https:\/\/www.verdichtet.at\/?p=3677\">Wiesel und Weide<\/a><\/h2>\n\n\t\t\t\t<div class=\"su-post-meta\">\n\t\t\t\t\tVer\u00f6ffentlicht: 17. November 2015\t\t\t\t<\/div>\n\n\t\t\t\t<div class=\"su-post-excerpt\">\n\t\t\t\t\t<p>Zwischen Heide und Getreide Stand die alte Trauerweide Hielt sich im Stamm dramatisch krumm Seufzt\u00b4 dann und wann und war sonst stumm Ein Wiesel, dieses spielte gern Im Bach, dort sah\u2019s der Morgenstern Doch der Weide Tr\u00fcbsalblasen Stieg dem Wiesel in die Nasen Und so verlie\u00df das tapf\u2019re Wiesel Eines Morgens Bach und Kiesel Und [&hellip;]<\/p>\n\t\t\t\t<\/div>\n\n\t\t\t\t\t\t\t\t\t<a href=\"https:\/\/www.verdichtet.at\/?p=3677#respond\" class=\"su-post-comments-link\">0 Kommentare<\/a>\n\t\t\t\t\n\t\t\t<\/div>\n\n\t\t\t\t\t\n\t\t\t\n\t\t\t<div id=\"su-post-8044\" class=\"su-post \">\n\n\t\t\t\t\n\t\t\t\t<h2 class=\"su-post-title\"><a href=\"https:\/\/www.verdichtet.at\/?p=8044\">Zu wenig<\/a><\/h2>\n\n\t\t\t\t<div class=\"su-post-meta\">\n\t\t\t\t\tVer\u00f6ffentlicht: 24. April 2018\t\t\t\t<\/div>\n\n\t\t\t\t<div class=\"su-post-excerpt\">\n\t\t\t\t\t<p>Das Gl\u00fcck gibt es nur in kleinen Dosen. Ist es aufgebraucht, sind wir l\u00e4ngst noch nicht satt. Nives Farrier aus: Nach Dir. (TwentySix Verlag, 2018) www.verdichtet.at | Kategorie: Kleinode &#8211; nicht nur an die Freude | Inventarnummer: 18105 &nbsp;<\/p>\n\t\t\t\t<\/div>\n\n\t\t\t\t\t\t\t\t\t<a href=\"https:\/\/www.verdichtet.at\/?p=8044#respond\" class=\"su-post-comments-link\">0 Kommentare<\/a>\n\t\t\t\t\n\t\t\t<\/div>\n\n\t\t\t\t\t\n\t\t\t\n\t\t\t<div id=\"su-post-8030\" class=\"su-post \">\n\n\t\t\t\t\n\t\t\t\t<h2 class=\"su-post-title\"><a href=\"https:\/\/www.verdichtet.at\/?p=8030\">Sp\u00e4t-Romantik<\/a><\/h2>\n\n\t\t\t\t<div class=\"su-post-meta\">\n\t\t\t\t\tVer\u00f6ffentlicht: 24. April 2018\t\t\t\t<\/div>\n\n\t\t\t\t<div class=\"su-post-excerpt\">\n\t\t\t\t\t<p>Du bettest mich auf Dornen. Die Rosenbl\u00e4tter sind dir l\u00e4ngst ausgegangen. Nives Farrier aus: Nach Dir. (TwentySix Verlag, 2018) www.verdichtet.at | Kategorie: Kleinode &#8211; nicht nur an die Freude | Inventarnummer: 18100 &nbsp;<\/p>\n\t\t\t\t<\/div>\n\n\t\t\t\t\t\t\t\t\t<a href=\"https:\/\/www.verdichtet.at\/?p=8030#respond\" class=\"su-post-comments-link\">0 Kommentare<\/a>\n\t\t\t\t\n\t\t\t<\/div>\n\n\t\t\t\t\t\n\t\t\t\n\t\t\t<div id=\"su-post-8019\" class=\"su-post \">\n\n\t\t\t\t\n\t\t\t\t<h2 class=\"su-post-title\"><a href=\"https:\/\/www.verdichtet.at\/?p=8019\">Liebes-Lotto<\/a><\/h2>\n\n\t\t\t\t<div class=\"su-post-meta\">\n\t\t\t\t\tVer\u00f6ffentlicht: 24. April 2018\t\t\t\t<\/div>\n\n\t\t\t\t<div class=\"su-post-excerpt\">\n\t\t\t\t\t<p>Das Spiel ist aus. Alle Lose sind ausgez\u00e4hlt. Der Rechtsweg ausgeschlossen. Nives Farrier aus: Nach Dir. (TwentySix Verlag, 2018) www.verdichtet.at | Kategorie: Kleinode &#8211; nicht nur an die Freude | Inventarnummer: 18096 &nbsp;<\/p>\n\t\t\t\t<\/div>\n\n\t\t\t\t\t\t\t\t\t<a href=\"https:\/\/www.verdichtet.at\/?p=8019#respond\" class=\"su-post-comments-link\">0 Kommentare<\/a>\n\t\t\t\t\n\t\t\t<\/div>\n\n\t\t\t\t\t\n\t\t\t\n\t\t\t<div id=\"su-post-7905\" class=\"su-post \">\n\n\t\t\t\t\n\t\t\t\t<h2 class=\"su-post-title\"><a href=\"https:\/\/www.verdichtet.at\/?p=7905\">Kollision<\/a><\/h2>\n\n\t\t\t\t<div class=\"su-post-meta\">\n\t\t\t\t\tVer\u00f6ffentlicht: 24. April 2018\t\t\t\t<\/div>\n\n\t\t\t\t<div class=\"su-post-excerpt\">\n\t\t\t\t\t<p>Ich bin der kaputte Vogel, zu deiner zerbrochenen Scheibe. Nives Farrier aus: Nach Dir. (TwentySix Verlag, 2018) www.verdichtet.at | Kategorie: Kleinode &#8211; nicht nur an die Freude | Inventarnummer: 18056 &nbsp;<\/p>\n\t\t\t\t<\/div>\n\n\t\t\t\t\t\t\t\t\t<a href=\"https:\/\/www.verdichtet.at\/?p=7905#respond\" class=\"su-post-comments-link\">0 Kommentare<\/a>\n\t\t\t\t\n\t\t\t<\/div>\n\n\t\t\t\t\t\n\t\t\t\n\t\t\t<div id=\"su-post-7922\" class=\"su-post \">\n\n\t\t\t\t\n\t\t\t\t<h2 class=\"su-post-title\"><a href=\"https:\/\/www.verdichtet.at\/?p=7922\">Leere<\/a><\/h2>\n\n\t\t\t\t<div class=\"su-post-meta\">\n\t\t\t\t\tVer\u00f6ffentlicht: 24. April 2018\t\t\t\t<\/div>\n\n\t\t\t\t<div class=\"su-post-excerpt\">\n\t\t\t\t\t<p>Ich legte f\u00fcr uns ein ganzes Buch bereit, doch wir f\u00fcllten nur einige Zeilen. Nives Farrier aus: Nach Dir. (TwentySix Verlag, 2018) www.verdichtet.at | Kategorie: Kleinode &#8211; nicht nur an die Freude | Inventarnummer: 18063 &nbsp;<\/p>\n\t\t\t\t<\/div>\n\n\t\t\t\t\t\t\t\t\t<a href=\"https:\/\/www.verdichtet.at\/?p=7922#respond\" class=\"su-post-comments-link\">0 Kommentare<\/a>\n\t\t\t\t\n\t\t\t<\/div>\n\n\t\t\t\t\t\n\t\t\t\n\t\t\t<div id=\"su-post-7969\" class=\"su-post \">\n\n\t\t\t\t\n\t\t\t\t<h2 class=\"su-post-title\"><a href=\"https:\/\/www.verdichtet.at\/?p=7969\">Selbstschutz<\/a><\/h2>\n\n\t\t\t\t<div class=\"su-post-meta\">\n\t\t\t\t\tVer\u00f6ffentlicht: 24. April 2018\t\t\t\t<\/div>\n\n\t\t\t\t<div class=\"su-post-excerpt\">\n\t\t\t\t\t<p>Mit Scheuklappen gehe ich durch die Welt, weil an jeder Ecke ein Gedanke an dich lauert. Nives Farrier aus: Nach Dir. (TwentySix Verlag, 2018) www.verdichtet.at | Kategorie: Kleinode &#8211; nicht nur an die Freude | Inventarnummer: 18079 &nbsp;<\/p>\n\t\t\t\t<\/div>\n\n\t\t\t\t\t\t\t\t\t<a href=\"https:\/\/www.verdichtet.at\/?p=7969#comments\" class=\"su-post-comments-link\">Ein Kommentar<\/a>\n\t\t\t\t\n\t\t\t<\/div>\n\n\t\t\t\t\t\n\t\t\t\n\t\t\t<div id=\"su-post-7988\" class=\"su-post \">\n\n\t\t\t\t\n\t\t\t\t<h2 class=\"su-post-title\"><a href=\"https:\/\/www.verdichtet.at\/?p=7988\">Dunkle Seite<\/a><\/h2>\n\n\t\t\t\t<div class=\"su-post-meta\">\n\t\t\t\t\tVer\u00f6ffentlicht: 24. April 2018\t\t\t\t<\/div>\n\n\t\t\t\t<div class=\"su-post-excerpt\">\n\t\t\t\t\t<p>Wie der Mond wechselst du dein Gesicht. Mal leuchtest du, mal seh ich nichts. Nives Farrier aus: Nach Dir. (TwentySix Verlag, 2018) www.verdichtet.at | Kategorie: Kleinode &#8211; nicht nur an die Freude | Inventarnummer: 18085 &nbsp;<\/p>\n\t\t\t\t<\/div>\n\n\t\t\t\t\t\t\t\t\t<a href=\"https:\/\/www.verdichtet.at\/?p=7988#respond\" class=\"su-post-comments-link\">0 Kommentare<\/a>\n\t\t\t\t\n\t\t\t<\/div>\n\n\t\t\t\t\t\n\t\t\t\n\t\t\t<div id=\"su-post-7797\" class=\"su-post \">\n\n\t\t\t\t\n\t\t\t\t<h2 class=\"su-post-title\"><a href=\"https:\/\/www.verdichtet.at\/?p=7797\">Schatten im Feld<\/a><\/h2>\n\n\t\t\t\t<div class=\"su-post-meta\">\n\t\t\t\t\tVer\u00f6ffentlicht: 8. April 2018\t\t\t\t<\/div>\n\n\t\t\t\t<div class=\"su-post-excerpt\">\n\t\t\t\t\t<p>Schauer f\u00e4llt, Gedanken prasseln, Samen fallen zu Boden, radikales Wachstum, Ungeheuer wachsen aus den Betonritzen Florian Pfeffer www.verdichtet.at |\u00a0Kategorie:\u00a0Kleinode \u2013 nicht nur an die Freude | Inventarnummer: 18038<\/p>\n\t\t\t\t<\/div>\n\n\t\t\t\t\t\t\t\t\t<a href=\"https:\/\/www.verdichtet.at\/?p=7797#respond\" class=\"su-post-comments-link\">0 Kommentare<\/a>\n\t\t\t\t\n\t\t\t<\/div>\n\n\t\t\t\t\t\n\t\t\t\n\t\t\t<div id=\"su-post-7793\" class=\"su-post \">\n\n\t\t\t\t\n\t\t\t\t<h2 class=\"su-post-title\"><a href=\"https:\/\/www.verdichtet.at\/?p=7793\">Hoffnung auf die Sonne<\/a><\/h2>\n\n\t\t\t\t<div class=\"su-post-meta\">\n\t\t\t\t\tVer\u00f6ffentlicht: 8. April 2018\t\t\t\t<\/div>\n\n\t\t\t\t<div class=\"su-post-excerpt\">\n\t\t\t\t\t<p>Leeres Gef\u00fchl, beim Anblick, in den Stra\u00dfen, Lege mich in die Gruft, Morgen scheint die Sonne, laut einer App Florian Pfeffer www.verdichtet.at |\u00a0Kategorie:\u00a0Kleinode \u2013 nicht nur an die Freude | Inventarnummer: 18036<\/p>\n\t\t\t\t<\/div>\n\n\t\t\t\t\t\t\t\t\t<a href=\"https:\/\/www.verdichtet.at\/?p=7793#respond\" class=\"su-post-comments-link\">0 Kommentare<\/a>\n\t\t\t\t\n\t\t\t<\/div>\n\n\t\t\t\t\t\n\t\t\t\n\t\t\t<div id=\"su-post-7093\" class=\"su-post \">\n\n\t\t\t\t\n\t\t\t\t<h2 class=\"su-post-title\"><a href=\"https:\/\/www.verdichtet.at\/?p=7093\">Nur h\u00f6ren, nichts sehen<\/a><\/h2>\n\n\t\t\t\t<div class=\"su-post-meta\">\n\t\t\t\t\tVer\u00f6ffentlicht: 6. Oktober 2017\t\t\t\t<\/div>\n\n\t\t\t\t<div class=\"su-post-excerpt\">\n\t\t\t\t\t<p>Meinungen gehen auseinander, Bomben treffen Bomben Sie rufen ihm zu, im Netz, Er wackelt mit seinem Kopf, seine H\u00e4nde sind wild, seine Stimme euphorisch, Zeitungen kriechen in seine Richtung, Reichlich Getr\u00e4nke werden ausgeschenkt, Das Schlechte dieser Welt, die Probleme dieser Welt, tragen Kopft\u00fccher, reden anders, essen anderes Papier Nickel Metall werden versteckt gereicht Florian Pfeffer [&hellip;]<\/p>\n\t\t\t\t<\/div>\n\n\t\t\t\t\t\t\t\t\t<a href=\"https:\/\/www.verdichtet.at\/?p=7093#respond\" class=\"su-post-comments-link\">0 Kommentare<\/a>\n\t\t\t\t\n\t\t\t<\/div>\n\n\t\t\t\t\t\n\t\t\t\n\t\t\t<div id=\"su-post-7089\" class=\"su-post \">\n\n\t\t\t\t\n\t\t\t\t<h2 class=\"su-post-title\"><a href=\"https:\/\/www.verdichtet.at\/?p=7089\">Jupiter<\/a><\/h2>\n\n\t\t\t\t<div class=\"su-post-meta\">\n\t\t\t\t\tVer\u00f6ffentlicht: 6. Oktober 2017\t\t\t\t<\/div>\n\n\t\t\t\t<div class=\"su-post-excerpt\">\n\t\t\t\t\t<p>Weit unten, ist der Jupiter, schwer, zieht er mich zu Boden Florian Pfeffer www.verdichtet.at |\u00a0Kategorie:\u00a0Kleinode \u2013 nicht nur an die Freude | Inventarnummer: 17195<\/p>\n\t\t\t\t<\/div>\n\n\t\t\t\t\t\t\t\t\t<a href=\"https:\/\/www.verdichtet.at\/?p=7089#respond\" class=\"su-post-comments-link\">0 Kommentare<\/a>\n\t\t\t\t\n\t\t\t<\/div>\n\n\t\t\t\t\t\n\t\t\t\n\t\t\t<div id=\"su-post-6471\" class=\"su-post \">\n\n\t\t\t\t\n\t\t\t\t<h2 class=\"su-post-title\"><a href=\"https:\/\/www.verdichtet.at\/?p=6471\">Neue Gedanken<\/a><\/h2>\n\n\t\t\t\t<div class=\"su-post-meta\">\n\t\t\t\t\tVer\u00f6ffentlicht: 9. Mai 2017\t\t\t\t<\/div>\n\n\t\t\t\t<div class=\"su-post-excerpt\">\n\t\t\t\t\t<p>Wenn die Saat aufkeimt, keimt die andere mit, sie wachsen aneinander vorbei, Treffen sich nicht, die eine z\u00e4h und schwer, will die andere aufhalten, Dort w\u00e4chst sie nach oben, Wurzeln streiten Ein gr\u00fcner Zweig, malt sich in die H\u00f6he, w\u00e4hrend die anderen sterben Florian Pfeffer www.verdichtet.at |\u00a0Kategorie:\u00a0Kleinode \u2013 nicht nur an die Freude | Inventarnummer: [&hellip;]<\/p>\n\t\t\t\t<\/div>\n\n\t\t\t\t\t\t\t\t\t<a href=\"https:\/\/www.verdichtet.at\/?p=6471#respond\" class=\"su-post-comments-link\">0 Kommentare<\/a>\n\t\t\t\t\n\t\t\t<\/div>\n\n\t\t\t\t\t\n\t\t\t\n\t\t\t<div id=\"su-post-6469\" class=\"su-post \">\n\n\t\t\t\t\n\t\t\t\t<h2 class=\"su-post-title\"><a href=\"https:\/\/www.verdichtet.at\/?p=6469\">Jahreszeiten der Gedanken<\/a><\/h2>\n\n\t\t\t\t<div class=\"su-post-meta\">\n\t\t\t\t\tVer\u00f6ffentlicht: 9. Mai 2017\t\t\t\t<\/div>\n\n\t\t\t\t<div class=\"su-post-excerpt\">\n\t\t\t\t\t<p>Verlasse mich nicht, sch\u00f6ner Fr\u00fchling Jede Nacht kommt der Sommer, legt seine H\u00e4nde an meine Buchstaben flie\u00dfen hinab, umgeben im Nebel des Herbstes, Ganz tief gehen Stufen, zur winterlichen Eisw\u00fcste Florian Pfeffer www.verdichtet.at | Kategorie:\u00a0Kleinode \u2013 nicht nur an die Freude | Inventarnummer: 17103<\/p>\n\t\t\t\t<\/div>\n\n\t\t\t\t\t\t\t\t\t<a href=\"https:\/\/www.verdichtet.at\/?p=6469#respond\" class=\"su-post-comments-link\">0 Kommentare<\/a>\n\t\t\t\t\n\t\t\t<\/div>\n\n\t\t\t\t\t\n\t\t\t\n\t\t\t<div id=\"su-post-6097\" class=\"su-post \">\n\n\t\t\t\t\n\t\t\t\t<h2 class=\"su-post-title\"><a href=\"https:\/\/www.verdichtet.at\/?p=6097\">aqua planing<\/a><\/h2>\n\n\t\t\t\t<div class=\"su-post-meta\">\n\t\t\t\t\tVer\u00f6ffentlicht: 21. Februar 2017\t\t\t\t<\/div>\n\n\t\t\t\t<div class=\"su-post-excerpt\">\n\t\t\t\t\t<p>die stra\u00dfe ist nass \u2013 du gibst gas. auf spiegelglatter fahrbahn kommst du ins schlittern. das ewige zittern: was ist morgen? leben in v\u00f6lliger kontrolle. glaubst du auch noch an frau holle? h\u00e4nde weg vom steuer, die f\u00fc\u00dfe vom pedal. du hast keine andre wahl. es gibt kein fahrsicherheitstraining f\u00fcrs leben! kontrolle ist illusion \u2013 [&hellip;]<\/p>\n\t\t\t\t<\/div>\n\n\t\t\t\t\t\t\t\t\t<a href=\"https:\/\/www.verdichtet.at\/?p=6097#respond\" class=\"su-post-comments-link\">0 Kommentare<\/a>\n\t\t\t\t\n\t\t\t<\/div>\n\n\t\t\t\t\t\n\t\t\t\n\t\t\t<div id=\"su-post-6079\" class=\"su-post \">\n\n\t\t\t\t\n\t\t\t\t<h2 class=\"su-post-title\"><a href=\"https:\/\/www.verdichtet.at\/?p=6079\">Zwei Kurzgedichte<\/a><\/h2>\n\n\t\t\t\t<div class=\"su-post-meta\">\n\t\t\t\t\tVer\u00f6ffentlicht: 21. Februar 2017\t\t\t\t<\/div>\n\n\t\t\t\t<div class=\"su-post-excerpt\">\n\t\t\t\t\t<p>lack of chalk das einzige, das ich dir ankreide, ist die leere tafel, die du hinterl\u00e4sst. &#8211; &#8211; &#8211; schere\/stein\/papier schere, stein, papier. da ist kein wir. du bist schere, du papier. ich bin allein, ich bin stein. Anna Maltschnig www.verdichtet.at |\u00a0Kategorie:\u00a0Kleinode \u2013 nicht nur an die Freude | Inventarnummer: 17048<\/p>\n\t\t\t\t<\/div>\n\n\t\t\t\t\t\t\t\t\t<a href=\"https:\/\/www.verdichtet.at\/?p=6079#respond\" class=\"su-post-comments-link\">0 Kommentare<\/a>\n\t\t\t\t\n\t\t\t<\/div>\n\n\t\t\t\t\t\n\t\t\t\n\t\t\t<div id=\"su-post-6064\" class=\"su-post \">\n\n\t\t\t\t\n\t\t\t\t<h2 class=\"su-post-title\"><a href=\"https:\/\/www.verdichtet.at\/?p=6064\">Terrain vague<\/a><\/h2>\n\n\t\t\t\t<div class=\"su-post-meta\">\n\t\t\t\t\tVer\u00f6ffentlicht: 18. Februar 2017\t\t\t\t<\/div>\n\n\t\t\t\t<div class=\"su-post-excerpt\">\n\t\t\t\t\t<p>Terrain vague 1 steinig holprig schwammig rutschig glitschig verlogen verstohlen vergessen vergeben Unsicherheitsmomente Terrain vague 2 schief schr\u00e4g ungewiss unsicher unheimlich damit leben lernen ist angesagt Terrain vague 3 ich gleite und schwebe zum Tanz auf dem Vulkan arhythmisch Terrain vague 4 auf Deutsch harmlos Gscht\u00e4ttn genannt kann mehr als eine M\u00fcllablagerungsst\u00e4tte Terrain vague 5 [&hellip;]<\/p>\n\t\t\t\t<\/div>\n\n\t\t\t\t\t\t\t\t\t<a href=\"https:\/\/www.verdichtet.at\/?p=6064#respond\" class=\"su-post-comments-link\">0 Kommentare<\/a>\n\t\t\t\t\n\t\t\t<\/div>\n\n\t\t\t\t\t\n\t\t\t\n\t\t\t<div id=\"su-post-3862\" class=\"su-post \">\n\n\t\t\t\t\n\t\t\t\t<h2 class=\"su-post-title\"><a href=\"https:\/\/www.verdichtet.at\/?p=3862\">Sch\u00fcttler 2016<\/a><\/h2>\n\n\t\t\t\t<div class=\"su-post-meta\">\n\t\t\t\t\tVer\u00f6ffentlicht: 27. Dezember 2015\t\t\t\t<\/div>\n\n\t\t\t\t<div class=\"su-post-excerpt\">\n\t\t\t\t\t<p>Ihre Sch\u00fcttler sind herzlich willkommen: redaktion@verdichtet.at Woche 52: Im Weihnachtsverzug Die heute erst ans Schenken denken, k\u00f6nnen sich das Denken schenken. (Carmen Rosina) Woche 51: Christkind vs. Kommerz Willst du den Weihnachtsmann samt Sackerl buchen, musst selber du die Packerl suchen. (Carmen Rosina) Woche 50: Kleine Lauser st\u00f6ren unerschrocken schlafende Helden Racker wecken wacker Recken. [&hellip;]<\/p>\n\t\t\t\t<\/div>\n\n\t\t\t\t\n\t\t\t<\/div>\n\n\t\t\t\t\t\n\t\t\t\n\t\t\t<div id=\"su-post-5169\" class=\"su-post \">\n\n\t\t\t\t\n\t\t\t\t<h2 class=\"su-post-title\"><a href=\"https:\/\/www.verdichtet.at\/?p=5169\">Agnes Varda<\/a><\/h2>\n\n\t\t\t\t<div class=\"su-post-meta\">\n\t\t\t\t\tVer\u00f6ffentlicht: 2. Oktober 2016\t\t\t\t<\/div>\n\n\t\t\t\t<div class=\"su-post-excerpt\">\n\t\t\t\t\t<p>Menschen im Abfall. Nach-Ernte auf glosendem M\u00fcllhaufen. Eine Sage erz\u00e4hlt vom Teufelsgastmahl Von dem nur Kohle bleibt Auf dem Tisch Und im Magen Der Betrogenen Das Wertvolle und die Wertvollen im M\u00fcll. Die Armut und der Abfall Durch und dadurch Hochkultur Tod und \u00dcberleben Die Z\u00e4rtlichkeit und die Wertsch\u00e4tzung des Lebens Durch Menschen wie Agnes [&hellip;]<\/p>\n\t\t\t\t<\/div>\n\n\t\t\t\t\t\t\t\t\t<a href=\"https:\/\/www.verdichtet.at\/?p=5169#respond\" class=\"su-post-comments-link\">0 Kommentare<\/a>\n\t\t\t\t\n\t\t\t<\/div>\n\n\t\t\t\t\t\n\t\t\t\n\t\t\t<div id=\"su-post-5039\" class=\"su-post \">\n\n\t\t\t\t\n\t\t\t\t<h2 class=\"su-post-title\"><a href=\"https:\/\/www.verdichtet.at\/?p=5039\">WM<\/a><\/h2>\n\n\t\t\t\t<div class=\"su-post-meta\">\n\t\t\t\t\tVer\u00f6ffentlicht: 18. September 2016\t\t\t\t<\/div>\n\n\t\t\t\t<div class=\"su-post-excerpt\">\n\t\t\t\t\t<p>Licht ein WM daheim. WM aus Kein Licht zuhaus. Bernd Remsing http:\/\/fm4.orf.at\/stories\/1704846\/ www.verdichtet.at | Kategorie:\u00a0Kleinode \u2013 nicht nur an die Freude | Inventarnummer: 16116<\/p>\n\t\t\t\t<\/div>\n\n\t\t\t\t\t\t\t\t\t<a href=\"https:\/\/www.verdichtet.at\/?p=5039#respond\" class=\"su-post-comments-link\">0 Kommentare<\/a>\n\t\t\t\t\n\t\t\t<\/div>\n\n\t\t\t\t\t\n\t\t\t\n\t\t\t<div id=\"su-post-5167\" class=\"su-post \">\n\n\t\t\t\t\n\t\t\t\t<h2 class=\"su-post-title\"><a href=\"https:\/\/www.verdichtet.at\/?p=5167\">Strategie 1 und 2<\/a><\/h2>\n\n\t\t\t\t<div class=\"su-post-meta\">\n\t\t\t\t\tVer\u00f6ffentlicht: 2. Oktober 2016\t\t\t\t<\/div>\n\n\t\t\t\t<div class=\"su-post-excerpt\">\n\t\t\t\t\t<p>Strategie 1 Heut Nacht schl\u00e4gt die Kastanie aus Und du die R\u00e4uberleiter Ich mach jetzt ein Gedicht daraus Und komm dann doch nicht weiter. Strategie 2 Dein Hals starr Die Finger an der Brille. Bricht mir dann der Boden weg Hast Du gewonnen &#8211; An Haltung. Bernd Remsing http:\/\/fm4.orf.at\/stories\/1704846\/ www.verdichtet.at | Kategorie:\u00a0Kleinode \u2013 nicht nur [&hellip;]<\/p>\n\t\t\t\t<\/div>\n\n\t\t\t\t\t\t\t\t\t<a href=\"https:\/\/www.verdichtet.at\/?p=5167#respond\" class=\"su-post-comments-link\">0 Kommentare<\/a>\n\t\t\t\t\n\t\t\t<\/div>\n\n\t\t\t\t\t\n\t\t\t\n\t\t\t<div id=\"su-post-4612\" class=\"su-post \">\n\n\t\t\t\t\n\t\t\t\t<h2 class=\"su-post-title\"><a href=\"https:\/\/www.verdichtet.at\/?p=4612\">Felix<\/a><\/h2>\n\n\t\t\t\t<div class=\"su-post-meta\">\n\t\t\t\t\tVer\u00f6ffentlicht: 13. Juni 2016\t\t\t\t<\/div>\n\n\t\t\t\t<div class=\"su-post-excerpt\">\n\t\t\t\t\t<p>\u201eFelix, Felix, ist alles in Ordnung mit dir?\u201c, rief meine Frau. Als ob die Katze sie verstehen h\u00e4tte k\u00f6nnen. Aber vielleicht tat sie das ja durch den besorgten Tonfall auch. Davon wachte ich auf. Das letzte halbe Jahr war Felix weggewesen, verschwunden, wie insgesamt vier Katzen in unserer Wohngegend. Vielleicht ein Fuchs, eher ein J\u00e4ger [&hellip;]<\/p>\n\t\t\t\t<\/div>\n\n\t\t\t\t\t\t\t\t\t<a href=\"https:\/\/www.verdichtet.at\/?p=4612#respond\" class=\"su-post-comments-link\">0 Kommentare<\/a>\n\t\t\t\t\n\t\t\t<\/div>\n\n\t\t\t\t\t\n\t\t\t\n\t\t\t<div id=\"su-post-4854\" class=\"su-post \">\n\n\t\t\t\t\n\t\t\t\t<h2 class=\"su-post-title\"><a href=\"https:\/\/www.verdichtet.at\/?p=4854\">Moskitonetz<\/a><\/h2>\n\n\t\t\t\t<div class=\"su-post-meta\">\n\t\t\t\t\tVer\u00f6ffentlicht: 17. August 2016\t\t\t\t<\/div>\n\n\t\t\t\t<div class=\"su-post-excerpt\">\n\t\t\t\t\t<p>G\u00f6ttlich ist des Schlafes Gnade Vom Teufel ist die Fl\u00fcgelschabe Die man Moskito, Gelse nennt! Vor dieser h\u00f6llisch\u2019 Invektive Sch\u00fctzt nur deine Initiative Weil Gott den Gelsenstich nicht kennt! Oh, fein\u2019 Gespinst aus Elfenh\u00e4nden Der Gelsen Brut auf Zimmerw\u00e4nden Setzt du ein End! Kein zitterndes Zu-Bette-Wagen Kein Satansbrand mehr auf den Waden Uns sch\u00fctzt dein [&hellip;]<\/p>\n\t\t\t\t<\/div>\n\n\t\t\t\t\t\t\t\t\t<a href=\"https:\/\/www.verdichtet.at\/?p=4854#respond\" class=\"su-post-comments-link\">0 Kommentare<\/a>\n\t\t\t\t\n\t\t\t<\/div>\n\n\t\t\t\t\t\n\t\t\t\n\t\t\t<div id=\"su-post-4606\" class=\"su-post \">\n\n\t\t\t\t\n\t\t\t\t<h2 class=\"su-post-title\"><a href=\"https:\/\/www.verdichtet.at\/?p=4606\">Vier Blatt<\/a><\/h2>\n\n\t\t\t\t<div class=\"su-post-meta\">\n\t\t\t\t\tVer\u00f6ffentlicht: 13. Juni 2016\t\t\t\t<\/div>\n\n\t\t\t\t<div class=\"su-post-excerpt\">\n\t\t\t\t\t<p>Vier Blatt Papier betr\u00e4gt die h\u00f6chste Ration, die man t\u00e4glich kaufen darf. Jeden Tag ziehe ich los und kaufe diese vier Bl\u00e4tter. Sie sind nicht billig, und es gibt nur ein Gesch\u00e4ft in der Stadt, das Schreibzubeh\u00f6r verkaufen darf. Meine Schreibmaschine ist registriert, die Typen sind einwandfrei, das Farbband noch recht frisch. Ich habe keine [&hellip;]<\/p>\n\t\t\t\t<\/div>\n\n\t\t\t\t\t\t\t\t\t<a href=\"https:\/\/www.verdichtet.at\/?p=4606#respond\" class=\"su-post-comments-link\">0 Kommentare<\/a>\n\t\t\t\t\n\t\t\t<\/div>\n\n\t\t\t\t\t\n\t\t\t\n\t\t\t<div id=\"su-post-4461\" class=\"su-post \">\n\n\t\t\t\t\n\t\t\t\t<h2 class=\"su-post-title\"><a href=\"https:\/\/www.verdichtet.at\/?p=4461\">Love-to-go<\/a><\/h2>\n\n\t\t\t\t<div class=\"su-post-meta\">\n\t\t\t\t\tVer\u00f6ffentlicht: 22. Mai 2016\t\t\t\t<\/div>\n\n\t\t\t\t<div class=\"su-post-excerpt\">\n\t\t\t\t\t<p>Sie schaut ihn an Etwas zu lang Er schaut zur\u00fcck &#8211; Liebesgl\u00fcck Bernd Remsing http:\/\/fm4.orf.at\/stories\/1704846\/ www.verdichtet.at | Kategorie:\u00a0Kleinode \u2013 nicht nur an die Freude | Inventarnummer: 16060<\/p>\n\t\t\t\t<\/div>\n\n\t\t\t\t\t\t\t\t\t<a href=\"https:\/\/www.verdichtet.at\/?p=4461#respond\" class=\"su-post-comments-link\">0 Kommentare<\/a>\n\t\t\t\t\n\t\t\t<\/div>\n\n\t\t\t\t\t\n\t\t\t\n\t\t\t<div id=\"su-post-4319\" class=\"su-post \">\n\n\t\t\t\t\n\t\t\t\t<h2 class=\"su-post-title\"><a href=\"https:\/\/www.verdichtet.at\/?p=4319\">war was da?<\/a><\/h2>\n\n\t\t\t\t<div class=\"su-post-meta\">\n\t\t\t\t\tVer\u00f6ffentlicht: 27. April 2016\t\t\t\t<\/div>\n\n\t\t\t\t<div class=\"su-post-excerpt\">\n\t\t\t\t\t<p>wenn die sonne untergeht und schwarz der mond hoch steht wenn der tag zu ende geht und die ewig dunkle nacht dann steht ist es an der zeit zu fragen gab es was zu lebens tagen etwas das bestehen bleibt ein denkmal aus des lebens zeit ein leben ist g\u00e4nzlich verloren wenn nicht ein einzig [&hellip;]<\/p>\n\t\t\t\t<\/div>\n\n\t\t\t\t\t\t\t\t\t<a href=\"https:\/\/www.verdichtet.at\/?p=4319#respond\" class=\"su-post-comments-link\">0 Kommentare<\/a>\n\t\t\t\t\n\t\t\t<\/div>\n\n\t\t\t\t\t\n\t\t\t\n\t\t\t<div id=\"su-post-4290\" class=\"su-post \">\n\n\t\t\t\t\n\t\t\t\t<h2 class=\"su-post-title\"><a href=\"https:\/\/www.verdichtet.at\/?p=4290\">Zehn Minuten<\/a><\/h2>\n\n\t\t\t\t<div class=\"su-post-meta\">\n\t\t\t\t\tVer\u00f6ffentlicht: 16. April 2016\t\t\t\t<\/div>\n\n\t\t\t\t<div class=\"su-post-excerpt\">\n\t\t\t\t\t<p>In zehn Minuten kann vieles geschehen. Ich kann ein St\u00fcck Land bebauen und mit Leben versehen. Ich kann mit dir sprechen, dir zuh\u00f6ren und dir Mut machen. Ich kann ein Gedicht schreiben, dabei weinen oder lachen. Ich kann auf meine gro\u00dfe Liebe warten und mich auf sie freuen, kann dabei schlechte Gedanken und Zweifel zerstreuen. [&hellip;]<\/p>\n\t\t\t\t<\/div>\n\n\t\t\t\t\t\t\t\t\t<a href=\"https:\/\/www.verdichtet.at\/?p=4290#respond\" class=\"su-post-comments-link\">0 Kommentare<\/a>\n\t\t\t\t\n\t\t\t<\/div>\n\n\t\t\t\t\t\n\t\t\t\n\t\t\t<div id=\"su-post-4063\" class=\"su-post \">\n\n\t\t\t\t\n\t\t\t\t<h2 class=\"su-post-title\"><a href=\"https:\/\/www.verdichtet.at\/?p=4063\">Ohne Titel<\/a><\/h2>\n\n\t\t\t\t<div class=\"su-post-meta\">\n\t\t\t\t\tVer\u00f6ffentlicht: 8. Februar 2016\t\t\t\t<\/div>\n\n\t\t\t\t<div class=\"su-post-excerpt\">\n\t\t\t\t\t<p>Schleich dich heran auf Nebelpfaden, hebe die nassen F\u00fc\u00dfe und komm! Verwische die Nacht und tilge die Spuren, lass niemand deinen Weg finden. Komm zu mir ohne Namen, damit ich es bin, die dir Namen gibt, ohne Gesicht komm zu mir, ohne Schatten auf deinem K\u00f6rper, der durch das Laub streift. Bleibe dann bei mir [&hellip;]<\/p>\n\t\t\t\t<\/div>\n\n\t\t\t\t\t\t\t\t\t<a href=\"https:\/\/www.verdichtet.at\/?p=4063#respond\" class=\"su-post-comments-link\">0 Kommentare<\/a>\n\t\t\t\t\n\t\t\t<\/div>\n\n\t\t\t\t\t\n\t\t\t\n\t\t\t<div id=\"su-post-3781\" class=\"su-post \">\n\n\t\t\t\t\n\t\t\t\t<h2 class=\"su-post-title\"><a href=\"https:\/\/www.verdichtet.at\/?p=3781\">\u00d6sterreichische Volksweisheit<\/a><\/h2>\n\n\t\t\t\t<div class=\"su-post-meta\">\n\t\t\t\t\tVer\u00f6ffentlicht: 1. Dezember 2015\t\t\t\t<\/div>\n\n\t\t\t\t<div class=\"su-post-excerpt\">\n\t\t\t\t\t<p>Ansichten haben ist gef\u00e4hrlich, man sollte sie erst gar nicht pflegen Au\u00dfer nat\u00fcrlich, wenn auch sp\u00e4rlich Der Ansichtskarten wegen. Bernd Remsing http:\/\/fm4.orf.at\/stories\/1704846\/ www.verdichtet.at |\u00a0Kategorie: Kleinode \u2013 nicht nur an die Freude | Inventarnummer: 16006 &nbsp;<\/p>\n\t\t\t\t<\/div>\n\n\t\t\t\t\t\t\t\t\t<a href=\"https:\/\/www.verdichtet.at\/?p=3781#respond\" class=\"su-post-comments-link\">0 Kommentare<\/a>\n\t\t\t\t\n\t\t\t<\/div>\n\n\t\t\t\t\t\n\t\t\t\n\t\t\t<div id=\"su-post-1951\" class=\"su-post \">\n\n\t\t\t\t\n\t\t\t\t<h2 class=\"su-post-title\"><a href=\"https:\/\/www.verdichtet.at\/?p=1951\">Sch\u00fcttler 2015<\/a><\/h2>\n\n\t\t\t\t<div class=\"su-post-meta\">\n\t\t\t\t\tVer\u00f6ffentlicht: 29. Dezember 2014\t\t\t\t<\/div>\n\n\t\t\t\t<div class=\"su-post-excerpt\">\n\t\t\t\t\t<p>Ihre Sch\u00fcttler sind herzlich willkommen: redaktion@verdichtet.at Woche 53: Zu viel Zielwasser Ob er auf der Kegelbahn auch mit diesem Pegel kann? (Carmen Rosina) Woche 52: Interview mit Marcel Hirscher Der Hang, er ist im Steilen mein! Die Bestzeit ist ein Meilenstein. (Christoph Kempter) Woche 51: H. Ampelmann Wer ahnte denn, die Paare w\u00fcrden, kaum abmontiert, [&hellip;]<\/p>\n\t\t\t\t<\/div>\n\n\t\t\t\t\n\t\t\t<\/div>\n\n\t\t\t\t\t\n\t\t\t\n\t\t\t<div id=\"su-post-709\" class=\"su-post \">\n\n\t\t\t\t\n\t\t\t\t<h2 class=\"su-post-title\"><a href=\"https:\/\/www.verdichtet.at\/?p=709\">Sch\u00fcttler 2014<\/a><\/h2>\n\n\t\t\t\t<div class=\"su-post-meta\">\n\t\t\t\t\tVer\u00f6ffentlicht: 6. Januar 2014\t\t\t\t<\/div>\n\n\t\t\t\t<div class=\"su-post-excerpt\">\n\t\t\t\t\t<p>Ihre Sch\u00fcttler sind herzlich willkommen: redaktion@verdichtet.at Woche 52: O Tannenbaum Wenn ich etwas klarer singe, ich dann wie die Sarah klinge? (Christoph Kempter) Woche 51: Multitalent Die Verk\u00e4uferin, die wandelbare, verkauft uns nicht nur Bandelware. (Christoph Kempter) Woche 50: Am Adventmarkt Hinter diesen Kerzenhaufen kann man Schokoherzen kaufen. (Carmen Rosina) Woche 49: Luther Zweimal die [&hellip;]<\/p>\n\t\t\t\t<\/div>\n\n\t\t\t\t\t\t\t\t\t<a href=\"https:\/\/www.verdichtet.at\/?p=709#respond\" class=\"su-post-comments-link\">0 Kommentare<\/a>\n\t\t\t\t\n\t\t\t<\/div>\n\n\t\t\t\t\t\n\t\t\t\n\t\t\t<div id=\"su-post-3627\" class=\"su-post \">\n\n\t\t\t\t\n\t\t\t\t<h2 class=\"su-post-title\"><a href=\"https:\/\/www.verdichtet.at\/?p=3627\">Das Begehren<\/a><\/h2>\n\n\t\t\t\t<div class=\"su-post-meta\">\n\t\t\t\t\tVer\u00f6ffentlicht: 12. November 2015\t\t\t\t<\/div>\n\n\t\t\t\t<div class=\"su-post-excerpt\">\n\t\t\t\t\t<p>O verg\u00e4nglicher Augenblick! Tief ist der Fall, wenn der Himmel das sehns\u00fcchtig Verlangte nicht l\u00e4nger preisgibt. Und Hoffnung bremst die Zeit. Sandra Stadlbauer www.verdichtet.at |\u00a0Kategorie: Kleinode \u2013 nicht nur an die Freude | Inventarnummer: 15145<\/p>\n\t\t\t\t<\/div>\n\n\t\t\t\t\t\t\t\t\t<a href=\"https:\/\/www.verdichtet.at\/?p=3627#respond\" class=\"su-post-comments-link\">0 Kommentare<\/a>\n\t\t\t\t\n\t\t\t<\/div>\n\n\t\t\t\t\t\n\t\t\t\n\t\t\t<div id=\"su-post-3477\" class=\"su-post \">\n\n\t\t\t\t\n\t\t\t\t<h2 class=\"su-post-title\"><a href=\"https:\/\/www.verdichtet.at\/?p=3477\">Das Rote Meer<\/a><\/h2>\n\n\t\t\t\t<div class=\"su-post-meta\">\n\t\t\t\t\tVer\u00f6ffentlicht: 25. Oktober 2015\t\t\t\t<\/div>\n\n\t\t\t\t<div class=\"su-post-excerpt\">\n\t\t\t\t\t<p>An jenem Samstagnachmittag Oder war\u2018s Abend, es leuchtete sehr Die Sonne auf unsren Uferplatz Da stie\u00dft du mich mit einem Satz Direkt ins Rote Meer Und das gibt, wen es hat, nicht mehr her Da w\u00e4re noch ein anderer Und du d\u00e4chtest nicht, dich zu teilen Das war dein Satz und dann stand\u2018st du da [&hellip;]<\/p>\n\t\t\t\t<\/div>\n\n\t\t\t\t\t\t\t\t\t<a href=\"https:\/\/www.verdichtet.at\/?p=3477#respond\" class=\"su-post-comments-link\">0 Kommentare<\/a>\n\t\t\t\t\n\t\t\t<\/div>\n\n\t\t\t\t\t\n\t\t\t\n\t\t\t<div id=\"su-post-3411\" class=\"su-post \">\n\n\t\t\t\t\n\t\t\t\t<h2 class=\"su-post-title\"><a href=\"https:\/\/www.verdichtet.at\/?p=3411\">Haiku<\/a><\/h2>\n\n\t\t\t\t<div class=\"su-post-meta\">\n\t\t\t\t\tVer\u00f6ffentlicht: 12. Oktober 2015\t\t\t\t<\/div>\n\n\t\t\t\t<div class=\"su-post-excerpt\">\n\t\t\t\t\t<p>Heimlich im Geb\u00fcsch &#8211; verkehrte Leidenschaft &#8211; leis&#8216; seufzen zwei Knaben. Elsgin www.verdichtet.at | Kategorie: Kleinode \u2013 nicht nur an die Freude | Inventarnummer: 15129<\/p>\n\t\t\t\t<\/div>\n\n\t\t\t\t\t\t\t\t\t<a href=\"https:\/\/www.verdichtet.at\/?p=3411#respond\" class=\"su-post-comments-link\">0 Kommentare<\/a>\n\t\t\t\t\n\t\t\t<\/div>\n\n\t\t\t\t\t\n\t\t\t\n\t\t\t<div id=\"su-post-2975\" class=\"su-post \">\n\n\t\t\t\t\n\t\t\t\t<h2 class=\"su-post-title\"><a href=\"https:\/\/www.verdichtet.at\/?p=2975\">Die Zeit<\/a><\/h2>\n\n\t\t\t\t<div class=\"su-post-meta\">\n\t\t\t\t\tVer\u00f6ffentlicht: 2. August 2015\t\t\t\t<\/div>\n\n\t\t\t\t<div class=\"su-post-excerpt\">\n\t\t\t\t\t<p>Woher kommt das Universum und wohin entwickelt es sich? Hatte es wirklich einen Anfang? Und wenn ja, was geschah davor? Was ist die Zeit? Wird sie je ein Ende finden? Neuere Erkenntnisse in der Physik legen einige Antworten auf diese alten Fragen nahe. Eines Tages werden uns diese Antworten vielleicht so selbstverst\u00e4ndlich erscheinen wie die [&hellip;]<\/p>\n\t\t\t\t<\/div>\n\n\t\t\t\t\t\t\t\t\t<a href=\"https:\/\/www.verdichtet.at\/?p=2975#respond\" class=\"su-post-comments-link\">0 Kommentare<\/a>\n\t\t\t\t\n\t\t\t<\/div>\n\n\t\t\t\t\t\n\t\t\t\n\t\t\t<div id=\"su-post-3137\" class=\"su-post \">\n\n\t\t\t\t\n\t\t\t\t<h2 class=\"su-post-title\"><a href=\"https:\/\/www.verdichtet.at\/?p=3137\">Dunkelwald<\/a><\/h2>\n\n\t\t\t\t<div class=\"su-post-meta\">\n\t\t\t\t\tVer\u00f6ffentlicht: 2. September 2015\t\t\t\t<\/div>\n\n\t\t\t\t<div class=\"su-post-excerpt\">\n\t\t\t\t\t<p>Totenstille dort im Dunkelwald, w\u00e4hrend irgendwo ein Schrei verhallt. Die Luft so schwer \u2013 zum Atmen kaum, das K\u00e4uzchen tr\u00e4umt den b\u00f6sen Traum. Totenstille dort im Dunkelwald, wo die Nacht mit schwarzen Farben malt. Des Mondes dunkle Seite scheint, der Baumgeist seinen Tod beweint. Totenstille dort im Dunkelwald, Der Alp steigt auf als Schreckgestalt. Doch [&hellip;]<\/p>\n\t\t\t\t<\/div>\n\n\t\t\t\t\t\t\t\t\t<a href=\"https:\/\/www.verdichtet.at\/?p=3137#respond\" class=\"su-post-comments-link\">0 Kommentare<\/a>\n\t\t\t\t\n\t\t\t<\/div>\n\n\t\t\t\t\t\n\t\t\t\n\t\t\t<div id=\"su-post-2468\" class=\"su-post \">\n\n\t\t\t\t\n\t\t\t\t<h2 class=\"su-post-title\"><a href=\"https:\/\/www.verdichtet.at\/?p=2468\">Der Krebsengang<\/a><\/h2>\n\n\t\t\t\t<div class=\"su-post-meta\">\n\t\t\t\t\tVer\u00f6ffentlicht: 16. April 2015\t\t\t\t<\/div>\n\n\t\t\t\t<div class=\"su-post-excerpt\">\n\t\t\t\t\t<p>Es war einmal ein Krebserich, \u2013 ein dicker, der verliebte sich In eine flotte Krebsendame \u2013 Roswitha Zangerl war ihr Name Die jung und h\u00fcbsch, jedoch vor allem \u2013 dem Fortschrittsgeiste sehr verfallen Drum war ihr ganz besonders leid \u2013 des Krebsengangs R\u00fcckschrittlichkeit Sie gr\u00fcbelt\u2018 lang, sie dachte quer \u2013 wie das Problem zu l\u00f6sen [&hellip;]<\/p>\n\t\t\t\t<\/div>\n\n\t\t\t\t\t\t\t\t\t<a href=\"https:\/\/www.verdichtet.at\/?p=2468#respond\" class=\"su-post-comments-link\">0 Kommentare<\/a>\n\t\t\t\t\n\t\t\t<\/div>\n\n\t\t\t\t\t\n\t\t\t\n\t\t\t<div id=\"su-post-2348\" class=\"su-post \">\n\n\t\t\t\t\n\t\t\t\t<h2 class=\"su-post-title\"><a href=\"https:\/\/www.verdichtet.at\/?p=2348\">Ein Parallelwelterlebnis<\/a><\/h2>\n\n\t\t\t\t<div class=\"su-post-meta\">\n\t\t\t\t\tVer\u00f6ffentlicht: 24. M\u00e4rz 2015\t\t\t\t<\/div>\n\n\t\t\t\t<div class=\"su-post-excerpt\">\n\t\t\t\t\t<p>&#8230; und dann, als sie gerade mit aller Macht versuchte, ihre Energiefelder zu verschlie\u00dfen, tief in der Ujjayi-Atmung keuchend, \u00fcberkam es sie wie ein Blitz: Es existierte eine Parallelwelt da drau\u00dfen, in der sich die anderen Teilnehmerinnen des &#8222;Atme dich mit Yoga zum Gl\u00fcck&#8220;-Workshops offenbar haupts\u00e4chlich aufhielten, w\u00e4hrend sie sich in schlaflosen N\u00e4chten im Bett [&hellip;]<\/p>\n\t\t\t\t<\/div>\n\n\t\t\t\t\t\t\t\t\t<a href=\"https:\/\/www.verdichtet.at\/?p=2348#respond\" class=\"su-post-comments-link\">0 Kommentare<\/a>\n\t\t\t\t\n\t\t\t<\/div>\n\n\t\t\t\t\t\n\t\t\t\n\t\t\t<div id=\"su-post-1423\" class=\"su-post \">\n\n\t\t\t\t\n\t\t\t\t<h2 class=\"su-post-title\"><a href=\"https:\/\/www.verdichtet.at\/?p=1423\">das bereuen, was man nicht getan hat<\/a><\/h2>\n\n\t\t\t\t<div class=\"su-post-meta\">\n\t\t\t\t\tVer\u00f6ffentlicht: 4. Juni 2014\t\t\t\t<\/div>\n\n\t\t\t\t<div class=\"su-post-excerpt\">\n\t\t\t\t\t<p>das bereuen, was man nicht getan hat und sich fragen, warum man es gelassen hat. der furcht den vortritt gelassen, schon so eingew\u00f6hnt ins f\u00fcrchten, z\u00f6gern, zaudern. das erleben hintangestellt, das risiko minimiert. ein gespr\u00e4ch, ein satz, der einem zu denken gibt. warum nur hast du es nicht versucht? die versuchung war gr\u00f6\u00dfer, es zu [&hellip;]<\/p>\n\t\t\t\t<\/div>\n\n\t\t\t\t\t\t\t\t\t<a href=\"https:\/\/www.verdichtet.at\/?p=1423#respond\" class=\"su-post-comments-link\">0 Kommentare<\/a>\n\t\t\t\t\n\t\t\t<\/div>\n\n\t\t\t\t\t\n\t\t\t\n\t\t\t<div id=\"su-post-879\" class=\"su-post \">\n\n\t\t\t\t\n\t\t\t\t<h2 class=\"su-post-title\"><a href=\"https:\/\/www.verdichtet.at\/?p=879\">Wie ich hierher (auf verdichtet.at) kam.<\/a><\/h2>\n\n\t\t\t\t<div class=\"su-post-meta\">\n\t\t\t\t\tVer\u00f6ffentlicht: 25. Januar 2014\t\t\t\t<\/div>\n\n\t\t\t\t<div class=\"su-post-excerpt\">\n\t\t\t\t\t<p>Als ich in Salzburg vor Kurzem im Fidelen Affen sa\u00df, erz\u00e4hlte mir mein Freund Paulus R. davon. Wir a\u00dfen gerade Gulasch. Magnus Liendlbauer www.verdichtet.at | Kategorie: Kleinode &#8211; nicht nur an die Freude | Inventarnummer: 14017<\/p>\n\t\t\t\t<\/div>\n\n\t\t\t\t\t\t\t\t\t<a href=\"https:\/\/www.verdichtet.at\/?p=879#respond\" class=\"su-post-comments-link\">0 Kommentare<\/a>\n\t\t\t\t\n\t\t\t<\/div>\n\n\t\t\t\t\t\n\t\t\t\n\t\t\t<div id=\"su-post-766\" class=\"su-post \">\n\n\t\t\t\t\n\t\t\t\t<h2 class=\"su-post-title\"><a href=\"https:\/\/www.verdichtet.at\/?p=766\">sand auf dem bauch<\/a><\/h2>\n\n\t\t\t\t<div class=\"su-post-meta\">\n\t\t\t\t\tVer\u00f6ffentlicht: 13. Januar 2014\t\t\t\t<\/div>\n\n\t\t\t\t<div class=\"su-post-excerpt\">\n\t\t\t\t\t<p>auch dir rinnt der sand durch die finger auf meinen bauch wo du ihn verstreichst im schatten der strandk\u00f6rbe w\u00fcnschten wir uns die sonne treibe als wasserball im meer und wir versuchen die m\u00f6wen mit brot zu locken zwischen zwei fl\u00fcgelschl\u00e4gen l\u00f6st sich ein gedanke und zerrinnt wieder mit dem sand auf dem bauch Emmanuel [&hellip;]<\/p>\n\t\t\t\t<\/div>\n\n\t\t\t\t\t\t\t\t\t<a href=\"https:\/\/www.verdichtet.at\/?p=766#respond\" class=\"su-post-comments-link\">0 Kommentare<\/a>\n\t\t\t\t\n\t\t\t<\/div>\n\n\t\t\t\t\t\n\t\t\t\n\t\t\t<div id=\"su-post-730\" class=\"su-post \">\n\n\t\t\t\t\n\t\t\t\t<h2 class=\"su-post-title\"><a href=\"https:\/\/www.verdichtet.at\/?p=730\">Haikus<\/a><\/h2>\n\n\t\t\t\t<div class=\"su-post-meta\">\n\t\t\t\t\tVer\u00f6ffentlicht: 9. Januar 2014\t\t\t\t<\/div>\n\n\t\t\t\t<div class=\"su-post-excerpt\">\n\t\t\t\t\t<p>Kaltblau gl\u00e4nzt der See Zu Stein verh\u00e4rtet mein Herz Und die Liebe bricht Klares Licht nordw\u00e4rts Und in den k\u00fchlen T\u00e4lern Fr\u00fche Dunkelheit Schneezungen leuchten Schmelzende Wiesen im Licht Duften nach Fr\u00fchling Still lodert der Schein Schweigen liegt \u00fcber den Gr\u00e4bern Nur die Amsel singt Weites Feld fernab Hohes Gras zwischen Steinen Und greise Fremdheit [&hellip;]<\/p>\n\t\t\t\t<\/div>\n\n\t\t\t\t\t\t\t\t\t<a href=\"https:\/\/www.verdichtet.at\/?p=730#respond\" class=\"su-post-comments-link\">0 Kommentare<\/a>\n\t\t\t\t\n\t\t\t<\/div>\n\n\t\t\t\t\t\n\t\t\t\n\t\t\t<div id=\"su-post-115\" class=\"su-post \">\n\n\t\t\t\t\n\t\t\t\t<h2 class=\"su-post-title\"><a href=\"https:\/\/www.verdichtet.at\/?p=115\">da bin ich. doch nicht.<\/a><\/h2>\n\n\t\t\t\t<div class=\"su-post-meta\">\n\t\t\t\t\tVer\u00f6ffentlicht: 24. November 2013\t\t\t\t<\/div>\n\n\t\t\t\t<div class=\"su-post-excerpt\">\n\t\t\t\t\t<p>hey, rufst du, so schau doch her! da bin ich!!! hey du, sag ich, dann nimm mich!! ein st\u00fcck des weges mit mit dir. ach, sagst du, das geht so nicht, ich hab schon wen dabei. Michaela Swoboda www.verdichtet.at | Kategorie: Kleinode &#8211; nicht nur an die Freude | Inventarnummer: 13007 &nbsp;<\/p>\n\t\t\t\t<\/div>\n\n\t\t\t\t\t\t\t\t\t<a href=\"https:\/\/www.verdichtet.at\/?p=115#respond\" class=\"su-post-comments-link\">0 Kommentare<\/a>\n\t\t\t\t\n\t\t\t<\/div>\n\n\t\t\t\t\t\n\t\t\t\n\t\t\t<div id=\"su-post-103\" class=\"su-post \">\n\n\t\t\t\t\n\t\t\t\t<h2 class=\"su-post-title\"><a href=\"https:\/\/www.verdichtet.at\/?p=103\">beherzt<\/a><\/h2>\n\n\t\t\t\t<div class=\"su-post-meta\">\n\t\t\t\t\tVer\u00f6ffentlicht: 24. November 2013\t\t\t\t<\/div>\n\n\t\t\t\t<div class=\"su-post-excerpt\">\n\t\t\t\t\t<p>du beherzt an dich zu denken beherrscht &amp; beherzt mich gleicherma\u00dfen tut weh &amp; wohl bitters\u00fc\u00df beherzt du mich das hast du gut gemacht und doch \u2013 so war es nicht gedacht von mir Michaela Swoboda www.verdichtet.at | Kategorie: Kleinode &#8211; nicht nur an die Freude | Inventarnummer: 13006<\/p>\n\t\t\t\t<\/div>\n\n\t\t\t\t\t\t\t\t\t<a href=\"https:\/\/www.verdichtet.at\/?p=103#respond\" class=\"su-post-comments-link\">0 Kommentare<\/a>\n\t\t\t\t\n\t\t\t<\/div>\n\n\t\t\n\t\n<\/div>\n\n","protected":false},"excerpt":{"rendered":"","protected":false},"author":4,"featured_media":0,"parent":405,"menu_order":0,"comment_status":"closed","ping_status":"closed","template":"","meta":{"footnotes":""},"class_list":["post-422","page","type-page","status-publish","hentry"],"_links":{"self":[{"href":"https:\/\/www.verdichtet.at\/index.php?rest_route=\/wp\/v2\/pages\/422","targetHints":{"allow":["GET"]}}],"collection":[{"href":"https:\/\/www.verdichtet.at\/index.php?rest_route=\/wp\/v2\/pages"}],"about":[{"href":"https:\/\/www.verdichtet.at\/index.php?rest_route=\/wp\/v2\/types\/page"}],"author":[{"embeddable":true,"href":"https:\/\/www.verdichtet.at\/index.php?rest_route=\/wp\/v2\/users\/4"}],"replies":[{"embeddable":true,"href":"https:\/\/www.verdichtet.at\/index.php?rest_route=%2Fwp%2Fv2%2Fcomments&post=422"}],"version-history":[{"count":2,"href":"https:\/\/www.verdichtet.at\/index.php?rest_route=\/wp\/v2\/pages\/422\/revisions"}],"predecessor-version":[{"id":1635,"href":"https:\/\/www.verdichtet.at\/index.php?rest_route=\/wp\/v2\/pages\/422\/revisions\/1635"}],"up":[{"embeddable":true,"href":"https:\/\/www.verdichtet.at\/index.php?rest_route=\/wp\/v2\/pages\/405"}],"wp:attachment":[{"href":"https:\/\/www.verdichtet.at\/index.php?rest_route=%2Fwp%2Fv2%2Fmedia&parent=422"}],"curies":[{"name":"wp","href":"https:\/\/api.w.org\/{rel}","templated":true}]}}