{"id":420,"date":"2013-11-28T18:46:31","date_gmt":"2013-11-28T18:46:31","guid":{"rendered":"http:\/\/www.verdichtet.at\/?page_id=420"},"modified":"2015-08-29T08:05:34","modified_gmt":"2015-08-29T08:05:34","slug":"hin-weg","status":"publish","type":"page","link":"https:\/\/www.verdichtet.at\/?page_id=420","title":{"rendered":"hin &#038; weg"},"content":{"rendered":"<div class=\"pdfprnt-buttons pdfprnt-buttons-page pdfprnt-top-right\"><a href=\"https:\/\/www.verdichtet.at\/index.php?rest_route=wpv2pages420&print=pdf\" class=\"pdfprnt-button pdfprnt-button-pdf\" target=\"_blank\"><\/a><a href=\"https:\/\/www.verdichtet.at\/index.php?rest_route=wpv2pages420&print=print\" class=\"pdfprnt-button pdfprnt-button-print\" target=\"_blank\"><\/a><\/div>\n\n<div class=\"su-posts su-posts-default-loop \">\n\n\t\n\t\t\t\t\t\n\t\t\t\n\t\t\t<div id=\"su-post-14551\" class=\"su-post \">\n\n\t\t\t\t\n\t\t\t\t<h2 class=\"su-post-title\"><a href=\"https:\/\/www.verdichtet.at\/?p=14551\">Immer am Meer<\/a><\/h2>\n\n\t\t\t\t<div class=\"su-post-meta\">\n\t\t\t\t\tVer\u00f6ffentlicht: 24. September 2022\t\t\t\t<\/div>\n\n\t\t\t\t<div class=\"su-post-excerpt\">\n\t\t\t\t\t<p>Immer am Meer wird mein Herz so schwer. Dann f\u00fchlt es sich an, als ob darin nur Ballast w\u00e4r, der sich aufget\u00fcrmt hat und an den W\u00e4nden dr\u00fcckt, es in die Tiefe zieht und auf den Narben zwickt, und ich lauf geb\u00fcckt und mit gesenktem Blick rastlos umher, kann mein Herz kaum noch tragen, weil [&hellip;]<\/p>\n\t\t\t\t<\/div>\n\n\t\t\t\t\t\t\t\t\t<a href=\"https:\/\/www.verdichtet.at\/?p=14551#comments\" class=\"su-post-comments-link\">5 comments<\/a>\n\t\t\t\t\n\t\t\t<\/div>\n\n\t\t\t\t\t\n\t\t\t\n\t\t\t<div id=\"su-post-22042\" class=\"su-post \">\n\n\t\t\t\t\n\t\t\t\t<h2 class=\"su-post-title\"><a href=\"https:\/\/www.verdichtet.at\/?p=22042\">Hungrige-M\u00f6we-Haiku<\/a><\/h2>\n\n\t\t\t\t<div class=\"su-post-meta\">\n\t\t\t\t\tVer\u00f6ffentlicht: 23. Februar 2026\t\t\t\t<\/div>\n\n\t\t\t\t<div class=\"su-post-excerpt\">\n\t\t\t\t\t<p>Hungrig und durstigpickt die M\u00f6we durch das Eisauf ihrer Ostsee Frank Joussen (Text und Foto) www.verdichtet.at |\u00a0Kategorie: hin &amp; weg | Inventarnummer:\u00a026063<\/p>\n\t\t\t\t<\/div>\n\n\t\t\t\t\t\t\t\t\t<a href=\"https:\/\/www.verdichtet.at\/?p=22042#respond\" class=\"su-post-comments-link\">0 Kommentare<\/a>\n\t\t\t\t\n\t\t\t<\/div>\n\n\t\t\t\t\t\n\t\t\t\n\t\t\t<div id=\"su-post-21945\" class=\"su-post \">\n\n\t\t\t\t\n\t\t\t\t<h2 class=\"su-post-title\"><a href=\"https:\/\/www.verdichtet.at\/?p=21945\">Nicht um den Block<\/a><\/h2>\n\n\t\t\t\t<div class=\"su-post-meta\">\n\t\t\t\t\tVer\u00f6ffentlicht: 31. Januar 2026\t\t\t\t<\/div>\n\n\t\t\t\t<div class=\"su-post-excerpt\">\n\t\t\t\t\t<p>Wenn sie dich sehen, die Beh\u00f6rden,wie du da aufsteigst, sagt mein Herzblatt streng,sie dich herunterholen werden,und dann wird\u2019s f\u00fcr dich echt eng. Hei\u00dfe Greise, die beim Geh\u2019n schon wanken,fahr\u2019n mit ihrer Harley um den Block.Blo\u00df ein wenig, um zu tanken?Ne, darauf hab\u2019n die keinen Bock. Einmal laut durch enge Gassen,man gibt am Gashahn kr\u00e4ftig Saft.Raus [&hellip;]<\/p>\n\t\t\t\t<\/div>\n\n\t\t\t\t\t\t\t\t\t<a href=\"https:\/\/www.verdichtet.at\/?p=21945#comments\" class=\"su-post-comments-link\">3 comments<\/a>\n\t\t\t\t\n\t\t\t<\/div>\n\n\t\t\t\t\t\n\t\t\t\n\t\t\t<div id=\"su-post-21176\" class=\"su-post \">\n\n\t\t\t\t\n\t\t\t\t<h2 class=\"su-post-title\"><a href=\"https:\/\/www.verdichtet.at\/?p=21176\">Dunst<\/a><\/h2>\n\n\t\t\t\t<div class=\"su-post-meta\">\n\t\t\t\t\tVer\u00f6ffentlicht: 27. Oktober 2025\t\t\t\t<\/div>\n\n\t\t\t\t<div class=\"su-post-excerpt\">\n\t\t\t\t\t<p>Ehe die Sonne den westlichen Boden ber\u00fchrt haben wird, wirst du verschwunden sein wie Dunst, der vom See aufsteigt, der Dunst, der die Wolken macht und den Regen vielleicht. Johannes Tosin (Text und Foto) www.verdichtet.at | Kategorie: hin &amp; weg | Inventarnummer: 26006<\/p>\n\t\t\t\t<\/div>\n\n\t\t\t\t\t\t\t\t\t<a href=\"https:\/\/www.verdichtet.at\/?p=21176#respond\" class=\"su-post-comments-link\">0 Kommentare<\/a>\n\t\t\t\t\n\t\t\t<\/div>\n\n\t\t\t\t\t\n\t\t\t\n\t\t\t<div id=\"su-post-21165\" class=\"su-post \">\n\n\t\t\t\t\n\t\t\t\t<h2 class=\"su-post-title\"><a href=\"https:\/\/www.verdichtet.at\/?p=21165\">\u201eWeg!\u201c<\/a><\/h2>\n\n\t\t\t\t<div class=\"su-post-meta\">\n\t\t\t\t\tVer\u00f6ffentlicht: 26. Oktober 2025\t\t\t\t<\/div>\n\n\t\t\t\t<div class=\"su-post-excerpt\">\n\t\t\t\t\t<p>Sie sprach so leise, du hast sie nicht verstanden. Doch dann zeigte sie: \u201eWeg, weg, weg!\u201c, mit ihrer rechten Hand. Das hast du sofort verstanden. Wie soll man das auch nicht verstehen? Johannes Tosin (Text und Foto) www.verdichtet.at | Kategorie: hin &amp; weg | Inventarnummer: 26004<\/p>\n\t\t\t\t<\/div>\n\n\t\t\t\t\t\t\t\t\t<a href=\"https:\/\/www.verdichtet.at\/?p=21165#respond\" class=\"su-post-comments-link\">0 Kommentare<\/a>\n\t\t\t\t\n\t\t\t<\/div>\n\n\t\t\t\t\t\n\t\t\t\n\t\t\t<div id=\"su-post-21853\" class=\"su-post \">\n\n\t\t\t\t\n\t\t\t\t<h2 class=\"su-post-title\"><a href=\"https:\/\/www.verdichtet.at\/?p=21853\">Rudern Richtung Syrakus<\/a><\/h2>\n\n\t\t\t\t<div class=\"su-post-meta\">\n\t\t\t\t\tVer\u00f6ffentlicht: 12. Januar 2026\t\t\t\t<\/div>\n\n\t\t\t\t<div class=\"su-post-excerpt\">\n\t\t\t\t\t<p>Um dich in deiner Winter-Stadtdaran zu erinnern,wie es ist, jetzt hier zu sein,musst du lediglich aufh\u00f6ren zu denken,deine Augen schlie\u00dfen,f\u00fchlen, wie die Sonnedie Tropfen Meerwasserauf deiner gebr\u00e4unten Haut trocknet,das Salzwasser auf deinenLippen schmecken,die Sonne warm die H\u00e4rchenauf deinen Armen,einst dunkel, jetzt blond,kitzeln lassen, bevor du deine Augen wieder \u00f6ffnest,deinen Oberk\u00f6rperzur linken Seite neigst,um mit den [&hellip;]<\/p>\n\t\t\t\t<\/div>\n\n\t\t\t\t\t\t\t\t\t<a href=\"https:\/\/www.verdichtet.at\/?p=21853#comments\" class=\"su-post-comments-link\">4 comments<\/a>\n\t\t\t\t\n\t\t\t<\/div>\n\n\t\t\t\t\t\n\t\t\t\n\t\t\t<div id=\"su-post-21556\" class=\"su-post \">\n\n\t\t\t\t\n\t\t\t\t<h2 class=\"su-post-title\"><a href=\"https:\/\/www.verdichtet.at\/?p=21556\">Der Railjetsimulator<\/a><\/h2>\n\n\t\t\t\t<div class=\"su-post-meta\">\n\t\t\t\t\tVer\u00f6ffentlicht: 19. Dezember 2025\t\t\t\t<\/div>\n\n\t\t\t\t<div class=\"su-post-excerpt\">\n\t\t\t\t\t<p>Wenn ich nicht mehr Bahn fahr\u2019n muss,kann ich nicht mehr schreiben.Nur in der Bahn, niemals im Bus!Das muss in Zukunft auch so bleiben! Sobald ich erst im Abteil sa\u00df,die Landschaft rasch vor\u00fcberzog,schrieb ich, bis ich die Welt verga\u00df.Gedanke um Gedanke flog. Jetzt bin ich frei, obschon,wo soll und kann ich nunmehr schreiben?Mehr oder wen\u2019ger in [&hellip;]<\/p>\n\t\t\t\t<\/div>\n\n\t\t\t\t\t\t\t\t\t<a href=\"https:\/\/www.verdichtet.at\/?p=21556#respond\" class=\"su-post-comments-link\">0 Kommentare<\/a>\n\t\t\t\t\n\t\t\t<\/div>\n\n\t\t\t\t\t\n\t\t\t\n\t\t\t<div id=\"su-post-21424\" class=\"su-post \">\n\n\t\t\t\t\n\t\t\t\t<h2 class=\"su-post-title\"><a href=\"https:\/\/www.verdichtet.at\/?p=21424\">Die Zeit vor der Zeit<\/a><\/h2>\n\n\t\t\t\t<div class=\"su-post-meta\">\n\t\t\t\t\tVer\u00f6ffentlicht: 25. November 2025\t\t\t\t<\/div>\n\n\t\t\t\t<div class=\"su-post-excerpt\">\n\t\t\t\t\t<p>Ich gestehe: In der Welt bin ich fr\u00fcher nicht sehr herumgekommen. Nicht nur, dass ich keine M\u00f6glichkeit dazu hatte, sondern auch, dass mich Reisen im Kopf mehr befriedigten. Dazu bedurfte es nicht einmal eines Weltatlas. In Berichten im Fernsehen, in Filmausschnitten, in Blogs erkannte ich das Lebensgef\u00fchl der Hippie-Generation: Frei sein, high sein, \u00fcberall dabeisein. [&hellip;]<\/p>\n\t\t\t\t<\/div>\n\n\t\t\t\t\t\t\t\t\t<a href=\"https:\/\/www.verdichtet.at\/?p=21424#comments\" class=\"su-post-comments-link\">Ein Kommentar<\/a>\n\t\t\t\t\n\t\t\t<\/div>\n\n\t\t\t\t\t\n\t\t\t\n\t\t\t<div id=\"su-post-19507\" class=\"su-post \">\n\n\t\t\t\t\n\t\t\t\t<h2 class=\"su-post-title\"><a href=\"https:\/\/www.verdichtet.at\/?p=19507\">Vergangene Nacht<\/a><\/h2>\n\n\t\t\t\t<div class=\"su-post-meta\">\n\t\t\t\t\tVer\u00f6ffentlicht: 3. Oktober 2025\t\t\t\t<\/div>\n\n\t\t\t\t<div class=\"su-post-excerpt\">\n\t\t\t\t\t<p>Die unruhige Nacht war es. Die Nacht fast ohne Schlaf. Die Nacht, die man vergisst, sobald sie vor\u00fcber ist. Johannes Tosin (Text und Foto) www.verdichtet.at | Kategorie: hin &amp; weg | Inventarnummer: 25168<\/p>\n\t\t\t\t<\/div>\n\n\t\t\t\t\t\t\t\t\t<a href=\"https:\/\/www.verdichtet.at\/?p=19507#respond\" class=\"su-post-comments-link\">0 Kommentare<\/a>\n\t\t\t\t\n\t\t\t<\/div>\n\n\t\t\t\t\t\n\t\t\t\n\t\t\t<div id=\"su-post-20844\" class=\"su-post \">\n\n\t\t\t\t\n\t\t\t\t<h2 class=\"su-post-title\"><a href=\"https:\/\/www.verdichtet.at\/?p=20844\">Die Seele des Reisens<\/a><\/h2>\n\n\t\t\t\t<div class=\"su-post-meta\">\n\t\t\t\t\tVer\u00f6ffentlicht: 31. August 2025\t\t\t\t<\/div>\n\n\t\t\t\t<div class=\"su-post-excerpt\">\n\t\t\t\t\t<p>ist eine tiefeunergr\u00fcndliche Sehnsuchteinschlie\u00dflich des nieendenden Verlangensdas Bild einzufrierenan dem du vor\u00fcbergehst Frank Joussen www.verdichtet.at |&nbsp;Kategorie: hin &amp; weg | Inventarnummer: 25196<\/p>\n\t\t\t\t<\/div>\n\n\t\t\t\t\t\t\t\t\t<a href=\"https:\/\/www.verdichtet.at\/?p=20844#comments\" class=\"su-post-comments-link\">2 comments<\/a>\n\t\t\t\t\n\t\t\t<\/div>\n\n\t\t\t\t\t\n\t\t\t\n\t\t\t<div id=\"su-post-20514\" class=\"su-post \">\n\n\t\t\t\t\n\t\t\t\t<h2 class=\"su-post-title\"><a href=\"https:\/\/www.verdichtet.at\/?p=20514\">Sch\u00f6ne Tr\u00e4ume<\/a><\/h2>\n\n\t\t\t\t<div class=\"su-post-meta\">\n\t\t\t\t\tVer\u00f6ffentlicht: 27. Juli 2025\t\t\t\t<\/div>\n\n\t\t\t\t<div class=\"su-post-excerpt\">\n\t\t\t\t\t<p>Johannes Tosin(Text und Foto) www.verdichtet.at | Kategorie: hin &amp; weg | Inventarnummer: 25143<\/p>\n\t\t\t\t<\/div>\n\n\t\t\t\t\t\t\t\t\t<a href=\"https:\/\/www.verdichtet.at\/?p=20514#respond\" class=\"su-post-comments-link\">0 Kommentare<\/a>\n\t\t\t\t\n\t\t\t<\/div>\n\n\t\t\t\t\t\n\t\t\t\n\t\t\t<div id=\"su-post-20512\" class=\"su-post \">\n\n\t\t\t\t\n\t\t\t\t<h2 class=\"su-post-title\"><a href=\"https:\/\/www.verdichtet.at\/?p=20512\">Lost<\/a><\/h2>\n\n\t\t\t\t<div class=\"su-post-meta\">\n\t\t\t\t\tVer\u00f6ffentlicht: 27. Juli 2025\t\t\t\t<\/div>\n\n\t\t\t\t<div class=\"su-post-excerpt\">\n\t\t\t\t\t<p>Johannes Tosin(Text und Foto) www.verdichtet.at | Kategorie: hin &amp; weg | Inventarnummer: 25142<\/p>\n\t\t\t\t<\/div>\n\n\t\t\t\t\t\t\t\t\t<a href=\"https:\/\/www.verdichtet.at\/?p=20512#respond\" class=\"su-post-comments-link\">0 Kommentare<\/a>\n\t\t\t\t\n\t\t\t<\/div>\n\n\t\t\t\t\t\n\t\t\t\n\t\t\t<div id=\"su-post-20678\" class=\"su-post \">\n\n\t\t\t\t\n\t\t\t\t<h2 class=\"su-post-title\"><a href=\"https:\/\/www.verdichtet.at\/?p=20678\">Eine Gestalt aus dem Schatten<\/a><\/h2>\n\n\t\t\t\t<div class=\"su-post-meta\">\n\t\t\t\t\tVer\u00f6ffentlicht: 15. August 2025\t\t\t\t<\/div>\n\n\t\t\t\t<div class=\"su-post-excerpt\">\n\t\t\t\t\t<p>nach einem kurzen Regengussmusste die Au\u00dfenluftdoch etwas k\u00fchler seinersch\u00f6pft verlie\u00df ich das Krankenzimmerum die gute Nacht zu begr\u00fc\u00dfen auf das Dach des Nachbarhausesstieg bed\u00e4chtig eine mumienhaftaussehende Gestalteinen Schal \u00fcber den Kopf gest\u00fclptin eine fadenscheinige Decke geh\u00fcllttrat sie z\u00f6gernd aus dem Schatten oben auf der Treppe angelangtwurde sie meiner Anwesenheitauf dem Balkon gegen\u00fcber gewahrsie l\u00e4chelte mir [&hellip;]<\/p>\n\t\t\t\t<\/div>\n\n\t\t\t\t\t\t\t\t\t<a href=\"https:\/\/www.verdichtet.at\/?p=20678#respond\" class=\"su-post-comments-link\">0 Kommentare<\/a>\n\t\t\t\t\n\t\t\t<\/div>\n\n\t\t\t\t\t\n\t\t\t\n\t\t\t<div id=\"su-post-20738\" class=\"su-post \">\n\n\t\t\t\t\n\t\t\t\t<h2 class=\"su-post-title\"><a href=\"https:\/\/www.verdichtet.at\/?p=20738\">Das Meer<\/a><\/h2>\n\n\t\t\t\t<div class=\"su-post-meta\">\n\t\t\t\t\tVer\u00f6ffentlicht: 17. August 2025\t\t\t\t<\/div>\n\n\t\t\t\t<div class=\"su-post-excerpt\">\n\t\t\t\t\t<p>Norbert Johannes Prenner (Text und Grafik) www.verdichtet.at | Kategorie: hin &amp; weg | Inventarnummer: 25177<\/p>\n\t\t\t\t<\/div>\n\n\t\t\t\t\t\t\t\t\t<a href=\"https:\/\/www.verdichtet.at\/?p=20738#respond\" class=\"su-post-comments-link\">0 Kommentare<\/a>\n\t\t\t\t\n\t\t\t<\/div>\n\n\t\t\t\t\t\n\t\t\t\n\t\t\t<div id=\"su-post-20685\" class=\"su-post \">\n\n\t\t\t\t\n\t\t\t\t<h2 class=\"su-post-title\"><a href=\"https:\/\/www.verdichtet.at\/?p=20685\">Ansichten eines Sonnenschirms<\/a><\/h2>\n\n\t\t\t\t<div class=\"su-post-meta\">\n\t\t\t\t\tVer\u00f6ffentlicht: 15. August 2025\t\t\t\t<\/div>\n\n\t\t\t\t<div class=\"su-post-excerpt\">\n\t\t\t\t\t<p>\u201eKopf hoch, mein Lieber!\u201c Endlich. Endlich nach dunklen kalten Monaten darf ich wieder raus. Mir ist gerade schwindelig, sie hat einfach kein Taktgef\u00fchl, Frau Kaiserin. Sie dreht mich in drei Sekunden um und mir wird \u00fcbel. Diesmal werde ich im Aufzug transportiert, was ist denn los? Ich erreichte sonst den Strand wie ein Baguette unter [&hellip;]<\/p>\n\t\t\t\t<\/div>\n\n\t\t\t\t\t\t\t\t\t<a href=\"https:\/\/www.verdichtet.at\/?p=20685#comments\" class=\"su-post-comments-link\">Ein Kommentar<\/a>\n\t\t\t\t\n\t\t\t<\/div>\n\n\t\t\t\t\t\n\t\t\t\n\t\t\t<div id=\"su-post-20421\" class=\"su-post \">\n\n\t\t\t\t\n\t\t\t\t<h2 class=\"su-post-title\"><a href=\"https:\/\/www.verdichtet.at\/?p=20421\">Fiesole<\/a><\/h2>\n\n\t\t\t\t<div class=\"su-post-meta\">\n\t\t\t\t\tVer\u00f6ffentlicht: 10. Juli 2025\t\t\t\t<\/div>\n\n\t\t\t\t<div class=\"su-post-excerpt\">\n\t\t\t\t\t<p>wen wundert\u2019sdass hier obenjemand ans Fliegen glaubteoder dass eine Gruppesch\u00f6ner gebildeter Menschensich fantastischelustige und erotischeGeschichten erz\u00e4hlen konntenachdem sie dem Tod im Talentronnen waren wer hier oben aufwuchsglaubt wom\u00f6glich wirklichdass der Mensch ein kultiviertes Wesenwerden kannwenn man so hinunterblicktauf das Arnotal und Florenz doch was w\u00fcrden die Stra\u00dfenkinderdie afrikanischen H\u00e4ndlerdie Fl\u00fcchtlinge dazu sagensollen wir noch einen [&hellip;]<\/p>\n\t\t\t\t<\/div>\n\n\t\t\t\t\t\t\t\t\t<a href=\"https:\/\/www.verdichtet.at\/?p=20421#respond\" class=\"su-post-comments-link\">0 Kommentare<\/a>\n\t\t\t\t\n\t\t\t<\/div>\n\n\t\t\t\t\t\n\t\t\t\n\t\t\t<div id=\"su-post-18578\" class=\"su-post \">\n\n\t\t\t\t\n\t\t\t\t<h2 class=\"su-post-title\"><a href=\"https:\/\/www.verdichtet.at\/?p=18578\">kassiopeia.<\/a><\/h2>\n\n\t\t\t\t<div class=\"su-post-meta\">\n\t\t\t\t\tVer\u00f6ffentlicht: 22. August 2024\t\t\t\t<\/div>\n\n\t\t\t\t<div class=\"su-post-excerpt\">\n\t\t\t\t\t<p>kassiopeia. ein vogel dessen fl\u00fcgel ich bewohn. sei mir ein schiff durch den himmel. k\u00fcsse die gipfel [schneeben\u00e4ht] von oben. ein gleiten durch wolkenk\u00f6pfe. der wind umgreift meinen k\u00f6rper im ganzen. luft schmeckt nach sommer und ber\u00fchrt mir die haut. bildgeschenke im herzen und seelen auf reisen. Tim Tensfeld https:\/\/www.autorenwelt.de\/person\/tim-tensfeld https:\/\/www.literaturport.de\/lexikon\/tim-tensfeld www.verdichtet.at | Kategorie: hin [&hellip;]<\/p>\n\t\t\t\t<\/div>\n\n\t\t\t\t\t\t\t\t\t<a href=\"https:\/\/www.verdichtet.at\/?p=18578#respond\" class=\"su-post-comments-link\">0 Kommentare<\/a>\n\t\t\t\t\n\t\t\t<\/div>\n\n\t\t\t\t\t\n\t\t\t\n\t\t\t<div id=\"su-post-20416\" class=\"su-post \">\n\n\t\t\t\t\n\t\t\t\t<h2 class=\"su-post-title\"><a href=\"https:\/\/www.verdichtet.at\/?p=20416\">Ein Leben im Turm<\/a><\/h2>\n\n\t\t\t\t<div class=\"su-post-meta\">\n\t\t\t\t\tVer\u00f6ffentlicht: 10. Juli 2025\t\t\t\t<\/div>\n\n\t\t\t\t<div class=\"su-post-excerpt\">\n\t\t\t\t\t<p>San GimignanoE.M. Forsters Monterianoden Ort gibt es wirklichwo viktorianische Damensich in italienische Zahn\u00e4rzte verliebenwo zur Mittagszeit Musikdurch die Steine flie\u00dftwo du in die H\u00f6lle blicken kannstmitten in einer Kirchewo Levkojen bl\u00fchenf\u00fcr die Sch\u00f6nheit einer Heiligen aber wie war eurer LebenBewohner von San Gimignanoals ihr ungest\u00f6rt vom Tourismus lebtetboten euch die T\u00fcrme Sicherheitmachten sie euch engstirniglie\u00dfen [&hellip;]<\/p>\n\t\t\t\t<\/div>\n\n\t\t\t\t\t\t\t\t\t<a href=\"https:\/\/www.verdichtet.at\/?p=20416#respond\" class=\"su-post-comments-link\">0 Kommentare<\/a>\n\t\t\t\t\n\t\t\t<\/div>\n\n\t\t\t\t\t\n\t\t\t\n\t\t\t<div id=\"su-post-18789\" class=\"su-post \">\n\n\t\t\t\t\n\t\t\t\t<h2 class=\"su-post-title\"><a href=\"https:\/\/www.verdichtet.at\/?p=18789\">Sand<\/a><\/h2>\n\n\t\t\t\t<div class=\"su-post-meta\">\n\t\t\t\t\tVer\u00f6ffentlicht: 4. Oktober 2024\t\t\t\t<\/div>\n\n\t\t\t\t<div class=\"su-post-excerpt\">\n\t\t\t\t\t<p>Der Wind treibt Sand vor sich her. Hier fehlt er, dorthin wird er gebracht. Abgetragen, umgeschichtet, wiederaufget\u00fcrmt, die D\u00fcne wandert und kommt nie ans Ziel, gelb bleibt die W\u00fcste, es \u00e4ndert sich nicht viel. Johannes Tosin (Text und Foto) www.verdichtet.at | Kategorie: hin &amp; weg | Inventarnummer: 25020<\/p>\n\t\t\t\t<\/div>\n\n\t\t\t\t\t\t\t\t\t<a href=\"https:\/\/www.verdichtet.at\/?p=18789#respond\" class=\"su-post-comments-link\">0 Kommentare<\/a>\n\t\t\t\t\n\t\t\t<\/div>\n\n\t\t\t\t\t\n\t\t\t\n\t\t\t<div id=\"su-post-14003\" class=\"su-post \">\n\n\t\t\t\t\n\t\t\t\t<h2 class=\"su-post-title\"><a href=\"https:\/\/www.verdichtet.at\/?p=14003\">Immer zur\u00fcck zum Pruth<\/a><\/h2>\n\n\t\t\t\t<div class=\"su-post-meta\">\n\t\t\t\t\tVer\u00f6ffentlicht: 24. M\u00e4rz 2022\t\t\t\t<\/div>\n\n\t\t\t\t<div class=\"su-post-excerpt\">\n\t\t\t\t\t<p>Galizien und die Bukowina: Eine Reise in eine literarische Landschaft an Dnister, Pruth und Sereth (Der Titel ist eine Verszeile aus Rose Ausl\u00e4nders Gedicht Pruth) Am 25. Februar 2022 erhielt ich einen Anruf, bei dem das Display meines Handys den Namen Renate zeigte, der mir nicht gleich gel\u00e4ufig war. Als ich das Gespr\u00e4ch entgegennahm, erkannte [&hellip;]<\/p>\n\t\t\t\t<\/div>\n\n\t\t\t\t\t\t\t\t\t<a href=\"https:\/\/www.verdichtet.at\/?p=14003#respond\" class=\"su-post-comments-link\">0 Kommentare<\/a>\n\t\t\t\t\n\t\t\t<\/div>\n\n\t\t\t\t\t\n\t\t\t\n\t\t\t<div id=\"su-post-19453\" class=\"su-post \">\n\n\t\t\t\t\n\t\t\t\t<h2 class=\"su-post-title\"><a href=\"https:\/\/www.verdichtet.at\/?p=19453\">Wind nach dem Sturm<\/a><\/h2>\n\n\t\t\t\t<div class=\"su-post-meta\">\n\t\t\t\t\tVer\u00f6ffentlicht: 27. Januar 2025\t\t\t\t<\/div>\n\n\t\t\t\t<div class=\"su-post-excerpt\">\n\t\t\t\t\t<p>Der Wind brauste. Aber ich musste hinaus nach dem Sturm, um meinen Teufeln eine letzte Chance zum Entkommen zu geben. Das Erste, was ich wirklich h\u00f6rte, war ein durchdringender Hahnenschrei. Das Erste, was ich wirklich sah, war der clownartig aussehende Kerl selbst mit seinem H\u00fchner-Harem. Was hatte ich noch verpasst auf dem Hinweg zur alten [&hellip;]<\/p>\n\t\t\t\t<\/div>\n\n\t\t\t\t\t\t\t\t\t<a href=\"https:\/\/www.verdichtet.at\/?p=19453#respond\" class=\"su-post-comments-link\">0 Kommentare<\/a>\n\t\t\t\t\n\t\t\t<\/div>\n\n\t\t\t\t\t\n\t\t\t\n\t\t\t<div id=\"su-post-18993\" class=\"su-post \">\n\n\t\t\t\t\n\t\t\t\t<h2 class=\"su-post-title\"><a href=\"https:\/\/www.verdichtet.at\/?p=18993\">Nachts auf dem Schiff<\/a><\/h2>\n\n\t\t\t\t<div class=\"su-post-meta\">\n\t\t\t\t\tVer\u00f6ffentlicht: 2. November 2024\t\t\t\t<\/div>\n\n\t\t\t\t<div class=\"su-post-excerpt\">\n\t\t\t\t\t<p>Nachts auf dem Schiff. Was sagt der Wind, was sagen die Wellen, was der Mond? In dreizehn Tagen werden wir Kalkutta anlaufen. Die Riesenkrake sieht das Schiff, aber l\u00e4sst es verschont. Die Meerjungfrauen singen, aber wir h\u00f6ren sie nicht. Johannes Tosin (Text und Foto) www.verdichtet.at | Kategorie: hin &amp; weg | Inventarnummer: 25006<\/p>\n\t\t\t\t<\/div>\n\n\t\t\t\t\t\t\t\t\t<a href=\"https:\/\/www.verdichtet.at\/?p=18993#respond\" class=\"su-post-comments-link\">0 Kommentare<\/a>\n\t\t\t\t\n\t\t\t<\/div>\n\n\t\t\t\t\t\n\t\t\t\n\t\t\t<div id=\"su-post-19300\" class=\"su-post \">\n\n\t\t\t\t\n\t\t\t\t<h2 class=\"su-post-title\"><a href=\"https:\/\/www.verdichtet.at\/?p=19300\">Marlboro<\/a><\/h2>\n\n\t\t\t\t<div class=\"su-post-meta\">\n\t\t\t\t\tVer\u00f6ffentlicht: 22. Dezember 2024\t\t\t\t<\/div>\n\n\t\t\t\t<div class=\"su-post-excerpt\">\n\t\t\t\t\t<p>Mit meiner Wells\u2019schen Zeitmaschine, mit Hebeln und alles analog, bin ich ins Jahr 1961 zur\u00fcckgereist. Entschleunigt und idyllisch, wenn man das so sagen kann, zumindest am Land. Da ist nur eine Sache: Jeder raucht. Ich bin Nichtraucher, Exraucher, und ich wei\u00df, wenn ich nicht sofort in Richtung Zukunft reise, werde auch ich wieder rauchen. Nun [&hellip;]<\/p>\n\t\t\t\t<\/div>\n\n\t\t\t\t\t\t\t\t\t<a href=\"https:\/\/www.verdichtet.at\/?p=19300#respond\" class=\"su-post-comments-link\">0 Kommentare<\/a>\n\t\t\t\t\n\t\t\t<\/div>\n\n\t\t\t\t\t\n\t\t\t\n\t\t\t<div id=\"su-post-18914\" class=\"su-post \">\n\n\t\t\t\t\n\t\t\t\t<h2 class=\"su-post-title\"><a href=\"https:\/\/www.verdichtet.at\/?p=18914\">Wind<\/a><\/h2>\n\n\t\t\t\t<div class=\"su-post-meta\">\n\t\t\t\t\tVer\u00f6ffentlicht: 19. Oktober 2024\t\t\t\t<\/div>\n\n\t\t\t\t<div class=\"su-post-excerpt\">\n\t\t\t\t\t<p>Der Wind weht mir ins Gesicht. Er mag warm oder kalt sein, das variiert, aber was besonders ist, ist, dass er mich stets bremst und niemals antreibt. Nat\u00fcrlich k\u00f6nnte ich etwas ganz Einfaches dagegen tun: Ich k\u00f6nnte mich umdrehen. Dann w\u00fcrde der Gegenwind zum R\u00fcckenwind werden. Aber das ist keine praktikable L\u00f6sung, denn dann l\u00e4ge [&hellip;]<\/p>\n\t\t\t\t<\/div>\n\n\t\t\t\t\t\t\t\t\t<a href=\"https:\/\/www.verdichtet.at\/?p=18914#respond\" class=\"su-post-comments-link\">0 Kommentare<\/a>\n\t\t\t\t\n\t\t\t<\/div>\n\n\t\t\t\t\t\n\t\t\t\n\t\t\t<div id=\"su-post-18749\" class=\"su-post \">\n\n\t\t\t\t\n\t\t\t\t<h2 class=\"su-post-title\"><a href=\"https:\/\/www.verdichtet.at\/?p=18749\">Welle<\/a><\/h2>\n\n\t\t\t\t<div class=\"su-post-meta\">\n\t\t\t\t\tVer\u00f6ffentlicht: 4. Oktober 2024\t\t\t\t<\/div>\n\n\t\t\t\t<div class=\"su-post-excerpt\">\n\t\t\t\t\t<p>Bin eine Welle. Bin ihr Kamm, bin ihr Tal. Ich gleite dahin. Ich wachse, ich b\u00e4ume mich auf. Ich schlage an den Strand, verliere mich an Land. Johannes Tosin (Text und Foto) www.verdichtet.at | Kategorie: hin &amp; weg | Inventarnummer: 24170<\/p>\n\t\t\t\t<\/div>\n\n\t\t\t\t\t\t\t\t\t<a href=\"https:\/\/www.verdichtet.at\/?p=18749#respond\" class=\"su-post-comments-link\">0 Kommentare<\/a>\n\t\t\t\t\n\t\t\t<\/div>\n\n\t\t\t\t\t\n\t\t\t\n\t\t\t<div id=\"su-post-18655\" class=\"su-post \">\n\n\t\t\t\t\n\t\t\t\t<h2 class=\"su-post-title\"><a href=\"https:\/\/www.verdichtet.at\/?p=18655\">Aquarell<\/a><\/h2>\n\n\t\t\t\t<div class=\"su-post-meta\">\n\t\t\t\t\tVer\u00f6ffentlicht: 1. September 2024\t\t\t\t<\/div>\n\n\t\t\t\t<div class=\"su-post-excerpt\">\n\t\t\t\t\t<p>Mein Boot legt ab in die Ferne. Das volle Segel treibt den Rumpf. Das Ruder bestimmt die Richtung. Die K\u00fcste entfernt sich, verschwindet. Nur Wasser sehe ich und Luft, zwei Schattierungen von Blau. Der n\u00e4chste Hafen gibt mir Proviant und vielleicht eine Frau, aber ich werde nicht bleiben. Mein Bett liegt \u00fcber dem Meer. Johannes [&hellip;]<\/p>\n\t\t\t\t<\/div>\n\n\t\t\t\t\t\t\t\t\t<a href=\"https:\/\/www.verdichtet.at\/?p=18655#respond\" class=\"su-post-comments-link\">0 Kommentare<\/a>\n\t\t\t\t\n\t\t\t<\/div>\n\n\t\t\t\t\t\n\t\t\t\n\t\t\t<div id=\"su-post-18582\" class=\"su-post \">\n\n\t\t\t\t\n\t\t\t\t<h2 class=\"su-post-title\"><a href=\"https:\/\/www.verdichtet.at\/?p=18582\">Juniorchef<\/a><\/h2>\n\n\t\t\t\t<div class=\"su-post-meta\">\n\t\t\t\t\tVer\u00f6ffentlicht: 22. August 2024\t\t\t\t<\/div>\n\n\t\t\t\t<div class=\"su-post-excerpt\">\n\t\t\t\t\t<p>Im Sommer 1989 absolvierte ich ein Praktikum in einer kleinen Feuerfestfirma in Gij\u00f3n, in der Provinz Asturien, an der nordspanischen Atlantikk\u00fcste. Ich arbeitete meistens im Labor. Am Anfang machte der Juniorchef mit mir eine F\u00fchrung durch die Werkhalle. Die Firma war wirklich sehr klein, nur eine Handvoll Leute arbeiteten an den Maschinen, nicht mehr als [&hellip;]<\/p>\n\t\t\t\t<\/div>\n\n\t\t\t\t\t\t\t\t\t<a href=\"https:\/\/www.verdichtet.at\/?p=18582#respond\" class=\"su-post-comments-link\">0 Kommentare<\/a>\n\t\t\t\t\n\t\t\t<\/div>\n\n\t\t\t\t\t\n\t\t\t\n\t\t\t<div id=\"su-post-18530\" class=\"su-post \">\n\n\t\t\t\t\n\t\t\t\t<h2 class=\"su-post-title\"><a href=\"https:\/\/www.verdichtet.at\/?p=18530\">Wahrscheinlichkeiten<\/a><\/h2>\n\n\t\t\t\t<div class=\"su-post-meta\">\n\t\t\t\t\tVer\u00f6ffentlicht: 12. August 2024\t\t\t\t<\/div>\n\n\t\t\t\t<div class=\"su-post-excerpt\">\n\t\t\t\t\t<p>7 ist die Zahl, die mit der h\u00f6chsten Wahrscheinlichkeit von zwei W\u00fcrfeln geworfen wird. Sie betr\u00e4gt 1\/6. Dann kommen 6 und 8 mit einer Wahrscheinlichkeit von 5\/36. Dann folgen 5 und 9 mit einer Wahrscheinlichkeit von 1\/9. Danach kommen 4 und 10 mit einer Wahrscheinlichkeit von 1\/12. Danach folgen 3 und 11 mit einer Wahrscheinlichkeit [&hellip;]<\/p>\n\t\t\t\t<\/div>\n\n\t\t\t\t\t\t\t\t\t<a href=\"https:\/\/www.verdichtet.at\/?p=18530#respond\" class=\"su-post-comments-link\">0 Kommentare<\/a>\n\t\t\t\t\n\t\t\t<\/div>\n\n\t\t\t\t\t\n\t\t\t\n\t\t\t<div id=\"su-post-18196\" class=\"su-post \">\n\n\t\t\t\t\n\t\t\t\t<h2 class=\"su-post-title\"><a href=\"https:\/\/www.verdichtet.at\/?p=18196\">Die Stra\u00dfenbahn<\/a><\/h2>\n\n\t\t\t\t<div class=\"su-post-meta\">\n\t\t\t\t\tVer\u00f6ffentlicht: 27. Mai 2024\t\t\t\t<\/div>\n\n\t\t\t\t<div class=\"su-post-excerpt\">\n\t\t\t\t\t<p>Du warst so m\u00fcde, und es ging nimmer fort. Der Tag war noch hell, doch dein Kopf war ganz schwer, und jeder Gedanke drin bewegte sich z\u00e4h wie in Gelee. Du legtest dich aufs Bett, und so wie du warst, schliefst du gleich ein. Du fuhrst in einer Stra\u00dfenbahn, vor dir Freunde, hinter dir Freunde, [&hellip;]<\/p>\n\t\t\t\t<\/div>\n\n\t\t\t\t\t\t\t\t\t<a href=\"https:\/\/www.verdichtet.at\/?p=18196#respond\" class=\"su-post-comments-link\">0 Kommentare<\/a>\n\t\t\t\t\n\t\t\t<\/div>\n\n\t\t\t\t\t\n\t\t\t\n\t\t\t<div id=\"su-post-18112\" class=\"su-post \">\n\n\t\t\t\t\n\t\t\t\t<h2 class=\"su-post-title\"><a href=\"https:\/\/www.verdichtet.at\/?p=18112\">Die Pollenwolke<\/a><\/h2>\n\n\t\t\t\t<div class=\"su-post-meta\">\n\t\t\t\t\tVer\u00f6ffentlicht: 4. Mai 2024\t\t\t\t<\/div>\n\n\t\t\t\t<div class=\"su-post-excerpt\">\n\t\t\t\t\t<p>Sp\u00fcrst du die Pollenwolke, die kleine, die feine, wenn sie sich auf deinem Arm niederl\u00e4sst? Kaum gibt es etwas Leichteres. Dann bist du noch am Leben. Johannes Tosin (Text und Foto) www.verdichtet.at | Kategorie: hin &amp; weg | Inventarnummer: 24117<\/p>\n\t\t\t\t<\/div>\n\n\t\t\t\t\t\t\t\t\t<a href=\"https:\/\/www.verdichtet.at\/?p=18112#respond\" class=\"su-post-comments-link\">0 Kommentare<\/a>\n\t\t\t\t\n\t\t\t<\/div>\n\n\t\t\t\t\t\n\t\t\t\n\t\t\t<div id=\"su-post-1937\" class=\"su-post \">\n\n\t\t\t\t\n\t\t\t\t<h2 class=\"su-post-title\"><a href=\"https:\/\/www.verdichtet.at\/?p=1937\">Vom Stangl g&#8217;haut<\/a><\/h2>\n\n\t\t\t\t<div class=\"su-post-meta\">\n\t\t\t\t\tVer\u00f6ffentlicht: 22. Dezember 2014\t\t\t\t<\/div>\n\n\t\t\t\t<div class=\"su-post-excerpt\">\n\t\t\t\t\t<p>Der alte Pauli ist auf Malta in den Armen seiner Geliebten verstorben, im Hotelbett, sagt die Moni, seine Tochter. Dabei hatte er schon auf dem Schiff so eine Ahnung gehabt, wie sein Gspusi sp\u00e4ter erz\u00e4hlte. \u201eWird&#8217;s mich doch jetzt nicht vom Stangl hau&#8217;n! Wer zahlt denn dann die \u00dcberf\u00fchrung?\u201c Solche Worte graben sich tief in [&hellip;]<\/p>\n\t\t\t\t<\/div>\n\n\t\t\t\t\t\t\t\t\t<a href=\"https:\/\/www.verdichtet.at\/?p=1937#respond\" class=\"su-post-comments-link\">0 Kommentare<\/a>\n\t\t\t\t\n\t\t\t<\/div>\n\n\t\t\t\t\t\n\t\t\t\n\t\t\t<div id=\"su-post-2002\" class=\"su-post \">\n\n\t\t\t\t\n\t\t\t\t<h2 class=\"su-post-title\"><a href=\"https:\/\/www.verdichtet.at\/?p=2002\">Das Schiff<\/a><\/h2>\n\n\t\t\t\t<div class=\"su-post-meta\">\n\t\t\t\t\tVer\u00f6ffentlicht: 6. Januar 2015\t\t\t\t<\/div>\n\n\t\t\t\t<div class=\"su-post-excerpt\">\n\t\t\t\t\t<p>Das Leben ist eine immerw\u00e4hrende Verwandlung. Dennoch besteht unser Hauptbem\u00fchen darin, den fl\u00fcchtigen Augenblick festzuhalten und zu bewahren. Wir suchen Sicherheit gegen\u00fcber Ver\u00e4nderungen, die unweigerlich \u00fcber uns hereinbrechen. Wie j\u00e4mmerlich ist unsere Angst, wie \u00fcberfl\u00fcssig unsere Anstrengung, wie l\u00e4cherlich unsere Hybris. Verwandlung geschieht unmerklich und st\u00e4ndig, auch wenn wir die Augen davor verschlie\u00dfen und uns [&hellip;]<\/p>\n\t\t\t\t<\/div>\n\n\t\t\t\t\t\t\t\t\t<a href=\"https:\/\/www.verdichtet.at\/?p=2002#comments\" class=\"su-post-comments-link\">Ein Kommentar<\/a>\n\t\t\t\t\n\t\t\t<\/div>\n\n\t\t\t\t\t\n\t\t\t\n\t\t\t<div id=\"su-post-3055\" class=\"su-post \">\n\n\t\t\t\t\n\t\t\t\t<h2 class=\"su-post-title\"><a href=\"https:\/\/www.verdichtet.at\/?p=3055\">Hochseilakt<\/a><\/h2>\n\n\t\t\t\t<div class=\"su-post-meta\">\n\t\t\t\t\tVer\u00f6ffentlicht: 26. August 2015\t\t\t\t<\/div>\n\n\t\t\t\t<div class=\"su-post-excerpt\">\n\t\t\t\t\t<p>Seilt\u00e4nzer geh\u00f6ren zu meinen Favoriten unter den Artisten. Als ich in die erste Klasse ging, kam eine Seilt\u00e4nzergruppe in mein Dorf. Sie spannten das Seil vom Giebelfenster des alten Schulhauses zu einem Mast, der sich auf dem freien Platz unterhalb der Kirche befand. Fr\u00fcher hatte dort ein noch \u00e4lteres Schulhaus gestanden, das bereits abgerissen war. [&hellip;]<\/p>\n\t\t\t\t<\/div>\n\n\t\t\t\t\t\t\t\t\t<a href=\"https:\/\/www.verdichtet.at\/?p=3055#respond\" class=\"su-post-comments-link\">0 Kommentare<\/a>\n\t\t\t\t\n\t\t\t<\/div>\n\n\t\t\t\t\t\n\t\t\t\n\t\t\t<div id=\"su-post-6540\" class=\"su-post \">\n\n\t\t\t\t\n\t\t\t\t<h2 class=\"su-post-title\"><a href=\"https:\/\/www.verdichtet.at\/?p=6540\">Mach es so, dass jeder auf dich stolz sein kann<\/a><\/h2>\n\n\t\t\t\t<div class=\"su-post-meta\">\n\t\t\t\t\tVer\u00f6ffentlicht: 20. Mai 2017\t\t\t\t<\/div>\n\n\t\t\t\t<div class=\"su-post-excerpt\">\n\t\t\t\t\t<p>Es ist gef\u00e4hrlich, in der Provinz Logar im \u00f6stlichen Afghanistan zu leben. Seit Jahrzehnten kennen die Menschen dort keine Normalit\u00e4t. Die russischen und amerikanischen Besatzungstruppen sind gekommen und gegangen. Sie haben Hoffnungen geweckt, Entt\u00e4uschungen beschert und unaufhaltsam gr\u00f6\u00dfere Not \u00fcber die Bev\u00f6lkerung gebracht. An Arbeit und Schule ist seit Langem nicht mehr zu denken. Alle [&hellip;]<\/p>\n\t\t\t\t<\/div>\n\n\t\t\t\t\t\t\t\t\t<a href=\"https:\/\/www.verdichtet.at\/?p=6540#respond\" class=\"su-post-comments-link\">0 Kommentare<\/a>\n\t\t\t\t\n\t\t\t<\/div>\n\n\t\t\t\t\t\n\t\t\t\n\t\t\t<div id=\"su-post-8687\" class=\"su-post \">\n\n\t\t\t\t\n\t\t\t\t<h2 class=\"su-post-title\"><a href=\"https:\/\/www.verdichtet.at\/?p=8687\">Ostsee<\/a><\/h2>\n\n\t\t\t\t<div class=\"su-post-meta\">\n\t\t\t\t\tVer\u00f6ffentlicht: 27. September 2018\t\t\t\t<\/div>\n\n\t\t\t\t<div class=\"su-post-excerpt\">\n\t\t\t\t\t<p>Meer Wolken und Wasser Wasser und Wolken Meer Herr Wind hat da und dort zu tun Wasser schubst er in Wellen ans Ufer Emsig laufen sie sich aufb\u00e4umend schicksalsgetrieben Im Sand werden sie zahm und lahm und m\u00fcd Doch es gibt keine Rast Kaum Atem geholt eilen sie zur\u00fcck ins Meer Gezogen von unsichtbarer Hand [&hellip;]<\/p>\n\t\t\t\t<\/div>\n\n\t\t\t\t\t\t\t\t\t<a href=\"https:\/\/www.verdichtet.at\/?p=8687#respond\" class=\"su-post-comments-link\">0 Kommentare<\/a>\n\t\t\t\t\n\t\t\t<\/div>\n\n\t\t\t\t\t\n\t\t\t\n\t\t\t<div id=\"su-post-10733\" class=\"su-post \">\n\n\t\t\t\t\n\t\t\t\t<h2 class=\"su-post-title\"><a href=\"https:\/\/www.verdichtet.at\/?p=10733\">Lost in Space<\/a><\/h2>\n\n\t\t\t\t<div class=\"su-post-meta\">\n\t\t\t\t\tVer\u00f6ffentlicht: 20. Januar 2020\t\t\t\t<\/div>\n\n\t\t\t\t<div class=\"su-post-excerpt\">\n\t\t\t\t\t<p>Was geht nicht alles verloren. Meine Mutter hat den Verlust der Kamelhaardecke unendlich bedauert, die ihr ihr Bruder aus Holland mitgebracht hat, wo er w\u00e4hrend des Krieges stationiert gewesen war. Die Kamelhaardecke hat ein besonders tragisches Ende genommen: Mein Bruder hat beim rigorosen Ausmisten der alten Sachen die Decke arglos miteingepackt und zur Sandgrube gebracht, [&hellip;]<\/p>\n\t\t\t\t<\/div>\n\n\t\t\t\t\t\t\t\t\t<a href=\"https:\/\/www.verdichtet.at\/?p=10733#respond\" class=\"su-post-comments-link\">0 Kommentare<\/a>\n\t\t\t\t\n\t\t\t<\/div>\n\n\t\t\t\t\t\n\t\t\t\n\t\t\t<div id=\"su-post-17315\" class=\"su-post \">\n\n\t\t\t\t\n\t\t\t\t<h2 class=\"su-post-title\"><a href=\"https:\/\/www.verdichtet.at\/?p=17315\">Astronaut<\/a><\/h2>\n\n\t\t\t\t<div class=\"su-post-meta\">\n\t\t\t\t\tVer\u00f6ffentlicht: 26. Dezember 2023\t\t\t\t<\/div>\n\n\t\t\t\t<div class=\"su-post-excerpt\">\n\t\t\t\t\t<p>Im Weltraum hat es weniger als 270 \u00b0C, bis auf ganz wenige Lichtpunkte ist alles so schwarz, wie es nur sein kann. Nichts lebt, au\u00dfer der Astronaut, der das Raumschiff bewohnt. Er muss nicht steuern, das Raumschiff fliegt mit Autopilot. Der Astronaut ist nur eine Gefahrenquelle. Ist das nicht eine f\u00fcrchterliche Umgebung? Nein, \u00fcberhaupt nicht, [&hellip;]<\/p>\n\t\t\t\t<\/div>\n\n\t\t\t\t\t\t\t\t\t<a href=\"https:\/\/www.verdichtet.at\/?p=17315#respond\" class=\"su-post-comments-link\">0 Kommentare<\/a>\n\t\t\t\t\n\t\t\t<\/div>\n\n\t\t\t\t\t\n\t\t\t\n\t\t\t<div id=\"su-post-17426\" class=\"su-post \">\n\n\t\t\t\t\n\t\t\t\t<h2 class=\"su-post-title\"><a href=\"https:\/\/www.verdichtet.at\/?p=17426\">Im Zug<\/a><\/h2>\n\n\t\t\t\t<div class=\"su-post-meta\">\n\t\t\t\t\tVer\u00f6ffentlicht: 20. Januar 2024\t\t\t\t<\/div>\n\n\t\t\t\t<div class=\"su-post-excerpt\">\n\t\t\t\t\t<p>Der Zug hat auf mich gewartet. Ich steige ein. Setze mich in ein Abteil. Lehne mich zur\u00fcck. Sp\u00fcre die R\u00e4der sich beginnen zu drehen. Verwandte winken. Nicht mir. Der Frau gegen\u00fcber. Der Bahnhof verschwindet. Die Landschaft wird schneller. Abschied. Nicht f\u00fcr immer. Aufatmen. Erleichterung. Leises Bangen: \u201eWie wird mein Bestimmungsort mich empfangen?\u201c Ich verwickle die [&hellip;]<\/p>\n\t\t\t\t<\/div>\n\n\t\t\t\t\t\t\t\t\t<a href=\"https:\/\/www.verdichtet.at\/?p=17426#respond\" class=\"su-post-comments-link\">0 Kommentare<\/a>\n\t\t\t\t\n\t\t\t<\/div>\n\n\t\t\t\t\t\n\t\t\t\n\t\t\t<div id=\"su-post-17802\" class=\"su-post \">\n\n\t\t\t\t\n\t\t\t\t<h2 class=\"su-post-title\"><a href=\"https:\/\/www.verdichtet.at\/?p=17802\">Mein Lanzarote<\/a><\/h2>\n\n\t\t\t\t<div class=\"su-post-meta\">\n\t\t\t\t\tVer\u00f6ffentlicht: 12. M\u00e4rz 2024\t\t\t\t<\/div>\n\n\t\t\t\t<div class=\"su-post-excerpt\">\n\t\t\t\t\t<p>Feuerberge, Meeresrauschen, Farbenspiele Kunst und Natur \u2013 das ist Lanzarote pur Krater, Lavafelder, Schlote und Kakteen Sind allgegenw\u00e4rtig, sch\u00f6n anzusehn Wo Vulkanasche auf den Wegen liegt Der Blick in fabelhaften Wolken verfliegt Die Fantasie dem Zauber der Natur erliegt Die Sonne k\u00fcsst der schwarzen Lavafelder Band Meereswellen umarmen sanft das Land In der Ferne schmiegen [&hellip;]<\/p>\n\t\t\t\t<\/div>\n\n\t\t\t\t\t\t\t\t\t<a href=\"https:\/\/www.verdichtet.at\/?p=17802#respond\" class=\"su-post-comments-link\">0 Kommentare<\/a>\n\t\t\t\t\n\t\t\t<\/div>\n\n\t\t\t\t\t\n\t\t\t\n\t\t\t<div id=\"su-post-17066\" class=\"su-post \">\n\n\t\t\t\t\n\t\t\t\t<h2 class=\"su-post-title\"><a href=\"https:\/\/www.verdichtet.at\/?p=17066\">Nach drei Minuten<\/a><\/h2>\n\n\t\t\t\t<div class=\"su-post-meta\">\n\t\t\t\t\tVer\u00f6ffentlicht: 19. November 2023\t\t\t\t<\/div>\n\n\t\t\t\t<div class=\"su-post-excerpt\">\n\t\t\t\t\t<p>Die Zeit bewegt sich nicht mehr. Sie kann nicht r\u00fcckw\u00e4rtsgehen, und eigentlich kann man sie auch nicht anhalten. Zeitraffer und super slow motion. Der Erpel im Flug bewegt ganz langsam seine Fl\u00fcgel. Unsere Liebe ist nach drei Minuten vergangen. Johannes Tosin (Text und Foto) www.verdichtet.at | Kategorie: hin &amp; weg | Inventarnummer: 24011<\/p>\n\t\t\t\t<\/div>\n\n\t\t\t\t\t\t\t\t\t<a href=\"https:\/\/www.verdichtet.at\/?p=17066#respond\" class=\"su-post-comments-link\">0 Kommentare<\/a>\n\t\t\t\t\n\t\t\t<\/div>\n\n\t\t\t\t\t\n\t\t\t\n\t\t\t<div id=\"su-post-17158\" class=\"su-post \">\n\n\t\t\t\t\n\t\t\t\t<h2 class=\"su-post-title\"><a href=\"https:\/\/www.verdichtet.at\/?p=17158\">Die Reise<\/a><\/h2>\n\n\t\t\t\t<div class=\"su-post-meta\">\n\t\t\t\t\tVer\u00f6ffentlicht: 8. Dezember 2023\t\t\t\t<\/div>\n\n\t\t\t\t<div class=\"su-post-excerpt\">\n\t\t\t\t\t<p>Vor mir ist das Eis und hinter mir das Wasser Ich komme aus einer w\u00e4rmeren Gegend wo es auch keine Inseln gibt Die Landschaft ist nicht real aber da ich sie so erlebe, ist sie es f\u00fcr mich doch solange die Reise weiterl\u00e4uft Danach kehre ich zur\u00fcck Johannes Tosin (Text und Foto) www.verdichtet.at | Kategorie: [&hellip;]<\/p>\n\t\t\t\t<\/div>\n\n\t\t\t\t\t\t\t\t\t<a href=\"https:\/\/www.verdichtet.at\/?p=17158#respond\" class=\"su-post-comments-link\">0 Kommentare<\/a>\n\t\t\t\t\n\t\t\t<\/div>\n\n\t\t\t\t\t\n\t\t\t\n\t\t\t<div id=\"su-post-16751\" class=\"su-post \">\n\n\t\t\t\t\n\t\t\t\t<h2 class=\"su-post-title\"><a href=\"https:\/\/www.verdichtet.at\/?p=16751\">Auf dem Mars<\/a><\/h2>\n\n\t\t\t\t<div class=\"su-post-meta\">\n\t\t\t\t\tVer\u00f6ffentlicht: 2. Oktober 2023\t\t\t\t<\/div>\n\n\t\t\t\t<div class=\"su-post-excerpt\">\n\t\t\t\t\t<p>Wir schreiben das Jahr 2059. Ich sitze vor meinem Piccolo Computer im Marshabitat. Es ist 17:48 Uhr, um 18 Uhr wird eine Nachricht der Bodenstation eingehen. \u00dcbermorgen wird die F\u00e4hre eintreffen, die mich zur Erde zur\u00fcckbringen wird. Dann habe ich die drei Jahre Marsaufenthalt hinter mir und eine Stange Geld auf dem Konto. Hier lebe [&hellip;]<\/p>\n\t\t\t\t<\/div>\n\n\t\t\t\t\t\t\t\t\t<a href=\"https:\/\/www.verdichtet.at\/?p=16751#respond\" class=\"su-post-comments-link\">0 Kommentare<\/a>\n\t\t\t\t\n\t\t\t<\/div>\n\n\t\t\t\t\t\n\t\t\t\n\t\t\t<div id=\"su-post-16611\" class=\"su-post \">\n\n\t\t\t\t\n\t\t\t\t<h2 class=\"su-post-title\"><a href=\"https:\/\/www.verdichtet.at\/?p=16611\">Karibik<\/a><\/h2>\n\n\t\t\t\t<div class=\"su-post-meta\">\n\t\t\t\t\tVer\u00f6ffentlicht: 4. September 2023\t\t\t\t<\/div>\n\n\t\t\t\t<div class=\"su-post-excerpt\">\n\t\t\t\t\t<p>Nach einer Idee von meinem Sohn Michael Wir, das sind meine Frau, unsere vier Kinder und ich, k\u00f6nnen uns keinen Urlaub leisten. Kein Wunder bei vier Kindern. Wer hat heutzutage noch vier Kinder? Wir eben, deshalb geht sich kein Urlaub aus. Ich verdiene als Angestellter im mittleren Management gar nicht so schlecht, doch meine Frau [&hellip;]<\/p>\n\t\t\t\t<\/div>\n\n\t\t\t\t\t\t\t\t\t<a href=\"https:\/\/www.verdichtet.at\/?p=16611#respond\" class=\"su-post-comments-link\">0 Kommentare<\/a>\n\t\t\t\t\n\t\t\t<\/div>\n\n\t\t\t\t\t\n\t\t\t\n\t\t\t<div id=\"su-post-15899\" class=\"su-post \">\n\n\t\t\t\t\n\t\t\t\t<h2 class=\"su-post-title\"><a href=\"https:\/\/www.verdichtet.at\/?p=15899\">Das Schiff mit 8 Segeln<\/a><\/h2>\n\n\t\t\t\t<div class=\"su-post-meta\">\n\t\t\t\t\tVer\u00f6ffentlicht: 11. Mai 2023\t\t\t\t<\/div>\n\n\t\t\t\t<div class=\"su-post-excerpt\">\n\t\t\t\t\t<p>Immer in der K\u00e4lte laufen Immer in der K\u00e4lte laufen Immer in der H\u00e4rte laufen laufen laufen laufen Immer laufen Immer rennen rennen Um dein Leben rennen immerzu immerzu immerfort Und dann kommt das Schiff mit 8 Segeln &#8230; Annette van den Bergh paganinisberlin.net www.verdichtet.at | Kategorie: hin &amp; weg | Inventarnummer: 23107<\/p>\n\t\t\t\t<\/div>\n\n\t\t\t\t\t\t\t\t\t<a href=\"https:\/\/www.verdichtet.at\/?p=15899#comments\" class=\"su-post-comments-link\">2 comments<\/a>\n\t\t\t\t\n\t\t\t<\/div>\n\n\t\t\t\t\t\n\t\t\t\n\t\t\t<div id=\"su-post-15677\" class=\"su-post \">\n\n\t\t\t\t\n\t\t\t\t<h2 class=\"su-post-title\"><a href=\"https:\/\/www.verdichtet.at\/?p=15677\">Ein Reisender<\/a><\/h2>\n\n\t\t\t\t<div class=\"su-post-meta\">\n\t\t\t\t\tVer\u00f6ffentlicht: 24. M\u00e4rz 2023\t\t\t\t<\/div>\n\n\t\t\t\t<div class=\"su-post-excerpt\">\n\t\t\t\t\t<p>Er reist gerne in die Ferne Tut er das? Ja, man wei\u00df es in der Nachbarschaft Wo keine L\u00fccke klafft Wo jeder wei\u00df, worum es geht Wenn er mit dem Koffer vor dem Taxi steht Geht ein Raunen durch die Nachbarschaft Ob er wohl diesmal auch die R\u00fcckkehr schafft? Wilfried Ledolter www.verdichtet.at | Kategorie: hin [&hellip;]<\/p>\n\t\t\t\t<\/div>\n\n\t\t\t\t\t\t\t\t\t<a href=\"https:\/\/www.verdichtet.at\/?p=15677#respond\" class=\"su-post-comments-link\">0 Kommentare<\/a>\n\t\t\t\t\n\t\t\t<\/div>\n\n\t\t\t\t\t\n\t\t\t\n\t\t\t<div id=\"su-post-15232\" class=\"su-post \">\n\n\t\t\t\t\n\t\t\t\t<h2 class=\"su-post-title\"><a href=\"https:\/\/www.verdichtet.at\/?p=15232\">Die ewige Nacht\u00a0\u00a0<\/a><\/h2>\n\n\t\t\t\t<div class=\"su-post-meta\">\n\t\t\t\t\tVer\u00f6ffentlicht: 14. Januar 2023\t\t\t\t<\/div>\n\n\t\t\t\t<div class=\"su-post-excerpt\">\n\t\t\t\t\t<p>Diese Nacht wird niemals enden. Ich werde in den Himmel hochsteigen und oben bleiben, im schwarzen Weltraum, in der ewigen Nacht. Johannes Tosin (Text und Foto) www.verdichtet.at | Kategorie: hin &amp; weg | Inventarnummer: 23030<\/p>\n\t\t\t\t<\/div>\n\n\t\t\t\t\t\t\t\t\t<a href=\"https:\/\/www.verdichtet.at\/?p=15232#respond\" class=\"su-post-comments-link\">0 Kommentare<\/a>\n\t\t\t\t\n\t\t\t<\/div>\n\n\t\t\t\t\t\n\t\t\t\n\t\t\t<div id=\"su-post-14998\" class=\"su-post \">\n\n\t\t\t\t\n\t\t\t\t<h2 class=\"su-post-title\"><a href=\"https:\/\/www.verdichtet.at\/?p=14998\">Hackerangriff<\/a><\/h2>\n\n\t\t\t\t<div class=\"su-post-meta\">\n\t\t\t\t\tVer\u00f6ffentlicht: 26. November 2022\t\t\t\t<\/div>\n\n\t\t\t\t<div class=\"su-post-excerpt\">\n\t\t\t\t\t<p>Mein Handy wurde gehackt. Ich schalte es aus. Nun gibt es f\u00fcr mich keine Zeit mehr. Die Sonne bewegt sich nicht l\u00e4nger. Jetzt ist immer jetzt. Bis ich das Handy wieder einschalte. Johannes Tosin (Text und Foto) www.verdichtet.at | Kategorie: hin &amp; weg | Inventarnummer: 23020<\/p>\n\t\t\t\t<\/div>\n\n\t\t\t\t\t\t\t\t\t<a href=\"https:\/\/www.verdichtet.at\/?p=14998#respond\" class=\"su-post-comments-link\">0 Kommentare<\/a>\n\t\t\t\t\n\t\t\t<\/div>\n\n\t\t\t\t\t\n\t\t\t\n\t\t\t<div id=\"su-post-14857\" class=\"su-post \">\n\n\t\t\t\t\n\t\t\t\t<h2 class=\"su-post-title\"><a href=\"https:\/\/www.verdichtet.at\/?p=14857\">Komm zur\u00fcck!<\/a><\/h2>\n\n\t\t\t\t<div class=\"su-post-meta\">\n\t\t\t\t\tVer\u00f6ffentlicht: 4. November 2022\t\t\t\t<\/div>\n\n\t\t\t\t<div class=\"su-post-excerpt\">\n\t\t\t\t\t<p>Angeregt von Brigitte Kranz Komm zur\u00fcck! Du bist im Himmel, aber in keinem sch\u00f6nen, sondern im schwarzen. Komm zur\u00fcck! Und in welcher Zeit lebst du \u00fcberhaupt, 1967 oder 2092? Heute ist der 14. August 2022. Da solltest du sein. Geh dorthin!, sonst verschwindest du in Zeit und Raum. Johannes Tosin (Text und Foto) www.verdichtet.at | [&hellip;]<\/p>\n\t\t\t\t<\/div>\n\n\t\t\t\t\t\t\t\t\t<a href=\"https:\/\/www.verdichtet.at\/?p=14857#respond\" class=\"su-post-comments-link\">0 Kommentare<\/a>\n\t\t\t\t\n\t\t\t<\/div>\n\n\t\t\t\t\t\n\t\t\t\n\t\t\t<div id=\"su-post-14419\" class=\"su-post \">\n\n\t\t\t\t\n\t\t\t\t<h2 class=\"su-post-title\"><a href=\"https:\/\/www.verdichtet.at\/?p=14419\">Ode an eine Ionische Insel<\/a><\/h2>\n\n\t\t\t\t<div class=\"su-post-meta\">\n\t\t\t\t\tVer\u00f6ffentlicht: 11. August 2022\t\t\t\t<\/div>\n\n\t\t\t\t<div class=\"su-post-excerpt\">\n\t\t\t\t\t<p>Angesichts des attisch blauen Meers Das Kefalonia Die Krone der Ionischen Inseln Umgibt Meint man Nach dem Genuss Des s\u00fcffigen Weins Die antiken G\u00f6tter Verbergen sich In den Zypressen- und \u00d6lbaumhainen Und haben uns Im Auge Und blickt nicht Odysseus selbst Vom Enos Auf das attische Blau In dessen Dunst Himmel und Meer verschmelzen? G\u00fcnther [&hellip;]<\/p>\n\t\t\t\t<\/div>\n\n\t\t\t\t\t\t\t\t\t<a href=\"https:\/\/www.verdichtet.at\/?p=14419#comments\" class=\"su-post-comments-link\">Ein Kommentar<\/a>\n\t\t\t\t\n\t\t\t<\/div>\n\n\t\t\t\t\t\n\t\t\t\n\t\t\t<div id=\"su-post-14417\" class=\"su-post \">\n\n\t\t\t\t\n\t\t\t\t<h2 class=\"su-post-title\"><a href=\"https:\/\/www.verdichtet.at\/?p=14417\">Im Fischerdorf<\/a><\/h2>\n\n\t\t\t\t<div class=\"su-post-meta\">\n\t\t\t\t\tVer\u00f6ffentlicht: 11. August 2022\t\t\t\t<\/div>\n\n\t\t\t\t<div class=\"su-post-excerpt\">\n\t\t\t\t\t<p>Zu F\u00fc\u00dfen der Steilk\u00fcste Liegt Olhao An den Ufern Des Atlantiks Und in der N\u00e4he Schmiegen sich r\u00f6mische Villen An die K\u00fcste Als st\u00fcnde die Zeit Seit mehr als zweitausend Jahren Still. Unterm Augusthimmel Peitscht die Brandung Gegen die Felsen F\u00fcr eine kurze Zeit Tr\u00fcbt die Gischt Die Sicht Auf die Welt. G\u00fcnther Androsch www.verdichtet.at [&hellip;]<\/p>\n\t\t\t\t<\/div>\n\n\t\t\t\t\t\t\t\t\t<a href=\"https:\/\/www.verdichtet.at\/?p=14417#respond\" class=\"su-post-comments-link\">0 Kommentare<\/a>\n\t\t\t\t\n\t\t\t<\/div>\n\n\t\t\t\t\t\n\t\t\t\n\t\t\t<div id=\"su-post-14412\" class=\"su-post \">\n\n\t\t\t\t\n\t\t\t\t<h2 class=\"su-post-title\"><a href=\"https:\/\/www.verdichtet.at\/?p=14412\">Folegandros<\/a><\/h2>\n\n\t\t\t\t<div class=\"su-post-meta\">\n\t\t\t\t\tVer\u00f6ffentlicht: 11. August 2022\t\t\t\t<\/div>\n\n\t\t\t\t<div class=\"su-post-excerpt\">\n\t\t\t\t\t<p>Eile? Was ist das? Fragst du Die entr\u00fcckt im Meer ruht Als stiller Fels Hellgr\u00fcn hellblau Leuchten die Sessel Der Tavernen der Caf\u00e9s der Bars Hin und wieder R\u00e4kelt eine Katze Sich im Schatten Hoch \u00fcber Chora Versinkt die Sonne In der \u00c4g\u00e4is Wie f\u00fcr eine Postkarte Hin und wieder tr\u00e4gt der Wind Einen Hauch [&hellip;]<\/p>\n\t\t\t\t<\/div>\n\n\t\t\t\t\t\t\t\t\t<a href=\"https:\/\/www.verdichtet.at\/?p=14412#comments\" class=\"su-post-comments-link\">Ein Kommentar<\/a>\n\t\t\t\t\n\t\t\t<\/div>\n\n\t\t\t\t\t\n\t\t\t\n\t\t\t<div id=\"su-post-14414\" class=\"su-post \">\n\n\t\t\t\t\n\t\t\t\t<h2 class=\"su-post-title\"><a href=\"https:\/\/www.verdichtet.at\/?p=14414\">Gavdos<\/a><\/h2>\n\n\t\t\t\t<div class=\"su-post-meta\">\n\t\t\t\t\tVer\u00f6ffentlicht: 11. August 2022\t\t\t\t<\/div>\n\n\t\t\t\t<div class=\"su-post-excerpt\">\n\t\t\t\t\t<p>Ein s\u00fcdlicheres Eiland Ein Eiland Dem die Zeit entschwunden ist Kennt Europa nicht Gavdos weckt So will ich sie nennen Arkadische Gef\u00fchle Wenn durch den brennend hei\u00dfen Sand Zum Strand ich stapfe Agios Ioannis zu Mystisch muten Die Buchten an Und wunderbar kitschig Steigt Tag f\u00fcr Tag Die Sonne \u00fcber den Horizont Und sinkt abends [&hellip;]<\/p>\n\t\t\t\t<\/div>\n\n\t\t\t\t\t\t\t\t\t<a href=\"https:\/\/www.verdichtet.at\/?p=14414#respond\" class=\"su-post-comments-link\">0 Kommentare<\/a>\n\t\t\t\t\n\t\t\t<\/div>\n\n\t\t\t\t\t\n\t\t\t\n\t\t\t<div id=\"su-post-14477\" class=\"su-post \">\n\n\t\t\t\t\n\t\t\t\t<h2 class=\"su-post-title\"><a href=\"https:\/\/www.verdichtet.at\/?p=14477\">Atlantik<\/a><\/h2>\n\n\t\t\t\t<div class=\"su-post-meta\">\n\t\t\t\t\tVer\u00f6ffentlicht: 7. September 2022\t\t\t\t<\/div>\n\n\t\t\t\t<div class=\"su-post-excerpt\">\n\t\t\t\t\t<p>Ich darf nicht immer tiefer sinken. Deshalb muss ich auftauchen, an die Oberfl\u00e4che des Atlantiks. Ich werde die Fische verlassen und wieder Mensch sein. Johannes Tosin (Text) und Michael Tosin (Bild) www.verdichtet.at | Kategorie: hin &amp; weg | Inventarnummer: 22084<\/p>\n\t\t\t\t<\/div>\n\n\t\t\t\t\t\t\t\t\t<a href=\"https:\/\/www.verdichtet.at\/?p=14477#respond\" class=\"su-post-comments-link\">0 Kommentare<\/a>\n\t\t\t\t\n\t\t\t<\/div>\n\n\t\t\t\t\t\n\t\t\t\n\t\t\t<div id=\"su-post-14410\" class=\"su-post \">\n\n\t\t\t\t\n\t\t\t\t<h2 class=\"su-post-title\"><a href=\"https:\/\/www.verdichtet.at\/?p=14410\">Algarve<\/a><\/h2>\n\n\t\t\t\t<div class=\"su-post-meta\">\n\t\t\t\t\tVer\u00f6ffentlicht: 11. August 2022\t\t\t\t<\/div>\n\n\t\t\t\t<div class=\"su-post-excerpt\">\n\t\t\t\t\t<p>Die Gischt Schl\u00e4gt An deine Str\u00e4nde Und stetig Durchdringt der Fado Alle Dinge Selbst manches Tier Die Menschen sowieso Abends munden Die Meerestiere Zum schweren Wein Und unter den Mandelbl\u00fcten Glaubt man sich In einem irdischen Paradies G\u00fcnther Androsch www.verdichtet.at | Kategorie: hin &amp; weg | Inventarnummer: 22088<\/p>\n\t\t\t\t<\/div>\n\n\t\t\t\t\t\t\t\t\t<a href=\"https:\/\/www.verdichtet.at\/?p=14410#respond\" class=\"su-post-comments-link\">0 Kommentare<\/a>\n\t\t\t\t\n\t\t\t<\/div>\n\n\t\t\t\t\t\n\t\t\t\n\t\t\t<div id=\"su-post-14408\" class=\"su-post \">\n\n\t\t\t\t\n\t\t\t\t<h2 class=\"su-post-title\"><a href=\"https:\/\/www.verdichtet.at\/?p=14408\">Alentejo<\/a><\/h2>\n\n\t\t\t\t<div class=\"su-post-meta\">\n\t\t\t\t\tVer\u00f6ffentlicht: 11. August 2022\t\t\t\t<\/div>\n\n\t\t\t\t<div class=\"su-post-excerpt\">\n\t\t\t\t\t<p>Hoffnung im Alentejo Seinen gro\u00dfen Roman Schrieb Jos\u00e9 Saramago dort Wo die Fischer in ihren Booten Auf einen Fang warten Und dann und wann bei\u00dft ein Sargo Ein Barsch Tr\u00f3ia Comperta Pinheirinho Hei\u00dfen die Str\u00e4nde des Alentejo Unbarmherzig Blenden sie das Auge Nach Westen nichts als Wasser Der Gro\u00dfe Teich Und dennoch gibt es Einige [&hellip;]<\/p>\n\t\t\t\t<\/div>\n\n\t\t\t\t\t\t\t\t\t<a href=\"https:\/\/www.verdichtet.at\/?p=14408#respond\" class=\"su-post-comments-link\">0 Kommentare<\/a>\n\t\t\t\t\n\t\t\t<\/div>\n\n\t\t\t\t\t\n\t\t\t\n\t\t\t<div id=\"su-post-736\" class=\"su-post \">\n\n\t\t\t\t\n\t\t\t\t<h2 class=\"su-post-title\"><a href=\"https:\/\/www.verdichtet.at\/?p=736\">Die Sonnenfinsternis vom Mittwoch, 11. August 1999, am Faaker See<\/a><\/h2>\n\n\t\t\t\t<div class=\"su-post-meta\">\n\t\t\t\t\tVer\u00f6ffentlicht: 9. Januar 2014\t\t\t\t<\/div>\n\n\t\t\t\t<div class=\"su-post-excerpt\">\n\t\t\t\t\t<p>Zun\u00e4chst schien es, alles w\u00e4re vergebens gewesen. Das Buchen der Zimmer, die Anreise, der Kauf der Spezialbrillen, das Warten. Dann aber gab es Risse in den Wolken, die, anfangs tief\u00adh\u00e4ngend, als wollten sie bald vom Himmel fallen, sich mehr und mehr darauf besannen, da\u00df hoch oben ihr Platz war. Aus den Rissen wurden blaue Flecken, [&hellip;]<\/p>\n\t\t\t\t<\/div>\n\n\t\t\t\t\t\t\t\t\t<a href=\"https:\/\/www.verdichtet.at\/?p=736#respond\" class=\"su-post-comments-link\">0 Kommentare<\/a>\n\t\t\t\t\n\t\t\t<\/div>\n\n\t\t\t\t\t\n\t\t\t\n\t\t\t<div id=\"su-post-13329\" class=\"su-post \">\n\n\t\t\t\t\n\t\t\t\t<h2 class=\"su-post-title\"><a href=\"https:\/\/www.verdichtet.at\/?p=13329\">In der Nacht<\/a><\/h2>\n\n\t\t\t\t<div class=\"su-post-meta\">\n\t\t\t\t\tVer\u00f6ffentlicht: 31. Oktober 2021\t\t\t\t<\/div>\n\n\t\t\t\t<div class=\"su-post-excerpt\">\n\t\t\t\t\t<p>In der Nacht komm ich zu dir als Wolkengespinst. Aber ich kann dich nicht halten ohne H\u00e4nde. Und ich bleibe auch nicht bis zum Morgen, kann ja keinen Kaffee trinken und nicht rauchen ohne Mund und keine Zeitung lesen ohne Augen. Johannes Tosin (Text und Foto) www.verdichtet.at | Kategorie: hin &amp; weg | Inventarnummer: 21121<\/p>\n\t\t\t\t<\/div>\n\n\t\t\t\t\t\t\t\t\t<a href=\"https:\/\/www.verdichtet.at\/?p=13329#respond\" class=\"su-post-comments-link\">0 Kommentare<\/a>\n\t\t\t\t\n\t\t\t<\/div>\n\n\t\t\t\t\t\n\t\t\t\n\t\t\t<div id=\"su-post-12889\" class=\"su-post \">\n\n\t\t\t\t\n\t\t\t\t<h2 class=\"su-post-title\"><a href=\"https:\/\/www.verdichtet.at\/?p=12889\">Ins Nichts<\/a><\/h2>\n\n\t\t\t\t<div class=\"su-post-meta\">\n\t\t\t\t\tVer\u00f6ffentlicht: 26. Juni 2021\t\t\t\t<\/div>\n\n\t\t\t\t<div class=\"su-post-excerpt\">\n\t\t\t\t\t<p>\u201eDeine Anwesenheit ist nicht l\u00e4nger erforderlich\u201c, sagte seine Freundin. \u201eEigentlich war sie es auch nie. Also, bitte, geh!\u201c Er \u00f6ffnet von innen die Haust\u00fcr. Drau\u00dfen war nichts. Und dorthin ging er auch, ins Nichts. Johannes Tosin (Text und Foto) www.verdichtet.at | Kategorie: hin &amp; weg | Inventarnummer: 21084<\/p>\n\t\t\t\t<\/div>\n\n\t\t\t\t\t\t\t\t\t<a href=\"https:\/\/www.verdichtet.at\/?p=12889#respond\" class=\"su-post-comments-link\">0 Kommentare<\/a>\n\t\t\t\t\n\t\t\t<\/div>\n\n\t\t\t\t\t\n\t\t\t\n\t\t\t<div id=\"su-post-12729\" class=\"su-post \">\n\n\t\t\t\t\n\t\t\t\t<h2 class=\"su-post-title\"><a href=\"https:\/\/www.verdichtet.at\/?p=12729\">Roulette<\/a><\/h2>\n\n\t\t\t\t<div class=\"su-post-meta\">\n\t\t\t\t\tVer\u00f6ffentlicht: 1. Mai 2021\t\t\t\t<\/div>\n\n\t\t\t\t<div class=\"su-post-excerpt\">\n\t\t\t\t\t<p>Im Traum kommt mein Schwager Sigurd schwer bepackt auf mich zu. Ich:\u00a0\u00a0\u00a0\u00a0\u00a0\u00a0\u00a0\u00a0\u00a0\u00a0\u00a0\u00a0\u00a0\u00a0 Hallo Sigurd. Sigurd:\u00a0\u00a0\u00a0\u00a0\u00a0\u00a0\u00a0 Hi Johannes. \u201eHi\u201c ist sehr ungew\u00f6hnlich f\u00fcr ihn. Sigurd ist ein bodenst\u00e4ndiger Landwirt. Ich:\u00a0\u00a0\u00a0\u00a0\u00a0\u00a0\u00a0\u00a0\u00a0\u00a0\u00a0\u00a0\u00a0\u00a0 Von wo kommst du? Sigurd:\u00a0\u00a0\u00a0\u00a0\u00a0\u00a0\u00a0 Vicky Leandros. Ich:\u00a0\u00a0\u00a0\u00a0\u00a0\u00a0\u00a0\u00a0\u00a0\u00a0\u00a0\u00a0\u00a0\u00a0 Und wo? Sigurd:\u00a0\u00a0\u00a0\u00a0\u00a0\u00a0\u00a0 San Sebasti\u00e1n. Er wirkt sehr aufgetaut. Aber da sehe ich, dass er ein mobiles Roulette [&hellip;]<\/p>\n\t\t\t\t<\/div>\n\n\t\t\t\t\t\t\t\t\t<a href=\"https:\/\/www.verdichtet.at\/?p=12729#respond\" class=\"su-post-comments-link\">0 Kommentare<\/a>\n\t\t\t\t\n\t\t\t<\/div>\n\n\t\t\t\t\t\n\t\t\t\n\t\t\t<div id=\"su-post-12722\" class=\"su-post \">\n\n\t\t\t\t\n\t\t\t\t<h2 class=\"su-post-title\"><a href=\"https:\/\/www.verdichtet.at\/?p=12722\">Spiegelwelt<\/a><\/h2>\n\n\t\t\t\t<div class=\"su-post-meta\">\n\t\t\t\t\tVer\u00f6ffentlicht: 1. Mai 2021\t\t\t\t<\/div>\n\n\t\t\t\t<div class=\"su-post-excerpt\">\n\t\t\t\t\t<p>Nicht in dieser Welt, sondern in jener dahinter. Gedanken f\u00fcgen zusammen Atome. Die Situation ging anders aus, ein neues Universum \u00f6ffnete sich und nahm dich in sich auf. Hier Gestorbene haben dort ihre Krankheit besiegt und leben in ihm weiter. Im Traum reist du zur Haut der Welt der f\u00fcnf Sinne und kannst die anderen [&hellip;]<\/p>\n\t\t\t\t<\/div>\n\n\t\t\t\t\t\t\t\t\t<a href=\"https:\/\/www.verdichtet.at\/?p=12722#respond\" class=\"su-post-comments-link\">0 Kommentare<\/a>\n\t\t\t\t\n\t\t\t<\/div>\n\n\t\t\t\t\t\n\t\t\t\n\t\t\t<div id=\"su-post-12677\" class=\"su-post \">\n\n\t\t\t\t\n\t\t\t\t<h2 class=\"su-post-title\"><a href=\"https:\/\/www.verdichtet.at\/?p=12677\">Astronaut<\/a><\/h2>\n\n\t\t\t\t<div class=\"su-post-meta\">\n\t\t\t\t\tVer\u00f6ffentlicht: 17. April 2021\t\t\t\t<\/div>\n\n\t\t\t\t<div class=\"su-post-excerpt\">\n\t\t\t\t\t<p>Ich habe mich ausgeklinkt und treibe durch das schwarze All mit konstanter Geschwindigkeit. Ich habe noch Luft f\u00fcr zwei Stunden und Strom f\u00fcr f\u00fcnf. Johannes Tosin (Text und Foto) www.verdichtet.at | Kategorie: hin &amp; weg | Inventarnummer: 21062<\/p>\n\t\t\t\t<\/div>\n\n\t\t\t\t\t\t\t\t\t<a href=\"https:\/\/www.verdichtet.at\/?p=12677#respond\" class=\"su-post-comments-link\">0 Kommentare<\/a>\n\t\t\t\t\n\t\t\t<\/div>\n\n\t\t\t\t\t\n\t\t\t\n\t\t\t<div id=\"su-post-12452\" class=\"su-post \">\n\n\t\t\t\t\n\t\t\t\t<h2 class=\"su-post-title\"><a href=\"https:\/\/www.verdichtet.at\/?p=12452\">Der stille Herr<\/a><\/h2>\n\n\t\t\t\t<div class=\"su-post-meta\">\n\t\t\t\t\tVer\u00f6ffentlicht: 27. Februar 2021\t\t\t\t<\/div>\n\n\t\t\t\t<div class=\"su-post-excerpt\">\n\t\t\t\t\t<p>Der Herr hatte stets wenig gesprochen. Aber jetzt wurde er immer stiller, bis er schlie\u00dflich verstummte. Er und der Sessel, auf dem er sa\u00df, bewegten sich stetig weiter nach hinten und verschwanden dann aus dem Blick. Johannes Tosin (Text und Foto) www.verdichtet.at | Kategorie: hin &amp; weg | Inventarnummer: 21042<\/p>\n\t\t\t\t<\/div>\n\n\t\t\t\t\t\t\t\t\t<a href=\"https:\/\/www.verdichtet.at\/?p=12452#respond\" class=\"su-post-comments-link\">0 Kommentare<\/a>\n\t\t\t\t\n\t\t\t<\/div>\n\n\t\t\t\t\t\n\t\t\t\n\t\t\t<div id=\"su-post-12068\" class=\"su-post \">\n\n\t\t\t\t\n\t\t\t\t<h2 class=\"su-post-title\"><a href=\"https:\/\/www.verdichtet.at\/?p=12068\">Deine Exfirma<\/a><\/h2>\n\n\t\t\t\t<div class=\"su-post-meta\">\n\t\t\t\t\tVer\u00f6ffentlicht: 8. Dezember 2020\t\t\t\t<\/div>\n\n\t\t\t\t<div class=\"su-post-excerpt\">\n\t\t\t\t\t<p>Du bist arbeitslos geworden. Hast deine pers\u00f6nlichen Sachen aus dem B\u00fcro entfernen und den Schl\u00fcssel abgeben m\u00fcssen. Dein Vorgesetzter hat sogar die Rezeptionistin angewiesen, ihn sofort zu benachrichtigen, solltest du die Firma betreten. Und die Kollegen haben dir h\u00e4misch nachgegrinst. Brutal, nicht? Wieso? Das ist Marktwirtschaft. Du hast gut verdient, und hast du nicht noch [&hellip;]<\/p>\n\t\t\t\t<\/div>\n\n\t\t\t\t\t\t\t\t\t<a href=\"https:\/\/www.verdichtet.at\/?p=12068#respond\" class=\"su-post-comments-link\">0 Kommentare<\/a>\n\t\t\t\t\n\t\t\t<\/div>\n\n\t\t\t\t\t\n\t\t\t\n\t\t\t<div id=\"su-post-12584\" class=\"su-post \">\n\n\t\t\t\t\n\t\t\t\t<h2 class=\"su-post-title\"><a href=\"https:\/\/www.verdichtet.at\/?p=12584\">Die Tr\u00f6delverk\u00e4uferin<\/a><\/h2>\n\n\t\t\t\t<div class=\"su-post-meta\">\n\t\t\t\t\tVer\u00f6ffentlicht: 24. M\u00e4rz 2021\t\t\t\t<\/div>\n\n\t\t\t\t<div class=\"su-post-excerpt\">\n\t\t\t\t\t<p>Jeden ersten Samstag im Monat sah ich auf der Unteren Br\u00fccke die Tr\u00f6delverk\u00e4uferin, wenn ich von meiner Wohnung in die Stadt ging. Ich nahm mir vor, mit ihr ins Gespr\u00e4ch zu kommen, traute mich aber nicht. Als ich mich doch einmal \u00fcberwand, lud ich sie zu einem Spaziergang ein und sie sagte zu. Ich hatte [&hellip;]<\/p>\n\t\t\t\t<\/div>\n\n\t\t\t\t\t\t\t\t\t<a href=\"https:\/\/www.verdichtet.at\/?p=12584#respond\" class=\"su-post-comments-link\">0 Kommentare<\/a>\n\t\t\t\t\n\t\t\t<\/div>\n\n\t\t\t\t\t\n\t\t\t\n\t\t\t<div id=\"su-post-12110\" class=\"su-post \">\n\n\t\t\t\t\n\t\t\t\t<h2 class=\"su-post-title\"><a href=\"https:\/\/www.verdichtet.at\/?p=12110\">Materie<\/a><\/h2>\n\n\t\t\t\t<div class=\"su-post-meta\">\n\t\t\t\t\tVer\u00f6ffentlicht: 13. Dezember 2020\t\t\t\t<\/div>\n\n\t\t\t\t<div class=\"su-post-excerpt\">\n\t\t\t\t\t<p>Materie geht nicht verloren, sie wandelt sich nur um. Am Ende ist das Rauschen. Ich bin ein flackender Bildpunkt. Ich verlasse das Dunkel und gehe ins Licht. Johannes Tosin (Text und Foto) www.verdichtet.at | Kategorie: hin &amp; weg | Inventarnummer: 21008<\/p>\n\t\t\t\t<\/div>\n\n\t\t\t\t\t\t\t\t\t<a href=\"https:\/\/www.verdichtet.at\/?p=12110#respond\" class=\"su-post-comments-link\">0 Kommentare<\/a>\n\t\t\t\t\n\t\t\t<\/div>\n\n\t\t\t\t\t\n\t\t\t\n\t\t\t<div id=\"su-post-12338\" class=\"su-post \">\n\n\t\t\t\t\n\t\t\t\t<h2 class=\"su-post-title\"><a href=\"https:\/\/www.verdichtet.at\/?p=12338\">F\u00e4hrten<\/a><\/h2>\n\n\t\t\t\t<div class=\"su-post-meta\">\n\t\t\t\t\tVer\u00f6ffentlicht: 29. Januar 2021\t\t\t\t<\/div>\n\n\t\t\t\t<div class=\"su-post-excerpt\">\n\t\t\t\t\t<p>Den Blick hielt er nach unten gerichtet. Schneefall von schr\u00e4g vorne machte dies notwendig. M\u00fctze und Kapuze tief ins Gesicht gezogen, der Schal doppelt gewunden, um dicht abzuschlie\u00dfen gegen die nachmitt\u00e4glichen Unbilden der Witterung. Beim steilen Anstieg in den Wald versuchte er, die Spuren der Tiere zu erkennen, die den Weg kreuzten, in rechtem oder [&hellip;]<\/p>\n\t\t\t\t<\/div>\n\n\t\t\t\t\t\t\t\t\t<a href=\"https:\/\/www.verdichtet.at\/?p=12338#respond\" class=\"su-post-comments-link\">0 Kommentare<\/a>\n\t\t\t\t\n\t\t\t<\/div>\n\n\t\t\t\t\t\n\t\t\t\n\t\t\t<div id=\"su-post-11905\" class=\"su-post \">\n\n\t\t\t\t\n\t\t\t\t<h2 class=\"su-post-title\"><a href=\"https:\/\/www.verdichtet.at\/?p=11905\">Die Welle<\/a><\/h2>\n\n\t\t\t\t<div class=\"su-post-meta\">\n\t\t\t\t\tVer\u00f6ffentlicht: 1. November 2020\t\t\t\t<\/div>\n\n\t\t\t\t<div class=\"su-post-excerpt\">\n\t\t\t\t\t<p>Die Welle kommt. Sie b\u00e4umt sich auf, hundert Meter hoch, und sie wird noch h\u00f6her werden, da das Meer seicht ist vor dem Strand. Also: Lauf! Lass alles liegen und stehen und lauf, so schnell du kannst! Nimm nur deine Kinder mit und deine Frau, wenn du mit ihr gl\u00fccklich bist. Johannes Tosin (Text und [&hellip;]<\/p>\n\t\t\t\t<\/div>\n\n\t\t\t\t\t\t\t\t\t<a href=\"https:\/\/www.verdichtet.at\/?p=11905#respond\" class=\"su-post-comments-link\">0 Kommentare<\/a>\n\t\t\t\t\n\t\t\t<\/div>\n\n\t\t\t\t\t\n\t\t\t\n\t\t\t<div id=\"su-post-12013\" class=\"su-post \">\n\n\t\t\t\t\n\t\t\t\t<h2 class=\"su-post-title\"><a href=\"https:\/\/www.verdichtet.at\/?p=12013\">(Meine) Sonne<\/a><\/h2>\n\n\t\t\t\t<div class=\"su-post-meta\">\n\t\t\t\t\tVer\u00f6ffentlicht: 5. Dezember 2020\t\t\t\t<\/div>\n\n\t\t\t\t<div class=\"su-post-excerpt\">\n\t\t\t\t\t<p>Sie bemerkte heute, dass der Wind manchmal sehr wie das Meer klingt. Das Wetter war willk\u00fcrlich gewesen in letzter Zeit. Samstags noch war sie bis zur H\u00fcfte in der Donau gestanden und hatte bef\u00fcrchtet, dass sie sich wohl einen Sonnenbrand zuziehen w\u00fcrde. Heute waren beinahe den ganzen Tag lang s\u00e4mtliche Lichter in der Wohnung aufgedreht. [&hellip;]<\/p>\n\t\t\t\t<\/div>\n\n\t\t\t\t\t\t\t\t\t<a href=\"https:\/\/www.verdichtet.at\/?p=12013#respond\" class=\"su-post-comments-link\">0 Kommentare<\/a>\n\t\t\t\t\n\t\t\t<\/div>\n\n\t\t\t\t\t\n\t\t\t\n\t\t\t<div id=\"su-post-11188\" class=\"su-post \">\n\n\t\t\t\t\n\t\t\t\t<h2 class=\"su-post-title\"><a href=\"https:\/\/www.verdichtet.at\/?p=11188\">Das Zeitr\u00e4tsel<\/a><\/h2>\n\n\t\t\t\t<div class=\"su-post-meta\">\n\t\t\t\t\tVer\u00f6ffentlicht: 15. April 2020\t\t\t\t<\/div>\n\n\t\t\t\t<div class=\"su-post-excerpt\">\n\t\t\t\t\t<p>Es war gerade so sch\u00f6n mit uns, daher hielt ich die Zeit an. Aber das galt nur f\u00fcr die Situation und f\u00fcr mich. Du altertest dennoch, deine Haut wurde faltig, deine Z\u00e4hne fielen aus, du begannst schlecht zu riechen. Da lie\u00df ich die Zeit wieder weiterlaufen und verlie\u00df dich. Ich wei\u00df nicht, was dann mit [&hellip;]<\/p>\n\t\t\t\t<\/div>\n\n\t\t\t\t\t\t\t\t\t<a href=\"https:\/\/www.verdichtet.at\/?p=11188#respond\" class=\"su-post-comments-link\">0 Kommentare<\/a>\n\t\t\t\t\n\t\t\t<\/div>\n\n\t\t\t\t\t\n\t\t\t\n\t\t\t<div id=\"su-post-11590\" class=\"su-post \">\n\n\t\t\t\t\n\t\t\t\t<h2 class=\"su-post-title\"><a href=\"https:\/\/www.verdichtet.at\/?p=11590\">Vanikoro<\/a><\/h2>\n\n\t\t\t\t<div class=\"su-post-meta\">\n\t\t\t\t\tVer\u00f6ffentlicht: 24. Juni 2020\t\t\t\t<\/div>\n\n\t\t\t\t<div class=\"su-post-excerpt\">\n\t\t\t\t\t<p>Die Seiten zeigen eine Insel. Dabei ist eine Karte. Vanikoro. F\u00fcnfundzwanzig Namen f\u00fcr Wind gibt es hier und vermutlich ebenso viele f\u00fcr die Str\u00f6mungen im Meer. Wo die Sicht zu Ende ist, ist es auch die Welt. Johannes Tosin (Text und Foto) www.verdichtet.at | Kategorie: hin &amp; weg | Inventarnummer: 20102<\/p>\n\t\t\t\t<\/div>\n\n\t\t\t\t\t\t\t\t\t<a href=\"https:\/\/www.verdichtet.at\/?p=11590#respond\" class=\"su-post-comments-link\">0 Kommentare<\/a>\n\t\t\t\t\n\t\t\t<\/div>\n\n\t\t\t\t\t\n\t\t\t\n\t\t\t<div id=\"su-post-11029\" class=\"su-post \">\n\n\t\t\t\t\n\t\t\t\t<h2 class=\"su-post-title\"><a href=\"https:\/\/www.verdichtet.at\/?p=11029\">Die Kr\u00fcmmung der Geraden<\/a><\/h2>\n\n\t\t\t\t<div class=\"su-post-meta\">\n\t\t\t\t\tVer\u00f6ffentlicht: 29. M\u00e4rz 2020\t\t\t\t<\/div>\n\n\t\t\t\t<div class=\"su-post-excerpt\">\n\t\t\t\t\t<p>Er ging, immer weiter, bis nichts mehr da war und niemand, er alleine war mit sich und der Zeit, die sich dehnte bis zur Unendlichkeit, in der er sich verlor und schlie\u00dflich verschwand. Johannes Tosin (Text und Foto) www.verdichtet.at | Kategorie: hin &amp; weg | Inventarnummer: 20041<\/p>\n\t\t\t\t<\/div>\n\n\t\t\t\t\t\t\t\t\t<a href=\"https:\/\/www.verdichtet.at\/?p=11029#respond\" class=\"su-post-comments-link\">0 Kommentare<\/a>\n\t\t\t\t\n\t\t\t<\/div>\n\n\t\t\t\t\t\n\t\t\t\n\t\t\t<div id=\"su-post-11266\" class=\"su-post \">\n\n\t\t\t\t\n\t\t\t\t<h2 class=\"su-post-title\"><a href=\"https:\/\/www.verdichtet.at\/?p=11266\">Online<\/a><\/h2>\n\n\t\t\t\t<div class=\"su-post-meta\">\n\t\t\t\t\tVer\u00f6ffentlicht: 25. April 2020\t\t\t\t<\/div>\n\n\t\t\t\t<div class=\"su-post-excerpt\">\n\t\t\t\t\t<p>Hier kenne ich keinen auf der Stra\u00dfe auch nicht das hier ist ein anonymes Online-Portal Leben Byte f\u00fcr Byte ein Tollhaus an Gedanken Schrift flie\u00dft \u00fcber den Bildschirm Viele suchen nach Liebe mehr Fehlschl\u00e4ge als Gl\u00fcckstreffer, Trolle lachen vor ihren Ger\u00e4ten w\u00e4hrend sie weiter \u00d6l ins Feuer gie\u00dfen dazu bekommen sie Gesellschaft von Spammern, Selbsthilfegruppen [&hellip;]<\/p>\n\t\t\t\t<\/div>\n\n\t\t\t\t\t\t\t\t\t<a href=\"https:\/\/www.verdichtet.at\/?p=11266#respond\" class=\"su-post-comments-link\">0 Kommentare<\/a>\n\t\t\t\t\n\t\t\t<\/div>\n\n\t\t\t\t\t\n\t\t\t\n\t\t\t<div id=\"su-post-10870\" class=\"su-post \">\n\n\t\t\t\t\n\t\t\t\t<h2 class=\"su-post-title\"><a href=\"https:\/\/www.verdichtet.at\/?p=10870\">Ich gehe los<\/a><\/h2>\n\n\t\t\t\t<div class=\"su-post-meta\">\n\t\t\t\t\tVer\u00f6ffentlicht: 23. Februar 2020\t\t\t\t<\/div>\n\n\t\t\t\t<div class=\"su-post-excerpt\">\n\t\t\t\t\t<p>Was ich gestern dachte, denke ich heute nicht mehr. Und was ich heute tue, m\u00f6chte ich morgen nicht mehr tun. \u201eDas geht nicht!\u201c, sage ich mir. Wieso, wer behauptet das?, \u00fcberlege ich. Also lege ich meine Arbeitsger\u00e4te nieder, verabschiede mich von meiner Familie, schlie\u00dfe die Haust\u00fcr und gehe los. Johannes Tosin (Text und Foto) www.verdichtet.at [&hellip;]<\/p>\n\t\t\t\t<\/div>\n\n\t\t\t\t\t\t\t\t\t<a href=\"https:\/\/www.verdichtet.at\/?p=10870#respond\" class=\"su-post-comments-link\">0 Kommentare<\/a>\n\t\t\t\t\n\t\t\t<\/div>\n\n\t\t\t\t\t\n\t\t\t\n\t\t\t<div id=\"su-post-10768\" class=\"su-post \">\n\n\t\t\t\t\n\t\t\t\t<h2 class=\"su-post-title\"><a href=\"https:\/\/www.verdichtet.at\/?p=10768\">Auf der Reise<\/a><\/h2>\n\n\t\t\t\t<div class=\"su-post-meta\">\n\t\t\t\t\tVer\u00f6ffentlicht: 1. Februar 2020\t\t\t\t<\/div>\n\n\t\t\t\t<div class=\"su-post-excerpt\">\n\t\t\t\t\t<p>Ich bin auf der Reise. St\u00e4ndig sehe ich neue Gesichter, h\u00f6re andere Kl\u00e4nge. Nie stehe ich still. Und wenn ich schlafe, dann in einem G\u00fcterwaggon. Wache ich auf, werde ich woanders sein. Johannes Tosin (Text und Foto) www.verdichtet.at | Kategorie: hin &amp; weg | Inventarnummer: 20015<\/p>\n\t\t\t\t<\/div>\n\n\t\t\t\t\t\t\t\t\t<a href=\"https:\/\/www.verdichtet.at\/?p=10768#respond\" class=\"su-post-comments-link\">0 Kommentare<\/a>\n\t\t\t\t\n\t\t\t<\/div>\n\n\t\t\t\t\t\n\t\t\t\n\t\t\t<div id=\"su-post-10955\" class=\"su-post \">\n\n\t\t\t\t\n\t\t\t\t<h2 class=\"su-post-title\"><a href=\"https:\/\/www.verdichtet.at\/?p=10955\">Der Heimkehrer oder Ein Telefonat am Sonntagabend<\/a><\/h2>\n\n\t\t\t\t<div class=\"su-post-meta\">\n\t\t\t\t\tVer\u00f6ffentlicht: 14. M\u00e4rz 2020\t\t\t\t<\/div>\n\n\t\t\t\t<div class=\"su-post-excerpt\">\n\t\t\t\t\t<p>Er: Hallihallo, Kati, wollte mich zur\u00fcckmelden, hab dir so viel zu erz\u00e4hlen, und wie geht\u2019s dir? Sie: Na ja, es geht so. Seit wann bist du denn wieder da? Er: Gerade hereinspaziert bei der Haust\u00fcre, das Handy geschnappt und dich angerufen. Ich sag dir was, das war ein Erlebnis. Dieses Detox, ewig wollte ich das [&hellip;]<\/p>\n\t\t\t\t<\/div>\n\n\t\t\t\t\t\t\t\t\t<a href=\"https:\/\/www.verdichtet.at\/?p=10955#respond\" class=\"su-post-comments-link\">0 Kommentare<\/a>\n\t\t\t\t\n\t\t\t<\/div>\n\n\t\t\t\t\t\n\t\t\t\n\t\t\t<div id=\"su-post-10677\" class=\"su-post \">\n\n\t\t\t\t\n\t\t\t\t<h2 class=\"su-post-title\"><a href=\"https:\/\/www.verdichtet.at\/?p=10677\">Hulla-Bulla<\/a><\/h2>\n\n\t\t\t\t<div class=\"su-post-meta\">\n\t\t\t\t\tVer\u00f6ffentlicht: 29. Dezember 2019\t\t\t\t<\/div>\n\n\t\t\t\t<div class=\"su-post-excerpt\">\n\t\t\t\t\t<p>Helen:\u00a0 Hast du schon einen Osterurlaub gebucht, Darling? Rachel: Nicht so richtig. Helen:\u00a0 Also nicht. Na ja, ich fliege am Ostersonntag First Class nach Hulla-Bulla auf Mimonesien. Rachel: Wicked! Na, dann w\u00fcnsche ich schon viel Spa\u00df dabei. Nimmst du viel mit? Helen:\u00a0 N\u00f6, drei\u00dfig Bikinis m\u00fcssen reichen, zwanzig Sommerkleider, zehn Stolen, acht H\u00fcte, f\u00fcnfzehn Sonnenbrillen, [&hellip;]<\/p>\n\t\t\t\t<\/div>\n\n\t\t\t\t\t\t\t\t\t<a href=\"https:\/\/www.verdichtet.at\/?p=10677#respond\" class=\"su-post-comments-link\">0 Kommentare<\/a>\n\t\t\t\t\n\t\t\t<\/div>\n\n\t\t\t\t\t\n\t\t\t\n\t\t\t<div id=\"su-post-5315\" class=\"su-post \">\n\n\t\t\t\t\n\t\t\t\t<h2 class=\"su-post-title\"><a href=\"https:\/\/www.verdichtet.at\/?p=5315\">Laubbl\u00e4ser im Sturm<\/a><\/h2>\n\n\t\t\t\t<div class=\"su-post-meta\">\n\t\t\t\t\tVer\u00f6ffentlicht: 26. Oktober 2016\t\t\t\t<\/div>\n\n\t\t\t\t<div class=\"su-post-excerpt\">\n\t\t\t\t\t<p>Wo, mein Guter Ist dein Sancho Panza? K\u00f6nntest ihn gut brauchen Wenn ich dich so sehe Laubblasend Am windigsten Tag der Woche Deine Rosinante hat dich Wohl im Stich gelassen Statt ihr tr\u00e4gst du die schwere B\u00fcrde Laubbl\u00e4ser zu sein Ist keine Kleinigkeit Die Passanten passieren Bei dir wirbeln die Bl\u00e4tter Auch ohne dein Zutun [&hellip;]<\/p>\n\t\t\t\t<\/div>\n\n\t\t\t\t\t\t\t\t\t<a href=\"https:\/\/www.verdichtet.at\/?p=5315#respond\" class=\"su-post-comments-link\">0 Kommentare<\/a>\n\t\t\t\t\n\t\t\t<\/div>\n\n\t\t\t\t\t\n\t\t\t\n\t\t\t<div id=\"su-post-256\" class=\"su-post \">\n\n\t\t\t\t\n\t\t\t\t<h2 class=\"su-post-title\"><a href=\"https:\/\/www.verdichtet.at\/?p=256\">Volkers Fahrt<\/a><\/h2>\n\n\t\t\t\t<div class=\"su-post-meta\">\n\t\t\t\t\tVer\u00f6ffentlicht: 29. November 2013\t\t\t\t<\/div>\n\n\t\t\t\t<div class=\"su-post-excerpt\">\n\t\t\t\t\t<p>Ja, der Volker, mit dem ist es eine eigene Geschichte, ein Exkurs lohnt sich vermutlich, vielmehr hoffentlich. Eigentlich wollte er ja gar nicht einsteigen, und ebenso eigentlich war das sein Hauptproblem. Immer alles offen lassen, Optionen sollen M\u00f6glichkeiten bleiben und keine Entscheidungen nach sich ziehen, wer also in einen Zug steigt, l\u00e4sst einen anderen sein, [&hellip;]<\/p>\n\t\t\t\t<\/div>\n\n\t\t\t\t\t\t\t\t\t<a href=\"https:\/\/www.verdichtet.at\/?p=256#respond\" class=\"su-post-comments-link\">0 Kommentare<\/a>\n\t\t\t\t\n\t\t\t<\/div>\n\n\t\t\t\t\t\n\t\t\t\n\t\t\t<div id=\"su-post-10402\" class=\"su-post \">\n\n\t\t\t\t\n\t\t\t\t<h2 class=\"su-post-title\"><a href=\"https:\/\/www.verdichtet.at\/?p=10402\">Die Frau vom Fluss<\/a><\/h2>\n\n\t\t\t\t<div class=\"su-post-meta\">\n\t\t\t\t\tVer\u00f6ffentlicht: 20. Oktober 2019\t\t\t\t<\/div>\n\n\t\t\t\t<div class=\"su-post-excerpt\">\n\t\t\t\t\t<p>Sie wollte nur kurz vorbeikommen. Aber zu viele Schilder. Sie hatte sich verirrt. Es blieb ihr nichts \u00fcbrig, sie musste bleiben. Ihren Fluss im Zweimorgenland w\u00fcrde sie nicht wiedersehen. Unsicher war sie zwischen den Menschen, die anders waren als sie. Sie war traurig und wurde bitter. Dem, der sie liebgewonnen hatte, sagte sie Worte, die [&hellip;]<\/p>\n\t\t\t\t<\/div>\n\n\t\t\t\t\t\t\t\t\t<a href=\"https:\/\/www.verdichtet.at\/?p=10402#respond\" class=\"su-post-comments-link\">0 Kommentare<\/a>\n\t\t\t\t\n\t\t\t<\/div>\n\n\t\t\t\t\t\n\t\t\t\n\t\t\t<div id=\"su-post-10342\" class=\"su-post \">\n\n\t\t\t\t\n\t\t\t\t<h2 class=\"su-post-title\"><a href=\"https:\/\/www.verdichtet.at\/?p=10342\">Ferien<\/a><\/h2>\n\n\t\t\t\t<div class=\"su-post-meta\">\n\t\t\t\t\tVer\u00f6ffentlicht: 11. Oktober 2019\t\t\t\t<\/div>\n\n\t\t\t\t<div class=\"su-post-excerpt\">\n\t\t\t\t\t<p>Ferien sind ein anderer Raum mit einer Fototapete an der Wand. Ferien mach ich ein paar 1000mal im Jahr. Polynesien. Auf meiner eigenen Insel. Johannes Tosin (Text und Foto) www.verdichtet.at | Kategorie: hin &amp; weg | Inventarnummer: 19131<\/p>\n\t\t\t\t<\/div>\n\n\t\t\t\t\t\t\t\t\t<a href=\"https:\/\/www.verdichtet.at\/?p=10342#respond\" class=\"su-post-comments-link\">0 Kommentare<\/a>\n\t\t\t\t\n\t\t\t<\/div>\n\n\t\t\t\t\t\n\t\t\t\n\t\t\t<div id=\"su-post-10027\" class=\"su-post \">\n\n\t\t\t\t\n\t\t\t\t<h2 class=\"su-post-title\"><a href=\"https:\/\/www.verdichtet.at\/?p=10027\">Der Raumfahrer<\/a><\/h2>\n\n\t\t\t\t<div class=\"su-post-meta\">\n\t\t\t\t\tVer\u00f6ffentlicht: 5. August 2019\t\t\t\t<\/div>\n\n\t\t\t\t<div class=\"su-post-excerpt\">\n\t\t\t\t\t<p>Im Licht aus Erinnerungen der Strahl der Zeit. Heute ist gestern und gestern ist morgen. Ins All geschossen und sich dort verloren. Zu weit entfernt ist erdiger Boden. Vielleicht gibt es ja einen Planeten, auf dem er landen kann irgendwann. Atmen fremde Luft \u00fcber Gew\u00e4chsen spiegelndrot. Als Einziger seiner Art. Als Mensch au\u00dferhalb der Erden [&hellip;]<\/p>\n\t\t\t\t<\/div>\n\n\t\t\t\t\t\t\t\t\t<a href=\"https:\/\/www.verdichtet.at\/?p=10027#respond\" class=\"su-post-comments-link\">0 Kommentare<\/a>\n\t\t\t\t\n\t\t\t<\/div>\n\n\t\t\t\t\t\n\t\t\t\n\t\t\t<div id=\"su-post-9796\" class=\"su-post \">\n\n\t\t\t\t\n\t\t\t\t<h2 class=\"su-post-title\"><a href=\"https:\/\/www.verdichtet.at\/?p=9796\">Drei Freunde<\/a><\/h2>\n\n\t\t\t\t<div class=\"su-post-meta\">\n\t\t\t\t\tVer\u00f6ffentlicht: 21. Mai 2019\t\t\t\t<\/div>\n\n\t\t\t\t<div class=\"su-post-excerpt\">\n\t\t\t\t\t<p>Nach einer Idee von meinem Sohn Michael Gum, der in Wirklichkeit David hei\u00dft, wurde munter. Sein Spitzname Gum kommt vom Warenhaus Gum in Moskau. Der damalige Freund seiner \u00e4lteren Schwester nannte ihn einmal so, nachdem David auf dem Hemd das Preisschildchen vergessen hatte. \u201eHallo Gum!\u201c \u201eWie?\u201c \u201eSieh mal\u201c, wie hie\u00df er doch nur? Er zeigte [&hellip;]<\/p>\n\t\t\t\t<\/div>\n\n\t\t\t\t\t\t\t\t\t<a href=\"https:\/\/www.verdichtet.at\/?p=9796#respond\" class=\"su-post-comments-link\">0 Kommentare<\/a>\n\t\t\t\t\n\t\t\t<\/div>\n\n\t\t\t\t\t\n\t\t\t\n\t\t\t<div id=\"su-post-9678\" class=\"su-post \">\n\n\t\t\t\t\n\t\t\t\t<h2 class=\"su-post-title\"><a href=\"https:\/\/www.verdichtet.at\/?p=9678\">abwesenheitsnotiz : auf urlaub<\/a><\/h2>\n\n\t\t\t\t<div class=\"su-post-meta\">\n\t\t\t\t\tVer\u00f6ffentlicht: 9. April 2019\t\t\t\t<\/div>\n\n\t\t\t\t<div class=\"su-post-excerpt\">\n\t\t\t\t\t<p>ich habe keine gegenwart, nur verlorene gef\u00fchle, auf einem balkon ohne haus, moos oder sand unter den f\u00fc\u00dfen (meine unf\u00e4higkeit, zwischen beidem zu unterscheiden), ein leben in abwesenheitsnotizen, im nachtk\u00e4stchen, gespr\u00e4che nur in den entw\u00fcrfen, im mailaccount, wir bl\u00e4ttern nicht mehr zur\u00fcck, wir scrollen nach unten, mir fehlt das rascheln der seiten oder seine notizen [&hellip;]<\/p>\n\t\t\t\t<\/div>\n\n\t\t\t\t\t\t\t\t\t<a href=\"https:\/\/www.verdichtet.at\/?p=9678#respond\" class=\"su-post-comments-link\">0 Kommentare<\/a>\n\t\t\t\t\n\t\t\t<\/div>\n\n\t\t\t\t\t\n\t\t\t\n\t\t\t<div id=\"su-post-9225\" class=\"su-post \">\n\n\t\t\t\t\n\t\t\t\t<h2 class=\"su-post-title\"><a href=\"https:\/\/www.verdichtet.at\/?p=9225\">In den Schlaf gleiten<\/a><\/h2>\n\n\t\t\t\t<div class=\"su-post-meta\">\n\t\t\t\t\tVer\u00f6ffentlicht: 4. Januar 2019\t\t\t\t<\/div>\n\n\t\t\t\t<div class=\"su-post-excerpt\">\n\t\t\t\t\t<p>Nerv\u00f6s w\u00e4lzte ich mich im Bett, ich warte, bis die Passionsblume mich mitnimmt Zwei sch\u00f6ne M\u00e4dchen, unverst\u00e4ndlich deren Sprache, Hand in Hand gehen wir eine bekannte Stra\u00dfe entlang, ein ver\u00e4nderter Ort Dort reden wir \u00fcber Irgendetwas im Irgendwo, welches kein Irgendwann hat Florian Pfeffer www.verdichtet.at |\u00a0Kategorie:\u00a0hin &amp; weg | Inventarnummer: 19023<\/p>\n\t\t\t\t<\/div>\n\n\t\t\t\t\t\t\t\t\t<a href=\"https:\/\/www.verdichtet.at\/?p=9225#respond\" class=\"su-post-comments-link\">0 Kommentare<\/a>\n\t\t\t\t\n\t\t\t<\/div>\n\n\t\t\t\t\t\n\t\t\t\n\t\t\t<div id=\"su-post-9555\" class=\"su-post \">\n\n\t\t\t\t\n\t\t\t\t<h2 class=\"su-post-title\"><a href=\"https:\/\/www.verdichtet.at\/?p=9555\">Hey, Mercedes!<\/a><\/h2>\n\n\t\t\t\t<div class=\"su-post-meta\">\n\t\t\t\t\tVer\u00f6ffentlicht: 5. M\u00e4rz 2019\t\t\t\t<\/div>\n\n\t\t\t\t<div class=\"su-post-excerpt\">\n\t\t\t\t\t<p>Sie steht m\u00fcde in der neuen Designerk\u00fcche und schaltet die Nespresso-Maschine ein. Vor dem K\u00fcchenfenster wirbeln dicke Schneeflocken im Halbdunkel, die Fensterl\u00e4den klappern ged\u00e4mpft und halten dem starken Wind stand. Leise surrt Kaffee in die kleine Espressotasse, der w\u00fcrzige Duft steigt ihr in die Nase, sie muss an George Clooney denken. W\u00e4hrend sie ihren ersten [&hellip;]<\/p>\n\t\t\t\t<\/div>\n\n\t\t\t\t\t\t\t\t\t<a href=\"https:\/\/www.verdichtet.at\/?p=9555#respond\" class=\"su-post-comments-link\">0 Kommentare<\/a>\n\t\t\t\t\n\t\t\t<\/div>\n\n\t\t\t\t\t\n\t\t\t\n\t\t\t<div id=\"su-post-9317\" class=\"su-post \">\n\n\t\t\t\t\n\t\t\t\t<h2 class=\"su-post-title\"><a href=\"https:\/\/www.verdichtet.at\/?p=9317\">Die Reisen des Regenschirms<\/a><\/h2>\n\n\t\t\t\t<div class=\"su-post-meta\">\n\t\t\t\t\tVer\u00f6ffentlicht: 14. Januar 2019\t\t\t\t<\/div>\n\n\t\t\t\t<div class=\"su-post-excerpt\">\n\t\t\t\t\t<p>Es gab einmal Zeiten, in denen es so heftig und best\u00e4ndig regnete, dass die Stra\u00dfen auch noch Stunden danach nass waren, die Passanten durch Pf\u00fctzen waten oder mit einem weiten Schritt dar\u00fcber springen mussten. An diesem Morgen hatte es endlich geregnet, eine lang ersehnte Abk\u00fchlung nach der erdr\u00fcckenden Hitze der letzten Wochen. Als ich am [&hellip;]<\/p>\n\t\t\t\t<\/div>\n\n\t\t\t\t\t\t\t\t\t<a href=\"https:\/\/www.verdichtet.at\/?p=9317#comments\" class=\"su-post-comments-link\">Ein Kommentar<\/a>\n\t\t\t\t\n\t\t\t<\/div>\n\n\t\t\t\t\t\n\t\t\t\n\t\t\t<div id=\"su-post-9045\" class=\"su-post \">\n\n\t\t\t\t\n\t\t\t\t<h2 class=\"su-post-title\"><a href=\"https:\/\/www.verdichtet.at\/?p=9045\">Sieben Leben hat die Katze &#8211; Teil II<\/a><\/h2>\n\n\t\t\t\t<div class=\"su-post-meta\">\n\t\t\t\t\tVer\u00f6ffentlicht: 16. Dezember 2018\t\t\t\t<\/div>\n\n\t\t\t\t<div class=\"su-post-excerpt\">\n\t\t\t\t\t<p>I In dem Bierzelt war es laut. Eine Musikgruppe spielte lieblos altbekannte Lieder, M\u00e4nner gr\u00f6lten, wieder trinkende M\u00e4nner, doch diesmal in anderer Umgebung, dazwischen Frauen, einige P\u00e4rchen tanzten. Der kleine dicke Mann erz\u00e4hlte Anna von seiner Frau und den Kindern und dass er ein Haus gebaut hatte. Er sah traurig aus dabei. Anna h\u00f6rte nicht [&hellip;]<\/p>\n\t\t\t\t<\/div>\n\n\t\t\t\t\t\t\t\t\t<a href=\"https:\/\/www.verdichtet.at\/?p=9045#respond\" class=\"su-post-comments-link\">0 Kommentare<\/a>\n\t\t\t\t\n\t\t\t<\/div>\n\n\t\t\t\t\t\n\t\t\t\n\t\t\t<div id=\"su-post-9042\" class=\"su-post \">\n\n\t\t\t\t\n\t\t\t\t<h2 class=\"su-post-title\"><a href=\"https:\/\/www.verdichtet.at\/?p=9042\">Sieben Leben hat die Katze &#8211; Teil I<\/a><\/h2>\n\n\t\t\t\t<div class=\"su-post-meta\">\n\t\t\t\t\tVer\u00f6ffentlicht: 16. Dezember 2018\t\t\t\t<\/div>\n\n\t\t\t\t<div class=\"su-post-excerpt\">\n\t\t\t\t\t<p>\u201eSieben Leben hat die Katze. Wenn es wahr ist, dann gibt es noch ein Leben f\u00fcr mich. Das ist gut zu wissen, denn gerade jetzt f\u00fchle ich mich sterben. Als hilflose Zeugin betrachte ich von au\u00dfen meinen m\u00fchsamen Tod. Eine Kraft, die ich nicht mehr verstehe, ist mir verloren gegangen. Ich laufe nicht, ich springe [&hellip;]<\/p>\n\t\t\t\t<\/div>\n\n\t\t\t\t\t\t\t\t\t<a href=\"https:\/\/www.verdichtet.at\/?p=9042#respond\" class=\"su-post-comments-link\">0 Kommentare<\/a>\n\t\t\t\t\n\t\t\t<\/div>\n\n\t\t\t\t\t\n\t\t\t\n\t\t\t<div id=\"su-post-8059\" class=\"su-post \">\n\n\t\t\t\t\n\t\t\t\t<h2 class=\"su-post-title\"><a href=\"https:\/\/www.verdichtet.at\/?p=8059\">Geisterherz<\/a><\/h2>\n\n\t\t\t\t<div class=\"su-post-meta\">\n\t\t\t\t\tVer\u00f6ffentlicht: 24. April 2018\t\t\t\t<\/div>\n\n\t\t\t\t<div class=\"su-post-excerpt\">\n\t\t\t\t\t<p>Ich sagte: \u201eIch h\u00e4tte fast an dich geglaubt\u201c, Du lachtest nur, bevor dein Herz wieder in der Dunkelheit verschwand. Nives Farrier aus: Nach Dir. (TwentySix Verlag, 2018) www.verdichtet.at | Kategorie: hin &amp; weg | Inventarnummer: 18110 &nbsp;<\/p>\n\t\t\t\t<\/div>\n\n\t\t\t\t\t\t\t\t\t<a href=\"https:\/\/www.verdichtet.at\/?p=8059#respond\" class=\"su-post-comments-link\">0 Kommentare<\/a>\n\t\t\t\t\n\t\t\t<\/div>\n\n\t\t\t\t\t\n\t\t\t\n\t\t\t<div id=\"su-post-4005\" class=\"su-post \">\n\n\t\t\t\t\n\t\t\t\t<h2 class=\"su-post-title\"><a href=\"https:\/\/www.verdichtet.at\/?p=4005\">Trauriges Beispiel<\/a><\/h2>\n\n\t\t\t\t<div class=\"su-post-meta\">\n\t\t\t\t\tVer\u00f6ffentlicht: 1. Februar 2016\t\t\t\t<\/div>\n\n\t\t\t\t<div class=\"su-post-excerpt\">\n\t\t\t\t\t<p>Einst, stolzgebl\u00e4ht, der St\u00fcrme Fahrgast H\u00e4ngst du nun da an einem Baumast Ein toter Ast ist\u2019s obendrein Er fing dich schon vor Jahren ein Oft auf meinen Arbeitswegen Sah ich dich vergeblich regen Freiheit! \u00c4chzt\u2019s aus deinen Falten Doch der Baum, er wird dich halten Sturmflug! Flatterst du im Wind Dieweil die Regentr\u00e4ne rinnt Oh, [&hellip;]<\/p>\n\t\t\t\t<\/div>\n\n\t\t\t\t\t\t\t\t\t<a href=\"https:\/\/www.verdichtet.at\/?p=4005#respond\" class=\"su-post-comments-link\">0 Kommentare<\/a>\n\t\t\t\t\n\t\t\t<\/div>\n\n\t\t\t\t\t\n\t\t\t\n\t\t\t<div id=\"su-post-7821\" class=\"su-post \">\n\n\t\t\t\t\n\t\t\t\t<h2 class=\"su-post-title\"><a href=\"https:\/\/www.verdichtet.at\/?p=7821\">Der Wind<\/a><\/h2>\n\n\t\t\t\t<div class=\"su-post-meta\">\n\t\t\t\t\tVer\u00f6ffentlicht: 8. April 2018\t\t\t\t<\/div>\n\n\t\t\t\t<div class=\"su-post-excerpt\">\n\t\t\t\t\t<p>Klaviert\u00f6ne erz\u00e4hlen mir, von dem Platz, ein Feld, Sterne und Mond, Wind verbl\u00e4st\u00a0L\u00e4rm, Kennst du diesen Ort, zur Ruhe gehen sie, bezahlen f\u00fcr die Entspannung Geld, belasse es, die Frage zu stellen, kaltes Licht verblasst, Die gewaltige eingemei\u00dfelte Flimmerkiste, im schweren Beton, Verschwindet Florian Pfeffer www.verdichtet.at |\u00a0Kategorie:\u00a0hin &amp; weg | Inventarnummer: 18050<\/p>\n\t\t\t\t<\/div>\n\n\t\t\t\t\t\t\t\t\t<a href=\"https:\/\/www.verdichtet.at\/?p=7821#respond\" class=\"su-post-comments-link\">0 Kommentare<\/a>\n\t\t\t\t\n\t\t\t<\/div>\n\n\t\t\t\t\t\n\t\t\t\n\t\t\t<div id=\"su-post-7913\" class=\"su-post \">\n\n\t\t\t\t\n\t\t\t\t<h2 class=\"su-post-title\"><a href=\"https:\/\/www.verdichtet.at\/?p=7913\">Kein Weg zur\u00fcck<\/a><\/h2>\n\n\t\t\t\t<div class=\"su-post-meta\">\n\t\t\t\t\tVer\u00f6ffentlicht: 24. April 2018\t\t\t\t<\/div>\n\n\t\t\t\t<div class=\"su-post-excerpt\">\n\t\t\t\t\t<p>Ein Fu\u00df vor den anderen, und nicht nach hinten sehen. Nives Farrier aus: Nach Dir. (TwentySix Verlag, 2018) www.verdichtet.at | Kategorie: hin &amp; weg | Inventarnummer: 18059 &nbsp;<\/p>\n\t\t\t\t<\/div>\n\n\t\t\t\t\t\t\t\t\t<a href=\"https:\/\/www.verdichtet.at\/?p=7913#respond\" class=\"su-post-comments-link\">0 Kommentare<\/a>\n\t\t\t\t\n\t\t\t<\/div>\n\n\t\t\t\t\t\n\t\t\t\n\t\t\t<div id=\"su-post-7960\" class=\"su-post \">\n\n\t\t\t\t\n\t\t\t\t<h2 class=\"su-post-title\"><a href=\"https:\/\/www.verdichtet.at\/?p=7960\">Luftschl\u00f6sser<\/a><\/h2>\n\n\t\t\t\t<div class=\"su-post-meta\">\n\t\t\t\t\tVer\u00f6ffentlicht: 24. April 2018\t\t\t\t<\/div>\n\n\t\t\t\t<div class=\"su-post-excerpt\">\n\t\t\t\t\t<p>Wenn ich nicht mehr da bin, liebst du mich, wie aus dem Nichts. Ich hab das Gef\u00fchl, ich muss mich immer in Luft aufl\u00f6sen, damit du von mir tr\u00e4umst. Nives Farrier aus: Nach Dir. (TwentySix Verlag, 2018) www.verdichtet.at | Kategorie: hin &amp; weg | Inventarnummer: 18076 &nbsp;<\/p>\n\t\t\t\t<\/div>\n\n\t\t\t\t\t\t\t\t\t<a href=\"https:\/\/www.verdichtet.at\/?p=7960#respond\" class=\"su-post-comments-link\">0 Kommentare<\/a>\n\t\t\t\t\n\t\t\t<\/div>\n\n\t\t\t\t\t\n\t\t\t\n\t\t\t<div id=\"su-post-7963\" class=\"su-post \">\n\n\t\t\t\t\n\t\t\t\t<h2 class=\"su-post-title\"><a href=\"https:\/\/www.verdichtet.at\/?p=7963\">Selbst verloren<\/a><\/h2>\n\n\t\t\t\t<div class=\"su-post-meta\">\n\t\t\t\t\tVer\u00f6ffentlicht: 24. April 2018\t\t\t\t<\/div>\n\n\t\t\t\t<div class=\"su-post-excerpt\">\n\t\t\t\t\t<p>Du warst \u00fcberrascht, als du merktest, dass ich dir fehle. Ich war \u00fcberrascht, als ich merkte, ich fehle mir auch. Nives Farrier aus: Nach Dir. (TwentySix Verlag, 2018) www.verdichtet.at | Kategorie: hin &amp; weg | Inventarnummer: 18077 &nbsp;<\/p>\n\t\t\t\t<\/div>\n\n\t\t\t\t\t\t\t\t\t<a href=\"https:\/\/www.verdichtet.at\/?p=7963#respond\" class=\"su-post-comments-link\">0 Kommentare<\/a>\n\t\t\t\t\n\t\t\t<\/div>\n\n\t\t\t\t\t\n\t\t\t\n\t\t\t<div id=\"su-post-7999\" class=\"su-post \">\n\n\t\t\t\t\n\t\t\t\t<h2 class=\"su-post-title\"><a href=\"https:\/\/www.verdichtet.at\/?p=7999\">Generalprobe<\/a><\/h2>\n\n\t\t\t\t<div class=\"su-post-meta\">\n\t\t\t\t\tVer\u00f6ffentlicht: 24. April 2018\t\t\t\t<\/div>\n\n\t\t\t\t<div class=\"su-post-excerpt\">\n\t\t\t\t\t<p>Du hast den Abschied perfektioniert, jedes Detail liebevoll arrangiert. \u00dcber Monate den Ernstfall geprobt. Mit tr\u00fcbem Blick stehst du da nun, und bist trotzdem nicht bereit, es zu tun. Nives Farrier aus: Nach Dir. (TwentySix Verlag, 2018) www.verdichtet.at | Kategorie: hin &amp; weg | Inventarnummer: 18089 &nbsp;<\/p>\n\t\t\t\t<\/div>\n\n\t\t\t\t\t\t\t\t\t<a href=\"https:\/\/www.verdichtet.at\/?p=7999#respond\" class=\"su-post-comments-link\">0 Kommentare<\/a>\n\t\t\t\t\n\t\t\t<\/div>\n\n\t\t\t\t\t\n\t\t\t\n\t\t\t<div id=\"su-post-4693\" class=\"su-post \">\n\n\t\t\t\t\n\t\t\t\t<h2 class=\"su-post-title\"><a href=\"https:\/\/www.verdichtet.at\/?p=4693\">Let\u2019s go<\/a><\/h2>\n\n\t\t\t\t<div class=\"su-post-meta\">\n\t\t\t\t\tVer\u00f6ffentlicht: 1. Juli 2016\t\t\t\t<\/div>\n\n\t\t\t\t<div class=\"su-post-excerpt\">\n\t\t\t\t\t<p>Dunkelheit, im Hintergrund schnelle Piano-Jazzkl\u00e4nge, darauf folgend Applaus Djamal spielte Oboe in Damaskus. Vor einem Jahr noch. Zwanzig Jahre alt. Ohne Mittel. Ohne Familie. Ohne Zuversicht. Aber mit Oboe. Djamal spielt nun in \u00d6sterreich. Es wird heller, drei Personen betreten eine K\u00fcnstlergarderobe in einem Kulturzentrum einer ober\u00f6sterreichischen Kleinstadt. Saxophon, Fl\u00fcgelhorn und Kontrabass liegen\/stehen herum. Djamal: [&hellip;]<\/p>\n\t\t\t\t<\/div>\n\n\t\t\t\t\t\t\t\t\t<a href=\"https:\/\/www.verdichtet.at\/?p=4693#respond\" class=\"su-post-comments-link\">0 Kommentare<\/a>\n\t\t\t\t\n\t\t\t<\/div>\n\n\t\t\t\t\t\n\t\t\t\n\t\t\t<div id=\"su-post-8335\" class=\"su-post \">\n\n\t\t\t\t\n\t\t\t\t<h2 class=\"su-post-title\"><a href=\"https:\/\/www.verdichtet.at\/?p=8335\">Die Liebe der Seekuh (Italien 6)<\/a><\/h2>\n\n\t\t\t\t<div class=\"su-post-meta\">\n\t\t\t\t\tVer\u00f6ffentlicht: 20. Juni 2018\t\t\t\t<\/div>\n\n\t\t\t\t<div class=\"su-post-excerpt\">\n\t\t\t\t\t<p>1. Letztlich bin ich doch noch nach Punto Maria del Leuca gekommen. Entt\u00e4uschung pur. An der Kirche und dem Leuchtturm vorbei. Ist das die einzige h\u00e4ssliche Kirche in Italien? Und der Leutturm passt besser nach Gotland als nach Apulien. Dann die Palmen-Eukalyptus-Oleander-Promenade entlang. Sie stehen stehen still da, zernepft und habtacht wie preu\u00dfische Feldwebel. Beim [&hellip;]<\/p>\n\t\t\t\t<\/div>\n\n\t\t\t\t\t\t\t\t\t<a href=\"https:\/\/www.verdichtet.at\/?p=8335#respond\" class=\"su-post-comments-link\">0 Kommentare<\/a>\n\t\t\t\t\n\t\t\t<\/div>\n\n\t\t\t\t\t\n\t\t\t\n\t\t\t<div id=\"su-post-8331\" class=\"su-post \">\n\n\t\t\t\t\n\t\t\t\t<h2 class=\"su-post-title\"><a href=\"https:\/\/www.verdichtet.at\/?p=8331\">Die Taube vom Bologna Centrale (Italien 5)<\/a><\/h2>\n\n\t\t\t\t<div class=\"su-post-meta\">\n\t\t\t\t\tVer\u00f6ffentlicht: 20. Juni 2018\t\t\t\t<\/div>\n\n\t\t\t\t<div class=\"su-post-excerpt\">\n\t\t\t\t\t<p>Der Mensch ist ein Gewohnheitstier, das sagt sich leicht und oft. Aber wenn es einmal ein eindeutiges Beispiel gibt, wird aus dem banalen Satz eine tiefe Wahrheit. Man reagiert nie situationsgenau, sondern ferngesteuert von Erinnerungsfetzen. Ich steige auf dem Bahnhof Bologna Centrale aus dem Schnellzug von Lecce und steuere ohne Nachdenken das Caf\u00e9 Emma B. [&hellip;]<\/p>\n\t\t\t\t<\/div>\n\n\t\t\t\t\t\t\t\t\t<a href=\"https:\/\/www.verdichtet.at\/?p=8331#respond\" class=\"su-post-comments-link\">0 Kommentare<\/a>\n\t\t\t\t\n\t\t\t<\/div>\n\n\t\t\t\t\t\n\t\t\t\n\t\t\t<div id=\"su-post-8444\" class=\"su-post \">\n\n\t\t\t\t\n\t\t\t\t<h2 class=\"su-post-title\"><a href=\"https:\/\/www.verdichtet.at\/?p=8444\">Was Pag mit uns macht<\/a><\/h2>\n\n\t\t\t\t<div class=\"su-post-meta\">\n\t\t\t\t\tVer\u00f6ffentlicht: 16. Juli 2018\t\t\t\t<\/div>\n\n\t\t\t\t<div class=\"su-post-excerpt\">\n\t\t\t\t\t<p>Obwohl die f\u00fcnftgr\u00f6\u00dfte der Adria-Inseln, ist Pag \u00e4hnlich unbekannt wie die R\u00fcckseite des Mondes. Und so schaut sie auch aus. Und wenn ber\u00fchmt, dann nicht f\u00fcr ihren Reichtum, sondern f\u00fcr ihre Kargheit. Und diese karge Sch\u00f6nheit muss man auch noch suchen. Oder man hat Gl\u00fcck, und sie \u00fcberf\u00e4llt einen. Der Mai dieses Jahres machte es [&hellip;]<\/p>\n\t\t\t\t<\/div>\n\n\t\t\t\t\t\t\t\t\t<a href=\"https:\/\/www.verdichtet.at\/?p=8444#respond\" class=\"su-post-comments-link\">0 Kommentare<\/a>\n\t\t\t\t\n\t\t\t<\/div>\n\n\t\t\t\t\t\n\t\t\t\n\t\t\t<div id=\"su-post-8328\" class=\"su-post \">\n\n\t\t\t\t\n\t\t\t\t<h2 class=\"su-post-title\"><a href=\"https:\/\/www.verdichtet.at\/?p=8328\">Loblied auf eine Zwergenbahn II (Italien 4)<\/a><\/h2>\n\n\t\t\t\t<div class=\"su-post-meta\">\n\t\t\t\t\tVer\u00f6ffentlicht: 20. Juni 2018\t\t\t\t<\/div>\n\n\t\t\t\t<div class=\"su-post-excerpt\">\n\t\t\t\t\t<p>Abreise 19.2., 10 Uhr 07 zur\u00fcck nach Lecce, statt 14 Tage 4 Tage, Flucht in den Norden Seit ich um 3 Uhr 45 aufwachte, rauscht schwerer Regen nieder, senkrechte Str\u00f6me aus Scheffeln, ab und zu weht eine Sturmb\u00f6e volle Gie\u00dfkannen waagrecht gegen die Fenster. Unter Heulen, Klappern und \u00c4chzen vom Balkon her bleibt wenig von [&hellip;]<\/p>\n\t\t\t\t<\/div>\n\n\t\t\t\t\t\t\t\t\t<a href=\"https:\/\/www.verdichtet.at\/?p=8328#respond\" class=\"su-post-comments-link\">0 Kommentare<\/a>\n\t\t\t\t\n\t\t\t<\/div>\n\n\t\t\t\t\t\n\t\t\t\n\t\t\t<div id=\"su-post-8406\" class=\"su-post \">\n\n\t\t\t\t\n\t\t\t\t<h2 class=\"su-post-title\"><a href=\"https:\/\/www.verdichtet.at\/?p=8406\">In den Schluchten der Altstadt von Genua<\/a><\/h2>\n\n\t\t\t\t<div class=\"su-post-meta\">\n\t\t\t\t\tVer\u00f6ffentlicht: 5. Juli 2018\t\t\t\t<\/div>\n\n\t\t\t\t<div class=\"su-post-excerpt\">\n\t\t\t\t\t<p>Ruhig Blut, Lucy, meine geliebte Kamera, du verbrennst ja mir beinah die Hand, so wie du vor Neugier gl\u00fchst; auch ich kann es kaum erwarten, nach einem langen Jahr wieder in die Altstadt von Genua abzutauchen, meiner Gegenstadt zu Wien, aber lass mich meinen morgendlichen Cappuccino in Ruhe fertig trinken, sch\u00e4tzt du es doch, mit [&hellip;]<\/p>\n\t\t\t\t<\/div>\n\n\t\t\t\t\t\t\t\t\t<a href=\"https:\/\/www.verdichtet.at\/?p=8406#respond\" class=\"su-post-comments-link\">0 Kommentare<\/a>\n\t\t\t\t\n\t\t\t<\/div>\n\n\t\t\t\t\t\n\t\t\t\n\t\t\t<div id=\"su-post-8325\" class=\"su-post \">\n\n\t\t\t\t\n\t\t\t\t<h2 class=\"su-post-title\"><a href=\"https:\/\/www.verdichtet.at\/?p=8325\">Der Korkenzieher \u2013 il cavatappi (Italien 3)<\/a><\/h2>\n\n\t\t\t\t<div class=\"su-post-meta\">\n\t\t\t\t\tVer\u00f6ffentlicht: 20. Juni 2018\t\t\t\t<\/div>\n\n\t\t\t\t<div class=\"su-post-excerpt\">\n\t\t\t\t\t<p>Ich glaube an die Magie der Orte. Franz Kafka \u00fcber M\u00fcritz, Juli 1923 Vom Sonnenschein angelockt, r\u00fcstete ich mich gegen Mittag zum ersten Gang durch die Stadt. Die Schrecken der Nacht w\u00fcrden sich unter dem blauen Himmel aufl\u00f6sen, so die Hoffnung. Ein paar Schritte von der Haust\u00fcre die enge Gasse hinunter kreuzt sich meine Via [&hellip;]<\/p>\n\t\t\t\t<\/div>\n\n\t\t\t\t\t\t\t\t\t<a href=\"https:\/\/www.verdichtet.at\/?p=8325#respond\" class=\"su-post-comments-link\">0 Kommentare<\/a>\n\t\t\t\t\n\t\t\t<\/div>\n\n\t\t\t\t\t\n\t\t\t\n\t\t\t<div id=\"su-post-8321\" class=\"su-post \">\n\n\t\t\t\t\n\t\t\t\t<h2 class=\"su-post-title\"><a href=\"https:\/\/www.verdichtet.at\/?p=8321\">Eine italienische Nacht in der Casa Franca (Italien 2)<\/a><\/h2>\n\n\t\t\t\t<div class=\"su-post-meta\">\n\t\t\t\t\tVer\u00f6ffentlicht: 20. Juni 2018\t\t\t\t<\/div>\n\n\t\t\t\t<div class=\"su-post-excerpt\">\n\t\t\t\t\t<p>Als ich in Gagliano del Punto aus dem Zug steige, bin ich genau 24 Stunden unterwegs gewesen. Rocco, der fr\u00fchere Besitzer des Hauses, holt mich p\u00fcnktlich vom Bahnhof ab und f\u00e4hrt mich an die Adresse mit dem sch\u00f6nen Via Monte Grappa gleich hinter dem Dom. Von der Stadt sehe ich fast nichts, es regnet und [&hellip;]<\/p>\n\t\t\t\t<\/div>\n\n\t\t\t\t\t\t\t\t\t<a href=\"https:\/\/www.verdichtet.at\/?p=8321#respond\" class=\"su-post-comments-link\">0 Kommentare<\/a>\n\t\t\t\t\n\t\t\t<\/div>\n\n\t\t\t\t\t\n\t\t\t\n\t\t\t<div id=\"su-post-8311\" class=\"su-post \">\n\n\t\t\t\t\n\t\t\t\t<h2 class=\"su-post-title\"><a href=\"https:\/\/www.verdichtet.at\/?p=8311\">Loblied auf eine Zwergenbahn I (Italien 1)<\/a><\/h2>\n\n\t\t\t\t<div class=\"su-post-meta\">\n\t\t\t\t\tVer\u00f6ffentlicht: 13. Juni 2018\t\t\t\t<\/div>\n\n\t\t\t\t<div class=\"su-post-excerpt\">\n\t\t\t\t\t<p>Lecce, 14.2.18, 16 Uhr 50, Bahnsteig 6 Jetzt fahre ich also in den Stiefelabsatz hinein, ins \u00e4u\u00dferste Spitzerl im S\u00fcdosten. Nicht Fahren, sondern Schl\u00fcpfen ist mein Vorgef\u00fchl, wie mit den Fingern in einen Handschuh oder mit einem Schuhl\u00f6ffel. M\u00fchsam. Ich bin aufgeregt und angespannt wie vor einer Himalaya-Expedition, obwohl nichts auf ein Abenteuer hindeutet. Alles [&hellip;]<\/p>\n\t\t\t\t<\/div>\n\n\t\t\t\t\t\t\t\t\t<a href=\"https:\/\/www.verdichtet.at\/?p=8311#respond\" class=\"su-post-comments-link\">0 Kommentare<\/a>\n\t\t\t\t\n\t\t\t<\/div>\n\n\t\t\t\t\t\n\t\t\t\n\t\t\t<div id=\"su-post-7085\" class=\"su-post \">\n\n\t\t\t\t\n\t\t\t\t<h2 class=\"su-post-title\"><a href=\"https:\/\/www.verdichtet.at\/?p=7085\">Reisen<\/a><\/h2>\n\n\t\t\t\t<div class=\"su-post-meta\">\n\t\t\t\t\tVer\u00f6ffentlicht: 6. Oktober 2017\t\t\t\t<\/div>\n\n\t\t\t\t<div class=\"su-post-excerpt\">\n\t\t\t\t\t<p>Atme elektronische Spannungen, Tabletten liegen am Tisch, Aussterbender Plastiksack raschelt, Im bunten Haus, h\u00f6re ich Podcasts, Warten und schreiben, Fische starren neben Meer und K\u00fcste herab, Ein Affe h\u00e4lt sich die Ohren zu, Die Katze hat mich noch nie angesehen, In der Ecke, wo sonst der Herrgott h\u00e4ngt, h\u00e4ngen Muscheln, spiralf\u00f6rmig kriechen sie in die [&hellip;]<\/p>\n\t\t\t\t<\/div>\n\n\t\t\t\t\t\t\t\t\t<a href=\"https:\/\/www.verdichtet.at\/?p=7085#respond\" class=\"su-post-comments-link\">0 Kommentare<\/a>\n\t\t\t\t\n\t\t\t<\/div>\n\n\t\t\t\t\t\n\t\t\t\n\t\t\t<div id=\"su-post-7490\" class=\"su-post \">\n\n\t\t\t\t\n\t\t\t\t<h2 class=\"su-post-title\"><a href=\"https:\/\/www.verdichtet.at\/?p=7490\">Bettelk\u00f6nigin<\/a><\/h2>\n\n\t\t\t\t<div class=\"su-post-meta\">\n\t\t\t\t\tVer\u00f6ffentlicht: 10. Januar 2018\t\t\t\t<\/div>\n\n\t\t\t\t<div class=\"su-post-excerpt\">\n\t\t\t\t\t<p>Die kleine Hand war dunkel und ein wenig schmutzig; unter den Fingern\u00e4geln zeichneten sich schwarze R\u00e4nder ab. \u201eOne Rupee, one Rupee.\u201c \u201eNo.\u201c Unwirsch bl\u00e4tterte Isabella eine Seite um; sie wollte in Ruhe lesen und sich nicht schon wieder mit einem bettelnden Kind herum\u00e4rgern. \u201eOne Rupee.\u201c Sie musterte das M\u00e4dchen. Es war etwa acht Jahre alt [&hellip;]<\/p>\n\t\t\t\t<\/div>\n\n\t\t\t\t\t\t\t\t\t<a href=\"https:\/\/www.verdichtet.at\/?p=7490#respond\" class=\"su-post-comments-link\">0 Kommentare<\/a>\n\t\t\t\t\n\t\t\t<\/div>\n\n\t\t\t\t\t\n\t\t\t\n\t\t\t<div id=\"su-post-7482\" class=\"su-post \">\n\n\t\t\t\t\n\t\t\t\t<h2 class=\"su-post-title\"><a href=\"https:\/\/www.verdichtet.at\/?p=7482\">verlegt. bewegt.<\/a><\/h2>\n\n\t\t\t\t<div class=\"su-post-meta\">\n\t\t\t\t\tVer\u00f6ffentlicht: 6. Januar 2018\t\t\t\t<\/div>\n\n\t\t\t\t<div class=\"su-post-excerpt\">\n\t\t\t\t\t<p>Ich bin die, die auf dem Land wohnt, aber zugezogen ist. Ich bin die, die gesiezt wird. Unter all den anderen Kunden, die sich mit dem Personal duzen. Dennoch ist \u00fcber die Jahre eine Vertrautheit entstanden, die mich die Kassiererin, eine Frau in mittlerem Alter, fragen l\u00e4sst, ob sie sich freut auf die anstehende Ver\u00e4nderung, [&hellip;]<\/p>\n\t\t\t\t<\/div>\n\n\t\t\t\t\t\t\t\t\t<a href=\"https:\/\/www.verdichtet.at\/?p=7482#respond\" class=\"su-post-comments-link\">0 Kommentare<\/a>\n\t\t\t\t\n\t\t\t<\/div>\n\n\t\t\t\t\t\n\t\t\t\n\t\t\t<div id=\"su-post-7321\" class=\"su-post \">\n\n\t\t\t\t\n\t\t\t\t<h2 class=\"su-post-title\"><a href=\"https:\/\/www.verdichtet.at\/?p=7321\">Vierzig Minuten oder Einmal Parallelwelt und wieder zur\u00fcck bitte<\/a><\/h2>\n\n\t\t\t\t<div class=\"su-post-meta\">\n\t\t\t\t\tVer\u00f6ffentlicht: 27. November 2017\t\t\t\t<\/div>\n\n\t\t\t\t<div class=\"su-post-excerpt\">\n\t\t\t\t\t<p>Wie sehr du dich auf deinen eigenen Bahnen kopierst, wird dir klar, wenn du einmal eine durch Zufall verl\u00e4sst. Beinahe verloren findest du dich in einem Universum wieder, das zwar dem deinigen \u00e4hnelt, aber durchdringend befremdlich wirkt. Ein nicht greifbares Unbehagen: Was ist denn da blo\u00df los? Dabei fing wie meistens alles ganz harmlos (wenn [&hellip;]<\/p>\n\t\t\t\t<\/div>\n\n\t\t\t\t\t\t\t\t\t<a href=\"https:\/\/www.verdichtet.at\/?p=7321#respond\" class=\"su-post-comments-link\">0 Kommentare<\/a>\n\t\t\t\t\n\t\t\t<\/div>\n\n\t\t\t\t\t\n\t\t\t\n\t\t\t<div id=\"su-post-3132\" class=\"su-post \">\n\n\t\t\t\t\n\t\t\t\t<h2 class=\"su-post-title\"><a href=\"https:\/\/www.verdichtet.at\/?p=3132\">Vom mangelnden Gesp\u00fcr der Basler f\u00fcr die Feinheiten des Wiener Idioms<\/a><\/h2>\n\n\t\t\t\t<div class=\"su-post-meta\">\n\t\t\t\t\tVer\u00f6ffentlicht: 3. September 2015\t\t\t\t<\/div>\n\n\t\t\t\t<div class=\"su-post-excerpt\">\n\t\t\t\t\t<p>Vor ein paar Tagen hab ich die Marta getroffen auf der Thaliastra\u00dfe. Schr\u00e4g, sie nach so langer Zeit zuf\u00e4llig wiederzusehen und noch schr\u00e4ger, dass wir uns gleich angesprochen haben, denn eigentlich h\u00e4tten wir mit gesenkten K\u00f6pfen aneinander vorbeirasen sollen, ohne uns umzudrehen, bei unserer Vergangenheit. Aber offenbar verbinden nach einer gewissen Zeit b\u00f6se Erinnerungen genauso [&hellip;]<\/p>\n\t\t\t\t<\/div>\n\n\t\t\t\t\t\t\t\t\t<a href=\"https:\/\/www.verdichtet.at\/?p=3132#respond\" class=\"su-post-comments-link\">0 Kommentare<\/a>\n\t\t\t\t\n\t\t\t<\/div>\n\n\t\t\t\t\t\n\t\t\t\n\t\t\t<div id=\"su-post-6887\" class=\"su-post \">\n\n\t\t\t\t\n\t\t\t\t<h2 class=\"su-post-title\"><a href=\"https:\/\/www.verdichtet.at\/?p=6887\">Helga Wittners Rettung<\/a><\/h2>\n\n\t\t\t\t<div class=\"su-post-meta\">\n\t\t\t\t\tVer\u00f6ffentlicht: 13. August 2017\t\t\t\t<\/div>\n\n\t\t\t\t<div class=\"su-post-excerpt\">\n\t\t\t\t\t<p>Helga Wittner wurde Anfang Mai zwangseingewiesen, \u2018Wahnvorstellungen\u2019 lautete die erste, ungenaue Diagnose. Sie w\u00fcrde sich auf fremde Planeten fl\u00fcchten, stand im Bericht des diensthabenden Arztes. Die Patientin wurde Dr. Axel Egger zugeteilt, welcher einige Gespr\u00e4che mit ihr f\u00fchrte und sie durch diese kennen und sch\u00e4tzen lernte. Der Ausl\u00f6ser f\u00fcr Helgas Reise auf einen Planeten namens [&hellip;]<\/p>\n\t\t\t\t<\/div>\n\n\t\t\t\t\t\t\t\t\t<a href=\"https:\/\/www.verdichtet.at\/?p=6887#respond\" class=\"su-post-comments-link\">0 Kommentare<\/a>\n\t\t\t\t\n\t\t\t<\/div>\n\n\t\t\t\t\t\n\t\t\t\n\t\t\t<div id=\"su-post-6866\" class=\"su-post \">\n\n\t\t\t\t\n\t\t\t\t<h2 class=\"su-post-title\"><a href=\"https:\/\/www.verdichtet.at\/?p=6866\">Karl Ro\u00dfmann kam nicht bis Oklahoma<\/a><\/h2>\n\n\t\t\t\t<div class=\"su-post-meta\">\n\t\t\t\t\tVer\u00f6ffentlicht: 9. August 2017\t\t\t\t<\/div>\n\n\t\t\t\t<div class=\"su-post-excerpt\">\n\t\t\t\t\t<p>Was der Dichter schafft, das muss so hingenommen werden, wie er es geschaffen hat\u2026 So wie er die Welt gemacht hat, so ist sie. J.W. Goethe 1. Als der sechszehnj\u00e4hrige Karl Ro\u00dfmann \u2013 ein andermal ist er siebzehn \u2013 am Morgen eines Apriltages im Jahre 1912 mit der \u201eSibylle\u201c der Hamburg-Amerika-Line in den Hafen von [&hellip;]<\/p>\n\t\t\t\t<\/div>\n\n\t\t\t\t\t\t\t\t\t<a href=\"https:\/\/www.verdichtet.at\/?p=6866#comments\" class=\"su-post-comments-link\">Ein Kommentar<\/a>\n\t\t\t\t\n\t\t\t<\/div>\n\n\t\t\t\t\t\n\t\t\t\n\t\t\t<div id=\"su-post-6752\" class=\"su-post \">\n\n\t\t\t\t\n\t\t\t\t<h2 class=\"su-post-title\"><a href=\"https:\/\/www.verdichtet.at\/?p=6752\">Mein Oster-Erweckungserlebnis<\/a><\/h2>\n\n\t\t\t\t<div class=\"su-post-meta\">\n\t\t\t\t\tVer\u00f6ffentlicht: 17. Juli 2017\t\t\t\t<\/div>\n\n\t\t\t\t<div class=\"su-post-excerpt\">\n\t\t\t\t\t<p>April 1971 Meine Freunde Pashka und Wjeta wussten davon \u00fcber Mundpropaganda. In der Christi-Himmelfahrts-Kirche von Kolomenskoje soll es einen geheimen Oster- Gottesdienst geben, eine Auferstehungsfeier die ganze Nacht hindurch. Wir fuhren mit der Metro hinaus zur Endstation Kolomenskaja und gingen \u00fcber die fast schon gr\u00fcnen Wiesen der Parkanlage zur Kirche. Vor allen Seiten str\u00f6mten Menschen [&hellip;]<\/p>\n\t\t\t\t<\/div>\n\n\t\t\t\t\t\t\t\t\t<a href=\"https:\/\/www.verdichtet.at\/?p=6752#respond\" class=\"su-post-comments-link\">0 Kommentare<\/a>\n\t\t\t\t\n\t\t\t<\/div>\n\n\t\t\t\t\t\n\t\t\t\n\t\t\t<div id=\"su-post-6632\" class=\"su-post \">\n\n\t\t\t\t\n\t\t\t\t<h2 class=\"su-post-title\"><a href=\"https:\/\/www.verdichtet.at\/?p=6632\">Der neue Koloss vs. Die Mutter der Verbannten<\/a><\/h2>\n\n\t\t\t\t<div class=\"su-post-meta\">\n\t\t\t\t\tVer\u00f6ffentlicht: 8. Juni 2017\t\t\t\t<\/div>\n\n\t\t\t\t<div class=\"su-post-excerpt\">\n\t\t\t\t\t<p>Der dreiste Gigant von griechischem Ruhm kreischt mit lauter Stimme von seinem Thron: Behaltet sie dort, eure M\u00fcden, eure Armen, eure Schicksale und menschlichen Dramen, eure geknechteten Massen, werden nicht mehr hereingelassen! Wenn sie frei zu atmen begehren, werden wir sie mit Mauern abwehren. Aufgrund des elenden Unrats eurer gedr\u00e4ngten K\u00fcsten werden wir nun unser [&hellip;]<\/p>\n\t\t\t\t<\/div>\n\n\t\t\t\t\t\t\t\t\t<a href=\"https:\/\/www.verdichtet.at\/?p=6632#respond\" class=\"su-post-comments-link\">0 Kommentare<\/a>\n\t\t\t\t\n\t\t\t<\/div>\n\n\t\t\t\t\t\n\t\t\t\n\t\t\t<div id=\"su-post-6461\" class=\"su-post \">\n\n\t\t\t\t\n\t\t\t\t<h2 class=\"su-post-title\"><a href=\"https:\/\/www.verdichtet.at\/?p=6461\">Frieden III<\/a><\/h2>\n\n\t\t\t\t<div class=\"su-post-meta\">\n\t\t\t\t\tVer\u00f6ffentlicht: 9. Mai 2017\t\t\t\t<\/div>\n\n\t\t\t\t<div class=\"su-post-excerpt\">\n\t\t\t\t\t<p>Die U-Bahn f\u00e4hrt weiter, ich mit ihr, Sie erscheinen nicht mehr in Schwarz, Schwarzer Schleim und Tentakel schlummern unter Gleisen, Pflege des Unkrautes, Der G\u00e4rtner hatte verschlafen Lichtr\u00f6hren beleuchten den Wagon, Farben sehen, F\u00fchlen, Beton und Stromleitungen, danach immer eine Station, Irgendwann kommt das warme Zuhause, Voller Tag, Bilder sind vorbeigezogen, er singt ihnen Lieder, [&hellip;]<\/p>\n\t\t\t\t<\/div>\n\n\t\t\t\t\t\t\t\t\t<a href=\"https:\/\/www.verdichtet.at\/?p=6461#respond\" class=\"su-post-comments-link\">0 Kommentare<\/a>\n\t\t\t\t\n\t\t\t<\/div>\n\n\t\t\t\t\t\n\t\t\t\n\t\t\t<div id=\"su-post-6533\" class=\"su-post \">\n\n\t\t\t\t\n\t\t\t\t<h2 class=\"su-post-title\"><a href=\"https:\/\/www.verdichtet.at\/?p=6533\">Bericht aus der Anstalt oder die Verstollenen<\/a><\/h2>\n\n\t\t\t\t<div class=\"su-post-meta\">\n\t\t\t\t\tVer\u00f6ffentlicht: 20. Mai 2017\t\t\t\t<\/div>\n\n\t\t\t\t<div class=\"su-post-excerpt\">\n\t\t\t\t\t<p>Der Empfang war freundlich und pers\u00f6nlich wie in einem Hotel. Die Rezeptionistin \u00fcberreichte mir den elektronischen Zimmerschl\u00fcssel und den vorl\u00e4ufigen Therapieplan; dabei bemerkte sie, dass sie die gleichen Schuhe habe wie ich \u2013 bequem, gell! Dann rief sie den Hausarbeiter, der sich als ein Zoran aus Banja Luka herausstellte. W\u00e4hrend er mein Gep\u00e4ck schleppte, versetzte [&hellip;]<\/p>\n\t\t\t\t<\/div>\n\n\t\t\t\t\t\t\t\t\t<a href=\"https:\/\/www.verdichtet.at\/?p=6533#respond\" class=\"su-post-comments-link\">0 Kommentare<\/a>\n\t\t\t\t\n\t\t\t<\/div>\n\n\t\t\t\t\t\n\t\t\t\n\t\t\t<div id=\"su-post-6459\" class=\"su-post \">\n\n\t\t\t\t\n\t\t\t\t<h2 class=\"su-post-title\"><a href=\"https:\/\/www.verdichtet.at\/?p=6459\">Autobahn<\/a><\/h2>\n\n\t\t\t\t<div class=\"su-post-meta\">\n\t\t\t\t\tVer\u00f6ffentlicht: 9. Mai 2017\t\t\t\t<\/div>\n\n\t\t\t\t<div class=\"su-post-excerpt\">\n\t\t\t\t\t<p>Zur\u00fcck zu dir, jeder Kilometer bringt mich zur alten Liebe Eine Fahrt mit tippenden Ger\u00e4uschen, Braune kleine Augen, blicken aus der Tasche, er hat ein sch\u00f6neres Fell als ich Plappernde Gespr\u00e4che beschallen den fahrenden Raum, Das gut riechende M\u00e4dchen ist in der LED-Beleuchtung sch\u00f6n, Ein Schl\u00e4fer zieht seine Haube vor die Augen, Blind f\u00fcr alle, [&hellip;]<\/p>\n\t\t\t\t<\/div>\n\n\t\t\t\t\t\t\t\t\t<a href=\"https:\/\/www.verdichtet.at\/?p=6459#respond\" class=\"su-post-comments-link\">0 Kommentare<\/a>\n\t\t\t\t\n\t\t\t<\/div>\n\n\t\t\t\t\t\n\t\t\t\n\t\t\t<div id=\"su-post-6155\" class=\"su-post \">\n\n\t\t\t\t\n\t\t\t\t<h2 class=\"su-post-title\"><a href=\"https:\/\/www.verdichtet.at\/?p=6155\">Busfahrt<\/a><\/h2>\n\n\t\t\t\t<div class=\"su-post-meta\">\n\t\t\t\t\tVer\u00f6ffentlicht: 22. Februar 2017\t\t\t\t<\/div>\n\n\t\t\t\t<div class=\"su-post-excerpt\">\n\t\t\t\t\t<p>Kreuzwortr\u00e4tsel neben mir rechts, Links ein Spielplatz, Apathische Blicke, Langeweile und daneben Telefonate, die Mitte geh\u00fcllt in Dunkelheit Er brummt \u00fcber die Br\u00fccke, kalte Luft wird zerschnitten, die im Dunkeln stehen und reden Florian Pfeffer www.verdichtet.at | Kategorie: hin &amp; weg| Inventarnummer: 17081<\/p>\n\t\t\t\t<\/div>\n\n\t\t\t\t\t\t\t\t\t<a href=\"https:\/\/www.verdichtet.at\/?p=6155#respond\" class=\"su-post-comments-link\">0 Kommentare<\/a>\n\t\t\t\t\n\t\t\t<\/div>\n\n\t\t\t\t\t\n\t\t\t\n\t\t\t<div id=\"su-post-6363\" class=\"su-post \">\n\n\t\t\t\t\n\t\t\t\t<h2 class=\"su-post-title\"><a href=\"https:\/\/www.verdichtet.at\/?p=6363\">Wenn die Moka singt<\/a><\/h2>\n\n\t\t\t\t<div class=\"su-post-meta\">\n\t\t\t\t\tVer\u00f6ffentlicht: 29. M\u00e4rz 2017\t\t\t\t<\/div>\n\n\t\t\t\t<div class=\"su-post-excerpt\">\n\t\t\t\t\t<p>Mag man irgendwo in Italien in einem noch so unterpreisigen, lausigen Bed &amp; Breakfast abgestiegen sein, am Rande einer Vorstadt nahe\u00a0der Tangente, wo einem der hitze\u00fcberladene Augustwind unaufh\u00f6rlich den Stra\u00dfenl\u00e4rm durch die Ritzen der herabgelassenen Rolll\u00e4den sp\u00fclt, und beim Rundgang durch die speckige K\u00fcche\u00a0ein Brotmesser vorfinden, das nicht einmal die Butter zu schneiden imstande ist, [&hellip;]<\/p>\n\t\t\t\t<\/div>\n\n\t\t\t\t\t\t\t\t\t<a href=\"https:\/\/www.verdichtet.at\/?p=6363#respond\" class=\"su-post-comments-link\">0 Kommentare<\/a>\n\t\t\t\t\n\t\t\t<\/div>\n\n\t\t\t\t\t\n\t\t\t\n\t\t\t<div id=\"su-post-6147\" class=\"su-post \">\n\n\t\t\t\t\n\t\t\t\t<h2 class=\"su-post-title\"><a href=\"https:\/\/www.verdichtet.at\/?p=6147\">Luft verspielt<\/a><\/h2>\n\n\t\t\t\t<div class=\"su-post-meta\">\n\t\t\t\t\tVer\u00f6ffentlicht: 22. Februar 2017\t\t\t\t<\/div>\n\n\t\t\t\t<div class=\"su-post-excerpt\">\n\t\t\t\t\t<p>Die Bahn entgleist, In das Licht, f\u00fcr Momente, Nebel h\u00e4ngt und Wasser spiegelt sich, einen Gewinn verspielt, grabe nach Gold, sehe euch tief unten, dort oben wird die Luft d\u00fcnner, Taub von der Isolationshaft am Dach meines Kopfes Florian Pfeffer www.verdichtet.at | Kategorie: hin &amp; weg| Inventarnummer: 17077<\/p>\n\t\t\t\t<\/div>\n\n\t\t\t\t\t\t\t\t\t<a href=\"https:\/\/www.verdichtet.at\/?p=6147#respond\" class=\"su-post-comments-link\">0 Kommentare<\/a>\n\t\t\t\t\n\t\t\t<\/div>\n\n\t\t\t\t\t\n\t\t\t\n\t\t\t<div id=\"su-post-6130\" class=\"su-post \">\n\n\t\t\t\t\n\t\t\t\t<h2 class=\"su-post-title\"><a href=\"https:\/\/www.verdichtet.at\/?p=6130\">Schwarzer Bahnhof<\/a><\/h2>\n\n\t\t\t\t<div class=\"su-post-meta\">\n\t\t\t\t\tVer\u00f6ffentlicht: 22. Februar 2017\t\t\t\t<\/div>\n\n\t\t\t\t<div class=\"su-post-excerpt\">\n\t\t\t\t\t<p>Schwarzer Bahnhof, Hohe Betons\u00e4ulen ragen auf, verdreckt von der Zeit Ein grauer Nebel blickte zwischen den dunklen Schemen hervor, Nerv\u00f6se Zuckungen, ohne Gesicht und transparent, Schleichen an Gleisen herum, Endlose Runden drehen sie. Florian Pfeffer www.verdichtet.at | Kategorie: hin &amp; weg| Inventarnummer: 17069<\/p>\n\t\t\t\t<\/div>\n\n\t\t\t\t\t\t\t\t\t<a href=\"https:\/\/www.verdichtet.at\/?p=6130#respond\" class=\"su-post-comments-link\">0 Kommentare<\/a>\n\t\t\t\t\n\t\t\t<\/div>\n\n\t\t\t\t\t\n\t\t\t\n\t\t\t<div id=\"su-post-6185\" class=\"su-post \">\n\n\t\t\t\t\n\t\t\t\t<h2 class=\"su-post-title\"><a href=\"https:\/\/www.verdichtet.at\/?p=6185\">Im Schatten des Minaretts<\/a><\/h2>\n\n\t\t\t\t<div class=\"su-post-meta\">\n\t\t\t\t\tVer\u00f6ffentlicht: 22. Februar 2017\t\t\t\t<\/div>\n\n\t\t\t\t<div class=\"su-post-excerpt\">\n\t\t\t\t\t<p>Nur Reisen ist Leben, wie umgekehrt das Leben Reisen ist. Jean Paul \u00a0Wer sich vor dem Tod f\u00fcrchtet, geht nicht auf Reisen. J.W. Goethe, Der west-\u00f6stliche Diwan \u00a0I\u2018m not going to die before my time. Lisl Steiner, Fotografin, mit 88 Seit der Jugend-Lekt\u00fcre von Sven Hedins \u201eZu Land nach Indien\u201c lie\u00df mich die Seidenstra\u00dfe nicht [&hellip;]<\/p>\n\t\t\t\t<\/div>\n\n\t\t\t\t\t\t\t\t\t<a href=\"https:\/\/www.verdichtet.at\/?p=6185#respond\" class=\"su-post-comments-link\">0 Kommentare<\/a>\n\t\t\t\t\n\t\t\t<\/div>\n\n\t\t\t\t\t\n\t\t\t\n\t\t\t<div id=\"su-post-5835\" class=\"su-post \">\n\n\t\t\t\t\n\t\t\t\t<h2 class=\"su-post-title\"><a href=\"https:\/\/www.verdichtet.at\/?p=5835\">Ein Tag im Garten<\/a><\/h2>\n\n\t\t\t\t<div class=\"su-post-meta\">\n\t\t\t\t\tVer\u00f6ffentlicht: 8. Januar 2017\t\t\t\t<\/div>\n\n\t\t\t\t<div class=\"su-post-excerpt\">\n\t\t\t\t\t<p>Wei\u00dfe Wolken Mitten in der gr\u00fcnen Lunge Im Blumenmeer schwimmen V\u00f6gel Stehende Hitze w\u00e4rmt das Fleisch, kaltes Meer spritzt, verschwommenes Blickfeld Zwischen den braunen Spitzen Kokosnussgeruch Weit dahinter, ein Sprung in das Salz Hawaiihemd halb offen Braune F\u00e4den wehen zwischen Palmen Florian Pfeffer www.verdichtet.at | Kategorie: hin &amp; weg| Inventarnummer: 17028<\/p>\n\t\t\t\t<\/div>\n\n\t\t\t\t\t\t\t\t\t<a href=\"https:\/\/www.verdichtet.at\/?p=5835#respond\" class=\"su-post-comments-link\">0 Kommentare<\/a>\n\t\t\t\t\n\t\t\t<\/div>\n\n\t\t\t\t\t\n\t\t\t\n\t\t\t<div id=\"su-post-5945\" class=\"su-post \">\n\n\t\t\t\t\n\t\t\t\t<h2 class=\"su-post-title\"><a href=\"https:\/\/www.verdichtet.at\/?p=5945\">Der Railjetsimulator<\/a><\/h2>\n\n\t\t\t\t<div class=\"su-post-meta\">\n\t\t\t\t\tVer\u00f6ffentlicht: 25. Januar 2017\t\t\t\t<\/div>\n\n\t\t\t\t<div class=\"su-post-excerpt\">\n\t\t\t\t\t<p>Wenn ich nicht mehr Bahn fahre, kann ich auch nicht mehr schreiben. Ich \u00fcberlege mir, eine alte Waschmaschine so umzubauen, dass ihr Schwungriemen eine Plattform r\u00fcttelt, auf der ein kleiner Schreibtisch und ein Stuhl stehen. Von einem Beamer aus werden Aufnahmen einer vor\u00fcberziehenden Landschaft auf die Wand projiziert. Ich besteige die Plattform, setze mich auf [&hellip;]<\/p>\n\t\t\t\t<\/div>\n\n\t\t\t\t\t\t\t\t\t<a href=\"https:\/\/www.verdichtet.at\/?p=5945#respond\" class=\"su-post-comments-link\">0 Kommentare<\/a>\n\t\t\t\t\n\t\t\t<\/div>\n\n\t\t\t\t\t\n\t\t\t\n\t\t\t<div id=\"su-post-5830\" class=\"su-post \">\n\n\t\t\t\t\n\t\t\t\t<h2 class=\"su-post-title\"><a href=\"https:\/\/www.verdichtet.at\/?p=5830\">Der Vogel und das Nest<\/a><\/h2>\n\n\t\t\t\t<div class=\"su-post-meta\">\n\t\t\t\t\tVer\u00f6ffentlicht: 8. Januar 2017\t\t\t\t<\/div>\n\n\t\t\t\t<div class=\"su-post-excerpt\">\n\t\t\t\t\t<p>Selbstverst\u00e4ndlich sollen Dinge sein, einfache, sagen sie, Hoch oben zwischen den Kronen schauen sie hinab zum kleinen Vogel, Der Flug nach oben kann so leicht sein, Oben in den Kronen bekommt man alles, rufen sie, Er zwitschert nur hinauf, bis in das Morgengrauen, dann Stunden und Tage, sein Zwitschern wird monoton Er fliegt hoch, Zwischen [&hellip;]<\/p>\n\t\t\t\t<\/div>\n\n\t\t\t\t\t\t\t\t\t<a href=\"https:\/\/www.verdichtet.at\/?p=5830#respond\" class=\"su-post-comments-link\">0 Kommentare<\/a>\n\t\t\t\t\n\t\t\t<\/div>\n\n\t\t\t\t\t\n\t\t\t\n\t\t\t<div id=\"su-post-5384\" class=\"su-post \">\n\n\t\t\t\t\n\t\t\t\t<h2 class=\"su-post-title\"><a href=\"https:\/\/www.verdichtet.at\/?p=5384\">Spatz oder Taube<\/a><\/h2>\n\n\t\t\t\t<div class=\"su-post-meta\">\n\t\t\t\t\tVer\u00f6ffentlicht: 3. November 2016\t\t\t\t<\/div>\n\n\t\t\t\t<div class=\"su-post-excerpt\">\n\t\t\t\t\t<p>Das Angebot, das Walter Pirker von Emilio unterbreitet worden war, hatte einfach zu gut geklungen. Dieser hatte ihn in einer Mail\u00e4nder Hotelbar angesprochen und ihm in einem vertraulichen Gespr\u00e4ch zweitausend Euro versprochen, wenn er eine Person von Italien nach \u00d6sterreich bef\u00f6rdern w\u00fcrde. \u201eWie sind Sie auf mich gekommen?\u201c, fragte Pirker, nachdem er eingewilligt hatte. \u201eSie [&hellip;]<\/p>\n\t\t\t\t<\/div>\n\n\t\t\t\t\t\t\t\t\t<a href=\"https:\/\/www.verdichtet.at\/?p=5384#respond\" class=\"su-post-comments-link\">0 Kommentare<\/a>\n\t\t\t\t\n\t\t\t<\/div>\n\n\t\t\t\t\t\n\t\t\t\n\t\t\t<div id=\"su-post-5894\" class=\"su-post \">\n\n\t\t\t\t\n\t\t\t\t<h2 class=\"su-post-title\"><a href=\"https:\/\/www.verdichtet.at\/?p=5894\">Mein S\u00fcdtirol<\/a><\/h2>\n\n\t\t\t\t<div class=\"su-post-meta\">\n\t\t\t\t\tVer\u00f6ffentlicht: 6. Januar 2017\t\t\t\t<\/div>\n\n\t\t\t\t<div class=\"su-post-excerpt\">\n\t\t\t\t\t<p>Aurouggla \u2013 Teil 3 Als sich Tage danach der Stress um das Brautpaar gelegt hatte und der Alltag wieder seine ruhigen Bahnen zog, meldete ich mich bei Moidl (Mutter meines Schwagers, die Maria hie\u00df) wieder zum Bardienst zur\u00fcck, und ich muss sagen, ich war mit meiner T\u00e4tigkeit dort sehr zufrieden. Tags\u00fcber kamen zahllose Italiener vorbei, [&hellip;]<\/p>\n\t\t\t\t<\/div>\n\n\t\t\t\t\t\t\t\t\t<a href=\"https:\/\/www.verdichtet.at\/?p=5894#respond\" class=\"su-post-comments-link\">0 Kommentare<\/a>\n\t\t\t\t\n\t\t\t<\/div>\n\n\t\t\t\t\t\n\t\t\t\n\t\t\t<div id=\"su-post-5523\" class=\"su-post \">\n\n\t\t\t\t\n\t\t\t\t<h2 class=\"su-post-title\"><a href=\"https:\/\/www.verdichtet.at\/?p=5523\">Discokugel<\/a><\/h2>\n\n\t\t\t\t<div class=\"su-post-meta\">\n\t\t\t\t\tVer\u00f6ffentlicht: 27. November 2016\t\t\t\t<\/div>\n\n\t\t\t\t<div class=\"su-post-excerpt\">\n\t\t\t\t\t<p>Krogg und Popp waren mit ihrem Raumschiff unterwegs zu einem weit entfernten Planeten, der in einer anderen Galaxie lag. Er war klein und blau, die Instrumente auf ihrem Planeten hatten eine Atmosph\u00e4re und fl\u00fcssiges Wasser erkannt. Auf seiner Oberfl\u00e4che hatten sie Aktivit\u00e4t festgestellt, intelligentes Leben zweifellos, zu dem Zeitpunkt, als der Lichtstrahl ihren Heimatplaneten Bunker-339I [&hellip;]<\/p>\n\t\t\t\t<\/div>\n\n\t\t\t\t\t\t\t\t\t<a href=\"https:\/\/www.verdichtet.at\/?p=5523#respond\" class=\"su-post-comments-link\">0 Kommentare<\/a>\n\t\t\t\t\n\t\t\t<\/div>\n\n\t\t\t\t\t\n\t\t\t\n\t\t\t<div id=\"su-post-5292\" class=\"su-post \">\n\n\t\t\t\t\n\t\t\t\t<h2 class=\"su-post-title\"><a href=\"https:\/\/www.verdichtet.at\/?p=5292\">Eis\/Beton<\/a><\/h2>\n\n\t\t\t\t<div class=\"su-post-meta\">\n\t\t\t\t\tVer\u00f6ffentlicht: 26. Oktober 2016\t\t\t\t<\/div>\n\n\t\t\t\t<div class=\"su-post-excerpt\">\n\t\t\t\t\t<p>Ein Irrgarten aus k\u00fcnstlichem Licht wurzelt mit seinen Ranken Augenringe und mechanische Stimmen Auf dem Beton leuchtet der Mond, ein Eisb\u00e4r blickt ruhig \u00fcbers Eis, nur Pinguine springen umher Sterne stechen durch die Schw\u00e4rze\/ Malen nach Zahlen Florian Pfeffer www.verdichtet.at | Kategorie: hin &amp; weg| Inventarnummer: 16140<\/p>\n\t\t\t\t<\/div>\n\n\t\t\t\t\t\t\t\t\t<a href=\"https:\/\/www.verdichtet.at\/?p=5292#respond\" class=\"su-post-comments-link\">0 Kommentare<\/a>\n\t\t\t\t\n\t\t\t<\/div>\n\n\t\t\t\t\t\n\t\t\t\n\t\t\t<div id=\"su-post-5418\" class=\"su-post \">\n\n\t\t\t\t\n\t\t\t\t<h2 class=\"su-post-title\"><a href=\"https:\/\/www.verdichtet.at\/?p=5418\">Auf der Fahrt ins Gleichgewicht<\/a><\/h2>\n\n\t\t\t\t<div class=\"su-post-meta\">\n\t\t\t\t\tVer\u00f6ffentlicht: 5. November 2016\t\t\t\t<\/div>\n\n\t\t\t\t<div class=\"su-post-excerpt\">\n\t\t\t\t\t<p>In Erinnerung an die unverwechselbare\u00a0Silvana Mangano, die folgende Szene die spitzen Finger am Lenkrad mit drei Augenaufschl\u00e4gen ihres rabenschwarzen Blicks darzustellen gewusst h\u00e4tte, ohne auch nur ein einzige Silbe\u00a0ihrer an sich sch\u00f6nen Stimme in Anspruch nehmen zu m\u00fcssen \u2026 \u201eHeimat?\u201c, hatte er damals\u00a0meiner Frage als Gegenfrage entgegengesetzt, dann war\u00a0sein\u00a0Blick abgewandert, in eine unbestimmte Ferne gerichtet, [&hellip;]<\/p>\n\t\t\t\t<\/div>\n\n\t\t\t\t\t\t\t\t\t<a href=\"https:\/\/www.verdichtet.at\/?p=5418#respond\" class=\"su-post-comments-link\">0 Kommentare<\/a>\n\t\t\t\t\n\t\t\t<\/div>\n\n\t\t\t\t\t\n\t\t\t\n\t\t\t<div id=\"su-post-5286\" class=\"su-post \">\n\n\t\t\t\t\n\t\t\t\t<h2 class=\"su-post-title\"><a href=\"https:\/\/www.verdichtet.at\/?p=5286\">Sumpf<\/a><\/h2>\n\n\t\t\t\t<div class=\"su-post-meta\">\n\t\t\t\t\tVer\u00f6ffentlicht: 24. Oktober 2016\t\t\t\t<\/div>\n\n\t\t\t\t<div class=\"su-post-excerpt\">\n\t\t\t\t\t<p>Im Sumpf Im schwarzen Dickicht sehe ich es wuseln Baue Mauern, um den Schleim wegzuhalten Es kriecht mit T\u00e4uschung durch den Dschungel, manche locken mit Pheromonen, mit starken Duftnoten, die durch lange G\u00e4nge schleichen \u00dcberall K\u00e4mpfe im Sumpf, jedes Individuum will zum Alpha werden In einem unsichtbaren Netz ziehen sich kollektive Brutst\u00e4tten zusammen, zu einer [&hellip;]<\/p>\n\t\t\t\t<\/div>\n\n\t\t\t\t\t\t\t\t\t<a href=\"https:\/\/www.verdichtet.at\/?p=5286#respond\" class=\"su-post-comments-link\">0 Kommentare<\/a>\n\t\t\t\t\n\t\t\t<\/div>\n\n\t\t\t\t\t\n\t\t\t\n\t\t\t<div id=\"su-post-5008\" class=\"su-post \">\n\n\t\t\t\t\n\t\t\t\t<h2 class=\"su-post-title\"><a href=\"https:\/\/www.verdichtet.at\/?p=5008\">Die Hochzeit<\/a><\/h2>\n\n\t\t\t\t<div class=\"su-post-meta\">\n\t\t\t\t\tVer\u00f6ffentlicht: 11. September 2016\t\t\t\t<\/div>\n\n\t\t\t\t<div class=\"su-post-excerpt\">\n\t\t\t\t\t<p>Aurouggla \u2013 Teil 2 Nachdem meine Familie also erfolgreich im Hotel Belvedere untergebracht worden war, trat etwas Ruhe in die ganze Sache ein. Vater hatte aufgeh\u00f6rt, nerv\u00f6s zu schnupfen, und Mutter genoss den ausgezeichneten Blick \u00fcber Meran von der Terrasse des Hotels aus. Sie sah, zumindest f\u00fcr Momente, sogar etwas entspannt aus. Und ich? Nun, [&hellip;]<\/p>\n\t\t\t\t<\/div>\n\n\t\t\t\t\t\t\t\t\t<a href=\"https:\/\/www.verdichtet.at\/?p=5008#respond\" class=\"su-post-comments-link\">0 Kommentare<\/a>\n\t\t\t\t\n\t\t\t<\/div>\n\n\t\t\t\t\t\n\t\t\t\n\t\t\t<div id=\"su-post-4729\" class=\"su-post \">\n\n\t\t\t\t\n\t\t\t\t<h2 class=\"su-post-title\"><a href=\"https:\/\/www.verdichtet.at\/?p=4729\">Hotel Polissja<\/a><\/h2>\n\n\t\t\t\t<div class=\"su-post-meta\">\n\t\t\t\t\tVer\u00f6ffentlicht: 9. Juli 2016\t\t\t\t<\/div>\n\n\t\t\t\t<div class=\"su-post-excerpt\">\n\t\t\t\t\t<p>\u201eVielleicht inzwischen doch ein bisschen veraltet, dein Reisef\u00fchrer.\u201c \u201eNun ja, die Preise werden wohl nicht mehr stimmen, aber ansonsten, was soll sich schon gro\u00df ge\u00e4ndert haben?\u201c Und unbek\u00fcmmert bl\u00e4tterte mein Vater weiter in dem abgegriffenen B\u00fcchlein mit den kyrillischen Buchstaben und den grobk\u00f6rnigen Fotos in Schwarzwei\u00df, das ihm irgendwann in den achtziger Jahren auf einem [&hellip;]<\/p>\n\t\t\t\t<\/div>\n\n\t\t\t\t\t\t\t\t\t<a href=\"https:\/\/www.verdichtet.at\/?p=4729#respond\" class=\"su-post-comments-link\">0 Kommentare<\/a>\n\t\t\t\t\n\t\t\t<\/div>\n\n\t\t\t\t\t\n\t\t\t\n\t\t\t<div id=\"su-post-4875\" class=\"su-post \">\n\n\t\t\t\t\n\t\t\t\t<h2 class=\"su-post-title\"><a href=\"https:\/\/www.verdichtet.at\/?p=4875\">Nordsee-Exkurs<\/a><\/h2>\n\n\t\t\t\t<div class=\"su-post-meta\">\n\t\t\t\t\tVer\u00f6ffentlicht: 20. August 2016\t\t\t\t<\/div>\n\n\t\t\t\t<div class=\"su-post-excerpt\">\n\t\t\t\t\t<p>Eine spr\u00f6de Geliebte ist sie, die Nordsee. Hat sie den gerade angekommenen Bewunderern eben noch zugeblinzelt, sich in der Abendsonne schmeichelndem Licht pr\u00e4sentiert, so entzieht sie sich den erlebnisgierigen Blicken alsbald wieder. Was schert sie der Verehrer, sie \u00fcberzieht ihn erst mit d\u00fcsteren Wolkengebilden \u2013 soll er sich doch der Ehre, an ihrer (K\u00fcsten-)Seite zu [&hellip;]<\/p>\n\t\t\t\t<\/div>\n\n\t\t\t\t\t\t\t\t\t<a href=\"https:\/\/www.verdichtet.at\/?p=4875#respond\" class=\"su-post-comments-link\">0 Kommentare<\/a>\n\t\t\t\t\n\t\t\t<\/div>\n\n\t\t\t\t\t\n\t\t\t\n\t\t\t<div id=\"su-post-4714\" class=\"su-post \">\n\n\t\t\t\t\n\t\t\t\t<h2 class=\"su-post-title\"><a href=\"https:\/\/www.verdichtet.at\/?p=4714\">Die Bar Diana<\/a><\/h2>\n\n\t\t\t\t<div class=\"su-post-meta\">\n\t\t\t\t\tVer\u00f6ffentlicht: 5. Juli 2016\t\t\t\t<\/div>\n\n\t\t\t\t<div class=\"su-post-excerpt\">\n\t\t\t\t\t<p>Aurouggla \u2013 Teil 1 Es herrschte heller Aufruhr im Hause, die Koffer waren gepackt, das Taxi stand mit laufendem Motor vor dem Haus, fehlten nur noch die Fahrg\u00e4ste. Wenn zwei junge Menschen einander die Ehe versprechen, dann ist das schon ein bedeutendes Ereignis f\u00fcr alle Beteiligten, f\u00fcr die Eltern selbstverst\u00e4ndlich, aber auch f\u00fcr die engeren [&hellip;]<\/p>\n\t\t\t\t<\/div>\n\n\t\t\t\t\t\t\t\t\t<a href=\"https:\/\/www.verdichtet.at\/?p=4714#respond\" class=\"su-post-comments-link\">0 Kommentare<\/a>\n\t\t\t\t\n\t\t\t<\/div>\n\n\t\t\t\t\t\n\t\t\t\n\t\t\t<div id=\"su-post-4668\" class=\"su-post \">\n\n\t\t\t\t\n\t\t\t\t<h2 class=\"su-post-title\"><a href=\"https:\/\/www.verdichtet.at\/?p=4668\">Im Labyrinth der Zeit<\/a><\/h2>\n\n\t\t\t\t<div class=\"su-post-meta\">\n\t\t\t\t\tVer\u00f6ffentlicht: 28. Juni 2016\t\t\t\t<\/div>\n\n\t\t\t\t<div class=\"su-post-excerpt\">\n\t\t\t\t\t<p>Se vogliamo che tutto rimanga come \u00e8, bisogna che tutto cambi. \u2013 Tomasi di Lampedusa: \u201eIl gattopardo\u201c \u201eParlare, parlare, parlare, so l\u00f6sen wir die Probleme hier in Sizilien.\u201c Und die Erleichterung steht\u00a0meinem Zimmervermieter ins Gesicht geschrieben, dass mein\u00a0Fernsehanschluss wieder funktioniert, dass das Kabel gefunden worden ist, \u00fcber das die minderbemittelten Maurer von der Baustelle nebenan [&hellip;]<\/p>\n\t\t\t\t<\/div>\n\n\t\t\t\t\t\t\t\t\t<a href=\"https:\/\/www.verdichtet.at\/?p=4668#respond\" class=\"su-post-comments-link\">0 Kommentare<\/a>\n\t\t\t\t\n\t\t\t<\/div>\n\n\t\t\t\t\t\n\t\t\t\n\t\t\t<div id=\"su-post-3226\" class=\"su-post \">\n\n\t\t\t\t\n\t\t\t\t<h2 class=\"su-post-title\"><a href=\"https:\/\/www.verdichtet.at\/?p=3226\">Stra\u00dfengedanken<\/a><\/h2>\n\n\t\t\t\t<div class=\"su-post-meta\">\n\t\t\t\t\tVer\u00f6ffentlicht: 19. September 2015\t\t\t\t<\/div>\n\n\t\t\t\t<div class=\"su-post-excerpt\">\n\t\t\t\t\t<p>Halbgedanken, Luftgedanken, Dunstgedanken, mehr an Angedachtem will mir nicht durch den Kopf gehen, hier auf diesem pfeilgeraden Autobahnstrich knapp hinter Villach, diesem sonnen\u00fcberfluteten Band Asphalt im Niemandsland vor der Grenze zu Italien. Nicht mehr als ein Gedankenrauschen, das mich durchflutet, eingeharkt den Tempomaten auf milde Hundertdrei\u00dfig, geistig zu nichts anderem angespannt, als ein Lenkrad schnurgerade [&hellip;]<\/p>\n\t\t\t\t<\/div>\n\n\t\t\t\t\t\t\t\t\t<a href=\"https:\/\/www.verdichtet.at\/?p=3226#respond\" class=\"su-post-comments-link\">0 Kommentare<\/a>\n\t\t\t\t\n\t\t\t<\/div>\n\n\t\t\t\t\t\n\t\t\t\n\t\t\t<div id=\"su-post-3228\" class=\"su-post \">\n\n\t\t\t\t\n\t\t\t\t<h2 class=\"su-post-title\"><a href=\"https:\/\/www.verdichtet.at\/?p=3228\">Zwiesp\u00e4ltig, sein L\u00e4cheln<\/a><\/h2>\n\n\t\t\t\t<div class=\"su-post-meta\">\n\t\t\t\t\tVer\u00f6ffentlicht: 19. September 2015\t\t\t\t<\/div>\n\n\t\t\t\t<div class=\"su-post-excerpt\">\n\t\t\t\t\t<p>Ein Tisch, irgendwo in Italien. \u201eZu welch Unsinnigkeiten man sich doch hinrei\u00dfen l\u00e4sst, aus Gr\u00fcnden der Einsamkeit \u2013!\u201c Was meinen Sitznachbar zu einem L\u00e4cheln veranlasst, Alessandro an seinem italienischen Stammtisch. Fahr fort, deutet still seine Handbewegung. \u201e\u2013 sogar deine Sprache versuche ich m\u00fchsam zu erlernen.\u201c Am\u00fcsiert hebt er nun die Augenbraue, dieser Alessandro, im Schweigen [&hellip;]<\/p>\n\t\t\t\t<\/div>\n\n\t\t\t\t\t\t\t\t\t<a href=\"https:\/\/www.verdichtet.at\/?p=3228#respond\" class=\"su-post-comments-link\">0 Kommentare<\/a>\n\t\t\t\t\n\t\t\t<\/div>\n\n\t\t\t\t\t\n\t\t\t\n\t\t\t<div id=\"su-post-3347\" class=\"su-post \">\n\n\t\t\t\t\n\t\t\t\t<h2 class=\"su-post-title\"><a href=\"https:\/\/www.verdichtet.at\/?p=3347\">Der ewig Reisende<\/a><\/h2>\n\n\t\t\t\t<div class=\"su-post-meta\">\n\t\t\t\t\tVer\u00f6ffentlicht: 5. Oktober 2015\t\t\t\t<\/div>\n\n\t\t\t\t<div class=\"su-post-excerpt\">\n\t\t\t\t\t<p>Alte W\u00e4schest\u00e4nder, mein erster nachhaltiger Eindruck in dieser Wiener Wohnung, nachl\u00e4ssig in sich geklappt an die W\u00e4nde gelehnt, schon lange haben sie keine W\u00e4sche mehr gesehen, die ihnen zum Trocknen auferlegt worden ist, alte W\u00e4sche, die ich verborgen in den hintersten Reihen des m\u00e4chtigen Einbauschranks vermute, wahrscheinlich nur unpers\u00f6nliche W\u00e4sche, wie Bettlaken und Handt\u00fccher. Eine [&hellip;]<\/p>\n\t\t\t\t<\/div>\n\n\t\t\t\t\t\t\t\t\t<a href=\"https:\/\/www.verdichtet.at\/?p=3347#respond\" class=\"su-post-comments-link\">0 Kommentare<\/a>\n\t\t\t\t\n\t\t\t<\/div>\n\n\t\t\t\t\t\n\t\t\t\n\t\t\t<div id=\"su-post-3417\" class=\"su-post \">\n\n\t\t\t\t\n\t\t\t\t<h2 class=\"su-post-title\"><a href=\"https:\/\/www.verdichtet.at\/?p=3417\">Die keltische Kriegerf\u00fcrstin aus Sizilien<\/a><\/h2>\n\n\t\t\t\t<div class=\"su-post-meta\">\n\t\t\t\t\tVer\u00f6ffentlicht: 16. Oktober 2015\t\t\t\t<\/div>\n\n\t\t\t\t<div class=\"su-post-excerpt\">\n\t\t\t\t\t<p>Verdammt, Paolo, du wei\u00dft doch ganz genau, dass ich es nicht ausstehen kann, wenn du mir wildfremde Leute an den Tisch setzt, selbst wenn deine Taverne gerammelt voll ist, du sogar schon ein paar St\u00fchle von drinnen hier auf der Terrasse aufstellen hast m\u00fcssen. Ja, ich wei\u00df, Kinder sind nicht billig, besonders deine, die ja [&hellip;]<\/p>\n\t\t\t\t<\/div>\n\n\t\t\t\t\t\t\t\t\t<a href=\"https:\/\/www.verdichtet.at\/?p=3417#respond\" class=\"su-post-comments-link\">0 Kommentare<\/a>\n\t\t\t\t\n\t\t\t<\/div>\n\n\t\t\t\t\t\n\t\t\t\n\t\t\t<div id=\"su-post-3668\" class=\"su-post \">\n\n\t\t\t\t\n\t\t\t\t<h2 class=\"su-post-title\"><a href=\"https:\/\/www.verdichtet.at\/?p=3668\">In Sand gemei\u00dfelt<\/a><\/h2>\n\n\t\t\t\t<div class=\"su-post-meta\">\n\t\t\t\t\tVer\u00f6ffentlicht: 17. November 2015\t\t\t\t<\/div>\n\n\t\t\t\t<div class=\"su-post-excerpt\">\n\t\t\t\t\t<p>Hinter uns die Nacht, im Schlafzimmer eines alten Bauernhofs inmitten der Toskana, die Nacht, in der es uns nach ungez\u00fcgelter Liebe gel\u00fcstet hatte, jetzt am Morgen gel\u00fcstete uns nach Zahnb\u00fcrsten, wer von uns schneller war, an der Regenrinne im Hof, grinste umso breiter. Und weggeputzt der Nachgeschmack der Nacht, gel\u00fcstete uns nach einem Nachspiel, nur [&hellip;]<\/p>\n\t\t\t\t<\/div>\n\n\t\t\t\t\t\t\t\t\t<a href=\"https:\/\/www.verdichtet.at\/?p=3668#respond\" class=\"su-post-comments-link\">0 Kommentare<\/a>\n\t\t\t\t\n\t\t\t<\/div>\n\n\t\t\t\t\t\n\t\t\t\n\t\t\t<div id=\"su-post-4547\" class=\"su-post \">\n\n\t\t\t\t\n\t\t\t\t<h2 class=\"su-post-title\"><a href=\"https:\/\/www.verdichtet.at\/?p=4547\">Kusch<\/a><\/h2>\n\n\t\t\t\t<div class=\"su-post-meta\">\n\t\t\t\t\tVer\u00f6ffentlicht: 31. Mai 2016\t\t\t\t<\/div>\n\n\t\t\t\t<div class=\"su-post-excerpt\">\n\t\t\t\t\t<p>Endlich ein warmer Tag! Nach einem halben Jahr Winter sehnen sich K\u00f6rper und Seele nach der Sonne wie die Blumen nach dem Wasser. Da ist mein Rad. Mein italienisches Rennrad. Nicht unbedingt das neueste Modell. Muss ja nicht unbedingt sein. Den Winter \u00fcber in der Garage gestanden. Von Spinnweben \u00fcberzogen befreie ich es erstmal davon. [&hellip;]<\/p>\n\t\t\t\t<\/div>\n\n\t\t\t\t\t\t\t\t\t<a href=\"https:\/\/www.verdichtet.at\/?p=4547#respond\" class=\"su-post-comments-link\">0 Kommentare<\/a>\n\t\t\t\t\n\t\t\t<\/div>\n\n\t\t\t\t\t\n\t\t\t\n\t\t\t<div id=\"su-post-4214\" class=\"su-post \">\n\n\t\t\t\t\n\t\t\t\t<h2 class=\"su-post-title\"><a href=\"https:\/\/www.verdichtet.at\/?p=4214\">On the Road Again<\/a><\/h2>\n\n\t\t\t\t<div class=\"su-post-meta\">\n\t\t\t\t\tVer\u00f6ffentlicht: 25. M\u00e4rz 2016\t\t\t\t<\/div>\n\n\t\t\t\t<div class=\"su-post-excerpt\">\n\t\t\t\t\t<p>Einen Spaziergang machen. Zum Nachdenken, zum Runterkommen, zum Erholen, und um alles von sich abzusch\u00fctteln, was so an einem unangenehm haften geblieben war die letzten Tage. Alles loswerden, was einen so vereinnahmt. Die kleinen Hist\u00f6rchen, Skandale, die Familiengeschichten, Songtexte und und und. Wenn das so leicht w\u00e4re! Landschaft. Konzentrieren auf die Landschaft. Dort ein Baum, [&hellip;]<\/p>\n\t\t\t\t<\/div>\n\n\t\t\t\t\t\t\t\t\t<a href=\"https:\/\/www.verdichtet.at\/?p=4214#respond\" class=\"su-post-comments-link\">0 Kommentare<\/a>\n\t\t\t\t\n\t\t\t<\/div>\n\n\t\t\t\t\t\n\t\t\t\n\t\t\t<div id=\"su-post-3853\" class=\"su-post \">\n\n\t\t\t\t\n\t\t\t\t<h2 class=\"su-post-title\"><a href=\"https:\/\/www.verdichtet.at\/?p=3853\">Geisterzug<\/a><\/h2>\n\n\t\t\t\t<div class=\"su-post-meta\">\n\t\t\t\t\tVer\u00f6ffentlicht: 15. Dezember 2015\t\t\t\t<\/div>\n\n\t\t\t\t<div class=\"su-post-excerpt\">\n\t\t\t\t\t<p>Dieser Zug schleicht raubtierhaft Durch die Raubtierkatzennacht Katzenaugen der Signale Warnen vor Der Bahngeleise-Schreckensmacht Der Geisterzug setzt geisterhaft Setzt zum Sprung an durch die Nacht Rot erschreckte Autolichter fl\u00fcchten vor des Untiers Kraft Und schon erlegt Und wirklich kraftlos liegt das schwarze Alpentier Mit abgeschabten H\u00fcgelbr\u00fcsten Mit ausgefransten Waldfellb\u00fcscheln S\u00e4ugt es dir Kein Junges mehr [&hellip;]<\/p>\n\t\t\t\t<\/div>\n\n\t\t\t\t\t\t\t\t\t<a href=\"https:\/\/www.verdichtet.at\/?p=3853#respond\" class=\"su-post-comments-link\">0 Kommentare<\/a>\n\t\t\t\t\n\t\t\t<\/div>\n\n\t\t\t\t\t\n\t\t\t\n\t\t\t<div id=\"su-post-3968\" class=\"su-post \">\n\n\t\t\t\t\n\t\t\t\t<h2 class=\"su-post-title\"><a href=\"https:\/\/www.verdichtet.at\/?p=3968\">Dunkles Land<\/a><\/h2>\n\n\t\t\t\t<div class=\"su-post-meta\">\n\t\t\t\t\tVer\u00f6ffentlicht: 26. Januar 2016\t\t\t\t<\/div>\n\n\t\t\t\t<div class=\"su-post-excerpt\">\n\t\t\t\t\t<p>Mathis &#8211; schon sein Name verhie\u00df die wohl konservativste Sexfantasie aller Frauen: ein hei\u00dfer, franz\u00f6sischer Sommerflirt. Auf einer Interrailreise mit Freundinnen traf ich ihn und hatte mich vom ersten Moment an unsterblich in seine gro\u00dfen, dunklen Augen verliebt. Er war mit seinen Kumpels gerade Richtung Italien unterwegs, und wir hatten eine Rundreise in Frankreich geplant. [&hellip;]<\/p>\n\t\t\t\t<\/div>\n\n\t\t\t\t\t\t\t\t\t<a href=\"https:\/\/www.verdichtet.at\/?p=3968#respond\" class=\"su-post-comments-link\">0 Kommentare<\/a>\n\t\t\t\t\n\t\t\t<\/div>\n\n\t\t\t\t\t\n\t\t\t\n\t\t\t<div id=\"su-post-3825\" class=\"su-post \">\n\n\t\t\t\t\n\t\t\t\t<h2 class=\"su-post-title\"><a href=\"https:\/\/www.verdichtet.at\/?p=3825\">Zwei Fremde im Bus: Von Aleppo nach Laaanderthaya<\/a><\/h2>\n\n\t\t\t\t<div class=\"su-post-meta\">\n\t\t\t\t\tVer\u00f6ffentlicht: 8. Dezember 2015\t\t\t\t<\/div>\n\n\t\t\t\t<div class=\"su-post-excerpt\">\n\t\t\t\t\t<p>Am 27. August 2015 stieg der Mann in den wei\u00dfen Bus mit drei gr\u00fcnen Rebst\u00f6cken an der Seite, bezahlte beim Fahrer 15 Euro: \u201eLaa- an- der-Thaya, please\u201c, ging die Reihen entlang und w\u00e4hlte einen der hinteren Pl\u00e4tze. Den kleinen Koffer legte er ins Gep\u00e4ckfach, auf den leeren Sitz neben sich stellte er die Papiertasche mit [&hellip;]<\/p>\n\t\t\t\t<\/div>\n\n\t\t\t\t\t\t\t\t\t<a href=\"https:\/\/www.verdichtet.at\/?p=3825#respond\" class=\"su-post-comments-link\">0 Kommentare<\/a>\n\t\t\t\t\n\t\t\t<\/div>\n\n\t\t\t\t\t\n\t\t\t\n\t\t\t<div id=\"su-post-3576\" class=\"su-post \">\n\n\t\t\t\t\n\t\t\t\t<h2 class=\"su-post-title\"><a href=\"https:\/\/www.verdichtet.at\/?p=3576\">Fahrradlieder 4 &#8211; Fieselotte<\/a><\/h2>\n\n\t\t\t\t<div class=\"su-post-meta\">\n\t\t\t\t\tVer\u00f6ffentlicht: 6. November 2015\t\t\t\t<\/div>\n\n\t\t\t\t<div class=\"su-post-excerpt\">\n\t\t\t\t\t<p>(frei nach Brecht) 1) Da lachst du dazu, Fieselotte Und bist schon wieder ganz blau: Zum Kotzen dies Getue, diese ach so hohen Gef\u00fchle Interessieren doch keine Sau! Wer ist\u00b4s denn am Ende des Tags Der dich Trunkenbold Bei jedem Wetter nach Hause bringt, W\u00e4hrend du davon schw\u00e4rmst, wie Columbina dir hold Oder wie sch\u00f6n [&hellip;]<\/p>\n\t\t\t\t<\/div>\n\n\t\t\t\t\t\t\t\t\t<a href=\"https:\/\/www.verdichtet.at\/?p=3576#respond\" class=\"su-post-comments-link\">0 Kommentare<\/a>\n\t\t\t\t\n\t\t\t<\/div>\n\n\t\t\t\t\t\n\t\t\t\n\t\t\t<div id=\"su-post-3570\" class=\"su-post \">\n\n\t\t\t\t\n\t\t\t\t<h2 class=\"su-post-title\"><a href=\"https:\/\/www.verdichtet.at\/?p=3570\">Fahrradlieder 3 &#8211; Rhinos-Zerross<\/a><\/h2>\n\n\t\t\t\t<div class=\"su-post-meta\">\n\t\t\t\t\tVer\u00f6ffentlicht: 6. November 2015\t\t\t\t<\/div>\n\n\t\t\t\t<div class=\"su-post-excerpt\">\n\t\t\t\t\t<p>(Eine klassische Ode nach Schiller) Doch du, Rhinos-Zerross, woher kamst du? Dich schufen wir in den Kellern, wo das Radvolk sich birgt, um Kr\u00e4fte und R\u00e4der zu n\u00e4hren. Gegen den t\u00e4glichen Feind der Menschen und R\u00e4der, gegen die alleszerfressenden Autos zu wehren sollt\u2019st du uns helfen, ein Rammbock uns werden, wie sie ihn noch nicht [&hellip;]<\/p>\n\t\t\t\t<\/div>\n\n\t\t\t\t\t\t\t\t\t<a href=\"https:\/\/www.verdichtet.at\/?p=3570#respond\" class=\"su-post-comments-link\">0 Kommentare<\/a>\n\t\t\t\t\n\t\t\t<\/div>\n\n\t\t\t\t\t\n\t\t\t\n\t\t\t<div id=\"su-post-3565\" class=\"su-post \">\n\n\t\t\t\t\n\t\t\t\t<h2 class=\"su-post-title\"><a href=\"https:\/\/www.verdichtet.at\/?p=3565\">Fahrradlieder 2 &#8211; Columbina<\/a><\/h2>\n\n\t\t\t\t<div class=\"su-post-meta\">\n\t\t\t\t\tVer\u00f6ffentlicht: 6. November 2015\t\t\t\t<\/div>\n\n\t\t\t\t<div class=\"su-post-excerpt\">\n\t\t\t\t\t<p>\u00a0(frei nach Rilke) Aus den schattigen Hallen des H\u00e4ndlers hab einst ich dich freigekauft In einer auch mir dunklen Stunde Frei nun, lehrtest du mich, was Freiheit doch ist L\u00e4ssig die t\u00e4gliche Bedr\u00e4ngnis umspielend. Nicht der buckligen \u00d6lfresser eifernd sich wehren, nein! In gelassener Ruhe sp\u00f6ttisch umkurven sie &#8211; nach Taubenart. Du zeigtest mir die [&hellip;]<\/p>\n\t\t\t\t<\/div>\n\n\t\t\t\t\t\t\t\t\t<a href=\"https:\/\/www.verdichtet.at\/?p=3565#respond\" class=\"su-post-comments-link\">0 Kommentare<\/a>\n\t\t\t\t\n\t\t\t<\/div>\n\n\t\t\t\t\t\n\t\t\t\n\t\t\t<div id=\"su-post-3560\" class=\"su-post \">\n\n\t\t\t\t\n\t\t\t\t<h2 class=\"su-post-title\"><a href=\"https:\/\/www.verdichtet.at\/?p=3560\">Fahrradlieder 1 &#8211; Expressionistische \u00dcberlandfahrt<\/a><\/h2>\n\n\t\t\t\t<div class=\"su-post-meta\">\n\t\t\t\t\tVer\u00f6ffentlicht: 6. November 2015\t\t\t\t<\/div>\n\n\t\t\t\t<div class=\"su-post-excerpt\">\n\t\t\t\t\t<p>Rrrr, rrr, tk, tk, tk pfeifst du, t\u00f6nst du, singst du mir, wenn der Wind dir, sirr, durch die Speichen f\u00e4hrt, singst du windgen\u00e4hrt Mein musikdurchdrungenes Alurennrad. Dein frisch geh\u00e4utetes Kirschrot leuchtet und gl\u00e4nzt schelmisch (matt) bei Tag und gl\u00fcht in der Nacht, ich wei\u00df es, wenn du tr\u00e4umst von der Jagd durch die Stadt, [&hellip;]<\/p>\n\t\t\t\t<\/div>\n\n\t\t\t\t\t\t\t\t\t<a href=\"https:\/\/www.verdichtet.at\/?p=3560#respond\" class=\"su-post-comments-link\">0 Kommentare<\/a>\n\t\t\t\t\n\t\t\t<\/div>\n\n\t\t\t\t\t\n\t\t\t\n\t\t\t<div id=\"su-post-3471\" class=\"su-post \">\n\n\t\t\t\t\n\t\t\t\t<h2 class=\"su-post-title\"><a href=\"https:\/\/www.verdichtet.at\/?p=3471\">Wiener Hafen<\/a><\/h2>\n\n\t\t\t\t<div class=\"su-post-meta\">\n\t\t\t\t\tVer\u00f6ffentlicht: 25. Oktober 2015\t\t\t\t<\/div>\n\n\t\t\t\t<div class=\"su-post-excerpt\">\n\t\t\t\t\t<p>Legst du dich Mit dem Bauch nach unten Flach auf die Stadt Sind die schr\u00e4ggestellten D\u00e4cher Rote Wellenberge Und im Winter bricht Ihr Kamm als wei\u00dfer Rauch Ist doch die D\u00e4chersee zu dieser Zeit Besonders st\u00fcrmisch Doch frag mich nicht, was unter den Wellen Oder dazwischen Da tun sich Abgr\u00fcnde auf Und du w\u00e4rst nicht [&hellip;]<\/p>\n\t\t\t\t<\/div>\n\n\t\t\t\t\t\t\t\t\t<a href=\"https:\/\/www.verdichtet.at\/?p=3471#respond\" class=\"su-post-comments-link\">0 Kommentare<\/a>\n\t\t\t\t\n\t\t\t<\/div>\n\n\t\t\t\t\t\n\t\t\t\n\t\t\t<div id=\"su-post-1618\" class=\"su-post \">\n\n\t\t\t\t\n\t\t\t\t<h2 class=\"su-post-title\"><a href=\"https:\/\/www.verdichtet.at\/?p=1618\">Haarig oder Wie ich der Provinz entfloh<\/a><\/h2>\n\n\t\t\t\t<div class=\"su-post-meta\">\n\t\t\t\t\tVer\u00f6ffentlicht: 31. August 2014\t\t\t\t<\/div>\n\n\t\t\t\t<div class=\"su-post-excerpt\">\n\t\t\t\t\t<p>Oed. Oed bei Amstetten. Halbzeit. Ich sitze in meinem Ford Escort Baujahr 1975, der Motor auf Hochtouren, R\u00fccksitz und Kofferraum prall gef\u00fcllt mit meinem wichtigsten Hab und Gut. Ich hei\u00dfe Ferdinand, meine Freunde nennen mich Ferdl, und bin am Weg in die Hauptstadt. Die ungeliebte Hauptstadt &#8211; die Stadt der Raunzer, der arroganten Schn\u00f6sel und [&hellip;]<\/p>\n\t\t\t\t<\/div>\n\n\t\t\t\t\t\t\t\t\t<a href=\"https:\/\/www.verdichtet.at\/?p=1618#respond\" class=\"su-post-comments-link\">0 Kommentare<\/a>\n\t\t\t\t\n\t\t\t<\/div>\n\n\t\t\t\t\t\n\t\t\t\n\t\t\t<div id=\"su-post-3014\" class=\"su-post \">\n\n\t\t\t\t\n\t\t\t\t<h2 class=\"su-post-title\"><a href=\"https:\/\/www.verdichtet.at\/?p=3014\">Am Weg<\/a><\/h2>\n\n\t\t\t\t<div class=\"su-post-meta\">\n\t\t\t\t\tVer\u00f6ffentlicht: 4. August 2015\t\t\t\t<\/div>\n\n\t\t\t\t<div class=\"su-post-excerpt\">\n\t\t\t\t\t<p>Die zuf\u00e4llige Anordnung der Songs und Tondokumente raubte ihr den letzten Nerv. Wer immer diese Shuffle-Funktion erfunden hatte, er hatte die H\u00f6chststrafe verdient. Und diese war klarerweise das stundenlange Anh\u00f6ren dieser niedertr\u00e4chtigen Mischung aus (wenn auch gutem) Heavy Metal, Spanischlektionen, Gedichtrezitationen und dazwischen schon mal dem einen oder anderen ausgelutschten Popsong aus den Neunzigern. Auch [&hellip;]<\/p>\n\t\t\t\t<\/div>\n\n\t\t\t\t\t\t\t\t\t<a href=\"https:\/\/www.verdichtet.at\/?p=3014#respond\" class=\"su-post-comments-link\">0 Kommentare<\/a>\n\t\t\t\t\n\t\t\t<\/div>\n\n\t\t\t\t\t\n\t\t\t\n\t\t\t<div id=\"su-post-2853\" class=\"su-post \">\n\n\t\t\t\t\n\t\t\t\t<h2 class=\"su-post-title\"><a href=\"https:\/\/www.verdichtet.at\/?p=2853\">Der amerikanische Traum<\/a><\/h2>\n\n\t\t\t\t<div class=\"su-post-meta\">\n\t\t\t\t\tVer\u00f6ffentlicht: 16. Juni 2015\t\t\t\t<\/div>\n\n\t\t\t\t<div class=\"su-post-excerpt\">\n\t\t\t\t\t<p>Der Airbus 320 kreiste unaufh\u00f6rlich \u00fcber Manhattan, ohne bis jetzt eine Landeerlaubnis erhalten zu haben. Langsam wurden die Passagiere in ihren Sitzen unruhig. Immerhin sa\u00dfen sie bereits seit neun Stunden auf ein und demselben Platz. Da und dort waren schon nerv\u00f6ses \u00d6ffnen und Schlie\u00dfen der Sicherheitsgurte aus den Sitzreihen zu h\u00f6ren. Es waren mehrheitlich Gesch\u00e4ftsleute [&hellip;]<\/p>\n\t\t\t\t<\/div>\n\n\t\t\t\t\t\t\t\t\t<a href=\"https:\/\/www.verdichtet.at\/?p=2853#respond\" class=\"su-post-comments-link\">0 Kommentare<\/a>\n\t\t\t\t\n\t\t\t<\/div>\n\n\t\t\t\t\t\n\t\t\t\n\t\t\t<div id=\"su-post-2592\" class=\"su-post \">\n\n\t\t\t\t\n\t\t\t\t<h2 class=\"su-post-title\"><a href=\"https:\/\/www.verdichtet.at\/?p=2592\">Amsterdam oder Der Vorteil, Clowns als Eltern zu haben<\/a><\/h2>\n\n\t\t\t\t<div class=\"su-post-meta\">\n\t\t\t\t\tVer\u00f6ffentlicht: 16. Mai 2015\t\t\t\t<\/div>\n\n\t\t\t\t<div class=\"su-post-excerpt\">\n\t\t\t\t\t<p>Gott sei Dank sind seine Eltern Clowns, dachte ich, als das Gras n\u00e4her kam. Es ber\u00fchrte mein Gesicht, kalt, ein bisschen nass, hoffentlich nicht von dem Erbrochenen. Nein, nur nass. Wenn sie n\u00e4mlich keine Clowns w\u00e4ren, h\u00e4tten sie das bestimmt ein bisschen ernster genommen. Das war das, was mir dann in den n\u00e4chsten Tagen einfiel. [&hellip;]<\/p>\n\t\t\t\t<\/div>\n\n\t\t\t\t\t\t\t\t\t<a href=\"https:\/\/www.verdichtet.at\/?p=2592#respond\" class=\"su-post-comments-link\">0 Kommentare<\/a>\n\t\t\t\t\n\t\t\t<\/div>\n\n\t\t\t\t\t\n\t\t\t\n\t\t\t<div id=\"su-post-1566\" class=\"su-post \">\n\n\t\t\t\t\n\t\t\t\t<h2 class=\"su-post-title\"><a href=\"https:\/\/www.verdichtet.at\/?p=1566\">Die Insel des Gl\u00fccks, strahlend<\/a><\/h2>\n\n\t\t\t\t<div class=\"su-post-meta\">\n\t\t\t\t\tVer\u00f6ffentlicht: 4. August 2014\t\t\t\t<\/div>\n\n\t\t\t\t<div class=\"su-post-excerpt\">\n\t\t\t\t\t<p>In dem Moment, als mich der automatische Newsfeed meines Handys stumm vibrierend \u00fcber den Beschluss Premierminister Abes, wieder in die Kernenergie einzusteigen, informiert, zerplatzt ein einsamer Regentropfen auf meiner Wange. Monoton tosend zerbricht Welle auf Welle an den Tetrapoden unter einem Himmel, so st\u00e4hlern grau, dass ich kaum noch den Horizont auszumachen vermag, vor mir [&hellip;]<\/p>\n\t\t\t\t<\/div>\n\n\t\t\t\t\t\t\t\t\t<a href=\"https:\/\/www.verdichtet.at\/?p=1566#respond\" class=\"su-post-comments-link\">0 Kommentare<\/a>\n\t\t\t\t\n\t\t\t<\/div>\n\n\t\t\t\t\t\n\t\t\t\n\t\t\t<div id=\"su-post-124\" class=\"su-post \">\n\n\t\t\t\t\n\t\t\t\t<h2 class=\"su-post-title\"><a href=\"https:\/\/www.verdichtet.at\/?p=124\">Fieberphantasien im Pullmann-Abteil<\/a><\/h2>\n\n\t\t\t\t<div class=\"su-post-meta\">\n\t\t\t\t\tVer\u00f6ffentlicht: 24. November 2013\t\t\t\t<\/div>\n\n\t\t\t\t<div class=\"su-post-excerpt\">\n\t\t\t\t\t<p>Meinem ein bisschen versnobten damaligen Begleiter, einem jungakademischen Psychologen, kam es gerade recht, einer reiseunerfahrenen jungen Frau wie mir zu zeigen, wie man Reiseabenteuern souver\u00e4n begegnet. Handtellergro\u00dfe Kakerlaken auf dem Klobrett, doppelt zur Unterschrift vorgelegte Kreditkartenbelege und der Mietwagen, dessen Pneu die Luft nur bis zum n\u00e4chsten Stadtviertel halten konnte, fallen unter die Rubrik touristische [&hellip;]<\/p>\n\t\t\t\t<\/div>\n\n\t\t\t\t\t\t\t\t\t<a href=\"https:\/\/www.verdichtet.at\/?p=124#respond\" class=\"su-post-comments-link\">0 Kommentare<\/a>\n\t\t\t\t\n\t\t\t<\/div>\n\n\t\t\t\t\t\n\t\t\t\n\t\t\t<div id=\"su-post-87\" class=\"su-post \">\n\n\t\t\t\t\n\t\t\t\t<h2 class=\"su-post-title\"><a href=\"https:\/\/www.verdichtet.at\/?p=87\">Ah &#038; Oh!<\/a><\/h2>\n\n\t\t\t\t<div class=\"su-post-meta\">\n\t\t\t\t\tVer\u00f6ffentlicht: 24. November 2013\t\t\t\t<\/div>\n\n\t\t\t\t<div class=\"su-post-excerpt\">\n\t\t\t\t\t<p>Der Zug war voll und ganz knapp erwischten wir noch zwei Sitzpl\u00e4tze. Uns gegen\u00fcber so ein smarter Thirtysomething. Ein Anzugtr\u00e4ger mit stylischer Hornbrille, iPad und iPod. Er telefonierte, warf uns beiden M\u00e4dchen einen knappen gr\u00fc\u00dfenden Blick zu. Kathrin und ich wollten unsere Seminararbeit \u00fcber das Kartellrecht in der EU vorbereiten und starteten beflissen unsere Notebooks. [&hellip;]<\/p>\n\t\t\t\t<\/div>\n\n\t\t\t\t\t\t\t\t\t<a href=\"https:\/\/www.verdichtet.at\/?p=87#respond\" class=\"su-post-comments-link\">0 Kommentare<\/a>\n\t\t\t\t\n\t\t\t<\/div>\n\n\t\t\t\t\t\n\t\t\t\n\t\t\t<div id=\"su-post-85\" class=\"su-post \">\n\n\t\t\t\t\n\t\t\t\t<h2 class=\"su-post-title\"><a href=\"https:\/\/www.verdichtet.at\/?p=85\">Ahoi.<\/a><\/h2>\n\n\t\t\t\t<div class=\"su-post-meta\">\n\t\t\t\t\tVer\u00f6ffentlicht: 29. November 2013\t\t\t\t<\/div>\n\n\t\t\t\t<div class=\"su-post-excerpt\">\n\t\t\t\t\t<p>Also das mit der Martina war sowieso die \u00e4rgste Geschichte. Acht Jahre war ich mit ihr zusammen, alle H\u00f6hen und Tiefen. Dann verl\u00e4sst sie mich mit all ihren Sachen von heute auf morgen. Sie h\u00e4tte endlich eine Wohnung gefunden und den Auszug schon ganz lange im Sinn gehabt, jetzt w\u00e4re die passende Gelegenheit und der [&hellip;]<\/p>\n\t\t\t\t<\/div>\n\n\t\t\t\t\t\t\t\t\t<a href=\"https:\/\/www.verdichtet.at\/?p=85#respond\" class=\"su-post-comments-link\">0 Kommentare<\/a>\n\t\t\t\t\n\t\t\t<\/div>\n\n\t\t\n\t\n<\/div>\n\n","protected":false},"excerpt":{"rendered":"","protected":false},"author":4,"featured_media":0,"parent":405,"menu_order":0,"comment_status":"closed","ping_status":"closed","template":"","meta":{"footnotes":""},"class_list":["post-420","page","type-page","status-publish","hentry"],"_links":{"self":[{"href":"https:\/\/www.verdichtet.at\/index.php?rest_route=\/wp\/v2\/pages\/420","targetHints":{"allow":["GET"]}}],"collection":[{"href":"https:\/\/www.verdichtet.at\/index.php?rest_route=\/wp\/v2\/pages"}],"about":[{"href":"https:\/\/www.verdichtet.at\/index.php?rest_route=\/wp\/v2\/types\/page"}],"author":[{"embeddable":true,"href":"https:\/\/www.verdichtet.at\/index.php?rest_route=\/wp\/v2\/users\/4"}],"replies":[{"embeddable":true,"href":"https:\/\/www.verdichtet.at\/index.php?rest_route=%2Fwp%2Fv2%2Fcomments&post=420"}],"version-history":[{"count":2,"href":"https:\/\/www.verdichtet.at\/index.php?rest_route=\/wp\/v2\/pages\/420\/revisions"}],"predecessor-version":[{"id":1634,"href":"https:\/\/www.verdichtet.at\/index.php?rest_route=\/wp\/v2\/pages\/420\/revisions\/1634"}],"up":[{"embeddable":true,"href":"https:\/\/www.verdichtet.at\/index.php?rest_route=\/wp\/v2\/pages\/405"}],"wp:attachment":[{"href":"https:\/\/www.verdichtet.at\/index.php?rest_route=%2Fwp%2Fv2%2Fmedia&parent=420"}],"curies":[{"name":"wp","href":"https:\/\/api.w.org\/{rel}","templated":true}]}}