{"id":418,"date":"2013-11-28T18:45:13","date_gmt":"2013-11-28T18:45:13","guid":{"rendered":"http:\/\/www.verdichtet.at\/?page_id=418"},"modified":"2015-08-29T08:05:07","modified_gmt":"2015-08-29T08:05:07","slug":"hardly-secret-diary","status":"publish","type":"page","link":"https:\/\/www.verdichtet.at\/?page_id=418","title":{"rendered":"hardly secret diary"},"content":{"rendered":"<div class=\"pdfprnt-buttons pdfprnt-buttons-page pdfprnt-top-right\"><a href=\"https:\/\/www.verdichtet.at\/index.php?rest_route=wpv2pages418&print=pdf\" class=\"pdfprnt-button pdfprnt-button-pdf\" target=\"_blank\"><\/a><a href=\"https:\/\/www.verdichtet.at\/index.php?rest_route=wpv2pages418&print=print\" class=\"pdfprnt-button pdfprnt-button-print\" target=\"_blank\"><\/a><\/div>\n\n<div class=\"su-posts su-posts-default-loop \">\n\n\t\n\t\t\t\t\t\n\t\t\t\n\t\t\t<div id=\"su-post-15480\" class=\"su-post \">\n\n\t\t\t\t\n\t\t\t\t<h2 class=\"su-post-title\"><a href=\"https:\/\/www.verdichtet.at\/?p=15480\">Zur\u00fcck auf Start<\/a><\/h2>\n\n\t\t\t\t<div class=\"su-post-meta\">\n\t\t\t\t\tVer\u00f6ffentlicht: 16. Februar 2023\t\t\t\t<\/div>\n\n\t\t\t\t<div class=\"su-post-excerpt\">\n\t\t\t\t\t<p>Manchmal w\u00fcrd ich gern auf sicheren Wegen gehen und als sorgloses Blatt zur\u00fcck in meine Kindheit wehen, die ihr mit Argusaugen bewacht und mit Bedacht von Stolpersteinen befreit habt, sorgsam mit Moos ausgebettet, damit ich nicht hart aufschlag, wenn ich fall und mir blo\u00df ein paar Kratzer hol, die in eurem weichen Scho\u00df sekundenschnell heilen. [&hellip;]<\/p>\n\t\t\t\t<\/div>\n\n\t\t\t\t\t\t\t\t\t<a href=\"https:\/\/www.verdichtet.at\/?p=15480#respond\" class=\"su-post-comments-link\">0 Kommentare<\/a>\n\t\t\t\t\n\t\t\t<\/div>\n\n\t\t\t\t\t\n\t\t\t\n\t\t\t<div id=\"su-post-15930\" class=\"su-post \">\n\n\t\t\t\t\n\t\t\t\t<h2 class=\"su-post-title\"><a href=\"https:\/\/www.verdichtet.at\/?p=15930\">Wenn das Herz bricht<\/a><\/h2>\n\n\t\t\t\t<div class=\"su-post-meta\">\n\t\t\t\t\tVer\u00f6ffentlicht: 10. Mai 2023\t\t\t\t<\/div>\n\n\t\t\t\t<div class=\"su-post-excerpt\">\n\t\t\t\t\t<p>Wie schon so oft, bricht wieder mir das Herz obwohl ich dachte, dass ein neuer Schmerz &#8211; und sei er noch so monstr\u00f6s &#8211; ihm nichts mehr machte, dass es als Spezialist des Leids ihn beherzt verachte, und durch Erfahrung gescheit aus seinem Bannkreis verlachte. Ja, ich dachte wirklich, ich w\u00e4r jetzt so weit. War [&hellip;]<\/p>\n\t\t\t\t<\/div>\n\n\t\t\t\t\t\t\t\t\t<a href=\"https:\/\/www.verdichtet.at\/?p=15930#comments\" class=\"su-post-comments-link\">2 comments<\/a>\n\t\t\t\t\n\t\t\t<\/div>\n\n\t\t\t\t\t\n\t\t\t\n\t\t\t<div id=\"su-post-16551\" class=\"su-post \">\n\n\t\t\t\t\n\t\t\t\t<h2 class=\"su-post-title\"><a href=\"https:\/\/www.verdichtet.at\/?p=16551\">Nur noch einen Augenblick<\/a><\/h2>\n\n\t\t\t\t<div class=\"su-post-meta\">\n\t\t\t\t\tVer\u00f6ffentlicht: 25. August 2023\t\t\t\t<\/div>\n\n\t\t\t\t<div class=\"su-post-excerpt\">\n\t\t\t\t\t<p>Nur noch einen Augenblick, bis deine Seele fliegt und deinen Namen durch den Nachthimmel zieht, wo er neongelb aufblinkt, wenn der Mond sich noch schont und vom Sonnenlicht trinkt, bevor die Ewigkeit dann irgendwann in seinem Schein Funken spr\u00fcht, kunterbunt aufbl\u00fcht und dich stolz in ihren Armen wiegt, weil sie das Leben besiegt. Dann steht [&hellip;]<\/p>\n\t\t\t\t<\/div>\n\n\t\t\t\t\t\t\t\t\t<a href=\"https:\/\/www.verdichtet.at\/?p=16551#comments\" class=\"su-post-comments-link\">2 comments<\/a>\n\t\t\t\t\n\t\t\t<\/div>\n\n\t\t\t\t\t\n\t\t\t\n\t\t\t<div id=\"su-post-16697\" class=\"su-post \">\n\n\t\t\t\t\n\t\t\t\t<h2 class=\"su-post-title\"><a href=\"https:\/\/www.verdichtet.at\/?p=16697\">F\u00fcr meine Eltern<\/a><\/h2>\n\n\t\t\t\t<div class=\"su-post-meta\">\n\t\t\t\t\tVer\u00f6ffentlicht: 27. September 2023\t\t\t\t<\/div>\n\n\t\t\t\t<div class=\"su-post-excerpt\">\n\t\t\t\t\t<p>Ihr seid der Stamm, aus dem meine \u00c4ste sprie\u00dfen und der Fluss, in dem meine Tr\u00e4ume flie\u00dfen, habt mich unerm\u00fcdlich mit Liebe betankt, mein Herz geformt und mich mit Dornen umrankt, um meine Bl\u00fcten zu sch\u00fctzen, die auf knallbunten Bl\u00e4ttern sitzen, und ich sah euch unentwegt durch das Leben flitzen, weil ihr sie m\u00fchevoll angemalt [&hellip;]<\/p>\n\t\t\t\t<\/div>\n\n\t\t\t\t\t\t\t\t\t<a href=\"https:\/\/www.verdichtet.at\/?p=16697#respond\" class=\"su-post-comments-link\">0 Kommentare<\/a>\n\t\t\t\t\n\t\t\t<\/div>\n\n\t\t\t\t\t\n\t\t\t\n\t\t\t<div id=\"su-post-17371\" class=\"su-post \">\n\n\t\t\t\t\n\t\t\t\t<h2 class=\"su-post-title\"><a href=\"https:\/\/www.verdichtet.at\/?p=17371\">An den Tod<\/a><\/h2>\n\n\t\t\t\t<div class=\"su-post-meta\">\n\t\t\t\t\tVer\u00f6ffentlicht: 10. Januar 2024\t\t\t\t<\/div>\n\n\t\t\t\t<div class=\"su-post-excerpt\">\n\t\t\t\t\t<p>Vor dir, grausamer Geist, war noch niemand gefeit. Raubst mir mit eisiger K\u00e4lte die Lebendigkeit, lie\u00df\u2019t nicht lang auf dich warten. In deinem Spiel mit offenen Karten schlugst du r\u00fccksichtslos zu \u2013 mit deiner unerbittlichen Endlichkeit. \u201eLeben geht nicht ohne mich\u201c, sagst du, lachst h\u00e4misch und r\u00e4kelst dich selbstverliebt. Zielst mitten ins Herz, mit t\u00f6dlicher [&hellip;]<\/p>\n\t\t\t\t<\/div>\n\n\t\t\t\t\t\t\t\t\t<a href=\"https:\/\/www.verdichtet.at\/?p=17371#respond\" class=\"su-post-comments-link\">0 Kommentare<\/a>\n\t\t\t\t\n\t\t\t<\/div>\n\n\t\t\t\t\t\n\t\t\t\n\t\t\t<div id=\"su-post-17540\" class=\"su-post \">\n\n\t\t\t\t\n\t\t\t\t<h2 class=\"su-post-title\"><a href=\"https:\/\/www.verdichtet.at\/?p=17540\">Unverhofft kommt der Tod<\/a><\/h2>\n\n\t\t\t\t<div class=\"su-post-meta\">\n\t\t\t\t\tVer\u00f6ffentlicht: 1. Februar 2024\t\t\t\t<\/div>\n\n\t\t\t\t<div class=\"su-post-excerpt\">\n\t\t\t\t\t<p>Ich war nicht darauf vorbereitet, dass du gehst, glaube fast, dass man niemals wirklich vorbereitet ist. Und w\u00e4hrend ich in einer schalldichten Blase schweb und verzweifelt an deinem Leben kleb, rechne ich jeden Moment damit, dass du gleich vor mir stehst, dich zu mir drehst, und mir \u2013 wie immer \u2013 erz\u00e4hlst, wor\u00fcber du gerade [&hellip;]<\/p>\n\t\t\t\t<\/div>\n\n\t\t\t\t\t\t\t\t\t<a href=\"https:\/\/www.verdichtet.at\/?p=17540#respond\" class=\"su-post-comments-link\">0 Kommentare<\/a>\n\t\t\t\t\n\t\t\t<\/div>\n\n\t\t\t\t\t\n\t\t\t\n\t\t\t<div id=\"su-post-17738\" class=\"su-post \">\n\n\t\t\t\t\n\t\t\t\t<h2 class=\"su-post-title\"><a href=\"https:\/\/www.verdichtet.at\/?p=17738\">Jetzt bist du Staub<\/a><\/h2>\n\n\t\t\t\t<div class=\"su-post-meta\">\n\t\t\t\t\tVer\u00f6ffentlicht: 27. Februar 2024\t\t\t\t<\/div>\n\n\t\t\t\t<div class=\"su-post-excerpt\">\n\t\t\t\t\t<p>Jetzt bist du Staub. Und ich? Ich glaub immer noch nicht, dass dein Licht erloschen ist. Sehe auch nicht, wo du gerad\u2018 bist. F\u00fchl mich bleischwer und bin doch leer. Ein H\u00f6llenschmerz rei\u00dft mich entzwei. Platzwunden klaffen und durch mein Herz t\u00f6nt als Klagelied ein schriller Schrei. Will Klarheit schaffen. Ich dr\u00fcck auf Repeat und [&hellip;]<\/p>\n\t\t\t\t<\/div>\n\n\t\t\t\t\t\t\t\t\t<a href=\"https:\/\/www.verdichtet.at\/?p=17738#respond\" class=\"su-post-comments-link\">0 Kommentare<\/a>\n\t\t\t\t\n\t\t\t<\/div>\n\n\t\t\t\t\t\n\t\t\t\n\t\t\t<div id=\"su-post-17847\" class=\"su-post \">\n\n\t\t\t\t\n\t\t\t\t<h2 class=\"su-post-title\"><a href=\"https:\/\/www.verdichtet.at\/?p=17847\">F\u00fcr meinen Vater \u2013 Liebeserkl\u00e4rung<\/a><\/h2>\n\n\t\t\t\t<div class=\"su-post-meta\">\n\t\t\t\t\tVer\u00f6ffentlicht: 27. M\u00e4rz 2024\t\t\t\t<\/div>\n\n\t\t\t\t<div class=\"su-post-excerpt\">\n\t\t\t\t\t<p>Es gibt Ereignisse im Leben, die so tief einschneiden, dass unsere Herzen f\u00fcr immer verwundet bleiben und Worte fehlen, um das zu beschreiben. Alles, was du sagst, klingt durch meine R\u00e4ume. Das, wonach du fragst, bereichert meine Tr\u00e4ume. All das, was du denkst, n\u00e4hrt meine Theorien. Ich kann in deinem Licht vor meinen \u00c4ngsten flieh\u2019n. [&hellip;]<\/p>\n\t\t\t\t<\/div>\n\n\t\t\t\t\t\t\t\t\t<a href=\"https:\/\/www.verdichtet.at\/?p=17847#respond\" class=\"su-post-comments-link\">0 Kommentare<\/a>\n\t\t\t\t\n\t\t\t<\/div>\n\n\t\t\t\t\t\n\t\t\t\n\t\t\t<div id=\"su-post-18289\" class=\"su-post \">\n\n\t\t\t\t\n\t\t\t\t<h2 class=\"su-post-title\"><a href=\"https:\/\/www.verdichtet.at\/?p=18289\">F\u00fcr einen letzten Moment<\/a><\/h2>\n\n\t\t\t\t<div class=\"su-post-meta\">\n\t\t\t\t\tVer\u00f6ffentlicht: 15. Juni 2024\t\t\t\t<\/div>\n\n\t\t\t\t<div class=\"su-post-excerpt\">\n\t\t\t\t\t<p>Was w\u00fcrd ich geben f\u00fcr einen letzten Moment mit dir. Der all mein Streben und Tun lenkt, mich kostbar beschenkt und bis zum Ende fortbl\u00fcht in mir. Der in meinem Herzen Feuer f\u00e4ngt und \u2013 bis wir uns wiedersehen und die Wunder der Liebe geschehen \u2013 meinen Schmerz ausschwemmt. Wie all das, was mich am [&hellip;]<\/p>\n\t\t\t\t<\/div>\n\n\t\t\t\t\t\t\t\t\t<a href=\"https:\/\/www.verdichtet.at\/?p=18289#respond\" class=\"su-post-comments-link\">0 Kommentare<\/a>\n\t\t\t\t\n\t\t\t<\/div>\n\n\t\t\t\t\t\n\t\t\t\n\t\t\t<div id=\"su-post-19018\" class=\"su-post \">\n\n\t\t\t\t\n\t\t\t\t<h2 class=\"su-post-title\"><a href=\"https:\/\/www.verdichtet.at\/?p=19018\">Dialektik im Trauern<\/a><\/h2>\n\n\t\t\t\t<div class=\"su-post-meta\">\n\t\t\t\t\tVer\u00f6ffentlicht: 7. November 2024\t\t\t\t<\/div>\n\n\t\t\t\t<div class=\"su-post-excerpt\">\n\t\t\t\t\t<p>Ein Herbstgedicht Herbstlaub. Farbenfroh und leicht, f\u00e4llt erstmals ohne dich auf die Welt. Nebel. Grau in Grau und schwer, steigt empor. Deckt feig meine Sehnsucht. Rascheln. Lautstark und schrill, wenn ich im Laub deine Worte finden will. (\u2026 die mir so fehlen.) Mein Herz. Schmerzensvoll und leer, schweigt. Tobt still. Nur Erinnerung bleibt. Astwerk. Melancholisch [&hellip;]<\/p>\n\t\t\t\t<\/div>\n\n\t\t\t\t\t\t\t\t\t<a href=\"https:\/\/www.verdichtet.at\/?p=19018#respond\" class=\"su-post-comments-link\">0 Kommentare<\/a>\n\t\t\t\t\n\t\t\t<\/div>\n\n\t\t\t\t\t\n\t\t\t\n\t\t\t<div id=\"su-post-19672\" class=\"su-post \">\n\n\t\t\t\t\n\t\t\t\t<h2 class=\"su-post-title\"><a href=\"https:\/\/www.verdichtet.at\/?p=19672\">Verg\u00e4nglichkeit<\/a><\/h2>\n\n\t\t\t\t<div class=\"su-post-meta\">\n\t\t\t\t\tVer\u00f6ffentlicht: 1. M\u00e4rz 2025\t\t\t\t<\/div>\n\n\t\t\t\t<div class=\"su-post-excerpt\">\n\t\t\t\t\t<p>Leben \u2026 so schwer ohne dich Tr\u00e4ume \u2026 so leer ohne dich Jahre \u2026 in Licht geh\u00fcllt so dicht gef\u00fcllt mit dir Gedanken \u2026 h\u00e4ngen fest an dir verdr\u00e4ngen Worte hin zu dir und der Verstand kann nicht fassen weil Konturen verblassen denn das Jahr legt einen Schleier \u00fcber dein Gesicht doch das Herz \u2026 [&hellip;]<\/p>\n\t\t\t\t<\/div>\n\n\t\t\t\t\t\t\t\t\t<a href=\"https:\/\/www.verdichtet.at\/?p=19672#comments\" class=\"su-post-comments-link\">2 comments<\/a>\n\t\t\t\t\n\t\t\t<\/div>\n\n\t\t\t\t\t\n\t\t\t\n\t\t\t<div id=\"su-post-20352\" class=\"su-post \">\n\n\t\t\t\t\n\t\t\t\t<h2 class=\"su-post-title\"><a href=\"https:\/\/www.verdichtet.at\/?p=20352\">Seelentanz<\/a><\/h2>\n\n\t\t\t\t<div class=\"su-post-meta\">\n\t\t\t\t\tVer\u00f6ffentlicht: 3. Juli 2025\t\t\t\t<\/div>\n\n\t\t\t\t<div class=\"su-post-excerpt\">\n\t\t\t\t\t<p>Ist wirklich schon so viel Zeit vergangen? \u00dcber meine pl\u00f6tzliche Verunsicherung und die regelm\u00e4\u00dfig wiederkehrenden Unvorhersehbarkeiten des Lebens staunend, setze ich mich an einen fein gedeckten Tisch am Meer und stelle fest, dass ich doch nicht vor allem gefeit bin, auch nach den vielen Jahren nicht. Aber was w\u00e4re das Leben ohne neue Herausforderungen, mit [&hellip;]<\/p>\n\t\t\t\t<\/div>\n\n\t\t\t\t\t\t\t\t\t<a href=\"https:\/\/www.verdichtet.at\/?p=20352#respond\" class=\"su-post-comments-link\">0 Kommentare<\/a>\n\t\t\t\t\n\t\t\t<\/div>\n\n\t\t\t\t\t\n\t\t\t\n\t\t\t<div id=\"su-post-21493\" class=\"su-post \">\n\n\t\t\t\t\n\t\t\t\t<h2 class=\"su-post-title\"><a href=\"https:\/\/www.verdichtet.at\/?p=21493\">Narbenherz<\/a><\/h2>\n\n\t\t\t\t<div class=\"su-post-meta\">\n\t\t\t\t\tVer\u00f6ffentlicht: 7. Dezember 2025\t\t\t\t<\/div>\n\n\t\t\t\t<div class=\"su-post-excerpt\">\n\t\t\t\t\t<p>Ich w\u00fcrd gern mal \u2013fern aller Realit\u00e4tenund von einem sp\u00e4tenSelbsterneuerungsdrang getrieben,in den ich bei Windst\u00e4rke siebennach einem hohen Wellengang,den mir das Leben beschied,sang- und klanglos geriet \u2013mein Herz entleeren. Es auf links drehen,um das Innere nach au\u00dfen zu kehren,bis in verborgene Winkel sp\u00e4hen,es dann an seiner Spitze packen,kr\u00e4ftig r\u00fctteln und sch\u00fctteln,sodass alle Sorgen und Macken,die [&hellip;]<\/p>\n\t\t\t\t<\/div>\n\n\t\t\t\t\t\t\t\t\t<a href=\"https:\/\/www.verdichtet.at\/?p=21493#comments\" class=\"su-post-comments-link\">5 comments<\/a>\n\t\t\t\t\n\t\t\t<\/div>\n\n\t\t\t\t\t\n\t\t\t\n\t\t\t<div id=\"su-post-22273\" class=\"su-post \">\n\n\t\t\t\t\n\t\t\t\t<h2 class=\"su-post-title\"><a href=\"https:\/\/www.verdichtet.at\/?p=22273\">Tagebuch Georg D. 13.3.2026<\/a><\/h2>\n\n\t\t\t\t<div class=\"su-post-meta\">\n\t\t\t\t\tVer\u00f6ffentlicht: 3. April 2026\t\t\t\t<\/div>\n\n\t\t\t\t<div class=\"su-post-excerpt\">\n\t\t\t\t\t<p>Liebes Tagebuch! Jetzt ist mir schon wieder etwas passiert. Ich habe meinen F\u00fchrerschein abgeben m\u00fcssen, wegen einer Lappalie. Ich war unterwegs und pl\u00f6tzlich habe ich Hunger bekommen. Also bin ich zu einem McDonald&#8217;s gefahren und habe mich hineingesetzt. Nach drei Cheeseburgern und einer Cola wollte ich weiterfahren, da habe ich bemerkt, dass ein Kindergeburtstag beim [&hellip;]<\/p>\n\t\t\t\t<\/div>\n\n\t\t\t\t\t\t\t\t\t<a href=\"https:\/\/www.verdichtet.at\/?p=22273#respond\" class=\"su-post-comments-link\">0 Kommentare<\/a>\n\t\t\t\t\n\t\t\t<\/div>\n\n\t\t\t\t\t\n\t\t\t\n\t\t\t<div id=\"su-post-20810\" class=\"su-post \">\n\n\t\t\t\t\n\t\t\t\t<h2 class=\"su-post-title\"><a href=\"https:\/\/www.verdichtet.at\/?p=20810\">Der kleine Mann<\/a><\/h2>\n\n\t\t\t\t<div class=\"su-post-meta\">\n\t\t\t\t\tVer\u00f6ffentlicht: 30. August 2025\t\t\t\t<\/div>\n\n\t\t\t\t<div class=\"su-post-excerpt\">\n\t\t\t\t\t<p>Komme ich zur\u00fcck in meine kleine Wohnung, sieht es dort so aus, wie ich sie verlassen habe. Ich wohne alleine, und niemand hat einen Schl\u00fcssel, so kann sich nie etwas in ihr ver\u00e4ndert haben. Das Internet auf meinem Desktop-Computer bringt mir die digitale Welt nachhause, aber eben nur die digitale, nicht die echte. Bin ich [&hellip;]<\/p>\n\t\t\t\t<\/div>\n\n\t\t\t\t\t\t\t\t\t<a href=\"https:\/\/www.verdichtet.at\/?p=20810#respond\" class=\"su-post-comments-link\">0 Kommentare<\/a>\n\t\t\t\t\n\t\t\t<\/div>\n\n\t\t\t\t\t\n\t\t\t\n\t\t\t<div id=\"su-post-20517\" class=\"su-post \">\n\n\t\t\t\t\n\t\t\t\t<h2 class=\"su-post-title\"><a href=\"https:\/\/www.verdichtet.at\/?p=20517\">Transit<\/a><\/h2>\n\n\t\t\t\t<div class=\"su-post-meta\">\n\t\t\t\t\tVer\u00f6ffentlicht: 27. Juli 2025\t\t\t\t<\/div>\n\n\t\t\t\t<div class=\"su-post-excerpt\">\n\t\t\t\t\t<p>Johannes Tosin(Text und Foto) www.verdichtet.at | Kategorie: hardly secret diary | Inventarnummer: 25141<\/p>\n\t\t\t\t<\/div>\n\n\t\t\t\t\t\t\t\t\t<a href=\"https:\/\/www.verdichtet.at\/?p=20517#comments\" class=\"su-post-comments-link\">2 comments<\/a>\n\t\t\t\t\n\t\t\t<\/div>\n\n\t\t\t\t\t\n\t\t\t\n\t\t\t<div id=\"su-post-18485\" class=\"su-post \">\n\n\t\t\t\t\n\t\t\t\t<h2 class=\"su-post-title\"><a href=\"https:\/\/www.verdichtet.at\/?p=18485\">schmetterlingsm\u00fcnder und kokonw\u00fcnsche<\/a><\/h2>\n\n\t\t\t\t<div class=\"su-post-meta\">\n\t\t\t\t\tVer\u00f6ffentlicht: 4. August 2024\t\t\t\t<\/div>\n\n\t\t\t\t<div class=\"su-post-excerpt\">\n\t\t\t\t\t<p>es schl\u00e4gt herbst. hei\u00df faselt der kaffee in seiner tassenwelt. eine weitere phase brennender bl\u00e4tter und schwerer wolkentr\u00e4nen. der oktober schl\u00e4ft sich nun immer mehr zur tode und der sommer flie\u00dft [aus den parkk\u00f6rpern gewaschen] zu unseren erinnerungen hin. damals: ein auffinden des anderen mit neugierde bedruckt. nun: ich verstecke mich hinter kriminalromanen und du [&hellip;]<\/p>\n\t\t\t\t<\/div>\n\n\t\t\t\t\t\t\t\t\t<a href=\"https:\/\/www.verdichtet.at\/?p=18485#respond\" class=\"su-post-comments-link\">0 Kommentare<\/a>\n\t\t\t\t\n\t\t\t<\/div>\n\n\t\t\t\t\t\n\t\t\t\n\t\t\t<div id=\"su-post-19277\" class=\"su-post \">\n\n\t\t\t\t\n\t\t\t\t<h2 class=\"su-post-title\"><a href=\"https:\/\/www.verdichtet.at\/?p=19277\">ausgrabung am offenen herzen<\/a><\/h2>\n\n\t\t\t\t<div class=\"su-post-meta\">\n\t\t\t\t\tVer\u00f6ffentlicht: 21. Dezember 2024\t\t\t\t<\/div>\n\n\t\t\t\t<div class=\"su-post-excerpt\">\n\t\t\t\t\t<p>selbst[betr]achtung. eingriff am selbst. ein beginnen \u2013 das kritische auge [schaufelzwilling]. ein wandern. um jede weitere schippe \u2013 das freilegen der seele [nahe dem kern]. im loch liegend: staub von sich gepustet. fundst\u00fccke [reichlich] aus dem verborgenen geborgen. augenblick \u2013 ein aufbauen der ewigkeit. atmen \u2013 \u201edas bin ich also\u201c. Tim Tensfeld https:\/\/www.autorenwelt.de\/person\/tim-tensfeld https:\/\/www.literaturport.de\/lexikon\/tim-tensfeld www.verdichtet.at [&hellip;]<\/p>\n\t\t\t\t<\/div>\n\n\t\t\t\t\t\t\t\t\t<a href=\"https:\/\/www.verdichtet.at\/?p=19277#respond\" class=\"su-post-comments-link\">0 Kommentare<\/a>\n\t\t\t\t\n\t\t\t<\/div>\n\n\t\t\t\t\t\n\t\t\t\n\t\t\t<div id=\"su-post-19250\" class=\"su-post \">\n\n\t\t\t\t\n\t\t\t\t<h2 class=\"su-post-title\"><a href=\"https:\/\/www.verdichtet.at\/?p=19250\">Der Z\u00e4hler<\/a><\/h2>\n\n\t\t\t\t<div class=\"su-post-meta\">\n\t\t\t\t\tVer\u00f6ffentlicht: 18. Dezember 2024\t\t\t\t<\/div>\n\n\t\t\t\t<div class=\"su-post-excerpt\">\n\t\t\t\t\t<p>Ich z\u00e4hle. Ich z\u00e4hle, weil ich z\u00e4hlen muss. Ich kann nichts dagegen tun. Ich kann mich nur damit abfinden, das habe ich getan. Ich z\u00e4hle immer weiter. Neben dem Z\u00e4hlen kann ich nichts tun. Esse ich oder tue ich etwas anderes, notiere ich die letzte Zahl. 14\u00a0972\u00a0386\u00a0192. Bin ich fertig, z\u00e4hle ich weiter, 14\u00a0972\u00a0386\u00a0193. Ich [&hellip;]<\/p>\n\t\t\t\t<\/div>\n\n\t\t\t\t\t\t\t\t\t<a href=\"https:\/\/www.verdichtet.at\/?p=19250#respond\" class=\"su-post-comments-link\">0 Kommentare<\/a>\n\t\t\t\t\n\t\t\t<\/div>\n\n\t\t\t\t\t\n\t\t\t\n\t\t\t<div id=\"su-post-18734\" class=\"su-post \">\n\n\t\t\t\t\n\t\t\t\t<h2 class=\"su-post-title\"><a href=\"https:\/\/www.verdichtet.at\/?p=18734\">The Story of Chantal Buxbaum<\/a><\/h2>\n\n\t\t\t\t<div class=\"su-post-meta\">\n\t\t\t\t\tVer\u00f6ffentlicht: 4. Oktober 2024\t\t\t\t<\/div>\n\n\t\t\t\t<div class=\"su-post-excerpt\">\n\t\t\t\t\t<p>F\u00fcr Chantal Buxbaum, geboren in einem K\u00e4rntner Seitental, ist es nicht gut gelaufen. Keine Ausbildung, Trinkerei, Absturz, Verlust des Arbeitsplatzes, Fr\u00fchpension. Dann Entzug, jetzt ist sie clean \u2013 das ist wieder positiv. Zudem ist sie keine sch\u00f6ne Frau, sie war nie h\u00fcbsch \u2013 so heiratete sie auch nie, und sie ist kinderlos \u2013 sie hat [&hellip;]<\/p>\n\t\t\t\t<\/div>\n\n\t\t\t\t\t\t\t\t\t<a href=\"https:\/\/www.verdichtet.at\/?p=18734#respond\" class=\"su-post-comments-link\">0 Kommentare<\/a>\n\t\t\t\t\n\t\t\t<\/div>\n\n\t\t\t\t\t\n\t\t\t\n\t\t\t<div id=\"su-post-18574\" class=\"su-post \">\n\n\t\t\t\t\n\t\t\t\t<h2 class=\"su-post-title\"><a href=\"https:\/\/www.verdichtet.at\/?p=18574\">Pretty Good Privacy<\/a><\/h2>\n\n\t\t\t\t<div class=\"su-post-meta\">\n\t\t\t\t\tVer\u00f6ffentlicht: 22. August 2024\t\t\t\t<\/div>\n\n\t\t\t\t<div class=\"su-post-excerpt\">\n\t\t\t\t\t<p>Er war sehr um Privatheit bem\u00fcht, Geheimnummer, keine \u00f6ffentlichen Daten. Er wusste schon, warum. Pl\u00f6tzlich stand seine Adresse im Internet. Irgendein Sicherheitsleck, keine Ahnung wieso. Kann man nichts machen, dachte er, war halt so. Dann kamen die Briefe, rosa, hellblau, parf\u00fcmiert, in verschlungener Leidenschaftsschrift. \u201eDu hast Post bekommen\u201c, sagte seine Frau, \u201eSchatz!\u201c Johannes Tosin (Text [&hellip;]<\/p>\n\t\t\t\t<\/div>\n\n\t\t\t\t\t\t\t\t\t<a href=\"https:\/\/www.verdichtet.at\/?p=18574#respond\" class=\"su-post-comments-link\">0 Kommentare<\/a>\n\t\t\t\t\n\t\t\t<\/div>\n\n\t\t\t\t\t\n\t\t\t\n\t\t\t<div id=\"su-post-2075\" class=\"su-post \">\n\n\t\t\t\t\n\t\t\t\t<h2 class=\"su-post-title\"><a href=\"https:\/\/www.verdichtet.at\/?p=2075\">Alles M\u00fcll<\/a><\/h2>\n\n\t\t\t\t<div class=\"su-post-meta\">\n\t\t\t\t\tVer\u00f6ffentlicht: 9. Januar 2015\t\t\t\t<\/div>\n\n\t\t\t\t<div class=\"su-post-excerpt\">\n\t\t\t\t\t<p>M\u00fcll bleibt \u00fcbrig, wenn alles verwertet ist. M\u00fcll ist etwas Entbehrliches, oftmals vermeintlich. Heutzutage wird so viel weggeworfen wie nie zuvor, man spricht aber nicht mehr nur von M\u00fcll, sondern von \u201eWertstoff\u201c. Dinge werden produziert, verbraucht oder gebraucht, manchmal ein Leben lang, aber meist nur f\u00fcr wenige Sekunden oder gar nicht. Vieles entsteht lediglich um [&hellip;]<\/p>\n\t\t\t\t<\/div>\n\n\t\t\t\t\t\t\t\t\t<a href=\"https:\/\/www.verdichtet.at\/?p=2075#respond\" class=\"su-post-comments-link\">0 Kommentare<\/a>\n\t\t\t\t\n\t\t\t<\/div>\n\n\t\t\t\t\t\n\t\t\t\n\t\t\t<div id=\"su-post-2214\" class=\"su-post \">\n\n\t\t\t\t\n\t\t\t\t<h2 class=\"su-post-title\"><a href=\"https:\/\/www.verdichtet.at\/?p=2214\">Birkengeheimnis<\/a><\/h2>\n\n\t\t\t\t<div class=\"su-post-meta\">\n\t\t\t\t\tVer\u00f6ffentlicht: 13. Februar 2015\t\t\t\t<\/div>\n\n\t\t\t\t<div class=\"su-post-excerpt\">\n\t\t\t\t\t<p>Bei dem Begriff Birken denke ich nicht in erster Linie an Cechov und die anderen russischen Autoren. Vor allem habe ich einen abgewetzten Schuhkarton vor Augen, in dem meine Mutter ihre Feldpostkarten gesammelt hat. In melancholischen Abendstunden holte sie ihn hervor, zog einzelne Karten heraus und las vor. An ihren Inhalt kann ich mich nicht [&hellip;]<\/p>\n\t\t\t\t<\/div>\n\n\t\t\t\t\t\t\t\t\t<a href=\"https:\/\/www.verdichtet.at\/?p=2214#respond\" class=\"su-post-comments-link\">0 Kommentare<\/a>\n\t\t\t\t\n\t\t\t<\/div>\n\n\t\t\t\t\t\n\t\t\t\n\t\t\t<div id=\"su-post-2447\" class=\"su-post \">\n\n\t\t\t\t\n\t\t\t\t<h2 class=\"su-post-title\"><a href=\"https:\/\/www.verdichtet.at\/?p=2447\">Auch so eine Geschichte<\/a><\/h2>\n\n\t\t\t\t<div class=\"su-post-meta\">\n\t\t\t\t\tVer\u00f6ffentlicht: 10. April 2015\t\t\t\t<\/div>\n\n\t\t\t\t<div class=\"su-post-excerpt\">\n\t\t\t\t\t<p>Die Sachlerin ist eine Frau in den Siebzigern. Sie ist mir schon \u00f6fter auf der Stra\u00dfe begegnet und hat mich freundschaftlich mit Gria\u00dfde angesprochen. Aha, bist auch wieder mal zu Besuch. Sie l\u00e4chelt einen offen an. Ihre Augen haben etwas Direktes und Ehrliches, ihre Z\u00fcge sind einladend. Eine einfache Frau, auf die Verlass ist, die [&hellip;]<\/p>\n\t\t\t\t<\/div>\n\n\t\t\t\t\t\t\t\t\t<a href=\"https:\/\/www.verdichtet.at\/?p=2447#comments\" class=\"su-post-comments-link\">2 comments<\/a>\n\t\t\t\t\n\t\t\t<\/div>\n\n\t\t\t\t\t\n\t\t\t\n\t\t\t<div id=\"su-post-2984\" class=\"su-post \">\n\n\t\t\t\t\n\t\t\t\t<h2 class=\"su-post-title\"><a href=\"https:\/\/www.verdichtet.at\/?p=2984\">Dem Zweifel entfliehen, der Leere, der Traurigkeit<\/a><\/h2>\n\n\t\t\t\t<div class=\"su-post-meta\">\n\t\t\t\t\tVer\u00f6ffentlicht: 2. August 2015\t\t\t\t<\/div>\n\n\t\t\t\t<div class=\"su-post-excerpt\">\n\t\t\t\t\t<p>Wenn M\u00fcdigkeit sich in mir auszubreiten beginnt, lasse ich sie Besitz von mir ergreifen. Sie kommt mir gerade recht. Ich sp\u00fcre, wie sie anf\u00e4ngt, meinen Verstand zu l\u00e4hmen. Alles in meinem Hirn wird unwichtig. Die Augen fallen mir zu und ich gebe mich dem angenehmen Gef\u00fchl hin, hinabzusinken in die lautlose Dunkelheit. W\u00e4hrend ich das [&hellip;]<\/p>\n\t\t\t\t<\/div>\n\n\t\t\t\t\t\t\t\t\t<a href=\"https:\/\/www.verdichtet.at\/?p=2984#respond\" class=\"su-post-comments-link\">0 Kommentare<\/a>\n\t\t\t\t\n\t\t\t<\/div>\n\n\t\t\t\t\t\n\t\t\t\n\t\t\t<div id=\"su-post-18160\" class=\"su-post \">\n\n\t\t\t\t\n\t\t\t\t<h2 class=\"su-post-title\"><a href=\"https:\/\/www.verdichtet.at\/?p=18160\">Die Sonnenbrille<\/a><\/h2>\n\n\t\t\t\t<div class=\"su-post-meta\">\n\t\t\t\t\tVer\u00f6ffentlicht: 25. Mai 2024\t\t\t\t<\/div>\n\n\t\t\t\t<div class=\"su-post-excerpt\">\n\t\t\t\t\t<p>Ich sa\u00df vor Angst erstarrt in meinen B\u00fcgeln, steckte sie fest in vorgegeb\u2019ne L\u00f6cher. Um mich andre Brillen noch und n\u00f6cher. Es galt, jede Bewegungslust zu z\u00fcgeln. Doch dann kamst du und alles drehte im Kreise sich, bis du mich fasstest Und aus den L\u00f6chern zogst und mich entrastest. Ach, wie ich dir entgegenschwebte! Beweglich [&hellip;]<\/p>\n\t\t\t\t<\/div>\n\n\t\t\t\t\t\t\t\t\t<a href=\"https:\/\/www.verdichtet.at\/?p=18160#respond\" class=\"su-post-comments-link\">0 Kommentare<\/a>\n\t\t\t\t\n\t\t\t<\/div>\n\n\t\t\t\t\t\n\t\t\t\n\t\t\t<div id=\"su-post-17767\" class=\"su-post \">\n\n\t\t\t\t\n\t\t\t\t<h2 class=\"su-post-title\"><a href=\"https:\/\/www.verdichtet.at\/?p=17767\">Luna<\/a><\/h2>\n\n\t\t\t\t<div class=\"su-post-meta\">\n\t\t\t\t\tVer\u00f6ffentlicht: 2. M\u00e4rz 2024\t\t\t\t<\/div>\n\n\t\t\t\t<div class=\"su-post-excerpt\">\n\t\t\t\t\t<p>Ich bin gl\u00fccklich. Ich habe den Mond ganz f\u00fcr mich allein, weil nur ich hier bin. Der einzige Astronaut, nur ich in der Mondbasis. Diese Stille! Und diese kleine Erde, dabei ist sie gar nicht klein. Wie ich es liebe, blo\u00df auf Mondgestein zu sitzen. Doch allm\u00e4hlich beschleicht mich die Vermutung, dass mit meiner Idylle [&hellip;]<\/p>\n\t\t\t\t<\/div>\n\n\t\t\t\t\t\t\t\t\t<a href=\"https:\/\/www.verdichtet.at\/?p=17767#respond\" class=\"su-post-comments-link\">0 Kommentare<\/a>\n\t\t\t\t\n\t\t\t<\/div>\n\n\t\t\t\t\t\n\t\t\t\n\t\t\t<div id=\"su-post-13300\" class=\"su-post \">\n\n\t\t\t\t\n\t\t\t\t<h2 class=\"su-post-title\"><a href=\"https:\/\/www.verdichtet.at\/?p=13300\">Haute Couture<\/a><\/h2>\n\n\t\t\t\t<div class=\"su-post-meta\">\n\t\t\t\t\tVer\u00f6ffentlicht: 23. Oktober 2021\t\t\t\t<\/div>\n\n\t\t\t\t<div class=\"su-post-excerpt\">\n\t\t\t\t\t<p>Ganz bewusst und voller Lebensfreude begab sie sich in den Sog. In den Sog des Konsums, ausgerichtet, um zu gefallen. Gerne nahm sie in Kauf, Dinge nicht mehr um ihrer Sch\u00f6nheit willen zu betrachten, sondern nur noch zu bewerten, ob sie zum jeweiligen Mainstream passten. Berauschend fand sie die Einkaufstouren, bei denen es nur darum [&hellip;]<\/p>\n\t\t\t\t<\/div>\n\n\t\t\t\t\t\t\t\t\t<a href=\"https:\/\/www.verdichtet.at\/?p=13300#respond\" class=\"su-post-comments-link\">0 Kommentare<\/a>\n\t\t\t\t\n\t\t\t<\/div>\n\n\t\t\t\t\t\n\t\t\t\n\t\t\t<div id=\"su-post-18048\" class=\"su-post \">\n\n\t\t\t\t\n\t\t\t\t<h2 class=\"su-post-title\"><a href=\"https:\/\/www.verdichtet.at\/?p=18048\">Katzenm\u00e4dchen<\/a><\/h2>\n\n\t\t\t\t<div class=\"su-post-meta\">\n\t\t\t\t\tVer\u00f6ffentlicht: 25. April 2024\t\t\t\t<\/div>\n\n\t\t\t\t<div class=\"su-post-excerpt\">\n\t\t\t\t\t<p>Geweint hatte sie, die Nachbarin vom dritten Stock, als du ihr zuf\u00e4llig im Stiegenhaus begegnet bist. Geweint vor dir, einer ihr relativ Unbekannten, und auf dein behutsames Nachfragen stockend erz\u00e4hlt, soeben erfahren zu haben, dass ihr Bruder einen schweren Autounfall gehabt hat, dass sie zu ihm wolle, f\u00fcr ein, zwei Wochen, mit dem n\u00e4chstm\u00f6glichen Flug, [&hellip;]<\/p>\n\t\t\t\t<\/div>\n\n\t\t\t\t\t\t\t\t\t<a href=\"https:\/\/www.verdichtet.at\/?p=18048#comments\" class=\"su-post-comments-link\">2 comments<\/a>\n\t\t\t\t\n\t\t\t<\/div>\n\n\t\t\t\t\t\n\t\t\t\n\t\t\t<div id=\"su-post-17698\" class=\"su-post \">\n\n\t\t\t\t\n\t\t\t\t<h2 class=\"su-post-title\"><a href=\"https:\/\/www.verdichtet.at\/?p=17698\">Mein Leben mit A.<\/a><\/h2>\n\n\t\t\t\t<div class=\"su-post-meta\">\n\t\t\t\t\tVer\u00f6ffentlicht: 23. Februar 2024\t\t\t\t<\/div>\n\n\t\t\t\t<div class=\"su-post-excerpt\">\n\t\t\t\t\t<p>Es waren zwei Figuren, die der eher naiven V., die ebenso sicher ihren Platz im Wiener kulturellen Leben zu verteidigen wusste, als auch A., die es eher verkrampft, aufsteigerisch dazu bringen wollte: der Drang \u00fcber anderen stehen zu wollen, kulturell, intellektuell, moralisch. Nichts auslassen zu wollen: Kultur als eine M\u00f6glichkeit, das Leben \u00e4ndern zu wollen. [&hellip;]<\/p>\n\t\t\t\t<\/div>\n\n\t\t\t\t\t\t\t\t\t<a href=\"https:\/\/www.verdichtet.at\/?p=17698#respond\" class=\"su-post-comments-link\">0 Kommentare<\/a>\n\t\t\t\t\n\t\t\t<\/div>\n\n\t\t\t\t\t\n\t\t\t\n\t\t\t<div id=\"su-post-17441\" class=\"su-post \">\n\n\t\t\t\t\n\t\t\t\t<h2 class=\"su-post-title\"><a href=\"https:\/\/www.verdichtet.at\/?p=17441\">Die sch\u00f6ne Unbekannte<\/a><\/h2>\n\n\t\t\t\t<div class=\"su-post-meta\">\n\t\t\t\t\tVer\u00f6ffentlicht: 25. Januar 2024\t\t\t\t<\/div>\n\n\t\t\t\t<div class=\"su-post-excerpt\">\n\t\t\t\t\t<p>Zum ersten Mal traf ich sie in der Bibliothek. Das war gleich nach Neujahr. Ich setzte mich neben sie und bemerkte, als sie ging, dass sie einen sch\u00f6nen gemusterten Schal trug. Die erste Begegnung blieb folgenlos. Ich ging meinen Tagesgesch\u00e4ften nach und besch\u00e4ftigte mich mit anderen Dingen. Es war mir klar, dass ich nicht allein [&hellip;]<\/p>\n\t\t\t\t<\/div>\n\n\t\t\t\t\t\t\t\t\t<a href=\"https:\/\/www.verdichtet.at\/?p=17441#respond\" class=\"su-post-comments-link\">0 Kommentare<\/a>\n\t\t\t\t\n\t\t\t<\/div>\n\n\t\t\t\t\t\n\t\t\t\n\t\t\t<div id=\"su-post-17033\" class=\"su-post \">\n\n\t\t\t\t\n\t\t\t\t<h2 class=\"su-post-title\"><a href=\"https:\/\/www.verdichtet.at\/?p=17033\">\u00dcber Nacht<\/a><\/h2>\n\n\t\t\t\t<div class=\"su-post-meta\">\n\t\t\t\t\tVer\u00f6ffentlicht: 17. November 2023\t\t\t\t<\/div>\n\n\t\t\t\t<div class=\"su-post-excerpt\">\n\t\t\t\t\t<p>die Lage ver\u00e4ndern Bilder und T\u00f6ne verschieben \u00fcber Nacht die Lage ver\u00e4ndern in der Herzgegend Vergessenes Getr\u00e4umtes flie\u00dft wie von selbst sickert ein in unser Gewebe in unsere Vertiefungen in unsere Endungen Claudia Dvoracek-Iby www.verdichtet.at | Kategorie: hardly secret diary| Inventarnummer: 23164<\/p>\n\t\t\t\t<\/div>\n\n\t\t\t\t\t\t\t\t\t<a href=\"https:\/\/www.verdichtet.at\/?p=17033#comments\" class=\"su-post-comments-link\">2 comments<\/a>\n\t\t\t\t\n\t\t\t<\/div>\n\n\t\t\t\t\t\n\t\t\t\n\t\t\t<div id=\"su-post-17031\" class=\"su-post \">\n\n\t\t\t\t\n\t\t\t\t<h2 class=\"su-post-title\"><a href=\"https:\/\/www.verdichtet.at\/?p=17031\">Hintertreppen<\/a><\/h2>\n\n\t\t\t\t<div class=\"su-post-meta\">\n\t\t\t\t\tVer\u00f6ffentlicht: 17. November 2023\t\t\t\t<\/div>\n\n\t\t\t\t<div class=\"su-post-excerpt\">\n\t\t\t\t\t<p>ist es ein Beginn das Tr\u00e4umen vom Erwachen und ist es Wiederholung (es zu \u00e4u\u00dfern) die M\u00f6glichkeiten auf Vogelfedern zwischen Buchseiten unter Baumrinden zu leben das Verlangen nach Zwischent\u00f6nen und das Bem\u00fcht-Sein wer wei\u00df schon, woher die Gedanken an Sicherheiten kommen und wo sie zerfallen am Anfang steht immer (und) ein bl\u00fchender Baum Claudia Dvoracek-Iby [&hellip;]<\/p>\n\t\t\t\t<\/div>\n\n\t\t\t\t\t\t\t\t\t<a href=\"https:\/\/www.verdichtet.at\/?p=17031#respond\" class=\"su-post-comments-link\">0 Kommentare<\/a>\n\t\t\t\t\n\t\t\t<\/div>\n\n\t\t\t\t\t\n\t\t\t\n\t\t\t<div id=\"su-post-16706\" class=\"su-post \">\n\n\t\t\t\t\n\t\t\t\t<h2 class=\"su-post-title\"><a href=\"https:\/\/www.verdichtet.at\/?p=16706\">Der Mann, der sein Butterbrot nicht aufa\u00df. Ein Kurzkrimi<\/a><\/h2>\n\n\t\t\t\t<div class=\"su-post-meta\">\n\t\t\t\t\tVer\u00f6ffentlicht: 27. September 2023\t\t\t\t<\/div>\n\n\t\t\t\t<div class=\"su-post-excerpt\">\n\t\t\t\t\t<p>Schon eine Woche zuvor, als noch Licht gebrannt hat, oben, im schwarzgewordenen Betonneubau. Die Nacht rauschte und einige vergrabene Gedanken flackerten klammheimlich zum Mond, dem einen. \u00dcber dem lieben langen Tag lag nun ein Schatten und deine W\u00fcnsche auf den Lippen, die dich aus dem Innersten durchstiegen, glucksten heraus aus dem Fenster. Eulenschlau dachtest du [&hellip;]<\/p>\n\t\t\t\t<\/div>\n\n\t\t\t\t\t\t\t\t\t<a href=\"https:\/\/www.verdichtet.at\/?p=16706#respond\" class=\"su-post-comments-link\">0 Kommentare<\/a>\n\t\t\t\t\n\t\t\t<\/div>\n\n\t\t\t\t\t\n\t\t\t\n\t\t\t<div id=\"su-post-15926\" class=\"su-post \">\n\n\t\t\t\t\n\t\t\t\t<h2 class=\"su-post-title\"><a href=\"https:\/\/www.verdichtet.at\/?p=15926\">Ich sehe mich selbst<\/a><\/h2>\n\n\t\t\t\t<div class=\"su-post-meta\">\n\t\t\t\t\tVer\u00f6ffentlicht: 12. Mai 2023\t\t\t\t<\/div>\n\n\t\t\t\t<div class=\"su-post-excerpt\">\n\t\t\t\t\t<p>Ich sehe mich selbst. Und ich bin weit entfernt von dem, der mich sieht, der auch ich bin. Johannes Tosin (Text und Bild) www.verdichtet.at | Kategorie: hardly secret diary | Inventarnummer: 23111<\/p>\n\t\t\t\t<\/div>\n\n\t\t\t\t\t\t\t\t\t<a href=\"https:\/\/www.verdichtet.at\/?p=15926#respond\" class=\"su-post-comments-link\">0 Kommentare<\/a>\n\t\t\t\t\n\t\t\t<\/div>\n\n\t\t\t\t\t\n\t\t\t\n\t\t\t<div id=\"su-post-15735\" class=\"su-post \">\n\n\t\t\t\t\n\t\t\t\t<h2 class=\"su-post-title\"><a href=\"https:\/\/www.verdichtet.at\/?p=15735\">Am Rand der Nacht<\/a><\/h2>\n\n\t\t\t\t<div class=\"su-post-meta\">\n\t\t\t\t\tVer\u00f6ffentlicht: 1. April 2023\t\t\t\t<\/div>\n\n\t\t\t\t<div class=\"su-post-excerpt\">\n\t\t\t\t\t<p>Am Rand der Nacht ist der Schlaf leicht. Oder wachst du?, du wei\u00dft es nicht. Du siehst den Mond durch das Fenster, doch das kann auch im Traum geschehen. Wie alt bist du? Bist du deutlich j\u00fcnger, dann schl\u00e4fst du. Du erhebst dich aus dem Bett und gehst umher. Schlafwandeln oder das normale Leben? Diese [&hellip;]<\/p>\n\t\t\t\t<\/div>\n\n\t\t\t\t\t\t\t\t\t<a href=\"https:\/\/www.verdichtet.at\/?p=15735#respond\" class=\"su-post-comments-link\">0 Kommentare<\/a>\n\t\t\t\t\n\t\t\t<\/div>\n\n\t\t\t\t\t\n\t\t\t\n\t\t\t<div id=\"su-post-1367\" class=\"su-post \">\n\n\t\t\t\t\n\t\t\t\t<h2 class=\"su-post-title\"><a href=\"https:\/\/www.verdichtet.at\/?p=1367\">Der Versuch einer W\u00fcrdigung eines Versuchs \u2026<\/a><\/h2>\n\n\t\t\t\t<div class=\"su-post-meta\">\n\t\t\t\t\tVer\u00f6ffentlicht: 7. Mai 2014\t\t\t\t<\/div>\n\n\t\t\t\t<div class=\"su-post-excerpt\">\n\t\t\t\t\t<p>Diese Frau wurde in eine Zeit geboren, als die M\u00e4nner noch richtige M\u00e4nner waren und die Frauen noch richtige Frauen. Die Emanzipation war (f\u00fcr\u00a0 manch einen) beruhigend weit weg, auf dem Bauernhof im M\u00fchlviertel, in dem Leben mit zehn Geschwistern, Tieren, Feldern, da war genug zu tun, und jede und jeder wusste, was anstand. G\u00e4hnende [&hellip;]<\/p>\n\t\t\t\t<\/div>\n\n\t\t\t\t\t\t\t\t\t<a href=\"https:\/\/www.verdichtet.at\/?p=1367#respond\" class=\"su-post-comments-link\">0 Kommentare<\/a>\n\t\t\t\t\n\t\t\t<\/div>\n\n\t\t\t\t\t\n\t\t\t\n\t\t\t<div id=\"su-post-15653\" class=\"su-post \">\n\n\t\t\t\t\n\t\t\t\t<h2 class=\"su-post-title\"><a href=\"https:\/\/www.verdichtet.at\/?p=15653\">Vier im roten Kreis<\/a><\/h2>\n\n\t\t\t\t<div class=\"su-post-meta\">\n\t\t\t\t\tVer\u00f6ffentlicht: 22. M\u00e4rz 2023\t\t\t\t<\/div>\n\n\t\t\t\t<div class=\"su-post-excerpt\">\n\t\t\t\t\t<p>Siddharta Gautama, der Buddha, zeichnete mit roter Kreide einen Kreis und sagte: Wenn es vorherbestimmt ist, dass Menschen einander wiedersehen sollen, was auch immer ihnen geschieht, auf welchen Wegen sie auch wandeln, am gegebenen Tag werden sie einander unvermeidlich \u201eim roten Kreis\u201c begegnen. Rama Krischna[1] Wann mein Interesse f\u00fcr M\u00e4dchen genau begonnen hat, wei\u00df ich [&hellip;]<\/p>\n\t\t\t\t<\/div>\n\n\t\t\t\t\t\t\t\t\t<a href=\"https:\/\/www.verdichtet.at\/?p=15653#respond\" class=\"su-post-comments-link\">0 Kommentare<\/a>\n\t\t\t\t\n\t\t\t<\/div>\n\n\t\t\t\t\t\n\t\t\t\n\t\t\t<div id=\"su-post-15492\" class=\"su-post \">\n\n\t\t\t\t\n\t\t\t\t<h2 class=\"su-post-title\"><a href=\"https:\/\/www.verdichtet.at\/?p=15492\">Herbstabend<\/a><\/h2>\n\n\t\t\t\t<div class=\"su-post-meta\">\n\t\t\t\t\tVer\u00f6ffentlicht: 16. Februar 2023\t\t\t\t<\/div>\n\n\t\t\t\t<div class=\"su-post-excerpt\">\n\t\t\t\t\t<p>Komm, so setz dich doch her! Ich hole k\u00fchles Bier f\u00fcr uns. Lass uns reden! Ich habe so viele Fragen. Lange warst du nicht mehr hier! Wo bist du denn immer? So nimm doch Platz. Ich hole uns eine Decke und r\u00fccke nahe an dich heran. Es ist ein goldener Herbstabend hier drau\u00dfen, wir m\u00fcssen [&hellip;]<\/p>\n\t\t\t\t<\/div>\n\n\t\t\t\t\t\t\t\t\t<a href=\"https:\/\/www.verdichtet.at\/?p=15492#comments\" class=\"su-post-comments-link\">3 comments<\/a>\n\t\t\t\t\n\t\t\t<\/div>\n\n\t\t\t\t\t\n\t\t\t\n\t\t\t<div id=\"su-post-15495\" class=\"su-post \">\n\n\t\t\t\t\n\t\t\t\t<h2 class=\"su-post-title\"><a href=\"https:\/\/www.verdichtet.at\/?p=15495\">Lasst uns \u2026<\/a><\/h2>\n\n\t\t\t\t<div class=\"su-post-meta\">\n\t\t\t\t\tVer\u00f6ffentlicht: 16. Februar 2023\t\t\t\t<\/div>\n\n\t\t\t\t<div class=\"su-post-excerpt\">\n\t\t\t\t\t<p>wieder Schmetterlinge im Bauch sp\u00fcren, galoppierende Pferde in der Brust h\u00f6ren. Lasst uns wieder G\u00e4nsehaut \u00fcber den K\u00f6rper laufen, den Ruf von Bussard und Falke im Ohr haben. Ich will wieder Hummeln sausen sehen, das Schweifschmeicheln des Hundes auf dem Bein f\u00fchlen. Wir sollten wieder wie junge Geparde \u00fcber Steppen flitzen, uns im hohen Gras [&hellip;]<\/p>\n\t\t\t\t<\/div>\n\n\t\t\t\t\t\t\t\t\t<a href=\"https:\/\/www.verdichtet.at\/?p=15495#respond\" class=\"su-post-comments-link\">0 Kommentare<\/a>\n\t\t\t\t\n\t\t\t<\/div>\n\n\t\t\t\t\t\n\t\t\t\n\t\t\t<div id=\"su-post-14658\" class=\"su-post \">\n\n\t\t\t\t\n\t\t\t\t<h2 class=\"su-post-title\"><a href=\"https:\/\/www.verdichtet.at\/?p=14658\">Was man f\u00fcr das Leben braucht 1<\/a><\/h2>\n\n\t\t\t\t<div class=\"su-post-meta\">\n\t\t\t\t\tVer\u00f6ffentlicht: 10. Oktober 2022\t\t\t\t<\/div>\n\n\t\t\t\t<div class=\"su-post-excerpt\">\n\t\t\t\t\t<p>Und immer dann, wenn ich nicht mehr kann und um 03:00 Uhr Fr\u00fch schwei\u00dfgebadet aufwache, stelle ich mir vor, was man f\u00fcr das Leben braucht. Nichts. Wenn man im Hier und Jetzt lebt, dann braucht man absolut nichts. Keine Wohnung, kein Haus, kein Auto, keine Arbeit, kein Geld, keinen Partner, keine Kinder etc. Das klingt [&hellip;]<\/p>\n\t\t\t\t<\/div>\n\n\t\t\t\t\t\t\t\t\t<a href=\"https:\/\/www.verdichtet.at\/?p=14658#respond\" class=\"su-post-comments-link\">0 Kommentare<\/a>\n\t\t\t\t\n\t\t\t<\/div>\n\n\t\t\t\t\t\n\t\t\t\n\t\t\t<div id=\"su-post-14662\" class=\"su-post \">\n\n\t\t\t\t\n\t\t\t\t<h2 class=\"su-post-title\"><a href=\"https:\/\/www.verdichtet.at\/?p=14662\">Was man f\u00fcr das Leben braucht 2<\/a><\/h2>\n\n\t\t\t\t<div class=\"su-post-meta\">\n\t\t\t\t\tVer\u00f6ffentlicht: 10. Oktober 2022\t\t\t\t<\/div>\n\n\t\t\t\t<div class=\"su-post-excerpt\">\n\t\t\t\t\t<p>Nicht so schnell! Kennen Sie schon\u00a0Teil 1? Dies ist die Fortsetzung. Diese Erkenntnis sa\u00df so tief, dass ich mich schlussendlich f\u00fcr den Lehrberuf B\u00fcrokaufmann\/-frau entschied und eine solche Lehrstelle bei einem Gemeindebetrieb in Wien bekam, bei dem meine erste Aufgabe in der Abteilung der Rechnungspr\u00fcfung darin bestand, mit einem Taschenrechner und einem handschriftlichen Zettel (das [&hellip;]<\/p>\n\t\t\t\t<\/div>\n\n\t\t\t\t\t\t\t\t\t<a href=\"https:\/\/www.verdichtet.at\/?p=14662#respond\" class=\"su-post-comments-link\">0 Kommentare<\/a>\n\t\t\t\t\n\t\t\t<\/div>\n\n\t\t\t\t\t\n\t\t\t\n\t\t\t<div id=\"su-post-14664\" class=\"su-post \">\n\n\t\t\t\t\n\t\t\t\t<h2 class=\"su-post-title\"><a href=\"https:\/\/www.verdichtet.at\/?p=14664\">Was man f\u00fcr das Leben braucht 3<\/a><\/h2>\n\n\t\t\t\t<div class=\"su-post-meta\">\n\t\t\t\t\tVer\u00f6ffentlicht: 10. Oktober 2022\t\t\t\t<\/div>\n\n\t\t\t\t<div class=\"su-post-excerpt\">\n\t\t\t\t\t<p>Sie haben\u00a0Teil 1\u00a0und\u00a0Teil 2\u00a0schon intus? Dann wollen wir Sie nicht aufhalten &#8230; Viel Spa\u00df mit dem letzten Teil der Geschichte. Wir erfuhren von dem Entschluss, dass unser Teilunternehmen mit einem anderen Teilunternehmen zusammengelegt werden sollte, das ebenfalls ein Referat hatte, das sich autodidaktisch L\u00f6sungen erarbeitet hatte, die aber von Grund auf derart anders waren, dass [&hellip;]<\/p>\n\t\t\t\t<\/div>\n\n\t\t\t\t\t\t\t\t\t<a href=\"https:\/\/www.verdichtet.at\/?p=14664#respond\" class=\"su-post-comments-link\">0 Kommentare<\/a>\n\t\t\t\t\n\t\t\t<\/div>\n\n\t\t\t\t\t\n\t\t\t\n\t\t\t<div id=\"su-post-14652\" class=\"su-post \">\n\n\t\t\t\t\n\t\t\t\t<h2 class=\"su-post-title\"><a href=\"https:\/\/www.verdichtet.at\/?p=14652\">Ziel. Punkt.<\/a><\/h2>\n\n\t\t\t\t<div class=\"su-post-meta\">\n\t\t\t\t\tVer\u00f6ffentlicht: 11. Oktober 2022\t\t\t\t<\/div>\n\n\t\t\t\t<div class=\"su-post-excerpt\">\n\t\t\t\t\t<p>Damals wollte ich nur noch schnell etwas einkaufen, ich wei\u00df nicht mehr so genau was. Es muss nicht viel gewesen sein, denn damals, im M\u00e4rz 2013, war das Geld knapp. Ich ging in die \u201eZielpunkt\u201c-Filiale in der Alserbachstra\u00dfe in Wien und kaufte etwas ein. Was ich auf dem Weg zum Supermarkt gedacht haben muss, wei\u00df [&hellip;]<\/p>\n\t\t\t\t<\/div>\n\n\t\t\t\t\t\t\t\t\t<a href=\"https:\/\/www.verdichtet.at\/?p=14652#respond\" class=\"su-post-comments-link\">0 Kommentare<\/a>\n\t\t\t\t\n\t\t\t<\/div>\n\n\t\t\t\t\t\n\t\t\t\n\t\t\t<div id=\"su-post-14607\" class=\"su-post \">\n\n\t\t\t\t\n\t\t\t\t<h2 class=\"su-post-title\"><a href=\"https:\/\/www.verdichtet.at\/?p=14607\">An und f\u00fcr sich nichts Ungew\u00f6hnliches<\/a><\/h2>\n\n\t\t\t\t<div class=\"su-post-meta\">\n\t\t\t\t\tVer\u00f6ffentlicht: 1. Oktober 2022\t\t\t\t<\/div>\n\n\t\t\t\t<div class=\"su-post-excerpt\">\n\t\t\t\t\t<p>I. Seit einiger Zeit wusste ich, dass ich, wenn ich etwas nicht erreichte, mir das Ziel schlechtredete und mich lieber mit etwas weniger zufriedengab. So zum Beispiel, als ich mir die langersehnte Urlaubsreise nicht leisten konnte und meinen Urlaub lieber im Schrebergarten verbrachte. \u201eDas ist doch egal, kommt doch alles auf dasselbe raus\u201c, sagte ich [&hellip;]<\/p>\n\t\t\t\t<\/div>\n\n\t\t\t\t\t\t\t\t\t<a href=\"https:\/\/www.verdichtet.at\/?p=14607#respond\" class=\"su-post-comments-link\">0 Kommentare<\/a>\n\t\t\t\t\n\t\t\t<\/div>\n\n\t\t\t\t\t\n\t\t\t\n\t\t\t<div id=\"su-post-14503\" class=\"su-post \">\n\n\t\t\t\t\n\t\t\t\t<h2 class=\"su-post-title\"><a href=\"https:\/\/www.verdichtet.at\/?p=14503\">Famili\u00e4re Wahrnehmung<\/a><\/h2>\n\n\t\t\t\t<div class=\"su-post-meta\">\n\t\t\t\t\tVer\u00f6ffentlicht: 10. September 2022\t\t\t\t<\/div>\n\n\t\t\t\t<div class=\"su-post-excerpt\">\n\t\t\t\t\t<p>Beim j\u00e4hrlichen Familienfest im Wochenendhaus des wohlhabenden Autoh\u00e4ndlers Emmerich stehen viele Verwandte mit einem Glas Sekt im Garten oder auf der Terrasse und plaudern in kleinen Gruppen. Es ist ein warmer Fr\u00fchsommertag. Herbert, der j\u00fcngste Sohn des Hausherrn, hat erstmalig seine neue Freundin Gaby mitgenommen, um sie seiner Familie \u201ean kurzer Leine\u201c vorzuf\u00fchren. Sie wird [&hellip;]<\/p>\n\t\t\t\t<\/div>\n\n\t\t\t\t\t\t\t\t\t<a href=\"https:\/\/www.verdichtet.at\/?p=14503#comments\" class=\"su-post-comments-link\">Ein Kommentar<\/a>\n\t\t\t\t\n\t\t\t<\/div>\n\n\t\t\t\t\t\n\t\t\t\n\t\t\t<div id=\"su-post-14342\" class=\"su-post \">\n\n\t\t\t\t\n\t\t\t\t<h2 class=\"su-post-title\"><a href=\"https:\/\/www.verdichtet.at\/?p=14342\">Die linke und die rechte Person<\/a><\/h2>\n\n\t\t\t\t<div class=\"su-post-meta\">\n\t\t\t\t\tVer\u00f6ffentlicht: 23. Juli 2022\t\t\t\t<\/div>\n\n\t\t\t\t<div class=\"su-post-excerpt\">\n\t\t\t\t\t<p>Ich bin in einem Fall im Haus, im andern Fall au\u00dferhalb des Hauses. Hier will ich das Haus verlassen, dort will ich es betreten. Dabei bin ich nur eine halbe Person, die linke und die rechte. Ich liege mit ausgebreiteten Armen und Beinen auf dem R\u00fccken im Wohnzimmer und sehe zur Decke. Meine rechte Person [&hellip;]<\/p>\n\t\t\t\t<\/div>\n\n\t\t\t\t\t\t\t\t\t<a href=\"https:\/\/www.verdichtet.at\/?p=14342#respond\" class=\"su-post-comments-link\">0 Kommentare<\/a>\n\t\t\t\t\n\t\t\t<\/div>\n\n\t\t\t\t\t\n\t\t\t\n\t\t\t<div id=\"su-post-14244\" class=\"su-post \">\n\n\t\t\t\t\n\t\t\t\t<h2 class=\"su-post-title\"><a href=\"https:\/\/www.verdichtet.at\/?p=14244\">Problematisches<\/a><\/h2>\n\n\t\t\t\t<div class=\"su-post-meta\">\n\t\t\t\t\tVer\u00f6ffentlicht: 27. Juni 2022\t\t\t\t<\/div>\n\n\t\t\t\t<div class=\"su-post-excerpt\">\n\t\t\t\t\t<p>Ich rieche Verborgen-Verdr\u00e4ngtes Mir kitzelt die Nase dann Und gar nicht so selten da brennt es Die Nasenhaare mir an Woher dann der Ruch des Gerochnen Von mir, oder von dem Verbrochnen? Bernd Remsing http:\/\/fm4.orf.at\/stories\/1704846\/ www.verdichtet.at |\u00a0Kategorie:\u00a0hardly secret diary | Inventarnummer: 22069<\/p>\n\t\t\t\t<\/div>\n\n\t\t\t\t\t\t\t\t\t<a href=\"https:\/\/www.verdichtet.at\/?p=14244#respond\" class=\"su-post-comments-link\">0 Kommentare<\/a>\n\t\t\t\t\n\t\t\t<\/div>\n\n\t\t\t\t\t\n\t\t\t\n\t\t\t<div id=\"su-post-13803\" class=\"su-post \">\n\n\t\t\t\t\n\t\t\t\t<h2 class=\"su-post-title\"><a href=\"https:\/\/www.verdichtet.at\/?p=13803\">Erste Hilfe<\/a><\/h2>\n\n\t\t\t\t<div class=\"su-post-meta\">\n\t\t\t\t\tVer\u00f6ffentlicht: 9. Februar 2022\t\t\t\t<\/div>\n\n\t\t\t\t<div class=\"su-post-excerpt\">\n\t\t\t\t\t<p>An einem Sommerabend beim Heurigen: Die meisten Tische sind besetzt, die G\u00e4ste genie\u00dfen ihr Glas Wein mit einem kleinen Imbiss und plaudern in kleinen Gruppen. Es sind wohl etliche Einheimische hier, die Mehrzahl stellen Besucher aus Wien. An einem Tisch wird die Unterhaltung eines \u00e4lteren Paares lauter, die Frau steigert sich in einen hysterischen Anfall [&hellip;]<\/p>\n\t\t\t\t<\/div>\n\n\t\t\t\t\t\t\t\t\t<a href=\"https:\/\/www.verdichtet.at\/?p=13803#respond\" class=\"su-post-comments-link\">0 Kommentare<\/a>\n\t\t\t\t\n\t\t\t<\/div>\n\n\t\t\t\t\t\n\t\t\t\n\t\t\t<div id=\"su-post-14027\" class=\"su-post \">\n\n\t\t\t\t\n\t\t\t\t<h2 class=\"su-post-title\"><a href=\"https:\/\/www.verdichtet.at\/?p=14027\">Wild<\/a><\/h2>\n\n\t\t\t\t<div class=\"su-post-meta\">\n\t\t\t\t\tVer\u00f6ffentlicht: 1. April 2022\t\t\t\t<\/div>\n\n\t\t\t\t<div class=\"su-post-excerpt\">\n\t\t\t\t\t<p>St. P\u00f6lten, 21. August 2011 Liebe Natalia! Wenn man sich eine Vorgeschichte ausdenken wollte, die immerhin gut genug sein sollte, um als glaubw\u00fcrdige Wahrheit durchgehen zu k\u00f6nnen, so m\u00fcsste man zuallererst deutbare Fakten aus der Vergangenheit finden, an denen man die eigenen Theorien festmachen k\u00f6nnte. Steige ich wie Orpheus hinab in das Vorherige? In das [&hellip;]<\/p>\n\t\t\t\t<\/div>\n\n\t\t\t\t\t\t\t\t\t<a href=\"https:\/\/www.verdichtet.at\/?p=14027#respond\" class=\"su-post-comments-link\">0 Kommentare<\/a>\n\t\t\t\t\n\t\t\t<\/div>\n\n\t\t\t\t\t\n\t\t\t\n\t\t\t<div id=\"su-post-13718\" class=\"su-post \">\n\n\t\t\t\t\n\t\t\t\t<h2 class=\"su-post-title\"><a href=\"https:\/\/www.verdichtet.at\/?p=13718\">Am Ende des Regenbogens<\/a><\/h2>\n\n\t\t\t\t<div class=\"su-post-meta\">\n\t\t\t\t\tVer\u00f6ffentlicht: 27. Januar 2022\t\t\t\t<\/div>\n\n\t\t\t\t<div class=\"su-post-excerpt\">\n\t\t\t\t\t<p>Sie schwebt. Ihre F\u00fc\u00dfe ber\u00fchren kaum den Boden, ihr Herz tanzt \u00fcber den Wolken. Die Sonne verscheucht nur f\u00fcr sie die grauen Regenschleier und um sie herum wird alles hell und klar. In den Pf\u00fctzen schillert Benzin, in den Fenstern spiegelt sich der Himmel. Sabrina nimmt die Per\u00fccke vom Kopf und stopft sie in ihre [&hellip;]<\/p>\n\t\t\t\t<\/div>\n\n\t\t\t\t\t\t\t\t\t<a href=\"https:\/\/www.verdichtet.at\/?p=13718#respond\" class=\"su-post-comments-link\">0 Kommentare<\/a>\n\t\t\t\t\n\t\t\t<\/div>\n\n\t\t\t\t\t\n\t\t\t\n\t\t\t<div id=\"su-post-13691\" class=\"su-post \">\n\n\t\t\t\t\n\t\t\t\t<h2 class=\"su-post-title\"><a href=\"https:\/\/www.verdichtet.at\/?p=13691\">Handgreifliches<\/a><\/h2>\n\n\t\t\t\t<div class=\"su-post-meta\">\n\t\t\t\t\tVer\u00f6ffentlicht: 20. Januar 2022\t\t\t\t<\/div>\n\n\t\t\t\t<div class=\"su-post-excerpt\">\n\t\t\t\t\t<p>Max (Name frei erfunden) arbeitete in einer gro\u00dfen Firmenzentrale, die in einem alten, dreist\u00f6ckigen Haus mit langen Korridoren untergebracht war. Eines Tages traf er am Gang hinter einer verglasten Pendelt\u00fcre seinen Abteilungsleiter und wechselte einige Worte mit ihm. Nach der Abschiedsfloskel griff er \u2013 noch dem Chef zugewandt, hinter sich an den T\u00fcrknopf, um seinem [&hellip;]<\/p>\n\t\t\t\t<\/div>\n\n\t\t\t\t\t\t\t\t\t<a href=\"https:\/\/www.verdichtet.at\/?p=13691#respond\" class=\"su-post-comments-link\">0 Kommentare<\/a>\n\t\t\t\t\n\t\t\t<\/div>\n\n\t\t\t\t\t\n\t\t\t\n\t\t\t<div id=\"su-post-13594\" class=\"su-post \">\n\n\t\t\t\t\n\t\t\t\t<h2 class=\"su-post-title\"><a href=\"https:\/\/www.verdichtet.at\/?p=13594\">Verd\u00e4chtige \u00dcberstunden<\/a><\/h2>\n\n\t\t\t\t<div class=\"su-post-meta\">\n\t\t\t\t\tVer\u00f6ffentlicht: 3. Januar 2022\t\t\t\t<\/div>\n\n\t\t\t\t<div class=\"su-post-excerpt\">\n\t\t\t\t\t<p>Max war ein flei\u00dfiger Mann und hatte dazu auch allen Grund: Als Alleinverdiener (die Gattin war mit dem Baby in Karenz) musste er f\u00fcr die ansehnliche Miete der neuen, gr\u00f6\u00dferen Wohnung und den Kredit f\u00fcr die Einrichtung aufkommen. Gott sei Dank war in der Firma \u2013 er arbeitete in einem gro\u00dfen Rechenzentrum \u2013 viel los [&hellip;]<\/p>\n\t\t\t\t<\/div>\n\n\t\t\t\t\t\t\t\t\t<a href=\"https:\/\/www.verdichtet.at\/?p=13594#respond\" class=\"su-post-comments-link\">0 Kommentare<\/a>\n\t\t\t\t\n\t\t\t<\/div>\n\n\t\t\t\t\t\n\t\t\t\n\t\t\t<div id=\"su-post-12768\" class=\"su-post \">\n\n\t\t\t\t\n\t\t\t\t<h2 class=\"su-post-title\"><a href=\"https:\/\/www.verdichtet.at\/?p=12768\">Lichtschalter<\/a><\/h2>\n\n\t\t\t\t<div class=\"su-post-meta\">\n\t\t\t\t\tVer\u00f6ffentlicht: 12. Mai 2021\t\t\t\t<\/div>\n\n\t\t\t\t<div class=\"su-post-excerpt\">\n\t\t\t\t\t<p>[F\u00fcr Carmen] Endlich schien sich der d\u00e4mmrige Winter seinem Ende anzun\u00e4hern. Gef\u00fchlt ein halbes Jahr war er ihr bereits l\u00e4hmend in den Knochen gelegen, hatte sie in Dunkelheit gebannt und ihre Geisteskr\u00e4fte abged\u00e4mmt. Sie hatte von ihm und dem finsteren Tunnel in ihr unb\u00e4ndig genug, sie ben\u00f6tigte weites Licht. Doch wof\u00fcr bisher stets Gott*G\u00f6ttin sich [&hellip;]<\/p>\n\t\t\t\t<\/div>\n\n\t\t\t\t\t\t\t\t\t<a href=\"https:\/\/www.verdichtet.at\/?p=12768#respond\" class=\"su-post-comments-link\">0 Kommentare<\/a>\n\t\t\t\t\n\t\t\t<\/div>\n\n\t\t\t\t\t\n\t\t\t\n\t\t\t<div id=\"su-post-12712\" class=\"su-post \">\n\n\t\t\t\t\n\t\t\t\t<h2 class=\"su-post-title\"><a href=\"https:\/\/www.verdichtet.at\/?p=12712\">Nachricht an DICH<\/a><\/h2>\n\n\t\t\t\t<div class=\"su-post-meta\">\n\t\t\t\t\tVer\u00f6ffentlicht: 28. April 2021\t\t\t\t<\/div>\n\n\t\t\t\t<div class=\"su-post-excerpt\">\n\t\t\t\t\t<p>N\u00e4he. Zur Natur. Zu Menschen. N\u00e4he ist ein wundersch\u00f6nes Gef\u00fchl. Du kannst sie auch ohne Ber\u00fchrungen sp\u00fcren. Durch Blicke, Gesten, Worte. Sie gibt Geborgenheit. Du kannst dich fallen lassen, wenn dir jemand nahe ist. Denn du wei\u00dft: Er wird dich auffangen und halten. Eine Umarmung kann dir so viel geben! Du sp\u00fcrst den anderen, riechst [&hellip;]<\/p>\n\t\t\t\t<\/div>\n\n\t\t\t\t\t\t\t\t\t<a href=\"https:\/\/www.verdichtet.at\/?p=12712#respond\" class=\"su-post-comments-link\">0 Kommentare<\/a>\n\t\t\t\t\n\t\t\t<\/div>\n\n\t\t\t\t\t\n\t\t\t\n\t\t\t<div id=\"su-post-12684\" class=\"su-post \">\n\n\t\t\t\t\n\t\t\t\t<h2 class=\"su-post-title\"><a href=\"https:\/\/www.verdichtet.at\/?p=12684\">Gl\u00fcck<\/a><\/h2>\n\n\t\t\t\t<div class=\"su-post-meta\">\n\t\t\t\t\tVer\u00f6ffentlicht: 22. April 2021\t\t\t\t<\/div>\n\n\t\t\t\t<div class=\"su-post-excerpt\">\n\t\t\t\t\t<p>\u201eManchmal passiert es ganz von allein\u201c, sagte Reto, \u201eansonsten muss man sich anstrengen, sonst passiert \u00fcberhaupt nichts.\u201c Ich erinnerte mich wieder an seine Worte, nachdem ich vor einer Weile wieder die Bilder der Italienreise ansah. \u201eManchmal passiert \u00fcberhaupt nichts\u201c, wiederholte ich mir vor meinem inneren Ohr und das Nachdenken \u00fcber meine Reisebekanntschaft, ihr Aussehen, ihr [&hellip;]<\/p>\n\t\t\t\t<\/div>\n\n\t\t\t\t\t\t\t\t\t<a href=\"https:\/\/www.verdichtet.at\/?p=12684#comments\" class=\"su-post-comments-link\">2 comments<\/a>\n\t\t\t\t\n\t\t\t<\/div>\n\n\t\t\t\t\t\n\t\t\t\n\t\t\t<div id=\"su-post-12629\" class=\"su-post \">\n\n\t\t\t\t\n\t\t\t\t<h2 class=\"su-post-title\"><a href=\"https:\/\/www.verdichtet.at\/?p=12629\">Frau F. leidet an Briefangst oder Warum Herr N. nicht mehr bei der Post arbeitet<\/a><\/h2>\n\n\t\t\t\t<div class=\"su-post-meta\">\n\t\t\t\t\tVer\u00f6ffentlicht: 8. April 2021\t\t\t\t<\/div>\n\n\t\t\t\t<div class=\"su-post-excerpt\">\n\t\t\t\t\t<p>Also es gibt so Geschichten, die glaubt man kaum. Wenn ich Ihnen das erz\u00e4hle \u2026 Aber aus n\u00e4chster N\u00e4he hab ich das mitbekommen. Meine Nachbarin, die Frau F. n\u00e4mlich, die war immer schon ein bisschen anders. Einen Fernseher hatte sie nie, braucht sie nicht, hat sie gesagt. Und einen Computer hat heutzutage jeder, aber sie [&hellip;]<\/p>\n\t\t\t\t<\/div>\n\n\t\t\t\t\t\t\t\t\t<a href=\"https:\/\/www.verdichtet.at\/?p=12629#respond\" class=\"su-post-comments-link\">0 Kommentare<\/a>\n\t\t\t\t\n\t\t\t<\/div>\n\n\t\t\t\t\t\n\t\t\t\n\t\t\t<div id=\"su-post-12462\" class=\"su-post \">\n\n\t\t\t\t\n\t\t\t\t<h2 class=\"su-post-title\"><a href=\"https:\/\/www.verdichtet.at\/?p=12462\">Bitte warten!<\/a><\/h2>\n\n\t\t\t\t<div class=\"su-post-meta\">\n\t\t\t\t\tVer\u00f6ffentlicht: 27. Februar 2021\t\t\t\t<\/div>\n\n\t\t\t\t<div class=\"su-post-excerpt\">\n\t\t\t\t\t<p>Ich bin schon so Corona-m\u00fcde! St\u00e4ndig allein, das ist schon schlimm! Daher stelle ich mich in die Menschenschlange vor dem A1-Shop in den City Arkaden. Ich stelle mich \u00fcberhaupt in jede Menschenschlange, um mit jemandem ins Gespr\u00e4ch zu kommen. Am liebsten mit einer h\u00fcbschen Frau, aber besser mit irgendjemandem als mit niemandem. Johannes Tosin (Text [&hellip;]<\/p>\n\t\t\t\t<\/div>\n\n\t\t\t\t\t\t\t\t\t<a href=\"https:\/\/www.verdichtet.at\/?p=12462#respond\" class=\"su-post-comments-link\">0 Kommentare<\/a>\n\t\t\t\t\n\t\t\t<\/div>\n\n\t\t\t\t\t\n\t\t\t\n\t\t\t<div id=\"su-post-12196\" class=\"su-post \">\n\n\t\t\t\t\n\t\t\t\t<h2 class=\"su-post-title\"><a href=\"https:\/\/www.verdichtet.at\/?p=12196\">Feuer<\/a><\/h2>\n\n\t\t\t\t<div class=\"su-post-meta\">\n\t\t\t\t\tVer\u00f6ffentlicht: 1. Januar 2021\t\t\t\t<\/div>\n\n\t\t\t\t<div class=\"su-post-excerpt\">\n\t\t\t\t\t<p>Du dr\u00fcckst mich zu Boden den Kopf in den Sand ersticke fast du ziehst meinen Kopf wieder hinaus schwindelig ist mir, Mein kleiner Wahnsinn so verr\u00fcckt kann mich nicht trennen, Langsam verstehe ich es jedes Mal wenn du Flammen spr\u00fchst Florian Pfeffer www.verdichtet.at |\u00a0Kategorie:\u00a0hardly secret diary | Inventarnummer: 21019<\/p>\n\t\t\t\t<\/div>\n\n\t\t\t\t\t\t\t\t\t<a href=\"https:\/\/www.verdichtet.at\/?p=12196#respond\" class=\"su-post-comments-link\">0 Kommentare<\/a>\n\t\t\t\t\n\t\t\t<\/div>\n\n\t\t\t\t\t\n\t\t\t\n\t\t\t<div id=\"su-post-12176\" class=\"su-post \">\n\n\t\t\t\t\n\t\t\t\t<h2 class=\"su-post-title\"><a href=\"https:\/\/www.verdichtet.at\/?p=12176\">Holzkohle<\/a><\/h2>\n\n\t\t\t\t<div class=\"su-post-meta\">\n\t\t\t\t\tVer\u00f6ffentlicht: 1. Januar 2021\t\t\t\t<\/div>\n\n\t\t\t\t<div class=\"su-post-excerpt\">\n\t\t\t\t\t<p>Mein Herz wandert umher ein St\u00fcck Holzkohle, Ich liege herum du bist schon lange weg Entfernt Sinnlos f\u00fcge ich mir Schmerzen zu ich grabe nach Erinnerungen z\u00fcnde mich selbst an Florian Pfeffer www.verdichtet.at |\u00a0Kategorie:\u00a0hardly secret diary | Inventarnummer: 21013<\/p>\n\t\t\t\t<\/div>\n\n\t\t\t\t\t\t\t\t\t<a href=\"https:\/\/www.verdichtet.at\/?p=12176#respond\" class=\"su-post-comments-link\">0 Kommentare<\/a>\n\t\t\t\t\n\t\t\t<\/div>\n\n\t\t\t\t\t\n\t\t\t\n\t\t\t<div id=\"su-post-12304\" class=\"su-post \">\n\n\t\t\t\t\n\t\t\t\t<h2 class=\"su-post-title\"><a href=\"https:\/\/www.verdichtet.at\/?p=12304\">Wie Papier<\/a><\/h2>\n\n\t\t\t\t<div class=\"su-post-meta\">\n\t\t\t\t\tVer\u00f6ffentlicht: 26. Januar 2021\t\t\t\t<\/div>\n\n\t\t\t\t<div class=\"su-post-excerpt\">\n\t\t\t\t\t<p>Mit Dank an Kollegin Janschitz Ich f\u00fchle mich wie Papier, wie Papier, wei\u00dft du. Nicht weil ich so d\u00fcnn bin, und weil Papier so d\u00fcnn ist, sondern weil ich alles sp\u00fcre \u2013 jedes Ereignis einen Eindruck in mir hinterl\u00e4sst \u2013, und weil ich mich so leicht bewege, wie Papier. Johannes Tosin (Text und Bild) www.verdichtet.at [&hellip;]<\/p>\n\t\t\t\t<\/div>\n\n\t\t\t\t\t\t\t\t\t<a href=\"https:\/\/www.verdichtet.at\/?p=12304#respond\" class=\"su-post-comments-link\">0 Kommentare<\/a>\n\t\t\t\t\n\t\t\t<\/div>\n\n\t\t\t\t\t\n\t\t\t\n\t\t\t<div id=\"su-post-12248\" class=\"su-post \">\n\n\t\t\t\t\n\t\t\t\t<h2 class=\"su-post-title\"><a href=\"https:\/\/www.verdichtet.at\/?p=12248\">Donnerwetter<\/a><\/h2>\n\n\t\t\t\t<div class=\"su-post-meta\">\n\t\t\t\t\tVer\u00f6ffentlicht: 6. Januar 2021\t\t\t\t<\/div>\n\n\t\t\t\t<div class=\"su-post-excerpt\">\n\t\t\t\t\t<p>Die Gedanken an dich f\u00fchren zu L\u00e4hmungserscheinungen Was w\u00e4re gewesen wenn Stopp! Kann wieder einschlafen Mein Verstand hat sich abgefunden nach dir zu fragen ist nicht sinnvoll, Ich steuere ein neues Ziel an durch die grauen Wolken weg von dem ersch\u00fctternden Donner du bist ein zu schweres Unwetter Florian Pfeffer www.verdichtet.at |\u00a0Kategorie:\u00a0hardly secret diary | [&hellip;]<\/p>\n\t\t\t\t<\/div>\n\n\t\t\t\t\t\t\t\t\t<a href=\"https:\/\/www.verdichtet.at\/?p=12248#respond\" class=\"su-post-comments-link\">0 Kommentare<\/a>\n\t\t\t\t\n\t\t\t<\/div>\n\n\t\t\t\t\t\n\t\t\t\n\t\t\t<div id=\"su-post-12171\" class=\"su-post \">\n\n\t\t\t\t\n\t\t\t\t<h2 class=\"su-post-title\"><a href=\"https:\/\/www.verdichtet.at\/?p=12171\">M\u00fcde<\/a><\/h2>\n\n\t\t\t\t<div class=\"su-post-meta\">\n\t\t\t\t\tVer\u00f6ffentlicht: 1. Januar 2021\t\t\t\t<\/div>\n\n\t\t\t\t<div class=\"su-post-excerpt\">\n\t\t\t\t\t<p>Du hinterl\u00e4sst mir Einsamkeit, Meine H\u00e4nde wollen zum Smartphone greifen schwer und leblos ruhen sie dahin au\u00dfer Asche ist nichts geblieben Florian Pfeffer www.verdichtet.at |\u00a0Kategorie:\u00a0hardly secret diary | Inventarnummer: 21011<\/p>\n\t\t\t\t<\/div>\n\n\t\t\t\t\t\t\t\t\t<a href=\"https:\/\/www.verdichtet.at\/?p=12171#respond\" class=\"su-post-comments-link\">0 Kommentare<\/a>\n\t\t\t\t\n\t\t\t<\/div>\n\n\t\t\t\t\t\n\t\t\t\n\t\t\t<div id=\"su-post-12104\" class=\"su-post \">\n\n\t\t\t\t\n\t\t\t\t<h2 class=\"su-post-title\"><a href=\"https:\/\/www.verdichtet.at\/?p=12104\">Auf Gr\u00f6nland<\/a><\/h2>\n\n\t\t\t\t<div class=\"su-post-meta\">\n\t\t\t\t\tVer\u00f6ffentlicht: 13. Dezember 2020\t\t\t\t<\/div>\n\n\t\t\t\t<div class=\"su-post-excerpt\">\n\t\t\t\t\t<p>Vater:\u00a0\u00a0\u00a0\u00a0\u00a0\u00a0\u00a0\u00a0\u00a0\u00a0 Na, Pauline, erinnerst du dich noch, was dein vertrottelter Exfreund letztes Jahr in unserem Iglu gemacht hat, w\u00e4hrend deine Mutter und ich uns bei ihren Eltern aufhielten. Pauline:\u00a0\u00a0\u00a0\u00a0\u00a0 Ja. Vater:\u00a0\u00a0\u00a0\u00a0\u00a0\u00a0\u00a0\u00a0\u00a0 Ja was, Pauline? Pauline:\u00a0\u00a0\u00a0\u00a0\u00a0 Er hat geheizt. Vater:\u00a0\u00a0\u00a0\u00a0\u00a0\u00a0\u00a0\u00a0\u00a0 Und was ist dann passiert. Pauline:\u00a0\u00a0\u00a0\u00a0\u00a0 Das Iglu ist geschmolzen. Vater:\u00a0\u00a0\u00a0\u00a0\u00a0\u00a0\u00a0\u00a0\u00a0 Und deshalb hast du ihm [&hellip;]<\/p>\n\t\t\t\t<\/div>\n\n\t\t\t\t\t\t\t\t\t<a href=\"https:\/\/www.verdichtet.at\/?p=12104#respond\" class=\"su-post-comments-link\">0 Kommentare<\/a>\n\t\t\t\t\n\t\t\t<\/div>\n\n\t\t\t\t\t\n\t\t\t\n\t\t\t<div id=\"su-post-12182\" class=\"su-post \">\n\n\t\t\t\t\n\t\t\t\t<h2 class=\"su-post-title\"><a href=\"https:\/\/www.verdichtet.at\/?p=12182\">Gl\u00fcck gehabt<\/a><\/h2>\n\n\t\t\t\t<div class=\"su-post-meta\">\n\t\t\t\t\tVer\u00f6ffentlicht: 1. Januar 2021\t\t\t\t<\/div>\n\n\t\t\t\t<div class=\"su-post-excerpt\">\n\t\t\t\t\t<p>Gl\u00fcck ist mir entfernt doch habe ich es sagst du fest in meiner Hand Wie ein Blinder sehe ich es nicht Ich frage mich aber warum hast du keines Florian Pfeffer www.verdichtet.at |\u00a0Kategorie:\u00a0hardly secret diary | Inventarnummer: 21015<\/p>\n\t\t\t\t<\/div>\n\n\t\t\t\t\t\t\t\t\t<a href=\"https:\/\/www.verdichtet.at\/?p=12182#respond\" class=\"su-post-comments-link\">0 Kommentare<\/a>\n\t\t\t\t\n\t\t\t<\/div>\n\n\t\t\t\t\t\n\t\t\t\n\t\t\t<div id=\"su-post-12120\" class=\"su-post \">\n\n\t\t\t\t\n\t\t\t\t<h2 class=\"su-post-title\"><a href=\"https:\/\/www.verdichtet.at\/?p=12120\">Internationaler Sockentag<\/a><\/h2>\n\n\t\t\t\t<div class=\"su-post-meta\">\n\t\t\t\t\tVer\u00f6ffentlicht: 18. Dezember 2020\t\t\t\t<\/div>\n\n\t\t\t\t<div class=\"su-post-excerpt\">\n\t\t\t\t\t<p>Meine Bettler-Galerie \u2013 4. Dezember, internationaler Sockentag Dass der 4. Dezember als internationaler Sockentag eingetragen ist, war mir bis gestern nicht bekannt. Ich bin damit gro\u00df und alt geworden, dass das der Barbara-Tag ist. Aber ich bin ja immer offen f\u00fcr das Neue. Genau an diesem 4. Dezember 2020 ging mir die rum\u00e4nische Bettlerin vor [&hellip;]<\/p>\n\t\t\t\t<\/div>\n\n\t\t\t\t\t\t\t\t\t<a href=\"https:\/\/www.verdichtet.at\/?p=12120#respond\" class=\"su-post-comments-link\">0 Kommentare<\/a>\n\t\t\t\t\n\t\t\t<\/div>\n\n\t\t\t\t\t\n\t\t\t\n\t\t\t<div id=\"su-post-12016\" class=\"su-post \">\n\n\t\t\t\t\n\t\t\t\t<h2 class=\"su-post-title\"><a href=\"https:\/\/www.verdichtet.at\/?p=12016\">Die Frau im Zug<\/a><\/h2>\n\n\t\t\t\t<div class=\"su-post-meta\">\n\t\t\t\t\tVer\u00f6ffentlicht: 5. Dezember 2020\t\t\t\t<\/div>\n\n\t\t\t\t<div class=\"su-post-excerpt\">\n\t\t\t\t\t<p>Sie schlief, als ich sie sah. Wir hatten California bereits hinter uns gelassen. Die kleinen Fl\u00fcsse, die neben den Bahnschienen ihre Wege zogen und dem Zug mit Wellen hinterherwinkten, waren lange schon verschwunden. Eine neue Weite begleitete uns nun. Grauer Sand, auf dem sich die Sonne zu spiegeln schien, erstreckte sich kilometerlang au\u00dferhalb der Fenster. [&hellip;]<\/p>\n\t\t\t\t<\/div>\n\n\t\t\t\t\t\t\t\t\t<a href=\"https:\/\/www.verdichtet.at\/?p=12016#comments\" class=\"su-post-comments-link\">Ein Kommentar<\/a>\n\t\t\t\t\n\t\t\t<\/div>\n\n\t\t\t\t\t\n\t\t\t\n\t\t\t<div id=\"su-post-11781\" class=\"su-post \">\n\n\t\t\t\t\n\t\t\t\t<h2 class=\"su-post-title\"><a href=\"https:\/\/www.verdichtet.at\/?p=11781\">Brief an N.<\/a><\/h2>\n\n\t\t\t\t<div class=\"su-post-meta\">\n\t\t\t\t\tVer\u00f6ffentlicht: 11. September 2020\t\t\t\t<\/div>\n\n\t\t\t\t<div class=\"su-post-excerpt\">\n\t\t\t\t\t<p>Wien, 30. April 2020 Lieber Herr N., hier wie gew\u00fcnscht mein kurzes und m\u00f6glichst objektives Ereignisprotokoll zum 19. April, von dem ich hoffe, dass es wirklich, wie Sie sagen, zu meiner Entlastung beitragen kann. Es zieht mich n\u00e4mlich sehr zu meiner Arbeit zur\u00fcck, und von hier aus kann ich die wenigen verbliebenen Schritte zu deren [&hellip;]<\/p>\n\t\t\t\t<\/div>\n\n\t\t\t\t\t\t\t\t\t<a href=\"https:\/\/www.verdichtet.at\/?p=11781#respond\" class=\"su-post-comments-link\">0 Kommentare<\/a>\n\t\t\t\t\n\t\t\t<\/div>\n\n\t\t\t\t\t\n\t\t\t\n\t\t\t<div id=\"su-post-11198\" class=\"su-post \">\n\n\t\t\t\t\n\t\t\t\t<h2 class=\"su-post-title\"><a href=\"https:\/\/www.verdichtet.at\/?p=11198\">Der schwarze Mann<\/a><\/h2>\n\n\t\t\t\t<div class=\"su-post-meta\">\n\t\t\t\t\tVer\u00f6ffentlicht: 19. April 2020\t\t\t\t<\/div>\n\n\t\t\t\t<div class=\"su-post-excerpt\">\n\t\t\t\t\t<p>Ich bin der schwarze Mann, der sich nach dem Licht sehnt. Sogar meine Sonne ist schwarz. Fallen ihre Strahlen auf mich, sieht man nichts. Johannes Tosin (Text und Bild) www.verdichtet.at | Kategorie: hardly secret diary | Inventarnummer: 20063<\/p>\n\t\t\t\t<\/div>\n\n\t\t\t\t\t\t\t\t\t<a href=\"https:\/\/www.verdichtet.at\/?p=11198#respond\" class=\"su-post-comments-link\">0 Kommentare<\/a>\n\t\t\t\t\n\t\t\t<\/div>\n\n\t\t\t\t\t\n\t\t\t\n\t\t\t<div id=\"su-post-11061\" class=\"su-post \">\n\n\t\t\t\t\n\t\t\t\t<h2 class=\"su-post-title\"><a href=\"https:\/\/www.verdichtet.at\/?p=11061\">Der graue Mann<\/a><\/h2>\n\n\t\t\t\t<div class=\"su-post-meta\">\n\t\t\t\t\tVer\u00f6ffentlicht: 4. April 2020\t\t\t\t<\/div>\n\n\t\t\t\t<div class=\"su-post-excerpt\">\n\t\t\t\t\t<p>Ich bin der graue Mann. Mir sind die Farben ausgegangen. Als roter Mann war ich fr\u00fcher w\u00fctend, als gelber ein Sonnenschein. Gr\u00fcn war ich wie der Dschungel, blau wie das Wasser und wei\u00df wie der Schnee. Als grauer Mann bin ich nichts mehr von alledem. Ich habe keine spezifischen Eigenschaften mehr. Nun bin ich der [&hellip;]<\/p>\n\t\t\t\t<\/div>\n\n\t\t\t\t\t\t\t\t\t<a href=\"https:\/\/www.verdichtet.at\/?p=11061#respond\" class=\"su-post-comments-link\">0 Kommentare<\/a>\n\t\t\t\t\n\t\t\t<\/div>\n\n\t\t\t\t\t\n\t\t\t\n\t\t\t<div id=\"su-post-11163\" class=\"su-post \">\n\n\t\t\t\t\n\t\t\t\t<h2 class=\"su-post-title\"><a href=\"https:\/\/www.verdichtet.at\/?p=11163\">Metronom<\/a><\/h2>\n\n\t\t\t\t<div class=\"su-post-meta\">\n\t\t\t\t\tVer\u00f6ffentlicht: 15. April 2020\t\t\t\t<\/div>\n\n\t\t\t\t<div class=\"su-post-excerpt\">\n\t\t\t\t\t<p>Au\u00dfer Rand &amp; Band. Wie ist das, wenn man sich selbst nicht mehr kennt, der Tag die Nacht ist und die Nacht die Nacht bleibt? Schmal ist das Band, eng ist der Rahmen. Du verlierst dich, du wanderst um die Welt und bleibst gleichzeitig am selben Fleck. Weiter ist die Sonne entfernt als acht Minuten [&hellip;]<\/p>\n\t\t\t\t<\/div>\n\n\t\t\t\t\t\t\t\t\t<a href=\"https:\/\/www.verdichtet.at\/?p=11163#respond\" class=\"su-post-comments-link\">0 Kommentare<\/a>\n\t\t\t\t\n\t\t\t<\/div>\n\n\t\t\t\t\t\n\t\t\t\n\t\t\t<div id=\"su-post-11101\" class=\"su-post \">\n\n\t\t\t\t\n\t\t\t\t<h2 class=\"su-post-title\"><a href=\"https:\/\/www.verdichtet.at\/?p=11101\">Geschichten, die das Leben speit IV \u2013 Bottrop<\/a><\/h2>\n\n\t\t\t\t<div class=\"su-post-meta\">\n\t\t\t\t\tVer\u00f6ffentlicht: 10. April 2020\t\t\t\t<\/div>\n\n\t\t\t\t<div class=\"su-post-excerpt\">\n\t\t\t\t\t<p>Ich hatte Jochen kennengelernt, als ich erst vierzehn war, sagt Britta. Er war mein erster Mann. Mein Mann verdient sehr gut, sagt Britta nicht ohne Stolz zu ihren Freundinnen, wenn die Rede auf Jochen kommt. Die beiden S\u00f6hne sind schon l\u00e4ngst aus dem Haus und Jessica ist ihrer Mutter wie aus dem Gesicht geschnitten. Jochen [&hellip;]<\/p>\n\t\t\t\t<\/div>\n\n\t\t\t\t\t\t\t\t\t<a href=\"https:\/\/www.verdichtet.at\/?p=11101#comments\" class=\"su-post-comments-link\">Ein Kommentar<\/a>\n\t\t\t\t\n\t\t\t<\/div>\n\n\t\t\t\t\t\n\t\t\t\n\t\t\t<div id=\"su-post-11097\" class=\"su-post \">\n\n\t\t\t\t\n\t\t\t\t<h2 class=\"su-post-title\"><a href=\"https:\/\/www.verdichtet.at\/?p=11097\">Geschichten, die das Leben speit \u2013 Bonustrack 1<\/a><\/h2>\n\n\t\t\t\t<div class=\"su-post-meta\">\n\t\t\t\t\tVer\u00f6ffentlicht: 10. April 2020\t\t\t\t<\/div>\n\n\t\t\t\t<div class=\"su-post-excerpt\">\n\t\t\t\t\t<p>Der damals amtierende Bundeskanzler versp\u00fcrte seit geraumer Zeit ein leichtes, aber ansteigendes Gef\u00fchl der inneren Verstimmung. Er fragte sich, warum er sich all das seit fr\u00fchester Jugend antat. Die Parteitage am Sonntag, w\u00e4hrend andere Rabauken Drachensteigen gingen, die b\u00f6sen Karikaturen in der Zeitung, w\u00e4hrend andere privat ihre Ruhe hatten. Die vielen Sitzungen bis in die [&hellip;]<\/p>\n\t\t\t\t<\/div>\n\n\t\t\t\t\t\t\t\t\t<a href=\"https:\/\/www.verdichtet.at\/?p=11097#respond\" class=\"su-post-comments-link\">0 Kommentare<\/a>\n\t\t\t\t\n\t\t\t<\/div>\n\n\t\t\t\t\t\n\t\t\t\n\t\t\t<div id=\"su-post-11256\" class=\"su-post \">\n\n\t\t\t\t\n\t\t\t\t<h2 class=\"su-post-title\"><a href=\"https:\/\/www.verdichtet.at\/?p=11256\">Ich ertrinke wieder einmal<\/a><\/h2>\n\n\t\t\t\t<div class=\"su-post-meta\">\n\t\t\t\t\tVer\u00f6ffentlicht: 25. April 2020\t\t\t\t<\/div>\n\n\t\t\t\t<div class=\"su-post-excerpt\">\n\t\t\t\t\t<p>Etwas kriecht langsam hervor, gerufen habe ich nicht danach Den Regen drau\u00dfen nehme ich nicht wahr Im schummrigen Licht der Gl\u00fchbirne herrscht Gewitter Den Klimawandel\u00a0 in mir kann ich nicht leugnen die Antwort steht auf meinem Smartphone seit Tagen lese ich dich nicht mehr Florian Pfeffer www.verdichtet.at |\u00a0Kategorie:\u00a0hardly secret diary | Inventarnummer: 20070<\/p>\n\t\t\t\t<\/div>\n\n\t\t\t\t\t\t\t\t\t<a href=\"https:\/\/www.verdichtet.at\/?p=11256#respond\" class=\"su-post-comments-link\">0 Kommentare<\/a>\n\t\t\t\t\n\t\t\t<\/div>\n\n\t\t\t\t\t\n\t\t\t\n\t\t\t<div id=\"su-post-11253\" class=\"su-post \">\n\n\t\t\t\t\n\t\t\t\t<h2 class=\"su-post-title\"><a href=\"https:\/\/www.verdichtet.at\/?p=11253\">Fluch<\/a><\/h2>\n\n\t\t\t\t<div class=\"su-post-meta\">\n\t\t\t\t\tVer\u00f6ffentlicht: 25. April 2020\t\t\t\t<\/div>\n\n\t\t\t\t<div class=\"su-post-excerpt\">\n\t\t\t\t\t<p>Schmerz und Angst, Tr\u00e4nen und Schreie B\u00f6se Nacht da bist du wieder Ich sagte dir hinfort Da springst du aus der verstaubten Kiste Florian Pfeffer www.verdichtet.at |\u00a0Kategorie:\u00a0hardly secret diary | Inventarnummer: 20069<\/p>\n\t\t\t\t<\/div>\n\n\t\t\t\t\t\t\t\t\t<a href=\"https:\/\/www.verdichtet.at\/?p=11253#respond\" class=\"su-post-comments-link\">0 Kommentare<\/a>\n\t\t\t\t\n\t\t\t<\/div>\n\n\t\t\t\t\t\n\t\t\t\n\t\t\t<div id=\"su-post-10839\" class=\"su-post \">\n\n\t\t\t\t\n\t\t\t\t<h2 class=\"su-post-title\"><a href=\"https:\/\/www.verdichtet.at\/?p=10839\">Erinnerungen an Vera<\/a><\/h2>\n\n\t\t\t\t<div class=\"su-post-meta\">\n\t\t\t\t\tVer\u00f6ffentlicht: 16. Februar 2020\t\t\t\t<\/div>\n\n\t\t\t\t<div class=\"su-post-excerpt\">\n\t\t\t\t\t<p>Er fand sich im Institut f\u00fcr Neurowissenschaften ein. Am Schalter nannte er sein Anliegen. Daraufhin wurde er von einer Krankenschwester in einen Raum gef\u00fchrt, auf dem au\u00dfen an einem Schild \u201eErinnerungslabor\u201c stand. Er setzte sich auf den wei\u00dfen Stuhl, praktisch alles war hier wei\u00df, der zur\u00fcckgekippt wurde, bis er fast lag. Die Krankenschwester legte ihm [&hellip;]<\/p>\n\t\t\t\t<\/div>\n\n\t\t\t\t\t\t\t\t\t<a href=\"https:\/\/www.verdichtet.at\/?p=10839#respond\" class=\"su-post-comments-link\">0 Kommentare<\/a>\n\t\t\t\t\n\t\t\t<\/div>\n\n\t\t\t\t\t\n\t\t\t\n\t\t\t<div id=\"su-post-10509\" class=\"su-post \">\n\n\t\t\t\t\n\t\t\t\t<h2 class=\"su-post-title\"><a href=\"https:\/\/www.verdichtet.at\/?p=10509\">Die sich entfaltende Rose<\/a><\/h2>\n\n\t\t\t\t<div class=\"su-post-meta\">\n\t\t\t\t\tVer\u00f6ffentlicht: 28. November 2019\t\t\t\t<\/div>\n\n\t\t\t\t<div class=\"su-post-excerpt\">\n\t\t\t\t\t<p>Gedankenfetzen. Wenn ich nur einen Faden h\u00e4tte, sie zu einem Anzug zu vern\u00e4hen, der mir passen w\u00fcrde! Erinnerungsbruchst\u00fccke. Wenn ich nur M\u00f6rtel h\u00e4tte, um mir aus ihnen ein Haus zu bauen, in dem es sich behaglich wohnen lie\u00dfe! Rastlose Hast. Wenn ich doch nur Einhalt gebieten k\u00f6nnte meinen Beinen, die sich bewegen wollen, meinem Gehirn, [&hellip;]<\/p>\n\t\t\t\t<\/div>\n\n\t\t\t\t\t\t\t\t\t<a href=\"https:\/\/www.verdichtet.at\/?p=10509#respond\" class=\"su-post-comments-link\">0 Kommentare<\/a>\n\t\t\t\t\n\t\t\t<\/div>\n\n\t\t\t\t\t\n\t\t\t\n\t\t\t<div id=\"su-post-10305\" class=\"su-post \">\n\n\t\t\t\t\n\t\t\t\t<h2 class=\"su-post-title\"><a href=\"https:\/\/www.verdichtet.at\/?p=10305\">Nachts bei dir<\/a><\/h2>\n\n\t\t\t\t<div class=\"su-post-meta\">\n\t\t\t\t\tVer\u00f6ffentlicht: 11. Oktober 2019\t\t\t\t<\/div>\n\n\t\t\t\t<div class=\"su-post-excerpt\">\n\t\t\t\t\t<p>Ein ganz \u00fcbler Denker sitzt dir gegen\u00fcber, S\u00e4tze gesprochen wie auf 50 A4-Seiten Stunden vergehen verfange mich in immer mehr suche immer wieder nach neuen Themen, Bin egoistisch ich sitze dir gerne gegen\u00fcber eine Zumutung mir tut es leid, Du magst mich aber, Alles halb so wild ich bin selber nicht ganz koscher ja und [&hellip;]<\/p>\n\t\t\t\t<\/div>\n\n\t\t\t\t\t\t\t\t\t<a href=\"https:\/\/www.verdichtet.at\/?p=10305#respond\" class=\"su-post-comments-link\">0 Kommentare<\/a>\n\t\t\t\t\n\t\t\t<\/div>\n\n\t\t\t\t\t\n\t\t\t\n\t\t\t<div id=\"su-post-10300\" class=\"su-post \">\n\n\t\t\t\t\n\t\t\t\t<h2 class=\"su-post-title\"><a href=\"https:\/\/www.verdichtet.at\/?p=10300\">Gespr\u00e4che am Smartphone<\/a><\/h2>\n\n\t\t\t\t<div class=\"su-post-meta\">\n\t\t\t\t\tVer\u00f6ffentlicht: 11. Oktober 2019\t\t\t\t<\/div>\n\n\t\t\t\t<div class=\"su-post-excerpt\">\n\t\t\t\t\t<p>Nachts liege ich im Schein einer Lampe, Vorh\u00e4nge sind zugezogen ich denke \u00fcber dich nach Fast jeden Tag schrillt ein lieblicher Ton du schreibst ich schreibe dann riss dieser elektronische Roman ab, Du sagst, du bist leer Enge h\u00e4ltst du nicht aus ich kam dir nie allzu nah Hinter elektronischen Nachrichten h\u00e4ngen Emotionen, 01001100 01101001 [&hellip;]<\/p>\n\t\t\t\t<\/div>\n\n\t\t\t\t\t\t\t\t\t<a href=\"https:\/\/www.verdichtet.at\/?p=10300#respond\" class=\"su-post-comments-link\">0 Kommentare<\/a>\n\t\t\t\t\n\t\t\t<\/div>\n\n\t\t\t\t\t\n\t\t\t\n\t\t\t<div id=\"su-post-10582\" class=\"su-post \">\n\n\t\t\t\t\n\t\t\t\t<h2 class=\"su-post-title\"><a href=\"https:\/\/www.verdichtet.at\/?p=10582\">Seitenwechsel<\/a><\/h2>\n\n\t\t\t\t<div class=\"su-post-meta\">\n\t\t\t\t\tVer\u00f6ffentlicht: 11. Dezember 2019\t\t\t\t<\/div>\n\n\t\t\t\t<div class=\"su-post-excerpt\">\n\t\t\t\t\t<p>Es hatte sich mit so einer Leichtigkeit und Selbstverst\u00e4ndlichkeit ergeben, eines Nachmittags im Sommer. Ich hatte Martin einfach ein paar Werkst\u00fccke vorbeigebracht und erkl\u00e4rend gemeint, dass ich ohnedies zuf\u00e4llig in seine Richtung unterwegs gewesen war. Und schon war ich in seiner Wohnung, in der er die Werkstatt hatte, in der er mich dann auch gleich [&hellip;]<\/p>\n\t\t\t\t<\/div>\n\n\t\t\t\t\t\t\t\t\t<a href=\"https:\/\/www.verdichtet.at\/?p=10582#respond\" class=\"su-post-comments-link\">0 Kommentare<\/a>\n\t\t\t\t\n\t\t\t<\/div>\n\n\t\t\t\t\t\n\t\t\t\n\t\t\t<div id=\"su-post-9954\" class=\"su-post \">\n\n\t\t\t\t\n\t\t\t\t<h2 class=\"su-post-title\"><a href=\"https:\/\/www.verdichtet.at\/?p=9954\">Geschichte einer Ann\u00e4herung<\/a><\/h2>\n\n\t\t\t\t<div class=\"su-post-meta\">\n\t\t\t\t\tVer\u00f6ffentlicht: 23. Juli 2019\t\t\t\t<\/div>\n\n\t\t\t\t<div class=\"su-post-excerpt\">\n\t\t\t\t\t<p>Eine Liebesgeschichte sollte es werden. Ja, so war es geplant. Und dass alles etwas aus dem Ruder gelaufen ist, tja, daf\u00fcr kann ich bestimmt nichts. Also das soll jetzt keine Rechtfertigung werden oder so, dass das gleich von Beginn an klar ist. Ich bin nicht der gro\u00dfe Erz\u00e4hler, eher ein Mann weniger Worte. Aber das [&hellip;]<\/p>\n\t\t\t\t<\/div>\n\n\t\t\t\t\t\t\t\t\t<a href=\"https:\/\/www.verdichtet.at\/?p=9954#respond\" class=\"su-post-comments-link\">0 Kommentare<\/a>\n\t\t\t\t\n\t\t\t<\/div>\n\n\t\t\t\t\t\n\t\t\t\n\t\t\t<div id=\"su-post-9122\" class=\"su-post \">\n\n\t\t\t\t\n\t\t\t\t<h2 class=\"su-post-title\"><a href=\"https:\/\/www.verdichtet.at\/?p=9122\">Gottesf\u00fcrchtig<\/a><\/h2>\n\n\t\t\t\t<div class=\"su-post-meta\">\n\t\t\t\t\tVer\u00f6ffentlicht: 30. Dezember 2018\t\t\t\t<\/div>\n\n\t\t\t\t<div class=\"su-post-excerpt\">\n\t\t\t\t\t<p>Ein H\u00f6rst\u00fcck Der Mann steht neben den Zuggleisen. Die l\u00e4ndliche Gegend ist von Nebel verh\u00fcllt. Es ist Nacht. Der Mann tr\u00e4gt einen Anorak. Die fast schon kahlen B\u00e4ume bieten kaum noch Schutz gegen den Regen. \u00a0 Mann: Gott, wo bist du? Ich rufe dich. Gott: Ich bin da, Mensch. Ich bin bei dir. Sprich, was [&hellip;]<\/p>\n\t\t\t\t<\/div>\n\n\t\t\t\t\t\t\t\t\t<a href=\"https:\/\/www.verdichtet.at\/?p=9122#respond\" class=\"su-post-comments-link\">0 Kommentare<\/a>\n\t\t\t\t\n\t\t\t<\/div>\n\n\t\t\t\t\t\n\t\t\t\n\t\t\t<div id=\"su-post-8053\" class=\"su-post \">\n\n\t\t\t\t\n\t\t\t\t<h2 class=\"su-post-title\"><a href=\"https:\/\/www.verdichtet.at\/?p=8053\">Meeresrauschen<\/a><\/h2>\n\n\t\t\t\t<div class=\"su-post-meta\">\n\t\t\t\t\tVer\u00f6ffentlicht: 24. April 2018\t\t\t\t<\/div>\n\n\t\t\t\t<div class=\"su-post-excerpt\">\n\t\t\t\t\t<p>Die Flut ebbt ab. Die K\u00e4lte schwillt in br\u00fcchigen Wellen. Nackt und frierend liege ich. Sand um mich, will mich nicht zum Himmel drehen. Schmiege mich in warme Erinnerung. Noch ein kurzes Bisschen. Bis ich wiederum zur\u00fcck ins kalte Wasser muss. Nives Farrier aus: Nach Dir. (TwentySix Verlag, 2018) www.verdichtet.at | Kategorie: hardly secret diary [&hellip;]<\/p>\n\t\t\t\t<\/div>\n\n\t\t\t\t\t\t\t\t\t<a href=\"https:\/\/www.verdichtet.at\/?p=8053#respond\" class=\"su-post-comments-link\">0 Kommentare<\/a>\n\t\t\t\t\n\t\t\t<\/div>\n\n\t\t\t\t\t\n\t\t\t\n\t\t\t<div id=\"su-post-7823\" class=\"su-post \">\n\n\t\t\t\t\n\t\t\t\t<h2 class=\"su-post-title\"><a href=\"https:\/\/www.verdichtet.at\/?p=7823\">Geld, das keine Ruhe kennt<\/a><\/h2>\n\n\t\t\t\t<div class=\"su-post-meta\">\n\t\t\t\t\tVer\u00f6ffentlicht: 8. April 2018\t\t\t\t<\/div>\n\n\t\t\t\t<div class=\"su-post-excerpt\">\n\t\t\t\t\t<p>Nach Jahren, eine Zusammenkunft, er redet \u00fcber seinen Kummer, mit Frauen, sein Geld, von den gro\u00dfen M\u00e4nnern, sie haben es gemacht, vermehrt, Seine Freude sind die Hunde, sie laufen f\u00fcr das bare Cash, 1,2,3,4,5,6, 10 \u20ac auf 1 und 2, er glaubt nicht an 1 und 2, 1,2,5,6 verlieren, 3 und 4 gewinnen, hier kann [&hellip;]<\/p>\n\t\t\t\t<\/div>\n\n\t\t\t\t\t\t\t\t\t<a href=\"https:\/\/www.verdichtet.at\/?p=7823#respond\" class=\"su-post-comments-link\">0 Kommentare<\/a>\n\t\t\t\t\n\t\t\t<\/div>\n\n\t\t\t\t\t\n\t\t\t\n\t\t\t<div id=\"su-post-7915\" class=\"su-post \">\n\n\t\t\t\t\n\t\t\t\t<h2 class=\"su-post-title\"><a href=\"https:\/\/www.verdichtet.at\/?p=7915\">Heiliges Feuer<\/a><\/h2>\n\n\t\t\t\t<div class=\"su-post-meta\">\n\t\t\t\t\tVer\u00f6ffentlicht: 24. April 2018\t\t\t\t<\/div>\n\n\t\t\t\t<div class=\"su-post-excerpt\">\n\t\t\t\t\t<p>Wir tanzten immer am selben dunklen Ort, Sicher, wir w\u00fcrden uns nie verlieren. Wir sahen uns, Im warmen Licht unseres Feuers, Und konnten nicht aufh\u00f6ren zu jubeln. Doch im wilden Schwung Lie\u00df\u2018t du die heilige Fackel fallen. Und so standen wir in tr\u00e4ger Dunkelheit. Zu zweit, Und wussten nicht wohin mit uns. Zu weit weg [&hellip;]<\/p>\n\t\t\t\t<\/div>\n\n\t\t\t\t\t\t\t\t\t<a href=\"https:\/\/www.verdichtet.at\/?p=7915#respond\" class=\"su-post-comments-link\">0 Kommentare<\/a>\n\t\t\t\t\n\t\t\t<\/div>\n\n\t\t\t\t\t\n\t\t\t\n\t\t\t<div id=\"su-post-7924\" class=\"su-post \">\n\n\t\t\t\t\n\t\t\t\t<h2 class=\"su-post-title\"><a href=\"https:\/\/www.verdichtet.at\/?p=7924\">Auseinandergelebt<\/a><\/h2>\n\n\t\t\t\t<div class=\"su-post-meta\">\n\t\t\t\t\tVer\u00f6ffentlicht: 24. April 2018\t\t\t\t<\/div>\n\n\t\t\t\t<div class=\"su-post-excerpt\">\n\t\t\t\t\t<p>Rissen das Pflaster von unserer Wunde, es war nur noch ein kleines St\u00fcck. Endlich gehen wir getrennte Wege, auch das Gef\u00fchl kehrt wieder zur\u00fcck. Dorthin, wo wir einst zusammengewachsen waren. Nives Farrier aus: Nach Dir. (TwentySix Verlag, 2018) www.verdichtet.at | Kategorie: hardly secret diary | Inventarnummer: 18064 &nbsp;<\/p>\n\t\t\t\t<\/div>\n\n\t\t\t\t\t\t\t\t\t<a href=\"https:\/\/www.verdichtet.at\/?p=7924#respond\" class=\"su-post-comments-link\">0 Kommentare<\/a>\n\t\t\t\t\n\t\t\t<\/div>\n\n\t\t\t\t\t\n\t\t\t\n\t\t\t<div id=\"su-post-7927\" class=\"su-post \">\n\n\t\t\t\t\n\t\t\t\t<h2 class=\"su-post-title\"><a href=\"https:\/\/www.verdichtet.at\/?p=7927\">Durchmachen<\/a><\/h2>\n\n\t\t\t\t<div class=\"su-post-meta\">\n\t\t\t\t\tVer\u00f6ffentlicht: 24. April 2018\t\t\t\t<\/div>\n\n\t\t\t\t<div class=\"su-post-excerpt\">\n\t\t\t\t\t<p>Nicht deine Tage wollte ich, deine N\u00e4chte waren es. Aber ohne dich f\u00fchlt sich jeder Tag so dunkel an wie die tiefste Nacht. Nives Farrier aus: Nach Dir. (TwentySix Verlag, 2018) www.verdichtet.at | Kategorie: hardly secret diary | Inventarnummer: 18065 &nbsp;<\/p>\n\t\t\t\t<\/div>\n\n\t\t\t\t\t\t\t\t\t<a href=\"https:\/\/www.verdichtet.at\/?p=7927#respond\" class=\"su-post-comments-link\">0 Kommentare<\/a>\n\t\t\t\t\n\t\t\t<\/div>\n\n\t\t\t\t\t\n\t\t\t\n\t\t\t<div id=\"su-post-7972\" class=\"su-post \">\n\n\t\t\t\t\n\t\t\t\t<h2 class=\"su-post-title\"><a href=\"https:\/\/www.verdichtet.at\/?p=7972\">Enge Freunde<\/a><\/h2>\n\n\t\t\t\t<div class=\"su-post-meta\">\n\t\t\t\t\tVer\u00f6ffentlicht: 24. April 2018\t\t\t\t<\/div>\n\n\t\t\t\t<div class=\"su-post-excerpt\">\n\t\t\t\t\t<p>Dein Atem. Deine Finger. Deine Schenkel an den meinen. Ich w\u00fcnschte, ich h\u00e4tte sie niemals kennengelernt! Dann h\u00e4tte ich jetzt nicht so enge Freunde verloren. Nives Farrier aus: Nach Dir. (TwentySix Verlag, 2018) www.verdichtet.at | Kategorie: hardly secret diary | Inventarnummer: 18080 &nbsp;<\/p>\n\t\t\t\t<\/div>\n\n\t\t\t\t\t\t\t\t\t<a href=\"https:\/\/www.verdichtet.at\/?p=7972#respond\" class=\"su-post-comments-link\">0 Kommentare<\/a>\n\t\t\t\t\n\t\t\t<\/div>\n\n\t\t\t\t\t\n\t\t\t\n\t\t\t<div id=\"su-post-7991\" class=\"su-post \">\n\n\t\t\t\t\n\t\t\t\t<h2 class=\"su-post-title\"><a href=\"https:\/\/www.verdichtet.at\/?p=7991\">Burnout<\/a><\/h2>\n\n\t\t\t\t<div class=\"su-post-meta\">\n\t\t\t\t\tVer\u00f6ffentlicht: 24. April 2018\t\t\t\t<\/div>\n\n\t\t\t\t<div class=\"su-post-excerpt\">\n\t\t\t\t\t<p>M\u00fcde vom Vergeben, M\u00fcde vom Versuchen Zu m\u00fcde zum Reden. Aber keine Kraft, um aufzugeben. Nives Farrier aus: Nach Dir. (TwentySix Verlag, 2018) www.verdichtet.at | Kategorie: hardly secret diary | Inventarnummer: 18086 &nbsp;<\/p>\n\t\t\t\t<\/div>\n\n\t\t\t\t\t\t\t\t\t<a href=\"https:\/\/www.verdichtet.at\/?p=7991#respond\" class=\"su-post-comments-link\">0 Kommentare<\/a>\n\t\t\t\t\n\t\t\t<\/div>\n\n\t\t\t\t\t\n\t\t\t\n\t\t\t<div id=\"su-post-7813\" class=\"su-post \">\n\n\t\t\t\t\n\t\t\t\t<h2 class=\"su-post-title\"><a href=\"https:\/\/www.verdichtet.at\/?p=7813\">Stimmungsbarometer<\/a><\/h2>\n\n\t\t\t\t<div class=\"su-post-meta\">\n\t\t\t\t\tVer\u00f6ffentlicht: 8. April 2018\t\t\t\t<\/div>\n\n\t\t\t\t<div class=\"su-post-excerpt\">\n\t\t\t\t\t<p>Die App, speichert meine Stimmung, Auf, Ab, Auf geht es wieder, Ab geht es ins Unterbewusstsein Florian Pfeffer www.verdichtet.at |\u00a0Kategorie:\u00a0hardly secret diary | Inventarnummer: 18046<\/p>\n\t\t\t\t<\/div>\n\n\t\t\t\t\t\t\t\t\t<a href=\"https:\/\/www.verdichtet.at\/?p=7813#respond\" class=\"su-post-comments-link\">0 Kommentare<\/a>\n\t\t\t\t\n\t\t\t<\/div>\n\n\t\t\t\t\t\n\t\t\t\n\t\t\t<div id=\"su-post-8453\" class=\"su-post \">\n\n\t\t\t\t\n\t\t\t\t<h2 class=\"su-post-title\"><a href=\"https:\/\/www.verdichtet.at\/?p=8453\">So war es eben<\/a><\/h2>\n\n\t\t\t\t<div class=\"su-post-meta\">\n\t\t\t\t\tVer\u00f6ffentlicht: 20. Juli 2018\t\t\t\t<\/div>\n\n\t\t\t\t<div class=\"su-post-excerpt\">\n\t\t\t\t\t<p>Am Morgen des achten November 2014 verlie\u00df Egon Pichler sein Haus am Rande eines Dorfes namens Gratwein. Es war kalt und der Wind wehte eisig, dennoch setzte sich Egon unter einen Apfelbaum auf seinem weitl\u00e4ufigen Grundst\u00fcck. Vor genau einem Jahr war seine Ehefrau im Alter von dreiundachtzig Jahren gestorben. Karla, so hatte sie gehei\u00dfen, war [&hellip;]<\/p>\n\t\t\t\t<\/div>\n\n\t\t\t\t\t\t\t\t\t<a href=\"https:\/\/www.verdichtet.at\/?p=8453#respond\" class=\"su-post-comments-link\">0 Kommentare<\/a>\n\t\t\t\t\n\t\t\t<\/div>\n\n\t\t\t\t\t\n\t\t\t\n\t\t\t<div id=\"su-post-7807\" class=\"su-post \">\n\n\t\t\t\t\n\t\t\t\t<h2 class=\"su-post-title\"><a href=\"https:\/\/www.verdichtet.at\/?p=7807\">Xanax<\/a><\/h2>\n\n\t\t\t\t<div class=\"su-post-meta\">\n\t\t\t\t\tVer\u00f6ffentlicht: 8. April 2018\t\t\t\t<\/div>\n\n\t\t\t\t<div class=\"su-post-excerpt\">\n\t\t\t\t\t<p>Freude, in Slo-Mo, ich denke nicht, wenn sich Muskeln entspannen, frei vom L\u00e4rm, Schreibe durch Wolken, dort h\u00e4ngen die Gepf\u00e4hlten, mit glasigen Augen, Musik macht mich frei, Dort gehe ich vorbei, Sie nennen dich ein Nichts, wer ist hier verkrampft? ich bin es gerade nicht, nur die Augenringe erz\u00e4hlen dir etwas, Korrekturen sind mein Job, [&hellip;]<\/p>\n\t\t\t\t<\/div>\n\n\t\t\t\t\t\t\t\t\t<a href=\"https:\/\/www.verdichtet.at\/?p=7807#respond\" class=\"su-post-comments-link\">0 Kommentare<\/a>\n\t\t\t\t\n\t\t\t<\/div>\n\n\t\t\t\t\t\n\t\t\t\n\t\t\t<div id=\"su-post-8244\" class=\"su-post \">\n\n\t\t\t\t\n\t\t\t\t<h2 class=\"su-post-title\"><a href=\"https:\/\/www.verdichtet.at\/?p=8244\">Vertraut!<\/a><\/h2>\n\n\t\t\t\t<div class=\"su-post-meta\">\n\t\t\t\t\tVer\u00f6ffentlicht: 25. Mai 2018\t\t\t\t<\/div>\n\n\t\t\t\t<div class=\"su-post-excerpt\">\n\t\t\t\t\t<p>Dreiundzwanzig Sommer gemeinsam verbracht, das Ja-Wort laut gegeben, nicht nur gedacht. Unseren T\u00f6chtern ein beh\u00fctetes Nest gebaut, Familienbande \u2013 so vertraut. Mein Fels in der Brandung, ich schmiege mich an, Gewohnheiten, die man nicht erkl\u00e4ren kann. Unsere Liebe, sehr achtsam erbaut, Ber\u00fchrungen \u2013 so vertraut. Manchmal st\u00fcrmisch Worte gesprochen, doch niemals das Vertrauen gebrochen. Humor [&hellip;]<\/p>\n\t\t\t\t<\/div>\n\n\t\t\t\t\t\t\t\t\t<a href=\"https:\/\/www.verdichtet.at\/?p=8244#comments\" class=\"su-post-comments-link\">4 comments<\/a>\n\t\t\t\t\n\t\t\t<\/div>\n\n\t\t\t\t\t\n\t\t\t\n\t\t\t<div id=\"su-post-8123\" class=\"su-post \">\n\n\t\t\t\t\n\t\t\t\t<h2 class=\"su-post-title\"><a href=\"https:\/\/www.verdichtet.at\/?p=8123\">Abgrundtiefe Freundschaft<\/a><\/h2>\n\n\t\t\t\t<div class=\"su-post-meta\">\n\t\t\t\t\tVer\u00f6ffentlicht: 14. Mai 2018\t\t\t\t<\/div>\n\n\t\t\t\t<div class=\"su-post-excerpt\">\n\t\t\t\t\t<p>Spiel weiter, Alessandro, lass deine Finger weiterhin so anmutig \u00fcber den Hals der Gitarre gleiten. Lass es mich nochmals h\u00f6ren, dieses scharfe Glissando, und dazu der kurze Aufschrei deiner rauen Stimme. Nicht satt kann ich mich an dir sehen, dein feines Antlitz gel\u00f6st wie selten, und nicht satt wird meine Kamera, dich abzubilden trotz des [&hellip;]<\/p>\n\t\t\t\t<\/div>\n\n\t\t\t\t\t\t\t\t\t<a href=\"https:\/\/www.verdichtet.at\/?p=8123#respond\" class=\"su-post-comments-link\">0 Kommentare<\/a>\n\t\t\t\t\n\t\t\t<\/div>\n\n\t\t\t\t\t\n\t\t\t\n\t\t\t<div id=\"su-post-7620\" class=\"su-post \">\n\n\t\t\t\t\n\t\t\t\t<h2 class=\"su-post-title\"><a href=\"https:\/\/www.verdichtet.at\/?p=7620\">Der Amethyst<\/a><\/h2>\n\n\t\t\t\t<div class=\"su-post-meta\">\n\t\t\t\t\tVer\u00f6ffentlicht: 8. Februar 2018\t\t\t\t<\/div>\n\n\t\t\t\t<div class=\"su-post-excerpt\">\n\t\t\t\t\t<p>Wir sind sechs Jahre, Rupert und ich. Mein Tischnachbar in der Schule, rechts von mir. Links sitzen noch acht Kinder, das Klassenzimmer hat f\u00fcnf lange Tischreihen und eine Zweierbank ganz hinten. Wir sind 52 Kinder in der ersten Klasse. Die Lehrerin ist Frau Mitterauer, K\u00e4the Mitterauer, sie ist uralt, noch \u00e4lter als meine Gro\u00dfmutter scheint [&hellip;]<\/p>\n\t\t\t\t<\/div>\n\n\t\t\t\t\t\t\t\t\t<a href=\"https:\/\/www.verdichtet.at\/?p=7620#comments\" class=\"su-post-comments-link\">Ein Kommentar<\/a>\n\t\t\t\t\n\t\t\t<\/div>\n\n\t\t\t\t\t\n\t\t\t\n\t\t\t<div id=\"su-post-7393\" class=\"su-post \">\n\n\t\t\t\t\n\t\t\t\t<h2 class=\"su-post-title\"><a href=\"https:\/\/www.verdichtet.at\/?p=7393\">Warum ich keine Putzfrau wurde<\/a><\/h2>\n\n\t\t\t\t<div class=\"su-post-meta\">\n\t\t\t\t\tVer\u00f6ffentlicht: 20. Dezember 2017\t\t\t\t<\/div>\n\n\t\t\t\t<div class=\"su-post-excerpt\">\n\t\t\t\t\t<p>\u201ePensionistin sucht professionelle Hilfe f\u00fcr Haus und Garten. Gutes Zubrot.\u201c Und eine Festnetznummer. Zubrot \u2013 was f\u00fcr ein herrlich altmodisches Wort! Brot zu was? Diese Annonce stach mir in die Augen, als ich in der Bezirkszeitung die Kleinanzeigen studierte. Dabei suchte ich nicht wirklich Arbeit, sondern es war nur die alte Gewohnheit, das Kleingedruckte, oft [&hellip;]<\/p>\n\t\t\t\t<\/div>\n\n\t\t\t\t\t\t\t\t\t<a href=\"https:\/\/www.verdichtet.at\/?p=7393#respond\" class=\"su-post-comments-link\">0 Kommentare<\/a>\n\t\t\t\t\n\t\t\t<\/div>\n\n\t\t\t\t\t\n\t\t\t\n\t\t\t<div id=\"su-post-7160\" class=\"su-post \">\n\n\t\t\t\t\n\t\t\t\t<h2 class=\"su-post-title\"><a href=\"https:\/\/www.verdichtet.at\/?p=7160\">Alte B\u00fcndnisse<\/a><\/h2>\n\n\t\t\t\t<div class=\"su-post-meta\">\n\t\t\t\t\tVer\u00f6ffentlicht: 9. Oktober 2017\t\t\t\t<\/div>\n\n\t\t\t\t<div class=\"su-post-excerpt\">\n\t\t\t\t\t<p>Unvermittelt dr\u00fcckte sie ihr Gesicht in den groben Stoff des ockerfarbenen Mantels, welcher noch den Herbst mit sich hereingetragen hatte, und wollte sterben. Der Todesmarsch hatte schon begonnen. Das Ziel war in Sicht. Mit beiden H\u00e4nden umklammerte sie die \u00c4rmel, vergrub ihr Gesicht noch tiefer in dem Kleidungsst\u00fcck und f\u00fcllte ihre Lungen mit dem Geruch [&hellip;]<\/p>\n\t\t\t\t<\/div>\n\n\t\t\t\t\t\t\t\t\t<a href=\"https:\/\/www.verdichtet.at\/?p=7160#respond\" class=\"su-post-comments-link\">0 Kommentare<\/a>\n\t\t\t\t\n\t\t\t<\/div>\n\n\t\t\t\t\t\n\t\t\t\n\t\t\t<div id=\"su-post-6761\" class=\"su-post \">\n\n\t\t\t\t\n\t\t\t\t<h2 class=\"su-post-title\"><a href=\"https:\/\/www.verdichtet.at\/?p=6761\">Im Einundsechzigsten<\/a><\/h2>\n\n\t\t\t\t<div class=\"su-post-meta\">\n\t\t\t\t\tVer\u00f6ffentlicht: 15. Juli 2017\t\t\t\t<\/div>\n\n\t\t\t\t<div class=\"su-post-excerpt\">\n\t\t\t\t\t<p>Die Hauptperson fehlt. Noch nicht alt. Nicht mehr jung. Zu jung. Eine gebrochene hochbetagte Mutter, deren Schmerz nur kurz Linderung erh\u00e4lt durch Momente der \u00a0Erleichterung dar\u00fcber, nun nicht mehr Sorge f\u00fcr die Zukunft der kranken Tochter tragen zu m\u00fcssen. Kartenspielen mit der Mutter, beiderseitige F\u00fcrsorge. Was wird sein, wenn die Mutter geht? Wer rechnet schon [&hellip;]<\/p>\n\t\t\t\t<\/div>\n\n\t\t\t\t\t\t\t\t\t<a href=\"https:\/\/www.verdichtet.at\/?p=6761#respond\" class=\"su-post-comments-link\">0 Kommentare<\/a>\n\t\t\t\t\n\t\t\t<\/div>\n\n\t\t\t\t\t\n\t\t\t\n\t\t\t<div id=\"su-post-2977\" class=\"su-post \">\n\n\t\t\t\t\n\t\t\t\t<h2 class=\"su-post-title\"><a href=\"https:\/\/www.verdichtet.at\/?p=2977\">Der Verbalist<\/a><\/h2>\n\n\t\t\t\t<div class=\"su-post-meta\">\n\t\t\t\t\tVer\u00f6ffentlicht: 2. August 2015\t\t\t\t<\/div>\n\n\t\t\t\t<div class=\"su-post-excerpt\">\n\t\t\t\t\t<p>Was ist, fragt ihr, ein Verbalist? Bedaure, dass f\u00fcr derart&#8217;ge Debatten kein Vorschlag einzubringen ist. Doch l\u00e4ngst ist so den Herrn, wohl auch den Damen, aufgefallen, als w\u00e4r er tot und sein Verschwinden leis&#8216; verschwiegen. Sein&#8216; Aufgab&#8216; war, uns stets zu unterhalten. Doch galt er nicht in aller Munde gleich. Dem einen war er Schalk [&hellip;]<\/p>\n\t\t\t\t<\/div>\n\n\t\t\t\t\t\t\t\t\t<a href=\"https:\/\/www.verdichtet.at\/?p=2977#comments\" class=\"su-post-comments-link\">3 comments<\/a>\n\t\t\t\t\n\t\t\t<\/div>\n\n\t\t\t\t\t\n\t\t\t\n\t\t\t<div id=\"su-post-6689\" class=\"su-post \">\n\n\t\t\t\t\n\t\t\t\t<h2 class=\"su-post-title\"><a href=\"https:\/\/www.verdichtet.at\/?p=6689\">Einsam<\/a><\/h2>\n\n\t\t\t\t<div class=\"su-post-meta\">\n\t\t\t\t\tVer\u00f6ffentlicht: 1. Juli 2017\t\t\t\t<\/div>\n\n\t\t\t\t<div class=\"su-post-excerpt\">\n\t\t\t\t\t<p>Welch eine Gnade Gottes ist doch das Alleinsein! Niemandem Rechenschaft abgeben m\u00fcssen, was man den ganzen Tag \u00fcber getan oder nicht getan hat! Keine dummen Fragen beantworten m\u00fcssen, keine Fragen stellen m\u00fcssen. Du bist einsam! Einen Dreck, entgegne ich. Das ist was anderes, f\u00fcge ich hinzu. Ich bin nicht die Miss Sophie. Du verwechselt was, [&hellip;]<\/p>\n\t\t\t\t<\/div>\n\n\t\t\t\t\t\t\t\t\t<a href=\"https:\/\/www.verdichtet.at\/?p=6689#respond\" class=\"su-post-comments-link\">0 Kommentare<\/a>\n\t\t\t\t\n\t\t\t<\/div>\n\n\t\t\t\t\t\n\t\t\t\n\t\t\t<div id=\"su-post-6477\" class=\"su-post \">\n\n\t\t\t\t\n\t\t\t\t<h2 class=\"su-post-title\"><a href=\"https:\/\/www.verdichtet.at\/?p=6477\">Verlangsamt suche ich nach dem Licht im Monde<\/a><\/h2>\n\n\t\t\t\t<div class=\"su-post-meta\">\n\t\t\t\t\tVer\u00f6ffentlicht: 9. Mai 2017\t\t\t\t<\/div>\n\n\t\t\t\t<div class=\"su-post-excerpt\">\n\t\t\t\t\t<p>Was hat er getan, Was hat er getan, Eine Kassette h\u00e4ngt im Abspielger\u00e4t meines K\u00f6rpers, Chancen nicht vergoldet, nur verlangsamt W\u00e4hrend du mir in das Ohr fl\u00fcsterst, kann ich dich finden, Du schwarze Saat, Tief in meinen Herzen, Schlie\u00dft gerne alle T\u00fcren Finster bleibe ich am Sofa sitzen, Monde suchen nach mir Florian Pfeffer www.verdichtet.at [&hellip;]<\/p>\n\t\t\t\t<\/div>\n\n\t\t\t\t\t\t\t\t\t<a href=\"https:\/\/www.verdichtet.at\/?p=6477#respond\" class=\"su-post-comments-link\">0 Kommentare<\/a>\n\t\t\t\t\n\t\t\t<\/div>\n\n\t\t\t\t\t\n\t\t\t\n\t\t\t<div id=\"su-post-6402\" class=\"su-post \">\n\n\t\t\t\t\n\t\t\t\t<h2 class=\"su-post-title\"><a href=\"https:\/\/www.verdichtet.at\/?p=6402\">Renoviert<\/a><\/h2>\n\n\t\t\t\t<div class=\"su-post-meta\">\n\t\t\t\t\tVer\u00f6ffentlicht: 12. April 2017\t\t\t\t<\/div>\n\n\t\t\t\t<div class=\"su-post-excerpt\">\n\t\t\t\t\t<p>Ich lebe und arbeite in Wien. Um pr\u00e4zise zu sein in der Innenstadt, also im ersten Bezirk. Ich lebe und arbeite dort in einer ger\u00e4umigen Wohnung, der eine Dachterrasse angeschlossen ist. Das Haus, in dem sich meine Wohnung befindet, ist alt, was die Bausubstanz anlangt, doch wurde es vor einigen Jahren aufwendig renoviert, sodass es [&hellip;]<\/p>\n\t\t\t\t<\/div>\n\n\t\t\t\t\t\t\t\t\t<a href=\"https:\/\/www.verdichtet.at\/?p=6402#respond\" class=\"su-post-comments-link\">0 Kommentare<\/a>\n\t\t\t\t\n\t\t\t<\/div>\n\n\t\t\t\t\t\n\t\t\t\n\t\t\t<div id=\"su-post-6440\" class=\"su-post \">\n\n\t\t\t\t\n\t\t\t\t<h2 class=\"su-post-title\"><a href=\"https:\/\/www.verdichtet.at\/?p=6440\">Il Mare<\/a><\/h2>\n\n\t\t\t\t<div class=\"su-post-meta\">\n\t\t\t\t\tVer\u00f6ffentlicht: 6. Mai 2017\t\t\t\t<\/div>\n\n\t\t\t\t<div class=\"su-post-excerpt\">\n\t\t\t\t\t<p>Glanzlos liegst du mir zu F\u00fc\u00dfen, und vertraulich umsp\u00fclst du mir mit deinem Zungenschlag die Zehen, ganz harmlos stellst dich mir dar, als sei dir an nichts anderem gelegen, als weich gekr\u00e4uselt einige leichtsinnige Sandk\u00f6rner aufzuwirbeln. Im Einklang zur abgleitenden Sonne stellst du dich dar, spiegelst verzerrt ihren Strahlenglanz wider, nahezu unterw\u00fcrfig, als sei dir [&hellip;]<\/p>\n\t\t\t\t<\/div>\n\n\t\t\t\t\t\t\t\t\t<a href=\"https:\/\/www.verdichtet.at\/?p=6440#respond\" class=\"su-post-comments-link\">0 Kommentare<\/a>\n\t\t\t\t\n\t\t\t<\/div>\n\n\t\t\t\t\t\n\t\t\t\n\t\t\t<div id=\"su-post-6099\" class=\"su-post \">\n\n\t\t\t\t\n\t\t\t\t<h2 class=\"su-post-title\"><a href=\"https:\/\/www.verdichtet.at\/?p=6099\">vollmond<\/a><\/h2>\n\n\t\t\t\t<div class=\"su-post-meta\">\n\t\t\t\t\tVer\u00f6ffentlicht: 21. Februar 2017\t\t\t\t<\/div>\n\n\t\t\t\t<div class=\"su-post-excerpt\">\n\t\t\t\t\t<p>n\u00e4chtens sind bekanntlich alle katzen grau und das ged\u00e4chtnis funktioniert so sch\u00f6n ungenau. leichtf\u00fc\u00dfig auf rutschigem drahtseil balancieren und absichtlich die haltung verlieren. aus der reihe tanzen und jemand fremdem in die arme fallen, w\u00e4hrend andere die rechnung zahlen. manche nennen es erfahrungen, andere fehler. das morgenlicht holt sie jedenfalls aus dem keller. die wahrheit [&hellip;]<\/p>\n\t\t\t\t<\/div>\n\n\t\t\t\t\t\t\t\t\t<a href=\"https:\/\/www.verdichtet.at\/?p=6099#respond\" class=\"su-post-comments-link\">0 Kommentare<\/a>\n\t\t\t\t\n\t\t\t<\/div>\n\n\t\t\t\t\t\n\t\t\t\n\t\t\t<div id=\"su-post-6089\" class=\"su-post \">\n\n\t\t\t\t\n\t\t\t\t<h2 class=\"su-post-title\"><a href=\"https:\/\/www.verdichtet.at\/?p=6089\">Drei Trug- und Wutgedichte<\/a><\/h2>\n\n\t\t\t\t<div class=\"su-post-meta\">\n\t\t\t\t\tVer\u00f6ffentlicht: 21. Februar 2017\t\t\t\t<\/div>\n\n\t\t\t\t<div class=\"su-post-excerpt\">\n\t\t\t\t\t<p>bonnie and clyde als geistig verwandte, brannte die leidenschaft mit mir durch. aus angst vor dem, was da in mir entstand, fand ich alleine ruhe in der flucht. &#8211; &#8211; &#8211; zerrei\u00dfprobe der kampf in mir zwischen n\u00e4he und weite zieht mich mehr und mehr in die breite, bis ich ganz leise zerrei\u00dfe. &#8211; &#8211; [&hellip;]<\/p>\n\t\t\t\t<\/div>\n\n\t\t\t\t\t\t\t\t\t<a href=\"https:\/\/www.verdichtet.at\/?p=6089#respond\" class=\"su-post-comments-link\">0 Kommentare<\/a>\n\t\t\t\t\n\t\t\t<\/div>\n\n\t\t\t\t\t\n\t\t\t\n\t\t\t<div id=\"su-post-5923\" class=\"su-post \">\n\n\t\t\t\t\n\t\t\t\t<h2 class=\"su-post-title\"><a href=\"https:\/\/www.verdichtet.at\/?p=5923\">Tu felix Austria, arde!<\/a><\/h2>\n\n\t\t\t\t<div class=\"su-post-meta\">\n\t\t\t\t\tVer\u00f6ffentlicht: 22. Januar 2017\t\t\t\t<\/div>\n\n\t\t\t\t<div class=\"su-post-excerpt\">\n\t\t\t\t\t<p>\u201eJetzt reicht es mir, und zwar endg\u00fcltig!\u201c, rief Frieda Ponisch in den Raum und schlug die Wohnungst\u00fcre zu. Sie streifte ihre Schuhe ab und ging ins Wohnzimmer, wo ihr Ehemann Otto auf dem Sofa sa\u00df. Nach einem Begr\u00fc\u00dfungskuss, den sie auf seine Wange hauchte, lie\u00df sie sich seufzend in einen der beiden Polstersessel fallen. \u201eWas [&hellip;]<\/p>\n\t\t\t\t<\/div>\n\n\t\t\t\t\t\t\t\t\t<a href=\"https:\/\/www.verdichtet.at\/?p=5923#respond\" class=\"su-post-comments-link\">0 Kommentare<\/a>\n\t\t\t\t\n\t\t\t<\/div>\n\n\t\t\t\t\t\n\t\t\t\n\t\t\t<div id=\"su-post-5905\" class=\"su-post \">\n\n\t\t\t\t\n\t\t\t\t<h2 class=\"su-post-title\"><a href=\"https:\/\/www.verdichtet.at\/?p=5905\">Schlaflosigkeit<\/a><\/h2>\n\n\t\t\t\t<div class=\"su-post-meta\">\n\t\t\t\t\tVer\u00f6ffentlicht: 22. Januar 2017\t\t\t\t<\/div>\n\n\t\t\t\t<div class=\"su-post-excerpt\">\n\t\t\t\t\t<p>(Before sunlight) (Sweet dreams) Das habe ich nun davon. Von einem geruhsamen Leseabend. Einmal bin ich ausnahmsweise fr\u00fch ins Bett gegangen und so um zw\u00f6lf eingeschlafen. Tats\u00e4chlich einfach eingeschlafen, ganz nat\u00fcrlich, ohne irgendetwas. Sonst lese ich meistens, bis mir das Buch von den Knien und die Brille von der Nase rutscht, oder ich sehe fern, [&hellip;]<\/p>\n\t\t\t\t<\/div>\n\n\t\t\t\t\t\t\t\t\t<a href=\"https:\/\/www.verdichtet.at\/?p=5905#respond\" class=\"su-post-comments-link\">0 Kommentare<\/a>\n\t\t\t\t\n\t\t\t<\/div>\n\n\t\t\t\t\t\n\t\t\t\n\t\t\t<div id=\"su-post-5759\" class=\"su-post \">\n\n\t\t\t\t\n\t\t\t\t<h2 class=\"su-post-title\"><a href=\"https:\/\/www.verdichtet.at\/?p=5759\">Der schreckliche Herr Kaplan<\/a><\/h2>\n\n\t\t\t\t<div class=\"su-post-meta\">\n\t\t\t\t\tVer\u00f6ffentlicht: 28. Dezember 2016\t\t\t\t<\/div>\n\n\t\t\t\t<div class=\"su-post-excerpt\">\n\t\t\t\t\t<p>Nur in seltenen F\u00e4llen wird man vom Tod eines Menschen, den man einmal kannte, durch die Zeitung erfahren. Ich lese Todesanzeigen, diese schwarz umrandeten Verlautbarungen eines wirklichen oder angeblichen Verlustes haben etwas r\u00fchrend Altmodisches, als g\u00e4be es noch so etwas wie Mitbetroffenheit, einen Sozialk\u00f6rper; ich soll Bescheid wissen, ich geh\u00f6re dazu. So sch\u00f6n aufgereiht standen [&hellip;]<\/p>\n\t\t\t\t<\/div>\n\n\t\t\t\t\t\t\t\t\t<a href=\"https:\/\/www.verdichtet.at\/?p=5759#respond\" class=\"su-post-comments-link\">0 Kommentare<\/a>\n\t\t\t\t\n\t\t\t<\/div>\n\n\t\t\t\t\t\n\t\t\t\n\t\t\t<div id=\"su-post-5614\" class=\"su-post \">\n\n\t\t\t\t\n\t\t\t\t<h2 class=\"su-post-title\"><a href=\"https:\/\/www.verdichtet.at\/?p=5614\">Der Rehbock<\/a><\/h2>\n\n\t\t\t\t<div class=\"su-post-meta\">\n\t\t\t\t\tVer\u00f6ffentlicht: 9. Dezember 2016\t\t\t\t<\/div>\n\n\t\t\t\t<div class=\"su-post-excerpt\">\n\t\t\t\t\t<p>Martin M\u00f6stl war schon oft gefragt worden, ob er nach dem Mittagessen einen Spaziergang machen wollte. Stets hatte er abgelehnt, denn die Menschen, die ihn begleitet h\u00e4tten, waren ihm als denkbar schlechte Gesellschafter vorgekommen. Eines Tages, es war ein regnerischer Nachmittag, ging Martin doch spazieren. Das schlechte Wetter lie\u00df ihn hoffen, dass er auf dem [&hellip;]<\/p>\n\t\t\t\t<\/div>\n\n\t\t\t\t\t\t\t\t\t<a href=\"https:\/\/www.verdichtet.at\/?p=5614#respond\" class=\"su-post-comments-link\">0 Kommentare<\/a>\n\t\t\t\t\n\t\t\t<\/div>\n\n\t\t\t\t\t\n\t\t\t\n\t\t\t<div id=\"su-post-5782\" class=\"su-post \">\n\n\t\t\t\t\n\t\t\t\t<h2 class=\"su-post-title\"><a href=\"https:\/\/www.verdichtet.at\/?p=5782\">Das M\u00e4dchen von nebenan<\/a><\/h2>\n\n\t\t\t\t<div class=\"su-post-meta\">\n\t\t\t\t\tVer\u00f6ffentlicht: 28. Dezember 2016\t\t\t\t<\/div>\n\n\t\t\t\t<div class=\"su-post-excerpt\">\n\t\t\t\t\t<p>f\u00fcr C.K. Ich lernte Conny zwei Wochen vor Weihnachten kennen, als wir beide Patienten auf der psychosomatischen Station des AKH waren. Conny war ein viel besch\u00e4ftigtes M\u00e4dchen; sie zeichnete Selbstportr\u00e4ts, malte Aquarelle, schrieb kleine Geschichten und Gedichte. Sie war anteilslos gegen\u00fcber Mitpatienten, nahm aber an allen Aktivit\u00e4ten teil. Wir begegneten uns mehrmals in der Kunsttherapie [&hellip;]<\/p>\n\t\t\t\t<\/div>\n\n\t\t\t\t\t\t\t\t\t<a href=\"https:\/\/www.verdichtet.at\/?p=5782#comments\" class=\"su-post-comments-link\">Ein Kommentar<\/a>\n\t\t\t\t\n\t\t\t<\/div>\n\n\t\t\t\t\t\n\t\t\t\n\t\t\t<div id=\"su-post-5363\" class=\"su-post \">\n\n\t\t\t\t\n\t\t\t\t<h2 class=\"su-post-title\"><a href=\"https:\/\/www.verdichtet.at\/?p=5363\">Meine (Un)Tat<\/a><\/h2>\n\n\t\t\t\t<div class=\"su-post-meta\">\n\t\t\t\t\tVer\u00f6ffentlicht: 31. Oktober 2016\t\t\t\t<\/div>\n\n\t\t\t\t<div class=\"su-post-excerpt\">\n\t\t\t\t\t<p>Lange hatte ich versucht, gegen diesen Drang anzuk\u00e4mpfen, die l\u00e4ngste Zeit, zwanzig Jahre um pr\u00e4zise zu sein, sogar erfolgreich, doch an diesem sechsundzwanzigsten Mai im Jahr 2011 habe ich versagt. Ja, ich habe schlicht versagt, meine Skills haben mich im Stich gelassen. Diese Handlung, die ich letzten Endes, also am heutigen Tag gesetzt habe, hatte [&hellip;]<\/p>\n\t\t\t\t<\/div>\n\n\t\t\t\t\t\t\t\t\t<a href=\"https:\/\/www.verdichtet.at\/?p=5363#respond\" class=\"su-post-comments-link\">0 Kommentare<\/a>\n\t\t\t\t\n\t\t\t<\/div>\n\n\t\t\t\t\t\n\t\t\t\n\t\t\t<div id=\"su-post-5288\" class=\"su-post \">\n\n\t\t\t\t\n\t\t\t\t<h2 class=\"su-post-title\"><a href=\"https:\/\/www.verdichtet.at\/?p=5288\">Toxin<\/a><\/h2>\n\n\t\t\t\t<div class=\"su-post-meta\">\n\t\t\t\t\tVer\u00f6ffentlicht: 26. Oktober 2016\t\t\t\t<\/div>\n\n\t\t\t\t<div class=\"su-post-excerpt\">\n\t\t\t\t\t<p>Nachts kommen Bilder, Reflexionen einer Leere In den Sternen geschriebene Fetzen aus rostiger Sehnsucht Schlaf wirkt wie Gift, lebendige Schatten klopfen an T\u00fcren In sch\u00f6nen Details wurzelt eine L\u00fcge von falscher Kalkulation Florian Pfeffer www.verdichtet.at | Kategorie: hardly secret diary| Inventarnummer: 16142<\/p>\n\t\t\t\t<\/div>\n\n\t\t\t\t\t\t\t\t\t<a href=\"https:\/\/www.verdichtet.at\/?p=5288#respond\" class=\"su-post-comments-link\">0 Kommentare<\/a>\n\t\t\t\t\n\t\t\t<\/div>\n\n\t\t\t\t\t\n\t\t\t\n\t\t\t<div id=\"su-post-5438\" class=\"su-post \">\n\n\t\t\t\t\n\t\t\t\t<h2 class=\"su-post-title\"><a href=\"https:\/\/www.verdichtet.at\/?p=5438\">Entrisch<\/a><\/h2>\n\n\t\t\t\t<div class=\"su-post-meta\">\n\t\t\t\t\tVer\u00f6ffentlicht: 16. November 2016\t\t\t\t<\/div>\n\n\t\t\t\t<div class=\"su-post-excerpt\">\n\t\t\t\t\t<p>Wenn man von Linz aus Richtung Norden f\u00e4hrt, an Gallneukirchen vorbei, durch Neumarkt und schlie\u00dflich Freistadt links liegen l\u00e4sst, kommt man in eine Gegend, in der es nicht mehr viel gibt. Irgendwo dort, noch vor der tschechischen Grenze, im absoluten Niemandsland vor, hinter oder zwischen M\u00fchlviertel und Waldviertel, gab es ein kleines Bauernhaus, versteckt hinter [&hellip;]<\/p>\n\t\t\t\t<\/div>\n\n\t\t\t\t\t\t\t\t\t<a href=\"https:\/\/www.verdichtet.at\/?p=5438#respond\" class=\"su-post-comments-link\">0 Kommentare<\/a>\n\t\t\t\t\n\t\t\t<\/div>\n\n\t\t\t\t\t\n\t\t\t\n\t\t\t<div id=\"su-post-5201\" class=\"su-post \">\n\n\t\t\t\t\n\t\t\t\t<h2 class=\"su-post-title\"><a href=\"https:\/\/www.verdichtet.at\/?p=5201\">Ein steriler Mensch<\/a><\/h2>\n\n\t\t\t\t<div class=\"su-post-meta\">\n\t\t\t\t\tVer\u00f6ffentlicht: 6. Oktober 2016\t\t\t\t<\/div>\n\n\t\t\t\t<div class=\"su-post-excerpt\">\n\t\t\t\t\t<p>Entweder er stellt seine gef\u00fcllten Kisten auf den Dachboden oder aber er geht in den Garten, errichtet eine kleine Feuerstelle und verbrennt sie. Er entschied sich f\u00fcr Letzteres. Denn selbst wenn er, nachdem er den Dachboden verlassen h\u00e4tte, den Schl\u00fcssel aus dem Schloss gezogen h\u00e4tte, um ihn anschlie\u00dfend wegzuwerfen und nicht wie \u00fcblich einmal umzudrehen, [&hellip;]<\/p>\n\t\t\t\t<\/div>\n\n\t\t\t\t\t\t\t\t\t<a href=\"https:\/\/www.verdichtet.at\/?p=5201#respond\" class=\"su-post-comments-link\">0 Kommentare<\/a>\n\t\t\t\t\n\t\t\t<\/div>\n\n\t\t\t\t\t\n\t\t\t\n\t\t\t<div id=\"su-post-4922\" class=\"su-post \">\n\n\t\t\t\t\n\t\t\t\t<h2 class=\"su-post-title\"><a href=\"https:\/\/www.verdichtet.at\/?p=4922\">R\u00fcckblick eines Priesters<\/a><\/h2>\n\n\t\t\t\t<div class=\"su-post-meta\">\n\t\t\t\t\tVer\u00f6ffentlicht: 29. August 2016\t\t\t\t<\/div>\n\n\t\t\t\t<div class=\"su-post-excerpt\">\n\t\t\t\t\t<p>Mein Name ist Pater Reinhard Puswald, ich bin dreiundachtzig Jahre alt und diktiere meinem Mitbruder Pater Franziskus Gruber diese Worte, w\u00e4hrend ich auf meinem Sterbebett liege. Sie sollen mein Verm\u00e4chtnis sein und sind m\u00f6glicherweise dazu angetan, jungen Ordensmitgliedern einen Eindruck zu vermitteln, worauf es meiner Ansicht nach beim Priesterberuf ankommt. Ich sage bewusst Beruf, denn [&hellip;]<\/p>\n\t\t\t\t<\/div>\n\n\t\t\t\t\t\t\t\t\t<a href=\"https:\/\/www.verdichtet.at\/?p=4922#respond\" class=\"su-post-comments-link\">0 Kommentare<\/a>\n\t\t\t\t\n\t\t\t<\/div>\n\n\t\t\t\t\t\n\t\t\t\n\t\t\t<div id=\"su-post-4765\" class=\"su-post \">\n\n\t\t\t\t\n\t\t\t\t<h2 class=\"su-post-title\"><a href=\"https:\/\/www.verdichtet.at\/?p=4765\">Herr Peters darf noch nicht sterben<\/a><\/h2>\n\n\t\t\t\t<div class=\"su-post-meta\">\n\t\t\t\t\tVer\u00f6ffentlicht: 12. Juli 2016\t\t\t\t<\/div>\n\n\t\t\t\t<div class=\"su-post-excerpt\">\n\t\t\t\t\t<p>\u201eHerr Peters, warum glauben Sie, dass Sie sich umbringen m\u00fcssen, um die Probleme mit Ihrer Frau aus der Welt zu schaffen?\u201d, fragte Maria Kn\u00f6pfling, die Psychotherapeutin. Auf das vor ihr auf dem Schreibtisch liegende Blatt Papier schrieb sie \u2018schwere Anpassungsst\u00f6rung; suizidale Tendenzen??\u2019 \u201eDas w\u00e4re die beste L\u00f6sung\u201d, gab Norbert Peters zur\u00fcck. \u201eSo w\u00e4ren alle Probleme [&hellip;]<\/p>\n\t\t\t\t<\/div>\n\n\t\t\t\t\t\t\t\t\t<a href=\"https:\/\/www.verdichtet.at\/?p=4765#respond\" class=\"su-post-comments-link\">0 Kommentare<\/a>\n\t\t\t\t\n\t\t\t<\/div>\n\n\t\t\t\t\t\n\t\t\t\n\t\t\t<div id=\"su-post-4604\" class=\"su-post \">\n\n\t\t\t\t\n\t\t\t\t<h2 class=\"su-post-title\"><a href=\"https:\/\/www.verdichtet.at\/?p=4604\">Felicitas<\/a><\/h2>\n\n\t\t\t\t<div class=\"su-post-meta\">\n\t\t\t\t\tVer\u00f6ffentlicht: 13. Juni 2016\t\t\t\t<\/div>\n\n\t\t\t\t<div class=\"su-post-excerpt\">\n\t\t\t\t\t<p>Ihr Name war kontr\u00e4r zu ihrer Pers\u00f6nlichkeit. Sie litt unter schlimmen Zust\u00e4nden, sehr viele Dinge machten ihr Angst, sie zog sich weit zur\u00fcck. Felicitas entschuldigte sich st\u00e4ndig: \u201eEntschuldigung, dass ich das sag\u201c, so fingen viele ihrer S\u00e4tze an. Und sie f\u00fchlte sich f\u00fcr Katstrophen verantwortlich. An den durchgeschmolzenen Reaktoren von Fukushima und den vielen Toten [&hellip;]<\/p>\n\t\t\t\t<\/div>\n\n\t\t\t\t\t\t\t\t\t<a href=\"https:\/\/www.verdichtet.at\/?p=4604#respond\" class=\"su-post-comments-link\">0 Kommentare<\/a>\n\t\t\t\t\n\t\t\t<\/div>\n\n\t\t\t\t\t\n\t\t\t\n\t\t\t<div id=\"su-post-4393\" class=\"su-post \">\n\n\t\t\t\t\n\t\t\t\t<h2 class=\"su-post-title\"><a href=\"https:\/\/www.verdichtet.at\/?p=4393\">Der Kreisel<\/a><\/h2>\n\n\t\t\t\t<div class=\"su-post-meta\">\n\t\t\t\t\tVer\u00f6ffentlicht: 12. Mai 2016\t\t\t\t<\/div>\n\n\t\t\t\t<div class=\"su-post-excerpt\">\n\t\t\t\t\t<p>Ich bin so ausgelaugt. Ich bin ersch\u00f6pft. Mein K\u00f6rper, mein Geist, mein Herz und meine Seele. Jeden Tag versuche ich, Kraft zu sammeln f\u00fcr all diese Aufgaben, die zu erledigen sind. Aber es sind so viele, dass sie vor meinen Augen verschwimmen und somit an Bedeutung verlieren. Ein Kampf gegen Windm\u00fchlen? Der fr\u00fcher oder sp\u00e4ter [&hellip;]<\/p>\n\t\t\t\t<\/div>\n\n\t\t\t\t\t\t\t\t\t<a href=\"https:\/\/www.verdichtet.at\/?p=4393#respond\" class=\"su-post-comments-link\">0 Kommentare<\/a>\n\t\t\t\t\n\t\t\t<\/div>\n\n\t\t\t\t\t\n\t\t\t\n\t\t\t<div id=\"su-post-4305\" class=\"su-post \">\n\n\t\t\t\t\n\t\t\t\t<h2 class=\"su-post-title\"><a href=\"https:\/\/www.verdichtet.at\/?p=4305\">Danach<\/a><\/h2>\n\n\t\t\t\t<div class=\"su-post-meta\">\n\t\t\t\t\tVer\u00f6ffentlicht: 22. April 2016\t\t\t\t<\/div>\n\n\t\t\t\t<div class=\"su-post-excerpt\">\n\t\t\t\t\t<p>V\u00f6llig ersch\u00f6pft haben wir uns jeder auf seine Seite plumpsen lassen. Ich betrachte dich lange. Du atmest noch schwer. Wie viele Jahre sind schon vergangen, die wir uns geliebt haben? Du sagst nichts. Liegst nur still da. Wie immer. Alles ist, wie immer. Und ich? Jetzt soll ich mich mit der Erinnerung an die Vergangenheit [&hellip;]<\/p>\n\t\t\t\t<\/div>\n\n\t\t\t\t\t\t\t\t\t<a href=\"https:\/\/www.verdichtet.at\/?p=4305#respond\" class=\"su-post-comments-link\">0 Kommentare<\/a>\n\t\t\t\t\n\t\t\t<\/div>\n\n\t\t\t\t\t\n\t\t\t\n\t\t\t<div id=\"su-post-4198\" class=\"su-post \">\n\n\t\t\t\t\n\t\t\t\t<h2 class=\"su-post-title\"><a href=\"https:\/\/www.verdichtet.at\/?p=4198\">Perception<\/a><\/h2>\n\n\t\t\t\t<div class=\"su-post-meta\">\n\t\t\t\t\tVer\u00f6ffentlicht: 15. M\u00e4rz 2016\t\t\t\t<\/div>\n\n\t\t\t\t<div class=\"su-post-excerpt\">\n\t\t\t\t\t<p>Ich sa\u00df in der zweiten Bankreihe der Kirche. Ich war allein, meine Augen waren geschlossen. Konzentriert h\u00f6rte ich meinem Atem zu, wie er durch Nase und Luftr\u00f6hre hindurchstrich, meine Lungen durchstr\u00f6mte und schlie\u00dflich meinen K\u00f6rper wieder \u00fcber meinen Mund verlie\u00df. Meine Lippen waren ausgetrocknet, die H\u00e4nde lagen zusammengefaltet in meinem Scho\u00df. Es war eine Beruhigungs\u00fcbung, [&hellip;]<\/p>\n\t\t\t\t<\/div>\n\n\t\t\t\t\t\t\t\t\t<a href=\"https:\/\/www.verdichtet.at\/?p=4198#comments\" class=\"su-post-comments-link\">Ein Kommentar<\/a>\n\t\t\t\t\n\t\t\t<\/div>\n\n\t\t\t\t\t\n\t\t\t\n\t\t\t<div id=\"su-post-4089\" class=\"su-post \">\n\n\t\t\t\t\n\t\t\t\t<h2 class=\"su-post-title\"><a href=\"https:\/\/www.verdichtet.at\/?p=4089\">Nicht ohne dich<\/a><\/h2>\n\n\t\t\t\t<div class=\"su-post-meta\">\n\t\t\t\t\tVer\u00f6ffentlicht: 13. Februar 2016\t\t\t\t<\/div>\n\n\t\t\t\t<div class=\"su-post-excerpt\">\n\t\t\t\t\t<p>Noch t\u00e4uschen meine Augen mich mit Bildern der Erinnerung. Jetzt, wo ich dich lang genug gekannt \u2013 jetzt kann ich erst ermessen, wie einzigartig alles du mir warst. Ohne dich, so ohne dich, beginn ich langsam alles zu vergessen. Wo war ich blo\u00df? Von purer Blindheit derb geschlagen? War\u2019s Ignoranz? Ach, wenn ich an dich, [&hellip;]<\/p>\n\t\t\t\t<\/div>\n\n\t\t\t\t\t\t\t\t\t<a href=\"https:\/\/www.verdichtet.at\/?p=4089#respond\" class=\"su-post-comments-link\">0 Kommentare<\/a>\n\t\t\t\t\n\t\t\t<\/div>\n\n\t\t\t\t\t\n\t\t\t\n\t\t\t<div id=\"su-post-4070\" class=\"su-post \">\n\n\t\t\t\t\n\t\t\t\t<h2 class=\"su-post-title\"><a href=\"https:\/\/www.verdichtet.at\/?p=4070\">Liebe und Glamour<\/a><\/h2>\n\n\t\t\t\t<div class=\"su-post-meta\">\n\t\t\t\t\tVer\u00f6ffentlicht: 9. Februar 2016\t\t\t\t<\/div>\n\n\t\t\t\t<div class=\"su-post-excerpt\">\n\t\t\t\t\t<p>Als Ditta das Haus betrat, wusste sie sofort, dass ihr Mann aus der Firma zur\u00fcck war. Im Vorhaus standen seine Schuhe exakt parallel auf der Matte, der beige Staubmantel und der gr\u00fcne Schirm hingen in der Garderobe, die d\u00fcnne schweinslederne Aktentasche und der Schl\u00fcsselbund lagen auf dem Board unterhalb des Spiegels. Alles sah aus wie [&hellip;]<\/p>\n\t\t\t\t<\/div>\n\n\t\t\t\t\t\t\t\t\t<a href=\"https:\/\/www.verdichtet.at\/?p=4070#respond\" class=\"su-post-comments-link\">0 Kommentare<\/a>\n\t\t\t\t\n\t\t\t<\/div>\n\n\t\t\t\t\t\n\t\t\t\n\t\t\t<div id=\"su-post-3902\" class=\"su-post \">\n\n\t\t\t\t\n\t\t\t\t<h2 class=\"su-post-title\"><a href=\"https:\/\/www.verdichtet.at\/?p=3902\">Stammtischgebet<\/a><\/h2>\n\n\t\t\t\t<div class=\"su-post-meta\">\n\t\t\t\t\tVer\u00f6ffentlicht: 6. Januar 2016\t\t\t\t<\/div>\n\n\t\t\t\t<div class=\"su-post-excerpt\">\n\t\t\t\t\t<p>So einen kleinen Knick, den haben wir schon verkraftet, damals. Kleine Delle gekriegt, der Aufschwung, die Konjunktur und alles. Wegen dem Bisschen \u00d6l und so. Aber sonst \u2013 nein, da sind wir die Alten geblieben, nicht? Kein Problem! Da gab\u2019s noch Tauschhandel, Schwarzmarkt und so. Mein Gott! Aber dann &#8211; immer bergauf, haben wir gesagt, [&hellip;]<\/p>\n\t\t\t\t<\/div>\n\n\t\t\t\t\t\t\t\t\t<a href=\"https:\/\/www.verdichtet.at\/?p=3902#respond\" class=\"su-post-comments-link\">0 Kommentare<\/a>\n\t\t\t\t\n\t\t\t<\/div>\n\n\t\t\t\t\t\n\t\t\t\n\t\t\t<div id=\"su-post-306\" class=\"su-post \">\n\n\t\t\t\t\n\t\t\t\t<h2 class=\"su-post-title\"><a href=\"https:\/\/www.verdichtet.at\/?p=306\">Kann man mehrere Lieblingslokale gleichzeitig haben, oder geht man dann schon fremd?<\/a><\/h2>\n\n\t\t\t\t<div class=\"su-post-meta\">\n\t\t\t\t\tVer\u00f6ffentlicht: 28. November 2013\t\t\t\t<\/div>\n\n\t\t\t\t<div class=\"su-post-excerpt\">\n\t\t\t\t\t<p>Ich habe ein Lieblingslokal. Gleichzeitig neben den neun anderen. Heute das eine, morgen das andere und f\u00fcr jedes das passende Outfit. Gestern zum Beispiel, war ich mit Nummer Sieben aus. Wenn ich Nummer Sieben treffe, dann trage ich immer roten Lippenstift. Nummer Sieben ist Franzose und wir haben gemeinsam Quiche gegessen. Nicht das romantischste \u00a0Essen, [&hellip;]<\/p>\n\t\t\t\t<\/div>\n\n\t\t\t\t\t\t\t\t\t<a href=\"https:\/\/www.verdichtet.at\/?p=306#respond\" class=\"su-post-comments-link\">0 Kommentare<\/a>\n\t\t\t\t\n\t\t\t<\/div>\n\n\t\t\t\t\t\n\t\t\t\n\t\t\t<div id=\"su-post-2637\" class=\"su-post \">\n\n\t\t\t\t\n\t\t\t\t<h2 class=\"su-post-title\"><a href=\"https:\/\/www.verdichtet.at\/?p=2637\">Die Nuss<\/a><\/h2>\n\n\t\t\t\t<div class=\"su-post-meta\">\n\t\t\t\t\tVer\u00f6ffentlicht: 20. Mai 2015\t\t\t\t<\/div>\n\n\t\t\t\t<div class=\"su-post-excerpt\">\n\t\t\t\t\t<p>Ich war noch sehr jung. Aber egal wie alt ich damals auch gewesen sein mag, manche Dinge begreift man erst, wenn man \u201eerwachsen\u201c wird. \u2013 Andere Dinge daf\u00fcr nie wieder. Es geschah an einem hei\u00dfen Tag im Sommer. Die Sonne hatte \u00fcber die Erde gel\u00e4chelt als kannte sie nichts B\u00f6ses, denn nur wenig Wolken hangen [&hellip;]<\/p>\n\t\t\t\t<\/div>\n\n\t\t\t\t\t\t\t\t\t<a href=\"https:\/\/www.verdichtet.at\/?p=2637#respond\" class=\"su-post-comments-link\">0 Kommentare<\/a>\n\t\t\t\t\n\t\t\t<\/div>\n\n\t\t\t\t\t\n\t\t\t\n\t\t\t<div id=\"su-post-2490\" class=\"su-post \">\n\n\t\t\t\t\n\t\t\t\t<h2 class=\"su-post-title\"><a href=\"https:\/\/www.verdichtet.at\/?p=2490\">Fragment<\/a><\/h2>\n\n\t\t\t\t<div class=\"su-post-meta\">\n\t\t\t\t\tVer\u00f6ffentlicht: 23. April 2015\t\t\t\t<\/div>\n\n\t\t\t\t<div class=\"su-post-excerpt\">\n\t\t\t\t\t<p>Der erste Absatz des Textes ist von Nobelpreistr\u00e4ger Patrick Modiano, den Rest habe ich erg\u00e4nzt. Oft hatte ich Angst, und um wieder Mut zu sch\u00f6pfen, w\u00e4re ich gerne zu meiner Mutter gelaufen, aber ich h\u00e4tte sie nur bei der Arbeit gest\u00f6rt. Heute wei\u00df ich, sie h\u00e4tte mich nicht ausgeschimpft, denn in jener Nacht, als sie [&hellip;]<\/p>\n\t\t\t\t<\/div>\n\n\t\t\t\t\t\t\t\t\t<a href=\"https:\/\/www.verdichtet.at\/?p=2490#respond\" class=\"su-post-comments-link\">0 Kommentare<\/a>\n\t\t\t\t\n\t\t\t<\/div>\n\n\t\t\t\t\t\n\t\t\t\n\t\t\t<div id=\"su-post-2478\" class=\"su-post \">\n\n\t\t\t\t\n\t\t\t\t<h2 class=\"su-post-title\"><a href=\"https:\/\/www.verdichtet.at\/?p=2478\">Liebster Papa<\/a><\/h2>\n\n\t\t\t\t<div class=\"su-post-meta\">\n\t\t\t\t\tVer\u00f6ffentlicht: 18. April 2015\t\t\t\t<\/div>\n\n\t\t\t\t<div class=\"su-post-excerpt\">\n\t\t\t\t\t<p>Liebster Papa! Ich hoffe, dort wo du jetzt bist, geht es dir gut? Heute habe ich dir vieles zu berichten. Angenehmes, aber auch Unangenehmes. Aber h\u00f6re selbst. Das Leben hier hat sich, seit du von uns fort bist, sehr ver\u00e4ndert. Wei\u00df nicht, ob man sagen kann, zum Vorteil. Oft vermeinte ich schon, den Weltuntergang zu [&hellip;]<\/p>\n\t\t\t\t<\/div>\n\n\t\t\t\t\t\t\t\t\t<a href=\"https:\/\/www.verdichtet.at\/?p=2478#respond\" class=\"su-post-comments-link\">0 Kommentare<\/a>\n\t\t\t\t\n\t\t\t<\/div>\n\n\t\t\t\t\t\n\t\t\t\n\t\t\t<div id=\"su-post-2441\" class=\"su-post \">\n\n\t\t\t\t\n\t\t\t\t<h2 class=\"su-post-title\"><a href=\"https:\/\/www.verdichtet.at\/?p=2441\">Am Ende<\/a><\/h2>\n\n\t\t\t\t<div class=\"su-post-meta\">\n\t\t\t\t\tVer\u00f6ffentlicht: 13. April 2015\t\t\t\t<\/div>\n\n\t\t\t\t<div class=\"su-post-excerpt\">\n\t\t\t\t\t<p>Mit Burn-out zu Hause und der Tatsache, dass seine Ehe seit den letzten Wochen in Br\u00fcche zu gehen drohte, befand sich Arno psychisch und physisch im absoluten \u201eDown-under\u201c. Wie sollte man dem angeh\u00e4uften Elend entkommen?, fragte er sich. In der Ablenkung bestand stets eine m\u00f6gliche Variante, den Tag relativ unbeschadet zu \u00fcberstehen. Nachdem der Postbote [&hellip;]<\/p>\n\t\t\t\t<\/div>\n\n\t\t\t\t\t\t\t\t\t<a href=\"https:\/\/www.verdichtet.at\/?p=2441#respond\" class=\"su-post-comments-link\">0 Kommentare<\/a>\n\t\t\t\t\n\t\t\t<\/div>\n\n\t\t\t\t\t\n\t\t\t\n\t\t\t<div id=\"su-post-2434\" class=\"su-post \">\n\n\t\t\t\t\n\t\t\t\t<h2 class=\"su-post-title\"><a href=\"https:\/\/www.verdichtet.at\/?p=2434\">abgetaucht<\/a><\/h2>\n\n\t\t\t\t<div class=\"su-post-meta\">\n\t\t\t\t\tVer\u00f6ffentlicht: 13. April 2015\t\t\t\t<\/div>\n\n\t\t\t\t<div class=\"su-post-excerpt\">\n\t\t\t\t\t<p>Wartezimmer haben etwas Endg\u00fcltiges. Wartezimmer in psychiatrischen Ordinationen etwas Vernichtendes. Wei\u00df get\u00fcncht. Zeitlos, uhrlos. Aluminiumfauteuils mit Leder bespannt. Repr\u00e4sentieren lautlose \u00dcberlegenheit. Strahlen stuhlbeingl\u00e4nzend Macht aus. Ihre Opfer, die sich auf ihnen niedertun, in unsichtbaren Netzen imagin\u00e4rer Spinnen gefangengehalten. Solange, bis sie emotionslos mit ihren Namen aufgerufen werden. Arno war einer von ihnen, und angemeldet. Ohne [&hellip;]<\/p>\n\t\t\t\t<\/div>\n\n\t\t\t\t\t\t\t\t\t<a href=\"https:\/\/www.verdichtet.at\/?p=2434#respond\" class=\"su-post-comments-link\">0 Kommentare<\/a>\n\t\t\t\t\n\t\t\t<\/div>\n\n\t\t\t\t\t\n\t\t\t\n\t\t\t<div id=\"su-post-2221\" class=\"su-post \">\n\n\t\t\t\t\n\t\t\t\t<h2 class=\"su-post-title\"><a href=\"https:\/\/www.verdichtet.at\/?p=2221\">Falsch verstanden<\/a><\/h2>\n\n\t\t\t\t<div class=\"su-post-meta\">\n\t\t\t\t\tVer\u00f6ffentlicht: 15. Februar 2015\t\t\t\t<\/div>\n\n\t\t\t\t<div class=\"su-post-excerpt\">\n\t\t\t\t\t<p>Balthasar hatte ein Rendezvous. Gestern nachmittags. Wie kam das? Gerade ihm, dem bis an die Grenze zur Dummheit Gutm\u00fctigen, allein fast Hilflosen, ist vor einem Jahr die Frau verstorben. Das war ein schwerer Schlag f\u00fcr den schlichten Menschen. \u201eWenn der Herrgott einen Wurstel braucht, l\u00e4sst er einen F\u00fcnfziger Wittiber werden\u201c, sagt sehr treffend ein bayrisches [&hellip;]<\/p>\n\t\t\t\t<\/div>\n\n\t\t\t\t\t\t\t\t\t<a href=\"https:\/\/www.verdichtet.at\/?p=2221#respond\" class=\"su-post-comments-link\">0 Kommentare<\/a>\n\t\t\t\t\n\t\t\t<\/div>\n\n\t\t\t\t\t\n\t\t\t\n\t\t\t<div id=\"su-post-2005\" class=\"su-post \">\n\n\t\t\t\t\n\t\t\t\t<h2 class=\"su-post-title\"><a href=\"https:\/\/www.verdichtet.at\/?p=2005\">Du bist uns wichtig!<\/a><\/h2>\n\n\t\t\t\t<div class=\"su-post-meta\">\n\t\t\t\t\tVer\u00f6ffentlicht: 6. Januar 2015\t\t\t\t<\/div>\n\n\t\t\t\t<div class=\"su-post-excerpt\">\n\t\t\t\t\t<p>Liebe Marianne, wir w\u00fcrden uns freuen, dich mal wiederzusehen! Seit deinem letzten Einkauf ist einige Zeit vergangen. Deine Meinung ist uns wichtig! Sag uns, wie wir dich gl\u00fccklich machen k\u00f6nnen. Hilf uns dabei, dein Lazando-Shopping-Erlebnis zu etwas ganz Besonderem zu machen. Mit deinem pers\u00f6nlichen Gutscheincode *8zzRcTGo3Y483Ad9* sparst du jetzt 20,- \u20ac bei deinem n\u00e4chsten Einkauf. [&hellip;]<\/p>\n\t\t\t\t<\/div>\n\n\t\t\t\t\t\t\t\t\t<a href=\"https:\/\/www.verdichtet.at\/?p=2005#respond\" class=\"su-post-comments-link\">0 Kommentare<\/a>\n\t\t\t\t\n\t\t\t<\/div>\n\n\t\t\t\t\t\n\t\t\t\n\t\t\t<div id=\"su-post-1753\" class=\"su-post \">\n\n\t\t\t\t\n\t\t\t\t<h2 class=\"su-post-title\"><a href=\"https:\/\/www.verdichtet.at\/?p=1753\">Die Maschine (Version Sch\u00f6ngeist)<\/a><\/h2>\n\n\t\t\t\t<div class=\"su-post-meta\">\n\t\t\t\t\tVer\u00f6ffentlicht: 14. Oktober 2014\t\t\t\t<\/div>\n\n\t\t\t\t<div class=\"su-post-excerpt\">\n\t\t\t\t\t<p>Sie erz\u00e4hlte der Wand, wie es sich anf\u00fchlte. Sie erz\u00e4hlte ihr, es f\u00fchlte sich an, als w\u00fcrde sie die lauwarme Asche aus dem Becher g\u2019rad in den Sack f\u00fcr den Mist sch\u00fctten, in den Sack, in den unter der Abwasch, lang davor schon bis oben ganz aufgekrempelt, der Sack, viel zu viel und zu voll [&hellip;]<\/p>\n\t\t\t\t<\/div>\n\n\t\t\t\t\t\t\t\t\t<a href=\"https:\/\/www.verdichtet.at\/?p=1753#respond\" class=\"su-post-comments-link\">0 Kommentare<\/a>\n\t\t\t\t\n\t\t\t<\/div>\n\n\t\t\t\t\t\n\t\t\t\n\t\t\t<div id=\"su-post-1559\" class=\"su-post \">\n\n\t\t\t\t\n\t\t\t\t<h2 class=\"su-post-title\"><a href=\"https:\/\/www.verdichtet.at\/?p=1559\">August<\/a><\/h2>\n\n\t\t\t\t<div class=\"su-post-meta\">\n\t\t\t\t\tVer\u00f6ffentlicht: 28. Juli 2014\t\t\t\t<\/div>\n\n\t\t\t\t<div class=\"su-post-excerpt\">\n\t\t\t\t\t<p>Das k\u00fchle Wasser umschlie\u00dft dich, r\u00fcckt dir an die Haut. Es bedr\u00e4ngt deinen K\u00f6rper, der sonderbar schw\u00e4chelt und wenig Widerstand entgegensetzt. Der Wasserdruck presst dir den Bauch in die Flanken, du l\u00e4sst es ohne Gegenwehr zu. Dein Gesicht wird zu einer Grimasse verformt, w\u00e4hrend du dich unter Wasser mit halbherzigen Tempi fortbewegst. Die Tage werden [&hellip;]<\/p>\n\t\t\t\t<\/div>\n\n\t\t\t\t\t\t\t\t\t<a href=\"https:\/\/www.verdichtet.at\/?p=1559#respond\" class=\"su-post-comments-link\">0 Kommentare<\/a>\n\t\t\t\t\n\t\t\t<\/div>\n\n\t\t\t\t\t\n\t\t\t\n\t\t\t<div id=\"su-post-1520\" class=\"su-post \">\n\n\t\t\t\t\n\t\t\t\t<h2 class=\"su-post-title\"><a href=\"https:\/\/www.verdichtet.at\/?p=1520\">Einschneidend<\/a><\/h2>\n\n\t\t\t\t<div class=\"su-post-meta\">\n\t\t\t\t\tVer\u00f6ffentlicht: 26. Juli 2014\t\t\t\t<\/div>\n\n\t\t\t\t<div class=\"su-post-excerpt\">\n\t\t\t\t\t<p>Sieben Meter ma\u00df der Salon der L\u00e4nge nach. In etwa. Genau w\u00fcrde es nur ein Blick auf den Grundrissplan oder ein Ausmessen ergeben. Gesch\u00e4tzte sieben Meter also, denn die Schritte konnte er nicht hintereinander in einer Geraden setzen, nur in drei Tangenten, die er nacheinander an die drei der sechs schweren Kundensessel legte. Drei Schritte [&hellip;]<\/p>\n\t\t\t\t<\/div>\n\n\t\t\t\t\t\t\t\t\t<a href=\"https:\/\/www.verdichtet.at\/?p=1520#respond\" class=\"su-post-comments-link\">0 Kommentare<\/a>\n\t\t\t\t\n\t\t\t<\/div>\n\n\t\t\t\t\t\n\t\t\t\n\t\t\t<div id=\"su-post-1536\" class=\"su-post \">\n\n\t\t\t\t\n\t\t\t\t<h2 class=\"su-post-title\"><a href=\"https:\/\/www.verdichtet.at\/?p=1536\">Damals<\/a><\/h2>\n\n\t\t\t\t<div class=\"su-post-meta\">\n\t\t\t\t\tVer\u00f6ffentlicht: 25. Juli 2014\t\t\t\t<\/div>\n\n\t\t\t\t<div class=\"su-post-excerpt\">\n\t\t\t\t\t<p>Vor einiger Zeit habe ich meine Jugend weggepackt, in eine Plastikbox von IKEA. Aus der alten Kommode und den K\u00e4sten holte ich meine Tageb\u00fccher und Kalender, mein Fotoalbum aus der Schulzeit und unz\u00e4hlige Konzertb\u00e4nder. Auch einige w\u00e4hrend einer gewagten Mutprobe geklaute Mercedessterne befanden sich darunter. Deckel drauf und auf den elterlichen Dachboden damit. Heute habe [&hellip;]<\/p>\n\t\t\t\t<\/div>\n\n\t\t\t\t\t\t\t\t\t<a href=\"https:\/\/www.verdichtet.at\/?p=1536#respond\" class=\"su-post-comments-link\">0 Kommentare<\/a>\n\t\t\t\t\n\t\t\t<\/div>\n\n\t\t\t\t\t\n\t\t\t\n\t\t\t<div id=\"su-post-964\" class=\"su-post \">\n\n\t\t\t\t\n\t\t\t\t<h2 class=\"su-post-title\"><a href=\"https:\/\/www.verdichtet.at\/?p=964\">Ameisen, und Fruchtfliegen, und Silikon dazwischen<\/a><\/h2>\n\n\t\t\t\t<div class=\"su-post-meta\">\n\t\t\t\t\tVer\u00f6ffentlicht: 9. Februar 2014\t\t\t\t<\/div>\n\n\t\t\t\t<div class=\"su-post-excerpt\">\n\t\t\t\t\t<p>Kariert. Kariert, nicht gestreift: Gestreift ist nicht kariert. Das Hemd, nicht die Fenster! Alles, alles, nur die Fenster nicht. Die undichten, die, die noch undichter sind als die T\u00fcr. Die T\u00fcr! Da! Die ganzen Ameisen, da, da rennen sie den Hintern nach, alle dem ersten nach und dann dem zweiten und dann dem dritten nach, [&hellip;]<\/p>\n\t\t\t\t<\/div>\n\n\t\t\t\t\t\t\t\t\t<a href=\"https:\/\/www.verdichtet.at\/?p=964#respond\" class=\"su-post-comments-link\">0 Kommentare<\/a>\n\t\t\t\t\n\t\t\t<\/div>\n\n\t\t\t\t\t\n\t\t\t\n\t\t\t<div id=\"su-post-831\" class=\"su-post \">\n\n\t\t\t\t\n\t\t\t\t<h2 class=\"su-post-title\"><a href=\"https:\/\/www.verdichtet.at\/?p=831\">Das &#8222;Steckdosenspiel&#8220;<\/a><\/h2>\n\n\t\t\t\t<div class=\"su-post-meta\">\n\t\t\t\t\tVer\u00f6ffentlicht: 20. Januar 2014\t\t\t\t<\/div>\n\n\t\t\t\t<div class=\"su-post-excerpt\">\n\t\t\t\t\t<p>Als ich ein kleiner Junge war, spielten wir immer das &#8222;Steckdosenspiel&#8220;. Wir griffen uns Mutters Stricknadel aus Metall; und diese steckten wir dann jeder f\u00fcr sich der Reihe nach in eine der beiden \u00d6ffnungen einer Steckdose. Keiner der anderen Mitspieler durfte dabei dem jeweiligen Kandidaten zuschauen, sonst h\u00e4tte man das Loch mit dem Strom ja [&hellip;]<\/p>\n\t\t\t\t<\/div>\n\n\t\t\t\t\t\t\t\t\t<a href=\"https:\/\/www.verdichtet.at\/?p=831#respond\" class=\"su-post-comments-link\">0 Kommentare<\/a>\n\t\t\t\t\n\t\t\t<\/div>\n\n\t\t\t\t\t\n\t\t\t\n\t\t\t<div id=\"su-post-538\" class=\"su-post \">\n\n\t\t\t\t\n\t\t\t\t<h2 class=\"su-post-title\"><a href=\"https:\/\/www.verdichtet.at\/?p=538\">Der Beamte an der T\u00fcr<\/a><\/h2>\n\n\t\t\t\t<div class=\"su-post-meta\">\n\t\t\t\t\tVer\u00f6ffentlicht: 10. Dezember 2013\t\t\t\t<\/div>\n\n\t\t\t\t<div class=\"su-post-excerpt\">\n\t\t\t\t\t<p>Habe Kopfweh und \u00fcberlege, denke ich heute \u00fcber vieles nach oder lebe ich einfach mal in den Tag hinein mein Hals kratzt f\u00fcrchterlich, wie Erinnerungen in meinem Kopf das Rauchen will ich zum x-ten Mal aufh\u00f6ren, wozu? Ein Paket schreit seit Tagen nach meinem Namen, ein paar Gassen weiter fault die Freude auf den Inhalt [&hellip;]<\/p>\n\t\t\t\t<\/div>\n\n\t\t\t\t\t\t\t\t\t<a href=\"https:\/\/www.verdichtet.at\/?p=538#respond\" class=\"su-post-comments-link\">0 Kommentare<\/a>\n\t\t\t\t\n\t\t\t<\/div>\n\n\t\t\n\t\n<\/div>\n\n","protected":false},"excerpt":{"rendered":"","protected":false},"author":4,"featured_media":0,"parent":405,"menu_order":0,"comment_status":"closed","ping_status":"closed","template":"","meta":{"footnotes":""},"class_list":["post-418","page","type-page","status-publish","hentry"],"_links":{"self":[{"href":"https:\/\/www.verdichtet.at\/index.php?rest_route=\/wp\/v2\/pages\/418","targetHints":{"allow":["GET"]}}],"collection":[{"href":"https:\/\/www.verdichtet.at\/index.php?rest_route=\/wp\/v2\/pages"}],"about":[{"href":"https:\/\/www.verdichtet.at\/index.php?rest_route=\/wp\/v2\/types\/page"}],"author":[{"embeddable":true,"href":"https:\/\/www.verdichtet.at\/index.php?rest_route=\/wp\/v2\/users\/4"}],"replies":[{"embeddable":true,"href":"https:\/\/www.verdichtet.at\/index.php?rest_route=%2Fwp%2Fv2%2Fcomments&post=418"}],"version-history":[{"count":2,"href":"https:\/\/www.verdichtet.at\/index.php?rest_route=\/wp\/v2\/pages\/418\/revisions"}],"predecessor-version":[{"id":1633,"href":"https:\/\/www.verdichtet.at\/index.php?rest_route=\/wp\/v2\/pages\/418\/revisions\/1633"}],"up":[{"embeddable":true,"href":"https:\/\/www.verdichtet.at\/index.php?rest_route=\/wp\/v2\/pages\/405"}],"wp:attachment":[{"href":"https:\/\/www.verdichtet.at\/index.php?rest_route=%2Fwp%2Fv2%2Fmedia&parent=418"}],"curies":[{"name":"wp","href":"https:\/\/api.w.org\/{rel}","templated":true}]}}