{"id":414,"date":"2013-11-28T18:29:06","date_gmt":"2013-11-28T18:29:06","guid":{"rendered":"http:\/\/www.verdichtet.at\/?page_id=414"},"modified":"2015-08-29T08:04:05","modified_gmt":"2015-08-29T08:04:05","slug":"dada-gaga","status":"publish","type":"page","link":"https:\/\/www.verdichtet.at\/?page_id=414","title":{"rendered":"dada &#038; gaga"},"content":{"rendered":"<div class=\"pdfprnt-buttons pdfprnt-buttons-page pdfprnt-top-right\"><a href=\"https:\/\/www.verdichtet.at\/index.php?rest_route=wpv2pages414&print=pdf\" class=\"pdfprnt-button pdfprnt-button-pdf\" target=\"_blank\"><\/a><a href=\"https:\/\/www.verdichtet.at\/index.php?rest_route=wpv2pages414&print=print\" class=\"pdfprnt-button pdfprnt-button-print\" target=\"_blank\"><\/a><\/div>\n\n<div class=\"su-posts su-posts-default-loop \">\n\n\t\n\t\t\t\t\t\n\t\t\t\n\t\t\t<div id=\"su-post-18919\" class=\"su-post \">\n\n\t\t\t\t\n\t\t\t\t<h2 class=\"su-post-title\"><a href=\"https:\/\/www.verdichtet.at\/?p=18919\">Graviton<\/a><\/h2>\n\n\t\t\t\t<div class=\"su-post-meta\">\n\t\t\t\t\tVer\u00f6ffentlicht: 19. Oktober 2024\t\t\t\t<\/div>\n\n\t\t\t\t<div class=\"su-post-excerpt\">\n\t\t\t\t\t<p>Stringtheorie, Schleifenquantengravitation, Supersymmetrie. Ich habe keine Ahnung, was davon wirksam sein k\u00f6nnte. Aber ich mag das Graviton, das masselose Teilchen. Johannes Tosin (Text und Foto) www.verdichtet.at | Kategorie:\u00a0dada &amp; gaga | Inventarnummer: 25033<\/p>\n\t\t\t\t<\/div>\n\n\t\t\t\t\t\t\t\t\t<a href=\"https:\/\/www.verdichtet.at\/?p=18919#respond\" class=\"su-post-comments-link\">0 Kommentare<\/a>\n\t\t\t\t\n\t\t\t<\/div>\n\n\t\t\t\t\t\n\t\t\t\n\t\t\t<div id=\"su-post-19102\" class=\"su-post \">\n\n\t\t\t\t\n\t\t\t\t<h2 class=\"su-post-title\"><a href=\"https:\/\/www.verdichtet.at\/?p=19102\">Meerrettich<\/a><\/h2>\n\n\t\t\t\t<div class=\"su-post-meta\">\n\t\t\t\t\tVer\u00f6ffentlicht: 11. November 2024\t\t\t\t<\/div>\n\n\t\t\t\t<div class=\"su-post-excerpt\">\n\t\t\t\t\t<p>\u201eJa, isst Er denn keinen Meerrettich?\u201c Ein Dienstbote in buntem Gewand sieht mich an. Was ist da los, wo bin ich gelandet, bei Maria Theresia? So oder so \u00e4hnlich muss es sein. Die Devise ist: Das Beste draus machen. Also sage ich: \u201eEr isst sehr gerne Meerrettich.\u201c Johannes Tosin (Text und Foto) www.verdichtet.at | Kategorie:\u00a0dada [&hellip;]<\/p>\n\t\t\t\t<\/div>\n\n\t\t\t\t\t\t\t\t\t<a href=\"https:\/\/www.verdichtet.at\/?p=19102#respond\" class=\"su-post-comments-link\">0 Kommentare<\/a>\n\t\t\t\t\n\t\t\t<\/div>\n\n\t\t\t\t\t\n\t\t\t\n\t\t\t<div id=\"su-post-19682\" class=\"su-post \">\n\n\t\t\t\t\n\t\t\t\t<h2 class=\"su-post-title\"><a href=\"https:\/\/www.verdichtet.at\/?p=19682\">Ein Stelldichein im Cabaret Voltaire<\/a><\/h2>\n\n\t\t\t\t<div class=\"su-post-meta\">\n\t\t\t\t\tVer\u00f6ffentlicht: 26. Februar 2025\t\t\t\t<\/div>\n\n\t\t\t\t<div class=\"su-post-excerpt\">\n\t\t\t\t\t<p>Im Jahre 1916, mitten im gro\u00dfen Kriege, traf sich in Z\u00fcrich eine besondere Riege. Humnama humnama tadum bidum Null, eins, eins, zwei, drei, f\u00fcnf, acht, dreizehn traradadam traradadam tadum bidum. Sie waren K\u00fcnstler, Emigranten und Pazifisten, mit ihren Ideen und Tr\u00e4umen, wollten sie die verstaubten K\u00fcnste und Gedanken \u00fcberlisten. Humnama humnama tadum bidum Null, eins, [&hellip;]<\/p>\n\t\t\t\t<\/div>\n\n\t\t\t\t\t\t\t\t\t<a href=\"https:\/\/www.verdichtet.at\/?p=19682#respond\" class=\"su-post-comments-link\">0 Kommentare<\/a>\n\t\t\t\t\n\t\t\t<\/div>\n\n\t\t\t\t\t\n\t\t\t\n\t\t\t<div id=\"su-post-19233\" class=\"su-post \">\n\n\t\t\t\t\n\t\t\t\t<h2 class=\"su-post-title\"><a href=\"https:\/\/www.verdichtet.at\/?p=19233\">R\u00e4tsel<\/a><\/h2>\n\n\t\t\t\t<div class=\"su-post-meta\">\n\t\t\t\t\tVer\u00f6ffentlicht: 13. Dezember 2024\t\t\t\t<\/div>\n\n\t\t\t\t<div class=\"su-post-excerpt\">\n\t\t\t\t\t<p>Na prack &#8230; was treibt sich da herum Na bumm &#8230; ist das ein Trumm Was ist es denn &#8230; sag an Vielleicht der Riese Bodolan Was ist es denn &#8230; tu es mir kund Okay &#8230; der Braunb\u00e4r Kugelrund Na prack &#8230; so ein Vifzack Wer? Na der Herr mit dem Gewehr Wilfried Ledolter [&hellip;]<\/p>\n\t\t\t\t<\/div>\n\n\t\t\t\t\t\t\t\t\t<a href=\"https:\/\/www.verdichtet.at\/?p=19233#respond\" class=\"su-post-comments-link\">0 Kommentare<\/a>\n\t\t\t\t\n\t\t\t<\/div>\n\n\t\t\t\t\t\n\t\t\t\n\t\t\t<div id=\"su-post-18544\" class=\"su-post \">\n\n\t\t\t\t\n\t\t\t\t<h2 class=\"su-post-title\"><a href=\"https:\/\/www.verdichtet.at\/?p=18544\">In dem gelben Haus<\/a><\/h2>\n\n\t\t\t\t<div class=\"su-post-meta\">\n\t\t\t\t\tVer\u00f6ffentlicht: 14. August 2024\t\t\t\t<\/div>\n\n\t\t\t\t<div class=\"su-post-excerpt\">\n\t\t\t\t\t<p>Ich bin in dem gelben Haus und sehe mich selbst mit dieser h\u00fcbschen blonden Frau in dem Haus gegen\u00fcber. Aber ich selbst in dem anderen Haus kann mich in dem gelben Haus nicht sehen, denn die h\u00fcbsche blonde Frau und ich waren dort vor neunzehn Jahren und sechs Monaten, und in dem gelben Haus bin [&hellip;]<\/p>\n\t\t\t\t<\/div>\n\n\t\t\t\t\t\t\t\t\t<a href=\"https:\/\/www.verdichtet.at\/?p=18544#respond\" class=\"su-post-comments-link\">0 Kommentare<\/a>\n\t\t\t\t\n\t\t\t<\/div>\n\n\t\t\t\t\t\n\t\t\t\n\t\t\t<div id=\"su-post-17056\" class=\"su-post \">\n\n\t\t\t\t\n\t\t\t\t<h2 class=\"su-post-title\"><a href=\"https:\/\/www.verdichtet.at\/?p=17056\">Das ist das Nichts<\/a><\/h2>\n\n\t\t\t\t<div class=\"su-post-meta\">\n\t\t\t\t\tVer\u00f6ffentlicht: 19. November 2023\t\t\t\t<\/div>\n\n\t\t\t\t<div class=\"su-post-excerpt\">\n\t\t\t\t\t<p>Johannes Tosin www.verdichtet.at |\u00a0Kategorie: dada &amp; gaga | Inventarnummer: 24003<\/p>\n\t\t\t\t<\/div>\n\n\t\t\t\t\t\t\t\t\t<a href=\"https:\/\/www.verdichtet.at\/?p=17056#respond\" class=\"su-post-comments-link\">0 Kommentare<\/a>\n\t\t\t\t\n\t\t\t<\/div>\n\n\t\t\t\t\t\n\t\t\t\n\t\t\t<div id=\"su-post-16258\" class=\"su-post \">\n\n\t\t\t\t\n\t\t\t\t<h2 class=\"su-post-title\"><a href=\"https:\/\/www.verdichtet.at\/?p=16258\">Mr Trump<\/a><\/h2>\n\n\t\t\t\t<div class=\"su-post-meta\">\n\t\t\t\t\tVer\u00f6ffentlicht: 6. Juli 2023\t\t\t\t<\/div>\n\n\t\t\t\t<div class=\"su-post-excerpt\">\n\t\t\t\t\t<p>Bin ich Donald Trump, dass ich supergeheime Akten neben meinem Klo staple? Die Antwort ist bekannt. Aber w\u00fcrde ich Melania abkriegen, und alle w\u00fcrden mir in den Arsch kriechen? Nat\u00fcrlich zweimal nein, welche Frage. Andererseits kann ich nur deshalb nicht President of the USA werden, weil ich nicht dort geboren wurde. Logisch, ja, das ist [&hellip;]<\/p>\n\t\t\t\t<\/div>\n\n\t\t\t\t\t\t\t\t\t<a href=\"https:\/\/www.verdichtet.at\/?p=16258#respond\" class=\"su-post-comments-link\">0 Kommentare<\/a>\n\t\t\t\t\n\t\t\t<\/div>\n\n\t\t\t\t\t\n\t\t\t\n\t\t\t<div id=\"su-post-16298\" class=\"su-post \">\n\n\t\t\t\t\n\t\t\t\t<h2 class=\"su-post-title\"><a href=\"https:\/\/www.verdichtet.at\/?p=16298\">Fisch und Erdbeere<\/a><\/h2>\n\n\t\t\t\t<div class=\"su-post-meta\">\n\t\t\t\t\tVer\u00f6ffentlicht: 13. Juli 2023\t\t\t\t<\/div>\n\n\t\t\t\t<div class=\"su-post-excerpt\">\n\t\t\t\t\t<p>Ich sah einen fisch und eine erdbeere. Ich nahm sie beide und steckte sie in den kofferraum des jaguars und frage: Wer bist du, der du mir so viel gutes tust? Michael Bauer www.verdichtet.at |\u00a0Kategorie: dada &amp; gaga | Inventarnummer: 23152<\/p>\n\t\t\t\t<\/div>\n\n\t\t\t\t\t\t\t\t\t<a href=\"https:\/\/www.verdichtet.at\/?p=16298#respond\" class=\"su-post-comments-link\">0 Kommentare<\/a>\n\t\t\t\t\n\t\t\t<\/div>\n\n\t\t\t\t\t\n\t\t\t\n\t\t\t<div id=\"su-post-14893\" class=\"su-post \">\n\n\t\t\t\t\n\t\t\t\t<h2 class=\"su-post-title\"><a href=\"https:\/\/www.verdichtet.at\/?p=14893\">Schirmchen<\/a><\/h2>\n\n\t\t\t\t<div class=\"su-post-meta\">\n\t\t\t\t\tVer\u00f6ffentlicht: 5. November 2022\t\t\t\t<\/div>\n\n\t\t\t\t<div class=\"su-post-excerpt\">\n\t\t\t\t\t<p>Sei kein Tor. Sieh dich vor. Halt dich an einem Schirmchen der Pusteblume fest und schweb mit ihm empor. Johannes Tosin (Text und Bild) www.verdichtet.at | Kategorie:\u00a0dada &amp; gaga | Inventarnummer: 23019<\/p>\n\t\t\t\t<\/div>\n\n\t\t\t\t\t\t\t\t\t<a href=\"https:\/\/www.verdichtet.at\/?p=14893#respond\" class=\"su-post-comments-link\">0 Kommentare<\/a>\n\t\t\t\t\n\t\t\t<\/div>\n\n\t\t\t\t\t\n\t\t\t\n\t\t\t<div id=\"su-post-14092\" class=\"su-post \">\n\n\t\t\t\t\n\t\t\t\t<h2 class=\"su-post-title\"><a href=\"https:\/\/www.verdichtet.at\/?p=14092\">Scarlett Johansson\u2019s Boobs<\/a><\/h2>\n\n\t\t\t\t<div class=\"su-post-meta\">\n\t\t\t\t\tVer\u00f6ffentlicht: 1. Mai 2022\t\t\t\t<\/div>\n\n\t\t\t\t<div class=\"su-post-excerpt\">\n\t\t\t\t\t<p>Johannes Tosin (Bild) www.verdichtet.at | Kategorie:\u00a0dada &amp; gaga | Inventarnummer: 22057<\/p>\n\t\t\t\t<\/div>\n\n\t\t\t\t\t\t\t\t\t<a href=\"https:\/\/www.verdichtet.at\/?p=14092#respond\" class=\"su-post-comments-link\">0 Kommentare<\/a>\n\t\t\t\t\n\t\t\t<\/div>\n\n\t\t\t\t\t\n\t\t\t\n\t\t\t<div id=\"su-post-13784\" class=\"su-post \">\n\n\t\t\t\t\n\t\t\t\t<h2 class=\"su-post-title\"><a href=\"https:\/\/www.verdichtet.at\/?p=13784\">Der Versi-herungsvertreter spri-hicht<\/a><\/h2>\n\n\t\t\t\t<div class=\"su-post-meta\">\n\t\t\t\t\tVer\u00f6ffentlicht: 6. Februar 2022\t\t\t\t<\/div>\n\n\t\t\t\t<div class=\"su-post-excerpt\">\n\t\t\t\t\t<p>Der Versi-herungsvertreter spri-hicht: \u201eSehr verehrte Dame, haben Sie denn eine Versi-herung f\u00fcr Ihren Hu-und? Haben Sie ni-icht, was?\u201c Johannes Tosin (Text und Bild) www.verdichtet.at | Kategorie:\u00a0dada &amp; gaga | Inventarnummer: 22031<\/p>\n\t\t\t\t<\/div>\n\n\t\t\t\t\t\t\t\t\t<a href=\"https:\/\/www.verdichtet.at\/?p=13784#respond\" class=\"su-post-comments-link\">0 Kommentare<\/a>\n\t\t\t\t\n\t\t\t<\/div>\n\n\t\t\t\t\t\n\t\t\t\n\t\t\t<div id=\"su-post-11716\" class=\"su-post \">\n\n\t\t\t\t\n\t\t\t\t<h2 class=\"su-post-title\"><a href=\"https:\/\/www.verdichtet.at\/?p=11716\">Hallo, ich bin NARI PEACE<\/a><\/h2>\n\n\t\t\t\t<div class=\"su-post-meta\">\n\t\t\t\t\tVer\u00f6ffentlicht: 30. Juli 2020\t\t\t\t<\/div>\n\n\t\t\t\t<div class=\"su-post-excerpt\">\n\t\t\t\t\t<p>Hallo, ich bin NARI PEACE, ich bin hier drau\u00dfen, um der ganzen Welt diese guten Nachrichten dar\u00fcber zu verbreiten, wie ich meine Ex-Liebe zur\u00fcckbekommen habe. Ich wurde verr\u00fcckt, als meine Liebe mich letzten Monat f\u00fcr ein anderes M\u00e4dchen verlie\u00df. Aber als ich einen Freund traf, der mich Dada Vale da Magicman, dem gro\u00dfen Boten, vorstellte, [&hellip;]<\/p>\n\t\t\t\t<\/div>\n\n\t\t\t\t\t\t\t\t\t<a href=\"https:\/\/www.verdichtet.at\/?p=11716#respond\" class=\"su-post-comments-link\">0 Kommentare<\/a>\n\t\t\t\t\n\t\t\t<\/div>\n\n\t\t\t\t\t\n\t\t\t\n\t\t\t<div id=\"su-post-2461\" class=\"su-post \">\n\n\t\t\t\t\n\t\t\t\t<h2 class=\"su-post-title\"><a href=\"https:\/\/www.verdichtet.at\/?p=2461\">Geschichten, die das Arbeitsleben schreibt<\/a><\/h2>\n\n\t\t\t\t<div class=\"su-post-meta\">\n\t\t\t\t\tVer\u00f6ffentlicht: 15. April 2015\t\t\t\t<\/div>\n\n\t\t\t\t<div class=\"su-post-excerpt\">\n\t\t\t\t\t<p>Dear Veronika*, sorry i can&#8217;t follow you &#8230; &#8211; &#8211; &#8211; snip select z34_rec_key from uwb60.z34 order by z34_rec_key desc; &#8211; &#8211; &#8211; snap show me &#8211; &#8211; &#8211; snip &#8230; 0216795 0216796 0216797 0216798 0216799 0216800 126022 rows selected. &#8211; &#8211; &#8211; snap That means thas 126022 written und 216800 is the highest number. [&hellip;]<\/p>\n\t\t\t\t<\/div>\n\n\t\t\t\t\t\t\t\t\t<a href=\"https:\/\/www.verdichtet.at\/?p=2461#respond\" class=\"su-post-comments-link\">0 Kommentare<\/a>\n\t\t\t\t\n\t\t\t<\/div>\n\n\t\t\t\t\t\n\t\t\t\n\t\t\t<div id=\"su-post-9450\" class=\"su-post \">\n\n\t\t\t\t\n\t\t\t\t<h2 class=\"su-post-title\"><a href=\"https:\/\/www.verdichtet.at\/?p=9450\">Farben im Kopf<\/a><\/h2>\n\n\t\t\t\t<div class=\"su-post-meta\">\n\t\t\t\t\tVer\u00f6ffentlicht: 10. Februar 2019\t\t\t\t<\/div>\n\n\t\t\t\t<div class=\"su-post-excerpt\">\n\t\t\t\t\t<p>Ich klappe meinen Kopf auseinander und gebe Erdbeeren, tote K\u00e4fer, Gras und einen Teil des Himmels in ihn hinein. Die Erdbeeren sind rot, die K\u00e4fer schwarz, das Gras gr\u00fcn und der Himmel blau. Fehlt da nicht etwas? Genau, etwas fehlt: Gelb. Ich breche einige Sonnenstrahlen ab und lege sie in meinen Kopf. Dann klappe ich [&hellip;]<\/p>\n\t\t\t\t<\/div>\n\n\t\t\t\t\t\t\t\t\t<a href=\"https:\/\/www.verdichtet.at\/?p=9450#respond\" class=\"su-post-comments-link\">0 Kommentare<\/a>\n\t\t\t\t\n\t\t\t<\/div>\n\n\t\t\t\t\t\n\t\t\t\n\t\t\t<div id=\"su-post-7586\" class=\"su-post \">\n\n\t\t\t\t\n\t\t\t\t<h2 class=\"su-post-title\"><a href=\"https:\/\/www.verdichtet.at\/?p=7586\">Der Engel<\/a><\/h2>\n\n\t\t\t\t<div class=\"su-post-meta\">\n\t\t\t\t\tVer\u00f6ffentlicht: 4. Februar 2018\t\t\t\t<\/div>\n\n\t\t\t\t<div class=\"su-post-excerpt\">\n\t\t\t\t\t<p>&nbsp; \u201eHalleluja!\u201c, sprach der Engel und verflog sich in die Thuja. Aus: \u201e55 x Bl\u00f6dsinn\u201c,\u00a0 illustrierte Gedichte aus allen Lagen des nicht allt\u00e4glichen Lebens Zeichnung und Text von Yvonne Richter www.yvonne-richter.de www.fabulus-verlag.de\/autoren\/yvonne-richter www.facebook.com\/yvonnerichterbuecher\/ www.verdichtet.at |\u00a0Kategorie: dada &amp; gaga | Inventarnummer: 18018<\/p>\n\t\t\t\t<\/div>\n\n\t\t\t\t\t\t\t\t\t<a href=\"https:\/\/www.verdichtet.at\/?p=7586#respond\" class=\"su-post-comments-link\">0 Kommentare<\/a>\n\t\t\t\t\n\t\t\t<\/div>\n\n\t\t\t\t\t\n\t\t\t\n\t\t\t<div id=\"su-post-4139\" class=\"su-post \">\n\n\t\t\t\t\n\t\t\t\t<h2 class=\"su-post-title\"><a href=\"https:\/\/www.verdichtet.at\/?p=4139\">Austrag\u00f6die<\/a><\/h2>\n\n\t\t\t\t<div class=\"su-post-meta\">\n\t\t\t\t\tVer\u00f6ffentlicht: 27. Februar 2016\t\t\t\t<\/div>\n\n\t\t\t\t<div class=\"su-post-excerpt\">\n\t\t\t\t\t<p>Meldestelle Maurerkelle Schallschutzmauer H\u00e4uslbauer H\u00e4uslbau\u2018n, H\u00e4uslbau\u2018n Mit Gartenzaun und K\u00fcchentraum Zusatzkosten Rechnungsposten Fertigteile Bauanleihe H\u00e4uslbau\u2018n, H\u00e4uslbau\u2018n Mit Gartenzaun und K\u00fcchentraum Grundbucheintrag Noch bis Freitag Kostenzuschuss Heut Betriebsschluss H\u00e4uslbau\u2018n, H\u00e4uslbau\u2018n Mit Gartenzaun und K\u00fcchentraum Sachverwalter Bankbeamter Anwaltskosten Abschreibposten H\u00e4uslbau\u2018n, H\u00e4uslbau\u2018n Mit Gartenzaun und K\u00fcchentraum Einbauk\u00fcche Gasger\u00fcche Zeitverstreichen Sch\u00f6ne Leichen Bernd Remsing http:\/\/fm4.orf.at\/stories\/1704846\/ www.verdichtet.at |\u00a0Kategorie: dada &amp; [&hellip;]<\/p>\n\t\t\t\t<\/div>\n\n\t\t\t\t\t\t\t\t\t<a href=\"https:\/\/www.verdichtet.at\/?p=4139#respond\" class=\"su-post-comments-link\">0 Kommentare<\/a>\n\t\t\t\t\n\t\t\t<\/div>\n\n\t\t\t\t\t\n\t\t\t\n\t\t\t<div id=\"su-post-3736\" class=\"su-post \">\n\n\t\t\t\t\n\t\t\t\t<h2 class=\"su-post-title\"><a href=\"https:\/\/www.verdichtet.at\/?p=3736\">PANDORA &#8211; B\u00dcCHSE<\/a><\/h2>\n\n\t\t\t\t<div class=\"su-post-meta\">\n\t\t\t\t\tVer\u00f6ffentlicht: 22. November 2015\t\t\t\t<\/div>\n\n\t\t\t\t<div class=\"su-post-excerpt\">\n\t\t\t\t\t<p>Wir begr\u00fc\u00dfen sie zur wahl der pandora b\u00fcchse. Doe b\u00fcchse ist einfach in handhabung doch in Vorsicht einsetzen. Im falle des Wunschwes b\u00fcchse \u00f6ffnen einen Gegenstnad w\u00e4len und einsetzen. Nach zufriedenem gebrauch Gegenstand unbedingt wieder in PANDORA-B\u00dcCHSE festzuschliessen. PANDORA_B\u00dcCHSE nie in Reichweite von Kindern Aufbewharen. PANDORA-B\u00fcchse kuhl und trocjen lagern. Freigesetztes Entsetzen kann nicht zur\u00fcckgenomen [&hellip;]<\/p>\n\t\t\t\t<\/div>\n\n\t\t\t\t\t\t\t\t\t<a href=\"https:\/\/www.verdichtet.at\/?p=3736#respond\" class=\"su-post-comments-link\">0 Kommentare<\/a>\n\t\t\t\t\n\t\t\t<\/div>\n\n\t\t\t\t\t\n\t\t\t\n\t\t\t<div id=\"su-post-2654\" class=\"su-post \">\n\n\t\t\t\t\n\t\t\t\t<h2 class=\"su-post-title\"><a href=\"https:\/\/www.verdichtet.at\/?p=2654\">Der Mann am Fenster<\/a><\/h2>\n\n\t\t\t\t<div class=\"su-post-meta\">\n\t\t\t\t\tVer\u00f6ffentlicht: 21. Mai 2015\t\t\t\t<\/div>\n\n\t\t\t\t<div class=\"su-post-excerpt\">\n\t\t\t\t\t<p>Neulich schau ich aus dem Fenster und da starrt jemand zur\u00fcck, mir direkt in die Augen, ein wirrer Typ, er schaut verr\u00fcckt. Ich starr ihn ziemlich \u00e4hnlich an und frage dann, was ihn bedr\u00fcckt, Er mimikriert nur meine Lippen und blinzelt gar kein St\u00fcck. Ich frage mich: Was ist am Laufen? Soll ich weniger saufen? [&hellip;]<\/p>\n\t\t\t\t<\/div>\n\n\t\t\t\t\t\t\t\t\t<a href=\"https:\/\/www.verdichtet.at\/?p=2654#respond\" class=\"su-post-comments-link\">0 Kommentare<\/a>\n\t\t\t\t\n\t\t\t<\/div>\n\n\t\t\t\t\t\n\t\t\t\n\t\t\t<div id=\"su-post-2047\" class=\"su-post \">\n\n\t\t\t\t\n\t\t\t\t<h2 class=\"su-post-title\"><a href=\"https:\/\/www.verdichtet.at\/?p=2047\">Das Haus ohne Dach<\/a><\/h2>\n\n\t\t\t\t<div class=\"su-post-meta\">\n\t\t\t\t\tVer\u00f6ffentlicht: 8. Januar 2015\t\t\t\t<\/div>\n\n\t\t\t\t<div class=\"su-post-excerpt\">\n\t\t\t\t\t<p>Der Herbert rannte vorbei an dem Haus, das kein Haus mehr war, weil ihm oben das Dach fehlte. Eine waagrechte Wand nur sa\u00df da, auf den senkrechten W\u00e4nden drauf, auf die von oben seit gestern der Regen fiel, und hinein floss, in die L\u00f6cher, und durch ein Rohr dann bergab in den Boden. Ein Umweg [&hellip;]<\/p>\n\t\t\t\t<\/div>\n\n\t\t\t\t\t\t\t\t\t<a href=\"https:\/\/www.verdichtet.at\/?p=2047#respond\" class=\"su-post-comments-link\">0 Kommentare<\/a>\n\t\t\t\t\n\t\t\t<\/div>\n\n\t\t\t\t\t\n\t\t\t\n\t\t\t<div id=\"su-post-1332\" class=\"su-post \">\n\n\t\t\t\t\n\t\t\t\t<h2 class=\"su-post-title\"><a href=\"https:\/\/www.verdichtet.at\/?p=1332\">Es sagt \u2026<\/a><\/h2>\n\n\t\t\t\t<div class=\"su-post-meta\">\n\t\t\t\t\tVer\u00f6ffentlicht: 22. April 2014\t\t\t\t<\/div>\n\n\t\t\t\t<div class=\"su-post-excerpt\">\n\t\t\t\t\t<p>Sagt der Ochs zum Esel: \u201eWas bist du doch f\u00fcr ein Schn\u00f6sel!\u201c Sagt der Esel zum Ochs: \u201eDas ist paradox! Wer von uns tr\u00e4gt denn die Resl?\u201c Sagt das Kind zum Vater: \u201eGehen wir heut in den Prater?\u201c Sagt der Vater zum Kind: \u201eDas schreib in den Wind! Ich hab einen schrecklichen Kater!\u201c Sagt der [&hellip;]<\/p>\n\t\t\t\t<\/div>\n\n\t\t\t\t\t\t\t\t\t<a href=\"https:\/\/www.verdichtet.at\/?p=1332#respond\" class=\"su-post-comments-link\">0 Kommentare<\/a>\n\t\t\t\t\n\t\t\t<\/div>\n\n\t\t\t\t\t\n\t\t\t\n\t\t\t<div id=\"su-post-1218\" class=\"su-post \">\n\n\t\t\t\t\n\t\t\t\t<h2 class=\"su-post-title\"><a href=\"https:\/\/www.verdichtet.at\/?p=1218\">Freibrief-Fr\u00fchlings-Special mit einmaligen Osterangeboten!<\/a><\/h2>\n\n\t\t\t\t<div class=\"su-post-meta\">\n\t\t\t\t\tVer\u00f6ffentlicht: 26. M\u00e4rz 2014\t\t\t\t<\/div>\n\n\t\t\t\t<div class=\"su-post-excerpt\">\n\t\t\t\t\t<p>Unser allseits beliebter Freibrief hat sich im Fr\u00fchling besonderen Anforderungen und Bed\u00fcrfnissen zu stellen. So wollen wir der Zeit des Aufbl\u00fchens, der Liebe und der Triebe, mit einem umfassenden Angebot entgegenkommen. Mit unserem Oster&#8211;Freibrief k\u00f6nnen Sie: sich zerpecken, wo immer Sie wollen, nur nicht im Keller &#8230; &#8230; um wohlfeile \u20ac 12,99 gemeinsam h\u00fcbsche Eier [&hellip;]<\/p>\n\t\t\t\t<\/div>\n\n\t\t\t\t\t\t\t\t\t<a href=\"https:\/\/www.verdichtet.at\/?p=1218#respond\" class=\"su-post-comments-link\">0 Kommentare<\/a>\n\t\t\t\t\n\t\t\t<\/div>\n\n\t\t\t\t\t\n\t\t\t\n\t\t\t<div id=\"su-post-571\" class=\"su-post \">\n\n\t\t\t\t\n\t\t\t\t<h2 class=\"su-post-title\"><a href=\"https:\/\/www.verdichtet.at\/?p=571\">Schade(nsmeldung)<\/a><\/h2>\n\n\t\t\t\t<div class=\"su-post-meta\">\n\t\t\t\t\tVer\u00f6ffentlicht: 12. Dezember 2013\t\t\t\t<\/div>\n\n\t\t\t\t<div class=\"su-post-excerpt\">\n\t\t\t\t\t<p>Wer, Mann?\u00a0\u00a0 (Wermann!) Wer? &#8230; hat alle Becher geleert, aus allen B\u00fcchern und Schriften gelesen, wer alle L\u00e4nder bereist, von allen Tafeln gespeist, wer hat alle M\u00e4dchen gek\u00fcsst, mit allen Frau\u2019n geschlafen, gelacht, und einer jeden von ihnen ein Kind gemacht? Was? Nie-mannd? Gar kainer? Schade. Na, dann, Mann, gute Nacht. E. Sofia www.verdichtet.at | [&hellip;]<\/p>\n\t\t\t\t<\/div>\n\n\t\t\t\t\t\t\t\t\t<a href=\"https:\/\/www.verdichtet.at\/?p=571#respond\" class=\"su-post-comments-link\">0 Kommentare<\/a>\n\t\t\t\t\n\t\t\t<\/div>\n\n\t\t\t\t\t\n\t\t\t\n\t\t\t<div id=\"su-post-272\" class=\"su-post \">\n\n\t\t\t\t\n\t\t\t\t<h2 class=\"su-post-title\"><a href=\"https:\/\/www.verdichtet.at\/?p=272\">undo!<\/a><\/h2>\n\n\t\t\t\t<div class=\"su-post-meta\">\n\t\t\t\t\tVer\u00f6ffentlicht: 28. November 2013\t\t\t\t<\/div>\n\n\t\t\t\t<div class=\"su-post-excerpt\">\n\t\t\t\t\t<p>neulich, wei\u00dft du da war ich endlich so weit dich von mir zu verabschieden access denied \/\/ delete \/\/ enter was sag ich &#8211; gigabytes an schrott! dann merke ich pl\u00f6tzlich da sind noch diese vielen kleinen tmp-dateien hineininstalliert bis ins innerste systemimmanent \/\/ delete und dann sehe ich au\u00dferdem die zudringlichen jpg-formate sind ungel\u00f6scht [&hellip;]<\/p>\n\t\t\t\t<\/div>\n\n\t\t\t\t\t\t\t\t\t<a href=\"https:\/\/www.verdichtet.at\/?p=272#comments\" class=\"su-post-comments-link\">2 comments<\/a>\n\t\t\t\t\n\t\t\t<\/div>\n\n\t\t\t\t\t\n\t\t\t\n\t\t\t<div id=\"su-post-298\" class=\"su-post \">\n\n\t\t\t\t\n\t\t\t\t<h2 class=\"su-post-title\"><a href=\"https:\/\/www.verdichtet.at\/?p=298\">Bringen Sie mehr Freude in Ihr Leben mit unserem FREIBRIEF!<\/a><\/h2>\n\n\t\t\t\t<div class=\"su-post-meta\">\n\t\t\t\t\tVer\u00f6ffentlicht: 28. November 2013\t\t\t\t<\/div>\n\n\t\t\t\t<div class=\"su-post-excerpt\">\n\t\t\t\t\t<p>Die Redaktion von verdichtet.at stellt Ihnen gerne den gew\u00fcnschten Freibrief aus. Bitte geben Sie Ihren Themenwunsch (gerne auch detailliert) an und wir erstellen Ihnen das entsprechende Dokument. Bitte w\u00e4hlen Sie das gew\u00fcnschte Format: Freibrief als PDF, versandt per eMail, sogenannter &#8222;Eilfreibrief&#8220; f\u00fcr dringende F\u00e4lle Freibrief per Post auf Pergamentpapier mit Siegellack (Aufpreis f\u00fcr Materialaufwand und [&hellip;]<\/p>\n\t\t\t\t<\/div>\n\n\t\t\t\t\t\t\t\t\t<a href=\"https:\/\/www.verdichtet.at\/?p=298#respond\" class=\"su-post-comments-link\">0 Kommentare<\/a>\n\t\t\t\t\n\t\t\t<\/div>\n\n\t\t\t\t\t\n\t\t\t\n\t\t\t<div id=\"su-post-699\" class=\"su-post \">\n\n\t\t\t\t\n\t\t\t\t<h2 class=\"su-post-title\"><a href=\"https:\/\/www.verdichtet.at\/?p=699\">Lasst durch den Lurch!<\/a><\/h2>\n\n\t\t\t\t<div class=\"su-post-meta\">\n\t\t\t\t\tVer\u00f6ffentlicht: 7. Januar 2014\t\t\t\t<\/div>\n\n\t\t\t\t<div class=\"su-post-excerpt\">\n\t\t\t\t\t<p>Im sch\u00f6nen Linzer S\u00fcden, Da zeigten Leute Attit\u00fcden: Man wolle schneller reisen Am Schienenstrang aus Eisen. Die Meinung gab man als dann weiter Vom B\u00fcrger zu des Amtes Leiter. In Jahresfrist es ward geplant: Ein neues Gleis sei dort gebahnt! Ein starker Damm, er trag die Trasse Und schult&#8217;re Zug und G\u00fctermasse. Mit Geld von [&hellip;]<\/p>\n\t\t\t\t<\/div>\n\n\t\t\t\t\t\t\t\t\t<a href=\"https:\/\/www.verdichtet.at\/?p=699#respond\" class=\"su-post-comments-link\">0 Kommentare<\/a>\n\t\t\t\t\n\t\t\t<\/div>\n\n\t\t\n\t\n<\/div>\n\n","protected":false},"excerpt":{"rendered":"","protected":false},"author":4,"featured_media":0,"parent":405,"menu_order":0,"comment_status":"closed","ping_status":"closed","template":"","meta":{"footnotes":""},"class_list":["post-414","page","type-page","status-publish","hentry"],"_links":{"self":[{"href":"https:\/\/www.verdichtet.at\/index.php?rest_route=\/wp\/v2\/pages\/414","targetHints":{"allow":["GET"]}}],"collection":[{"href":"https:\/\/www.verdichtet.at\/index.php?rest_route=\/wp\/v2\/pages"}],"about":[{"href":"https:\/\/www.verdichtet.at\/index.php?rest_route=\/wp\/v2\/types\/page"}],"author":[{"embeddable":true,"href":"https:\/\/www.verdichtet.at\/index.php?rest_route=\/wp\/v2\/users\/4"}],"replies":[{"embeddable":true,"href":"https:\/\/www.verdichtet.at\/index.php?rest_route=%2Fwp%2Fv2%2Fcomments&post=414"}],"version-history":[{"count":2,"href":"https:\/\/www.verdichtet.at\/index.php?rest_route=\/wp\/v2\/pages\/414\/revisions"}],"predecessor-version":[{"id":1631,"href":"https:\/\/www.verdichtet.at\/index.php?rest_route=\/wp\/v2\/pages\/414\/revisions\/1631"}],"up":[{"embeddable":true,"href":"https:\/\/www.verdichtet.at\/index.php?rest_route=\/wp\/v2\/pages\/405"}],"wp:attachment":[{"href":"https:\/\/www.verdichtet.at\/index.php?rest_route=%2Fwp%2Fv2%2Fmedia&parent=414"}],"curies":[{"name":"wp","href":"https:\/\/api.w.org\/{rel}","templated":true}]}}