{"id":412,"date":"2013-11-28T18:27:20","date_gmt":"2013-11-28T18:27:20","guid":{"rendered":"http:\/\/www.verdichtet.at\/?page_id=412"},"modified":"2015-08-29T08:03:27","modified_gmt":"2015-08-29T08:03:27","slug":"auszugsweise","status":"publish","type":"page","link":"https:\/\/www.verdichtet.at\/?page_id=412","title":{"rendered":"auszugsweise"},"content":{"rendered":"<div class=\"pdfprnt-buttons pdfprnt-buttons-page pdfprnt-top-right\"><a href=\"https:\/\/www.verdichtet.at\/index.php?rest_route=wpv2pages412&print=pdf\" class=\"pdfprnt-button pdfprnt-button-pdf\" target=\"_blank\"><\/a><a href=\"https:\/\/www.verdichtet.at\/index.php?rest_route=wpv2pages412&print=print\" class=\"pdfprnt-button pdfprnt-button-print\" target=\"_blank\"><\/a><\/div>\n\n<div class=\"su-posts su-posts-default-loop \">\n\n\t\n\t\t\t\t\t\n\t\t\t\n\t\t\t<div id=\"su-post-18879\" class=\"su-post \">\n\n\t\t\t\t\n\t\t\t\t<h2 class=\"su-post-title\"><a href=\"https:\/\/www.verdichtet.at\/?p=18879\">F\u00fcr mein Kind: Zur\u00fcck zu den Wurzeln gemeinsam mit dir<\/a><\/h2>\n\n\t\t\t\t<div class=\"su-post-meta\">\n\t\t\t\t\tVer\u00f6ffentlicht: 16. Oktober 2024\t\t\t\t<\/div>\n\n\t\t\t\t<div class=\"su-post-excerpt\">\n\t\t\t\t\t<p>Zeit fliegt vorbei. Manchmal brems ich sie ein, sehe dich an und erschreck, weil ich mich bis ins Detail an dir spiegeln kann. Ich entdeck Spuren meiner Vergangenheit in deinem Gesicht, r\u00fcck in dein Licht, und wir gehen ein St\u00fcck auf der Zeitschnur zur\u00fcck. Dann f\u00e4rbt dein Lachen vergilbte Bilder in Schwarz-Wei\u00df leuchtend bunt, und [&hellip;]<\/p>\n\t\t\t\t<\/div>\n\n\t\t\t\t\t\t\t\t\t<a href=\"https:\/\/www.verdichtet.at\/?p=18879#respond\" class=\"su-post-comments-link\">0 Kommentare<\/a>\n\t\t\t\t\n\t\t\t<\/div>\n\n\t\t\t\t\t\n\t\t\t\n\t\t\t<div id=\"su-post-22480\" class=\"su-post \">\n\n\t\t\t\t\n\t\t\t\t<h2 class=\"su-post-title\"><a href=\"https:\/\/www.verdichtet.at\/?p=22480\">Barfu\u00df durch dein Herz: F\u00fcr mein Kind<\/a><\/h2>\n\n\t\t\t\t<div class=\"su-post-meta\">\n\t\t\t\t\tVer\u00f6ffentlicht: 18. April 2026\t\t\t\t<\/div>\n\n\t\t\t\t<div class=\"su-post-excerpt\">\n\t\t\t\t\t<p>Ich m\u00f6cht \u00a0\u00a0\u00a0\u00a0\u00a0 gern mal barfu\u00df durch dein Herz spazieren und dort von deiner Unbeschwertheit probieren. Dabei sch\u00fctt ich all meine Liebe aus. Verdichte Fugen und Spalten, gl\u00e4tte Falten und lege es mit rotem Samt aus. So kann sich die Liebe voll entfalten. Und Sorgen und Schmerz erhalten keine Gelegenheiten, sich in deinem Herzen auszubrei- [&hellip;]<\/p>\n\t\t\t\t<\/div>\n\n\t\t\t\t\t\t\t\t\t<a href=\"https:\/\/www.verdichtet.at\/?p=22480#respond\" class=\"su-post-comments-link\">0 Kommentare<\/a>\n\t\t\t\t\n\t\t\t<\/div>\n\n\t\t\t\t\t\n\t\t\t\n\t\t\t<div id=\"su-post-22497\" class=\"su-post \">\n\n\t\t\t\t\n\t\t\t\t<h2 class=\"su-post-title\"><a href=\"https:\/\/www.verdichtet.at\/?p=22497\">Herlicek \u2013 Investition in Gold<\/a><\/h2>\n\n\t\t\t\t<div class=\"su-post-meta\">\n\t\t\t\t\tVer\u00f6ffentlicht: 18. April 2026\t\t\t\t<\/div>\n\n\t\t\t\t<div class=\"su-post-excerpt\">\n\t\t\t\t\t<p>Der Preis des Goldes steigt und steigt, doch Herlicek ganz nobel schweigt. Er hatte den Trend l\u00e4ngst erkannt und vorgesorgt mit Hausverstand. Sein Gold-Depot sorgt f\u00fcr ein Glei\u00dfen und daf\u00fcr, dass er was hat zum Bei\u00dfen. Was also ist des Schweigens Grund? Er hat sein Gold \u2013 in seinem MUND! Bernd Watzka aus: Herlicek. Aus [&hellip;]<\/p>\n\t\t\t\t<\/div>\n\n\t\t\t\t\t\t\t\t\t<a href=\"https:\/\/www.verdichtet.at\/?p=22497#respond\" class=\"su-post-comments-link\">0 Kommentare<\/a>\n\t\t\t\t\n\t\t\t<\/div>\n\n\t\t\t\t\t\n\t\t\t\n\t\t\t<div id=\"su-post-22495\" class=\"su-post \">\n\n\t\t\t\t\n\t\t\t\t<h2 class=\"su-post-title\"><a href=\"https:\/\/www.verdichtet.at\/?p=22495\">Herlicek \u2013 Klima-Kleber auf der Baustelle<\/a><\/h2>\n\n\t\t\t\t<div class=\"su-post-meta\">\n\t\t\t\t\tVer\u00f6ffentlicht: 16. April 2026\t\t\t\t<\/div>\n\n\t\t\t\t<div class=\"su-post-excerpt\">\n\t\t\t\t\t<p>Schwer liegt er uns im Magen, der \u00f6sterreichische Bodenfra\u00df. Herlicek kann&#8217;s nicht ertragen; die Versiegelung ist ohne Ma\u00df! Dagegen muss man tun, was man kann: Herlicek ist ein Mann der Tat. Es hei\u00dft, man f\u00e4ngt im Kleinen an \u2013 wartet nicht auf Gesetze vom Staat. Gem\u00e4\u00df seinem st\u00fcrmischen Wesen, l\u00e4uft er runter zur Gro\u00dfbaustelle; will [&hellip;]<\/p>\n\t\t\t\t<\/div>\n\n\t\t\t\t\t\t\t\t\t<a href=\"https:\/\/www.verdichtet.at\/?p=22495#respond\" class=\"su-post-comments-link\">0 Kommentare<\/a>\n\t\t\t\t\n\t\t\t<\/div>\n\n\t\t\t\t\t\n\t\t\t\n\t\t\t<div id=\"su-post-22225\" class=\"su-post \">\n\n\t\t\t\t\n\t\t\t\t<h2 class=\"su-post-title\"><a href=\"https:\/\/www.verdichtet.at\/?p=22225\">Herlicek \u2013 E-Moped<\/a><\/h2>\n\n\t\t\t\t<div class=\"su-post-meta\">\n\t\t\t\t\tVer\u00f6ffentlicht: 22. M\u00e4rz 2026\t\t\t\t<\/div>\n\n\t\t\t\t<div class=\"su-post-excerpt\">\n\t\t\t\t\t<p>Herlicek st\u00f6hnt: \u201eDas gibt\u2019s ja ned \u2013 schon wieder ein Elektro-Moped!\u201c Es n\u00e4hert sich von der Seite in seiner ungeheuren Breite Lautlos pirscht es sich heran, das ist, was es am besten kann &#8222;Ich bin ein Fahrrad&#8220;, steht unterm Sitz \u2013 f\u00fcr Herlicek ein schlechter Witz &#8222;Und ich bin \u2013 ein Stra\u00dfenpoller!&#8220;, ruft Herlicek zum [&hellip;]<\/p>\n\t\t\t\t<\/div>\n\n\t\t\t\t\t\t\t\t\t<a href=\"https:\/\/www.verdichtet.at\/?p=22225#respond\" class=\"su-post-comments-link\">0 Kommentare<\/a>\n\t\t\t\t\n\t\t\t<\/div>\n\n\t\t\t\t\t\n\t\t\t\n\t\t\t<div id=\"su-post-22282\" class=\"su-post \">\n\n\t\t\t\t\n\t\t\t\t<h2 class=\"su-post-title\"><a href=\"https:\/\/www.verdichtet.at\/?p=22282\">Die Perchtenmaske<\/a><\/h2>\n\n\t\t\t\t<div class=\"su-post-meta\">\n\t\t\t\t\tVer\u00f6ffentlicht: 2. April 2026\t\t\t\t<\/div>\n\n\t\t\t\t<div class=\"su-post-excerpt\">\n\t\t\t\t\t<p>Oktober 2003 \u201eGib sie zur\u00fcck, auf der Stelle! Ich will dieses unsinnige Ding nicht mehr im Haus haben. Nur Ungl\u00fcck bringt das\u201c, keifte Katharina ihren Mann an. Der machte keine Anstalten dagegen zu reden. Er wusste, dass es nichts bringt, wenn seine Frau begann, sich aufzuregen. Da war es das Beste, sie einfach zu ignorieren. [&hellip;]<\/p>\n\t\t\t\t<\/div>\n\n\t\t\t\t\t\t\t\t\t<a href=\"https:\/\/www.verdichtet.at\/?p=22282#respond\" class=\"su-post-comments-link\">0 Kommentare<\/a>\n\t\t\t\t\n\t\t\t<\/div>\n\n\t\t\t\t\t\n\t\t\t\n\t\t\t<div id=\"su-post-22222\" class=\"su-post \">\n\n\t\t\t\t\n\t\t\t\t<h2 class=\"su-post-title\"><a href=\"https:\/\/www.verdichtet.at\/?p=22222\">Herlicek \u2013 Urlaubsziel<\/a><\/h2>\n\n\t\t\t\t<div class=\"su-post-meta\">\n\t\t\t\t\tVer\u00f6ffentlicht: 22. M\u00e4rz 2026\t\t\t\t<\/div>\n\n\t\t\t\t<div class=\"su-post-excerpt\">\n\t\t\t\t\t<p>Herlicek m\u00f6cht gern verreisen \u2013 wohin, das wird sich weisen Sch\u00f6n soll\u2019s dort sein und auch warm, und er will einen Ort mit Charme Gutes Essen m\u00f6cht er genie\u00dfen, Rotwein soll in Str\u00f6men flie\u00dfen Also, wo soll er blo\u00df hin? Ach, Herlicek \u2013 bleib in Wien! Bernd Watzka aus: Herlicek. Aus dem Leben eines Wieners [&hellip;]<\/p>\n\t\t\t\t<\/div>\n\n\t\t\t\t\t\t\t\t\t<a href=\"https:\/\/www.verdichtet.at\/?p=22222#respond\" class=\"su-post-comments-link\">0 Kommentare<\/a>\n\t\t\t\t\n\t\t\t<\/div>\n\n\t\t\t\t\t\n\t\t\t\n\t\t\t<div id=\"su-post-22141\" class=\"su-post \">\n\n\t\t\t\t\n\t\t\t\t<h2 class=\"su-post-title\"><a href=\"https:\/\/www.verdichtet.at\/?p=22141\">Herlicek \u2013 Millionenshow<\/a><\/h2>\n\n\t\t\t\t<div class=\"su-post-meta\">\n\t\t\t\t\tVer\u00f6ffentlicht: 15. M\u00e4rz 2026\t\t\t\t<\/div>\n\n\t\t\t\t<div class=\"su-post-excerpt\">\n\t\t\t\t\t<p>Lustiger als ein Gang aufs Klo ist die ORF-Millionenshow Herlicek r\u00e4t mit, Frage f\u00fcr Frage Er liegt stets richtig, ohne Plage Es geht um 100.000 Euro, flugs (Herlicek lauscht wie ein Luchs) Reichtum ist nun nicht mehr fern: &#8222;Wie hei\u00dft des Himmels hellster Stern?&#8220; Herlicek f\u00fchlt sich wie Einstein: &#8222;Sirius&#8220; muss die Antwort sein Sein [&hellip;]<\/p>\n\t\t\t\t<\/div>\n\n\t\t\t\t\t\t\t\t\t<a href=\"https:\/\/www.verdichtet.at\/?p=22141#respond\" class=\"su-post-comments-link\">0 Kommentare<\/a>\n\t\t\t\t\n\t\t\t<\/div>\n\n\t\t\t\t\t\n\t\t\t\n\t\t\t<div id=\"su-post-22138\" class=\"su-post \">\n\n\t\t\t\t\n\t\t\t\t<h2 class=\"su-post-title\"><a href=\"https:\/\/www.verdichtet.at\/?p=22138\">Herlicek \u2013 Ansto\u00dfen auf die Inflation<\/a><\/h2>\n\n\t\t\t\t<div class=\"su-post-meta\">\n\t\t\t\t\tVer\u00f6ffentlicht: 13. M\u00e4rz 2026\t\t\t\t<\/div>\n\n\t\t\t\t<div class=\"su-post-excerpt\">\n\t\t\t\t\t<p>Das gro\u00dfe Jammern hat ein End\u2019: Die Inflation sinkt auf zwei Prozent. Herlicek sagt: &#8222;Drauf sto\u00dfen wir an \u2013 im Beisl ums Eck \u2013 ganz spontan!&#8220; Herlicek hebt\u2019s Stamperl, sagt munter: &#8222;Bei der Teuerung soll\u2019n die Prozente runter! Hochprozentig&#8220;, schreit er herum, &#8222;m\u00f6gen wir nur \u2013 Schnaps und Rum!&#8220; Bernd Watzka aus: Herlicek. Aus dem [&hellip;]<\/p>\n\t\t\t\t<\/div>\n\n\t\t\t\t\t\t\t\t\t<a href=\"https:\/\/www.verdichtet.at\/?p=22138#respond\" class=\"su-post-comments-link\">0 Kommentare<\/a>\n\t\t\t\t\n\t\t\t<\/div>\n\n\t\t\t\t\t\n\t\t\t\n\t\t\t<div id=\"su-post-22110\" class=\"su-post \">\n\n\t\t\t\t\n\t\t\t\t<h2 class=\"su-post-title\"><a href=\"https:\/\/www.verdichtet.at\/?p=22110\">Herlicek \u2013 Kleine Freuden des Lebens<\/a><\/h2>\n\n\t\t\t\t<div class=\"su-post-meta\">\n\t\t\t\t\tVer\u00f6ffentlicht: 5. M\u00e4rz 2026\t\t\t\t<\/div>\n\n\t\t\t\t<div class=\"su-post-excerpt\">\n\t\t\t\t\t<p>Strompreis, Putin und Trumps MAGA, die ganze Welt ist derzeit gaga. Hinzu kommt die Inflation \u2013 das ist nichts als blanker Hohn! Die Wirtschaft kommt nicht in die G\u00e4nge, f\u00fcr uns bleiben die letzten R\u00e4nge. Hoch ist hierzuland&#8216; nur die Steuer \u2013 das Leben kommt uns immer teurer. Doch nun aber zu den Dingen, die [&hellip;]<\/p>\n\t\t\t\t<\/div>\n\n\t\t\t\t\t\t\t\t\t<a href=\"https:\/\/www.verdichtet.at\/?p=22110#respond\" class=\"su-post-comments-link\">0 Kommentare<\/a>\n\t\t\t\t\n\t\t\t<\/div>\n\n\t\t\t\t\t\n\t\t\t\n\t\t\t<div id=\"su-post-22084\" class=\"su-post \">\n\n\t\t\t\t\n\t\t\t\t<h2 class=\"su-post-title\"><a href=\"https:\/\/www.verdichtet.at\/?p=22084\">Herlicek \u2013 Billigere Lebensmittel<\/a><\/h2>\n\n\t\t\t\t<div class=\"su-post-meta\">\n\t\t\t\t\tVer\u00f6ffentlicht: 26. Februar 2026\t\t\t\t<\/div>\n\n\t\t\t\t<div class=\"su-post-excerpt\">\n\t\t\t\t\t<p>Bald enden unsre Beschwerden: Die Grundnahrungsmittel werden endlich billiger \u2013 was f\u00fcr a Freud f\u00fcr die Inflations-geplagten Leut&#8216;! Es gilt f\u00fcr Milch, Butter und auch Erd\u00e4pfel, R\u00fcben und den Lauch. Paradeiser sind mit dabei sowie Paprika und H\u00fchnerei. Hinzu kommen \u00c4pfel und wohl R\u00fcben, Sellerie und Kohl. Die Aktion gilt f\u00fcr vieles mehr, doch Herlicek [&hellip;]<\/p>\n\t\t\t\t<\/div>\n\n\t\t\t\t\t\t\t\t\t<a href=\"https:\/\/www.verdichtet.at\/?p=22084#respond\" class=\"su-post-comments-link\">0 Kommentare<\/a>\n\t\t\t\t\n\t\t\t<\/div>\n\n\t\t\t\t\t\n\t\t\t\n\t\t\t<div id=\"su-post-22028\" class=\"su-post \">\n\n\t\t\t\t\n\t\t\t\t<h2 class=\"su-post-title\"><a href=\"https:\/\/www.verdichtet.at\/?p=22028\">Herlicek \u2013 Olympische Augenringe<\/a><\/h2>\n\n\t\t\t\t<div class=\"su-post-meta\">\n\t\t\t\t\tVer\u00f6ffentlicht: 20. Februar 2026\t\t\t\t<\/div>\n\n\t\t\t\t<div class=\"su-post-excerpt\">\n\t\t\t\t\t<p>Herlicek schaut mit Veltliner die Winterspiele in Cortina. Er vers\u00e4umt kein einziges Rennen, man kann ihn nicht vom Sofa trennen. Er liebt alle Wintersportarten \u2013 kann&#8217;s n\u00e4chste Rennen kaum erwarten. Den ganzen Tag l\u00e4uft&#8217;s TV-Ger\u00e4t \u2013 ohne Pause von fr\u00fch bis sp\u00e4t. Er ist schon ersch\u00f6pft, die Birne weich, sein Kreuz tut weh, er ist [&hellip;]<\/p>\n\t\t\t\t<\/div>\n\n\t\t\t\t\t\t\t\t\t<a href=\"https:\/\/www.verdichtet.at\/?p=22028#respond\" class=\"su-post-comments-link\">0 Kommentare<\/a>\n\t\t\t\t\n\t\t\t<\/div>\n\n\t\t\t\t\t\n\t\t\t\n\t\t\t<div id=\"su-post-14798\" class=\"su-post \">\n\n\t\t\t\t\n\t\t\t\t<h2 class=\"su-post-title\"><a href=\"https:\/\/www.verdichtet.at\/?p=14798\">Die pr\u00e4zise Friedenstaube<\/a><\/h2>\n\n\t\t\t\t<div class=\"su-post-meta\">\n\t\t\t\t\tVer\u00f6ffentlicht: 26. Oktober 2022\t\t\t\t<\/div>\n\n\t\t\t\t<div class=\"su-post-excerpt\">\n\t\t\t\t\t<p>Die Friedenstaube fliegt unglaublich flott \u00fcber Weizenfelder, verlassen von Gott. Sie flitzt dahin mit stoischer Miene; ohne auf, ohne ab \u2013 wie auf Schiene. Wohin wird sie den Frieden bringen? D\u00fcrfen wir bald \u201eWar is over\u201c singen? Seht hin, das pfeilschnelle Tier hat schon ein Haus in seinem Visier. Die Friedenstaube fliegt kerzengerade ins Hauptquartier [&hellip;]<\/p>\n\t\t\t\t<\/div>\n\n\t\t\t\t\t\t\t\t\t<a href=\"https:\/\/www.verdichtet.at\/?p=14798#respond\" class=\"su-post-comments-link\">0 Kommentare<\/a>\n\t\t\t\t\n\t\t\t<\/div>\n\n\t\t\t\t\t\n\t\t\t\n\t\t\t<div id=\"su-post-15642\" class=\"su-post \">\n\n\t\t\t\t\n\t\t\t\t<h2 class=\"su-post-title\"><a href=\"https:\/\/www.verdichtet.at\/?p=15642\">Der Panther (nach Rilke)<\/a><\/h2>\n\n\t\t\t\t<div class=\"su-post-meta\">\n\t\t\t\t\tVer\u00f6ffentlicht: 28. Oktober 2022\t\t\t\t<\/div>\n\n\t\t\t\t<div class=\"su-post-excerpt\">\n\t\t\t\t\t<p>Der Panther, der einst im Jardin des Plantes mit geschmeidig starken Schritten an tausend St\u00e4ben vor\u00fcberging, brummte kurz vor seinem Tod: \u201eHab Dank f\u00fcr deine Reime, Rainer! Ich hoff mein stilles Leiden hat sich ausgezahlt f\u00fcr dich.\u201c Bernd Watzka aus: Wenn Wale weinen, Post-anthropozentrische Tiergedichte, 2022 Informationen zu Live-Terminen, Buchbestellungen und Videos www.verdichtet.at | Kategorie: [&hellip;]<\/p>\n\t\t\t\t<\/div>\n\n\t\t\t\t\t\t\t\t\t<a href=\"https:\/\/www.verdichtet.at\/?p=15642#respond\" class=\"su-post-comments-link\">0 Kommentare<\/a>\n\t\t\t\t\n\t\t\t<\/div>\n\n\t\t\t\t\t\n\t\t\t\n\t\t\t<div id=\"su-post-14747\" class=\"su-post \">\n\n\t\t\t\t\n\t\t\t\t<h2 class=\"su-post-title\"><a href=\"https:\/\/www.verdichtet.at\/?p=14747\">Der einsilbige Dachs<\/a><\/h2>\n\n\t\t\t\t<div class=\"su-post-meta\">\n\t\t\t\t\tVer\u00f6ffentlicht: 28. Oktober 2022\t\t\t\t<\/div>\n\n\t\t\t\t<div class=\"su-post-excerpt\">\n\t\t\t\t\t<p>Ihr fragt euch sicher \u2013 oder auch nicht, warum der Dachs so wenig spricht. Nun \u2013 wer nur aus einer Silbe besteht, dem verschl\u00e4gt es schnell die Red&#8216;. Bernd Watzka aus: Wenn Wale weinen, Post-anthropozentrische Tiergedichte, 2022 Informationen zu Live-Terminen, Buchbestellungen und Videos www.verdichtet.at | Kategorie: auszugsweise | Inventarnummer: 22122<\/p>\n\t\t\t\t<\/div>\n\n\t\t\t\t\t\t\t\t\t<a href=\"https:\/\/www.verdichtet.at\/?p=14747#respond\" class=\"su-post-comments-link\">0 Kommentare<\/a>\n\t\t\t\t\n\t\t\t<\/div>\n\n\t\t\t\t\t\n\t\t\t\n\t\t\t<div id=\"su-post-14749\" class=\"su-post \">\n\n\t\t\t\t\n\t\t\t\t<h2 class=\"su-post-title\"><a href=\"https:\/\/www.verdichtet.at\/?p=14749\">Die Martinigans<\/a><\/h2>\n\n\t\t\t\t<div class=\"su-post-meta\">\n\t\t\t\t\tVer\u00f6ffentlicht: 28. Oktober 2022\t\t\t\t<\/div>\n\n\t\t\t\t<div class=\"su-post-excerpt\">\n\t\t\t\t\t<p>November ist\u2019s und die Martinigans plagen d\u00fcstere Ahnungen. Schwer ihr K\u00f6rper, schwer die Gedanken; im Hals sp\u00fcrt sie Verspannungen. Dann die Idee! Sie tauft sich um auf den sch\u00f6nen Namen Franz. Der Trick gelingt und die Franzigans bleibt heuer zu Martini \u2013 ganz. Bernd Watzka aus: Wenn Wale weinen, Post-anthropozentrische Tiergedichte, 2022 Informationen zu Live-Terminen, [&hellip;]<\/p>\n\t\t\t\t<\/div>\n\n\t\t\t\t\t\t\t\t\t<a href=\"https:\/\/www.verdichtet.at\/?p=14749#respond\" class=\"su-post-comments-link\">0 Kommentare<\/a>\n\t\t\t\t\n\t\t\t<\/div>\n\n\t\t\t\t\t\n\t\t\t\n\t\t\t<div id=\"su-post-14751\" class=\"su-post \">\n\n\t\t\t\t\n\t\t\t\t<h2 class=\"su-post-title\"><a href=\"https:\/\/www.verdichtet.at\/?p=14751\">Der D\u00fcrer-Hase<\/a><\/h2>\n\n\t\t\t\t<div class=\"su-post-meta\">\n\t\t\t\t\tVer\u00f6ffentlicht: 28. Oktober 2022\t\t\t\t<\/div>\n\n\t\t\t\t<div class=\"su-post-excerpt\">\n\t\t\t\t\t<p>Seit mehr als f\u00fcnfhundert Jahren hock ich hier und warte drauf, dass irgendwann mal was passiert. Vielleicht strahl ich Ruhe aus; doch Leute, bitte irrt euch nicht \u2013 in mir brodelt ein Vulkan. Der Rahmen ist mir viel zu eng; ein Sechzehntel Quadratmeter Platz! So viel zum Thema artgerecht. Hab meinen Frust und Hasenzorn stets [&hellip;]<\/p>\n\t\t\t\t<\/div>\n\n\t\t\t\t\t\t\t\t\t<a href=\"https:\/\/www.verdichtet.at\/?p=14751#comments\" class=\"su-post-comments-link\">Ein Kommentar<\/a>\n\t\t\t\t\n\t\t\t<\/div>\n\n\t\t\t\t\t\n\t\t\t\n\t\t\t<div id=\"su-post-14753\" class=\"su-post \">\n\n\t\t\t\t\n\t\t\t\t<h2 class=\"su-post-title\"><a href=\"https:\/\/www.verdichtet.at\/?p=14753\">Die Kanarienv\u00f6gel der Kohlengrube<\/a><\/h2>\n\n\t\t\t\t<div class=\"su-post-meta\">\n\t\t\t\t\tVer\u00f6ffentlicht: 28. Oktober 2022\t\t\t\t<\/div>\n\n\t\t\t\t<div class=\"su-post-excerpt\">\n\t\t\t\t\t<p>Wir waren Warner der Minen; fielen um, wenn Kohlenmonoxid Sch\u00e4chte und Stollen f\u00fcllte. Zu Tausenden erstickten wir, damit die Ausweidung der Erde stets munter, sorglos schritt voran. Doch \u2013 wartet nur; wir haben Tonnen an Grubengas in uns gespeichert. Irgendwann lassen wir es raus. Bernd Watzka aus: Wenn Wale weinen, Post-anthropozentrische Tiergedichte, 2022 Informationen zu [&hellip;]<\/p>\n\t\t\t\t<\/div>\n\n\t\t\t\t\t\t\t\t\t<a href=\"https:\/\/www.verdichtet.at\/?p=14753#respond\" class=\"su-post-comments-link\">0 Kommentare<\/a>\n\t\t\t\t\n\t\t\t<\/div>\n\n\t\t\t\t\t\n\t\t\t\n\t\t\t<div id=\"su-post-14755\" class=\"su-post \">\n\n\t\t\t\t\n\t\t\t\t<h2 class=\"su-post-title\"><a href=\"https:\/\/www.verdichtet.at\/?p=14755\">Die Motte<\/a><\/h2>\n\n\t\t\t\t<div class=\"su-post-meta\">\n\t\t\t\t\tVer\u00f6ffentlicht: 28. Oktober 2022\t\t\t\t<\/div>\n\n\t\t\t\t<div class=\"su-post-excerpt\">\n\t\t\t\t\t<p>Ich bin eine fr\u00f6hliche Motte und trag den sch\u00f6nen Namen Lotte. Ich tanz f\u00fcr euch so gern im Licht, doch darauf seid ihr nicht erpicht. Im Gegenteil: Ich bin leicht, sogar sehr, doch ihr macht mir das Leben schwer. Seht ihr mich, tut ihr die F\u00e4uste ballen und jagt mich, stellt gemeine Fallen. Sagt mir, [&hellip;]<\/p>\n\t\t\t\t<\/div>\n\n\t\t\t\t\t\t\t\t\t<a href=\"https:\/\/www.verdichtet.at\/?p=14755#respond\" class=\"su-post-comments-link\">0 Kommentare<\/a>\n\t\t\t\t\n\t\t\t<\/div>\n\n\t\t\t\t\t\n\t\t\t\n\t\t\t<div id=\"su-post-14757\" class=\"su-post \">\n\n\t\t\t\t\n\t\t\t\t<h2 class=\"su-post-title\"><a href=\"https:\/\/www.verdichtet.at\/?p=14757\">Der Transgender-Zw\u00f6lfender<\/a><\/h2>\n\n\t\t\t\t<div class=\"su-post-meta\">\n\t\t\t\t\tVer\u00f6ffentlicht: 28. Oktober 2022\t\t\t\t<\/div>\n\n\t\t\t\t<div class=\"su-post-excerpt\">\n\t\t\t\t\t<p>Das br\u00fcnftige R\u00f6hren im Herbst, die ewigen K\u00e4mpfe ums Revier und dieses Imponiergehabe \u2013 das h\u00e4ngt mir l\u00e4ngst zum Hals heraus. Ich verrat euch was: Ich sp\u00fcr\u2019s in mir, mit jeder Faser meines Leibes: In mir drin, da schl\u00e4gt das Herz einer sanftm\u00fctigen Frau Hirsch. Sehr feminin, sehr f\u00fcrsorglich, gef\u00fchlsbetont und liebevoll; stets aufopfernd f\u00fcr [&hellip;]<\/p>\n\t\t\t\t<\/div>\n\n\t\t\t\t\t\t\t\t\t<a href=\"https:\/\/www.verdichtet.at\/?p=14757#respond\" class=\"su-post-comments-link\">0 Kommentare<\/a>\n\t\t\t\t\n\t\t\t<\/div>\n\n\t\t\t\t\t\n\t\t\t\n\t\t\t<div id=\"su-post-14759\" class=\"su-post \">\n\n\t\t\t\t\n\t\t\t\t<h2 class=\"su-post-title\"><a href=\"https:\/\/www.verdichtet.at\/?p=14759\">Die Hausstaubmilbe<\/a><\/h2>\n\n\t\t\t\t<div class=\"su-post-meta\">\n\t\t\t\t\tVer\u00f6ffentlicht: 28. Oktober 2022\t\t\t\t<\/div>\n\n\t\t\t\t<div class=\"su-post-excerpt\">\n\t\t\t\t\t<p>Ich wag es kaum, mich vorzustellen, bin doch beliebt wie Salmonellen. Um euch den Tag nicht zu verderben, m\u00fcsst ich auf der Stelle sterben. Ich bin eine Hausstaubmilbe, Betonung auf der ersten Silbe. Bin euch n\u00e4her, als ihr glaubt, viel n\u00e4her als der Liebsten Haupt. Zwar bin ich mikroskopisch klein, halte ich eure Polster rein [&hellip;]<\/p>\n\t\t\t\t<\/div>\n\n\t\t\t\t\t\t\t\t\t<a href=\"https:\/\/www.verdichtet.at\/?p=14759#respond\" class=\"su-post-comments-link\">0 Kommentare<\/a>\n\t\t\t\t\n\t\t\t<\/div>\n\n\t\t\t\t\t\n\t\t\t\n\t\t\t<div id=\"su-post-14788\" class=\"su-post \">\n\n\t\t\t\t\n\t\t\t\t<h2 class=\"su-post-title\"><a href=\"https:\/\/www.verdichtet.at\/?p=14788\">Die Raupe im Tequila<\/a><\/h2>\n\n\t\t\t\t<div class=\"su-post-meta\">\n\t\t\t\t\tVer\u00f6ffentlicht: 28. Oktober 2022\t\t\t\t<\/div>\n\n\t\t\t\t<div class=\"su-post-excerpt\">\n\t\t\t\t\t<p>\u201eW\u00fcnsch dir nichts, denn W\u00fcnsche k\u00f6nnen in Erf\u00fcllung gehen\u201c, sprach der Schmetterling zur trinkfreudigen Raupe, deren Traum es war, einmal im Leben in Tequila ein Bad zu nehmen. Bernd Watzka aus: Wenn Wale weinen, Post-anthropozentrische Tiergedichte, 2022 Informationen zu Live-Terminen, Buchbestellungen und Videos www.verdichtet.at | Kategorie: auszugsweise | Inventarnummer: 22142<\/p>\n\t\t\t\t<\/div>\n\n\t\t\t\t\t\t\t\t\t<a href=\"https:\/\/www.verdichtet.at\/?p=14788#respond\" class=\"su-post-comments-link\">0 Kommentare<\/a>\n\t\t\t\t\n\t\t\t<\/div>\n\n\t\t\t\t\t\n\t\t\t\n\t\t\t<div id=\"su-post-14790\" class=\"su-post \">\n\n\t\t\t\t\n\t\t\t\t<h2 class=\"su-post-title\"><a href=\"https:\/\/www.verdichtet.at\/?p=14790\">Der Shell-Fisch<\/a><\/h2>\n\n\t\t\t\t<div class=\"su-post-meta\">\n\t\t\t\t\tVer\u00f6ffentlicht: 28. Oktober 2022\t\t\t\t<\/div>\n\n\t\t\t\t<div class=\"su-post-excerpt\">\n\t\t\t\t\t<p>Der frisch geschl\u00fcpfte Shell-Fisch hat drei Augen und neun Flossen. Den Nobelpreis f\u00fcr Medizin kriegt Shell trotzdem nicht. Bernd Watzka aus: Wenn Wale weinen, Post-anthropozentrische Tiergedichte, 2022 Informationen zu Live-Terminen, Buchbestellungen und Videos www.verdichtet.at | Kategorie: auszugsweise | Inventarnummer: 23014<\/p>\n\t\t\t\t<\/div>\n\n\t\t\t\t\t\t\t\t\t<a href=\"https:\/\/www.verdichtet.at\/?p=14790#respond\" class=\"su-post-comments-link\">0 Kommentare<\/a>\n\t\t\t\t\n\t\t\t<\/div>\n\n\t\t\t\t\t\n\t\t\t\n\t\t\t<div id=\"su-post-14792\" class=\"su-post \">\n\n\t\t\t\t\n\t\t\t\t<h2 class=\"su-post-title\"><a href=\"https:\/\/www.verdichtet.at\/?p=14792\">Der Brillenb\u00e4r und der Python des Kleinen Prinzen<\/a><\/h2>\n\n\t\t\t\t<div class=\"su-post-meta\">\n\t\t\t\t\tVer\u00f6ffentlicht: 28. Oktober 2022\t\t\t\t<\/div>\n\n\t\t\t\t<div class=\"su-post-excerpt\">\n\t\t\t\t\t<p>Der junge Brillenb\u00e4r verliert im Regenwald Brasiliens \u2013\u00ad man ahnt es schon \u2013 die Brille. Er donnert gegen Dattelpalmen, gegen Felsgestein und Eisenkr\u00e4ne. Das bricht dem brillenlosen Tier Herz und Genick. Da kommt der Python angekrochen und blickt ihn an, den toten B\u00e4ren. \u201eMan sieht nur mit der Brille gut!\u201c Bernd Watzka aus: Wenn Wale [&hellip;]<\/p>\n\t\t\t\t<\/div>\n\n\t\t\t\t\t\t\t\t\t<a href=\"https:\/\/www.verdichtet.at\/?p=14792#respond\" class=\"su-post-comments-link\">0 Kommentare<\/a>\n\t\t\t\t\n\t\t\t<\/div>\n\n\t\t\t\t\t\n\t\t\t\n\t\t\t<div id=\"su-post-14794\" class=\"su-post \">\n\n\t\t\t\t\n\t\t\t\t<h2 class=\"su-post-title\"><a href=\"https:\/\/www.verdichtet.at\/?p=14794\">Das wei\u00dfe Kaninchen<\/a><\/h2>\n\n\t\t\t\t<div class=\"su-post-meta\">\n\t\t\t\t\tVer\u00f6ffentlicht: 28. Oktober 2022\t\t\t\t<\/div>\n\n\t\t\t\t<div class=\"su-post-excerpt\">\n\t\t\t\t\t<p>\u201eO\u00a0weh, o weh, ich komm zu sp\u00e4t\u201c, seufzt das Wunderland-Kaninchen, und seine roten Augen leuchten im Kaninchenbau. Kurz h\u00e4lt es inne und denkt nach. ,Was ist eigentlich mein Ziel? Warum dieser Zeitkomplex? Und wer zum Henker ist Alice?\u2018 Dann l\u00e4uft\u2019s Kaninchen weiter, wie es im Buch geschrieben steht. Da n\u00e4hert sich mit einem Mal eine [&hellip;]<\/p>\n\t\t\t\t<\/div>\n\n\t\t\t\t\t\t\t\t\t<a href=\"https:\/\/www.verdichtet.at\/?p=14794#respond\" class=\"su-post-comments-link\">0 Kommentare<\/a>\n\t\t\t\t\n\t\t\t<\/div>\n\n\t\t\t\t\t\n\t\t\t\n\t\t\t<div id=\"su-post-14786\" class=\"su-post \">\n\n\t\t\t\t\n\t\t\t\t<h2 class=\"su-post-title\"><a href=\"https:\/\/www.verdichtet.at\/?p=14786\">Das falsche Gl\u00fchw\u00fcrmchen<\/a><\/h2>\n\n\t\t\t\t<div class=\"su-post-meta\">\n\t\t\t\t\tVer\u00f6ffentlicht: 28. Oktober 2022\t\t\t\t<\/div>\n\n\t\t\t\t<div class=\"su-post-excerpt\">\n\t\t\t\t\t<p>Lars der l\u00e4ufige Leuchtk\u00e4fer umgarnt ein Gl\u00fchw\u00fcrmchen, das heller leuchtet als das Sternenzelt am Himmel. Lars tanzt und balzt \u2013 und sein Verlangen w\u00e4chst; und w\u00e4chst. Das Gl\u00fchw\u00fcrmchen jedoch zeigt ihm die kalte Schulter und r\u00fchrt sich nicht vom Fleck. Da wird\u2019s dem Lars zu bl\u00f6d. Verr\u00fcckt vor Lust st\u00fcrzt er aufs W\u00fcrmchen und sieht [&hellip;]<\/p>\n\t\t\t\t<\/div>\n\n\t\t\t\t\t\t\t\t\t<a href=\"https:\/\/www.verdichtet.at\/?p=14786#respond\" class=\"su-post-comments-link\">0 Kommentare<\/a>\n\t\t\t\t\n\t\t\t<\/div>\n\n\t\t\t\t\t\n\t\t\t\n\t\t\t<div id=\"su-post-14784\" class=\"su-post \">\n\n\t\t\t\t\n\t\t\t\t<h2 class=\"su-post-title\"><a href=\"https:\/\/www.verdichtet.at\/?p=14784\">Die alten Dichter-Tiere<\/a><\/h2>\n\n\t\t\t\t<div class=\"su-post-meta\">\n\t\t\t\t\tVer\u00f6ffentlicht: 28. Oktober 2022\t\t\t\t<\/div>\n\n\t\t\t\t<div class=\"su-post-excerpt\">\n\t\t\t\t\t<p>Das Wiesel verstummt auf seinem Kiesel. Der Panther im Jardin des Plantes erstarrt, und die V\u00f6gelein schweigen im Walde \u2013 als Amanda Gorman mit gelbem Mantel und rotem Haarreif die B\u00fchne betritt und ihre Gedichte ins Mikrofon der Welt\u00f6ffentlichkeit schmettert. Wiesel, Panther und die V\u00f6gelein kehren frustriert beim Branntweiner ein. Bernd Watzka aus: Wenn Wale [&hellip;]<\/p>\n\t\t\t\t<\/div>\n\n\t\t\t\t\t\t\t\t\t<a href=\"https:\/\/www.verdichtet.at\/?p=14784#respond\" class=\"su-post-comments-link\">0 Kommentare<\/a>\n\t\t\t\t\n\t\t\t<\/div>\n\n\t\t\t\t\t\n\t\t\t\n\t\t\t<div id=\"su-post-14782\" class=\"su-post \">\n\n\t\t\t\t\n\t\t\t\t<h2 class=\"su-post-title\"><a href=\"https:\/\/www.verdichtet.at\/?p=14782\">Die Rentiere<\/a><\/h2>\n\n\t\t\t\t<div class=\"su-post-meta\">\n\t\t\t\t\tVer\u00f6ffentlicht: 28. Oktober 2022\t\t\t\t<\/div>\n\n\t\t\t\t<div class=\"su-post-excerpt\">\n\t\t\t\t\t<p>Im eisigen Wind des Hamburger Tiergartens tr\u00e4umt ein verschlepptes Rentierehepaar von seinem Zuhause: dem M\u00fcnchner Tiergarten. Bernd Watzka aus: Wenn Wale weinen, Post-anthropozentrische Tiergedichte, 2022 Informationen zu Live-Terminen, Buchbestellungen und Videos www.verdichtet.at | Kategorie: auszugsweise | Inventarnummer: 23024<\/p>\n\t\t\t\t<\/div>\n\n\t\t\t\t\t\t\t\t\t<a href=\"https:\/\/www.verdichtet.at\/?p=14782#respond\" class=\"su-post-comments-link\">0 Kommentare<\/a>\n\t\t\t\t\n\t\t\t<\/div>\n\n\t\t\t\t\t\n\t\t\t\n\t\t\t<div id=\"su-post-14778\" class=\"su-post \">\n\n\t\t\t\t\n\t\t\t\t<h2 class=\"su-post-title\"><a href=\"https:\/\/www.verdichtet.at\/?p=14778\">Planet der Asseln<\/a><\/h2>\n\n\t\t\t\t<div class=\"su-post-meta\">\n\t\t\t\t\tVer\u00f6ffentlicht: 28. Oktober 2022\t\t\t\t<\/div>\n\n\t\t\t\t<div class=\"su-post-excerpt\">\n\t\t\t\t\t<p>L\u00e4ngst ausgestorben sind Mensch, Hauskatze und Rind. Wer h\u00e4tte das gedacht: heut\u2019 sind wir Asseln an der Macht. Statt zu hungern in den Kellern speisen wir aus gold\u2019nen Tellern Spinneneier, frischen Kot, Fl\u00f6he, lebendig oder tot. Wir sind heute auch sehr klug kennen l\u00e4ngst schon Lug und Trug. Wir legen gegenseitig uns rein \u2013 warum [&hellip;]<\/p>\n\t\t\t\t<\/div>\n\n\t\t\t\t\t\t\t\t\t<a href=\"https:\/\/www.verdichtet.at\/?p=14778#respond\" class=\"su-post-comments-link\">0 Kommentare<\/a>\n\t\t\t\t\n\t\t\t<\/div>\n\n\t\t\t\t\t\n\t\t\t\n\t\t\t<div id=\"su-post-14776\" class=\"su-post \">\n\n\t\t\t\t\n\t\t\t\t<h2 class=\"su-post-title\"><a href=\"https:\/\/www.verdichtet.at\/?p=14776\">Das liebe Gnu<\/a><\/h2>\n\n\t\t\t\t<div class=\"su-post-meta\">\n\t\t\t\t\tVer\u00f6ffentlicht: 28. Oktober 2022\t\t\t\t<\/div>\n\n\t\t\t\t<div class=\"su-post-excerpt\">\n\t\t\t\t\t<p>In Uganda lebte einst ein liebes Gnu, das beim Pokern nie schummelte und \u00fcber die faulen Tricks der anderen l\u00e4chelnd hinwegsah. Heute ziert das liebe Gnu die Vitrine im Haus eines lieben Gro\u00dfwildj\u00e4gers. Bernd Watzka aus: Wenn Wale weinen, Post-anthropozentrische Tiergedichte, 2022 Informationen zu Live-Terminen, Buchbestellungen und Videos www.verdichtet.at | Kategorie: auszugsweise | Inventarnummer: 23009<\/p>\n\t\t\t\t<\/div>\n\n\t\t\t\t\t\t\t\t\t<a href=\"https:\/\/www.verdichtet.at\/?p=14776#respond\" class=\"su-post-comments-link\">0 Kommentare<\/a>\n\t\t\t\t\n\t\t\t<\/div>\n\n\t\t\t\t\t\n\t\t\t\n\t\t\t<div id=\"su-post-14774\" class=\"su-post \">\n\n\t\t\t\t\n\t\t\t\t<h2 class=\"su-post-title\"><a href=\"https:\/\/www.verdichtet.at\/?p=14774\">Das Marsw\u00fcrmchen<\/a><\/h2>\n\n\t\t\t\t<div class=\"su-post-meta\">\n\t\t\t\t\tVer\u00f6ffentlicht: 28. Oktober 2022\t\t\t\t<\/div>\n\n\t\t\t\t<div class=\"su-post-excerpt\">\n\t\t\t\t\t<p>Wer h\u00e4tte gedacht, dass es am Mars tats\u00e4chlich Leben gab \u2013 und zwar bis ins Jahr Zweitausendzweiundzwanzig. An einem hei\u00dfen Juni-Sonntag hat das allerletzte Marsw\u00fcrmchen, ein zartes Gesch\u00f6pf mit gro\u00dfen Augen, dem Fortschritt der Raumfahrt Tribut gezollt: Es wurde vom Marsrover \u201eCuriosity\u201c \u00fcberrollt. Bernd Watzka aus: Wenn Wale weinen, Post-anthropozentrische Tiergedichte, 2022 Informationen zu Live-Terminen, [&hellip;]<\/p>\n\t\t\t\t<\/div>\n\n\t\t\t\t\t\t\t\t\t<a href=\"https:\/\/www.verdichtet.at\/?p=14774#respond\" class=\"su-post-comments-link\">0 Kommentare<\/a>\n\t\t\t\t\n\t\t\t<\/div>\n\n\t\t\t\t\t\n\t\t\t\n\t\t\t<div id=\"su-post-14772\" class=\"su-post \">\n\n\t\t\t\t\n\t\t\t\t<h2 class=\"su-post-title\"><a href=\"https:\/\/www.verdichtet.at\/?p=14772\">Der Eselspinguin<\/a><\/h2>\n\n\t\t\t\t<div class=\"su-post-meta\">\n\t\t\t\t\tVer\u00f6ffentlicht: 28. Oktober 2022\t\t\t\t<\/div>\n\n\t\t\t\t<div class=\"su-post-excerpt\">\n\t\t\t\t\t<p>Erlauben Sie mir, mich vorzustellen, ohne dass Sie gleich vor Lachen gellen. Ich wei\u00df, ich bin hier nicht bekannt; Eselspinguin werd ich genannt. Sollten Sie glauben, mich gibt\u2019s gar nicht: In der Antarktis kennt mich jeder Wicht \u2013 von der Robben bis zum kleinen Krill; aber das ist nicht, was ich sagen will. Ich m\u00f6cht [&hellip;]<\/p>\n\t\t\t\t<\/div>\n\n\t\t\t\t\t\t\t\t\t<a href=\"https:\/\/www.verdichtet.at\/?p=14772#respond\" class=\"su-post-comments-link\">0 Kommentare<\/a>\n\t\t\t\t\n\t\t\t<\/div>\n\n\t\t\t\t\t\n\t\t\t\n\t\t\t<div id=\"su-post-14770\" class=\"su-post \">\n\n\t\t\t\t\n\t\t\t\t<h2 class=\"su-post-title\"><a href=\"https:\/\/www.verdichtet.at\/?p=14770\">Ph\u00f6nix aus der Asche<\/a><\/h2>\n\n\t\t\t\t<div class=\"su-post-meta\">\n\t\t\t\t\tVer\u00f6ffentlicht: 28. Oktober 2022\t\t\t\t<\/div>\n\n\t\t\t\t<div class=\"su-post-excerpt\">\n\t\t\t\t\t<p>Ein Grummeln unterm Aschehaufen, ein Kratzen, Schaben und ein Schnaufen wie von einem, ich verrat es dir auferstandenen Fabeltier. Tats\u00e4chlich, seht, die Asche bebt, der Ph\u00f6nix sich ins Freie gr\u00e4bt. Man sieht den Schnabel, gr\u00fcne Schwingen und feurige Augen, die durchdringen. So taucht er auf, die Klauen breit, und sch\u00fcttelt die Asche vom Federkleid. Er [&hellip;]<\/p>\n\t\t\t\t<\/div>\n\n\t\t\t\t\t\t\t\t\t<a href=\"https:\/\/www.verdichtet.at\/?p=14770#respond\" class=\"su-post-comments-link\">0 Kommentare<\/a>\n\t\t\t\t\n\t\t\t<\/div>\n\n\t\t\t\t\t\n\t\t\t\n\t\t\t<div id=\"su-post-14768\" class=\"su-post \">\n\n\t\t\t\t\n\t\t\t\t<h2 class=\"su-post-title\"><a href=\"https:\/\/www.verdichtet.at\/?p=14768\">Der Echte Fuchs (Vulpes vulpes)<\/a><\/h2>\n\n\t\t\t\t<div class=\"su-post-meta\">\n\t\t\t\t\tVer\u00f6ffentlicht: 28. Oktober 2022\t\t\t\t<\/div>\n\n\t\t\t\t<div class=\"su-post-excerpt\">\n\t\t\t\t\t<p>Der Echte Fuchs erblickt auf einem Spielplatz Fr\u00e4ulein Fuchs. Sein Herz f\u00e4ngt Feuer lichterloh. \u201eIch will sie haben \u2013 nein, ich muss! Mit Reimen hol ich mir den Kuss. \u201eFr\u00e4ulein Fuchs, seid mein Begehren, lasst mich Euch die Liebe lehren! Wir wollen eins werden hier auf Erden. Fr\u00f6nt der Lust oder seid mein Verderben.\u201c Fr\u00e4ulein [&hellip;]<\/p>\n\t\t\t\t<\/div>\n\n\t\t\t\t\t\t\t\t\t<a href=\"https:\/\/www.verdichtet.at\/?p=14768#respond\" class=\"su-post-comments-link\">0 Kommentare<\/a>\n\t\t\t\t\n\t\t\t<\/div>\n\n\t\t\t\t\t\n\t\t\t\n\t\t\t<div id=\"su-post-14766\" class=\"su-post \">\n\n\t\t\t\t\n\t\t\t\t<h2 class=\"su-post-title\"><a href=\"https:\/\/www.verdichtet.at\/?p=14766\">Das Lacoste-Krokodil<\/a><\/h2>\n\n\t\t\t\t<div class=\"su-post-meta\">\n\t\t\t\t\tVer\u00f6ffentlicht: 28. Oktober 2022\t\t\t\t<\/div>\n\n\t\t\t\t<div class=\"su-post-excerpt\">\n\t\t\t\t\t<p>Ein \u00c4rgernis, das sich nicht geh\u00f6rt, ist ein Krokodil am Tennis-Shirt. Diese vertrottelte Idee \u00fcberkam einst den Lacoste Ren\u00e9. Glaubt ihr, mit einem Krokodil wird besser euer Tennisspiel? Gibt euch\u2019s Reptil am Platz mehr Biss, und sch\u00fctzt vor einem Kreuzbandriss? Ach, n\u00e4ht mich in Wimbledon und in Dover weiter auf Shirts und bunte Pullover. Euer [&hellip;]<\/p>\n\t\t\t\t<\/div>\n\n\t\t\t\t\t\t\t\t\t<a href=\"https:\/\/www.verdichtet.at\/?p=14766#respond\" class=\"su-post-comments-link\">0 Kommentare<\/a>\n\t\t\t\t\n\t\t\t<\/div>\n\n\t\t\t\t\t\n\t\t\t\n\t\t\t<div id=\"su-post-14764\" class=\"su-post \">\n\n\t\t\t\t\n\t\t\t\t<h2 class=\"su-post-title\"><a href=\"https:\/\/www.verdichtet.at\/?p=14764\">Der Teddyb\u00e4r<\/a><\/h2>\n\n\t\t\t\t<div class=\"su-post-meta\">\n\t\t\t\t\tVer\u00f6ffentlicht: 28. Oktober 2022\t\t\t\t<\/div>\n\n\t\t\t\t<div class=\"su-post-excerpt\">\n\t\t\t\t\t<p>Der angesabberte Teddyb\u00e4r hat genug, er mag nicht mehr. Ihm fehlt ein Ohr, ein Aug ist lose, zerrissen die einst h\u00fcbsche Hose. Er geht zur\u00fcck in die Spielzeugfabrik Sein Auftritt dort ist nicht sehr schick. \u201eIch will nochmals von vorn anfangen\u201c, ruft er stolz mit hei\u00dfen Wangen. Er sagt: \u201elch geb mich selbst zur\u00fcck!\u201c Dann [&hellip;]<\/p>\n\t\t\t\t<\/div>\n\n\t\t\t\t\t\t\t\t\t<a href=\"https:\/\/www.verdichtet.at\/?p=14764#respond\" class=\"su-post-comments-link\">0 Kommentare<\/a>\n\t\t\t\t\n\t\t\t<\/div>\n\n\t\t\t\t\t\n\t\t\t\n\t\t\t<div id=\"su-post-14762\" class=\"su-post \">\n\n\t\t\t\t\n\t\t\t\t<h2 class=\"su-post-title\"><a href=\"https:\/\/www.verdichtet.at\/?p=14762\">Die Katze Grizzabella<\/a><\/h2>\n\n\t\t\t\t<div class=\"su-post-meta\">\n\t\t\t\t\tVer\u00f6ffentlicht: 28. Oktober 2022\t\t\t\t<\/div>\n\n\t\t\t\t<div class=\"su-post-excerpt\">\n\t\t\t\t\t<p>In \u201eCats\u201c bin ich am End\u2019 der Held, doch ich tat alles nur f\u00fcrs Geld. Bernd Watzka aus: Wenn Wale weinen, Post-anthropozentrische Tiergedichte, 2022 Informationen zu Live-Terminen, Buchbestellungen und Videos www.verdichtet.at | Kategorie: auszugsweise | Inventarnummer: 23002<\/p>\n\t\t\t\t<\/div>\n\n\t\t\t\t\t\t\t\t\t<a href=\"https:\/\/www.verdichtet.at\/?p=14762#respond\" class=\"su-post-comments-link\">0 Kommentare<\/a>\n\t\t\t\t\n\t\t\t<\/div>\n\n\t\t\t\t\t\n\t\t\t\n\t\t\t<div id=\"su-post-14796\" class=\"su-post \">\n\n\t\t\t\t\n\t\t\t\t<h2 class=\"su-post-title\"><a href=\"https:\/\/www.verdichtet.at\/?p=14796\">Die Turritopsis-Qualle<\/a><\/h2>\n\n\t\t\t\t<div class=\"su-post-meta\">\n\t\t\t\t\tVer\u00f6ffentlicht: 28. Oktober 2022\t\t\t\t<\/div>\n\n\t\t\t\t<div class=\"su-post-excerpt\">\n\t\t\t\t\t<p>Es jammert Falter Walter wieder einmal \u00fcbers Alter. \u201eIch bin schon vierzehn Tage alt, bald werden meine F\u00fchler kalt.\u201c \u201eUnd ich\u201c, beklagt sich Hausmaus Klaus \u201eBin seit elf Monat\u2019 hier im Haus. Wie ich\u2019s drehe oder wende, es naht mein vorbestimmtes Ende!\u201c Da kommt Gelbbrust-Ara Clara aus dem Dschungeldorf Tapara. \u201eIch z\u00e4hle hundertzwanzig Jahr, das [&hellip;]<\/p>\n\t\t\t\t<\/div>\n\n\t\t\t\t\t\t\t\t\t<a href=\"https:\/\/www.verdichtet.at\/?p=14796#respond\" class=\"su-post-comments-link\">0 Kommentare<\/a>\n\t\t\t\t\n\t\t\t<\/div>\n\n\t\t\t\t\t\n\t\t\t\n\t\t\t<div id=\"su-post-20838\" class=\"su-post \">\n\n\t\t\t\t\n\t\t\t\t<h2 class=\"su-post-title\"><a href=\"https:\/\/www.verdichtet.at\/?p=20838\">Das Verschwinden der sch\u00f6nen Rose<\/a><\/h2>\n\n\t\t\t\t<div class=\"su-post-meta\">\n\t\t\t\t\tVer\u00f6ffentlicht: 31. August 2025\t\t\t\t<\/div>\n\n\t\t\t\t<div class=\"su-post-excerpt\">\n\t\t\t\t\t<p>&nbsp; 1480 \u2013 1990Ein Verbrechen zwischen Neuzeit und Jahrtausendwende Es fing recht banal an: Giorgione Faltrelli di Montemarche erwachte ungewohnt schwei\u00dfgebadet und setzte sich mit einem Ruck auf, so dass der Baldachin \u00fcber seinem Kopf erzitterte und das Holzgestell seiner Schlafst\u00e4tte unversehens \u00e4chzte. Der Weg vom Liegen zum Sitzen war nicht weit gewesen, die damals [&hellip;]<\/p>\n\t\t\t\t<\/div>\n\n\t\t\t\t\t\t\t\t\t<a href=\"https:\/\/www.verdichtet.at\/?p=20838#respond\" class=\"su-post-comments-link\">0 Kommentare<\/a>\n\t\t\t\t\n\t\t\t<\/div>\n\n\t\t\t\t\t\n\t\t\t\n\t\t\t<div id=\"su-post-21245\" class=\"su-post \">\n\n\t\t\t\t\n\t\t\t\t<h2 class=\"su-post-title\"><a href=\"https:\/\/www.verdichtet.at\/?p=21245\">Im Silberlicht der Angst<\/a><\/h2>\n\n\t\t\t\t<div class=\"su-post-meta\">\n\t\t\t\t\tVer\u00f6ffentlicht: 9. November 2025\t\t\t\t<\/div>\n\n\t\t\t\t<div class=\"su-post-excerpt\">\n\t\t\t\t\t<p>Dass es nichts Gutes in sich verbarg, ahnte ich schon, als ich es gestern zum ersten Mal in meinen H\u00e4nden hielt. Doch das wirkliche Ausma\u00df des Grauens, das der Inhalt in mir ausl\u00f6ste, \u00fcbertraf mit Abstand alle Ahnungen und Bef\u00fcrchtungen, die mein angstbesetztes Hirn des Nachts fantasievoll kreierte. G\u00e4nsehaut pur. Unter Dauerbeschuss stehen sie, die [&hellip;]<\/p>\n\t\t\t\t<\/div>\n\n\t\t\t\t\t\t\t\t\t<a href=\"https:\/\/www.verdichtet.at\/?p=21245#respond\" class=\"su-post-comments-link\">0 Kommentare<\/a>\n\t\t\t\t\n\t\t\t<\/div>\n\n\t\t\t\t\t\n\t\t\t\n\t\t\t<div id=\"su-post-20008\" class=\"su-post \">\n\n\t\t\t\t\n\t\t\t\t<h2 class=\"su-post-title\"><a href=\"https:\/\/www.verdichtet.at\/?p=20008\">Vom Lesen und vom Sterben<\/a><\/h2>\n\n\t\t\t\t<div class=\"su-post-meta\">\n\t\t\t\t\tVer\u00f6ffentlicht: 8. Mai 2025\t\t\t\t<\/div>\n\n\t\t\t\t<div class=\"su-post-excerpt\">\n\t\t\t\t\t<p>\u201eIch kann das nicht lesen.\u201c Roberts kleiner Zeigefinger tippte vorwurfsvoll auf die handschriftliche Widmung auf der ersten Seite seiner wundersch\u00f6n illustrierten Ausgabe von \u201eGrimms M\u00e4rchen\u201c. Seit er zwei Jahre zuvor in die Grundschule gekommen war, ging er immer davon aus, dass er alles Geschriebene auch lesen konnte. Aber wer kann das schon? \u201eDu hast Recht\u201c, [&hellip;]<\/p>\n\t\t\t\t<\/div>\n\n\t\t\t\t\t\t\t\t\t<a href=\"https:\/\/www.verdichtet.at\/?p=20008#respond\" class=\"su-post-comments-link\">0 Kommentare<\/a>\n\t\t\t\t\n\t\t\t<\/div>\n\n\t\t\t\t\t\n\t\t\t\n\t\t\t<div id=\"su-post-19560\" class=\"su-post \">\n\n\t\t\t\t\n\t\t\t\t<h2 class=\"su-post-title\"><a href=\"https:\/\/www.verdichtet.at\/?p=19560\">fern. zwischen welten.<\/a><\/h2>\n\n\t\t\t\t<div class=\"su-post-meta\">\n\t\t\t\t\tVer\u00f6ffentlicht: 6. Februar 2025\t\t\t\t<\/div>\n\n\t\t\t\t<div class=\"su-post-excerpt\">\n\t\t\t\t\t<p>die stra\u00dfe verbiegt sich zwischen den welten [h\u00e4usern]. alte fotos halten momente. katzen nah den br\u00fccken. turmuhrbeten. tiktak tiktak. heimat \u2013 viele: g_sichter hat sie g_tragen. sprachen in den m\u00fcndern tanzen lassen. zu den wurzeln \u2013 nun spricht das zuhause. Tim Tensfeld https:\/\/www.autorenwelt.de\/person\/tim-tensfeld https:\/\/www.literaturport.de\/lexikon\/tim-tensfeld Auszug aus dem Gedichtband \u201emuschelscherbensterben.\u201c, der Ende Juni 2025 mit der [&hellip;]<\/p>\n\t\t\t\t<\/div>\n\n\t\t\t\t\t\t\t\t\t<a href=\"https:\/\/www.verdichtet.at\/?p=19560#respond\" class=\"su-post-comments-link\">0 Kommentare<\/a>\n\t\t\t\t\n\t\t\t<\/div>\n\n\t\t\t\t\t\n\t\t\t\n\t\t\t<div id=\"su-post-19575\" class=\"su-post \">\n\n\t\t\t\t\n\t\t\t\t<h2 class=\"su-post-title\"><a href=\"https:\/\/www.verdichtet.at\/?p=19575\">wo das zebra liegt.<\/a><\/h2>\n\n\t\t\t\t<div class=\"su-post-meta\">\n\t\t\t\t\tVer\u00f6ffentlicht: 8. Februar 2025\t\t\t\t<\/div>\n\n\t\t\t\t<div class=\"su-post-excerpt\">\n\t\t\t\t\t<p>da. wo das zebra liegt [hufe weit von sich gestreckt]. beginnt das zukommen\/weglaufen\/anfangen\/ aufh\u00f6ren\/wechseln\/\u00fcbersetzen\/tauschen. zyklen des widerspruchs\/gemeinsamen geb\u00e4ren ihre kinder [von morgenstund gek\u00fcsst]. aufs selbe fell. schritte: in schwarz und wei\u00df getaucht [wechselnat\u00fcrlich]. wege \u2013 ausgetragen auf dem r\u00fccken. Tim Tensfeld https:\/\/www.autorenwelt.de\/person\/tim-tensfeld https:\/\/www.literaturport.de\/lexikon\/tim-tensfeld Auszug aus dem Gedichtband \u201emuschelscherbensterben.\u201c, der Ende Juni 2025 mit der ISBN [&hellip;]<\/p>\n\t\t\t\t<\/div>\n\n\t\t\t\t\t\t\t\t\t<a href=\"https:\/\/www.verdichtet.at\/?p=19575#respond\" class=\"su-post-comments-link\">0 Kommentare<\/a>\n\t\t\t\t\n\t\t\t<\/div>\n\n\t\t\t\t\t\n\t\t\t\n\t\t\t<div id=\"su-post-19578\" class=\"su-post \">\n\n\t\t\t\t\n\t\t\t\t<h2 class=\"su-post-title\"><a href=\"https:\/\/www.verdichtet.at\/?p=19578\">filter<\/a><\/h2>\n\n\t\t\t\t<div class=\"su-post-meta\">\n\t\t\t\t\tVer\u00f6ffentlicht: 8. Februar 2025\t\t\t\t<\/div>\n\n\t\t\t\t<div class=\"su-post-excerpt\">\n\t\t\t\t\t<p>Tim Tensfeld https:\/\/www.autorenwelt.de\/person\/tim-tensfeld https:\/\/www.literaturport.de\/lexikon\/tim-tensfeld Auszug aus dem Gedichtband \u201emuschelscherbensterben.\u201c, der Ende Juni 2025 mit der ISBN 978-3-903134-03-4 in der edition tagediebin erschienen ist, wo er auch direkt bestellt werden kann. Wir bedanken uns sehr herzlich f\u00fcr die M\u00f6glichkeit der Vorver\u00f6ffentlichung und w\u00fcnschen dem Autor, dem Werk und dem Verlag viel Erfolg! www.verdichtet.at | Kategorie: auszugsweise [&hellip;]<\/p>\n\t\t\t\t<\/div>\n\n\t\t\t\t\t\t\t\t\t<a href=\"https:\/\/www.verdichtet.at\/?p=19578#comments\" class=\"su-post-comments-link\">Ein Kommentar<\/a>\n\t\t\t\t\n\t\t\t<\/div>\n\n\t\t\t\t\t\n\t\t\t\n\t\t\t<div id=\"su-post-19582\" class=\"su-post \">\n\n\t\t\t\t\n\t\t\t\t<h2 class=\"su-post-title\"><a href=\"https:\/\/www.verdichtet.at\/?p=19582\">muschelscherbensterben.<\/a><\/h2>\n\n\t\t\t\t<div class=\"su-post-meta\">\n\t\t\t\t\tVer\u00f6ffentlicht: 8. Februar 2025\t\t\t\t<\/div>\n\n\t\t\t\t<div class=\"su-post-excerpt\">\n\t\t\t\t\t<p>muscheln. f\u00fcr einen alleinsammler. frischgefunden. strandleibentnommen. leergeknackt. fleischfrei. mit altem m\u00f6wenschrei. auf den haufen gebracht. in gesellschaft geschichtet. mit kalkfingern. tag um tag. hosentaschenvoll. mit blick nach zeit bestrichen. strand leergesammelt. haufen vollgefunden. an reichtum reich. das leben einsam im sand gelassen. Tim Tensfeld https:\/\/www.autorenwelt.de\/person\/tim-tensfeld https:\/\/www.literaturport.de\/lexikon\/tim-tensfeld Auszug aus dem Gedichtband \u201emuschelscherbensterben.\u201c, der Ende Juni 2025 [&hellip;]<\/p>\n\t\t\t\t<\/div>\n\n\t\t\t\t\t\t\t\t\t<a href=\"https:\/\/www.verdichtet.at\/?p=19582#respond\" class=\"su-post-comments-link\">0 Kommentare<\/a>\n\t\t\t\t\n\t\t\t<\/div>\n\n\t\t\t\t\t\n\t\t\t\n\t\t\t<div id=\"su-post-19026\" class=\"su-post \">\n\n\t\t\t\t\n\t\t\t\t<h2 class=\"su-post-title\"><a href=\"https:\/\/www.verdichtet.at\/?p=19026\">Geschenk<\/a><\/h2>\n\n\t\t\t\t<div class=\"su-post-meta\">\n\t\t\t\t\tVer\u00f6ffentlicht: 9. November 2024\t\t\t\t<\/div>\n\n\t\t\t\t<div class=\"su-post-excerpt\">\n\t\t\t\t\t<p>Du bist da, wenn ich nichts will als bei mir sein. L\u00e4sst meine Hand auf deiner warmen Haut verweilen, wenn ich nichts will als in ihr sein genau auf deines K\u00f6rpers Oberfl\u00e4che. Bist still und da, w\u00e4hrend die Sch\u00f6nheit dieses Augenblicks die gr\u00f6\u00dften Wellen in mir macht. Du bist da, wenn meine Hand noch l\u00e4nger [&hellip;]<\/p>\n\t\t\t\t<\/div>\n\n\t\t\t\t\t\t\t\t\t<a href=\"https:\/\/www.verdichtet.at\/?p=19026#respond\" class=\"su-post-comments-link\">0 Kommentare<\/a>\n\t\t\t\t\n\t\t\t<\/div>\n\n\t\t\t\t\t\n\t\t\t\n\t\t\t<div id=\"su-post-19021\" class=\"su-post \">\n\n\t\t\t\t\n\t\t\t\t<h2 class=\"su-post-title\"><a href=\"https:\/\/www.verdichtet.at\/?p=19021\">Heilig<\/a><\/h2>\n\n\t\t\t\t<div class=\"su-post-meta\">\n\t\t\t\t\tVer\u00f6ffentlicht: 9. November 2024\t\t\t\t<\/div>\n\n\t\t\t\t<div class=\"su-post-excerpt\">\n\t\t\t\t\t<p>Hinter seinem R\u00fccken f\u00fcgen meine F\u00fc\u00dfe sich zusammen. Sohle an Sohle, wie zum Gebet. Meine Beine ziehen uns in die Tiefe der Umarmung. Wo Worte und Bewegungen enden. Ich darf ihn halten und mich halten, seinen Schultern dankend. Darf mich hineinlegen in das Bett, zu dem sie sich mit seinem Hals vereinen. Aus \u2026 ein [&hellip;]<\/p>\n\t\t\t\t<\/div>\n\n\t\t\t\t\t\t\t\t\t<a href=\"https:\/\/www.verdichtet.at\/?p=19021#comments\" class=\"su-post-comments-link\">2 comments<\/a>\n\t\t\t\t\n\t\t\t<\/div>\n\n\t\t\t\t\t\n\t\t\t\n\t\t\t<div id=\"su-post-15847\" class=\"su-post \">\n\n\t\t\t\t\n\t\t\t\t<h2 class=\"su-post-title\"><a href=\"https:\/\/www.verdichtet.at\/?p=15847\">Das Ungl\u00fcck<\/a><\/h2>\n\n\t\t\t\t<div class=\"su-post-meta\">\n\t\t\t\t\tVer\u00f6ffentlicht: 3. Mai 2023\t\t\t\t<\/div>\n\n\t\t\t\t<div class=\"su-post-excerpt\">\n\t\t\t\t\t<p>Ein Ungl\u00fcck f\u00fchlt sich allein Es ging der andren verlustig Sonst war es zumindest zu zwein Nur so ist das Ungl\u00fcck lustig Denn Ungl\u00fccke ziehen nur selten Im Singular durch die Welt Sie leben in tiefschwarzen Zelten Die man f\u00fcr Gl\u00fccksf\u00e4lle h\u00e4lt Ungl\u00fccke leben im Rudel Wie schon das Sprichwort sagt Sie teilen die letzte [&hellip;]<\/p>\n\t\t\t\t<\/div>\n\n\t\t\t\t\t\t\t\t\t<a href=\"https:\/\/www.verdichtet.at\/?p=15847#respond\" class=\"su-post-comments-link\">0 Kommentare<\/a>\n\t\t\t\t\n\t\t\t<\/div>\n\n\t\t\t\t\t\n\t\t\t\n\t\t\t<div id=\"su-post-15849\" class=\"su-post \">\n\n\t\t\t\t\n\t\t\t\t<h2 class=\"su-post-title\"><a href=\"https:\/\/www.verdichtet.at\/?p=15849\">Fazit<\/a><\/h2>\n\n\t\t\t\t<div class=\"su-post-meta\">\n\t\t\t\t\tVer\u00f6ffentlicht: 3. Mai 2023\t\t\t\t<\/div>\n\n\t\t\t\t<div class=\"su-post-excerpt\">\n\t\t\t\t\t<p>Ach, ich h\u00e4tt&#8216; es wissen m\u00fcssen: Man kann noch so viele Fr\u00f6sche k\u00fcssen, es sind immer Fr\u00f6sche zweiter Hand und keiner aus dem Morgenland Bernd Remsing http:\/\/fm4.orf.at\/stories\/1704846\/ Auszug aus &#8222;Der neue Palmstr\u00f6m. Zweites Buch&#8222;, Potato Publishing, Linz, 2023 www.verdichtet.at | Kategorie: auszugsweise | Inventarnummer: 13102<\/p>\n\t\t\t\t<\/div>\n\n\t\t\t\t\t\t\t\t\t<a href=\"https:\/\/www.verdichtet.at\/?p=15849#respond\" class=\"su-post-comments-link\">0 Kommentare<\/a>\n\t\t\t\t\n\t\t\t<\/div>\n\n\t\t\t\t\t\n\t\t\t\n\t\t\t<div id=\"su-post-15800\" class=\"su-post \">\n\n\t\t\t\t\n\t\t\t\t<h2 class=\"su-post-title\"><a href=\"https:\/\/www.verdichtet.at\/?p=15800\">Kurz vor Mitternacht<\/a><\/h2>\n\n\t\t\t\t<div class=\"su-post-meta\">\n\t\t\t\t\tVer\u00f6ffentlicht: 24. April 2023\t\t\t\t<\/div>\n\n\t\t\t\t<div class=\"su-post-excerpt\">\n\t\t\t\t\t<p>Donnerstag, 4. Juni, 23:50 Uhr Kurz vor Mitternacht schreckte Elisabeth pl\u00f6tzlich aus dem Schlaf hoch. Hatte etwas gekracht? War das ein Schrei oder ein Plumps? Oder hatte sie nur schlecht getr\u00e4umt? Mit klopfendem Herzen setzte sie sich auf und lauschte in die dunkle Nacht hinaus. Sie stellte fest, dass das Bett neben ihr leer war. [&hellip;]<\/p>\n\t\t\t\t<\/div>\n\n\t\t\t\t\t\t\t\t\t<a href=\"https:\/\/www.verdichtet.at\/?p=15800#respond\" class=\"su-post-comments-link\">0 Kommentare<\/a>\n\t\t\t\t\n\t\t\t<\/div>\n\n\t\t\t\t\t\n\t\t\t\n\t\t\t<div id=\"su-post-14742\" class=\"su-post \">\n\n\t\t\t\t\n\t\t\t\t<h2 class=\"su-post-title\"><a href=\"https:\/\/www.verdichtet.at\/?p=14742\">Ende vom Anfang<\/a><\/h2>\n\n\t\t\t\t<div class=\"su-post-meta\">\n\t\t\t\t\tVer\u00f6ffentlicht: 26. Oktober 2022\t\t\t\t<\/div>\n\n\t\t\t\t<div class=\"su-post-excerpt\">\n\t\t\t\t\t<p>Zuerst lebten sie von der Liebe dann von L\u00fcgen und Hieben &#8212; Die Liebe hat ein Ablaufdatum wie die Milch Irena Habalik https:\/\/irenahabalik.wordpress.com aus: Wenn es mir im Herzen gr\u00fcnt: Gedichte und Aphorismen. Bonn: Free Pen Verlag 2016 www.verdichtet.at | Kategorie: auszugsweise | Inventarnummer: 22120<\/p>\n\t\t\t\t<\/div>\n\n\t\t\t\t\t\t\t\t\t<a href=\"https:\/\/www.verdichtet.at\/?p=14742#comments\" class=\"su-post-comments-link\">Ein Kommentar<\/a>\n\t\t\t\t\n\t\t\t<\/div>\n\n\t\t\t\t\t\n\t\t\t\n\t\t\t<div id=\"su-post-14744\" class=\"su-post \">\n\n\t\t\t\t\n\t\t\t\t<h2 class=\"su-post-title\"><a href=\"https:\/\/www.verdichtet.at\/?p=14744\">Starkmachen<\/a><\/h2>\n\n\t\t\t\t<div class=\"su-post-meta\">\n\t\t\t\t\tVer\u00f6ffentlicht: 26. Oktober 2022\t\t\t\t<\/div>\n\n\t\t\t\t<div class=\"su-post-excerpt\">\n\t\t\t\t\t<p>Ich pisse im Stehen sagte das M\u00e4dchen ich will es endlich wissen Irena Habalik https:\/\/irenahabalik.wordpress.com aus: Wenn es mir im Herzen gr\u00fcnt: Gedichte und Aphorismen. Bonn: Free Pen Verlag 2016 www.verdichtet.at | Kategorie: auszugsweise | Inventarnummer: 22121<\/p>\n\t\t\t\t<\/div>\n\n\t\t\t\t\t\t\t\t\t<a href=\"https:\/\/www.verdichtet.at\/?p=14744#respond\" class=\"su-post-comments-link\">0 Kommentare<\/a>\n\t\t\t\t\n\t\t\t<\/div>\n\n\t\t\t\t\t\n\t\t\t\n\t\t\t<div id=\"su-post-14722\" class=\"su-post \">\n\n\t\t\t\t\n\t\t\t\t<h2 class=\"su-post-title\"><a href=\"https:\/\/www.verdichtet.at\/?p=14722\">Geld oder Leben<\/a><\/h2>\n\n\t\t\t\t<div class=\"su-post-meta\">\n\t\t\t\t\tVer\u00f6ffentlicht: 26. Oktober 2022\t\t\t\t<\/div>\n\n\t\t\t\t<div class=\"su-post-excerpt\">\n\t\t\t\t\t<p>Manche schreiten \u00fcber den roten Teppich Die anderen sitzen nackt auf dem d\u00fcrren Land &#8212; Die Reichen fahren Bentley und weinen Die Armen schweigen weil Schweigen Gold ist Die \u00c4rmsten werden im Himmel die ersten &#8212; Die Loser machen sich zurecht in der Gosse Die Bosse drehen sich geschickt in ihren Posen Ein Boss verk\u00fcndet: [&hellip;]<\/p>\n\t\t\t\t<\/div>\n\n\t\t\t\t\t\t\t\t\t<a href=\"https:\/\/www.verdichtet.at\/?p=14722#respond\" class=\"su-post-comments-link\">0 Kommentare<\/a>\n\t\t\t\t\n\t\t\t<\/div>\n\n\t\t\t\t\t\n\t\t\t\n\t\t\t<div id=\"su-post-14727\" class=\"su-post \">\n\n\t\t\t\t\n\t\t\t\t<h2 class=\"su-post-title\"><a href=\"https:\/\/www.verdichtet.at\/?p=14727\">Lost<\/a><\/h2>\n\n\t\t\t\t<div class=\"su-post-meta\">\n\t\t\t\t\tVer\u00f6ffentlicht: 26. Oktober 2022\t\t\t\t<\/div>\n\n\t\t\t\t<div class=\"su-post-excerpt\">\n\t\t\t\t\t<p>Social Media ist eine Entsorgungsstelle f\u00fcr die Ausscheidungen der Seele &#8212; Der der den Kopf verloren hat &#8211; Was hat er jetzt? Irena Habalik https:\/\/irenahabalik.wordpress.com aus: Wenn es mir im Herzen gr\u00fcnt: Gedichte und Aphorismen. Bonn: Free Pen Verlag 2016 www.verdichtet.at | Kategorie: auszugsweise | Inventarnummer: 22114<\/p>\n\t\t\t\t<\/div>\n\n\t\t\t\t\t\t\t\t\t<a href=\"https:\/\/www.verdichtet.at\/?p=14727#respond\" class=\"su-post-comments-link\">0 Kommentare<\/a>\n\t\t\t\t\n\t\t\t<\/div>\n\n\t\t\t\t\t\n\t\t\t\n\t\t\t<div id=\"su-post-14731\" class=\"su-post \">\n\n\t\t\t\t\n\t\t\t\t<h2 class=\"su-post-title\"><a href=\"https:\/\/www.verdichtet.at\/?p=14731\">Macht im Rausch<\/a><\/h2>\n\n\t\t\t\t<div class=\"su-post-meta\">\n\t\t\t\t\tVer\u00f6ffentlicht: 26. Oktober 2022\t\t\t\t<\/div>\n\n\t\t\t\t<div class=\"su-post-excerpt\">\n\t\t\t\t\t<p>Nichts Neues in der Politik: Machtspiele der Parteien und das Volk darf zuschauen und kiebitzen \u00a0\u00a0\u00a0\u00a0\u00a0\u00a0\u00a0\u00a0\u00a0\u00a0\u00a0\u00a0\u00a0\u00a0\u00a0\u00a0\u00a0\u00a0\u00a0\u00a0\u00a0\u00a0\u00a0 &#8212; Der Kanzler ruft begeistert: nimm was dir zusteht Und ich frage mich was mir zusteht in dieser sch\u00f6nen neuen Welt \u00a0\u00a0\u00a0\u00a0\u00a0\u00a0\u00a0\u00a0\u00a0\u00a0\u00a0\u00a0\u00a0\u00a0\u00a0\u00a0\u00a0\u00a0\u00a0\u00a0\u00a0\u00a0\u00a0 &#8212; Diese sch\u00f6ne neue Welt: sie bedarf eines nur, einer Sch\u00f6nheitskorrektur Irena Habalik https:\/\/irenahabalik.wordpress.com aus: Wenn es [&hellip;]<\/p>\n\t\t\t\t<\/div>\n\n\t\t\t\t\t\t\t\t\t<a href=\"https:\/\/www.verdichtet.at\/?p=14731#respond\" class=\"su-post-comments-link\">0 Kommentare<\/a>\n\t\t\t\t\n\t\t\t<\/div>\n\n\t\t\t\t\t\n\t\t\t\n\t\t\t<div id=\"su-post-14733\" class=\"su-post \">\n\n\t\t\t\t\n\t\t\t\t<h2 class=\"su-post-title\"><a href=\"https:\/\/www.verdichtet.at\/?p=14733\">Generationen von Irrt\u00fcmern<\/a><\/h2>\n\n\t\t\t\t<div class=\"su-post-meta\">\n\t\t\t\t\tVer\u00f6ffentlicht: 26. Oktober 2022\t\t\t\t<\/div>\n\n\t\t\t\t<div class=\"su-post-excerpt\">\n\t\t\t\t\t<p>Die Erwachsenen streicheln Displays vor dem Schlafen Die Alten paaren sich in W\u00fcrde Sex ist ein Geschenk Gottes erkl\u00e4rt der Pontifex &#8212; Die Kinder machen Speeddating Die Eltern warten auf bessere Zeiten Die Kreuze in den S\u00e4len beobachten das Geschehen Irena Habalik https:\/\/irenahabalik.wordpress.com aus: Wenn es mir im Herzen gr\u00fcnt: Gedichte und Aphorismen. Bonn: Free [&hellip;]<\/p>\n\t\t\t\t<\/div>\n\n\t\t\t\t\t\t\t\t\t<a href=\"https:\/\/www.verdichtet.at\/?p=14733#respond\" class=\"su-post-comments-link\">0 Kommentare<\/a>\n\t\t\t\t\n\t\t\t<\/div>\n\n\t\t\t\t\t\n\t\t\t\n\t\t\t<div id=\"su-post-14735\" class=\"su-post \">\n\n\t\t\t\t\n\t\t\t\t<h2 class=\"su-post-title\"><a href=\"https:\/\/www.verdichtet.at\/?p=14735\">Alt, aber schmerzlich<\/a><\/h2>\n\n\t\t\t\t<div class=\"su-post-meta\">\n\t\t\t\t\tVer\u00f6ffentlicht: 26. Oktober 2022\t\t\t\t<\/div>\n\n\t\t\t\t<div class=\"su-post-excerpt\">\n\t\t\t\t\t<p>Nat\u00fcrlich sind wir f\u00fcr etwas Neues aber wir wehren uns gegen jegliche Ver\u00e4nderungen &#8212; So wie einst die Ahnen uns so wir jetzt den Enkelkindern Irena Habalik https:\/\/irenahabalik.wordpress.com aus: Wenn es mir im Herzen gr\u00fcnt: Gedichte und Aphorismen. Bonn: Free Pen Verlag 2016 www.verdichtet.at | Kategorie: auszugsweise | Inventarnummer: 22117<\/p>\n\t\t\t\t<\/div>\n\n\t\t\t\t\t\t\t\t\t<a href=\"https:\/\/www.verdichtet.at\/?p=14735#respond\" class=\"su-post-comments-link\">0 Kommentare<\/a>\n\t\t\t\t\n\t\t\t<\/div>\n\n\t\t\t\t\t\n\t\t\t\n\t\t\t<div id=\"su-post-14737\" class=\"su-post \">\n\n\t\t\t\t\n\t\t\t\t<h2 class=\"su-post-title\"><a href=\"https:\/\/www.verdichtet.at\/?p=14737\">Outsourcing<\/a><\/h2>\n\n\t\t\t\t<div class=\"su-post-meta\">\n\t\t\t\t\tVer\u00f6ffentlicht: 26. Oktober 2022\t\t\t\t<\/div>\n\n\t\t\t\t<div class=\"su-post-excerpt\">\n\t\t\t\t\t<p>Den Mist den ich gebaut lasse ich die anderen beseitigen sonst fallen sie hinein &#8212; Viele Menschen wissen nicht dass sie Schweine sind weil sie nicht im Schweinestall wohnen Irena Habalik https:\/\/irenahabalik.wordpress.com aus: Wenn es mir im Herzen gr\u00fcnt: Gedichte und Aphorismen. Bonn: Free Pen Verlag 2016 www.verdichtet.at | Kategorie: auszugsweise | Inventarnummer: 22118<\/p>\n\t\t\t\t<\/div>\n\n\t\t\t\t\t\t\t\t\t<a href=\"https:\/\/www.verdichtet.at\/?p=14737#respond\" class=\"su-post-comments-link\">0 Kommentare<\/a>\n\t\t\t\t\n\t\t\t<\/div>\n\n\t\t\t\t\t\n\t\t\t\n\t\t\t<div id=\"su-post-14740\" class=\"su-post \">\n\n\t\t\t\t\n\t\t\t\t<h2 class=\"su-post-title\"><a href=\"https:\/\/www.verdichtet.at\/?p=14740\">Gedankenkreisel<\/a><\/h2>\n\n\t\t\t\t<div class=\"su-post-meta\">\n\t\t\t\t\tVer\u00f6ffentlicht: 26. Oktober 2022\t\t\t\t<\/div>\n\n\t\t\t\t<div class=\"su-post-excerpt\">\n\t\t\t\t\t<p>Am Abend sammle ich Tageseindr\u00fccke stopfe damit Ged\u00e4chtnisl\u00fccken &#8212; Du bist nicht allein auf der Flucht wir alle fliehen mit und am liebsten fliehen wir vor uns selbst Irena Habalik https:\/\/irenahabalik.wordpress.com aus: Wenn es mir im Herzen gr\u00fcnt: Gedichte und Aphorismen. Bonn: Free Pen Verlag 2016 www.verdichtet.at | Kategorie: auszugsweise | Inventarnummer: 22119<\/p>\n\t\t\t\t<\/div>\n\n\t\t\t\t\t\t\t\t\t<a href=\"https:\/\/www.verdichtet.at\/?p=14740#respond\" class=\"su-post-comments-link\">0 Kommentare<\/a>\n\t\t\t\t\n\t\t\t<\/div>\n\n\t\t\t\t\t\n\t\t\t\n\t\t\t<div id=\"su-post-11678\" class=\"su-post \">\n\n\t\t\t\t\n\t\t\t\t<h2 class=\"su-post-title\"><a href=\"https:\/\/www.verdichtet.at\/?p=11678\">Das Museum der Brentanos: Ankunft<\/a><\/h2>\n\n\t\t\t\t<div class=\"su-post-meta\">\n\t\t\t\t\tVer\u00f6ffentlicht: 9. Juli 2020\t\t\t\t<\/div>\n\n\t\t\t\t<div class=\"su-post-excerpt\">\n\t\t\t\t\t<p>Einer der beiden Schl\u00fcssel sperrte die Haust\u00fcr, und ich betrat eine kleine Eingangshalle. Dunkelheit empfing mich. Eine Stufe f\u00fchrte nach links in ein enges finsteres Stiegenhaus. Ich fand endlich den Schalter f\u00fcr die Beleuchtung, die den Namen jedoch kaum verdiente. Ein tr\u00fcbes, schwaches Licht ging an. Das Haus schien mir in den F\u00fcnfzigerjahren adaptiert und [&hellip;]<\/p>\n\t\t\t\t<\/div>\n\n\t\t\t\t\t\t\t\t\t<a href=\"https:\/\/www.verdichtet.at\/?p=11678#respond\" class=\"su-post-comments-link\">0 Kommentare<\/a>\n\t\t\t\t\n\t\t\t<\/div>\n\n\t\t\t\t\t\n\t\t\t\n\t\t\t<div id=\"su-post-11680\" class=\"su-post \">\n\n\t\t\t\t\n\t\t\t\t<h2 class=\"su-post-title\"><a href=\"https:\/\/www.verdichtet.at\/?p=11680\">Das Museum der Brentanos: Abfahrt<\/a><\/h2>\n\n\t\t\t\t<div class=\"su-post-meta\">\n\t\t\t\t\tVer\u00f6ffentlicht: 9. Juli 2020\t\t\t\t<\/div>\n\n\t\t\t\t<div class=\"su-post-excerpt\">\n\t\t\t\t\t<p>Um sieben l\u00e4utete der Wecker. Ich zog immer noch meinen alten analogen Wecker, den ich manuell einstellen musste, meinem Handy vor, obwohl er einen unertr\u00e4glichen Ton von sich gab, der rasendes Herzklopfen verursachte. Die K\u00f6rperreinigung erledigte ich auf sparsame Weise, notgedrungen. Solange es noch k\u00fchl war, wollte ich zum Hilton Molino Stucky Ve\u00adnice gehen. Ich [&hellip;]<\/p>\n\t\t\t\t<\/div>\n\n\t\t\t\t\t\t\t\t\t<a href=\"https:\/\/www.verdichtet.at\/?p=11680#respond\" class=\"su-post-comments-link\">0 Kommentare<\/a>\n\t\t\t\t\n\t\t\t<\/div>\n\n\t\t\t\t\t\n\t\t\t\n\t\t\t<div id=\"su-post-11214\" class=\"su-post \">\n\n\t\t\t\t\n\t\t\t\t<h2 class=\"su-post-title\"><a href=\"https:\/\/www.verdichtet.at\/?p=11214\">Adele Sauerzopf erbt ein Schloss<\/a><\/h2>\n\n\t\t\t\t<div class=\"su-post-meta\">\n\t\t\t\t\tVer\u00f6ffentlicht: 20. April 2020\t\t\t\t<\/div>\n\n\t\t\t\t<div class=\"su-post-excerpt\">\n\t\t\t\t\t<p>Frau Sauerzopf, eine ehrbare Stra\u00dfenbahner-Witwe von 69 Jahren, lebte still und zufrieden in ihrer Zimmer-K\u00fcche-Kabinett-Wohnung in Wien-Hernals. Sie ging einmal w\u00f6chentlich mit zwei Freundinnen zur Seniorengymnastik und danach auf ein Tratscherl ins Caf\u00e9 und hatte sonst keine gro\u00dfen Ambitionen mehr. Gesund bleiben wollte sie halt noch ein paar Jahre und einmal nach Paris fahren. Im [&hellip;]<\/p>\n\t\t\t\t<\/div>\n\n\t\t\t\t\t\t\t\t\t<a href=\"https:\/\/www.verdichtet.at\/?p=11214#respond\" class=\"su-post-comments-link\">0 Kommentare<\/a>\n\t\t\t\t\n\t\t\t<\/div>\n\n\t\t\t\t\t\n\t\t\t\n\t\t\t<div id=\"su-post-8025\" class=\"su-post \">\n\n\t\t\t\t\n\t\t\t\t<h2 class=\"su-post-title\"><a href=\"https:\/\/www.verdichtet.at\/?p=8025\">Verschollen<\/a><\/h2>\n\n\t\t\t\t<div class=\"su-post-meta\">\n\t\t\t\t\tVer\u00f6ffentlicht: 24. April 2018\t\t\t\t<\/div>\n\n\t\t\t\t<div class=\"su-post-excerpt\">\n\t\t\t\t\t<p>Er war die Art von Fantasie, Die mich in meinen Gedanken flachlegte, w\u00e4hrend seine Finger meinen K\u00f6rper kaum ber\u00fchrten. So, dass, als er ging, mein Herz sich auf die Suche nach ihm machte, und nie mehr gesehen ward. Nives Farrier aus: Nach Dir. (TwentySix Verlag, 2018) www.verdichtet.at | Kategorie: auszugsweise | Inventarnummer: 18098 &nbsp; &nbsp;<\/p>\n\t\t\t\t<\/div>\n\n\t\t\t\t\t\t\t\t\t<a href=\"https:\/\/www.verdichtet.at\/?p=8025#respond\" class=\"su-post-comments-link\">0 Kommentare<\/a>\n\t\t\t\t\n\t\t\t<\/div>\n\n\t\t\t\t\t\n\t\t\t\n\t\t\t<div id=\"su-post-7897\" class=\"su-post \">\n\n\t\t\t\t\n\t\t\t\t<h2 class=\"su-post-title\"><a href=\"https:\/\/www.verdichtet.at\/?p=7897\">Ist doch sternenklar<\/a><\/h2>\n\n\t\t\t\t<div class=\"su-post-meta\">\n\t\t\t\t\tVer\u00f6ffentlicht: 24. April 2018\t\t\t\t<\/div>\n\n\t\t\t\t<div class=\"su-post-excerpt\">\n\t\t\t\t\t<p>Einleitung Es ist manchmal schwer, die passenden Worte zu finden, wenn man sich sicher ist, dass man gerade einen Seelenverwandten ziehen lassen musste. Gerade hielt man noch eine bl\u00fchende Beziehung in H\u00e4nden, im n\u00e4chsten Moment zerf\u00e4llt alles zu Staub. Wie soll man den Verlust \u00fcberhaupt verarbeiten? 100 Tage dauert es, so sagt man, bis frisch [&hellip;]<\/p>\n\t\t\t\t<\/div>\n\n\t\t\t\t\t\t\t\t\t<a href=\"https:\/\/www.verdichtet.at\/?p=7897#respond\" class=\"su-post-comments-link\">0 Kommentare<\/a>\n\t\t\t\t\n\t\t\t<\/div>\n\n\t\t\t\t\t\n\t\t\t\n\t\t\t<div id=\"su-post-7575\" class=\"su-post \">\n\n\t\t\t\t\n\t\t\t\t<h2 class=\"su-post-title\"><a href=\"https:\/\/www.verdichtet.at\/?p=7575\">Die Redlinger<\/a><\/h2>\n\n\t\t\t\t<div class=\"su-post-meta\">\n\t\t\t\t\tVer\u00f6ffentlicht: 4. Februar 2018\t\t\t\t<\/div>\n\n\t\t\t\t<div class=\"su-post-excerpt\">\n\t\t\t\t\t<p>Lui suchte nicht mehr nach einer Mitfahrgelegenheit. Beide Jungs hatten erst mal die Nase voll von unangenehmen \u00dcberraschungen. Sie wanderten weiter die Stra\u00dfe entlang, in der Hoffnung, irgendwann an einen Ort zu kommen, wo es ihnen gefiel. Manchmal fand Lui vor\u00fcbergehend Arbeit und sogar Wuck konnte ab und an helfen. Aber nie f\u00fcr lange. Jedoch [&hellip;]<\/p>\n\t\t\t\t<\/div>\n\n\t\t\t\t\t\t\t\t\t<a href=\"https:\/\/www.verdichtet.at\/?p=7575#respond\" class=\"su-post-comments-link\">0 Kommentare<\/a>\n\t\t\t\t\n\t\t\t<\/div>\n\n\t\t\t\t\t\n\t\t\t\n\t\t\t<div id=\"su-post-6103\" class=\"su-post \">\n\n\t\t\t\t\n\t\t\t\t<h2 class=\"su-post-title\"><a href=\"https:\/\/www.verdichtet.at\/?p=6103\">Brainstorming<\/a><\/h2>\n\n\t\t\t\t<div class=\"su-post-meta\">\n\t\t\t\t\tVer\u00f6ffentlicht: 22. Februar 2017\t\t\t\t<\/div>\n\n\t\t\t\t<div class=\"su-post-excerpt\">\n\t\t\t\t\t<p>In meinem Gehirn summt und brummt es: Train I ride, sixteen coaches long. Train I ride, sixteen coaches long. Well, that long black train got my baby and gone. Train train, comin&#8216; &#8218;round, &#8218;round the bend. Train train, comin&#8216; &#8218;round the bend Well, it took my baby, but it never will again (no, not again). [&hellip;]<\/p>\n\t\t\t\t<\/div>\n\n\t\t\t\t\t\t\t\t\t<a href=\"https:\/\/www.verdichtet.at\/?p=6103#respond\" class=\"su-post-comments-link\">0 Kommentare<\/a>\n\t\t\t\t\n\t\t\t<\/div>\n\n\t\t\t\t\t\n\t\t\t\n\t\t\t<div id=\"su-post-5337\" class=\"su-post \">\n\n\t\t\t\t\n\t\t\t\t<h2 class=\"su-post-title\"><a href=\"https:\/\/www.verdichtet.at\/?p=5337\">Sturz<\/a><\/h2>\n\n\t\t\t\t<div class=\"su-post-meta\">\n\t\t\t\t\tVer\u00f6ffentlicht: 28. Oktober 2016\t\t\t\t<\/div>\n\n\t\t\t\t<div class=\"su-post-excerpt\">\n\t\t\t\t\t<p>Alles in Ordnung. Das war es, was alle dachten. Bis zu jenem Zeitpunkt, als sein Bruder Torsten anrief und ihm erz\u00e4hlte, wie ihr Kopf auf die Stufen aufgeschlagen war. Und das Blut runtergeronnen war. Was f\u00fcr ein Schock war das f\u00fcr Fred. Und doch keine \u00dcberraschung. Eher logische Folge. Das Ungeheuerliche war nur, dass niemand [&hellip;]<\/p>\n\t\t\t\t<\/div>\n\n\t\t\t\t\t\t\t\t\t<a href=\"https:\/\/www.verdichtet.at\/?p=5337#respond\" class=\"su-post-comments-link\">0 Kommentare<\/a>\n\t\t\t\t\n\t\t\t<\/div>\n\n\t\t\t\t\t\n\t\t\t\n\t\t\t<div id=\"su-post-4245\" class=\"su-post \">\n\n\t\t\t\t\n\t\t\t\t<h2 class=\"su-post-title\"><a href=\"https:\/\/www.verdichtet.at\/?p=4245\">du sei mein<\/a><\/h2>\n\n\t\t\t\t<div class=\"su-post-meta\">\n\t\t\t\t\tVer\u00f6ffentlicht: 7. April 2016\t\t\t\t<\/div>\n\n\t\t\t\t<div class=\"su-post-excerpt\">\n\t\t\t\t\t<p>(vier gedichte) abwendung. verbrannte zuwendung unbestimmten grades. abwendung. &#8211; &#8211; &#8211; sprung in der marille. zu viel regen. sprung in der marille. &#8211; &#8211; &#8211; toleranz. geborgte haut auf zeit. toleranz. &#8211; &#8211; &#8211; deine schulter. bergrettung. im einsatz. deine schulter. &nbsp; Helga Reibenberger Auszug aus: wenn die tropfen leben sind \u2026, Arovell Verlag, Gosau, [&hellip;]<\/p>\n\t\t\t\t<\/div>\n\n\t\t\t\t\t\t\t\t\t<a href=\"https:\/\/www.verdichtet.at\/?p=4245#respond\" class=\"su-post-comments-link\">0 Kommentare<\/a>\n\t\t\t\t\n\t\t\t<\/div>\n\n\t\t\t\t\t\n\t\t\t\n\t\t\t<div id=\"su-post-3964\" class=\"su-post \">\n\n\t\t\t\t\n\t\t\t\t<h2 class=\"su-post-title\"><a href=\"https:\/\/www.verdichtet.at\/?p=3964\">Madame Malerin<\/a><\/h2>\n\n\t\t\t\t<div class=\"su-post-meta\">\n\t\t\t\t\tVer\u00f6ffentlicht: 24. Januar 2016\t\t\t\t<\/div>\n\n\t\t\t\t<div class=\"su-post-excerpt\">\n\t\t\t\t\t<p>Der Sonntag begann k\u00fchl, aber sonnig, und noch bevor es ganz hell war, hatte Clara bereits ihre Staffelei geschultert, beinahe im Laufschritt auf den H\u00fcgel am Johannesfeld getragen und genau dort aufgebaut, wo sie im Fr\u00fchlingsgras die gestrigen Spuren der Staffelei des unbekannten Malers gefunden hatte. Ihre Wangen waren ger\u00f6tet von der Morgenluft und der [&hellip;]<\/p>\n\t\t\t\t<\/div>\n\n\t\t\t\t\t\t\t\t\t<a href=\"https:\/\/www.verdichtet.at\/?p=3964#respond\" class=\"su-post-comments-link\">0 Kommentare<\/a>\n\t\t\t\t\n\t\t\t<\/div>\n\n\t\t\t\t\t\n\t\t\t\n\t\t\t<div id=\"su-post-3962\" class=\"su-post \">\n\n\t\t\t\t\n\t\t\t\t<h2 class=\"su-post-title\"><a href=\"https:\/\/www.verdichtet.at\/?p=3962\">Aus der Vogelperspektive<\/a><\/h2>\n\n\t\t\t\t<div class=\"su-post-meta\">\n\t\t\t\t\tVer\u00f6ffentlicht: 24. Januar 2016\t\t\t\t<\/div>\n\n\t\t\t\t<div class=\"su-post-excerpt\">\n\t\t\t\t\t<p>Keiner der M\u00f6nche, auch nicht Bruder Thomas, hatte bemerkt, dass Georg Matth\u00e4us Vischer nach dem Komplet, dem letzten der sieben t\u00e4glichen Stundengebete, den Schl\u00fcssel an sich genommen hatte. Was der neunj\u00e4hrige Tiroler Bub zu tun beabsichtigte, war streng verboten. Es ging auf Mitternacht zu \u2013 alle anderen schliefen bereits\u00a0\u2013 als er sich in die Bibliothek [&hellip;]<\/p>\n\t\t\t\t<\/div>\n\n\t\t\t\t\t\t\t\t\t<a href=\"https:\/\/www.verdichtet.at\/?p=3962#respond\" class=\"su-post-comments-link\">0 Kommentare<\/a>\n\t\t\t\t\n\t\t\t<\/div>\n\n\t\t\t\t\t\n\t\t\t\n\t\t\t<div id=\"su-post-3338\" class=\"su-post \">\n\n\t\t\t\t\n\t\t\t\t<h2 class=\"su-post-title\"><a href=\"https:\/\/www.verdichtet.at\/?p=3338\">Kein Typ f\u00fcrs Grobe &#8211; Teil 3<\/a><\/h2>\n\n\t\t\t\t<div class=\"su-post-meta\">\n\t\t\t\t\tVer\u00f6ffentlicht: 5. Oktober 2015\t\t\t\t<\/div>\n\n\t\t\t\t<div class=\"su-post-excerpt\">\n\t\t\t\t\t<p>Einer meiner langen Spazierg\u00e4nge l\u00e4sst mich vor der Akademie Halt machen. Mein Gott, die Akademie der sch\u00f6nen K\u00fcnste! Dreimal habe ich versucht, die Aufnahmepr\u00fcfung dorthin zu schaffen. Dreimal hat man mir gesagt, es w\u00e4re ganz nett, was ich so machte, aber das k\u00f6nnte ich auch ohne ihr Zutun. Die doppelte, hohe Fl\u00fcgelt\u00fcr strahlt durch ihr [&hellip;]<\/p>\n\t\t\t\t<\/div>\n\n\t\t\t\t\t\t\t\t\t<a href=\"https:\/\/www.verdichtet.at\/?p=3338#respond\" class=\"su-post-comments-link\">0 Kommentare<\/a>\n\t\t\t\t\n\t\t\t<\/div>\n\n\t\t\t\t\t\n\t\t\t\n\t\t\t<div id=\"su-post-3333\" class=\"su-post \">\n\n\t\t\t\t\n\t\t\t\t<h2 class=\"su-post-title\"><a href=\"https:\/\/www.verdichtet.at\/?p=3333\">Kein Typ f\u00fcrs Grobe &#8211; Teil 2<\/a><\/h2>\n\n\t\t\t\t<div class=\"su-post-meta\">\n\t\t\t\t\tVer\u00f6ffentlicht: 5. Oktober 2015\t\t\t\t<\/div>\n\n\t\t\t\t<div class=\"su-post-excerpt\">\n\t\t\t\t\t<p>Der Versuch, wenigstens einen Bruchteil von Vaters Welt verstehen zu wollen, bringt mich durch seine Erz\u00e4hlung der letzten Kriegstage etwas n\u00e4her an ihn heran, und ich versetze mich in seine Lage, bin er, f\u00fcr Augenblicke. 6. Mai 1945. Amerikanische Truppen besetzen Linz und Steyr. In St. P\u00f6lten ist mir die Gestapo auf der Spur. Ich [&hellip;]<\/p>\n\t\t\t\t<\/div>\n\n\t\t\t\t\t\t\t\t\t<a href=\"https:\/\/www.verdichtet.at\/?p=3333#respond\" class=\"su-post-comments-link\">0 Kommentare<\/a>\n\t\t\t\t\n\t\t\t<\/div>\n\n\t\t\t\t\t\n\t\t\t\n\t\t\t<div id=\"su-post-3329\" class=\"su-post \">\n\n\t\t\t\t\n\t\t\t\t<h2 class=\"su-post-title\"><a href=\"https:\/\/www.verdichtet.at\/?p=3329\">Kein Typ f\u00fcrs Grobe &#8211; Teil 1<\/a><\/h2>\n\n\t\t\t\t<div class=\"su-post-meta\">\n\t\t\t\t\tVer\u00f6ffentlicht: 5. Oktober 2015\t\t\t\t<\/div>\n\n\t\t\t\t<div class=\"su-post-excerpt\">\n\t\t\t\t\t<p>Ich bin bislang wahrlich selten ein Liebling der G\u00f6tter gewesen. Zumindest ist mir nicht bewusst, je einer gewesen zu sein. Ebenso wenig kann ich mich nicht daran erinnern, jemals vor Gl\u00fcck gesungen zu haben: Heut\u2018 bin ich so vergn\u00fcgt! Das Leben ist so sch\u00f6n! Drum bin ich ja so froh! Und wo es was zu [&hellip;]<\/p>\n\t\t\t\t<\/div>\n\n\t\t\t\t\t\t\t\t\t<a href=\"https:\/\/www.verdichtet.at\/?p=3329#respond\" class=\"su-post-comments-link\">0 Kommentare<\/a>\n\t\t\t\t\n\t\t\t<\/div>\n\n\t\t\t\t\t\n\t\t\t\n\t\t\t<div id=\"su-post-3283\" class=\"su-post \">\n\n\t\t\t\t\n\t\t\t\t<h2 class=\"su-post-title\"><a href=\"https:\/\/www.verdichtet.at\/?p=3283\">BetrAchtung<\/a><\/h2>\n\n\t\t\t\t<div class=\"su-post-meta\">\n\t\t\t\t\tVer\u00f6ffentlicht: 24. September 2015\t\t\t\t<\/div>\n\n\t\t\t\t<div class=\"su-post-excerpt\">\n\t\t\t\t\t<p>(vier gedichte) zwischen nichts sehen und nicht sehen d\u00e4mmert das leben. &#8211; &#8211; &#8211; m\u00f6chte sein. will d\u00fcrfen. muss k\u00f6nnen. &#8211; &#8211; &#8211; selbstlaute. werden. vielleicht. mitlaute. die du. h\u00f6rst. &#8211; &#8211; &#8211; halten. verb auf rot. kein gr\u00fcn. bringt mich vom fleck. Helga Reibenberger Auszug aus: wenn die tropfen leben sind \u2026, Arovell Verlag, [&hellip;]<\/p>\n\t\t\t\t<\/div>\n\n\t\t\t\t\t\t\t\t\t<a href=\"https:\/\/www.verdichtet.at\/?p=3283#respond\" class=\"su-post-comments-link\">0 Kommentare<\/a>\n\t\t\t\t\n\t\t\t<\/div>\n\n\t\t\t\t\t\n\t\t\t\n\t\t\t<div id=\"su-post-266\" class=\"su-post \">\n\n\t\t\t\t\n\t\t\t\t<h2 class=\"su-post-title\"><a href=\"https:\/\/www.verdichtet.at\/?p=266\">Mir verwirren sich die Sinne!<\/a><\/h2>\n\n\t\t\t\t<div class=\"su-post-meta\">\n\t\t\t\t\tVer\u00f6ffentlicht: 28. November 2013\t\t\t\t<\/div>\n\n\t\t\t\t<div class=\"su-post-excerpt\">\n\t\t\t\t\t<p>Mir verwirren sich die Sinne! Kaum vermag ich mich zu fassen. Wild erregte St\u00fcrme rasen, Drohn von allen Seiten mir. [Don Giovanni, Erster Akt, 21. Szene] Lea Richtsfelds Handy klingelte aufsehenerregend. Paul hatte seiner Stiefmutter vor einigen Wochen einen neuen Handyklingelton verpasst \u2013 Road to Hell von Chris Rea. Es war ihr bis jetzt noch [&hellip;]<\/p>\n\t\t\t\t<\/div>\n\n\t\t\t\t\t\t\t\t\t<a href=\"https:\/\/www.verdichtet.at\/?p=266#respond\" class=\"su-post-comments-link\">0 Kommentare<\/a>\n\t\t\t\t\n\t\t\t<\/div>\n\n\t\t\t\t\t\n\t\t\t\n\t\t\t<div id=\"su-post-275\" class=\"su-post \">\n\n\t\t\t\t\n\t\t\t\t<h2 class=\"su-post-title\"><a href=\"https:\/\/www.verdichtet.at\/?p=275\">hofgasse 12<\/a><\/h2>\n\n\t\t\t\t<div class=\"su-post-meta\">\n\t\t\t\t\tVer\u00f6ffentlicht: 29. November 2013\t\t\t\t<\/div>\n\n\t\t\t\t<div class=\"su-post-excerpt\">\n\t\t\t\t\t<p>die wohnung klein eng sonnenhell mu\u00df ich verlassen die wohnung verlassen die so hei\u00df ist obwohl verdunkelt so hei\u00df ich mu\u00df hinaus \u00fcberall ist der herbst der hei\u00dfe herbst ich bin drau\u00ad\u00dfen auf meinem weg dem herbstweg ich sp\u00fcre den himmel die luft den wind die sonne den schwei\u00df die landschaft mild ist es nicht [&hellip;]<\/p>\n\t\t\t\t<\/div>\n\n\t\t\t\t\t\t\t\t\t<a href=\"https:\/\/www.verdichtet.at\/?p=275#respond\" class=\"su-post-comments-link\">0 Kommentare<\/a>\n\t\t\t\t\n\t\t\t<\/div>\n\n\t\t\t\t\t\n\t\t\t\n\t\t\t<div id=\"su-post-2640\" class=\"su-post \">\n\n\t\t\t\t\n\t\t\t\t<h2 class=\"su-post-title\"><a href=\"https:\/\/www.verdichtet.at\/?p=2640\">Jener Wald in Wei\u00df \u2026<\/a><\/h2>\n\n\t\t\t\t<div class=\"su-post-meta\">\n\t\t\t\t\tVer\u00f6ffentlicht: 20. Mai 2015\t\t\t\t<\/div>\n\n\t\t\t\t<div class=\"su-post-excerpt\">\n\t\t\t\t\t<p>Die vielen B\u00e4ume schwiegen mit geneigten Kronen. Wegen ihrer mit schwarzen Flecken durchzogenen wei\u00dfen Rinde erinnerten sie an die Pest, und gleich Befallenen war ihr trauriger Blick auf scheinbare Gr\u00e4ber gesenkt, die sich bald f\u00fcllen sollten. Sie weinten bittere Tr\u00e4nen, oder waren das nur die vereinzelt vom Himmel segelnden Schneeflocken? Die Zeit schien diesen Ort [&hellip;]<\/p>\n\t\t\t\t<\/div>\n\n\t\t\t\t\t\t\t\t\t<a href=\"https:\/\/www.verdichtet.at\/?p=2640#respond\" class=\"su-post-comments-link\">0 Kommentare<\/a>\n\t\t\t\t\n\t\t\t<\/div>\n\n\t\t\t\t\t\n\t\t\t\n\t\t\t<div id=\"su-post-1864\" class=\"su-post \">\n\n\t\t\t\t\n\t\t\t\t<h2 class=\"su-post-title\"><a href=\"https:\/\/www.verdichtet.at\/?p=1864\">bewegungen begegnungen<\/a><\/h2>\n\n\t\t\t\t<div class=\"su-post-meta\">\n\t\t\t\t\tVer\u00f6ffentlicht: 4. Dezember 2014\t\t\t\t<\/div>\n\n\t\t\t\t<div class=\"su-post-excerpt\">\n\t\t\t\t\t<p>(vier gedichte) herzwahrscheinlichkeiten sind unm\u00f6glich. wie bruchteil. und meine sehnsucht ganz. &#8211; &#8211; &#8211; die einsamkeit der subtraktion hei\u00dft null. wie ohne dich. und adam riese. &#8211; &#8211; &#8211; der grenzwert einer beziehung ist ein fixer wert. und manchmal. die unendlichkeit. &#8211; &#8211; &#8211; die schwierigkeit des einfachen ist produkt einer summe von differenzen. teilen [&hellip;]<\/p>\n\t\t\t\t<\/div>\n\n\t\t\t\t\t\t\t\t\t<a href=\"https:\/\/www.verdichtet.at\/?p=1864#respond\" class=\"su-post-comments-link\">0 Kommentare<\/a>\n\t\t\t\t\n\t\t\t<\/div>\n\n\t\t\t\t\t\n\t\t\t\n\t\t\t<div id=\"su-post-921\" class=\"su-post \">\n\n\t\t\t\t\n\t\t\t\t<h2 class=\"su-post-title\"><a href=\"https:\/\/www.verdichtet.at\/?p=921\">Trockenmarillen<\/a><\/h2>\n\n\t\t\t\t<div class=\"su-post-meta\">\n\t\t\t\t\tVer\u00f6ffentlicht: 31. Januar 2014\t\t\t\t<\/div>\n\n\t\t\t\t<div class=\"su-post-excerpt\">\n\t\t\t\t\t<p>Der Tag, an dem Lisa Martin im falschen Wald des Schulhofs gek\u00fcsst hat, ist wie in getrocknete Marillen eingepackt gewesen, nur bitterer. Hei\u00df, zumindest habe ich es so in Erinnerung, die klebrigen Str\u00e4hnen im Nacken oder der trockene Mund. Wir sitzen nebeneinander in der Klasse an unserem gemeinsamen Tisch, den man nicht einfach so in [&hellip;]<\/p>\n\t\t\t\t<\/div>\n\n\t\t\t\t\t\t\t\t\t<a href=\"https:\/\/www.verdichtet.at\/?p=921#respond\" class=\"su-post-comments-link\">0 Kommentare<\/a>\n\t\t\t\t\n\t\t\t<\/div>\n\n\t\t\t\t\t\n\t\t\t\n\t\t\t<div id=\"su-post-1712\" class=\"su-post \">\n\n\t\t\t\t\n\t\t\t\t<h2 class=\"su-post-title\"><a href=\"https:\/\/www.verdichtet.at\/?p=1712\">Edgars Spiegelbild<\/a><\/h2>\n\n\t\t\t\t<div class=\"su-post-meta\">\n\t\t\t\t\tVer\u00f6ffentlicht: 22. September 2014\t\t\t\t<\/div>\n\n\t\t\t\t<div class=\"su-post-excerpt\">\n\t\t\t\t\t<p>In einer Nacht, als Amelie schon l\u00e4ngst friedlich in ihrem Bettchen schlummerte, stellte sich Edgar vor den gro\u00dfen Spiegel im Vorzimmer. Er machte das Licht an, zog sein T-Shirt aus, betrachtete sich und versuchte dabei so objektiv wie m\u00f6glich zu sein. Seit geraumer Zeit hatte er es vermieden, sich und insbesondere seinen K\u00f6rper genauer anzublicken, [&hellip;]<\/p>\n\t\t\t\t<\/div>\n\n\t\t\t\t\t\t\t\t\t<a href=\"https:\/\/www.verdichtet.at\/?p=1712#respond\" class=\"su-post-comments-link\">0 Kommentare<\/a>\n\t\t\t\t\n\t\t\t<\/div>\n\n\t\t\t\t\t\n\t\t\t\n\t\t\t<div id=\"su-post-1602\" class=\"su-post \">\n\n\t\t\t\t\n\t\t\t\t<h2 class=\"su-post-title\"><a href=\"https:\/\/www.verdichtet.at\/?p=1602\">gef\u00fchlvoll machtlos<\/a><\/h2>\n\n\t\t\t\t<div class=\"su-post-meta\">\n\t\t\t\t\tVer\u00f6ffentlicht: 8. August 2014\t\t\t\t<\/div>\n\n\t\t\t\t<div class=\"su-post-excerpt\">\n\t\t\t\t\t<p>(acht gedichte) das ende im anfang hei\u00dft subjektiv. wie objekt. und alles zoom. &#8211; &#8211; &#8211; die festigkeit von wasser ist der dunst der hoffnung. &#8211; &#8211; &#8211; manchmal ist kopie erhalten im original. &#8211; &#8211; &#8211; der energiesatz der liebe hei\u00dft erwartung. wie du. im nichts geht verloren. &#8211; &#8211; &#8211; sehen. ohne zu [&hellip;]<\/p>\n\t\t\t\t<\/div>\n\n\t\t\t\t\t\t\t\t\t<a href=\"https:\/\/www.verdichtet.at\/?p=1602#respond\" class=\"su-post-comments-link\">0 Kommentare<\/a>\n\t\t\t\t\n\t\t\t<\/div>\n\n\t\t\t\t\t\n\t\t\t\n\t\t\t<div id=\"su-post-1469\" class=\"su-post \">\n\n\t\t\t\t\n\t\t\t\t<h2 class=\"su-post-title\"><a href=\"https:\/\/www.verdichtet.at\/?p=1469\">Carlos<\/a><\/h2>\n\n\t\t\t\t<div class=\"su-post-meta\">\n\t\t\t\t\tVer\u00f6ffentlicht: 12. Juli 2014\t\t\t\t<\/div>\n\n\t\t\t\t<div class=\"su-post-excerpt\">\n\t\t\t\t\t<p>Der Regen goss seit Stunden und doch kam es ihm vor, als ob der Boden hart und trocken bliebe. Als ob die Erde nie genug bek\u00e4me und immer mehr in sich aufsaugen m\u00fcsste. Die M\u00e4nner schafften unerm\u00fcdlich die gro\u00dfen braunen Pakete von der Lagerhalle auf den Lieferwagen. Jedes einzelne fest eingepackt in eine durchsichtige Plastikh\u00fclle, [&hellip;]<\/p>\n\t\t\t\t<\/div>\n\n\t\t\t\t\t\t\t\t\t<a href=\"https:\/\/www.verdichtet.at\/?p=1469#respond\" class=\"su-post-comments-link\">0 Kommentare<\/a>\n\t\t\t\t\n\t\t\t<\/div>\n\n\t\t\t\t\t\n\t\t\t\n\t\t\t<div id=\"su-post-1303\" class=\"su-post \">\n\n\t\t\t\t\n\t\t\t\t<h2 class=\"su-post-title\"><a href=\"https:\/\/www.verdichtet.at\/?p=1303\">nahezu aus der ferne<\/a><\/h2>\n\n\t\t\t\t<div class=\"su-post-meta\">\n\t\t\t\t\tVer\u00f6ffentlicht: 13. April 2014\t\t\t\t<\/div>\n\n\t\t\t\t<div class=\"su-post-excerpt\">\n\t\t\t\t\t<p>(drei gedichte) bewusst. distanz suchen. ist. sicher. liebe wissen. &#8211; &#8211; &#8211; vermissen. ist laufen im kopf. stillstand im herz. und seele. bleibt auf der strecke. zu dir. &#8211; &#8211; &#8211; sehnsucht ist die leere. wie etwas. und das nichts. abhanden. Helga Reibenberger Auszug aus: wenn die tropfen leben sind &#8230;, Arovell Verlag, Gosau, 2000 [&hellip;]<\/p>\n\t\t\t\t<\/div>\n\n\t\t\t\t\t\t\t\t\t<a href=\"https:\/\/www.verdichtet.at\/?p=1303#respond\" class=\"su-post-comments-link\">0 Kommentare<\/a>\n\t\t\t\t\n\t\t\t<\/div>\n\n\t\t\t\t\t\n\t\t\t\n\t\t\t<div id=\"su-post-1051\" class=\"su-post \">\n\n\t\t\t\t\n\t\t\t\t<h2 class=\"su-post-title\"><a href=\"https:\/\/www.verdichtet.at\/?p=1051\">nicht nur molek\u00fc(h)le<\/a><\/h2>\n\n\t\t\t\t<div class=\"su-post-meta\">\n\t\t\t\t\tVer\u00f6ffentlicht: 6. M\u00e4rz 2014\t\t\t\t<\/div>\n\n\t\t\t\t<div class=\"su-post-excerpt\">\n\t\t\t\t\t<p>\u00a0(f\u00fcnf gedichte) n\u00e4he. besteht aus wievielen atomen. n\u00e4he. &#8211; &#8211; &#8211; \u00a0fernw\u00e4rme. nicht sichtbar. nicht greifbar. aus dem irgendwo. sp\u00fcrbar. fernw\u00e4rme. &#8211; &#8211; &#8211; deine hand. 37,53\u00b0 C. deine hand. &#8211; &#8211; &#8211; sag&#8216; es nicht. luft. 100% stickstoff. sag&#8216; es nicht. &#8211; &#8211; &#8211; z\u00e4rtlichkeit. mondanziehung haut. z\u00e4rtlichkeit. Helga Reibenberger Auszug aus: wenn die [&hellip;]<\/p>\n\t\t\t\t<\/div>\n\n\t\t\t\t\t\t\t\t\t<a href=\"https:\/\/www.verdichtet.at\/?p=1051#respond\" class=\"su-post-comments-link\">0 Kommentare<\/a>\n\t\t\t\t\n\t\t\t<\/div>\n\n\t\t\t\t\t\n\t\t\t\n\t\t\t<div id=\"su-post-270\" class=\"su-post \">\n\n\t\t\t\t\n\t\t\t\t<h2 class=\"su-post-title\"><a href=\"https:\/\/www.verdichtet.at\/?p=270\">Stams in Tirol, 12. August 1643<\/a><\/h2>\n\n\t\t\t\t<div class=\"su-post-meta\">\n\t\t\t\t\tVer\u00f6ffentlicht: 28. November 2013\t\t\t\t<\/div>\n\n\t\t\t\t<div class=\"su-post-excerpt\">\n\t\t\t\t\t<p>Georg Matth\u00e4us Vischer wurde vom fr\u00fchen L\u00e4uten der Kirchenglocke aus dem Schlaf gerissen und richtete sich \u00e4chzend auf. Ein weiterer Tag in br\u00fctender Sonne und mit harter Feldarbeit lag vor ihm. Nicht zu vergessen das erste Morgengebet, zu dem er p\u00fcnktlich zu erscheinen hatte. Er f\u00fchlte sich wie ger\u00e4dert, ein Sonnenbrand auf dem R\u00fccken hatte [&hellip;]<\/p>\n\t\t\t\t<\/div>\n\n\t\t\t\t\t\t\t\t\t<a href=\"https:\/\/www.verdichtet.at\/?p=270#respond\" class=\"su-post-comments-link\">0 Kommentare<\/a>\n\t\t\t\t\n\t\t\t<\/div>\n\n\t\t\t\t\t\n\t\t\t\n\t\t\t<div id=\"su-post-1034\" class=\"su-post \">\n\n\t\t\t\t\n\t\t\t\t<h2 class=\"su-post-title\"><a href=\"https:\/\/www.verdichtet.at\/?p=1034\">himmelhoch<\/a><\/h2>\n\n\t\t\t\t<div class=\"su-post-meta\">\n\t\t\t\t\tVer\u00f6ffentlicht: 5. M\u00e4rz 2014\t\t\t\t<\/div>\n\n\t\t\t\t<div class=\"su-post-excerpt\">\n\t\t\t\t\t<p>\u00a0(zwei gedichte) der gro\u00dfe wagen ist ein zweiherzer. &#8211; &#8211; &#8211; als die sterne planet wussten himmelte sonne all. &nbsp; Helga Reibenberger Auszug aus: wenn die tropfen leben sind &#8230;, Arovell Verlag, Gosau, 2000 www.verdichtet.at | Kategorie: auszugsweise | Inventarnummer: 14026<\/p>\n\t\t\t\t<\/div>\n\n\t\t\t\t\t\t\t\t\t<a href=\"https:\/\/www.verdichtet.at\/?p=1034#respond\" class=\"su-post-comments-link\">0 Kommentare<\/a>\n\t\t\t\t\n\t\t\t<\/div>\n\n\t\t\n\t\n<\/div>\n\n","protected":false},"excerpt":{"rendered":"","protected":false},"author":4,"featured_media":0,"parent":405,"menu_order":0,"comment_status":"closed","ping_status":"closed","template":"","meta":{"footnotes":""},"class_list":["post-412","page","type-page","status-publish","hentry"],"_links":{"self":[{"href":"https:\/\/www.verdichtet.at\/index.php?rest_route=\/wp\/v2\/pages\/412","targetHints":{"allow":["GET"]}}],"collection":[{"href":"https:\/\/www.verdichtet.at\/index.php?rest_route=\/wp\/v2\/pages"}],"about":[{"href":"https:\/\/www.verdichtet.at\/index.php?rest_route=\/wp\/v2\/types\/page"}],"author":[{"embeddable":true,"href":"https:\/\/www.verdichtet.at\/index.php?rest_route=\/wp\/v2\/users\/4"}],"replies":[{"embeddable":true,"href":"https:\/\/www.verdichtet.at\/index.php?rest_route=%2Fwp%2Fv2%2Fcomments&post=412"}],"version-history":[{"count":2,"href":"https:\/\/www.verdichtet.at\/index.php?rest_route=\/wp\/v2\/pages\/412\/revisions"}],"predecessor-version":[{"id":1630,"href":"https:\/\/www.verdichtet.at\/index.php?rest_route=\/wp\/v2\/pages\/412\/revisions\/1630"}],"up":[{"embeddable":true,"href":"https:\/\/www.verdichtet.at\/index.php?rest_route=\/wp\/v2\/pages\/405"}],"wp:attachment":[{"href":"https:\/\/www.verdichtet.at\/index.php?rest_route=%2Fwp%2Fv2%2Fmedia&parent=412"}],"curies":[{"name":"wp","href":"https:\/\/api.w.org\/{rel}","templated":true}]}}