{"id":408,"date":"2013-11-28T18:20:51","date_gmt":"2013-11-28T18:20:51","guid":{"rendered":"http:\/\/www.verdichtet.at\/?page_id=408"},"modified":"2015-08-29T08:03:19","modified_gmt":"2015-08-29T08:03:19","slug":"an-tagen-wie-diesen","status":"publish","type":"page","link":"https:\/\/www.verdichtet.at\/?page_id=408","title":{"rendered":"an Tagen wie diesen \u2026"},"content":{"rendered":"<div class=\"pdfprnt-buttons pdfprnt-buttons-page pdfprnt-top-right\"><a href=\"https:\/\/www.verdichtet.at\/index.php?rest_route=wpv2pages408&print=pdf\" class=\"pdfprnt-button pdfprnt-button-pdf\" target=\"_blank\"><\/a><a href=\"https:\/\/www.verdichtet.at\/index.php?rest_route=wpv2pages408&print=print\" class=\"pdfprnt-button pdfprnt-button-print\" target=\"_blank\"><\/a><\/div>\n\n<div class=\"su-posts su-posts-default-loop \">\n\n\t\n\t\t\t\t\t\n\t\t\t\n\t\t\t<div id=\"su-post-22174\" class=\"su-post \">\n\n\t\t\t\t\n\t\t\t\t<h2 class=\"su-post-title\"><a href=\"https:\/\/www.verdichtet.at\/?p=22174\">Heute nicht<\/a><\/h2>\n\n\t\t\t\t<div class=\"su-post-meta\">\n\t\t\t\t\tVer\u00f6ffentlicht: 13. M\u00e4rz 2026\t\t\t\t<\/div>\n\n\t\t\t\t<div class=\"su-post-excerpt\">\n\t\t\t\t\t<p>Sehen, was ich brauche, und w\u00e4hrenddessen das t\u00fcckische Warum vergessen. Sagen: Bitte hilf mir. Und mich zugleich ergeben, das Tor vorm Herzen aus den Angeln heben. Lange lieben, wie sonst auch. Drau\u00dfen, drinnen, statt irgendwo dazwischen sein. Die erwartungsvolle Tochter jagen. Merken dann im Tragen: Wohlig ist uns dieses Grauen. Endlich schlafen gehen statt wenden, [&hellip;]<\/p>\n\t\t\t\t<\/div>\n\n\t\t\t\t\t\t\t\t\t<a href=\"https:\/\/www.verdichtet.at\/?p=22174#comments\" class=\"su-post-comments-link\">2 comments<\/a>\n\t\t\t\t\n\t\t\t<\/div>\n\n\t\t\t\t\t\n\t\t\t\n\t\t\t<div id=\"su-post-21524\" class=\"su-post \">\n\n\t\t\t\t\n\t\t\t\t<h2 class=\"su-post-title\"><a href=\"https:\/\/www.verdichtet.at\/?p=21524\">Herbstgedicht<\/a><\/h2>\n\n\t\t\t\t<div class=\"su-post-meta\">\n\t\t\t\t\tVer\u00f6ffentlicht: 11. Dezember 2025\t\t\t\t<\/div>\n\n\t\t\t\t<div class=\"su-post-excerpt\">\n\t\t\t\t\t<p>Den Kragen hoch, das Tal erstickt im Nebel. Im Auto stirbt die Batterie. Still und starr ragt hier ein Hebel. Der Starter streikt. Das tat er bisher nie. Am Akku zeigt sich die Verg\u00e4nglichkeit. Ihr Opfer fordert gnadenlos die K\u00e4lte. Am Ende seiner Leistungsf\u00e4higkeit spendet er Dunkel, anstatt dass er erhellte. Vom Fahrtwind tr\u00e4umt der [&hellip;]<\/p>\n\t\t\t\t<\/div>\n\n\t\t\t\t\t\t\t\t\t<a href=\"https:\/\/www.verdichtet.at\/?p=21524#respond\" class=\"su-post-comments-link\">0 Kommentare<\/a>\n\t\t\t\t\n\t\t\t<\/div>\n\n\t\t\t\t\t\n\t\t\t\n\t\t\t<div id=\"su-post-21264\" class=\"su-post \">\n\n\t\t\t\t\n\t\t\t\t<h2 class=\"su-post-title\"><a href=\"https:\/\/www.verdichtet.at\/?p=21264\">Bilder<\/a><\/h2>\n\n\t\t\t\t<div class=\"su-post-meta\">\n\t\t\t\t\tVer\u00f6ffentlicht: 7. November 2025\t\t\t\t<\/div>\n\n\t\t\t\t<div class=\"su-post-excerpt\">\n\t\t\t\t\t<p>Du stehst vor dem Spiegel, zupfst dir ein paar Haarstr\u00e4hnen zurecht, vermeidest dabei, auf deine Spiegel-H\u00e4nde zu sehen. Nicht schon wieder kontrollieren, ob sie zittern! Du zwingst dich, stattdessen in deine Spiegel-Augen zu schauen, was es nicht besser macht, dir sieht pure Angst und Aufregung entgegen, du zwinkerst, massierst dir kurz die Schl\u00e4fen, bem\u00fchst dich, [&hellip;]<\/p>\n\t\t\t\t<\/div>\n\n\t\t\t\t\t\t\t\t\t<a href=\"https:\/\/www.verdichtet.at\/?p=21264#comments\" class=\"su-post-comments-link\">2 comments<\/a>\n\t\t\t\t\n\t\t\t<\/div>\n\n\t\t\t\t\t\n\t\t\t\n\t\t\t<div id=\"su-post-20805\" class=\"su-post \">\n\n\t\t\t\t\n\t\t\t\t<h2 class=\"su-post-title\"><a href=\"https:\/\/www.verdichtet.at\/?p=20805\">Schatzkisten<\/a><\/h2>\n\n\t\t\t\t<div class=\"su-post-meta\">\n\t\t\t\t\tVer\u00f6ffentlicht: 28. August 2025\t\t\t\t<\/div>\n\n\t\t\t\t<div class=\"su-post-excerpt\">\n\t\t\t\t\t<p>An einem Sommertag, beim Durchqueren eines Parkes, \u00fcberf\u00e4llt sie mich wieder. Unerwartet wie immer. Heute wortw\u00f6rtlich aus heiterem Himmel. Nach Luft ringend lasse ich mich auf die n\u00e4chstbeste Bank sinken, nehme unscharf wahr, dass eine kleine, schmale Gestalt im linken Eck der Bank sitzt. Ich atme so laut und regelm\u00e4\u00dfig wie mir m\u00f6glich ein und [&hellip;]<\/p>\n\t\t\t\t<\/div>\n\n\t\t\t\t\t\t\t\t\t<a href=\"https:\/\/www.verdichtet.at\/?p=20805#comments\" class=\"su-post-comments-link\">4 comments<\/a>\n\t\t\t\t\n\t\t\t<\/div>\n\n\t\t\t\t\t\n\t\t\t\n\t\t\t<div id=\"su-post-20510\" class=\"su-post \">\n\n\t\t\t\t\n\t\t\t\t<h2 class=\"su-post-title\"><a href=\"https:\/\/www.verdichtet.at\/?p=20510\">Jede Sekunde<\/a><\/h2>\n\n\t\t\t\t<div class=\"su-post-meta\">\n\t\t\t\t\tVer\u00f6ffentlicht: 27. Juli 2025\t\t\t\t<\/div>\n\n\t\t\t\t<div class=\"su-post-excerpt\">\n\t\t\t\t\t<p>Die Nacht z\u00e4hlt jede Sekunde.Viele sind es, 73&nbsp;419,wenn du wieder einmal keinen Schlaf gefunden hast. Johannes Tosin(Text und Foto) www.verdichtet.at | Kategorie: an Tagen wie diesen &#8230; | Inventarnummer: 25140<\/p>\n\t\t\t\t<\/div>\n\n\t\t\t\t\t\t\t\t\t<a href=\"https:\/\/www.verdichtet.at\/?p=20510#respond\" class=\"su-post-comments-link\">0 Kommentare<\/a>\n\t\t\t\t\n\t\t\t<\/div>\n\n\t\t\t\t\t\n\t\t\t\n\t\t\t<div id=\"su-post-19532\" class=\"su-post \">\n\n\t\t\t\t\n\t\t\t\t<h2 class=\"su-post-title\"><a href=\"https:\/\/www.verdichtet.at\/?p=19532\">Das Champions-League-Finale<\/a><\/h2>\n\n\t\t\t\t<div class=\"su-post-meta\">\n\t\t\t\t\tVer\u00f6ffentlicht: 3. Februar 2025\t\t\t\t<\/div>\n\n\t\t\t\t<div class=\"su-post-excerpt\">\n\t\t\t\t\t<p>Ich: Heute ist das Champions-League-Finale. Schaust du, Karin? Karin sch\u00fcttelt den Kopf. Blonde Frau: Das ist wohl eher etwas f\u00fcr M\u00e4nner. Ich: Nein, meine Frau schaut genauso mit. Sie, der Bub und ich sitzen begeistert vor dem Fernseher. Blonde Frau: Sie hat wohl keine Wahl. Ich: Doch, hat sie, sie tut das freiwillig. Sie kennt [&hellip;]<\/p>\n\t\t\t\t<\/div>\n\n\t\t\t\t\t\t\t\t\t<a href=\"https:\/\/www.verdichtet.at\/?p=19532#respond\" class=\"su-post-comments-link\">0 Kommentare<\/a>\n\t\t\t\t\n\t\t\t<\/div>\n\n\t\t\t\t\t\n\t\t\t\n\t\t\t<div id=\"su-post-20003\" class=\"su-post \">\n\n\t\t\t\t\n\t\t\t\t<h2 class=\"su-post-title\"><a href=\"https:\/\/www.verdichtet.at\/?p=20003\">Die geschenkte Zeit<\/a><\/h2>\n\n\t\t\t\t<div class=\"su-post-meta\">\n\t\t\t\t\tVer\u00f6ffentlicht: 8. Mai 2025\t\t\t\t<\/div>\n\n\t\t\t\t<div class=\"su-post-excerpt\">\n\t\t\t\t\t<p>An jenem denkw\u00fcrdigen Tag wachte Isidor sp\u00e4t auf. M\u00fcde blickte er auf den Wecker auf dem Nachttisch. Der kleine Zeiger erreichte schon 09:43 Uhr. Erschrocken stellte er fest, dass er verschlafen hatte. Isidor stand auf und rannte ins Bad, um sich zu erfrischen. Nach einer schnellen Dusche putzte er sich die Z\u00e4hne, zog sich an [&hellip;]<\/p>\n\t\t\t\t<\/div>\n\n\t\t\t\t\t\t\t\t\t<a href=\"https:\/\/www.verdichtet.at\/?p=20003#comments\" class=\"su-post-comments-link\">2 comments<\/a>\n\t\t\t\t\n\t\t\t<\/div>\n\n\t\t\t\t\t\n\t\t\t\n\t\t\t<div id=\"su-post-18504\" class=\"su-post \">\n\n\t\t\t\t\n\t\t\t\t<h2 class=\"su-post-title\"><a href=\"https:\/\/www.verdichtet.at\/?p=18504\">Dem extrem hei\u00dfen Sommer sprachlich geschuldet<\/a><\/h2>\n\n\t\t\t\t<div class=\"su-post-meta\">\n\t\t\t\t\tVer\u00f6ffentlicht: 11. August 2024\t\t\t\t<\/div>\n\n\t\t\t\t<div class=\"su-post-excerpt\">\n\t\t\t\t\t<p>Transpirieren Sie mich nicht so an Ich schwitze selber genug W\u00fcnsche Ihnen ein paar schattige Abschnitte an diesem hitzetollen Tag M\u00f6ge Ihnen Ihr Achselkuss-Deo nie ausgehen in diesem hochhei\u00dfen Sommer Schatten suchen, die Schw\u00fcle verfluchen Viel Fl\u00fcssiges f\u00fcr die Nieren und kein heftiges Transpirieren M\u00f6ge die pralle Glutsonne Ihre mit niedrigem Schutzfaktor eingecremten Glatzk\u00f6pfe verschonen [&hellip;]<\/p>\n\t\t\t\t<\/div>\n\n\t\t\t\t\t\t\t\t\t<a href=\"https:\/\/www.verdichtet.at\/?p=18504#respond\" class=\"su-post-comments-link\">0 Kommentare<\/a>\n\t\t\t\t\n\t\t\t<\/div>\n\n\t\t\t\t\t\n\t\t\t\n\t\t\t<div id=\"su-post-18184\" class=\"su-post \">\n\n\t\t\t\t\n\t\t\t\t<h2 class=\"su-post-title\"><a href=\"https:\/\/www.verdichtet.at\/?p=18184\">Alle Tage<\/a><\/h2>\n\n\t\t\t\t<div class=\"su-post-meta\">\n\t\t\t\t\tVer\u00f6ffentlicht: 27. Mai 2024\t\t\t\t<\/div>\n\n\t\t\t\t<div class=\"su-post-excerpt\">\n\t\t\t\t\t<p>Er sah die Welt, wie er sie sehen wollte. Nicht wie sie war, so interessierte sie ihn nicht. Seine Sinne waren fehlgeleitet, sie zeichneten falsche Signale auf. Das wusste er, und war froh dar\u00fcber. Den ganzen Tag traf er so nette Menschen, alle Tage. Und dabei sah er doch immer nur aus den Fenstern seiner [&hellip;]<\/p>\n\t\t\t\t<\/div>\n\n\t\t\t\t\t\t\t\t\t<a href=\"https:\/\/www.verdichtet.at\/?p=18184#respond\" class=\"su-post-comments-link\">0 Kommentare<\/a>\n\t\t\t\t\n\t\t\t<\/div>\n\n\t\t\t\t\t\n\t\t\t\n\t\t\t<div id=\"su-post-1974\" class=\"su-post \">\n\n\t\t\t\t\n\t\t\t\t<h2 class=\"su-post-title\"><a href=\"https:\/\/www.verdichtet.at\/?p=1974\">Eine Freitagsgeschichte<\/a><\/h2>\n\n\t\t\t\t<div class=\"su-post-meta\">\n\t\t\t\t\tVer\u00f6ffentlicht: 3. Januar 2015\t\t\t\t<\/div>\n\n\t\t\t\t<div class=\"su-post-excerpt\">\n\t\t\t\t\t<p>Der Freitag ist der Tag des Fisches und ich m\u00f6chte dar\u00fcber erz\u00e4hlen. Nun lebe ich weder an der Ostseek\u00fcste noch habe ich die sieben Weltmeere durchstreift. Nicht einmal ein Fluss steht mir besonders nahe, in dem Fische zu Hause sind. Meine Begegnung mit Fischen ist ganz anderer Art. Ich stamme aus einem Kramerladen und meine [&hellip;]<\/p>\n\t\t\t\t<\/div>\n\n\t\t\t\t\t\t\t\t\t<a href=\"https:\/\/www.verdichtet.at\/?p=1974#comments\" class=\"su-post-comments-link\">Ein Kommentar<\/a>\n\t\t\t\t\n\t\t\t<\/div>\n\n\t\t\t\t\t\n\t\t\t\n\t\t\t<div id=\"su-post-17223\" class=\"su-post \">\n\n\t\t\t\t\n\t\t\t\t<h2 class=\"su-post-title\"><a href=\"https:\/\/www.verdichtet.at\/?p=17223\">B\u00fcgeln<\/a><\/h2>\n\n\t\t\t\t<div class=\"su-post-meta\">\n\t\t\t\t\tVer\u00f6ffentlicht: 15. Dezember 2023\t\t\t\t<\/div>\n\n\t\t\t\t<div class=\"su-post-excerpt\">\n\t\t\t\t\t<p>&nbsp; Johannes Tosin (Text und Bild) www.verdichtet.at | Kategorie: an Tagen wie diesen &#8230; | Inventarnummer: 24021<\/p>\n\t\t\t\t<\/div>\n\n\t\t\t\t\t\t\t\t\t<a href=\"https:\/\/www.verdichtet.at\/?p=17223#respond\" class=\"su-post-comments-link\">0 Kommentare<\/a>\n\t\t\t\t\n\t\t\t<\/div>\n\n\t\t\t\t\t\n\t\t\t\n\t\t\t<div id=\"su-post-16465\" class=\"su-post \">\n\n\t\t\t\t\n\t\t\t\t<h2 class=\"su-post-title\"><a href=\"https:\/\/www.verdichtet.at\/?p=16465\">Acht Monate<\/a><\/h2>\n\n\t\t\t\t<div class=\"su-post-meta\">\n\t\t\t\t\tVer\u00f6ffentlicht: 14. August 2023\t\t\t\t<\/div>\n\n\t\t\t\t<div class=\"su-post-excerpt\">\n\t\t\t\t\t<p>Acht Monate war er weg gewesen. Nicht zuhause, nicht bei seiner Freundin. Eingesperrt. Es h\u00e4tte l\u00e4nger sein k\u00f6nnen, das wusste er, aber acht Monate waren lang genug, kein Sex, keine Ber\u00fchrung, kein Kuss. Jeden Tag totschlagen, bis der Stapel von toten Tagen acht Monate ausmachte. Nun sa\u00df sie neben ihm auf dem Sofa, von der [&hellip;]<\/p>\n\t\t\t\t<\/div>\n\n\t\t\t\t\t\t\t\t\t<a href=\"https:\/\/www.verdichtet.at\/?p=16465#respond\" class=\"su-post-comments-link\">0 Kommentare<\/a>\n\t\t\t\t\n\t\t\t<\/div>\n\n\t\t\t\t\t\n\t\t\t\n\t\t\t<div id=\"su-post-16883\" class=\"su-post \">\n\n\t\t\t\t\n\t\t\t\t<h2 class=\"su-post-title\"><a href=\"https:\/\/www.verdichtet.at\/?p=16883\">Was soll ich dir sagen?<\/a><\/h2>\n\n\t\t\t\t<div class=\"su-post-meta\">\n\t\t\t\t\tVer\u00f6ffentlicht: 21. Oktober 2023\t\t\t\t<\/div>\n\n\t\t\t\t<div class=\"su-post-excerpt\">\n\t\t\t\t\t<p>Ich wei\u00df nicht, was soll ich dir sagen? Nie geht es gerade, sondern immer in Schleifen. Gut oder schlecht, wichtig oder unwichtig, St\u00fcckwerk. Immer ist da jemand, der dich braucht. Johannes Tosin (Text und Bild) www.verdichtet.at | Kategorie: an Tagen wie diesen &#8230; | Inventarnummer: 24004 &nbsp;<\/p>\n\t\t\t\t<\/div>\n\n\t\t\t\t\t\t\t\t\t<a href=\"https:\/\/www.verdichtet.at\/?p=16883#respond\" class=\"su-post-comments-link\">0 Kommentare<\/a>\n\t\t\t\t\n\t\t\t<\/div>\n\n\t\t\t\t\t\n\t\t\t\n\t\t\t<div id=\"su-post-16302\" class=\"su-post \">\n\n\t\t\t\t\n\t\t\t\t<h2 class=\"su-post-title\"><a href=\"https:\/\/www.verdichtet.at\/?p=16302\">Festplatte<\/a><\/h2>\n\n\t\t\t\t<div class=\"su-post-meta\">\n\t\t\t\t\tVer\u00f6ffentlicht: 14. Juli 2023\t\t\t\t<\/div>\n\n\t\t\t\t<div class=\"su-post-excerpt\">\n\t\t\t\t\t<p>Da habe ich meine Abhandlungen \u00fcber Biologie gespeichert, den Hunger der Seesterne, Knochenfische in der Tiefsee, jahrelange Arbeit. Genau wie meine astrophysikalischen Berichte, eine neue Theorie zur Entstehung des Weltalls, Parallelit\u00e4t durch jedes Ereignis. Und dann kratzt meine Festplatte und macht nach ein paar Minuten schlapp. Keine Chance, die Daten zu retten, ich habe es [&hellip;]<\/p>\n\t\t\t\t<\/div>\n\n\t\t\t\t\t\t\t\t\t<a href=\"https:\/\/www.verdichtet.at\/?p=16302#respond\" class=\"su-post-comments-link\">0 Kommentare<\/a>\n\t\t\t\t\n\t\t\t<\/div>\n\n\t\t\t\t\t\n\t\t\t\n\t\t\t<div id=\"su-post-17281\" class=\"su-post \">\n\n\t\t\t\t\n\t\t\t\t<h2 class=\"su-post-title\"><a href=\"https:\/\/www.verdichtet.at\/?p=17281\">Tr\u00e8s chic<\/a><\/h2>\n\n\t\t\t\t<div class=\"su-post-meta\">\n\t\t\t\t\tVer\u00f6ffentlicht: 19. Dezember 2023\t\t\t\t<\/div>\n\n\t\t\t\t<div class=\"su-post-excerpt\">\n\t\t\t\t\t<p>In der Modeabteilung eines Einkaufszentrums sah ich eine Verk\u00e4uferin. Au\u00dferordentlich elegant gekleidet, in einem braunen Blazer, einem Oberteil in Leopardenfelloptik und einer schwarzen Lederjeans. Als ich sie auf die sch\u00f6ne Hose ansprach, streckte sie ihr Bein aus und bedankte sich. Als sie sich wieder umgedreht hatte, w\u00fcnschte ich ihr noch alles Gute. Michael Bauer www.verdichtet.at [&hellip;]<\/p>\n\t\t\t\t<\/div>\n\n\t\t\t\t\t\t\t\t\t<a href=\"https:\/\/www.verdichtet.at\/?p=17281#respond\" class=\"su-post-comments-link\">0 Kommentare<\/a>\n\t\t\t\t\n\t\t\t<\/div>\n\n\t\t\t\t\t\n\t\t\t\n\t\t\t<div id=\"su-post-14938\" class=\"su-post \">\n\n\t\t\t\t\n\t\t\t\t<h2 class=\"su-post-title\"><a href=\"https:\/\/www.verdichtet.at\/?p=14938\">Schulanfang<\/a><\/h2>\n\n\t\t\t\t<div class=\"su-post-meta\">\n\t\t\t\t\tVer\u00f6ffentlicht: 14. November 2022\t\t\t\t<\/div>\n\n\t\t\t\t<div class=\"su-post-excerpt\">\n\t\t\t\t\t<p>An einem meiner letzten Kindergartentage, an dem wir das Schulgeb\u00e4ude gezeigt bekamen, regnete es. Ich hatte zu meinem Schulranzen den farblich passenden Regenschirm bekommen und ihn parat. Die Erzieherinnen haben mir ein anderes Kind zugeteilt, mit dem ich mir auf dem Weg zur Schule den Schirm teilen musste. Es war ein M\u00e4dchen, f\u00fcr das ich [&hellip;]<\/p>\n\t\t\t\t<\/div>\n\n\t\t\t\t\t\t\t\t\t<a href=\"https:\/\/www.verdichtet.at\/?p=14938#respond\" class=\"su-post-comments-link\">0 Kommentare<\/a>\n\t\t\t\t\n\t\t\t<\/div>\n\n\t\t\t\t\t\n\t\t\t\n\t\t\t<div id=\"su-post-14697\" class=\"su-post \">\n\n\t\t\t\t\n\t\t\t\t<h2 class=\"su-post-title\"><a href=\"https:\/\/www.verdichtet.at\/?p=14697\">Tag der Wunder<\/a><\/h2>\n\n\t\t\t\t<div class=\"su-post-meta\">\n\t\t\t\t\tVer\u00f6ffentlicht: 25. Oktober 2022\t\t\t\t<\/div>\n\n\t\t\t\t<div class=\"su-post-excerpt\">\n\t\t\t\t\t<p>Es war schw\u00fcl, ein Unwetter k\u00fcndigte sich an, mein Kopf schickte mir Vorboten um Vorboten. Und noch dazu sollten wir an jenem Tag meine Gro\u00dfmutter begraben. Oder zumindest bei einem Gottesdienst verabschieden, es w\u00fcrde sp\u00e4ter eine Urnenbestattung geben. Ich war mit meinen beiden Br\u00fcdern unterwegs nach Tirol, wo unsere Oma so viele Jahre gelebt hatte, [&hellip;]<\/p>\n\t\t\t\t<\/div>\n\n\t\t\t\t\t\t\t\t\t<a href=\"https:\/\/www.verdichtet.at\/?p=14697#comments\" class=\"su-post-comments-link\">2 comments<\/a>\n\t\t\t\t\n\t\t\t<\/div>\n\n\t\t\t\t\t\n\t\t\t\n\t\t\t<div id=\"su-post-13791\" class=\"su-post \">\n\n\t\t\t\t\n\t\t\t\t<h2 class=\"su-post-title\"><a href=\"https:\/\/www.verdichtet.at\/?p=13791\">Die \u00fcbliche Behandlung<\/a><\/h2>\n\n\t\t\t\t<div class=\"su-post-meta\">\n\t\t\t\t\tVer\u00f6ffentlicht: 6. Februar 2022\t\t\t\t<\/div>\n\n\t\t\t\t<div class=\"su-post-excerpt\">\n\t\t\t\t\t<p>Frau Gertenschlank ruft \u00fcber ihren Telephonapparat in der Praxis ihres Nervenarztes an. \u201eT\u00fct-t\u00fct, ja hallo, hier ist die Praxis von Doktor Sonnenfroh, was kann ich f\u00fcr Sie tun?\u201c \u201eGr\u00fc\u00df Gott, Fr\u00e4ulein, hier ist Frau Gertenschlank, ich brauche dringend einen Termin!\u201c \u201eAn welcher Krankheit leiden Sie, gn\u00e4dige Frau?\u201c, fragt die Sprechstundenhilfe. \u201eHysterie!\u201c, sagt Frau Gertenschlank mit [&hellip;]<\/p>\n\t\t\t\t<\/div>\n\n\t\t\t\t\t\t\t\t\t<a href=\"https:\/\/www.verdichtet.at\/?p=13791#respond\" class=\"su-post-comments-link\">0 Kommentare<\/a>\n\t\t\t\t\n\t\t\t<\/div>\n\n\t\t\t\t\t\n\t\t\t\n\t\t\t<div id=\"su-post-13877\" class=\"su-post \">\n\n\t\t\t\t\n\t\t\t\t<h2 class=\"su-post-title\"><a href=\"https:\/\/www.verdichtet.at\/?p=13877\">Valentinstag<\/a><\/h2>\n\n\t\t\t\t<div class=\"su-post-meta\">\n\t\t\t\t\tVer\u00f6ffentlicht: 16. Februar 2022\t\t\t\t<\/div>\n\n\t\t\t\t<div class=\"su-post-excerpt\">\n\t\t\t\t\t<p>\u201eHallo Fritzi, ich bin gerade beim Rudi. So sch\u00f6ne Blumen! Der Mucki l\u00e4uft aufgeregt herum. Er ist ja ein ganz verspielter kleiner Hund. Ich werde noch ein Weilchen bleiben. Und was ist bei dir?\u201c, spricht die \u00e4ltere Dame, die alleine und ohne Blumen am Valentinstag des Jahres 2022 neben dem Kleinen See entlanggeht, in ihr [&hellip;]<\/p>\n\t\t\t\t<\/div>\n\n\t\t\t\t\t\t\t\t\t<a href=\"https:\/\/www.verdichtet.at\/?p=13877#respond\" class=\"su-post-comments-link\">0 Kommentare<\/a>\n\t\t\t\t\n\t\t\t<\/div>\n\n\t\t\t\t\t\n\t\t\t\n\t\t\t<div id=\"su-post-11403\" class=\"su-post \">\n\n\t\t\t\t\n\t\t\t\t<h2 class=\"su-post-title\"><a href=\"https:\/\/www.verdichtet.at\/?p=11403\">Prokrastination<\/a><\/h2>\n\n\t\t\t\t<div class=\"su-post-meta\">\n\t\t\t\t\tVer\u00f6ffentlicht: 14. Mai 2020\t\t\t\t<\/div>\n\n\t\t\t\t<div class=\"su-post-excerpt\">\n\t\t\t\t\t<p>Wer zur Prokrastination, dem notorischen Aufschieben, neigt, lebte in den Wochen des Lock-down recht bequem. Sie hatten sozusagen ein amtliches Alibi f\u00fcr das Nicht-Erledigen, das: Morgen ist auch noch ein Tag, mach ich morgen, sicher, versprochen! Ich geh\u00f6re eigentlich nicht akut zu dieser Gruppe, stelle aber fest, dass ich davon schwer betroffen bin. Was f\u00fcr [&hellip;]<\/p>\n\t\t\t\t<\/div>\n\n\t\t\t\t\t\t\t\t\t<a href=\"https:\/\/www.verdichtet.at\/?p=11403#respond\" class=\"su-post-comments-link\">0 Kommentare<\/a>\n\t\t\t\t\n\t\t\t<\/div>\n\n\t\t\t\t\t\n\t\t\t\n\t\t\t<div id=\"su-post-10973\" class=\"su-post \">\n\n\t\t\t\t\n\t\t\t\t<h2 class=\"su-post-title\"><a href=\"https:\/\/www.verdichtet.at\/?p=10973\">Tag zwei der Katastrophe<\/a><\/h2>\n\n\t\t\t\t<div class=\"su-post-meta\">\n\t\t\t\t\tVer\u00f6ffentlicht: 19. M\u00e4rz 2020\t\t\t\t<\/div>\n\n\t\t\t\t<div class=\"su-post-excerpt\">\n\t\t\t\t\t<p>Heute ist Tag zwei der Katastrophe. Die Stadt ist verwaist. Es sind so wenige Menschen unterwegs, dass man einander oft gr\u00fc\u00dft, wie in einem Dorf. Jene, die umhergehen, sind viel besserer Stimmung als \u00fcblich. Vor allem sind weit mehr Kinder als normal drau\u00dfen. Und sie lachen mehr. Manche erledigen Arbeiten, die sie sonst nie machen [&hellip;]<\/p>\n\t\t\t\t<\/div>\n\n\t\t\t\t\t\t\t\t\t<a href=\"https:\/\/www.verdichtet.at\/?p=10973#respond\" class=\"su-post-comments-link\">0 Kommentare<\/a>\n\t\t\t\t\n\t\t\t<\/div>\n\n\t\t\t\t\t\n\t\t\t\n\t\t\t<div id=\"su-post-10565\" class=\"su-post \">\n\n\t\t\t\t\n\t\t\t\t<h2 class=\"su-post-title\"><a href=\"https:\/\/www.verdichtet.at\/?p=10565\">Laubbl\u00e4ser im Regen<\/a><\/h2>\n\n\t\t\t\t<div class=\"su-post-meta\">\n\t\t\t\t\tVer\u00f6ffentlicht: 5. Dezember 2019\t\t\t\t<\/div>\n\n\t\t\t\t<div class=\"su-post-excerpt\">\n\t\t\t\t\t<p>Klatschnasse Bl\u00e4tter Noch n\u00e4sserer Bl\u00e4ser Der Mann trieft Es tropft von B\u00e4umen Durchtr\u00e4nkte Fetzen Von Laub Von Papier Von Hoffnung Nichts hebt sich Von selbst Alles muss Er muss Volle Kraft nach unten Lohn der M\u00fche ist gering Beinahe alles bleibt Am Boden haften Sein Begleiter Sieht ihm zu Dessen Grinsen umspielt Schadenfrohe Z\u00fcge Wann [&hellip;]<\/p>\n\t\t\t\t<\/div>\n\n\t\t\t\t\t\t\t\t\t<a href=\"https:\/\/www.verdichtet.at\/?p=10565#respond\" class=\"su-post-comments-link\">0 Kommentare<\/a>\n\t\t\t\t\n\t\t\t<\/div>\n\n\t\t\t\t\t\n\t\t\t\n\t\t\t<div id=\"su-post-10288\" class=\"su-post \">\n\n\t\t\t\t\n\t\t\t\t<h2 class=\"su-post-title\"><a href=\"https:\/\/www.verdichtet.at\/?p=10288\">Oktober<\/a><\/h2>\n\n\t\t\t\t<div class=\"su-post-meta\">\n\t\t\t\t\tVer\u00f6ffentlicht: 11. Oktober 2019\t\t\t\t<\/div>\n\n\t\t\t\t<div class=\"su-post-excerpt\">\n\t\t\t\t\t<p>Am kleinen Balkon ist es zu laut, Doch der Keller f\u00fchrt in die Sonne, B\u00e4nke Tische Raues Holz, ringsum liegen Z\u00e4une und Gitter seltsame Gef\u00e4ngnisse bauen Menschen In das Cyan lege ich meine Sorgen, Dort bei der Br\u00fccke Autos Fahrr\u00e4der Busse lautes Rauschen unter der Br\u00fccke f\u00e4hrt der Zug vorbei auf einem Meer voll Schienen [&hellip;]<\/p>\n\t\t\t\t<\/div>\n\n\t\t\t\t\t\t\t\t\t<a href=\"https:\/\/www.verdichtet.at\/?p=10288#respond\" class=\"su-post-comments-link\">0 Kommentare<\/a>\n\t\t\t\t\n\t\t\t<\/div>\n\n\t\t\t\t\t\n\t\t\t\n\t\t\t<div id=\"su-post-9237\" class=\"su-post \">\n\n\t\t\t\t\n\t\t\t\t<h2 class=\"su-post-title\"><a href=\"https:\/\/www.verdichtet.at\/?p=9237\">Spital<\/a><\/h2>\n\n\t\t\t\t<div class=\"su-post-meta\">\n\t\t\t\t\tVer\u00f6ffentlicht: 4. Januar 2019\t\t\t\t<\/div>\n\n\t\t\t\t<div class=\"su-post-excerpt\">\n\t\t\t\t\t<p>Keine Versicherung, alles tobt, Wirbelwind, er brennt in den Augen, Der Muskel, er klopft, unregelm\u00e4\u00dfig, er joggt gerade, Enge kommt mit dem Geld Blaue Lichter halten vor der T\u00fcr Fallnummer am Handgelenk, warten und Augen schlie\u00dfen, Kreise gehen Hier liegen Halbtote, Husten, aggressive Menschen, Ich trinke kaltes Wasser Die \u00c4rztin bohrt mir ein Loch in [&hellip;]<\/p>\n\t\t\t\t<\/div>\n\n\t\t\t\t\t\t\t\t\t<a href=\"https:\/\/www.verdichtet.at\/?p=9237#respond\" class=\"su-post-comments-link\">0 Kommentare<\/a>\n\t\t\t\t\n\t\t\t<\/div>\n\n\t\t\t\t\t\n\t\t\t\n\t\t\t<div id=\"su-post-9328\" class=\"su-post \">\n\n\t\t\t\t\n\t\t\t\t<h2 class=\"su-post-title\"><a href=\"https:\/\/www.verdichtet.at\/?p=9328\">Blamage im Billa<\/a><\/h2>\n\n\t\t\t\t<div class=\"su-post-meta\">\n\t\t\t\t\tVer\u00f6ffentlicht: 14. Januar 2019\t\t\t\t<\/div>\n\n\t\t\t\t<div class=\"su-post-excerpt\">\n\t\t\t\t\t<p>Am Praterstern, Samstag, 19. Mai, kurz nach 18 Uhr, auf dem R\u00fcckweg von einem Badetag im G\u00e4nseh\u00e4ufel, Kleinigkeiten einkaufen f\u00fcr den Sonntag, f\u00fcr Montag auch noch, das Pfingstwochenende. Nach der Kasse an der langen Bank vor dem Ausgang packe ich meine Eink\u00e4ufe in den Rucksack. Nicht weit davon sitzt ein alter, arm und sehr mager [&hellip;]<\/p>\n\t\t\t\t<\/div>\n\n\t\t\t\t\t\t\t\t\t<a href=\"https:\/\/www.verdichtet.at\/?p=9328#respond\" class=\"su-post-comments-link\">0 Kommentare<\/a>\n\t\t\t\t\n\t\t\t<\/div>\n\n\t\t\t\t\t\n\t\t\t\n\t\t\t<div id=\"su-post-9219\" class=\"su-post \">\n\n\t\t\t\t\n\t\t\t\t<h2 class=\"su-post-title\"><a href=\"https:\/\/www.verdichtet.at\/?p=9219\">Erster Fr\u00fchlingstag<\/a><\/h2>\n\n\t\t\t\t<div class=\"su-post-meta\">\n\t\t\t\t\tVer\u00f6ffentlicht: 4. Januar 2019\t\t\t\t<\/div>\n\n\t\t\t\t<div class=\"su-post-excerpt\">\n\t\t\t\t\t<p>V\u00f6gel zwitschern Tweets durch das Glas, klar blicke ich durch, zu Gr\u00e4sern Langsames Wachstum, langsam wird es heller, er verl\u00e4sst mich Er startet das Motorrad, f\u00e4hrt \u00fcber H\u00fcgel und Stra\u00dfen Mein Motor ist der Fr\u00fchling Florian Pfeffer www.verdichtet.at |\u00a0Kategorie: An Tagen wie diesen | Inventarnummer: 19020<\/p>\n\t\t\t\t<\/div>\n\n\t\t\t\t\t\t\t\t\t<a href=\"https:\/\/www.verdichtet.at\/?p=9219#respond\" class=\"su-post-comments-link\">0 Kommentare<\/a>\n\t\t\t\t\n\t\t\t<\/div>\n\n\t\t\t\t\t\n\t\t\t\n\t\t\t<div id=\"su-post-8489\" class=\"su-post \">\n\n\t\t\t\t\n\t\t\t\t<h2 class=\"su-post-title\"><a href=\"https:\/\/www.verdichtet.at\/?p=8489\">Erwarten k\u00f6nnen (B\u00fchnenversion)<\/a><\/h2>\n\n\t\t\t\t<div class=\"su-post-meta\">\n\t\t\t\t\tVer\u00f6ffentlicht: 10. August 2018\t\t\t\t<\/div>\n\n\t\t\t\t<div class=\"su-post-excerpt\">\n\t\t\t\t\t<p>Drei Personen: Sprecher\/in (Text in Schwarz) Marek, der tschechische Kellner (Text in Blau) Jana, der Gast (Text in Rot) Auch heute wurde Jana wieder der kleine Ecktisch zugewiesen. Von dort bot sich der beste Blick in das Lokal, von hier aus konnte man die anderen G\u00e4ste beobachten, aber auch hinaus auf den Hauptplatz blicken. Das [&hellip;]<\/p>\n\t\t\t\t<\/div>\n\n\t\t\t\t\t\t\t\t\t<a href=\"https:\/\/www.verdichtet.at\/?p=8489#respond\" class=\"su-post-comments-link\">0 Kommentare<\/a>\n\t\t\t\t\n\t\t\t<\/div>\n\n\t\t\t\t\t\n\t\t\t\n\t\t\t<div id=\"su-post-7801\" class=\"su-post \">\n\n\t\t\t\t\n\t\t\t\t<h2 class=\"su-post-title\"><a href=\"https:\/\/www.verdichtet.at\/?p=7801\">Sonnenstrahlen<\/a><\/h2>\n\n\t\t\t\t<div class=\"su-post-meta\">\n\t\t\t\t\tVer\u00f6ffentlicht: 8. April 2018\t\t\t\t<\/div>\n\n\t\t\t\t<div class=\"su-post-excerpt\">\n\t\t\t\t\t<p>Verschwunden ist er, f\u00fcr Minuten, Sekunden, weit weg, bei Unwettern, es scheint die Sonne Florian Pfeffer www.verdichtet.at |\u00a0Kategorie: An Tagen wie diesen | Inventarnummer: 18040<\/p>\n\t\t\t\t<\/div>\n\n\t\t\t\t\t\t\t\t\t<a href=\"https:\/\/www.verdichtet.at\/?p=7801#respond\" class=\"su-post-comments-link\">0 Kommentare<\/a>\n\t\t\t\t\n\t\t\t<\/div>\n\n\t\t\t\t\t\n\t\t\t\n\t\t\t<div id=\"su-post-7071\" class=\"su-post \">\n\n\t\t\t\t\n\t\t\t\t<h2 class=\"su-post-title\"><a href=\"https:\/\/www.verdichtet.at\/?p=7071\">Regen \u00fcber der Stadt<\/a><\/h2>\n\n\t\t\t\t<div class=\"su-post-meta\">\n\t\t\t\t\tVer\u00f6ffentlicht: 6. Oktober 2017\t\t\t\t<\/div>\n\n\t\t\t\t<div class=\"su-post-excerpt\">\n\t\t\t\t\t<p>Er sickert, in graue L\u00f6cher, Pf\u00fctzen spiegeln, Das wenige Gr\u00fcn w\u00e4chst, es duftet, Schmutz verblasst, Die Waschstra\u00dfe ist eingeschaltet Florian Pfeffer www.verdichtet.at |\u00a0Kategorie:\u00a0an Tagen wie diesen | Inventarnummer: 17175<\/p>\n\t\t\t\t<\/div>\n\n\t\t\t\t\t\t\t\t\t<a href=\"https:\/\/www.verdichtet.at\/?p=7071#respond\" class=\"su-post-comments-link\">0 Kommentare<\/a>\n\t\t\t\t\n\t\t\t<\/div>\n\n\t\t\t\t\t\n\t\t\t\n\t\t\t<div id=\"su-post-6970\" class=\"su-post \">\n\n\t\t\t\t\n\t\t\t\t<h2 class=\"su-post-title\"><a href=\"https:\/\/www.verdichtet.at\/?p=6970\">Lampen, Uhren und Geschichten<\/a><\/h2>\n\n\t\t\t\t<div class=\"su-post-meta\">\n\t\t\t\t\tVer\u00f6ffentlicht: 30. August 2017\t\t\t\t<\/div>\n\n\t\t\t\t<div class=\"su-post-excerpt\">\n\t\t\t\t\t<p>Es ist 22 Uhr 24. Grell. Der Schein meiner Schreibtischlampe irritiert mich. Seit genau einer Stunde starre ich nun auf das leere Blatt Papier vor mir. Nichts. Immer noch nichts. Eine Stunde und nichts. In ziemlich genau zwanzig Minuten wird sie nach Hause kommen, und ich muss meine Arbeit beenden. Gezwungenerma\u00dfen. Sie h\u00e4lt nicht viel [&hellip;]<\/p>\n\t\t\t\t<\/div>\n\n\t\t\t\t\t\t\t\t\t<a href=\"https:\/\/www.verdichtet.at\/?p=6970#respond\" class=\"su-post-comments-link\">0 Kommentare<\/a>\n\t\t\t\t\n\t\t\t<\/div>\n\n\t\t\t\t\t\n\t\t\t\n\t\t\t<div id=\"su-post-6842\" class=\"su-post \">\n\n\t\t\t\t\n\t\t\t\t<h2 class=\"su-post-title\"><a href=\"https:\/\/www.verdichtet.at\/?p=6842\">Auf den Pelz ger\u00fcckt<\/a><\/h2>\n\n\t\t\t\t<div class=\"su-post-meta\">\n\t\t\t\t\tVer\u00f6ffentlicht: 10. August 2017\t\t\t\t<\/div>\n\n\t\t\t\t<div class=\"su-post-excerpt\">\n\t\t\t\t\t<p>Meinen Job, den h\u00e4tte ich beinahe durch schlichte Schlamperei verloren. Sie wollen wissen, wie das in einer gem\u00e4chlichen Kultureinrichtung wie dem Dorotheum passieren kann? Also gut. Jeweils eine Woche vor den Versteigerungsterminen werden die Exponate zur Besichtigung dargeboten, potenzielle Interessenten k\u00f6nnen diese aus der N\u00e4he begutachten und f\u00fcr sich eine Vorentscheidung treffen, manches verwerfen, anderes [&hellip;]<\/p>\n\t\t\t\t<\/div>\n\n\t\t\t\t\t\t\t\t\t<a href=\"https:\/\/www.verdichtet.at\/?p=6842#respond\" class=\"su-post-comments-link\">0 Kommentare<\/a>\n\t\t\t\t\n\t\t\t<\/div>\n\n\t\t\t\t\t\n\t\t\t\n\t\t\t<div id=\"su-post-6479\" class=\"su-post \">\n\n\t\t\t\t\n\t\t\t\t<h2 class=\"su-post-title\"><a href=\"https:\/\/www.verdichtet.at\/?p=6479\">Ein Alltag ist das heute<\/a><\/h2>\n\n\t\t\t\t<div class=\"su-post-meta\">\n\t\t\t\t\tVer\u00f6ffentlicht: 9. Mai 2017\t\t\t\t<\/div>\n\n\t\t\t\t<div class=\"su-post-excerpt\">\n\t\t\t\t\t<p>Langweilig hin und zur\u00fcck, Fernseher an und aus, selbe Zeit, anderes Gerede, Podcasts sind abonniert, aber im R\u00fcckstand Teppiche aus alter Zeit haben das Fliegen verlernt, Liegen tot und ausgebleicht am Boden, Auf dem roten Sofa bildet sich ein Bart, Der Metallrahmen am Bett ist zur tr\u00fcben Pupille geworden Florian Pfeffer www.verdichtet.at | Kategorie:\u00a0an Tagen [&hellip;]<\/p>\n\t\t\t\t<\/div>\n\n\t\t\t\t\t\t\t\t\t<a href=\"https:\/\/www.verdichtet.at\/?p=6479#respond\" class=\"su-post-comments-link\">0 Kommentare<\/a>\n\t\t\t\t\n\t\t\t<\/div>\n\n\t\t\t\t\t\n\t\t\t\n\t\t\t<div id=\"su-post-5841\" class=\"su-post \">\n\n\t\t\t\t\n\t\t\t\t<h2 class=\"su-post-title\"><a href=\"https:\/\/www.verdichtet.at\/?p=5841\">Schnurrhaar<\/a><\/h2>\n\n\t\t\t\t<div class=\"su-post-meta\">\n\t\t\t\t\tVer\u00f6ffentlicht: 8. Januar 2017\t\t\t\t<\/div>\n\n\t\t\t\t<div class=\"su-post-excerpt\">\n\t\t\t\t\t<p>Ein Hund und ein Mensch, viele Hunde, viele Menschen, Fl\u00fcssigkeiten und ohrenbet\u00e4ubendes Grollen, quietschend rauscht er mit seinesgleichen, durch tausend Tunnel, der selbe unverd\u00fcnnte Saft, Putzt sich gr\u00fcndlich, betrachtet seine Pfoten, eine Dose mit Sarma, schnurrend und essend, danach schl\u00e4frig Im Spiegelbild fragt er sich, was es eigentlich ist Keine Antwort Er geht spielen mit [&hellip;]<\/p>\n\t\t\t\t<\/div>\n\n\t\t\t\t\t\t\t\t\t<a href=\"https:\/\/www.verdichtet.at\/?p=5841#respond\" class=\"su-post-comments-link\">0 Kommentare<\/a>\n\t\t\t\t\n\t\t\t<\/div>\n\n\t\t\t\t\t\n\t\t\t\n\t\t\t<div id=\"su-post-5151\" class=\"su-post \">\n\n\t\t\t\t\n\t\t\t\t<h2 class=\"su-post-title\"><a href=\"https:\/\/www.verdichtet.at\/?p=5151\">Heute trinke ich meinen Kaffee kalt<\/a><\/h2>\n\n\t\t\t\t<div class=\"su-post-meta\">\n\t\t\t\t\tVer\u00f6ffentlicht: 28. September 2016\t\t\t\t<\/div>\n\n\t\t\t\t<div class=\"su-post-excerpt\">\n\t\t\t\t\t<p>6 Uhr 20, der Wecker geht ab. Wie jeden Tag qu\u00e4le ich mich aus dem Bett. Meine Augen sind m\u00fcde, mein K\u00f6rper schwer. Ich ziehe mich an, gehe in die K\u00fcche und richte mir mein Fr\u00fchst\u00fcck. Wie jeden Tag streiche ich ein Honigbrot und trinke eine Tasse Kaffee mit einem Schuss Milch. Der n\u00e4chste Griff [&hellip;]<\/p>\n\t\t\t\t<\/div>\n\n\t\t\t\t\t\t\t\t\t<a href=\"https:\/\/www.verdichtet.at\/?p=5151#respond\" class=\"su-post-comments-link\">0 Kommentare<\/a>\n\t\t\t\t\n\t\t\t<\/div>\n\n\t\t\t\t\t\n\t\t\t\n\t\t\t<div id=\"su-post-4190\" class=\"su-post \">\n\n\t\t\t\t\n\t\t\t\t<h2 class=\"su-post-title\"><a href=\"https:\/\/www.verdichtet.at\/?p=4190\">Das Wespennest<\/a><\/h2>\n\n\t\t\t\t<div class=\"su-post-meta\">\n\t\t\t\t\tVer\u00f6ffentlicht: 13. M\u00e4rz 2016\t\t\t\t<\/div>\n\n\t\t\t\t<div class=\"su-post-excerpt\">\n\t\t\t\t\t<p>Ein sonniger Fr\u00fchsommernachmittag hatte sich auf den sanften H\u00fcgeln und gr\u00fcnen Wiesen des kleinen s\u00fcdburgenl\u00e4ndischen Ortes niedergetan. Bienen summten, V\u00f6gel zwitscherten in den Ge\u00e4sten zahlloser Obstb\u00e4ume und Schmetterlinge tanzten \u00fcber bunte Wiesenblumen. Eben durch diese Idylle qu\u00e4lte sich Maurermeister Josef Lagler samt seinen einhundertzwei Kilo m\u00fchsam den steilen Weg zu seinem neuen Einsatzort hinauf. Eine [&hellip;]<\/p>\n\t\t\t\t<\/div>\n\n\t\t\t\t\t\t\t\t\t<a href=\"https:\/\/www.verdichtet.at\/?p=4190#respond\" class=\"su-post-comments-link\">0 Kommentare<\/a>\n\t\t\t\t\n\t\t\t<\/div>\n\n\t\t\t\t\t\n\t\t\t\n\t\t\t<div id=\"su-post-3398\" class=\"su-post \">\n\n\t\t\t\t\n\t\t\t\t<h2 class=\"su-post-title\"><a href=\"https:\/\/www.verdichtet.at\/?p=3398\">Vom Stinken und St\u00e4nkern<\/a><\/h2>\n\n\t\t\t\t<div class=\"su-post-meta\">\n\t\t\t\t\tVer\u00f6ffentlicht: 13. Oktober 2015\t\t\t\t<\/div>\n\n\t\t\t\t<div class=\"su-post-excerpt\">\n\t\t\t\t\t<p>\u201eDu stinkst ja erb\u00e4rmlich! H\u00f6rst du, ich rede mit dir.\u201c Sie hatte ihr unbekannte Gegenden Wiens auf dem Stadtplan betrachtet, w\u00e4hrend sie auf die U-Bahn gewartet hatte. In der Station hatte es nach Abfall gerochen. \u201eGeh dich duschen! Du bist so grindig.\u201c Hatte der junge Bursche mit ihr gesprochen? Unsicher hatte sie den Kopf zur [&hellip;]<\/p>\n\t\t\t\t<\/div>\n\n\t\t\t\t\t\t\t\t\t<a href=\"https:\/\/www.verdichtet.at\/?p=3398#respond\" class=\"su-post-comments-link\">0 Kommentare<\/a>\n\t\t\t\t\n\t\t\t<\/div>\n\n\t\t\t\t\t\n\t\t\t\n\t\t\t<div id=\"su-post-3172\" class=\"su-post \">\n\n\t\t\t\t\n\t\t\t\t<h2 class=\"su-post-title\"><a href=\"https:\/\/www.verdichtet.at\/?p=3172\">Schwarz\/Wei\u00df<\/a><\/h2>\n\n\t\t\t\t<div class=\"su-post-meta\">\n\t\t\t\t\tVer\u00f6ffentlicht: 12. September 2015\t\t\t\t<\/div>\n\n\t\t\t\t<div class=\"su-post-excerpt\">\n\t\t\t\t\t<p>Erdr\u00fcckt in der Ecke Sonne scheint seit Tagen Gesichter wirken leer Warmer Wind singt Lieder von einer besseren Zeit Kalte maschinelle Bewegungen \u00fcber ein Pult wird mir die SV- Karte gereicht Telefongespr\u00e4che sind mit dir sehr angenehm und sie beruhigen m\u00fcde Augen verm\u00f6gen seit Tagen keine Seite mehr lesen Ein sch\u00f6nes Gesicht hast du kann [&hellip;]<\/p>\n\t\t\t\t<\/div>\n\n\t\t\t\t\t\t\t\t\t<a href=\"https:\/\/www.verdichtet.at\/?p=3172#respond\" class=\"su-post-comments-link\">0 Kommentare<\/a>\n\t\t\t\t\n\t\t\t<\/div>\n\n\t\t\t\t\t\n\t\t\t\n\t\t\t<div id=\"su-post-3238\" class=\"su-post \">\n\n\t\t\t\t\n\t\t\t\t<h2 class=\"su-post-title\"><a href=\"https:\/\/www.verdichtet.at\/?p=3238\">Das Examen<\/a><\/h2>\n\n\t\t\t\t<div class=\"su-post-meta\">\n\t\t\t\t\tVer\u00f6ffentlicht: 20. September 2015\t\t\t\t<\/div>\n\n\t\t\t\t<div class=\"su-post-excerpt\">\n\t\t\t\t\t<p>Es war bei Gott kein Tag f\u00fcr eine Pr\u00fcfung. Der St\u00f6rungseinfluss hatte weiter zugenommen. An der Alpennordseite war es seit Tagen schon bew\u00f6lkt mit zeitweisem Schneefall. Morgen sollte es noch schlimmer kommen. Das nasskalte Wetter machte Rheumatikern ohnedies schon genug zu schaffen. Kurt qu\u00e4lte sich die Treppe zur Universit\u00e4t hoch, seine fertige Diplomarbeit, gebunden, in [&hellip;]<\/p>\n\t\t\t\t<\/div>\n\n\t\t\t\t\t\t\t\t\t<a href=\"https:\/\/www.verdichtet.at\/?p=3238#respond\" class=\"su-post-comments-link\">0 Kommentare<\/a>\n\t\t\t\t\n\t\t\t<\/div>\n\n\t\t\t\t\t\n\t\t\t\n\t\t\t<div id=\"su-post-564\" class=\"su-post \">\n\n\t\t\t\t\n\t\t\t\t<h2 class=\"su-post-title\"><a href=\"https:\/\/www.verdichtet.at\/?p=564\">Mein Arbeitstag beginnt \u2013 aus dem Leben einer Bibliothekarin<\/a><\/h2>\n\n\t\t\t\t<div class=\"su-post-meta\">\n\t\t\t\t\tVer\u00f6ffentlicht: 12. Dezember 2013\t\t\t\t<\/div>\n\n\t\t\t\t<div class=\"su-post-excerpt\">\n\t\t\t\t\t<p>Als ich noch Sch\u00fclerin war, haben meine Eltern immer zu mir gesagt: \u201eLerne, sonst wirst du als Melkerin arbeiten und die m\u00fcssen wegen der K\u00fche um 3 Uhr 30 aufstehen!\u201c Ich habe den Rat meiner Eltern befolgt. Ich habe akademische Ausbildung. Ich stehe morgens um 4 Uhr auf. Morgens \u2013 4 Uhr, mein Wecker schrillt. [&hellip;]<\/p>\n\t\t\t\t<\/div>\n\n\t\t\t\t\t\t\t\t\t<a href=\"https:\/\/www.verdichtet.at\/?p=564#respond\" class=\"su-post-comments-link\">0 Kommentare<\/a>\n\t\t\t\t\n\t\t\t<\/div>\n\n\t\t\t\t\t\n\t\t\t\n\t\t\t<div id=\"su-post-1925\" class=\"su-post \">\n\n\t\t\t\t\n\t\t\t\t<h2 class=\"su-post-title\"><a href=\"https:\/\/www.verdichtet.at\/?p=1925\">Erwarten k\u00f6nnen<\/a><\/h2>\n\n\t\t\t\t<div class=\"su-post-meta\">\n\t\t\t\t\tVer\u00f6ffentlicht: 21. Dezember 2014\t\t\t\t<\/div>\n\n\t\t\t\t<div class=\"su-post-excerpt\">\n\t\t\t\t\t<p>Auch heute wurde Mathilda wieder der h\u00fcbsche kleine Ecktisch zugewiesen. Von dort bot sich der beste aller Ausblicke auf die blassgr\u00fcnen Kupferd\u00e4cher der Altstadt Salzburgs. Kleinere und gr\u00f6\u00dfere Gr\u00fcnspanfl\u00e4chen hier und dort gl\u00e4nzten ihr an diesem nasskalten, sp\u00e4ten Winternachmittag entgegen. Die D\u00e4cher spektakul\u00e4r \u00fcberragt vom barocken Dom, und all das dominiert von der imposanten Festung. [&hellip;]<\/p>\n\t\t\t\t<\/div>\n\n\t\t\t\t\t\t\t\t\t<a href=\"https:\/\/www.verdichtet.at\/?p=1925#respond\" class=\"su-post-comments-link\">0 Kommentare<\/a>\n\t\t\t\t\n\t\t\t<\/div>\n\n\t\t\t\t\t\n\t\t\t\n\t\t\t<div id=\"su-post-1811\" class=\"su-post \">\n\n\t\t\t\t\n\t\t\t\t<h2 class=\"su-post-title\"><a href=\"https:\/\/www.verdichtet.at\/?p=1811\">Allerhand zu Allerheiligen! (Und Irmtraud h\u00e4tte nichts dagegen.)<\/a><\/h2>\n\n\t\t\t\t<div class=\"su-post-meta\">\n\t\t\t\t\tVer\u00f6ffentlicht: 3. November 2014\t\t\t\t<\/div>\n\n\t\t\t\t<div class=\"su-post-excerpt\">\n\t\t\t\t\t<p>Dass er es w\u00e4re, der einmal \u00fcbrig blieb, h\u00e4tte er nicht gedacht. Er zog ein wei\u00dfes Hemd aus dem Haufen schmutziger W\u00e4sche, die sich in den letzten Wochen angesammelt hatte. Dieses hier w\u00fcrde noch einmal zu tragen sein, der Kragen war sauber, er k\u00f6nnte einfach einen Pullover dar\u00fcber anziehen. Seine H\u00e4nde zitterten ein wenig, als [&hellip;]<\/p>\n\t\t\t\t<\/div>\n\n\t\t\t\t\t\t\t\t\t<a href=\"https:\/\/www.verdichtet.at\/?p=1811#respond\" class=\"su-post-comments-link\">0 Kommentare<\/a>\n\t\t\t\t\n\t\t\t<\/div>\n\n\t\t\t\t\t\n\t\t\t\n\t\t\t<div id=\"su-post-893\" class=\"su-post \">\n\n\t\t\t\t\n\t\t\t\t<h2 class=\"su-post-title\"><a href=\"https:\/\/www.verdichtet.at\/?p=893\">Im Salzburgerischen<\/a><\/h2>\n\n\t\t\t\t<div class=\"su-post-meta\">\n\t\t\t\t\tVer\u00f6ffentlicht: 25. Januar 2014\t\t\t\t<\/div>\n\n\t\t\t\t<div class=\"su-post-excerpt\">\n\t\t\t\t\t<p>Wie, fragte mich Riemer einst im Salzburgerischen, ich etwas schreiben k\u00f6nne, ohne dabei etwas von mir preiszugeben. Wie, fuhr er fort, damals am Fu\u00dfe des Salzburger M\u00f6chsbergs spazierend, mir einfallen k\u00f6nne, das von mir Geschriebene habe auch nur den geringsten Wert. Was, und er wurde dabei laut, mir eigentlich einfalle, mich eigentlich auf den Gedanken, [&hellip;]<\/p>\n\t\t\t\t<\/div>\n\n\t\t\t\t\t\t\t\t\t<a href=\"https:\/\/www.verdichtet.at\/?p=893#respond\" class=\"su-post-comments-link\">0 Kommentare<\/a>\n\t\t\t\t\n\t\t\t<\/div>\n\n\t\t\t\t\t\n\t\t\t\n\t\t\t<div id=\"su-post-858\" class=\"su-post \">\n\n\t\t\t\t\n\t\t\t\t<h2 class=\"su-post-title\"><a href=\"https:\/\/www.verdichtet.at\/?p=858\">R\u00f6mische Briefe<\/a><\/h2>\n\n\t\t\t\t<div class=\"su-post-meta\">\n\t\t\t\t\tVer\u00f6ffentlicht: 22. Januar 2014\t\t\t\t<\/div>\n\n\t\t\t\t<div class=\"su-post-excerpt\">\n\t\t\t\t\t<p>Der junge Tourist, Pius Lenz, sa\u00df an einem dreiundzwanzigsten August, nur wenige Stunden nachdem er auf der sogenannten Spanischen Treppe sitzend, am Fu\u00dfe des eindrucksvollen Istituto Sacro Cuore Trinit\u00e0 dei Monti, einen Gedichtband zu Ende gelesen hatte, in der Via Toscana f\u00fcnf, nur unweit der sogenannten Spanischen Treppe, im Commissariato Castro Pretorio und wurde zum [&hellip;]<\/p>\n\t\t\t\t<\/div>\n\n\t\t\t\t\t\t\t\t\t<a href=\"https:\/\/www.verdichtet.at\/?p=858#respond\" class=\"su-post-comments-link\">0 Kommentare<\/a>\n\t\t\t\t\n\t\t\t<\/div>\n\n\t\t\t\t\t\n\t\t\t\n\t\t\t<div id=\"su-post-768\" class=\"su-post \">\n\n\t\t\t\t\n\t\t\t\t<h2 class=\"su-post-title\"><a href=\"https:\/\/www.verdichtet.at\/?p=768\">Schneeschippen<\/a><\/h2>\n\n\t\t\t\t<div class=\"su-post-meta\">\n\t\t\t\t\tVer\u00f6ffentlicht: 13. Januar 2014\t\t\t\t<\/div>\n\n\t\t\t\t<div class=\"su-post-excerpt\">\n\t\t\t\t\t<p>Es war sechs Uhr morgens und man schickte uns Schnee schippen. Walther und ich nahmen uns beide eine gro\u00dfe Schaufel und traten hinaus. Der eisige Wind schnitt uns unangenehm ins Gesicht. Und es schneite noch immer. Die ganze Nacht \u00fcber waren dicke Flocken vom Himmel gefallen, die Schneedecke war jetzt beinahe kniehoch. So hatte ich [&hellip;]<\/p>\n\t\t\t\t<\/div>\n\n\t\t\t\t\t\t\t\t\t<a href=\"https:\/\/www.verdichtet.at\/?p=768#respond\" class=\"su-post-comments-link\">0 Kommentare<\/a>\n\t\t\t\t\n\t\t\t<\/div>\n\n\t\t\t\t\t\n\t\t\t\n\t\t\t<div id=\"su-post-283\" class=\"su-post \">\n\n\t\t\t\t\n\t\t\t\t<h2 class=\"su-post-title\"><a href=\"https:\/\/www.verdichtet.at\/?p=283\">Junge T\u00e4nzer<\/a><\/h2>\n\n\t\t\t\t<div class=\"su-post-meta\">\n\t\t\t\t\tVer\u00f6ffentlicht: 28. November 2013\t\t\t\t<\/div>\n\n\t\t\t\t<div class=\"su-post-excerpt\">\n\t\t\t\t\t<p>Auf der Beerdigung von Hans\u2018 Vater ging beim Leichenschmaus das Bier aus. Der Wirt hatte vergessen, genug zu bestellen und nicht damit gerechnet, dass Hans\u2018 Freunde so viel trinken w\u00fcrden. Es war Hans\u2018 Wunsch gewesen, sich mit ihm bis zur Besinnungslosigkeit zu betrinken. Nachdem der letzte Tropfen ausgeschenkt und ausgetrunken war, zogen Hans, der keinen [&hellip;]<\/p>\n\t\t\t\t<\/div>\n\n\t\t\t\t\t\t\t\t\t<a href=\"https:\/\/www.verdichtet.at\/?p=283#respond\" class=\"su-post-comments-link\">0 Kommentare<\/a>\n\t\t\t\t\n\t\t\t<\/div>\n\n\t\t\t\t\t\n\t\t\t\n\t\t\t<div id=\"su-post-137\" class=\"su-post \">\n\n\t\t\t\t\n\t\t\t\t<h2 class=\"su-post-title\"><a href=\"https:\/\/www.verdichtet.at\/?p=137\">Roman<\/a><\/h2>\n\n\t\t\t\t<div class=\"su-post-meta\">\n\t\t\t\t\tVer\u00f6ffentlicht: 24. November 2013\t\t\t\t<\/div>\n\n\t\t\t\t<div class=\"su-post-excerpt\">\n\t\t\t\t\t<p>Die kalte Jahreszeit herrschte nun mit eisernem Griff. Temperaturen weit unter dem Gefrierpunkt lie\u00dfen Romans Schritte schneller und schneller werden. Es war mittlerweile dunkel geworden in der Mozartstadt und man sah kaum noch Menschen auf den verschneiten Gehsteigen. Endlich, Roman war an der Pforte seines Wohnhauses angekommen. Hastig kramte der Blondschopf in den Taschen seiner [&hellip;]<\/p>\n\t\t\t\t<\/div>\n\n\t\t\t\t\t\t\t\t\t<a href=\"https:\/\/www.verdichtet.at\/?p=137#respond\" class=\"su-post-comments-link\">0 Kommentare<\/a>\n\t\t\t\t\n\t\t\t<\/div>\n\n\t\t\t\t\t\n\t\t\t\n\t\t\t<div id=\"su-post-167\" class=\"su-post \">\n\n\t\t\t\t\n\t\t\t\t<h2 class=\"su-post-title\"><a href=\"https:\/\/www.verdichtet.at\/?p=167\">Alles offen \u2013 an Tagen wie diesem<\/a><\/h2>\n\n\t\t\t\t<div class=\"su-post-meta\">\n\t\t\t\t\tVer\u00f6ffentlicht: 25. November 2013\t\t\t\t<\/div>\n\n\t\t\t\t<div class=\"su-post-excerpt\">\n\t\t\t\t\t<p>Es gibt Tage, da ist man gezwungen, grunds\u00e4tzliche Entscheidungen zu treffen, durch die man sich selbst ein bisschen besser kennen lernt. Was ist mir wichtig, wof\u00fcr stehe ich, wer bin ich, das alles kl\u00e4rt sich mit und aufgrund dieser Entscheidung. Und genau so ein Tag war dieser, auch wenn es zu Beginn gar nicht danach [&hellip;]<\/p>\n\t\t\t\t<\/div>\n\n\t\t\t\t\t\t\t\t\t<a href=\"https:\/\/www.verdichtet.at\/?p=167#respond\" class=\"su-post-comments-link\">0 Kommentare<\/a>\n\t\t\t\t\n\t\t\t<\/div>\n\n\t\t\n\t\n<\/div>\n\n","protected":false},"excerpt":{"rendered":"","protected":false},"author":4,"featured_media":0,"parent":405,"menu_order":0,"comment_status":"closed","ping_status":"closed","template":"","meta":{"footnotes":""},"class_list":["post-408","page","type-page","status-publish","hentry"],"_links":{"self":[{"href":"https:\/\/www.verdichtet.at\/index.php?rest_route=\/wp\/v2\/pages\/408","targetHints":{"allow":["GET"]}}],"collection":[{"href":"https:\/\/www.verdichtet.at\/index.php?rest_route=\/wp\/v2\/pages"}],"about":[{"href":"https:\/\/www.verdichtet.at\/index.php?rest_route=\/wp\/v2\/types\/page"}],"author":[{"embeddable":true,"href":"https:\/\/www.verdichtet.at\/index.php?rest_route=\/wp\/v2\/users\/4"}],"replies":[{"embeddable":true,"href":"https:\/\/www.verdichtet.at\/index.php?rest_route=%2Fwp%2Fv2%2Fcomments&post=408"}],"version-history":[{"count":2,"href":"https:\/\/www.verdichtet.at\/index.php?rest_route=\/wp\/v2\/pages\/408\/revisions"}],"predecessor-version":[{"id":1629,"href":"https:\/\/www.verdichtet.at\/index.php?rest_route=\/wp\/v2\/pages\/408\/revisions\/1629"}],"up":[{"embeddable":true,"href":"https:\/\/www.verdichtet.at\/index.php?rest_route=\/wp\/v2\/pages\/405"}],"wp:attachment":[{"href":"https:\/\/www.verdichtet.at\/index.php?rest_route=%2Fwp%2Fv2%2Fmedia&parent=408"}],"curies":[{"name":"wp","href":"https:\/\/api.w.org\/{rel}","templated":true}]}}