{"id":3365,"date":"2015-10-09T16:34:57","date_gmt":"2015-10-09T16:34:57","guid":{"rendered":"http:\/\/www.verdichtet.at\/?page_id=3365"},"modified":"2015-10-09T16:47:30","modified_gmt":"2015-10-09T16:47:30","slug":"anno","status":"publish","type":"page","link":"https:\/\/www.verdichtet.at\/?page_id=3365","title":{"rendered":"anno"},"content":{"rendered":"<div class=\"pdfprnt-buttons pdfprnt-buttons-page pdfprnt-top-right\"><a href=\"https:\/\/www.verdichtet.at\/index.php?rest_route=wpv2pages3365&print=pdf\" class=\"pdfprnt-button pdfprnt-button-pdf\" target=\"_blank\"><\/a><a href=\"https:\/\/www.verdichtet.at\/index.php?rest_route=wpv2pages3365&print=print\" class=\"pdfprnt-button pdfprnt-button-print\" target=\"_blank\"><\/a><\/div>\n\n<div class=\"su-posts su-posts-default-loop \">\n\n\t\n\t\t\t\t\t\n\t\t\t\n\t\t\t<div id=\"su-post-21434\" class=\"su-post \">\n\n\t\t\t\t\n\t\t\t\t<h2 class=\"su-post-title\"><a href=\"https:\/\/www.verdichtet.at\/?p=21434\">Souvenirs in meinem alten Schulbuch<\/a><\/h2>\n\n\t\t\t\t<div class=\"su-post-meta\">\n\t\t\t\t\tVer\u00f6ffentlicht: 25. November 2025\t\t\t\t<\/div>\n\n\t\t\t\t<div class=\"su-post-excerpt\">\n\t\t\t\t\t<p>Das einzige Schulbuch,das ich aufbewahrt habe,ist randvoll mit wohlbekannten Geschichten, Gedichten,teils lustig, teils spannend.Beim Durchbl\u00e4ttern rieselndrei Klatschmohn- und zwei Kornblumenbl\u00fctenheraus, sorgsam gepresst,sowie ein dunkelgr\u00fcn verf\u00e4rbtesvierbl\u00e4ttriges Kleeblatt. \u2013Unerwartete, willkommene Souvenirs,die mich die gedruckten Seiten vergessen lassen:Vor meinem geistigen Augeerscheinen Schnappsch\u00fcsse meiner Jungen-Jahre in hellen Farben \u2013die Wildblumen lassen mich noch einmalmit meinen Cousins und Cousinen spielenim [&hellip;]<\/p>\n\t\t\t\t<\/div>\n\n\t\t\t\t\t\t\t\t\t<a href=\"https:\/\/www.verdichtet.at\/?p=21434#comments\" class=\"su-post-comments-link\">4 comments<\/a>\n\t\t\t\t\n\t\t\t<\/div>\n\n\t\t\t\t\t\n\t\t\t\n\t\t\t<div id=\"su-post-20847\" class=\"su-post \">\n\n\t\t\t\t\n\t\t\t\t<h2 class=\"su-post-title\"><a href=\"https:\/\/www.verdichtet.at\/?p=20847\">Die kleine Stadt an der Moldau<\/a><\/h2>\n\n\t\t\t\t<div class=\"su-post-meta\">\n\t\t\t\t\tVer\u00f6ffentlicht: 2. September 2025\t\t\t\t<\/div>\n\n\t\t\t\t<div class=\"su-post-excerpt\">\n\t\t\t\t\t<p>Eines Tages las ich von der fr\u00fcheren j\u00fcdischen Gemeinde in dem kleinen Ort Rosenberg \u2013 tschechisch Ro\u017emberk \u2013, der idyllisch an der Moldau liegt, \u00fcberragt von der Burg. Bald darauf fuhr ich mit dem Auto hin. Ich nahm Elsbeth mit, die auch daran interessiert war, den Ort und den kleinen j\u00fcdischen Friedhof kennen\u00adzulernen. Sie ist [&hellip;]<\/p>\n\t\t\t\t<\/div>\n\n\t\t\t\t\t\t\t\t\t<a href=\"https:\/\/www.verdichtet.at\/?p=20847#respond\" class=\"su-post-comments-link\">0 Kommentare<\/a>\n\t\t\t\t\n\t\t\t<\/div>\n\n\t\t\t\t\t\n\t\t\t\n\t\t\t<div id=\"su-post-20817\" class=\"su-post \">\n\n\t\t\t\t\n\t\t\t\t<h2 class=\"su-post-title\"><a href=\"https:\/\/www.verdichtet.at\/?p=20817\">Das L\u00e4cheln des Delfins<\/a><\/h2>\n\n\t\t\t\t<div class=\"su-post-meta\">\n\t\t\t\t\tVer\u00f6ffentlicht: 28. August 2025\t\t\t\t<\/div>\n\n\t\t\t\t<div class=\"su-post-excerpt\">\n\t\t\t\t\t<p>um dein L\u00e4cheln zu verstehenjunge HolikinTochter von Holifinmuss ich den Riesenrochen kennenund den Hieb seines Schwanzesder direkt ins Herz trifftwie das Messerdas den Abschiedsbriefmeiner Geliebten \u00f6ffnet auch muss ich die Haiehier in der Buchtvon Monkey Mia sehenund die Narben die sieauf den Flossen deiner Mutterhinterlassen habenTapferkeitsmedaillendie sie nie wolltef\u00fcr die ihr nichtt\u00f6ten w\u00fcrdetdie euch aberunterscheidenvon [&hellip;]<\/p>\n\t\t\t\t<\/div>\n\n\t\t\t\t\t\t\t\t\t<a href=\"https:\/\/www.verdichtet.at\/?p=20817#comments\" class=\"su-post-comments-link\">2 comments<\/a>\n\t\t\t\t\n\t\t\t<\/div>\n\n\t\t\t\t\t\n\t\t\t\n\t\t\t<div id=\"su-post-19969\" class=\"su-post \">\n\n\t\t\t\t\n\t\t\t\t<h2 class=\"su-post-title\"><a href=\"https:\/\/www.verdichtet.at\/?p=19969\">In der Vergangenheit<\/a><\/h2>\n\n\t\t\t\t<div class=\"su-post-meta\">\n\t\t\t\t\tVer\u00f6ffentlicht: 1. Mai 2025\t\t\t\t<\/div>\n\n\t\t\t\t<div class=\"su-post-excerpt\">\n\t\t\t\t\t<p>Ich kann den Mann angreifen, aber ihn wegzusto\u00dfen oder ihn zu mir zu ziehen ist unm\u00f6glich. Das Bild von ihm zittert. Denn der Mann ist nicht bei mir, sondern nur sein Bild, und das liegt in der Vergangenheit. Johannes Tosin (Text und Foto) www.verdichtet.at |\u00a0Kategorie: anno | Inventarnummer: 25105<\/p>\n\t\t\t\t<\/div>\n\n\t\t\t\t\t\t\t\t\t<a href=\"https:\/\/www.verdichtet.at\/?p=19969#respond\" class=\"su-post-comments-link\">0 Kommentare<\/a>\n\t\t\t\t\n\t\t\t<\/div>\n\n\t\t\t\t\t\n\t\t\t\n\t\t\t<div id=\"su-post-20702\" class=\"su-post \">\n\n\t\t\t\t\n\t\t\t\t<h2 class=\"su-post-title\"><a href=\"https:\/\/www.verdichtet.at\/?p=20702\">FRIENDS NOT FOOD<\/a><\/h2>\n\n\t\t\t\t<div class=\"su-post-meta\">\n\t\t\t\t\tVer\u00f6ffentlicht: 14. August 2025\t\t\t\t<\/div>\n\n\t\t\t\t<div class=\"su-post-excerpt\">\n\t\t\t\t\t<p>Du siehst ihn an, nur kurz, wie er, verschwitzt zwischen der Mischmaschine und dem Thomas stehend, in die Leberk\u00e4ssemmel bei\u00dft, wie er schnell kaut, wie er mit Bier hinuntersp\u00fclt, siehst sekundenlang auf sein Uralt-T-Shirt mit der Aufschrift FRIENDS NOT FOOD, schwarz auf wei\u00df steht es da geschrieben, siehst schnell wieder weg, wei\u00dft aber, die paar [&hellip;]<\/p>\n\t\t\t\t<\/div>\n\n\t\t\t\t\t\t\t\t\t<a href=\"https:\/\/www.verdichtet.at\/?p=20702#comments\" class=\"su-post-comments-link\">4 comments<\/a>\n\t\t\t\t\n\t\t\t<\/div>\n\n\t\t\t\t\t\n\t\t\t\n\t\t\t<div id=\"su-post-20122\" class=\"su-post \">\n\n\t\t\t\t\n\t\t\t\t<h2 class=\"su-post-title\"><a href=\"https:\/\/www.verdichtet.at\/?p=20122\">Von den blauen Bergen kommen wir<\/a><\/h2>\n\n\t\t\t\t<div class=\"su-post-meta\">\n\t\t\t\t\tVer\u00f6ffentlicht: 25. Mai 2025\t\t\t\t<\/div>\n\n\t\t\t\t<div class=\"su-post-excerpt\">\n\t\t\t\t\t<p>Ach, was f\u00fcr eine sch\u00f6ne Zeit! Das begreifen wir erst heut. Wie auch immer, viel\u2019 Skandale pr\u00e4gten viel zu oft die Male. Hat Cartoonisten reich gemacht, Humor ist, wenn man trotzdem lacht. Was wirklich war, das \u00fcbertrifft der k\u00fcnstlerische Zeichenstift in spitzer Reproduktion. Und wahr ist\u2019s doch, na und, wenn schon? Wer auf der sel\u2019gen, [&hellip;]<\/p>\n\t\t\t\t<\/div>\n\n\t\t\t\t\t\t\t\t\t<a href=\"https:\/\/www.verdichtet.at\/?p=20122#respond\" class=\"su-post-comments-link\">0 Kommentare<\/a>\n\t\t\t\t\n\t\t\t<\/div>\n\n\t\t\t\t\t\n\t\t\t\n\t\t\t<div id=\"su-post-20091\" class=\"su-post \">\n\n\t\t\t\t\n\t\t\t\t<h2 class=\"su-post-title\"><a href=\"https:\/\/www.verdichtet.at\/?p=20091\">Der gro\u00dfe Wohlt\u00e4ter<\/a><\/h2>\n\n\t\t\t\t<div class=\"su-post-meta\">\n\t\t\t\t\tVer\u00f6ffentlicht: 23. Mai 2025\t\t\t\t<\/div>\n\n\t\t\t\t<div class=\"su-post-excerpt\">\n\t\t\t\t\t<p>Gestern trug man ihn zu Grabe, ohne gro\u00dfe Ehren. Und nicht am Willen lag es, ihm sie zu verwehren. Im Stillen ward\u2019 er, hierorts, leis\u2019 zu Grab getragen. Ein gro\u00dfer Mann, das darf man wahrlich \u00fcber diesen sagen. Erfinder war er keiner, und auch kein Weltverbesserer, so einfach war er, herzensgut, und sonst auch kein [&hellip;]<\/p>\n\t\t\t\t<\/div>\n\n\t\t\t\t\t\t\t\t\t<a href=\"https:\/\/www.verdichtet.at\/?p=20091#respond\" class=\"su-post-comments-link\">0 Kommentare<\/a>\n\t\t\t\t\n\t\t\t<\/div>\n\n\t\t\t\t\t\n\t\t\t\n\t\t\t<div id=\"su-post-19316\" class=\"su-post \">\n\n\t\t\t\t\n\t\t\t\t<h2 class=\"su-post-title\"><a href=\"https:\/\/www.verdichtet.at\/?p=19316\">Im Jahr 2024 in M\u00f6derndorf<\/a><\/h2>\n\n\t\t\t\t<div class=\"su-post-meta\">\n\t\t\t\t\tVer\u00f6ffentlicht: 22. Dezember 2024\t\t\t\t<\/div>\n\n\t\t\t\t<div class=\"su-post-excerpt\">\n\t\t\t\t\t<p>Es muss um 1850 sein, hier in M\u00f6derndorf, aber dann stehen da Autos, und die Menschen sind bunt gekleidet. Eine der niedrigsten Bev\u00f6lkerungsdichten Europa gibt es hier, dennoch ist es das Jahr 2024. Johannes Tosin (Text und Foto) www.verdichtet.at |\u00a0Kategorie: anno | Inventarnummer: 25038<\/p>\n\t\t\t\t<\/div>\n\n\t\t\t\t\t\t\t\t\t<a href=\"https:\/\/www.verdichtet.at\/?p=19316#respond\" class=\"su-post-comments-link\">0 Kommentare<\/a>\n\t\t\t\t\n\t\t\t<\/div>\n\n\t\t\t\t\t\n\t\t\t\n\t\t\t<div id=\"su-post-19782\" class=\"su-post \">\n\n\t\t\t\t\n\t\t\t\t<h2 class=\"su-post-title\"><a href=\"https:\/\/www.verdichtet.at\/?p=19782\">Die Wohlger\u00fcche deines Gartens<\/a><\/h2>\n\n\t\t\t\t<div class=\"su-post-meta\">\n\t\t\t\t\tVer\u00f6ffentlicht: 27. M\u00e4rz 2025\t\t\t\t<\/div>\n\n\t\t\t\t<div class=\"su-post-excerpt\">\n\t\t\t\t\t<p>(in Erinnerung an meinen Gro\u00dfvater Johann Franzen) Der Geruch nach Schuhcreme an allen deinen Fingern weicht nach und nach den Wohlger\u00fcchen deines gut geh\u00fcteten Gartens, w\u00e4hrend du tiefer und tiefer in die geliebte Erde deines Zuhauses eintauchst mit deinen schwieligen H\u00e4nden, die aussehen wie Leder. Pflanzen, Beschneiden, J\u00e4ten in deinem riesigen Nutzgarten bereitete dir immer [&hellip;]<\/p>\n\t\t\t\t<\/div>\n\n\t\t\t\t\t\t\t\t\t<a href=\"https:\/\/www.verdichtet.at\/?p=19782#comments\" class=\"su-post-comments-link\">6 comments<\/a>\n\t\t\t\t\n\t\t\t<\/div>\n\n\t\t\t\t\t\n\t\t\t\n\t\t\t<div id=\"su-post-18964\" class=\"su-post \">\n\n\t\t\t\t\n\t\t\t\t<h2 class=\"su-post-title\"><a href=\"https:\/\/www.verdichtet.at\/?p=18964\">Mit Blindheit geschlagen<\/a><\/h2>\n\n\t\t\t\t<div class=\"su-post-meta\">\n\t\t\t\t\tVer\u00f6ffentlicht: 26. Oktober 2024\t\t\t\t<\/div>\n\n\t\t\t\t<div class=\"su-post-excerpt\">\n\t\t\t\t\t<p>Manchmal hat man Augen und sieht nicht. Man sieht die Blitze nicht, man h\u00f6rt den Donner nicht, man sp\u00fcrt den Wind nicht. Der Himmel ist nicht mal blau, sondern rosarot. Die alten R\u00f6mer waren bestimmt der Meinung, sie w\u00e4ren das am weitesten entwickelte Volk, sie h\u00e4tten die ideale Staatsform und w\u00e4ren allzeit ger\u00fcstet, im Jahr [&hellip;]<\/p>\n\t\t\t\t<\/div>\n\n\t\t\t\t\t\t\t\t\t<a href=\"https:\/\/www.verdichtet.at\/?p=18964#respond\" class=\"su-post-comments-link\">0 Kommentare<\/a>\n\t\t\t\t\n\t\t\t<\/div>\n\n\t\t\t\t\t\n\t\t\t\n\t\t\t<div id=\"su-post-19403\" class=\"su-post \">\n\n\t\t\t\t\n\t\t\t\t<h2 class=\"su-post-title\"><a href=\"https:\/\/www.verdichtet.at\/?p=19403\">Heldenberg \u2013 Reportage aus der (zuk\u00fcnftigen) Vergangenheit<\/a><\/h2>\n\n\t\t\t\t<div class=\"su-post-meta\">\n\t\t\t\t\tVer\u00f6ffentlicht: 15. Januar 2025\t\t\t\t<\/div>\n\n\t\t\t\t<div class=\"su-post-excerpt\">\n\t\t\t\t\t<p>Der freiheitliche Noch-Klubobmann Peter Westenthaler im ORF-ZiB1-Interview vom 9.9.02 nach der Rolle Volksanwalt Ewald Stadlers beim Aufstand der FP-Funktion\u00e4re gefragt, meint, dieser h\u00e4tte Geister gerufen, die er nicht mehr losgeworden sei. Am Morgen des 8.10., einen hei\u00dfen Sp\u00e4tsommertag nach den Ereignissen bei dem Knittelfelder FP-Treffen, begibt sich Volksanwalt Ewald Stadler zur nieder\u00f6sterreichischen Gedenkst\u00e4tte Heldenberg in [&hellip;]<\/p>\n\t\t\t\t<\/div>\n\n\t\t\t\t\t\t\t\t\t<a href=\"https:\/\/www.verdichtet.at\/?p=19403#respond\" class=\"su-post-comments-link\">0 Kommentare<\/a>\n\t\t\t\t\n\t\t\t<\/div>\n\n\t\t\t\t\t\n\t\t\t\n\t\t\t<div id=\"su-post-18776\" class=\"su-post \">\n\n\t\t\t\t\n\t\t\t\t<h2 class=\"su-post-title\"><a href=\"https:\/\/www.verdichtet.at\/?p=18776\">Der Bauer und sein Herr<\/a><\/h2>\n\n\t\t\t\t<div class=\"su-post-meta\">\n\t\t\t\t\tVer\u00f6ffentlicht: 4. Oktober 2024\t\t\t\t<\/div>\n\n\t\t\t\t<div class=\"su-post-excerpt\">\n\t\t\t\t\t<p>\u201eMein Herr ist um einen Kopf gr\u00f6\u00dfer als ich\u201c, sagt der leibeigene Bauer. \u201eEr speist f\u00fcrstlich, was aus meinem Stall und von meinen Feldern stammt. Meiner Familie und mir bleiben die Reste. Mein Herr ist sehr gescheit, ich bin ein dummer Bauer und v\u00f6llig ungebildet, mein Herr hingegen kann mehr als nur lesen, schreiben und [&hellip;]<\/p>\n\t\t\t\t<\/div>\n\n\t\t\t\t\t\t\t\t\t<a href=\"https:\/\/www.verdichtet.at\/?p=18776#respond\" class=\"su-post-comments-link\">0 Kommentare<\/a>\n\t\t\t\t\n\t\t\t<\/div>\n\n\t\t\t\t\t\n\t\t\t\n\t\t\t<div id=\"su-post-18975\" class=\"su-post \">\n\n\t\t\t\t\n\t\t\t\t<h2 class=\"su-post-title\"><a href=\"https:\/\/www.verdichtet.at\/?p=18975\">Der Wind der Julier<\/a><\/h2>\n\n\t\t\t\t<div class=\"su-post-meta\">\n\t\t\t\t\tVer\u00f6ffentlicht: 31. Oktober 2024\t\t\t\t<\/div>\n\n\t\t\t\t<div class=\"su-post-excerpt\">\n\t\t\t\t\t<p>Mathilda zieht sich ein zweites Paar Wollsocken \u00fcber ihre Schlafsocken an und in eine dicke Lammfelljacke geh\u00fcllt sch\u00fcrt sie das Feuer im Ofen der Stube. Die K\u00e4lte wollte in diesem Winter nicht weichen, seit Wochen war das Tal von einer dichten Schnee- und Eiskruste verh\u00fcllt. Ihre Finger sind klamm und steif, und sie kann nur [&hellip;]<\/p>\n\t\t\t\t<\/div>\n\n\t\t\t\t\t\t\t\t\t<a href=\"https:\/\/www.verdichtet.at\/?p=18975#respond\" class=\"su-post-comments-link\">0 Kommentare<\/a>\n\t\t\t\t\n\t\t\t<\/div>\n\n\t\t\t\t\t\n\t\t\t\n\t\t\t<div id=\"su-post-3909\" class=\"su-post \">\n\n\t\t\t\t\n\t\t\t\t<h2 class=\"su-post-title\"><a href=\"https:\/\/www.verdichtet.at\/?p=3909\">Apollo 11<\/a><\/h2>\n\n\t\t\t\t<div class=\"su-post-meta\">\n\t\t\t\t\tVer\u00f6ffentlicht: 8. Januar 2016\t\t\t\t<\/div>\n\n\t\t\t\t<div class=\"su-post-excerpt\">\n\t\t\t\t\t<p>Mein Vater w\u00e4re gern mit der Apollo 11 zum Mond geflogen. Das war sein Utopia. In den flimmernden Schwarz-Wei\u00df-Bildern auf dem Bildschirm des Fernsehger\u00e4ts verfolgte er alles wissbegierig. Die metallene Stimme, die er nicht verstand, da er kein Englisch sprach, verlieh dem abenteuerlichen Unternehmen noch mehr Mysterium. Der deutschsprachige Kommentator \u00fcbersetzte alles, und mein Vater [&hellip;]<\/p>\n\t\t\t\t<\/div>\n\n\t\t\t\t\t\t\t\t\t<a href=\"https:\/\/www.verdichtet.at\/?p=3909#respond\" class=\"su-post-comments-link\">0 Kommentare<\/a>\n\t\t\t\t\n\t\t\t<\/div>\n\n\t\t\t\t\t\n\t\t\t\n\t\t\t<div id=\"su-post-12916\" class=\"su-post \">\n\n\t\t\t\t\n\t\t\t\t<h2 class=\"su-post-title\"><a href=\"https:\/\/www.verdichtet.at\/?p=12916\">Terrestrische Navigation 1<\/a><\/h2>\n\n\t\t\t\t<div class=\"su-post-meta\">\n\t\t\t\t\tVer\u00f6ffentlicht: 8. Juli 2021\t\t\t\t<\/div>\n\n\t\t\t\t<div class=\"su-post-excerpt\">\n\t\t\t\t\t<p>Ich hatte es schlie\u00dflich in der Hand. S\u00e4mtliche 43 Umzugskartons, die ge\u00f6ffneten und die immer noch nicht ge\u00f6ffneten, hatte ich durchw\u00fchlt, um es zu finden. Schlie\u00dflich entdeckte ich es unter dem Bett. Dort, wo ich als Kind immer die B\u00fccher versteckt hatte, die an mich gerichtet waren, wie Briefe von geheimnisvollen Absendern direkt an mich. [&hellip;]<\/p>\n\t\t\t\t<\/div>\n\n\t\t\t\t\t\t\t\t\t<a href=\"https:\/\/www.verdichtet.at\/?p=12916#comments\" class=\"su-post-comments-link\">Ein Kommentar<\/a>\n\t\t\t\t\n\t\t\t<\/div>\n\n\t\t\t\t\t\n\t\t\t\n\t\t\t<div id=\"su-post-12920\" class=\"su-post \">\n\n\t\t\t\t\n\t\t\t\t<h2 class=\"su-post-title\"><a href=\"https:\/\/www.verdichtet.at\/?p=12920\">Terrestrische Navigation 2<\/a><\/h2>\n\n\t\t\t\t<div class=\"su-post-meta\">\n\t\t\t\t\tVer\u00f6ffentlicht: 8. Juli 2021\t\t\t\t<\/div>\n\n\t\t\t\t<div class=\"su-post-excerpt\">\n\t\t\t\t\t<p>Halt! Haben Sie\u00a0Teil 1\u00a0schon gelesen? Dies ist die Fortsetzung. Wenn die Erwachsenen Beratung suchten, gingen sie zu Frau Apfel. Wenn nur ihre Kolleginnen da waren, fragten sie erst gar nicht. Auch wenn die Erwachsenen Beratung suchten, die nichts mit B\u00fcchern zu tun hatte, gingen sie zu Frau Apfel und redeten anfangs von B\u00fcchern, dann erst [&hellip;]<\/p>\n\t\t\t\t<\/div>\n\n\t\t\t\t\t\t\t\t\t<a href=\"https:\/\/www.verdichtet.at\/?p=12920#respond\" class=\"su-post-comments-link\">0 Kommentare<\/a>\n\t\t\t\t\n\t\t\t<\/div>\n\n\t\t\t\t\t\n\t\t\t\n\t\t\t<div id=\"su-post-12923\" class=\"su-post \">\n\n\t\t\t\t\n\t\t\t\t<h2 class=\"su-post-title\"><a href=\"https:\/\/www.verdichtet.at\/?p=12923\">Terrestrische Navigation 3<\/a><\/h2>\n\n\t\t\t\t<div class=\"su-post-meta\">\n\t\t\t\t\tVer\u00f6ffentlicht: 8. Juli 2021\t\t\t\t<\/div>\n\n\t\t\t\t<div class=\"su-post-excerpt\">\n\t\t\t\t\t<p>Moment! Kennen Sie schon\u00a0Teil 1\u00a0und\u00a0Teil 2? Hier folgt der n\u00e4chste Teil dieser Geschichte. Am n\u00e4chsten Tag l\u00e4utete ich an. An ihrem T\u00fcr\u00f6ffner unten auf der Stra\u00dfe meine ich, ich wei\u00df nicht warum, aber es erschien mir unstatthaft, an ihrer Wohnungst\u00fcr zu l\u00e4uten. Die Terrestrische Navigation hatte ich bei mir. Trotz der unvermeidlichen Verzerrung durch die [&hellip;]<\/p>\n\t\t\t\t<\/div>\n\n\t\t\t\t\t\t\t\t\t<a href=\"https:\/\/www.verdichtet.at\/?p=12923#respond\" class=\"su-post-comments-link\">0 Kommentare<\/a>\n\t\t\t\t\n\t\t\t<\/div>\n\n\t\t\t\t\t\n\t\t\t\n\t\t\t<div id=\"su-post-12925\" class=\"su-post \">\n\n\t\t\t\t\n\t\t\t\t<h2 class=\"su-post-title\"><a href=\"https:\/\/www.verdichtet.at\/?p=12925\">Terrestrische Navigation 4<\/a><\/h2>\n\n\t\t\t\t<div class=\"su-post-meta\">\n\t\t\t\t\tVer\u00f6ffentlicht: 8. Juli 2021\t\t\t\t<\/div>\n\n\t\t\t\t<div class=\"su-post-excerpt\">\n\t\t\t\t\t<p>Stop! Um in den vollen Genuss dieser Geschichte zu kommen, lesen Sie zuvor\u00a0Teil 1,\u00a0Teil 2\u00a0und\u00a0Teil 3. Die Antwort darauf, warum sie mich nicht mehr in ihre Wohnung lie\u00df, ergab sich vor etwa drei Wochen. Ich stieg mit der Milch f\u00fcr Frau Apfel in den viel zu kleinen Lift und vor mir stand Alex. Ich erkannte [&hellip;]<\/p>\n\t\t\t\t<\/div>\n\n\t\t\t\t\t\t\t\t\t<a href=\"https:\/\/www.verdichtet.at\/?p=12925#respond\" class=\"su-post-comments-link\">0 Kommentare<\/a>\n\t\t\t\t\n\t\t\t<\/div>\n\n\t\t\t\t\t\n\t\t\t\n\t\t\t<div id=\"su-post-18138\" class=\"su-post \">\n\n\t\t\t\t\n\t\t\t\t<h2 class=\"su-post-title\"><a href=\"https:\/\/www.verdichtet.at\/?p=18138\">A Sentimental Journey<\/a><\/h2>\n\n\t\t\t\t<div class=\"su-post-meta\">\n\t\t\t\t\tVer\u00f6ffentlicht: 17. Mai 2024\t\t\t\t<\/div>\n\n\t\t\t\t<div class=\"su-post-excerpt\">\n\t\t\t\t\t<p>\u201eIn Regen kann\u2019s zwieseln, aber in Zwiesel kann\u2019s nicht regnen\u201c, sagtest du dir. Und wart gl\u00fccklich zu zweit auf eurer herbstlichen Wanderung. Von einer Bank zur n\u00e4chsten durch W\u00e4lder und Felder. Gelb, schwarz und braun bis zum abendlichen Wein. Aber ansonsten verlor sich jede Spur. H\u00e4tte ich dich doch fr\u00fcher gekannt. Sagen wir: Vor einem [&hellip;]<\/p>\n\t\t\t\t<\/div>\n\n\t\t\t\t\t\t\t\t\t<a href=\"https:\/\/www.verdichtet.at\/?p=18138#respond\" class=\"su-post-comments-link\">0 Kommentare<\/a>\n\t\t\t\t\n\t\t\t<\/div>\n\n\t\t\t\t\t\n\t\t\t\n\t\t\t<div id=\"su-post-15704\" class=\"su-post \">\n\n\t\t\t\t\n\t\t\t\t<h2 class=\"su-post-title\"><a href=\"https:\/\/www.verdichtet.at\/?p=15704\">Mein Traum<\/a><\/h2>\n\n\t\t\t\t<div class=\"su-post-meta\">\n\t\t\t\t\tVer\u00f6ffentlicht: 26. M\u00e4rz 2023\t\t\t\t<\/div>\n\n\t\t\t\t<div class=\"su-post-excerpt\">\n\t\t\t\t\t<p>Still liege ich da, mit offenen Augen, und h\u00e4nge meinem Traum nach. Wie seltsam und wie seltsam sch\u00f6n er gewesen ist! Ich bin v\u00f6llig ergriffen, richtiggehend verzaubert, was \u00e4u\u00dferst selten der Fall bei mir ist. Zuletzt f\u00fchlte ich mich so \u2013 f\u00e4llt mir ein \u2013 vor ungef\u00e4hr neun Jahren. Gef\u00fchlsm\u00e4\u00dfig werde ich nun zur\u00fcckkatapultiert zu [&hellip;]<\/p>\n\t\t\t\t<\/div>\n\n\t\t\t\t\t\t\t\t\t<a href=\"https:\/\/www.verdichtet.at\/?p=15704#comments\" class=\"su-post-comments-link\">2 comments<\/a>\n\t\t\t\t\n\t\t\t<\/div>\n\n\t\t\t\t\t\n\t\t\t\n\t\t\t<div id=\"su-post-15559\" class=\"su-post \">\n\n\t\t\t\t\n\t\t\t\t<h2 class=\"su-post-title\"><a href=\"https:\/\/www.verdichtet.at\/?p=15559\">Magie im Alltag<\/a><\/h2>\n\n\t\t\t\t<div class=\"su-post-meta\">\n\t\t\t\t\tVer\u00f6ffentlicht: 25. Februar 2023\t\t\t\t<\/div>\n\n\t\t\t\t<div class=\"su-post-excerpt\">\n\t\t\t\t\t<p>Ich erinnere mich jetzt \u2013 mit dem Abstand von drei Jahrzehnten \u2013 nur noch vage an sie. Zudem k\u00f6nnte ich nicht einmal mehr sagen, wann ich sie das erste Mal bewusst gesehen oder wahrgenommen habe. Wenn sie in meiner Umgebung war, ver\u00e4nderte sich etwas. Damals. Am Anfang sp\u00fcrte ich eine unbestimmte Art der Erregung, eher [&hellip;]<\/p>\n\t\t\t\t<\/div>\n\n\t\t\t\t\t\t\t\t\t<a href=\"https:\/\/www.verdichtet.at\/?p=15559#respond\" class=\"su-post-comments-link\">0 Kommentare<\/a>\n\t\t\t\t\n\t\t\t<\/div>\n\n\t\t\t\t\t\n\t\t\t\n\t\t\t<div id=\"su-post-15345\" class=\"su-post \">\n\n\t\t\t\t\n\t\t\t\t<h2 class=\"su-post-title\"><a href=\"https:\/\/www.verdichtet.at\/?p=15345\">Schulgeschichten<\/a><\/h2>\n\n\t\t\t\t<div class=\"su-post-meta\">\n\t\t\t\t\tVer\u00f6ffentlicht: 1. Februar 2023\t\t\t\t<\/div>\n\n\t\t\t\t<div class=\"su-post-excerpt\">\n\t\t\t\t\t<p>Der Lateinlehrer, der dem Sch\u00fcler sagte, er sei ein \u201eRadfahrer\u201c, und bemerkte \u201enach oben buckeln, nach unten treten\u201c und ein paar Klassenstufen sp\u00e4ter war es ebenjener Lehrer, der diesen Sch\u00fcler bei einem Referat blo\u00dfstellte und einem anderen Sch\u00fcler, der wegen seines frechen Verhaltens bei den anderen Lehrern sehr unbeliebt war, st\u00e4ndig Komplimente machte (\u201edu, dein [&hellip;]<\/p>\n\t\t\t\t<\/div>\n\n\t\t\t\t\t\t\t\t\t<a href=\"https:\/\/www.verdichtet.at\/?p=15345#respond\" class=\"su-post-comments-link\">0 Kommentare<\/a>\n\t\t\t\t\n\t\t\t<\/div>\n\n\t\t\t\t\t\n\t\t\t\n\t\t\t<div id=\"su-post-14335\" class=\"su-post \">\n\n\t\t\t\t\n\t\t\t\t<h2 class=\"su-post-title\"><a href=\"https:\/\/www.verdichtet.at\/?p=14335\">Sigurd Sigurdssons Ritterleben<\/a><\/h2>\n\n\t\t\t\t<div class=\"su-post-meta\">\n\t\t\t\t\tVer\u00f6ffentlicht: 23. Juli 2022\t\t\t\t<\/div>\n\n\t\t\t\t<div class=\"su-post-excerpt\">\n\t\t\t\t\t<p>Sigurd Sigurdsson: Diese Frau gef\u00e4llt mir au\u00dferordentlich, lieber Bruder. Ich m\u00f6chte sie besitzen! Kollege des Bruders: Was hat er denn? Bruder: Er erlitt einen Autounfall. Sigurd Sigurdsson: Falsch! Mein Streitross warf mich ab. Bruder: H\u00f6r mal, Stefan. Die Werkst\u00e4tte hat dir einen Kostenvoranschlag gemailt, 1.317 Euro. Sigurd Sigurdsson: Ich lie\u00df mein Streitross doch einschl\u00e4fern. Bruder: [&hellip;]<\/p>\n\t\t\t\t<\/div>\n\n\t\t\t\t\t\t\t\t\t<a href=\"https:\/\/www.verdichtet.at\/?p=14335#respond\" class=\"su-post-comments-link\">0 Kommentare<\/a>\n\t\t\t\t\n\t\t\t<\/div>\n\n\t\t\t\t\t\n\t\t\t\n\t\t\t<div id=\"su-post-14307\" class=\"su-post \">\n\n\t\t\t\t\n\t\t\t\t<h2 class=\"su-post-title\"><a href=\"https:\/\/www.verdichtet.at\/?p=14307\">Bertha Benz<\/a><\/h2>\n\n\t\t\t\t<div class=\"su-post-meta\">\n\t\t\t\t\tVer\u00f6ffentlicht: 8. Juli 2022\t\t\t\t<\/div>\n\n\t\t\t\t<div class=\"su-post-excerpt\">\n\t\t\t\t\t<p>Dass Bertha Benz im Jahr 1888 mit dem Benz Patent-Motorwagen Nummer 3 die 106 Kilometer von Mannheim nach Pforzheim fuhr und drei Tage sp\u00e4ter \u00fcber eine andere Route zur\u00fcck, war nat\u00fcrlich ein werbetechnisch geschickter Schachzug. Die Botschaft lautete: \u201eWenn ein Weibsbild imstande ist, dieses H\u00f6llengef\u00e4hrt zu bewegen, dann kann das jeder Mann.\u201c Johannes Tosin (Text [&hellip;]<\/p>\n\t\t\t\t<\/div>\n\n\t\t\t\t\t\t\t\t\t<a href=\"https:\/\/www.verdichtet.at\/?p=14307#respond\" class=\"su-post-comments-link\">0 Kommentare<\/a>\n\t\t\t\t\n\t\t\t<\/div>\n\n\t\t\t\t\t\n\t\t\t\n\t\t\t<div id=\"su-post-14193\" class=\"su-post \">\n\n\t\t\t\t\n\t\t\t\t<h2 class=\"su-post-title\"><a href=\"https:\/\/www.verdichtet.at\/?p=14193\">\u201eExtrablatt!\u201c<\/a><\/h2>\n\n\t\t\t\t<div class=\"su-post-meta\">\n\t\t\t\t\tVer\u00f6ffentlicht: 11. Juni 2022\t\t\t\t<\/div>\n\n\t\t\t\t<div class=\"su-post-excerpt\">\n\t\t\t\t\t<p>\u201eExtrablatt, Extrablatt! Die Eilmeldung von den Unruhen in Deutsch-S\u00fcdwestafrika!\u201c Extrablatt, Eilmeldung \u2013 wahrscheinlich per Telegramm. Was ist da los? Er denkt kurz nach. Klar, wir haben das Jahr 1904, und ich befinde mich in Berlin, der Hauptstadt des Deutschen Reiches und des Teilstaats Preu\u00dfen. Das Staatsoberhaupt ist der nichtsnutzige Kaiser des Deutschen Reiches und K\u00f6nig [&hellip;]<\/p>\n\t\t\t\t<\/div>\n\n\t\t\t\t\t\t\t\t\t<a href=\"https:\/\/www.verdichtet.at\/?p=14193#respond\" class=\"su-post-comments-link\">0 Kommentare<\/a>\n\t\t\t\t\n\t\t\t<\/div>\n\n\t\t\t\t\t\n\t\t\t\n\t\t\t<div id=\"su-post-13993\" class=\"su-post \">\n\n\t\t\t\t\n\t\t\t\t<h2 class=\"su-post-title\"><a href=\"https:\/\/www.verdichtet.at\/?p=13993\">Man steht am Fenster 2<\/a><\/h2>\n\n\t\t\t\t<div class=\"su-post-meta\">\n\t\t\t\t\tVer\u00f6ffentlicht: 20. M\u00e4rz 2022\t\t\t\t<\/div>\n\n\t\t\t\t<div class=\"su-post-excerpt\">\n\t\t\t\t\t<p>Oktober 1956, der Ungarn-Aufstand Vielleicht war in dieser Zeit auch die Rede von Ungarn, vielleicht habe ich etwas aufgeschnappt von der bedrohlichen Situation im Nachbarland, 60 Kilometer von uns entfernt. Die Gefahren durch den Kommunismus waren im Br\u00e4uhaus und auch sp\u00e4ter bei uns in Tulln immer gegenw\u00e4rtig: Die Erz\u00e4hlungen vom Leben in der sowjetischen Besatzungszone, [&hellip;]<\/p>\n\t\t\t\t<\/div>\n\n\t\t\t\t\t\t\t\t\t<a href=\"https:\/\/www.verdichtet.at\/?p=13993#respond\" class=\"su-post-comments-link\">0 Kommentare<\/a>\n\t\t\t\t\n\t\t\t<\/div>\n\n\t\t\t\t\t\n\t\t\t\n\t\t\t<div id=\"su-post-12221\" class=\"su-post \">\n\n\t\t\t\t\n\t\t\t\t<h2 class=\"su-post-title\"><a href=\"https:\/\/www.verdichtet.at\/?p=12221\">Man steht am Fenster 1<\/a><\/h2>\n\n\t\t\t\t<div class=\"su-post-meta\">\n\t\t\t\t\tVer\u00f6ffentlicht: 29. Dezember 2020\t\t\t\t<\/div>\n\n\t\t\t\t<div class=\"su-post-excerpt\">\n\t\t\t\t\t<p>von und mit Vinzenz Ludwig Ostry Radio Rot-Wei\u00df-Rot Erinnerungen von V.S. Es gab f\u00fcr mich viele Gr\u00fcnde, den Samstag im Br\u00e4uhaus zu lieben. Auch alle Sonntage, Feiertage, Namens- und Geburtstage, sowie alle gew\u00f6hnlichen Tage. Als Kind liebte ich einfach das Leben, und alles, was dazugeh\u00f6rte, Menschen, Tiere und Blumen gleicherweise. Vor manchen Menschen musste man [&hellip;]<\/p>\n\t\t\t\t<\/div>\n\n\t\t\t\t\t\t\t\t\t<a href=\"https:\/\/www.verdichtet.at\/?p=12221#comments\" class=\"su-post-comments-link\">Ein Kommentar<\/a>\n\t\t\t\t\n\t\t\t<\/div>\n\n\t\t\t\t\t\n\t\t\t\n\t\t\t<div id=\"su-post-13955\" class=\"su-post \">\n\n\t\t\t\t\n\t\t\t\t<h2 class=\"su-post-title\"><a href=\"https:\/\/www.verdichtet.at\/?p=13955\">McDonalds, 22 Jahre am Puschkin-Platz, Ende am 9.3.22<\/a><\/h2>\n\n\t\t\t\t<div class=\"su-post-meta\">\n\t\t\t\t\tVer\u00f6ffentlicht: 7. M\u00e4rz 2022\t\t\t\t<\/div>\n\n\t\t\t\t<div class=\"su-post-excerpt\">\n\t\t\t\t\t<p>Es bietet sich ein eigenartiges Bild. Im bitterkalten J\u00e4nner 2000 stehen tausende Moskauer auf dem Puschkin-Platz. Ein Ort um das Denkmal f\u00fcr den Dichterf\u00fcrsten, wo sich traditionell Menschen zu Festen und Protesten versammeln. Schon Dostojewski hielt dort seine historische Rede zum 100. Geburtstag, in den revolution\u00e4ren Tagen von 1905 und 1917 war das ein Versammlungsort, [&hellip;]<\/p>\n\t\t\t\t<\/div>\n\n\t\t\t\t\t\t\t\t\t<a href=\"https:\/\/www.verdichtet.at\/?p=13955#comments\" class=\"su-post-comments-link\">Ein Kommentar<\/a>\n\t\t\t\t\n\t\t\t<\/div>\n\n\t\t\t\t\t\n\t\t\t\n\t\t\t<div id=\"su-post-13830\" class=\"su-post \">\n\n\t\t\t\t\n\t\t\t\t<h2 class=\"su-post-title\"><a href=\"https:\/\/www.verdichtet.at\/?p=13830\">Wie uns ein Schatz verloren ging, den wir nie hatten<\/a><\/h2>\n\n\t\t\t\t<div class=\"su-post-meta\">\n\t\t\t\t\tVer\u00f6ffentlicht: 13. Februar 2022\t\t\t\t<\/div>\n\n\t\t\t\t<div class=\"su-post-excerpt\">\n\t\t\t\t\t<p>Es mag etwa Anfang 1998 gewesen sein \u2013 auf jeden Fall war ich noch jung im Amt \u2013, da meldete mir meine Sekret\u00e4rin, ein gewisser Iwanov m\u00f6chte die Kulturr\u00e4tin sprechen. Einen Moment lang dachte ich an einen Scherz der guten Frau Schwaner, weil jeder zweite Russe Iwanov hei\u00dft und das etwa so vielsagend ist, wie [&hellip;]<\/p>\n\t\t\t\t<\/div>\n\n\t\t\t\t\t\t\t\t\t<a href=\"https:\/\/www.verdichtet.at\/?p=13830#respond\" class=\"su-post-comments-link\">0 Kommentare<\/a>\n\t\t\t\t\n\t\t\t<\/div>\n\n\t\t\t\t\t\n\t\t\t\n\t\t\t<div id=\"su-post-13729\" class=\"su-post \">\n\n\t\t\t\t\n\t\t\t\t<h2 class=\"su-post-title\"><a href=\"https:\/\/www.verdichtet.at\/?p=13729\">Mit achtzehn<\/a><\/h2>\n\n\t\t\t\t<div class=\"su-post-meta\">\n\t\t\t\t\tVer\u00f6ffentlicht: 26. Januar 2022\t\t\t\t<\/div>\n\n\t\t\t\t<div class=\"su-post-excerpt\">\n\t\t\t\t\t<p>Eigentlich hatten wir abgemacht, gemeinsam Medizin zu studieren, die Helga Mann, die Schober Christl und ich. Vielleicht waren es nur Tr\u00e4umereien von mir, ein unausgesprochener Wunsch? Wer kann das schon sagen, nach 55 Jahren. Der \u201ePlan\u201c stand seit der 7. Klasse fest: Helga w\u00fcrde eine Wohnung bekommen, im Haus ihrer Tante Grete in der Alserbachstra\u00dfe, [&hellip;]<\/p>\n\t\t\t\t<\/div>\n\n\t\t\t\t\t\t\t\t\t<a href=\"https:\/\/www.verdichtet.at\/?p=13729#comments\" class=\"su-post-comments-link\">Ein Kommentar<\/a>\n\t\t\t\t\n\t\t\t<\/div>\n\n\t\t\t\t\t\n\t\t\t\n\t\t\t<div id=\"su-post-13602\" class=\"su-post \">\n\n\t\t\t\t\n\t\t\t\t<h2 class=\"su-post-title\"><a href=\"https:\/\/www.verdichtet.at\/?p=13602\">Kaiser Joseph II. und der besoffene russische Kutscher<\/a><\/h2>\n\n\t\t\t\t<div class=\"su-post-meta\">\n\t\t\t\t\tVer\u00f6ffentlicht: 5. Januar 2022\t\t\t\t<\/div>\n\n\t\t\t\t<div class=\"su-post-excerpt\">\n\t\t\t\t\t<p>F\u00fcrst Grigorij Anatoljewitsch Potjomkin, der Liebhaber und Feldherr Zarin Katharinas der Gro\u00dfen, ging in die Weltgeschichte mit seinen Fake-D\u00f6rfern ein und bis heute ist mit den potjomkinschen D\u00f6rfern ein allseits verwendetes Sprichwort geblieben, auch wenn meist falsch ausgesprochen und betont. Er hat f\u00fcr die Zarin den Kaukasus erobert und die Grenzpfl\u00f6cke des russischen Imperiums bis [&hellip;]<\/p>\n\t\t\t\t<\/div>\n\n\t\t\t\t\t\t\t\t\t<a href=\"https:\/\/www.verdichtet.at\/?p=13602#respond\" class=\"su-post-comments-link\">0 Kommentare<\/a>\n\t\t\t\t\n\t\t\t<\/div>\n\n\t\t\t\t\t\n\t\t\t\n\t\t\t<div id=\"su-post-13149\" class=\"su-post \">\n\n\t\t\t\t\n\t\t\t\t<h2 class=\"su-post-title\"><a href=\"https:\/\/www.verdichtet.at\/?p=13149\">B\u00fcrotechnik im Jahr 1980<\/a><\/h2>\n\n\t\t\t\t<div class=\"su-post-meta\">\n\t\t\t\t\tVer\u00f6ffentlicht: 9. September 2021\t\t\t\t<\/div>\n\n\t\t\t\t<div class=\"su-post-excerpt\">\n\t\t\t\t\t<p>Den Fernschreiber bedienen. Den Lochstreifen beschreiben, wobei L\u00f6cher aus ihm gestanzt werden. Und danach einlegen. Rattata-rattata-rattata. Die Nachricht wird gesendet. B\u00fcrotechnik im Jahr 1980. Johannes Tosin (Text und Foto) www.verdichtet.at | Kategorie: anno | Inventarnummer: 21107<\/p>\n\t\t\t\t<\/div>\n\n\t\t\t\t\t\t\t\t\t<a href=\"https:\/\/www.verdichtet.at\/?p=13149#respond\" class=\"su-post-comments-link\">0 Kommentare<\/a>\n\t\t\t\t\n\t\t\t<\/div>\n\n\t\t\t\t\t\n\t\t\t\n\t\t\t<div id=\"su-post-11571\" class=\"su-post \">\n\n\t\t\t\t\n\t\t\t\t<h2 class=\"su-post-title\"><a href=\"https:\/\/www.verdichtet.at\/?p=11571\">Apokalypse reloaded III: Angewandte Geographie<\/a><\/h2>\n\n\t\t\t\t<div class=\"su-post-meta\">\n\t\t\t\t\tVer\u00f6ffentlicht: 24. Juni 2020\t\t\t\t<\/div>\n\n\t\t\t\t<div class=\"su-post-excerpt\">\n\t\t\t\t\t<p>Noch einmal der selbe Ort und fast die selbe Personage. Wir spielten einmal wie so oft im Hof Weltreisen, Hedi, Franzi und ich. Dazu gruben wir mit St\u00f6ckchen Kan\u00e4le, G\u00e4nge und Gruben in die Erde, durch die wir dann unsere Murmeln laufen lie\u00dfen. Sie waren gewunden und die L\u00f6cher so tief, wie wir nur graben [&hellip;]<\/p>\n\t\t\t\t<\/div>\n\n\t\t\t\t\t\t\t\t\t<a href=\"https:\/\/www.verdichtet.at\/?p=11571#respond\" class=\"su-post-comments-link\">0 Kommentare<\/a>\n\t\t\t\t\n\t\t\t<\/div>\n\n\t\t\t\t\t\n\t\t\t\n\t\t\t<div id=\"su-post-11528\" class=\"su-post \">\n\n\t\t\t\t\n\t\t\t\t<h2 class=\"su-post-title\"><a href=\"https:\/\/www.verdichtet.at\/?p=11528\">Apokalypse reloaded II<\/a><\/h2>\n\n\t\t\t\t<div class=\"su-post-meta\">\n\t\t\t\t\tVer\u00f6ffentlicht: 5. Juni 2020\t\t\t\t<\/div>\n\n\t\t\t\t<div class=\"su-post-excerpt\">\n\t\t\t\t\t<p>Ich wuchs in einer patriarchalischen Familie auf, in jedem Fall war das das Modell meiner Kindheits- und Jugendjahre. So gab es das ungeschriebene Gesetz, dass ohne den Vater nicht mit dem Abendessen begonnen werden durfte. Das war die einzige gemeinsame Zusammenkunft, bei der alle wichtigen Dinge erz\u00e4hlt, diskutiert, beurteilt und sanktioniert wurden. Fr\u00fchst\u00fccks- und Mittagessens-Zeiten [&hellip;]<\/p>\n\t\t\t\t<\/div>\n\n\t\t\t\t\t\t\t\t\t<a href=\"https:\/\/www.verdichtet.at\/?p=11528#respond\" class=\"su-post-comments-link\">0 Kommentare<\/a>\n\t\t\t\t\n\t\t\t<\/div>\n\n\t\t\t\t\t\n\t\t\t\n\t\t\t<div id=\"su-post-11523\" class=\"su-post \">\n\n\t\t\t\t\n\t\t\t\t<h2 class=\"su-post-title\"><a href=\"https:\/\/www.verdichtet.at\/?p=11523\">Apokalypse reloaded I<\/a><\/h2>\n\n\t\t\t\t<div class=\"su-post-meta\">\n\t\t\t\t\tVer\u00f6ffentlicht: 5. Juni 2020\t\t\t\t<\/div>\n\n\t\t\t\t<div class=\"su-post-excerpt\">\n\t\t\t\t\t<p>Als es am Gartentor klingelt, h\u00e4lt sich Mama gerade im Schlafzimmer auf, das zwei Fenster zur Stra\u00dfe hat. Sie sieht dort einen Mann und eine Frau stehen, die ein B\u00fcndel Zeitschriften vor der Brust tragen. Das oberste Exemplar ist in durchsichtiges Plastik eingepackt und h\u00e4ngt an einer Schnur um den Hals, \u201eDer Wachturm\u201c. So stehen [&hellip;]<\/p>\n\t\t\t\t<\/div>\n\n\t\t\t\t\t\t\t\t\t<a href=\"https:\/\/www.verdichtet.at\/?p=11523#comments\" class=\"su-post-comments-link\">Ein Kommentar<\/a>\n\t\t\t\t\n\t\t\t<\/div>\n\n\t\t\t\t\t\n\t\t\t\n\t\t\t<div id=\"su-post-11239\" class=\"su-post \">\n\n\t\t\t\t\n\t\t\t\t<h2 class=\"su-post-title\"><a href=\"https:\/\/www.verdichtet.at\/?p=11239\">Corona-Hausarrest: Tag 36 der Ausgangsbeschr\u00e4nkung<\/a><\/h2>\n\n\t\t\t\t<div class=\"su-post-meta\">\n\t\t\t\t\tVer\u00f6ffentlicht: 24. April 2020\t\t\t\t<\/div>\n\n\t\t\t\t<div class=\"su-post-excerpt\">\n\t\t\t\t\t<p>Als die Krisenregierung immer h\u00e4ufiger den Begriff der \u201eRisikogruppe\u201c gebrauchte und ich feststellte, dass ich allein auf Grund meines Geburtsjahres auch dazugeh\u00f6re, meinte ich, zum ersten Mal in meinem Leben fremddefiniert und in eine Schublade geschoben worden zu sein. Stimmt nicht, fiel mir eines Tages auf. Alles hat\u2019s schon einmal gegeben, und das sehr fr\u00fch, [&hellip;]<\/p>\n\t\t\t\t<\/div>\n\n\t\t\t\t\t\t\t\t\t<a href=\"https:\/\/www.verdichtet.at\/?p=11239#respond\" class=\"su-post-comments-link\">0 Kommentare<\/a>\n\t\t\t\t\n\t\t\t<\/div>\n\n\t\t\t\t\t\n\t\t\t\n\t\t\t<div id=\"su-post-10494\" class=\"su-post \">\n\n\t\t\t\t\n\t\t\t\t<h2 class=\"su-post-title\"><a href=\"https:\/\/www.verdichtet.at\/?p=10494\">Blick zur\u00fcck<\/a><\/h2>\n\n\t\t\t\t<div class=\"su-post-meta\">\n\t\t\t\t\tVer\u00f6ffentlicht: 24. November 2019\t\t\t\t<\/div>\n\n\t\t\t\t<div class=\"su-post-excerpt\">\n\t\t\t\t\t<p>Zeugung. Schwangerschaft. Geburt. Von Ketten aus Blei. Von Ringen aus Gold. \u00dcbermut. Willensdrang. Neugier. Von Herzen aus Stroh. Von R\u00e4dern aus Vergangenheit. Johannes Tosin (Text und Foto) www.verdichtet.at | Kategorie: anno | Inventarnummer: 20007<\/p>\n\t\t\t\t<\/div>\n\n\t\t\t\t\t\t\t\t\t<a href=\"https:\/\/www.verdichtet.at\/?p=10494#comments\" class=\"su-post-comments-link\">Ein Kommentar<\/a>\n\t\t\t\t\n\t\t\t<\/div>\n\n\t\t\t\t\t\n\t\t\t\n\t\t\t<div id=\"su-post-10316\" class=\"su-post \">\n\n\t\t\t\t\n\t\t\t\t<h2 class=\"su-post-title\"><a href=\"https:\/\/www.verdichtet.at\/?p=10316\">Stillstand<\/a><\/h2>\n\n\t\t\t\t<div class=\"su-post-meta\">\n\t\t\t\t\tVer\u00f6ffentlicht: 11. Oktober 2019\t\t\t\t<\/div>\n\n\t\t\t\t<div class=\"su-post-excerpt\">\n\t\t\t\t\t<p>Autos brausen vorbei um diese sp\u00e4te Uhrzeit sind alle Lichter gr\u00fcn Geschwindigkeiten rasen an mir vorbei Die Geschwindigkeit in meinen Kopf nimmt ab zwischen umgeworfenen Gegenst\u00e4nden verstaubte Tischplatten eine Menge ungelesener Zeitschriften ich lasse alle liegen mit dem Vorwand, sie sp\u00e4ter zu lesen, Zwanghaft Au\u00dfen wie innen Zwischen all dem Ganzen stichst du raus qu\u00e4lend, [&hellip;]<\/p>\n\t\t\t\t<\/div>\n\n\t\t\t\t\t\t\t\t\t<a href=\"https:\/\/www.verdichtet.at\/?p=10316#respond\" class=\"su-post-comments-link\">0 Kommentare<\/a>\n\t\t\t\t\n\t\t\t<\/div>\n\n\t\t\t\t\t\n\t\t\t\n\t\t\t<div id=\"su-post-10311\" class=\"su-post \">\n\n\t\t\t\t\n\t\t\t\t<h2 class=\"su-post-title\"><a href=\"https:\/\/www.verdichtet.at\/?p=10311\">Dunkle Sph\u00e4re<\/a><\/h2>\n\n\t\t\t\t<div class=\"su-post-meta\">\n\t\t\t\t\tVer\u00f6ffentlicht: 11. Oktober 2019\t\t\t\t<\/div>\n\n\t\t\t\t<div class=\"su-post-excerpt\">\n\t\t\t\t\t<p>Langsam verschwindet die Sonne, sie wechselt mit dem Mond, Die Nacht erfrischt mich in der Ecke vom Balkon verschwinde ich nur mehr Schatten werfe ich Sehns\u00fcchte verstecken sich hier gut sie verlieren ihre Farbe Mitternachtsblau steht ihnen besonders diesen Fensterl\u00e4den der Balkont\u00fcr unter mir schie\u00dfen sich jeden Tag denke ich daran, Oft treffen sich Blicke [&hellip;]<\/p>\n\t\t\t\t<\/div>\n\n\t\t\t\t\t\t\t\t\t<a href=\"https:\/\/www.verdichtet.at\/?p=10311#respond\" class=\"su-post-comments-link\">0 Kommentare<\/a>\n\t\t\t\t\n\t\t\t<\/div>\n\n\t\t\t\t\t\n\t\t\t\n\t\t\t<div id=\"su-post-10337\" class=\"su-post \">\n\n\t\t\t\t\n\t\t\t\t<h2 class=\"su-post-title\"><a href=\"https:\/\/www.verdichtet.at\/?p=10337\">Mittelalter<\/a><\/h2>\n\n\t\t\t\t<div class=\"su-post-meta\">\n\t\t\t\t\tVer\u00f6ffentlicht: 11. Oktober 2019\t\t\t\t<\/div>\n\n\t\t\t\t<div class=\"su-post-excerpt\">\n\t\t\t\t\t<p>Der Verk\u00fcnder:\u00a0\u00a0 Verehrter Udo-Udo, du sch\u00fcrfst hier nach Gold. Ich muss dir leider mitteilen, dass F\u00fcrst Monimon das nicht l\u00e4nger gestattet. Udo-Udo:\u00a0\u00a0\u00a0\u00a0\u00a0\u00a0\u00a0\u00a0\u00a0\u00a0\u00a0\u00a0\u00a0 Warum denn? Ich mache doch nur meine Arbeit. Der Verk\u00fcnder:\u00a0\u00a0 Ich sage nur: Tourismusgebiet. Udo-Udo:\u00a0\u00a0\u00a0\u00a0\u00a0\u00a0\u00a0\u00a0\u00a0\u00a0\u00a0\u00a0\u00a0 Tourismusgebiet? Wir haben das Jahr 1056 Anno Domini, tiefstes Mittelalter, hier gibt es nur Wald, Steine und den [&hellip;]<\/p>\n\t\t\t\t<\/div>\n\n\t\t\t\t\t\t\t\t\t<a href=\"https:\/\/www.verdichtet.at\/?p=10337#respond\" class=\"su-post-comments-link\">0 Kommentare<\/a>\n\t\t\t\t\n\t\t\t<\/div>\n\n\t\t\t\t\t\n\t\t\t\n\t\t\t<div id=\"su-post-10279\" class=\"su-post \">\n\n\t\t\t\t\n\t\t\t\t<h2 class=\"su-post-title\"><a href=\"https:\/\/www.verdichtet.at\/?p=10279\">Berauscht<\/a><\/h2>\n\n\t\t\t\t<div class=\"su-post-meta\">\n\t\t\t\t\tVer\u00f6ffentlicht: 11. Oktober 2019\t\t\t\t<\/div>\n\n\t\t\t\t<div class=\"su-post-excerpt\">\n\t\t\t\t\t<p>Die Pille, ist eine Zeitmaschine, sie schickt mich warm, in die Vergangenheit zur\u00fcck Florian Pfeffer www.verdichtet.at |\u00a0Kategorie:\u00a0anno | Inventarnummer: 19119<\/p>\n\t\t\t\t<\/div>\n\n\t\t\t\t\t\t\t\t\t<a href=\"https:\/\/www.verdichtet.at\/?p=10279#respond\" class=\"su-post-comments-link\">0 Kommentare<\/a>\n\t\t\t\t\n\t\t\t<\/div>\n\n\t\t\t\t\t\n\t\t\t\n\t\t\t<div id=\"su-post-10268\" class=\"su-post \">\n\n\t\t\t\t\n\t\t\t\t<h2 class=\"su-post-title\"><a href=\"https:\/\/www.verdichtet.at\/?p=10268\">Von den Spinnen und Steinen<\/a><\/h2>\n\n\t\t\t\t<div class=\"su-post-meta\">\n\t\t\t\t\tVer\u00f6ffentlicht: 11. Oktober 2019\t\t\t\t<\/div>\n\n\t\t\t\t<div class=\"su-post-excerpt\">\n\t\t\t\t\t<p>Was sagst du da, ich bin ja noch da, Lebe noch, Seit Tagen klopft der Regen gegen Fensterscheiben, Mein Leben will durch, Riegel von Altbau-Fenstern, fest verschlossen, Spinnen kriegen von mir nicht genug, in den Ecken h\u00e4ngen Netze, auf der Suche nach einem Besen Mein kleiner Zen-Garten, im Sand, Blind taste ich Verstecke, Sch\u00e4tze suchen, [&hellip;]<\/p>\n\t\t\t\t<\/div>\n\n\t\t\t\t\t\t\t\t\t<a href=\"https:\/\/www.verdichtet.at\/?p=10268#respond\" class=\"su-post-comments-link\">0 Kommentare<\/a>\n\t\t\t\t\n\t\t\t<\/div>\n\n\t\t\t\t\t\n\t\t\t\n\t\t\t<div id=\"su-post-10226\" class=\"su-post \">\n\n\t\t\t\t\n\t\t\t\t<h2 class=\"su-post-title\"><a href=\"https:\/\/www.verdichtet.at\/?p=10226\">Logbuch der Pinta<\/a><\/h2>\n\n\t\t\t\t<div class=\"su-post-meta\">\n\t\t\t\t\tVer\u00f6ffentlicht: 28. September 2019\t\t\t\t<\/div>\n\n\t\t\t\t<div class=\"su-post-excerpt\">\n\t\t\t\t\t<p>24. September 1492: Noch immer kein Flaggschiff in Sicht. Seit Wochen durchqueren wir als Teil der Armada den Atlantik. Die Ni\u00f1a, navigiert von meinem Bruder, ist stets an unserer Seite. Meine Karavelle ist das schnellste der Schiffe. Als wir am Donnerstag, den 6. September von der Insel Gomera aus in See stachen, gab es noch [&hellip;]<\/p>\n\t\t\t\t<\/div>\n\n\t\t\t\t\t\t\t\t\t<a href=\"https:\/\/www.verdichtet.at\/?p=10226#respond\" class=\"su-post-comments-link\">0 Kommentare<\/a>\n\t\t\t\t\n\t\t\t<\/div>\n\n\t\t\t\t\t\n\t\t\t\n\t\t\t<div id=\"su-post-9898\" class=\"su-post \">\n\n\t\t\t\t\n\t\t\t\t<h2 class=\"su-post-title\"><a href=\"https:\/\/www.verdichtet.at\/?p=9898\">Rosenkranz f\u00fcr die Freiheit<\/a><\/h2>\n\n\t\t\t\t<div class=\"su-post-meta\">\n\t\t\t\t\tVer\u00f6ffentlicht: 29. Juni 2019\t\t\t\t<\/div>\n\n\t\t\t\t<div class=\"su-post-excerpt\">\n\t\t\t\t\t<p>Jeder Montag begann mit dumpfem Grollen und Knirschen auf Kies, mit schweren Schritten und tiefen M\u00e4nnerstimmen. Davon wurden wir wach. Da huschte die Tante Sefi ins Kinderzimmer und klatschte in die H\u00e4nde Kinder, aufwachen, aufstehen, Rosenkranzbeten! Tante Sefi war die j\u00fcngste Schwester meines Vaters, ein ehe- und kinderloses Fr\u00e4ulein von der Post. Sie k\u00fcmmerte sich [&hellip;]<\/p>\n\t\t\t\t<\/div>\n\n\t\t\t\t\t\t\t\t\t<a href=\"https:\/\/www.verdichtet.at\/?p=9898#comments\" class=\"su-post-comments-link\">Ein Kommentar<\/a>\n\t\t\t\t\n\t\t\t<\/div>\n\n\t\t\t\t\t\n\t\t\t\n\t\t\t<div id=\"su-post-9621\" class=\"su-post \">\n\n\t\t\t\t\n\t\t\t\t<h2 class=\"su-post-title\"><a href=\"https:\/\/www.verdichtet.at\/?p=9621\">Schneeschmelze<\/a><\/h2>\n\n\t\t\t\t<div class=\"su-post-meta\">\n\t\t\t\t\tVer\u00f6ffentlicht: 2. April 2019\t\t\t\t<\/div>\n\n\t\t\t\t<div class=\"su-post-excerpt\">\n\t\t\t\t\t<p>Rosa lief mit der \u00d6llampe in der Hand durch die finstere Nacht, ein eisiger Wind peitschte ihr die Schneeflocken hart ins Gesicht und es fiel ihr schwer, durch die hohen Schneeverwehungen vorw\u00e4rtszukommen. \u201eSchnell, M\u00e4del, lauf zur Hebamme und bring sie her! S\u2018Nannerl bekommt ihr Kind!\u201c Mit diesen Worten hatte sie die alte B\u00e4uerin mitten in [&hellip;]<\/p>\n\t\t\t\t<\/div>\n\n\t\t\t\t\t\t\t\t\t<a href=\"https:\/\/www.verdichtet.at\/?p=9621#respond\" class=\"su-post-comments-link\">0 Kommentare<\/a>\n\t\t\t\t\n\t\t\t<\/div>\n\n\t\t\t\t\t\n\t\t\t\n\t\t\t<div id=\"su-post-9602\" class=\"su-post \">\n\n\t\t\t\t\n\t\t\t\t<h2 class=\"su-post-title\"><a href=\"https:\/\/www.verdichtet.at\/?p=9602\">V\u00f6lkerball oder 100 Jahre Frauenwahlrecht<\/a><\/h2>\n\n\t\t\t\t<div class=\"su-post-meta\">\n\t\t\t\t\tVer\u00f6ffentlicht: 27. M\u00e4rz 2019\t\t\t\t<\/div>\n\n\t\t\t\t<div class=\"su-post-excerpt\">\n\t\t\t\t\t<p>Ein St\u00e4ndchen mir selbst zum 71. Geburtstag begonnen am 17.2., beendet am 23.2.19, 12 h 30 Vor langer Zeit, vor einer Ewigkeit von sechzig Jahren, lebte in einem Provinzst\u00e4dtchen ein M\u00e4dchen, mit dem ich Vor- und Nachnamen gemeinsam habe. Aufgrund der st\u00e4ndigen Machinationen der Zeit und der unergr\u00fcndlichen Kombinationen des Erbgutes \u00e4hnle ich ihm nicht [&hellip;]<\/p>\n\t\t\t\t<\/div>\n\n\t\t\t\t\t\t\t\t\t<a href=\"https:\/\/www.verdichtet.at\/?p=9602#respond\" class=\"su-post-comments-link\">0 Kommentare<\/a>\n\t\t\t\t\n\t\t\t<\/div>\n\n\t\t\t\t\t\n\t\t\t\n\t\t\t<div id=\"su-post-9307\" class=\"su-post \">\n\n\t\t\t\t\n\t\t\t\t<h2 class=\"su-post-title\"><a href=\"https:\/\/www.verdichtet.at\/?p=9307\">Rosenkranz f\u00fcr die Zonengrenze<\/a><\/h2>\n\n\t\t\t\t<div class=\"su-post-meta\">\n\t\t\t\t\tVer\u00f6ffentlicht: 14. Januar 2019\t\t\t\t<\/div>\n\n\t\t\t\t<div class=\"su-post-excerpt\">\n\t\t\t\t\t<p>Das Haus meiner Kindheit steht im Strudengau in Ober\u00f6sterreich. Ich wurde dort geboren und wuchs im Br\u00e4uhaus von St. Nikola an der Donau auf. Nachdem die kleine Dorfbrauerei \u201eSeyr Bier\u201c im Zuge des Krieges schlie\u00dfen musste, betrieb mein Onkel Klaus eine \u201eBierniederlage\u201c, das lustigste Wort meiner Kindheit, warum ich wahrscheinlich keine Biertrinkerin geworden bin. Ein [&hellip;]<\/p>\n\t\t\t\t<\/div>\n\n\t\t\t\t\t\t\t\t\t<a href=\"https:\/\/www.verdichtet.at\/?p=9307#comments\" class=\"su-post-comments-link\">Ein Kommentar<\/a>\n\t\t\t\t\n\t\t\t<\/div>\n\n\t\t\t\t\t\n\t\t\t\n\t\t\t<div id=\"su-post-9167\" class=\"su-post \">\n\n\t\t\t\t\n\t\t\t\t<h2 class=\"su-post-title\"><a href=\"https:\/\/www.verdichtet.at\/?p=9167\">Wir haben Venedig gebaut oder Die Eichen von Orenburg<\/a><\/h2>\n\n\t\t\t\t<div class=\"su-post-meta\">\n\t\t\t\t\tVer\u00f6ffentlicht: 31. Dezember 2018\t\t\t\t<\/div>\n\n\t\t\t\t<div class=\"su-post-excerpt\">\n\t\t\t\t\t<p>Erinnern und Nachdenken nach dem Film The Death of Stalin Von Orenburg habe ich schon in der Schule geh\u00f6rt, als wir im Russisch-Unterricht Puschkins Novelle Die Hauptmannstochter lasen. Geblieben ist eine ferne Erinnerung an eine tragische Liebesgeschichte aus der wilden Zeit des Pugatschow-Aufstandes von 1744. Sp\u00e4ter habe ich selbst meine Sch\u00fcler mit dieser Geschichte traktiert, [&hellip;]<\/p>\n\t\t\t\t<\/div>\n\n\t\t\t\t\t\t\t\t\t<a href=\"https:\/\/www.verdichtet.at\/?p=9167#respond\" class=\"su-post-comments-link\">0 Kommentare<\/a>\n\t\t\t\t\n\t\t\t<\/div>\n\n\t\t\t\t\t\n\t\t\t\n\t\t\t<div id=\"su-post-6289\" class=\"su-post \">\n\n\t\t\t\t\n\t\t\t\t<h2 class=\"su-post-title\"><a href=\"https:\/\/www.verdichtet.at\/?p=6289\">Palmstr\u00f6m wagt\u2018s<\/a><\/h2>\n\n\t\t\t\t<div class=\"su-post-meta\">\n\t\t\t\t\tVer\u00f6ffentlicht: 15. M\u00e4rz 2017\t\t\t\t<\/div>\n\n\t\t\t\t<div class=\"su-post-excerpt\">\n\t\t\t\t\t<p>Neue Seite, neues Gl\u00fcck Denkt Palmstr\u00f6m und verfasst ein St\u00fcck Von K\u00f6nigen und ihren Huren Von Schurken, die in Kutschen fuhren Von presserischer F\u00fcrstenlast Vom Volk, das \u00e4ngstlich duckt und hasst Und er schildert lang und breit Die ganze Ungerechtigkeit Der feudal\u2019n Vergangenheit: Tyrannei dr\u00fcckt brave Bauern Die Haus und Hof und Wald und Feld [&hellip;]<\/p>\n\t\t\t\t<\/div>\n\n\t\t\t\t\t\t\t\t\t<a href=\"https:\/\/www.verdichtet.at\/?p=6289#respond\" class=\"su-post-comments-link\">0 Kommentare<\/a>\n\t\t\t\t\n\t\t\t<\/div>\n\n\t\t\t\t\t\n\t\t\t\n\t\t\t<div id=\"su-post-8888\" class=\"su-post \">\n\n\t\t\t\t\n\t\t\t\t<h2 class=\"su-post-title\"><a href=\"https:\/\/www.verdichtet.at\/?p=8888\">Ein Sommer in Kirchstetten<\/a><\/h2>\n\n\t\t\t\t<div class=\"su-post-meta\">\n\t\t\t\t\tVer\u00f6ffentlicht: 9. November 2018\t\t\t\t<\/div>\n\n\t\t\t\t<div class=\"su-post-excerpt\">\n\t\t\t\t\t<p>(vor 45 Jahren, Juni &#8211; September 1972, Brodsky bei Auden) Da steht er und blinzelt unsicher ins Licht am Ende des Ganges. Es ist sommerlich hei\u00df an diesem 5. Juni 1972 in Schwechat. Der Mann tr\u00e4gt einen schweren Wintermantel und auf dem Kopf eine flache Lenin-Kappe. Er ist 1,80 gro\u00df, untersetzt, breiter Hals, hohe Stirn, [&hellip;]<\/p>\n\t\t\t\t<\/div>\n\n\t\t\t\t\t\t\t\t\t<a href=\"https:\/\/www.verdichtet.at\/?p=8888#respond\" class=\"su-post-comments-link\">0 Kommentare<\/a>\n\t\t\t\t\n\t\t\t<\/div>\n\n\t\t\t\t\t\n\t\t\t\n\t\t\t<div id=\"su-post-8047\" class=\"su-post \">\n\n\t\t\t\t\n\t\t\t\t<h2 class=\"su-post-title\"><a href=\"https:\/\/www.verdichtet.at\/?p=8047\">Gel\u00f6scht<\/a><\/h2>\n\n\t\t\t\t<div class=\"su-post-meta\">\n\t\t\t\t\tVer\u00f6ffentlicht: 24. April 2018\t\t\t\t<\/div>\n\n\t\t\t\t<div class=\"su-post-excerpt\">\n\t\t\t\t\t<p>Und wieder und wieder, versuche ich dich von meiner Festplatte zu l\u00f6schen. Und wieder und wieder finde ich dein Backup irgendwo. Nives Farrier aus: Nach Dir. (TwentySix Verlag, 2018) www.verdichtet.at | Kategorie: anno | Inventarnummerr: 18106 &nbsp;<\/p>\n\t\t\t\t<\/div>\n\n\t\t\t\t\t\t\t\t\t<a href=\"https:\/\/www.verdichtet.at\/?p=8047#respond\" class=\"su-post-comments-link\">0 Kommentare<\/a>\n\t\t\t\t\n\t\t\t<\/div>\n\n\t\t\t\t\t\n\t\t\t\n\t\t\t<div id=\"su-post-8762\" class=\"su-post \">\n\n\t\t\t\t\n\t\t\t\t<h2 class=\"su-post-title\"><a href=\"https:\/\/www.verdichtet.at\/?p=8762\">Ich bin halt ein Kriegskind<\/a><\/h2>\n\n\t\t\t\t<div class=\"su-post-meta\">\n\t\t\t\t\tVer\u00f6ffentlicht: 1. Oktober 2018\t\t\t\t<\/div>\n\n\t\t\t\t<div class=\"su-post-excerpt\">\n\t\t\t\t\t<p>Als \u00e4lterer Wiener (Jahrgang 1943), den es ins Weinviertel verschlagen hat, sieht man die Welt mit anderen Augen als die zwei, drei Generationen danach. Nein, das wird keine r\u00fchrselige Lebensgeschichte \u2013 die hat schlie\u00dflich jeder. Aber sch\u00f6n langsam ist auch die Gruppe der \u201eZeitzeugen\u201c, der zwischen 1939 bis 1945 Geborenen schon am Ausd\u00fcnnen \u2013 und [&hellip;]<\/p>\n\t\t\t\t<\/div>\n\n\t\t\t\t\t\t\t\t\t<a href=\"https:\/\/www.verdichtet.at\/?p=8762#respond\" class=\"su-post-comments-link\">0 Kommentare<\/a>\n\t\t\t\t\n\t\t\t<\/div>\n\n\t\t\t\t\t\n\t\t\t\n\t\t\t<div id=\"su-post-7936\" class=\"su-post \">\n\n\t\t\t\t\n\t\t\t\t<h2 class=\"su-post-title\"><a href=\"https:\/\/www.verdichtet.at\/?p=7936\">Sieben Jahre Pech<\/a><\/h2>\n\n\t\t\t\t<div class=\"su-post-meta\">\n\t\t\t\t\tVer\u00f6ffentlicht: 24. April 2018\t\t\t\t<\/div>\n\n\t\t\t\t<div class=\"su-post-excerpt\">\n\t\t\t\t\t<p>So lang ist es her. Und ich will die Scherben immer noch nicht aufheben, um zu sehen, was in mir alles zerbrochen ist. Nives Farrier aus: Nach Dir. (TwentySix Verlag, 2018) www.verdichtet.at | Kategorie: anno | Inventarnummer: 18068 &nbsp;<\/p>\n\t\t\t\t<\/div>\n\n\t\t\t\t\t\t\t\t\t<a href=\"https:\/\/www.verdichtet.at\/?p=7936#respond\" class=\"su-post-comments-link\">0 Kommentare<\/a>\n\t\t\t\t\n\t\t\t<\/div>\n\n\t\t\t\t\t\n\t\t\t\n\t\t\t<div id=\"su-post-7939\" class=\"su-post \">\n\n\t\t\t\t\n\t\t\t\t<h2 class=\"su-post-title\"><a href=\"https:\/\/www.verdichtet.at\/?p=7939\">Schattenspiele<\/a><\/h2>\n\n\t\t\t\t<div class=\"su-post-meta\">\n\t\t\t\t\tVer\u00f6ffentlicht: 24. April 2018\t\t\t\t<\/div>\n\n\t\t\t\t<div class=\"su-post-excerpt\">\n\t\t\t\t\t<p>Jede Nacht starre ich an die Wand und verfolge die Spiele der zerbrochenen Schatten. Im Licht des Kerzenscheins, erz\u00e4hlen sie von einer besseren Zeit. Nives Farrier aus: Nach Dir. (TwentySix Verlag, 2018) www.verdichtet.at | Kategorie: anno | Inventarnummer: 18069 &nbsp;<\/p>\n\t\t\t\t<\/div>\n\n\t\t\t\t\t\t\t\t\t<a href=\"https:\/\/www.verdichtet.at\/?p=7939#respond\" class=\"su-post-comments-link\">0 Kommentare<\/a>\n\t\t\t\t\n\t\t\t<\/div>\n\n\t\t\t\t\t\n\t\t\t\n\t\t\t<div id=\"su-post-7714\" class=\"su-post \">\n\n\t\t\t\t\n\t\t\t\t<h2 class=\"su-post-title\"><a href=\"https:\/\/www.verdichtet.at\/?p=7714\">Das gr\u00f6\u00dfte Missverst\u00e4ndnis der Weltgeschichte<\/a><\/h2>\n\n\t\t\t\t<div class=\"su-post-meta\">\n\t\t\t\t\tVer\u00f6ffentlicht: 13. M\u00e4rz 2018\t\t\t\t<\/div>\n\n\t\t\t\t<div class=\"su-post-excerpt\">\n\t\t\t\t\t<p>Viel ist nicht im Ged\u00e4chtnis geblieben \u2013 nur ein unklares Bild und ein gemischtes Gef\u00fchl. Auch der Zeitpunkt ist eine Rekonstruktion. Das Bild: Ich sitze auf den Schultern meines Vaters, winke und weine. Weine und winke. Weiter dr\u00fcben steht ein Zug mit Menschen und einer mit verh\u00fclltem Kriegsger\u00e4t. Das Gef\u00fchl bleibt undeutlich. Warum ich winke [&hellip;]<\/p>\n\t\t\t\t<\/div>\n\n\t\t\t\t\t\t\t\t\t<a href=\"https:\/\/www.verdichtet.at\/?p=7714#respond\" class=\"su-post-comments-link\">0 Kommentare<\/a>\n\t\t\t\t\n\t\t\t<\/div>\n\n\t\t\t\t\t\n\t\t\t\n\t\t\t<div id=\"su-post-7740\" class=\"su-post \">\n\n\t\t\t\t\n\t\t\t\t<h2 class=\"su-post-title\"><a href=\"https:\/\/www.verdichtet.at\/?p=7740\">Als Putin mir die T\u00fcr \u00f6ffnete<\/a><\/h2>\n\n\t\t\t\t<div class=\"su-post-meta\">\n\t\t\t\t\tVer\u00f6ffentlicht: 26. M\u00e4rz 2018\t\t\t\t<\/div>\n\n\t\t\t\t<div class=\"su-post-excerpt\">\n\t\t\t\t\t<p>Obwohl journalistisch keineswegs unerfahren, war ich in den letzten Mai-Tagen 1991 ungew\u00f6hnlich aufgeregt. Eine pers\u00f6nliche Einladung vom 1. Vorsitzenden des Lensowjets zu bekommen, war auch in jenen st\u00fcrmischen Monaten des Jahres 1991 nicht allt\u00e4glich. Anatolij Alexandrowitsch Sobtschak wollte dem ORF in seinem Amtsitz in Leningrad ein Interview geben. Ein Monat sp\u00e4ter sollte er als erster, [&hellip;]<\/p>\n\t\t\t\t<\/div>\n\n\t\t\t\t\t\t\t\t\t<a href=\"https:\/\/www.verdichtet.at\/?p=7740#respond\" class=\"su-post-comments-link\">0 Kommentare<\/a>\n\t\t\t\t\n\t\t\t<\/div>\n\n\t\t\t\t\t\n\t\t\t\n\t\t\t<div id=\"su-post-7743\" class=\"su-post \">\n\n\t\t\t\t\n\t\t\t\t<h2 class=\"su-post-title\"><a href=\"https:\/\/www.verdichtet.at\/?p=7743\">Puschkins Hase<\/a><\/h2>\n\n\t\t\t\t<div class=\"su-post-meta\">\n\t\t\t\t\tVer\u00f6ffentlicht: 26. M\u00e4rz 2018\t\t\t\t<\/div>\n\n\t\t\t\t<div class=\"su-post-excerpt\">\n\t\t\t\t\t<p>Es war der 23. Dezember 2000, als sich eine Gruppe von Menschen am Leningrader Bahnhof (hie\u00df wirklich noch so!), Bahnsteig 2, vor dem Waggon 17 versammelte, alle dick vermummt, denn es hatte in diesem Tagen um die zehn Grad minus. Au\u00dfer Andrej Bitow kannte ich niemanden pers\u00f6nlich, und diesen nur fl\u00fcchtig und aus einer Situation, [&hellip;]<\/p>\n\t\t\t\t<\/div>\n\n\t\t\t\t\t\t\t\t\t<a href=\"https:\/\/www.verdichtet.at\/?p=7743#respond\" class=\"su-post-comments-link\">0 Kommentare<\/a>\n\t\t\t\t\n\t\t\t<\/div>\n\n\t\t\t\t\t\n\t\t\t\n\t\t\t<div id=\"su-post-7673\" class=\"su-post \">\n\n\t\t\t\t\n\t\t\t\t<h2 class=\"su-post-title\"><a href=\"https:\/\/www.verdichtet.at\/?p=7673\">Baujahr 1967 &#8211; Summer of Love<\/a><\/h2>\n\n\t\t\t\t<div class=\"su-post-meta\">\n\t\t\t\t\tVer\u00f6ffentlicht: 28. Februar 2018\t\t\t\t<\/div>\n\n\t\t\t\t<div class=\"su-post-excerpt\">\n\t\t\t\t\t<p>geschrieben anl\u00e4sslich von \u00d61-Dimensionen im Sommer 2017 Ich bin nicht Geburtsbaujahr 67, sondern 48. Aber 1967 war in vieler Hinsicht ein Neuanfang, mein Schritt in die Neue Welt, in die Welt \u00fcberhaupt. So scheint es mir. Nach der Matura begann ich an der Universit\u00e4t Wien Dolmetsch zu studieren, Russisch-Englisch, im Nebenfach Psychologie. Beides ungeliebt, zwei [&hellip;]<\/p>\n\t\t\t\t<\/div>\n\n\t\t\t\t\t\t\t\t\t<a href=\"https:\/\/www.verdichtet.at\/?p=7673#respond\" class=\"su-post-comments-link\">0 Kommentare<\/a>\n\t\t\t\t\n\t\t\t<\/div>\n\n\t\t\t\t\t\n\t\t\t\n\t\t\t<div id=\"su-post-7095\" class=\"su-post \">\n\n\t\t\t\t\n\t\t\t\t<h2 class=\"su-post-title\"><a href=\"https:\/\/www.verdichtet.at\/?p=7095\">H\u00f6hle<\/a><\/h2>\n\n\t\t\t\t<div class=\"su-post-meta\">\n\t\t\t\t\tVer\u00f6ffentlicht: 6. Oktober 2017\t\t\t\t<\/div>\n\n\t\t\t\t<div class=\"su-post-excerpt\">\n\t\t\t\t\t<p>Gehe an der H\u00f6hle vorbei, T\u00fcr geht auf, ein Schwall an Ger\u00fcchen, Ich blicke in die 80er, Alkohol k\u00fcsst hunderte Zigaretten, Darts und Gl\u00fccksspiel, Die Luft atmen sie, Ein alter Mann, Haut eingefallen, starrt in die hei\u00dfe Sonne Florian Pfeffer www.verdichtet.at |\u00a0Kategorie:\u00a0anno | Inventarnummer: 18003<\/p>\n\t\t\t\t<\/div>\n\n\t\t\t\t\t\t\t\t\t<a href=\"https:\/\/www.verdichtet.at\/?p=7095#respond\" class=\"su-post-comments-link\">0 Kommentare<\/a>\n\t\t\t\t\n\t\t\t<\/div>\n\n\t\t\t\t\t\n\t\t\t\n\t\t\t<div id=\"su-post-7189\" class=\"su-post \">\n\n\t\t\t\t\n\t\t\t\t<h2 class=\"su-post-title\"><a href=\"https:\/\/www.verdichtet.at\/?p=7189\">Klopapierrollen-Kapitalismus<\/a><\/h2>\n\n\t\t\t\t<div class=\"su-post-meta\">\n\t\t\t\t\tVer\u00f6ffentlicht: 18. Oktober 2017\t\t\t\t<\/div>\n\n\t\t\t\t<div class=\"su-post-excerpt\">\n\t\t\t\t\t<p>Im September 1998 organisierte die Universit\u00e4t St. Petersburg ein Seminar zur Frage, ob es ein weibliches Schreiben g\u00e4be. Dazu hatte ich acht G\u00e4ste aus \u00d6sterreich eingeladen und nahm aus Eigeninteresse auch selbst daran teil. Am letzten Tag lud die Uni zur Stadtbesichtigung ein; die \u00f6sterreichische Schriftstellerin E.S. wollte aber lieber die Sommerdatscha der russischen Dichterin [&hellip;]<\/p>\n\t\t\t\t<\/div>\n\n\t\t\t\t\t\t\t\t\t<a href=\"https:\/\/www.verdichtet.at\/?p=7189#respond\" class=\"su-post-comments-link\">0 Kommentare<\/a>\n\t\t\t\t\n\t\t\t<\/div>\n\n\t\t\t\t\t\n\t\t\t\n\t\t\t<div id=\"su-post-7077\" class=\"su-post \">\n\n\t\t\t\t\n\t\t\t\t<h2 class=\"su-post-title\"><a href=\"https:\/\/www.verdichtet.at\/?p=7077\">Zeit f\u00fcr mich<\/a><\/h2>\n\n\t\t\t\t<div class=\"su-post-meta\">\n\t\t\t\t\tVer\u00f6ffentlicht: 6. Oktober 2017\t\t\t\t<\/div>\n\n\t\t\t\t<div class=\"su-post-excerpt\">\n\t\t\t\t\t<p>Kalender sind frei, Hektik liegt begraben, Ein Timer z\u00e4hlt abw\u00e4rts, z\u00e4hlt transparent durch meinen K\u00f6rper, Die Stoppuhr h\u00e4lt an, Finger greifen nach ihr, Wollen sie stellen, Beachte sie kaum, Staub an den Zeigern Florian Pfeffer www.verdichtet.at |\u00a0Kategorie:\u00a0anno | Inventarnummer: 17178<\/p>\n\t\t\t\t<\/div>\n\n\t\t\t\t\t\t\t\t\t<a href=\"https:\/\/www.verdichtet.at\/?p=7077#respond\" class=\"su-post-comments-link\">0 Kommentare<\/a>\n\t\t\t\t\n\t\t\t<\/div>\n\n\t\t\t\t\t\n\t\t\t\n\t\t\t<div id=\"su-post-6475\" class=\"su-post \">\n\n\t\t\t\t\n\t\t\t\t<h2 class=\"su-post-title\"><a href=\"https:\/\/www.verdichtet.at\/?p=6475\">Fenster der Erinnerungen<\/a><\/h2>\n\n\t\t\t\t<div class=\"su-post-meta\">\n\t\t\t\t\tVer\u00f6ffentlicht: 9. Mai 2017\t\t\t\t<\/div>\n\n\t\t\t\t<div class=\"su-post-excerpt\">\n\t\t\t\t\t<p>Der Frost schl\u00e4ft ein, Nachts \u00f6ffnet sich das Fenster, Endlich wieder, Luft tanzt im gelben Licht, Schwere Decken liegen am R\u00fccken, Verwandlung, Als ich eine Schildkr\u00f6te war, spielte ich am Meer, Blaues Leintuch, leises Rauschen von Stimmen, im Hintergrund Florian Pfeffer www.verdichtet.at | Kategorie:\u00a0anno | Inventarnummer: 17116<\/p>\n\t\t\t\t<\/div>\n\n\t\t\t\t\t\t\t\t\t<a href=\"https:\/\/www.verdichtet.at\/?p=6475#respond\" class=\"su-post-comments-link\">0 Kommentare<\/a>\n\t\t\t\t\n\t\t\t<\/div>\n\n\t\t\t\t\t\n\t\t\t\n\t\t\t<div id=\"su-post-6709\" class=\"su-post \">\n\n\t\t\t\t\n\t\t\t\t<h2 class=\"su-post-title\"><a href=\"https:\/\/www.verdichtet.at\/?p=6709\">Requiem f\u00fcr eine Buchhandlung<\/a><\/h2>\n\n\t\t\t\t<div class=\"su-post-meta\">\n\t\t\t\t\tVer\u00f6ffentlicht: 20. Juni 2017\t\t\t\t<\/div>\n\n\t\t\t\t<div class=\"su-post-excerpt\">\n\t\t\t\t\t<p>Malota &#8211; Stern\u2019s Nachfolger seit 1906 Die Stra\u00dfe ist die \u00e4lteste Verbindungslinie aus der Stadt hinaus in den S\u00fcden. Und zwar immer schon. Zumindest seit den R\u00f6mern. Ihre Verl\u00e4ngerung, die Triester Stra\u00dfe, f\u00fchrt auf direktestem Weg ans Meer, eben nach Triest und Venedig, einstmals \u00f6sterreichisch. Sie hat derzeit 3 Kirchen, 4 Apotheken, 9 Hotels und [&hellip;]<\/p>\n\t\t\t\t<\/div>\n\n\t\t\t\t\t\t\t\t\t<a href=\"https:\/\/www.verdichtet.at\/?p=6709#comments\" class=\"su-post-comments-link\">Ein Kommentar<\/a>\n\t\t\t\t\n\t\t\t<\/div>\n\n\t\t\t\t\t\n\t\t\t\n\t\t\t<div id=\"su-post-6473\" class=\"su-post \">\n\n\t\t\t\t\n\t\t\t\t<h2 class=\"su-post-title\"><a href=\"https:\/\/www.verdichtet.at\/?p=6473\">Dunkler Matsch<\/a><\/h2>\n\n\t\t\t\t<div class=\"su-post-meta\">\n\t\t\t\t\tVer\u00f6ffentlicht: 9. Mai 2017\t\t\t\t<\/div>\n\n\t\t\t\t<div class=\"su-post-excerpt\">\n\t\t\t\t\t<p>Es kriecht eine Spinne, klettert in den Gang, fl\u00fcstert Gift, von alter Zeit, Bewegungsunf\u00e4hig im Eis, Fisch in der Winterstarre Gold graben im Sand, Entschuldigungen verstecken sich, ein Schneckenhaus, ohne Schnecke Zwischen Mond und verschneitem Wald werden Gewichte transparent Florian Pfeffer www.verdichtet.at | Kategorie:\u00a0anno | Inventarnummer: 17104<\/p>\n\t\t\t\t<\/div>\n\n\t\t\t\t\t\t\t\t\t<a href=\"https:\/\/www.verdichtet.at\/?p=6473#respond\" class=\"su-post-comments-link\">0 Kommentare<\/a>\n\t\t\t\t\n\t\t\t<\/div>\n\n\t\t\t\t\t\n\t\t\t\n\t\t\t<div id=\"su-post-6153\" class=\"su-post \">\n\n\t\t\t\t\n\t\t\t\t<h2 class=\"su-post-title\"><a href=\"https:\/\/www.verdichtet.at\/?p=6153\">St\u00f6rungen aus der Vergangenheit<\/a><\/h2>\n\n\t\t\t\t<div class=\"su-post-meta\">\n\t\t\t\t\tVer\u00f6ffentlicht: 22. Februar 2017\t\t\t\t<\/div>\n\n\t\t\t\t<div class=\"su-post-excerpt\">\n\t\t\t\t\t<p>Sie h\u00e4ngen schwer, blutrote Trauben, der schwarze Vogel pickt L\u00f6cher in den Horizont, &#8230;&#8230;&#8230;&#8230;&#8230;&#8230;&#8230;&#8230;&#8230;&#8230;&#8230;&#8230;&#8230;&#8230;. kleiner Barlicht zeichnet ein Farbsystem, Grauer Spiegel, in der R\u00f6hre Das St\u00f6rbild elektrisierte ein Kind Schwarz-wei\u00dfes Heulen, Ich rannte aus dem Zimmer, vor alten Ger\u00e4uschen aus dem All Florian Pfeffer www.verdichtet.at | Kategorie: anno| Inventarnummer: 17080<\/p>\n\t\t\t\t<\/div>\n\n\t\t\t\t\t\t\t\t\t<a href=\"https:\/\/www.verdichtet.at\/?p=6153#respond\" class=\"su-post-comments-link\">0 Kommentare<\/a>\n\t\t\t\t\n\t\t\t<\/div>\n\n\t\t\t\t\t\n\t\t\t\n\t\t\t<div id=\"su-post-6217\" class=\"su-post \">\n\n\t\t\t\t\n\t\t\t\t<h2 class=\"su-post-title\"><a href=\"https:\/\/www.verdichtet.at\/?p=6217\">Die Errettung der Schwalben<\/a><\/h2>\n\n\t\t\t\t<div class=\"su-post-meta\">\n\t\t\t\t\tVer\u00f6ffentlicht: 28. Februar 2017\t\t\t\t<\/div>\n\n\t\t\t\t<div class=\"su-post-excerpt\">\n\t\t\t\t\t<p>Als sich der Vorfall ereignete, von dem ich jetzt erz\u00e4hlen m\u00f6chte, war ich ganze f\u00fcnf Jahre alt. Der Sommer war sch\u00f6n gewesen, ein ganz besonders guter Sommer, sagten die Erwachsenen. Die Donau f\u00fchrte Niedrigwasser, und wir kleineren Kinder konnten ohne Gefahr in den warmen T\u00fcmpeln zwischen den Uferfelsen planschen, die \u00e4lteren durften sogar im Hauptstrom [&hellip;]<\/p>\n\t\t\t\t<\/div>\n\n\t\t\t\t\t\t\t\t\t<a href=\"https:\/\/www.verdichtet.at\/?p=6217#respond\" class=\"su-post-comments-link\">0 Kommentare<\/a>\n\t\t\t\t\n\t\t\t<\/div>\n\n\t\t\t\t\t\n\t\t\t\n\t\t\t<div id=\"su-post-6138\" class=\"su-post \">\n\n\t\t\t\t\n\t\t\t\t<h2 class=\"su-post-title\"><a href=\"https:\/\/www.verdichtet.at\/?p=6138\">Der Tee war zu stark<\/a><\/h2>\n\n\t\t\t\t<div class=\"su-post-meta\">\n\t\t\t\t\tVer\u00f6ffentlicht: 22. Februar 2017\t\t\t\t<\/div>\n\n\t\t\t\t<div class=\"su-post-excerpt\">\n\t\t\t\t\t<p>Der Magen ist voll, ein Smoothie, er dreht sich, Geschmacksrichtungen verzerrt und sauer, das Blitzlichtgewitter wird weniger, Tr\u00e4ume wirken wie auf Psychedelika, Suche nach mir, in verschiedenen Zeitstrahlen, ein Film von gestern bis heute, Kalt wie die Ostantarktis Hei\u00df wie in Dasht-e Lut, ich mittendrin Florian Pfeffer www.verdichtet.at | Kategorie: anno | Inventarnummer: 17073<\/p>\n\t\t\t\t<\/div>\n\n\t\t\t\t\t\t\t\t\t<a href=\"https:\/\/www.verdichtet.at\/?p=6138#respond\" class=\"su-post-comments-link\">0 Kommentare<\/a>\n\t\t\t\t\n\t\t\t<\/div>\n\n\t\t\t\t\t\n\t\t\t\n\t\t\t<div id=\"su-post-6134\" class=\"su-post \">\n\n\t\t\t\t\n\t\t\t\t<h2 class=\"su-post-title\"><a href=\"https:\/\/www.verdichtet.at\/?p=6134\">Bei Oma und Opa im Winter<\/a><\/h2>\n\n\t\t\t\t<div class=\"su-post-meta\">\n\t\t\t\t\tVer\u00f6ffentlicht: 22. Februar 2017\t\t\t\t<\/div>\n\n\t\t\t\t<div class=\"su-post-excerpt\">\n\t\t\t\t\t<p>Ein Windsto\u00df bl\u00e4st die Sonne zwischen den grauen Wolken umher Gefl\u00fcgel sucht den Boden mit Sprache ab Rauch verbindet sich mit Bergen in weiter Ferne, nur im Glas befinden sich wei\u00dfe Weihnachten, eingefroren f\u00fcr lange Zeit Florian Pfeffer www.verdichtet.at | Kategorie: anno| Inventarnummer: 17071<\/p>\n\t\t\t\t<\/div>\n\n\t\t\t\t\t\t\t\t\t<a href=\"https:\/\/www.verdichtet.at\/?p=6134#respond\" class=\"su-post-comments-link\">0 Kommentare<\/a>\n\t\t\t\t\n\t\t\t<\/div>\n\n\t\t\t\t\t\n\t\t\t\n\t\t\t<div id=\"su-post-6125\" class=\"su-post \">\n\n\t\t\t\t\n\t\t\t\t<h2 class=\"su-post-title\"><a href=\"https:\/\/www.verdichtet.at\/?p=6125\">Franz ohne Sisi<\/a><\/h2>\n\n\t\t\t\t<div class=\"su-post-meta\">\n\t\t\t\t\tVer\u00f6ffentlicht: 22. Februar 2017\t\t\t\t<\/div>\n\n\t\t\t\t<div class=\"su-post-excerpt\">\n\t\t\t\t\t<p>Gehe dir entgegen, dar\u00fcber eine schwere Gewitterwolke, ein Rabenp\u00e4rchen mitten im Gr\u00fcn, dar\u00fcber der d\u00e4mmernde Abend, F\u00fc\u00dfe gehen, Beben werden kleiner, Zum Prunk verstaubter Zeit, Kaiser und Adelige, weiter in den Wald, dort wird das k\u00fcnstliche Meeresrauschen leiser Florian Pfeffer www.verdichtet.at | Kategorie: anno| Inventarnummer: 17067<\/p>\n\t\t\t\t<\/div>\n\n\t\t\t\t\t\t\t\t\t<a href=\"https:\/\/www.verdichtet.at\/?p=6125#respond\" class=\"su-post-comments-link\">0 Kommentare<\/a>\n\t\t\t\t\n\t\t\t<\/div>\n\n\t\t\t\t\t\n\t\t\t\n\t\t\t<div id=\"su-post-5984\" class=\"su-post \">\n\n\t\t\t\t\n\t\t\t\t<h2 class=\"su-post-title\"><a href=\"https:\/\/www.verdichtet.at\/?p=5984\">Sparen in den 50er Jahren<\/a><\/h2>\n\n\t\t\t\t<div class=\"su-post-meta\">\n\t\t\t\t\tVer\u00f6ffentlicht: 31. Januar 2017\t\t\t\t<\/div>\n\n\t\t\t\t<div class=\"su-post-excerpt\">\n\t\t\t\t\t<p>Meine Omama verstand es wie alle aus der Zweifach-Kriegsgeneration, \u201esich was vom Mund abzusparen\u201c. Sie war Sparmeisterin und Wiederverwerterin, sie warf einfach nichts weg. Ihre Erfahrung sagte ihr: \u201eAufheben f\u00fcr schlechte Zeiten.\u201c Die um 1900 Geborenen konnten alles noch einmal gebrauchen! Alte Unterw\u00e4sche und Leint\u00fccher zu Putzfetzen zerschnitten, alte Zeitungen in den H\u00e4nden weichgerieben als [&hellip;]<\/p>\n\t\t\t\t<\/div>\n\n\t\t\t\t\t\t\t\t\t<a href=\"https:\/\/www.verdichtet.at\/?p=5984#comments\" class=\"su-post-comments-link\">Ein Kommentar<\/a>\n\t\t\t\t\n\t\t\t<\/div>\n\n\t\t\t\t\t\n\t\t\t\n\t\t\t<div id=\"su-post-5600\" class=\"su-post \">\n\n\t\t\t\t\n\t\t\t\t<h2 class=\"su-post-title\"><a href=\"https:\/\/www.verdichtet.at\/?p=5600\">Der Anfang der Welt<\/a><\/h2>\n\n\t\t\t\t<div class=\"su-post-meta\">\n\t\t\t\t\tVer\u00f6ffentlicht: 7. Dezember 2016\t\t\t\t<\/div>\n\n\t\t\t\t<div class=\"su-post-excerpt\">\n\t\t\t\t\t<p>Das Erz\u00e4hlen dieser Geschichte hat einen gro\u00dfen Vorteil. Es kann mir niemand widersprechen. Wer von Ihnen war schon auf den Kurilen oder kennt jemanden, der diese Inselgruppe bereist hat? Nein, ich selbst war auch noch nie auf den Kurilen, daf\u00fcr aber mein russischer Freund Lew Nikolajewitsch G. Er war von Beruf Pilot beim sowjetischen Atomministerium, [&hellip;]<\/p>\n\t\t\t\t<\/div>\n\n\t\t\t\t\t\t\t\t\t<a href=\"https:\/\/www.verdichtet.at\/?p=5600#respond\" class=\"su-post-comments-link\">0 Kommentare<\/a>\n\t\t\t\t\n\t\t\t<\/div>\n\n\t\t\t\t\t\n\t\t\t\n\t\t\t<div id=\"su-post-5672\" class=\"su-post \">\n\n\t\t\t\t\n\t\t\t\t<h2 class=\"su-post-title\"><a href=\"https:\/\/www.verdichtet.at\/?p=5672\">Weihnachten im Schatten der Eiche<\/a><\/h2>\n\n\t\t\t\t<div class=\"su-post-meta\">\n\t\t\t\t\tVer\u00f6ffentlicht: 17. Dezember 2016\t\t\t\t<\/div>\n\n\t\t\t\t<div class=\"su-post-excerpt\">\n\t\t\t\t\t<p>Manchmal, wenn es im Juli kochendhei\u00df und der Nachmittag leer war, trafen meine j\u00fcngere Schwester, unser kleiner Bruder und ich im tiefen Schatten der Eiche zusammen. Wir waren unserer Sommerspiele \u00fcberdr\u00fcssig, waren m\u00fcde und sprachen d\u00f6send von Weihnachten. Der kleine Bruder sa\u00df oben im Baumhaus, und wir sangen zu dritt Weihnachtslieder. Es wird scho glei [&hellip;]<\/p>\n\t\t\t\t<\/div>\n\n\t\t\t\t\t\t\t\t\t<a href=\"https:\/\/www.verdichtet.at\/?p=5672#respond\" class=\"su-post-comments-link\">0 Kommentare<\/a>\n\t\t\t\t\n\t\t\t<\/div>\n\n\t\t\t\t\t\n\t\t\t\n\t\t\t<div id=\"su-post-5563\" class=\"su-post \">\n\n\t\t\t\t\n\t\t\t\t<h2 class=\"su-post-title\"><a href=\"https:\/\/www.verdichtet.at\/?p=5563\">Braune Bl\u00e4tter<\/a><\/h2>\n\n\t\t\t\t<div class=\"su-post-meta\">\n\t\t\t\t\tVer\u00f6ffentlicht: 28. November 2016\t\t\t\t<\/div>\n\n\t\t\t\t<div class=\"su-post-excerpt\">\n\t\t\t\t\t<p>Wie der Herbst f\u00e4llt das Gefieder ab Wolken umnebeln den Himmel Er f\u00e4llt hart, zwischen allen Kaffeebohnen werden zerst\u00fcckelt Hei\u00dfe D\u00e4mpfe zwischen dem Echo von leeren W\u00f6rtern, Bankkonten, Versicherungen Dazwischen dein K\u00f6rper, beobachtend und regungslos, die Welt zerflossen von Jahren Eine Leitung Richtung Dach und wieder hinunter Zittrig und ein Schwindel im Kopf Reste von [&hellip;]<\/p>\n\t\t\t\t<\/div>\n\n\t\t\t\t\t\t\t\t\t<a href=\"https:\/\/www.verdichtet.at\/?p=5563#respond\" class=\"su-post-comments-link\">0 Kommentare<\/a>\n\t\t\t\t\n\t\t\t<\/div>\n\n\t\t\t\t\t\n\t\t\t\n\t\t\t<div id=\"su-post-5527\" class=\"su-post \">\n\n\t\t\t\t\n\t\t\t\t<h2 class=\"su-post-title\"><a href=\"https:\/\/www.verdichtet.at\/?p=5527\">Das georgische Kreuz<\/a><\/h2>\n\n\t\t\t\t<div class=\"su-post-meta\">\n\t\t\t\t\tVer\u00f6ffentlicht: 27. November 2016\t\t\t\t<\/div>\n\n\t\t\t\t<div class=\"su-post-excerpt\">\n\t\t\t\t\t<p>Ein Medaillon um den Hals, eine Ikone vor der Brust, ein Flachmann vielleicht oder Knoblauchzehen, das Lieblingsbuch, ein Bild der Geliebten, eine Haarstr\u00e4hne oder auch nur ein metallener Mantelknopf &#8211; Geschichten \u00fcber lebensrettende Amulette gibt es viele. Meist ist es der unverbr\u00fcchliche Glaube an diese Helfer, die Segnungen und guten W\u00fcnsche von M\u00fcttern oder Geliebten, [&hellip;]<\/p>\n\t\t\t\t<\/div>\n\n\t\t\t\t\t\t\t\t\t<a href=\"https:\/\/www.verdichtet.at\/?p=5527#respond\" class=\"su-post-comments-link\">0 Kommentare<\/a>\n\t\t\t\t\n\t\t\t<\/div>\n\n\t\t\t\t\t\n\t\t\t\n\t\t\t<div id=\"su-post-5222\" class=\"su-post \">\n\n\t\t\t\t\n\t\t\t\t<h2 class=\"su-post-title\"><a href=\"https:\/\/www.verdichtet.at\/?p=5222\">Das lange und gl\u00fcckliche Leben des Franz Rieser<\/a><\/h2>\n\n\t\t\t\t<div class=\"su-post-meta\">\n\t\t\t\t\tVer\u00f6ffentlicht: 15. Oktober 2016\t\t\t\t<\/div>\n\n\t\t\t\t<div class=\"su-post-excerpt\">\n\t\t\t\t\t<p>An einem sonnigen Fr\u00fchlingstag im Jahr 2013 verlie\u00df Franz Rieser sein Haus. Er versperrte die Eingangst\u00fcre und setzte sich auf die rustikale Holzbank vor seinem Heim. \u00bbMurli, Minka!\u00ab, sagte er halblaut, doch laut genug, dass seine beiden Katzen ihn h\u00f6ren konnten. Sie sprangen zu ihm auf die Bank und schnurrten vor Behaglichkeit, w\u00e4hrend er sie [&hellip;]<\/p>\n\t\t\t\t<\/div>\n\n\t\t\t\t\t\t\t\t\t<a href=\"https:\/\/www.verdichtet.at\/?p=5222#respond\" class=\"su-post-comments-link\">0 Kommentare<\/a>\n\t\t\t\t\n\t\t\t<\/div>\n\n\t\t\t\t\t\n\t\t\t\n\t\t\t<div id=\"su-post-4846\" class=\"su-post \">\n\n\t\t\t\t\n\t\t\t\t<h2 class=\"su-post-title\"><a href=\"https:\/\/www.verdichtet.at\/?p=4846\">Mein See \u2013 Sommersymphonien am Mondsee<\/a><\/h2>\n\n\t\t\t\t<div class=\"su-post-meta\">\n\t\t\t\t\tVer\u00f6ffentlicht: 17. August 2016\t\t\t\t<\/div>\n\n\t\t\t\t<div class=\"su-post-excerpt\">\n\t\t\t\t\t<p>Den Vater meiner Mutter habe ich nie kennengelernt und wei\u00df auch bis heute nur wenig \u00fcber ihn. Er ist acht Jahre vor meiner Geburt gestorben. Die Tochter, auf die Namen Sieglinde Mathilde Hermine getauft, hat nie viel von ihrer Familie preisgegeben. Ich wusste, dass sie keinen ihrer Namen mochte und fand auch f\u00fcr keinen einen [&hellip;]<\/p>\n\t\t\t\t<\/div>\n\n\t\t\t\t\t\t\t\t\t<a href=\"https:\/\/www.verdichtet.at\/?p=4846#respond\" class=\"su-post-comments-link\">0 Kommentare<\/a>\n\t\t\t\t\n\t\t\t<\/div>\n\n\t\t\t\t\t\n\t\t\t\n\t\t\t<div id=\"su-post-4473\" class=\"su-post \">\n\n\t\t\t\t\n\t\t\t\t<h2 class=\"su-post-title\"><a href=\"https:\/\/www.verdichtet.at\/?p=4473\">Fundst\u00fccke<\/a><\/h2>\n\n\t\t\t\t<div class=\"su-post-meta\">\n\t\t\t\t\tVer\u00f6ffentlicht: 23. Mai 2016\t\t\t\t<\/div>\n\n\t\t\t\t<div class=\"su-post-excerpt\">\n\t\t\t\t\t<p>Gestern Abend entdeckte ich auf dem Dachboden des H\u00e4uschens meiner Mutter eine Truhe, die mir irgendwie bekannt vorkam. Ich hatte mich auf den Dachboden zur\u00fcckgezogen, denn ich wollte vermeiden, dass meine werte Frau Mama mitbekam, in welchem Zustand ich mich um acht Uhr abends als achtunddrei\u00dfigj\u00e4hriger Mann befinde, wenn ich die Stunden zuvor, meist drei [&hellip;]<\/p>\n\t\t\t\t<\/div>\n\n\t\t\t\t\t\t\t\t\t<a href=\"https:\/\/www.verdichtet.at\/?p=4473#respond\" class=\"su-post-comments-link\">0 Kommentare<\/a>\n\t\t\t\t\n\t\t\t<\/div>\n\n\t\t\t\t\t\n\t\t\t\n\t\t\t<div id=\"su-post-4600\" class=\"su-post \">\n\n\t\t\t\t\n\t\t\t\t<h2 class=\"su-post-title\"><a href=\"https:\/\/www.verdichtet.at\/?p=4600\">Die Br\u00fccke<\/a><\/h2>\n\n\t\t\t\t<div class=\"su-post-meta\">\n\t\t\t\t\tVer\u00f6ffentlicht: 13. Juni 2016\t\t\t\t<\/div>\n\n\t\t\t\t<div class=\"su-post-excerpt\">\n\t\t\t\t\t<p>\u201eSie haben die Erlaubnis, die Br\u00fccke zu passieren\u201c, sagte die Frau in der schwarzen Uniform der Staatssch\u00fctzer zu ihm, \u201eaber Sie d\u00fcrfen dann nicht mehr zur\u00fcckkehren. So ist die Verordnung.\u201c Der Mann war unsicher. Das hatte er nicht gewusst. Er hatte angenommen, er k\u00f6nnte beides haben, hier seinen Wohnbezirk, dort ein bisschen Abenteuer. Nein, das [&hellip;]<\/p>\n\t\t\t\t<\/div>\n\n\t\t\t\t\t\t\t\t\t<a href=\"https:\/\/www.verdichtet.at\/?p=4600#respond\" class=\"su-post-comments-link\">0 Kommentare<\/a>\n\t\t\t\t\n\t\t\t<\/div>\n\n\t\t\t\t\t\n\t\t\t\n\t\t\t<div id=\"su-post-4434\" class=\"su-post \">\n\n\t\t\t\t\n\t\t\t\t<h2 class=\"su-post-title\"><a href=\"https:\/\/www.verdichtet.at\/?p=4434\">Vorl\u00e4ufige Grabungsergebnisse<\/a><\/h2>\n\n\t\t\t\t<div class=\"su-post-meta\">\n\t\t\t\t\tVer\u00f6ffentlicht: 18. Mai 2016\t\t\t\t<\/div>\n\n\t\t\t\t<div class=\"su-post-excerpt\">\n\t\t\t\t\t<p>Vorl\u00e4ufig. Und um nicht an ein Ende gelangt zu sein: das Abgeschlossene eines Prozesses, der wahrscheinlich \u2013 w\u00e4re er nicht von uns ins Leben gerufen worden \u2013 nie existiert h\u00e4tte. Wir nehmen es hin, dass wir immer und immer wieder nur die halbe Wahrheit wissen k\u00f6nnen. Wir nehmen es hin, dass vielleicht unsere Gedanken\u00fcbungen \u00fcberhaupt [&hellip;]<\/p>\n\t\t\t\t<\/div>\n\n\t\t\t\t\t\t\t\t\t<a href=\"https:\/\/www.verdichtet.at\/?p=4434#respond\" class=\"su-post-comments-link\">0 Kommentare<\/a>\n\t\t\t\t\n\t\t\t<\/div>\n\n\t\t\t\t\t\n\t\t\t\n\t\t\t<div id=\"su-post-4326\" class=\"su-post \">\n\n\t\t\t\t\n\t\t\t\t<h2 class=\"su-post-title\"><a href=\"https:\/\/www.verdichtet.at\/?p=4326\">Der Streik<\/a><\/h2>\n\n\t\t\t\t<div class=\"su-post-meta\">\n\t\t\t\t\tVer\u00f6ffentlicht: 27. April 2016\t\t\t\t<\/div>\n\n\t\t\t\t<div class=\"su-post-excerpt\">\n\t\t\t\t\t<p>Es war ein Tag wie der andere. Dr. Erich Perner und der Redakteur Carl Hofbauer sa\u00dfen bei Kaffee und Zeitung im Br\u00e4unerhof. Beide schienen sehr vertieft in ihre Bl\u00e4tter. Ab und zu hob einer den Kopf, um zufrieden in die Runde zu schauen, um vertrauten G\u00e4sten einen wohlwollenden Blick zuzuwerfen oder um eben nur ein [&hellip;]<\/p>\n\t\t\t\t<\/div>\n\n\t\t\t\t\t\t\t\t\t<a href=\"https:\/\/www.verdichtet.at\/?p=4326#respond\" class=\"su-post-comments-link\">0 Kommentare<\/a>\n\t\t\t\t\n\t\t\t<\/div>\n\n\t\t\t\t\t\n\t\t\t\n\t\t\t<div id=\"su-post-4125\" class=\"su-post \">\n\n\t\t\t\t\n\t\t\t\t<h2 class=\"su-post-title\"><a href=\"https:\/\/www.verdichtet.at\/?p=4125\">Das Haus, in dem ich wohnte<\/a><\/h2>\n\n\t\t\t\t<div class=\"su-post-meta\">\n\t\t\t\t\tVer\u00f6ffentlicht: 21. Februar 2016\t\t\t\t<\/div>\n\n\t\t\t\t<div class=\"su-post-excerpt\">\n\t\t\t\t\t<p>2016. Drei Jahre ist es nun schon her, dass ich zuletzt hier war. Nicht, dass mir Familie nichts bedeutet. Ich stehe meiner nur nicht besonders nahe. Anlass meines letzten Besuches im August 2013 war die Hochzeit meiner j\u00fcngsten Cousine Audra, ein Jahr nachdem unsere \u00e4lteste Cousine Lara geheiratet hatte. Jetzt stehe ich selbst kurz davor, [&hellip;]<\/p>\n\t\t\t\t<\/div>\n\n\t\t\t\t\t\t\t\t\t<a href=\"https:\/\/www.verdichtet.at\/?p=4125#respond\" class=\"su-post-comments-link\">0 Kommentare<\/a>\n\t\t\t\t\n\t\t\t<\/div>\n\n\t\t\t\t\t\n\t\t\t\n\t\t\t<div id=\"su-post-4134\" class=\"su-post \">\n\n\t\t\t\t\n\t\t\t\t<h2 class=\"su-post-title\"><a href=\"https:\/\/www.verdichtet.at\/?p=4134\">Der falsche M\u00f6nch<\/a><\/h2>\n\n\t\t\t\t<div class=\"su-post-meta\">\n\t\t\t\t\tVer\u00f6ffentlicht: 27. Februar 2016\t\t\t\t<\/div>\n\n\t\t\t\t<div class=\"su-post-excerpt\">\n\t\t\t\t\t<p>Und es begab sich Anno Domini 1991, dass der fahrende Sch\u00fcler Robert eine Studienreise ins Ursprungsland unserer Kultur, n\u00e4mlich nach Irland machte. Bekanntlich waren es irische M\u00f6nche, die im Sp\u00e4tmittelalter zu uns Barbaren kamen, um uns Lesen und Schreiben zu lehren, womit sie (ohne es zu wissen oder gar zu wollen) dem Gottseibeiuns Microsoft und [&hellip;]<\/p>\n\t\t\t\t<\/div>\n\n\t\t\t\t\t\t\t\t\t<a href=\"https:\/\/www.verdichtet.at\/?p=4134#respond\" class=\"su-post-comments-link\">0 Kommentare<\/a>\n\t\t\t\t\n\t\t\t<\/div>\n\n\t\t\t\t\t\n\t\t\t\n\t\t\t<div id=\"su-post-4042\" class=\"su-post \">\n\n\t\t\t\t\n\t\t\t\t<h2 class=\"su-post-title\"><a href=\"https:\/\/www.verdichtet.at\/?p=4042\">Mitternacht<\/a><\/h2>\n\n\t\t\t\t<div class=\"su-post-meta\">\n\t\t\t\t\tVer\u00f6ffentlicht: 6. Februar 2016\t\t\t\t<\/div>\n\n\t\t\t\t<div class=\"su-post-excerpt\">\n\t\t\t\t\t<p>Es ist Mitternacht und Rauch h\u00e4ngt in der Luft. Es regnet. Ich liebe das rhythmische Klopfen der Regentropfen an den Fensterscheiben. Gott sei Dank hat es erst vor einer halben Stunde begonnen zu regnen. Heute Morgen bin ich von Istanbul nach Wien geflogen, um alte Freunde zu besuchen. Dabei ist mir aufgefallen, dass ich seit [&hellip;]<\/p>\n\t\t\t\t<\/div>\n\n\t\t\t\t\t\t\t\t\t<a href=\"https:\/\/www.verdichtet.at\/?p=4042#respond\" class=\"su-post-comments-link\">0 Kommentare<\/a>\n\t\t\t\t\n\t\t\t<\/div>\n\n\t\t\t\t\t\n\t\t\t\n\t\t\t<div id=\"su-post-4007\" class=\"su-post \">\n\n\t\t\t\t\n\t\t\t\t<h2 class=\"su-post-title\"><a href=\"https:\/\/www.verdichtet.at\/?p=4007\">Flei\u00df und Fr\u00fchaufstehen<\/a><\/h2>\n\n\t\t\t\t<div class=\"su-post-meta\">\n\t\t\t\t\tVer\u00f6ffentlicht: 1. Februar 2016\t\t\t\t<\/div>\n\n\t\t\t\t<div class=\"su-post-excerpt\">\n\t\t\t\t\t<p>Ein bisher unentdecktes Fragment einer untersagten Predigt aus dem Melker Stift, dem Kaplan Andreas Corvinus (1684(?) -1749) zugeschrieben \u00dcbers.: Bernd Remsing \u2026(s)agt man doch: \u201eFlei\u00dfig wie die Bienen\u201c, aber: Stehet denn die Biene fr\u00fch auf, concret: Wann verlasset sie dann ihre Schlafst\u00e4tt? Nachdem die Biene aber denen Insekten angeh\u00f6ret und noch nie die k\u00fchle Morgenstunde [&hellip;]<\/p>\n\t\t\t\t<\/div>\n\n\t\t\t\t\t\t\t\t\t<a href=\"https:\/\/www.verdichtet.at\/?p=4007#respond\" class=\"su-post-comments-link\">0 Kommentare<\/a>\n\t\t\t\t\n\t\t\t<\/div>\n\n\t\t\t\t\t\n\t\t\t\n\t\t\t<div id=\"su-post-3686\" class=\"su-post \">\n\n\t\t\t\t\n\t\t\t\t<h2 class=\"su-post-title\"><a href=\"https:\/\/www.verdichtet.at\/?p=3686\">Es war erst gestern<\/a><\/h2>\n\n\t\t\t\t<div class=\"su-post-meta\">\n\t\t\t\t\tVer\u00f6ffentlicht: 18. November 2015\t\t\t\t<\/div>\n\n\t\t\t\t<div class=\"su-post-excerpt\">\n\t\t\t\t\t<p>Ich bin in eine frostige Zeit hineingeboren worden. Es war ein gro\u00dfartiger Tag! Oder etwa nicht? An jenem Sonntag meiner sehns\u00fcchtig erwarteten Geburt war es \u00fcberwiegend stark bew\u00f6lkt, und das bei weiterer Neigung zu mehr oder weniger starken Schneef\u00e4llen im Laufe des Tages. Die Temperaturen lagen zwischen minus zehn und minus f\u00fcnfzehn Grad. Kein ideales [&hellip;]<\/p>\n\t\t\t\t<\/div>\n\n\t\t\t\t\t\t\t\t\t<a href=\"https:\/\/www.verdichtet.at\/?p=3686#respond\" class=\"su-post-comments-link\">0 Kommentare<\/a>\n\t\t\t\t\n\t\t\t<\/div>\n\n\t\t\t\t\t\n\t\t\t\n\t\t\t<div id=\"su-post-3754\" class=\"su-post \">\n\n\t\t\t\t\n\t\t\t\t<h2 class=\"su-post-title\"><a href=\"https:\/\/www.verdichtet.at\/?p=3754\">Ein Kind unserer Zeit<\/a><\/h2>\n\n\t\t\t\t<div class=\"su-post-meta\">\n\t\t\t\t\tVer\u00f6ffentlicht: 25. November 2015\t\t\t\t<\/div>\n\n\t\t\t\t<div class=\"su-post-excerpt\">\n\t\t\t\t\t<p>Dieses Leben bietet, abgesehen von \u00dcberraschungen, offenbar zur Gen\u00fcge Wiederholungen dessen, was man schon einmal erlebt oder vielleicht gelebt hat. Vielleicht auch blo\u00df in Variationen, aber immerhin. Das macht mich oft so m\u00fcde, weil ich ohnehin schon genau wei\u00df, wie\u2019s ausgeht und wonach es schmeckt. Derartig vergleichbare Begebenheiten haben mir so manches Mal die ohnehin [&hellip;]<\/p>\n\t\t\t\t<\/div>\n\n\t\t\t\t\t\t\t\t\t<a href=\"https:\/\/www.verdichtet.at\/?p=3754#respond\" class=\"su-post-comments-link\">0 Kommentare<\/a>\n\t\t\t\t\n\t\t\t<\/div>\n\n\t\t\t\t\t\n\t\t\t\n\t\t\t<div id=\"su-post-3615\" class=\"su-post \">\n\n\t\t\t\t\n\t\t\t\t<h2 class=\"su-post-title\"><a href=\"https:\/\/www.verdichtet.at\/?p=3615\">Die Klavierstunde<\/a><\/h2>\n\n\t\t\t\t<div class=\"su-post-meta\">\n\t\t\t\t\tVer\u00f6ffentlicht: 12. November 2015\t\t\t\t<\/div>\n\n\t\t\t\t<div class=\"su-post-excerpt\">\n\t\t\t\t\t<p>Der Kalender zeigt Dezember neunzehnhundertdreiundsechzig. Ein Freitag, wieder einmal. Immer wieder ein Freitag, an dem man, gut verschn\u00fcrt, mit Schal und Wintermantel, die Tasche unter den Arm geklemmt, losmarschiert, in Richtung Musikschule. Die magische Uhrzeit, in der man seine Stunde eingeteilt bekommen hat, lautete, man musste sie wiederholen, Freidoch umma drei, also, Freitag, f\u00fcnfzehn Uhr. [&hellip;]<\/p>\n\t\t\t\t<\/div>\n\n\t\t\t\t\t\t\t\t\t<a href=\"https:\/\/www.verdichtet.at\/?p=3615#respond\" class=\"su-post-comments-link\">0 Kommentare<\/a>\n\t\t\t\t\n\t\t\t<\/div>\n\n\t\t\t\t\t\n\t\t\t\n\t\t\t<div id=\"su-post-3212\" class=\"su-post \">\n\n\t\t\t\t\n\t\t\t\t<h2 class=\"su-post-title\"><a href=\"https:\/\/www.verdichtet.at\/?p=3212\">Von M\u00fcnze und Zigarre IV<\/a><\/h2>\n\n\t\t\t\t<div class=\"su-post-meta\">\n\t\t\t\t\tVer\u00f6ffentlicht: 19. Oktober 2015\t\t\t\t<\/div>\n\n\t\t\t\t<div class=\"su-post-excerpt\">\n\t\t\t\t\t<p>Wien war nicht auf sieben H\u00fcgeln erbaut worden. Der Junge mit der Matrosenm\u00fctze wusste das allerdings nicht. Wahrscheinlich hatte er auch noch nie dar\u00fcber nachgedacht. Ihm schien lediglich bewusst zu sein, dass die Stadt die Stadt war und er Teil einer Skizze, die er nicht \u00fcberblickte. Es lag nicht an der Gr\u00f6\u00dfe seines K\u00f6rpers oder [&hellip;]<\/p>\n\t\t\t\t<\/div>\n\n\t\t\t\t\t\t\t\t\t<a href=\"https:\/\/www.verdichtet.at\/?p=3212#respond\" class=\"su-post-comments-link\">0 Kommentare<\/a>\n\t\t\t\t\n\t\t\t<\/div>\n\n\t\t\t\t\t\n\t\t\t\n\t\t\t<div id=\"su-post-3209\" class=\"su-post \">\n\n\t\t\t\t\n\t\t\t\t<h2 class=\"su-post-title\"><a href=\"https:\/\/www.verdichtet.at\/?p=3209\">Von M\u00fcnze und Zigarre III<\/a><\/h2>\n\n\t\t\t\t<div class=\"su-post-meta\">\n\t\t\t\t\tVer\u00f6ffentlicht: 19. September 2015\t\t\t\t<\/div>\n\n\t\t\t\t<div class=\"su-post-excerpt\">\n\t\t\t\t\t<p>Die Donau ruhte wie eine gro\u00dfe, wei\u00dfe Schlange in der Stadt, dieselbe entzweiend. An ihren Ufern stand ein Junge mit einer Zigarre im Mund. Schwer hing sie ihm zwischen den Lippen, die streng er zusammenzwickte (dabei auch sein rechtes Auge unwillk\u00fcrlich zugedr\u00fcckt war). Seinen Blick setzte er auf der gegen\u00fcberliegenden Seite aus. Dazwischen: Fluten silberner [&hellip;]<\/p>\n\t\t\t\t<\/div>\n\n\t\t\t\t\t\t\t\t\t<a href=\"https:\/\/www.verdichtet.at\/?p=3209#respond\" class=\"su-post-comments-link\">0 Kommentare<\/a>\n\t\t\t\t\n\t\t\t<\/div>\n\n\t\t\t\t\t\n\t\t\t\n\t\t\t<div id=\"su-post-3421\" class=\"su-post \">\n\n\t\t\t\t\n\t\t\t\t<h2 class=\"su-post-title\"><a href=\"https:\/\/www.verdichtet.at\/?p=3421\">Der Wehrmann<\/a><\/h2>\n\n\t\t\t\t<div class=\"su-post-meta\">\n\t\t\t\t\tVer\u00f6ffentlicht: 19. Oktober 2015\t\t\t\t<\/div>\n\n\t\t\t\t<div class=\"su-post-excerpt\">\n\t\t\t\t\t<p>Nun ist man endlich neunzehn geworden und hat die Schnauze von Schule und Elternhaus so ziemlich voll. Sich freiwillig zum Heer zu melden, scheint zu diesem Zeitpunkt die einzige, zwar nicht attraktivste, doch immerhin realistischste Methode, um sich der Umklammerung durch diese Instanzen zu entziehen, und weil man ja doch irgendwann einmal dorthin muss. Der [&hellip;]<\/p>\n\t\t\t\t<\/div>\n\n\t\t\t\t\t\t\t\t\t<a href=\"https:\/\/www.verdichtet.at\/?p=3421#respond\" class=\"su-post-comments-link\">0 Kommentare<\/a>\n\t\t\t\t\n\t\t\t<\/div>\n\n\t\t\t\t\t\n\t\t\t\n\t\t\t<div id=\"su-post-3463\" class=\"su-post \">\n\n\t\t\t\t\n\t\t\t\t<h2 class=\"su-post-title\"><a href=\"https:\/\/www.verdichtet.at\/?p=3463\">Irrenhaus in Hinterwald &#8211; Teil 2<\/a><\/h2>\n\n\t\t\t\t<div class=\"su-post-meta\">\n\t\t\t\t\tVer\u00f6ffentlicht: 24. Oktober 2015\t\t\t\t<\/div>\n\n\t\t\t\t<div class=\"su-post-excerpt\">\n\t\t\t\t\t<p>Der Waldschrat Und wieder hatte es sich begeben, und wie schon zuvor auch diesmal in irgendeinem Ort, in einem vielleicht nicht ganz so unbedeutenden wie bereits beschrieben, aber trotzdem letztlich irgendwo, vor nicht allzu langer Zeit, in einem altehrw\u00fcrdigen, mit Ritterburg und so, jedoch aufstrebenden und ehrgeizigen Ort, wie eben alle Orte im Zeitalter des [&hellip;]<\/p>\n\t\t\t\t<\/div>\n\n\t\t\t\t\t\t\t\t\t<a href=\"https:\/\/www.verdichtet.at\/?p=3463#respond\" class=\"su-post-comments-link\">0 Kommentare<\/a>\n\t\t\t\t\n\t\t\t<\/div>\n\n\t\t\t\t\t\n\t\t\t\n\t\t\t<div id=\"su-post-3391\" class=\"su-post \">\n\n\t\t\t\t\n\t\t\t\t<h2 class=\"su-post-title\"><a href=\"https:\/\/www.verdichtet.at\/?p=3391\">Irrenhaus in Hinterwald &#8211; Teil 1<\/a><\/h2>\n\n\t\t\t\t<div class=\"su-post-meta\">\n\t\t\t\t\tVer\u00f6ffentlicht: 13. Oktober 2015\t\t\t\t<\/div>\n\n\t\t\t\t<div class=\"su-post-excerpt\">\n\t\t\t\t\t<p>Der Werwolf Und es begab sich, in irgendeinem Ort, irgendwo, vor nicht allzu langer Zeit, trockengelegt und \u201ezuasphaltiert\u201c, wie alle Orte im Zeitalter des Wirtschaftswunders. Eine Hauptschule, wie \u00fcberall. Und doch nicht wie \u00fcberall. Nein, wohl einzigartig. F\u00fcnfundzwanzig Knaben, in irgendeinem Klassenzimmer. Man schreibt das Jahr 1965. Mathematikunterricht. Kreidestaub liegt in der Luft. Ein h\u00f6lzernes [&hellip;]<\/p>\n\t\t\t\t<\/div>\n\n\t\t\t\t\t\t\t\t\t<a href=\"https:\/\/www.verdichtet.at\/?p=3391#respond\" class=\"su-post-comments-link\">0 Kommentare<\/a>\n\t\t\t\t\n\t\t\t<\/div>\n\n\t\t\t\t\t\n\t\t\t\n\t\t\t<div id=\"su-post-3205\" class=\"su-post \">\n\n\t\t\t\t\n\t\t\t\t<h2 class=\"su-post-title\"><a href=\"https:\/\/www.verdichtet.at\/?p=3205\">Von M\u00fcnze und Zigarre II<\/a><\/h2>\n\n\t\t\t\t<div class=\"su-post-meta\">\n\t\t\t\t\tVer\u00f6ffentlicht: 19. September 2015\t\t\t\t<\/div>\n\n\t\t\t\t<div class=\"su-post-excerpt\">\n\t\t\t\t\t<p>Ein kaltes Nieseln wusch Wiens letzte Farben dessen Stra\u00dfen hinab, Stra\u00dfen, die ehemals gro\u00dfe Geister auf ihrem Weg zum Ruhm bewandert hatten, heute jedoch nirgendwo mehr hinf\u00fchrten. Kleinere Gestalten schlichen nun umher, die Nasen r\u00fcmpfend, pendelten sie rastlos zwischen den Geb\u00e4uden, um Unterschlupf in H\u00e4usern zu finden, deren Erbauer l\u00e4ngst vergessen waren. Manch einer war [&hellip;]<\/p>\n\t\t\t\t<\/div>\n\n\t\t\t\t\t\t\t\t\t<a href=\"https:\/\/www.verdichtet.at\/?p=3205#respond\" class=\"su-post-comments-link\">0 Kommentare<\/a>\n\t\t\t\t\n\t\t\t<\/div>\n\n\t\t\t\t\t\n\t\t\t\n\t\t\t<div id=\"su-post-3201\" class=\"su-post \">\n\n\t\t\t\t\n\t\t\t\t<h2 class=\"su-post-title\"><a href=\"https:\/\/www.verdichtet.at\/?p=3201\">Von M\u00fcnze und Zigarre I<\/a><\/h2>\n\n\t\t\t\t<div class=\"su-post-meta\">\n\t\t\t\t\tVer\u00f6ffentlicht: 19. September 2015\t\t\t\t<\/div>\n\n\t\t\t\t<div class=\"su-post-excerpt\">\n\t\t\t\t\t<p>Wien zeigte sich in der damaligen Zeit nur als Skizze. So wie Wien sein sollte, mochte dem einen oder anderen Passanten, der durch die Innenstadt schlenderte, blo\u00df als Idee durch den Kopf geistern. Die gro\u00dfen Geb\u00e4ude blickten eher wie Gr\u00e4ber auf dieselben herab und wirkten weniger lebendig als die zerst\u00f6rten, auf die der Krieg seine [&hellip;]<\/p>\n\t\t\t\t<\/div>\n\n\t\t\t\t\t\t\t\t\t<a href=\"https:\/\/www.verdichtet.at\/?p=3201#respond\" class=\"su-post-comments-link\">0 Kommentare<\/a>\n\t\t\t\t\n\t\t\t<\/div>\n\n\t\t\n\t\n<\/div>\n\n","protected":false},"excerpt":{"rendered":"","protected":false},"author":4,"featured_media":0,"parent":405,"menu_order":0,"comment_status":"closed","ping_status":"closed","template":"","meta":{"footnotes":""},"class_list":["post-3365","page","type-page","status-publish","hentry"],"_links":{"self":[{"href":"https:\/\/www.verdichtet.at\/index.php?rest_route=\/wp\/v2\/pages\/3365","targetHints":{"allow":["GET"]}}],"collection":[{"href":"https:\/\/www.verdichtet.at\/index.php?rest_route=\/wp\/v2\/pages"}],"about":[{"href":"https:\/\/www.verdichtet.at\/index.php?rest_route=\/wp\/v2\/types\/page"}],"author":[{"embeddable":true,"href":"https:\/\/www.verdichtet.at\/index.php?rest_route=\/wp\/v2\/users\/4"}],"replies":[{"embeddable":true,"href":"https:\/\/www.verdichtet.at\/index.php?rest_route=%2Fwp%2Fv2%2Fcomments&post=3365"}],"version-history":[{"count":1,"href":"https:\/\/www.verdichtet.at\/index.php?rest_route=\/wp\/v2\/pages\/3365\/revisions"}],"predecessor-version":[{"id":3366,"href":"https:\/\/www.verdichtet.at\/index.php?rest_route=\/wp\/v2\/pages\/3365\/revisions\/3366"}],"up":[{"embeddable":true,"href":"https:\/\/www.verdichtet.at\/index.php?rest_route=\/wp\/v2\/pages\/405"}],"wp:attachment":[{"href":"https:\/\/www.verdichtet.at\/index.php?rest_route=%2Fwp%2Fv2%2Fmedia&parent=3365"}],"curies":[{"name":"wp","href":"https:\/\/api.w.org\/{rel}","templated":true}]}}