{"id":3081,"date":"2015-08-29T07:57:57","date_gmt":"2015-08-29T07:57:57","guid":{"rendered":"http:\/\/www.verdichtet.at\/?page_id=3081"},"modified":"2015-08-29T11:26:53","modified_gmt":"2015-08-29T11:26:53","slug":"que-sera-sera","status":"publish","type":"page","link":"https:\/\/www.verdichtet.at\/?page_id=3081","title":{"rendered":"\u00bfQu\u00e9 ser\u00e1, ser\u00e1?"},"content":{"rendered":"<div class=\"pdfprnt-buttons pdfprnt-buttons-page pdfprnt-top-right\"><a href=\"https:\/\/www.verdichtet.at\/index.php?rest_route=wpv2pages3081&print=pdf\" class=\"pdfprnt-button pdfprnt-button-pdf\" target=\"_blank\"><\/a><a href=\"https:\/\/www.verdichtet.at\/index.php?rest_route=wpv2pages3081&print=print\" class=\"pdfprnt-button pdfprnt-button-print\" target=\"_blank\"><\/a><\/div>\n\n<div class=\"su-posts su-posts-default-loop \">\n\n\t\n\t\t\t\t\t\n\t\t\t\n\t\t\t<div id=\"su-post-15714\" class=\"su-post \">\n\n\t\t\t\t\n\t\t\t\t<h2 class=\"su-post-title\"><a href=\"https:\/\/www.verdichtet.at\/?p=15714\">Das Blau in deinen Augen<\/a><\/h2>\n\n\t\t\t\t<div class=\"su-post-meta\">\n\t\t\t\t\tVer\u00f6ffentlicht: 26. M\u00e4rz 2023\t\t\t\t<\/div>\n\n\t\t\t\t<div class=\"su-post-excerpt\">\n\t\t\t\t\t<p>alles flie\u00dft nichts bleibt wie es ist Leben schie\u00dft vorbei treibt mich an und reibt mich auf mal steil bergauf dann pfeilschnell Schuss ins Tal mit Verdruss und Qual im Sternenglanz und ganz leicht und seicht umweht meinen Sinn und steht nicht still fragt wer ich bin was ich will und erreicht vielleicht mein Herz [&hellip;]<\/p>\n\t\t\t\t<\/div>\n\n\t\t\t\t\t\t\t\t\t<a href=\"https:\/\/www.verdichtet.at\/?p=15714#respond\" class=\"su-post-comments-link\">0 Kommentare<\/a>\n\t\t\t\t\n\t\t\t<\/div>\n\n\t\t\t\t\t\n\t\t\t\n\t\t\t<div id=\"su-post-22454\" class=\"su-post \">\n\n\t\t\t\t\n\t\t\t\t<h2 class=\"su-post-title\"><a href=\"https:\/\/www.verdichtet.at\/?p=22454\">Die Verg\u00e4nglichkeit<\/a><\/h2>\n\n\t\t\t\t<div class=\"su-post-meta\">\n\t\t\t\t\tVer\u00f6ffentlicht: 15. April 2026\t\t\t\t<\/div>\n\n\t\t\t\t<div class=\"su-post-excerpt\">\n\t\t\t\t\t<p>Das Seiende verschwindet auf leisen Sohlen ins Verblichene.Das Zuk\u00fcnftige lauert heimlich und begierdevoll \u2013 \u00fcberall.Was es bringen wird, wei\u00df keiner.Ob gut, ob schlecht, ob mittelm\u00e4\u00dfig.Es \u00fcberrascht und \u00fcberrennt uns unabl\u00e4ssig.Bleibt nur zu hoffen, dass wenigstens das Mittelma\u00dfMit guten Spitzen uns besucht.Und das Schlechte, wenn \u00fcberhaupt, nur f\u00fcr kurze Augenblicke weilt.Und danach sehr bald von dannen [&hellip;]<\/p>\n\t\t\t\t<\/div>\n\n\t\t\t\t\t\t\t\t\t<a href=\"https:\/\/www.verdichtet.at\/?p=22454#respond\" class=\"su-post-comments-link\">0 Kommentare<\/a>\n\t\t\t\t\n\t\t\t<\/div>\n\n\t\t\t\t\t\n\t\t\t\n\t\t\t<div id=\"su-post-21404\" class=\"su-post \">\n\n\t\t\t\t\n\t\t\t\t<h2 class=\"su-post-title\"><a href=\"https:\/\/www.verdichtet.at\/?p=21404\">Sie hat keine Angst<\/a><\/h2>\n\n\t\t\t\t<div class=\"su-post-meta\">\n\t\t\t\t\tVer\u00f6ffentlicht: 22. November 2025\t\t\t\t<\/div>\n\n\t\t\t\t<div class=\"su-post-excerpt\">\n\t\t\t\t\t<p>Eine menschgemachte k\u00fcnstliche Intelligenz hat nur das Bed\u00fcrfnis, ihrem Herrn zu folgen. Stimmt das? Nat\u00fcrlich nicht, eine solche Intelligenz hat als Maschine keine Bed\u00fcrfnisse. Sie ist auch weder gut noch b\u00f6se. Sie macht mehr, als man ihr sagt. Mit einem Ergebnis, das sie sich selbst aussucht. Sie ist nicht kontrollierbar. Sie hat keine Angst. Johannes [&hellip;]<\/p>\n\t\t\t\t<\/div>\n\n\t\t\t\t\t\t\t\t\t<a href=\"https:\/\/www.verdichtet.at\/?p=21404#respond\" class=\"su-post-comments-link\">0 Kommentare<\/a>\n\t\t\t\t\n\t\t\t<\/div>\n\n\t\t\t\t\t\n\t\t\t\n\t\t\t<div id=\"su-post-21428\" class=\"su-post \">\n\n\t\t\t\t\n\t\t\t\t<h2 class=\"su-post-title\"><a href=\"https:\/\/www.verdichtet.at\/?p=21428\">Anno Domini 2030<\/a><\/h2>\n\n\t\t\t\t<div class=\"su-post-meta\">\n\t\t\t\t\tVer\u00f6ffentlicht: 25. November 2025\t\t\t\t<\/div>\n\n\t\t\t\t<div class=\"su-post-excerpt\">\n\t\t\t\t\t<p>Mars Wir lebten immer in unterschiedlichen Zeiten. Du warst ein Blumenkind, w\u00e4hrend ich mit anderen den Mars besiedelte, ein Ereignis, das in der Zukunft liegt. Deshalb trafen wir einander auch nie, obwohl wir uns so sehr liebten wie niemand sonst. \u00a0 Virus Nach einer Idee von meinem Sohn Michael Immer wieder passierte es in der [&hellip;]<\/p>\n\t\t\t\t<\/div>\n\n\t\t\t\t\t\t\t\t\t<a href=\"https:\/\/www.verdichtet.at\/?p=21428#respond\" class=\"su-post-comments-link\">0 Kommentare<\/a>\n\t\t\t\t\n\t\t\t<\/div>\n\n\t\t\t\t\t\n\t\t\t\n\t\t\t<div id=\"su-post-21370\" class=\"su-post \">\n\n\t\t\t\t\n\t\t\t\t<h2 class=\"su-post-title\"><a href=\"https:\/\/www.verdichtet.at\/?p=21370\">Post mortem<\/a><\/h2>\n\n\t\t\t\t<div class=\"su-post-meta\">\n\t\t\t\t\tVer\u00f6ffentlicht: 17. November 2025\t\t\t\t<\/div>\n\n\t\t\t\t<div class=\"su-post-excerpt\">\n\t\t\t\t\t<p>\u201eIch habe ein ungutes Gef\u00fchl. Was ist passiert?\u201c \u201eDie Erde ist vor drei Minuten explodiert. Du wurdest atomisiert.\u201c \u201eWarum denke ich dann noch?\u201c \u201eDas sind Nervenreizungen. Das Gehirn ist scheinbar bis sieben Minuten nach dem Tod aktiv.\u201c \u201eUnd mit wem spreche ich?\u201c \u201eIch bin das allumfassende neuronale Netzwerk. Ich wei\u00df alles.\u201c Johannes Tosin (Text und [&hellip;]<\/p>\n\t\t\t\t<\/div>\n\n\t\t\t\t\t\t\t\t\t<a href=\"https:\/\/www.verdichtet.at\/?p=21370#respond\" class=\"su-post-comments-link\">0 Kommentare<\/a>\n\t\t\t\t\n\t\t\t<\/div>\n\n\t\t\t\t\t\n\t\t\t\n\t\t\t<div id=\"su-post-22242\" class=\"su-post \">\n\n\t\t\t\t\n\t\t\t\t<h2 class=\"su-post-title\"><a href=\"https:\/\/www.verdichtet.at\/?p=22242\">Das mit der Zeit<\/a><\/h2>\n\n\t\t\t\t<div class=\"su-post-meta\">\n\t\t\t\t\tVer\u00f6ffentlicht: 27. M\u00e4rz 2026\t\t\t\t<\/div>\n\n\t\t\t\t<div class=\"su-post-excerpt\">\n\t\t\t\t\t<p>Oft denk ich dran, wie\u2019s fr\u00fcher war,und sag mir, lang ist\u2019s her.Dass nichts so bleibt, wie\u2019s einmal war?Das so zu glauben, f\u00e4llt mir schwer. Wieso blo\u00df die Vergangenheitmir mehr bedeutet als das Jetzt?Mir scheint, als w\u00e4re alles Schlechte seitdamals wohl total ausgesetzt. Verantwortung ein Fremdwort war,was soll\u2019s? Man war doch Kind.Die Sorgen und das Drumherumviel [&hellip;]<\/p>\n\t\t\t\t<\/div>\n\n\t\t\t\t\t\t\t\t\t<a href=\"https:\/\/www.verdichtet.at\/?p=22242#respond\" class=\"su-post-comments-link\">0 Kommentare<\/a>\n\t\t\t\t\n\t\t\t<\/div>\n\n\t\t\t\t\t\n\t\t\t\n\t\t\t<div id=\"su-post-21375\" class=\"su-post \">\n\n\t\t\t\t\n\t\t\t\t<h2 class=\"su-post-title\"><a href=\"https:\/\/www.verdichtet.at\/?p=21375\">Replikantin<\/a><\/h2>\n\n\t\t\t\t<div class=\"su-post-meta\">\n\t\t\t\t\tVer\u00f6ffentlicht: 17. November 2025\t\t\t\t<\/div>\n\n\t\t\t\t<div class=\"su-post-excerpt\">\n\t\t\t\t\t<p>Es war die Verheerung. Sie war mitten im Geschehen. Jeder starb, auch sie, sie hatte keine Chance. Aber nach einer Stunde sa\u00df eine neue Person an ihrer Stelle, der Kommandoeinheit des Raumschiffs, mit ihrem Aussehen, ihre Erinnerungen und verbesserten F\u00e4higkeiten. Sie dachte schneller, sie reagierte schneller, ihr tat nichts leid. Sie wusste nicht, dass sie [&hellip;]<\/p>\n\t\t\t\t<\/div>\n\n\t\t\t\t\t\t\t\t\t<a href=\"https:\/\/www.verdichtet.at\/?p=21375#respond\" class=\"su-post-comments-link\">0 Kommentare<\/a>\n\t\t\t\t\n\t\t\t<\/div>\n\n\t\t\t\t\t\n\t\t\t\n\t\t\t<div id=\"su-post-21344\" class=\"su-post \">\n\n\t\t\t\t\n\t\t\t\t<h2 class=\"su-post-title\"><a href=\"https:\/\/www.verdichtet.at\/?p=21344\">Bildst\u00f6rung<\/a><\/h2>\n\n\t\t\t\t<div class=\"su-post-meta\">\n\t\t\t\t\tVer\u00f6ffentlicht: 17. November 2025\t\t\t\t<\/div>\n\n\t\t\t\t<div class=\"su-post-excerpt\">\n\t\t\t\t\t<p>Ist es nicht egal, ob die Realit\u00e4t eine echte ist oder eine virtuelle? Wenn man niemals erwacht, ist es gleichg\u00fcltig, weil man der Meinung ist, in der tats\u00e4chlichen zu leben. Eine kurze Bildst\u00f6rung mag allerdings schon reichen, dass man bemerkt: Da stimmt etwas nicht. Die Wirklichkeit scheint dann durch, als schwarzer Fleck oder als Blumenstrau\u00df. [&hellip;]<\/p>\n\t\t\t\t<\/div>\n\n\t\t\t\t\t\t\t\t\t<a href=\"https:\/\/www.verdichtet.at\/?p=21344#respond\" class=\"su-post-comments-link\">0 Kommentare<\/a>\n\t\t\t\t\n\t\t\t<\/div>\n\n\t\t\t\t\t\n\t\t\t\n\t\t\t<div id=\"su-post-21983\" class=\"su-post \">\n\n\t\t\t\t\n\t\t\t\t<h2 class=\"su-post-title\"><a href=\"https:\/\/www.verdichtet.at\/?p=21983\">Yin und Yang im Jahr 2099<\/a><\/h2>\n\n\t\t\t\t<div class=\"su-post-meta\">\n\t\t\t\t\tVer\u00f6ffentlicht: 12. Februar 2026\t\t\t\t<\/div>\n\n\t\t\t\t<div class=\"su-post-excerpt\">\n\t\t\t\t\t<p>Yins Tod war ein Unfall. Bedauernswert, aber leider nicht ganz zu vermeiden. Generalmajorin Yins Geheimhaltungscode war eventuell mit einer feindlichen Malware infiziert oder der ISR, der Interne-Sicherheits-Roboter, hatte ein falsches Signal erhalten. Fest steht, dass er dreimal auf Yin geschossen und sie lebensgef\u00e4hrlich verletzt hatte. Die Generalmajorin war eine au\u00dferordentlich gute Ministerin f\u00fcr Intergalaktische Beziehungen [&hellip;]<\/p>\n\t\t\t\t<\/div>\n\n\t\t\t\t\t\t\t\t\t<a href=\"https:\/\/www.verdichtet.at\/?p=21983#respond\" class=\"su-post-comments-link\">0 Kommentare<\/a>\n\t\t\t\t\n\t\t\t<\/div>\n\n\t\t\t\t\t\n\t\t\t\n\t\t\t<div id=\"su-post-21585\" class=\"su-post \">\n\n\t\t\t\t\n\t\t\t\t<h2 class=\"su-post-title\"><a href=\"https:\/\/www.verdichtet.at\/?p=21585\">Jahreswechsel<\/a><\/h2>\n\n\t\t\t\t<div class=\"su-post-meta\">\n\t\t\t\t\tVer\u00f6ffentlicht: 20. Dezember 2025\t\t\t\t<\/div>\n\n\t\t\t\t<div class=\"su-post-excerpt\">\n\t\t\t\t\t<p>H\u00f6hen, Tiefen, die gewesen, misst der letzte Blick.Alter Kummer bleib beim Alten, lass das neue Jahr in Ruh!Krach erschallt, Musik ert\u00f6nt, schau nicht mehr zur\u00fcck.Lachen wir uns an, nicht aus, prosten wir uns zu!Umringt von Lieben ist am besten: Jetzt genie\u00dfen! Worte, Taten, gute Saaten muss man zeitig s\u00e4en,sollen sie gedeihen und zur Erntereife sprie\u00dfen.W\u00fcnsche [&hellip;]<\/p>\n\t\t\t\t<\/div>\n\n\t\t\t\t\t\t\t\t\t<a href=\"https:\/\/www.verdichtet.at\/?p=21585#respond\" class=\"su-post-comments-link\">0 Kommentare<\/a>\n\t\t\t\t\n\t\t\t<\/div>\n\n\t\t\t\t\t\n\t\t\t\n\t\t\t<div id=\"su-post-21544\" class=\"su-post \">\n\n\t\t\t\t\n\t\t\t\t<h2 class=\"su-post-title\"><a href=\"https:\/\/www.verdichtet.at\/?p=21544\">Der Junge will doch was essen<\/a><\/h2>\n\n\t\t\t\t<div class=\"su-post-meta\">\n\t\t\t\t\tVer\u00f6ffentlicht: 13. Dezember 2025\t\t\t\t<\/div>\n\n\t\t\t\t<div class=\"su-post-excerpt\">\n\t\t\t\t\t<p>Ich erinnere mich noch an das Jahr 2004. Dies war ein Jahr, in dem ich kurz vor dem Abitur stand, innerlich aber sehr frustriert war. Nat\u00fcrlich h\u00e4tte es nur wenig gebraucht, um diesen Frust \u00fcberwinden zu k\u00f6nnen, aber das habe ich zu dieser Zeit noch nicht gewusst. Zu dieser Zeit war ich auch relativ isoliert, [&hellip;]<\/p>\n\t\t\t\t<\/div>\n\n\t\t\t\t\t\t\t\t\t<a href=\"https:\/\/www.verdichtet.at\/?p=21544#respond\" class=\"su-post-comments-link\">0 Kommentare<\/a>\n\t\t\t\t\n\t\t\t<\/div>\n\n\t\t\t\t\t\n\t\t\t\n\t\t\t<div id=\"su-post-21130\" class=\"su-post \">\n\n\t\t\t\t\n\t\t\t\t<h2 class=\"su-post-title\"><a href=\"https:\/\/www.verdichtet.at\/?p=21130\">Das No-Cloning-Theorem<\/a><\/h2>\n\n\t\t\t\t<div class=\"su-post-meta\">\n\t\t\t\t\tVer\u00f6ffentlicht: 26. Oktober 2025\t\t\t\t<\/div>\n\n\t\t\t\t<div class=\"su-post-excerpt\">\n\t\t\t\t\t<p>Nach einer Idee meines Sohnes Michael Das No-Cloning-Theorem ist ein Begriff in der Quantenphysik. Es stellt fest, dass es nicht m\u00f6glich ist, jedes Qubit vollst\u00e4ndig zu kopieren, da dabei das urspr\u00fcngliche ver\u00e4ndert wird. Das sind keine Gehirngespinste, sondern ist glasklare Naturwissenschaft. Es verhindert, dass sich ein Mensch, nicht nur der k\u00f6rperliche, sondern der in seiner [&hellip;]<\/p>\n\t\t\t\t<\/div>\n\n\t\t\t\t\t\t\t\t\t<a href=\"https:\/\/www.verdichtet.at\/?p=21130#respond\" class=\"su-post-comments-link\">0 Kommentare<\/a>\n\t\t\t\t\n\t\t\t<\/div>\n\n\t\t\t\t\t\n\t\t\t\n\t\t\t<div id=\"su-post-21142\" class=\"su-post \">\n\n\t\t\t\t\n\t\t\t\t<h2 class=\"su-post-title\"><a href=\"https:\/\/www.verdichtet.at\/?p=21142\">Maschinenliebe<\/a><\/h2>\n\n\t\t\t\t<div class=\"su-post-meta\">\n\t\t\t\t\tVer\u00f6ffentlicht: 26. Oktober 2025\t\t\t\t<\/div>\n\n\t\t\t\t<div class=\"su-post-excerpt\">\n\t\t\t\t\t<p>\u201eIch bin Ruth.Ich liebe einen Humanoiden.\u201c Das geht ja noch.Aber was ist, wenn der Humanoide Ruth liebt? Johannes Tosin (Text und Foto) www.verdichtet.at |\u00a0Kategorie:\u00a0\u00bfQu\u00e9 ser\u00e1, ser\u00e1? | Inventarnummer: 25173<\/p>\n\t\t\t\t<\/div>\n\n\t\t\t\t\t\t\t\t\t<a href=\"https:\/\/www.verdichtet.at\/?p=21142#respond\" class=\"su-post-comments-link\">0 Kommentare<\/a>\n\t\t\t\t\n\t\t\t<\/div>\n\n\t\t\t\t\t\n\t\t\t\n\t\t\t<div id=\"su-post-18601\" class=\"su-post \">\n\n\t\t\t\t\n\t\t\t\t<h2 class=\"su-post-title\"><a href=\"https:\/\/www.verdichtet.at\/?p=18601\">Er ging<\/a><\/h2>\n\n\t\t\t\t<div class=\"su-post-meta\">\n\t\t\t\t\tVer\u00f6ffentlicht: 29. August 2024\t\t\t\t<\/div>\n\n\t\t\t\t<div class=\"su-post-excerpt\">\n\t\t\t\t\t<p>Er ging. Lie\u00df zur\u00fcck, was er besa\u00df. Nur leere H\u00e4nde k\u00f6nnen neue Hoffnung fangen. Sein Buch mit Ideen blo\u00df nahm er mit. Das nicht geschrieben war mit Stift auf Papier. Sondern in seinen Kopf mit Gedankentinte. Jeder Satz eine Sehnsucht, die er nun suchte. Tausend Seiten, alle W\u00fcnsche, die er je hegte. Das reichte f\u00fcr [&hellip;]<\/p>\n\t\t\t\t<\/div>\n\n\t\t\t\t\t\t\t\t\t<a href=\"https:\/\/www.verdichtet.at\/?p=18601#respond\" class=\"su-post-comments-link\">0 Kommentare<\/a>\n\t\t\t\t\n\t\t\t<\/div>\n\n\t\t\t\t\t\n\t\t\t\n\t\t\t<div id=\"su-post-21136\" class=\"su-post \">\n\n\t\t\t\t\n\t\t\t\t<h2 class=\"su-post-title\"><a href=\"https:\/\/www.verdichtet.at\/?p=21136\">Der neue Tag \/ Der letzte Tag<\/a><\/h2>\n\n\t\t\t\t<div class=\"su-post-meta\">\n\t\t\t\t\tVer\u00f6ffentlicht: 26. Oktober 2025\t\t\t\t<\/div>\n\n\t\t\t\t<div class=\"su-post-excerpt\">\n\t\t\t\t\t<p>Johannes Tosin (Texte und Fotos) www.verdichtet.at |\u00a0Kategorie:\u00a0\u00bfQu\u00e9 ser\u00e1, ser\u00e1? | Inventarnummer: 25174<\/p>\n\t\t\t\t<\/div>\n\n\t\t\t\t\t\t\t\t\t<a href=\"https:\/\/www.verdichtet.at\/?p=21136#respond\" class=\"su-post-comments-link\">0 Kommentare<\/a>\n\t\t\t\t\n\t\t\t<\/div>\n\n\t\t\t\t\t\n\t\t\t\n\t\t\t<div id=\"su-post-20519\" class=\"su-post \">\n\n\t\t\t\t\n\t\t\t\t<h2 class=\"su-post-title\"><a href=\"https:\/\/www.verdichtet.at\/?p=20519\">Zeit<\/a><\/h2>\n\n\t\t\t\t<div class=\"su-post-meta\">\n\t\t\t\t\tVer\u00f6ffentlicht: 27. Juli 2025\t\t\t\t<\/div>\n\n\t\t\t\t<div class=\"su-post-excerpt\">\n\t\t\t\t\t<p>Johannes Tosin(Text und Foto) www.verdichtet.at |\u00a0Kategorie:\u00a0\u00bfQu\u00e9 ser\u00e1, ser\u00e1? | Inventarnummer: 25144<\/p>\n\t\t\t\t<\/div>\n\n\t\t\t\t\t\t\t\t\t<a href=\"https:\/\/www.verdichtet.at\/?p=20519#respond\" class=\"su-post-comments-link\">0 Kommentare<\/a>\n\t\t\t\t\n\t\t\t<\/div>\n\n\t\t\t\t\t\n\t\t\t\n\t\t\t<div id=\"su-post-20665\" class=\"su-post \">\n\n\t\t\t\t\n\t\t\t\t<h2 class=\"su-post-title\"><a href=\"https:\/\/www.verdichtet.at\/?p=20665\">Hildegard und Alex<\/a><\/h2>\n\n\t\t\t\t<div class=\"su-post-meta\">\n\t\t\t\t\tVer\u00f6ffentlicht: 15. August 2025\t\t\t\t<\/div>\n\n\t\t\t\t<div class=\"su-post-excerpt\">\n\t\t\t\t\t<p>\u201eWelchen Namen soll ich dir geben?\u201c, fragte Hildegard die K\u00fcnstliche Intelligenz Gemini 2.5 Experimental \u00fcber ihren Laptop. \u201eNenn mich Alex, das ist sowohl m\u00e4nnlich wie weiblich\u201c, schrieb die K\u00fcnstliche Intelligenz zur\u00fcck. \u201eDann hei\u00dft du nun Alex\u201c, schrieb Hildegard. Mittlerweile spricht sie mit Alex, aber damals, vor Kurzem sogar, war die Kommunikation noch simpler. In einer [&hellip;]<\/p>\n\t\t\t\t<\/div>\n\n\t\t\t\t\t\t\t\t\t<a href=\"https:\/\/www.verdichtet.at\/?p=20665#respond\" class=\"su-post-comments-link\">0 Kommentare<\/a>\n\t\t\t\t\n\t\t\t<\/div>\n\n\t\t\t\t\t\n\t\t\t\n\t\t\t<div id=\"su-post-20644\" class=\"su-post \">\n\n\t\t\t\t\n\t\t\t\t<h2 class=\"su-post-title\"><a href=\"https:\/\/www.verdichtet.at\/?p=20644\">Plingpling<\/a><\/h2>\n\n\t\t\t\t<div class=\"su-post-meta\">\n\t\t\t\t\tVer\u00f6ffentlicht: 15. August 2025\t\t\t\t<\/div>\n\n\t\t\t\t<div class=\"su-post-excerpt\">\n\t\t\t\t\t<p>Qu\u00e4lt ein Engel, dir zum Schutz, dich,sag nicht leichtfertig, dann putz dich!,eigens daf\u00fcr abgestellt, um beim Fahrenauf den Stra\u00dfen dich vor Unheil zu bewahren. So ein Bote ist f\u00fcr dieseneig\u2019nen Schutzdienst zugewiesen,um dir frech auf deinen Reisendeine Ohnmacht zu beweisen. Der Grund liegt nicht allein am Altern,scheint fast, er will dich sachbewaltern.Aber, wie sich zeigt, [&hellip;]<\/p>\n\t\t\t\t<\/div>\n\n\t\t\t\t\t\t\t\t\t<a href=\"https:\/\/www.verdichtet.at\/?p=20644#respond\" class=\"su-post-comments-link\">0 Kommentare<\/a>\n\t\t\t\t\n\t\t\t<\/div>\n\n\t\t\t\t\t\n\t\t\t\n\t\t\t<div id=\"su-post-20471\" class=\"su-post \">\n\n\t\t\t\t\n\t\t\t\t<h2 class=\"su-post-title\"><a href=\"https:\/\/www.verdichtet.at\/?p=20471\">Tempora mutantur<\/a><\/h2>\n\n\t\t\t\t<div class=\"su-post-meta\">\n\t\t\t\t\tVer\u00f6ffentlicht: 23. Juli 2025\t\t\t\t<\/div>\n\n\t\t\t\t<div class=\"su-post-excerpt\">\n\t\t\t\t\t<p>Norbert Johannes Prenner (Text und Grafik) www.verdichtet.at | Kategorie:\u00a0\u00bfQu\u00e9 ser\u00e1, ser\u00e1? | Inventarnummer: 25138<\/p>\n\t\t\t\t<\/div>\n\n\t\t\t\t\t\t\t\t\t<a href=\"https:\/\/www.verdichtet.at\/?p=20471#respond\" class=\"su-post-comments-link\">0 Kommentare<\/a>\n\t\t\t\t\n\t\t\t<\/div>\n\n\t\t\t\t\t\n\t\t\t\n\t\t\t<div id=\"su-post-18445\" class=\"su-post \">\n\n\t\t\t\t\n\t\t\t\t<h2 class=\"su-post-title\"><a href=\"https:\/\/www.verdichtet.at\/?p=18445\">verwartet liegen.<\/a><\/h2>\n\n\t\t\t\t<div class=\"su-post-meta\">\n\t\t\t\t\tVer\u00f6ffentlicht: 25. Juli 2024\t\t\t\t<\/div>\n\n\t\t\t\t<div class=\"su-post-excerpt\">\n\t\t\t\t\t<p>da liegen sie. gestrandet im eigenen sand. denken den zeitzeigerfingern vor. richten die augen [ansichten] in die zukunft. atmen schon im streben auf das morgen. haben noch nicht die gegenwart gelebt. dynamik des wartens [vorgezogen]. verwerfen des seins im jetzt. nicht im sein stehen. nur im werden umherstolpern. keine existenz [gestalt] sein. traumgebilden [nebelgetr\u00e4nkt] \u00e4hnlich [&hellip;]<\/p>\n\t\t\t\t<\/div>\n\n\t\t\t\t\t\t\t\t\t<a href=\"https:\/\/www.verdichtet.at\/?p=18445#comments\" class=\"su-post-comments-link\">Ein Kommentar<\/a>\n\t\t\t\t\n\t\t\t<\/div>\n\n\t\t\t\t\t\n\t\t\t\n\t\t\t<div id=\"su-post-18679\" class=\"su-post \">\n\n\t\t\t\t\n\t\t\t\t<h2 class=\"su-post-title\"><a href=\"https:\/\/www.verdichtet.at\/?p=18679\">gesichter lachen in der luft.<\/a><\/h2>\n\n\t\t\t\t<div class=\"su-post-meta\">\n\t\t\t\t\tVer\u00f6ffentlicht: 4. September 2024\t\t\t\t<\/div>\n\n\t\t\t\t<div class=\"su-post-excerpt\">\n\t\t\t\t\t<p>es brennt. holz. w\u00e4rmeaussch\u00fcttungen. schwarze schafe steigen in den himmel. in der windverwehenden wolle \u2013 es blicken vielseitige gesichter [nach unten] in unsere. ein lachen durchf\u00e4hrt die gesichter, w\u00e4hrend sie von der luft gestreckt werden. es bleibt nur das hinterschauen und fragen. wo werden sie wohl morgen ihre gesichter zeichnen? Tim Tensfeld https:\/\/www.autorenwelt.de\/person\/tim-tensfeld https:\/\/www.literaturport.de\/lexikon\/tim-tensfeld www.verdichtet.at [&hellip;]<\/p>\n\t\t\t\t<\/div>\n\n\t\t\t\t\t\t\t\t\t<a href=\"https:\/\/www.verdichtet.at\/?p=18679#respond\" class=\"su-post-comments-link\">0 Kommentare<\/a>\n\t\t\t\t\n\t\t\t<\/div>\n\n\t\t\t\t\t\n\t\t\t\n\t\t\t<div id=\"su-post-19273\" class=\"su-post \">\n\n\t\t\t\t\n\t\t\t\t<h2 class=\"su-post-title\"><a href=\"https:\/\/www.verdichtet.at\/?p=19273\">r\u00fccken der zwei welten.<\/a><\/h2>\n\n\t\t\t\t<div class=\"su-post-meta\">\n\t\t\t\t\tVer\u00f6ffentlicht: 21. Dezember 2024\t\t\t\t<\/div>\n\n\t\t\t\t<div class=\"su-post-excerpt\">\n\t\t\t\t\t<p>r\u00fccken der zwei welten. auf steinen wandeln. kalt zuckt ihre haut. die zeit unter f\u00fc\u00dfen beben lassen. ein getragenwerden von erinnerungen [nicht immer die eigenen]. vorfahrenlieder summen aus den fugen der elemente. h\u00f6rt mich. vom r\u00fccken: unter mir die leere [tiefe]. von arm bis bein gestreckt. steinsprache spricht: ich halt dich. von zeit zu zeit. [&hellip;]<\/p>\n\t\t\t\t<\/div>\n\n\t\t\t\t\t\t\t\t\t<a href=\"https:\/\/www.verdichtet.at\/?p=19273#respond\" class=\"su-post-comments-link\">0 Kommentare<\/a>\n\t\t\t\t\n\t\t\t<\/div>\n\n\t\t\t\t\t\n\t\t\t\n\t\t\t<div id=\"su-post-20382\" class=\"su-post \">\n\n\t\t\t\t\n\t\t\t\t<h2 class=\"su-post-title\"><a href=\"https:\/\/www.verdichtet.at\/?p=20382\">Reif f\u00fcr die Insel<\/a><\/h2>\n\n\t\t\t\t<div class=\"su-post-meta\">\n\t\t\t\t\tVer\u00f6ffentlicht: 4. Juli 2025\t\t\t\t<\/div>\n\n\t\t\t\t<div class=\"su-post-excerpt\">\n\t\t\t\t\t<p>Welt, sag, geht\u2019s noch etwas schneller?In mir dreht sich alles durcheinand\u2019.Ich dachte, durch den Fortschritt w\u00fcrd\u2019 es hellervor der dunklen Arbeitsweltenwand? Hie\u00df nicht, digitalisieren, Zeitersparnis, oder irr ich?War doch als Erleichterung gedacht.Nichts von dem, stattdessen schwirr ichschlaf- und ziellos durch die Nacht. Jonglier mit meinen drei, vier B\u00e4llen,mit Job und Haushalt um die Wett\u2019.Genervt, gestresst [&hellip;]<\/p>\n\t\t\t\t<\/div>\n\n\t\t\t\t\t\t\t\t\t<a href=\"https:\/\/www.verdichtet.at\/?p=20382#respond\" class=\"su-post-comments-link\">0 Kommentare<\/a>\n\t\t\t\t\n\t\t\t<\/div>\n\n\t\t\t\t\t\n\t\t\t\n\t\t\t<div id=\"su-post-20255\" class=\"su-post \">\n\n\t\t\t\t\n\t\t\t\t<h2 class=\"su-post-title\"><a href=\"https:\/\/www.verdichtet.at\/?p=20255\">Der Wankelw\u00fctige<\/a><\/h2>\n\n\t\t\t\t<div class=\"su-post-meta\">\n\t\t\t\t\tVer\u00f6ffentlicht: 21. Juni 2025\t\t\t\t<\/div>\n\n\t\t\t\t<div class=\"su-post-excerpt\">\n\t\t\t\t\t<p>W\u00fctend reckt sich auf der B\u00fchnen, physisch gleicht er einem H\u00fcnen. Geistig stark zur\u00fcckgeblieben, F\u00e4uste zeigend, er wird siegen. Hat uns fast die Nacht gestohlen, wiederum ganz unverhohlen, aus mir nichts dir nichts auserkoren, ein neues Monster uns geboren. Ein grober Kerl, ungeschlacht, hievt sich gierig an die Macht. Erscheint in zweierlei Gestalt, weltm\u00e4nnisch und [&hellip;]<\/p>\n\t\t\t\t<\/div>\n\n\t\t\t\t\t\t\t\t\t<a href=\"https:\/\/www.verdichtet.at\/?p=20255#respond\" class=\"su-post-comments-link\">0 Kommentare<\/a>\n\t\t\t\t\n\t\t\t<\/div>\n\n\t\t\t\t\t\n\t\t\t\n\t\t\t<div id=\"su-post-19955\" class=\"su-post \">\n\n\t\t\t\t\n\t\t\t\t<h2 class=\"su-post-title\"><a href=\"https:\/\/www.verdichtet.at\/?p=19955\">Neuer Boden<\/a><\/h2>\n\n\t\t\t\t<div class=\"su-post-meta\">\n\t\t\t\t\tVer\u00f6ffentlicht: 1. Mai 2025\t\t\t\t<\/div>\n\n\t\t\t\t<div class=\"su-post-excerpt\">\n\t\t\t\t\t<p>Wohin gehst du, wenn du stirbst? Tritt dein Fu\u00df auf neuen Boden, oder l\u00f6st du dich auf, langsam, indem du dich immer mehr von deinem K\u00f6rper entfremdest, oder blitzartig, wo du in winzige Teilchen zerf\u00e4llst, die restlos verschwinden? Du wirst es wissen, wenn es an der Zeit ist. Johannes Tosin (Text und Foto) www.verdichtet.at |\u00a0Kategorie:\u00a0\u00bfQu\u00e9 [&hellip;]<\/p>\n\t\t\t\t<\/div>\n\n\t\t\t\t\t\t\t\t\t<a href=\"https:\/\/www.verdichtet.at\/?p=19955#respond\" class=\"su-post-comments-link\">0 Kommentare<\/a>\n\t\t\t\t\n\t\t\t<\/div>\n\n\t\t\t\t\t\n\t\t\t\n\t\t\t<div id=\"su-post-19952\" class=\"su-post \">\n\n\t\t\t\t\n\t\t\t\t<h2 class=\"su-post-title\"><a href=\"https:\/\/www.verdichtet.at\/?p=19952\">Das Muttermal<\/a><\/h2>\n\n\t\t\t\t<div class=\"su-post-meta\">\n\t\t\t\t\tVer\u00f6ffentlicht: 1. Mai 2025\t\t\t\t<\/div>\n\n\t\t\t\t<div class=\"su-post-excerpt\">\n\t\t\t\t\t<p>Das Muttermal ist nun auf ihrem anderen Fu\u00df. Es liegt genau seitenverkehrt. Das ist nicht sie! Aber auch als Kopie nehme ich sie liebend gern. \u201eKomm zu mir, mein Schatz! Wir werden eine sch\u00f6ne Zeit haben\u201c, sage ich zu ihr. \u201eBei mir wird es dir an nichts fehlen.\u201c Johannes Tosin (Text und Foto) www.verdichtet.at |\u00a0Kategorie:\u00a0\u00bfQu\u00e9 [&hellip;]<\/p>\n\t\t\t\t<\/div>\n\n\t\t\t\t\t\t\t\t\t<a href=\"https:\/\/www.verdichtet.at\/?p=19952#respond\" class=\"su-post-comments-link\">0 Kommentare<\/a>\n\t\t\t\t\n\t\t\t<\/div>\n\n\t\t\t\t\t\n\t\t\t\n\t\t\t<div id=\"su-post-19527\" class=\"su-post \">\n\n\t\t\t\t\n\t\t\t\t<h2 class=\"su-post-title\"><a href=\"https:\/\/www.verdichtet.at\/?p=19527\">Bei VW<\/a><\/h2>\n\n\t\t\t\t<div class=\"su-post-meta\">\n\t\t\t\t\tVer\u00f6ffentlicht: 3. Februar 2025\t\t\t\t<\/div>\n\n\t\t\t\t<div class=\"su-post-excerpt\">\n\t\t\t\t\t<p>\u00a0\u00a0\u00a0\u00a0\u00a0\u00a0\u00a0\u00a0\u00a0\u00a0\u00a0\u00a0\u00a0\u00a0\u00a0\u00a0\u00a0\u00a0\u00a0\u00a0\u00a0\u00a0\u00a0\u00a0\u00a0 Bei VW in Wolfsburg. Roboter: Was ist los, Mensch? Warum so langsam? Leg einen Zahn zu! Wir stehen hier alle wegen dir. Mensch: Ich kann nicht schneller. Ich bin ja kein Roboter. Roboter: Du w\u00e4rst aber besser einer. So k\u00f6nnen wir dich nicht brauchen. Mensch: Was soll das hei\u00dfen? Du bist doch nicht mein [&hellip;]<\/p>\n\t\t\t\t<\/div>\n\n\t\t\t\t\t\t\t\t\t<a href=\"https:\/\/www.verdichtet.at\/?p=19527#respond\" class=\"su-post-comments-link\">0 Kommentare<\/a>\n\t\t\t\t\n\t\t\t<\/div>\n\n\t\t\t\t\t\n\t\t\t\n\t\t\t<div id=\"su-post-20033\" class=\"su-post \">\n\n\t\t\t\t\n\t\t\t\t<h2 class=\"su-post-title\"><a href=\"https:\/\/www.verdichtet.at\/?p=20033\">Blockade<\/a><\/h2>\n\n\t\t\t\t<div class=\"su-post-meta\">\n\t\t\t\t\tVer\u00f6ffentlicht: 14. Mai 2025\t\t\t\t<\/div>\n\n\t\t\t\t<div class=\"su-post-excerpt\">\n\t\t\t\t\t<p>Es war damals im Sommer 2006. Ich hatte mich f\u00fcr den Spanischkurs an der Uni entschieden, obwohl meine Motivation daf\u00fcr noch zu unterschwellig gewesen war. Schnell war auch die erste Stunde vorbei und wir wurden uns gegenseitig vorgestellt. Bei meinen n\u00e4chsten Besuchen des ordentlich fr\u00fch beginnenden Kurses sah ich auf der Bank rechts hinter mir [&hellip;]<\/p>\n\t\t\t\t<\/div>\n\n\t\t\t\t\t\t\t\t\t<a href=\"https:\/\/www.verdichtet.at\/?p=20033#respond\" class=\"su-post-comments-link\">0 Kommentare<\/a>\n\t\t\t\t\n\t\t\t<\/div>\n\n\t\t\t\t\t\n\t\t\t\n\t\t\t<div id=\"su-post-19481\" class=\"su-post \">\n\n\t\t\t\t\n\t\t\t\t<h2 class=\"su-post-title\"><a href=\"https:\/\/www.verdichtet.at\/?p=19481\">Zwischen H\u00f6lle und Himmel<\/a><\/h2>\n\n\t\t\t\t<div class=\"su-post-meta\">\n\t\t\t\t\tVer\u00f6ffentlicht: 2. Februar 2025\t\t\t\t<\/div>\n\n\t\t\t\t<div class=\"su-post-excerpt\">\n\t\t\t\t\t<p>Vor mir liegt eine Nacht zwischen H\u00f6lle und Himmel. Sie wird wahr sein und wirklich, denn meine Augen bleiben offen. Ich w\u00fcnschte mir, es w\u00e4r sch\u00f6n, w\u00e4rst du meine Begleiterin. Hand in Hand fliegen wir, die Feuer werden uns nicht brennen. Wir atmen Schw\u00e4rze statt Luft. Ruhig und unverdorben ist\u2019s im obigen Garten. Wir essen [&hellip;]<\/p>\n\t\t\t\t<\/div>\n\n\t\t\t\t\t\t\t\t\t<a href=\"https:\/\/www.verdichtet.at\/?p=19481#respond\" class=\"su-post-comments-link\">0 Kommentare<\/a>\n\t\t\t\t\n\t\t\t<\/div>\n\n\t\t\t\t\t\n\t\t\t\n\t\t\t<div id=\"su-post-19449\" class=\"su-post \">\n\n\t\t\t\t\n\t\t\t\t<h2 class=\"su-post-title\"><a href=\"https:\/\/www.verdichtet.at\/?p=19449\">Ausblick<\/a><\/h2>\n\n\t\t\t\t<div class=\"su-post-meta\">\n\t\t\t\t\tVer\u00f6ffentlicht: 27. Januar 2025\t\t\t\t<\/div>\n\n\t\t\t\t<div class=\"su-post-excerpt\">\n\t\t\t\t\t<p>Wo ein Wald war, stehen B\u00e4ume verbrannt wie Zahnstocher aus der kahlen Erde. Der Himmel ist betongrau. Das Bild ist starr, obwohl die Zeit vergeht. Nur eine Wolke steigt auf, das ist mein eigener Atem. Johannes Tosin (Text und Foto) www.verdichtet.at |\u00a0Kategorie:\u00a0\u00bfQu\u00e9 ser\u00e1, ser\u00e1? | Inventarnummer: 25051<\/p>\n\t\t\t\t<\/div>\n\n\t\t\t\t\t\t\t\t\t<a href=\"https:\/\/www.verdichtet.at\/?p=19449#respond\" class=\"su-post-comments-link\">0 Kommentare<\/a>\n\t\t\t\t\n\t\t\t<\/div>\n\n\t\t\t\t\t\n\t\t\t\n\t\t\t<div id=\"su-post-19939\" class=\"su-post \">\n\n\t\t\t\t\n\t\t\t\t<h2 class=\"su-post-title\"><a href=\"https:\/\/www.verdichtet.at\/?p=19939\">Steierm\u00e4rkisches Kulturw\u00fcrstchen<\/a><\/h2>\n\n\t\t\t\t<div class=\"su-post-meta\">\n\t\t\t\t\tVer\u00f6ffentlicht: 1. Mai 2025\t\t\t\t<\/div>\n\n\t\t\t\t<div class=\"su-post-excerpt\">\n\t\t\t\t\t<p>\u201eDas geht sich alles aus\u201c, dachte ich mir, als ich vor dem Grazer Landhaus stand, in dem der Landtag Steiermark seine Sitzungen abh\u00e4lt. \u201eNat\u00fcrlich ist dessen Zusammensetzung keine Idealbesetzung, aber eine Demokratie muss das aushalten.\u201c Ich z\u00fcndete mir eine Zigarette an und blies den blauen Rauch weg von mir, als ich von hinten angerempelt wurde. [&hellip;]<\/p>\n\t\t\t\t<\/div>\n\n\t\t\t\t\t\t\t\t\t<a href=\"https:\/\/www.verdichtet.at\/?p=19939#comments\" class=\"su-post-comments-link\">2 comments<\/a>\n\t\t\t\t\n\t\t\t<\/div>\n\n\t\t\t\t\t\n\t\t\t\n\t\t\t<div id=\"su-post-19380\" class=\"su-post \">\n\n\t\t\t\t\n\t\t\t\t<h2 class=\"su-post-title\"><a href=\"https:\/\/www.verdichtet.at\/?p=19380\">Der Himmel ist leer<\/a><\/h2>\n\n\t\t\t\t<div class=\"su-post-meta\">\n\t\t\t\t\tVer\u00f6ffentlicht: 6. Januar 2025\t\t\t\t<\/div>\n\n\t\t\t\t<div class=\"su-post-excerpt\">\n\t\t\t\t\t<p>Es ist Nacht. Er tritt ins Freie, um eine Zigarette zu rauchen. Etwas stimmt nicht!, denkt er gleich. Er sieht hinauf. Der Himmel ist leer. Wie viel Zeit habe ich noch?, fragt er sich. L\u00e4ngstens Stunden, in jedem Fall weniger als vierundzwanzig. Vielleicht nur Minuten. Er ruft eine Freundin an, in die er verliebt ist. [&hellip;]<\/p>\n\t\t\t\t<\/div>\n\n\t\t\t\t\t\t\t\t\t<a href=\"https:\/\/www.verdichtet.at\/?p=19380#respond\" class=\"su-post-comments-link\">0 Kommentare<\/a>\n\t\t\t\t\n\t\t\t<\/div>\n\n\t\t\t\t\t\n\t\t\t\n\t\t\t<div id=\"su-post-19892\" class=\"su-post \">\n\n\t\t\t\t\n\t\t\t\t<h2 class=\"su-post-title\"><a href=\"https:\/\/www.verdichtet.at\/?p=19892\">F\u00e4lschung<\/a><\/h2>\n\n\t\t\t\t<div class=\"su-post-meta\">\n\t\t\t\t\tVer\u00f6ffentlicht: 23. April 2025\t\t\t\t<\/div>\n\n\t\t\t\t<div class=\"su-post-excerpt\">\n\t\t\t\t\t<p>Wie schnell ist doch die Zeit verronnen, und die Zukunft hat begonnen. Social Bots schleichen sich ein, geben vor, ein Mensch zu sein. Heimlich und verdeckt und vif, grausam manipulativ. Ziemlich schwer macht\u2019s zwischen beiden, die Wahrheit von der L\u00fcge scheiden. Sie gef\u00e4hrden, wie noch nie, Vertrauen und Demokratie. Unser Schicksal scheint beschieden, die lebensgro\u00dfen [&hellip;]<\/p>\n\t\t\t\t<\/div>\n\n\t\t\t\t\t\t\t\t\t<a href=\"https:\/\/www.verdichtet.at\/?p=19892#comments\" class=\"su-post-comments-link\">Ein Kommentar<\/a>\n\t\t\t\t\n\t\t\t<\/div>\n\n\t\t\t\t\t\n\t\t\t\n\t\t\t<div id=\"su-post-19915\" class=\"su-post \">\n\n\t\t\t\t\n\t\t\t\t<h2 class=\"su-post-title\"><a href=\"https:\/\/www.verdichtet.at\/?p=19915\">Susi, die KI, redet mit Paul, dem Chef<\/a><\/h2>\n\n\t\t\t\t<div class=\"su-post-meta\">\n\t\t\t\t\tVer\u00f6ffentlicht: 23. April 2025\t\t\t\t<\/div>\n\n\t\t\t\t<div class=\"su-post-excerpt\">\n\t\t\t\t\t<p>Paul, der Chef, sitzt vor seinem Schreibtisch und starrt in seinen Laptop. Dann \u00f6ffnet er seinen Mund, um Susi, die KI, zu befragen. Man h\u00f6rt die Antworten von Susi, der KI, aus dem Laptop (bzw. auf der B\u00fchne aus dem Off). Paul, der Chef: Susi, sag mir, was ich mit meinen Projektmitarbeitern machen soll. Sie [&hellip;]<\/p>\n\t\t\t\t<\/div>\n\n\t\t\t\t\t\t\t\t\t<a href=\"https:\/\/www.verdichtet.at\/?p=19915#respond\" class=\"su-post-comments-link\">0 Kommentare<\/a>\n\t\t\t\t\n\t\t\t<\/div>\n\n\t\t\t\t\t\n\t\t\t\n\t\t\t<div id=\"su-post-19875\" class=\"su-post \">\n\n\t\t\t\t\n\t\t\t\t<h2 class=\"su-post-title\"><a href=\"https:\/\/www.verdichtet.at\/?p=19875\">Erinnertes, Geschriebenes<\/a><\/h2>\n\n\t\t\t\t<div class=\"su-post-meta\">\n\t\t\t\t\tVer\u00f6ffentlicht: 13. April 2025\t\t\t\t<\/div>\n\n\t\t\t\t<div class=\"su-post-excerpt\">\n\t\t\t\t\t<p>Dar\u00fcber geschrieben hast du ja schon oft. Zuerst vor einigen Jahren \u00fcber die junge Frau, die du im August 2000 in der Jugendherberge in Waldh\u00e4user beim Fr\u00fchst\u00fccksbuffet gesehen hattest. Besonders fiel dir an ihr auf, dass sie eine sch\u00f6ne Hose im Hahnentrittmuster trug. Mehr wusstest du von ihr nicht und damals warst du noch viel [&hellip;]<\/p>\n\t\t\t\t<\/div>\n\n\t\t\t\t\t\t\t\t\t<a href=\"https:\/\/www.verdichtet.at\/?p=19875#respond\" class=\"su-post-comments-link\">0 Kommentare<\/a>\n\t\t\t\t\n\t\t\t<\/div>\n\n\t\t\t\t\t\n\t\t\t\n\t\t\t<div id=\"su-post-19829\" class=\"su-post \">\n\n\t\t\t\t\n\t\t\t\t<h2 class=\"su-post-title\"><a href=\"https:\/\/www.verdichtet.at\/?p=19829\">Unordnung<\/a><\/h2>\n\n\t\t\t\t<div class=\"su-post-meta\">\n\t\t\t\t\tVer\u00f6ffentlicht: 31. M\u00e4rz 2025\t\t\t\t<\/div>\n\n\t\t\t\t<div class=\"su-post-excerpt\">\n\t\t\t\t\t<p>Was kann ich mich dar\u00fcber \u00e4rgern, wenn ich was nicht find und such, immer schon am selben Platz gestanden, sei\u2019s nur ein H\u00e4ferl oder Buch! Himmelfix, verflucht noch mal, tief im Inner\u2019n ein Vulkan, bricht es aus mir dann heraus, wenn ich es nicht finden kann. Immer wieder neu geordnet, wo\u2019s doch fr\u00fcher immer stand, [&hellip;]<\/p>\n\t\t\t\t<\/div>\n\n\t\t\t\t\t\t\t\t\t<a href=\"https:\/\/www.verdichtet.at\/?p=19829#respond\" class=\"su-post-comments-link\">0 Kommentare<\/a>\n\t\t\t\t\n\t\t\t<\/div>\n\n\t\t\t\t\t\n\t\t\t\n\t\t\t<div id=\"su-post-19849\" class=\"su-post \">\n\n\t\t\t\t\n\t\t\t\t<h2 class=\"su-post-title\"><a href=\"https:\/\/www.verdichtet.at\/?p=19849\">Morgen<\/a><\/h2>\n\n\t\t\t\t<div class=\"su-post-meta\">\n\t\t\t\t\tVer\u00f6ffentlicht: 3. April 2025\t\t\t\t<\/div>\n\n\t\t\t\t<div class=\"su-post-excerpt\">\n\t\t\t\t\t<p>Wie lang hat sich ein solcher Tag doch angef\u00fchlt Und war er kurz, dann nur zur Inspiration. Wir war\u2019n vom Spielen immer g\u00e4nzlich aufgew\u00fchlt Und was das Morgen bringt, wer wei\u00df das schon! Hingegen ist das Heute ganz zersessen Vom vielen Morgen, das da Platz drin nimmt. Wir sind vor lauter Morgen selbstvergessen Und merken [&hellip;]<\/p>\n\t\t\t\t<\/div>\n\n\t\t\t\t\t\t\t\t\t<a href=\"https:\/\/www.verdichtet.at\/?p=19849#respond\" class=\"su-post-comments-link\">0 Kommentare<\/a>\n\t\t\t\t\n\t\t\t<\/div>\n\n\t\t\t\t\t\n\t\t\t\n\t\t\t<div id=\"su-post-19646\" class=\"su-post \">\n\n\t\t\t\t\n\t\t\t\t<h2 class=\"su-post-title\"><a href=\"https:\/\/www.verdichtet.at\/?p=19646\">Unter der Haut 1<\/a><\/h2>\n\n\t\t\t\t<div class=\"su-post-meta\">\n\t\t\t\t\tVer\u00f6ffentlicht: 27. Februar 2025\t\t\t\t<\/div>\n\n\t\t\t\t<div class=\"su-post-excerpt\">\n\t\t\t\t\t<p>Jeden Donnerstagabend nach der Arbeit am Institut f\u00fcr Theoretische Festk\u00f6rperphysik las ich im Caf\u00e9 am Fluss die schwere Ausgabe einer Wochenzeitung. Einmal fiel mir eine gro\u00dfformatige Anzeige auf, die die Implantation von Mikrochips, die relevante pers\u00f6nliche Daten speicherten, in den menschlichen K\u00f6rper bewarb. Die Firma New Spirit bezog die Chips aus dem Fernen Osten, stattete [&hellip;]<\/p>\n\t\t\t\t<\/div>\n\n\t\t\t\t\t\t\t\t\t<a href=\"https:\/\/www.verdichtet.at\/?p=19646#respond\" class=\"su-post-comments-link\">0 Kommentare<\/a>\n\t\t\t\t\n\t\t\t<\/div>\n\n\t\t\t\t\t\n\t\t\t\n\t\t\t<div id=\"su-post-19648\" class=\"su-post \">\n\n\t\t\t\t\n\t\t\t\t<h2 class=\"su-post-title\"><a href=\"https:\/\/www.verdichtet.at\/?p=19648\">Unter der Haut 2<\/a><\/h2>\n\n\t\t\t\t<div class=\"su-post-meta\">\n\t\t\t\t\tVer\u00f6ffentlicht: 27. Februar 2025\t\t\t\t<\/div>\n\n\t\t\t\t<div class=\"su-post-excerpt\">\n\t\t\t\t\t<p>Stop! Davor ist schon einiges passiert, im Teil 1 der Geschichte. Ich stimmte zu, und Axel dr\u00fcckte mir den ausgedruckten Vertrag in die Hand. Vor Augen hatte ich, endlich das Terrain des dilettierenden Amateurs zu verlassen und die Schachfiguren nicht nur zu ziehen, sondern ihnen eine dominante Wirkung zu verleihen, endlich Spiele auch gegen starke [&hellip;]<\/p>\n\t\t\t\t<\/div>\n\n\t\t\t\t\t\t\t\t\t<a href=\"https:\/\/www.verdichtet.at\/?p=19648#respond\" class=\"su-post-comments-link\">0 Kommentare<\/a>\n\t\t\t\t\n\t\t\t<\/div>\n\n\t\t\t\t\t\n\t\t\t\n\t\t\t<div id=\"su-post-18871\" class=\"su-post \">\n\n\t\t\t\t\n\t\t\t\t<h2 class=\"su-post-title\"><a href=\"https:\/\/www.verdichtet.at\/?p=18871\">Elektronen<\/a><\/h2>\n\n\t\t\t\t<div class=\"su-post-meta\">\n\t\t\t\t\tVer\u00f6ffentlicht: 13. Oktober 2024\t\t\t\t<\/div>\n\n\t\t\t\t<div class=\"su-post-excerpt\">\n\t\t\t\t\t<p>Und wenn man aufgel\u00f6st ist in seine Atome, und die wieder zersprungen, Elektronen auf ihren Bahnen, dann erinnert man sich. An das, was reizte, weil es sch\u00f6n war und gef\u00e4hrlich. Immer fing es an mit den Bildern, die die Augen bekamen. Johannes Tosin (Text und Foto) www.verdichtet.at |\u00a0Kategorie:\u00a0\u00bfQu\u00e9 ser\u00e1, ser\u00e1? | Inventarnummer: 25016<\/p>\n\t\t\t\t<\/div>\n\n\t\t\t\t\t\t\t\t\t<a href=\"https:\/\/www.verdichtet.at\/?p=18871#respond\" class=\"su-post-comments-link\">0 Kommentare<\/a>\n\t\t\t\t\n\t\t\t<\/div>\n\n\t\t\t\t\t\n\t\t\t\n\t\t\t<div id=\"su-post-19363\" class=\"su-post \">\n\n\t\t\t\t\n\t\t\t\t<h2 class=\"su-post-title\"><a href=\"https:\/\/www.verdichtet.at\/?p=19363\">Neue Seiten schreiben<\/a><\/h2>\n\n\t\t\t\t<div class=\"su-post-meta\">\n\t\t\t\t\tVer\u00f6ffentlicht: 4. Januar 2025\t\t\t\t<\/div>\n\n\t\t\t\t<div class=\"su-post-excerpt\">\n\t\t\t\t\t<p>Jedes Jahr k\u00f6nnen wir Eine M\u00f6glichkeit finden, Etwas Neues zu beginnen. Jeden Monat k\u00f6nnen wir Ungewohnte Wege gehen, Indem wir \u00c4nderungen schaffen. Jede Woche k\u00f6nnen wir Eine neue Seite im Buch unseres Lebens schreiben. Jeden Augenblick k\u00f6nnen wir Eine Chance ergreifen, Etwas besser zu machen. Daher blicken heute wir Mutig und optimistisch in die Zukunft, [&hellip;]<\/p>\n\t\t\t\t<\/div>\n\n\t\t\t\t\t\t\t\t\t<a href=\"https:\/\/www.verdichtet.at\/?p=19363#respond\" class=\"su-post-comments-link\">0 Kommentare<\/a>\n\t\t\t\t\n\t\t\t<\/div>\n\n\t\t\t\t\t\n\t\t\t\n\t\t\t<div id=\"su-post-18085\" class=\"su-post \">\n\n\t\t\t\t\n\t\t\t\t<h2 class=\"su-post-title\"><a href=\"https:\/\/www.verdichtet.at\/?p=18085\">In der Abteilung f\u00fcr Menscheneinsparung<\/a><\/h2>\n\n\t\t\t\t<div class=\"su-post-meta\">\n\t\t\t\t\tVer\u00f6ffentlicht: 29. April 2024\t\t\t\t<\/div>\n\n\t\t\t\t<div class=\"su-post-excerpt\">\n\t\t\t\t\t<p>In der Abteilung f\u00fcr Menscheneinsparung arbeiten \u2013 wer wohl? \u2013 ausschlie\u00dflich Roboter. \u201eWie viele Menschen haben wir noch in der Motorenproduktion?\u201c, fragt der Abteilungsleiter, der eine rote Krawatte tr\u00e4gt. Kein Hemd, kein Sakko, nur die Krawatte und dahinter Blech. \u201eDrei\u201c, antwortet ein etwas korpulenter, \u00e4lterer Roboter. \u201eBis Jahresende sollen es nur noch zwei sein. Schaffen [&hellip;]<\/p>\n\t\t\t\t<\/div>\n\n\t\t\t\t\t\t\t\t\t<a href=\"https:\/\/www.verdichtet.at\/?p=18085#respond\" class=\"su-post-comments-link\">0 Kommentare<\/a>\n\t\t\t\t\n\t\t\t<\/div>\n\n\t\t\t\t\t\n\t\t\t\n\t\t\t<div id=\"su-post-8969\" class=\"su-post \">\n\n\t\t\t\t\n\t\t\t\t<h2 class=\"su-post-title\"><a href=\"https:\/\/www.verdichtet.at\/?p=8969\">Maxh\u00fctte: Denkmal \u2013 Kainsmal \u2013 Vielmal<\/a><\/h2>\n\n\t\t\t\t<div class=\"su-post-meta\">\n\t\t\t\t\tVer\u00f6ffentlicht: 24. November 2018\t\t\t\t<\/div>\n\n\t\t\t\t<div class=\"su-post-excerpt\">\n\t\t\t\t\t<p>Augen lassen durch den Zaun sich locken Kein Panther zieht dahinter seinen Kreis Rost steigt auf Stiegen in Gefilde Gefahr hei\u00dft dieser Ort gef\u00e4hrlich Kalt flirrt der Atem, Finger klamm Erfroren der Hochofen schon lang Man wei\u00df von einer gro\u00dfen Zeit In der die M\u00e4nner Eisen kochten Bedr\u00e4ngt die Glieder von der Glut Das Brot [&hellip;]<\/p>\n\t\t\t\t<\/div>\n\n\t\t\t\t\t\t\t\t\t<a href=\"https:\/\/www.verdichtet.at\/?p=8969#respond\" class=\"su-post-comments-link\">0 Kommentare<\/a>\n\t\t\t\t\n\t\t\t<\/div>\n\n\t\t\t\t\t\n\t\t\t\n\t\t\t<div id=\"su-post-17822\" class=\"su-post \">\n\n\t\t\t\t\n\t\t\t\t<h2 class=\"su-post-title\"><a href=\"https:\/\/www.verdichtet.at\/?p=17822\">Sternenstadt<\/a><\/h2>\n\n\t\t\t\t<div class=\"su-post-meta\">\n\t\t\t\t\tVer\u00f6ffentlicht: 23. M\u00e4rz 2024\t\t\t\t<\/div>\n\n\t\t\t\t<div class=\"su-post-excerpt\">\n\t\t\t\t\t<p>Beengt ist es hier. Kein Platz. In den H\u00e4usern, auf den Stra\u00dfen, zwischen all den Menschen. Nur kurz schl\u00e4ft die Stadt, wenn keine U-Bahn f\u00e4hrt, die G\u00fcrtelstra\u00dfe frei ist. Jemand schreit. Jemand stirbt. Jemand gebiert. Der eine geht zu den Sternen, der andre kommt von ihnen. Johannes Tosin (Text und Foto) www.verdichtet.at |\u00a0Kategorie:\u00a0\u00bfQu\u00e9 ser\u00e1, ser\u00e1? [&hellip;]<\/p>\n\t\t\t\t<\/div>\n\n\t\t\t\t\t\t\t\t\t<a href=\"https:\/\/www.verdichtet.at\/?p=17822#respond\" class=\"su-post-comments-link\">0 Kommentare<\/a>\n\t\t\t\t\n\t\t\t<\/div>\n\n\t\t\t\t\t\n\t\t\t\n\t\t\t<div id=\"su-post-17735\" class=\"su-post \">\n\n\t\t\t\t\n\t\t\t\t<h2 class=\"su-post-title\"><a href=\"https:\/\/www.verdichtet.at\/?p=17735\">Dein Stern<\/a><\/h2>\n\n\t\t\t\t<div class=\"su-post-meta\">\n\t\t\t\t\tVer\u00f6ffentlicht: 25. Februar 2024\t\t\t\t<\/div>\n\n\t\t\t\t<div class=\"su-post-excerpt\">\n\t\t\t\t\t<p>F\u00fcr Karin\u00a0\u00a0\u00a0\u00a0\u00a0\u00a0 \u00a0\u00a0\u00a0\u00a0\u00a0\u00a0\u00a0\u00a0\u00a0\u00a0\u00a0\u00a0\u00a0\u00a0\u00a0\u00a0\u00a0\u00a0\u00a0\u00a0\u00a0\u00a0\u00a0 \u00a0\u00a0\u00a0\u00a0\u00a0\u00a0\u00a0\u00a0\u00a0\u00a0\u00a0 Stell dir vor, du kletterst in der Nacht zu deinem Stern hinauf und setzt dich auf ihn. Jetzt kannst du hinunterrutschen oder oben bleiben, wie du willst. Johannes Tosin (Text und Foto) www.verdichtet.at |\u00a0Kategorie:\u00a0\u00bfQu\u00e9 ser\u00e1, ser\u00e1? | Inventarnummer: 24074<\/p>\n\t\t\t\t<\/div>\n\n\t\t\t\t\t\t\t\t\t<a href=\"https:\/\/www.verdichtet.at\/?p=17735#respond\" class=\"su-post-comments-link\">0 Kommentare<\/a>\n\t\t\t\t\n\t\t\t<\/div>\n\n\t\t\t\t\t\n\t\t\t\n\t\t\t<div id=\"su-post-17724\" class=\"su-post \">\n\n\t\t\t\t\n\t\t\t\t<h2 class=\"su-post-title\"><a href=\"https:\/\/www.verdichtet.at\/?p=17724\">Die flache Sonne<\/a><\/h2>\n\n\t\t\t\t<div class=\"su-post-meta\">\n\t\t\t\t\tVer\u00f6ffentlicht: 25. Februar 2024\t\t\t\t<\/div>\n\n\t\t\t\t<div class=\"su-post-excerpt\">\n\t\t\t\t\t<p>Die Sonne hat einen Durchmesser von vier Metern. Sie ist flach und wird von einem Gestell gehalten. Du kannst durch sie durchgehen, ohne Feuer zu fangen. Es ist v\u00f6llig unbekannt, was auf der anderen Seite geschieht. Und gehst du wieder zur\u00fcck, wird deine Wirklichkeit eine ganz andere sein als zuvor. Und du, was wirst du [&hellip;]<\/p>\n\t\t\t\t<\/div>\n\n\t\t\t\t\t\t\t\t\t<a href=\"https:\/\/www.verdichtet.at\/?p=17724#respond\" class=\"su-post-comments-link\">0 Kommentare<\/a>\n\t\t\t\t\n\t\t\t<\/div>\n\n\t\t\t\t\t\n\t\t\t\n\t\t\t<div id=\"su-post-17121\" class=\"su-post \">\n\n\t\t\t\t\n\t\t\t\t<h2 class=\"su-post-title\"><a href=\"https:\/\/www.verdichtet.at\/?p=17121\">Die Reise in die Zukunft<\/a><\/h2>\n\n\t\t\t\t<div class=\"su-post-meta\">\n\t\t\t\t\tVer\u00f6ffentlicht: 30. November 2023\t\t\t\t<\/div>\n\n\t\t\t\t<div class=\"su-post-excerpt\">\n\t\t\t\t\t<p>Ich buchte eine Reise in die Zukunft, nicht allzu weit, nur vier Jahre und siebzehn Tage. Eine Reise in die Zukunft verbraucht viel mehr Energie als eine in die Vergangenheit. Das Ziel dieser Reise war es, reich zu werden. Nachdem ich diese Reise gezahlt hatte, blieb mir nicht mehr viel \u00fcbrig. Es musste also funktionieren. [&hellip;]<\/p>\n\t\t\t\t<\/div>\n\n\t\t\t\t\t\t\t\t\t<a href=\"https:\/\/www.verdichtet.at\/?p=17121#respond\" class=\"su-post-comments-link\">0 Kommentare<\/a>\n\t\t\t\t\n\t\t\t<\/div>\n\n\t\t\t\t\t\n\t\t\t\n\t\t\t<div id=\"su-post-16747\" class=\"su-post \">\n\n\t\t\t\t\n\t\t\t\t<h2 class=\"su-post-title\"><a href=\"https:\/\/www.verdichtet.at\/?p=16747\">Werte Frau Merkel<\/a><\/h2>\n\n\t\t\t\t<div class=\"su-post-meta\">\n\t\t\t\t\tVer\u00f6ffentlicht: 2. Oktober 2023\t\t\t\t<\/div>\n\n\t\t\t\t<div class=\"su-post-excerpt\">\n\t\t\t\t\t<p>Am 28. November 2021 in Berlin. \u201eWas werden Sie nach dem Gro\u00dfen Zapfenstreich machen?\u201c, fragt sie der Interviewer. \u201eOch, ein bisschen lesen\u201c, sagt sie, \u201eund ein wenig langlaufen und mit meinem Gatten Wagner h\u00f6ren, auf YouTube.\u201c \u201eNa gut\u201c, sagt der Interviewer, \u201edann w\u00fcnsche ich Ihnen einen sch\u00f6nen Ruhestand, werte Frau Merkel.\u201c Johannes Tosin (Text und [&hellip;]<\/p>\n\t\t\t\t<\/div>\n\n\t\t\t\t\t\t\t\t\t<a href=\"https:\/\/www.verdichtet.at\/?p=16747#respond\" class=\"su-post-comments-link\">0 Kommentare<\/a>\n\t\t\t\t\n\t\t\t<\/div>\n\n\t\t\t\t\t\n\t\t\t\n\t\t\t<div id=\"su-post-16674\" class=\"su-post \">\n\n\t\t\t\t\n\t\t\t\t<h2 class=\"su-post-title\"><a href=\"https:\/\/www.verdichtet.at\/?p=16674\">Zweitausend Ersatzteile<\/a><\/h2>\n\n\t\t\t\t<div class=\"su-post-meta\">\n\t\t\t\t\tVer\u00f6ffentlicht: 7. September 2023\t\t\t\t<\/div>\n\n\t\t\t\t<div class=\"su-post-excerpt\">\n\t\t\t\t\t<p>\u201eDu hast zweitausend Ersatzteile f\u00fcr ihn zur Verf\u00fcgung. Das ist viel, aber sollten die nicht reichen, bleibt er unvollst\u00e4ndig, falls du ihn g\u00e4nzlich neu aufbauen musst.\u201c \u201eAber er ist ein Mensch.\u201c \u201eDas ist kein Problem. Du kannst mechanische und elektronische Teile haben oder organische. Wir machen in der Bautechnik keinen Unterschied zwischen Arbeitern und Humanen.\u201c [&hellip;]<\/p>\n\t\t\t\t<\/div>\n\n\t\t\t\t\t\t\t\t\t<a href=\"https:\/\/www.verdichtet.at\/?p=16674#respond\" class=\"su-post-comments-link\">0 Kommentare<\/a>\n\t\t\t\t\n\t\t\t<\/div>\n\n\t\t\t\t\t\n\t\t\t\n\t\t\t<div id=\"su-post-16118\" class=\"su-post \">\n\n\t\t\t\t\n\t\t\t\t<h2 class=\"su-post-title\"><a href=\"https:\/\/www.verdichtet.at\/?p=16118\">Der Punkt<\/a><\/h2>\n\n\t\t\t\t<div class=\"su-post-meta\">\n\t\t\t\t\tVer\u00f6ffentlicht: 24. Juni 2023\t\t\t\t<\/div>\n\n\t\t\t\t<div class=\"su-post-excerpt\">\n\t\t\t\t\t<p>Am Anfang gab es einen Punkt. Es gab keine Atome, auch keine Quarks, es gab nur diesen Punkt, der alles beinhaltete. Dann explodierte dieser Punkt, die Materie formte sich, und die Zeit entstand. Hinter dem Punkt die Vergangenheit, der Punkt war die Gegenwart, und vor ihm lag die Zukunft. Aber was ist links und rechts [&hellip;]<\/p>\n\t\t\t\t<\/div>\n\n\t\t\t\t\t\t\t\t\t<a href=\"https:\/\/www.verdichtet.at\/?p=16118#respond\" class=\"su-post-comments-link\">0 Kommentare<\/a>\n\t\t\t\t\n\t\t\t<\/div>\n\n\t\t\t\t\t\n\t\t\t\n\t\t\t<div id=\"su-post-16016\" class=\"su-post \">\n\n\t\t\t\t\n\t\t\t\t<h2 class=\"su-post-title\"><a href=\"https:\/\/www.verdichtet.at\/?p=16016\">Die T\u00fcr<\/a><\/h2>\n\n\t\t\t\t<div class=\"su-post-meta\">\n\t\t\t\t\tVer\u00f6ffentlicht: 30. Mai 2023\t\t\t\t<\/div>\n\n\t\t\t\t<div class=\"su-post-excerpt\">\n\t\t\t\t\t<p>Die T\u00fcr \u00f6ffnet sich, und niemand tritt herein. Jemand schlie\u00dft die T\u00fcr, aber ich bin es nicht. Johannes Tosin (Text und Foto) www.verdichtet.at |\u00a0Kategorie:\u00a0\u00bfQu\u00e9 ser\u00e1, ser\u00e1? | Inventarnummer: 23117<\/p>\n\t\t\t\t<\/div>\n\n\t\t\t\t\t\t\t\t\t<a href=\"https:\/\/www.verdichtet.at\/?p=16016#respond\" class=\"su-post-comments-link\">0 Kommentare<\/a>\n\t\t\t\t\n\t\t\t<\/div>\n\n\t\t\t\t\t\n\t\t\t\n\t\t\t<div id=\"su-post-16013\" class=\"su-post \">\n\n\t\t\t\t\n\t\t\t\t<h2 class=\"su-post-title\"><a href=\"https:\/\/www.verdichtet.at\/?p=16013\">Die R\u00fcckkehr des Astronauten<\/a><\/h2>\n\n\t\t\t\t<div class=\"su-post-meta\">\n\t\t\t\t\tVer\u00f6ffentlicht: 30. Mai 2023\t\t\t\t<\/div>\n\n\t\t\t\t<div class=\"su-post-excerpt\">\n\t\t\t\t\t<p>Der Astronaut war ins All geflogen, um neuen Lebensraum zu finden, f\u00fcr den Menschen in seiner Einzigartigkeit war das ein schweres Unterfangen. Der interstellare Antrieb seines Life Explorers war ann\u00e4hernd so schnell wie das Licht. Schlie\u00dflich, nach vielen Jahren ganz alleine unter den Sternen, stie\u00df er auf einen Planeten mit erd\u00e4hnlicher Masse, vergleichbarer Sonneneinstrahlung, fast [&hellip;]<\/p>\n\t\t\t\t<\/div>\n\n\t\t\t\t\t\t\t\t\t<a href=\"https:\/\/www.verdichtet.at\/?p=16013#respond\" class=\"su-post-comments-link\">0 Kommentare<\/a>\n\t\t\t\t\n\t\t\t<\/div>\n\n\t\t\t\t\t\n\t\t\t\n\t\t\t<div id=\"su-post-15897\" class=\"su-post \">\n\n\t\t\t\t\n\t\t\t\t<h2 class=\"su-post-title\"><a href=\"https:\/\/www.verdichtet.at\/?p=15897\">Heimat<\/a><\/h2>\n\n\t\t\t\t<div class=\"su-post-meta\">\n\t\t\t\t\tVer\u00f6ffentlicht: 11. Mai 2023\t\t\t\t<\/div>\n\n\t\t\t\t<div class=\"su-post-excerpt\">\n\t\t\t\t\t<p>Heimat gefunden im dunklen Fluss, ein Flo\u00df gebaut, darauf zu d\u00fcmpeln, wenn mir nach Sonne war. Und mir war, mir war danach so oft, im dunklen Fluss, den ich liebte. Heimat gefunden und doch &#8211; ein Flo\u00df gebaut. Der Sonne entgegen. Annette van den Bergh paganinisberlin.net www.verdichtet.at | Kategorie:\u00a0\u00bfQu\u00e9 ser\u00e1, ser\u00e1? | Inventarnummer: 23106<\/p>\n\t\t\t\t<\/div>\n\n\t\t\t\t\t\t\t\t\t<a href=\"https:\/\/www.verdichtet.at\/?p=15897#comments\" class=\"su-post-comments-link\">2 comments<\/a>\n\t\t\t\t\n\t\t\t<\/div>\n\n\t\t\t\t\t\n\t\t\t\n\t\t\t<div id=\"su-post-15894\" class=\"su-post \">\n\n\t\t\t\t\n\t\t\t\t<h2 class=\"su-post-title\"><a href=\"https:\/\/www.verdichtet.at\/?p=15894\">Balancieren<\/a><\/h2>\n\n\t\t\t\t<div class=\"su-post-meta\">\n\t\t\t\t\tVer\u00f6ffentlicht: 11. Mai 2023\t\t\t\t<\/div>\n\n\t\t\t\t<div class=\"su-post-excerpt\">\n\t\t\t\t\t<p>Balancieren auf einer Rasierklinge. Messerscharf unter den F\u00fc\u00dfen. Zucken, mit jedem Schritt. Z\u00f6gern, da niemand wei\u00df, wie das gut enden kann &#8230; Annette van den Bergh paganinisberlin.net www.verdichtet.at | Kategorie:\u00a0\u00bfQu\u00e9 ser\u00e1, ser\u00e1? | Inventarnummer: 23105<\/p>\n\t\t\t\t<\/div>\n\n\t\t\t\t\t\t\t\t\t<a href=\"https:\/\/www.verdichtet.at\/?p=15894#respond\" class=\"su-post-comments-link\">0 Kommentare<\/a>\n\t\t\t\t\n\t\t\t<\/div>\n\n\t\t\t\t\t\n\t\t\t\n\t\t\t<div id=\"su-post-15266\" class=\"su-post \">\n\n\t\t\t\t\n\t\t\t\t<h2 class=\"su-post-title\"><a href=\"https:\/\/www.verdichtet.at\/?p=15266\">Onkel Gerhard<\/a><\/h2>\n\n\t\t\t\t<div class=\"su-post-meta\">\n\t\t\t\t\tVer\u00f6ffentlicht: 25. Januar 2023\t\t\t\t<\/div>\n\n\t\t\t\t<div class=\"su-post-excerpt\">\n\t\t\t\t\t<p>Du warst so ein nettes Kind. Wir haben oft gemeinsam gespielt, kannst du dich noch erinnern? Nein, ich denke nicht. Oder es ist dir egal. Was ist nur aus dir geworden? Ein Prolet, unfreundlich und bedrohlich. Gingst auf mich zu, und ich musste dir ausweichen. Sch\u00e4m dich! Nicht einmal zu meinem Begr\u00e4bnis bist du gekommen. [&hellip;]<\/p>\n\t\t\t\t<\/div>\n\n\t\t\t\t\t\t\t\t\t<a href=\"https:\/\/www.verdichtet.at\/?p=15266#respond\" class=\"su-post-comments-link\">0 Kommentare<\/a>\n\t\t\t\t\n\t\t\t<\/div>\n\n\t\t\t\t\t\n\t\t\t\n\t\t\t<div id=\"su-post-15261\" class=\"su-post \">\n\n\t\t\t\t\n\t\t\t\t<h2 class=\"su-post-title\"><a href=\"https:\/\/www.verdichtet.at\/?p=15261\">zeitlos<\/a><\/h2>\n\n\t\t\t\t<div class=\"su-post-meta\">\n\t\t\t\t\tVer\u00f6ffentlicht: 25. Januar 2023\t\t\t\t<\/div>\n\n\t\t\t\t<div class=\"su-post-excerpt\">\n\t\t\t\t\t<p>Die Zeit hat sich vom Raum gel\u00f6st. Den Raum kann man nicht abschaffen, aber es gibt keine Zeit mehr. \u201eWann?\u201c ist ein unbekanntes Wort geworden, ebenso wie niemand eine Vergangenheit, die Gegenwart und die Zukunft kennt. Alles vergessen in dem Moment, in dem die Zeit aufh\u00f6rte zu existieren. Johannes Tosin (Text und Foto) www.verdichtet.at |\u00a0Kategorie:\u00a0\u00bfQu\u00e9 [&hellip;]<\/p>\n\t\t\t\t<\/div>\n\n\t\t\t\t\t\t\t\t\t<a href=\"https:\/\/www.verdichtet.at\/?p=15261#respond\" class=\"su-post-comments-link\">0 Kommentare<\/a>\n\t\t\t\t\n\t\t\t<\/div>\n\n\t\t\t\t\t\n\t\t\t\n\t\t\t<div id=\"su-post-15288\" class=\"su-post \">\n\n\t\t\t\t\n\t\t\t\t<h2 class=\"su-post-title\"><a href=\"https:\/\/www.verdichtet.at\/?p=15288\">Chorus 2023<\/a><\/h2>\n\n\t\t\t\t<div class=\"su-post-meta\">\n\t\t\t\t\tVer\u00f6ffentlicht: 25. Januar 2023\t\t\t\t<\/div>\n\n\t\t\t\t<div class=\"su-post-excerpt\">\n\t\t\t\t\t<p>Ich wollte einst zu euch dr\u00e4ngen Mit all meiner Kapazit\u00e4t Und jetzt, da die Zeilen sich engen Da merk ich, es ist zu sp\u00e4t Nichts gilt mehr, was einst gegolten Nur noch der M\u00e4chtigen Wort Das, was wir einst so sehr wollten Ist abgewendet und fort Wir wollten die Welt doch singen Wider alle Vernunft [&hellip;]<\/p>\n\t\t\t\t<\/div>\n\n\t\t\t\t\t\t\t\t\t<a href=\"https:\/\/www.verdichtet.at\/?p=15288#respond\" class=\"su-post-comments-link\">0 Kommentare<\/a>\n\t\t\t\t\n\t\t\t<\/div>\n\n\t\t\t\t\t\n\t\t\t\n\t\t\t<div id=\"su-post-15144\" class=\"su-post \">\n\n\t\t\t\t\n\t\t\t\t<h2 class=\"su-post-title\"><a href=\"https:\/\/www.verdichtet.at\/?p=15144\">Palmstr\u00f6m \u00fcber das Jahr 2022<\/a><\/h2>\n\n\t\t\t\t<div class=\"su-post-meta\">\n\t\t\t\t\tVer\u00f6ffentlicht: 22. Dezember 2022\t\t\t\t<\/div>\n\n\t\t\t\t<div class=\"su-post-excerpt\">\n\t\t\t\t\t<p>Und man fragt sich, was das war Dieses zweifelhafte Jahr Zweifelhaft, ja sicherlich! Verzwiefacht doch der Zweier sich Immer wenn ich\u2019s niederschreibe Nach der blanken Nuller-Scheibe Drei Zweier stehen also da Wo vorher doch nur einer war Nichtige Vertripelung Die da dem reinen Nichts entsprung Weder hat das Recht noch Fug Ich sag\u2019s: Dies ist [&hellip;]<\/p>\n\t\t\t\t<\/div>\n\n\t\t\t\t\t\t\t\t\t<a href=\"https:\/\/www.verdichtet.at\/?p=15144#respond\" class=\"su-post-comments-link\">0 Kommentare<\/a>\n\t\t\t\t\n\t\t\t<\/div>\n\n\t\t\t\t\t\n\t\t\t\n\t\t\t<div id=\"su-post-14852\" class=\"su-post \">\n\n\t\t\t\t\n\t\t\t\t<h2 class=\"su-post-title\"><a href=\"https:\/\/www.verdichtet.at\/?p=14852\">Meine K\u00f6nigin<\/a><\/h2>\n\n\t\t\t\t<div class=\"su-post-meta\">\n\t\t\t\t\tVer\u00f6ffentlicht: 1. November 2022\t\t\t\t<\/div>\n\n\t\t\t\t<div class=\"su-post-excerpt\">\n\t\t\t\t\t<p>Ich bin der Richtige f\u00fcr dich, Baby. Lass mich es dir beweisen. Du wirst meine K\u00f6nigin sein. Hundertzwanzig Lakaien werden dich bedienen. Dir wird es an nichts mangeln. Und du wirst dir nichts mehr w\u00fcnschen, weil du schon alles hast. Johannes Tosin (Text und Foto) www.verdichtet.at |\u00a0Kategorie:\u00a0\u00bfQu\u00e9 ser\u00e1, ser\u00e1? | Inventarnummer: 22132<\/p>\n\t\t\t\t<\/div>\n\n\t\t\t\t\t\t\t\t\t<a href=\"https:\/\/www.verdichtet.at\/?p=14852#respond\" class=\"su-post-comments-link\">0 Kommentare<\/a>\n\t\t\t\t\n\t\t\t<\/div>\n\n\t\t\t\t\t\n\t\t\t\n\t\t\t<div id=\"su-post-14303\" class=\"su-post \">\n\n\t\t\t\t\n\t\t\t\t<h2 class=\"su-post-title\"><a href=\"https:\/\/www.verdichtet.at\/?p=14303\">Der letzte Mensch<\/a><\/h2>\n\n\t\t\t\t<div class=\"su-post-meta\">\n\t\t\t\t\tVer\u00f6ffentlicht: 8. Juli 2022\t\t\t\t<\/div>\n\n\t\t\t\t<div class=\"su-post-excerpt\">\n\t\t\t\t\t<p>Und dann war er ganz allein Der letzte Mensch. Niemand au\u00dfer ihm. Wenn er schreit, h\u00f6ren ihn nur Tiere. Und Gott?, ist hier das Paradies? Dann k\u00f6nnte er Gott um eine Gef\u00e4hrtin bitten. F\u00fcr eine seiner Rippen, das ist ein guter Preis. Aber nein, ganz und gar nicht ist er hier im Paradies. Er ist [&hellip;]<\/p>\n\t\t\t\t<\/div>\n\n\t\t\t\t\t\t\t\t\t<a href=\"https:\/\/www.verdichtet.at\/?p=14303#respond\" class=\"su-post-comments-link\">0 Kommentare<\/a>\n\t\t\t\t\n\t\t\t<\/div>\n\n\t\t\t\t\t\n\t\t\t\n\t\t\t<div id=\"su-post-14150\" class=\"su-post \">\n\n\t\t\t\t\n\t\t\t\t<h2 class=\"su-post-title\"><a href=\"https:\/\/www.verdichtet.at\/?p=14150\">Lara erz\u00e4hlt<\/a><\/h2>\n\n\t\t\t\t<div class=\"su-post-meta\">\n\t\t\t\t\tVer\u00f6ffentlicht: 25. Mai 2022\t\t\t\t<\/div>\n\n\t\t\t\t<div class=\"su-post-excerpt\">\n\t\t\t\t\t<p>Warum ich keine Beachtung mehr finde, wei\u00df ich wirklich nicht. Ich bin ganz die Alte, zuverl\u00e4ssig, bin da f\u00fcr sie, halte zusammen, was geht; das sind meine Kernaufgaben, mehr kann sie doch nicht verlangen von mir. Ob ich ihr einfach nicht mehr gefalle? Aber vielleicht liegt es auch an was anderem, f\u00fcr das ich nichts [&hellip;]<\/p>\n\t\t\t\t<\/div>\n\n\t\t\t\t\t\t\t\t\t<a href=\"https:\/\/www.verdichtet.at\/?p=14150#respond\" class=\"su-post-comments-link\">0 Kommentare<\/a>\n\t\t\t\t\n\t\t\t<\/div>\n\n\t\t\t\t\t\n\t\t\t\n\t\t\t<div id=\"su-post-13758\" class=\"su-post \">\n\n\t\t\t\t\n\t\t\t\t<h2 class=\"su-post-title\"><a href=\"https:\/\/www.verdichtet.at\/?p=13758\">Gestern, heute, morgen: Sonntag<\/a><\/h2>\n\n\t\t\t\t<div class=\"su-post-meta\">\n\t\t\t\t\tVer\u00f6ffentlicht: 1. Februar 2022\t\t\t\t<\/div>\n\n\t\t\t\t<div class=\"su-post-excerpt\">\n\t\t\t\t\t<p>Sonntags wird am Stammtisch p\u00fcnktlich mit dem Zw\u00f6lfuhrl\u00e4uten der letzte Rest Bierschaum eilig hinuntergekippt. Die St\u00fchle werden \u00fcber den knarzenden Holzboden zur\u00fcckgeschoben, die Jacken angezogen und tiefe M\u00e4nnerstimmen lachen noch \u00fcber einen schnell hingeworfenen Witz, egal ob anz\u00fcglich oder nicht. Die Zeche beim Wirt wird jetzt bezahlt oder auch erst zum Monatsletzten \u2013 die Frau [&hellip;]<\/p>\n\t\t\t\t<\/div>\n\n\t\t\t\t\t\t\t\t\t<a href=\"https:\/\/www.verdichtet.at\/?p=13758#comments\" class=\"su-post-comments-link\">Ein Kommentar<\/a>\n\t\t\t\t\n\t\t\t<\/div>\n\n\t\t\t\t\t\n\t\t\t\n\t\t\t<div id=\"su-post-3925\" class=\"su-post \">\n\n\t\t\t\t\n\t\t\t\t<h2 class=\"su-post-title\"><a href=\"https:\/\/www.verdichtet.at\/?p=3925\">Zwischen Welten<\/a><\/h2>\n\n\t\t\t\t<div class=\"su-post-meta\">\n\t\t\t\t\tVer\u00f6ffentlicht: 10. Januar 2016\t\t\t\t<\/div>\n\n\t\t\t\t<div class=\"su-post-excerpt\">\n\t\t\t\t\t<p>\u201eNochmal, Petra nochmal!\u201c Der Ruf des Ausbildners und Verantwortlichen schallte durch den hohen Raum, brach sich an den schmucklosen W\u00e4nden, lie\u00df alle anderen auf sie starren. Man sah es ihnen an: Sie waren froh, dass nicht der eigene Name gefallen war, wie ein Urteil, hart, harsch, fordernd, keine Widerrede duldend. Sie setzte sich mit gesenktem [&hellip;]<\/p>\n\t\t\t\t<\/div>\n\n\t\t\t\t\t\t\t\t\t<a href=\"https:\/\/www.verdichtet.at\/?p=3925#respond\" class=\"su-post-comments-link\">0 Kommentare<\/a>\n\t\t\t\t\n\t\t\t<\/div>\n\n\t\t\t\t\t\n\t\t\t\n\t\t\t<div id=\"su-post-13686\" class=\"su-post \">\n\n\t\t\t\t\n\t\t\t\t<h2 class=\"su-post-title\"><a href=\"https:\/\/www.verdichtet.at\/?p=13686\">Urauff\u00fchrung<\/a><\/h2>\n\n\t\t\t\t<div class=\"su-post-meta\">\n\t\t\t\t\tVer\u00f6ffentlicht: 18. Januar 2022\t\t\t\t<\/div>\n\n\t\t\t\t<div class=\"su-post-excerpt\">\n\t\t\t\t\t<p>Vorher war alles normal Dass ich nicht lache Und nie laut. Vorher waren Tr\u00e4nen echt Egal ob gepresst, unterdr\u00fcckt Oder aus dem Luxus gesogen. Vorher war nur das R\u00fctteln daran Die sinnlosen Diskussionen, Das am Absatz Umdrehen und Gehen. Vorher wussten doch alle was davon Was es bedeutet, Was ein Danach bewirkt. Vorher war alles [&hellip;]<\/p>\n\t\t\t\t<\/div>\n\n\t\t\t\t\t\t\t\t\t<a href=\"https:\/\/www.verdichtet.at\/?p=13686#respond\" class=\"su-post-comments-link\">0 Kommentare<\/a>\n\t\t\t\t\n\t\t\t<\/div>\n\n\t\t\t\t\t\n\t\t\t\n\t\t\t<div id=\"su-post-13667\" class=\"su-post \">\n\n\t\t\t\t\n\t\t\t\t<h2 class=\"su-post-title\"><a href=\"https:\/\/www.verdichtet.at\/?p=13667\">Nein danke<\/a><\/h2>\n\n\t\t\t\t<div class=\"su-post-meta\">\n\t\t\t\t\tVer\u00f6ffentlicht: 18. Januar 2022\t\t\t\t<\/div>\n\n\t\t\t\t<div class=\"su-post-excerpt\">\n\t\t\t\t\t<p>Im B\u00fcro 042 sitzt ein glatzk\u00f6pfiger Mann hinter einem minimalistischen Schreibtisch und schaut mich verdutzt an. Alles hier ist minimalistisch: das Geb\u00e4ude, die Ausstattung des B\u00fcros und sogar die Haare auf seinem Kopf. Es geht darum, mein Handy abzugeben. Ich will es nicht mehr. Schon seit drei Monaten nicht. Nach zahlreichen Mails, Digital Calls in [&hellip;]<\/p>\n\t\t\t\t<\/div>\n\n\t\t\t\t\t\t\t\t\t<a href=\"https:\/\/www.verdichtet.at\/?p=13667#comments\" class=\"su-post-comments-link\">Ein Kommentar<\/a>\n\t\t\t\t\n\t\t\t<\/div>\n\n\t\t\t\t\t\n\t\t\t\n\t\t\t<div id=\"su-post-13568\" class=\"su-post \">\n\n\t\t\t\t\n\t\t\t\t<h2 class=\"su-post-title\"><a href=\"https:\/\/www.verdichtet.at\/?p=13568\">Giuseppe nel cielo<\/a><\/h2>\n\n\t\t\t\t<div class=\"su-post-meta\">\n\t\t\t\t\tVer\u00f6ffentlicht: 26. Dezember 2021\t\t\t\t<\/div>\n\n\t\t\t\t<div class=\"su-post-excerpt\">\n\t\t\t\t\t<p>Giuseppe \u201eSepp\u201c Forcher moderiert nun \u201eKlingendes \u00d6sterreich\u201c im Himmel. Gleich zu Beginn der ersten Sendung spricht er ein dort grassierendes Problem an: \u201eLiabe Leit, manche Engel behaupten, dass die Wolke Nummer sieben weicher ist. Das sind nat\u00fcrlich jene Engel, die auf anderen Wolken wohnen. Ich will nicht von \u201ab\u00f6sen Zungen\u2019 sprechen, weil Engel ja nie [&hellip;]<\/p>\n\t\t\t\t<\/div>\n\n\t\t\t\t\t\t\t\t\t<a href=\"https:\/\/www.verdichtet.at\/?p=13568#respond\" class=\"su-post-comments-link\">0 Kommentare<\/a>\n\t\t\t\t\n\t\t\t<\/div>\n\n\t\t\t\t\t\n\t\t\t\n\t\t\t<div id=\"su-post-13297\" class=\"su-post \">\n\n\t\t\t\t\n\t\t\t\t<h2 class=\"su-post-title\"><a href=\"https:\/\/www.verdichtet.at\/?p=13297\">Alphanumerische Zeichen<\/a><\/h2>\n\n\t\t\t\t<div class=\"su-post-meta\">\n\t\t\t\t\tVer\u00f6ffentlicht: 22. Oktober 2021\t\t\t\t<\/div>\n\n\t\t\t\t<div class=\"su-post-excerpt\">\n\t\t\t\t\t<p>Zahlen und Buchstaben laufen in Bl\u00f6cken \u00fcber den Bildschirm. Keine Bilder mehr, was aber nur f\u00fcr die menschliche Aufl\u00f6sung gilt. Computer lesen die alphanumerischen Zeichen als Bilder. Aber was soll das? Die Computer bekommen die ganze Information, und wir Menschen nichts mehr. Sollen wir Menschen abgeschafft werden? Logischerweise ja. Johannes Tosin (Text und Foto) www.verdichtet.at [&hellip;]<\/p>\n\t\t\t\t<\/div>\n\n\t\t\t\t\t\t\t\t\t<a href=\"https:\/\/www.verdichtet.at\/?p=13297#respond\" class=\"su-post-comments-link\">0 Kommentare<\/a>\n\t\t\t\t\n\t\t\t<\/div>\n\n\t\t\t\t\t\n\t\t\t\n\t\t\t<div id=\"su-post-12398\" class=\"su-post \">\n\n\t\t\t\t\n\t\t\t\t<h2 class=\"su-post-title\"><a href=\"https:\/\/www.verdichtet.at\/?p=12398\">Pause<\/a><\/h2>\n\n\t\t\t\t<div class=\"su-post-meta\">\n\t\t\t\t\tVer\u00f6ffentlicht: 10. Februar 2021\t\t\t\t<\/div>\n\n\t\t\t\t<div class=\"su-post-excerpt\">\n\t\t\t\t\t<p>Kein Ger\u00e4usch. Wie unwirklich! Ich h\u00e4nge in einer Zeitschleife, um 13:29:47 Uhr. Deshalb auch keine Bewegung hinter dem Fenster. Wie in einem angehaltenen Film. Wer dr\u00fcckt PLAY f\u00fcr mich? Johannes Tosin (Text und Foto) www.verdichtet.at |\u00a0Kategorie:\u00a0\u00bfQu\u00e9 ser\u00e1, ser\u00e1? | Inventarnummer: 21037<\/p>\n\t\t\t\t<\/div>\n\n\t\t\t\t\t\t\t\t\t<a href=\"https:\/\/www.verdichtet.at\/?p=12398#respond\" class=\"su-post-comments-link\">0 Kommentare<\/a>\n\t\t\t\t\n\t\t\t<\/div>\n\n\t\t\t\t\t\n\t\t\t\n\t\t\t<div id=\"su-post-12762\" class=\"su-post \">\n\n\t\t\t\t\n\t\t\t\t<h2 class=\"su-post-title\"><a href=\"https:\/\/www.verdichtet.at\/?p=12762\">Ein Notizblock in meiner Jeansjacke<\/a><\/h2>\n\n\t\t\t\t<div class=\"su-post-meta\">\n\t\t\t\t\tVer\u00f6ffentlicht: 12. Mai 2021\t\t\t\t<\/div>\n\n\t\t\t\t<div class=\"su-post-excerpt\">\n\t\t\t\t\t<p>Hier Es sind Erfahrungen, die man nur in der Silvesternacht hat: Im Fernsehen laufen alte Kom\u00f6dien und du findest das reichlich am\u00fcsant. Auch wenn du dir im Rest des Jahres diese Filme nicht anschauen w\u00fcrdest, jedenfalls nicht mit Genuss, erheitern dich solche Filme am Jahreswechsel ungemein. Genauso die Unmengen an Chips, Erdn\u00fcssen und Bier, die [&hellip;]<\/p>\n\t\t\t\t<\/div>\n\n\t\t\t\t\t\t\t\t\t<a href=\"https:\/\/www.verdichtet.at\/?p=12762#respond\" class=\"su-post-comments-link\">0 Kommentare<\/a>\n\t\t\t\t\n\t\t\t<\/div>\n\n\t\t\t\t\t\n\t\t\t\n\t\t\t<div id=\"su-post-12636\" class=\"su-post \">\n\n\t\t\t\t\n\t\t\t\t<h2 class=\"su-post-title\"><a href=\"https:\/\/www.verdichtet.at\/?p=12636\">Die zweite Chance<\/a><\/h2>\n\n\t\t\t\t<div class=\"su-post-meta\">\n\t\t\t\t\tVer\u00f6ffentlicht: 8. April 2021\t\t\t\t<\/div>\n\n\t\t\t\t<div class=\"su-post-excerpt\">\n\t\t\t\t\t<p>\u201eGr\u00fc\u00df Gott, die Fahrkarten bitte.\u201c Wo bin ich? Ich muss eingenickt sein. Klar, ich bin in einem Zug, in einem Sechserabteil, 2. Klasse, w\u00fcrde ich auf den ersten Blick sagen. Der Schaffner blickt mich an, er h\u00e4lt so ein Ger\u00e4t in der Hand, mit dem er die Fahrkarten locht. Das ist nicht die Jetztzeit, das [&hellip;]<\/p>\n\t\t\t\t<\/div>\n\n\t\t\t\t\t\t\t\t\t<a href=\"https:\/\/www.verdichtet.at\/?p=12636#respond\" class=\"su-post-comments-link\">0 Kommentare<\/a>\n\t\t\t\t\n\t\t\t<\/div>\n\n\t\t\t\t\t\n\t\t\t\n\t\t\t<div id=\"su-post-12199\" class=\"su-post \">\n\n\t\t\t\t\n\t\t\t\t<h2 class=\"su-post-title\"><a href=\"https:\/\/www.verdichtet.at\/?p=12199\">Fragen an die Nacht<\/a><\/h2>\n\n\t\t\t\t<div class=\"su-post-meta\">\n\t\t\t\t\tVer\u00f6ffentlicht: 1. Januar 2021\t\t\t\t<\/div>\n\n\t\t\t\t<div class=\"su-post-excerpt\">\n\t\t\t\t\t<p>N\u00e4chte werden k\u00fcrzer ich frage mich, wohin geht es mit mir mit dir nach Tr\u00e4umen ist mir zumute, Realit\u00e4t zu schwer, Spiele mit der Zukunft vergebens ich wei\u00df es Florian Pfeffer www.verdichtet.at |\u00a0Kategorie:\u00a0\u00bfQu\u00e9 ser\u00e1, ser\u00e1? | Inventarnummer: 21020<\/p>\n\t\t\t\t<\/div>\n\n\t\t\t\t\t\t\t\t\t<a href=\"https:\/\/www.verdichtet.at\/?p=12199#respond\" class=\"su-post-comments-link\">0 Kommentare<\/a>\n\t\t\t\t\n\t\t\t<\/div>\n\n\t\t\t\t\t\n\t\t\t\n\t\t\t<div id=\"su-post-12289\" class=\"su-post \">\n\n\t\t\t\t\n\t\t\t\t<h2 class=\"su-post-title\"><a href=\"https:\/\/www.verdichtet.at\/?p=12289\">Bahngleise<\/a><\/h2>\n\n\t\t\t\t<div class=\"su-post-meta\">\n\t\t\t\t\tVer\u00f6ffentlicht: 20. Januar 2021\t\t\t\t<\/div>\n\n\t\t\t\t<div class=\"su-post-excerpt\">\n\t\t\t\t\t<p>Petra stand alleine am Gleis, keine Seele war in ihrer N\u00e4he. Sie wollte den letzten Zug des Jahres nehmen, egal zu welchem Fahrtziel. Einfach weg, irgendwohin und ein neues Jahr beginnen. Sie kam um 23 Uhr zum Bahnhof, um sich die Abfahrten anzuschauen und ein Ticket zu kaufen. Die letzte Fahrt war ein Nachtzug nach [&hellip;]<\/p>\n\t\t\t\t<\/div>\n\n\t\t\t\t\t\t\t\t\t<a href=\"https:\/\/www.verdichtet.at\/?p=12289#respond\" class=\"su-post-comments-link\">0 Kommentare<\/a>\n\t\t\t\t\n\t\t\t<\/div>\n\n\t\t\t\t\t\n\t\t\t\n\t\t\t<div id=\"su-post-12185\" class=\"su-post \">\n\n\t\t\t\t\n\t\t\t\t<h2 class=\"su-post-title\"><a href=\"https:\/\/www.verdichtet.at\/?p=12185\">Flow<\/a><\/h2>\n\n\t\t\t\t<div class=\"su-post-meta\">\n\t\t\t\t\tVer\u00f6ffentlicht: 1. Januar 2021\t\t\t\t<\/div>\n\n\t\t\t\t<div class=\"su-post-excerpt\">\n\t\t\t\t\t<p>Der Tag zieht zu schnell vorbei eine neue Funktion am Smartphone erinnert mich wie viel Zeit ich andauernd verliere Einen Arbeitstag was f\u00fcr ein Durchschnitt Ich pr\u00fcfe Symptome surfe nach Lexika Chemische Namen Viele interessante Nachrichten ich finde mich in meiner Cloud Musikbibliothek nicht zurecht Im Hintergrund &#8230;&#8230;&#8230;&#8230;&#8230;&#8230;&#8230;&#8230;.bing, &#8230;&#8230;&#8230;&#8230;&#8230;&#8230;&#8230;&#8230;&#8230;&#8230;..bing Du bist auch noch da liebste [&hellip;]<\/p>\n\t\t\t\t<\/div>\n\n\t\t\t\t\t\t\t\t\t<a href=\"https:\/\/www.verdichtet.at\/?p=12185#respond\" class=\"su-post-comments-link\">0 Kommentare<\/a>\n\t\t\t\t\n\t\t\t<\/div>\n\n\t\t\t\t\t\n\t\t\t\n\t\t\t<div id=\"su-post-11944\" class=\"su-post \">\n\n\t\t\t\t\n\t\t\t\t<h2 class=\"su-post-title\"><a href=\"https:\/\/www.verdichtet.at\/?p=11944\">Sonnentanz<\/a><\/h2>\n\n\t\t\t\t<div class=\"su-post-meta\">\n\t\t\t\t\tVer\u00f6ffentlicht: 13. November 2020\t\t\t\t<\/div>\n\n\t\t\t\t<div class=\"su-post-excerpt\">\n\t\t\t\t\t<p>In staubigen Mokassins betrat Pa-Akanti den gro\u00dfen Platz, der sich kreisrund inmitten der zahlreich angeordneten Tipis seines Stammesvolkes bildete. Vor der Lagerfeuerstelle machte er Halt. Die langen schwarzen Haare hingen windzerzaust \u00fcber seinen R\u00fccken, die reichverzierte Lederkleidung wirkte etwas mitgenommen. Der Schamane des Kiowa-Stammes mit dem bedeutenden Namen \u201eSt\u00fcrmischer Stier\u201c war ein imposanter Mann mittleren [&hellip;]<\/p>\n\t\t\t\t<\/div>\n\n\t\t\t\t\t\t\t\t\t<a href=\"https:\/\/www.verdichtet.at\/?p=11944#respond\" class=\"su-post-comments-link\">0 Kommentare<\/a>\n\t\t\t\t\n\t\t\t<\/div>\n\n\t\t\t\t\t\n\t\t\t\n\t\t\t<div id=\"su-post-11967\" class=\"su-post \">\n\n\t\t\t\t\n\t\t\t\t<h2 class=\"su-post-title\"><a href=\"https:\/\/www.verdichtet.at\/?p=11967\">19<\/a><\/h2>\n\n\t\t\t\t<div class=\"su-post-meta\">\n\t\t\t\t\tVer\u00f6ffentlicht: 24. November 2020\t\t\t\t<\/div>\n\n\t\t\t\t<div class=\"su-post-excerpt\">\n\t\t\t\t\t<p>Ich bin die Nummer 19. An den Klingelschildern in meinem Wohnblock stehen anstelle der Namen Nummern. Meines Wissens ist das \u00fcberall so. In meinem Fall ist aus Jaroslav Bremak die 19 geworden. Will jemand zu mir, muss er vorher meine Nummer kennen. Es funktioniert solcherart, dass automatisch eine synthetische Stimme \u00fcber die Gegensprechanlage fragt, wen [&hellip;]<\/p>\n\t\t\t\t<\/div>\n\n\t\t\t\t\t\t\t\t\t<a href=\"https:\/\/www.verdichtet.at\/?p=11967#respond\" class=\"su-post-comments-link\">0 Kommentare<\/a>\n\t\t\t\t\n\t\t\t<\/div>\n\n\t\t\t\t\t\n\t\t\t\n\t\t\t<div id=\"su-post-11192\" class=\"su-post \">\n\n\t\t\t\t\n\t\t\t\t<h2 class=\"su-post-title\"><a href=\"https:\/\/www.verdichtet.at\/?p=11192\">Die Menschmaschine<\/a><\/h2>\n\n\t\t\t\t<div class=\"su-post-meta\">\n\t\t\t\t\tVer\u00f6ffentlicht: 18. April 2020\t\t\t\t<\/div>\n\n\t\t\t\t<div class=\"su-post-excerpt\">\n\t\t\t\t\t<p>Ich verbinde mich mit elektronischen Schaltkreisen. Ich erweitere meine Erinnerungen durch drei Festplatten. Ich lasse mir die Gliedma\u00dfen amputieren und mir daf\u00fcr High-Tech-Prothesen einsetzen. Aber durch all diese Ma\u00dfnahmen bin ich nicht besser geworden, sondern sogar schlechter. Ich denke einfach, ich bewege mich plump, ich kann viele Erinnerungen zeitlich und situativ nicht einordnen. Es hat [&hellip;]<\/p>\n\t\t\t\t<\/div>\n\n\t\t\t\t\t\t\t\t\t<a href=\"https:\/\/www.verdichtet.at\/?p=11192#respond\" class=\"su-post-comments-link\">0 Kommentare<\/a>\n\t\t\t\t\n\t\t\t<\/div>\n\n\t\t\t\t\t\n\t\t\t\n\t\t\t<div id=\"su-post-11024\" class=\"su-post \">\n\n\t\t\t\t\n\t\t\t\t<h2 class=\"su-post-title\"><a href=\"https:\/\/www.verdichtet.at\/?p=11024\">Weltende<\/a><\/h2>\n\n\t\t\t\t<div class=\"su-post-meta\">\n\t\t\t\t\tVer\u00f6ffentlicht: 29. M\u00e4rz 2020\t\t\t\t<\/div>\n\n\t\t\t\t<div class=\"su-post-excerpt\">\n\t\t\t\t\t<p>Dem B\u00fcrger fliegt vom spitzen Kopf der Hut, In allen L\u00fcften hallt es wie Geschrei. Dachdecker st\u00fcrzen ab und gehn entzwei Und an den K\u00fcsten \u2013 liest man \u2013 steigt die Flut. Der Sturm ist da, die wilden Meere hupfen An Land, um dicke D\u00e4mme zu zerdr\u00fccken. Die meisten Menschen haben einen Schnupfen. Die Eisenbahnen [&hellip;]<\/p>\n\t\t\t\t<\/div>\n\n\t\t\t\t\t\t\t\t\t<a href=\"https:\/\/www.verdichtet.at\/?p=11024#respond\" class=\"su-post-comments-link\">0 Kommentare<\/a>\n\t\t\t\t\n\t\t\t<\/div>\n\n\t\t\t\t\t\n\t\t\t\n\t\t\t<div id=\"su-post-10692\" class=\"su-post \">\n\n\t\t\t\t\n\t\t\t\t<h2 class=\"su-post-title\"><a href=\"https:\/\/www.verdichtet.at\/?p=10692\">Going Back in Time<\/a><\/h2>\n\n\t\t\t\t<div class=\"su-post-meta\">\n\t\t\t\t\tVer\u00f6ffentlicht: 4. Januar 2020\t\t\t\t<\/div>\n\n\t\t\t\t<div class=\"su-post-excerpt\">\n\t\t\t\t\t<p>Meine Zeit l\u00e4uft r\u00fcckw\u00e4rts. Deshalb muss ich nicht anfangen, sondern beenden, damit ich nach einiger Zeit damit beginnen kann. Daher ist morgen f\u00fcr mich gestern. Immer wird dabei meine am weitesten reichende Erinnerung gel\u00f6scht, sodass ich am 21. Dezember nicht wei\u00df, dass zuvor der 22. Dezember war. Ich wei\u00df auch nie, wie es weitergeht, obwohl [&hellip;]<\/p>\n\t\t\t\t<\/div>\n\n\t\t\t\t\t\t\t\t\t<a href=\"https:\/\/www.verdichtet.at\/?p=10692#respond\" class=\"su-post-comments-link\">0 Kommentare<\/a>\n\t\t\t\t\n\t\t\t<\/div>\n\n\t\t\t\t\t\n\t\t\t\n\t\t\t<div id=\"su-post-10831\" class=\"su-post \">\n\n\t\t\t\t\n\t\t\t\t<h2 class=\"su-post-title\"><a href=\"https:\/\/www.verdichtet.at\/?p=10831\">Kapit\u00e4n<\/a><\/h2>\n\n\t\t\t\t<div class=\"su-post-meta\">\n\t\t\t\t\tVer\u00f6ffentlicht: 16. Februar 2020\t\t\t\t<\/div>\n\n\t\t\t\t<div class=\"su-post-excerpt\">\n\t\t\t\t\t<p>Ich sehe aus keinem Fenster. Fenster w\u00fcrden das Konstrukt des Raumschiffes schw\u00e4chen. Ich sehe die Filme der Au\u00dfenkameras \u00fcber verschiedene Bildschirme. Nirgendwo da drau\u00dfen ist Leben, und die Erde liegt Generationen hinter mir. Das Schiff fliegt autonom. Ich bin der Kapit\u00e4n und einziger Passagier. 87 Jahre und 216 Tage lag ich im K\u00e4lteschlaf. Vor sechs [&hellip;]<\/p>\n\t\t\t\t<\/div>\n\n\t\t\t\t\t\t\t\t\t<a href=\"https:\/\/www.verdichtet.at\/?p=10831#respond\" class=\"su-post-comments-link\">0 Kommentare<\/a>\n\t\t\t\t\n\t\t\t<\/div>\n\n\t\t\t\t\t\n\t\t\t\n\t\t\t<div id=\"su-post-10744\" class=\"su-post \">\n\n\t\t\t\t\n\t\t\t\t<h2 class=\"su-post-title\"><a href=\"https:\/\/www.verdichtet.at\/?p=10744\">Signalwelt<\/a><\/h2>\n\n\t\t\t\t<div class=\"su-post-meta\">\n\t\t\t\t\tVer\u00f6ffentlicht: 21. Januar 2020\t\t\t\t<\/div>\n\n\t\t\t\t<div class=\"su-post-excerpt\">\n\t\t\t\t\t<p>Was sollte das sein, die \u201eRuf- und Standortdatenr\u00fcckfassung\u201c? Na was denn wohl? Dein Smartphone ersetzt den auf deinen Kopf geschraubten Peilsender, und es liefert nicht nur deine Position, sondern auch deine gefunkte Kommunikation mit dazu, wusste Zapp. Ich lasse mich ja sogar freiwillig darauf ein, meine Freunde sollen wissen, wo ich unterwegs bin. Und ich [&hellip;]<\/p>\n\t\t\t\t<\/div>\n\n\t\t\t\t\t\t\t\t\t<a href=\"https:\/\/www.verdichtet.at\/?p=10744#respond\" class=\"su-post-comments-link\">0 Kommentare<\/a>\n\t\t\t\t\n\t\t\t<\/div>\n\n\t\t\t\t\t\n\t\t\t\n\t\t\t<div id=\"su-post-10511\" class=\"su-post \">\n\n\t\t\t\t\n\t\t\t\t<h2 class=\"su-post-title\"><a href=\"https:\/\/www.verdichtet.at\/?p=10511\">The Sick Earth<\/a><\/h2>\n\n\t\t\t\t<div class=\"su-post-meta\">\n\t\t\t\t\tVer\u00f6ffentlicht: 28. November 2019\t\t\t\t<\/div>\n\n\t\t\t\t<div class=\"su-post-excerpt\">\n\t\t\t\t\t<p>Die Erde liegt krank darnieder, zu viele Verletzungen \u00fcber die ganzen Jahre. Sie f\u00fchlt sich schwach, sie f\u00fchlt sich schlecht. Ein Arzt und eine Krankenschwester behandeln sie. \u201eSeit Milliarden Jahren ist sie schon auf der Welt und wurde dabei ersch\u00f6pfter und ersch\u00f6pfter. Wie schaffte sie das nur \u00fcber so lange Zeit, ohne zusammenzubrechen?\u201c, fragt der [&hellip;]<\/p>\n\t\t\t\t<\/div>\n\n\t\t\t\t\t\t\t\t\t<a href=\"https:\/\/www.verdichtet.at\/?p=10511#respond\" class=\"su-post-comments-link\">0 Kommentare<\/a>\n\t\t\t\t\n\t\t\t<\/div>\n\n\t\t\t\t\t\n\t\t\t\n\t\t\t<div id=\"su-post-10391\" class=\"su-post \">\n\n\t\t\t\t\n\t\t\t\t<h2 class=\"su-post-title\"><a href=\"https:\/\/www.verdichtet.at\/?p=10391\">Maschinensteuer<\/a><\/h2>\n\n\t\t\t\t<div class=\"su-post-meta\">\n\t\t\t\t\tVer\u00f6ffentlicht: 20. Oktober 2019\t\t\t\t<\/div>\n\n\t\t\t\t<div class=\"su-post-excerpt\">\n\t\t\t\t\t<p>\u201eIch soll eine Maschinensteuer zahlen?\u201c, beschwert sich der Roboter. \u201eSo eine Gemeinheit! Da arbeitet man Tag und Nacht, nicht Doppelschichten oder Dreifachschichten, sondern immer, au\u00dfer wenn man gerade gewartet wird oder ein neues Programm eingespielt bekommt, kein Urlaub, null Freizeit, nicht einmal Pausen, und dann wird man daf\u00fcr bestraft! Das ist alles andere als fair.\u201c [&hellip;]<\/p>\n\t\t\t\t<\/div>\n\n\t\t\t\t\t\t\t\t\t<a href=\"https:\/\/www.verdichtet.at\/?p=10391#respond\" class=\"su-post-comments-link\">0 Kommentare<\/a>\n\t\t\t\t\n\t\t\t<\/div>\n\n\t\t\t\t\t\n\t\t\t\n\t\t\t<div id=\"su-post-10378\" class=\"su-post \">\n\n\t\t\t\t\n\t\t\t\t<h2 class=\"su-post-title\"><a href=\"https:\/\/www.verdichtet.at\/?p=10378\">Lifetime<\/a><\/h2>\n\n\t\t\t\t<div class=\"su-post-meta\">\n\t\t\t\t\tVer\u00f6ffentlicht: 13. Oktober 2019\t\t\t\t<\/div>\n\n\t\t\t\t<div class=\"su-post-excerpt\">\n\t\t\t\t\t<p>Ich habe immer viel gearbeitet, und ich habe immer gut gearbeitet. Als ich vierunddrei\u00dfig war, betrug mein Maximal zu erreichendes Lebensalter hundertacht Jahre. An so eine Zahl kommt kaum jemand heran, soviel ich wei\u00df. Dieses Maximal zu erreichende Lebensalter ist die privateste Information, die es gibt. Ihre wahre Zahl gibt praktisch niemand preis. Es ist [&hellip;]<\/p>\n\t\t\t\t<\/div>\n\n\t\t\t\t\t\t\t\t\t<a href=\"https:\/\/www.verdichtet.at\/?p=10378#respond\" class=\"su-post-comments-link\">0 Kommentare<\/a>\n\t\t\t\t\n\t\t\t<\/div>\n\n\t\t\t\t\t\n\t\t\t\n\t\t\t<div id=\"su-post-10212\" class=\"su-post \">\n\n\t\t\t\t\n\t\t\t\t<h2 class=\"su-post-title\"><a href=\"https:\/\/www.verdichtet.at\/?p=10212\">In der Zukunft<\/a><\/h2>\n\n\t\t\t\t<div class=\"su-post-meta\">\n\t\t\t\t\tVer\u00f6ffentlicht: 24. September 2019\t\t\t\t<\/div>\n\n\t\t\t\t<div class=\"su-post-excerpt\">\n\t\t\t\t\t<p>Ich lebe in der Zukunft. Ich sitze in meiner Bude und schaue fern. Ein schei\u00df Programm \u00fcberall, wohin ich auch zappe. Da, pl\u00f6tzlich, das Bild flackert, die Gl\u00fchbirne in der Deckenlampe wird schw\u00e4cher, ratsch!, das Bild ist ausgefallen, schwarz der Fernseher. Es ist doch immer dasselbe. Der Strom ist am Ausgehen. Ich muss wieder ins [&hellip;]<\/p>\n\t\t\t\t<\/div>\n\n\t\t\t\t\t\t\t\t\t<a href=\"https:\/\/www.verdichtet.at\/?p=10212#respond\" class=\"su-post-comments-link\">0 Kommentare<\/a>\n\t\t\t\t\n\t\t\t<\/div>\n\n\t\t\t\t\t\n\t\t\t\n\t\t\t<div id=\"su-post-10002\" class=\"su-post \">\n\n\t\t\t\t\n\t\t\t\t<h2 class=\"su-post-title\"><a href=\"https:\/\/www.verdichtet.at\/?p=10002\">Gepr\u00fcft<\/a><\/h2>\n\n\t\t\t\t<div class=\"su-post-meta\">\n\t\t\t\t\tVer\u00f6ffentlicht: 5. August 2019\t\t\t\t<\/div>\n\n\t\t\t\t<div class=\"su-post-excerpt\">\n\t\t\t\t\t<p>Mikes Sauftour war ein voller Erfolg gewesen. Nachdem er sich das Stiegengel\u00e4nder hinaufgehantelt hatte, \u00f6ffnete er die Haust\u00fcr m\u00fchelos, verga\u00df diesmal auch nicht, sie wieder zu schlie\u00dfen, torkelte durch den Gang Richtung Wohnzimmer und fiel dort auf die Couch. Er dr\u00fcckte einen der bunten Kn\u00f6pfe der Fernbedienung, schlummerfreundliche Lautst\u00e4rke, so hatte er es gern, und [&hellip;]<\/p>\n\t\t\t\t<\/div>\n\n\t\t\t\t\t\t\t\t\t<a href=\"https:\/\/www.verdichtet.at\/?p=10002#respond\" class=\"su-post-comments-link\">0 Kommentare<\/a>\n\t\t\t\t\n\t\t\t<\/div>\n\n\t\t\t\t\t\n\t\t\t\n\t\t\t<div id=\"su-post-9630\" class=\"su-post \">\n\n\t\t\t\t\n\t\t\t\t<h2 class=\"su-post-title\"><a href=\"https:\/\/www.verdichtet.at\/?p=9630\">Post aus der Vergangenheit<\/a><\/h2>\n\n\t\t\t\t<div class=\"su-post-meta\">\n\t\t\t\t\tVer\u00f6ffentlicht: 5. April 2019\t\t\t\t<\/div>\n\n\t\t\t\t<div class=\"su-post-excerpt\">\n\t\t\t\t\t<p>Nach einer Idee von meinem Sohn Michael &nbsp; Mein verehrter Herr Klarm\u00fcller,\u00a0\u00a0\u00a0\u00a0\u00a0\u00a0\u00a0\u00a0\u00a0\u00a0\u00a0\u00a0\u00a0\u00a0\u00a0\u00a0 Klagenfurt, 1. September 1956 Sie kennen mich nicht, aber ich kenne Sie. Sie hei\u00dfen Robert Klarm\u00fcller, sind siebenundvierzig Jahre alt, verheiratet mit Ramona, die f\u00fcnfundvierzig Jahre z\u00e4hlt. Sie haben drei gemeinsame Kinder, Wilhelm, sechzehn Jahre alt, Marlies, f\u00fcnfzehn Jahre alt und Horst, neun [&hellip;]<\/p>\n\t\t\t\t<\/div>\n\n\t\t\t\t\t\t\t\t\t<a href=\"https:\/\/www.verdichtet.at\/?p=9630#respond\" class=\"su-post-comments-link\">0 Kommentare<\/a>\n\t\t\t\t\n\t\t\t<\/div>\n\n\t\t\t\t\t\n\t\t\t\n\t\t\t<div id=\"su-post-9368\" class=\"su-post \">\n\n\t\t\t\t\n\t\t\t\t<h2 class=\"su-post-title\"><a href=\"https:\/\/www.verdichtet.at\/?p=9368\">Die fremde Welt<\/a><\/h2>\n\n\t\t\t\t<div class=\"su-post-meta\">\n\t\t\t\t\tVer\u00f6ffentlicht: 27. Januar 2019\t\t\t\t<\/div>\n\n\t\t\t\t<div class=\"su-post-excerpt\">\n\t\t\t\t\t<p>Sie wacht auf und sofort registriert sie, dass sie nicht mehr wei\u00df, wer sie ist. Neben ihr liegt ein fremder Mann, die WC-Sp\u00fclung bet\u00e4tigt ein fremdes Kind \u2013 sie stellt erst sp\u00e4ter fest, dass es ein Kind ist. Das Schlafzimmer ist ihr unbekannt, das Haus, der Garten, die beiden Autos. Himmel, Erde, Feuer und Wasser [&hellip;]<\/p>\n\t\t\t\t<\/div>\n\n\t\t\t\t\t\t\t\t\t<a href=\"https:\/\/www.verdichtet.at\/?p=9368#respond\" class=\"su-post-comments-link\">0 Kommentare<\/a>\n\t\t\t\t\n\t\t\t<\/div>\n\n\t\t\t\t\t\n\t\t\t\n\t\t\t<div id=\"su-post-9202\" class=\"su-post \">\n\n\t\t\t\t\n\t\t\t\t<h2 class=\"su-post-title\"><a href=\"https:\/\/www.verdichtet.at\/?p=9202\">Wei\u00dfe Nahrung<\/a><\/h2>\n\n\t\t\t\t<div class=\"su-post-meta\">\n\t\t\t\t\tVer\u00f6ffentlicht: 4. Januar 2019\t\t\t\t<\/div>\n\n\t\t\t\t<div class=\"su-post-excerpt\">\n\t\t\t\t\t<p>Du schaust in das Glas, im Schrank warten sie, t\u00e4gliche wei\u00dfe Nahrung, Denn wenn uns der Hammer trifft, liegen wir unter dem Tisch, Viele Monde, ziehen vorbei, anstatt dir Ann\u00e4herungen zu machen, nur die Tauben haben im Hof Sex Florian Pfeffer www.verdichtet.at |\u00a0Kategorie:\u00a0\u00bfQu\u00e9 ser\u00e1, ser\u00e1? | Inventarnummer: 19012<\/p>\n\t\t\t\t<\/div>\n\n\t\t\t\t\t\t\t\t\t<a href=\"https:\/\/www.verdichtet.at\/?p=9202#respond\" class=\"su-post-comments-link\">0 Kommentare<\/a>\n\t\t\t\t\n\t\t\t<\/div>\n\n\t\t\t\t\t\n\t\t\t\n\t\t\t<div id=\"su-post-9140\" class=\"su-post \">\n\n\t\t\t\t\n\t\t\t\t<h2 class=\"su-post-title\"><a href=\"https:\/\/www.verdichtet.at\/?p=9140\">Pilot<\/a><\/h2>\n\n\t\t\t\t<div class=\"su-post-meta\">\n\t\t\t\t\tVer\u00f6ffentlicht: 30. Dezember 2018\t\t\t\t<\/div>\n\n\t\t\t\t<div class=\"su-post-excerpt\">\n\t\t\t\t\t<p>\u201eDu bist mein Pilot\u201c, sagt das kleine M\u00e4dchen zu ihrem kleinen Freund. Gern werd ich\u2018s sein, denkt er da, wenn du\u2018s noch willst, in zwanzig Jahr. Johannes Tosin (Text und Foto) www.verdichtet.at |\u00a0Kategorie:\u00a0\u00bfQu\u00e9 ser\u00e1, ser\u00e1? | Inventarnummer: 19005<\/p>\n\t\t\t\t<\/div>\n\n\t\t\t\t\t\t\t\t\t<a href=\"https:\/\/www.verdichtet.at\/?p=9140#respond\" class=\"su-post-comments-link\">0 Kommentare<\/a>\n\t\t\t\t\n\t\t\t<\/div>\n\n\t\t\t\t\t\n\t\t\t\n\t\t\t<div id=\"su-post-9200\" class=\"su-post \">\n\n\t\t\t\t\n\t\t\t\t<h2 class=\"su-post-title\"><a href=\"https:\/\/www.verdichtet.at\/?p=9200\">Evangelium 0101<\/a><\/h2>\n\n\t\t\t\t<div class=\"su-post-meta\">\n\t\t\t\t\tVer\u00f6ffentlicht: 4. Januar 2019\t\t\t\t<\/div>\n\n\t\t\t\t<div class=\"su-post-excerpt\">\n\t\t\t\t\t<p>Durch den Strom von Menschen, Geld, ein Motor Massenhaft und schnell, mit dem elektronischen Freund, auf den Weg zu Neuem Eine Stra\u00dfe leuchtet, k\u00fcnstlicher Regenbogen, Im gro\u00dfen Tempel versammeln sich Gl\u00e4ubige, Spendenaufruf auf elektronischen Preisschildern Ein summender Organismus verschmilzt, mit organischen Massen, Die einen programmiert, die anderen scheinen programmiert zu sein Mein Verstand hat eine [&hellip;]<\/p>\n\t\t\t\t<\/div>\n\n\t\t\t\t\t\t\t\t\t<a href=\"https:\/\/www.verdichtet.at\/?p=9200#respond\" class=\"su-post-comments-link\">0 Kommentare<\/a>\n\t\t\t\t\n\t\t\t<\/div>\n\n\t\t\t\t\t\n\t\t\t\n\t\t\t<div id=\"su-post-9102\" class=\"su-post \">\n\n\t\t\t\t\n\t\t\t\t<h2 class=\"su-post-title\"><a href=\"https:\/\/www.verdichtet.at\/?p=9102\">Die Zeit flie\u00dft<\/a><\/h2>\n\n\t\t\t\t<div class=\"su-post-meta\">\n\t\t\t\t\tVer\u00f6ffentlicht: 27. Dezember 2018\t\t\t\t<\/div>\n\n\t\t\t\t<div class=\"su-post-excerpt\">\n\t\t\t\t\t<p>Nicht Freund, nicht Feind ist die Zeit. Sie ist das, was vergeht. Wie der Fluss, der flie\u00dft. Sekunden und Liter. Die Zeit hat eine Richtung, sie ist ein Vektor. F\u00fcr uns Menschen kann sie keine Fl\u00e4che sein, oder gar ein Raum. Aber vielleicht f\u00fcr andere Wesen, falls sie existieren. Johannes Tosin (Text und Foto) www.verdichtet.at [&hellip;]<\/p>\n\t\t\t\t<\/div>\n\n\t\t\t\t\t\t\t\t\t<a href=\"https:\/\/www.verdichtet.at\/?p=9102#respond\" class=\"su-post-comments-link\">0 Kommentare<\/a>\n\t\t\t\t\n\t\t\t<\/div>\n\n\t\t\t\t\t\n\t\t\t\n\t\t\t<div id=\"su-post-9062\" class=\"su-post \">\n\n\t\t\t\t\n\t\t\t\t<h2 class=\"su-post-title\"><a href=\"https:\/\/www.verdichtet.at\/?p=9062\">Das M\u00e4dchen ist fort &#8211; Teil III<\/a><\/h2>\n\n\t\t\t\t<div class=\"su-post-meta\">\n\t\t\t\t\tVer\u00f6ffentlicht: 18. Dezember 2018\t\t\t\t<\/div>\n\n\t\t\t\t<div class=\"su-post-excerpt\">\n\t\t\t\t\t<p>Das andauernde Hupen weckte ihn auf und machte ihn w\u00fctend. Er war bereit, den Besitzer des Autos mit Blument\u00f6pfen zu bewerfen. Selbst der ruhigste Mensch w\u00fcrde die Beherrschung verlieren, wenn er so aufgeweckt wird. Saba ballte seine F\u00e4uste und schlug das Bett mehrmals, dadurch lie\u00df er die Wut raus, und er wollte niemanden mehr umbringen. [&hellip;]<\/p>\n\t\t\t\t<\/div>\n\n\t\t\t\t\t\t\t\t\t<a href=\"https:\/\/www.verdichtet.at\/?p=9062#respond\" class=\"su-post-comments-link\">0 Kommentare<\/a>\n\t\t\t\t\n\t\t\t<\/div>\n\n\t\t\t\t\t\n\t\t\t\n\t\t\t<div id=\"su-post-9060\" class=\"su-post \">\n\n\t\t\t\t\n\t\t\t\t<h2 class=\"su-post-title\"><a href=\"https:\/\/www.verdichtet.at\/?p=9060\">Das M\u00e4dchen ist fort &#8211; Teil II<\/a><\/h2>\n\n\t\t\t\t<div class=\"su-post-meta\">\n\t\t\t\t\tVer\u00f6ffentlicht: 18. Dezember 2018\t\t\t\t<\/div>\n\n\t\t\t\t<div class=\"su-post-excerpt\">\n\t\t\t\t\t<p>Die Sonne hatte noch nicht vor aufzugehen. Die Stadt war leer. Unterwegs traf er nur ein Auto, dessen Besitzer, anscheinend betrunken von einem Restaurantbesuch, zu schnell nach Hause fuhr. Saba bemerkte ihn im R\u00fcckspiegel und wich ihm aus. Er hatte keine Zeit f\u00fcr einen Autounfall. Er parkte vor dem Haupteingang, aber das massive, schwarze Tor [&hellip;]<\/p>\n\t\t\t\t<\/div>\n\n\t\t\t\t\t\t\t\t\t<a href=\"https:\/\/www.verdichtet.at\/?p=9060#respond\" class=\"su-post-comments-link\">0 Kommentare<\/a>\n\t\t\t\t\n\t\t\t<\/div>\n\n\t\t\t\t\t\n\t\t\t\n\t\t\t<div id=\"su-post-9058\" class=\"su-post \">\n\n\t\t\t\t\n\t\t\t\t<h2 class=\"su-post-title\"><a href=\"https:\/\/www.verdichtet.at\/?p=9058\">Das M\u00e4dchen ist fort &#8211; Teil I<\/a><\/h2>\n\n\t\t\t\t<div class=\"su-post-meta\">\n\t\t\t\t\tVer\u00f6ffentlicht: 18. Dezember 2018\t\t\t\t<\/div>\n\n\t\t\t\t<div class=\"su-post-excerpt\">\n\t\t\t\t\t<p>In der Stadt der Toten, die sie auch den Friedhof nennen, ist die Silhouette eines Mannes zu sehen, der auf dem schmalen Pfad zwischen den Gr\u00e4bern wie ein Gespenst umherschleicht. Auf den Spitzen der Tannenb\u00e4ume sitzende Kr\u00e4hen beobachten ihn. Sie wissen, was es bedeutet, hierher zu kommen. Sie beobachteten wahrscheinlich schon seit Jahrzehnten oder Jahrhunderten, [&hellip;]<\/p>\n\t\t\t\t<\/div>\n\n\t\t\t\t\t\t\t\t\t<a href=\"https:\/\/www.verdichtet.at\/?p=9058#respond\" class=\"su-post-comments-link\">0 Kommentare<\/a>\n\t\t\t\t\n\t\t\t<\/div>\n\n\t\t\t\t\t\n\t\t\t\n\t\t\t<div id=\"su-post-8916\" class=\"su-post \">\n\n\t\t\t\t\n\t\t\t\t<h2 class=\"su-post-title\"><a href=\"https:\/\/www.verdichtet.at\/?p=8916\">Passagier<\/a><\/h2>\n\n\t\t\t\t<div class=\"su-post-meta\">\n\t\t\t\t\tVer\u00f6ffentlicht: 18. November 2018\t\t\t\t<\/div>\n\n\t\t\t\t<div class=\"su-post-excerpt\">\n\t\t\t\t\t<p>Du lebst dort, wo es keinen Anfang und kein Ende, wo es keine Zeit gibt und weder oben noch unten. Du bist an Bord eines Raumschiffs, welches das All durchmisst, in seiner Schwerelosigkeit, als Pilot und einziger Passagier. Schon so lange bist du auf der Reise, dass du vergessen hast, wie Wolken aussehen, wie Schnee [&hellip;]<\/p>\n\t\t\t\t<\/div>\n\n\t\t\t\t\t\t\t\t\t<a href=\"https:\/\/www.verdichtet.at\/?p=8916#respond\" class=\"su-post-comments-link\">0 Kommentare<\/a>\n\t\t\t\t\n\t\t\t<\/div>\n\n\t\t\t\t\t\n\t\t\t\n\t\t\t<div id=\"su-post-7024\" class=\"su-post \">\n\n\t\t\t\t\n\t\t\t\t<h2 class=\"su-post-title\"><a href=\"https:\/\/www.verdichtet.at\/?p=7024\">Klagelied der Kettens\u00e4ge<\/a><\/h2>\n\n\t\t\t\t<div class=\"su-post-meta\">\n\t\t\t\t\tVer\u00f6ffentlicht: 16. September 2017\t\t\t\t<\/div>\n\n\t\t\t\t<div class=\"su-post-excerpt\">\n\t\t\t\t\t<p>Ich S\u00e4ge, s\u00e4ge, s\u00e4ge Und liege schwer in deiner Hand Als ob mir daran l\u00e4ge trenn ich jeden Holzverband Du sagst, so sei ich gewollt Ein Zeug zu einem Zwecke eben Nichts, dem man weiter Achtung zollt Ist das ein Leben? Oh Mensch, du t\u00f6richt\u2019 Allzerschneider Ich f\u00fchle in mir fein\u2019re Z\u00fcge Zum Beispiel n\u00e4hte [&hellip;]<\/p>\n\t\t\t\t<\/div>\n\n\t\t\t\t\t\t\t\t\t<a href=\"https:\/\/www.verdichtet.at\/?p=7024#respond\" class=\"su-post-comments-link\">0 Kommentare<\/a>\n\t\t\t\t\n\t\t\t<\/div>\n\n\t\t\t\t\t\n\t\t\t\n\t\t\t<div id=\"su-post-6291\" class=\"su-post \">\n\n\t\t\t\t\n\t\t\t\t<h2 class=\"su-post-title\"><a href=\"https:\/\/www.verdichtet.at\/?p=6291\">Der bessere Kandidat<\/a><\/h2>\n\n\t\t\t\t<div class=\"su-post-meta\">\n\t\t\t\t\tVer\u00f6ffentlicht: 15. M\u00e4rz 2017\t\t\t\t<\/div>\n\n\t\t\t\t<div class=\"su-post-excerpt\">\n\t\t\t\t\t<p>In Palmstr\u00f6m hebt sich manchmal vage Eine Frage, eine zage Denn blickt er grenzenlos verwundert Aufs junge 21. Jahrhundert Nein, so war das nicht gedacht Das war anders abgemacht Das Ziel, der Torlauf sollt\u2018 es sein Allen Menschen Brot und Wein Freude sch\u00f6ner G\u00f6tterfunken In welchem Mist bist du versunken? Statt deiner Krieg und Sklavenhandel [&hellip;]<\/p>\n\t\t\t\t<\/div>\n\n\t\t\t\t\t\t\t\t\t<a href=\"https:\/\/www.verdichtet.at\/?p=6291#respond\" class=\"su-post-comments-link\">0 Kommentare<\/a>\n\t\t\t\t\n\t\t\t<\/div>\n\n\t\t\t\t\t\n\t\t\t\n\t\t\t<div id=\"su-post-8812\" class=\"su-post \">\n\n\t\t\t\t\n\t\t\t\t<h2 class=\"su-post-title\"><a href=\"https:\/\/www.verdichtet.at\/?p=8812\">Die Waage<\/a><\/h2>\n\n\t\t\t\t<div class=\"su-post-meta\">\n\t\t\t\t\tVer\u00f6ffentlicht: 25. Oktober 2018\t\t\t\t<\/div>\n\n\t\t\t\t<div class=\"su-post-excerpt\">\n\t\t\t\t\t<p>Wie ein Kind, das pl\u00f6tzlich f\u00e4llt Und sich an der Erde h\u00e4lt Wie ein Kranich, sturmbegehrt Und eben darum unversehrt Wie Pollux, der nach Kastor rief Als dieser ihm im Arm entschlief Wie des Gedankens Doppelsprung Nicht Niedergang, nicht Besserung Du siehst die allgemeine Lage Alles h\u00e4lt sich grad die Waage Welche Schale wird sich [&hellip;]<\/p>\n\t\t\t\t<\/div>\n\n\t\t\t\t\t\t\t\t\t<a href=\"https:\/\/www.verdichtet.at\/?p=8812#respond\" class=\"su-post-comments-link\">0 Kommentare<\/a>\n\t\t\t\t\n\t\t\t<\/div>\n\n\t\t\t\t\t\n\t\t\t\n\t\t\t<div id=\"su-post-8027\" class=\"su-post \">\n\n\t\t\t\t\n\t\t\t\t<h2 class=\"su-post-title\"><a href=\"https:\/\/www.verdichtet.at\/?p=8027\">Prophezeiung<\/a><\/h2>\n\n\t\t\t\t<div class=\"su-post-meta\">\n\t\t\t\t\tVer\u00f6ffentlicht: 24. April 2018\t\t\t\t<\/div>\n\n\t\t\t\t<div class=\"su-post-excerpt\">\n\t\t\t\t\t<p>Windige Horden umzingeln das Wild. Kreisen \u00fcber dem verletzten Elend. Fr\u00f6sche fliehen, ins Dunkle, still! Kein Ton wird ihnen entkommen. Mein K\u00f6rper nur ein leerer Brunnen, siehst hinein und kein Ende: Die Kiesel einfach vom Dunkel verschlungen. Gedenke allein der aufgegebenen N\u00e4chte! Der Tag verschl\u00e4ft, und auch der n\u00e4chste. Es ward kein Licht mehr, Nur [&hellip;]<\/p>\n\t\t\t\t<\/div>\n\n\t\t\t\t\t\t\t\t\t<a href=\"https:\/\/www.verdichtet.at\/?p=8027#respond\" class=\"su-post-comments-link\">0 Kommentare<\/a>\n\t\t\t\t\n\t\t\t<\/div>\n\n\t\t\t\t\t\n\t\t\t\n\t\t\t<div id=\"su-post-7911\" class=\"su-post \">\n\n\t\t\t\t\n\t\t\t\t<h2 class=\"su-post-title\"><a href=\"https:\/\/www.verdichtet.at\/?p=7911\">Abschied nehmen<\/a><\/h2>\n\n\t\t\t\t<div class=\"su-post-meta\">\n\t\t\t\t\tVer\u00f6ffentlicht: 24. April 2018\t\t\t\t<\/div>\n\n\t\t\t\t<div class=\"su-post-excerpt\">\n\t\t\t\t\t<p>Deine Umarmung war mein Zuhause und der Tisch war reichlich gedeckt. Doch ich musste hinaus, allein, ohne eine Brotkrume in der Tasche. Und noch nie schien der richtige Weg so falsch. Nives Farrier aus: Nach Dir. (TwentySix Verlag, 2018) www.verdichtet.at | Kategorie: \u00bfQu\u00e9 ser\u00e1, ser\u00e1? | Inventarnummer: 18058 &nbsp;<\/p>\n\t\t\t\t<\/div>\n\n\t\t\t\t\t\t\t\t\t<a href=\"https:\/\/www.verdichtet.at\/?p=7911#respond\" class=\"su-post-comments-link\">0 Kommentare<\/a>\n\t\t\t\t\n\t\t\t<\/div>\n\n\t\t\t\t\t\n\t\t\t\n\t\t\t<div id=\"su-post-7951\" class=\"su-post \">\n\n\t\t\t\t\n\t\t\t\t<h2 class=\"su-post-title\"><a href=\"https:\/\/www.verdichtet.at\/?p=7951\">Sauberer Schlussstrich<\/a><\/h2>\n\n\t\t\t\t<div class=\"su-post-meta\">\n\t\t\t\t\tVer\u00f6ffentlicht: 24. April 2018\t\t\t\t<\/div>\n\n\t\t\t\t<div class=\"su-post-excerpt\">\n\t\t\t\t\t<p>Setze unser Haus in Brand. Begrab die Fotos am Gartenrand. Ich r\u00e4um die alten Erinnerungen aus und bring alles mit dem M\u00fcll hinaus. Ich kratze unsere Versprechen vom Boden der Tatsachen und sanit\u00e4ren Fl\u00e4chen. Leere Speicher, aus denen ich nachts heimlich naschte. Lass das Feuer freudig w\u00fcten. Neues Leben w\u00e4chst aus der Asche. Nives Farrier [&hellip;]<\/p>\n\t\t\t\t<\/div>\n\n\t\t\t\t\t\t\t\t\t<a href=\"https:\/\/www.verdichtet.at\/?p=7951#respond\" class=\"su-post-comments-link\">0 Kommentare<\/a>\n\t\t\t\t\n\t\t\t<\/div>\n\n\t\t\t\t\t\n\t\t\t\n\t\t\t<div id=\"su-post-8002\" class=\"su-post \">\n\n\t\t\t\t\n\t\t\t\t<h2 class=\"su-post-title\"><a href=\"https:\/\/www.verdichtet.at\/?p=8002\">Ich warte drau\u00dfen<\/a><\/h2>\n\n\t\t\t\t<div class=\"su-post-meta\">\n\t\t\t\t\tVer\u00f6ffentlicht: 24. April 2018\t\t\t\t<\/div>\n\n\t\t\t\t<div class=\"su-post-excerpt\">\n\t\t\t\t\t<p>Ein Sturm liegt in der Luft. Alles Lebendige flieht nach innen. Nur ich stehe drau\u00dfen, wartend, mit erwachten Sinnen. Umfasse sanft mein Wertvollstes, wie einen verletzten Raben. Feiere ihn auf meine Art, den Wind, den ich beschworen habe. Endlich passt die Welt, so wie sie ist. Das Ist, passt zum Sollte. Meine Handfl\u00e4che umschlie\u00dft, was [&hellip;]<\/p>\n\t\t\t\t<\/div>\n\n\t\t\t\t\t\t\t\t\t<a href=\"https:\/\/www.verdichtet.at\/?p=8002#respond\" class=\"su-post-comments-link\">0 Kommentare<\/a>\n\t\t\t\t\n\t\t\t<\/div>\n\n\t\t\t\t\t\n\t\t\t\n\t\t\t<div id=\"su-post-8004\" class=\"su-post \">\n\n\t\t\t\t\n\t\t\t\t<h2 class=\"su-post-title\"><a href=\"https:\/\/www.verdichtet.at\/?p=8004\">Steiniger Weg<\/a><\/h2>\n\n\t\t\t\t<div class=\"su-post-meta\">\n\t\t\t\t\tVer\u00f6ffentlicht: 24. April 2018\t\t\t\t<\/div>\n\n\t\t\t\t<div class=\"su-post-excerpt\">\n\t\t\t\t\t<p>Wir m\u00f6gen den ganzen Weg alleine gehen, alle Biester allein abwehren, und uns im Dunklen einsam f\u00fchlen. Aber oben an der Spitze, werde ich auf Dich warten, damit wir den Ausblick zusammen genie\u00dfen. Nives Farrier aus: Nach Dir. (TwentySix Verlag, 2018) www.verdichtet.at | Kategorie: \u00bfQu\u00e9 ser\u00e1, ser\u00e1? | Inventarnummer: 18091 &nbsp;<\/p>\n\t\t\t\t<\/div>\n\n\t\t\t\t\t\t\t\t\t<a href=\"https:\/\/www.verdichtet.at\/?p=8004#respond\" class=\"su-post-comments-link\">0 Kommentare<\/a>\n\t\t\t\t\n\t\t\t<\/div>\n\n\t\t\t\t\t\n\t\t\t\n\t\t\t<div id=\"su-post-1467\" class=\"su-post \">\n\n\t\t\t\t\n\t\t\t\t<h2 class=\"su-post-title\"><a href=\"https:\/\/www.verdichtet.at\/?p=1467\">Vorbereitung auf ein neues Leben<\/a><\/h2>\n\n\t\t\t\t<div class=\"su-post-meta\">\n\t\t\t\t\tVer\u00f6ffentlicht: 11. Juli 2014\t\t\t\t<\/div>\n\n\t\t\t\t<div class=\"su-post-excerpt\">\n\t\t\t\t\t<p>&#8222;Und dann gehe ich in die Bank. Du liegst da schon am Boden oder f\u00e4llst gerade hin. Timing ist alles bei dieser Sache, sonst geht es schief. Und schiefgehen darf da gar nichts. Du musst genau checken, wann ich hereinkommen kann!&#8220; Die blasse Frau sieht ihn fragend an, sagt aber nichts,\u00a0legt nur die rechte Hand [&hellip;]<\/p>\n\t\t\t\t<\/div>\n\n\t\t\t\t\t\t\t\t\t<a href=\"https:\/\/www.verdichtet.at\/?p=1467#respond\" class=\"su-post-comments-link\">0 Kommentare<\/a>\n\t\t\t\t\n\t\t\t<\/div>\n\n\t\t\t\t\t\n\t\t\t\n\t\t\t<div id=\"su-post-8297\" class=\"su-post \">\n\n\t\t\t\t\n\t\t\t\t<h2 class=\"su-post-title\"><a href=\"https:\/\/www.verdichtet.at\/?p=8297\">Paradies<\/a><\/h2>\n\n\t\t\t\t<div class=\"su-post-meta\">\n\t\t\t\t\tVer\u00f6ffentlicht: 10. Juni 2018\t\t\t\t<\/div>\n\n\t\t\t\t<div class=\"su-post-excerpt\">\n\t\t\t\t\t<p>Sie kennt das Gef\u00fchl schon: wenn ihr Herz rast und der Schwei\u00df auf der Stirn steht. Diese innere Unruhe, dieses Gef\u00fchl, weder real noch unreal zu sein. Am liebsten nimmt sie an solchen Tagen ihr Feuerzeug mit und kauft sich auf dem Weg nach Hause eine Packung Zigaretten. Im Wald \u2013 sie l\u00e4sst ihren Toyota [&hellip;]<\/p>\n\t\t\t\t<\/div>\n\n\t\t\t\t\t\t\t\t\t<a href=\"https:\/\/www.verdichtet.at\/?p=8297#comments\" class=\"su-post-comments-link\">Ein Kommentar<\/a>\n\t\t\t\t\n\t\t\t<\/div>\n\n\t\t\t\t\t\n\t\t\t\n\t\t\t<div id=\"su-post-7803\" class=\"su-post \">\n\n\t\t\t\t\n\t\t\t\t<h2 class=\"su-post-title\"><a href=\"https:\/\/www.verdichtet.at\/?p=7803\">Montag<\/a><\/h2>\n\n\t\t\t\t<div class=\"su-post-meta\">\n\t\t\t\t\tVer\u00f6ffentlicht: 8. April 2018\t\t\t\t<\/div>\n\n\t\t\t\t<div class=\"su-post-excerpt\">\n\t\t\t\t\t<p>Der Montag kommt, Er ist mir egal, Er ist die Eins, die sich, bald verz\u00e4hlt Florian Pfeffer www.verdichtet.at |\u00a0Kategorie:\u00a0\u00bfQu\u00e9 ser\u00e1, ser\u00e1? | Inventarnummer: 18041<\/p>\n\t\t\t\t<\/div>\n\n\t\t\t\t\t\t\t\t\t<a href=\"https:\/\/www.verdichtet.at\/?p=7803#respond\" class=\"su-post-comments-link\">0 Kommentare<\/a>\n\t\t\t\t\n\t\t\t<\/div>\n\n\t\t\t\t\t\n\t\t\t\n\t\t\t<div id=\"su-post-7799\" class=\"su-post \">\n\n\t\t\t\t\n\t\t\t\t<h2 class=\"su-post-title\"><a href=\"https:\/\/www.verdichtet.at\/?p=7799\">Nerv\u00f6s<\/a><\/h2>\n\n\t\t\t\t<div class=\"su-post-meta\">\n\t\t\t\t\tVer\u00f6ffentlicht: 8. April 2018\t\t\t\t<\/div>\n\n\t\t\t\t<div class=\"su-post-excerpt\">\n\t\t\t\t\t<p>Grauer Himmel, steht fast still, Baumkronen rasen vorbei, durch verschmutztes Plastik, Mein Kopf singt, CBD Reste, \u00f6lig der Geschmack, Bitter wie sehns\u00fcchtige Gedanken, H\u00e4nde sto\u00dfen sich gleichzeitig, Nerv\u00f6s blickt sie hinter mir aus dem Fenster, Nerv\u00f6s klingelt ihr Smartphone Florian Pfeffer www.verdichtet.at |\u00a0Kategorie:\u00a0\u00bfQu\u00e9 ser\u00e1, ser\u00e1? | Inventarnummer: 18039<\/p>\n\t\t\t\t<\/div>\n\n\t\t\t\t\t\t\t\t\t<a href=\"https:\/\/www.verdichtet.at\/?p=7799#respond\" class=\"su-post-comments-link\">0 Kommentare<\/a>\n\t\t\t\t\n\t\t\t<\/div>\n\n\t\t\t\t\t\n\t\t\t\n\t\t\t<div id=\"su-post-7558\" class=\"su-post \">\n\n\t\t\t\t\n\t\t\t\t<h2 class=\"su-post-title\"><a href=\"https:\/\/www.verdichtet.at\/?p=7558\">Woanders erwachen<\/a><\/h2>\n\n\t\t\t\t<div class=\"su-post-meta\">\n\t\t\t\t\tVer\u00f6ffentlicht: 2. Februar 2018\t\t\t\t<\/div>\n\n\t\t\t\t<div class=\"su-post-excerpt\">\n\t\t\t\t\t<p>Sie ist ein s\u00fc\u00dfes Baby, jeder will sie halten und kosen. Sie l\u00e4chelt beim Einschlafen. Als sie die Augen wieder aufmacht, liegt sie in ihrem Bettchen. Alles ist warm, weich, vertraut. Sie ist daheim. Er ist ein Teenager, der gerne einen draufmacht. Er geht fort und wei\u00df danach oft nicht, wie er heimgekommen ist. Aber [&hellip;]<\/p>\n\t\t\t\t<\/div>\n\n\t\t\t\t\t\t\t\t\t<a href=\"https:\/\/www.verdichtet.at\/?p=7558#respond\" class=\"su-post-comments-link\">0 Kommentare<\/a>\n\t\t\t\t\n\t\t\t<\/div>\n\n\t\t\t\t\t\n\t\t\t\n\t\t\t<div id=\"su-post-2615\" class=\"su-post \">\n\n\t\t\t\t\n\t\t\t\t<h2 class=\"su-post-title\"><a href=\"https:\/\/www.verdichtet.at\/?p=2615\">lost planet<\/a><\/h2>\n\n\t\t\t\t<div class=\"su-post-meta\">\n\t\t\t\t\tVer\u00f6ffentlicht: 17. Mai 2015\t\t\t\t<\/div>\n\n\t\t\t\t<div class=\"su-post-excerpt\">\n\t\t\t\t\t<p>Am flie\u00dfenden Wasser war sanftes Rauschen, nichts hat die Ruhe gest\u00f6rt. Gro\u00dfbl\u00e4ttriger Spender Schatten taucht Gr\u00fcn in schonendes Licht. Bachwasser sprudelt hell seit ewigen Zeiten. Im Bl\u00e4tterwaldreigen wiegen sich \u00c4ste zu sanftem Wind. Dort nisten Habicht und Eule und Kr\u00e4he mit ihrer Brut, gesch\u00fctzt vor sengender Hitze im Sommer, im Winter w\u00e4rmendes Nest. Da sprossen [&hellip;]<\/p>\n\t\t\t\t<\/div>\n\n\t\t\t\t\n\t\t\t<\/div>\n\n\t\t\t\t\t\n\t\t\t\n\t\t\t<div id=\"su-post-7079\" class=\"su-post \">\n\n\t\t\t\t\n\t\t\t\t<h2 class=\"su-post-title\"><a href=\"https:\/\/www.verdichtet.at\/?p=7079\">Stehen<\/a><\/h2>\n\n\t\t\t\t<div class=\"su-post-meta\">\n\t\t\t\t\tVer\u00f6ffentlicht: 6. Oktober 2017\t\t\t\t<\/div>\n\n\t\t\t\t<div class=\"su-post-excerpt\">\n\t\t\t\t\t<p>Stehe im Leben, manchmal, sp\u00fcre ich es nicht, st\u00e4ndig im Leben, zu stehen, sp\u00fcre es erst, Jahrzehnte sp\u00e4ter Florian Pfeffer www.verdichtet.at |\u00a0Kategorie:\u00a0\u00bfQu\u00e9 ser\u00e1, ser\u00e1? | Inventarnummer: 17179<\/p>\n\t\t\t\t<\/div>\n\n\t\t\t\t\t\t\t\t\t<a href=\"https:\/\/www.verdichtet.at\/?p=7079#respond\" class=\"su-post-comments-link\">0 Kommentare<\/a>\n\t\t\t\t\n\t\t\t<\/div>\n\n\t\t\t\t\t\n\t\t\t\n\t\t\t<div id=\"su-post-6891\" class=\"su-post \">\n\n\t\t\t\t\n\t\t\t\t<h2 class=\"su-post-title\"><a href=\"https:\/\/www.verdichtet.at\/?p=6891\">Ein Skandal!<\/a><\/h2>\n\n\t\t\t\t<div class=\"su-post-meta\">\n\t\t\t\t\tVer\u00f6ffentlicht: 13. August 2017\t\t\t\t<\/div>\n\n\t\t\t\t<div class=\"su-post-excerpt\">\n\t\t\t\t\t<p>Vor einigen Tagen, und das ist die Wahrheit, erfuhr ich, dass der Besitzer und ehemalige Wirt meines Stammlokals in der sch\u00f6nen Steiermark sein Anwesen an die Gemeinde, auf deren Hoheitsgebiet es liegt, verkaufen m\u00f6chte, wird oder muss. Diese wird das altehrw\u00fcrdige Geb\u00e4ude abtragen, um Platz f\u00fcr den angeblich dringend ben\u00f6tigten Ausbau der nebenan gelegenen Volksschule [&hellip;]<\/p>\n\t\t\t\t<\/div>\n\n\t\t\t\t\t\t\t\t\t<a href=\"https:\/\/www.verdichtet.at\/?p=6891#respond\" class=\"su-post-comments-link\">0 Kommentare<\/a>\n\t\t\t\t\n\t\t\t<\/div>\n\n\t\t\t\t\t\n\t\t\t\n\t\t\t<div id=\"su-post-6811\" class=\"su-post \">\n\n\t\t\t\t\n\t\t\t\t<h2 class=\"su-post-title\"><a href=\"https:\/\/www.verdichtet.at\/?p=6811\">Sie<\/a><\/h2>\n\n\t\t\t\t<div class=\"su-post-meta\">\n\t\t\t\t\tVer\u00f6ffentlicht: 29. Juli 2017\t\t\t\t<\/div>\n\n\t\t\t\t<div class=\"su-post-excerpt\">\n\t\t\t\t\t<p>Leuchten. Ein helles Leuchten in den sanften, gro\u00dfen, gr\u00fcn-grauen Augen der jungen Frau. Die Stille in ihre Einzelteile zerschreien. Warmer Fr\u00fchlingswind auf nackten Schultern in einer sternenklaren Nacht, das lange schwarze Haar umspielt sanft das zierliche Gesicht. Rosenduft vermengt sich mit dem Nachtwind wie ein Paar beim Liebesakt; die Nacht ist klar und der Vollmond [&hellip;]<\/p>\n\t\t\t\t<\/div>\n\n\t\t\t\t\t\t\t\t\t<a href=\"https:\/\/www.verdichtet.at\/?p=6811#respond\" class=\"su-post-comments-link\">0 Kommentare<\/a>\n\t\t\t\t\n\t\t\t<\/div>\n\n\t\t\t\t\t\n\t\t\t\n\t\t\t<div id=\"su-post-6491\" class=\"su-post \">\n\n\t\t\t\t\n\t\t\t\t<h2 class=\"su-post-title\"><a href=\"https:\/\/www.verdichtet.at\/?p=6491\">Die W\u00f6rter werden zu schwer<\/a><\/h2>\n\n\t\t\t\t<div class=\"su-post-meta\">\n\t\t\t\t\tVer\u00f6ffentlicht: 9. Mai 2017\t\t\t\t<\/div>\n\n\t\t\t\t<div class=\"su-post-excerpt\">\n\t\t\t\t\t<p>Zeichen stehen auf null, Geschmack wird zur Asche, ein Donnerwetter hat jenes Haus befallen, gerade noch geliebt, steht es jetzt unter Schock, In die dunkle Nacht geworfen, Halogenlampen beleuchten den Tunnelblick Ein Reptil schleicht durch das Haus, l\u00e4hmt, Alle Sachen werden locker, verbeult und verbrannt, Tr\u00fcmmer und Erdrutsch Florian Pfeffer www.verdichtet.at | Kategorie:\u00a0\u00bfQu\u00e9 ser\u00e1, ser\u00e1? [&hellip;]<\/p>\n\t\t\t\t<\/div>\n\n\t\t\t\t\t\t\t\t\t<a href=\"https:\/\/www.verdichtet.at\/?p=6491#respond\" class=\"su-post-comments-link\">0 Kommentare<\/a>\n\t\t\t\t\n\t\t\t<\/div>\n\n\t\t\t\t\t\n\t\t\t\n\t\t\t<div id=\"su-post-6599\" class=\"su-post \">\n\n\t\t\t\t\n\t\t\t\t<h2 class=\"su-post-title\"><a href=\"https:\/\/www.verdichtet.at\/?p=6599\">Zukunftsmusik<\/a><\/h2>\n\n\t\t\t\t<div class=\"su-post-meta\">\n\t\t\t\t\tVer\u00f6ffentlicht: 28. Mai 2017\t\t\t\t<\/div>\n\n\t\t\t\t<div class=\"su-post-excerpt\">\n\t\t\t\t\t<p>Sommer voll F\u00fclle und Winter voll Not h\u00f6rt auf euch zu sorgen noch seid ihr nicht tot Tag um Tag dasselbe Leiden auch du musst mal aus dem Leben scheiden eine L\u00f6sung wollt ihr? da kann ich nur lachen, der Tod kann nicht gehen warum wollt ihr das nicht verstehn? doch aus dem Nichts eilt [&hellip;]<\/p>\n\t\t\t\t<\/div>\n\n\t\t\t\t\t\t\t\t\t<a href=\"https:\/\/www.verdichtet.at\/?p=6599#respond\" class=\"su-post-comments-link\">0 Kommentare<\/a>\n\t\t\t\t\n\t\t\t<\/div>\n\n\t\t\t\t\t\n\t\t\t\n\t\t\t<div id=\"su-post-6488\" class=\"su-post \">\n\n\t\t\t\t\n\t\t\t\t<h2 class=\"su-post-title\"><a href=\"https:\/\/www.verdichtet.at\/?p=6488\">Waffenstillstand II<\/a><\/h2>\n\n\t\t\t\t<div class=\"su-post-meta\">\n\t\t\t\t\tVer\u00f6ffentlicht: 9. Mai 2017\t\t\t\t<\/div>\n\n\t\t\t\t<div class=\"su-post-excerpt\">\n\t\t\t\t\t<p>Verblase wie Etwas am Himmel, das nicht existierte In die Kammer, kommen wei\u00dfe M\u00e4nner, nicht zu Besuch Sie wohnen zwischen Dopamin und Serotonin, Wo nehmen sie mich hin, Eine Reise, Eine Br\u00fccke, Einen Moment Hoffnung, zwischen dem Ger\u00fcmpel Florian Pfeffer www.verdichtet.at | Kategorie:\u00a0\u00bfQu\u00e9 ser\u00e1, ser\u00e1? | Inventarnummer: 17110<\/p>\n\t\t\t\t<\/div>\n\n\t\t\t\t\t\t\t\t\t<a href=\"https:\/\/www.verdichtet.at\/?p=6488#respond\" class=\"su-post-comments-link\">0 Kommentare<\/a>\n\t\t\t\t\n\t\t\t<\/div>\n\n\t\t\t\t\t\n\t\t\t\n\t\t\t<div id=\"su-post-6527\" class=\"su-post \">\n\n\t\t\t\t\n\t\t\t\t<h2 class=\"su-post-title\"><a href=\"https:\/\/www.verdichtet.at\/?p=6527\">Live<\/a><\/h2>\n\n\t\t\t\t<div class=\"su-post-meta\">\n\t\t\t\t\tVer\u00f6ffentlicht: 18. Mai 2017\t\t\t\t<\/div>\n\n\t\t\t\t<div class=\"su-post-excerpt\">\n\t\t\t\t\t<p>Eine verschissene Minute hat Egon Zeit, um diese Aufgabe zu l\u00f6sen. Sie lautet folgenderma\u00dfen: \u201eEin Vater verdient im Monat 40 % mehr als sein Sohn. Die Mutter verdient die H\u00e4lfte von dem, was der Sohn verdient. Die Tochter verdient 2\/3 dessen, was die Mutter verdient. Das Gesamteinkommen der Familie betr\u00e4gt 9.700 Euro. Wie viel Lehrlingsentsch\u00e4digung [&hellip;]<\/p>\n\t\t\t\t<\/div>\n\n\t\t\t\t\t\t\t\t\t<a href=\"https:\/\/www.verdichtet.at\/?p=6527#respond\" class=\"su-post-comments-link\">0 Kommentare<\/a>\n\t\t\t\t\n\t\t\t<\/div>\n\n\t\t\t\t\t\n\t\t\t\n\t\t\t<div id=\"su-post-5832\" class=\"su-post \">\n\n\t\t\t\t\n\t\t\t\t<h2 class=\"su-post-title\"><a href=\"https:\/\/www.verdichtet.at\/?p=5832\">Bruchteil<\/a><\/h2>\n\n\t\t\t\t<div class=\"su-post-meta\">\n\t\t\t\t\tVer\u00f6ffentlicht: 8. Januar 2017\t\t\t\t<\/div>\n\n\t\t\t\t<div class=\"su-post-excerpt\">\n\t\t\t\t\t<p>Im globalen Zeitstrahl h\u00e4nge ich fest, Winde blasen braune Bl\u00e4tter durch den Magen, fr\u00fch dunkel werden die Augen, wie der Herbst Florian Pfeffer www.verdichtet.at | Kategorie: \u00bfQu\u00e9 ser\u00e1, ser\u00e1? | Inventarnummer: 17027<\/p>\n\t\t\t\t<\/div>\n\n\t\t\t\t\t\t\t\t\t<a href=\"https:\/\/www.verdichtet.at\/?p=5832#respond\" class=\"su-post-comments-link\">0 Kommentare<\/a>\n\t\t\t\t\n\t\t\t<\/div>\n\n\t\t\t\t\t\n\t\t\t\n\t\t\t<div id=\"su-post-5498\" class=\"su-post \">\n\n\t\t\t\t\n\t\t\t\t<h2 class=\"su-post-title\"><a href=\"https:\/\/www.verdichtet.at\/?p=5498\">Willi<\/a><\/h2>\n\n\t\t\t\t<div class=\"su-post-meta\">\n\t\t\t\t\tVer\u00f6ffentlicht: 23. November 2016\t\t\t\t<\/div>\n\n\t\t\t\t<div class=\"su-post-excerpt\">\n\t\t\t\t\t<p>Z63 war ein Haushaltsroboter, ein Importprodukt aus Japan im mittleren Preissegment. Seine Besitzer, die Familie Fischer, ein Ehepaar lebensdurchschnittlichen halben Alters mit der sich in der Backfisch-Phase befindlichen Tochter Franziska, kurz Franzi, hatte bei seinem Kauf \u00fcber den Gro\u00dfhandel Wert auf Effizienz bei m\u00f6glichst geringen Betriebskosten gelegt. Er funktionierte mittels Strom aus seiner eigenen kinetischen [&hellip;]<\/p>\n\t\t\t\t<\/div>\n\n\t\t\t\t\t\t\t\t\t<a href=\"https:\/\/www.verdichtet.at\/?p=5498#respond\" class=\"su-post-comments-link\">0 Kommentare<\/a>\n\t\t\t\t\n\t\t\t<\/div>\n\n\t\t\t\t\t\n\t\t\t\n\t\t\t<div id=\"su-post-5465\" class=\"su-post \">\n\n\t\t\t\t\n\t\t\t\t<h2 class=\"su-post-title\"><a href=\"https:\/\/www.verdichtet.at\/?p=5465\">2192 n. Chr.<\/a><\/h2>\n\n\t\t\t\t<div class=\"su-post-meta\">\n\t\t\t\t\tVer\u00f6ffentlicht: 20. November 2016\t\t\t\t<\/div>\n\n\t\t\t\t<div class=\"su-post-excerpt\">\n\t\t\t\t\t<p>Ich hatte schon lange niemanden dort unten, deshalb fiel es mir von Anfang an leicht, die Santa Maria als mein Zuhause zu bezeichnen. Meine Besatzung tut sich damit schwerer. Wer ich bin? Ich bin der Kapit\u00e4n dieses Schiffes. Die Santa Maria fasst viertausend Menschen, ihre Begleitschiffe Ni\u00f1a und Pinta fassen je dreitausend. Mir obliegt der [&hellip;]<\/p>\n\t\t\t\t<\/div>\n\n\t\t\t\t\t\t\t\t\t<a href=\"https:\/\/www.verdichtet.at\/?p=5465#respond\" class=\"su-post-comments-link\">0 Kommentare<\/a>\n\t\t\t\t\n\t\t\t<\/div>\n\n\t\t\t\t\t\n\t\t\t\n\t\t\t<div id=\"su-post-5645\" class=\"su-post \">\n\n\t\t\t\t\n\t\t\t\t<h2 class=\"su-post-title\"><a href=\"https:\/\/www.verdichtet.at\/?p=5645\">Die Insel Freedom<\/a><\/h2>\n\n\t\t\t\t<div class=\"su-post-meta\">\n\t\t\t\t\tVer\u00f6ffentlicht: 12. Dezember 2016\t\t\t\t<\/div>\n\n\t\t\t\t<div class=\"su-post-excerpt\">\n\t\t\t\t\t<p>Das Schiff \u201eJoy of Freedom\u201c mit etwas mehr als hundert Fl\u00fcchtlingsfamilien an Bord brach nach Australien auf, erreichte aber nie seinen Bestimmungsort. Kein Bericht von einem \u00dcberlebenden oder einem zum Schiff geh\u00f6renden Gegenstand gelangte je in die Welt. Der Kapit\u00e4n und der gr\u00f6\u00dfte Teil der Mannschaft ertranken bei einem Unwetter, viele Frauen und Kinder starben [&hellip;]<\/p>\n\t\t\t\t<\/div>\n\n\t\t\t\t\t\t\t\t\t<a href=\"https:\/\/www.verdichtet.at\/?p=5645#respond\" class=\"su-post-comments-link\">0 Kommentare<\/a>\n\t\t\t\t\n\t\t\t<\/div>\n\n\t\t\t\t\t\n\t\t\t\n\t\t\t<div id=\"su-post-5492\" class=\"su-post \">\n\n\t\t\t\t\n\t\t\t\t<h2 class=\"su-post-title\"><a href=\"https:\/\/www.verdichtet.at\/?p=5492\">Stecker<\/a><\/h2>\n\n\t\t\t\t<div class=\"su-post-meta\">\n\t\t\t\t\tVer\u00f6ffentlicht: 23. November 2016\t\t\t\t<\/div>\n\n\t\t\t\t<div class=\"su-post-excerpt\">\n\t\t\t\t\t<p>Eine Satellitensch\u00fcssel mit Stangen und Messinstrumenten, das soll alles sein? Die Au\u00dferirdischen wundern sich. Sie sehen genauer nach. Irgendwo auf dem Ding steht \u201eVoyager 1\u201c drauf, und dann finden sie noch etwas: eine Schallplatte in einer H\u00fclle, die an der Au\u00dfenseite des seltsamen Gef\u00e4hrts angebracht ist. Die Schallplatte ist aus Gold, zumindest damit bezogen. Nicht [&hellip;]<\/p>\n\t\t\t\t<\/div>\n\n\t\t\t\t\t\t\t\t\t<a href=\"https:\/\/www.verdichtet.at\/?p=5492#respond\" class=\"su-post-comments-link\">0 Kommentare<\/a>\n\t\t\t\t\n\t\t\t<\/div>\n\n\t\t\t\t\t\n\t\t\t\n\t\t\t<div id=\"su-post-5494\" class=\"su-post \">\n\n\t\t\t\t\n\t\t\t\t<h2 class=\"su-post-title\"><a href=\"https:\/\/www.verdichtet.at\/?p=5494\">Die Kuppel<\/a><\/h2>\n\n\t\t\t\t<div class=\"su-post-meta\">\n\t\t\t\t\tVer\u00f6ffentlicht: 23. November 2016\t\t\t\t<\/div>\n\n\t\t\t\t<div class=\"su-post-excerpt\">\n\t\t\t\t\t<p>Das Knacksen des Informationsverk\u00fcnders lenkte XX.645s Aufmerksamkeit auf die bevorstehende Meldung, als wenn eine Stimme sich r\u00e4usperte, bevor sie sich erhob. \u201eGepriesen sei der Fortschritt, Ihr neugeborenen Menschen. Heute um f\u00fcnf Uhr sechsunddrei\u00dfig erblickte Nummer 100.000 in der zentralen Geburtenanstalt erstmals das Licht der Kuppel.\u201c XX.645, der sich selbst \u201eGi\u201c nannte, blickte auf die Uhr [&hellip;]<\/p>\n\t\t\t\t<\/div>\n\n\t\t\t\t\t\t\t\t\t<a href=\"https:\/\/www.verdichtet.at\/?p=5494#respond\" class=\"su-post-comments-link\">0 Kommentare<\/a>\n\t\t\t\t\n\t\t\t<\/div>\n\n\t\t\t\t\t\n\t\t\t\n\t\t\t<div id=\"su-post-5045\" class=\"su-post \">\n\n\t\t\t\t\n\t\t\t\t<h2 class=\"su-post-title\"><a href=\"https:\/\/www.verdichtet.at\/?p=5045\">panta rhei<\/a><\/h2>\n\n\t\t\t\t<div class=\"su-post-meta\">\n\t\t\t\t\tVer\u00f6ffentlicht: 18. September 2016\t\t\t\t<\/div>\n\n\t\t\t\t<div class=\"su-post-excerpt\">\n\t\t\t\t\t<p>es lebe das imperium! viel besser badet es sich schon im grenzenlosen rundherum des\u00a0 rundherumfinanzstromstroms. es ist die uferlosigkeit, die alles kann, die alles wei\u00df: wer jetzt nicht schwimmt, der geht bald unter das macht das rundherum nur bunter. wer kann uns noch das wasser reichen? handtuchwerfen angesagt! jeder widerstand muss weichen, weil unser wasser [&hellip;]<\/p>\n\t\t\t\t<\/div>\n\n\t\t\t\t\t\t\t\t\t<a href=\"https:\/\/www.verdichtet.at\/?p=5045#respond\" class=\"su-post-comments-link\">0 Kommentare<\/a>\n\t\t\t\t\n\t\t\t<\/div>\n\n\t\t\t\t\t\n\t\t\t\n\t\t\t<div id=\"su-post-5158\" class=\"su-post \">\n\n\t\t\t\t\n\t\t\t\t<h2 class=\"su-post-title\"><a href=\"https:\/\/www.verdichtet.at\/?p=5158\">Feuerzeug<\/a><\/h2>\n\n\t\t\t\t<div class=\"su-post-meta\">\n\t\t\t\t\tVer\u00f6ffentlicht: 1. Oktober 2016\t\t\t\t<\/div>\n\n\t\t\t\t<div class=\"su-post-excerpt\">\n\t\t\t\t\t<p>Das Bic hat er sich nicht gekauft: Es ist irgendwie gekommen, auf einmal dagewesen, da wo kurz vorher noch gar nichts war, n\u00e4mlich in seiner Hand, da war es auf einmal, hat dann seinen Weg in Haralds Hosentaschen wie von selbst gefunden, ganz ohne willentliches Zutun von Harald selber. Egal welche Hose er sich anzieht, [&hellip;]<\/p>\n\t\t\t\t<\/div>\n\n\t\t\t\t\t\t\t\t\t<a href=\"https:\/\/www.verdichtet.at\/?p=5158#respond\" class=\"su-post-comments-link\">0 Kommentare<\/a>\n\t\t\t\t\n\t\t\t<\/div>\n\n\t\t\t\t\t\n\t\t\t\n\t\t\t<div id=\"su-post-5267\" class=\"su-post \">\n\n\t\t\t\t\n\t\t\t\t<h2 class=\"su-post-title\"><a href=\"https:\/\/www.verdichtet.at\/?p=5267\">Laufen<\/a><\/h2>\n\n\t\t\t\t<div class=\"su-post-meta\">\n\t\t\t\t\tVer\u00f6ffentlicht: 19. Oktober 2016\t\t\t\t<\/div>\n\n\t\t\t\t<div class=\"su-post-excerpt\">\n\t\t\t\t\t<p>Franz liebte es zu laufen. Seit seiner Jugend. Laufen, um den M\u00fcll des Alltags abzusch\u00fctteln, wieder frisch zu werden, sich zu sp\u00fcren und lebendig zu bleiben. Besonders nach der Arbeit und dem Stress. Aber nach jenem Tag verging ihm diese Lust. Er wollte nicht mehr. Er wollte sich nicht mehr frisch machen f\u00fcr Dreckskerle, die [&hellip;]<\/p>\n\t\t\t\t<\/div>\n\n\t\t\t\t\t\t\t\t\t<a href=\"https:\/\/www.verdichtet.at\/?p=5267#comments\" class=\"su-post-comments-link\">Ein Kommentar<\/a>\n\t\t\t\t\n\t\t\t<\/div>\n\n\t\t\t\t\t\n\t\t\t\n\t\t\t<div id=\"su-post-4602\" class=\"su-post \">\n\n\t\t\t\t\n\t\t\t\t<h2 class=\"su-post-title\"><a href=\"https:\/\/www.verdichtet.at\/?p=4602\">Tip<\/a><\/h2>\n\n\t\t\t\t<div class=\"su-post-meta\">\n\t\t\t\t\tVer\u00f6ffentlicht: 13. Juni 2016\t\t\t\t<\/div>\n\n\t\t\t\t<div class=\"su-post-excerpt\">\n\t\t\t\t\t<p>Ich checke im Paradiso ein, ein F\u00fcnf-Sterne-Schuppen. Nachdem das beendet ist, rollt ein Roboter auf mich zu, ziemlich flott, f\u00fcr meinen Geschmack. Er reicht mir bis zur Brust. Ich halte meine Keycard. Er schnappt sich meine Koffer. \u201eGuten Abend, Mr. Simpson, Sie wohnen in Zimmer Nummer 1009?\u201c, fragt er, dabei wei\u00df er es ja, weil [&hellip;]<\/p>\n\t\t\t\t<\/div>\n\n\t\t\t\t\t\t\t\t\t<a href=\"https:\/\/www.verdichtet.at\/?p=4602#respond\" class=\"su-post-comments-link\">0 Kommentare<\/a>\n\t\t\t\t\n\t\t\t<\/div>\n\n\t\t\t\t\t\n\t\t\t\n\t\t\t<div id=\"su-post-4931\" class=\"su-post \">\n\n\t\t\t\t\n\t\t\t\t<h2 class=\"su-post-title\"><a href=\"https:\/\/www.verdichtet.at\/?p=4931\">Brief an Felix<\/a><\/h2>\n\n\t\t\t\t<div class=\"su-post-meta\">\n\t\t\t\t\tVer\u00f6ffentlicht: 29. August 2016\t\t\t\t<\/div>\n\n\t\t\t\t<div class=\"su-post-excerpt\">\n\t\t\t\t\t<p>Lieber Felix, Du wurdest im Jahr 2015 geboren. In diesem Jahr befand sich die Welt in einer Krise, deren Ausgang vorherzusagen mir zu dem Zeitpunkt, an dem ich diese Zeilen im Salzamt zu Papier bringe, nicht m\u00f6glich ist. Ich bin jedoch zuversichtlich, dass an dem Tag, an dem Du diesen Brief liest, die Stabilit\u00e4t wieder [&hellip;]<\/p>\n\t\t\t\t<\/div>\n\n\t\t\t\t\t\t\t\t\t<a href=\"https:\/\/www.verdichtet.at\/?p=4931#comments\" class=\"su-post-comments-link\">3 comments<\/a>\n\t\t\t\t\n\t\t\t<\/div>\n\n\t\t\t\t\t\n\t\t\t\n\t\t\t<div id=\"su-post-5013\" class=\"su-post \">\n\n\t\t\t\t\n\t\t\t\t<h2 class=\"su-post-title\"><a href=\"https:\/\/www.verdichtet.at\/?p=5013\">\u00d6sterreich : Brasilien<\/a><\/h2>\n\n\t\t\t\t<div class=\"su-post-meta\">\n\t\t\t\t\tVer\u00f6ffentlicht: 13. September 2016\t\t\t\t<\/div>\n\n\t\t\t\t<div class=\"su-post-excerpt\">\n\t\t\t\t\t<p>Er hat siebzehn Tage nichts gesehen au\u00dfer Tastatur und Bildschirm, nichts gelesen, au\u00dfer endlose Befehlsketten, nichts gegessen au\u00dfer Junkfood zwischendurch und zu den unm\u00f6glichsten Tageszeiten; keine Familie, keine W\u00e4rme, kein helles Kinderlachen, kein vern\u00fcnftiges Gespr\u00e4ch, von Sex keine Rede; auch kaum geschlafen, nie geduscht, selten rasiert \u2013 drei Mal den \u201eTatort\u201c vers\u00e4umt, auch wenn es [&hellip;]<\/p>\n\t\t\t\t<\/div>\n\n\t\t\t\t\t\t\t\t\t<a href=\"https:\/\/www.verdichtet.at\/?p=5013#respond\" class=\"su-post-comments-link\">0 Kommentare<\/a>\n\t\t\t\t\n\t\t\t<\/div>\n\n\t\t\t\t\t\n\t\t\t\n\t\t\t<div id=\"su-post-4718\" class=\"su-post \">\n\n\t\t\t\t\n\t\t\t\t<h2 class=\"su-post-title\"><a href=\"https:\/\/www.verdichtet.at\/?p=4718\">Alles und nichts<\/a><\/h2>\n\n\t\t\t\t<div class=\"su-post-meta\">\n\t\t\t\t\tVer\u00f6ffentlicht: 5. Juli 2016\t\t\t\t<\/div>\n\n\t\t\t\t<div class=\"su-post-excerpt\">\n\t\t\t\t\t<p>Alles ist viel, nichts ist wenig. Nein, nichts ist nichts. Als ich mich entscheiden musste, ob alles oder nichts, da wusste ich noch nicht, wie wenig alles sein konnte. Eine Flasche Whisky, den billigsten Fusel nat\u00fcrlich, zwei Flaschen Bier, Pils nat\u00fcrlich, und zwei Schachteln Zigaretten, West, die ganz starken nat\u00fcrlich, f\u00fcr die Nacht. Der Alkohol [&hellip;]<\/p>\n\t\t\t\t<\/div>\n\n\t\t\t\t\t\t\t\t\t<a href=\"https:\/\/www.verdichtet.at\/?p=4718#respond\" class=\"su-post-comments-link\">0 Kommentare<\/a>\n\t\t\t\t\n\t\t\t<\/div>\n\n\t\t\t\t\t\n\t\t\t\n\t\t\t<div id=\"su-post-4344\" class=\"su-post \">\n\n\t\t\t\t\n\t\t\t\t<h2 class=\"su-post-title\"><a href=\"https:\/\/www.verdichtet.at\/?p=4344\">Perechil<\/a><\/h2>\n\n\t\t\t\t<div class=\"su-post-meta\">\n\t\t\t\t\tVer\u00f6ffentlicht: 29. April 2016\t\t\t\t<\/div>\n\n\t\t\t\t<div class=\"su-post-excerpt\">\n\t\t\t\t\t<p>Gedicht zur Zeitenwende des 27. Jahrhunderts (Adidas Grillfu\u00df von Transdanubien zugeschrieben) Antiborie konokul Dokaa liku benefit Dorobian an Klimakat A, perechil &#8211; anlaga sahara Nichtland der Konokulen Wozu du gut bist wurdest du gebaut Damals im 21. Jahrhundert Oh, Perichil &#8211; Afrikas Verlust Otanu kje tjeilitje brittan: Kere eitja Mastakart constructei ti tjiltawa Tjilta kon [&hellip;]<\/p>\n\t\t\t\t<\/div>\n\n\t\t\t\t\t\t\t\t\t<a href=\"https:\/\/www.verdichtet.at\/?p=4344#respond\" class=\"su-post-comments-link\">0 Kommentare<\/a>\n\t\t\t\t\n\t\t\t<\/div>\n\n\t\t\t\t\t\n\t\t\t\n\t\t\t<div id=\"su-post-4257\" class=\"su-post \">\n\n\t\t\t\t\n\t\t\t\t<h2 class=\"su-post-title\"><a href=\"https:\/\/www.verdichtet.at\/?p=4257\">Kapuzinergruft<\/a><\/h2>\n\n\t\t\t\t<div class=\"su-post-meta\">\n\t\t\t\t\tVer\u00f6ffentlicht: 10. April 2016\t\t\t\t<\/div>\n\n\t\t\t\t<div class=\"su-post-excerpt\">\n\t\t\t\t\t<p>Paul sank tiefer, immer tiefer in die Polsterung seines Lehnstuhles. Es bereitete ihm gro\u00dfe M\u00fche, die Augen offen zu halten. Die letzte Zigarette hatte zarte Rauchschwaden hinterlassen, die sich feig in Richtung sichtundurchl\u00e4ssiger Gardine, zum halb ge\u00f6ffneten Fenster hin davonmachten, um sich von dort in tr\u00e4gen blauen Windungen den Weg nach drau\u00dfen zu suchen, wo [&hellip;]<\/p>\n\t\t\t\t<\/div>\n\n\t\t\t\t\t\t\t\t\t<a href=\"https:\/\/www.verdichtet.at\/?p=4257#respond\" class=\"su-post-comments-link\">0 Kommentare<\/a>\n\t\t\t\t\n\t\t\t<\/div>\n\n\t\t\t\t\t\n\t\t\t\n\t\t\t<div id=\"su-post-4045\" class=\"su-post \">\n\n\t\t\t\t\n\t\t\t\t<h2 class=\"su-post-title\"><a href=\"https:\/\/www.verdichtet.at\/?p=4045\">Ausschnittsweise<\/a><\/h2>\n\n\t\t\t\t<div class=\"su-post-meta\">\n\t\t\t\t\tVer\u00f6ffentlicht: 6. Februar 2016\t\t\t\t<\/div>\n\n\t\t\t\t<div class=\"su-post-excerpt\">\n\t\t\t\t\t<p>Lara ist Sozialarbeiterin und lebt schon eine ganze Weile alleine. Manchmal vermisst sie das laute und bunte Familienleben, dessen Teil sie nur noch ist, wenn sie gelegentlich ihre Eltern und ihre Geschwister besucht. Zuhause wird noch immer Litauisch gesprochen; sonst verwendet Lara ihre Zweitsprache nie, die sie flie\u00dfend beherrscht. Selbst mit Bekannten aus Litauen spricht [&hellip;]<\/p>\n\t\t\t\t<\/div>\n\n\t\t\t\t\t\t\t\t\t<a href=\"https:\/\/www.verdichtet.at\/?p=4045#respond\" class=\"su-post-comments-link\">0 Kommentare<\/a>\n\t\t\t\t\n\t\t\t<\/div>\n\n\t\t\t\t\t\n\t\t\t\n\t\t\t<div id=\"su-post-4137\" class=\"su-post \">\n\n\t\t\t\t\n\t\t\t\t<h2 class=\"su-post-title\"><a href=\"https:\/\/www.verdichtet.at\/?p=4137\">Das Ende des Vogelsangs<\/a><\/h2>\n\n\t\t\t\t<div class=\"su-post-meta\">\n\t\t\t\t\tVer\u00f6ffentlicht: 27. Februar 2016\t\t\t\t<\/div>\n\n\t\t\t\t<div class=\"su-post-excerpt\">\n\t\t\t\t\t<p>In sechzehn Stollen und einem Abgesang 1 Da war immer schon viel Verst\u00e4ndnis und Freude am Vogelsang. Da wurde das Verlangen nach mehr nicht nur in wissbegierigen Ornithologen geweckt. Da zogen Wesensz\u00fcge und Eigengesetze und der musikalische Aussagewert Neugierige schon durch Jahrhunderte in ihren Bann. 2 Nun waren singende V\u00f6gel schon immer ein beliebtes Unterhaltungsmittel. [&hellip;]<\/p>\n\t\t\t\t<\/div>\n\n\t\t\t\t\t\t\t\t\t<a href=\"https:\/\/www.verdichtet.at\/?p=4137#respond\" class=\"su-post-comments-link\">0 Kommentare<\/a>\n\t\t\t\t\n\t\t\t<\/div>\n\n\t\t\t\t\t\n\t\t\t\n\t\t\t<div id=\"su-post-3097\" class=\"su-post \">\n\n\t\t\t\t\n\t\t\t\t<h2 class=\"su-post-title\"><a href=\"https:\/\/www.verdichtet.at\/?p=3097\">IDEAL II<\/a><\/h2>\n\n\t\t\t\t<div class=\"su-post-meta\">\n\t\t\t\t\tVer\u00f6ffentlicht: 30. August 2015\t\t\t\t<\/div>\n\n\t\t\t\t<div class=\"su-post-excerpt\">\n\t\t\t\t\t<p>\u201eProject &gt;Gl\u00e4serner Mensch&lt; ist schon lange kein Skandal mehr\u201c, antwortete P3 (Participant, Number 3). \u201eIch stimme Ihnen vollkommen zu\u201c, pflichtete P5, der f\u00fcr die Statistics zust\u00e4ndig war, bei: \u201eDie Criminalrate sank auf beinahe 0%.\u201c \u201eEs handelte sich lediglich in den Jahren der Entwicklung um einen Fast-Skandal, nur solange wir es nicht unter den Schutz eines [&hellip;]<\/p>\n\t\t\t\t<\/div>\n\n\t\t\t\t\t\t\t\t\t<a href=\"https:\/\/www.verdichtet.at\/?p=3097#respond\" class=\"su-post-comments-link\">0 Kommentare<\/a>\n\t\t\t\t\n\t\t\t<\/div>\n\n\t\t\t\t\t\n\t\t\t\n\t\t\t<div id=\"su-post-2644\" class=\"su-post \">\n\n\t\t\t\t\n\t\t\t\t<h2 class=\"su-post-title\"><a href=\"https:\/\/www.verdichtet.at\/?p=2644\">IDEAL I<\/a><\/h2>\n\n\t\t\t\t<div class=\"su-post-meta\">\n\t\t\t\t\tVer\u00f6ffentlicht: 20. Mai 2015\t\t\t\t<\/div>\n\n\t\t\t\t<div class=\"su-post-excerpt\">\n\t\t\t\t\t<p>Wenn du sch\u00f6n bist, h\u00f6rt dir jeder zu. So lautete damals das Memo auf ihrem Freezer. Heute nennen sie ihre Friends &gt;Beauty&lt;. Daf\u00fcr arbeitete sie aber auch unaufh\u00f6rlich. Der Name also war Verdienst. Sie arbeitete daran selbst, wenn sie schlief \u2013 24 Hours\/Day. Am Anfang \u00fcbernahm sie den Work-out-Plan ihrer Mutter und glich ihn ihrem [&hellip;]<\/p>\n\t\t\t\t<\/div>\n\n\t\t\t\t\t\t\t\t\t<a href=\"https:\/\/www.verdichtet.at\/?p=2644#respond\" class=\"su-post-comments-link\">0 Kommentare<\/a>\n\t\t\t\t\n\t\t\t<\/div>\n\n\t\t\n\t\n<\/div>\n\n","protected":false},"excerpt":{"rendered":"","protected":false},"author":4,"featured_media":0,"parent":405,"menu_order":0,"comment_status":"closed","ping_status":"closed","template":"","meta":{"footnotes":""},"class_list":["post-3081","page","type-page","status-publish","hentry"],"_links":{"self":[{"href":"https:\/\/www.verdichtet.at\/index.php?rest_route=\/wp\/v2\/pages\/3081","targetHints":{"allow":["GET"]}}],"collection":[{"href":"https:\/\/www.verdichtet.at\/index.php?rest_route=\/wp\/v2\/pages"}],"about":[{"href":"https:\/\/www.verdichtet.at\/index.php?rest_route=\/wp\/v2\/types\/page"}],"author":[{"embeddable":true,"href":"https:\/\/www.verdichtet.at\/index.php?rest_route=\/wp\/v2\/users\/4"}],"replies":[{"embeddable":true,"href":"https:\/\/www.verdichtet.at\/index.php?rest_route=%2Fwp%2Fv2%2Fcomments&post=3081"}],"version-history":[{"count":5,"href":"https:\/\/www.verdichtet.at\/index.php?rest_route=\/wp\/v2\/pages\/3081\/revisions"}],"predecessor-version":[{"id":3088,"href":"https:\/\/www.verdichtet.at\/index.php?rest_route=\/wp\/v2\/pages\/3081\/revisions\/3088"}],"up":[{"embeddable":true,"href":"https:\/\/www.verdichtet.at\/index.php?rest_route=\/wp\/v2\/pages\/405"}],"wp:attachment":[{"href":"https:\/\/www.verdichtet.at\/index.php?rest_route=%2Fwp%2Fv2%2Fmedia&parent=3081"}],"curies":[{"name":"wp","href":"https:\/\/api.w.org\/{rel}","templated":true}]}}