{"id":2563,"date":"2015-05-05T15:23:14","date_gmt":"2015-05-05T15:23:14","guid":{"rendered":"http:\/\/www.verdichtet.at\/?page_id=2563"},"modified":"2015-08-29T08:05:21","modified_gmt":"2015-08-29T08:05:21","slug":"kunst","status":"publish","type":"page","link":"https:\/\/www.verdichtet.at\/?page_id=2563","title":{"rendered":"kunst amoi schau&#8217;n"},"content":{"rendered":"<div class=\"pdfprnt-buttons pdfprnt-buttons-page pdfprnt-top-right\"><a href=\"https:\/\/www.verdichtet.at\/index.php?rest_route=wpv2pages2563&print=pdf\" class=\"pdfprnt-button pdfprnt-button-pdf\" target=\"_blank\"><\/a><a href=\"https:\/\/www.verdichtet.at\/index.php?rest_route=wpv2pages2563&print=print\" class=\"pdfprnt-button pdfprnt-button-print\" target=\"_blank\"><\/a><\/div>\n\n<div class=\"su-posts su-posts-default-loop \">\n\n\t\n\t\t\t\t\t\n\t\t\t\n\t\t\t<div id=\"su-post-21117\" class=\"su-post \">\n\n\t\t\t\t\n\t\t\t\t<h2 class=\"su-post-title\"><a href=\"https:\/\/www.verdichtet.at\/?p=21117\">So ein Theater<\/a><\/h2>\n\n\t\t\t\t<div class=\"su-post-meta\">\n\t\t\t\t\tVer\u00f6ffentlicht: 26. Oktober 2025\t\t\t\t<\/div>\n\n\t\t\t\t<div class=\"su-post-excerpt\">\n\t\t\t\t\t<p>Das Licht geht aus, und es wird still, es \u00f6ffnet sich der Vorhang sachte.Ein Geist erscheint, ein kleiner dicker, das Publikum, das lachte.Der Mann im dritten Rang rutscht unruhig hin und her.Der Abstand ist zum Vordersitz zu eng, da wird es schwer. Vom Studium kehrt Hamlet unbeschwert zur\u00fcck nach Haus.Des Vaters Geist enth\u00fcllt, dass Bruder [&hellip;]<\/p>\n\t\t\t\t<\/div>\n\n\t\t\t\t\t\t\t\t\t<a href=\"https:\/\/www.verdichtet.at\/?p=21117#respond\" class=\"su-post-comments-link\">0 Kommentare<\/a>\n\t\t\t\t\n\t\t\t<\/div>\n\n\t\t\t\t\t\n\t\t\t\n\t\t\t<div id=\"su-post-20852\" class=\"su-post \">\n\n\t\t\t\t\n\t\t\t\t<h2 class=\"su-post-title\"><a href=\"https:\/\/www.verdichtet.at\/?p=20852\">Ecce Homo<\/a><\/h2>\n\n\t\t\t\t<div class=\"su-post-meta\">\n\t\t\t\t\tVer\u00f6ffentlicht: 2. September 2025\t\t\t\t<\/div>\n\n\t\t\t\t<div class=\"su-post-excerpt\">\n\t\t\t\t\t<p>Ach Gott, es bleibt f\u00fcr immer sichtbar,gr\u00e4sslich sieht das manchmal aus.Und es ist durch nichts vernichtbar,schon gar nicht durch: Radier das aus! Verdeckt das Ding den Leberfleck,erschwert es blo\u00df die Diagnose.Durch Beten geht es auch nicht wegund tarnt sich frech als Dermatose. Es bleibt, auch wenn du es nicht willst,auf ewig an dir kleben.Auch wenn [&hellip;]<\/p>\n\t\t\t\t<\/div>\n\n\t\t\t\t\t\t\t\t\t<a href=\"https:\/\/www.verdichtet.at\/?p=20852#respond\" class=\"su-post-comments-link\">0 Kommentare<\/a>\n\t\t\t\t\n\t\t\t<\/div>\n\n\t\t\t\t\t\n\t\t\t\n\t\t\t<div id=\"su-post-19008\" class=\"su-post \">\n\n\t\t\t\t\n\t\t\t\t<h2 class=\"su-post-title\"><a href=\"https:\/\/www.verdichtet.at\/?p=19008\">Schreiber<\/a><\/h2>\n\n\t\t\t\t<div class=\"su-post-meta\">\n\t\t\t\t\tVer\u00f6ffentlicht: 3. November 2024\t\t\t\t<\/div>\n\n\t\t\t\t<div class=\"su-post-excerpt\">\n\t\t\t\t\t<p>Irgendwann beginnt man als Schreiber, so gestelzt zu reden. \u201eDarf ich mich in Ihre Diskussion einbringen?\u201c, oder \u201eMich beschleicht die Vermutung, dass \u2026\u201c, oder \u201eIst das nicht eine ironische Volte?\u201c Als w\u00e4re man auf der B\u00fchne und l\u00e4se, obwohl man nur hinter einem Schreibtisch mit Mikro und Licht s\u00e4\u00dfe und das Publikum aus drei Zuh\u00f6rern [&hellip;]<\/p>\n\t\t\t\t<\/div>\n\n\t\t\t\t\t\t\t\t\t<a href=\"https:\/\/www.verdichtet.at\/?p=19008#respond\" class=\"su-post-comments-link\">0 Kommentare<\/a>\n\t\t\t\t\n\t\t\t<\/div>\n\n\t\t\t\t\t\n\t\t\t\n\t\t\t<div id=\"su-post-18404\" class=\"su-post \">\n\n\t\t\t\t\n\t\t\t\t<h2 class=\"su-post-title\"><a href=\"https:\/\/www.verdichtet.at\/?p=18404\">Majest\u00e4t<\/a><\/h2>\n\n\t\t\t\t<div class=\"su-post-meta\">\n\t\t\t\t\tVer\u00f6ffentlicht: 14. Juli 2024\t\t\t\t<\/div>\n\n\t\t\t\t<div class=\"su-post-excerpt\">\n\t\t\t\t\t<p>\u201eHier sollen meine Kinder stehen, ich meine ihre Bilder\u201c, sagt K\u00f6nig Charles III. zum Chefdekorateur des Buckingham Palace. \u201eDa meine Mutter und dahinter mein Vater, dort meine Enkel, dann nat\u00fcrlich meine liebe Camilla, und hier stehe ich, wo ich meinen Besuch begr\u00fc\u00dfe. Verstehen Sie?\u201c \u201eJa, Majest\u00e4t, nat\u00fcrlich\u201c, sagt der Chefdekorateur des Buckingham Palace. \u201eWie Sie [&hellip;]<\/p>\n\t\t\t\t<\/div>\n\n\t\t\t\t\t\t\t\t\t<a href=\"https:\/\/www.verdichtet.at\/?p=18404#respond\" class=\"su-post-comments-link\">0 Kommentare<\/a>\n\t\t\t\t\n\t\t\t<\/div>\n\n\t\t\t\t\t\n\t\t\t\n\t\t\t<div id=\"su-post-18557\" class=\"su-post \">\n\n\t\t\t\t\n\t\t\t\t<h2 class=\"su-post-title\"><a href=\"https:\/\/www.verdichtet.at\/?p=18557\">Cirrus<\/a><\/h2>\n\n\t\t\t\t<div class=\"su-post-meta\">\n\t\t\t\t\tVer\u00f6ffentlicht: 15. August 2024\t\t\t\t<\/div>\n\n\t\t\t\t<div class=\"su-post-excerpt\">\n\t\t\t\t\t<p>\u00dcber den Tisch verstreut liegen Fotos. Ich nehme eines nach dem anderen in die Hand und betrachte sie. Schlie\u00dflich entscheide ich mich f\u00fcr einen Schnappschuss, den meine Tochter wenige Tage bevor sie nach Berlin umgesiedelt ist, gemacht hat. Auf dem Foto sitzt Cirrus, mein wundersch\u00f6ner Kater, aufrecht auf seinem Lieblingsplatz, der Fensterbank. Er blickt aus [&hellip;]<\/p>\n\t\t\t\t<\/div>\n\n\t\t\t\t\t\t\t\t\t<a href=\"https:\/\/www.verdichtet.at\/?p=18557#comments\" class=\"su-post-comments-link\">2 comments<\/a>\n\t\t\t\t\n\t\t\t<\/div>\n\n\t\t\t\t\t\n\t\t\t\n\t\t\t<div id=\"su-post-18449\" class=\"su-post \">\n\n\t\t\t\t\n\t\t\t\t<h2 class=\"su-post-title\"><a href=\"https:\/\/www.verdichtet.at\/?p=18449\">Es f\u00fchlt sich richtig an<\/a><\/h2>\n\n\t\t\t\t<div class=\"su-post-meta\">\n\t\t\t\t\tVer\u00f6ffentlicht: 25. Juli 2024\t\t\t\t<\/div>\n\n\t\t\t\t<div class=\"su-post-excerpt\">\n\t\t\t\t\t<p>Pl\u00f6tzlich ist es still im Zimmer. Ich sehe von meiner Zeichnung auf, sehe dich ruhig in deinem Lieblingseck des Sofas sitzen, dein Oberk\u00f6rper aufrecht, die Beine angezogen, in der Hand die Fernbedienung. Du hast den Fernseher auf lautlos geschaltet. Auf dem Bildschirm bewegen sich die Schauspieler in ihren Rollen, \u00f6ffnen und schlie\u00dfen ihre M\u00fcnder, fisch\u00e4hnlich. [&hellip;]<\/p>\n\t\t\t\t<\/div>\n\n\t\t\t\t\t\t\t\t\t<a href=\"https:\/\/www.verdichtet.at\/?p=18449#comments\" class=\"su-post-comments-link\">2 comments<\/a>\n\t\t\t\t\n\t\t\t<\/div>\n\n\t\t\t\t\t\n\t\t\t\n\t\t\t<div id=\"su-post-3075\" class=\"su-post \">\n\n\t\t\t\t\n\t\t\t\t<h2 class=\"su-post-title\"><a href=\"https:\/\/www.verdichtet.at\/?p=3075\">Im Wladislaw-Saal der Prager Burg<\/a><\/h2>\n\n\t\t\t\t<div class=\"su-post-meta\">\n\t\t\t\t\tVer\u00f6ffentlicht: 28. August 2015\t\t\t\t<\/div>\n\n\t\t\t\t<div class=\"su-post-excerpt\">\n\t\t\t\t\t<p>Das ist ein Raum, den ich mit fliegenden Schritten durchtanzen m\u00f6chte, sofern ich das k\u00f6nnte. Weit ist er und mit matt gl\u00e4nzenden, honigfarbenen Holzdielen belegt, die in den vergangenen f\u00fcnf Jahrhunderten Abermillionen F\u00fc\u00dfe \u00fcber sich gehen, schreiten, schlurfen, tanzen und wohl auch st\u00f6ckeln f\u00fchlten. Sogar auf Pferden wurde durch den Saal geritten, kann man im [&hellip;]<\/p>\n\t\t\t\t<\/div>\n\n\t\t\t\t\t\t\t\t\t<a href=\"https:\/\/www.verdichtet.at\/?p=3075#respond\" class=\"su-post-comments-link\">0 Kommentare<\/a>\n\t\t\t\t\n\t\t\t<\/div>\n\n\t\t\t\t\t\n\t\t\t\n\t\t\t<div id=\"su-post-9131\" class=\"su-post \">\n\n\t\t\t\t\n\t\t\t\t<h2 class=\"su-post-title\"><a href=\"https:\/\/www.verdichtet.at\/?p=9131\">Holzskulpturen<\/a><\/h2>\n\n\t\t\t\t<div class=\"su-post-meta\">\n\t\t\t\t\tVer\u00f6ffentlicht: 30. Dezember 2018\t\t\t\t<\/div>\n\n\t\t\t\t<div class=\"su-post-excerpt\">\n\t\t\t\t\t<p>Ich entdecke in einer h\u00e4sslich restaurierten Kirche sch\u00f6ne Skulpturen, die zum Ber\u00fchren einladen. Der Kirche sieht man an, dass sie lange f\u00fcr die Bewohner der Stadt keine Rolle gespielt hat. Jahrzehnte ist sie heruntergekommen und niemand hat in ihr mehr Frieden gesucht, geschweige denn die N\u00e4he Gottes. Solche Zeiten gibt es, und eine Restaurierung kann [&hellip;]<\/p>\n\t\t\t\t<\/div>\n\n\t\t\t\t\t\t\t\t\t<a href=\"https:\/\/www.verdichtet.at\/?p=9131#respond\" class=\"su-post-comments-link\">0 Kommentare<\/a>\n\t\t\t\t\n\t\t\t<\/div>\n\n\t\t\t\t\t\n\t\t\t\n\t\t\t<div id=\"su-post-16341\" class=\"su-post \">\n\n\t\t\t\t\n\t\t\t\t<h2 class=\"su-post-title\"><a href=\"https:\/\/www.verdichtet.at\/?p=16341\">Die Spiegelfrau<\/a><\/h2>\n\n\t\t\t\t<div class=\"su-post-meta\">\n\t\t\t\t\tVer\u00f6ffentlicht: 22. Juli 2023\t\t\t\t<\/div>\n\n\t\t\t\t<div class=\"su-post-excerpt\">\n\t\t\t\t\t<p>\u00dcber die Schneiderpuppe aus Spiegelfolie von Friedrich J. Tragauer. Die Spiegelfrau, die zerschnittene und mit roten Faden wieder vern\u00e4hte. Die sich dir nicht zeigt, doch du sieht dich selbst in ihr. Sie kann dir nichts erz\u00e4hlen, weil sie keinen Mund hat. Sie kann dich nicht angreifen, weil sie keine H\u00e4nde hat. Aber du kannst ihr [&hellip;]<\/p>\n\t\t\t\t<\/div>\n\n\t\t\t\t\t\t\t\t\t<a href=\"https:\/\/www.verdichtet.at\/?p=16341#respond\" class=\"su-post-comments-link\">0 Kommentare<\/a>\n\t\t\t\t\n\t\t\t<\/div>\n\n\t\t\t\t\t\n\t\t\t\n\t\t\t<div id=\"su-post-16712\" class=\"su-post \">\n\n\t\t\t\t\n\t\t\t\t<h2 class=\"su-post-title\"><a href=\"https:\/\/www.verdichtet.at\/?p=16712\">Augenblick<\/a><\/h2>\n\n\t\t\t\t<div class=\"su-post-meta\">\n\t\t\t\t\tVer\u00f6ffentlicht: 29. September 2023\t\t\t\t<\/div>\n\n\t\t\t\t<div class=\"su-post-excerpt\">\n\t\t\t\t\t<p>\u00d6ffne deine Augen, meine Liebe, und schenk mir einen Augenblick. Johannes Tosin (Text und Foto) www.verdichtet.at | Kategorie:\u00a0kunst amoi schau&#8217;n | Inventarnummer: 23163<\/p>\n\t\t\t\t<\/div>\n\n\t\t\t\t\t\t\t\t\t<a href=\"https:\/\/www.verdichtet.at\/?p=16712#respond\" class=\"su-post-comments-link\">0 Kommentare<\/a>\n\t\t\t\t\n\t\t\t<\/div>\n\n\t\t\t\t\t\n\t\t\t\n\t\t\t<div id=\"su-post-16862\" class=\"su-post \">\n\n\t\t\t\t\n\t\t\t\t<h2 class=\"su-post-title\"><a href=\"https:\/\/www.verdichtet.at\/?p=16862\">Malermeister Herbst<\/a><\/h2>\n\n\t\t\t\t<div class=\"su-post-meta\">\n\t\t\t\t\tVer\u00f6ffentlicht: 17. Oktober 2023\t\t\t\t<\/div>\n\n\t\t\t\t<div class=\"su-post-excerpt\">\n\t\t\t\t\t<p>Gestatten Sie, dass ich mich vorstelle, mein Name ist Herbst, Malermeister Herbst! Die Natur hat mir die Aufgabe zugeteilt, die Bl\u00e4tter der B\u00e4ume und Str\u00e4ucher zu f\u00e4rben. Meine Gehilfin ist die Sonne, die mir mit ihren schw\u00e4cher werdenden Strahlen hilft, die einzigartigsten Farben in einem wahren Farbenrausch auf die Bl\u00e4tter zu bringen. Von hellem Braun [&hellip;]<\/p>\n\t\t\t\t<\/div>\n\n\t\t\t\t\t\t\t\t\t<a href=\"https:\/\/www.verdichtet.at\/?p=16862#respond\" class=\"su-post-comments-link\">0 Kommentare<\/a>\n\t\t\t\t\n\t\t\t<\/div>\n\n\t\t\t\t\t\n\t\t\t\n\t\t\t<div id=\"su-post-15758\" class=\"su-post \">\n\n\t\t\t\t\n\t\t\t\t<h2 class=\"su-post-title\"><a href=\"https:\/\/www.verdichtet.at\/?p=15758\">Allen-esk<\/a><\/h2>\n\n\t\t\t\t<div class=\"su-post-meta\">\n\t\t\t\t\tVer\u00f6ffentlicht: 13. April 2023\t\t\t\t<\/div>\n\n\t\t\t\t<div class=\"su-post-excerpt\">\n\t\t\t\t\t<p>Vor Jahren sah ich in einer Studierendenkneipe eine Ausstellung eines Hobbymalers. Die durch und durch wenig gelungenen Bilder sollten Anarchist*innen abbilden. Ich blieb vor einem Bild, das einen Mann mit einer gro\u00dfen Brille zeigte, stehen und fragte: \u201eIst das Woody Allen?\u201c Der danebenstehende Maler r\u00fcmpfte pikiert die Nase. Nach l\u00e4ngerer Betrachtung komme ich zu dem [&hellip;]<\/p>\n\t\t\t\t<\/div>\n\n\t\t\t\t\t\t\t\t\t<a href=\"https:\/\/www.verdichtet.at\/?p=15758#respond\" class=\"su-post-comments-link\">0 Kommentare<\/a>\n\t\t\t\t\n\t\t\t<\/div>\n\n\t\t\t\t\t\n\t\t\t\n\t\t\t<div id=\"su-post-13870\" class=\"su-post \">\n\n\t\t\t\t\n\t\t\t\t<h2 class=\"su-post-title\"><a href=\"https:\/\/www.verdichtet.at\/?p=13870\">Ins Lichtspieltheater<\/a><\/h2>\n\n\t\t\t\t<div class=\"su-post-meta\">\n\t\t\t\t\tVer\u00f6ffentlicht: 18. Februar 2022\t\t\t\t<\/div>\n\n\t\t\t\t<div class=\"su-post-excerpt\">\n\t\t\t\t\t<p>\u201eIns Lichtspieltheater, ich mit Ihnen, heute, tja, warum eigentlich nicht? Hab ich denn etwas zu verlieren au\u00dfer meinen guten Ruf? Nein, nein, ich denke doch nicht. Soll ein M\u00e4dchen bei Ihnen nicht den Fu\u00df von der Bremse nehmen und stattdessen das Gaspedal voll durchdr\u00fccken?\u201c Johannes Tosin (Text und Foto) www.verdichtet.at | Kategorie:\u00a0kunst amoi schau&#8217;n | [&hellip;]<\/p>\n\t\t\t\t<\/div>\n\n\t\t\t\t\t\t\t\t\t<a href=\"https:\/\/www.verdichtet.at\/?p=13870#respond\" class=\"su-post-comments-link\">0 Kommentare<\/a>\n\t\t\t\t\n\t\t\t<\/div>\n\n\t\t\t\t\t\n\t\t\t\n\t\t\t<div id=\"su-post-13551\" class=\"su-post \">\n\n\t\t\t\t\n\t\t\t\t<h2 class=\"su-post-title\"><a href=\"https:\/\/www.verdichtet.at\/?p=13551\">Seerosenfrau<\/a><\/h2>\n\n\t\t\t\t<div class=\"su-post-meta\">\n\t\t\t\t\tVer\u00f6ffentlicht: 26. Dezember 2021\t\t\t\t<\/div>\n\n\t\t\t\t<div class=\"su-post-excerpt\">\n\t\t\t\t\t<p>Wie ist dein Himmel, Seerosenfrau, wie ist dein Gras, wie ist dein Wasser? Ich bin die Wolke, aus der Regen f\u00e4llt, der dich trifft. Ich ziehe weiter, doch du bleibst am selben Ort. Johannes Tosin (Text und Foto) www.verdichtet.at | Kategorie:\u00a0kunst amoi schau&#8217;n | Inventarnummer: 22001<\/p>\n\t\t\t\t<\/div>\n\n\t\t\t\t\t\t\t\t\t<a href=\"https:\/\/www.verdichtet.at\/?p=13551#respond\" class=\"su-post-comments-link\">0 Kommentare<\/a>\n\t\t\t\t\n\t\t\t<\/div>\n\n\t\t\t\t\t\n\t\t\t\n\t\t\t<div id=\"su-post-13662\" class=\"su-post \">\n\n\t\t\t\t\n\t\t\t\t<h2 class=\"su-post-title\"><a href=\"https:\/\/www.verdichtet.at\/?p=13662\">Bioskop<\/a><\/h2>\n\n\t\t\t\t<div class=\"su-post-meta\">\n\t\t\t\t\tVer\u00f6ffentlicht: 17. Januar 2022\t\t\t\t<\/div>\n\n\t\t\t\t<div class=\"su-post-excerpt\">\n\t\t\t\t\t<p>\u201eHast du eine lieblingsschauspielerin?\u201c, fragte ich und damals h\u00e4tte ich noch nicht wissen k\u00f6nnen, dass alles, was ich bisher \u00fcber zwischenmenschliches wusste, aus ebenjenen filmen entstammte, die ich sp\u00e4tabends nach meiner arbeit im kino angesehen habe. Und die traumfabrik. Wo tr\u00e4ume hergestellt wurden\u00a0 (tr\u00e4ume sind sch\u00e4ume) und doch: als sechzehnj\u00e4hriger hat das alles noch ein [&hellip;]<\/p>\n\t\t\t\t<\/div>\n\n\t\t\t\t\t\t\t\t\t<a href=\"https:\/\/www.verdichtet.at\/?p=13662#respond\" class=\"su-post-comments-link\">0 Kommentare<\/a>\n\t\t\t\t\n\t\t\t<\/div>\n\n\t\t\t\t\t\n\t\t\t\n\t\t\t<div id=\"su-post-11031\" class=\"su-post \">\n\n\t\t\t\t\n\t\t\t\t<h2 class=\"su-post-title\"><a href=\"https:\/\/www.verdichtet.at\/?p=11031\">Nackt<\/a><\/h2>\n\n\t\t\t\t<div class=\"su-post-meta\">\n\t\t\t\t\tVer\u00f6ffentlicht: 29. M\u00e4rz 2020\t\t\t\t<\/div>\n\n\t\t\t\t<div class=\"su-post-excerpt\">\n\t\t\t\t\t<p>Nackt. So wie du bist. Sch\u00f6n oder auch nicht. Nichts verstecken, nichts kaschieren, Push-up-Bra gestrichen. Du stehst vor dir im Spiegel. Gef\u00e4llst du dir, unbedingt? Nein doch sicherlich, denn sonst w\u00e4rst du ja keine Frau. Denk doch, Honigs\u00fc\u00dfe, perfekt sind nur die G\u00f6tter. Und auch die nur in der Imagination. In Wirklichkeit hat auch Venus [&hellip;]<\/p>\n\t\t\t\t<\/div>\n\n\t\t\t\t\t\t\t\t\t<a href=\"https:\/\/www.verdichtet.at\/?p=11031#respond\" class=\"su-post-comments-link\">0 Kommentare<\/a>\n\t\t\t\t\n\t\t\t<\/div>\n\n\t\t\t\t\t\n\t\t\t\n\t\t\t<div id=\"su-post-8061\" class=\"su-post \">\n\n\t\t\t\t\n\t\t\t\t<h2 class=\"su-post-title\"><a href=\"https:\/\/www.verdichtet.at\/?p=8061\">Skulptur<\/a><\/h2>\n\n\t\t\t\t<div class=\"su-post-meta\">\n\t\t\t\t\tVer\u00f6ffentlicht: 24. April 2018\t\t\t\t<\/div>\n\n\t\t\t\t<div class=\"su-post-excerpt\">\n\t\t\t\t\t<p>Mein unbekannter Meister schl\u00e4gt und h\u00e4mmert mich in meine neue Form. Aus einer groben, wallenden Masse, schleift er meine samtige Skulptur. Fauchend, schabt er aus, was mein verk\u00fcmmertes Herz mal war. Ersetzt es durch gl\u00e4nzend wei\u00dfes Perlmutt und Glas, klinisch makellos und klar. Nives Farrier aus: Nach Dir. (TwentySix Verlag, 2018) www.verdichtet.at | Kategorie: kunst [&hellip;]<\/p>\n\t\t\t\t<\/div>\n\n\t\t\t\t\t\t\t\t\t<a href=\"https:\/\/www.verdichtet.at\/?p=8061#respond\" class=\"su-post-comments-link\">0 Kommentare<\/a>\n\t\t\t\t\n\t\t\t<\/div>\n\n\t\t\t\t\t\n\t\t\t\n\t\t\t<div id=\"su-post-8528\" class=\"su-post \">\n\n\t\t\t\t\n\t\t\t\t<h2 class=\"su-post-title\"><a href=\"https:\/\/www.verdichtet.at\/?p=8528\">Flamboyant<\/a><\/h2>\n\n\t\t\t\t<div class=\"su-post-meta\">\n\t\t\t\t\tVer\u00f6ffentlicht: 14. August 2018\t\t\t\t<\/div>\n\n\t\t\t\t<div class=\"su-post-excerpt\">\n\t\t\t\t\t<p>Die Geschichte nahm ihren Anfang w\u00e4hrend meines Praktikums bei einem gro\u00dfen deutschsprachigen Schweizer Kulturmagazin. Gerade einmal graduierter Magister der Medienwissenschaft, durfte ich, begleitet von einem Fotografenkollegen, meinen ersten Artikel gestalten. Eine angesagte K\u00fcnstlerin hatte k\u00fcrzlich mit gro\u00dfem Erfolg ihre Ausstellung in der Kunsthalle absolviert, und nun waren viele Menschen neugierig auf das Arbeitsumfeld der als [&hellip;]<\/p>\n\t\t\t\t<\/div>\n\n\t\t\t\t\t\t\t\t\t<a href=\"https:\/\/www.verdichtet.at\/?p=8528#respond\" class=\"su-post-comments-link\">0 Kommentare<\/a>\n\t\t\t\t\n\t\t\t<\/div>\n\n\t\t\t\t\t\n\t\t\t\n\t\t\t<div id=\"su-post-7878\" class=\"su-post \">\n\n\t\t\t\t\n\t\t\t\t<h2 class=\"su-post-title\"><a href=\"https:\/\/www.verdichtet.at\/?p=7878\">Das neue Auge<\/a><\/h2>\n\n\t\t\t\t<div class=\"su-post-meta\">\n\t\t\t\t\tVer\u00f6ffentlicht: 20. April 2018\t\t\t\t<\/div>\n\n\t\t\t\t<div class=\"su-post-excerpt\">\n\t\t\t\t\t<p>Sinnlich liegt sie mir in der Hand, und ihre Anschmiegsamkeit w\u00e4rmt mich bis unter die Haut, auch wenn meine Finger noch nicht die richtigen Stellen blind treffen, ich noch nach ihren Kn\u00f6pfen taste und linkisch an ihren R\u00e4dchen drehe, die meiner neuen Geliebten, der k\u00fcrzlich erworbenen Kamera\u00a0\u2014 meinem neuen Auge. Und durch viele H\u00e4nde bist [&hellip;]<\/p>\n\t\t\t\t<\/div>\n\n\t\t\t\t\t\t\t\t\t<a href=\"https:\/\/www.verdichtet.at\/?p=7878#comments\" class=\"su-post-comments-link\">Ein Kommentar<\/a>\n\t\t\t\t\n\t\t\t<\/div>\n\n\t\t\t\t\t\n\t\t\t\n\t\t\t<div id=\"su-post-7083\" class=\"su-post \">\n\n\t\t\t\t\n\t\t\t\t<h2 class=\"su-post-title\"><a href=\"https:\/\/www.verdichtet.at\/?p=7083\">Malen<\/a><\/h2>\n\n\t\t\t\t<div class=\"su-post-meta\">\n\t\t\t\t\tVer\u00f6ffentlicht: 6. Oktober 2017\t\t\t\t<\/div>\n\n\t\t\t\t<div class=\"su-post-excerpt\">\n\t\t\t\t\t<p>Fein ist das Grau, Ohne Konturen, frei rinnt es zusammen, Der wei\u00dfe Schwamm, saugt Ruhe in sich auf, Gitarren vibrieren, B\u00e4sse drehen Kreise, Borsten formen Formen Florian Pfeffer www.verdichtet.at | Kategorie: kunst amoi schau&#8217;n | Inventarnummer: 18005<\/p>\n\t\t\t\t<\/div>\n\n\t\t\t\t\t\t\t\t\t<a href=\"https:\/\/www.verdichtet.at\/?p=7083#respond\" class=\"su-post-comments-link\">0 Kommentare<\/a>\n\t\t\t\t\n\t\t\t<\/div>\n\n\t\t\t\t\t\n\t\t\t\n\t\t\t<div id=\"su-post-7371\" class=\"su-post \">\n\n\t\t\t\t\n\t\t\t\t<h2 class=\"su-post-title\"><a href=\"https:\/\/www.verdichtet.at\/?p=7371\">Im Zwiespalt von Kunst und Macht<\/a><\/h2>\n\n\t\t\t\t<div class=\"su-post-meta\">\n\t\t\t\t\tVer\u00f6ffentlicht: 16. Dezember 2017\t\t\t\t<\/div>\n\n\t\t\t\t<div class=\"su-post-excerpt\">\n\t\t\t\t\t<p>Palazzo della civilt\u00e0 italiana \u2013 Rom Eine leichte Brise ist aufgekommen, jetzt, wo die Sonne beginnt, sich hinter den Horizont zu neigen, und ein Fr\u00f6steln in meinen Fingerspitzen macht mich darauf aufmerksam, wie zeitlos lange ich hier gesessen bin, am Rande der Plattform versunken in Betrachtung dieser B\u00f6gen; versunken im Versuch, jeden einzelnen von ihnen [&hellip;]<\/p>\n\t\t\t\t<\/div>\n\n\t\t\t\t\t\t\t\t\t<a href=\"https:\/\/www.verdichtet.at\/?p=7371#respond\" class=\"su-post-comments-link\">0 Kommentare<\/a>\n\t\t\t\t\n\t\t\t<\/div>\n\n\t\t\t\t\t\n\t\t\t\n\t\t\t<div id=\"su-post-7012\" class=\"su-post \">\n\n\t\t\t\t\n\t\t\t\t<h2 class=\"su-post-title\"><a href=\"https:\/\/www.verdichtet.at\/?p=7012\">Von der Last der Farbe befreit<\/a><\/h2>\n\n\t\t\t\t<div class=\"su-post-meta\">\n\t\t\t\t\tVer\u00f6ffentlicht: 15. September 2017\t\t\t\t<\/div>\n\n\t\t\t\t<div class=\"su-post-excerpt\">\n\t\t\t\t\t<p>Und manchmal st\u00f6rt es einen, von der \u00dcberf\u00fclle der nackten Blickeswahrnehmung vor einem \u00fcberfallen zu werden &#8211; gesegnet die Kurzsichtigen, die mit Abnahme der Brille die Welt in eine Verschwommenheit zu tauchen verm\u00f6gen, um sie klarer, umfassender, einnehmender aufnehmen zu k\u00f6nnen. Und \u00e4hnlich verh\u00e4lt es sich mit der Farbe, manchmal vermeint man sie aus dem [&hellip;]<\/p>\n\t\t\t\t<\/div>\n\n\t\t\t\t\t\t\t\t\t<a href=\"https:\/\/www.verdichtet.at\/?p=7012#respond\" class=\"su-post-comments-link\">0 Kommentare<\/a>\n\t\t\t\t\n\t\t\t<\/div>\n\n\t\t\t\t\t\n\t\t\t\n\t\t\t<div id=\"su-post-6681\" class=\"su-post \">\n\n\t\t\t\t\n\t\t\t\t<h2 class=\"su-post-title\"><a href=\"https:\/\/www.verdichtet.at\/?p=6681\">Der Raub der Sappho<\/a><\/h2>\n\n\t\t\t\t<div class=\"su-post-meta\">\n\t\t\t\t\tVer\u00f6ffentlicht: 28. Juni 2017\t\t\t\t<\/div>\n\n\t\t\t\t<div class=\"su-post-excerpt\">\n\t\t\t\t\t<p>Trauerspiel in vier Aufz\u00fcgen 1. Wann kann das gewesen sein? Wie alt war ich damals, als ich diese Trag\u00f6die erlebte? Erlitt, und ich leide bis heute daran. Im Josefst\u00e4dter Theater war es, da bin ich mir sicher, und dass ich ein Kleid anhatte, das mir meine Schwester Agnes aus Amerika geschickt hatte. Nat\u00fcrlich kein Care-Paket [&hellip;]<\/p>\n\t\t\t\t<\/div>\n\n\t\t\t\t\t\t\t\t\t<a href=\"https:\/\/www.verdichtet.at\/?p=6681#respond\" class=\"su-post-comments-link\">0 Kommentare<\/a>\n\t\t\t\t\n\t\t\t<\/div>\n\n\t\t\t\t\t\n\t\t\t\n\t\t\t<div id=\"su-post-5326\" class=\"su-post \">\n\n\t\t\t\t\n\t\t\t\t<h2 class=\"su-post-title\"><a href=\"https:\/\/www.verdichtet.at\/?p=5326\">In einem kleinen Dorf<\/a><\/h2>\n\n\t\t\t\t<div class=\"su-post-meta\">\n\t\t\t\t\tVer\u00f6ffentlicht: 29. Oktober 2016\t\t\t\t<\/div>\n\n\t\t\t\t<div class=\"su-post-excerpt\">\n\t\t\t\t\t<p>Gratwein ist ein kleines Dorf in \u00d6sterreich. Es ist unweit der steirischen Landeshauptstadt Graz gelegen. Etwa dreitausendf\u00fcnfhundert Menschen leben in Gratwein, und die haben es in sich. Oswald Heiner, der ehemalige Gratweiner K\u00fcnstler, ist einer von ihnen. An einer Universit\u00e4t hat er nie studiert, er hat sich alles selbst beigebracht. Bevor er K\u00fcnstler wurde, war [&hellip;]<\/p>\n\t\t\t\t<\/div>\n\n\t\t\t\t\t\t\t\t\t<a href=\"https:\/\/www.verdichtet.at\/?p=5326#respond\" class=\"su-post-comments-link\">0 Kommentare<\/a>\n\t\t\t\t\n\t\t\t<\/div>\n\n\t\t\t\t\t\n\t\t\t\n\t\t\t<div id=\"su-post-5145\" class=\"su-post \">\n\n\t\t\t\t\n\t\t\t\t<h2 class=\"su-post-title\"><a href=\"https:\/\/www.verdichtet.at\/?p=5145\">Wer hat Angst vor Rot, Gelb und Blau<\/a><\/h2>\n\n\t\t\t\t<div class=\"su-post-meta\">\n\t\t\t\t\tVer\u00f6ffentlicht: 1. Oktober 2016\t\t\t\t<\/div>\n\n\t\t\t\t<div class=\"su-post-excerpt\">\n\t\t\t\t\t<p>Dass die mich nicht eingelocht und freigesprochen haben, war kein Gl\u00fcck, das war K\u00f6nnen. Wegen Unzurechnungsf\u00e4higkeit zur Tatzeit. Sonst w\u00fcrde ich jetzt noch in der Anstalt hocken. Und &#8230; das mit dem Bild, das habe ich mir reichlich \u00fcberlegt. Ich meine, da habe ich ein Bild besch\u00e4digt und dann st\u00fcrzen sich alle auf mich wie [&hellip;]<\/p>\n\t\t\t\t<\/div>\n\n\t\t\t\t\t\t\t\t\t<a href=\"https:\/\/www.verdichtet.at\/?p=5145#respond\" class=\"su-post-comments-link\">0 Kommentare<\/a>\n\t\t\t\t\n\t\t\t<\/div>\n\n\t\t\t\t\t\n\t\t\t\n\t\t\t<div id=\"su-post-4610\" class=\"su-post \">\n\n\t\t\t\t\n\t\t\t\t<h2 class=\"su-post-title\"><a href=\"https:\/\/www.verdichtet.at\/?p=4610\">Zwei Bilder<\/a><\/h2>\n\n\t\t\t\t<div class=\"su-post-meta\">\n\t\t\t\t\tVer\u00f6ffentlicht: 13. Juni 2016\t\t\t\t<\/div>\n\n\t\t\t\t<div class=\"su-post-excerpt\">\n\t\t\t\t\t<p>Es war eine lange Passage, von Bordeaux nach Tahiti, die der ber\u00fchmte Maler Aribert Vergouts mit seinem Modell Anne Palimenta unternahm. Auf Tahiti wollte er das dortige \u201ehimmlische Licht\u201c in einem Gem\u00e4lde mit seinem Modell einfangen. Monsieur Aribert und Mademoiselle Anne hatten getrennte Kaj\u00fcten. Er versuchte alles, um sie zu verf\u00fchren, aber sie wehrte sich [&hellip;]<\/p>\n\t\t\t\t<\/div>\n\n\t\t\t\t\t\t\t\t\t<a href=\"https:\/\/www.verdichtet.at\/?p=4610#respond\" class=\"su-post-comments-link\">0 Kommentare<\/a>\n\t\t\t\t\n\t\t\t<\/div>\n\n\t\t\t\t\t\n\t\t\t\n\t\t\t<div id=\"su-post-4881\" class=\"su-post \">\n\n\t\t\t\t\n\t\t\t\t<h2 class=\"su-post-title\"><a href=\"https:\/\/www.verdichtet.at\/?p=4881\">Borrom\u00e4us\u2018 Beistand<\/a><\/h2>\n\n\t\t\t\t<div class=\"su-post-meta\">\n\t\t\t\t\tVer\u00f6ffentlicht: 22. August 2016\t\t\t\t<\/div>\n\n\t\t\t\t<div class=\"su-post-excerpt\">\n\t\t\t\t\t<p>Zu F\u00fc\u00dfen des Heiligen liegen rechts zwei Putti und ich bin dabei, die beiden kleinen barocken Kerle wieder adrett herzurichten, konkret restauriere ich gerade, mit der Farbpalette in der linken und dem Pinsel in der rechten Hand, den linken bl\u00e4ulichen Fl\u00fcgel des hinteren Engels, dessen Blick tr\u00e4umerisch in Leere zu gehen scheint. Es ist eine [&hellip;]<\/p>\n\t\t\t\t<\/div>\n\n\t\t\t\t\t\t\t\t\t<a href=\"https:\/\/www.verdichtet.at\/?p=4881#respond\" class=\"su-post-comments-link\">0 Kommentare<\/a>\n\t\t\t\t\n\t\t\t<\/div>\n\n\t\t\t\t\t\n\t\t\t\n\t\t\t<div id=\"su-post-4614\" class=\"su-post \">\n\n\t\t\t\t\n\t\t\t\t<h2 class=\"su-post-title\"><a href=\"https:\/\/www.verdichtet.at\/?p=4614\">Der Drucker, der nicht lesen konnte<\/a><\/h2>\n\n\t\t\t\t<div class=\"su-post-meta\">\n\t\t\t\t\tVer\u00f6ffentlicht: 13. Juni 2016\t\t\t\t<\/div>\n\n\t\t\t\t<div class=\"su-post-excerpt\">\n\t\t\t\t\t<p>Er war der Drucker, der nicht lesen konnte. Noch in den 1970er-Jahren trug es sich zu. Niemand wusste, wie Bong es geschafft hatte, den Hauptschulabschluss zu erreichen. Und dann hier in dieser ehrw\u00fcrdigen Zeitungsdruckerei einen Lehrplatz als Drucker zu ergattern. Und die Lehre dann, als Gipfel des Erfolgs, auch abzuschlie\u00dfen. Er war jetzt Drucker-Geselle. Die [&hellip;]<\/p>\n\t\t\t\t<\/div>\n\n\t\t\t\t\t\t\t\t\t<a href=\"https:\/\/www.verdichtet.at\/?p=4614#respond\" class=\"su-post-comments-link\">0 Kommentare<\/a>\n\t\t\t\t\n\t\t\t<\/div>\n\n\t\t\t\t\t\n\t\t\t\n\t\t\t<div id=\"su-post-3218\" class=\"su-post \">\n\n\t\t\t\t\n\t\t\t\t<h2 class=\"su-post-title\"><a href=\"https:\/\/www.verdichtet.at\/?p=3218\">Die Stadt der Anderen<\/a><\/h2>\n\n\t\t\t\t<div class=\"su-post-meta\">\n\t\t\t\t\tVer\u00f6ffentlicht: 19. September 2015\t\t\t\t<\/div>\n\n\t\t\t\t<div class=\"su-post-excerpt\">\n\t\t\t\t\t<p>Es sind zwei H\u00fcgel. Und auf diesen H\u00fcgeln liegen zwei St\u00e4dte, die sich gegenseitig trotzig belauern, wer wohl die sch\u00f6nere, die h\u00f6here von beiden sei. Und Tag f\u00fcr Tag spielt die Sonne mit deren Eitelkeiten und der gegenseitigen Eifersucht, wenn sie morgens die eine Stadt im blendenden Glanz erstrahlen l\u00e4sst und diese ihren breiten Schatten [&hellip;]<\/p>\n\t\t\t\t<\/div>\n\n\t\t\t\t\t\t\t\t\t<a href=\"https:\/\/www.verdichtet.at\/?p=3218#respond\" class=\"su-post-comments-link\">0 Kommentare<\/a>\n\t\t\t\t\n\t\t\t<\/div>\n\n\t\t\t\t\t\n\t\t\t\n\t\t\t<div id=\"su-post-3094\" class=\"su-post \">\n\n\t\t\t\t\n\t\t\t\t<h2 class=\"su-post-title\"><a href=\"https:\/\/www.verdichtet.at\/?p=3094\">Inszenierung<\/a><\/h2>\n\n\t\t\t\t<div class=\"su-post-meta\">\n\t\t\t\t\tVer\u00f6ffentlicht: 30. August 2015\t\t\t\t<\/div>\n\n\t\t\t\t<div class=\"su-post-excerpt\">\n\t\t\t\t\t<p>Es ist der 3. Juli und wir befinden uns heute im Theater, vorletzte Auff\u00fchrung, die Karten sind &#8211; wie an den Abenden und Wochen davor &#8211; restlos ausverkauft, das St\u00fcck schreitet zum dritten Akt voran, im Publikum: erregte Ungeduld. Pl\u00f6tzlich! \u2013 Licht unz\u00e4hliger Scheinwerfer flutet die B\u00fchne, ein schwarzgekleideter Mann mit Hut tritt auf: Es [&hellip;]<\/p>\n\t\t\t\t<\/div>\n\n\t\t\t\t\t\t\t\t\t<a href=\"https:\/\/www.verdichtet.at\/?p=3094#respond\" class=\"su-post-comments-link\">0 Kommentare<\/a>\n\t\t\t\t\n\t\t\t<\/div>\n\n\t\t\t\t\t\n\t\t\t\n\t\t\t<div id=\"su-post-2576\" class=\"su-post \">\n\n\t\t\t\t\n\t\t\t\t<h2 class=\"su-post-title\"><a href=\"https:\/\/www.verdichtet.at\/?p=2576\">Das Bild<\/a><\/h2>\n\n\t\t\t\t<div class=\"su-post-meta\">\n\t\t\t\t\tVer\u00f6ffentlicht: 7. Mai 2015\t\t\t\t<\/div>\n\n\t\t\t\t<div class=\"su-post-excerpt\">\n\t\t\t\t\t<p>Ich warte darauf, dass das Bild mir von sich erz\u00e4hlt. Aber noch ist es nicht so weit. Noch schweigt es. Es ist weit gereist, von Wien in die Steiermark, immerhin. Ob es mitbekommen hat, dass es nicht mehr in der Mappe seines Sch\u00f6pfers liegt? Dass es ein neues Zuhause hat? Wo ist sein neues Zuhause? [&hellip;]<\/p>\n\t\t\t\t<\/div>\n\n\t\t\t\t\t\t\t\t\t<a href=\"https:\/\/www.verdichtet.at\/?p=2576#comments\" class=\"su-post-comments-link\">Ein Kommentar<\/a>\n\t\t\t\t\n\t\t\t<\/div>\n\n\t\t\t\t\t\n\t\t\t\n\t\t\t<div id=\"su-post-2628\" class=\"su-post \">\n\n\t\t\t\t\n\t\t\t\t<h2 class=\"su-post-title\"><a href=\"https:\/\/www.verdichtet.at\/?p=2628\">Zahnfee reloaded<\/a><\/h2>\n\n\t\t\t\t<div class=\"su-post-meta\">\n\t\t\t\t\tVer\u00f6ffentlicht: 19. Mai 2015\t\t\t\t<\/div>\n\n\t\t\t\t<div class=\"su-post-excerpt\">\n\t\t\t\t\t<p>Man sieht mich auf dem Sozius einer Harley sitzen. Ich bin eine kleine Person von zierlicher Statur und das ist auch auf dem gro\u00dfformatigen Bild zu sehen. In meinem wei\u00dfen Kittel, mit aufgestecktem Haar und ohne Helm sitze ich dort. Und wer genau hinsieht, der erkennt, ich habe meine Lupenbrille auf und ein sehr sanftes [&hellip;]<\/p>\n\t\t\t\t<\/div>\n\n\t\t\t\t\t\t\t\t\t<a href=\"https:\/\/www.verdichtet.at\/?p=2628#comments\" class=\"su-post-comments-link\">Ein Kommentar<\/a>\n\t\t\t\t\n\t\t\t<\/div>\n\n\t\t\t\t\t\n\t\t\t\n\t\t\t<div id=\"su-post-2548\" class=\"su-post \">\n\n\t\t\t\t\n\t\t\t\t<h2 class=\"su-post-title\"><a href=\"https:\/\/www.verdichtet.at\/?p=2548\">Allein mit Meret Oppenheim<\/a><\/h2>\n\n\t\t\t\t<div class=\"su-post-meta\">\n\t\t\t\t\tVer\u00f6ffentlicht: 4. Mai 2015\t\t\t\t<\/div>\n\n\t\t\t\t<div class=\"su-post-excerpt\">\n\t\t\t\t\t<p>Man f\u00e4hrt ja immer wieder nach Passau. Der Gr\u00fcnde sind genug. Zu nennen w\u00e4ren die Brauereien. Linz, eine Stadt mit vier Mal mehr Einwohnern, hat l\u00e4ngst keine einzige mehr. Selig die Zeiten, da der Onkel meines Vaters, der mir nur einmal als sich den Bauch kratzender Teddyb\u00e4r im Pyjama begegnete, sein Bierkontingent, das ihm als [&hellip;]<\/p>\n\t\t\t\t<\/div>\n\n\t\t\t\t\t\t\t\t\t<a href=\"https:\/\/www.verdichtet.at\/?p=2548#respond\" class=\"su-post-comments-link\">0 Kommentare<\/a>\n\t\t\t\t\n\t\t\t<\/div>\n\n\t\t\n\t\n<\/div>\n\n","protected":false},"excerpt":{"rendered":"","protected":false},"author":4,"featured_media":0,"parent":405,"menu_order":0,"comment_status":"closed","ping_status":"closed","template":"","meta":{"footnotes":""},"class_list":["post-2563","page","type-page","status-publish","hentry"],"_links":{"self":[{"href":"https:\/\/www.verdichtet.at\/index.php?rest_route=\/wp\/v2\/pages\/2563","targetHints":{"allow":["GET"]}}],"collection":[{"href":"https:\/\/www.verdichtet.at\/index.php?rest_route=\/wp\/v2\/pages"}],"about":[{"href":"https:\/\/www.verdichtet.at\/index.php?rest_route=\/wp\/v2\/types\/page"}],"author":[{"embeddable":true,"href":"https:\/\/www.verdichtet.at\/index.php?rest_route=\/wp\/v2\/users\/4"}],"replies":[{"embeddable":true,"href":"https:\/\/www.verdichtet.at\/index.php?rest_route=%2Fwp%2Fv2%2Fcomments&post=2563"}],"version-history":[{"count":5,"href":"https:\/\/www.verdichtet.at\/index.php?rest_route=\/wp\/v2\/pages\/2563\/revisions"}],"predecessor-version":[{"id":2569,"href":"https:\/\/www.verdichtet.at\/index.php?rest_route=\/wp\/v2\/pages\/2563\/revisions\/2569"}],"up":[{"embeddable":true,"href":"https:\/\/www.verdichtet.at\/index.php?rest_route=\/wp\/v2\/pages\/405"}],"wp:attachment":[{"href":"https:\/\/www.verdichtet.at\/index.php?rest_route=%2Fwp%2Fv2%2Fmedia&parent=2563"}],"curies":[{"name":"wp","href":"https:\/\/api.w.org\/{rel}","templated":true}]}}