{"id":2528,"date":"2015-05-03T17:28:46","date_gmt":"2015-05-03T17:28:46","guid":{"rendered":"http:\/\/www.verdichtet.at\/?page_id=2528"},"modified":"2016-09-21T12:29:47","modified_gmt":"2016-09-21T12:29:47","slug":"spazierensehen","status":"publish","type":"page","link":"https:\/\/www.verdichtet.at\/?page_id=2528","title":{"rendered":"spazierensehen"},"content":{"rendered":"<div class=\"pdfprnt-buttons pdfprnt-buttons-page pdfprnt-top-right\"><a href=\"https:\/\/www.verdichtet.at\/index.php?rest_route=wpv2pages2528&print=pdf\" class=\"pdfprnt-button pdfprnt-button-pdf\" target=\"_blank\"><\/a><a href=\"https:\/\/www.verdichtet.at\/index.php?rest_route=wpv2pages2528&print=print\" class=\"pdfprnt-button pdfprnt-button-print\" target=\"_blank\"><\/a><\/div>\n\n<div class=\"su-posts su-posts-default-loop \">\n\n\t\n\t\t\t\t\t\n\t\t\t\n\t\t\t<div id=\"su-post-22203\" class=\"su-post \">\n\n\t\t\t\t\n\t\t\t\t<h2 class=\"su-post-title\"><a href=\"https:\/\/www.verdichtet.at\/?p=22203\">Die Bl\u00fcte der Magnolie<\/a><\/h2>\n\n\t\t\t\t<div class=\"su-post-meta\">\n\t\t\t\t\tVer\u00f6ffentlicht: 19. M\u00e4rz 2026\t\t\t\t<\/div>\n\n\t\t\t\t<div class=\"su-post-excerpt\">\n\t\t\t\t\t<p>Mit dem Gl\u00fcck ergeht\u2019s mir manchmal wie\u2019s mir gerade eben an meiner Magnolie ergangen ist: Ein Spiel des Winds pfl\u00fcckte mir eine Bl\u00fcte \u2013 vollst\u00e4ndig erhalten, tulpenf\u00f6rmig, von wei\u00df-rosa, seidig-weicher Sch\u00f6nheit. Sie aufzufangen, in eine Vase zu stellen, tagelang zu bewundern schien mir l\u00e4cherlich einfach. Ich konnte mein Gl\u00fcck kaum fassen! Gerade breitete ich meine [&hellip;]<\/p>\n\t\t\t\t<\/div>\n\n\t\t\t\t\t\t\t\t\t<a href=\"https:\/\/www.verdichtet.at\/?p=22203#respond\" class=\"su-post-comments-link\">0 Kommentare<\/a>\n\t\t\t\t\n\t\t\t<\/div>\n\n\t\t\t\t\t\n\t\t\t\n\t\t\t<div id=\"su-post-21353\" class=\"su-post \">\n\n\t\t\t\t\n\t\t\t\t<h2 class=\"su-post-title\"><a href=\"https:\/\/www.verdichtet.at\/?p=21353\">Die Stadt der tausend Fragen<\/a><\/h2>\n\n\t\t\t\t<div class=\"su-post-meta\">\n\t\t\t\t\tVer\u00f6ffentlicht: 17. November 2025\t\t\t\t<\/div>\n\n\t\t\t\t<div class=\"su-post-excerpt\">\n\t\t\t\t\t<p>Es ist die Stadt der tausend Fragen. Ich muss achthundertf\u00fcnfzig davon richtig beantworten, damit ich eingelassen werde. Ist die Stadt das wert? Die Stadt der Lichter, die der Neonreklamen, hell leuchtend auch in der Nacht. Danke, ich verzichte, da lebe ich lieber in einer Jurte in der Mongolei. Dort sind mir die Sterne nah. Johannes [&hellip;]<\/p>\n\t\t\t\t<\/div>\n\n\t\t\t\t\t\t\t\t\t<a href=\"https:\/\/www.verdichtet.at\/?p=21353#respond\" class=\"su-post-comments-link\">0 Kommentare<\/a>\n\t\t\t\t\n\t\t\t<\/div>\n\n\t\t\t\t\t\n\t\t\t\n\t\t\t<div id=\"su-post-21287\" class=\"su-post \">\n\n\t\t\t\t\n\t\t\t\t<h2 class=\"su-post-title\"><a href=\"https:\/\/www.verdichtet.at\/?p=21287\">Das Helle und das Dunkle<\/a><\/h2>\n\n\t\t\t\t<div class=\"su-post-meta\">\n\t\t\t\t\tVer\u00f6ffentlicht: 10. November 2025\t\t\t\t<\/div>\n\n\t\t\t\t<div class=\"su-post-excerpt\">\n\t\t\t\t\t<p>Ich komme zur\u00fcck.\u00a0\u00a0Langsam, aber bestimmt.Ich erhelle jeden Raum, in dem ich stehe,und l\u00f6sche sein Licht, wenn ich ihn wieder verlasse. Johannes Tosin (Text und Foto) www.verdichtet.at |\u00a0Kategorie: spazierensehen | Inventarnummer: 26014<\/p>\n\t\t\t\t<\/div>\n\n\t\t\t\t\t\t\t\t\t<a href=\"https:\/\/www.verdichtet.at\/?p=21287#respond\" class=\"su-post-comments-link\">0 Kommentare<\/a>\n\t\t\t\t\n\t\t\t<\/div>\n\n\t\t\t\t\t\n\t\t\t\n\t\t\t<div id=\"su-post-21384\" class=\"su-post \">\n\n\t\t\t\t\n\t\t\t\t<h2 class=\"su-post-title\"><a href=\"https:\/\/www.verdichtet.at\/?p=21384\">Im Bann des Windes<\/a><\/h2>\n\n\t\t\t\t<div class=\"su-post-meta\">\n\t\t\t\t\tVer\u00f6ffentlicht: 17. November 2025\t\t\t\t<\/div>\n\n\t\t\t\t<div class=\"su-post-excerpt\">\n\t\t\t\t\t<p>Der milde Hauch des Windes umweht mich,ich lasse mich von der sanften Brise umgarnen.Ruhig laufe ich durch einen Hain,die Bl\u00e4tter einer Walnuss rascheln,die Sonne durchtr\u00e4nkt die Baumkrone mit Licht. Indes singen die Grillen ihr fr\u00f6hliches Lied.Ich lausche ihren Kl\u00e4ngen,glaube, darin alte Geschichten zu vernehmen,von fruchtbaren Landschaftenund weitl\u00e4ufigen T\u00e4lern. Ein Bach flie\u00dft neben meinem Pfad,ich folge [&hellip;]<\/p>\n\t\t\t\t<\/div>\n\n\t\t\t\t\t\t\t\t\t<a href=\"https:\/\/www.verdichtet.at\/?p=21384#comments\" class=\"su-post-comments-link\">2 comments<\/a>\n\t\t\t\t\n\t\t\t<\/div>\n\n\t\t\t\t\t\n\t\t\t\n\t\t\t<div id=\"su-post-20888\" class=\"su-post \">\n\n\t\t\t\t\n\t\t\t\t<h2 class=\"su-post-title\"><a href=\"https:\/\/www.verdichtet.at\/?p=20888\">Nussdorfer Spaziergang<\/a><\/h2>\n\n\t\t\t\t<div class=\"su-post-meta\">\n\t\t\t\t\tVer\u00f6ffentlicht: 12. September 2025\t\t\t\t<\/div>\n\n\t\t\t\t<div class=\"su-post-excerpt\">\n\t\t\t\t\t<p>Nussdorf ist Teil des 19. Wiener Gemeindebezirks, mit Weing\u00e4rten am \u201eNussberg\u201c. Abends, nach dem Berufsstress, oder auch an ruhigen Sonntag-Vormittagen geht der Verfasser dieser Zeilen gerne am Nussberg spazieren. Der Weg ist festgelegt, die Zeit genau bemessen: Vom \u201eNussdorfer Platzl\u201c geht es \u2013 durch einen \u201ebis auf Widerruf gestatteten\u201c Durchgang \u2013 in die Hackhofergasse. Vor [&hellip;]<\/p>\n\t\t\t\t<\/div>\n\n\t\t\t\t\t\t\t\t\t<a href=\"https:\/\/www.verdichtet.at\/?p=20888#comments\" class=\"su-post-comments-link\">3 comments<\/a>\n\t\t\t\t\n\t\t\t<\/div>\n\n\t\t\t\t\t\n\t\t\t\n\t\t\t<div id=\"su-post-20508\" class=\"su-post \">\n\n\t\t\t\t\n\t\t\t\t<h2 class=\"su-post-title\"><a href=\"https:\/\/www.verdichtet.at\/?p=20508\">Gegenwei\u00df<\/a><\/h2>\n\n\t\t\t\t<div class=\"su-post-meta\">\n\t\t\t\t\tVer\u00f6ffentlicht: 27. Juli 2025\t\t\t\t<\/div>\n\n\t\t\t\t<div class=\"su-post-excerpt\">\n\t\t\t\t\t<p>In der Welt ohne Lichtsind alle Farben eins.Die Fingerspitzen sind die Augen.Landschaften entstehen an der Rinde eines Baums.Unbegrenzt ist die Sicht auf der flachen Erde. Johannes Tosin(Text und Foto) www.verdichtet.at |\u00a0Kategorie: spazierensehen | Inventarnummer: 25145<\/p>\n\t\t\t\t<\/div>\n\n\t\t\t\t\t\t\t\t\t<a href=\"https:\/\/www.verdichtet.at\/?p=20508#respond\" class=\"su-post-comments-link\">0 Kommentare<\/a>\n\t\t\t\t\n\t\t\t<\/div>\n\n\t\t\t\t\t\n\t\t\t\n\t\t\t<div id=\"su-post-18757\" class=\"su-post \">\n\n\t\t\t\t\n\t\t\t\t<h2 class=\"su-post-title\"><a href=\"https:\/\/www.verdichtet.at\/?p=18757\">nachtwanderung.<\/a><\/h2>\n\n\t\t\t\t<div class=\"su-post-meta\">\n\t\t\t\t\tVer\u00f6ffentlicht: 4. Oktober 2024\t\t\t\t<\/div>\n\n\t\t\t\t<div class=\"su-post-excerpt\">\n\t\t\t\t\t<p>in dieser nacht [oktober]. der mond sitzt unruhiger auf seinem stuhl. der himmel beh\u00e4lt sein wasser f\u00fcr sich. es beginnt ein wandern \u00fcber stadtd\u00e4cher und kahlgelebte gassen. einsam platziert ist das nachttier zwischen den schatten und den leuchtenden laternenk\u00f6pfen. die wege [stra\u00dfennah] legen sich, noch mit ihren tagspuren auf der haut, in die nacht hinein. [&hellip;]<\/p>\n\t\t\t\t<\/div>\n\n\t\t\t\t\t\t\t\t\t<a href=\"https:\/\/www.verdichtet.at\/?p=18757#respond\" class=\"su-post-comments-link\">0 Kommentare<\/a>\n\t\t\t\t\n\t\t\t<\/div>\n\n\t\t\t\t\t\n\t\t\t\n\t\t\t<div id=\"su-post-19029\" class=\"su-post \">\n\n\t\t\t\t\n\t\t\t\t<h2 class=\"su-post-title\"><a href=\"https:\/\/www.verdichtet.at\/?p=19029\">wien<\/a><\/h2>\n\n\t\t\t\t<div class=\"su-post-meta\">\n\t\t\t\t\tVer\u00f6ffentlicht: 7. November 2024\t\t\t\t<\/div>\n\n\t\t\t\t<div class=\"su-post-excerpt\">\n\t\t\t\t\t<p>stadt inhaliert herbst. aussto\u00dfen von morgendunst in den stra\u00dfen. wild jault sich die stra\u00dfenbahn an den alten h\u00e4usergesichtern vorbei. tuschelnd ist der putz. grauwei\u00df ist die haut. nacht hatte zuvor regen im leib. bl\u00e4tterh\u00e4nde, mit brennen im herzen, auf den wegen liegend. schlaf singend. fliegende gespr\u00e4che durch die gassen. vogelstimmen in den kahlkronen. nicht mehr [&hellip;]<\/p>\n\t\t\t\t<\/div>\n\n\t\t\t\t\t\t\t\t\t<a href=\"https:\/\/www.verdichtet.at\/?p=19029#respond\" class=\"su-post-comments-link\">0 Kommentare<\/a>\n\t\t\t\t\n\t\t\t<\/div>\n\n\t\t\t\t\t\n\t\t\t\n\t\t\t<div id=\"su-post-19275\" class=\"su-post \">\n\n\t\t\t\t\n\t\t\t\t<h2 class=\"su-post-title\"><a href=\"https:\/\/www.verdichtet.at\/?p=19275\">Aus stillen Phasen<\/a><\/h2>\n\n\t\t\t\t<div class=\"su-post-meta\">\n\t\t\t\t\tVer\u00f6ffentlicht: 21. Dezember 2024\t\t\t\t<\/div>\n\n\t\t\t\t<div class=\"su-post-excerpt\">\n\t\t\t\t\t<p>Drau\u00dfen. Hinter frostverzierten Fenstern. Windpfeifen. Ein alter Sommer schl\u00e4ft unter wei\u00dfer [kalt atmender] Decke. Tabak verglimmt [durch die Spekulationen] in einem Pfeifenk\u00f6rper. Feuer verzehrt Kaminholz [Trockenerbst\u00fccke] vergangener Zeiten. Rauchzeugungen. Dann und Wann: Gelegentlich ein Vogel [Seltenheitsfundst\u00fcck] im Garten. Er schenkt uns, in unregelm\u00e4\u00dfigen Momenten, kurze Interaktionen und erinnert daran, dass das Leben auch mal seine [&hellip;]<\/p>\n\t\t\t\t<\/div>\n\n\t\t\t\t\t\t\t\t\t<a href=\"https:\/\/www.verdichtet.at\/?p=19275#respond\" class=\"su-post-comments-link\">0 Kommentare<\/a>\n\t\t\t\t\n\t\t\t<\/div>\n\n\t\t\t\t\t\n\t\t\t\n\t\t\t<div id=\"su-post-19972\" class=\"su-post \">\n\n\t\t\t\t\n\t\t\t\t<h2 class=\"su-post-title\"><a href=\"https:\/\/www.verdichtet.at\/?p=19972\">Grau, schwarz, rot<\/a><\/h2>\n\n\t\t\t\t<div class=\"su-post-meta\">\n\t\t\t\t\tVer\u00f6ffentlicht: 1. Mai 2025\t\t\t\t<\/div>\n\n\t\t\t\t<div class=\"su-post-excerpt\">\n\t\t\t\t\t<p>Grau, schwarz, rot. Willst du hier leben? Rot, schwarz, grau. Willst du nicht hier leben? Gelb, gr\u00fcn, blau. Sonne, Fotosynthese, Wasser. Von hier stammt der Mensch. Johannes Tosin (Text und Foto) www.verdichtet.at |\u00a0Kategorie: spazierensehen | Inventarnummer: 25106<\/p>\n\t\t\t\t<\/div>\n\n\t\t\t\t\t\t\t\t\t<a href=\"https:\/\/www.verdichtet.at\/?p=19972#respond\" class=\"su-post-comments-link\">0 Kommentare<\/a>\n\t\t\t\t\n\t\t\t<\/div>\n\n\t\t\t\t\t\n\t\t\t\n\t\t\t<div id=\"su-post-20170\" class=\"su-post \">\n\n\t\t\t\t\n\t\t\t\t<h2 class=\"su-post-title\"><a href=\"https:\/\/www.verdichtet.at\/?p=20170\">Zwei belanglose Geschichten<\/a><\/h2>\n\n\t\t\t\t<div class=\"su-post-meta\">\n\t\t\t\t\tVer\u00f6ffentlicht: 1. Juni 2025\t\t\t\t<\/div>\n\n\t\t\t\t<div class=\"su-post-excerpt\">\n\t\t\t\t\t<p>Eins Manchmal denke ich noch an damals, es muss ein Sommertag gewesen sein, zu Beginn der 2010er Jahre. Ich stieg in Heiligenstadt in die U4 und sah, dass eine junge Frau links von mir Platz nahm. Von ihr ist mir in Erinnerung geblieben, dass sie sich gleich auf die erste freie Bank hinter der T\u00fcr [&hellip;]<\/p>\n\t\t\t\t<\/div>\n\n\t\t\t\t\t\t\t\t\t<a href=\"https:\/\/www.verdichtet.at\/?p=20170#respond\" class=\"su-post-comments-link\">0 Kommentare<\/a>\n\t\t\t\t\n\t\t\t<\/div>\n\n\t\t\t\t\t\n\t\t\t\n\t\t\t<div id=\"su-post-19780\" class=\"su-post \">\n\n\t\t\t\t\n\t\t\t\t<h2 class=\"su-post-title\"><a href=\"https:\/\/www.verdichtet.at\/?p=19780\">Alter Mann im Fr\u00fchjahr<\/a><\/h2>\n\n\t\t\t\t<div class=\"su-post-meta\">\n\t\t\t\t\tVer\u00f6ffentlicht: 27. M\u00e4rz 2025\t\t\t\t<\/div>\n\n\t\t\t\t<div class=\"su-post-excerpt\">\n\t\t\t\t\t<p>Die Felder durchwandere ich noch in ihrem unfruchtbar wirkenden Februargewand. Doch die Arbeit im Garten beschenkt mich mit dem ersten Gr\u00fcn. Die Pflanzen haben, wie ich, \u00fcberlebt. Sie verk\u00fcnden Mensch und Tier: Der Winterschlaf der Natur endet hier. Die kalte Luft mischt sich immer mehr mit milder. Meine abgestandenen, winterdunklen Gedanken werden durchl\u00fcftet mit frischen [&hellip;]<\/p>\n\t\t\t\t<\/div>\n\n\t\t\t\t\t\t\t\t\t<a href=\"https:\/\/www.verdichtet.at\/?p=19780#comments\" class=\"su-post-comments-link\">7 comments<\/a>\n\t\t\t\t\n\t\t\t<\/div>\n\n\t\t\t\t\t\n\t\t\t\n\t\t\t<div id=\"su-post-19437\" class=\"su-post \">\n\n\t\t\t\t\n\t\t\t\t<h2 class=\"su-post-title\"><a href=\"https:\/\/www.verdichtet.at\/?p=19437\">Der Sturm beginnt<\/a><\/h2>\n\n\t\t\t\t<div class=\"su-post-meta\">\n\t\t\t\t\tVer\u00f6ffentlicht: 26. Januar 2025\t\t\t\t<\/div>\n\n\t\t\t\t<div class=\"su-post-excerpt\">\n\t\t\t\t\t<p>Eine junge Frau angeleint an zwei wei\u00dfe Hunde scheint an meinem Fenster vorbei zu segeln. Die Hunde, die Leine, die Frau, das ganze Ensemble k\u00f6nnte gleich abheben im Mary-Poppins-Stil. Die aufw\u00e4rts treibenden Bl\u00e4tter sehen aus, als wollten sie in den Himmel fallen. Der Himmel hat anscheinend den ganzen Staub von der hei\u00dfen Sommererde gesammelt, der [&hellip;]<\/p>\n\t\t\t\t<\/div>\n\n\t\t\t\t\t\t\t\t\t<a href=\"https:\/\/www.verdichtet.at\/?p=19437#comments\" class=\"su-post-comments-link\">2 comments<\/a>\n\t\t\t\t\n\t\t\t<\/div>\n\n\t\t\t\t\t\n\t\t\t\n\t\t\t<div id=\"su-post-19621\" class=\"su-post \">\n\n\t\t\t\t\n\t\t\t\t<h2 class=\"su-post-title\"><a href=\"https:\/\/www.verdichtet.at\/?p=19621\">Orte wechseln<\/a><\/h2>\n\n\t\t\t\t<div class=\"su-post-meta\">\n\t\t\t\t\tVer\u00f6ffentlicht: 20. Februar 2025\t\t\t\t<\/div>\n\n\t\t\t\t<div class=\"su-post-excerpt\">\n\t\t\t\t\t<p>Hand aufs Herz: Wann fuhrest du je zerzaust durch Haarschedel? Sage blo\u00df nicht, du w\u00e4rest nie in Witzling gewesen. K\u00f6nnte denn einer behaupten, er kennte Hundshaupten nicht? Nach Kauflanden begibt ein jeder sich gern, bei dem das Geld locker sitzt. Zahl gleich, bereue sp\u00e4ter! Aus Oberhitzling ist es nur ein Satz nach Unterhitzling. F\u00fcgst du [&hellip;]<\/p>\n\t\t\t\t<\/div>\n\n\t\t\t\t\t\t\t\t\t<a href=\"https:\/\/www.verdichtet.at\/?p=19621#respond\" class=\"su-post-comments-link\">0 Kommentare<\/a>\n\t\t\t\t\n\t\t\t<\/div>\n\n\t\t\t\t\t\n\t\t\t\n\t\t\t<div id=\"su-post-18770\" class=\"su-post \">\n\n\t\t\t\t\n\t\t\t\t<h2 class=\"su-post-title\"><a href=\"https:\/\/www.verdichtet.at\/?p=18770\">Wetterscheide<\/a><\/h2>\n\n\t\t\t\t<div class=\"su-post-meta\">\n\t\t\t\t\tVer\u00f6ffentlicht: 4. Oktober 2024\t\t\t\t<\/div>\n\n\t\t\t\t<div class=\"su-post-excerpt\">\n\t\t\t\t\t<p>Verworfen ist der Boden, ein Gebirge hat sich aufget\u00fcrmt, wo vorhin flaches Land war. Schnee liegt dort, wo die B\u00e4ume aufh\u00f6ren. Die d\u00fcnne Luft macht m\u00fcde. Hier ist es Schnee, der f\u00e4llt, unten ist es Regen. Die Feldfr\u00fcchte wachsen. Johannes Tosin (Text und Foto) www.verdichtet.at |\u00a0Kategorie: spazierensehen | Inventarnummer: 24174<\/p>\n\t\t\t\t<\/div>\n\n\t\t\t\t\t\t\t\t\t<a href=\"https:\/\/www.verdichtet.at\/?p=18770#respond\" class=\"su-post-comments-link\">0 Kommentare<\/a>\n\t\t\t\t\n\t\t\t<\/div>\n\n\t\t\t\t\t\n\t\t\t\n\t\t\t<div id=\"su-post-18839\" class=\"su-post \">\n\n\t\t\t\t\n\t\t\t\t<h2 class=\"su-post-title\"><a href=\"https:\/\/www.verdichtet.at\/?p=18839\">Herbst 2024<\/a><\/h2>\n\n\t\t\t\t<div class=\"su-post-meta\">\n\t\t\t\t\tVer\u00f6ffentlicht: 10. Oktober 2024\t\t\t\t<\/div>\n\n\t\t\t\t<div class=\"su-post-excerpt\">\n\t\t\t\t\t<p>Der Sommer war mit einem Schlag zu Ende, als h\u00e4tte jemand einen Schalter umgelegt. Erst gestern tobten wir noch durchs Gel\u00e4nde \u2013 heut ist\u2019s der Sturm, der durch die Landschaft fegt. Leer sind die Felder, Str\u00e4nde und Terrassen, bedeckt seh\u2019n wir einander ins Gesicht. Soll\u2019n wir wirklich jetzt schon von einander lassen? Wir m\u00fcssen weiter, [&hellip;]<\/p>\n\t\t\t\t<\/div>\n\n\t\t\t\t\t\t\t\t\t<a href=\"https:\/\/www.verdichtet.at\/?p=18839#respond\" class=\"su-post-comments-link\">0 Kommentare<\/a>\n\t\t\t\t\n\t\t\t<\/div>\n\n\t\t\t\t\t\n\t\t\t\n\t\t\t<div id=\"su-post-18414\" class=\"su-post \">\n\n\t\t\t\t\n\t\t\t\t<h2 class=\"su-post-title\"><a href=\"https:\/\/www.verdichtet.at\/?p=18414\">Fluss<\/a><\/h2>\n\n\t\t\t\t<div class=\"su-post-meta\">\n\t\t\t\t\tVer\u00f6ffentlicht: 14. Juli 2024\t\t\t\t<\/div>\n\n\t\t\t\t<div class=\"su-post-excerpt\">\n\t\t\t\t\t<p>Der Regenwaldfluss. V\u00f6gel, Libellen, Fr\u00f6sche, Krokodile leben in ihm. Die Eingeborenen befahren ihn mit dem Einbaum. Folge ihnen, und du findest das Meer. Johannes Tosin (Text und Foto) www.verdichtet.at |\u00a0Kategorie: spazierensehen | Inventarnummer: 24136<\/p>\n\t\t\t\t<\/div>\n\n\t\t\t\t\t\t\t\t\t<a href=\"https:\/\/www.verdichtet.at\/?p=18414#respond\" class=\"su-post-comments-link\">0 Kommentare<\/a>\n\t\t\t\t\n\t\t\t<\/div>\n\n\t\t\t\t\t\n\t\t\t\n\t\t\t<div id=\"su-post-18409\" class=\"su-post \">\n\n\t\t\t\t\n\t\t\t\t<h2 class=\"su-post-title\"><a href=\"https:\/\/www.verdichtet.at\/?p=18409\">unterwegs<\/a><\/h2>\n\n\t\t\t\t<div class=\"su-post-meta\">\n\t\t\t\t\tVer\u00f6ffentlicht: 14. Juli 2024\t\t\t\t<\/div>\n\n\t\t\t\t<div class=\"su-post-excerpt\">\n\t\t\t\t\t<p>So weit mich die F\u00fc\u00dfe tragen. Vor mir die Weite des Landes und hinter mir nichts. Jeder Morgen ist ein neuer Anfang. Das Gras schenkt mir wieder Leben und die Blumen das Gl\u00fcck. Kommt die Nacht, schlafe ich und vergesse. Ich bin der Wanderer im ewigen Augenblick. Johannes Tosin (Text und Foto) www.verdichtet.at |\u00a0Kategorie: spazierensehen [&hellip;]<\/p>\n\t\t\t\t<\/div>\n\n\t\t\t\t\t\t\t\t\t<a href=\"https:\/\/www.verdichtet.at\/?p=18409#respond\" class=\"su-post-comments-link\">0 Kommentare<\/a>\n\t\t\t\t\n\t\t\t<\/div>\n\n\t\t\t\t\t\n\t\t\t\n\t\t\t<div id=\"su-post-2877\" class=\"su-post \">\n\n\t\t\t\t\n\t\t\t\t<h2 class=\"su-post-title\"><a href=\"https:\/\/www.verdichtet.at\/?p=2877\">Unbekannte Orte<\/a><\/h2>\n\n\t\t\t\t<div class=\"su-post-meta\">\n\t\t\t\t\tVer\u00f6ffentlicht: 21. Juni 2015\t\t\t\t<\/div>\n\n\t\t\t\t<div class=\"su-post-excerpt\">\n\t\t\t\t\t<p>Wenn ich auf dem sanft abfallenden H\u00fcgel stehe, den blauen, ungetr\u00fcbten Himmel \u00fcber mir habe, und den Blick \u00fcber das vor mir liegende Tal schweifen lasse, gelingt es mir, mich als Teil dieser Landschaft zu sehen. Schafe umgeben mich und ihr Bl\u00f6ken ist wie ein sch\u00fctzender Mantel aus Lauten, der sich d\u00e4mpfend auf alles legt. [&hellip;]<\/p>\n\t\t\t\t<\/div>\n\n\t\t\t\t\t\t\t\t\t<a href=\"https:\/\/www.verdichtet.at\/?p=2877#respond\" class=\"su-post-comments-link\">0 Kommentare<\/a>\n\t\t\t\t\n\t\t\t<\/div>\n\n\t\t\t\t\t\n\t\t\t\n\t\t\t<div id=\"su-post-16368\" class=\"su-post \">\n\n\t\t\t\t\n\t\t\t\t<h2 class=\"su-post-title\"><a href=\"https:\/\/www.verdichtet.at\/?p=16368\">Rollkoffer<\/a><\/h2>\n\n\t\t\t\t<div class=\"su-post-meta\">\n\t\t\t\t\tVer\u00f6ffentlicht: 28. Juli 2023\t\t\t\t<\/div>\n\n\t\t\t\t<div class=\"su-post-excerpt\">\n\t\t\t\t\t<p>Ich sitze bei der Klagenfurt-mobil-Bushaltestelle der Linien 10 und 20 auf dem Heiligengeistplatz. Fr\u00fcher hie\u00df es Stadtwerke-Bushaltestelle, aber es ist ja alles das Gleiche. Ich warte auf keinen Bus, sondern mache Rast mit einem Typhoon-Tropic-Energydrink vom M\u00fcller und einer langen Camel-1915-Zigarette. Ich bin zu Fu\u00df unterwegs. Ich habe wohl ein Auto, kein gutes, aber eines, [&hellip;]<\/p>\n\t\t\t\t<\/div>\n\n\t\t\t\t\t\t\t\t\t<a href=\"https:\/\/www.verdichtet.at\/?p=16368#respond\" class=\"su-post-comments-link\">0 Kommentare<\/a>\n\t\t\t\t\n\t\t\t<\/div>\n\n\t\t\t\t\t\n\t\t\t\n\t\t\t<div id=\"su-post-17177\" class=\"su-post \">\n\n\t\t\t\t\n\t\t\t\t<h2 class=\"su-post-title\"><a href=\"https:\/\/www.verdichtet.at\/?p=17177\">Wintertag<\/a><\/h2>\n\n\t\t\t\t<div class=\"su-post-meta\">\n\t\t\t\t\tVer\u00f6ffentlicht: 8. Dezember 2023\t\t\t\t<\/div>\n\n\t\t\t\t<div class=\"su-post-excerpt\">\n\t\t\t\t\t<p>Der Tag ist so schnell vergangen, als w\u00e4r er gar nicht hier gewesen. Nur ein kurzer wei\u00dfer Streifen nach dem langen schwarzen der vorigen Nacht. Johannes Tosin (Text und Bild) www.verdichtet.at |\u00a0Kategorie: spazierensehen | Inventarnummer: 23172<\/p>\n\t\t\t\t<\/div>\n\n\t\t\t\t\t\t\t\t\t<a href=\"https:\/\/www.verdichtet.at\/?p=17177#respond\" class=\"su-post-comments-link\">0 Kommentare<\/a>\n\t\t\t\t\n\t\t\t<\/div>\n\n\t\t\t\t\t\n\t\t\t\n\t\t\t<div id=\"su-post-16560\" class=\"su-post \">\n\n\t\t\t\t\n\t\t\t\t<h2 class=\"su-post-title\"><a href=\"https:\/\/www.verdichtet.at\/?p=16560\">Pfauenfeder<\/a><\/h2>\n\n\t\t\t\t<div class=\"su-post-meta\">\n\t\t\t\t\tVer\u00f6ffentlicht: 25. August 2023\t\t\t\t<\/div>\n\n\t\t\t\t<div class=\"su-post-excerpt\">\n\t\t\t\t\t<p>Du gingst vor mir ich sah nur hinter dir die beiden Pfauenfedern an deinen Ohrringen Du gingst vor mir ich sah nur hinter dir die gr\u00fcne Hose aus weichem Cordsamt Du gingst vor mir ich sah nur hinter dir die Bewegung deiner F\u00fc\u00dfe in den Stiefeln aus Leder Du gingst vor mir ich sah nur [&hellip;]<\/p>\n\t\t\t\t<\/div>\n\n\t\t\t\t\t\t\t\t\t<a href=\"https:\/\/www.verdichtet.at\/?p=16560#respond\" class=\"su-post-comments-link\">0 Kommentare<\/a>\n\t\t\t\t\n\t\t\t<\/div>\n\n\t\t\t\t\t\n\t\t\t\n\t\t\t<div id=\"su-post-15858\" class=\"su-post \">\n\n\t\t\t\t\n\t\t\t\t<h2 class=\"su-post-title\"><a href=\"https:\/\/www.verdichtet.at\/?p=15858\">Wonnemonat Mai!<\/a><\/h2>\n\n\t\t\t\t<div class=\"su-post-meta\">\n\t\t\t\t\tVer\u00f6ffentlicht: 3. Mai 2023\t\t\t\t<\/div>\n\n\t\t\t\t<div class=\"su-post-excerpt\">\n\t\t\t\t\t<p>Wenn die linden Mail\u00fcftchen wehen Ist es um viele geschehen Sie str\u00f6men hinaus in Wald und Flur Um zu genie\u00dfen, die auferstandene Natur Klare B\u00e4chlein fein Zartes Gr\u00fcn so frisch und rein Die Augen wandern entz\u00fcckt umher Um aufzunehmen der Sinnesfreuden mehr Die V\u00f6glein zwitschern vergn\u00fcgt und flattern euphorisch vom Baum zum Strauch Sie genie\u00dfen [&hellip;]<\/p>\n\t\t\t\t<\/div>\n\n\t\t\t\t\t\t\t\t\t<a href=\"https:\/\/www.verdichtet.at\/?p=15858#respond\" class=\"su-post-comments-link\">0 Kommentare<\/a>\n\t\t\t\t\n\t\t\t<\/div>\n\n\t\t\t\t\t\n\t\t\t\n\t\t\t<div id=\"su-post-15657\" class=\"su-post \">\n\n\t\t\t\t\n\t\t\t\t<h2 class=\"su-post-title\"><a href=\"https:\/\/www.verdichtet.at\/?p=15657\">Spruchkarten<\/a><\/h2>\n\n\t\t\t\t<div class=\"su-post-meta\">\n\t\t\t\t\tVer\u00f6ffentlicht: 20. M\u00e4rz 2023\t\t\t\t<\/div>\n\n\t\t\t\t<div class=\"su-post-excerpt\">\n\t\t\t\t\t<p>Mein Mann hat einen Termin in Linz und ich werde ihn begleiten. Ein Paarkurzausflug sozusagen, in die Landeshauptstadt. Ich muss bedauerlicherweise zugeben, dass ich Linz nicht sehr gut kenne, deshalb planen wir unseren Ausflug so, dass mir mein Mann noch vor seinem Termin den Hauptplatz, die \u201eLandstra\u00dfe\u201c (Fu\u00dfg\u00e4ngerzone) und Umgebung in groben Z\u00fcgen zeigen kann, [&hellip;]<\/p>\n\t\t\t\t<\/div>\n\n\t\t\t\t\t\t\t\t\t<a href=\"https:\/\/www.verdichtet.at\/?p=15657#comments\" class=\"su-post-comments-link\">2 comments<\/a>\n\t\t\t\t\n\t\t\t<\/div>\n\n\t\t\t\t\t\n\t\t\t\n\t\t\t<div id=\"su-post-14901\" class=\"su-post \">\n\n\t\t\t\t\n\t\t\t\t<h2 class=\"su-post-title\"><a href=\"https:\/\/www.verdichtet.at\/?p=14901\">Baus\u00fcndengedicht #1<\/a><\/h2>\n\n\t\t\t\t<div class=\"su-post-meta\">\n\t\t\t\t\tVer\u00f6ffentlicht: 10. November 2022\t\t\t\t<\/div>\n\n\t\t\t\t<div class=\"su-post-excerpt\">\n\t\t\t\t\t<p>Das Dach nach immer gleicher Art Nicht spitz, nicht stumpf, nur schlau verlogen hat sich nach einer Seite hart Bis an die Hecke langgezogen Fast bis zum Boden Der Grund f\u00fcr diese bauliche Blamage: Die Garage! Dem Auto also gilt der Bau Nachtr\u00e4glich folgen Mann, Kind, Frau Man m\u00f6chte diesen Bauherrn h\u00e4ngen Doch besser w\u00e4r&#8217;s [&hellip;]<\/p>\n\t\t\t\t<\/div>\n\n\t\t\t\t\t\t\t\t\t<a href=\"https:\/\/www.verdichtet.at\/?p=14901#respond\" class=\"su-post-comments-link\">0 Kommentare<\/a>\n\t\t\t\t\n\t\t\t<\/div>\n\n\t\t\t\t\t\n\t\t\t\n\t\t\t<div id=\"su-post-14546\" class=\"su-post \">\n\n\t\t\t\t\n\t\t\t\t<h2 class=\"su-post-title\"><a href=\"https:\/\/www.verdichtet.at\/?p=14546\">BOOMER<\/a><\/h2>\n\n\t\t\t\t<div class=\"su-post-meta\">\n\t\t\t\t\tVer\u00f6ffentlicht: 20. September 2022\t\t\t\t<\/div>\n\n\t\t\t\t<div class=\"su-post-excerpt\">\n\t\t\t\t\t<p>Nun hast du jeden Feind besiegt Deinen Anteil abgekriegt Deine Frau sitzt neben dir Und nippt an ihrem warmen Bier Die Band da vorne l\u00e4sst dich kalt Die Nummern sind auch richtig alt Grade fast so alt wie du Und man spielt sie immerzu Du hast noch zehn bis zwanzig Jahr Wenn dein Entzug erfolgreich [&hellip;]<\/p>\n\t\t\t\t<\/div>\n\n\t\t\t\t\t\t\t\t\t<a href=\"https:\/\/www.verdichtet.at\/?p=14546#respond\" class=\"su-post-comments-link\">0 Kommentare<\/a>\n\t\t\t\t\n\t\t\t<\/div>\n\n\t\t\t\t\t\n\t\t\t\n\t\t\t<div id=\"su-post-13679\" class=\"su-post \">\n\n\t\t\t\t\n\t\t\t\t<h2 class=\"su-post-title\"><a href=\"https:\/\/www.verdichtet.at\/?p=13679\">Was jetzt ist<\/a><\/h2>\n\n\t\t\t\t<div class=\"su-post-meta\">\n\t\t\t\t\tVer\u00f6ffentlicht: 18. Januar 2022\t\t\t\t<\/div>\n\n\t\t\t\t<div class=\"su-post-excerpt\">\n\t\t\t\t\t<p>Anfangs als Frage gestellt Dann durch den Ort spaziert Zum Fr\u00fchst\u00fcck Sterbehilfe f\u00fcr den Specht Dann doch Kaffee. Varianten im Kopf Deb\u00fctanten beim Schopf Gegen die Scheibe der Terrassent\u00fcr Geflogen, gestoppt und blutig im Schnee. Was jetzt ist. Dann geh ich nun durch den Ort Da ist ein Hof des Friedens Unterm Schneeh\u00e4ubchen sind sie [&hellip;]<\/p>\n\t\t\t\t<\/div>\n\n\t\t\t\t\t\t\t\t\t<a href=\"https:\/\/www.verdichtet.at\/?p=13679#respond\" class=\"su-post-comments-link\">0 Kommentare<\/a>\n\t\t\t\t\n\t\t\t<\/div>\n\n\t\t\t\t\t\n\t\t\t\n\t\t\t<div id=\"su-post-12960\" class=\"su-post \">\n\n\t\t\t\t\n\t\t\t\t<h2 class=\"su-post-title\"><a href=\"https:\/\/www.verdichtet.at\/?p=12960\">Mein kleines serbisches Tagebuch: Teil 1 \u2013 Kirschen aus Novi Sad<\/a><\/h2>\n\n\t\t\t\t<div class=\"su-post-meta\">\n\t\t\t\t\tVer\u00f6ffentlicht: 12. Juli 2021\t\t\t\t<\/div>\n\n\t\t\t\t<div class=\"su-post-excerpt\">\n\t\t\t\t\t<p>Novi Sad, im Fr\u00fchsommer 2021 Es ist die Kirschenzeit! \u00dcberall in der Stadt wird das Obst zum Verkauf angeboten. Auf der Herfahrt hat man die B\u00e4ume gesehen, sie bogen sich schwer und schwarz unter ihrer Last. Au\u00dferdem gibt es Erdbeeren, Paradeiser und Paprika. Der Verk\u00e4ufer auf dem Markt wollte, dass ich einen Bund Knoblauch mitnehme, [&hellip;]<\/p>\n\t\t\t\t<\/div>\n\n\t\t\t\t\t\t\t\t\t<a href=\"https:\/\/www.verdichtet.at\/?p=12960#respond\" class=\"su-post-comments-link\">0 Kommentare<\/a>\n\t\t\t\t\n\t\t\t<\/div>\n\n\t\t\t\t\t\n\t\t\t\n\t\t\t<div id=\"su-post-12981\" class=\"su-post \">\n\n\t\t\t\t\n\t\t\t\t<h2 class=\"su-post-title\"><a href=\"https:\/\/www.verdichtet.at\/?p=12981\">Mein kleines serbisches Tagebuch: Teil 2 \u2013 Parkgeschichten und Promenaden-Mischungen<\/a><\/h2>\n\n\t\t\t\t<div class=\"su-post-meta\">\n\t\t\t\t\tVer\u00f6ffentlicht: 20. Juli 2021\t\t\t\t<\/div>\n\n\t\t\t\t<div class=\"su-post-excerpt\">\n\t\t\t\t\t<p>Dunavski Park liegt zwischen einem breiten, mehrspurigen Boulevard, der ges\u00e4umt ist von Kolossalbauten aus der kommunistischen \u00c4ra, und einem gem\u00fctlichen Altstadtviertel im Norden. Der obere Ausgang m\u00fcndet in eine kleine Stra\u00dfe mit Caf\u00e9s und Konditoreien, die Fassaden aus der Zeit der Donaumonarchie sind frisch geputzt und sehen ein wenig aus, als w\u00e4ren sie selbst aus [&hellip;]<\/p>\n\t\t\t\t<\/div>\n\n\t\t\t\t\t\t\t\t\t<a href=\"https:\/\/www.verdichtet.at\/?p=12981#respond\" class=\"su-post-comments-link\">0 Kommentare<\/a>\n\t\t\t\t\n\t\t\t<\/div>\n\n\t\t\t\t\t\n\t\t\t\n\t\t\t<div id=\"su-post-13110\" class=\"su-post \">\n\n\t\t\t\t\n\t\t\t\t<h2 class=\"su-post-title\"><a href=\"https:\/\/www.verdichtet.at\/?p=13110\">Mein kleines serbisches Tagebuch: Teil 4 \u2013 Geschichten vom Montagskind<\/a><\/h2>\n\n\t\t\t\t<div class=\"su-post-meta\">\n\t\t\t\t\tVer\u00f6ffentlicht: 26. August 2021\t\t\t\t<\/div>\n\n\t\t\t\t<div class=\"su-post-excerpt\">\n\t\t\t\t\t<p>21. Juni, der l\u00e4ngste Tag im Jahr. Hitze und ein leichter Wolkendunst, der keine Abk\u00fchlung bringt. Ich m\u00f6chte meine Mails checken auf dem Rechner in der Lobby des Hostels, doch das ist ein m\u00fchseliges Gesch\u00e4ft. Ich br\u00e4uchte einen Moment der Ruhe! Es will nicht sein. Die Gruppe der Jugendlichen vom Wochenende ist abgereist und die [&hellip;]<\/p>\n\t\t\t\t<\/div>\n\n\t\t\t\t\t\t\t\t\t<a href=\"https:\/\/www.verdichtet.at\/?p=13110#respond\" class=\"su-post-comments-link\">0 Kommentare<\/a>\n\t\t\t\t\n\t\t\t<\/div>\n\n\t\t\t\t\t\n\t\t\t\n\t\t\t<div id=\"su-post-13133\" class=\"su-post \">\n\n\t\t\t\t\n\t\t\t\t<h2 class=\"su-post-title\"><a href=\"https:\/\/www.verdichtet.at\/?p=13133\">Mein kleines serbisches Tagebuch: Teil 5 \u2013 Exit unter dem Seidenbaum<\/a><\/h2>\n\n\t\t\t\t<div class=\"su-post-meta\">\n\t\t\t\t\tVer\u00f6ffentlicht: 9. September 2021\t\t\t\t<\/div>\n\n\t\t\t\t<div class=\"su-post-excerpt\">\n\t\t\t\t\t<p>Die Hitzewelle, die uns heimsucht, bis zu 40 Grad Celsius sind angedroht, hat inzwischen sogar die Aufmerksamkeit der Nachrichtensender errungen: Der Sender euronews zeigte Bilder aus verschiedenen St\u00e4dten am Balkan, aus Sarajewo, Pristina und Belgrad. \u00dcberall bot sich das gleiche Szenario, Menschen, die sich gegen die Hitze zu behaupten suchten, Eis schleckten, durch Springbrunnen wateten, [&hellip;]<\/p>\n\t\t\t\t<\/div>\n\n\t\t\t\t\t\t\t\t\t<a href=\"https:\/\/www.verdichtet.at\/?p=13133#respond\" class=\"su-post-comments-link\">0 Kommentare<\/a>\n\t\t\t\t\n\t\t\t<\/div>\n\n\t\t\t\t\t\n\t\t\t\n\t\t\t<div id=\"su-post-13052\" class=\"su-post \">\n\n\t\t\t\t\n\t\t\t\t<h2 class=\"su-post-title\"><a href=\"https:\/\/www.verdichtet.at\/?p=13052\">Mein kleines serbisches Tagebuch: Teil 3 \u2013 Vom Fluss der Zeit<\/a><\/h2>\n\n\t\t\t\t<div class=\"su-post-meta\">\n\t\t\t\t\tVer\u00f6ffentlicht: 10. August 2021\t\t\t\t<\/div>\n\n\t\t\t\t<div class=\"su-post-excerpt\">\n\t\t\t\t\t<p>Und ich habe dich wieder, geliebter Balkon! Nachmittags bin ich wieder eingezogen. Der Park ist wunderbar, aber hier ist es besser. Auch das Bett in der Schiffskoje, in der ich f\u00fcr zwei N\u00e4chte untergebracht war, war nicht bequem. Als ich heute Morgen aufwachte, tat mir der ganze R\u00fccken weh, denn die Matratze war viel zu [&hellip;]<\/p>\n\t\t\t\t<\/div>\n\n\t\t\t\t\t\t\t\t\t<a href=\"https:\/\/www.verdichtet.at\/?p=13052#respond\" class=\"su-post-comments-link\">0 Kommentare<\/a>\n\t\t\t\t\n\t\t\t<\/div>\n\n\t\t\t\t\t\n\t\t\t\n\t\t\t<div id=\"su-post-12509\" class=\"su-post \">\n\n\t\t\t\t\n\t\t\t\t<h2 class=\"su-post-title\"><a href=\"https:\/\/www.verdichtet.at\/?p=12509\">Ich gehe auf Wolken<\/a><\/h2>\n\n\t\t\t\t<div class=\"su-post-meta\">\n\t\t\t\t\tVer\u00f6ffentlicht: 9. M\u00e4rz 2021\t\t\t\t<\/div>\n\n\t\t\t\t<div class=\"su-post-excerpt\">\n\t\t\t\t\t<p>Ich gehe auf Wolken. Mit meinen Fu\u00dfsohlen sp\u00fcre ich ihren Widerstand. Eine Feder w\u00fcrde durch sie fallen. Wie leicht mag ich nur sein? Die Luft ist schon d\u00fcnn, doch das macht mir nichts aus. Seltsamerweise weht mich der Wind nicht davon. Ich werde weitergehen, bis es keine Wolke mehr gibt, dort werde ich warten. Wird [&hellip;]<\/p>\n\t\t\t\t<\/div>\n\n\t\t\t\t\t\t\t\t\t<a href=\"https:\/\/www.verdichtet.at\/?p=12509#respond\" class=\"su-post-comments-link\">0 Kommentare<\/a>\n\t\t\t\t\n\t\t\t<\/div>\n\n\t\t\t\t\t\n\t\t\t\n\t\t\t<div id=\"su-post-12651\" class=\"su-post \">\n\n\t\t\t\t\n\t\t\t\t<h2 class=\"su-post-title\"><a href=\"https:\/\/www.verdichtet.at\/?p=12651\">Connected<\/a><\/h2>\n\n\t\t\t\t<div class=\"su-post-meta\">\n\t\t\t\t\tVer\u00f6ffentlicht: 9. April 2021\t\t\t\t<\/div>\n\n\t\t\t\t<div class=\"su-post-excerpt\">\n\t\t\t\t\t<p>Der Regen wurde schw\u00e4cher. Ich nahm meine Kapuze ab und blinzelte zum Himmel. Die B\u00e4ume um mich herum boten mir Schutz, nahmen mir aber auch die Sicht nach oben. Ich stellte meinen Rucksack auf den Boden und ging eine paar Schritte vor auf die Wiese. Die Donau breitete sich vor mir aus. Hier in der [&hellip;]<\/p>\n\t\t\t\t<\/div>\n\n\t\t\t\t\t\t\t\t\t<a href=\"https:\/\/www.verdichtet.at\/?p=12651#respond\" class=\"su-post-comments-link\">0 Kommentare<\/a>\n\t\t\t\t\n\t\t\t<\/div>\n\n\t\t\t\t\t\n\t\t\t\n\t\t\t<div id=\"su-post-11829\" class=\"su-post \">\n\n\t\t\t\t\n\t\t\t\t<h2 class=\"su-post-title\"><a href=\"https:\/\/www.verdichtet.at\/?p=11829\">Automatisch<\/a><\/h2>\n\n\t\t\t\t<div class=\"su-post-meta\">\n\t\t\t\t\tVer\u00f6ffentlicht: 3. Oktober 2020\t\t\t\t<\/div>\n\n\t\t\t\t<div class=\"su-post-excerpt\">\n\t\t\t\t\t<p>So verworren, so verworren, keine Ordnung, nicht, nicht. Und doch steigt jeden Morgen die Sonne hoch und verschwindet f\u00fcr die Nacht. Automatisch, automatisch, du musst nichts tun. Herrlich ist der Himmel anzuschaun. Und siehst du nicht hin, ist er trotzdem da. Johannes Tosin (Text und Bild) www.verdichtet.at | Kategorie: spazierensehen | Inventarnummer: 21004 \u00a0<\/p>\n\t\t\t\t<\/div>\n\n\t\t\t\t\t\t\t\t\t<a href=\"https:\/\/www.verdichtet.at\/?p=11829#respond\" class=\"su-post-comments-link\">0 Kommentare<\/a>\n\t\t\t\t\n\t\t\t<\/div>\n\n\t\t\t\t\t\n\t\t\t\n\t\t\t<div id=\"su-post-11840\" class=\"su-post \">\n\n\t\t\t\t\n\t\t\t\t<h2 class=\"su-post-title\"><a href=\"https:\/\/www.verdichtet.at\/?p=11840\">Das Fenster<\/a><\/h2>\n\n\t\t\t\t<div class=\"su-post-meta\">\n\t\t\t\t\tVer\u00f6ffentlicht: 7. Oktober 2020\t\t\t\t<\/div>\n\n\t\t\t\t<div class=\"su-post-excerpt\">\n\t\t\t\t\t<p>Schaue ich aus dem Fenster meines Zimmers, sehe ich die B\u00e4ume am Waldrand. Aber trete ich ins Freie, ist da nur Wei\u00df, keine Materie, nur Licht als Farbe. \u201eWo bin ich?\u201c, frage ich mich selbst. \u201eIch bin vor meinem Haus\u201c, ist die logische Antwort. Ich gehe wieder ins Haus und auf mein Zimmer. Hinter dem [&hellip;]<\/p>\n\t\t\t\t<\/div>\n\n\t\t\t\t\t\t\t\t\t<a href=\"https:\/\/www.verdichtet.at\/?p=11840#respond\" class=\"su-post-comments-link\">0 Kommentare<\/a>\n\t\t\t\t\n\t\t\t<\/div>\n\n\t\t\t\t\t\n\t\t\t\n\t\t\t<div id=\"su-post-11582\" class=\"su-post \">\n\n\t\t\t\t\n\t\t\t\t<h2 class=\"su-post-title\"><a href=\"https:\/\/www.verdichtet.at\/?p=11582\">Sommermorgenland<\/a><\/h2>\n\n\t\t\t\t<div class=\"su-post-meta\">\n\t\t\t\t\tVer\u00f6ffentlicht: 24. Juni 2020\t\t\t\t<\/div>\n\n\t\t\t\t<div class=\"su-post-excerpt\">\n\t\t\t\t\t<p>Als der L\u00e4ufer sein Haus verlie\u00df, waren die Scheiben der Autos noch beschlagen. Die Sonne kroch hinter den B\u00e4umen hervor. Dunst lag auf den kleinen Bergen hinter dem See. Der Aussichtsturm wartete, von Touristen bestiegen zu werden, und die Kirche auf die sonnt\u00e4glich Betenden. Johannes Tosin (Text und Bild) www.verdichtet.at | Kategorie: spazierensehen | Inventarnummer: [&hellip;]<\/p>\n\t\t\t\t<\/div>\n\n\t\t\t\t\t\t\t\t\t<a href=\"https:\/\/www.verdichtet.at\/?p=11582#respond\" class=\"su-post-comments-link\">0 Kommentare<\/a>\n\t\t\t\t\n\t\t\t<\/div>\n\n\t\t\t\t\t\n\t\t\t\n\t\t\t<div id=\"su-post-11268\" class=\"su-post \">\n\n\t\t\t\t\n\t\t\t\t<h2 class=\"su-post-title\"><a href=\"https:\/\/www.verdichtet.at\/?p=11268\">Beobachtend durch die Stadt<\/a><\/h2>\n\n\t\t\t\t<div class=\"su-post-meta\">\n\t\t\t\t\tVer\u00f6ffentlicht: 25. April 2020\t\t\t\t<\/div>\n\n\t\t\t\t<div class=\"su-post-excerpt\">\n\t\t\t\t\t<p>Schlendernd gehe ich herum Ohne Ziel, beobachtend Gedanken sammeln sich an Eindr\u00fccke wirken leer Da, wo alles schwimmt, sind Wasserfarben grau Ich muss nach Hause Hier sammeln sich Gewichte an Mein R\u00fccken wird davon nicht besser Florian Pfeffer www.verdichtet.at |\u00a0Kategorie:\u00a0spazierensehen | Inventarnummer: 20076<\/p>\n\t\t\t\t<\/div>\n\n\t\t\t\t\t\t\t\t\t<a href=\"https:\/\/www.verdichtet.at\/?p=11268#respond\" class=\"su-post-comments-link\">0 Kommentare<\/a>\n\t\t\t\t\n\t\t\t<\/div>\n\n\t\t\t\t\t\n\t\t\t\n\t\t\t<div id=\"su-post-11483\" class=\"su-post \">\n\n\t\t\t\t\n\t\t\t\t<h2 class=\"su-post-title\"><a href=\"https:\/\/www.verdichtet.at\/?p=11483\">Die Schwelle<\/a><\/h2>\n\n\t\t\t\t<div class=\"su-post-meta\">\n\t\t\t\t\tVer\u00f6ffentlicht: 28. Mai 2020\t\t\t\t<\/div>\n\n\t\t\t\t<div class=\"su-post-excerpt\">\n\t\t\t\t\t<p>Die Farben Rutschen am Horizont. Der Wind Enth\u00fcllt Eine Mondzehe, Mohne Schweben Im Abendlicht. Es sind Muscheln In der geheimnisvollen Tiefe. Annamaria Bortoletto https:\/\/laltraidea.wordpress.com www.verdichtet.at | Kategorie: spazierensehen | Inventarnummer: 20092<\/p>\n\t\t\t\t<\/div>\n\n\t\t\t\t\t\t\t\t\t<a href=\"https:\/\/www.verdichtet.at\/?p=11483#respond\" class=\"su-post-comments-link\">0 Kommentare<\/a>\n\t\t\t\t\n\t\t\t<\/div>\n\n\t\t\t\t\t\n\t\t\t\n\t\t\t<div id=\"su-post-11358\" class=\"su-post \">\n\n\t\t\t\t\n\t\t\t\t<h2 class=\"su-post-title\"><a href=\"https:\/\/www.verdichtet.at\/?p=11358\">Corona-Tagebuch: Maskenball und Taxifahrer<\/a><\/h2>\n\n\t\t\t\t<div class=\"su-post-meta\">\n\t\t\t\t\tVer\u00f6ffentlicht: 6. Mai 2020\t\t\t\t<\/div>\n\n\t\t\t\t<div class=\"su-post-excerpt\">\n\t\t\t\t\t<p>2. Mai 20, der Tag nach der Befreiung Wer einen Garten hat, ist meist ein Besessener. Ich dilettiere nur, aber die Leidenschaft ist sicher nicht kleiner. Noch dazu, wenn es M\u00e4rz ist und die Fr\u00fchjahrsarbeit wartet. Schlie\u00dflich h\u00e4ngt der Rest des Jahres davon ab, die Sch\u00f6nheit, die Freude, der Ertrag. In diesem Jahr ohne Winter [&hellip;]<\/p>\n\t\t\t\t<\/div>\n\n\t\t\t\t\t\t\t\t\t<a href=\"https:\/\/www.verdichtet.at\/?p=11358#comments\" class=\"su-post-comments-link\">Ein Kommentar<\/a>\n\t\t\t\t\n\t\t\t<\/div>\n\n\t\t\t\t\t\n\t\t\t\n\t\t\t<div id=\"su-post-11258\" class=\"su-post \">\n\n\t\t\t\t\n\t\t\t\t<h2 class=\"su-post-title\"><a href=\"https:\/\/www.verdichtet.at\/?p=11258\">Idyllische Momente<\/a><\/h2>\n\n\t\t\t\t<div class=\"su-post-meta\">\n\t\t\t\t\tVer\u00f6ffentlicht: 25. April 2020\t\t\t\t<\/div>\n\n\t\t\t\t<div class=\"su-post-excerpt\">\n\t\t\t\t\t<p>Bunte H\u00e4user G\u00e4rten mit Weintrauben Zeiger wandern langsam \u00fcber die Felder ruhige Gedanken zerstreute kann man zusammensetzen, Im Betonbau wo es wuselt werden sie wie Mikado-St\u00e4be zusammengeworfen Nachts leuchten Sterne herab wie selten ein Stadtkind sie erblickt Sommerliche Tage Weinreben h\u00e4ngen am Stock, auch wenn man nicht trinkt Mein Geist ist betrunken von der Sch\u00f6nheit [&hellip;]<\/p>\n\t\t\t\t<\/div>\n\n\t\t\t\t\t\t\t\t\t<a href=\"https:\/\/www.verdichtet.at\/?p=11258#respond\" class=\"su-post-comments-link\">0 Kommentare<\/a>\n\t\t\t\t\n\t\t\t<\/div>\n\n\t\t\t\t\t\n\t\t\t\n\t\t\t<div id=\"su-post-9728\" class=\"su-post \">\n\n\t\t\t\t\n\t\t\t\t<h2 class=\"su-post-title\"><a href=\"https:\/\/www.verdichtet.at\/?p=9728\">L\u00e4rmschutzwand &#8211; Impressionen einer Zugreise<\/a><\/h2>\n\n\t\t\t\t<div class=\"su-post-meta\">\n\t\t\t\t\tVer\u00f6ffentlicht: 25. April 2019\t\t\t\t<\/div>\n\n\t\t\t\t<div class=\"su-post-excerpt\">\n\t\t\t\t\t<p>Fr\u00fchling Bl\u00fchende B\u00fcsche, wei\u00dfer Flaum L\u00e4rmschutzwand Liebliche Aue (vermutlich) Moosgr\u00fcner Efeu, k\u00fchn die B\u00e4ume erklimmend Hausteine im Hang Beton Saftige Halme sprie\u00dfen! Durch alte und trockene Wiesen Sieh doch, die Welt wechselt ihr Gewand L\u00e4rmschutzwand Die Landschaft flog in die Ferne Noch f\u00fcrwitzig ragten dunkle Wipfel aus der Ferne \u00fcber den Riffeleternit und winkten ehe [&hellip;]<\/p>\n\t\t\t\t<\/div>\n\n\t\t\t\t\t\t\t\t\t<a href=\"https:\/\/www.verdichtet.at\/?p=9728#respond\" class=\"su-post-comments-link\">0 Kommentare<\/a>\n\t\t\t\t\n\t\t\t<\/div>\n\n\t\t\t\t\t\n\t\t\t\n\t\t\t<div id=\"su-post-10274\" class=\"su-post \">\n\n\t\t\t\t\n\t\t\t\t<h2 class=\"su-post-title\"><a href=\"https:\/\/www.verdichtet.at\/?p=10274\">September<\/a><\/h2>\n\n\t\t\t\t<div class=\"su-post-meta\">\n\t\t\t\t\tVer\u00f6ffentlicht: 11. Oktober 2019\t\t\t\t<\/div>\n\n\t\t\t\t<div class=\"su-post-excerpt\">\n\t\t\t\t\t<p>Landschaft, Berge in der Weite, Baumkronen auf Augenh\u00f6he, 1967 l\u00e4uft am Smartphone, Gletscher leuchten, Wolken liegen, still, im Moment Florian Pfeffer www.verdichtet.at |\u00a0Kategorie:\u00a0spazierensehen | Inventarnummer: 20002<\/p>\n\t\t\t\t<\/div>\n\n\t\t\t\t\t\t\t\t\t<a href=\"https:\/\/www.verdichtet.at\/?p=10274#respond\" class=\"su-post-comments-link\">0 Kommentare<\/a>\n\t\t\t\t\n\t\t\t<\/div>\n\n\t\t\t\t\t\n\t\t\t\n\t\t\t<div id=\"su-post-10580\" class=\"su-post \">\n\n\t\t\t\t\n\t\t\t\t<h2 class=\"su-post-title\"><a href=\"https:\/\/www.verdichtet.at\/?p=10580\">Die Rahmenhandlung<\/a><\/h2>\n\n\t\t\t\t<div class=\"su-post-meta\">\n\t\t\t\t\tVer\u00f6ffentlicht: 11. Dezember 2019\t\t\t\t<\/div>\n\n\t\t\t\t<div class=\"su-post-excerpt\">\n\t\t\t\t\t<p>Ich fahre mittelschnell durch eine gro\u00dfe Stadt, an vielen Geb\u00e4uden vorbei, an einem anstrengend hei\u00dfen Tag. Ein noch etwas entferntes Haus bannt meinen Blick; es hat mehrere Stockwerke und zahlreiche Fenster, von denen ein einziges sperrangelweit offen steht. Alle anderen sind geschlossen; wohl um die Hitze auszusperren. Beim N\u00e4herkommen werde ich Details gewahr: Dieses eine [&hellip;]<\/p>\n\t\t\t\t<\/div>\n\n\t\t\t\t\t\t\t\t\t<a href=\"https:\/\/www.verdichtet.at\/?p=10580#respond\" class=\"su-post-comments-link\">0 Kommentare<\/a>\n\t\t\t\t\n\t\t\t<\/div>\n\n\t\t\t\t\t\n\t\t\t\n\t\t\t<div id=\"su-post-10567\" class=\"su-post \">\n\n\t\t\t\t\n\t\t\t\t<h2 class=\"su-post-title\"><a href=\"https:\/\/www.verdichtet.at\/?p=10567\">Laubbl\u00e4ser im Schnee<\/a><\/h2>\n\n\t\t\t\t<div class=\"su-post-meta\">\n\t\t\t\t\tVer\u00f6ffentlicht: 8. Dezember 2019\t\t\t\t<\/div>\n\n\t\t\t\t<div class=\"su-post-excerpt\">\n\t\t\t\t\t<p>Da ist er wieder Vermisste schon Seine dreiste Unverdrossenheit Er sieht ganz anders aus Rotwangig, erhitzt Stapft er durch den Schnee Mit festen Schuhen Und klarem Blick Blinzelt der Sonne Der Ferne entgegen Und irgendwas fehlt \u2026 \u2026 ich komme gleich drauf Er ist ganz bei der Sache Bei sich Ohne Anh\u00e4ngsel Keine Pflicht Er [&hellip;]<\/p>\n\t\t\t\t<\/div>\n\n\t\t\t\t\t\t\t\t\t<a href=\"https:\/\/www.verdichtet.at\/?p=10567#respond\" class=\"su-post-comments-link\">0 Kommentare<\/a>\n\t\t\t\t\n\t\t\t<\/div>\n\n\t\t\t\t\t\n\t\t\t\n\t\t\t<div id=\"su-post-10189\" class=\"su-post \">\n\n\t\t\t\t\n\t\t\t\t<h2 class=\"su-post-title\"><a href=\"https:\/\/www.verdichtet.at\/?p=10189\">Der U4z-Schienenersatzverkehr-Blues<\/a><\/h2>\n\n\t\t\t\t<div class=\"su-post-meta\">\n\t\t\t\t\tVer\u00f6ffentlicht: 4. September 2019\t\t\t\t<\/div>\n\n\t\t\t\t<div class=\"su-post-excerpt\">\n\t\t\t\t\t<p>Vorausgeschickt: Bei den Wiener Linien funktioniert fast alles fast immer gut. U4 gesperrt vom Karlsplatz bis zur L\u00e4ngenfeldgasse! Oh Schreck! Schienenersatzverkehr vom 1. Juli bis 2. September. Die U4-Teilsperre w\u00fcrde mich direkt betreffen, hatte ich doch gerade einen Schrebergarten in den H\u00fcgeln von H\u00fctteldorf gepachtet. Diese Aufzeichnungen habe ich nach der ersten Woche begonnen, also [&hellip;]<\/p>\n\t\t\t\t<\/div>\n\n\t\t\t\t\t\t\t\t\t<a href=\"https:\/\/www.verdichtet.at\/?p=10189#respond\" class=\"su-post-comments-link\">0 Kommentare<\/a>\n\t\t\t\t\n\t\t\t<\/div>\n\n\t\t\t\t\t\n\t\t\t\n\t\t\t<div id=\"su-post-9247\" class=\"su-post \">\n\n\t\t\t\t\n\t\t\t\t<h2 class=\"su-post-title\"><a href=\"https:\/\/www.verdichtet.at\/?p=9247\">Entfernung<\/a><\/h2>\n\n\t\t\t\t<div class=\"su-post-meta\">\n\t\t\t\t\tVer\u00f6ffentlicht: 4. Januar 2019\t\t\t\t<\/div>\n\n\t\t\t\t<div class=\"su-post-excerpt\">\n\t\t\t\t\t<p>Klassen, \u00fcberall in Massen Luft, Menschen, Luft suchen Atemz\u00fcge im Wald, Weinreben im Wind, Trauben sind Cham\u00e4leons, Gr\u00fcn-gelb, s\u00fc\u00df, ich trinke Traubensaft, er ergie\u00dft die Luft, in der Abendsonne Florian Pfeffer www.verdichtet.at |\u00a0Kategorie:\u00a0spazierensehen | Inventarnummer: 19034<\/p>\n\t\t\t\t<\/div>\n\n\t\t\t\t\t\t\t\t\t<a href=\"https:\/\/www.verdichtet.at\/?p=9247#respond\" class=\"su-post-comments-link\">0 Kommentare<\/a>\n\t\t\t\t\n\t\t\t<\/div>\n\n\t\t\t\t\t\n\t\t\t\n\t\t\t<div id=\"su-post-9241\" class=\"su-post \">\n\n\t\t\t\t\n\t\t\t\t<h2 class=\"su-post-title\"><a href=\"https:\/\/www.verdichtet.at\/?p=9241\">Winter im Fokus<\/a><\/h2>\n\n\t\t\t\t<div class=\"su-post-meta\">\n\t\t\t\t\tVer\u00f6ffentlicht: 4. Januar 2019\t\t\t\t<\/div>\n\n\t\t\t\t<div class=\"su-post-excerpt\">\n\t\t\t\t\t<p>Im tiefen dunklen Tal, bleibe sitzen, Erwartungen verwelken, mein Konto wird kleiner, Hoffnungen sind wie der Fr\u00fchling, schneebedeckte Tannen, Wolken h\u00e4ngen schwer hinter der D\u00e4mmerung Schneespuren suchen, den Weg zur\u00fcck, er ging verloren Blicke mit Autofokus, Programmautomatik, braune Bl\u00e4tter mit einer Nuss, gefroren in Eis, ich friere sie nochmal ein Florian Pfeffer www.verdichtet.at |\u00a0Kategorie:\u00a0spazierensehen | [&hellip;]<\/p>\n\t\t\t\t<\/div>\n\n\t\t\t\t\t\t\t\t\t<a href=\"https:\/\/www.verdichtet.at\/?p=9241#respond\" class=\"su-post-comments-link\">0 Kommentare<\/a>\n\t\t\t\t\n\t\t\t<\/div>\n\n\t\t\t\t\t\n\t\t\t\n\t\t\t<div id=\"su-post-9705\" class=\"su-post \">\n\n\t\t\t\t\n\t\t\t\t<h2 class=\"su-post-title\"><a href=\"https:\/\/www.verdichtet.at\/?p=9705\">Der Wind treibt die Wolken<\/a><\/h2>\n\n\t\t\t\t<div class=\"su-post-meta\">\n\t\t\t\t\tVer\u00f6ffentlicht: 14. April 2019\t\t\t\t<\/div>\n\n\t\t\t\t<div class=\"su-post-excerpt\">\n\t\t\t\t\t<p>Der Wind treibt die Wolken, und die Wolken tragen das Wasser, f\u00fcr die D\u00fcrstenden, um zu trinken, f\u00fcr die Schmutzigen, um sich zu waschen. Genug f\u00fcr jeden, gestillt und rein. Johannes Tosin (Text und Bild) www.verdichtet.at | Kategorie: spazierensehen | Inventarnummer: 19073<\/p>\n\t\t\t\t<\/div>\n\n\t\t\t\t\t\t\t\t\t<a href=\"https:\/\/www.verdichtet.at\/?p=9705#respond\" class=\"su-post-comments-link\">0 Kommentare<\/a>\n\t\t\t\t\n\t\t\t<\/div>\n\n\t\t\t\t\t\n\t\t\t\n\t\t\t<div id=\"su-post-9233\" class=\"su-post \">\n\n\t\t\t\t\n\t\t\t\t<h2 class=\"su-post-title\"><a href=\"https:\/\/www.verdichtet.at\/?p=9233\">Im Schatten sitzen<\/a><\/h2>\n\n\t\t\t\t<div class=\"su-post-meta\">\n\t\t\t\t\tVer\u00f6ffentlicht: 4. Januar 2019\t\t\t\t<\/div>\n\n\t\t\t\t<div class=\"su-post-excerpt\">\n\t\t\t\t\t<p>Bl\u00fche auf wie die Blumen, unter mir im Garten ein Meeresrauschen\u00a0von Autos, fahrende Stra\u00dfenbahn, k\u00fcnstliche Gr\u00fcnfl\u00e4chen Der Blick geht ins Wei\u00dfe, zerrissen mit blauen Fetzen Am Zaun h\u00e4ngen sie, runde kleine K\u00fcbel, in Wei\u00df, in Gelb, in Gr\u00fcn, in Dunkelgr\u00fcn, in ausgebleichtem Gelb, in Orange, nochmal Wei\u00df, in Rosa, in Erdbeer-Rot, in knallendem Rosa, in [&hellip;]<\/p>\n\t\t\t\t<\/div>\n\n\t\t\t\t\t\t\t\t\t<a href=\"https:\/\/www.verdichtet.at\/?p=9233#respond\" class=\"su-post-comments-link\">0 Kommentare<\/a>\n\t\t\t\t\n\t\t\t<\/div>\n\n\t\t\t\t\t\n\t\t\t\n\t\t\t<div id=\"su-post-9229\" class=\"su-post \">\n\n\t\t\t\t\n\t\t\t\t<h2 class=\"su-post-title\"><a href=\"https:\/\/www.verdichtet.at\/?p=9229\">Es rauscht ein warmer Tag vorbei<\/a><\/h2>\n\n\t\t\t\t<div class=\"su-post-meta\">\n\t\t\t\t\tVer\u00f6ffentlicht: 4. Januar 2019\t\t\t\t<\/div>\n\n\t\t\t\t<div class=\"su-post-excerpt\">\n\t\t\t\t\t<p>Warmer Wind, wei\u00dfe Laken h\u00e4ngen gesch\u00fcttelt vor dem Fenster Der Hund l\u00e4uft vor den Rollstuhl, hei\u00df brennen Sonnenstrahlen mir Lustlosigkeit aus dem Gesicht Menschen wandern am Grau herum, schattige \u00c4ste schwimmen in den Wolken Stilles Wasser k\u00fchlt Florian Pfeffer www.verdichtet.at |\u00a0Kategorie:\u00a0spazierensehen | Inventarnummer: 19025<\/p>\n\t\t\t\t<\/div>\n\n\t\t\t\t\t\t\t\t\t<a href=\"https:\/\/www.verdichtet.at\/?p=9229#respond\" class=\"su-post-comments-link\">0 Kommentare<\/a>\n\t\t\t\t\n\t\t\t<\/div>\n\n\t\t\t\t\t\n\t\t\t\n\t\t\t<div id=\"su-post-9215\" class=\"su-post \">\n\n\t\t\t\t\n\t\t\t\t<h2 class=\"su-post-title\"><a href=\"https:\/\/www.verdichtet.at\/?p=9215\">Baustellen<\/a><\/h2>\n\n\t\t\t\t<div class=\"su-post-meta\">\n\t\t\t\t\tVer\u00f6ffentlicht: 4. Januar 2019\t\t\t\t<\/div>\n\n\t\t\t\t<div class=\"su-post-excerpt\">\n\t\t\t\t\t<p>Gl\u00fchender Himmel, warten an der Ampel, Der Hund h\u00e4lt seine Schnauze, im Bei\u00dfkorb Kommt mir bekannt vor, Violett malt es am Himmel Zeitgef\u00fchl verlorengegangen, in orangen K\u00fcbeln suchen einige Mein Blick fixiert, Rosen tragen sch\u00f6ne Haare Stiegen hinab Florian Pfeffer www.verdichtet.at |\u00a0Kategorie:\u00a0spazierensehen | Inventarnummer: 19018<\/p>\n\t\t\t\t<\/div>\n\n\t\t\t\t\t\t\t\t\t<a href=\"https:\/\/www.verdichtet.at\/?p=9215#respond\" class=\"su-post-comments-link\">0 Kommentare<\/a>\n\t\t\t\t\n\t\t\t<\/div>\n\n\t\t\t\t\t\n\t\t\t\n\t\t\t<div id=\"su-post-9407\" class=\"su-post \">\n\n\t\t\t\t\n\t\t\t\t<h2 class=\"su-post-title\"><a href=\"https:\/\/www.verdichtet.at\/?p=9407\">Der \u00e4u\u00dfere Rand<\/a><\/h2>\n\n\t\t\t\t<div class=\"su-post-meta\">\n\t\t\t\t\tVer\u00f6ffentlicht: 8. Februar 2019\t\t\t\t<\/div>\n\n\t\t\t\t<div class=\"su-post-excerpt\">\n\t\t\t\t\t<p>Das Gewohnte wird fremd. Die Nachbarn tragen neue Gesichter. Ihre H\u00e4user haben sich ver\u00e4ndert. Die B\u00e4ume wachsen in den Himmel. Sie kratzen an den Wolken. Regen f\u00e4llt aus einer anderen Welt. Johannes Tosin (Text und Bild) www.verdichtet.at | Kategorie: spazierensehen | Inventarnummer: 19049<\/p>\n\t\t\t\t<\/div>\n\n\t\t\t\t\t\t\t\t\t<a href=\"https:\/\/www.verdichtet.at\/?p=9407#respond\" class=\"su-post-comments-link\">0 Kommentare<\/a>\n\t\t\t\t\n\t\t\t<\/div>\n\n\t\t\t\t\t\n\t\t\t\n\t\t\t<div id=\"su-post-7993\" class=\"su-post \">\n\n\t\t\t\t\n\t\t\t\t<h2 class=\"su-post-title\"><a href=\"https:\/\/www.verdichtet.at\/?p=7993\">Als sich unsere Fl\u00fcgel streiften<\/a><\/h2>\n\n\t\t\t\t<div class=\"su-post-meta\">\n\t\t\t\t\tVer\u00f6ffentlicht: 24. April 2018\t\t\t\t<\/div>\n\n\t\t\t\t<div class=\"su-post-excerpt\">\n\t\t\t\t\t<p>Glaubst du noch, wir schwebten auf Wolken? Nein! Wir spazierten auf den Kondensstreifen vorbeiziehender Tr\u00e4ume. Nives Farrier aus: Nach Dir. (TwentySix Verlag, 2018) www.verdichtet.at | Kategorie: spazierensehen | Inventarnummer: 18087 &nbsp;<\/p>\n\t\t\t\t<\/div>\n\n\t\t\t\t\t\t\t\t\t<a href=\"https:\/\/www.verdichtet.at\/?p=7993#respond\" class=\"su-post-comments-link\">0 Kommentare<\/a>\n\t\t\t\t\n\t\t\t<\/div>\n\n\t\t\t\t\t\n\t\t\t\n\t\t\t<div id=\"su-post-8502\" class=\"su-post \">\n\n\t\t\t\t\n\t\t\t\t<h2 class=\"su-post-title\"><a href=\"https:\/\/www.verdichtet.at\/?p=8502\">My personal Sandler (Die Geschichte geht weiter)<\/a><\/h2>\n\n\t\t\t\t<div class=\"su-post-meta\">\n\t\t\t\t\tVer\u00f6ffentlicht: 10. August 2018\t\t\t\t<\/div>\n\n\t\t\t\t<div class=\"su-post-excerpt\">\n\t\t\t\t\t<p>Heute, am 2. Mai 2018, um 11 Uhr 05, trete ich aus meinem Haustor auf die Wiedner Hauptstra\u00dfe und sehe eine \u00fcber eine Baumscheibe geb\u00fcckte Gestalt. Graubraune Schlabberhose und graugr\u00fcner Pullover, die dunkelgraue Haarm\u00e4hne im Nacken gerade geschnitten. Der Oberk\u00f6rper ist in eindeutiger Pose nach vorne gebeugt, die H\u00e4nde im Schritt, die Beine gespreizt \u00fcber [&hellip;]<\/p>\n\t\t\t\t<\/div>\n\n\t\t\t\t\t\t\t\t\t<a href=\"https:\/\/www.verdichtet.at\/?p=8502#respond\" class=\"su-post-comments-link\">0 Kommentare<\/a>\n\t\t\t\t\n\t\t\t<\/div>\n\n\t\t\t\t\t\n\t\t\t\n\t\t\t<div id=\"su-post-7811\" class=\"su-post \">\n\n\t\t\t\t\n\t\t\t\t<h2 class=\"su-post-title\"><a href=\"https:\/\/www.verdichtet.at\/?p=7811\">In den Bergen<\/a><\/h2>\n\n\t\t\t\t<div class=\"su-post-meta\">\n\t\t\t\t\tVer\u00f6ffentlicht: 8. April 2018\t\t\t\t<\/div>\n\n\t\t\t\t<div class=\"su-post-excerpt\">\n\t\t\t\t\t<p>Hoch oben, fliegt mein Geist, An gr\u00fcnen Spitzen, zwischen W\u00e4ldern, Der Wasserfall, zerrei\u00dft Steine, formt sie nach seinem Willen, Kleine Rinnsale, Gro\u00dfe Rinnsale, kaum zu z\u00e4hlen, Mich blickt der gro\u00dfe Stein an, er l\u00e4sst eine Lawine fallen, Laut w\u00fctet es \u00fcber graue Wolkenfetzen hinweg, bis in das Tal, Kurven eingeritzt in gr\u00fcnen H\u00fcgeln, Hunderte trugen [&hellip;]<\/p>\n\t\t\t\t<\/div>\n\n\t\t\t\t\t\t\t\t\t<a href=\"https:\/\/www.verdichtet.at\/?p=7811#respond\" class=\"su-post-comments-link\">0 Kommentare<\/a>\n\t\t\t\t\n\t\t\t<\/div>\n\n\t\t\t\t\t\n\t\t\t\n\t\t\t<div id=\"su-post-7791\" class=\"su-post \">\n\n\t\t\t\t\n\t\t\t\t<h2 class=\"su-post-title\"><a href=\"https:\/\/www.verdichtet.at\/?p=7791\">U-Bahn<\/a><\/h2>\n\n\t\t\t\t<div class=\"su-post-meta\">\n\t\t\t\t\tVer\u00f6ffentlicht: 8. April 2018\t\t\t\t<\/div>\n\n\t\t\t\t<div class=\"su-post-excerpt\">\n\t\t\t\t\t<p>Die Sonne und ich, gehen Stiegen hinab, aufgeheizter Beton, warme Gedanken Kalte Gesichter, treiben Geld ein, im fahrenden Abteil Kleine rote Beine, spazieren am grauen Streifen Florian Pfeffer www.verdichtet.at |\u00a0Kategorie:\u00a0spazierensehen | Inventarnummer: 18035<\/p>\n\t\t\t\t<\/div>\n\n\t\t\t\t\t\t\t\t\t<a href=\"https:\/\/www.verdichtet.at\/?p=7791#respond\" class=\"su-post-comments-link\">0 Kommentare<\/a>\n\t\t\t\t\n\t\t\t<\/div>\n\n\t\t\t\t\t\n\t\t\t\n\t\t\t<div id=\"su-post-8068\" class=\"su-post \">\n\n\t\t\t\t\n\t\t\t\t<h2 class=\"su-post-title\"><a href=\"https:\/\/www.verdichtet.at\/?p=8068\">My personal Sandler<\/a><\/h2>\n\n\t\t\t\t<div class=\"su-post-meta\">\n\t\t\t\t\tVer\u00f6ffentlicht: 26. April 2018\t\t\t\t<\/div>\n\n\t\t\t\t<div class=\"su-post-excerpt\">\n\t\t\t\t\t<p>Die kurze Schl\u00fcsselgasse m\u00fcndet in die untere Wiedner Hauptstra\u00dfe und bildet auf der rechten Seite des Gehsteiges eine Halbinsel. Die Wiener sagen dazu \u201eOhrwaschl\u201c. Dort steht vor einem Rabatt mit immergr\u00fcnen B\u00fcschen unter einer Linde eine Bank. Fu\u00dfg\u00e4nger rasten dort gerne. Manche machen ein Picknick, andere rauchen eine Zigarette, trinken ein Bier oder schauen in [&hellip;]<\/p>\n\t\t\t\t<\/div>\n\n\t\t\t\t\t\t\t\t\t<a href=\"https:\/\/www.verdichtet.at\/?p=8068#respond\" class=\"su-post-comments-link\">0 Kommentare<\/a>\n\t\t\t\t\n\t\t\t<\/div>\n\n\t\t\t\t\t\n\t\t\t\n\t\t\t<div id=\"su-post-7795\" class=\"su-post \">\n\n\t\t\t\t\n\t\t\t\t<h2 class=\"su-post-title\"><a href=\"https:\/\/www.verdichtet.at\/?p=7795\">Gr\u00fcner Sommer<\/a><\/h2>\n\n\t\t\t\t<div class=\"su-post-meta\">\n\t\t\t\t\tVer\u00f6ffentlicht: 8. April 2018\t\t\t\t<\/div>\n\n\t\t\t\t<div class=\"su-post-excerpt\">\n\t\t\t\t\t<p>Geigen suchen den Weg, durch die Terrassent\u00fcr, Im Wind raschelt Wein, wei\u00dfe Explosionen \u00fcber mir, Greifv\u00f6gel kreisen, rufen zwischen dem Himmel und mir, Den gr\u00fcnen kleinen Mann, habe ich abgesetzt, mit seinen gr\u00fcnen Beinen, in seinem gr\u00fcnen Heim, Ein Baum steht schief in seinem Zaun Florian Pfeffer www.verdichtet.at |\u00a0Kategorie:\u00a0spazierensehen | Inventarnummer: 18037<\/p>\n\t\t\t\t<\/div>\n\n\t\t\t\t\t\t\t\t\t<a href=\"https:\/\/www.verdichtet.at\/?p=7795#respond\" class=\"su-post-comments-link\">0 Kommentare<\/a>\n\t\t\t\t\n\t\t\t<\/div>\n\n\t\t\t\t\t\n\t\t\t\n\t\t\t<div id=\"su-post-7581\" class=\"su-post \">\n\n\t\t\t\t\n\t\t\t\t<h2 class=\"su-post-title\"><a href=\"https:\/\/www.verdichtet.at\/?p=7581\">Der Philosoph<\/a><\/h2>\n\n\t\t\t\t<div class=\"su-post-meta\">\n\t\t\t\t\tVer\u00f6ffentlicht: 4. Februar 2018\t\t\t\t<\/div>\n\n\t\t\t\t<div class=\"su-post-excerpt\">\n\t\t\t\t\t<p>Ein Philosoph ging in den Bergen fort von den Gedankenzwergen, die ihm im Tal mit ihren leichten Gedanken nie das Wasser reichten. Aus: \u201e55 x Bl\u00f6dsinn\u201c,\u00a0 illustrierte Gedichte aus allen Lagen des nicht allt\u00e4glichen Lebens Zeichnung und Text von Yvonne Richter www.yvonne-richter.de www.fabulus-verlag.de\/autoren\/yvonne-richter www.facebook.com\/yvonnerichterbuecher\/ www.verdichtet.at |\u00a0Kategorie: spazierensehen | Inventarnummer: 18020<\/p>\n\t\t\t\t<\/div>\n\n\t\t\t\t\t\t\t\t\t<a href=\"https:\/\/www.verdichtet.at\/?p=7581#respond\" class=\"su-post-comments-link\">0 Kommentare<\/a>\n\t\t\t\t\n\t\t\t<\/div>\n\n\t\t\t\t\t\n\t\t\t\n\t\t\t<div id=\"su-post-7099\" class=\"su-post \">\n\n\t\t\t\t\n\t\t\t\t<h2 class=\"su-post-title\"><a href=\"https:\/\/www.verdichtet.at\/?p=7099\">Gerede<\/a><\/h2>\n\n\t\t\t\t<div class=\"su-post-meta\">\n\t\t\t\t\tVer\u00f6ffentlicht: 6. Oktober 2017\t\t\t\t<\/div>\n\n\t\t\t\t<div class=\"su-post-excerpt\">\n\t\t\t\t\t<p>In den Kabinen, liegen alle bereit, sich Schmerzen zu stellen, Durchgeknetet wie Brotteig, neu aufgeladen mit Strom, dazu ein brennender R\u00fccken, St\u00f6hnen und jammern, Dialoge \u00fcber Hausbesetzer, Harte Bestrafungen, Lagerarbeit, Tr\u00e4nengas Ich entspanne mich Florian Pfeffer www.verdichtet.at | Kategorie:\u00a0spazierensehen | Inventarnummer: 17189<\/p>\n\t\t\t\t<\/div>\n\n\t\t\t\t\t\t\t\t\t<a href=\"https:\/\/www.verdichtet.at\/?p=7099#respond\" class=\"su-post-comments-link\">0 Kommentare<\/a>\n\t\t\t\t\n\t\t\t<\/div>\n\n\t\t\t\t\t\n\t\t\t\n\t\t\t<div id=\"su-post-7069\" class=\"su-post \">\n\n\t\t\t\t\n\t\t\t\t<h2 class=\"su-post-title\"><a href=\"https:\/\/www.verdichtet.at\/?p=7069\">Autobahntr\u00e4ume<\/a><\/h2>\n\n\t\t\t\t<div class=\"su-post-meta\">\n\t\t\t\t\tVer\u00f6ffentlicht: 6. Oktober 2017\t\t\t\t<\/div>\n\n\t\t\t\t<div class=\"su-post-excerpt\">\n\t\t\t\t\t<p>Hochgeschwindigkeits-Projektile fliegen gegen\u00fcber umher, Dort fliegt eine gro\u00dfe Rakete langsam vorbei Florian Pfeffer www.verdichtet.at | Kategorie:\u00a0spazierensehen | Inventarnummer: 17174<\/p>\n\t\t\t\t<\/div>\n\n\t\t\t\t\t\t\t\t\t<a href=\"https:\/\/www.verdichtet.at\/?p=7069#respond\" class=\"su-post-comments-link\">0 Kommentare<\/a>\n\t\t\t\t\n\t\t\t<\/div>\n\n\t\t\t\t\t\n\t\t\t\n\t\t\t<div id=\"su-post-7067\" class=\"su-post \">\n\n\t\t\t\t\n\t\t\t\t<h2 class=\"su-post-title\"><a href=\"https:\/\/www.verdichtet.at\/?p=7067\">Reptil<\/a><\/h2>\n\n\t\t\t\t<div class=\"su-post-meta\">\n\t\t\t\t\tVer\u00f6ffentlicht: 5. Oktober 2017\t\t\t\t<\/div>\n\n\t\t\t\t<div class=\"su-post-excerpt\">\n\t\t\t\t\t<p>Wein rinnt blutrot, \u00fcber Kekse, Schwarzer Stoff f\u00e4ngt schnell, Tropfen zwischen orangen Fliesen, W\u00f6rter singen, W\u00f6rter sprechen vom Begr\u00e4bnis, Schwarz gekleidete Menschen, Im Schatten wird gestikuliert, die Eidechse hat schuppiges Haar, sie blickt auf Artgenossen, Alte Haut abgelegt, eine Haut, voller Zw\u00e4nge Florian Pfeffer www.verdichtet.at | Kategorie:\u00a0spazierensehen | Inventarnummer: 17173<\/p>\n\t\t\t\t<\/div>\n\n\t\t\t\t\t\t\t\t\t<a href=\"https:\/\/www.verdichtet.at\/?p=7067#respond\" class=\"su-post-comments-link\">0 Kommentare<\/a>\n\t\t\t\t\n\t\t\t<\/div>\n\n\t\t\t\t\t\n\t\t\t\n\t\t\t<div id=\"su-post-7028\" class=\"su-post \">\n\n\t\t\t\t\n\t\t\t\t<h2 class=\"su-post-title\"><a href=\"https:\/\/www.verdichtet.at\/?p=7028\">Indian Summer am SeelenGabentisch<\/a><\/h2>\n\n\t\t\t\t<div class=\"su-post-meta\">\n\t\t\t\t\tVer\u00f6ffentlicht: 1. Oktober 2017\t\t\t\t<\/div>\n\n\t\t\t\t<div class=\"su-post-excerpt\">\n\t\t\t\t\t<p>In den Gassen spiegelt sich ged\u00e4mpfter Mond, auf schr\u00e4gen Dachterrassen tauchen dumpfe Schatten. Entbunden die Raumesweitenfrage nach dem Tribut, f\u00fcr Sommersonnenk\u00f6rbe, Keim f\u00fcr neuen Mut. Prachtvollem Seelenkleid droht keine Leere! Lichteskraft gibt lobend sich deinem Traume hin &#8211; es naht nicht nur Hoffnung aus der Ferne, Nistkorb schwingender Erlebenssw\u00e4rme. Romina Lutzeb\u00e4ck www.verdichtet.at | Kategorie: spazierensehen [&hellip;]<\/p>\n\t\t\t\t<\/div>\n\n\t\t\t\t\t\t\t\t\t<a href=\"https:\/\/www.verdichtet.at\/?p=7028#respond\" class=\"su-post-comments-link\">0 Kommentare<\/a>\n\t\t\t\t\n\t\t\t<\/div>\n\n\t\t\t\t\t\n\t\t\t\n\t\t\t<div id=\"su-post-6817\" class=\"su-post \">\n\n\t\t\t\t\n\t\t\t\t<h2 class=\"su-post-title\"><a href=\"https:\/\/www.verdichtet.at\/?p=6817\">Die Katze, die vom Himmel fiel<\/a><\/h2>\n\n\t\t\t\t<div class=\"su-post-meta\">\n\t\t\t\t\tVer\u00f6ffentlicht: 31. Juli 2017\t\t\t\t<\/div>\n\n\t\t\t\t<div class=\"su-post-excerpt\">\n\t\t\t\t\t<p>Susanne und ich waren mit dem Mitternachtszug aus Moskau am Bahnhof angekommen und nahmen ein Taxi zum Hotel in die Gro\u00dfe Starokonjuschennij-Gasse. Weil an der Ecke des Newski eine Baustelle war, stiegen wir einige H\u00e4user vor dem Hotel aus dem Taxi. Wir hatten jede nur einen kleinen Koffer mit und mussten nur drei Nummern bis [&hellip;]<\/p>\n\t\t\t\t<\/div>\n\n\t\t\t\t\t\t\t\t\t<a href=\"https:\/\/www.verdichtet.at\/?p=6817#respond\" class=\"su-post-comments-link\">0 Kommentare<\/a>\n\t\t\t\t\n\t\t\t<\/div>\n\n\t\t\t\t\t\n\t\t\t\n\t\t\t<div id=\"su-post-6493\" class=\"su-post \">\n\n\t\t\t\t\n\t\t\t\t<h2 class=\"su-post-title\"><a href=\"https:\/\/www.verdichtet.at\/?p=6493\">Lichter in der Nacht<\/a><\/h2>\n\n\t\t\t\t<div class=\"su-post-meta\">\n\t\t\t\t\tVer\u00f6ffentlicht: 9. Mai 2017\t\t\t\t<\/div>\n\n\t\t\t\t<div class=\"su-post-excerpt\">\n\t\t\t\t\t<p>Stemmen, von drau\u00dfen, W\u00e4hrend Zigarettenasche, mit Sternen glimmt, rhythmisch und abwesend, h\u00f6re in die Nacht, w\u00e4hrend Arbeiter fluchen Florian Pfeffer www.verdichtet.at | Kategorie:\u00a0spazierensehen | Inventarnummer: 17113<\/p>\n\t\t\t\t<\/div>\n\n\t\t\t\t\t\t\t\t\t<a href=\"https:\/\/www.verdichtet.at\/?p=6493#respond\" class=\"su-post-comments-link\">0 Kommentare<\/a>\n\t\t\t\t\n\t\t\t<\/div>\n\n\t\t\t\t\t\n\t\t\t\n\t\t\t<div id=\"su-post-6151\" class=\"su-post \">\n\n\t\t\t\t\n\t\t\t\t<h2 class=\"su-post-title\"><a href=\"https:\/\/www.verdichtet.at\/?p=6151\">Wintertr\u00e4ume<\/a><\/h2>\n\n\t\t\t\t<div class=\"su-post-meta\">\n\t\t\t\t\tVer\u00f6ffentlicht: 22. Februar 2017\t\t\t\t<\/div>\n\n\t\t\t\t<div class=\"su-post-excerpt\">\n\t\t\t\t\t<p>So viele, und immer dann bin ich nicht im Jetzt, so viele sch\u00f6ne Gesichter, finde ein paar Sonnenstrahlen darin Sortiere ihre Namen, sie schlafen mit meiner Phantasie, emphatisch sprechen wir, wenn sich der Raum verschoben hat Der Glitzer von Tr\u00e4umen, er schmeckt nach Zigaretten und Kaffee, Wintern\u00e4chte und Wintertage, Tiere hinterlassen Spuren, Waldb\u00f6den ausgestochen, Eiskekse [&hellip;]<\/p>\n\t\t\t\t<\/div>\n\n\t\t\t\t\t\t\t\t\t<a href=\"https:\/\/www.verdichtet.at\/?p=6151#respond\" class=\"su-post-comments-link\">0 Kommentare<\/a>\n\t\t\t\t\n\t\t\t<\/div>\n\n\t\t\t\t\t\n\t\t\t\n\t\t\t<div id=\"su-post-6400\" class=\"su-post \">\n\n\t\t\t\t\n\t\t\t\t<h2 class=\"su-post-title\"><a href=\"https:\/\/www.verdichtet.at\/?p=6400\">Wandern<\/a><\/h2>\n\n\t\t\t\t<div class=\"su-post-meta\">\n\t\t\t\t\tVer\u00f6ffentlicht: 12. April 2017\t\t\t\t<\/div>\n\n\t\t\t\t<div class=\"su-post-excerpt\">\n\t\t\t\t\t<p>Samstagmorgen. Ich konnte nicht weiterschlafen. Gudrun hatte das Bett, in dem wir die letzten f\u00fcnf N\u00e4chte verbracht hatten, fr\u00fch verlassen. Ich stieg aus dem warmen weichen Bett, welches an W\u00e4rme und Weichheit gewinnt, wenn sie ebenfalls darin liegt, ging in die K\u00fcche, k\u00fcsste sie, br\u00fchte mir einen Kaffee, rauchte eine Zigarette mit ihr auf dem [&hellip;]<\/p>\n\t\t\t\t<\/div>\n\n\t\t\t\t\t\t\t\t\t<a href=\"https:\/\/www.verdichtet.at\/?p=6400#comments\" class=\"su-post-comments-link\">Ein Kommentar<\/a>\n\t\t\t\t\n\t\t\t<\/div>\n\n\t\t\t\t\t\n\t\t\t\n\t\t\t<div id=\"su-post-6095\" class=\"su-post \">\n\n\t\t\t\t\n\t\t\t\t<h2 class=\"su-post-title\"><a href=\"https:\/\/www.verdichtet.at\/?p=6095\">sommernachmittag<\/a><\/h2>\n\n\t\t\t\t<div class=\"su-post-meta\">\n\t\t\t\t\tVer\u00f6ffentlicht: 21. Februar 2017\t\t\t\t<\/div>\n\n\t\t\t\t<div class=\"su-post-excerpt\">\n\t\t\t\t\t<p>die sonnenstrahlen bahnen sich ihren weg durch die vergilbte terrassent\u00fcr in den raum und bringen \u2013 man merkt es kaum \u2013 die motoren zum singen. der start der formel 1 war deins. alonso, senna, prost \u2013 geben mir jetzt trost. das leben zieht drau\u00dfen unbemerkt an uns vorbei \u2013 ich sch\u00e4tz\u2019, es ist halb drei. [&hellip;]<\/p>\n\t\t\t\t<\/div>\n\n\t\t\t\t\t\t\t\t\t<a href=\"https:\/\/www.verdichtet.at\/?p=6095#respond\" class=\"su-post-comments-link\">0 Kommentare<\/a>\n\t\t\t\t\n\t\t\t<\/div>\n\n\t\t\t\t\t\n\t\t\t\n\t\t\t<div id=\"su-post-6101\" class=\"su-post \">\n\n\t\t\t\t\n\t\t\t\t<h2 class=\"su-post-title\"><a href=\"https:\/\/www.verdichtet.at\/?p=6101\">einsamer indianer<\/a><\/h2>\n\n\t\t\t\t<div class=\"su-post-meta\">\n\t\t\t\t\tVer\u00f6ffentlicht: 21. Februar 2017\t\t\t\t<\/div>\n\n\t\t\t\t<div class=\"su-post-excerpt\">\n\t\t\t\t\t<p>du reitest auf einem pferd namens pierre brice durch die stra\u00dfen von paris. hinaus in die franz\u00f6sische pr\u00e4rie \u2013 gesehen hat man dich nie. du schm\u00fcckst dich mit federn, aber niemals mit fremden. du konzentrierst dich vor allem auf eines: rauchzeichen senden. in die einsamkeit zur\u00fcckgezogen, besch\u00fctzt du deinen stamm aus der ferne mit pfeil [&hellip;]<\/p>\n\t\t\t\t<\/div>\n\n\t\t\t\t\t\t\t\t\t<a href=\"https:\/\/www.verdichtet.at\/?p=6101#respond\" class=\"su-post-comments-link\">0 Kommentare<\/a>\n\t\t\t\t\n\t\t\t<\/div>\n\n\t\t\t\t\t\n\t\t\t\n\t\t\t<div id=\"su-post-6132\" class=\"su-post \">\n\n\t\t\t\t\n\t\t\t\t<h2 class=\"su-post-title\"><a href=\"https:\/\/www.verdichtet.at\/?p=6132\">Regen<\/a><\/h2>\n\n\t\t\t\t<div class=\"su-post-meta\">\n\t\t\t\t\tVer\u00f6ffentlicht: 22. Februar 2017\t\t\t\t<\/div>\n\n\t\t\t\t<div class=\"su-post-excerpt\">\n\t\t\t\t\t<p>Der Schwei\u00dffilm verschwindet, hinter dem Glas, Helle rote Gewitterwolken, Cyan ist es geworden, Saturnringe abgelegt, an dem verstaubten Ort, wo es Schauer regnete Florian Pfeffer www.verdichtet.at | Kategorie: spazierensehen| Inventarnummer: 17070<\/p>\n\t\t\t\t<\/div>\n\n\t\t\t\t\t\t\t\t\t<a href=\"https:\/\/www.verdichtet.at\/?p=6132#respond\" class=\"su-post-comments-link\">0 Kommentare<\/a>\n\t\t\t\t\n\t\t\t<\/div>\n\n\t\t\t\t\t\n\t\t\t\n\t\t\t<div id=\"su-post-6123\" class=\"su-post \">\n\n\t\t\t\t\n\t\t\t\t<h2 class=\"su-post-title\"><a href=\"https:\/\/www.verdichtet.at\/?p=6123\">Graue Reise<\/a><\/h2>\n\n\t\t\t\t<div class=\"su-post-meta\">\n\t\t\t\t\tVer\u00f6ffentlicht: 22. Februar 2017\t\t\t\t<\/div>\n\n\t\t\t\t<div class=\"su-post-excerpt\">\n\t\t\t\t\t<p>Gassen werden eng, kurze Bahnen durch Bezirke, Windst\u00f6\u00dfe durch die rostige Leiche, ohne Ziel, Macht ragt in der Mitte auf, eine Gewalt, unsichtbar aber pr\u00e4sent, eine Ruhe entsteht, die Kamera beobachtet, verbinde Wege mit hoher Geschwindigkeit, s\u00fc\u00dfer Duft, fremde W\u00f6rter sind Medizin, Fett schwimmt zwischen R\u00e4dern, der Wolf knurrt auch nicht mehr Florian Pfeffer www.verdichtet.at [&hellip;]<\/p>\n\t\t\t\t<\/div>\n\n\t\t\t\t\t\t\t\t\t<a href=\"https:\/\/www.verdichtet.at\/?p=6123#respond\" class=\"su-post-comments-link\">0 Kommentare<\/a>\n\t\t\t\t\n\t\t\t<\/div>\n\n\t\t\t\t\t\n\t\t\t\n\t\t\t<div id=\"su-post-5824\" class=\"su-post \">\n\n\t\t\t\t\n\t\t\t\t<h2 class=\"su-post-title\"><a href=\"https:\/\/www.verdichtet.at\/?p=5824\">Sch\u00f6ne Menschen<\/a><\/h2>\n\n\t\t\t\t<div class=\"su-post-meta\">\n\t\t\t\t\tVer\u00f6ffentlicht: 8. Januar 2017\t\t\t\t<\/div>\n\n\t\t\t\t<div class=\"su-post-excerpt\">\n\t\t\t\t\t<p>Zwei Menschen, Zwei S-Bahn-Gleise, Ruhe kehrt ein, durch die kalte Nacht, Elektrischer Himmel, Autos in weiter Ferne, eine Glocke schl\u00e4gt zum Viertel, Stress fliegt mit dem Wind, findet keinen Weg zur\u00fcck, Einer f\u00e4hrt durch, keiner steigt ein, Steige in das quietschende Rot-Grau, verschwommen mit Schwarz ziehen Farben umher, in Richtung, sch\u00f6ner Sprache mit sch\u00f6nen Menschen [&hellip;]<\/p>\n\t\t\t\t<\/div>\n\n\t\t\t\t\t\t\t\t\t<a href=\"https:\/\/www.verdichtet.at\/?p=5824#respond\" class=\"su-post-comments-link\">0 Kommentare<\/a>\n\t\t\t\t\n\t\t\t<\/div>\n\n\t\t\t\t\t\n\t\t\t\n\t\t\t<div id=\"su-post-5818\" class=\"su-post \">\n\n\t\t\t\t\n\t\t\t\t<h2 class=\"su-post-title\"><a href=\"https:\/\/www.verdichtet.at\/?p=5818\">Der Geiger vom Donskoj-Friedhof<\/a><\/h2>\n\n\t\t\t\t<div class=\"su-post-meta\">\n\t\t\t\t\tVer\u00f6ffentlicht: 6. Januar 2017\t\t\t\t<\/div>\n\n\t\t\t\t<div class=\"su-post-excerpt\">\n\t\t\t\t\t<p>Gew\u00f6hnlich ging der alte Mann gegen Mittag zum Spielen hinaus. Unter dem Arm trug er einen alten, abgewetzten Geigenkasten. Gekleidet war er in einer Art von Uniform der sowjetischen Rentner. Auf dem Kopf eine Lenin-Schieberm\u00fctze, am K\u00f6rper einen etwas zu gro\u00df gewordenen Stoffmantel mit abgesto\u00dfenen Kanten und gro\u00dfen, aufgesetzten Taschen. Immer hatte er auch eine [&hellip;]<\/p>\n\t\t\t\t<\/div>\n\n\t\t\t\t\t\t\t\t\t<a href=\"https:\/\/www.verdichtet.at\/?p=5818#respond\" class=\"su-post-comments-link\">0 Kommentare<\/a>\n\t\t\t\t\n\t\t\t<\/div>\n\n\t\t\t\t\t\n\t\t\t\n\t\t\t<div id=\"su-post-5565\" class=\"su-post \">\n\n\t\t\t\t\n\t\t\t\t<h2 class=\"su-post-title\"><a href=\"https:\/\/www.verdichtet.at\/?p=5565\">Morgenstimmung<\/a><\/h2>\n\n\t\t\t\t<div class=\"su-post-meta\">\n\t\t\t\t\tVer\u00f6ffentlicht: 28. November 2016\t\t\t\t<\/div>\n\n\t\t\t\t<div class=\"su-post-excerpt\">\n\t\t\t\t\t<p>Qualm aus den M\u00fclltonnen, eisiger verbrannter Filtergeruch Tote Bilder schieben sich zwischen die Iris V\u00f6gel singen von Liebe Menschen laufen hektisch wie Tiger zur Beute Gr\u00fcne Lichter, eine alte Stra\u00dfenbahn schiebt Gewicht mit vielen Umwegen in Richtung Schlafplatz Florian Pfeffer www.verdichtet.at | Kategorie: spazierensehen| Inventarnummer: 16175<\/p>\n\t\t\t\t<\/div>\n\n\t\t\t\t\t\t\t\t\t<a href=\"https:\/\/www.verdichtet.at\/?p=5565#respond\" class=\"su-post-comments-link\">0 Kommentare<\/a>\n\t\t\t\t\n\t\t\t<\/div>\n\n\t\t\t\t\t\n\t\t\t\n\t\t\t<div id=\"su-post-5290\" class=\"su-post \">\n\n\t\t\t\t\n\t\t\t\t<h2 class=\"su-post-title\"><a href=\"https:\/\/www.verdichtet.at\/?p=5290\">Zwischen<\/a><\/h2>\n\n\t\t\t\t<div class=\"su-post-meta\">\n\t\t\t\t\tVer\u00f6ffentlicht: 26. Oktober 2016\t\t\t\t<\/div>\n\n\t\t\t\t<div class=\"su-post-excerpt\">\n\t\t\t\t\t<p>Zwischen den Sternen, reiten, und die Stimmen erklingen von irgendwo Zwischen den Wolken liegen die schweren Gewitter Zwischen dem Rauch wird die Luft enger Gl\u00fcck tanzt alleine, zwischen dem Alleine Zustand ver\u00e4ndert Zwischen den Zeigern liegt die Sorglosigkeit Kinder spielen und tanzen im Luftschloss zwischen Kerze und Glas leuchten freundliche Ranken Duftkerzen beleuchten Tr\u00e4ume Florian [&hellip;]<\/p>\n\t\t\t\t<\/div>\n\n\t\t\t\t\t\t\t\t\t<a href=\"https:\/\/www.verdichtet.at\/?p=5290#respond\" class=\"su-post-comments-link\">0 Kommentare<\/a>\n\t\t\t\t\n\t\t\t<\/div>\n\n\t\t\t\t\t\n\t\t\t\n\t\t\t<div id=\"su-post-1069\" class=\"su-post \">\n\n\t\t\t\t\n\t\t\t\t<h2 class=\"su-post-title\"><a href=\"https:\/\/www.verdichtet.at\/?p=1069\">Eine kleine italienische Reise<\/a><\/h2>\n\n\t\t\t\t<div class=\"su-post-meta\">\n\t\t\t\t\tVer\u00f6ffentlicht: 15. M\u00e4rz 2014\t\t\t\t<\/div>\n\n\t\t\t\t<div class=\"su-post-excerpt\">\n\t\t\t\t\t<p>Entlang dem Fluss Sile lagen kleine Boote, darunter eine venezianisch an\u00admutende Gondel als Kr\u00f6nung gewisserma\u00dfen und als Hinweis, dass Venedig nicht mehr weit war. Das nahezu stehende Wasser des Flusses und die bunten Boote lie\u00dfen mich an Bilder Vincent van Goghs aus S\u00fcdfrankreich denken. Jesolo, nicht Lido di Jesolo, fiel nicht sehr ins Auge, wenn [&hellip;]<\/p>\n\t\t\t\t<\/div>\n\n\t\t\t\t\t\t\t\t\t<a href=\"https:\/\/www.verdichtet.at\/?p=1069#respond\" class=\"su-post-comments-link\">0 Kommentare<\/a>\n\t\t\t\t\n\t\t\t<\/div>\n\n\t\t\t\t\t\n\t\t\t\n\t\t\t<div id=\"su-post-2094\" class=\"su-post \">\n\n\t\t\t\t\n\t\t\t\t<h2 class=\"su-post-title\"><a href=\"https:\/\/www.verdichtet.at\/?p=2094\">Im Alsergrund<\/a><\/h2>\n\n\t\t\t\t<div class=\"su-post-meta\">\n\t\t\t\t\tVer\u00f6ffentlicht: 12. Januar 2015\t\t\t\t<\/div>\n\n\t\t\t\t<div class=\"su-post-excerpt\">\n\t\t\t\t\t<p>Anfang Oktober ist es, mehr noch, es ist genau der erste, und ich komme endlich ins Hotel. So gegen halb sechs Uhr abends muss es sein. Ich fahre vom Schottentor eine Station mit der Stra\u00dfenbahn die W\u00e4hringer Stra\u00dfe stadtausw\u00e4rts, dann gehe ich ein St\u00fcck im Regen, mit einer Mappe unter dem Arm, auf die vom [&hellip;]<\/p>\n\t\t\t\t<\/div>\n\n\t\t\t\t\t\t\t\t\t<a href=\"https:\/\/www.verdichtet.at\/?p=2094#comments\" class=\"su-post-comments-link\">Ein Kommentar<\/a>\n\t\t\t\t\n\t\t\t<\/div>\n\n\t\t\t\t\t\n\t\t\t\n\t\t\t<div id=\"su-post-4936\" class=\"su-post \">\n\n\t\t\t\t\n\t\t\t\t<h2 class=\"su-post-title\"><a href=\"https:\/\/www.verdichtet.at\/?p=4936\">Sto\u00dflos<\/a><\/h2>\n\n\t\t\t\t<div class=\"su-post-meta\">\n\t\t\t\t\tVer\u00f6ffentlicht: 29. August 2016\t\t\t\t<\/div>\n\n\t\t\t\t<div class=\"su-post-excerpt\">\n\t\t\t\t\t<p>Nachdem ich heute \u2013 nach einem Besuch bei meinem Zahnarzt wollte ich mich bewegen, um mein Blut zum ordnungsgem\u00e4\u00dfen Zirkulieren zu animieren, auf dass es das Narkosemittel rasch abbauen helfen konnte \u2013 \u00fcber die Tuchlauben gegangen war, freute ich mich darauf, die Hofburg geschwind hinter mir lassen zu k\u00f6nnen. Es waren n\u00e4mlich keine von Fremdenf\u00fchrern [&hellip;]<\/p>\n\t\t\t\t<\/div>\n\n\t\t\t\t\t\t\t\t\t<a href=\"https:\/\/www.verdichtet.at\/?p=4936#respond\" class=\"su-post-comments-link\">0 Kommentare<\/a>\n\t\t\t\t\n\t\t\t<\/div>\n\n\t\t\t\t\t\n\t\t\t\n\t\t\t<div id=\"su-post-4914\" class=\"su-post \">\n\n\t\t\t\t\n\t\t\t\t<h2 class=\"su-post-title\"><a href=\"https:\/\/www.verdichtet.at\/?p=4914\">Die Kinder vom Sonnberg<\/a><\/h2>\n\n\t\t\t\t<div class=\"su-post-meta\">\n\t\t\t\t\tVer\u00f6ffentlicht: 26. August 2016\t\t\t\t<\/div>\n\n\t\t\t\t<div class=\"su-post-excerpt\">\n\t\t\t\t\t<p>Die Auskunftsperson ist der Wirt der Redlinger H\u00fctte, der liebensw\u00fcrdige und redefreudige Johann Riegler, der seit 38 Jahren dieses Gasthaus bewirtschaftet, wahrscheinlich den sch\u00f6nsten Platz im Wienerwald. Charlotte und ich waren auf einer Expedition, um Wege, Distanzen, Zeiten und Rastm\u00f6glichkeiten f\u00fcr die zweite Kafka-Wanderung am 11. September 2016 zu erkunden. Wir bekommen eine Lektion Heimatgeschichte. [&hellip;]<\/p>\n\t\t\t\t<\/div>\n\n\t\t\t\t\t\t\t\t\t<a href=\"https:\/\/www.verdichtet.at\/?p=4914#respond\" class=\"su-post-comments-link\">0 Kommentare<\/a>\n\t\t\t\t\n\t\t\t<\/div>\n\n\t\t\t\t\t\n\t\t\t\n\t\t\t<div id=\"su-post-4964\" class=\"su-post \">\n\n\t\t\t\t\n\t\t\t\t<h2 class=\"su-post-title\"><a href=\"https:\/\/www.verdichtet.at\/?p=4964\">Mit Kafka durch Kierling<\/a><\/h2>\n\n\t\t\t\t<div class=\"su-post-meta\">\n\t\t\t\t\tVer\u00f6ffentlicht: 30. August 2016\t\t\t\t<\/div>\n\n\t\t\t\t<div class=\"su-post-excerpt\">\n\t\t\t\t\t<p>Der Himmelbauerplatz unterhalb der Kierlinger Kirche ist eine Asphaltfl\u00e4che mit acht Parkpl\u00e4tzen f\u00fcr Anrainer, weitere vier sind dem \u00c4rztezentrum vorbehalten. Zur Kierlinger Hauptstra\u00dfe hin, gegen\u00fcber der Volksschule, bl\u00fchen gerade die Linden und setzen sich trotz ihrer Jugend mit ihrem Duft gegen die Autoabgase durch. An der Ostseite steht das Denkmal f\u00fcr den am 3. Juni [&hellip;]<\/p>\n\t\t\t\t<\/div>\n\n\t\t\t\t\t\t\t\t\t<a href=\"https:\/\/www.verdichtet.at\/?p=4964#comments\" class=\"su-post-comments-link\">Ein Kommentar<\/a>\n\t\t\t\t\n\t\t\t<\/div>\n\n\t\t\t\t\t\n\t\t\t\n\t\t\t<div id=\"su-post-4737\" class=\"su-post \">\n\n\t\t\t\t\n\t\t\t\t<h2 class=\"su-post-title\"><a href=\"https:\/\/www.verdichtet.at\/?p=4737\">Wahrheit auf Zeit<\/a><\/h2>\n\n\t\t\t\t<div class=\"su-post-meta\">\n\t\t\t\t\tVer\u00f6ffentlicht: 9. Juli 2016\t\t\t\t<\/div>\n\n\t\t\t\t<div class=\"su-post-excerpt\">\n\t\t\t\t\t<p>Und schon im ersten Halbsatz gelogen, mein teurer Tschuschnigg, wenn du mir versicherst, dass es nicht in deinem Interesse ist, denn wenn du mir das mit aller Hartn\u00e4ckigkeit versichern musst, liegt es ganz und gar in deinem Interesse, an meinen Geldbeutel willst du mir gehen, eine Unterschrift willst du mir abschwatzen, nichts anderes als ein [&hellip;]<\/p>\n\t\t\t\t<\/div>\n\n\t\t\t\t\t\t\t\t\t<a href=\"https:\/\/www.verdichtet.at\/?p=4737#respond\" class=\"su-post-comments-link\">0 Kommentare<\/a>\n\t\t\t\t\n\t\t\t<\/div>\n\n\t\t\t\t\t\n\t\t\t\n\t\t\t<div id=\"su-post-4683\" class=\"su-post \">\n\n\t\t\t\t\n\t\t\t\t<h2 class=\"su-post-title\"><a href=\"https:\/\/www.verdichtet.at\/?p=4683\">Vier Aventiuren<\/a><\/h2>\n\n\t\t\t\t<div class=\"su-post-meta\">\n\t\t\t\t\tVer\u00f6ffentlicht: 1. Juli 2016\t\t\t\t<\/div>\n\n\t\t\t\t<div class=\"su-post-excerpt\">\n\t\t\t\t\t<p>aventiure 4 Ich biege noch einmal bei der Fiktion ein und \u00fcberlege die Leseerfahrung von Roman. Da er aus Deutschland stammt, sind seine Vorbilder wahrscheinlich Kafka und Hesse. Er ist aufgeschlossen f\u00fcr die Weltliteratur, jedoch kein Vielleser, Gott bewahre. Roman ist gl\u00fccklich, wenn er von einem Buch gefesselt\u00a0 und bei Bedarf unterhalten wird. Roman liebt [&hellip;]<\/p>\n\t\t\t\t<\/div>\n\n\t\t\t\t\t\t\t\t\t<a href=\"https:\/\/www.verdichtet.at\/?p=4683#respond\" class=\"su-post-comments-link\">0 Kommentare<\/a>\n\t\t\t\t\n\t\t\t<\/div>\n\n\t\t\t\t\t\n\t\t\t\n\t\t\t<div id=\"su-post-3600\" class=\"su-post \">\n\n\t\t\t\t\n\t\t\t\t<h2 class=\"su-post-title\"><a href=\"https:\/\/www.verdichtet.at\/?p=3600\">Adorno tr\u00e4umt<\/a><\/h2>\n\n\t\t\t\t<div class=\"su-post-meta\">\n\t\t\t\t\tVer\u00f6ffentlicht: 10. November 2015\t\t\t\t<\/div>\n\n\t\t\t\t<div class=\"su-post-excerpt\">\n\t\t\t\t\t<p>Ich versuche, die Hypernomalie der furz-verkackten Psychonomie zu finden. Steige deswegen auf den Berg der Dummheit, um mich von ihm abseilen zu lassen, um auf ein Trampolin zu springen, um mich wieder hochzuschnalzen, um mich von dem Berg der Dummheit abseilen zu k\u00f6nnen. Ein Satz aus dem Mund meiner Tochter, w\u00e4re gar nicht so schlimm, [&hellip;]<\/p>\n\t\t\t\t<\/div>\n\n\t\t\t\t\t\t\t\t\t<a href=\"https:\/\/www.verdichtet.at\/?p=3600#respond\" class=\"su-post-comments-link\">0 Kommentare<\/a>\n\t\t\t\t\n\t\t\t<\/div>\n\n\t\t\t\t\t\n\t\t\t\n\t\t\t<div id=\"su-post-3170\" class=\"su-post \">\n\n\t\t\t\t\n\t\t\t\t<h2 class=\"su-post-title\"><a href=\"https:\/\/www.verdichtet.at\/?p=3170\">Eindr\u00fccke im Mai<\/a><\/h2>\n\n\t\t\t\t<div class=\"su-post-meta\">\n\t\t\t\t\tVer\u00f6ffentlicht: 12. September 2015\t\t\t\t<\/div>\n\n\t\t\t\t<div class=\"su-post-excerpt\">\n\t\t\t\t\t<p>Mitten im warmen Mai, in praller Sonne, esse ich eine Ecke eine Frau l\u00e4uft vorbei mit Blumen in der Hand sie schn\u00e4uzt sich ihre Nase Tee in der Sonne und ein Pl\u00e4tschern im Hintergrund ein Vogel spannt seine Fl\u00fcgel, er fliegt herum dabei macht er Ger\u00e4usche Im Vorbeigehen schnippt einer fr\u00f6hlich die Finger eine Mutter [&hellip;]<\/p>\n\t\t\t\t<\/div>\n\n\t\t\t\t\t\t\t\t\t<a href=\"https:\/\/www.verdichtet.at\/?p=3170#respond\" class=\"su-post-comments-link\">0 Kommentare<\/a>\n\t\t\t\t\n\t\t\t<\/div>\n\n\t\t\t\t\t\n\t\t\t\n\t\t\t<div id=\"su-post-3174\" class=\"su-post \">\n\n\t\t\t\t\n\t\t\t\t<h2 class=\"su-post-title\"><a href=\"https:\/\/www.verdichtet.at\/?p=3174\">Nachts<\/a><\/h2>\n\n\t\t\t\t<div class=\"su-post-meta\">\n\t\t\t\t\tVer\u00f6ffentlicht: 12. September 2015\t\t\t\t<\/div>\n\n\t\t\t\t<div class=\"su-post-excerpt\">\n\t\t\t\t\t<p>Nachts, umgeben von Ruhe alle Kaufh\u00e4user blinken weiter denn Lichter schlafen nie Reduzierter Verkehr am Asphalt Abz\u00fcge pusten fetttriefende K\u00fcchen in die Nachtluft Das Rathaus liegt im Nebel Villen versteckt in schwarzen B\u00e4umen nur ein gelbes Licht blinkt Zacken von Z\u00e4unen ragen spitz in die Schw\u00e4rze Besitzer halten Menschen mit Speeren fern Durch enge Gassen [&hellip;]<\/p>\n\t\t\t\t<\/div>\n\n\t\t\t\t\t\t\t\t\t<a href=\"https:\/\/www.verdichtet.at\/?p=3174#respond\" class=\"su-post-comments-link\">0 Kommentare<\/a>\n\t\t\t\t\n\t\t\t<\/div>\n\n\t\t\t\t\t\n\t\t\t\n\t\t\t<div id=\"su-post-2543\" class=\"su-post \">\n\n\t\t\t\t\n\t\t\t\t<h2 class=\"su-post-title\"><a href=\"https:\/\/www.verdichtet.at\/?p=2543\">Ruinenruin<\/a><\/h2>\n\n\t\t\t\t<div class=\"su-post-meta\">\n\t\t\t\t\tVer\u00f6ffentlicht: 17. Mai 2015\t\t\t\t<\/div>\n\n\t\t\t\t<div class=\"su-post-excerpt\">\n\t\t\t\t\t<p>Am Beginn des Fu\u00df- und Radweges parallel zur Rohrbacher Bundesstra\u00dfe mahnt eine Hinweistafel alle Fu\u00dfg\u00e4nger, sich links zu halten, also dicht neben der stark frequentierten Fahrbahn zu verbleiben. Wegen des Steinschlags aus den Kl\u00fcften der Urfahrw\u00e4nd, der, obzwar durch die allj\u00e4hrlichen Felsr\u00e4umungen, durch aufwendige Armierungen, Fangnetze, Stahlanker und Betoninjektionen im Zaum gehalten, eben nicht v\u00f6llig [&hellip;]<\/p>\n\t\t\t\t<\/div>\n\n\t\t\t\t\t\t\t\t\t<a href=\"https:\/\/www.verdichtet.at\/?p=2543#comments\" class=\"su-post-comments-link\">Ein Kommentar<\/a>\n\t\t\t\t\n\t\t\t<\/div>\n\n\t\t\t\t\t\n\t\t\t\n\t\t\t<div id=\"su-post-1311\" class=\"su-post \">\n\n\t\t\t\t\n\t\t\t\t<h2 class=\"su-post-title\"><a href=\"https:\/\/www.verdichtet.at\/?p=1311\">Linz, Sonntag: In Search of a Wirtshaus<\/a><\/h2>\n\n\t\t\t\t<div class=\"su-post-meta\">\n\t\t\t\t\tVer\u00f6ffentlicht: 15. April 2014\t\t\t\t<\/div>\n\n\t\t\t\t<div class=\"su-post-excerpt\">\n\t\t\t\t\t<p>\u201eDie Folge der Speisen geht von den schweren zu den leichten.\u201c Jean Anth\u00e8lme Brillat-Savarin, Physiologie des Geschmacks \u201eAllein eine der besten ged\u00e4mpften Speisen, welche aus Fischen bereitet werden k\u00f6nnen, ist die folgende: (\u2026).\u201c Carl Friedrich von Rumohr, Geist der Kochkunst Manchmal \u00fcberkommt es einen halt. Nein, ich meine nicht jenes Gebaren in rauen Vollmondn\u00e4chten, in [&hellip;]<\/p>\n\t\t\t\t<\/div>\n\n\t\t\t\t\t\t\t\t\t<a href=\"https:\/\/www.verdichtet.at\/?p=1311#respond\" class=\"su-post-comments-link\">0 Kommentare<\/a>\n\t\t\t\t\n\t\t\t<\/div>\n\n\t\t\t\t\t\n\t\t\t\n\t\t\t<div id=\"su-post-1276\" class=\"su-post \">\n\n\t\t\t\t\n\t\t\t\t<h2 class=\"su-post-title\"><a href=\"https:\/\/www.verdichtet.at\/?p=1276\">Wein Ende Br\u00fccke<\/a><\/h2>\n\n\t\t\t\t<div class=\"su-post-meta\">\n\t\t\t\t\tVer\u00f6ffentlicht: 3. April 2014\t\t\t\t<\/div>\n\n\t\t\t\t<div class=\"su-post-excerpt\">\n\t\t\t\t\t<p>Hin und wieder muss man nach Wien. Nach Paris, London oder New York \u2013 Seoul nicht zu vergessen \u2013 nat\u00fcrlich auch. Aber nicht so oft wie nach Wien und Wels oder Passau. Durch Ert\u00fcchtigungsma\u00dfnahmen entlang der Trassenf\u00fchrung der Westbahn, insbesondere dank des Wienerwaldtunnels zwischen Chorherrn und Hadersdorf-Weidlingau, hat sich die Distanz zwischen Linz und Wien [&hellip;]<\/p>\n\t\t\t\t<\/div>\n\n\t\t\t\t\t\t\t\t\t<a href=\"https:\/\/www.verdichtet.at\/?p=1276#comments\" class=\"su-post-comments-link\">2 comments<\/a>\n\t\t\t\t\n\t\t\t<\/div>\n\n\t\t\t\t\t\n\t\t\t\n\t\t\t<div id=\"su-post-1839\" class=\"su-post \">\n\n\t\t\t\t\n\t\t\t\t<h2 class=\"su-post-title\"><a href=\"https:\/\/www.verdichtet.at\/?p=1839\">Atem holen<\/a><\/h2>\n\n\t\t\t\t<div class=\"su-post-meta\">\n\t\t\t\t\tVer\u00f6ffentlicht: 20. November 2014\t\t\t\t<\/div>\n\n\t\t\t\t<div class=\"su-post-excerpt\">\n\t\t\t\t\t<p>Alles ist im Fluss, hei\u00dft auch nicht viel mehr als: Alles verl\u00e4uft sich, verrinnt, unterliegt dem Wandel. Andernfalls w\u00e4re Existieren die Verewigung des erstarrten Moments \u2013 das Schicksal der im Bernsteintropfen eingegossenen Urzeitfliege. Die Metapher vom \u201eFluss des Lebens\u201c \u2013 mag sie verfangen? Wo soll es denn m\u00fcnden, dieses m\u00e4andrierende Gewese? Etwa im Tod, von [&hellip;]<\/p>\n\t\t\t\t<\/div>\n\n\t\t\t\t\t\t\t\t\t<a href=\"https:\/\/www.verdichtet.at\/?p=1839#respond\" class=\"su-post-comments-link\">0 Kommentare<\/a>\n\t\t\t\t\n\t\t\t<\/div>\n\n\t\t\t\t\t\n\t\t\t\n\t\t\t<div id=\"su-post-1072\" class=\"su-post \">\n\n\t\t\t\t\n\t\t\t\t<h2 class=\"su-post-title\"><a href=\"https:\/\/www.verdichtet.at\/?p=1072\">Via Amalfi<\/a><\/h2>\n\n\t\t\t\t<div class=\"su-post-meta\">\n\t\t\t\t\tVer\u00f6ffentlicht: 15. M\u00e4rz 2014\t\t\t\t<\/div>\n\n\t\t\t\t<div class=\"su-post-excerpt\">\n\t\t\t\t\t<p>Drei \u00e4ltere Herren Sa\u00dfen bei Tisch Unter der Sp\u00e4tsommersonne. Eine Flasche roten Weins N\u00e4herte sich der Neige. Die Pfirsichplantagen Gab es nicht mehr, Aber der Strand War naturbelassen Und fast so wild Wie vor f\u00fcnfzig Jahren, Und das Meer War wundersch\u00f6n Und friedlich, Und die Bunker waren Geheimnisvoll wie damals Und dicht verwachsen. Die Frau [&hellip;]<\/p>\n\t\t\t\t<\/div>\n\n\t\t\t\t\t\t\t\t\t<a href=\"https:\/\/www.verdichtet.at\/?p=1072#respond\" class=\"su-post-comments-link\">0 Kommentare<\/a>\n\t\t\t\t\n\t\t\t<\/div>\n\n\t\t\n\t\n<\/div>\n\n","protected":false},"excerpt":{"rendered":"","protected":false},"author":4,"featured_media":0,"parent":405,"menu_order":0,"comment_status":"closed","ping_status":"closed","template":"","meta":{"footnotes":""},"class_list":["post-2528","page","type-page","status-publish","hentry"],"_links":{"self":[{"href":"https:\/\/www.verdichtet.at\/index.php?rest_route=\/wp\/v2\/pages\/2528","targetHints":{"allow":["GET"]}}],"collection":[{"href":"https:\/\/www.verdichtet.at\/index.php?rest_route=\/wp\/v2\/pages"}],"about":[{"href":"https:\/\/www.verdichtet.at\/index.php?rest_route=\/wp\/v2\/types\/page"}],"author":[{"embeddable":true,"href":"https:\/\/www.verdichtet.at\/index.php?rest_route=\/wp\/v2\/users\/4"}],"replies":[{"embeddable":true,"href":"https:\/\/www.verdichtet.at\/index.php?rest_route=%2Fwp%2Fv2%2Fcomments&post=2528"}],"version-history":[{"count":5,"href":"https:\/\/www.verdichtet.at\/index.php?rest_route=\/wp\/v2\/pages\/2528\/revisions"}],"predecessor-version":[{"id":5065,"href":"https:\/\/www.verdichtet.at\/index.php?rest_route=\/wp\/v2\/pages\/2528\/revisions\/5065"}],"up":[{"embeddable":true,"href":"https:\/\/www.verdichtet.at\/index.php?rest_route=\/wp\/v2\/pages\/405"}],"wp:attachment":[{"href":"https:\/\/www.verdichtet.at\/index.php?rest_route=%2Fwp%2Fv2%2Fmedia&parent=2528"}],"curies":[{"name":"wp","href":"https:\/\/api.w.org\/{rel}","templated":true}]}}