{"id":2020,"date":"2015-01-07T16:48:51","date_gmt":"2015-01-07T16:48:51","guid":{"rendered":"http:\/\/www.verdichtet.at\/?page_id=2020"},"modified":"2015-08-29T08:04:12","modified_gmt":"2015-08-29T08:04:12","slug":"drah-di-ned-um","status":"publish","type":"page","link":"https:\/\/www.verdichtet.at\/?page_id=2020","title":{"rendered":"drah di ned um &#8230;"},"content":{"rendered":"<div class=\"pdfprnt-buttons pdfprnt-buttons-page pdfprnt-top-right\"><a href=\"https:\/\/www.verdichtet.at\/index.php?rest_route=wpv2pages2020&print=pdf\" class=\"pdfprnt-button pdfprnt-button-pdf\" target=\"_blank\"><\/a><a href=\"https:\/\/www.verdichtet.at\/index.php?rest_route=wpv2pages2020&print=print\" class=\"pdfprnt-button pdfprnt-button-print\" target=\"_blank\"><\/a><\/div>\n\n<div class=\"su-posts su-posts-default-loop \">\n\n\t\n\t\t\t\t\t\n\t\t\t\n\t\t\t<div id=\"su-post-21159\" class=\"su-post \">\n\n\t\t\t\t\n\t\t\t\t<h2 class=\"su-post-title\"><a href=\"https:\/\/www.verdichtet.at\/?p=21159\">Gesinnungspolizei<\/a><\/h2>\n\n\t\t\t\t<div class=\"su-post-meta\">\n\t\t\t\t\tVer\u00f6ffentlicht: 26. Oktober 2025\t\t\t\t<\/div>\n\n\t\t\t\t<div class=\"su-post-excerpt\">\n\t\t\t\t\t<p>W\u00fcnschst du deinem Arbeitgeber alles Schlechte, unterst\u00fctzt du die falsche Partei oder hast du schlimm unz\u00fcchtige Gedanken? Dann bist du ein Fall f\u00fcr die Gesinnungspolizei. Du musst gar nichts tun, es reicht, daran zu denken. Wir bringen dich zur\u00fcck auf den rechten Weg, du wirst es uns noch danken. Johannes Tosin (Text und Foto) www.verdichtet.at [&hellip;]<\/p>\n\t\t\t\t<\/div>\n\n\t\t\t\t\t\t\t\t\t<a href=\"https:\/\/www.verdichtet.at\/?p=21159#respond\" class=\"su-post-comments-link\">0 Kommentare<\/a>\n\t\t\t\t\n\t\t\t<\/div>\n\n\t\t\t\t\t\n\t\t\t\n\t\t\t<div id=\"su-post-18646\" class=\"su-post \">\n\n\t\t\t\t\n\t\t\t\t<h2 class=\"su-post-title\"><a href=\"https:\/\/www.verdichtet.at\/?p=18646\">Novemberwind<\/a><\/h2>\n\n\t\t\t\t<div class=\"su-post-meta\">\n\t\t\t\t\tVer\u00f6ffentlicht: 1. September 2024\t\t\t\t<\/div>\n\n\t\t\t\t<div class=\"su-post-excerpt\">\n\t\t\t\t\t<p>Ein blauer Wind, der r\u00fcttelt am Fenster hier im Raum. Es ist, als ob er sch\u00fcttelt mich aus dem dunklen Traum. Zur\u00fcck das Bett ich lasse, werf mir den Mantel um. Steh zitternd auf der Gasse und blicke stumm herum. Warum an diesem Ort, allein in kalter Nacht? Wei\u00df es nicht, doch muss ich fort; [&hellip;]<\/p>\n\t\t\t\t<\/div>\n\n\t\t\t\t\t\t\t\t\t<a href=\"https:\/\/www.verdichtet.at\/?p=18646#comments\" class=\"su-post-comments-link\">Ein Kommentar<\/a>\n\t\t\t\t\n\t\t\t<\/div>\n\n\t\t\t\t\t\n\t\t\t\n\t\t\t<div id=\"su-post-21072\" class=\"su-post \">\n\n\t\t\t\t\n\t\t\t\t<h2 class=\"su-post-title\"><a href=\"https:\/\/www.verdichtet.at\/?p=21072\">Ein letztes Mahl<\/a><\/h2>\n\n\t\t\t\t<div class=\"su-post-meta\">\n\t\t\t\t\tVer\u00f6ffentlicht: 23. Oktober 2025\t\t\t\t<\/div>\n\n\t\t\t\t<div class=\"su-post-excerpt\">\n\t\t\t\t\t<p>Was auch immer sich im kleinen steirischen Dorf Gratwein zutrug \u2013 Melitta Knehs wusste davon. Sie war siebenundf\u00fcnfzig Jahre alt, gl\u00fccklich und verm\u00f6gend verwitwet und widmete ihre Zeit ihrer Spitzh\u00fcndin namens Ella und den Dingen, die im Ort vor sich gingen. Melitta hatte sich als gro\u00dfe Aufdeckerin einen Namen in Gratwein gemacht, zumindest sah sie [&hellip;]<\/p>\n\t\t\t\t<\/div>\n\n\t\t\t\t\t\t\t\t\t<a href=\"https:\/\/www.verdichtet.at\/?p=21072#respond\" class=\"su-post-comments-link\">0 Kommentare<\/a>\n\t\t\t\t\n\t\t\t<\/div>\n\n\t\t\t\t\t\n\t\t\t\n\t\t\t<div id=\"su-post-21000\" class=\"su-post \">\n\n\t\t\t\t\n\t\t\t\t<h2 class=\"su-post-title\"><a href=\"https:\/\/www.verdichtet.at\/?p=21000\">Platz da<\/a><\/h2>\n\n\t\t\t\t<div class=\"su-post-meta\">\n\t\t\t\t\tVer\u00f6ffentlicht: 6. Oktober 2025\t\t\t\t<\/div>\n\n\t\t\t\t<div class=\"su-post-excerpt\">\n\t\t\t\t\t<p>Kann doch nicht so schwer sein, rechts zu gehen?Weicht man nicht von selber aus, ist es besser, man bleibt stehen.Leute, so ist\u2019s heute \u00fcblich, blo\u00df nicht R\u00fccksicht nehmen, gilt!Alles ist vergessen worden, was man einst f\u00fcr richtig hielt. Auf dem Gehsteig tummeln sich Radler, Scooter, Kinderwagen.Geht dazwischen wer zu Fu\u00df, ist er Freiwild, muss man [&hellip;]<\/p>\n\t\t\t\t<\/div>\n\n\t\t\t\t\t\t\t\t\t<a href=\"https:\/\/www.verdichtet.at\/?p=21000#respond\" class=\"su-post-comments-link\">0 Kommentare<\/a>\n\t\t\t\t\n\t\t\t<\/div>\n\n\t\t\t\t\t\n\t\t\t\n\t\t\t<div id=\"su-post-20479\" class=\"su-post \">\n\n\t\t\t\t\n\t\t\t\t<h2 class=\"su-post-title\"><a href=\"https:\/\/www.verdichtet.at\/?p=20479\">Ich bin Tyrann<\/a><\/h2>\n\n\t\t\t\t<div class=\"su-post-meta\">\n\t\t\t\t\tVer\u00f6ffentlicht: 24. Juli 2025\t\t\t\t<\/div>\n\n\t\t\t\t<div class=\"su-post-excerpt\">\n\t\t\t\t\t<p>Norbert Johannes Prenner (Text und Grafik) www.verdichtet.at | Kategorie: drah di ned um \u2026| Inventarnummer: 25139<\/p>\n\t\t\t\t<\/div>\n\n\t\t\t\t\t\t\t\t\t<a href=\"https:\/\/www.verdichtet.at\/?p=20479#respond\" class=\"su-post-comments-link\">0 Kommentare<\/a>\n\t\t\t\t\n\t\t\t<\/div>\n\n\t\t\t\t\t\n\t\t\t\n\t\t\t<div id=\"su-post-19826\" class=\"su-post \">\n\n\t\t\t\t\n\t\t\t\t<h2 class=\"su-post-title\"><a href=\"https:\/\/www.verdichtet.at\/?p=19826\">Unter Verdacht<\/a><\/h2>\n\n\t\t\t\t<div class=\"su-post-meta\">\n\t\t\t\t\tVer\u00f6ffentlicht: 31. M\u00e4rz 2025\t\t\t\t<\/div>\n\n\t\t\t\t<div class=\"su-post-excerpt\">\n\t\t\t\t\t<p>Mit welchem Flug sind Sie gekommen, werd\u2019 ich gefragt? Ein strenger Blick studiert mein Visum, und nehmen Sie die Brille ab! Mein Pass, es ist schon sp\u00e4t, liegt zum Lesen am Ger\u00e4t. Aufmerksam wird das gelesen, was dort \u00fcber mich so steht. Der strenge Blick lastet auf mir, ein Griff zum Telefon, es wird gew\u00e4hlt. [&hellip;]<\/p>\n\t\t\t\t<\/div>\n\n\t\t\t\t\t\t\t\t\t<a href=\"https:\/\/www.verdichtet.at\/?p=19826#respond\" class=\"su-post-comments-link\">0 Kommentare<\/a>\n\t\t\t\t\n\t\t\t<\/div>\n\n\t\t\t\t\t\n\t\t\t\n\t\t\t<div id=\"su-post-19339\" class=\"su-post \">\n\n\t\t\t\t\n\t\t\t\t<h2 class=\"su-post-title\"><a href=\"https:\/\/www.verdichtet.at\/?p=19339\">Max, der Kleptomane<\/a><\/h2>\n\n\t\t\t\t<div class=\"su-post-meta\">\n\t\t\t\t\tVer\u00f6ffentlicht: 28. Dezember 2024\t\t\t\t<\/div>\n\n\t\t\t\t<div class=\"su-post-excerpt\">\n\t\t\t\t\t<p>Jawohl, Hohes Gericht, ich gestehe: Ich bin ein Dieb! Noch schlimmer: Ein Gewohnheitsdieb! Ich stehle seit meiner Jugend, und das noch heute. Vielleicht sogar hier am Gericht, nach dem Unterschreiben des Protokolls. Wenn keiner hinschaut. Weil: Ich kann nicht anders! Ich liebe sch\u00f6ne Kugelschreiber!!! Halten zu Gnaden, Herr Rat, sie sind so sch\u00f6n und praktisch. [&hellip;]<\/p>\n\t\t\t\t<\/div>\n\n\t\t\t\t\t\t\t\t\t<a href=\"https:\/\/www.verdichtet.at\/?p=19339#respond\" class=\"su-post-comments-link\">0 Kommentare<\/a>\n\t\t\t\t\n\t\t\t<\/div>\n\n\t\t\t\t\t\n\t\t\t\n\t\t\t<div id=\"su-post-15911\" class=\"su-post \">\n\n\t\t\t\t\n\t\t\t\t<h2 class=\"su-post-title\"><a href=\"https:\/\/www.verdichtet.at\/?p=15911\">Blaue Mitzi<\/a><\/h2>\n\n\t\t\t\t<div class=\"su-post-meta\">\n\t\t\t\t\tVer\u00f6ffentlicht: 11. Mai 2023\t\t\t\t<\/div>\n\n\t\t\t\t<div class=\"su-post-excerpt\">\n\t\t\t\t\t<p>Wer hat die \u201eBlaue Mitzi\u201c vergiftet? Obwohl der Theologe Gerhard Lohfink sagt, dass man einen Krimistoff \u201eganz sicher nicht\u201c in Gedichtform schreiben kann. Es war beim letzten Pfarrcaf\u00e9 \u2013 beliebt bei den Senioren Da hat Maria Wanzenb\u00f6ck \u2013 ihr Lebenslicht verloren Der \u201eBlauen Mitzi\u201c, wie sie hie\u00df \u2013 weil sie stets Blau getragen Hat nach [&hellip;]<\/p>\n\t\t\t\t<\/div>\n\n\t\t\t\t\t\t\t\t\t<a href=\"https:\/\/www.verdichtet.at\/?p=15911#respond\" class=\"su-post-comments-link\">0 Kommentare<\/a>\n\t\t\t\t\n\t\t\t<\/div>\n\n\t\t\t\t\t\n\t\t\t\n\t\t\t<div id=\"su-post-14251\" class=\"su-post \">\n\n\t\t\t\t\n\t\t\t\t<h2 class=\"su-post-title\"><a href=\"https:\/\/www.verdichtet.at\/?p=14251\">Die \u00fcberdrehte W\u00e4scheleine<\/a><\/h2>\n\n\t\t\t\t<div class=\"su-post-meta\">\n\t\t\t\t\tVer\u00f6ffentlicht: 27. Juni 2022\t\t\t\t<\/div>\n\n\t\t\t\t<div class=\"su-post-excerpt\">\n\t\t\t\t\t<p>Ich bin schon gespannt zum Zerrei\u00dfen Wie k\u00f6nnt\u2019 ich da Leine noch hei\u00dfen? Ein H\u00f6schen nur auf mich geh\u00e4nget Und schon w\u00e4r ich g\u00e4nzlich zersprenget! Was ist blo\u00df aus mir geworden? Einst trug ich den H\u00f6schenbandorden F\u00fcr leichte bis Mittelgewichte H\u00f6rt her, was ich euch berichte: Verflucht sei der Tag als der Spatz kam Und [&hellip;]<\/p>\n\t\t\t\t<\/div>\n\n\t\t\t\t\t\t\t\t\t<a href=\"https:\/\/www.verdichtet.at\/?p=14251#respond\" class=\"su-post-comments-link\">0 Kommentare<\/a>\n\t\t\t\t\n\t\t\t<\/div>\n\n\t\t\t\t\t\n\t\t\t\n\t\t\t<div id=\"su-post-13723\" class=\"su-post \">\n\n\t\t\t\t\n\t\t\t\t<h2 class=\"su-post-title\"><a href=\"https:\/\/www.verdichtet.at\/?p=13723\">Mit Betonpatschen im Hudson River<\/a><\/h2>\n\n\t\t\t\t<div class=\"su-post-meta\">\n\t\t\t\t\tVer\u00f6ffentlicht: 29. Januar 2022\t\t\t\t<\/div>\n\n\t\t\t\t<div class=\"su-post-excerpt\">\n\t\t\t\t\t<p>Man muss als Gesch\u00e4ftsmann schon einiges aushalten. Wenn er zum Beispiel als Beifahrer mit einem neuen Mitarbeiter mitf\u00e4hrt, um zu sehen, ob er ein Auto sicher bewegen kann, und dieser Mitarbeiter spielt in infernalischer Lautst\u00e4rke Hottentottenmusik. Hottentottenmusik, klingt das nicht total altv\u00e4terlich? Der Chef muss sich unbeeindruckt vom L\u00e4rm geben, sonst h\u00e4lt der Mitarbeiter ihn [&hellip;]<\/p>\n\t\t\t\t<\/div>\n\n\t\t\t\t\t\t\t\t\t<a href=\"https:\/\/www.verdichtet.at\/?p=13723#respond\" class=\"su-post-comments-link\">0 Kommentare<\/a>\n\t\t\t\t\n\t\t\t<\/div>\n\n\t\t\t\t\t\n\t\t\t\n\t\t\t<div id=\"su-post-13352\" class=\"su-post \">\n\n\t\t\t\t\n\t\t\t\t<h2 class=\"su-post-title\"><a href=\"https:\/\/www.verdichtet.at\/?p=13352\">Herr Puffigbrunner und die elektronische Fu\u00dffessel<\/a><\/h2>\n\n\t\t\t\t<div class=\"su-post-meta\">\n\t\t\t\t\tVer\u00f6ffentlicht: 5. November 2021\t\t\t\t<\/div>\n\n\t\t\t\t<div class=\"su-post-excerpt\">\n\t\t\t\t\t<p>Rrring-rrring-rrring. \u201eGuten Tag, hier ist die gerichtliche Auskunft des Landes K\u00e4rnten. Wie kann ich helfen?\u201c \u201eJa, gr\u00fc\u00df Gott, werte Dame, mein Name ist Puffigbrunner, ich trage eine elektronische Fu\u00dffessel. Dazu h\u00e4tte ich eine Frage.\u201c \u201eKein Problem, Herr Pu \u2026\u201c \u201ePuffigbrunner\u201c, erg\u00e4nzt Herr Puffigbrunner. \u201eJa, genau, Herr Puffigbrunner, ich leite Sie zu Herrn Dr. Kastenbrod weiter. [&hellip;]<\/p>\n\t\t\t\t<\/div>\n\n\t\t\t\t\t\t\t\t\t<a href=\"https:\/\/www.verdichtet.at\/?p=13352#respond\" class=\"su-post-comments-link\">0 Kommentare<\/a>\n\t\t\t\t\n\t\t\t<\/div>\n\n\t\t\t\t\t\n\t\t\t\n\t\t\t<div id=\"su-post-12777\" class=\"su-post \">\n\n\t\t\t\t\n\t\t\t\t<h2 class=\"su-post-title\"><a href=\"https:\/\/www.verdichtet.at\/?p=12777\">Der Hut<\/a><\/h2>\n\n\t\t\t\t<div class=\"su-post-meta\">\n\t\t\t\t\tVer\u00f6ffentlicht: 12. Mai 2021\t\t\t\t<\/div>\n\n\t\t\t\t<div class=\"su-post-excerpt\">\n\t\t\t\t\t<p>Der Hut schwimmt auf dem Wasser, vom b\u00f6igen Wind getrieben. Ein schwarzer Schlapphut, nennt man den nicht Borsalino? Es sieht aus, als liefe jemand mit einem Hut auf dem Kopf unter der Wasseroberfl\u00e4che. Vielleicht ist es so. Nicht, dass da jemand unter Wasser l\u00e4uft, nat\u00fcrlich. Aber dass da mal jemand unter dem Hut war, der [&hellip;]<\/p>\n\t\t\t\t<\/div>\n\n\t\t\t\t\t\t\t\t\t<a href=\"https:\/\/www.verdichtet.at\/?p=12777#respond\" class=\"su-post-comments-link\">0 Kommentare<\/a>\n\t\t\t\t\n\t\t\t<\/div>\n\n\t\t\t\t\t\n\t\t\t\n\t\t\t<div id=\"su-post-11752\" class=\"su-post \">\n\n\t\t\t\t\n\t\t\t\t<h2 class=\"su-post-title\"><a href=\"https:\/\/www.verdichtet.at\/?p=11752\">Voller Einsatz<\/a><\/h2>\n\n\t\t\t\t<div class=\"su-post-meta\">\n\t\t\t\t\tVer\u00f6ffentlicht: 8. August 2020\t\t\t\t<\/div>\n\n\t\t\t\t<div class=\"su-post-excerpt\">\n\t\t\t\t\t<p>Eine Menschentraube auf der Stra\u00dfe vor dem Haus. Polizei, Feuerwehr, THW, Rettungswagen, Notarzt vor ihrer Haust\u00fcr. Ein trommelfellzerfetzender Pfeifton, schrill und irgendwie bekannt, dringt an ihr Ohr und in ihr Hirn. Pia l\u00e4sst ihre Taschen fallen, dr\u00e4ngt sich durch die Menschen. Was ist mit Otto? Feuerwehrleute, Polizisten, Krankenpfleger, alle laufen durcheinander. Keiner achtet auf Pia. [&hellip;]<\/p>\n\t\t\t\t<\/div>\n\n\t\t\t\t\t\t\t\t\t<a href=\"https:\/\/www.verdichtet.at\/?p=11752#comments\" class=\"su-post-comments-link\">Ein Kommentar<\/a>\n\t\t\t\t\n\t\t\t<\/div>\n\n\t\t\t\t\t\n\t\t\t\n\t\t\t<div id=\"su-post-10292\" class=\"su-post \">\n\n\t\t\t\t\n\t\t\t\t<h2 class=\"su-post-title\"><a href=\"https:\/\/www.verdichtet.at\/?p=10292\">Wenn sie keiner Menschlichkeit zujubeln<\/a><\/h2>\n\n\t\t\t\t<div class=\"su-post-meta\">\n\t\t\t\t\tVer\u00f6ffentlicht: 11. Oktober 2019\t\t\t\t<\/div>\n\n\t\t\t\t<div class=\"su-post-excerpt\">\n\t\t\t\t\t<p>Blaue Alpen, wachen \u00fcber uns Sie bauen uns Z\u00e4une, Der eine oder andere erz\u00e4hlt von der guten alten Zeit da haben sie gejubelt vor dem Auto, Ein Bier ein Schnitzel dazu sch\u00f6ne Lieder aus der Heimat ein sch\u00f6nes Liederbuch auf das Kapperl auf zum Fechtkampf Deutsches Reich ein Traum, Schau, einen Hund hat man auch [&hellip;]<\/p>\n\t\t\t\t<\/div>\n\n\t\t\t\t\t\t\t\t\t<a href=\"https:\/\/www.verdichtet.at\/?p=10292#respond\" class=\"su-post-comments-link\">0 Kommentare<\/a>\n\t\t\t\t\n\t\t\t<\/div>\n\n\t\t\t\t\t\n\t\t\t\n\t\t\t<div id=\"su-post-10418\" class=\"su-post \">\n\n\t\t\t\t\n\t\t\t\t<h2 class=\"su-post-title\"><a href=\"https:\/\/www.verdichtet.at\/?p=10418\">Haus am Meer<\/a><\/h2>\n\n\t\t\t\t<div class=\"su-post-meta\">\n\t\t\t\t\tVer\u00f6ffentlicht: 25. Oktober 2019\t\t\t\t<\/div>\n\n\t\t\t\t<div class=\"su-post-excerpt\">\n\t\t\t\t\t<p>Eine sanfte Brise l\u00e4sst die Gardinen an der Verandat\u00fcr flattern, Antonia genie\u00dft die kleine Abk\u00fchlung nach dem hei\u00dfen Sommertag. Sie legt das Buch zur Seite und tritt auf die Terrasse. Nur das Rauschen des Meeres ist zu h\u00f6ren, dann senkt sich die Nacht \u00fcber die kleine kroatische Insel. Im benachbarten Geb\u00e4ude sieht sie Licht im [&hellip;]<\/p>\n\t\t\t\t<\/div>\n\n\t\t\t\t\t\t\t\t\t<a href=\"https:\/\/www.verdichtet.at\/?p=10418#respond\" class=\"su-post-comments-link\">0 Kommentare<\/a>\n\t\t\t\t\n\t\t\t<\/div>\n\n\t\t\t\t\t\n\t\t\t\n\t\t\t<div id=\"su-post-9822\" class=\"su-post \">\n\n\t\t\t\t\n\t\t\t\t<h2 class=\"su-post-title\"><a href=\"https:\/\/www.verdichtet.at\/?p=9822\">Einer f\u00fcr die Autos, einer f\u00fcr das Gasthaus<\/a><\/h2>\n\n\t\t\t\t<div class=\"su-post-meta\">\n\t\t\t\t\tVer\u00f6ffentlicht: 7. Juni 2019\t\t\t\t<\/div>\n\n\t\t\t\t<div class=\"su-post-excerpt\">\n\t\t\t\t\t<p>Die Gabe, ein Verbrechen aufzukl\u00e4ren, war Albin Breitschwengler wahrlich nicht in die Wiege gelegt worden, ein in Schnaps getunkter Schnuller sehr wohl. Als einziger Sohn von Heinrich und Aloisia Breitschwengler war Albin zu einem Dasein als Knecht bestimmt worden. \u201eDer Bub wird Knecht\u201c, hatte Aloisia stets gesagt. \u201eDa braucht er seinen Kopf blo\u00df, um das [&hellip;]<\/p>\n\t\t\t\t<\/div>\n\n\t\t\t\t\t\t\t\t\t<a href=\"https:\/\/www.verdichtet.at\/?p=9822#comments\" class=\"su-post-comments-link\">Ein Kommentar<\/a>\n\t\t\t\t\n\t\t\t<\/div>\n\n\t\t\t\t\t\n\t\t\t\n\t\t\t<div id=\"su-post-9447\" class=\"su-post \">\n\n\t\t\t\t\n\t\t\t\t<h2 class=\"su-post-title\"><a href=\"https:\/\/www.verdichtet.at\/?p=9447\">Schwarz ist die Nacht<\/a><\/h2>\n\n\t\t\t\t<div class=\"su-post-meta\">\n\t\t\t\t\tVer\u00f6ffentlicht: 10. Februar 2019\t\t\t\t<\/div>\n\n\t\t\t\t<div class=\"su-post-excerpt\">\n\t\t\t\t\t<p>F\u00fcrchte dich nicht vor der Nacht! Sie tut nichts, sie ist nur die Nacht. Sanft ist sie und still. In ihrer Schw\u00e4rze verbirgt sie keine M\u00f6rder und Perversen, zumindest nicht an geraden Tagen. Johannes Tosin (Text und Bild) www.verdichtet.at | Kategorie:\u00a0drah di ned um &#8230; | Inventarnummer: 19056<\/p>\n\t\t\t\t<\/div>\n\n\t\t\t\t\t\t\t\t\t<a href=\"https:\/\/www.verdichtet.at\/?p=9447#respond\" class=\"su-post-comments-link\">0 Kommentare<\/a>\n\t\t\t\t\n\t\t\t<\/div>\n\n\t\t\t\t\t\n\t\t\t\n\t\t\t<div id=\"su-post-8863\" class=\"su-post \">\n\n\t\t\t\t\n\t\t\t\t<h2 class=\"su-post-title\"><a href=\"https:\/\/www.verdichtet.at\/?p=8863\">Lebe wohl, Lakritz &#8211; Teil III<\/a><\/h2>\n\n\t\t\t\t<div class=\"su-post-meta\">\n\t\t\t\t\tVer\u00f6ffentlicht: 7. November 2018\t\t\t\t<\/div>\n\n\t\t\t\t<div class=\"su-post-excerpt\">\n\t\t\t\t\t<p>Es war ein langweiliger Abend. Ich stand mit geschlossenen Augen am ge\u00f6ffneten Fenster und atmete den frischen Duft des gem\u00e4hten Rasens ein, der von Gretas Hintergarten kam. Der Duft brachte mir gesichtslose Erinnerungen. Auf einmal bekam ich Angst. Man vergisst so viel, dabei besteht das Leben zum gr\u00f6\u00dften Teil aus Erinnerungen. Der Mensch ist seine [&hellip;]<\/p>\n\t\t\t\t<\/div>\n\n\t\t\t\t\t\t\t\t\t<a href=\"https:\/\/www.verdichtet.at\/?p=8863#respond\" class=\"su-post-comments-link\">0 Kommentare<\/a>\n\t\t\t\t\n\t\t\t<\/div>\n\n\t\t\t\t\t\n\t\t\t\n\t\t\t<div id=\"su-post-8861\" class=\"su-post \">\n\n\t\t\t\t\n\t\t\t\t<h2 class=\"su-post-title\"><a href=\"https:\/\/www.verdichtet.at\/?p=8861\">Lebe wohl, Lakritz &#8211; Teil II<\/a><\/h2>\n\n\t\t\t\t<div class=\"su-post-meta\">\n\t\t\t\t\tVer\u00f6ffentlicht: 7. November 2018\t\t\t\t<\/div>\n\n\t\t\t\t<div class=\"su-post-excerpt\">\n\t\t\t\t\t<p>Bevor ich nach Hause ging, brachte ich Greta anonym eine Rose. Das Bild vom Sonnenuntergang faszinierte mich wieder. Es erinnerte mich an etwas, aber am Anfang konnte ich nicht verstehen, an was genau. Erst als ich schon zu Hause war, erinnerte ich mich an einen konkreten Sommer, als mein Vater noch lebte. Ich war damals [&hellip;]<\/p>\n\t\t\t\t<\/div>\n\n\t\t\t\t\t\t\t\t\t<a href=\"https:\/\/www.verdichtet.at\/?p=8861#respond\" class=\"su-post-comments-link\">0 Kommentare<\/a>\n\t\t\t\t\n\t\t\t<\/div>\n\n\t\t\t\t\t\n\t\t\t\n\t\t\t<div id=\"su-post-8857\" class=\"su-post \">\n\n\t\t\t\t\n\t\t\t\t<h2 class=\"su-post-title\"><a href=\"https:\/\/www.verdichtet.at\/?p=8857\">Lebe wohl, Lakritz &#8211; Teil I<\/a><\/h2>\n\n\t\t\t\t<div class=\"su-post-meta\">\n\t\t\t\t\tVer\u00f6ffentlicht: 7. November 2018\t\t\t\t<\/div>\n\n\t\t\t\t<div class=\"su-post-excerpt\">\n\t\t\t\t\t<p>Zum ersten Mal sah ich Lakritz in meinem Lieblingskino namens \u201eDer Strahl\u201c. Drau\u00dfen war es ein stickiger Sommerabend und ich war in den k\u00fchlen Kinosaal eingetaucht, wo \u201eGef\u00fchl und Verf\u00fchrung\u201c von Bertolucci lief, den ich bereits zweimal gesehen hatte und mit gro\u00dfem Vergn\u00fcgen noch einmal sehen w\u00fcrde. In diesem Kino wurden immer Filmklassiker oder neue [&hellip;]<\/p>\n\t\t\t\t<\/div>\n\n\t\t\t\t\t\t\t\t\t<a href=\"https:\/\/www.verdichtet.at\/?p=8857#respond\" class=\"su-post-comments-link\">0 Kommentare<\/a>\n\t\t\t\t\n\t\t\t<\/div>\n\n\t\t\t\t\t\n\t\t\t\n\t\t\t<div id=\"su-post-8781\" class=\"su-post \">\n\n\t\t\t\t\n\t\t\t\t<h2 class=\"su-post-title\"><a href=\"https:\/\/www.verdichtet.at\/?p=8781\">Der Gefangene von Schloss Weyerburg<\/a><\/h2>\n\n\t\t\t\t<div class=\"su-post-meta\">\n\t\t\t\t\tVer\u00f6ffentlicht: 10. Oktober 2018\t\t\t\t<\/div>\n\n\t\t\t\t<div class=\"su-post-excerpt\">\n\t\t\t\t\t<p>Nachdenken \u00fcber Rache, die F\u00e4lle Skripal, Litwinenko, Beresowski u.v.a. Es ist eine dunkle, st\u00fcrmische Novembernacht des Jahres 1717. Vier Kutschen rasen aus der Reichshauptstadt hinaus durch die Ebene nach Norden. Die erste, ein Milit\u00e4rtransporter mit schwarzem Doppelgespann von kr\u00e4ftigen R\u00f6ssern, ist voll besetzt mit Soldaten. Die zweite eine reichverzierte Staatskarosse, die dritte Kutsche ist mit [&hellip;]<\/p>\n\t\t\t\t<\/div>\n\n\t\t\t\t\t\t\t\t\t<a href=\"https:\/\/www.verdichtet.at\/?p=8781#respond\" class=\"su-post-comments-link\">0 Kommentare<\/a>\n\t\t\t\t\n\t\t\t<\/div>\n\n\t\t\t\t\t\n\t\t\t\n\t\t\t<div id=\"su-post-8015\" class=\"su-post \">\n\n\t\t\t\t\n\t\t\t\t<h2 class=\"su-post-title\"><a href=\"https:\/\/www.verdichtet.at\/?p=8015\">Doppelg\u00e4nger<\/a><\/h2>\n\n\t\t\t\t<div class=\"su-post-meta\">\n\t\t\t\t\tVer\u00f6ffentlicht: 24. April 2018\t\t\t\t<\/div>\n\n\t\t\t\t<div class=\"su-post-excerpt\">\n\t\t\t\t\t<p>Ich glaube nicht, dass ich ihn noch kenne. Er wurde still und heimlich ausgetauscht. Gleiches Aussehen. Gleicher Geruch. Nur wie er mich liebt, verr\u00e4t den Doppelg\u00e4nger. Nives Farrier aus: Nach Dir. (TwentySix Verlag, 2018) www.verdichtet.at | Kategorie: drah di ned um &#8230; | Inventarnummer: 18095 &nbsp;<\/p>\n\t\t\t\t<\/div>\n\n\t\t\t\t\t\t\t\t\t<a href=\"https:\/\/www.verdichtet.at\/?p=8015#respond\" class=\"su-post-comments-link\">0 Kommentare<\/a>\n\t\t\t\t\n\t\t\t<\/div>\n\n\t\t\t\t\t\n\t\t\t\n\t\t\t<div id=\"su-post-7411\" class=\"su-post \">\n\n\t\t\t\t\n\t\t\t\t<h2 class=\"su-post-title\"><a href=\"https:\/\/www.verdichtet.at\/?p=7411\">Musik und Mord<\/a><\/h2>\n\n\t\t\t\t<div class=\"su-post-meta\">\n\t\t\t\t\tVer\u00f6ffentlicht: 22. Dezember 2017\t\t\t\t<\/div>\n\n\t\t\t\t<div class=\"su-post-excerpt\">\n\t\t\t\t\t<p>Lange gr\u00fcble ich schon dar\u00fcber nach, wende die Sache in meinem Kopf hin und her und kann zu keinem objektiven und endg\u00fcltigem Urteil kommen. Aber vielleicht braucht es gar keine Objektivit\u00e4t, kein Urteil, und schon gar kein endg\u00fcltiges. Wie komme ich \u00fcberhaupt dazu, mir anzuma\u00dfen, ein Urteil f\u00e4llen zu k\u00f6nnen, das bis zum Ende der [&hellip;]<\/p>\n\t\t\t\t<\/div>\n\n\t\t\t\t\t\t\t\t\t<a href=\"https:\/\/www.verdichtet.at\/?p=7411#respond\" class=\"su-post-comments-link\">0 Kommentare<\/a>\n\t\t\t\t\n\t\t\t<\/div>\n\n\t\t\t\t\t\n\t\t\t\n\t\t\t<div id=\"su-post-7315\" class=\"su-post \">\n\n\t\t\t\t\n\t\t\t\t<h2 class=\"su-post-title\"><a href=\"https:\/\/www.verdichtet.at\/?p=7315\">Bikinimadl<\/a><\/h2>\n\n\t\t\t\t<div class=\"su-post-meta\">\n\t\t\t\t\tVer\u00f6ffentlicht: 27. November 2017\t\t\t\t<\/div>\n\n\t\t\t\t<div class=\"su-post-excerpt\">\n\t\t\t\t\t<p>Das Bikinimadl ist beinamputiert, aber das f\u00e4llt nur denen auf, die noch nie hier waren. Es h\u00e4ngt da \u00fcber der T\u00fcr zum S\u00fcdbahnkeller und lockt mit ihren Neonkurven. Sie klatscht ihr frostiges Licht auf den verdreckten Gehsteig. Dabei ist verdreckt ja noch sch\u00f6n gesagt. Wegen dem Sauwetter spiegelt es sich kalt und wacklig in einer [&hellip;]<\/p>\n\t\t\t\t<\/div>\n\n\t\t\t\t\t\t\t\t\t<a href=\"https:\/\/www.verdichtet.at\/?p=7315#respond\" class=\"su-post-comments-link\">0 Kommentare<\/a>\n\t\t\t\t\n\t\t\t<\/div>\n\n\t\t\t\t\t\n\t\t\t\n\t\t\t<div id=\"su-post-6641\" class=\"su-post \">\n\n\t\t\t\t\n\t\t\t\t<h2 class=\"su-post-title\"><a href=\"https:\/\/www.verdichtet.at\/?p=6641\">Ende geplant<\/a><\/h2>\n\n\t\t\t\t<div class=\"su-post-meta\">\n\t\t\t\t\tVer\u00f6ffentlicht: 10. Juni 2017\t\t\t\t<\/div>\n\n\t\t\t\t<div class=\"su-post-excerpt\">\n\t\t\t\t\t<p>Ullrich von Halen war ein gro\u00dfer, schwerer Mann. Sein m\u00e4chtiger K\u00f6rper war mit dichten, kleinen Inseln schwarzen Haares \u00fcberzogen. Ein b\u00e4renhafter Mann. Doch war an ihm nichts Schwerf\u00e4lliges. Er bewegte sich leicht, fast t\u00e4nzerisch schob er seine 130 Kilo durch den Raum. Eben traf er Vorbereitungen, mit Ernst und gr\u00f6\u00dfter Sorgfalt, denn er wusste: Es [&hellip;]<\/p>\n\t\t\t\t<\/div>\n\n\t\t\t\t\t\t\t\t\t<a href=\"https:\/\/www.verdichtet.at\/?p=6641#respond\" class=\"su-post-comments-link\">0 Kommentare<\/a>\n\t\t\t\t\n\t\t\t<\/div>\n\n\t\t\t\t\t\n\t\t\t\n\t\t\t<div id=\"su-post-5643\" class=\"su-post \">\n\n\t\t\t\t\n\t\t\t\t<h2 class=\"su-post-title\"><a href=\"https:\/\/www.verdichtet.at\/?p=5643\">Die Morgen danach<\/a><\/h2>\n\n\t\t\t\t<div class=\"su-post-meta\">\n\t\t\t\t\tVer\u00f6ffentlicht: 12. Dezember 2016\t\t\t\t<\/div>\n\n\t\t\t\t<div class=\"su-post-excerpt\">\n\t\t\t\t\t<p>Am Morgen des vierzehnten November 2014 erwachte Peter in seinem Einzelbett und wusste gleich, dass etwas anders war als sonst. Die Sonne schien durch das Fenster. Ihre Strahlen waren ganz anders als in den Tagen davor. Diese Tage waren nebelig und trostlos, schon morgens war klar, dass sie das werden w\u00fcrden. Durch die wabernden grauen [&hellip;]<\/p>\n\t\t\t\t<\/div>\n\n\t\t\t\t\t\t\t\t\t<a href=\"https:\/\/www.verdichtet.at\/?p=5643#comments\" class=\"su-post-comments-link\">Ein Kommentar<\/a>\n\t\t\t\t\n\t\t\t<\/div>\n\n\t\t\t\t\t\n\t\t\t\n\t\t\t<div id=\"su-post-5240\" class=\"su-post \">\n\n\t\t\t\t\n\t\t\t\t<h2 class=\"su-post-title\"><a href=\"https:\/\/www.verdichtet.at\/?p=5240\">Zwei Sch\u00fcsse<\/a><\/h2>\n\n\t\t\t\t<div class=\"su-post-meta\">\n\t\t\t\t\tVer\u00f6ffentlicht: 16. Oktober 2016\t\t\t\t<\/div>\n\n\t\t\t\t<div class=\"su-post-excerpt\">\n\t\t\t\t\t<p>Heute kam ich am fr\u00fchen Nachmittag von der Jagd zur\u00fcck und ging in den Keller meines Elternhauses. Dort reinigte ich meine Flinte, stellte sie in den Waffenschrank und entsorgte zwei Patronenh\u00fclsen, die Schrot enthalten hatten. Als ich damit fertig war, h\u00f6rte ich die Stimme meiner Mutter. \u201cEgon, komm bitte in die Stube!\u201d Dies sagte sie [&hellip;]<\/p>\n\t\t\t\t<\/div>\n\n\t\t\t\t\t\t\t\t\t<a href=\"https:\/\/www.verdichtet.at\/?p=5240#respond\" class=\"su-post-comments-link\">0 Kommentare<\/a>\n\t\t\t\t\n\t\t\t<\/div>\n\n\t\t\t\t\t\n\t\t\t\n\t\t\t<div id=\"su-post-4927\" class=\"su-post \">\n\n\t\t\t\t\n\t\t\t\t<h2 class=\"su-post-title\"><a href=\"https:\/\/www.verdichtet.at\/?p=4927\">Ein Knall und doch kein Fall<\/a><\/h2>\n\n\t\t\t\t<div class=\"su-post-meta\">\n\t\t\t\t\tVer\u00f6ffentlicht: 29. August 2016\t\t\t\t<\/div>\n\n\t\t\t\t<div class=\"su-post-excerpt\">\n\t\t\t\t\t<p>Das Leben legt manchmal Fallstricke aus, doch nicht jeder Mensch, der von ihnen zu Fall gebracht wird, f\u00e4llt tief. Eine Frau zum Beispiel, die von ihrem Liebhaber schwanger wird, daraufhin ihren Ehemann verl\u00e4sst und fortan gl\u00fccklich mit Freund und Nachwuchs lebt, ist, wie man sagt, auf die Butterseite gefallen. Ein Politiker oder Manager, der, damit [&hellip;]<\/p>\n\t\t\t\t<\/div>\n\n\t\t\t\t\t\t\t\t\t<a href=\"https:\/\/www.verdichtet.at\/?p=4927#respond\" class=\"su-post-comments-link\">0 Kommentare<\/a>\n\t\t\t\t\n\t\t\t<\/div>\n\n\t\t\t\t\t\n\t\t\t\n\t\t\t<div id=\"su-post-4773\" class=\"su-post \">\n\n\t\t\t\t\n\t\t\t\t<h2 class=\"su-post-title\"><a href=\"https:\/\/www.verdichtet.at\/?p=4773\">Von Steinen und Br\u00e4uten<\/a><\/h2>\n\n\t\t\t\t<div class=\"su-post-meta\">\n\t\t\t\t\tVer\u00f6ffentlicht: 12. Juli 2016\t\t\t\t<\/div>\n\n\t\t\t\t<div class=\"su-post-excerpt\">\n\t\t\t\t\t<p>Seit dem Tag seiner Geburt war Alois M\u00f6stl seinem Nachbarn Franz Mierz in Feindschaft verbunden. Diese hatte famili\u00e4re Gr\u00fcnde, denn die V\u00e4ter von Alois und Franz hassten einander mit einer Inbrunst, wie es sie im kleinen Dorf Gratwein, welches im Steirischen liegt, nie zuvor gegeben hatte und wie sie dort wohl auch nie wieder ihre [&hellip;]<\/p>\n\t\t\t\t<\/div>\n\n\t\t\t\t\t\t\t\t\t<a href=\"https:\/\/www.verdichtet.at\/?p=4773#respond\" class=\"su-post-comments-link\">0 Kommentare<\/a>\n\t\t\t\t\n\t\t\t<\/div>\n\n\t\t\t\t\t\n\t\t\t\n\t\t\t<div id=\"su-post-4769\" class=\"su-post \">\n\n\t\t\t\t\n\t\t\t\t<h2 class=\"su-post-title\"><a href=\"https:\/\/www.verdichtet.at\/?p=4769\">Der Jagderfolg<\/a><\/h2>\n\n\t\t\t\t<div class=\"su-post-meta\">\n\t\t\t\t\tVer\u00f6ffentlicht: 12. Juli 2016\t\t\t\t<\/div>\n\n\t\t\t\t<div class=\"su-post-excerpt\">\n\t\t\t\t\t<p>Ich sa\u00df vor dem H\u00e4uschen meiner Eltern und las eine Kurzgeschichte, die in einer Literaturzeitschrift erschienen war. Ich war so vertieft in die Erz\u00e4hlung, dass ich auf den Mann, der an unserem Gartentor lehnte, erst aufmerksam wurde, als er mir h\u00f6hnisch zurief: \u201eIst ja klar: Der Schreiberling sitzt in der Sonne und l\u00e4sst den Herrgott [&hellip;]<\/p>\n\t\t\t\t<\/div>\n\n\t\t\t\t\t\t\t\t\t<a href=\"https:\/\/www.verdichtet.at\/?p=4769#respond\" class=\"su-post-comments-link\">0 Kommentare<\/a>\n\t\t\t\t\n\t\t\t<\/div>\n\n\t\t\t\t\t\n\t\t\t\n\t\t\t<div id=\"su-post-4677\" class=\"su-post \">\n\n\t\t\t\t\n\t\t\t\t<h2 class=\"su-post-title\"><a href=\"https:\/\/www.verdichtet.at\/?p=4677\">Aufgedeckt<\/a><\/h2>\n\n\t\t\t\t<div class=\"su-post-meta\">\n\t\t\t\t\tVer\u00f6ffentlicht: 30. Juni 2016\t\t\t\t<\/div>\n\n\t\t\t\t<div class=\"su-post-excerpt\">\n\t\t\t\t\t<p>Mitte der Woche im Caf\u00e9 Br\u00e4unerhof. \u201eJunger Mann\u201c, fragte Carl Hofbauer den Kellner, \u201ewo ist denn der Franz heute? Dienstfrei, oder was?\u201c Der Kellner kam langsam n\u00e4her, mit einem Geschirrtuch ein Weinglas polierend. \u201eJa, wissen Sie nicht?\u201c, fragte dieser mit ernster Miene. \u201eWas ist passiert?\u201c, Carl richtete sich neugierig auf. Der Kellner schluckte und r\u00e4usperte [&hellip;]<\/p>\n\t\t\t\t<\/div>\n\n\t\t\t\t\t\t\t\t\t<a href=\"https:\/\/www.verdichtet.at\/?p=4677#respond\" class=\"su-post-comments-link\">0 Kommentare<\/a>\n\t\t\t\t\n\t\t\t<\/div>\n\n\t\t\t\t\t\n\t\t\t\n\t\t\t<div id=\"su-post-4633\" class=\"su-post \">\n\n\t\t\t\t\n\t\t\t\t<h2 class=\"su-post-title\"><a href=\"https:\/\/www.verdichtet.at\/?p=4633\">Bamboo<\/a><\/h2>\n\n\t\t\t\t<div class=\"su-post-meta\">\n\t\t\t\t\tVer\u00f6ffentlicht: 14. Juni 2016\t\t\t\t<\/div>\n\n\t\t\t\t<div class=\"su-post-excerpt\">\n\t\t\t\t\t<p>Was hat die Schlacht bei Mogersdorf mit Bambus zu tun, k\u00f6nnte man fragen. So direkt gesehen \u2013 eigentlich nichts. Und doch \u2013 ich werde versuchen, ob ich nicht doch eine gewisse Chronologie in die ganze Sache bringen kann. Man schrieb das Jahr, nicht 1664, nein, sondern 2008, als ein lieber Freund auf Dr\u00e4ngen seiner geliebten [&hellip;]<\/p>\n\t\t\t\t<\/div>\n\n\t\t\t\t\t\t\t\t\t<a href=\"https:\/\/www.verdichtet.at\/?p=4633#comments\" class=\"su-post-comments-link\">Ein Kommentar<\/a>\n\t\t\t\t\n\t\t\t<\/div>\n\n\t\t\t\t\t\n\t\t\t\n\t\t\t<div id=\"su-post-3694\" class=\"su-post \">\n\n\t\t\t\t\n\t\t\t\t<h2 class=\"su-post-title\"><a href=\"https:\/\/www.verdichtet.at\/?p=3694\">Es<\/a><\/h2>\n\n\t\t\t\t<div class=\"su-post-meta\">\n\t\t\t\t\tVer\u00f6ffentlicht: 19. November 2015\t\t\t\t<\/div>\n\n\t\t\t\t<div class=\"su-post-excerpt\">\n\t\t\t\t\t<p>&#8230;genauso ist mein Hiersein eigentlich v\u00f6llig unm\u00f6glich, ist es ebenfalls ein Nachleben eines nicht mehr existenten Lebensmodells. Denkt Langmut &#8211; und weiter: Sich hier hinzu zu stellen zu den Kulturbergen, das ist ja der Aberwitz am Wolfgangsee! &#8211; Die Idee mit dem gr\u00f6\u00dfenwahnsinnigen Namen \u201eStrobler Literaturgespr\u00e4che\u201c war ja nur m\u00f6glich, meine Idee, ein Kulturopfer zu [&hellip;]<\/p>\n\t\t\t\t<\/div>\n\n\t\t\t\t\t\t\t\t\t<a href=\"https:\/\/www.verdichtet.at\/?p=3694#respond\" class=\"su-post-comments-link\">0 Kommentare<\/a>\n\t\t\t\t\n\t\t\t<\/div>\n\n\t\t\t\t\t\n\t\t\t\n\t\t\t<div id=\"su-post-3706\" class=\"su-post \">\n\n\t\t\t\t\n\t\t\t\t<h2 class=\"su-post-title\"><a href=\"https:\/\/www.verdichtet.at\/?p=3706\">Beginning<\/a><\/h2>\n\n\t\t\t\t<div class=\"su-post-meta\">\n\t\t\t\t\tVer\u00f6ffentlicht: 21. November 2015\t\t\t\t<\/div>\n\n\t\t\t\t<div class=\"su-post-excerpt\">\n\t\t\t\t\t<p>(inspired by Criminal Minds) \u201eDer Pittsburg-Fall ist abgeschlossen. Die Gruppe fliegt gleich weiter zum n\u00e4chsten Fall. Sie sind morgen um acht Uhr fr\u00fch dort\u201c, erkl\u00e4rte Garcia. Donia blickte auf die Uhr an der Wand, es war zehn Uhr abends. \u201eWir haben heute 14 Stunden durchgearbeitet. Du kannst nach Hause gehen und schlafen. Die Verschl\u00fcsselungsprogramme laufen [&hellip;]<\/p>\n\t\t\t\t<\/div>\n\n\t\t\t\t\t\t\t\t\t<a href=\"https:\/\/www.verdichtet.at\/?p=3706#respond\" class=\"su-post-comments-link\">0 Kommentare<\/a>\n\t\t\t\t\n\t\t\t<\/div>\n\n\t\t\t\t\t\n\t\t\t\n\t\t\t<div id=\"su-post-3260\" class=\"su-post \">\n\n\t\t\t\t\n\t\t\t\t<h2 class=\"su-post-title\"><a href=\"https:\/\/www.verdichtet.at\/?p=3260\">Eine jagdliche Szene<\/a><\/h2>\n\n\t\t\t\t<div class=\"su-post-meta\">\n\t\t\t\t\tVer\u00f6ffentlicht: 21. September 2015\t\t\t\t<\/div>\n\n\t\t\t\t<div class=\"su-post-excerpt\">\n\t\t\t\t\t<p>Eine neoklassizistische Villa im Salzkammergut. Das Haus, umgebaut zur Privatpension, beherbergt eine Reihe illustrer G\u00e4ste. Unter ihnen eine attraktive junge Dame mit Namen Sybilla Trinks, in die sich Norman Moll, Kurgast, Individualist und Einzelg\u00e4nger, spontan verliebt hat. Man nimmt einen Drink zusammen auf der Terrasse des Hauses. Thema eines angeregten Gespr\u00e4chs ist Bodo Rabitsch, gleichfalls [&hellip;]<\/p>\n\t\t\t\t<\/div>\n\n\t\t\t\t\t\t\t\t\t<a href=\"https:\/\/www.verdichtet.at\/?p=3260#respond\" class=\"su-post-comments-link\">0 Kommentare<\/a>\n\t\t\t\t\n\t\t\t<\/div>\n\n\t\t\t\t\t\n\t\t\t\n\t\t\t<div id=\"su-post-2701\" class=\"su-post \">\n\n\t\t\t\t\n\t\t\t\t<h2 class=\"su-post-title\"><a href=\"https:\/\/www.verdichtet.at\/?p=2701\">Feind und Helfer<\/a><\/h2>\n\n\t\t\t\t<div class=\"su-post-meta\">\n\t\t\t\t\tVer\u00f6ffentlicht: 30. Mai 2015\t\t\t\t<\/div>\n\n\t\t\t\t<div class=\"su-post-excerpt\">\n\t\t\t\t\t<p>Also pass auf, ich muss dir was erz\u00e4hlen: Ich bin Samstagabend mit meiner Freundin zu Hause gesessen, in meiner Floridsdorfer 35 m\u00b2-Wohnung und haben uns, aufgrund des Wetters, mangels anderer Alternativen, \u201eWetten, dass..?\u201c im Fernsehen gegeben, w\u00e4hrend mein temperamentvoller Nachbar in ein emotionsgeladenes Streitgespr\u00e4ch mit seiner Freundin verwickelt war. \u201eSo, meine Damen und Herren\u2026 Wir [&hellip;]<\/p>\n\t\t\t\t<\/div>\n\n\t\t\t\t\t\t\t\t\t<a href=\"https:\/\/www.verdichtet.at\/?p=2701#respond\" class=\"su-post-comments-link\">0 Kommentare<\/a>\n\t\t\t\t\n\t\t\t<\/div>\n\n\t\t\t\t\t\n\t\t\t\n\t\t\t<div id=\"su-post-2682\" class=\"su-post \">\n\n\t\t\t\t\n\t\t\t\t<h2 class=\"su-post-title\"><a href=\"https:\/\/www.verdichtet.at\/?p=2682\">Unfair, fair<\/a><\/h2>\n\n\t\t\t\t<div class=\"su-post-meta\">\n\t\t\t\t\tVer\u00f6ffentlicht: 28. Mai 2015\t\t\t\t<\/div>\n\n\t\t\t\t<div class=\"su-post-excerpt\">\n\t\t\t\t\t<p>Vivien durfte sich von dem erb\u00e4rmlichen Anblick, den Jeremiahs Eltern abgaben, nicht t\u00e4uschen lassen. Der erste Schock w\u00fcrde bald \u00fcberwunden sein und sie w\u00fcrden sich nicht einmal mehr daran erinnern, dass sie einen Sohn hatten. Seine Mutter hatte verheulte Augen und zitterte am ganzen K\u00f6rper in den Armen ihres Mannes, der offensichtlich seit Tagen nicht [&hellip;]<\/p>\n\t\t\t\t<\/div>\n\n\t\t\t\t\t\t\t\t\t<a href=\"https:\/\/www.verdichtet.at\/?p=2682#respond\" class=\"su-post-comments-link\">0 Kommentare<\/a>\n\t\t\t\t\n\t\t\t<\/div>\n\n\t\t\t\t\t\n\t\t\t\n\t\t\t<div id=\"su-post-2598\" class=\"su-post \">\n\n\t\t\t\t\n\t\t\t\t<h2 class=\"su-post-title\"><a href=\"https:\/\/www.verdichtet.at\/?p=2598\">Das Verh\u00f6r<\/a><\/h2>\n\n\t\t\t\t<div class=\"su-post-meta\">\n\t\t\t\t\tVer\u00f6ffentlicht: 16. Mai 2015\t\t\t\t<\/div>\n\n\t\t\t\t<div class=\"su-post-excerpt\">\n\t\t\t\t\t<p>In einer st\u00fcrmischen Gewitternacht entdeckt das Stubenm\u00e4dchen eines privaten Kurheimes, Fr\u00e4ulein Trixi, beim abendlichen Zimmerdurchgang die Leiche einer \u00e4lteren Pflegebed\u00fcrftigen. Wurde sie erstickt? Wom\u00f6glich mit einem Polster? W\u00e4hrend sich die \u00fcbrigen G\u00e4ste im Salon des Hauses beim Bridgespiel vergn\u00fcgen, ruft man unterdessen diskret Polizei und Rettung. Ein Kommissar wird noch in derselben Nacht zur Untersuchung [&hellip;]<\/p>\n\t\t\t\t<\/div>\n\n\t\t\t\t\t\t\t\t\t<a href=\"https:\/\/www.verdichtet.at\/?p=2598#respond\" class=\"su-post-comments-link\">0 Kommentare<\/a>\n\t\t\t\t\n\t\t\t<\/div>\n\n\t\t\t\t\t\n\t\t\t\n\t\t\t<div id=\"su-post-2325\" class=\"su-post \">\n\n\t\t\t\t\n\t\t\t\t<h2 class=\"su-post-title\"><a href=\"https:\/\/www.verdichtet.at\/?p=2325\">Dienst nach Vorschrift oder Die Geschichte der \u201eOs\u201c<\/a><\/h2>\n\n\t\t\t\t<div class=\"su-post-meta\">\n\t\t\t\t\tVer\u00f6ffentlicht: 2. M\u00e4rz 2015\t\t\t\t<\/div>\n\n\t\t\t\t<div class=\"su-post-excerpt\">\n\t\t\t\t\t<p>Ausgesprochen nerv\u00f6s schien sie zu sein, aber das konnte nur er bemerken, weil er sie sehr gut beobachtet hatte in all den Jahren, seit sie seine Vorgesetzte geworden war. Ihr Businessanzug sa\u00df perfekt, das helle Haar war hochgesteckt und untadelig frisiert worden, darauf achtete sie immer. Eine Abweichung in dieser Hinsicht h\u00e4tte Alarmstufe rot bedeutet. [&hellip;]<\/p>\n\t\t\t\t<\/div>\n\n\t\t\t\t\t\t\t\t\t<a href=\"https:\/\/www.verdichtet.at\/?p=2325#respond\" class=\"su-post-comments-link\">0 Kommentare<\/a>\n\t\t\t\t\n\t\t\t<\/div>\n\n\t\t\t\t\t\n\t\t\t\n\t\t\t<div id=\"su-post-1985\" class=\"su-post \">\n\n\t\t\t\t\n\t\t\t\t<h2 class=\"su-post-title\"><a href=\"https:\/\/www.verdichtet.at\/?p=1985\">Der Fall Obernhuber<\/a><\/h2>\n\n\t\t\t\t<div class=\"su-post-meta\">\n\t\t\t\t\tVer\u00f6ffentlicht: 5. Januar 2015\t\t\t\t<\/div>\n\n\t\t\t\t<div class=\"su-post-excerpt\">\n\t\t\t\t\t<p>Wir wissen nicht viel \u00fcber Manfred Obernhuber: Er soll am 17. Oktober 1942 in der Gegend der Rax das Licht der Welt erblickt haben, als erstes und einziges Kind der Martha Obernhuber. Kein Vater, kein Religionsbekenntnis. Die Mutter ist nur unter dem Namen des Hofs (\u201aObernhuberhof\u2018) bekannt, f\u00fcr den sie sich bis zur Entbindung abgerackert [&hellip;]<\/p>\n\t\t\t\t<\/div>\n\n\t\t\t\t\t\t\t\t\t<a href=\"https:\/\/www.verdichtet.at\/?p=1985#respond\" class=\"su-post-comments-link\">0 Kommentare<\/a>\n\t\t\t\t\n\t\t\t<\/div>\n\n\t\t\n\t\n<\/div>\n\n","protected":false},"excerpt":{"rendered":"","protected":false},"author":4,"featured_media":0,"parent":405,"menu_order":0,"comment_status":"closed","ping_status":"closed","template":"","meta":{"footnotes":""},"class_list":["post-2020","page","type-page","status-publish","hentry"],"_links":{"self":[{"href":"https:\/\/www.verdichtet.at\/index.php?rest_route=\/wp\/v2\/pages\/2020","targetHints":{"allow":["GET"]}}],"collection":[{"href":"https:\/\/www.verdichtet.at\/index.php?rest_route=\/wp\/v2\/pages"}],"about":[{"href":"https:\/\/www.verdichtet.at\/index.php?rest_route=\/wp\/v2\/types\/page"}],"author":[{"embeddable":true,"href":"https:\/\/www.verdichtet.at\/index.php?rest_route=\/wp\/v2\/users\/4"}],"replies":[{"embeddable":true,"href":"https:\/\/www.verdichtet.at\/index.php?rest_route=%2Fwp%2Fv2%2Fcomments&post=2020"}],"version-history":[{"count":3,"href":"https:\/\/www.verdichtet.at\/index.php?rest_route=\/wp\/v2\/pages\/2020\/revisions"}],"predecessor-version":[{"id":2025,"href":"https:\/\/www.verdichtet.at\/index.php?rest_route=\/wp\/v2\/pages\/2020\/revisions\/2025"}],"up":[{"embeddable":true,"href":"https:\/\/www.verdichtet.at\/index.php?rest_route=\/wp\/v2\/pages\/405"}],"wp:attachment":[{"href":"https:\/\/www.verdichtet.at\/index.php?rest_route=%2Fwp%2Fv2%2Fmedia&parent=2020"}],"curies":[{"name":"wp","href":"https:\/\/api.w.org\/{rel}","templated":true}]}}