{"id":159,"date":"2013-11-25T13:43:04","date_gmt":"2013-11-25T13:43:04","guid":{"rendered":"http:\/\/www.verdichtet.at\/?page_id=159"},"modified":"2025-07-06T12:44:43","modified_gmt":"2025-07-06T12:44:43","slug":"fuer-medien","status":"publish","type":"page","link":"https:\/\/www.verdichtet.at\/?page_id=159","title":{"rendered":"F\u00fcr Medien"},"content":{"rendered":"<div class=\"pdfprnt-buttons pdfprnt-buttons-page pdfprnt-top-right\"><a href=\"https:\/\/www.verdichtet.at\/index.php?rest_route=wpv2pages159&print=pdf\" class=\"pdfprnt-button pdfprnt-button-pdf\" target=\"_blank\"><\/a><a href=\"https:\/\/www.verdichtet.at\/index.php?rest_route=wpv2pages159&print=print\" class=\"pdfprnt-button pdfprnt-button-print\" target=\"_blank\"><\/a><\/div><p>Sie sind\u00a0ZeitungsredakteurIn\u00a0oder VerlagsmitarbeiterIn und interessieren sich f\u00fcr die <strong>Ver\u00f6ffentlichung eines der Texte auf verdichtet.at in Ihrem Medium<\/strong>?<br \/>\nWir freuen uns dar\u00fcber!<br \/>\nNehmen Sie bitte\u00a0Kontakt mit <a href=\"mailto:redaktion@verdichtet.at\">redaktion@verdichtet.at<\/a> auf.<\/p>\n<p>Wir\u00a0holen daraufhin das\u00a0Einverst\u00e4ndnis der AutorInnen ein. Nach deren Zustimmung setzen wir uns mit Ihnen in Verbindung, um das Weitere zu kl\u00e4ren.<\/p>\n<p>Einige Verlage und Medien\u00a0haben bereits Texte von verdichtet-AutorInnen\u00a0publiziert, hier eine Auswahl:<\/p>\n<ul>\n<li>Der literarische Zaunk\u00f6nig (<a href=\"http:\/\/www.erika-mitterer.org\/\" target=\"_blank\">Erika Mitterer Gesellschaft<\/a>)<\/li>\n<li><a href=\"https:\/\/de.wikipedia.org\/wiki\/Literarisches_%C3%96sterreich\" target=\"_blank\">Literarisches \u00d6sterreich<\/a> (<a href=\"https:\/\/www.oesv.or.at\/home.html\" target=\"_blank\">\u00d6sterreichischer Schriftsteller\/innenverband<\/a>)<\/li>\n<li><a href=\"https:\/\/pustet.at\/de\/autorinnen.cp?cp=0&amp;pageid=44&amp;cat=10&amp;artid=204&amp;bricksslice=false&amp;av=&amp;curpage=1&amp;pagecnt=1&amp;offset=0&amp;search=swoboda&amp;perpage=3&amp;catids=10&amp;usr=&amp;totalcnt=1&amp;clientcnt=1\" target=\"_blank\">Pustet Verlag<\/a><\/li>\n<li><a title=\"hofgasse 12\" href=\"http:\/\/www.bibliothekderprovinz.at\/autor.php?id=1044\" target=\"_blank\">Verlag Bibliothek der Provinz<\/a><\/li>\n<li><a title=\"Fieberphantasien im Pullmann-Abteil\" href=\"http:\/\/www.spiegel.de\/reise\/fernweh\/reisehorror-erotische-fieberphantasien-im-pullmann-abteil-a-132847.html\" target=\"_blank\">Der Spiegel<\/a><\/li>\n<li><a href=\"http:\/\/derstandard.at\/2000025677169\/Zwei-Fremde-im-Bus-Von-Aleppo-nach-Laaanderthaya\" target=\"_blank\">Der Standard<\/a><\/li>\n<li><a href=\"https:\/\/wienerbezirksblatt.at\/bernd-watzkas-tiergedichte\/\" target=\"_blank\">Wiener Bezirksblatt<\/a><\/li>\n<li><a title=\"Ende einer Korrektorin\" href=\"http:\/\/die-zeitgenossin.de.tl\/\" target=\"_blank\">Die Zeitgenossin<\/a><\/li>\n<\/ul>\n<p>Wir verweisen selbstverst\u00e4ndlich gerne auf die Seiten dieser Verlage und Medien.\u00a0Die betreffenden Hinweise\u00a0finden sich jeweils unter den Textausz\u00fcgen.<\/p>\n<p>Auch die M\u00f6glichkeit einer <strong>Vorver\u00f6ffentlichung<\/strong> bietet unsere Plattform:<\/p>\n<ul>\n<li>Der <a href=\"http:\/\/www.residenzverlag.at\/\" target=\"_blank\">Residenz Verlag<\/a> gab uns bereits Ende J\u00e4nner 2014 das Einverst\u00e4ndnis, einen Auszug aus dem Roman \u201cWie im Wald\u201d zu ver\u00f6ffentlichen: <a title=\"Trockenmarillen\" href=\"http:\/\/www.verdichtet.at\/?p=921\">Trockenmarillen<\/a> findet sich daher schon seit Anfang Februar 2014 auf verdichtet.at.<br \/>\nIm September 2014 ist der <a href=\"http:\/\/www.residenzverlag.at\/?m=30&amp;o=2&amp;id_title=1711\" target=\"_blank\">Roman<\/a> dann wie geplant erschienen.<br \/>\nWir bedanken uns bei der Autorin Elisabeth Klar und beim Residenz Verlag f\u00fcr das freundliche Einverst\u00e4ndnis zur Vorver\u00f6ffentlichung des Textes auf verdichtet.at und w\u00fcnschen ihnen und dem Roman viel Erfolg!<\/li>\n<\/ul>\n<p><strong>Rundum Literatur \u2013 rund um Literatur<br \/>\n<\/strong><\/p>\n<p>Gerne unterst\u00fctzen wir auch Literaturprojekte, die wir als genre- bzw. gattungs\u00fcbergreifend und Bereicherung f\u00fcr die Vermittlung der Freude am geschriebenen Wort empfinden.<\/p>\n<p>So finden sich bereits seit dem Jahr 2014 beim (Literatur-)Theaterprojekt <a href=\"http:\/\/www.theaterzeit.at\/\" target=\"_blank\">Theaterzeit<\/a> Texte auf der B\u00fchne wieder, die urspr\u00fcnglich bei verdichtet.at erschienen sind: <a href=\"http:\/\/www.verdichtet.at\/?p=1493\">Liebesbrief eines Brauers<\/a>, <a href=\"http:\/\/www.verdichtet.at\/?p=1495\">Die Sch\u00f6nen und das Bier<\/a> und <a href=\"http:\/\/www.verdichtet.at\/?p=1486\">Willkommen bei der Bierverkostung<\/a>.<br \/>\n2016 teilten wir freudig auch <a href=\"http:\/\/www.verdichtet.at\/?p=4693\">Let\u2019s go<\/a> und <a href=\"http:\/\/www.verdichtet.at\/?p=1467\">Vorbereitung auf ein neues Leben<\/a> mit dem Theaterpublikum, und 2018 brachte die Theaterzeit <a href=\"http:\/\/www.verdichtet.at\/?p=8489\">Erwarten k\u00f6nnen<\/a> gro\u00dfartig wie gekonnt feinf\u00fchlig auf die B\u00fchne. 2023 durften wir Lyrik und Prosa\u00a0beitragen:\u00a0<a href=\"https:\/\/www.verdichtet.at\/?p=14970\"><u>Daniele schw\u00e4rmt<\/u><\/a> und\u00a0<u><a href=\"https:\/\/www.verdichtet.at\/?p=7558\">Woanders erwachen<\/a><\/u>. Ein Theaterprojekt, das wir gerne weiterverfolgen.<\/p>\n<p>Auch die Idee, Zugfahren mit Lesen zu verkn\u00fcpfen, die von <a href=\"http:\/\/www.railaxed.at\/\" target=\"_blank\">www.railaxed.at<\/a> transportiert wird, gef\u00e4llt uns gut, und wir haben daher gerne mit <a href=\"http:\/\/www.verdichtet.at\/wp-content\/uploads\/2018\/08\/verdichtetaufrailaxed_06_16.pdf\">unseren Texten<\/a> dazu beigetragen: <a href=\"http:\/\/www.verdichtet.at\/?p=87\">Ah &amp; Oh!<\/a> und <a href=\"http:\/\/www.verdichtet.at\/wp-content\/uploads\/2020\/11\/Carmen-railaxed-06_16.pdf\">Volkers Fahrt<\/a>.<\/p>\n<p>Von der Wiege bis zur Bahre: Lesen ist immer das Wahre!<br \/>\nDas haben sich anscheinend auch die Kreativk\u00f6pfe gedacht, die wohl eine der ungew\u00f6hnlichsten B\u00fccherleihen des Landes \u2013 die <a href=\"https:\/\/www.lebensraum-friedhof.at\/buechersteine\/\" target=\"_blank\">B\u00fcchersteine am Matzleinsdorfer Friedhof in Wien<\/a> \u2013 ins Leben gerufen haben. Weil es keinen Ort gibt, an dem ein gutes Buch fehl am Platz w\u00e4re.<\/p>\n<p>Sollten Sie auch ein solches oder \u00e4hnliches Projekt gegr\u00fcndet haben, verfolgen oder f\u00f6rdernswert finden, das der Literaturvermittlung dient, so senden Sie Ihren Hinweis bitte gerne an <a href=\"mailto:redaktion@verdichtet.at\">redaktion@verdichtet.at<\/a>. Wir sind neugierig, was es rund um Literatur noch alles gibt!<\/p>\n","protected":false},"excerpt":{"rendered":"<p>Sie sind\u00a0ZeitungsredakteurIn\u00a0oder VerlagsmitarbeiterIn und interessieren sich f\u00fcr die Ver\u00f6ffentlichung eines der Texte auf verdichtet.at in Ihrem Medium? Wir freuen uns dar\u00fcber! Nehmen Sie bitte\u00a0Kontakt mit redaktion@verdichtet.at auf. Wir\u00a0holen daraufhin das\u00a0Einverst\u00e4ndnis der AutorInnen ein. Nach deren Zustimmung setzen wir uns mit Ihnen in Verbindung, um das Weitere zu kl\u00e4ren. Einige Verlage und Medien\u00a0haben bereits Texte von [&hellip;]<\/p>\n","protected":false},"author":4,"featured_media":0,"parent":0,"menu_order":0,"comment_status":"closed","ping_status":"closed","template":"","meta":{"footnotes":""},"class_list":["post-159","page","type-page","status-publish","hentry"],"_links":{"self":[{"href":"https:\/\/www.verdichtet.at\/index.php?rest_route=\/wp\/v2\/pages\/159","targetHints":{"allow":["GET"]}}],"collection":[{"href":"https:\/\/www.verdichtet.at\/index.php?rest_route=\/wp\/v2\/pages"}],"about":[{"href":"https:\/\/www.verdichtet.at\/index.php?rest_route=\/wp\/v2\/types\/page"}],"author":[{"embeddable":true,"href":"https:\/\/www.verdichtet.at\/index.php?rest_route=\/wp\/v2\/users\/4"}],"replies":[{"embeddable":true,"href":"https:\/\/www.verdichtet.at\/index.php?rest_route=%2Fwp%2Fv2%2Fcomments&post=159"}],"version-history":[{"count":45,"href":"https:\/\/www.verdichtet.at\/index.php?rest_route=\/wp\/v2\/pages\/159\/revisions"}],"predecessor-version":[{"id":18217,"href":"https:\/\/www.verdichtet.at\/index.php?rest_route=\/wp\/v2\/pages\/159\/revisions\/18217"}],"wp:attachment":[{"href":"https:\/\/www.verdichtet.at\/index.php?rest_route=%2Fwp%2Fv2%2Fmedia&parent=159"}],"curies":[{"name":"wp","href":"https:\/\/api.w.org\/{rel}","templated":true}]}}