{"id":1490,"date":"2014-07-20T08:31:03","date_gmt":"2014-07-20T08:31:03","guid":{"rendered":"http:\/\/www.verdichtet.at\/?page_id=1490"},"modified":"2015-08-29T08:07:11","modified_gmt":"2015-08-29T08:07:11","slug":"sueffig","status":"publish","type":"page","link":"https:\/\/www.verdichtet.at\/?page_id=1490","title":{"rendered":"s\u00fcffig"},"content":{"rendered":"<div class=\"pdfprnt-buttons pdfprnt-buttons-page pdfprnt-top-right\"><a href=\"https:\/\/www.verdichtet.at\/index.php?rest_route=wpv2pages1490&print=pdf\" class=\"pdfprnt-button pdfprnt-button-pdf\" target=\"_blank\"><\/a><a href=\"https:\/\/www.verdichtet.at\/index.php?rest_route=wpv2pages1490&print=print\" class=\"pdfprnt-button pdfprnt-button-print\" target=\"_blank\"><\/a><\/div>\n\n<div class=\"su-posts su-posts-default-loop \">\n\n\t\n\t\t\t\t\t\n\t\t\t\n\t\t\t<div id=\"su-post-18636\" class=\"su-post \">\n\n\t\t\t\t\n\t\t\t\t<h2 class=\"su-post-title\"><a href=\"https:\/\/www.verdichtet.at\/?p=18636\">Das Lall<\/a><\/h2>\n\n\t\t\t\t<div class=\"su-post-meta\">\n\t\t\t\t\tVer\u00f6ffentlicht: 1. September 2024\t\t\t\t<\/div>\n\n\t\t\t\t<div class=\"su-post-excerpt\">\n\t\t\t\t\t<p>Ich bin das Lall und m\u00f6chte aufbegehren, mich gegen des Trinkers Dumpfheit wehren. Denn zu H\u00f6herem bin ich berufen; ich erklimm der Dichtkunst Stufen! Verse, Reime kann ich erzeugen, brauch mich nur der Grammatik beugen. Ich pass mich an \u2013 an jeden Fall: Der Lall, des Lalls, dem Lall, den Lall. Die ganze Welt soll [&hellip;]<\/p>\n\t\t\t\t<\/div>\n\n\t\t\t\t\t\t\t\t\t<a href=\"https:\/\/www.verdichtet.at\/?p=18636#respond\" class=\"su-post-comments-link\">0 Kommentare<\/a>\n\t\t\t\t\n\t\t\t<\/div>\n\n\t\t\t\t\t\n\t\t\t\n\t\t\t<div id=\"su-post-20990\" class=\"su-post \">\n\n\t\t\t\t\n\t\t\t\t<h2 class=\"su-post-title\"><a href=\"https:\/\/www.verdichtet.at\/?p=20990\">Gespenster<\/a><\/h2>\n\n\t\t\t\t<div class=\"su-post-meta\">\n\t\t\t\t\tVer\u00f6ffentlicht: 5. Oktober 2025\t\t\t\t<\/div>\n\n\t\t\t\t<div class=\"su-post-excerpt\">\n\t\t\t\t\t<p>Um f\u00fcnf Minuten vor eins in der Nacht sitzen die Gespenster an ihrem Abendbrottisch, der wei\u00df-transparent ist wie sie. Zwei ehemalige M\u00e4nner und zwei ehemalige Frauen. Sie m\u00fcssen nicht essen und trinken, aber sie tun es, als Ritual. Die Esswaren und Getr\u00e4nke haben sie aus deinem K\u00fchlschrank entwendet. Deshalb also fehlt st\u00e4ndig etwas! Olaf, das [&hellip;]<\/p>\n\t\t\t\t<\/div>\n\n\t\t\t\t\t\t\t\t\t<a href=\"https:\/\/www.verdichtet.at\/?p=20990#respond\" class=\"su-post-comments-link\">0 Kommentare<\/a>\n\t\t\t\t\n\t\t\t<\/div>\n\n\t\t\t\t\t\n\t\t\t\n\t\t\t<div id=\"su-post-8674\" class=\"su-post \">\n\n\t\t\t\t\n\t\t\t\t<h2 class=\"su-post-title\"><a href=\"https:\/\/www.verdichtet.at\/?p=8674\">Warum warten?<\/a><\/h2>\n\n\t\t\t\t<div class=\"su-post-meta\">\n\t\t\t\t\tVer\u00f6ffentlicht: 19. September 2018\t\t\t\t<\/div>\n\n\t\t\t\t<div class=\"su-post-excerpt\">\n\t\t\t\t\t<p>Ich kann nicht l\u00e4nger auf dich warten Mein Engel du, mein Satansbraten Wenn ich noch l\u00e4nger auf dich wart Bin alt und grau ich, hochbejahrt Und w\u00e4chst mein Bart zu langer L\u00e4nge Des Eiffelturmes Flechtgest\u00e4nge K\u00f6nnt ich glatt damit bestricken Den tiefen Riss im Weltgepr\u00e4nge Mit meines Bartes Wolle flicken So st\u00fcnd\u2018 es dann um [&hellip;]<\/p>\n\t\t\t\t<\/div>\n\n\t\t\t\t\t\t\t\t\t<a href=\"https:\/\/www.verdichtet.at\/?p=8674#respond\" class=\"su-post-comments-link\">0 Kommentare<\/a>\n\t\t\t\t\n\t\t\t<\/div>\n\n\t\t\t\t\t\n\t\t\t\n\t\t\t<div id=\"su-post-19603\" class=\"su-post \">\n\n\t\t\t\t\n\t\t\t\t<h2 class=\"su-post-title\"><a href=\"https:\/\/www.verdichtet.at\/?p=19603\">Nachtschw\u00e4rmer<\/a><\/h2>\n\n\t\t\t\t<div class=\"su-post-meta\">\n\t\t\t\t\tVer\u00f6ffentlicht: 15. Februar 2025\t\t\t\t<\/div>\n\n\t\t\t\t<div class=\"su-post-excerpt\">\n\t\t\t\t\t<p>Er hat kein Heimgehen. In die kalte Wohnung, wo nur ein Goldfisch auf ihn wartet? Im Lokal sind Leute, das Bier ist s\u00fcffig, eine Frau gef\u00e4llt ihm, die schon ziemlich illuminiert ist. Auch Geld hat er genug, da Monatsanfang. Eine neue Zigarette angesteckt, das n\u00e4chste Bier bestellt. Heut hat die Tr\u00fcbsal Pause. Er bleibt und [&hellip;]<\/p>\n\t\t\t\t<\/div>\n\n\t\t\t\t\t\t\t\t\t<a href=\"https:\/\/www.verdichtet.at\/?p=19603#respond\" class=\"su-post-comments-link\">0 Kommentare<\/a>\n\t\t\t\t\n\t\t\t<\/div>\n\n\t\t\t\t\t\n\t\t\t\n\t\t\t<div id=\"su-post-19524\" class=\"su-post \">\n\n\t\t\t\t\n\t\t\t\t<h2 class=\"su-post-title\"><a href=\"https:\/\/www.verdichtet.at\/?p=19524\">Melange<\/a><\/h2>\n\n\t\t\t\t<div class=\"su-post-meta\">\n\t\t\t\t\tVer\u00f6ffentlicht: 3. Februar 2025\t\t\t\t<\/div>\n\n\t\t\t\t<div class=\"su-post-excerpt\">\n\t\t\t\t\t<p>Flie\u00dft ineinander, Farben und T\u00f6ne und D\u00fcfte. Vermischt sich wie Kaffee und Milch und Zucker zur Melange. In der Erinnerung ist alles eins. Nie bitter wird der Tee, auch wenn er noch so lange zieht. S\u00fc\u00dfer wird er sogar mit den Jahren zwischen Ereignis und Gegenwart. &nbsp; Johannes Tosin (Text und Foto) www.verdichtet.at |\u00a0Kategorie: s\u00fcffig [&hellip;]<\/p>\n\t\t\t\t<\/div>\n\n\t\t\t\t\t\t\t\t\t<a href=\"https:\/\/www.verdichtet.at\/?p=19524#respond\" class=\"su-post-comments-link\">0 Kommentare<\/a>\n\t\t\t\t\n\t\t\t<\/div>\n\n\t\t\t\t\t\n\t\t\t\n\t\t\t<div id=\"su-post-19770\" class=\"su-post \">\n\n\t\t\t\t\n\t\t\t\t<h2 class=\"su-post-title\"><a href=\"https:\/\/www.verdichtet.at\/?p=19770\">Neulich in der Apotheke<\/a><\/h2>\n\n\t\t\t\t<div class=\"su-post-meta\">\n\t\t\t\t\tVer\u00f6ffentlicht: 23. M\u00e4rz 2025\t\t\t\t<\/div>\n\n\t\t\t\t<div class=\"su-post-excerpt\">\n\t\t\t\t\t<p>Apotheker zur Kundin: \u201eSie w\u00fcnschen?\u201c Kundin: \u201eIch h\u00e4tte gerne einen D\u00fcnger f\u00fcr meine Geschmacksknospen, damit mir mein Essen wieder besser schmeckt!\u201c Apotheker mit einem L\u00e4cheln: \u201eDa sind Sie leider falsch bei mir. Gehen Sie zu einem Getr\u00e4nkehandel und kaufen Sie sich eine Flasche Whisky. Dreimal t\u00e4glich ein Schluck als Mundsp\u00fclung und Sie werden gleich bemerken, [&hellip;]<\/p>\n\t\t\t\t<\/div>\n\n\t\t\t\t\t\t\t\t\t<a href=\"https:\/\/www.verdichtet.at\/?p=19770#respond\" class=\"su-post-comments-link\">0 Kommentare<\/a>\n\t\t\t\t\n\t\t\t<\/div>\n\n\t\t\t\t\t\n\t\t\t\n\t\t\t<div id=\"su-post-19710\" class=\"su-post \">\n\n\t\t\t\t\n\t\t\t\t<h2 class=\"su-post-title\"><a href=\"https:\/\/www.verdichtet.at\/?p=19710\">K A F F E E<\/a><\/h2>\n\n\t\t\t\t<div class=\"su-post-meta\">\n\t\t\t\t\tVer\u00f6ffentlicht: 8. M\u00e4rz 2025\t\t\t\t<\/div>\n\n\t\t\t\t<div class=\"su-post-excerpt\">\n\t\t\t\t\t<p>Aus den Erinnerungen eines Wiener S\u00fcchtigen Eine meiner ersten Kindheitserinnerungen \u2013 es war gegen Kriegsende und ich war circa zwei Jahre alt \u2013 ist der Geruch frisch ger\u00f6steter Kaffeebohnen. Mein Vater stand am Herd, hatte zwei Ringe herausgenommen, eine kugelige Apparatur in die \u00d6ffnung gesetzt und drehte an einer langstieligen Kurbel. Der brandig-bei\u00dfende Geruch war [&hellip;]<\/p>\n\t\t\t\t<\/div>\n\n\t\t\t\t\t\t\t\t\t<a href=\"https:\/\/www.verdichtet.at\/?p=19710#respond\" class=\"su-post-comments-link\">0 Kommentare<\/a>\n\t\t\t\t\n\t\t\t<\/div>\n\n\t\t\t\t\t\n\t\t\t\n\t\t\t<div id=\"su-post-18906\" class=\"su-post \">\n\n\t\t\t\t\n\t\t\t\t<h2 class=\"su-post-title\"><a href=\"https:\/\/www.verdichtet.at\/?p=18906\">Flasche<\/a><\/h2>\n\n\t\t\t\t<div class=\"su-post-meta\">\n\t\t\t\t\tVer\u00f6ffentlicht: 19. Oktober 2024\t\t\t\t<\/div>\n\n\t\t\t\t<div class=\"su-post-excerpt\">\n\t\t\t\t\t<p>Bruce Springsteen spielt die l\u00e4ngsten Konzerte seit Grateful Dead im Jahr 1969. W\u00e4hrend seine Kollegen im Backstage-Bereich chillen, schreibt er Songs. Er ist sehr fokussiert und immer flei\u00dfig. Wir schreiben das Jahr 1965. Bruce ist sechzehn. Sein Vater Doug ist zurzeit Taxifahrer und chronisch schlecht gelaunt. Er sitzt am K\u00fcchentisch, raucht eine Zigarette und trinkt [&hellip;]<\/p>\n\t\t\t\t<\/div>\n\n\t\t\t\t\t\t\t\t\t<a href=\"https:\/\/www.verdichtet.at\/?p=18906#respond\" class=\"su-post-comments-link\">0 Kommentare<\/a>\n\t\t\t\t\n\t\t\t<\/div>\n\n\t\t\t\t\t\n\t\t\t\n\t\t\t<div id=\"su-post-13342\" class=\"su-post \">\n\n\t\t\t\t\n\t\t\t\t<h2 class=\"su-post-title\"><a href=\"https:\/\/www.verdichtet.at\/?p=13342\">Biertrinker<\/a><\/h2>\n\n\t\t\t\t<div class=\"su-post-meta\">\n\t\t\t\t\tVer\u00f6ffentlicht: 31. Oktober 2021\t\t\t\t<\/div>\n\n\t\t\t\t<div class=\"su-post-excerpt\">\n\t\t\t\t\t<p>Letzten Monat bin ich nach Bordeaux gezogen. Wegen der Arbeit. Ich finde es hier mittelh\u00fcbsch. Die Garonne ist auch nur irgendein Fluss. Ich spreche recht gut Franz\u00f6sisch, doch es ist etwas anderes, was mich von den Hiesigen absondert: Ich bin Biertrinker. Im Gasthaus s\u00fcffeln die Franzen ihren Rotwein, und ich kann ihnen ansehen, wie sie [&hellip;]<\/p>\n\t\t\t\t<\/div>\n\n\t\t\t\t\t\t\t\t\t<a href=\"https:\/\/www.verdichtet.at\/?p=13342#respond\" class=\"su-post-comments-link\">0 Kommentare<\/a>\n\t\t\t\t\n\t\t\t<\/div>\n\n\t\t\t\t\t\n\t\t\t\n\t\t\t<div id=\"su-post-13288\" class=\"su-post \">\n\n\t\t\t\t\n\t\t\t\t<h2 class=\"su-post-title\"><a href=\"https:\/\/www.verdichtet.at\/?p=13288\">Der Schl\u00fcssel<\/a><\/h2>\n\n\t\t\t\t<div class=\"su-post-meta\">\n\t\t\t\t\tVer\u00f6ffentlicht: 15. Oktober 2021\t\t\t\t<\/div>\n\n\t\t\t\t<div class=\"su-post-excerpt\">\n\t\t\t\t\t<p>Heute war ich rasch am Friedhof; mein Schwiegervater hat heute Sterbetag und so habe ich ihm ein Licht angez\u00fcndet. Ich habe ihm ja einiges zu verdanken. Seit ich seine Tochter kennen- und lieben gelernt habe, ist in meinem Lebenskompass wieder eine Magnetnadel, die vorw\u00e4rts zeigt. Dass er mich nicht mochte, war mir herzlich egal, ich [&hellip;]<\/p>\n\t\t\t\t<\/div>\n\n\t\t\t\t\t\t\t\t\t<a href=\"https:\/\/www.verdichtet.at\/?p=13288#respond\" class=\"su-post-comments-link\">0 Kommentare<\/a>\n\t\t\t\t\n\t\t\t<\/div>\n\n\t\t\t\t\t\n\t\t\t\n\t\t\t<div id=\"su-post-12746\" class=\"su-post \">\n\n\t\t\t\t\n\t\t\t\t<h2 class=\"su-post-title\"><a href=\"https:\/\/www.verdichtet.at\/?p=12746\">Instagram<\/a><\/h2>\n\n\t\t\t\t<div class=\"su-post-meta\">\n\t\t\t\t\tVer\u00f6ffentlicht: 6. Mai 2021\t\t\t\t<\/div>\n\n\t\t\t\t<div class=\"su-post-excerpt\">\n\t\t\t\t\t<p>Bin beeindruckt sicherlich \u2013 gar tief vertiefst du deine Nas ins halbgeleerte Rotweinglas. Doch fehlt etwas, bemerke ich! Zwar steigt, dem Weine wohl entsprossen, schon kr\u00e4ftig R\u00f6t in Aug und Wang, auch h\u00e4lt die Hand gar sehr entschlossen den Becher fest in ihrer Zang, wie h\u00e4ufig aber, frag ich schon, geschah die Gl\u00e4serdehydration? Geleerte Gl\u00e4ser [&hellip;]<\/p>\n\t\t\t\t<\/div>\n\n\t\t\t\t\t\t\t\t\t<a href=\"https:\/\/www.verdichtet.at\/?p=12746#respond\" class=\"su-post-comments-link\">0 Kommentare<\/a>\n\t\t\t\t\n\t\t\t<\/div>\n\n\t\t\t\t\t\n\t\t\t\n\t\t\t<div id=\"su-post-11580\" class=\"su-post \">\n\n\t\t\t\t\n\t\t\t\t<h2 class=\"su-post-title\"><a href=\"https:\/\/www.verdichtet.at\/?p=11580\">Velena<\/a><\/h2>\n\n\t\t\t\t<div class=\"su-post-meta\">\n\t\t\t\t\tVer\u00f6ffentlicht: 24. Juni 2020\t\t\t\t<\/div>\n\n\t\t\t\t<div class=\"su-post-excerpt\">\n\t\t\t\t\t<p>Thorh\u00e4mmer an Halsketten, Springerstiefel, Tarnfarbenhosen, jeder von ihnen war eine Glatze, auch wenn nicht jeder eine hatte. Und mittendrin das gro\u00dfe, blonde M\u00e4dchen, das eine Wodkaflasche schwang und tanzte, was ein Torkeln war. Schulveranstaltung, fern von daheim, die Lehrer waren nicht da. Der Bub passte auf das M\u00e4dchen auf. Er st\u00fctzte sie, wenn sie wankte. [&hellip;]<\/p>\n\t\t\t\t<\/div>\n\n\t\t\t\t\t\t\t\t\t<a href=\"https:\/\/www.verdichtet.at\/?p=11580#respond\" class=\"su-post-comments-link\">0 Kommentare<\/a>\n\t\t\t\t\n\t\t\t<\/div>\n\n\t\t\t\t\t\n\t\t\t\n\t\t\t<div id=\"su-post-9427\" class=\"su-post \">\n\n\t\t\t\t\n\t\t\t\t<h2 class=\"su-post-title\"><a href=\"https:\/\/www.verdichtet.at\/?p=9427\">Cocktail<\/a><\/h2>\n\n\t\t\t\t<div class=\"su-post-meta\">\n\t\t\t\t\tVer\u00f6ffentlicht: 10. Februar 2019\t\t\t\t<\/div>\n\n\t\t\t\t<div class=\"su-post-excerpt\">\n\t\t\t\t\t<p>Man nehme 10 cl Wut, 20 cl Trauer, 30 cl Scham und 40 cl Angst, mische das Ganze gut durch, garniere es mit einer Scheibe Hoffnungslosigkeit und sto\u00dfe dann mit sich selbst auf sein Leben an \u2026 wirkt garantiert Waltraud Zechmeister www.waltraud-zechmeister.at www.verdichtet.at | Kategorie: s\u00fcffig | Inventarnummer: 19053 &nbsp;<\/p>\n\t\t\t\t<\/div>\n\n\t\t\t\t\t\t\t\t\t<a href=\"https:\/\/www.verdichtet.at\/?p=9427#respond\" class=\"su-post-comments-link\">0 Kommentare<\/a>\n\t\t\t\t\n\t\t\t<\/div>\n\n\t\t\t\t\t\n\t\t\t\n\t\t\t<div id=\"su-post-9456\" class=\"su-post \">\n\n\t\t\t\t\n\t\t\t\t<h2 class=\"su-post-title\"><a href=\"https:\/\/www.verdichtet.at\/?p=9456\">Little Caesar<\/a><\/h2>\n\n\t\t\t\t<div class=\"su-post-meta\">\n\t\t\t\t\tVer\u00f6ffentlicht: 10. Februar 2019\t\t\t\t<\/div>\n\n\t\t\t\t<div class=\"su-post-excerpt\">\n\t\t\t\t\t<p>Little Caesar ist der Sohn des Caesars, deshalb nennt man ihn so. Er ist ein Teenager, und als solcher hat er nat\u00fcrlich viele Flausen im Kopf. Er trifft sich gerne mit seinen Freunden, er genie\u00dft es, auf dem Sklavenmarkt zu wandeln und sich h\u00fcbsche weibliche Sklaven und starke, schwarze m\u00e4nnliche anzusehen \u2013 kaufen und nachhause [&hellip;]<\/p>\n\t\t\t\t<\/div>\n\n\t\t\t\t\t\t\t\t\t<a href=\"https:\/\/www.verdichtet.at\/?p=9456#respond\" class=\"su-post-comments-link\">0 Kommentare<\/a>\n\t\t\t\t\n\t\t\t<\/div>\n\n\t\t\t\t\t\n\t\t\t\n\t\t\t<div id=\"su-post-9209\" class=\"su-post \">\n\n\t\t\t\t\n\t\t\t\t<h2 class=\"su-post-title\"><a href=\"https:\/\/www.verdichtet.at\/?p=9209\">Kellerbar<\/a><\/h2>\n\n\t\t\t\t<div class=\"su-post-meta\">\n\t\t\t\t\tVer\u00f6ffentlicht: 4. Januar 2019\t\t\t\t<\/div>\n\n\t\t\t\t<div class=\"su-post-excerpt\">\n\t\t\t\t\t<p>Voll ist der Kopf, das System verbal gek\u00f6pft, wie die Flasche Wein Andere trinken, Funk und Soul, Wein so rot, es wird emotional, K\u00f6pfe leuchten, Ampeln zu sp\u00e4ter Stunde Am schwarzen Sofa, entspannt, von Getr\u00e4nken ohne Rausch, Entfernungen werden weit Fliege auf der roten Decke, aus Kindheitstagen, in Richtung nirgendwo, Kurs gibt ein altes, analoges [&hellip;]<\/p>\n\t\t\t\t<\/div>\n\n\t\t\t\t\t\t\t\t\t<a href=\"https:\/\/www.verdichtet.at\/?p=9209#respond\" class=\"su-post-comments-link\">0 Kommentare<\/a>\n\t\t\t\t\n\t\t\t<\/div>\n\n\t\t\t\t\t\n\t\t\t\n\t\t\t<div id=\"su-post-7996\" class=\"su-post \">\n\n\t\t\t\t\n\t\t\t\t<h2 class=\"su-post-title\"><a href=\"https:\/\/www.verdichtet.at\/?p=7996\">Liebestrunken<\/a><\/h2>\n\n\t\t\t\t<div class=\"su-post-meta\">\n\t\t\t\t\tVer\u00f6ffentlicht: 24. April 2018\t\t\t\t<\/div>\n\n\t\t\t\t<div class=\"su-post-excerpt\">\n\t\t\t\t\t<p>Mit der St\u00e4rke seiner Drinks stieg auch sein Verlangen nach mir. Wie abgestandener Alkohol verpuffte die steinerne Miene. In Litern ma\u00df ich den richtigen Zeitpunkt \u201ezu reden\u201c. Doch die wenigen Promille reichten nicht mal f\u00fcr eine Nacht, geschweige denn f\u00fcr ein Leben. Nives Farrier aus: Nach Dir. (TwentySix Verlag, 2018) www.verdichtet.at | Kategorie: s\u00fcffig | [&hellip;]<\/p>\n\t\t\t\t<\/div>\n\n\t\t\t\t\t\t\t\t\t<a href=\"https:\/\/www.verdichtet.at\/?p=7996#respond\" class=\"su-post-comments-link\">0 Kommentare<\/a>\n\t\t\t\t\n\t\t\t<\/div>\n\n\t\t\t\t\t\n\t\t\t\n\t\t\t<div id=\"su-post-6894\" class=\"su-post \">\n\n\t\t\t\t\n\t\t\t\t<h2 class=\"su-post-title\"><a href=\"https:\/\/www.verdichtet.at\/?p=6894\">Der J\u00e4germeister<\/a><\/h2>\n\n\t\t\t\t<div class=\"su-post-meta\">\n\t\t\t\t\tVer\u00f6ffentlicht: 13. August 2017\t\t\t\t<\/div>\n\n\t\t\t\t<div class=\"su-post-excerpt\">\n\t\t\t\t\t<p>f\u00fcr Erna Raminger Peter Schr\u00f6ll ist der \u00f6rtliche J\u00e4ger von Modriach, einem winzigen Dorf in der Steiermark. Diese Bezeichnung verdient er tats\u00e4chlich, denn er ist der einzige J\u00e4ger der Ortschaft, in der nicht einmal dreihundert Menschen leben. Das Leben dort ist dementsprechend rustikal. Kontrolle von oben gibt es in ebenso geringem Ma\u00dfe wie vonseiten des [&hellip;]<\/p>\n\t\t\t\t<\/div>\n\n\t\t\t\t\t\t\t\t\t<a href=\"https:\/\/www.verdichtet.at\/?p=6894#respond\" class=\"su-post-comments-link\">0 Kommentare<\/a>\n\t\t\t\t\n\t\t\t<\/div>\n\n\t\t\t\t\t\n\t\t\t\n\t\t\t<div id=\"su-post-6881\" class=\"su-post \">\n\n\t\t\t\t\n\t\t\t\t<h2 class=\"su-post-title\"><a href=\"https:\/\/www.verdichtet.at\/?p=6881\">Verkalkt<\/a><\/h2>\n\n\t\t\t\t<div class=\"su-post-meta\">\n\t\t\t\t\tVer\u00f6ffentlicht: 3. Oktober 2017\t\t\t\t<\/div>\n\n\t\t\t\t<div class=\"su-post-excerpt\">\n\t\t\t\t\t<p>Es sind wohl wahre Worte, die F. Scott Fitzgerald geschrieben hat, als er Folgendes zu Papier brachte: \u2018Mit achtzehn sind unsere \u00dcberzeugungen Berge, von denen wir herunterschauen; mit f\u00fcnfundvierzig sind es H\u00f6hlen, in denen wir uns verstecken.\u2019 Die Hellsicht dieses Satzes verbl\u00fcfft mich, denn sein Sch\u00f6pfer pflegte eine Lebensf\u00fchrung, welche meiner nicht un\u00e4hnlich ist, und [&hellip;]<\/p>\n\t\t\t\t<\/div>\n\n\t\t\t\t\t\t\t\t\t<a href=\"https:\/\/www.verdichtet.at\/?p=6881#respond\" class=\"su-post-comments-link\">0 Kommentare<\/a>\n\t\t\t\t\n\t\t\t<\/div>\n\n\t\t\t\t\t\n\t\t\t\n\t\t\t<div id=\"su-post-6521\" class=\"su-post \">\n\n\t\t\t\t\n\t\t\t\t<h2 class=\"su-post-title\"><a href=\"https:\/\/www.verdichtet.at\/?p=6521\">Wohnzimmer<\/a><\/h2>\n\n\t\t\t\t<div class=\"su-post-meta\">\n\t\t\t\t\tVer\u00f6ffentlicht: 18. Mai 2017\t\t\t\t<\/div>\n\n\t\t\t\t<div class=\"su-post-excerpt\">\n\t\t\t\t\t<p>Heute Morgen erwachte ich auf der Bank in meinem Wohnzimmer. Sie ist mit braunem Leder \u00fcberzogen und bietet einigen Menschen Platz. Eigentlich bietet sie recht vielen Menschen Platz. Ich verf\u00fcge \u00fcber drei Tische vor meiner Bank. Zwei von ihnen sind rund, einer rechteckig und alle haben sie steinerne Tischplatten. Die beiden runden sind so dimensioniert, [&hellip;]<\/p>\n\t\t\t\t<\/div>\n\n\t\t\t\t\t\t\t\t\t<a href=\"https:\/\/www.verdichtet.at\/?p=6521#respond\" class=\"su-post-comments-link\">0 Kommentare<\/a>\n\t\t\t\t\n\t\t\t<\/div>\n\n\t\t\t\t\t\n\t\t\t\n\t\t\t<div id=\"su-post-5999\" class=\"su-post \">\n\n\t\t\t\t\n\t\t\t\t<h2 class=\"su-post-title\"><a href=\"https:\/\/www.verdichtet.at\/?p=5999\">Martin Maipolds Weg<\/a><\/h2>\n\n\t\t\t\t<div class=\"su-post-meta\">\n\t\t\t\t\tVer\u00f6ffentlicht: 1. Februar 2017\t\t\t\t<\/div>\n\n\t\t\t\t<div class=\"su-post-excerpt\">\n\t\t\t\t\t<p>\u201eGuten Tag, Herr Diplomingenieur. Mein Name ist Doktor Georg Holter.\u201c Martin Maipold erhob sich, um dem Mann, der soeben den Raum betreten hatte, die Hand zu geben. \u201eMaipold, gr\u00fc\u00df Gott. Vielen Dank, dass Sie sich Zeit f\u00fcr mich nehmen.\u201c \u201eDas ist meine Aufgabe. Aber bitte\u201c, Holter wies auf den in englischem Stil gepolsterten braunen Ledersessel, [&hellip;]<\/p>\n\t\t\t\t<\/div>\n\n\t\t\t\t\t\t\t\t\t<a href=\"https:\/\/www.verdichtet.at\/?p=5999#respond\" class=\"su-post-comments-link\">0 Kommentare<\/a>\n\t\t\t\t\n\t\t\t<\/div>\n\n\t\t\t\t\t\n\t\t\t\n\t\t\t<div id=\"su-post-6003\" class=\"su-post \">\n\n\t\t\t\t\n\t\t\t\t<h2 class=\"su-post-title\"><a href=\"https:\/\/www.verdichtet.at\/?p=6003\">An der Bar<\/a><\/h2>\n\n\t\t\t\t<div class=\"su-post-meta\">\n\t\t\t\t\tVer\u00f6ffentlicht: 1. Februar 2017\t\t\t\t<\/div>\n\n\t\t\t\t<div class=\"su-post-excerpt\">\n\t\t\t\t\t<p>Der Stammgast lehnt l\u00e4ssig an der Bar seiner Lieblingskneipe und versucht, die h\u00fcbsche Frau, die er in diesem Lokal nie zuvor gesehen hat, dazu zu bewegen, die Nacht mit ihm zu verbringen. Er schmeichelt ihr, erkl\u00e4rt ihr, dass an dieser Theke noch nie eine Frau gestanden h\u00e4tte, deren Sch\u00f6nheit der ihren geglichen h\u00e4tte. Er bietet [&hellip;]<\/p>\n\t\t\t\t<\/div>\n\n\t\t\t\t\t\t\t\t\t<a href=\"https:\/\/www.verdichtet.at\/?p=6003#comments\" class=\"su-post-comments-link\">Ein Kommentar<\/a>\n\t\t\t\t\n\t\t\t<\/div>\n\n\t\t\t\t\t\n\t\t\t\n\t\t\t<div id=\"su-post-6007\" class=\"su-post \">\n\n\t\t\t\t\n\t\t\t\t<h2 class=\"su-post-title\"><a href=\"https:\/\/www.verdichtet.at\/?p=6007\">Ein loses Band<\/a><\/h2>\n\n\t\t\t\t<div class=\"su-post-meta\">\n\t\t\t\t\tVer\u00f6ffentlicht: 1. Februar 2017\t\t\t\t<\/div>\n\n\t\t\t\t<div class=\"su-post-excerpt\">\n\t\t\t\t\t<p>Einleitung Konrad, so hie\u00df der Mann, von dem diese Erz\u00e4hlung handelt, war sowohl ein Alkoholiker als auch ein Befehlsempf\u00e4nger allererster G\u00fcte. Zum Zeitpunkt seines Todes war er zweiundsechzig Jahre alt. Diese Erz\u00e4hlung gibt die letzten drei Tage seines Lebens wieder. 1 \u201eDiese Ware ist unbrauchbar!\u201c, fauchte Konrad. \u201eSie ist eine Missbildung der Natur!\u201c \u201eIch sehe [&hellip;]<\/p>\n\t\t\t\t<\/div>\n\n\t\t\t\t\t\t\t\t\t<a href=\"https:\/\/www.verdichtet.at\/?p=6007#respond\" class=\"su-post-comments-link\">0 Kommentare<\/a>\n\t\t\t\t\n\t\t\t<\/div>\n\n\t\t\t\t\t\n\t\t\t\n\t\t\t<div id=\"su-post-5927\" class=\"su-post \">\n\n\t\t\t\t\n\t\t\t\t<h2 class=\"su-post-title\"><a href=\"https:\/\/www.verdichtet.at\/?p=5927\">Immer der Wirt<\/a><\/h2>\n\n\t\t\t\t<div class=\"su-post-meta\">\n\t\t\t\t\tVer\u00f6ffentlicht: 22. Januar 2017\t\t\t\t<\/div>\n\n\t\t\t\t<div class=\"su-post-excerpt\">\n\t\t\t\t\t<p>Als ich vor ein paar Tagen aufwachte, f\u00fchlte ich sofort, dass etwas anders war. Mein Blick war getr\u00fcbt, meine Zunge f\u00fchlte sich an, als w\u00e4re sie in altes Nutriafell geh\u00fcllt, und die Reste meines Gehirns, die noch zu denken in der Lage waren, schienen in wogenden Bewegungen an mein Stirnbein zu schwappen. Da wurde mir [&hellip;]<\/p>\n\t\t\t\t<\/div>\n\n\t\t\t\t\t\t\t\t\t<a href=\"https:\/\/www.verdichtet.at\/?p=5927#respond\" class=\"su-post-comments-link\">0 Kommentare<\/a>\n\t\t\t\t\n\t\t\t<\/div>\n\n\t\t\t\t\t\n\t\t\t\n\t\t\t<div id=\"su-post-5920\" class=\"su-post \">\n\n\t\t\t\t\n\t\t\t\t<h2 class=\"su-post-title\"><a href=\"https:\/\/www.verdichtet.at\/?p=5920\">Martin Sehn sucht<\/a><\/h2>\n\n\t\t\t\t<div class=\"su-post-meta\">\n\t\t\t\t\tVer\u00f6ffentlicht: 22. Januar 2017\t\t\t\t<\/div>\n\n\t\t\t\t<div class=\"su-post-excerpt\">\n\t\t\t\t\t<p>So lange er denken kann, hat Martin Sehn Probleme mit Frauen, und seit seinem siebzehnten Lebensjahr auch mit dem Alkohol. Heute ist er siebenunddrei\u00dfig Jahre alt. Er hat eine Frau gesucht, aber noch keine gefunden. Wie zum b\u00f6sen Ausgleich hat ihn der Alkohol gefunden, obwohl Martin ihn gar nicht gesucht hatte. Bereits in der Volksschule [&hellip;]<\/p>\n\t\t\t\t<\/div>\n\n\t\t\t\t\t\t\t\t\t<a href=\"https:\/\/www.verdichtet.at\/?p=5920#respond\" class=\"su-post-comments-link\">0 Kommentare<\/a>\n\t\t\t\t\n\t\t\t<\/div>\n\n\t\t\t\t\t\n\t\t\t\n\t\t\t<div id=\"su-post-5561\" class=\"su-post \">\n\n\t\t\t\t\n\t\t\t\t<h2 class=\"su-post-title\"><a href=\"https:\/\/www.verdichtet.at\/?p=5561\">N\u00e4chte im Herbst<\/a><\/h2>\n\n\t\t\t\t<div class=\"su-post-meta\">\n\t\t\t\t\tVer\u00f6ffentlicht: 28. November 2016\t\t\t\t<\/div>\n\n\t\t\t\t<div class=\"su-post-excerpt\">\n\t\t\t\t\t<p>Kalt und nicht steril Nachts im beleuchteten U-Bahn-Schacht Im Hintergrund blinkt wei\u00dfes Licht, rolle auf kalten Eisen Beton und kaltes Gitter im Herbst M\u00fcde Betrunkene schlafen im Stehen oder schreien Glas zerspringt, wie in jeder dieser N\u00e4chte, so oft geh\u00f6rt Schlafenszeit, der Wecker gestellt, z\u00e4hle den Schlaf, der Stoff schl\u00e4ft dar\u00fcber, und die Katze hat [&hellip;]<\/p>\n\t\t\t\t<\/div>\n\n\t\t\t\t\t\t\t\t\t<a href=\"https:\/\/www.verdichtet.at\/?p=5561#respond\" class=\"su-post-comments-link\">0 Kommentare<\/a>\n\t\t\t\t\n\t\t\t<\/div>\n\n\t\t\t\t\t\n\t\t\t\n\t\t\t<div id=\"su-post-5242\" class=\"su-post \">\n\n\t\t\t\t\n\t\t\t\t<h2 class=\"su-post-title\"><a href=\"https:\/\/www.verdichtet.at\/?p=5242\">Der Knecht von Modriach<\/a><\/h2>\n\n\t\t\t\t<div class=\"su-post-meta\">\n\t\t\t\t\tVer\u00f6ffentlicht: 16. Oktober 2016\t\t\t\t<\/div>\n\n\t\t\t\t<div class=\"su-post-excerpt\">\n\t\t\t\t\t<p>F\u00fcr Simona und J\u00fcrgen. Danke f\u00fcr die Inspiration. Gleich nach dem Aufstehen g\u00f6nnt er sich einen Literkrug Most, der Albin Breitschwengler. Das macht er gerne und t\u00e4glich. Dann streicht er einen gro\u00dfen Klotz Bauernbrot auf beiden Seiten fingerdick mit Grammelschmalz ein und macht sich \u00fcber die Kronen Zeitung her. \u201cDu dummer Hund! Du Gauner, Halunke [&hellip;]<\/p>\n\t\t\t\t<\/div>\n\n\t\t\t\t\t\t\t\t\t<a href=\"https:\/\/www.verdichtet.at\/?p=5242#respond\" class=\"su-post-comments-link\">0 Kommentare<\/a>\n\t\t\t\t\n\t\t\t<\/div>\n\n\t\t\t\t\t\n\t\t\t\n\t\t\t<div id=\"su-post-5323\" class=\"su-post \">\n\n\t\t\t\t\n\t\t\t\t<h2 class=\"su-post-title\"><a href=\"https:\/\/www.verdichtet.at\/?p=5323\">Barbara<\/a><\/h2>\n\n\t\t\t\t<div class=\"su-post-meta\">\n\t\t\t\t\tVer\u00f6ffentlicht: 28. Oktober 2016\t\t\t\t<\/div>\n\n\t\t\t\t<div class=\"su-post-excerpt\">\n\t\t\t\t\t<p>Vor drei Tagen stand ich am Rande des B\u00e4chleins, das neben meinem Elternhaus flie\u00dft und die Grenze zwischen zwei \u00c4ckern bildet. Seit ich denken kann, also seit etwa f\u00fcnfunddrei\u00dfig Jahren, flie\u00dft es dort vor sich hin, ruhig, seicht und unbegradigt. Ich starrte auf die Oberfl\u00e4che des Wassers und dachte an Barbara. Sie war mit mir [&hellip;]<\/p>\n\t\t\t\t<\/div>\n\n\t\t\t\t\t\t\t\t\t<a href=\"https:\/\/www.verdichtet.at\/?p=5323#comments\" class=\"su-post-comments-link\">Ein Kommentar<\/a>\n\t\t\t\t\n\t\t\t<\/div>\n\n\t\t\t\t\t\n\t\t\t\n\t\t\t<div id=\"su-post-5162\" class=\"su-post \">\n\n\t\t\t\t\n\t\t\t\t<h2 class=\"su-post-title\"><a href=\"https:\/\/www.verdichtet.at\/?p=5162\">Der Fremde<\/a><\/h2>\n\n\t\t\t\t<div class=\"su-post-meta\">\n\t\t\t\t\tVer\u00f6ffentlicht: 1. Oktober 2016\t\t\t\t<\/div>\n\n\t\t\t\t<div class=\"su-post-excerpt\">\n\t\t\t\t\t<p>Die Bar ist nicht gut besucht, nur ein P\u00e4rchen sitzt stumm vor den Gl\u00e4sern, deren Rest sie problemlos mit einem halben Schluck leeren k\u00f6nnten. Sie warten damit, schlie\u00dflich ist der Abend lang und die Geldb\u00f6rse d\u00fcnn. Der Kellner wird sie nicht fragen, ob sie noch ein weiteres Bier haben wollen, solange im Glas noch etwas [&hellip;]<\/p>\n\t\t\t\t<\/div>\n\n\t\t\t\t\t\t\t\t\t<a href=\"https:\/\/www.verdichtet.at\/?p=5162#respond\" class=\"su-post-comments-link\">0 Kommentare<\/a>\n\t\t\t\t\n\t\t\t<\/div>\n\n\t\t\t\t\t\n\t\t\t\n\t\t\t<div id=\"su-post-5019\" class=\"su-post \">\n\n\t\t\t\t\n\t\t\t\t<h2 class=\"su-post-title\"><a href=\"https:\/\/www.verdichtet.at\/?p=5019\">Der Schlafsack<\/a><\/h2>\n\n\t\t\t\t<div class=\"su-post-meta\">\n\t\t\t\t\tVer\u00f6ffentlicht: 13. September 2016\t\t\t\t<\/div>\n\n\t\t\t\t<div class=\"su-post-excerpt\">\n\t\t\t\t\t<p>Die Party ist aus, die Musiker haben l\u00e4ngst ihr Instrumente verpackt und nach Hause gebracht, Martin ist noch mit ein paar Leuten am Lagerfeuer gesessen, das dann auch irgendwann ausgegangen ist wie das Bier, es d\u00e4mmert bereits, der neue Tag bricht an, Martin sucht seinen Schlafsack, merkt, dass er zu viel getrunken hat, gegen Schluss [&hellip;]<\/p>\n\t\t\t\t<\/div>\n\n\t\t\t\t\t\t\t\t\t<a href=\"https:\/\/www.verdichtet.at\/?p=5019#respond\" class=\"su-post-comments-link\">0 Kommentare<\/a>\n\t\t\t\t\n\t\t\t<\/div>\n\n\t\t\t\t\t\n\t\t\t\n\t\t\t<div id=\"su-post-4284\" class=\"su-post \">\n\n\t\t\t\t\n\t\t\t\t<h2 class=\"su-post-title\"><a href=\"https:\/\/www.verdichtet.at\/?p=4284\">Morgenr\u00f6te<\/a><\/h2>\n\n\t\t\t\t<div class=\"su-post-meta\">\n\t\t\t\t\tVer\u00f6ffentlicht: 16. April 2016\t\t\t\t<\/div>\n\n\t\t\t\t<div class=\"su-post-excerpt\">\n\t\t\t\t\t<p>In jener langen, kalten Nacht Von der bei mir bis heut Manch graues Haar Und leider auch Das eine oder andre Z\u00e4hneweh B\u00e4nde voller Worte spricht In dieser furchtbar finst\u2018ren Nacht Genau gesagt zu deren Allerpeinlichst d\u00fcst\u2018ren Stunde Leuchtet mir Ich fass es nicht Comtesse, ihr g\u00fcldenroter Schopf &#8211; Die Fahne einer \u00dcbermacht. Dies Lockengel\u00e4ut [&hellip;]<\/p>\n\t\t\t\t<\/div>\n\n\t\t\t\t\t\t\t\t\t<a href=\"https:\/\/www.verdichtet.at\/?p=4284#respond\" class=\"su-post-comments-link\">0 Kommentare<\/a>\n\t\t\t\t\n\t\t\t<\/div>\n\n\t\t\t\t\t\n\t\t\t\n\t\t\t<div id=\"su-post-4056\" class=\"su-post \">\n\n\t\t\t\t\n\t\t\t\t<h2 class=\"su-post-title\"><a href=\"https:\/\/www.verdichtet.at\/?p=4056\">Erwachen auf Rabatt<\/a><\/h2>\n\n\t\t\t\t<div class=\"su-post-meta\">\n\t\t\t\t\tVer\u00f6ffentlicht: 8. Februar 2016\t\t\t\t<\/div>\n\n\t\t\t\t<div class=\"su-post-excerpt\">\n\t\t\t\t\t<p>Als ich\u2019s am wenigsten gedacht Da bin ich pl\u00f6tzlich aufgewacht Und lag in einem Blumenmeer Die Gloriette gr\u00fc\u00dfte von oben her Die Sonne schien schon ziemlich kr\u00e4ftig Und badete im Himmelsblau Die Spatzen stritten ziemlich heftig Die Luft war warm und mild und lau Im Blumenbeet vor Schloss Sch\u00f6nbrunn War\u2018s also, dass ich erwachte Um [&hellip;]<\/p>\n\t\t\t\t<\/div>\n\n\t\t\t\t\t\t\t\t\t<a href=\"https:\/\/www.verdichtet.at\/?p=4056#comments\" class=\"su-post-comments-link\">Ein Kommentar<\/a>\n\t\t\t\t\n\t\t\t<\/div>\n\n\t\t\t\t\t\n\t\t\t\n\t\t\t<div id=\"su-post-1495\" class=\"su-post \">\n\n\t\t\t\t\n\t\t\t\t<h2 class=\"su-post-title\"><a href=\"https:\/\/www.verdichtet.at\/?p=1495\">Die Sch\u00f6nen und das Bier<\/a><\/h2>\n\n\t\t\t\t<div class=\"su-post-meta\">\n\t\t\t\t\tVer\u00f6ffentlicht: 20. Juli 2014\t\t\t\t<\/div>\n\n\t\t\t\t<div class=\"su-post-excerpt\">\n\t\t\t\t\t<p>Wie war das nochmal mit dem Bier, Alexandra? Was hast du da letzte Nacht getr\u00e4umt? Es war ein richtiger Albtraum, ich will nicht mehr dar\u00fcber sprechen. Bier ist \u00fcbrigens gesund. Da sind antioxidative Substanzen drin. Bei Hautkrankheiten und Schlafst\u00f6rungen k\u00f6nnte es helfen. Ach?! Man k\u00f6nnte es gar als probiotisch bezeichnen und f\u00fcr die Erhaltung der [&hellip;]<\/p>\n\t\t\t\t<\/div>\n\n\t\t\t\t\t\t\t\t\t<a href=\"https:\/\/www.verdichtet.at\/?p=1495#respond\" class=\"su-post-comments-link\">0 Kommentare<\/a>\n\t\t\t\t\n\t\t\t<\/div>\n\n\t\t\t\t\t\n\t\t\t\n\t\t\t<div id=\"su-post-1486\" class=\"su-post \">\n\n\t\t\t\t\n\t\t\t\t<h2 class=\"su-post-title\"><a href=\"https:\/\/www.verdichtet.at\/?p=1486\">Willkommen bei der Bierverkostung<\/a><\/h2>\n\n\t\t\t\t<div class=\"su-post-meta\">\n\t\t\t\t\tVer\u00f6ffentlicht: 20. Juli 2014\t\t\t\t<\/div>\n\n\t\t\t\t<div class=\"su-post-excerpt\">\n\t\t\t\t\t<p>Nur hereinspaziert, meine Damen und Herren, gleich geht es los mit unserer Bierverkostung! Einen guten Schluck in Ehren kann niemand verwehren &#8230; Was haben wir hier f\u00fcr Hopfen-Tropfen, feinste Auslese, das Beste vom Besten ist gerade gut genug f\u00fcr Sie! Kommen Sie, nur herein mit Ihnen, der Herr, keine Scheu, hier, am ersten Stand finden [&hellip;]<\/p>\n\t\t\t\t<\/div>\n\n\t\t\t\t\t\t\t\t\t<a href=\"https:\/\/www.verdichtet.at\/?p=1486#respond\" class=\"su-post-comments-link\">0 Kommentare<\/a>\n\t\t\t\t\n\t\t\t<\/div>\n\n\t\t\t\t\t\n\t\t\t\n\t\t\t<div id=\"su-post-2987\" class=\"su-post \">\n\n\t\t\t\t\n\t\t\t\t<h2 class=\"su-post-title\"><a href=\"https:\/\/www.verdichtet.at\/?p=2987\">Zum letzten Mal<\/a><\/h2>\n\n\t\t\t\t<div class=\"su-post-meta\">\n\t\t\t\t\tVer\u00f6ffentlicht: 3. August 2015\t\t\t\t<\/div>\n\n\t\t\t\t<div class=\"su-post-excerpt\">\n\t\t\t\t\t<p>Das Licht der Scheinwerfer brannte in seinen Augen. Auf seiner Stirn sammelten sich Schwei\u00dfperlen, bahnten sich ihren Weg durch die Schichten von Make-up, die eigentlich die tiefen Furchen auf seiner hohen Stirn und die dunklen Ringe unter seinen Augen verdecken sollten. Doch dieser Kleister auf seinem Gesicht, der sich anf\u00fchlte, als w\u00e4re sein Kopf in [&hellip;]<\/p>\n\t\t\t\t<\/div>\n\n\t\t\t\t\t\t\t\t\t<a href=\"https:\/\/www.verdichtet.at\/?p=2987#respond\" class=\"su-post-comments-link\">0 Kommentare<\/a>\n\t\t\t\t\n\t\t\t<\/div>\n\n\t\t\t\t\t\n\t\t\t\n\t\t\t<div id=\"su-post-2924\" class=\"su-post \">\n\n\t\t\t\t\n\t\t\t\t<h2 class=\"su-post-title\"><a href=\"https:\/\/www.verdichtet.at\/?p=2924\">Laura<\/a><\/h2>\n\n\t\t\t\t<div class=\"su-post-meta\">\n\t\t\t\t\tVer\u00f6ffentlicht: 5. Juli 2015\t\t\t\t<\/div>\n\n\t\t\t\t<div class=\"su-post-excerpt\">\n\t\t\t\t\t<p>Es war der dritte Tag nach seiner Ankunft. Er hatte schon die Stadtf\u00fchrung, die die Studentenorganisation an der \u00f6rtlichen Universit\u00e4t f\u00fcr alle Erasmus-Studenten angeboten hatte, hinter sich gebracht, hatte den kleinen wei\u00dfen Schrank in seinem Zimmer einger\u00e4umt und sein Bett, das sich mit seinem grauen, verbogenen Metallgestell und der durchgelegenen Matratze gut in jedem Gef\u00e4ngnis [&hellip;]<\/p>\n\t\t\t\t<\/div>\n\n\t\t\t\t\t\t\t\t\t<a href=\"https:\/\/www.verdichtet.at\/?p=2924#respond\" class=\"su-post-comments-link\">0 Kommentare<\/a>\n\t\t\t\t\n\t\t\t<\/div>\n\n\t\t\t\t\t\n\t\t\t\n\t\t\t<div id=\"su-post-2807\" class=\"su-post \">\n\n\t\t\t\t\n\t\t\t\t<h2 class=\"su-post-title\"><a href=\"https:\/\/www.verdichtet.at\/?p=2807\">Der Wohlstandstrinker<\/a><\/h2>\n\n\t\t\t\t<div class=\"su-post-meta\">\n\t\t\t\t\tVer\u00f6ffentlicht: 14. Juni 2015\t\t\t\t<\/div>\n\n\t\t\t\t<div class=\"su-post-excerpt\">\n\t\t\t\t\t<p>W\u00e4hrend ich zwischendurch an einem Glas Single Malt nippe, krame ich in meinen B\u00fcchern und Manuskripten. \u00dcbrigens nicht uninteressant, der Geschmack, angenehm duftendes Bouquet \u2026 ist es Birne? Walnuss oder Eiche? Oder gar alles zusammen? Ein wirklich geschmeidiger Single Malt, zw\u00f6lf Jahre im Sherryfass gelagert, atmet er weiters ein w\u00fcrziges Arom von Honig und frischen [&hellip;]<\/p>\n\t\t\t\t<\/div>\n\n\t\t\t\t\t\t\t\t\t<a href=\"https:\/\/www.verdichtet.at\/?p=2807#comments\" class=\"su-post-comments-link\">2 comments<\/a>\n\t\t\t\t\n\t\t\t<\/div>\n\n\t\t\t\t\t\n\t\t\t\n\t\t\t<div id=\"su-post-1493\" class=\"su-post \">\n\n\t\t\t\t\n\t\t\t\t<h2 class=\"su-post-title\"><a href=\"https:\/\/www.verdichtet.at\/?p=1493\">Liebesbrief eines Brauers<\/a><\/h2>\n\n\t\t\t\t<div class=\"su-post-meta\">\n\t\t\t\t\tVer\u00f6ffentlicht: 20. Juli 2014\t\t\t\t<\/div>\n\n\t\t\t\t<div class=\"su-post-excerpt\">\n\t\t\t\t\t<p>Meine holde Sch\u00f6ne, wie begehre ich Dein strahlendes Leuchten, Deinen spr\u00fchenden Geist, mehr noch als Deinen kraftvollen K\u00f6rper \u2026 Deine feingliedrige Grazie verz\u00fcckt mich jeden Tag aufs Neue. Du mein funkelndes Gold, vornehmen Glanz verstr\u00f6mend, Du edler Genuss voller Eleganz, weich und rund \u2026 Doch wie sehr liebe ich auch Deinen stattlichen Malzk\u00f6rper. Er schenkt [&hellip;]<\/p>\n\t\t\t\t<\/div>\n\n\t\t\t\t\t\t\t\t\t<a href=\"https:\/\/www.verdichtet.at\/?p=1493#comments\" class=\"su-post-comments-link\">Ein Kommentar<\/a>\n\t\t\t\t\n\t\t\t<\/div>\n\n\t\t\t\t\t\n\t\t\t\n\t\t\t<div id=\"su-post-1318\" class=\"su-post \">\n\n\t\t\t\t\n\t\t\t\t<h2 class=\"su-post-title\"><a href=\"https:\/\/www.verdichtet.at\/?p=1318\">Gonz alla<\/a><\/h2>\n\n\t\t\t\t<div class=\"su-post-meta\">\n\t\t\t\t\tVer\u00f6ffentlicht: 20. April 2014\t\t\t\t<\/div>\n\n\t\t\t\t<div class=\"su-post-excerpt\">\n\t\t\t\t\t<p>An Tschik noch\u00b4n ondan hatz i, dazwischn woat i auf mei Schatzi, in longan Stundn on da Bar. I wa\u00df\u00b4, i bin net gonz alla. A Bia noch\u00b4m ondan schluck i, wonnst ma z\u00b4noh zuawa kummst, donn spuck i! I woat auf wen, do on da Bar. I wa\u00df\u00b4, i bin net gonz alla. An [&hellip;]<\/p>\n\t\t\t\t<\/div>\n\n\t\t\t\t\t\t\t\t\t<a href=\"https:\/\/www.verdichtet.at\/?p=1318#respond\" class=\"su-post-comments-link\">0 Kommentare<\/a>\n\t\t\t\t\n\t\t\t<\/div>\n\n\t\t\t\t\t\n\t\t\t\n\t\t\t<div id=\"su-post-1010\" class=\"su-post \">\n\n\t\t\t\t\n\t\t\t\t<h2 class=\"su-post-title\"><a href=\"https:\/\/www.verdichtet.at\/?p=1010\">Egoisme \u00e0 Deux<\/a><\/h2>\n\n\t\t\t\t<div class=\"su-post-meta\">\n\t\t\t\t\tVer\u00f6ffentlicht: 2. M\u00e4rz 2014\t\t\t\t<\/div>\n\n\t\t\t\t<div class=\"su-post-excerpt\">\n\t\t\t\t\t<p>Wir sind in meiner Einsamkeit seit langer Zeit nun schon zu zweit. Und immer noch bin ich bereit, zu kalter N\u00e4chte Zweisamkeit. Mit meinem Freund f\u00fchl ich mich wohl, mein Freund, das ist der Alkohol. Du st\u00e4rkst mein Selbst, du machst mir Mut. Das tut so gut in meiner Wut! Und wenn die Wut dann [&hellip;]<\/p>\n\t\t\t\t<\/div>\n\n\t\t\t\t\t\t\t\t\t<a href=\"https:\/\/www.verdichtet.at\/?p=1010#comments\" class=\"su-post-comments-link\">2 comments<\/a>\n\t\t\t\t\n\t\t\t<\/div>\n\n\t\t\n\t\n<\/div>\n\n","protected":false},"excerpt":{"rendered":"","protected":false},"author":4,"featured_media":0,"parent":405,"menu_order":0,"comment_status":"closed","ping_status":"closed","template":"","meta":{"footnotes":""},"class_list":["post-1490","page","type-page","status-publish","hentry"],"_links":{"self":[{"href":"https:\/\/www.verdichtet.at\/index.php?rest_route=\/wp\/v2\/pages\/1490","targetHints":{"allow":["GET"]}}],"collection":[{"href":"https:\/\/www.verdichtet.at\/index.php?rest_route=\/wp\/v2\/pages"}],"about":[{"href":"https:\/\/www.verdichtet.at\/index.php?rest_route=\/wp\/v2\/types\/page"}],"author":[{"embeddable":true,"href":"https:\/\/www.verdichtet.at\/index.php?rest_route=\/wp\/v2\/users\/4"}],"replies":[{"embeddable":true,"href":"https:\/\/www.verdichtet.at\/index.php?rest_route=%2Fwp%2Fv2%2Fcomments&post=1490"}],"version-history":[{"count":2,"href":"https:\/\/www.verdichtet.at\/index.php?rest_route=\/wp\/v2\/pages\/1490\/revisions"}],"predecessor-version":[{"id":1637,"href":"https:\/\/www.verdichtet.at\/index.php?rest_route=\/wp\/v2\/pages\/1490\/revisions\/1637"}],"up":[{"embeddable":true,"href":"https:\/\/www.verdichtet.at\/index.php?rest_route=\/wp\/v2\/pages\/405"}],"wp:attachment":[{"href":"https:\/\/www.verdichtet.at\/index.php?rest_route=%2Fwp%2Fv2%2Fmedia&parent=1490"}],"curies":[{"name":"wp","href":"https:\/\/api.w.org\/{rel}","templated":true}]}}