{"id":14487,"date":"2022-09-08T15:16:08","date_gmt":"2022-09-08T15:16:08","guid":{"rendered":"http:\/\/www.verdichtet.at\/?page_id=14487"},"modified":"2022-09-18T12:08:21","modified_gmt":"2022-09-18T12:08:21","slug":"let-it-grow","status":"publish","type":"page","link":"https:\/\/www.verdichtet.at\/?page_id=14487","title":{"rendered":"let it grow"},"content":{"rendered":"<div class=\"pdfprnt-buttons pdfprnt-buttons-page pdfprnt-top-right\"><a href=\"https:\/\/www.verdichtet.at\/index.php?rest_route=wpv2pages14487&print=pdf\" class=\"pdfprnt-button pdfprnt-button-pdf\" target=\"_blank\"><\/a><a href=\"https:\/\/www.verdichtet.at\/index.php?rest_route=wpv2pages14487&print=print\" class=\"pdfprnt-button pdfprnt-button-print\" target=\"_blank\"><\/a><\/div>\n\n<div class=\"su-posts su-posts-default-loop \">\n\n\t\n\t\t\t\t\t\n\t\t\t\n\t\t\t<div id=\"su-post-14706\" class=\"su-post \">\n\n\t\t\t\t\n\t\t\t\t<h2 class=\"su-post-title\"><a href=\"https:\/\/www.verdichtet.at\/?p=14706\">Liebeshymne an meine Kinder<\/a><\/h2>\n\n\t\t\t\t<div class=\"su-post-meta\">\n\t\t\t\t\tVer\u00f6ffentlicht: 25. Oktober 2022\t\t\t\t<\/div>\n\n\t\t\t\t<div class=\"su-post-excerpt\">\n\t\t\t\t\t<p>Noch traute ich mich nicht, mit euch zu rechnen, da hab ich schon von euch getr\u00e4umt, lie\u00df euer Lachen gegen meine W\u00e4nde krachen, hab in meinem Leben aufger\u00e4umt, damit ich bereit war f\u00fcr euch. Hab eure H\u00e4nde gef\u00fchlt und an euren Haaren gerochen, mich mit euren Worten durchsp\u00fclt, wollte von eurem \u00dcbermut trinken und in [&hellip;]<\/p>\n\t\t\t\t<\/div>\n\n\t\t\t\t\t\t\t\t\t<a href=\"https:\/\/www.verdichtet.at\/?p=14706#respond\" class=\"su-post-comments-link\">0 Kommentare<\/a>\n\t\t\t\t\n\t\t\t<\/div>\n\n\t\t\t\t\t\n\t\t\t\n\t\t\t<div id=\"su-post-22589\" class=\"su-post \">\n\n\t\t\t\t\n\t\t\t\t<h2 class=\"su-post-title\"><a href=\"https:\/\/www.verdichtet.at\/?p=22589\">Die Wiese der Sinne<\/a><\/h2>\n\n\t\t\t\t<div class=\"su-post-meta\">\n\t\t\t\t\tVer\u00f6ffentlicht: 24. April 2026\t\t\t\t<\/div>\n\n\t\t\t\t<div class=\"su-post-excerpt\">\n\t\t\t\t\t<p>Vers f\u00fcr Vers,die Feder in der Hand,mit Tinte undverschn\u00f6rkelter Schriftauf dem Blattmeiner Seele. Vers f\u00fcr Vers,gehauchte Zeilen,die Worte erbl\u00fchen,verwandeln das Papierin eine Wieseder Sinne. Dario Schrittweisedario-schrittweise.org www.verdichtet.at | Kategorie: let it grow | Inventarnummer: 26121<\/p>\n\t\t\t\t<\/div>\n\n\t\t\t\t\t\t\t\t\t<a href=\"https:\/\/www.verdichtet.at\/?p=22589#respond\" class=\"su-post-comments-link\">0 Kommentare<\/a>\n\t\t\t\t\n\t\t\t<\/div>\n\n\t\t\t\t\t\n\t\t\t\n\t\t\t<div id=\"su-post-21859\" class=\"su-post \">\n\n\t\t\t\t\n\t\t\t\t<h2 class=\"su-post-title\"><a href=\"https:\/\/www.verdichtet.at\/?p=21859\">Die Blumen am Mittelmeer<\/a><\/h2>\n\n\t\t\t\t<div class=\"su-post-meta\">\n\t\t\t\t\tVer\u00f6ffentlicht: 12. Januar 2026\t\t\t\t<\/div>\n\n\t\t\t\t<div class=\"su-post-excerpt\">\n\t\t\t\t\t<p>er war kein Botaniker eher das Gegenteil er konnte G\u00e4nsebl\u00fcmchen nicht von Narzissen unterscheiden aber als er das Arbeitszimmer ausr\u00e4umte in seinem Haus das so alt und so ersch\u00f6pft war wie er selbst fand er ein illustriertes Buch \u201eDie Blumen am Mittelmeer\u201c l\u00e4ngst vergessen aber freudig wiederentdeckt nun in seiner winterlichen Pension\u00e4rs-Zelle studiert er all [&hellip;]<\/p>\n\t\t\t\t<\/div>\n\n\t\t\t\t\t\t\t\t\t<a href=\"https:\/\/www.verdichtet.at\/?p=21859#comments\" class=\"su-post-comments-link\">2 comments<\/a>\n\t\t\t\t\n\t\t\t<\/div>\n\n\t\t\t\t\t\n\t\t\t\n\t\t\t<div id=\"su-post-17463\" class=\"su-post \">\n\n\t\t\t\t\n\t\t\t\t<h2 class=\"su-post-title\"><a href=\"https:\/\/www.verdichtet.at\/?p=17463\">Die grantige Brennnessel<\/a><\/h2>\n\n\t\t\t\t<div class=\"su-post-meta\">\n\t\t\t\t\tVer\u00f6ffentlicht: 25. Januar 2024\t\t\t\t<\/div>\n\n\t\t\t\t<div class=\"su-post-excerpt\">\n\t\t\t\t\t<p>\u201eBrennnessel, teuflisches Gew\u00e4chs!\u201c, h\u00f6r ich oft Wanderer klagen. Ich sei schlimmer als die b\u00f6se Hex; dieser Hass ist kaum zu ertragen. Es stimmt nat\u00fcrlich: Der liebe Gott gab mir gegen Pflanzenfresser feurige H\u00e4rchen. Doch sapperlott; seid ihr Menschenwesen besser? Okay, ich tu euren Wadeln weh; Doch ihr? Ich kann es beweisen: Als Spinat oder gekocht [&hellip;]<\/p>\n\t\t\t\t<\/div>\n\n\t\t\t\t\t\t\t\t\t<a href=\"https:\/\/www.verdichtet.at\/?p=17463#respond\" class=\"su-post-comments-link\">0 Kommentare<\/a>\n\t\t\t\t\n\t\t\t<\/div>\n\n\t\t\t\t\t\n\t\t\t\n\t\t\t<div id=\"su-post-17466\" class=\"su-post \">\n\n\t\t\t\t\n\t\t\t\t<h2 class=\"su-post-title\"><a href=\"https:\/\/www.verdichtet.at\/?p=17466\">Die wilde Rose<\/a><\/h2>\n\n\t\t\t\t<div class=\"su-post-meta\">\n\t\t\t\t\tVer\u00f6ffentlicht: 27. Januar 2024\t\t\t\t<\/div>\n\n\t\t\t\t<div class=\"su-post-excerpt\">\n\t\t\t\t\t<p>Ich bin eine wilde Rose, steh einladend auf der Heide. Bin bei Gott keine Mimose, sondern eine Augenweide. Lass mich best\u00e4uben tagaus, tagein. Am liebsten treib ich es mit Bienen; aber auch Hummeln bitt\u2019 ich herein, auf dass sie lustvoll sich bedienen. Ganz wund ist schon mein Stempel, und es schmerzt vor Lust die Narbe [&hellip;]<\/p>\n\t\t\t\t<\/div>\n\n\t\t\t\t\t\t\t\t\t<a href=\"https:\/\/www.verdichtet.at\/?p=17466#respond\" class=\"su-post-comments-link\">0 Kommentare<\/a>\n\t\t\t\t\n\t\t\t<\/div>\n\n\t\t\t\t\t\n\t\t\t\n\t\t\t<div id=\"su-post-17469\" class=\"su-post \">\n\n\t\t\t\t\n\t\t\t\t<h2 class=\"su-post-title\"><a href=\"https:\/\/www.verdichtet.at\/?p=17469\">Der poetisierte Grashalm<\/a><\/h2>\n\n\t\t\t\t<div class=\"su-post-meta\">\n\t\t\t\t\tVer\u00f6ffentlicht: 27. Januar 2024\t\t\t\t<\/div>\n\n\t\t\t\t<div class=\"su-post-excerpt\">\n\t\t\t\t\t<p>Ich bin ein Grashalm, ordin\u00e4r; was also verschafft mir die Ehr, dem Wiesenalltag zu entflieh\u2019n, in ein Gedichtlein einzuzieh\u2019n? Ist es meine Durchschnittlichkeit, woran der Dichter sich erfreut? Oder sieht er meine Eleganz, Grazie ganz ohne Firlefanz. Bewundert er meine Gestalt \u2013 so anmutig, schlank, wie gemalt? Ist es mein Farbton (immergr\u00fcn); kr\u00e4ftig, strahlend \u2013 [&hellip;]<\/p>\n\t\t\t\t<\/div>\n\n\t\t\t\t\t\t\t\t\t<a href=\"https:\/\/www.verdichtet.at\/?p=17469#respond\" class=\"su-post-comments-link\">0 Kommentare<\/a>\n\t\t\t\t\n\t\t\t<\/div>\n\n\t\t\t\t\t\n\t\t\t\n\t\t\t<div id=\"su-post-17471\" class=\"su-post \">\n\n\t\t\t\t\n\t\t\t\t<h2 class=\"su-post-title\"><a href=\"https:\/\/www.verdichtet.at\/?p=17471\">Der majest\u00e4tische Lauch<\/a><\/h2>\n\n\t\t\t\t<div class=\"su-post-meta\">\n\t\t\t\t\tVer\u00f6ffentlicht: 27. Januar 2024\t\t\t\t<\/div>\n\n\t\t\t\t<div class=\"su-post-excerpt\">\n\t\t\t\t\t<p>Mich gibt\u2019s hier auch \u2013 den stolzen Lauch. Ich bin zwar nicht der sch\u00f6nste Wicht; doch geht\u2019s ums Essen seid ihr besessen von meinem Aroma; das wei\u00df jede Oma. In so vielen Speisen tut ihr mich preisen: Ich werde gebraucht \u2013 nennt mich Durchlaucht! Bernd Watzka Informationen zu Live-Terminen, Buchbestellungen und Videos www.verdichtet.at |\u00a0Kategorie: let [&hellip;]<\/p>\n\t\t\t\t<\/div>\n\n\t\t\t\t\t\t\t\t\t<a href=\"https:\/\/www.verdichtet.at\/?p=17471#respond\" class=\"su-post-comments-link\">0 Kommentare<\/a>\n\t\t\t\t\n\t\t\t<\/div>\n\n\t\t\t\t\t\n\t\t\t\n\t\t\t<div id=\"su-post-17473\" class=\"su-post \">\n\n\t\t\t\t\n\t\t\t\t<h2 class=\"su-post-title\"><a href=\"https:\/\/www.verdichtet.at\/?p=17473\">Rhododendren<\/a><\/h2>\n\n\t\t\t\t<div class=\"su-post-meta\">\n\t\t\t\t\tVer\u00f6ffentlicht: 27. Januar 2024\t\t\t\t<\/div>\n\n\t\t\t\t<div class=\"su-post-excerpt\">\n\t\t\t\t\t<p>Wir sind Rhododendren, uns gibt\u2019s auf der ganzen Welt. An K\u00fcsten und auf Gipfeln wachsen wir wie bestellt. Wir duften nicht wie Rosen, uns fehlt der Tulpen Pracht, doch sind wir nette Blumen; wir bl\u00fchen Tag und Nacht. Wir haben nur ein Manko \u2013 das ist nat\u00fcrlich schad \u2013, unser Rhododendron-Leben ist unbeschreiblich fad. Bernd [&hellip;]<\/p>\n\t\t\t\t<\/div>\n\n\t\t\t\t\t\t\t\t\t<a href=\"https:\/\/www.verdichtet.at\/?p=17473#respond\" class=\"su-post-comments-link\">0 Kommentare<\/a>\n\t\t\t\t\n\t\t\t<\/div>\n\n\t\t\t\t\t\n\t\t\t\n\t\t\t<div id=\"su-post-17475\" class=\"su-post \">\n\n\t\t\t\t\n\t\t\t\t<h2 class=\"su-post-title\"><a href=\"https:\/\/www.verdichtet.at\/?p=17475\">Das vergessliche Lieschen oder Das vergess\u2019ne Vergissmeinnicht<\/a><\/h2>\n\n\t\t\t\t<div class=\"su-post-meta\">\n\t\t\t\t\tVer\u00f6ffentlicht: 27. Januar 2024\t\t\t\t<\/div>\n\n\t\t\t\t<div class=\"su-post-excerpt\">\n\t\t\t\t\t<p>\u201eHey du! Vergiss mein nicht\u201c, sagt das Vergissmeinnicht zum Flei\u00dfigen Lieschen. Doch das Lieschen hat andres zu tun, als irgendein Bl\u00fcmelein nicht zu vergessen. Als das Vergissmeinnicht stirbt, h\u00e4lt\u2019s Lieschen ganz kurz inne. \u201eUm irgendetwas bat es mich, ich kann mich nicht entsinnen.\u201c Lieschen gr\u00fcbelt und ward seines Lebens nicht mehr froh. Bernd Watzka Informationen [&hellip;]<\/p>\n\t\t\t\t<\/div>\n\n\t\t\t\t\t\t\t\t\t<a href=\"https:\/\/www.verdichtet.at\/?p=17475#respond\" class=\"su-post-comments-link\">0 Kommentare<\/a>\n\t\t\t\t\n\t\t\t<\/div>\n\n\t\t\t\t\t\n\t\t\t\n\t\t\t<div id=\"su-post-17477\" class=\"su-post \">\n\n\t\t\t\t\n\t\t\t\t<h2 class=\"su-post-title\"><a href=\"https:\/\/www.verdichtet.at\/?p=17477\">Ich, Lindenbaum<\/a><\/h2>\n\n\t\t\t\t<div class=\"su-post-meta\">\n\t\t\t\t\tVer\u00f6ffentlicht: 27. Januar 2024\t\t\t\t<\/div>\n\n\t\t\t\t<div class=\"su-post-excerpt\">\n\t\t\t\t\t<p>(nach Wilhelm M\u00fcller) Am Brunnen vor dem Tore, da steh ich Lindenbaum: Mensch tr\u00e4umt in meinem Schatten so manchen s\u00fc\u00dfen Traum. Mensch schnitt in meine Rinde so manches liebe Wort; Es zog in Freud und Leide zu mir gar viele fort. Heut bin ich ganz alleine bei Tage und bei Nacht. Um mich nur graue [&hellip;]<\/p>\n\t\t\t\t<\/div>\n\n\t\t\t\t\t\t\t\t\t<a href=\"https:\/\/www.verdichtet.at\/?p=17477#respond\" class=\"su-post-comments-link\">0 Kommentare<\/a>\n\t\t\t\t\n\t\t\t<\/div>\n\n\t\t\t\t\t\n\t\t\t\n\t\t\t<div id=\"su-post-17480\" class=\"su-post \">\n\n\t\t\t\t\n\t\t\t\t<h2 class=\"su-post-title\"><a href=\"https:\/\/www.verdichtet.at\/?p=17480\">Gundelrebe vs. Rose<\/a><\/h2>\n\n\t\t\t\t<div class=\"su-post-meta\">\n\t\t\t\t\tVer\u00f6ffentlicht: 27. Januar 2024\t\t\t\t<\/div>\n\n\t\t\t\t<div class=\"su-post-excerpt\">\n\t\t\t\t\t<p>Ich bin die Gundelrebe und wohn hier im G\u00e4rtelein. Bin froh, dass ich noch lebe, bin mutterseelenallein. Ihr Primaten m\u00f6gt mich nicht, ihr wollt mich st\u00e4ndig j\u00e4ten; sucht mich, bis die Nacht anbricht, in allen Blumenbeeten. Vor Angst wird meine Bl\u00fcte blass. Was bitte hab ich euch getan? Warum gilt mir der G\u00e4rtner Hass? Das [&hellip;]<\/p>\n\t\t\t\t<\/div>\n\n\t\t\t\t\t\t\t\t\t<a href=\"https:\/\/www.verdichtet.at\/?p=17480#respond\" class=\"su-post-comments-link\">0 Kommentare<\/a>\n\t\t\t\t\n\t\t\t<\/div>\n\n\t\t\t\t\t\n\t\t\t\n\t\t\t<div id=\"su-post-20143\" class=\"su-post \">\n\n\t\t\t\t\n\t\t\t\t<h2 class=\"su-post-title\"><a href=\"https:\/\/www.verdichtet.at\/?p=20143\">Rapunzel<\/a><\/h2>\n\n\t\t\t\t<div class=\"su-post-meta\">\n\t\t\t\t\tVer\u00f6ffentlicht: 27. Mai 2025\t\t\t\t<\/div>\n\n\t\t\t\t<div class=\"su-post-excerpt\">\n\t\t\t\t\t<p>Im finstern Wald, da wohnt ein altes Weib mit einem sch\u00f6nen Garten. Und wenn\u2019s im Fr\u00fchjahr nicht zu kalt, hat sie dort Zwiebel und Salat. Sonst braucht man von ihr nichts erwarten. Das eine sag ich euch. Einmal, da stiehlt der Nachbar ihr ein wenig von dem gr\u00fcnen Zeuch. Sein Pech, die Alte war schon [&hellip;]<\/p>\n\t\t\t\t<\/div>\n\n\t\t\t\t\t\t\t\t\t<a href=\"https:\/\/www.verdichtet.at\/?p=20143#respond\" class=\"su-post-comments-link\">0 Kommentare<\/a>\n\t\t\t\t\n\t\t\t<\/div>\n\n\t\t\t\t\t\n\t\t\t\n\t\t\t<div id=\"su-post-18810\" class=\"su-post \">\n\n\t\t\t\t\n\t\t\t\t<h2 class=\"su-post-title\"><a href=\"https:\/\/www.verdichtet.at\/?p=18810\">Getreide<\/a><\/h2>\n\n\t\t\t\t<div class=\"su-post-meta\">\n\t\t\t\t\tVer\u00f6ffentlicht: 5. Oktober 2024\t\t\t\t<\/div>\n\n\t\t\t\t<div class=\"su-post-excerpt\">\n\t\t\t\t\t<p>\u201eLeute\u201c, sagt im Jahr 1347 der Dorfvorsteher zu den versammelten Bauern, \u201ehabt ihr schon einmal dar\u00fcber nachgedacht, wie das funktioniert mit eurer Wirtschaftskraft?\u201c Die Bauern sehen ihn nur an. Er f\u00e4hrt fort: \u201eIhr erntet das Getreide, drescht es und verkauft das Korn an den M\u00fcller. Der M\u00fcller mahlt es zu Mehl, das er an den [&hellip;]<\/p>\n\t\t\t\t<\/div>\n\n\t\t\t\t\t\t\t\t\t<a href=\"https:\/\/www.verdichtet.at\/?p=18810#respond\" class=\"su-post-comments-link\">0 Kommentare<\/a>\n\t\t\t\t\n\t\t\t<\/div>\n\n\t\t\t\t\t\n\t\t\t\n\t\t\t<div id=\"su-post-18863\" class=\"su-post \">\n\n\t\t\t\t\n\t\t\t\t<h2 class=\"su-post-title\"><a href=\"https:\/\/www.verdichtet.at\/?p=18863\">Das Programm<\/a><\/h2>\n\n\t\t\t\t<div class=\"su-post-meta\">\n\t\t\t\t\tVer\u00f6ffentlicht: 13. Oktober 2024\t\t\t\t<\/div>\n\n\t\t\t\t<div class=\"su-post-excerpt\">\n\t\t\t\t\t<p>In einem Jahr von nun an Programm: Mit diesem Stabmixer der Firma GLOSTO haben Sie eine sehr gute Wahl getroffen. Er wird Ihnen viel Freude bereiten. Sehen Sie bitte anhand des Schaubildes, aus welchen Teilen er besteht. Holger: Sehen Sie? Es zeichnet das Schaubild sogar. Kunde: Ich bin beeindruckt. Wie funktioniert dieses Programm? Holger: Es [&hellip;]<\/p>\n\t\t\t\t<\/div>\n\n\t\t\t\t\t\t\t\t\t<a href=\"https:\/\/www.verdichtet.at\/?p=18863#respond\" class=\"su-post-comments-link\">0 Kommentare<\/a>\n\t\t\t\t\n\t\t\t<\/div>\n\n\t\t\t\t\t\n\t\t\t\n\t\t\t<div id=\"su-post-19455\" class=\"su-post \">\n\n\t\t\t\t\n\t\t\t\t<h2 class=\"su-post-title\"><a href=\"https:\/\/www.verdichtet.at\/?p=19455\">Freundliches Universum<\/a><\/h2>\n\n\t\t\t\t<div class=\"su-post-meta\">\n\t\t\t\t\tVer\u00f6ffentlicht: 27. Januar 2025\t\t\t\t<\/div>\n\n\t\t\t\t<div class=\"su-post-excerpt\">\n\t\t\t\t\t<p>f\u00fcr Ansgar, einen Neuank\u00f6mmling Kann nicht nah genug sein bei meiner Sonne, meiner einzigen Sonne; war immer ein Teil von ihr, lebte durch sie; sie ist alles an W\u00e4rme, was ich will, die Nahrung, die ich brauche, ihr Puls der Rhythmus, nach dem ich lebe manchmal sp\u00fcre ich, dass es auch andere Planeten gibt, die [&hellip;]<\/p>\n\t\t\t\t<\/div>\n\n\t\t\t\t\t\t\t\t\t<a href=\"https:\/\/www.verdichtet.at\/?p=19455#comments\" class=\"su-post-comments-link\">2 comments<\/a>\n\t\t\t\t\n\t\t\t<\/div>\n\n\t\t\t\t\t\n\t\t\t\n\t\t\t<div id=\"su-post-19043\" class=\"su-post \">\n\n\t\t\t\t\n\t\t\t\t<h2 class=\"su-post-title\"><a href=\"https:\/\/www.verdichtet.at\/?p=19043\">Rosarot ist seine Lieblingsfarbe<\/a><\/h2>\n\n\t\t\t\t<div class=\"su-post-meta\">\n\t\t\t\t\tVer\u00f6ffentlicht: 9. November 2024\t\t\t\t<\/div>\n\n\t\t\t\t<div class=\"su-post-excerpt\">\n\t\t\t\t\t<p>\u00a0\u00a0\u00a0\u00a0\u00a0\u00a0\u00a0\u00a0\u00a0\u00a0\u00a0\u00a0\u00a0\u00a0\u00a0\u00a0 Ich laufe. Auf dem Gehsteig der anderen Seite steht ein Kleinkind mit rosaroter Hose und Haube. Es ist Winter. Es sieht mir zu. Dann l\u00e4uft es ein paar Meter, bleibt stehen und sieht mir wieder zu. Es grinst breit. Ich:\u00a0\u00a0\u00a0\u00a0\u00a0\u00a0\u00a0\u00a0\u00a0 Ja hallo, du bist aber ein sehr lustiges M\u00e4dchen. Mutter:\u00a0\u00a0\u00a0 Er ist ein Bub. [&hellip;]<\/p>\n\t\t\t\t<\/div>\n\n\t\t\t\t\t\t\t\t\t<a href=\"https:\/\/www.verdichtet.at\/?p=19043#respond\" class=\"su-post-comments-link\">0 Kommentare<\/a>\n\t\t\t\t\n\t\t\t<\/div>\n\n\t\t\t\t\t\n\t\t\t\n\t\t\t<div id=\"su-post-18938\" class=\"su-post \">\n\n\t\t\t\t\n\t\t\t\t<h2 class=\"su-post-title\"><a href=\"https:\/\/www.verdichtet.at\/?p=18938\">Einzeller<\/a><\/h2>\n\n\t\t\t\t<div class=\"su-post-meta\">\n\t\t\t\t\tVer\u00f6ffentlicht: 24. Oktober 2024\t\t\t\t<\/div>\n\n\t\t\t\t<div class=\"su-post-excerpt\">\n\t\t\t\t\t<p>Johannes Tosin (Text und Bild) www.verdichtet.at |\u00a0Kategorie: let it grow | Inventarnummer: 24189<\/p>\n\t\t\t\t<\/div>\n\n\t\t\t\t\t\t\t\t\t<a href=\"https:\/\/www.verdichtet.at\/?p=18938#respond\" class=\"su-post-comments-link\">0 Kommentare<\/a>\n\t\t\t\t\n\t\t\t<\/div>\n\n\t\t\t\t\t\n\t\t\t\n\t\t\t<div id=\"su-post-18898\" class=\"su-post \">\n\n\t\t\t\t\n\t\t\t\t<h2 class=\"su-post-title\"><a href=\"https:\/\/www.verdichtet.at\/?p=18898\">Die Volksz\u00e4hlung<\/a><\/h2>\n\n\t\t\t\t<div class=\"su-post-meta\">\n\t\t\t\t\tVer\u00f6ffentlicht: 19. Oktober 2024\t\t\t\t<\/div>\n\n\t\t\t\t<div class=\"su-post-excerpt\">\n\t\t\t\t\t<p>\u201eSo, jetzt habe ich sie endlich alle zusammen. Das macht 8 Milliarden 21 Millionen siebenhundertzweiundf\u00fcnfzig Tausend \u2026\u201c, sagt Gott halblaut vor sich hin. \u201eWerter Herr im Himmel\u201c, sagt da ein junger Engel, \u201ew\u00e4hrend Ihr die Zahl nennt, werden schon wieder Menschen geboren.\u201c \u201eDa hast du Recht\u201c, sagt Gott, \u201edeshalb beziffere ich die Menschenpopulation nur auf [&hellip;]<\/p>\n\t\t\t\t<\/div>\n\n\t\t\t\t\t\t\t\t\t<a href=\"https:\/\/www.verdichtet.at\/?p=18898#respond\" class=\"su-post-comments-link\">0 Kommentare<\/a>\n\t\t\t\t\n\t\t\t<\/div>\n\n\t\t\t\t\t\n\t\t\t\n\t\t\t<div id=\"su-post-18605\" class=\"su-post \">\n\n\t\t\t\t\n\t\t\t\t<h2 class=\"su-post-title\"><a href=\"https:\/\/www.verdichtet.at\/?p=18605\">S\u00fc\u00dfe Blume<\/a><\/h2>\n\n\t\t\t\t<div class=\"su-post-meta\">\n\t\t\t\t\tVer\u00f6ffentlicht: 29. August 2024\t\t\t\t<\/div>\n\n\t\t\t\t<div class=\"su-post-excerpt\">\n\t\t\t\t\t<p>Du glaubst dich wiederzuerkennen in seinen Zeilen, denn so wie er dich beschreibt, w\u00e4rst du gern, so hinrei\u00dfend, so zauberhaft. Mag sein, dass du es wirklich bist. Willst du es auch weiterhin f\u00fcr ihn bleiben, s\u00fc\u00dfe Blume, dann behalt besser deine Bl\u00fctenbl\u00e4tter an. Sonst stehst du nackt da, nachdem er sie gepfl\u00fcckt hat. Johannes Tosin [&hellip;]<\/p>\n\t\t\t\t<\/div>\n\n\t\t\t\t\t\t\t\t\t<a href=\"https:\/\/www.verdichtet.at\/?p=18605#respond\" class=\"su-post-comments-link\">0 Kommentare<\/a>\n\t\t\t\t\n\t\t\t<\/div>\n\n\t\t\t\t\t\n\t\t\t\n\t\t\t<div id=\"su-post-18697\" class=\"su-post \">\n\n\t\t\t\t\n\t\t\t\t<h2 class=\"su-post-title\"><a href=\"https:\/\/www.verdichtet.at\/?p=18697\">Der Lindenbaum<\/a><\/h2>\n\n\t\t\t\t<div class=\"su-post-meta\">\n\t\t\t\t\tVer\u00f6ffentlicht: 24. September 2024\t\t\t\t<\/div>\n\n\t\t\t\t<div class=\"su-post-excerpt\">\n\t\t\t\t\t<p>Am Brunnen vor dem Tore \u2013 stand einst die Linde, stolz Heut\u2019 ist der Brunnen vergiftet \u2013 die Linde abgeholzt Sie stand dem Fortschritt im Wege \u2013 der Zubringer-Autobahn Den Kinder- und Altenkasernen \u2013 dem Wirtschaftswachstums-Wahn Kannst du auf der Stra\u00dfe tr\u00e4umen \u2013 in Dreck und L\u00e4rm und Gestank? Die Autos, die Stra\u00dfen, der Fortschritt [&hellip;]<\/p>\n\t\t\t\t<\/div>\n\n\t\t\t\t\t\t\t\t\t<a href=\"https:\/\/www.verdichtet.at\/?p=18697#respond\" class=\"su-post-comments-link\">0 Kommentare<\/a>\n\t\t\t\t\n\t\t\t<\/div>\n\n\t\t\t\t\t\n\t\t\t\n\t\t\t<div id=\"su-post-18441\" class=\"su-post \">\n\n\t\t\t\t\n\t\t\t\t<h2 class=\"su-post-title\"><a href=\"https:\/\/www.verdichtet.at\/?p=18441\">Die Geburt<\/a><\/h2>\n\n\t\t\t\t<div class=\"su-post-meta\">\n\t\t\t\t\tVer\u00f6ffentlicht: 25. Juli 2024\t\t\t\t<\/div>\n\n\t\t\t\t<div class=\"su-post-excerpt\">\n\t\t\t\t\t<p>Als mein Bub vor neunundzwanzig Jahren auf die Welt kam, schrie er zuerst. Das war gut. Dann badete ich ihn, wobei er strampelte. Er mochte es offensichtlich. Dann zog ich ihm ein J\u00e4ckchen an. Als ich den ersten Knopf zumachte, war er ganz ruhig. Wie es aussah, gefiel es ihm. Vielleicht dachte er auch: \u201eNach [&hellip;]<\/p>\n\t\t\t\t<\/div>\n\n\t\t\t\t\t\t\t\t\t<a href=\"https:\/\/www.verdichtet.at\/?p=18441#comments\" class=\"su-post-comments-link\">Ein Kommentar<\/a>\n\t\t\t\t\n\t\t\t<\/div>\n\n\t\t\t\t\t\n\t\t\t\n\t\t\t<div id=\"su-post-17665\" class=\"su-post \">\n\n\t\t\t\t\n\t\t\t\t<h2 class=\"su-post-title\"><a href=\"https:\/\/www.verdichtet.at\/?p=17665\">Eisblume<\/a><\/h2>\n\n\t\t\t\t<div class=\"su-post-meta\">\n\t\t\t\t\tVer\u00f6ffentlicht: 17. Februar 2024\t\t\t\t<\/div>\n\n\t\t\t\t<div class=\"su-post-excerpt\">\n\t\t\t\t\t<p>kalt-bl\u00fchtig gefriert das Blut in deinen Adern \u2013 Atemhauch, blauschimmernd ungeahnt zeigst du mir die Sch\u00f6nheit der K\u00e4lte Andreas K\u00f6llner www.verdichtet.at |\u00a0Kategorie: let it grow | Inventarnummer: 24067<\/p>\n\t\t\t\t<\/div>\n\n\t\t\t\t\t\t\t\t\t<a href=\"https:\/\/www.verdichtet.at\/?p=17665#respond\" class=\"su-post-comments-link\">0 Kommentare<\/a>\n\t\t\t\t\n\t\t\t<\/div>\n\n\t\t\t\t\t\n\t\t\t\n\t\t\t<div id=\"su-post-16339\" class=\"su-post \">\n\n\t\t\t\t\n\t\t\t\t<h2 class=\"su-post-title\"><a href=\"https:\/\/www.verdichtet.at\/?p=16339\">Am Zaun<\/a><\/h2>\n\n\t\t\t\t<div class=\"su-post-meta\">\n\t\t\t\t\tVer\u00f6ffentlicht: 22. Juli 2023\t\t\t\t<\/div>\n\n\t\t\t\t<div class=\"su-post-excerpt\">\n\t\t\t\t\t<p>Er steht, seit Kurzem kann er das erst. Wackelig auf den Beinchen. Er h\u00e4lt sich am Zaun fest. Jetzt hat er den Ausblick von h\u00f6her oben. Unter ihm liegt die Drau. Er grinst. Foto! Johannes Tosin (Text und Foto) www.verdichtet.at | Kategorie: let it grow | Inventarnummer: 23181<\/p>\n\t\t\t\t<\/div>\n\n\t\t\t\t\t\t\t\t\t<a href=\"https:\/\/www.verdichtet.at\/?p=16339#respond\" class=\"su-post-comments-link\">0 Kommentare<\/a>\n\t\t\t\t\n\t\t\t<\/div>\n\n\t\t\t\t\t\n\t\t\t\n\t\t\t<div id=\"su-post-17007\" class=\"su-post \">\n\n\t\t\t\t\n\t\t\t\t<h2 class=\"su-post-title\"><a href=\"https:\/\/www.verdichtet.at\/?p=17007\">Tante Emma gibt alles<\/a><\/h2>\n\n\t\t\t\t<div class=\"su-post-meta\">\n\t\t\t\t\tVer\u00f6ffentlicht: 9. November 2023\t\t\t\t<\/div>\n\n\t\t\t\t<div class=\"su-post-excerpt\">\n\t\t\t\t\t<p>\u00a0Wie das Leben so spielt Tante Emma war bereits Anfang siebzig, doch von alt und gebrechlich war sie weit entfernt. Sie war im ganzen Dorf bekannt und jeder mochte sie, denn sie war die gute Seele, die mit ihrem Laden jenen sozialen Raum bot, den es f\u00fcr die Dorfbewohner sonst nicht gegeben h\u00e4tte. Obwohl sie [&hellip;]<\/p>\n\t\t\t\t<\/div>\n\n\t\t\t\t\t\t\t\t\t<a href=\"https:\/\/www.verdichtet.at\/?p=17007#comments\" class=\"su-post-comments-link\">2 comments<\/a>\n\t\t\t\t\n\t\t\t<\/div>\n\n\t\t\t\t\t\n\t\t\t\n\t\t\t<div id=\"su-post-16966\" class=\"su-post \">\n\n\t\t\t\t\n\t\t\t\t<h2 class=\"su-post-title\"><a href=\"https:\/\/www.verdichtet.at\/?p=16966\">verletzliche liebend<\/a><\/h2>\n\n\t\t\t\t<div class=\"su-post-meta\">\n\t\t\t\t\tVer\u00f6ffentlicht: 1. November 2023\t\t\t\t<\/div>\n\n\t\t\t\t<div class=\"su-post-excerpt\">\n\t\t\t\t\t<p>so wehe dir ber\u00fchrst du mich so wehe mir lass ich es bleiben so sehr es auch am argen liegt erheb mich doch aufs neue Carmen Rosina www.verdichtet.at | Kategorie: let it grow | Inventarnummer: 23158 &nbsp;<\/p>\n\t\t\t\t<\/div>\n\n\t\t\t\t\t\t\t\t\t<a href=\"https:\/\/www.verdichtet.at\/?p=16966#respond\" class=\"su-post-comments-link\">0 Kommentare<\/a>\n\t\t\t\t\n\t\t\t<\/div>\n\n\t\t\t\t\t\n\t\t\t\n\t\t\t<div id=\"su-post-16593\" class=\"su-post \">\n\n\t\t\t\t\n\t\t\t\t<h2 class=\"su-post-title\"><a href=\"https:\/\/www.verdichtet.at\/?p=16593\">Lux<\/a><\/h2>\n\n\t\t\t\t<div class=\"su-post-meta\">\n\t\t\t\t\tVer\u00f6ffentlicht: 4. September 2023\t\t\t\t<\/div>\n\n\t\t\t\t<div class=\"su-post-excerpt\">\n\t\t\t\t\t<p>2. Juli Ein hei\u00dfer Sommertag k\u00fcndigt sich an. Fr\u00fchmorgens gie\u00dfe ich all die Str\u00e4ucher und Pflanzen, muss lachen, weil Lux \u00fcberm\u00fctig unter dem Gartenschlauch hin und her saust und bellend nach dem Wasserstrahl schnappt. Es freut mich, dass Lux sich so wie ich schnell hier eingelebt hat, sich zuhause f\u00fchlt \u2013 wieder kann ich kaum [&hellip;]<\/p>\n\t\t\t\t<\/div>\n\n\t\t\t\t\t\t\t\t\t<a href=\"https:\/\/www.verdichtet.at\/?p=16593#comments\" class=\"su-post-comments-link\">2 comments<\/a>\n\t\t\t\t\n\t\t\t<\/div>\n\n\t\t\t\t\t\n\t\t\t\n\t\t\t<div id=\"su-post-16247\" class=\"su-post \">\n\n\t\t\t\t\n\t\t\t\t<h2 class=\"su-post-title\"><a href=\"https:\/\/www.verdichtet.at\/?p=16247\">Und Phora wuchs<\/a><\/h2>\n\n\t\t\t\t<div class=\"su-post-meta\">\n\t\t\t\t\tVer\u00f6ffentlicht: 6. Juli 2023\t\t\t\t<\/div>\n\n\t\t\t\t<div class=\"su-post-excerpt\">\n\t\t\t\t\t<p>Olga wurde von einem feuchten, klatschenden Ger\u00e4usch geweckt. Sie befand sich noch halb in ihrem Traum, war in ihrer alten Volksschule und hielt einen Vortrag \u00fcber Wildkr\u00e4uter. Fast 60 Jahre war sie nicht mehr dort gewesen, doch das Klassenzimmer weckte immer noch mulmige Gef\u00fchle in ihr. Verwirrt und aus dem Zusammenhang gerissen, richtete sie sich [&hellip;]<\/p>\n\t\t\t\t<\/div>\n\n\t\t\t\t\t\t\t\t\t<a href=\"https:\/\/www.verdichtet.at\/?p=16247#respond\" class=\"su-post-comments-link\">0 Kommentare<\/a>\n\t\t\t\t\n\t\t\t<\/div>\n\n\t\t\t\t\t\n\t\t\t\n\t\t\t<div id=\"su-post-16209\" class=\"su-post \">\n\n\t\t\t\t\n\t\t\t\t<h2 class=\"su-post-title\"><a href=\"https:\/\/www.verdichtet.at\/?p=16209\">Ballprinzessin<\/a><\/h2>\n\n\t\t\t\t<div class=\"su-post-meta\">\n\t\t\t\t\tVer\u00f6ffentlicht: 1. Juli 2023\t\t\t\t<\/div>\n\n\t\t\t\t<div class=\"su-post-excerpt\">\n\t\t\t\t\t<p>\u00a0\u201eSie ist schon jetzt eine richtige Walk\u00fcre.\u201c Das m\u00f6chte man als zw\u00f6lfj\u00e4hriges M\u00e4dchen am liebsten h\u00f6ren, wenn man der Gro\u00dfmutter den neuen Schottenrock vorf\u00fchrt. Claudia wei\u00df nat\u00fcrlich, was eine Walk\u00fcre ist. Schlie\u00dflich sind die \u201eDeutschen Heldensagen\u201c Bestandteil der elterlichen Bibliothek und Schullekt\u00fcre. Sie wei\u00df also, dass sie keine Chance hat, ihrem Ideal auch nur in [&hellip;]<\/p>\n\t\t\t\t<\/div>\n\n\t\t\t\t\t\t\t\t\t<a href=\"https:\/\/www.verdichtet.at\/?p=16209#comments\" class=\"su-post-comments-link\">Ein Kommentar<\/a>\n\t\t\t\t\n\t\t\t<\/div>\n\n\t\t\t\t\t\n\t\t\t\n\t\t\t<div id=\"su-post-15474\" class=\"su-post \">\n\n\t\t\t\t\n\t\t\t\t<h2 class=\"su-post-title\"><a href=\"https:\/\/www.verdichtet.at\/?p=15474\">Beauty Forever<\/a><\/h2>\n\n\t\t\t\t<div class=\"su-post-meta\">\n\t\t\t\t\tVer\u00f6ffentlicht: 13. Februar 2023\t\t\t\t<\/div>\n\n\t\t\t\t<div class=\"su-post-excerpt\">\n\t\t\t\t\t<p>Die Sch\u00f6nheit zu erhalten sah der Mann als seine Aufgabe. So schockgefror er seine liebste Blume. Tag f\u00fcr Tag erfreute er sich an ihrem Anblick, nur Duft hatte sie keinen mehr. Johannes Tosin (Text und Bild) www.verdichtet.at |\u00a0Kategorie: let it grow | Inventarnummer: 23067<\/p>\n\t\t\t\t<\/div>\n\n\t\t\t\t\t\t\t\t\t<a href=\"https:\/\/www.verdichtet.at\/?p=15474#respond\" class=\"su-post-comments-link\">0 Kommentare<\/a>\n\t\t\t\t\n\t\t\t<\/div>\n\n\t\t\t\t\t\n\t\t\t\n\t\t\t<div id=\"su-post-15241\" class=\"su-post \">\n\n\t\t\t\t\n\t\t\t\t<h2 class=\"su-post-title\"><a href=\"https:\/\/www.verdichtet.at\/?p=15241\">Wald, Baum, Holz<\/a><\/h2>\n\n\t\t\t\t<div class=\"su-post-meta\">\n\t\t\t\t\tVer\u00f6ffentlicht: 13. Januar 2023\t\t\t\t<\/div>\n\n\t\t\t\t<div class=\"su-post-excerpt\">\n\t\t\t\t\t<p>Woran denkt man, wenn man \u201eWald\u201c h\u00f6rt? An den w\u00fcrzigen Geruch der Nadelw\u00e4lder? An den Sonneneinfall zwischen den hohen St\u00e4mmen (wie in gotischen Kirchen)? An Schwammerl- und Beerensuchen? An lange Wanderungen auf dem weichen Waldboden? Oder ein wenig \u00e4ngstlich an Orientierungslosigkeit; und dass hinter dicken Baumst\u00e4mmen jemand\/etwas lauern k\u00f6nnte? Ein J\u00e4ger oder ein Forstwirt haben [&hellip;]<\/p>\n\t\t\t\t<\/div>\n\n\t\t\t\t\t\t\t\t\t<a href=\"https:\/\/www.verdichtet.at\/?p=15241#respond\" class=\"su-post-comments-link\">0 Kommentare<\/a>\n\t\t\t\t\n\t\t\t<\/div>\n\n\t\t\t\t\t\n\t\t\t\n\t\t\t<div id=\"su-post-14677\" class=\"su-post \">\n\n\t\t\t\t\n\t\t\t\t<h2 class=\"su-post-title\"><a href=\"https:\/\/www.verdichtet.at\/?p=14677\">Windr\u00e4der am Berg<\/a><\/h2>\n\n\t\t\t\t<div class=\"su-post-meta\">\n\t\t\t\t\tVer\u00f6ffentlicht: 13. Oktober 2022\t\t\t\t<\/div>\n\n\t\t\t\t<div class=\"su-post-excerpt\">\n\t\t\t\t\t<p>Droben auf dem Kamm, da stehen sie. Aufgef\u00e4delt wie auf einer Kette, von Bergkuppe zu Bergkuppe sich schwingend, von Nord nach S\u00fcd sich kontinuierlich ausbreitend. Sie glitzern im Sonnenlicht und sagen: Wir sind da. Vor zw\u00f6lf oder f\u00fcnfzehn Jahren wurden die ersten von ihnen gesichtet. Damals wohnten wir noch in der Stadt, mein Mann und [&hellip;]<\/p>\n\t\t\t\t<\/div>\n\n\t\t\t\t\t\t\t\t\t<a href=\"https:\/\/www.verdichtet.at\/?p=14677#respond\" class=\"su-post-comments-link\">0 Kommentare<\/a>\n\t\t\t\t\n\t\t\t<\/div>\n\n\t\t\t\t\t\n\t\t\t\n\t\t\t<div id=\"su-post-14462\" class=\"su-post \">\n\n\t\t\t\t\n\t\t\t\t<h2 class=\"su-post-title\"><a href=\"https:\/\/www.verdichtet.at\/?p=14462\">Blatt<\/a><\/h2>\n\n\t\t\t\t<div class=\"su-post-meta\">\n\t\t\t\t\tVer\u00f6ffentlicht: 7. September 2022\t\t\t\t<\/div>\n\n\t\t\t\t<div class=\"su-post-excerpt\">\n\t\t\t\t\t<p>Ich sp\u00fcre den leisesten Hauch. Ich bin ein schwebend Blatt. Nie falle ich zu Boden. Johannes Tosin (Text und Bild) www.verdichtet.at |\u00a0Kategorie: let it grow | Inventarnummer: 22082<\/p>\n\t\t\t\t<\/div>\n\n\t\t\t\t\t\t\t\t\t<a href=\"https:\/\/www.verdichtet.at\/?p=14462#respond\" class=\"su-post-comments-link\">0 Kommentare<\/a>\n\t\t\t\t\n\t\t\t<\/div>\n\n\t\t\t\t\t\n\t\t\t\n\t\t\t<div id=\"su-post-14453\" class=\"su-post \">\n\n\t\t\t\t\n\t\t\t\t<h2 class=\"su-post-title\"><a href=\"https:\/\/www.verdichtet.at\/?p=14453\">Charlie, der Pilz<\/a><\/h2>\n\n\t\t\t\t<div class=\"su-post-meta\">\n\t\t\t\t\tVer\u00f6ffentlicht: 7. September 2022\t\t\t\t<\/div>\n\n\t\t\t\t<div class=\"su-post-excerpt\">\n\t\t\t\t\t<p>Nach einer Idee von meinem Sohn Michael Charlie ist ein Pilz mit gelber Kappe und wei\u00dfer, lamellierter Unterseite, nicht essbar, zum Gl\u00fcck, sonst w\u00fcrde ihn bald ein Schwammerlsucher mitnehmen. Eigentlich hei\u00dft Charlie gar nicht Charlie, sondern er hat keinen Namen, weil er ja nur ein Pilz im Wald ist, aber Charlie wollte einen Namen haben [&hellip;]<\/p>\n\t\t\t\t<\/div>\n\n\t\t\t\t\t\t\t\t\t<a href=\"https:\/\/www.verdichtet.at\/?p=14453#respond\" class=\"su-post-comments-link\">0 Kommentare<\/a>\n\t\t\t\t\n\t\t\t<\/div>\n\n\t\t\n\t\n<\/div>\n\n","protected":false},"excerpt":{"rendered":"","protected":false},"author":4,"featured_media":0,"parent":405,"menu_order":0,"comment_status":"closed","ping_status":"closed","template":"","meta":{"footnotes":""},"class_list":["post-14487","page","type-page","status-publish","hentry"],"_links":{"self":[{"href":"https:\/\/www.verdichtet.at\/index.php?rest_route=\/wp\/v2\/pages\/14487","targetHints":{"allow":["GET"]}}],"collection":[{"href":"https:\/\/www.verdichtet.at\/index.php?rest_route=\/wp\/v2\/pages"}],"about":[{"href":"https:\/\/www.verdichtet.at\/index.php?rest_route=\/wp\/v2\/types\/page"}],"author":[{"embeddable":true,"href":"https:\/\/www.verdichtet.at\/index.php?rest_route=\/wp\/v2\/users\/4"}],"replies":[{"embeddable":true,"href":"https:\/\/www.verdichtet.at\/index.php?rest_route=%2Fwp%2Fv2%2Fcomments&post=14487"}],"version-history":[{"count":3,"href":"https:\/\/www.verdichtet.at\/index.php?rest_route=\/wp\/v2\/pages\/14487\/revisions"}],"predecessor-version":[{"id":14525,"href":"https:\/\/www.verdichtet.at\/index.php?rest_route=\/wp\/v2\/pages\/14487\/revisions\/14525"}],"up":[{"embeddable":true,"href":"https:\/\/www.verdichtet.at\/index.php?rest_route=\/wp\/v2\/pages\/405"}],"wp:attachment":[{"href":"https:\/\/www.verdichtet.at\/index.php?rest_route=%2Fwp%2Fv2%2Fmedia&parent=14487"}],"curies":[{"name":"wp","href":"https:\/\/api.w.org\/{rel}","templated":true}]}}